{"id":284633,"date":"2024-08-21T08:44:00","date_gmt":"2024-08-21T06:44:00","guid":{"rendered":"https:\/\/dev.alicanteturismo.com\/playas\/drapeau-bleu\/"},"modified":"2025-05-09T10:25:45","modified_gmt":"2025-05-09T08:25:45","slug":"drapeau-bleu","status":"publish","type":"playas","link":"https:\/\/alicanteturismo.com\/fr\/playas\/drapeau-bleu\/","title":{"rendered":"Pavillon bleu"},"content":{"rendered":"\t\t<div data-elementor-type=\"wp-post\" data-elementor-id=\"284633\" class=\"elementor elementor-284633 elementor-15799\" data-elementor-post-type=\"playas\">\n\t\t\t\t<div class=\"elementor-element elementor-element-70410a4 e-con-full e-flex e-con e-parent\" data-id=\"70410a4\" data-element_type=\"container\" data-e-type=\"container\" data-settings=\"{&quot;background_background&quot;:&quot;classic&quot;}\">\n\t\t\t\t<div class=\"elementor-element elementor-element-abd48b4 elementor-widget__width-initial elementor-widget elementor-widget-heading\" data-id=\"abd48b4\" data-element_type=\"widget\" data-e-type=\"widget\" data-widget_type=\"heading.default\">\n\t\t\t\t<div class=\"elementor-widget-container\">\n\t\t\t\t\t<h2 class=\"elementor-heading-title elementor-size-default\">Plages d'Alicante arborant le \u00ab Pavillon bleu \u00bb<\/h2>\t\t\t\t<\/div>\n\t\t\t\t<\/div>\n\t\t\t\t<\/div>\n\t\t<div class=\"elementor-element elementor-element-43d9406 e-con-full e-flex e-con e-parent\" data-id=\"43d9406\" data-element_type=\"container\" data-e-type=\"container\">\n\t\t<div class=\"elementor-element elementor-element-1df90c1 e-con-full e-flex e-con e-child\" data-id=\"1df90c1\" data-element_type=\"container\" data-e-type=\"container\">\n\t\t\t\t<div class=\"elementor-element elementor-element-21ab5b4 elementor-widget elementor-widget-text-editor\" data-id=\"21ab5b4\" data-element_type=\"widget\" data-e-type=\"widget\" data-widget_type=\"text-editor.default\">\n\t\t\t\t<div class=\"elementor-widget-container\">\n\t\t\t\t\t\t\t\t\t<div data-ogsc=\"rgb(0, 0, 0)\">La ville d&rsquo;Alicante est fi\u00e8re de ses<b> plages dot\u00e9es du Pavillon bleu : une <\/b>distinction qui garantit l&rsquo;excellence et la qualit\u00e9 de ses c\u00f4tes. Cette reconnaissance est bas\u00e9e sur des crit\u00e8res examin\u00e9s et approuv\u00e9s chaque ann\u00e9e au niveau international.<\/div><div data-ogsc=\"rgb(0, 0, 0)\">\u00a0<\/div><div data-ogsc=\"rgb(0, 0, 0)\">Ces plages r\u00e9pondent \u00e0 quatre grands blocs de crit\u00e8res : l<strong>&lsquo;information et l&rsquo;\u00e9ducation \u00e0 l&rsquo;environnement, la qualit\u00e9 de l&rsquo;eau, la gestion de l&rsquo;environnement et la s\u00e9curit\u00e9 et les services<\/strong>. Elles offrent un environnement s\u00fbr et propre pour profiter de la mer et promeuvent l&rsquo;\u00e9ducation \u00e0 l&rsquo;environnement par des activit\u00e9s et des panneaux d&rsquo;information sur les \u00e9cosyst\u00e8mes c\u00f4tiers. La qualit\u00e9 de l&rsquo;eau est excellente, garantissant des conditions optimales pour la baignade, et la gestion des d\u00e9chets est assur\u00e9e de mani\u00e8re efficace.<\/div><div data-ogsc=\"rgb(0, 0, 0)\">\u00a0<\/div><div data-ogsc=\"rgb(0, 0, 0)\">Visiter les plages d&rsquo;Alicante dot\u00e9es du Pavillon bleu, c&rsquo;est s&rsquo;immerger dans un espace naturel exceptionnel, o\u00f9 la durabilit\u00e9 et la qualit\u00e9 sont une v\u00e9ritable garantie pour tous les visiteurs.<\/div><div data-ogsc=\"rgb(0, 0, 0)\"><strong>Les plages de San Juan, Postiguet, Saladares-Urbanova et de l&rsquo;\u00eele de Tabarca ont re\u00e7u le Pavillon Bleu de l&rsquo;\u00e9dition 2025.<\/strong><\/div>\t\t\t\t\t\t\t\t<\/div>\n\t\t\t\t<\/div>\n\t\t\t\t<div class=\"elementor-element elementor-element-30cfd5a elementor-align-left elementor-widget elementor-widget-button\" data-id=\"30cfd5a\" data-element_type=\"widget\" data-e-type=\"widget\" data-widget_type=\"button.default\">\n\t\t\t\t<div class=\"elementor-widget-container\">\n\t\t\t\t\t\t\t\t\t<div class=\"elementor-button-wrapper\">\n\t\t\t\t\t<a class=\"elementor-button elementor-button-link elementor-size-sm\" href=\"http:\/\/www.banderaazul.org\" target=\"_blank\" rel=\"noopener\">\n\t\t\t\t\t\t<span class=\"elementor-button-content-wrapper\">\n\t\t\t\t\t\t<span class=\"elementor-button-icon\">\n\t\t\t\t<svg aria-hidden=\"true\" class=\"e-font-icon-svg e-fas-info\" viewBox=\"0 0 192 512\" xmlns=\"http:\/\/www.w3.org\/2000\/svg\"><path d=\"M20 424.229h20V279.771H20c-11.046 0-20-8.954-20-20V212c0-11.046 8.954-20 20-20h112c11.046 0 20 8.954 20 20v212.229h20c11.046 0 20 8.954 20 20V492c0 11.046-8.954 20-20 20H20c-11.046 0-20-8.954-20-20v-47.771c0-11.046 8.954-20 20-20zM96 0C56.235 0 24 32.235 24 72s32.235 72 72 72 72-32.235 72-72S135.764 0 96 0z\"><\/path><\/svg>\t\t\t<\/span>\n\t\t\t\t\t\t\t\t\t<span class=\"elementor-button-text\">Plus d'informations<\/span>\n\t\t\t\t\t<\/span>\n\t\t\t\t\t<\/a>\n\t\t\t\t<\/div>\n\t\t\t\t\t\t\t\t<\/div>\n\t\t\t\t<\/div>\n\t\t\t\t<\/div>\n\t\t<div class=\"elementor-element elementor-element-41d360b e-con-full e-flex e-con e-child\" data-id=\"41d360b\" data-element_type=\"container\" data-e-type=\"container\">\n\t\t\t\t<div class=\"elementor-element elementor-element-1b79241 elementor-widget__width-initial elementor-widget-mobile__width-inherit elementor-widget elementor-widget-image\" data-id=\"1b79241\" data-element_type=\"widget\" data-e-type=\"widget\" data-widget_type=\"image.default\">\n\t\t\t\t<div class=\"elementor-widget-container\">\n\t\t\t\t\t\t\t\t\t\t\t\t\t\t\t<img fetchpriority=\"high\" decoding=\"async\" width=\"1800\" height=\"1013\" src=\"https:\/\/alicanteturismo.com\/wp-content\/uploads\/2024\/08\/playas-postiguet.jpg\" class=\"attachment-full size-full wp-image-277506\" alt=\"\" srcset=\"https:\/\/alicanteturismo.com\/wp-content\/uploads\/2024\/08\/playas-postiguet.jpg 1800w, https:\/\/alicanteturismo.com\/wp-content\/uploads\/2024\/08\/playas-postiguet-300x169.jpg 300w, https:\/\/alicanteturismo.com\/wp-content\/uploads\/2024\/08\/playas-postiguet-1024x576.jpg 1024w, https:\/\/alicanteturismo.com\/wp-content\/uploads\/2024\/08\/playas-postiguet-768x432.jpg 768w, https:\/\/alicanteturismo.com\/wp-content\/uploads\/2024\/08\/playas-postiguet-1536x864.jpg 1536w\" sizes=\"(max-width: 1800px) 100vw, 1800px\" \/>\t\t\t\t\t\t\t\t\t\t\t\t\t\t\t<\/div>\n\t\t\t\t<\/div>\n\t\t\t\t<\/div>\n\t\t\t\t<\/div>\n\t\t<div class=\"elementor-element elementor-element-b65e0cd e-con-full e-flex e-con e-parent\" data-id=\"b65e0cd\" data-element_type=\"container\" data-e-type=\"container\">\n\t\t\t\t<div class=\"elementor-element elementor-element-0263f43 elementor-position-inline-start elementor-mobile-position-inline-start elementor-view-default elementor-widget elementor-widget-icon-box\" data-id=\"0263f43\" data-element_type=\"widget\" data-e-type=\"widget\" data-widget_type=\"icon-box.default\">\n\t\t\t\t<div class=\"elementor-widget-container\">\n\t\t\t\t\t\t\t<div class=\"elementor-icon-box-wrapper\">\n\n\t\t\t\t\t\t<div class=\"elementor-icon-box-icon\">\n\t\t\t\t<span  class=\"elementor-icon\">\n\t\t\t\t<svg xmlns=\"http:\/\/www.w3.org\/2000\/svg\" width=\"31\" height=\"22\" viewBox=\"0 0 31 22\" fill=\"none\"><g clip-path=\"url(#clip0_1874_3473)\"><path d=\"M0 0H31V22H0V0ZM24.7209 10.9754C24.7031 5.90604 20.5559 1.80922 15.4753 1.83678C10.361 1.86434 6.25142 5.97101 6.27713 11.0226C6.30482 16.1038 10.4342 20.1849 15.5227 20.1613C20.633 20.1376 24.7387 16.0349 24.7209 10.9734V10.9754Z\" fill=\"#0166CB\"><\/path><path d=\"M23.4807 14.2235C23.4787 14.2806 23.4886 14.3357 23.4708 14.377C22.7924 15.9461 22.7786 15.8043 21.4694 15.2748C20.9117 15.0503 20.4014 14.6842 19.9149 14.3239C19.6064 14.0955 19.3849 14.0266 18.9993 14.1821C15.5838 15.5661 12.0339 15.7 8.43059 15.2314C8.21107 15.2019 7.952 14.9913 7.83136 14.7944C7.61975 14.4499 7.50109 14.0502 7.29541 13.562C8.00342 13.6171 8.5987 13.6663 9.19398 13.7057C12.2752 13.9164 15.3524 13.9085 18.2596 12.7253C19.2761 12.3119 19.9822 12.1957 20.8959 12.9832C21.5821 13.5778 22.5848 13.8101 23.4807 14.2195V14.2235Z\" fill=\"#0466CB\"><\/path><path d=\"M8.51807 15.7216C9.53261 15.8653 10.4028 16.133 11.2552 16.0819C13.7886 15.9342 16.3477 15.8417 18.7288 14.8061C19.1639 14.6172 19.4526 14.6742 19.8501 14.944C20.6016 15.4578 21.4323 15.8594 22.5318 16.4756C22.1363 16.7532 21.7665 17.0938 21.3294 17.2887C21.0723 17.4028 20.6076 17.4127 20.4098 17.2532C19.3953 16.4362 18.3926 16.6114 17.2337 16.9481C15.1986 17.5406 13.0806 17.6844 10.9585 17.521C9.59194 17.4146 9.29925 17.1843 8.51807 15.7196V15.7216Z\" fill=\"#0567CC\"><\/path><path d=\"M10.79 18.0548C12.2871 17.9504 13.7427 17.8835 15.1904 17.7359C16.1614 17.6374 17.1403 17.5016 18.0758 17.2417C18.6928 17.0704 19.1754 17.0449 19.6777 17.4622C19.913 17.6571 20.2196 17.7693 20.5063 17.9268C17.8602 19.9802 13.1771 20.051 10.79 18.0548Z\" fill=\"#0667CC\"><\/path><\/g><defs><clipPath id=\"clip0_1874_3473\"><rect width=\"31\" height=\"22\" fill=\"white\"><\/rect><\/clipPath><\/defs><\/svg>\t\t\t\t<\/span>\n\t\t\t<\/div>\n\t\t\t\n\t\t\t\t\t\t<div class=\"elementor-icon-box-content\">\n\n\t\t\t\t\t\t\t\t\t<h2 class=\"elementor-icon-box-title\">\n\t\t\t\t\t\t<span  >\n\t\t\t\t\t\t\tPlages dot\u00e9es du Pavillon bleu\t\t\t\t\t\t<\/span>\n\t\t\t\t\t<\/h2>\n\t\t\t\t\n\t\t\t\t\n\t\t\t<\/div>\n\t\t\t\n\t\t<\/div>\n\t\t\t\t\t\t<\/div>\n\t\t\t\t<\/div>\n\t\t<div class=\"elementor-element elementor-element-db0025d e-con-full e-flex e-con e-child\" data-id=\"db0025d\" data-element_type=\"container\" data-e-type=\"container\">\n\t\t\t\t<div class=\"elementor-element elementor-element-0517032 elementor-flip-box--effect-slide elementor-widget__width-initial elementor-widget-mobile__width-inherit elementor-flip-box--direction-up elementor-widget elementor-widget-flip-box\" data-id=\"0517032\" data-element_type=\"widget\" data-e-type=\"widget\" data-widget_type=\"flip-box.default\">\n\t\t\t\t<div class=\"elementor-widget-container\">\n\t\t\t\t\t\t\t<div class=\"elementor-flip-box\" tabindex=\"0\">\n\t\t\t<div class=\"elementor-flip-box__layer elementor-flip-box__front\">\n\t\t\t\t<div class=\"elementor-flip-box__layer__overlay\">\n\t\t\t\t\t<div class=\"elementor-flip-box__layer__inner\">\n\t\t\t\t\t\t\t\t\t\t\t\t\t<div class=\"elementor-icon-wrapper elementor-view-default\">\n\t\t\t\t\t\t\t\t<div class=\"elementor-icon\">\n\t\t\t\t\t\t\t\t\t\t\t\t\t\t\t\t\t<\/div>\n\t\t\t\t\t\t\t<\/div>\n\t\t\t\t\t\t\n\t\t\t\t\t\t\t\t\t\t\t\t\t<h3 class=\"elementor-flip-box__layer__title\">\n\t\t\t\t\t\t\t\tPlage del Postiguet\t\t\t\t\t\t\t<\/h3>\n\t\t\t\t\t\t\n\t\t\t\t\t\t\t\t\t\t\t<\/div>\n\t\t\t\t<\/div>\n\t\t\t<\/div>\n\t\t\t<div class=\"elementor-flip-box__layer elementor-flip-box__back\">\n\t\t\t<div class=\"elementor-flip-box__layer__overlay\">\n\t\t\t\t<div class=\"elementor-flip-box__layer__inner\">\n\t\t\t\t\t\t\t\t\t\t\t<h3 class=\"elementor-flip-box__layer__title\">\n\t\t\t\t\t\t\tPlage del Postiguet\t\t\t\t\t\t<\/h3>\n\t\t\t\t\t\n\t\t\t\t\t\t\t\t\t\t\t<div class=\"elementor-flip-box__layer__description\">\n\t\t\t\t\t\t\tD\u00e9couvrez l'embl\u00e9matique Plage del Postiguet, situ\u00e9e au c\u0153ur d'Alicante et au pied de l'imposant ch\u00e2teau de Santa Barbara. <\/br><\/br>C'est l'endroit id\u00e9al pour profiter de la M\u00e9diterran\u00e9e.  \t\t\t\t\t\t<\/div>\n\t\t\t\t\t\n\t\t\t\t\t\t\t\t\t\t\t<a class=\"elementor-flip-box__button elementor-button elementor-size-sm\" href=\"https:\/\/alicanteturismo.com\/playas\/playa-del-postiguet\/\">\n\t\t\t\t\t\t\tEn savoir plus\t\t\t\t\t\t<\/a>\n\t\t\t\t\t\t\t\t<\/div>\n\t\t<\/div>\n\t\t<\/div>\n\t\t<\/div>\n\t\t\t\t\t\t<\/div>\n\t\t\t\t<\/div>\n\t\t\t\t<div class=\"elementor-element elementor-element-3d6487c elementor-flip-box--effect-slide elementor-widget__width-initial elementor-widget-mobile__width-inherit elementor-flip-box--direction-up elementor-widget elementor-widget-flip-box\" data-id=\"3d6487c\" data-element_type=\"widget\" data-e-type=\"widget\" data-widget_type=\"flip-box.default\">\n\t\t\t\t<div class=\"elementor-widget-container\">\n\t\t\t\t\t\t\t<div class=\"elementor-flip-box\" tabindex=\"0\">\n\t\t\t<div class=\"elementor-flip-box__layer elementor-flip-box__front\">\n\t\t\t\t<div class=\"elementor-flip-box__layer__overlay\">\n\t\t\t\t\t<div class=\"elementor-flip-box__layer__inner\">\n\t\t\t\t\t\t\t\t\t\t\t\t\t<div class=\"elementor-icon-wrapper elementor-view-default\">\n\t\t\t\t\t\t\t\t<div class=\"elementor-icon\">\n\t\t\t\t\t\t\t\t\t\t\t\t\t\t\t\t\t<\/div>\n\t\t\t\t\t\t\t<\/div>\n\t\t\t\t\t\t\n\t\t\t\t\t\t\t\t\t\t\t\t\t<h3 class=\"elementor-flip-box__layer__title\">\n\t\t\t\t\t\t\t\tPlage de San Juan\t\t\t\t\t\t\t<\/h3>\n\t\t\t\t\t\t\n\t\t\t\t\t\t\t\t\t\t\t<\/div>\n\t\t\t\t<\/div>\n\t\t\t<\/div>\n\t\t\t<div class=\"elementor-flip-box__layer elementor-flip-box__back\">\n\t\t\t<div class=\"elementor-flip-box__layer__overlay\">\n\t\t\t\t<div class=\"elementor-flip-box__layer__inner\">\n\t\t\t\t\t\t\t\t\t\t\t<h3 class=\"elementor-flip-box__layer__title\">\n\t\t\t\t\t\t\tPlage de San Juan\t\t\t\t\t\t<\/h3>\n\t\t\t\t\t\n\t\t\t\t\t\t\t\t\t\t\t<div class=\"elementor-flip-box__layer__description\">\n\t\t\t\t\t\t\tUn vaste paradis de sable dor\u00e9, id\u00e9al pour les amateurs de sport et de d\u00e9tente.<\/br><\/br> \nProfitez de la Plage de San Juan, o\u00f9 sport et loisirs se rencontrent !\t\t\t\t\t\t<\/div>\n\t\t\t\t\t\n\t\t\t\t\t\t\t\t\t\t\t<a class=\"elementor-flip-box__button elementor-button elementor-size-sm\" href=\"https:\/\/alicanteturismo.com\/playas\/playa-de-san-juan\/\">\n\t\t\t\t\t\t\tEn savoir plus\t\t\t\t\t\t<\/a>\n\t\t\t\t\t\t\t\t<\/div>\n\t\t<\/div>\n\t\t<\/div>\n\t\t<\/div>\n\t\t\t\t\t\t<\/div>\n\t\t\t\t<\/div>\n\t\t\t\t<div class=\"elementor-element elementor-element-58326cc elementor-flip-box--effect-slide elementor-widget__width-initial elementor-widget-mobile__width-inherit elementor-flip-box--direction-up elementor-widget elementor-widget-flip-box\" data-id=\"58326cc\" data-element_type=\"widget\" data-e-type=\"widget\" data-widget_type=\"flip-box.default\">\n\t\t\t\t<div class=\"elementor-widget-container\">\n\t\t\t\t\t\t\t<div class=\"elementor-flip-box\" tabindex=\"0\">\n\t\t\t<div class=\"elementor-flip-box__layer elementor-flip-box__front\">\n\t\t\t\t<div class=\"elementor-flip-box__layer__overlay\">\n\t\t\t\t\t<div class=\"elementor-flip-box__layer__inner\">\n\t\t\t\t\t\t\t\t\t\t\t\t\t<div class=\"elementor-icon-wrapper elementor-view-default\">\n\t\t\t\t\t\t\t\t<div class=\"elementor-icon\">\n\t\t\t\t\t\t\t\t\t\t\t\t\t\t\t\t\t<\/div>\n\t\t\t\t\t\t\t<\/div>\n\t\t\t\t\t\t\n\t\t\t\t\t\t\t\t\t\t\t\t\t<h3 class=\"elementor-flip-box__layer__title\">\n\t\t\t\t\t\t\t\t\u00cele de Tabarca\t\t\t\t\t\t\t<\/h3>\n\t\t\t\t\t\t\n\t\t\t\t\t\t\t\t\t\t\t<\/div>\n\t\t\t\t<\/div>\n\t\t\t<\/div>\n\t\t\t<div class=\"elementor-flip-box__layer elementor-flip-box__back\">\n\t\t\t<div class=\"elementor-flip-box__layer__overlay\">\n\t\t\t\t<div class=\"elementor-flip-box__layer__inner\">\n\t\t\t\t\t\t\t\t\t\t\t<h3 class=\"elementor-flip-box__layer__title\">\n\t\t\t\t\t\t\t\u00cele de Tabarca\t\t\t\t\t\t<\/h3>\n\t\t\t\t\t\n\t\t\t\t\t\t\t\t\t\t\t<div class=\"elementor-flip-box__layer__description\">\n\t\t\t\t\t\t\tR\u00e9serve marine de la M\u00e9diterran\u00e9e, c'est la seule \u00eele habit\u00e9e de la Communaut\u00e9 valencienne. Elle est situ\u00e9e en face d'Alicante, faisant partie d'un petit archipel avec d'autres \u00eelots. Avec une histoire qui inclut la pr\u00e9sence de pirates barbaresques, elle a \u00e9t\u00e9 fortifi\u00e9e au XVIIIe si\u00e8cle par Charles III pour h\u00e9berger des p\u00eacheurs g\u00e9nois lib\u00e9r\u00e9s de leur captivit\u00e9. Ses remparts, qui entourent le centre urbain, sont reconnus comme un site historico-artistique et un bien d'int\u00e9r\u00eat culturel.  \t\t\t\t\t\t<\/div>\n\t\t\t\t\t\n\t\t\t\t\t\t\t\t\t\t\t<a class=\"elementor-flip-box__button elementor-button elementor-size-sm\" href=\"https:\/\/alicanteturismo.com\/fr\/ile-de-tabarca\/\">\n\t\t\t\t\t\t\tEn savoir plus\t\t\t\t\t\t<\/a>\n\t\t\t\t\t\t\t\t<\/div>\n\t\t<\/div>\n\t\t<\/div>\n\t\t<\/div>\n\t\t\t\t\t\t<\/div>\n\t\t\t\t<\/div>\n\t\t\t\t<div class=\"elementor-element elementor-element-9d1de53 elementor-flip-box--effect-slide elementor-widget__width-initial elementor-widget-mobile__width-inherit elementor-flip-box--direction-up elementor-widget elementor-widget-flip-box\" data-id=\"9d1de53\" data-element_type=\"widget\" data-e-type=\"widget\" data-widget_type=\"flip-box.default\">\n\t\t\t\t<div class=\"elementor-widget-container\">\n\t\t\t\t\t\t\t<div class=\"elementor-flip-box\" tabindex=\"0\">\n\t\t\t<div class=\"elementor-flip-box__layer elementor-flip-box__front\">\n\t\t\t\t<div class=\"elementor-flip-box__layer__overlay\">\n\t\t\t\t\t<div class=\"elementor-flip-box__layer__inner\">\n\t\t\t\t\t\t\t\t\t\t\t\t\t<div class=\"elementor-icon-wrapper elementor-view-default\">\n\t\t\t\t\t\t\t\t<div class=\"elementor-icon\">\n\t\t\t\t\t\t\t\t\t\t\t\t\t\t\t\t\t<\/div>\n\t\t\t\t\t\t\t<\/div>\n\t\t\t\t\t\t\n\t\t\t\t\t\t\t\t\t\t\t\t\t<h3 class=\"elementor-flip-box__layer__title\">\n\t\t\t\t\t\t\t\tPlage Saladares-Urbanova\t\t\t\t\t\t\t<\/h3>\n\t\t\t\t\t\t\n\t\t\t\t\t\t\t\t\t\t\t<\/div>\n\t\t\t\t<\/div>\n\t\t\t<\/div>\n\t\t\t<div class=\"elementor-flip-box__layer elementor-flip-box__back\">\n\t\t\t<div class=\"elementor-flip-box__layer__overlay\">\n\t\t\t\t<div class=\"elementor-flip-box__layer__inner\">\n\t\t\t\t\t\t\t\t\t\t\t<h3 class=\"elementor-flip-box__layer__title\">\n\t\t\t\t\t\t\tPlage Saladares-Urbanova\t\t\t\t\t\t<\/h3>\n\t\t\t\t\t\n\t\t\t\t\t\t\t\t\t\t\t<div class=\"elementor-flip-box__layer__description\">\n\t\t\t\t\t\t\t\u00c0 seulement 5 kilom\u00e8tres au sud du centre d'Alicante, elle offre une \u00e9tendue de sable, id\u00e9ale pour ceux qui recherchent des eaux cristallines et un environnement peu fr\u00e9quent\u00e9. \n<\/br><\/br>\nVenez vous d\u00e9tendre \u00e0 Saladares-Urbanova !\t\t\t\t\t\t<\/div>\n\t\t\t\t\t\n\t\t\t\t\t\t\t\t\t\t\t<a class=\"elementor-flip-box__button elementor-button elementor-size-sm\" href=\"https:\/\/alicanteturismo.com\/playas\/playa-saladares-urbanova\/\">\n\t\t\t\t\t\t\tEn savoir plus\t\t\t\t\t\t<\/a>\n\t\t\t\t\t\t\t\t<\/div>\n\t\t<\/div>\n\t\t<\/div>\n\t\t<\/div>\n\t\t\t\t\t\t<\/div>\n\t\t\t\t<\/div>\n\t\t\t\t<div class=\"elementor-element elementor-element-05aa00c elementor-flip-box--effect-slide elementor-widget__width-initial elementor-hidden-widescreen elementor-hidden-desktop elementor-hidden-laptop elementor-hidden-tablet_extra elementor-hidden-tablet elementor-hidden-mobile_extra elementor-hidden-mobile elementor-flip-box--direction-up elementor-widget elementor-widget-flip-box\" data-id=\"05aa00c\" data-element_type=\"widget\" data-e-type=\"widget\" data-widget_type=\"flip-box.default\">\n\t\t\t\t<div class=\"elementor-widget-container\">\n\t\t\t\t\t\t\t<div class=\"elementor-flip-box\" tabindex=\"0\">\n\t\t\t<div class=\"elementor-flip-box__layer elementor-flip-box__front\">\n\t\t\t\t<div class=\"elementor-flip-box__layer__overlay\">\n\t\t\t\t\t<div class=\"elementor-flip-box__layer__inner\">\n\t\t\t\t\t\t\t\t\t\t\t\t\t<div class=\"elementor-icon-wrapper elementor-view-default\">\n\t\t\t\t\t\t\t\t<div class=\"elementor-icon\">\n\t\t\t\t\t\t\t\t\t\t\t\t\t\t\t\t\t<\/div>\n\t\t\t\t\t\t\t<\/div>\n\t\t\t\t\t\t\n\t\t\t\t\t\t\t\t\t\t\t\t\t<h3 class=\"elementor-flip-box__layer__title\">\n\t\t\t\t\t\t\t\tPlage de la Albufereta\t\t\t\t\t\t\t<\/h3>\n\t\t\t\t\t\t\n\t\t\t\t\t\t\t\t\t\t\t<\/div>\n\t\t\t\t<\/div>\n\t\t\t<\/div>\n\t\t\t<div class=\"elementor-flip-box__layer elementor-flip-box__back\">\n\t\t\t<div class=\"elementor-flip-box__layer__overlay\">\n\t\t\t\t<div class=\"elementor-flip-box__layer__inner\">\n\t\t\t\t\t\t\t\t\t\t\t<h3 class=\"elementor-flip-box__layer__title\">\n\t\t\t\t\t\t\tPlage de la Albufereta\t\t\t\t\t\t<\/h3>\n\t\t\t\t\t\n\t\t\t\t\t\t\t\t\t\t\t<div class=\"elementor-flip-box__layer__description\">\n\t\t\t\t\t\t\tC'est un havre de sable fin et dor\u00e9 situ\u00e9 au nord-ouest d'Alicante, entre la Serra Grossa et le site arch\u00e9ologique historique de Tossal de Manises.<\/br><\/br>\nVenez profiter de la s\u00e9r\u00e9nit\u00e9 de la Albufereta !\t\t\t\t\t\t<\/div>\n\t\t\t\t\t\n\t\t\t\t\t\t\t\t\t\t\t<a class=\"elementor-flip-box__button elementor-button elementor-size-sm\" href=\"https:\/\/alicanteturismo.com\/playas\/playa-de-la-albufereta\/\">\n\t\t\t\t\t\t\tEn savoir plus\t\t\t\t\t\t<\/a>\n\t\t\t\t\t\t\t\t<\/div>\n\t\t<\/div>\n\t\t<\/div>\n\t\t<\/div>\n\t\t\t\t\t\t<\/div>\n\t\t\t\t<\/div>\n\t\t\t\t<\/div>\n\t\t<div class=\"elementor-element elementor-element-7b68d1d e-con-full elementor-hidden-widescreen elementor-hidden-desktop elementor-hidden-laptop elementor-hidden-tablet_extra elementor-hidden-tablet elementor-hidden-mobile_extra elementor-hidden-mobile e-flex e-con e-child\" data-id=\"7b68d1d\" data-element_type=\"container\" data-e-type=\"container\">\n\t\t\t\t<div class=\"elementor-element elementor-element-d6525a8 elementor-flip-box--effect-slide elementor-widget__width-initial elementor-flip-box--direction-up elementor-widget elementor-widget-flip-box\" data-id=\"d6525a8\" data-element_type=\"widget\" data-e-type=\"widget\" data-widget_type=\"flip-box.default\">\n\t\t\t\t<div class=\"elementor-widget-container\">\n\t\t\t\t\t\t\t<div class=\"elementor-flip-box\" tabindex=\"0\">\n\t\t\t<div class=\"elementor-flip-box__layer elementor-flip-box__front\">\n\t\t\t\t<div class=\"elementor-flip-box__layer__overlay\">\n\t\t\t\t\t<div class=\"elementor-flip-box__layer__inner\">\n\t\t\t\t\t\t\t\t\t\t\t\t\t<div class=\"elementor-icon-wrapper elementor-view-default\">\n\t\t\t\t\t\t\t\t<div class=\"elementor-icon\">\n\t\t\t\t\t\t\t\t\t\t\t\t\t\t\t\t\t<\/div>\n\t\t\t\t\t\t\t<\/div>\n\t\t\t\t\t\t\n\t\t\t\t\t\t\t\t\t\t\t\t\t<h3 class=\"elementor-flip-box__layer__title\">\n\t\t\t\t\t\t\t\tPlage del Postiguet\t\t\t\t\t\t\t<\/h3>\n\t\t\t\t\t\t\n\t\t\t\t\t\t\t\t\t\t\t<\/div>\n\t\t\t\t<\/div>\n\t\t\t<\/div>\n\t\t\t<div class=\"elementor-flip-box__layer elementor-flip-box__back\">\n\t\t\t<div class=\"elementor-flip-box__layer__overlay\">\n\t\t\t\t<div class=\"elementor-flip-box__layer__inner\">\n\t\t\t\t\t\n\t\t\t\t\t\n\t\t\t\t\t\t\t\t\t\t\t<a class=\"elementor-flip-box__button elementor-button elementor-size-xs\" href=\"https:\/\/alicanteturismo.com\/playas\/playa-del-postiguet\/\">\n\t\t\t\t\t\t\tEn savoir plus\t\t\t\t\t\t<\/a>\n\t\t\t\t\t\t\t\t<\/div>\n\t\t<\/div>\n\t\t<\/div>\n\t\t<\/div>\n\t\t\t\t\t\t<\/div>\n\t\t\t\t<\/div>\n\t\t\t\t<div class=\"elementor-element elementor-element-e3cb909 elementor-flip-box--effect-slide elementor-widget__width-initial elementor-flip-box--direction-up elementor-widget elementor-widget-flip-box\" data-id=\"e3cb909\" data-element_type=\"widget\" data-e-type=\"widget\" data-widget_type=\"flip-box.default\">\n\t\t\t\t<div class=\"elementor-widget-container\">\n\t\t\t\t\t\t\t<div class=\"elementor-flip-box\" tabindex=\"0\">\n\t\t\t<div class=\"elementor-flip-box__layer elementor-flip-box__front\">\n\t\t\t\t<div class=\"elementor-flip-box__layer__overlay\">\n\t\t\t\t\t<div class=\"elementor-flip-box__layer__inner\">\n\t\t\t\t\t\t\t\t\t\t\t\t\t<div class=\"elementor-icon-wrapper elementor-view-default\">\n\t\t\t\t\t\t\t\t<div class=\"elementor-icon\">\n\t\t\t\t\t\t\t\t\t\t\t\t\t\t\t\t\t<\/div>\n\t\t\t\t\t\t\t<\/div>\n\t\t\t\t\t\t\n\t\t\t\t\t\t\t\t\t\t\t\t\t<h3 class=\"elementor-flip-box__layer__title\">\n\t\t\t\t\t\t\t\tPlage de San Juan\t\t\t\t\t\t\t<\/h3>\n\t\t\t\t\t\t\n\t\t\t\t\t\t\t\t\t\t\t<\/div>\n\t\t\t\t<\/div>\n\t\t\t<\/div>\n\t\t\t<div class=\"elementor-flip-box__layer elementor-flip-box__back\">\n\t\t\t<div class=\"elementor-flip-box__layer__overlay\">\n\t\t\t\t<div class=\"elementor-flip-box__layer__inner\">\n\t\t\t\t\t\n\t\t\t\t\t\n\t\t\t\t\t\t\t\t\t\t\t<a class=\"elementor-flip-box__button elementor-button elementor-size-xs\" href=\"https:\/\/alicanteturismo.com\/playas\/playa-de-san-juan\/\">\n\t\t\t\t\t\t\tEn savoir plus\t\t\t\t\t\t<\/a>\n\t\t\t\t\t\t\t\t<\/div>\n\t\t<\/div>\n\t\t<\/div>\n\t\t<\/div>\n\t\t\t\t\t\t<\/div>\n\t\t\t\t<\/div>\n\t\t\t\t<div class=\"elementor-element elementor-element-ddf893d elementor-flip-box--effect-slide elementor-widget__width-initial elementor-flip-box--direction-up elementor-widget elementor-widget-flip-box\" data-id=\"ddf893d\" data-element_type=\"widget\" data-e-type=\"widget\" data-widget_type=\"flip-box.default\">\n\t\t\t\t<div class=\"elementor-widget-container\">\n\t\t\t\t\t\t\t<div class=\"elementor-flip-box\" tabindex=\"0\">\n\t\t\t<div class=\"elementor-flip-box__layer elementor-flip-box__front\">\n\t\t\t\t<div class=\"elementor-flip-box__layer__overlay\">\n\t\t\t\t\t<div class=\"elementor-flip-box__layer__inner\">\n\t\t\t\t\t\t\t\t\t\t\t\t\t<div class=\"elementor-icon-wrapper elementor-view-default\">\n\t\t\t\t\t\t\t\t<div class=\"elementor-icon\">\n\t\t\t\t\t\t\t\t\t\t\t\t\t\t\t\t\t<\/div>\n\t\t\t\t\t\t\t<\/div>\n\t\t\t\t\t\t\n\t\t\t\t\t\t\t\t\t\t\t\t\t<h3 class=\"elementor-flip-box__layer__title\">\n\t\t\t\t\t\t\t\t\u00cele de Tabarca\t\t\t\t\t\t\t<\/h3>\n\t\t\t\t\t\t\n\t\t\t\t\t\t\t\t\t\t\t<\/div>\n\t\t\t\t<\/div>\n\t\t\t<\/div>\n\t\t\t<div class=\"elementor-flip-box__layer elementor-flip-box__back\">\n\t\t\t<div class=\"elementor-flip-box__layer__overlay\">\n\t\t\t\t<div class=\"elementor-flip-box__layer__inner\">\n\t\t\t\t\t\n\t\t\t\t\t\n\t\t\t\t\t\t\t\t\t\t\t<a class=\"elementor-flip-box__button elementor-button elementor-size-xs\" href=\"https:\/\/alicanteturismo.com\/fr\/ile-de-tabarca\/\">\n\t\t\t\t\t\t\tEn savoir plus\t\t\t\t\t\t<\/a>\n\t\t\t\t\t\t\t\t<\/div>\n\t\t<\/div>\n\t\t<\/div>\n\t\t<\/div>\n\t\t\t\t\t\t<\/div>\n\t\t\t\t<\/div>\n\t\t\t\t<div class=\"elementor-element elementor-element-60ff58b elementor-flip-box--effect-slide elementor-widget__width-initial elementor-flip-box--direction-up elementor-widget elementor-widget-flip-box\" data-id=\"60ff58b\" data-element_type=\"widget\" data-e-type=\"widget\" data-widget_type=\"flip-box.default\">\n\t\t\t\t<div class=\"elementor-widget-container\">\n\t\t\t\t\t\t\t<div class=\"elementor-flip-box\" tabindex=\"0\">\n\t\t\t<div class=\"elementor-flip-box__layer elementor-flip-box__front\">\n\t\t\t\t<div class=\"elementor-flip-box__layer__overlay\">\n\t\t\t\t\t<div class=\"elementor-flip-box__layer__inner\">\n\t\t\t\t\t\t\t\t\t\t\t\t\t<div class=\"elementor-icon-wrapper elementor-view-default\">\n\t\t\t\t\t\t\t\t<div class=\"elementor-icon\">\n\t\t\t\t\t\t\t\t\t\t\t\t\t\t\t\t\t<\/div>\n\t\t\t\t\t\t\t<\/div>\n\t\t\t\t\t\t\n\t\t\t\t\t\t\t\t\t\t\t\t\t<h3 class=\"elementor-flip-box__layer__title\">\n\t\t\t\t\t\t\t\tPlage de la Albufereta\t\t\t\t\t\t\t<\/h3>\n\t\t\t\t\t\t\n\t\t\t\t\t\t\t\t\t\t\t<\/div>\n\t\t\t\t<\/div>\n\t\t\t<\/div>\n\t\t\t<div class=\"elementor-flip-box__layer elementor-flip-box__back\">\n\t\t\t<div class=\"elementor-flip-box__layer__overlay\">\n\t\t\t\t<div class=\"elementor-flip-box__layer__inner\">\n\t\t\t\t\t\n\t\t\t\t\t\n\t\t\t\t\t\t\t\t\t\t\t<a class=\"elementor-flip-box__button elementor-button elementor-size-xs\" href=\"https:\/\/alicanteturismo.com\/playas\/playa-de-la-albufereta\/\">\n\t\t\t\t\t\t\tEn savoir plus\t\t\t\t\t\t<\/a>\n\t\t\t\t\t\t\t\t<\/div>\n\t\t<\/div>\n\t\t<\/div>\n\t\t<\/div>\n\t\t\t\t\t\t<\/div>\n\t\t\t\t<\/div>\n\t\t\t\t<div class=\"elementor-element elementor-element-df4538a elementor-flip-box--effect-slide elementor-widget__width-initial elementor-flip-box--direction-up elementor-widget elementor-widget-flip-box\" data-id=\"df4538a\" data-element_type=\"widget\" data-e-type=\"widget\" data-widget_type=\"flip-box.default\">\n\t\t\t\t<div class=\"elementor-widget-container\">\n\t\t\t\t\t\t\t<div class=\"elementor-flip-box\" tabindex=\"0\">\n\t\t\t<div class=\"elementor-flip-box__layer elementor-flip-box__front\">\n\t\t\t\t<div class=\"elementor-flip-box__layer__overlay\">\n\t\t\t\t\t<div class=\"elementor-flip-box__layer__inner\">\n\t\t\t\t\t\t\t\t\t\t\t\t\t<div class=\"elementor-icon-wrapper elementor-view-default\">\n\t\t\t\t\t\t\t\t<div class=\"elementor-icon\">\n\t\t\t\t\t\t\t\t\t\t\t\t\t\t\t\t\t<\/div>\n\t\t\t\t\t\t\t<\/div>\n\t\t\t\t\t\t\n\t\t\t\t\t\t\t\t\t\t\t\t\t<h3 class=\"elementor-flip-box__layer__title\">\n\t\t\t\t\t\t\t\tPlage Saladares-Urbanova\t\t\t\t\t\t\t<\/h3>\n\t\t\t\t\t\t\n\t\t\t\t\t\t\t\t\t\t\t<\/div>\n\t\t\t\t<\/div>\n\t\t\t<\/div>\n\t\t\t<div class=\"elementor-flip-box__layer elementor-flip-box__back\">\n\t\t\t<div class=\"elementor-flip-box__layer__overlay\">\n\t\t\t\t<div class=\"elementor-flip-box__layer__inner\">\n\t\t\t\t\t\n\t\t\t\t\t\n\t\t\t\t\t\t\t\t\t\t\t<a class=\"elementor-flip-box__button elementor-button elementor-size-xs\" href=\"https:\/\/alicanteturismo.com\/playas\/playa-saladares-urbanova\/\">\n\t\t\t\t\t\t\tEn savoir plus\t\t\t\t\t\t<\/a>\n\t\t\t\t\t\t\t\t<\/div>\n\t\t<\/div>\n\t\t<\/div>\n\t\t<\/div>\n\t\t\t\t\t\t<\/div>\n\t\t\t\t<\/div>\n\t\t\t\t<\/div>\n\t\t\t\t<\/div>\n\t\t<div class=\"elementor-element elementor-element-4c6e8e47 e-con-full e-flex e-con e-child\" data-id=\"4c6e8e47\" data-element_type=\"container\" data-e-type=\"container\">\n\t\t<div class=\"elementor-element elementor-element-734378b1 e-con-full e-flex e-con e-child\" data-id=\"734378b1\" data-element_type=\"container\" data-e-type=\"container\">\n\t\t<div class=\"elementor-element elementor-element-3600abf4 e-con-full e-flex e-con e-child\" data-id=\"3600abf4\" data-element_type=\"container\" data-e-type=\"container\">\n\t\t\t\t<div class=\"elementor-element elementor-element-19ad2f20 elementor-position-inline-start elementor-mobile-position-inline-start elementor-view-default elementor-widget elementor-widget-icon-box\" data-id=\"19ad2f20\" data-element_type=\"widget\" data-e-type=\"widget\" data-widget_type=\"icon-box.default\">\n\t\t\t\t<div class=\"elementor-widget-container\">\n\t\t\t\t\t\t\t<div class=\"elementor-icon-box-wrapper\">\n\n\t\t\t\t\t\t<div class=\"elementor-icon-box-icon\">\n\t\t\t\t<span  class=\"elementor-icon\">\n\t\t\t\t<svg xmlns=\"http:\/\/www.w3.org\/2000\/svg\" xmlns:xlink=\"http:\/\/www.w3.org\/1999\/xlink\" width=\"512\" height=\"512\" x=\"0\" y=\"0\" viewBox=\"0 0 32 32\" style=\"enable-background:new 0 0 512 512\" xml:space=\"preserve\" class=\"\"><g><path d=\"M30 15h-5v11a1 1 0 0 0 1 1 3 3 0 0 1 3 3 5 5 0 0 0 2-4V16a1 1 0 0 0-1-1z\" fill=\"#00adbb\" opacity=\"1\" data-original=\"#000000\" class=\"\"><\/path><path d=\"M26 29a3 3 0 0 1-3-3V2a1 1 0 0 0-1-1H2a1 1 0 0 0-1 1v24a5 5 0 0 0 5 5h20a1 1 0 0 0 0-2zM7 9h1a1 1 0 0 1 0 2H7a1 1 0 0 1 0-2zm10 14H7a1 1 0 0 1 0-2h10a1 1 0 0 1 0 2zm0-6H7a1 1 0 0 1 0-2h10a1 1 0 0 1 0 2zm0-6h-5a1 1 0 0 1 0-2h5a1 1 0 0 1 0 2z\" fill=\"#00adbb\" opacity=\"1\" data-original=\"#000000\" class=\"\"><\/path><\/g><\/svg>\t\t\t\t<\/span>\n\t\t\t<\/div>\n\t\t\t\n\t\t\t\t\t\t<div class=\"elementor-icon-box-content\">\n\n\t\t\t\t\t\t\t\t\t<h2 class=\"elementor-icon-box-title\">\n\t\t\t\t\t\t<span  >\n\t\t\t\t\t\t\tActualit\u00e9s\t\t\t\t\t\t<\/span>\n\t\t\t\t\t<\/h2>\n\t\t\t\t\n\t\t\t\t\n\t\t\t<\/div>\n\t\t\t\n\t\t<\/div>\n\t\t\t\t\t\t<\/div>\n\t\t\t\t<\/div>\n\t\t\t\t<div class=\"elementor-element elementor-element-e4d0987 elementor-widget-mobile__width-inherit elementor-widget elementor-widget-heading\" data-id=\"e4d0987\" data-element_type=\"widget\" data-e-type=\"widget\" data-widget_type=\"heading.default\">\n\t\t\t\t<div class=\"elementor-widget-container\">\n\t\t\t\t\t<h5 class=\"elementor-heading-title elementor-size-default\"><a href=\"https:\/\/alicanteturismo.com\/fr\/actualites\/\">Toutes les nouvelles<\/a><\/h5>\t\t\t\t<\/div>\n\t\t\t\t<\/div>\n\t\t\t\t<\/div>\n\t\t<div class=\"elementor-element elementor-element-4059b8b e-con-full e-flex e-con e-child\" data-id=\"4059b8b\" data-element_type=\"container\" data-e-type=\"container\">\n\t\t\t\t<div class=\"elementor-element elementor-element-39252c7 elementor-widget__width-initial elementor-widget elementor-widget-image\" data-id=\"39252c7\" data-element_type=\"widget\" data-e-type=\"widget\" data-widget_type=\"image.default\">\n\t\t\t\t<div class=\"elementor-widget-container\">\n\t\t\t\t\t\t\t\t\t\t\t\t\t\t\t<img decoding=\"async\" width=\"581\" height=\"397\" src=\"https:\/\/alicanteturismo.com\/wp-content\/uploads\/2024\/05\/cartel-imagen-de-prohibido-acceso-a-los-perros-a-las-playas-y-calas.jpg\" class=\"attachment-full size-full wp-image-267983\" alt=\"\" srcset=\"https:\/\/alicanteturismo.com\/wp-content\/uploads\/2024\/05\/cartel-imagen-de-prohibido-acceso-a-los-perros-a-las-playas-y-calas.jpg 581w, https:\/\/alicanteturismo.com\/wp-content\/uploads\/2024\/05\/cartel-imagen-de-prohibido-acceso-a-los-perros-a-las-playas-y-calas-300x205.jpg 300w\" sizes=\"(max-width: 581px) 100vw, 581px\" \/>\t\t\t\t\t\t\t\t\t\t\t\t\t\t\t<\/div>\n\t\t\t\t<\/div>\n\t\t<div class=\"elementor-element elementor-element-144dced e-con-full e-flex e-con e-child\" data-id=\"144dced\" data-element_type=\"container\" data-e-type=\"container\">\n\t\t\t\t<div class=\"elementor-element elementor-element-a14e6d1 elementor-widget elementor-widget-text-editor\" data-id=\"a14e6d1\" data-element_type=\"widget\" data-e-type=\"widget\" data-widget_type=\"text-editor.default\">\n\t\t\t\t<div class=\"elementor-widget-container\">\n\t\t\t\t\t\t\t\t\t<p>Les chiens ne sont pas admis sur le sable des plages et des criques, <span style=\"color: #04306e;\"><strong>sauf du 1er novembre au 1er mars, <\/strong><\/span>\u00e0 condition d&rsquo;\u00eatre toujours attach\u00e9s et que leurs excr\u00e9ments soient ramass\u00e9s.<\/p>\n<p>Art. 29, Ordonnance municipale sur la d\u00e9tention, le bien-\u00eatre et la protection des animaux.<\/p>\n<p>D\u00e9partement de Sant\u00e9 et Protection animales <span style=\"color: #00adbb;\"><a style=\"color: #00adbb;\" href=\"mailto:sanidad@alicante.es\">sanidad@alicante.es<\/a><\/span><\/p>\n\t\t\t\t\t\t\t\t<\/div>\n\t\t\t\t<\/div>\n\t\t\t\t<div class=\"elementor-element elementor-element-7642518 elementor-widget elementor-widget-button\" data-id=\"7642518\" data-element_type=\"widget\" data-e-type=\"widget\" data-widget_type=\"button.default\">\n\t\t\t\t<div class=\"elementor-widget-container\">\n\t\t\t\t\t\t\t\t\t<div class=\"elementor-button-wrapper\">\n\t\t\t\t\t<a class=\"elementor-button elementor-button-link elementor-size-sm\" href=\"https:\/\/www.alicante.es\/sites\/default\/files\/documentos\/202003\/ordenanza-tenencia-bienestar-y-proteccion-animales.pdf\" target=\"_blank\" rel=\"noopener\">\n\t\t\t\t\t\t<span class=\"elementor-button-content-wrapper\">\n\t\t\t\t\t\t\t\t\t<span class=\"elementor-button-text\">En savoir plus<\/span>\n\t\t\t\t\t<\/span>\n\t\t\t\t\t<\/a>\n\t\t\t\t<\/div>\n\t\t\t\t\t\t\t\t<\/div>\n\t\t\t\t<\/div>\n\t\t\t\t<\/div>\n\t\t\t\t<\/div>\n\t\t\t\t<div class=\"elementor-element elementor-element-3954942d elementor-grid-4 elementor-widget__width-inherit elementor-grid-tablet-2 elementor-grid-mobile-1 elementor-posts--thumbnail-top elementor-widget elementor-widget-posts\" data-id=\"3954942d\" data-element_type=\"widget\" data-e-type=\"widget\" data-settings=\"{&quot;classic_columns&quot;:&quot;4&quot;,&quot;classic_row_gap&quot;:{&quot;unit&quot;:&quot;px&quot;,&quot;size&quot;:0,&quot;sizes&quot;:[]},&quot;classic_columns_tablet&quot;:&quot;2&quot;,&quot;classic_columns_mobile&quot;:&quot;1&quot;,&quot;classic_row_gap_widescreen&quot;:{&quot;unit&quot;:&quot;px&quot;,&quot;size&quot;:&quot;&quot;,&quot;sizes&quot;:[]},&quot;classic_row_gap_laptop&quot;:{&quot;unit&quot;:&quot;px&quot;,&quot;size&quot;:&quot;&quot;,&quot;sizes&quot;:[]},&quot;classic_row_gap_tablet_extra&quot;:{&quot;unit&quot;:&quot;px&quot;,&quot;size&quot;:&quot;&quot;,&quot;sizes&quot;:[]},&quot;classic_row_gap_tablet&quot;:{&quot;unit&quot;:&quot;px&quot;,&quot;size&quot;:&quot;&quot;,&quot;sizes&quot;:[]},&quot;classic_row_gap_mobile_extra&quot;:{&quot;unit&quot;:&quot;px&quot;,&quot;size&quot;:&quot;&quot;,&quot;sizes&quot;:[]},&quot;classic_row_gap_mobile&quot;:{&quot;unit&quot;:&quot;px&quot;,&quot;size&quot;:&quot;&quot;,&quot;sizes&quot;:[]}}\" data-widget_type=\"posts.classic\">\n\t\t\t\t<div class=\"elementor-widget-container\">\n\t\t\t\t\t\t\t<div class=\"elementor-posts-container elementor-posts elementor-posts--skin-classic elementor-grid\" role=\"list\">\n\t\t\t\t<article class=\"elementor-post elementor-grid-item post-297533 noticias type-noticias status-publish has-post-thumbnail hentry categoria-de-noticia-informacion-practica categoria-de-noticia-playas categoria-de-noticia-playas-accesibles\" role=\"listitem\">\n\t\t\t\t<a class=\"elementor-post__thumbnail__link\" href=\"https:\/\/alicanteturismo.com\/fr\/noticias\/alicante-renueva-el-balizamiento-de-todas-las-playas-que-incluye-canales-de-nado-en-san-juan-y-la-albufereta-y-zona-segura-de-buceo-en-el-cabo\/\" tabindex=\"-1\">\n\t\t\t<div class=\"elementor-post__thumbnail\"><img decoding=\"async\" width=\"300\" height=\"160\" src=\"https:\/\/alicanteturismo.com\/wp-content\/uploads\/2025\/02\/POSTIGUET-300x160.jpg\" class=\"attachment-medium size-medium wp-image-297534\" alt=\"\" srcset=\"https:\/\/alicanteturismo.com\/wp-content\/uploads\/2025\/02\/POSTIGUET-300x160.jpg 300w, https:\/\/alicanteturismo.com\/wp-content\/uploads\/2025\/02\/POSTIGUET.jpg 767w\" sizes=\"(max-width: 300px) 100vw, 300px\" \/><\/div>\n\t\t<\/a>\n\t\t\t\t<div class=\"elementor-post__text\">\n\t\t\t\t<h3 class=\"elementor-post__title\">\n\t\t\t<a href=\"https:\/\/alicanteturismo.com\/fr\/noticias\/alicante-renueva-el-balizamiento-de-todas-las-playas-que-incluye-canales-de-nado-en-san-juan-y-la-albufereta-y-zona-segura-de-buceo-en-el-cabo\/\">\n\t\t\t\tAlicante renueva el balizamiento de todas las playas que incluye canales de nado en San Juan y la Albufereta y zona segura de buceo en el Cabo\t\t\t<\/a>\n\t\t<\/h3>\n\t\t\t\t<div class=\"elementor-post__meta-data\">\n\t\t\t\t\t<span class=\"elementor-post-date\">\n\t\t\t20 f\u00e9vrier 2025\t\t<\/span>\n\t\t\t\t<\/div>\n\t\t\n\t\t<a class=\"elementor-post__read-more\" href=\"https:\/\/alicanteturismo.com\/fr\/noticias\/alicante-renueva-el-balizamiento-de-todas-las-playas-que-incluye-canales-de-nado-en-san-juan-y-la-albufereta-y-zona-segura-de-buceo-en-el-cabo\/\" aria-label=\"En savoir plus sur Alicante renueva el balizamiento de todas las playas que incluye canales de nado en San Juan y la Albufereta y zona segura de buceo en el Cabo\" tabindex=\"-1\">\n\t\t\tLire la suite \u00bb\t\t<\/a>\n\n\t\t\t\t<\/div>\n\t\t\t\t<\/article>\n\t\t\t\t<article class=\"elementor-post elementor-grid-item post-296938 noticias type-noticias status-publish has-post-thumbnail hentry categoria-de-noticia-destacados categoria-de-noticia-monumentos categoria-de-noticia-patronato-municipal-de-turismo-y-playas-alicante categoria-de-noticia-playas\" role=\"listitem\">\n\t\t\t\t<a class=\"elementor-post__thumbnail__link\" href=\"https:\/\/alicanteturismo.com\/fr\/noticias\/periodistas-de-nueva-york-visitan-alicante-para-conocer-y-trasladar-su-oferta-turistica\/\" tabindex=\"-1\">\n\t\t\t<div class=\"elementor-post__thumbnail\"><img loading=\"lazy\" decoding=\"async\" width=\"200\" height=\"132\" src=\"https:\/\/alicanteturismo.com\/wp-content\/uploads\/2025\/02\/alicante-vista.jpg\" class=\"attachment-medium size-medium wp-image-296939\" alt=\"\" \/><\/div>\n\t\t<\/a>\n\t\t\t\t<div class=\"elementor-post__text\">\n\t\t\t\t<h3 class=\"elementor-post__title\">\n\t\t\t<a href=\"https:\/\/alicanteturismo.com\/fr\/noticias\/periodistas-de-nueva-york-visitan-alicante-para-conocer-y-trasladar-su-oferta-turistica\/\">\n\t\t\t\tPeriodistas de Nueva York visitan Alicante para conocer y trasladar su oferta tur\u00edstica\t\t\t<\/a>\n\t\t<\/h3>\n\t\t\t\t<div class=\"elementor-post__meta-data\">\n\t\t\t\t\t<span class=\"elementor-post-date\">\n\t\t\t11 f\u00e9vrier 2025\t\t<\/span>\n\t\t\t\t<\/div>\n\t\t\n\t\t<a class=\"elementor-post__read-more\" href=\"https:\/\/alicanteturismo.com\/fr\/noticias\/periodistas-de-nueva-york-visitan-alicante-para-conocer-y-trasladar-su-oferta-turistica\/\" aria-label=\"En savoir plus sur Periodistas de Nueva York visitan Alicante para conocer y trasladar su oferta tur\u00edstica\" tabindex=\"-1\">\n\t\t\tLire la suite \u00bb\t\t<\/a>\n\n\t\t\t\t<\/div>\n\t\t\t\t<\/article>\n\t\t\t\t<article class=\"elementor-post elementor-grid-item post-276915 noticias type-noticias status-publish has-post-thumbnail hentry categoria-de-noticia-notas-de-prensa categoria-de-noticia-playas\" role=\"listitem\">\n\t\t\t\t<a class=\"elementor-post__thumbnail__link\" href=\"https:\/\/alicanteturismo.com\/fr\/noticias\/el-servicio-de-salvamento-y-socorrismo-realiza-3-276-asistencias-y-75-rescates-en-las-playas-en-temporada-alta\/\" tabindex=\"-1\">\n\t\t\t<div class=\"elementor-post__thumbnail\"><img loading=\"lazy\" decoding=\"async\" width=\"300\" height=\"232\" src=\"https:\/\/alicanteturismo.com\/wp-content\/uploads\/2024\/10\/Socorrismo-300x232.jpg\" class=\"attachment-medium size-medium wp-image-276917\" alt=\"\" srcset=\"https:\/\/alicanteturismo.com\/wp-content\/uploads\/2024\/10\/Socorrismo-300x232.jpg 300w, https:\/\/alicanteturismo.com\/wp-content\/uploads\/2024\/10\/Socorrismo.jpg 443w\" sizes=\"(max-width: 300px) 100vw, 300px\" \/><\/div>\n\t\t<\/a>\n\t\t\t\t<div class=\"elementor-post__text\">\n\t\t\t\t<h3 class=\"elementor-post__title\">\n\t\t\t<a href=\"https:\/\/alicanteturismo.com\/fr\/noticias\/el-servicio-de-salvamento-y-socorrismo-realiza-3-276-asistencias-y-75-rescates-en-las-playas-en-temporada-alta\/\">\n\t\t\t\tEl Servicio de Salvamento y Socorrismo realiza 3.276 asistencias y 75 rescates en las playas en temporada alta\t\t\t<\/a>\n\t\t<\/h3>\n\t\t\t\t<div class=\"elementor-post__meta-data\">\n\t\t\t\t\t<span class=\"elementor-post-date\">\n\t\t\t1 octobre 2024\t\t<\/span>\n\t\t\t\t<\/div>\n\t\t\n\t\t<a class=\"elementor-post__read-more\" href=\"https:\/\/alicanteturismo.com\/fr\/noticias\/el-servicio-de-salvamento-y-socorrismo-realiza-3-276-asistencias-y-75-rescates-en-las-playas-en-temporada-alta\/\" aria-label=\"En savoir plus sur El Servicio de Salvamento y Socorrismo realiza 3.276 asistencias y 75 rescates en las playas en temporada alta\" tabindex=\"-1\">\n\t\t\tLire la suite \u00bb\t\t<\/a>\n\n\t\t\t\t<\/div>\n\t\t\t\t<\/article>\n\t\t\t\t<article class=\"elementor-post elementor-grid-item post-263779 noticias type-noticias status-publish has-post-thumbnail hentry categoria-de-noticia-destacados categoria-de-noticia-notas-de-prensa categoria-de-noticia-playas\" role=\"listitem\">\n\t\t\t\t<a class=\"elementor-post__thumbnail__link\" href=\"https:\/\/alicanteturismo.com\/fr\/noticias\/turismo-saca-a-licitacion-el-contrato-para-la-limpieza-y-mantenimiento-de-infraestructuras-de-las-playas\/\" tabindex=\"-1\">\n\t\t\t<div class=\"elementor-post__thumbnail\"><img loading=\"lazy\" decoding=\"async\" width=\"300\" height=\"184\" src=\"https:\/\/alicanteturismo.com\/wp-content\/uploads\/2024\/04\/PASARELA-1-300x184.jpg\" class=\"attachment-medium size-medium wp-image-266496\" alt=\"\" srcset=\"https:\/\/alicanteturismo.com\/wp-content\/uploads\/2024\/04\/PASARELA-1-300x184.jpg 300w, https:\/\/alicanteturismo.com\/wp-content\/uploads\/2024\/04\/PASARELA-1-768x471.jpg 768w, https:\/\/alicanteturismo.com\/wp-content\/uploads\/2024\/04\/PASARELA-1.jpg 848w\" sizes=\"(max-width: 300px) 100vw, 300px\" \/><\/div>\n\t\t<\/a>\n\t\t\t\t<div class=\"elementor-post__text\">\n\t\t\t\t<h3 class=\"elementor-post__title\">\n\t\t\t<a href=\"https:\/\/alicanteturismo.com\/fr\/noticias\/turismo-saca-a-licitacion-el-contrato-para-la-limpieza-y-mantenimiento-de-infraestructuras-de-las-playas\/\">\n\t\t\t\tTurismo saca a licitaci\u00f3n el contrato para la limpieza y mantenimiento de infraestructuras de las playas\t\t\t<\/a>\n\t\t<\/h3>\n\t\t\t\t<div class=\"elementor-post__meta-data\">\n\t\t\t\t\t<span class=\"elementor-post-date\">\n\t\t\t30 avril 2024\t\t<\/span>\n\t\t\t\t<\/div>\n\t\t\n\t\t<a class=\"elementor-post__read-more\" href=\"https:\/\/alicanteturismo.com\/fr\/noticias\/turismo-saca-a-licitacion-el-contrato-para-la-limpieza-y-mantenimiento-de-infraestructuras-de-las-playas\/\" aria-label=\"En savoir plus sur Turismo saca a licitaci\u00f3n el contrato para la limpieza y mantenimiento de infraestructuras de las playas\" tabindex=\"-1\">\n\t\t\tLire la suite \u00bb\t\t<\/a>\n\n\t\t\t\t<\/div>\n\t\t\t\t<\/article>\n\t\t\t\t<\/div>\n\t\t\n\t\t\t\t\t\t<\/div>\n\t\t\t\t<\/div>\n\t\t\t\t<\/div>\n\t\t\t\t<\/div>\n\t\t\t\t<\/div>\n\t\t","protected":false},"featured_media":272119,"template":"","meta":{"_acf_changed":false},"class_list":["post-284633","playas","type-playas","status-publish","has-post-thumbnail","hentry"],"acf":[],"_links":{"self":[{"href":"https:\/\/alicanteturismo.com\/fr\/wp-json\/wp\/v2\/playas\/284633","targetHints":{"allow":["GET"]}}],"collection":[{"href":"https:\/\/alicanteturismo.com\/fr\/wp-json\/wp\/v2\/playas"}],"about":[{"href":"https:\/\/alicanteturismo.com\/fr\/wp-json\/wp\/v2\/types\/playas"}],"version-history":[{"count":0,"href":"https:\/\/alicanteturismo.com\/fr\/wp-json\/wp\/v2\/playas\/284633\/revisions"}],"wp:featuredmedia":[{"embeddable":true,"href":"https:\/\/alicanteturismo.com\/fr\/wp-json\/wp\/v2\/media\/272119"}],"wp:attachment":[{"href":"https:\/\/alicanteturismo.com\/fr\/wp-json\/wp\/v2\/media?parent=284633"}],"curies":[{"name":"wp","href":"https:\/\/api.w.org\/{rel}","templated":true}]}}