{"id":284244,"date":"2024-08-14T12:39:20","date_gmt":"2024-08-14T10:39:20","guid":{"rendered":"https:\/\/dev.alicanteturismo.com\/shopping-a-alicante\/"},"modified":"2025-04-08T14:20:02","modified_gmt":"2025-04-08T12:20:02","slug":"shopping-a-alicante","status":"publish","type":"page","link":"https:\/\/alicanteturismo.com\/fr\/shopping-a-alicante\/","title":{"rendered":"Shopping \u00e0 Alicante"},"content":{"rendered":"\t\t<div data-elementor-type=\"wp-page\" data-elementor-id=\"284244\" class=\"elementor elementor-284244 elementor-14745\" data-elementor-post-type=\"page\">\n\t\t\t\t<div class=\"elementor-element elementor-element-d9dd3ef e-con-full e-flex e-con e-parent\" data-id=\"d9dd3ef\" data-element_type=\"container\" data-e-type=\"container\" data-settings=\"{&quot;background_background&quot;:&quot;slideshow&quot;,&quot;background_slideshow_gallery&quot;:[{&quot;id&quot;:267378,&quot;url&quot;:&quot;https:\\\/\\\/alicanteturismo.com\\\/wp-content\\\/uploads\\\/2024\\\/09\\\/compras.menu_o_cabecera.jpg&quot;},{&quot;id&quot;:281076,&quot;url&quot;:&quot;https:\\\/\\\/alicanteturismo.com\\\/wp-content\\\/uploads\\\/2024\\\/11\\\/plaza25-de-mayo.jpg&quot;},{&quot;id&quot;:16172,&quot;url&quot;:&quot;https:\\\/\\\/alicanteturismo.com\\\/wp-content\\\/uploads\\\/2024\\\/08\\\/Mercado-central-e1724310452561.webp&quot;}],&quot;background_slideshow_slide_transition&quot;:&quot;slide_left&quot;,&quot;background_slideshow_loop&quot;:&quot;yes&quot;,&quot;background_slideshow_slide_duration&quot;:5000,&quot;background_slideshow_transition_duration&quot;:500}\">\n\t\t\t\t<div class=\"elementor-element elementor-element-861f402 elementor-widget elementor-widget-heading\" data-id=\"861f402\" data-element_type=\"widget\" data-e-type=\"widget\" data-widget_type=\"heading.default\">\n\t\t\t\t<div class=\"elementor-widget-container\">\n\t\t\t\t\t<h1 class=\"elementor-heading-title elementor-size-default\">Shopping \u00e0 Alicante<\/h1>\t\t\t\t<\/div>\n\t\t\t\t<\/div>\n\t\t<div class=\"elementor-element elementor-element-48eddbc e-con-full e-flex e-con e-child\" data-id=\"48eddbc\" data-element_type=\"container\" data-e-type=\"container\">\n\t\t\t\t<div class=\"elementor-element elementor-element-774e2bd elementor-widget elementor-widget-shortcode\" data-id=\"774e2bd\" data-element_type=\"widget\" data-e-type=\"widget\" data-widget_type=\"shortcode.default\">\n\t\t\t\t<div class=\"elementor-widget-container\">\n\t\t\t\t\t\t\t<div class=\"elementor-shortcode\">\t\t<div data-elementor-type=\"container\" data-elementor-id=\"284148\" class=\"elementor elementor-284148 elementor-6861 elementor-6861\" data-elementor-post-type=\"elementor_library\">\n\t\t\t\t<div class=\"elementor-element elementor-element-3ceb908 e-con-full e-flex e-con e-parent\" data-id=\"3ceb908\" data-element_type=\"container\" data-e-type=\"container\">\n\t\t\t\t<div class=\"elementor-element elementor-element-5b13367 elementor-widget__width-auto elementor-widget elementor-widget-button\" data-id=\"5b13367\" data-element_type=\"widget\" data-e-type=\"widget\" data-widget_type=\"button.default\">\n\t\t\t\t<div class=\"elementor-widget-container\">\n\t\t\t\t\t\t\t\t\t<div class=\"elementor-button-wrapper\">\n\t\t\t\t\t<a class=\"elementor-button elementor-button-link elementor-size-sm\" href=\"https:\/\/alicanteturismo.com\/fr\/informations-pratiques\/\">\n\t\t\t\t\t\t<span class=\"elementor-button-content-wrapper\">\n\t\t\t\t\t\t<span class=\"elementor-button-icon\">\n\t\t\t\t<svg aria-hidden=\"true\" class=\"e-font-icon-svg e-fas-info\" viewBox=\"0 0 192 512\" xmlns=\"http:\/\/www.w3.org\/2000\/svg\"><path d=\"M20 424.229h20V279.771H20c-11.046 0-20-8.954-20-20V212c0-11.046 8.954-20 20-20h112c11.046 0 20 8.954 20 20v212.229h20c11.046 0 20 8.954 20 20V492c0 11.046-8.954 20-20 20H20c-11.046 0-20-8.954-20-20v-47.771c0-11.046 8.954-20 20-20zM96 0C56.235 0 24 32.235 24 72s32.235 72 72 72 72-32.235 72-72S135.764 0 96 0z\"><\/path><\/svg>\t\t\t<\/span>\n\t\t\t\t\t\t\t\t\t<span class=\"elementor-button-text\">Informations pratiques<\/span>\n\t\t\t\t\t<\/span>\n\t\t\t\t\t<\/a>\n\t\t\t\t<\/div>\n\t\t\t\t\t\t\t\t<\/div>\n\t\t\t\t<\/div>\n\t\t\t\t<\/div>\n\t\t\t\t<\/div>\n\t\t<\/div>\n\t\t\t\t\t\t<\/div>\n\t\t\t\t<\/div>\n\t\t\t\t<div class=\"elementor-element elementor-element-37dd30a elementor-widget elementor-widget-shortcode\" data-id=\"37dd30a\" data-element_type=\"widget\" data-e-type=\"widget\" data-widget_type=\"shortcode.default\">\n\t\t\t\t<div class=\"elementor-widget-container\">\n\t\t\t\t\t\t\t<div class=\"elementor-shortcode\">\t\t<div data-elementor-type=\"container\" data-elementor-id=\"283288\" class=\"elementor elementor-283288 elementor-6868 elementor-6868\" data-elementor-post-type=\"elementor_library\">\n\t\t\t\t<div class=\"elementor-element elementor-element-3ceb908 e-con-full e-flex e-con e-parent\" data-id=\"3ceb908\" data-element_type=\"container\" data-e-type=\"container\">\n\t\t\t\t<div class=\"elementor-element elementor-element-5b13367 elementor-widget__width-auto elementor-widget elementor-widget-button\" data-id=\"5b13367\" data-element_type=\"widget\" data-e-type=\"widget\" data-widget_type=\"button.default\">\n\t\t\t\t<div class=\"elementor-widget-container\">\n\t\t\t\t\t\t\t\t\t<div class=\"elementor-button-wrapper\">\n\t\t\t\t\t<a class=\"elementor-button elementor-button-link elementor-size-sm\" href=\"https:\/\/alicanteturismo.com\/fr\/ou-dormir\/\">\n\t\t\t\t\t\t<span class=\"elementor-button-content-wrapper\">\n\t\t\t\t\t\t<span class=\"elementor-button-icon\">\n\t\t\t\t<svg xmlns=\"http:\/\/www.w3.org\/2000\/svg\" xmlns:xlink=\"http:\/\/www.w3.org\/1999\/xlink\" width=\"512\" height=\"512\" x=\"0\" y=\"0\" viewBox=\"0 0 512.02 512.02\" style=\"enable-background:new 0 0 512 512\" xml:space=\"preserve\" class=\"\"><g><path d=\"M436.008 102.02h-300c-8.284 0-15 6.716-15 15v380c0 8.284 6.716 15 15 15h300c8.284 0 15-6.716 15-15v-380c0-8.285-6.716-15-15-15zm-189.999 99.999h3.787l-2.678-2.678c-5.858-5.857-5.858-15.355 0-21.213 5.857-5.857 15.355-5.857 21.213 0l2.678 2.678v-3.786c0-8.284 6.716-15 15-15s15 6.716 15 15v3.786l2.678-2.678c5.857-5.857 15.355-5.857 21.213 0s5.858 15.355 0 21.213l-2.678 2.678h3.787c8.284 0 15 6.716 15 15s-6.716 15-15 15h-3.787l2.678 2.678c5.858 5.857 5.858 15.355 0 21.213-2.929 2.929-6.768 4.394-10.606 4.394s-7.678-1.465-10.606-4.394l-2.678-2.678v3.787c0 8.284-6.716 15-15 15s-15-6.716-15-15v-3.787l-2.678 2.678c-2.929 2.929-6.768 4.394-10.606 4.394s-7.678-1.465-10.606-4.394c-5.858-5.857-5.858-15.355 0-21.213l2.678-2.678h-3.787c-8.284 0-15-6.716-15-15s6.714-15 14.998-15zm129.999 250H196.009c-8.284 0-15-6.716-15-15s6.716-15 15-15h179.999c8.284 0 15 6.716 15 15s-6.716 15-15 15zm0-60.001H196.009c-8.284 0-15-6.716-15-15s6.716-15 15-15h179.999c8.284 0 15 6.716 15 15s-6.716 15-15 15zm0-59.999H196.009c-8.284 0-15-6.716-15-15s6.716-15 15-15h179.999c8.284 0 15 6.716 15 15s-6.716 15-15 15z\" fill=\"#ffffff\" opacity=\"1\" data-original=\"#000000\" class=\"\"><\/path><path d=\"M371.57 0H76.011c-8.284 0-15 6.716-15 15v400.02c0 8.284 6.716 15 15 15h14.997v-313c0-21.298 14.877-39.174 34.781-43.815.396-.171 160.384-47.791 245.781-73.205z\" fill=\"#ffffff\" opacity=\"1\" data-original=\"#000000\" class=\"\"><\/path><path d=\"m400.559 72.02.204-49.022c.097-.155.184-.314.275-.471L234.615 72.02z\" fill=\"#ffffff\" opacity=\"1\" data-original=\"#000000\" class=\"\"><\/path><\/g><\/svg>\t\t\t<\/span>\n\t\t\t\t\t\t\t\t\t<span class=\"elementor-button-text\">O\u00f9 dormir ?<\/span>\n\t\t\t\t\t<\/span>\n\t\t\t\t\t<\/a>\n\t\t\t\t<\/div>\n\t\t\t\t\t\t\t\t<\/div>\n\t\t\t\t<\/div>\n\t\t\t\t<\/div>\n\t\t\t\t<\/div>\n\t\t<\/div>\n\t\t\t\t\t\t<\/div>\n\t\t\t\t<\/div>\n\t\t\t\t<div class=\"elementor-element elementor-element-126fee5 elementor-widget elementor-widget-shortcode\" data-id=\"126fee5\" data-element_type=\"widget\" data-e-type=\"widget\" data-widget_type=\"shortcode.default\">\n\t\t\t\t<div class=\"elementor-widget-container\">\n\t\t\t\t\t\t\t<div class=\"elementor-shortcode\">\t\t<div data-elementor-type=\"container\" data-elementor-id=\"283265\" class=\"elementor elementor-283265 elementor-6876 elementor-6876\" data-elementor-post-type=\"elementor_library\">\n\t\t\t\t<div class=\"elementor-element elementor-element-3ceb908 e-con-full e-flex e-con e-parent\" data-id=\"3ceb908\" data-element_type=\"container\" data-e-type=\"container\">\n\t\t\t\t<div class=\"elementor-element elementor-element-5b13367 elementor-widget__width-auto elementor-widget elementor-widget-button\" data-id=\"5b13367\" data-element_type=\"widget\" data-e-type=\"widget\" data-widget_type=\"button.default\">\n\t\t\t\t<div class=\"elementor-widget-container\">\n\t\t\t\t\t\t\t\t\t<div class=\"elementor-button-wrapper\">\n\t\t\t\t\t<a class=\"elementor-button elementor-button-link elementor-size-sm\" href=\"https:\/\/alicanteturismo.com\/fr\/comment-se-rendre-a-alicante\/\">\n\t\t\t\t\t\t<span class=\"elementor-button-content-wrapper\">\n\t\t\t\t\t\t<span class=\"elementor-button-icon\">\n\t\t\t\t<svg aria-hidden=\"true\" class=\"e-font-icon-svg e-fas-map-marked-alt\" viewBox=\"0 0 576 512\" xmlns=\"http:\/\/www.w3.org\/2000\/svg\"><path d=\"M288 0c-69.59 0-126 56.41-126 126 0 56.26 82.35 158.8 113.9 196.02 6.39 7.54 17.82 7.54 24.2 0C331.65 284.8 414 182.26 414 126 414 56.41 357.59 0 288 0zm0 168c-23.2 0-42-18.8-42-42s18.8-42 42-42 42 18.8 42 42-18.8 42-42 42zM20.12 215.95A32.006 32.006 0 0 0 0 245.66v250.32c0 11.32 11.43 19.06 21.94 14.86L160 448V214.92c-8.84-15.98-16.07-31.54-21.25-46.42L20.12 215.95zM288 359.67c-14.07 0-27.38-6.18-36.51-16.96-19.66-23.2-40.57-49.62-59.49-76.72v182l192 64V266c-18.92 27.09-39.82 53.52-59.49 76.72-9.13 10.77-22.44 16.95-36.51 16.95zm266.06-198.51L416 224v288l139.88-55.95A31.996 31.996 0 0 0 576 426.34V176.02c0-11.32-11.43-19.06-21.94-14.86z\"><\/path><\/svg>\t\t\t<\/span>\n\t\t\t\t\t\t\t\t\t<span class=\"elementor-button-text\">Comment s'y rendre<\/span>\n\t\t\t\t\t<\/span>\n\t\t\t\t\t<\/a>\n\t\t\t\t<\/div>\n\t\t\t\t\t\t\t\t<\/div>\n\t\t\t\t<\/div>\n\t\t\t\t<\/div>\n\t\t\t\t<\/div>\n\t\t<\/div>\n\t\t\t\t\t\t<\/div>\n\t\t\t\t<\/div>\n\t\t\t\t<div class=\"elementor-element elementor-element-788fe6b elementor-widget elementor-widget-shortcode\" data-id=\"788fe6b\" data-element_type=\"widget\" data-e-type=\"widget\" data-widget_type=\"shortcode.default\">\n\t\t\t\t<div class=\"elementor-widget-container\">\n\t\t\t\t\t\t\t<div class=\"elementor-shortcode\">\t\t<div data-elementor-type=\"container\" data-elementor-id=\"283462\" class=\"elementor elementor-283462 elementor-3625 elementor-3625\" data-elementor-post-type=\"elementor_library\">\n\t\t\t\t<div class=\"elementor-element elementor-element-3ceb908 e-con-full e-flex e-con e-parent\" data-id=\"3ceb908\" data-element_type=\"container\" data-e-type=\"container\">\n\t\t\t\t<div class=\"elementor-element elementor-element-5b13367 elementor-widget__width-auto elementor-widget elementor-widget-button\" data-id=\"5b13367\" data-element_type=\"widget\" data-e-type=\"widget\" data-widget_type=\"button.default\">\n\t\t\t\t<div class=\"elementor-widget-container\">\n\t\t\t\t\t\t\t\t\t<div class=\"elementor-button-wrapper\">\n\t\t\t\t\t<a class=\"elementor-button elementor-button-link elementor-size-sm\" href=\"https:\/\/alicanteturismo.com\/fr\/cartes-brochures-et-app\/\">\n\t\t\t\t\t\t<span class=\"elementor-button-content-wrapper\">\n\t\t\t\t\t\t<span class=\"elementor-button-icon\">\n\t\t\t\t<svg xmlns=\"http:\/\/www.w3.org\/2000\/svg\" xmlns:xlink=\"http:\/\/www.w3.org\/1999\/xlink\" width=\"512\" height=\"512\" x=\"0\" y=\"0\" viewBox=\"0 0 512.02 512.02\" style=\"enable-background:new 0 0 512 512\" xml:space=\"preserve\" class=\"\"><g><path d=\"M436.008 102.02h-300c-8.284 0-15 6.716-15 15v380c0 8.284 6.716 15 15 15h300c8.284 0 15-6.716 15-15v-380c0-8.285-6.716-15-15-15zm-189.999 99.999h3.787l-2.678-2.678c-5.858-5.857-5.858-15.355 0-21.213 5.857-5.857 15.355-5.857 21.213 0l2.678 2.678v-3.786c0-8.284 6.716-15 15-15s15 6.716 15 15v3.786l2.678-2.678c5.857-5.857 15.355-5.857 21.213 0s5.858 15.355 0 21.213l-2.678 2.678h3.787c8.284 0 15 6.716 15 15s-6.716 15-15 15h-3.787l2.678 2.678c5.858 5.857 5.858 15.355 0 21.213-2.929 2.929-6.768 4.394-10.606 4.394s-7.678-1.465-10.606-4.394l-2.678-2.678v3.787c0 8.284-6.716 15-15 15s-15-6.716-15-15v-3.787l-2.678 2.678c-2.929 2.929-6.768 4.394-10.606 4.394s-7.678-1.465-10.606-4.394c-5.858-5.857-5.858-15.355 0-21.213l2.678-2.678h-3.787c-8.284 0-15-6.716-15-15s6.714-15 14.998-15zm129.999 250H196.009c-8.284 0-15-6.716-15-15s6.716-15 15-15h179.999c8.284 0 15 6.716 15 15s-6.716 15-15 15zm0-60.001H196.009c-8.284 0-15-6.716-15-15s6.716-15 15-15h179.999c8.284 0 15 6.716 15 15s-6.716 15-15 15zm0-59.999H196.009c-8.284 0-15-6.716-15-15s6.716-15 15-15h179.999c8.284 0 15 6.716 15 15s-6.716 15-15 15z\" fill=\"#ffffff\" opacity=\"1\" data-original=\"#000000\" class=\"\"><\/path><path d=\"M371.57 0H76.011c-8.284 0-15 6.716-15 15v400.02c0 8.284 6.716 15 15 15h14.997v-313c0-21.298 14.877-39.174 34.781-43.815.396-.171 160.384-47.791 245.781-73.205z\" fill=\"#ffffff\" opacity=\"1\" data-original=\"#000000\" class=\"\"><\/path><path d=\"m400.559 72.02.204-49.022c.097-.155.184-.314.275-.471L234.615 72.02z\" fill=\"#ffffff\" opacity=\"1\" data-original=\"#000000\" class=\"\"><\/path><\/g><\/svg>\t\t\t<\/span>\n\t\t\t\t\t\t\t\t\t<span class=\"elementor-button-text\">Cartes, brochures et applications<\/span>\n\t\t\t\t\t<\/span>\n\t\t\t\t\t<\/a>\n\t\t\t\t<\/div>\n\t\t\t\t\t\t\t\t<\/div>\n\t\t\t\t<\/div>\n\t\t\t\t<\/div>\n\t\t\t\t<\/div>\n\t\t<\/div>\n\t\t\t\t\t\t<\/div>\n\t\t\t\t<\/div>\n\t\t\t\t<\/div>\n\t\t\t\t<\/div>\n\t\t<div class=\"elementor-element elementor-element-f80e820 e-con-full e-flex e-con e-parent\" data-id=\"f80e820\" data-element_type=\"container\" data-e-type=\"container\">\n\t\t<div class=\"elementor-element elementor-element-01d2760 e-con-full e-flex e-con e-child\" data-id=\"01d2760\" data-element_type=\"container\" data-e-type=\"container\">\n\t\t\t\t<div class=\"elementor-element elementor-element-82a518f elementor-widget__width-inherit elementor-widget-mobile__width-inherit elementor-widget elementor-widget-text-editor\" data-id=\"82a518f\" data-element_type=\"widget\" data-e-type=\"widget\" data-widget_type=\"text-editor.default\">\n\t\t\t\t<div class=\"elementor-widget-container\">\n\t\t\t\t\t\t\t\t\t<p data-wahfont=\"16\">\u00c0 Alicante, vous pourrez vous promener dans des quartiers charg\u00e9s d&rsquo;histoire, au <strong>commerce local<\/strong> anim\u00e9, et faire <strong>du shopping en<\/strong> alliant tradition et modernit\u00e9 : du<strong> march\u00e9 central<\/strong> anim\u00e9 aux charmantes<strong> boutiques locales,<\/strong> la ville offre bien plus que de simples souvenirs. Les<strong> saveurs <\/strong>les plus authentiques, comme le<strong> poisson sal\u00e9, le <\/strong>touron<strong> (nougat) et les vins d&rsquo;Alicante DOP<\/strong>, se distinguent parmi les produits gastronomiques, ainsi que l&rsquo;<strong>artisanat<\/strong> unique qui est minutieusement fabriqu\u00e9 dans la province : des espadrilles et des paniers d&rsquo;alfa aux robes traditionnelles.   <\/p>\n\t\t\t\t\t\t\t\t<\/div>\n\t\t\t\t<\/div>\n\t\t\t\t<\/div>\n\t\t<div class=\"elementor-element elementor-element-ff59743 e-con-full elementor-hidden-widescreen elementor-hidden-desktop elementor-hidden-laptop elementor-hidden-tablet_extra elementor-hidden-tablet elementor-hidden-mobile_extra elementor-hidden-mobile e-flex e-con e-child\" data-id=\"ff59743\" data-element_type=\"container\" data-e-type=\"container\" data-settings=\"{&quot;background_background&quot;:&quot;classic&quot;}\">\n\t\t\t\t<div class=\"elementor-element elementor-element-dd72fc8 elementor-position-inline-start elementor-mobile-position-inline-start elementor-view-default elementor-widget elementor-widget-icon-box\" data-id=\"dd72fc8\" data-element_type=\"widget\" data-e-type=\"widget\" data-widget_type=\"icon-box.default\">\n\t\t\t\t<div class=\"elementor-widget-container\">\n\t\t\t\t\t\t\t<div class=\"elementor-icon-box-wrapper\">\n\n\t\t\t\t\t\t<div class=\"elementor-icon-box-icon\">\n\t\t\t\t<span  class=\"elementor-icon\">\n\t\t\t\t<svg aria-hidden=\"true\" class=\"e-font-icon-svg e-fas-shopping-bag\" viewBox=\"0 0 448 512\" xmlns=\"http:\/\/www.w3.org\/2000\/svg\"><path d=\"M352 160v-32C352 57.42 294.579 0 224 0 153.42 0 96 57.42 96 128v32H0v272c0 44.183 35.817 80 80 80h288c44.183 0 80-35.817 80-80V160h-96zm-192-32c0-35.29 28.71-64 64-64s64 28.71 64 64v32H160v-32zm160 120c-13.255 0-24-10.745-24-24s10.745-24 24-24 24 10.745 24 24-10.745 24-24 24zm-192 0c-13.255 0-24-10.745-24-24s10.745-24 24-24 24 10.745 24 24-10.745 24-24 24z\"><\/path><\/svg>\t\t\t\t<\/span>\n\t\t\t<\/div>\n\t\t\t\n\t\t\t\t\t\t<div class=\"elementor-icon-box-content\">\n\n\t\t\t\t\t\t\t\t\t<h2 class=\"elementor-icon-box-title\">\n\t\t\t\t\t\t<span  >\n\t\t\t\t\t\t\tItin\u00e9raires d'achat\t\t\t\t\t\t<\/span>\n\t\t\t\t\t<\/h2>\n\t\t\t\t\n\t\t\t\t\n\t\t\t<\/div>\n\t\t\t\n\t\t<\/div>\n\t\t\t\t\t\t<\/div>\n\t\t\t\t<\/div>\n\t\t<div class=\"elementor-element elementor-element-12bd2b8 e-con-full e-flex e-con e-child\" data-id=\"12bd2b8\" data-element_type=\"container\" data-e-type=\"container\">\n\t\t\t\t<div class=\"elementor-element elementor-element-6ebcfa2 elementor-widget__width-initial elementor-widget-mobile__width-inherit elementor-widget elementor-widget-image\" data-id=\"6ebcfa2\" data-element_type=\"widget\" data-e-type=\"widget\" data-widget_type=\"image.default\">\n\t\t\t\t<div class=\"elementor-widget-container\">\n\t\t\t\t\t\t\t\t\t\t\t\t\t\t\t<img fetchpriority=\"high\" decoding=\"async\" width=\"1754\" height=\"1241\" src=\"https:\/\/alicanteturismo.com\/wp-content\/uploads\/2024\/08\/FOLLETO-SHOPPING-WALK-ALICANTE-2017-V10-claro_page-0002-2.jpg\" class=\"attachment-full size-full wp-image-271259\" alt=\"\" srcset=\"https:\/\/alicanteturismo.com\/wp-content\/uploads\/2024\/08\/FOLLETO-SHOPPING-WALK-ALICANTE-2017-V10-claro_page-0002-2.jpg 1754w, https:\/\/alicanteturismo.com\/wp-content\/uploads\/2024\/08\/FOLLETO-SHOPPING-WALK-ALICANTE-2017-V10-claro_page-0002-2-300x212.jpg 300w, https:\/\/alicanteturismo.com\/wp-content\/uploads\/2024\/08\/FOLLETO-SHOPPING-WALK-ALICANTE-2017-V10-claro_page-0002-2-1024x725.jpg 1024w, https:\/\/alicanteturismo.com\/wp-content\/uploads\/2024\/08\/FOLLETO-SHOPPING-WALK-ALICANTE-2017-V10-claro_page-0002-2-768x543.jpg 768w, https:\/\/alicanteturismo.com\/wp-content\/uploads\/2024\/08\/FOLLETO-SHOPPING-WALK-ALICANTE-2017-V10-claro_page-0002-2-1536x1087.jpg 1536w\" sizes=\"(max-width: 1754px) 100vw, 1754px\" \/>\t\t\t\t\t\t\t\t\t\t\t\t\t\t\t<\/div>\n\t\t\t\t<\/div>\n\t\t\t\t<div class=\"elementor-element elementor-element-3afd9c4 elementor-widget__width-initial elementor-widget-mobile__width-inherit elementor-widget elementor-widget-image\" data-id=\"3afd9c4\" data-element_type=\"widget\" data-e-type=\"widget\" data-widget_type=\"image.default\">\n\t\t\t\t<div class=\"elementor-widget-container\">\n\t\t\t\t\t\t\t\t\t\t\t\t\t\t\t<img decoding=\"async\" width=\"1754\" height=\"1241\" src=\"https:\/\/alicanteturismo.com\/wp-content\/uploads\/2024\/08\/FOLLETO-SHOPPING-WALK-ALICANTE-2017-V10-claro_page-0001-2.jpg\" class=\"attachment-full size-full wp-image-271263\" alt=\"\" srcset=\"https:\/\/alicanteturismo.com\/wp-content\/uploads\/2024\/08\/FOLLETO-SHOPPING-WALK-ALICANTE-2017-V10-claro_page-0001-2.jpg 1754w, https:\/\/alicanteturismo.com\/wp-content\/uploads\/2024\/08\/FOLLETO-SHOPPING-WALK-ALICANTE-2017-V10-claro_page-0001-2-300x212.jpg 300w, https:\/\/alicanteturismo.com\/wp-content\/uploads\/2024\/08\/FOLLETO-SHOPPING-WALK-ALICANTE-2017-V10-claro_page-0001-2-1024x725.jpg 1024w, https:\/\/alicanteturismo.com\/wp-content\/uploads\/2024\/08\/FOLLETO-SHOPPING-WALK-ALICANTE-2017-V10-claro_page-0001-2-768x543.jpg 768w, https:\/\/alicanteturismo.com\/wp-content\/uploads\/2024\/08\/FOLLETO-SHOPPING-WALK-ALICANTE-2017-V10-claro_page-0001-2-1536x1087.jpg 1536w\" sizes=\"(max-width: 1754px) 100vw, 1754px\" \/>\t\t\t\t\t\t\t\t\t\t\t\t\t\t\t<\/div>\n\t\t\t\t<\/div>\n\t\t\t\t<\/div>\n\t\t\t\t<div class=\"elementor-element elementor-element-a910484 elementor-widget elementor-widget-button\" data-id=\"a910484\" data-element_type=\"widget\" data-e-type=\"widget\" data-widget_type=\"button.default\">\n\t\t\t\t<div class=\"elementor-widget-container\">\n\t\t\t\t\t\t\t\t\t<div class=\"elementor-button-wrapper\">\n\t\t\t\t\t<a class=\"elementor-button elementor-button-link elementor-size-sm\" href=\"https:\/\/alicanteturismo.com\/wp-content\/uploads\/2024\/08\/FOLLETO-SHOPPING-WALK-ALICANTE-2017-V10-claro.pdf\">\n\t\t\t\t\t\t<span class=\"elementor-button-content-wrapper\">\n\t\t\t\t\t\t<span class=\"elementor-button-icon\">\n\t\t\t\t<svg xmlns=\"http:\/\/www.w3.org\/2000\/svg\" xmlns:xlink=\"http:\/\/www.w3.org\/1999\/xlink\" width=\"512\" height=\"512\" x=\"0\" y=\"0\" viewBox=\"0 0 512.02 512.02\" style=\"enable-background:new 0 0 512 512\" xml:space=\"preserve\" class=\"\"><g><path d=\"M436.008 102.02h-300c-8.284 0-15 6.716-15 15v380c0 8.284 6.716 15 15 15h300c8.284 0 15-6.716 15-15v-380c0-8.285-6.716-15-15-15zm-189.999 99.999h3.787l-2.678-2.678c-5.858-5.857-5.858-15.355 0-21.213 5.857-5.857 15.355-5.857 21.213 0l2.678 2.678v-3.786c0-8.284 6.716-15 15-15s15 6.716 15 15v3.786l2.678-2.678c5.857-5.857 15.355-5.857 21.213 0s5.858 15.355 0 21.213l-2.678 2.678h3.787c8.284 0 15 6.716 15 15s-6.716 15-15 15h-3.787l2.678 2.678c5.858 5.857 5.858 15.355 0 21.213-2.929 2.929-6.768 4.394-10.606 4.394s-7.678-1.465-10.606-4.394l-2.678-2.678v3.787c0 8.284-6.716 15-15 15s-15-6.716-15-15v-3.787l-2.678 2.678c-2.929 2.929-6.768 4.394-10.606 4.394s-7.678-1.465-10.606-4.394c-5.858-5.857-5.858-15.355 0-21.213l2.678-2.678h-3.787c-8.284 0-15-6.716-15-15s6.714-15 14.998-15zm129.999 250H196.009c-8.284 0-15-6.716-15-15s6.716-15 15-15h179.999c8.284 0 15 6.716 15 15s-6.716 15-15 15zm0-60.001H196.009c-8.284 0-15-6.716-15-15s6.716-15 15-15h179.999c8.284 0 15 6.716 15 15s-6.716 15-15 15zm0-59.999H196.009c-8.284 0-15-6.716-15-15s6.716-15 15-15h179.999c8.284 0 15 6.716 15 15s-6.716 15-15 15z\" fill=\"#ffffff\" opacity=\"1\" data-original=\"#000000\" class=\"\"><\/path><path d=\"M371.57 0H76.011c-8.284 0-15 6.716-15 15v400.02c0 8.284 6.716 15 15 15h14.997v-313c0-21.298 14.877-39.174 34.781-43.815.396-.171 160.384-47.791 245.781-73.205z\" fill=\"#ffffff\" opacity=\"1\" data-original=\"#000000\" class=\"\"><\/path><path d=\"m400.559 72.02.204-49.022c.097-.155.184-.314.275-.471L234.615 72.02z\" fill=\"#ffffff\" opacity=\"1\" data-original=\"#000000\" class=\"\"><\/path><\/g><\/svg>\t\t\t<\/span>\n\t\t\t\t\t\t\t\t\t<span class=\"elementor-button-text\">Voir la brochure<\/span>\n\t\t\t\t\t<\/span>\n\t\t\t\t\t<\/a>\n\t\t\t\t<\/div>\n\t\t\t\t\t\t\t\t<\/div>\n\t\t\t\t<\/div>\n\t\t\t\t<\/div>\n\t\t<div class=\"elementor-element elementor-element-eec37be e-con-full elementor-hidden-mobile e-flex e-con e-child\" data-id=\"eec37be\" data-element_type=\"container\" data-e-type=\"container\" data-settings=\"{&quot;background_background&quot;:&quot;classic&quot;}\">\n\t\t\t\t<div class=\"elementor-element elementor-element-c265a6e elementor-flip-box--effect-slide elementor-widget__width-initial elementor-flip-box--direction-up elementor-widget elementor-widget-flip-box\" data-id=\"c265a6e\" data-element_type=\"widget\" data-e-type=\"widget\" data-widget_type=\"flip-box.default\">\n\t\t\t\t<div class=\"elementor-widget-container\">\n\t\t\t\t\t\t\t<div class=\"elementor-flip-box\" tabindex=\"0\">\n\t\t\t<div class=\"elementor-flip-box__layer elementor-flip-box__front\">\n\t\t\t\t<div class=\"elementor-flip-box__layer__overlay\">\n\t\t\t\t\t<div class=\"elementor-flip-box__layer__inner\">\n\t\t\t\t\t\t\t\t\t\t\t\t\t<div class=\"elementor-icon-wrapper elementor-view-default\">\n\t\t\t\t\t\t\t\t<div class=\"elementor-icon\">\n\t\t\t\t\t\t\t\t\t\t\t\t\t\t\t\t\t<\/div>\n\t\t\t\t\t\t\t<\/div>\n\t\t\t\t\t\t\n\t\t\t\t\t\t\t\t\t\t\t\t\t<h3 class=\"elementor-flip-box__layer__title\">\n\t\t\t\t\t\t\t\tLe march\u00e9 central d'Alicante : le c\u0153ur gastronomique de la ville\t\t\t\t\t\t\t<\/h3>\n\t\t\t\t\t\t\n\t\t\t\t\t\t\t\t\t\t\t<\/div>\n\t\t\t\t<\/div>\n\t\t\t<\/div>\n\t\t\t<div class=\"elementor-flip-box__layer elementor-flip-box__back\">\n\t\t\t<div class=\"elementor-flip-box__layer__overlay\">\n\t\t\t\t<div class=\"elementor-flip-box__layer__inner\">\n\t\t\t\t\t\t\t\t\t\t\t<h3 class=\"elementor-flip-box__layer__title\">\n\t\t\t\t\t\t\tLe march\u00e9 central d'Alicante : le c\u0153ur gastronomique de la ville\t\t\t\t\t\t<\/h3>\n\t\t\t\t\t\n\t\t\t\t\t\t\t\t\t\t\t<div class=\"elementor-flip-box__layer__description\">\n\t\t\t\t\t\t\tUn v\u00e9ritable paradis pour les gourmands. Ce march\u00e9 est le c\u0153ur et l'\u00e2me de la ville, o\u00f9 les habitants et les visiteurs se m\u00ealent \u00e0 la recherche des meilleurs produits frais et traditionnels. Ses \u00e9tals de produits frais et de produits transform\u00e9s, ses bars et ses caf\u00e9s offrent un voyage sensoriel qui refl\u00e8te la richesse culinaire de la M\u00e9diterran\u00e9e.    \t\t\t\t\t\t<\/div>\n\t\t\t\t\t\n\t\t\t\t\t\t\t\t\t\t\t<a class=\"elementor-flip-box__button elementor-button elementor-size-sm\" href=\"https:\/\/alicanteturismo.com\/fr\/monumentos\/marche-central-dalicante\/\">\n\t\t\t\t\t\t\tEn savoir plus\t\t\t\t\t\t<\/a>\n\t\t\t\t\t\t\t\t<\/div>\n\t\t<\/div>\n\t\t<\/div>\n\t\t<\/div>\n\t\t\t\t\t\t<\/div>\n\t\t\t\t<\/div>\n\t\t\t\t<div class=\"elementor-element elementor-element-2d2ec27 elementor-flip-box--effect-slide elementor-widget__width-initial elementor-flip-box--direction-up elementor-widget elementor-widget-flip-box\" data-id=\"2d2ec27\" data-element_type=\"widget\" data-e-type=\"widget\" data-widget_type=\"flip-box.default\">\n\t\t\t\t<div class=\"elementor-widget-container\">\n\t\t\t\t\t\t\t<div class=\"elementor-flip-box\" tabindex=\"0\">\n\t\t\t<div class=\"elementor-flip-box__layer elementor-flip-box__front\">\n\t\t\t\t<div class=\"elementor-flip-box__layer__overlay\">\n\t\t\t\t\t<div class=\"elementor-flip-box__layer__inner\">\n\t\t\t\t\t\t\t\t\t\t\t\t\t<div class=\"elementor-icon-wrapper elementor-view-default\">\n\t\t\t\t\t\t\t\t<div class=\"elementor-icon\">\n\t\t\t\t\t\t\t\t\t\t\t\t\t\t\t\t\t<\/div>\n\t\t\t\t\t\t\t<\/div>\n\t\t\t\t\t\t\n\t\t\t\t\t\t\t\t\t\t\t\t\t<h3 class=\"elementor-flip-box__layer__title\">\n\t\t\t\t\t\t\t\tMarch\u00e9s municipaux et march\u00e9s aux puces\t\t\t\t\t\t\t<\/h3>\n\t\t\t\t\t\t\n\t\t\t\t\t\t\t\t\t\t\t<\/div>\n\t\t\t\t<\/div>\n\t\t\t<\/div>\n\t\t\t<div class=\"elementor-flip-box__layer elementor-flip-box__back\">\n\t\t\t<div class=\"elementor-flip-box__layer__overlay\">\n\t\t\t\t<div class=\"elementor-flip-box__layer__inner\">\n\t\t\t\t\t\t\t\t\t\t\t<h3 class=\"elementor-flip-box__layer__title\">\n\t\t\t\t\t\t\tMarch\u00e9s municipaux et march\u00e9s aux puces\t\t\t\t\t\t<\/h3>\n\t\t\t\t\t\n\t\t\t\t\t\t\t\t\t\t\t<div class=\"elementor-flip-box__layer__description\">\n\t\t\t\t\t\t\tPlongez dans l'essence d'Alicante en visitant ses march\u00e9s municipaux et ses march\u00e9s de rue : vous y trouverez des produits frais et authentiques et de l'artisanat, parfaits pour ramener chez vous un petit morceau de notre terre.\t\t\t\t\t\t<\/div>\n\t\t\t\t\t\n\t\t\t\t\t\t\t\t\t\t\t<a class=\"elementor-flip-box__button elementor-button elementor-size-sm\" href=\"https:\/\/alicanteturismo.com\/fr\/marches-municipaux-et-marches-de-rue-a-alicante\/\">\n\t\t\t\t\t\t\tEn savoir plus\t\t\t\t\t\t<\/a>\n\t\t\t\t\t\t\t\t<\/div>\n\t\t<\/div>\n\t\t<\/div>\n\t\t<\/div>\n\t\t\t\t\t\t<\/div>\n\t\t\t\t<\/div>\n\t\t\t\t<div class=\"elementor-element elementor-element-701ec4d elementor-flip-box--effect-slide elementor-widget__width-initial elementor-widget-mobile_extra__width-initial elementor-flip-box--direction-up elementor-widget elementor-widget-flip-box\" data-id=\"701ec4d\" data-element_type=\"widget\" data-e-type=\"widget\" data-widget_type=\"flip-box.default\">\n\t\t\t\t<div class=\"elementor-widget-container\">\n\t\t\t\t\t\t\t<div class=\"elementor-flip-box\" tabindex=\"0\">\n\t\t\t<div class=\"elementor-flip-box__layer elementor-flip-box__front\">\n\t\t\t\t<div class=\"elementor-flip-box__layer__overlay\">\n\t\t\t\t\t<div class=\"elementor-flip-box__layer__inner\">\n\t\t\t\t\t\t\t\t\t\t\t\t\t<div class=\"elementor-icon-wrapper elementor-view-default\">\n\t\t\t\t\t\t\t\t<div class=\"elementor-icon\">\n\t\t\t\t\t\t\t\t\t\t\t\t\t\t\t\t\t<\/div>\n\t\t\t\t\t\t\t<\/div>\n\t\t\t\t\t\t\n\t\t\t\t\t\t\t\t\t\t\t\t\t<h3 class=\"elementor-flip-box__layer__title\">\n\t\t\t\t\t\t\t\tItin\u00e9raires de shopping dans le centre traditionnel\t\t\t\t\t\t\t<\/h3>\n\t\t\t\t\t\t\n\t\t\t\t\t\t\t\t\t\t\t<\/div>\n\t\t\t\t<\/div>\n\t\t\t<\/div>\n\t\t\t<div class=\"elementor-flip-box__layer elementor-flip-box__back\">\n\t\t\t<div class=\"elementor-flip-box__layer__overlay\">\n\t\t\t\t<div class=\"elementor-flip-box__layer__inner\">\n\t\t\t\t\t\t\t\t\t\t\t<h3 class=\"elementor-flip-box__layer__title\">\n\t\t\t\t\t\t\tItin\u00e9raires de shopping dans le centre traditionnel\t\t\t\t\t\t<\/h3>\n\t\t\t\t\t\n\t\t\t\t\t\t\t\t\t\t\t<div class=\"elementor-flip-box__layer__description\">\n\t\t\t\t\t\t\tTraversez l'histoire d'Alicante tout en profitant d'une exp\u00e9rience de shopping unique. Explorez les boutiques cach\u00e9es dans les quartiers embl\u00e9matiques, o\u00f9 tradition et modernit\u00e9 s'entrem\u00ealent \u00e0 chaque coin de rue. \t\t\t\t\t\t<\/div>\n\t\t\t\t\t\n\t\t\t\t\t\t\t\t\t\t\t<a class=\"elementor-flip-box__button elementor-button elementor-size-sm\" href=\"https:\/\/alicanteturismo.com\/fr\/rutas\/une-journee-de-shopping-a-alicante\/\">\n\t\t\t\t\t\t\tEn savoir plus\t\t\t\t\t\t<\/a>\n\t\t\t\t\t\t\t\t<\/div>\n\t\t<\/div>\n\t\t<\/div>\n\t\t<\/div>\n\t\t\t\t\t\t<\/div>\n\t\t\t\t<\/div>\n\t\t\t\t<\/div>\n\t\t<div class=\"elementor-element elementor-element-7cab8a2 e-con-full elementor-hidden-widescreen elementor-hidden-desktop elementor-hidden-laptop elementor-hidden-tablet_extra elementor-hidden-tablet elementor-hidden-mobile_extra e-flex e-con e-child\" data-id=\"7cab8a2\" data-element_type=\"container\" data-e-type=\"container\" data-settings=\"{&quot;background_background&quot;:&quot;classic&quot;}\">\n\t\t\t\t<div class=\"elementor-element elementor-element-a4d3b16 elementor-flip-box--effect-slide elementor-widget__width-initial elementor-widget-mobile__width-inherit elementor-flip-box--direction-up elementor-widget elementor-widget-flip-box\" data-id=\"a4d3b16\" data-element_type=\"widget\" data-e-type=\"widget\" data-widget_type=\"flip-box.default\">\n\t\t\t\t<div class=\"elementor-widget-container\">\n\t\t\t\t\t\t\t<div class=\"elementor-flip-box\" tabindex=\"0\">\n\t\t\t<div class=\"elementor-flip-box__layer elementor-flip-box__front\">\n\t\t\t\t<div class=\"elementor-flip-box__layer__overlay\">\n\t\t\t\t\t<div class=\"elementor-flip-box__layer__inner\">\n\t\t\t\t\t\t\t\t\t\t\t\t\t<div class=\"elementor-icon-wrapper elementor-view-default\">\n\t\t\t\t\t\t\t\t<div class=\"elementor-icon\">\n\t\t\t\t\t\t\t\t\t\t\t\t\t\t\t\t\t<\/div>\n\t\t\t\t\t\t\t<\/div>\n\t\t\t\t\t\t\n\t\t\t\t\t\t\t\t\t\t\t\t\t<h3 class=\"elementor-flip-box__layer__title\">\n\t\t\t\t\t\t\t\tLe march\u00e9 central d'Alicante : le c\u0153ur gastronomique de la ville\t\t\t\t\t\t\t<\/h3>\n\t\t\t\t\t\t\n\t\t\t\t\t\t\t\t\t\t\t<\/div>\n\t\t\t\t<\/div>\n\t\t\t<\/div>\n\t\t\t<div class=\"elementor-flip-box__layer elementor-flip-box__back\">\n\t\t\t<div class=\"elementor-flip-box__layer__overlay\">\n\t\t\t\t<div class=\"elementor-flip-box__layer__inner\">\n\t\t\t\t\t\t\t\t\t\t\t<h3 class=\"elementor-flip-box__layer__title\">\n\t\t\t\t\t\t\tLe march\u00e9 central d'Alicante : le c\u0153ur gastronomique de la ville\t\t\t\t\t\t<\/h3>\n\t\t\t\t\t\n\t\t\t\t\t\n\t\t\t\t\t\t\t\t\t\t\t<a class=\"elementor-flip-box__button elementor-button elementor-size-sm\" href=\"https:\/\/alicanteturismo.com\/fr\/monumentos\/marche-central-dalicante\/\">\n\t\t\t\t\t\t\tEn savoir plus\t\t\t\t\t\t<\/a>\n\t\t\t\t\t\t\t\t<\/div>\n\t\t<\/div>\n\t\t<\/div>\n\t\t<\/div>\n\t\t\t\t\t\t<\/div>\n\t\t\t\t<\/div>\n\t\t\t\t<div class=\"elementor-element elementor-element-6cb3dd3 elementor-flip-box--effect-slide elementor-widget__width-initial elementor-widget-mobile__width-inherit elementor-flip-box--direction-up elementor-widget elementor-widget-flip-box\" data-id=\"6cb3dd3\" data-element_type=\"widget\" data-e-type=\"widget\" data-widget_type=\"flip-box.default\">\n\t\t\t\t<div class=\"elementor-widget-container\">\n\t\t\t\t\t\t\t<div class=\"elementor-flip-box\" tabindex=\"0\">\n\t\t\t<div class=\"elementor-flip-box__layer elementor-flip-box__front\">\n\t\t\t\t<div class=\"elementor-flip-box__layer__overlay\">\n\t\t\t\t\t<div class=\"elementor-flip-box__layer__inner\">\n\t\t\t\t\t\t\t\t\t\t\t\t\t<div class=\"elementor-icon-wrapper elementor-view-default\">\n\t\t\t\t\t\t\t\t<div class=\"elementor-icon\">\n\t\t\t\t\t\t\t\t\t\t\t\t\t\t\t\t\t<\/div>\n\t\t\t\t\t\t\t<\/div>\n\t\t\t\t\t\t\n\t\t\t\t\t\t\t\t\t\t\t\t\t<h3 class=\"elementor-flip-box__layer__title\">\n\t\t\t\t\t\t\t\tMarch\u00e9s municipaux et march\u00e9s aux puces\t\t\t\t\t\t\t<\/h3>\n\t\t\t\t\t\t\n\t\t\t\t\t\t\t\t\t\t\t<\/div>\n\t\t\t\t<\/div>\n\t\t\t<\/div>\n\t\t\t<div class=\"elementor-flip-box__layer elementor-flip-box__back\">\n\t\t\t<div class=\"elementor-flip-box__layer__overlay\">\n\t\t\t\t<div class=\"elementor-flip-box__layer__inner\">\n\t\t\t\t\t\t\t\t\t\t\t<h3 class=\"elementor-flip-box__layer__title\">\n\t\t\t\t\t\t\tMarch\u00e9s municipaux et march\u00e9s aux puces\t\t\t\t\t\t<\/h3>\n\t\t\t\t\t\n\t\t\t\t\t\n\t\t\t\t\t\t\t\t\t\t\t<a class=\"elementor-flip-box__button elementor-button elementor-size-sm\" href=\"https:\/\/alicanteturismo.com\/fr\/marches-municipaux-et-marches-de-rue-a-alicante\/\">\n\t\t\t\t\t\t\tEn savoir plus\t\t\t\t\t\t<\/a>\n\t\t\t\t\t\t\t\t<\/div>\n\t\t<\/div>\n\t\t<\/div>\n\t\t<\/div>\n\t\t\t\t\t\t<\/div>\n\t\t\t\t<\/div>\n\t\t\t\t<div class=\"elementor-element elementor-element-5adeb94 elementor-flip-box--effect-slide elementor-widget__width-initial elementor-widget-mobile__width-inherit elementor-flip-box--direction-up elementor-widget elementor-widget-flip-box\" data-id=\"5adeb94\" data-element_type=\"widget\" data-e-type=\"widget\" data-widget_type=\"flip-box.default\">\n\t\t\t\t<div class=\"elementor-widget-container\">\n\t\t\t\t\t\t\t<div class=\"elementor-flip-box\" tabindex=\"0\">\n\t\t\t<div class=\"elementor-flip-box__layer elementor-flip-box__front\">\n\t\t\t\t<div class=\"elementor-flip-box__layer__overlay\">\n\t\t\t\t\t<div class=\"elementor-flip-box__layer__inner\">\n\t\t\t\t\t\t\t\t\t\t\t\t\t<div class=\"elementor-icon-wrapper elementor-view-default\">\n\t\t\t\t\t\t\t\t<div class=\"elementor-icon\">\n\t\t\t\t\t\t\t\t\t\t\t\t\t\t\t\t\t<\/div>\n\t\t\t\t\t\t\t<\/div>\n\t\t\t\t\t\t\n\t\t\t\t\t\t\t\t\t\t\t\t\t<h3 class=\"elementor-flip-box__layer__title\">\n\t\t\t\t\t\t\t\tItin\u00e9raires de shopping dans le centre traditionnel\t\t\t\t\t\t\t<\/h3>\n\t\t\t\t\t\t\n\t\t\t\t\t\t\t\t\t\t\t<\/div>\n\t\t\t\t<\/div>\n\t\t\t<\/div>\n\t\t\t<div class=\"elementor-flip-box__layer elementor-flip-box__back\">\n\t\t\t<div class=\"elementor-flip-box__layer__overlay\">\n\t\t\t\t<div class=\"elementor-flip-box__layer__inner\">\n\t\t\t\t\t\t\t\t\t\t\t<h3 class=\"elementor-flip-box__layer__title\">\n\t\t\t\t\t\t\tItin\u00e9raires de shopping dans le centre traditionnel\t\t\t\t\t\t<\/h3>\n\t\t\t\t\t\n\t\t\t\t\t\n\t\t\t\t\t\t\t\t\t\t\t<a class=\"elementor-flip-box__button elementor-button elementor-size-sm\" href=\"https:\/\/alicanteturismo.com\/fr\/rutas\/une-journee-de-shopping-a-alicante\/\">\n\t\t\t\t\t\t\tEn savoir plus\t\t\t\t\t\t<\/a>\n\t\t\t\t\t\t\t\t<\/div>\n\t\t<\/div>\n\t\t<\/div>\n\t\t<\/div>\n\t\t\t\t\t\t<\/div>\n\t\t\t\t<\/div>\n\t\t\t\t<\/div>\n\t\t<div class=\"elementor-element elementor-element-a420f0d e-con-full e-flex e-con e-child\" data-id=\"a420f0d\" data-element_type=\"container\" data-e-type=\"container\" data-settings=\"{&quot;background_background&quot;:&quot;classic&quot;}\">\n\t\t\t\t<div class=\"elementor-element elementor-element-7941658 elementor-position-inline-start elementor-mobile-position-inline-start elementor-view-default elementor-widget elementor-widget-icon-box\" data-id=\"7941658\" data-element_type=\"widget\" data-e-type=\"widget\" data-widget_type=\"icon-box.default\">\n\t\t\t\t<div class=\"elementor-widget-container\">\n\t\t\t\t\t\t\t<div class=\"elementor-icon-box-wrapper\">\n\n\t\t\t\t\t\t<div class=\"elementor-icon-box-icon\">\n\t\t\t\t<span  class=\"elementor-icon\">\n\t\t\t\t<svg xmlns=\"http:\/\/www.w3.org\/2000\/svg\" xmlns:xlink=\"http:\/\/www.w3.org\/1999\/xlink\" width=\"512\" height=\"512\" x=\"0\" y=\"0\" viewBox=\"0 0 57 58\" style=\"enable-background:new 0 0 512 512\" xml:space=\"preserve\" class=\"\"><g><g fill=\"#000\" fill-rule=\"nonzero\"><path d=\"M50.227 20h4.114a35.1 35.1 0 0 0-2.481-5h-3.248a45.5 45.5 0 0 1 1.615 5zM23.95 41h6.25c-.237-4.33-.243-8.67-.016-13a6 6 0 0 1-4.547 2.964 5.988 5.988 0 0 1-5 8c.239.652.362 1.341.363 2.036zM40.2 20a87.636 87.636 0 0 0-.725-5h-5.952a84.085 84.085 0 0 0-.718 5h7.4zM46.46 15H41.5c.266 1.541.5 3.215.708 5h5.955a41.658 41.658 0 0 0-1.703-5zM18.687 20h3a5.99 5.99 0 0 1 1.365-.67A29.543 29.543 0 0 1 24.4 15h-3.249a33.362 33.362 0 0 0-2.464 5zM49.557 41a55.776 55.776 0 0 0 0-14H42.8a127.7 127.7 0 0 1 0 14z\" fill=\"#00adbb\" opacity=\"1\" data-original=\"#000000\" class=\"\"><\/path><path d=\"M16.883 30.5a.914.914 0 0 1-.076.086 3.957 3.957 0 0 0-.091 4.667 6 6 0 0 1 2.684 1.682c.198.036.399.058.6.065a4 4 0 0 0 3.192-6.415 1.018 1.018 0 0 1-.075-.084 3.967 3.967 0 0 0-2.235-1.401 4.038 4.038 0 0 0-1.764 0 3.967 3.967 0 0 0-2.235 1.4zM19 33a1 1 0 1 1 0 2 1 1 0 0 1 0-2zM32.193 41h8.616c.257-4.663.253-9.337-.009-14h-8.556c-.294 4.662-.31 9.336-.051 14zM41.32 22H30.188c.531.91.812 1.946.812 3h24.932a35.43 35.43 0 0 0-.858-3zM21 25c.004.815.258 1.608.729 2.273a5.96 5.96 0 0 1 2.653 1.66c.204.038.41.06.618.067a4 4 0 1 0-4-4zm3 2a1 1 0 1 1 0-2 1 1 0 0 1 0 2zM30.8 20c.2-1.751.431-3.425.7-5h-4.956a30.994 30.994 0 0 0-1.366 4.009A5.966 5.966 0 0 1 28.31 20zM31.5 53a92.668 92.668 0 0 1-.708-5H24.84c.46 1.7 1.029 3.37 1.7 5zM40.207 48H32.8c.211 1.793.454 3.469.725 5h5.959c.271-1.54.516-3.214.723-5zM40.315 55h-17.9c.637.923 1.32 1.813 2.049 2.666.19.216.465.338.753.334h22.567a.986.986 0 0 0 .753-.334A32.519 32.519 0 0 0 50.586 55zM56.35 27h-4.787c.567 4.65.567 9.35 0 14h4.787a38.089 38.089 0 0 0 0-14zM22.78 48h-4.1a32.826 32.826 0 0 0 2.462 5h3.253a44.6 44.6 0 0 1-1.615-5zM41.75 43h-21.1a6.03 6.03 0 0 1-2.34 3h36.764a35.43 35.43 0 0 0 .858-3zM48.612 53h3.248a35.1 35.1 0 0 0 2.481-5h-4.116a44.6 44.6 0 0 1-1.613 5zM42.216 48a86.276 86.276 0 0 1-.708 5h4.955c.67-1.63 1.239-3.3 1.7-5zM15 37a4 4 0 1 0 0 8 4 4 0 0 0 0-8zm-1 6a1 1 0 1 1 0-2 1 1 0 0 1 0 2zM14 33c0-.871-.284-1.72-.808-2.415a1.018 1.018 0 0 1-.075-.084 3.967 3.967 0 0 0-2.235-1.401 4.038 4.038 0 0 0-1.764 0 3.967 3.967 0 0 0-2.235 1.4.914.914 0 0 1-.076.086A4 4 0 0 0 10 37c.201-.007.402-.029.6-.065a6 6 0 0 1 2.684-1.682c.463-.66.712-1.447.716-2.253zm-5 2a1 1 0 1 1 0-2 1 1 0 0 1 0 2zM9 25a4 4 0 1 0-4 4c.207-.007.414-.029.618-.067a5.946 5.946 0 0 1 2.653-1.66c.47-.665.725-1.458.729-2.273zm-5 2a1 1 0 1 1 0-2 1 1 0 0 1 0 2z\" fill=\"#00adbb\" opacity=\"1\" data-original=\"#000000\" class=\"\"><\/path><path d=\"M1.576 11.112a8.029 8.029 0 0 0 4.669 3.644c.654.191 1.332.29 2.014.293a5.269 5.269 0 0 0 2.375-.52c.381-.192.72-.457 1-.779C13.944 16.035 14 19.776 14 20v1.139a3.96 3.96 0 0 0-2.271 6.131 5.958 5.958 0 0 1 2.652 1.659c.41.066.827.066 1.237 0a5.952 5.952 0 0 1 2.653-1.659A3.96 3.96 0 0 0 16 21.142V20a23.8 23.8 0 0 1 .818-5.512 4.1 4.1 0 0 0 1.029.127 8.556 8.556 0 0 0 3.638-1.062c.36-.179.69-.365 1.006-.554h28.094a34.35 34.35 0 0 0-2.048-2.673A1 1 0 0 0 47.78 10H25.522c.029-.059.065-.115.092-.174 0-.005.032-.066.033-.071.291-.747.445-1.54.453-2.342a8.5 8.5 0 0 1 .129-1.16c.043-.192.104-.38.182-.56A7.336 7.336 0 0 1 27.439 4.1c.287-.362.575-.719.908-1.112.45-.4.62-1.027.436-1.6-.231-.566-.749-.836-1.605-.8l-.56.023a21.068 21.068 0 0 0-5.249.616l-.237.071A10.456 10.456 0 0 0 15.2 6.241a7.92 7.92 0 0 0-.921 5.589c.144.555.406 1.072.768 1.516-.132.431-.249.857-.35 1.272a8.681 8.681 0 0 0-2.409-2.931 5.98 5.98 0 0 0-1.455-3.046 6.416 6.416 0 0 0-3.5-2.5l-.061-.013a5.16 5.16 0 0 0-1.862.034 6.093 6.093 0 0 1-.825.086c-.13 0-.258-.013-.385-.039a5.247 5.247 0 0 1-1.25-.473c-.305-.149-.6-.3-.939-.478a1.339 1.339 0 0 0-1.5-.051 1.308 1.308 0 0 0-.433 1.568l.1.4c.273 1.308.71 2.576 1.3 3.774zM14 27a1 1 0 1 1 0-2 1 1 0 0 1 0 2zm10.327-15.392.016-.016zm-7.36-4.421a8.417 8.417 0 0 1 4.765-3.979l.189-.057a17.04 17.04 0 0 1 4.135-.52l-.185.232A9.11 9.11 0 0 0 24.579 4.9a4.918 4.918 0 0 0-.303.94c-.09.476-.146.958-.168 1.442 0 .561-.096 1.119-.283 1.648l-.025.056a6.561 6.561 0 0 1-3.2 2.777 5.686 5.686 0 0 1-3.138.81 9.708 9.708 0 0 1 4.937-5.654 1 1 0 0 0-.788-1.838 11.056 11.056 0 0 0-5.48 5.526 6.452 6.452 0 0 1 .836-3.42zM6.9 8.092a4.619 4.619 0 0 1 2.374 1.8c.083.1.211.264.349.457A9.7 9.7 0 0 0 7 10a1 1 0 0 0 0 2 7 7 0 0 1 2.937.6 1.321 1.321 0 0 1-.206.144 4.146 4.146 0 0 1-2.933.09 5.987 5.987 0 0 1-3.485-2.713L3.245 10a10.831 10.831 0 0 1-.863-2.322c.483.231.993.402 1.518.508a3.6 3.6 0 0 0 .7.061 7.651 7.651 0 0 0 1.11-.108 3.415 3.415 0 0 1 1.182-.05z\" fill=\"#00adbb\" opacity=\"1\" data-original=\"#000000\" class=\"\"><\/path><\/g><\/g><\/svg>\t\t\t\t<\/span>\n\t\t\t<\/div>\n\t\t\t\n\t\t\t\t\t\t<div class=\"elementor-icon-box-content\">\n\n\t\t\t\t\t\t\t\t\t<h2 class=\"elementor-icon-box-title\">\n\t\t\t\t\t\t<span  >\n\t\t\t\t\t\t\tAlicante durable : commerce local et biologique\t\t\t\t\t\t<\/span>\n\t\t\t\t\t<\/h2>\n\t\t\t\t\n\t\t\t\t\n\t\t\t<\/div>\n\t\t\t\n\t\t<\/div>\n\t\t\t\t\t\t<\/div>\n\t\t\t\t<\/div>\n\t\t\t\t<div class=\"elementor-element elementor-element-10ebbf9 elementor-widget__width-initial elementor-widget elementor-widget-text-editor\" data-id=\"10ebbf9\" data-element_type=\"widget\" data-e-type=\"widget\" data-widget_type=\"text-editor.default\">\n\t\t\t\t<div class=\"elementor-widget-container\">\n\t\t\t\t\t\t\t\t\t<p data-wahfont=\"16\">Soutenez le commerce local tout en prenant soin de la plan\u00e8te. \u00c0 Alicante, vous trouverez des magasins engag\u00e9s dans le d\u00e9veloppement durable, vous proposant des produits locaux et \u00e9cologiques qui respectent l&rsquo;environnement. <\/p>\n<p data-wahfont=\"16\">Pour les plus petits, Alicante met \u00e0 leur disposition <span style=\"color: #04306e;\"><strong>des jouets et des poup\u00e9es<\/strong><\/span> fabriqu\u00e9s dans la province, qui sont internationalement connus et export\u00e9s dans le monde entier.<\/p>\n\t\t\t\t\t\t\t\t<\/div>\n\t\t\t\t<\/div>\n\t\t\t\t<div class=\"elementor-element elementor-element-58255a6 elementor-widget elementor-widget-button\" data-id=\"58255a6\" data-element_type=\"widget\" data-e-type=\"widget\" data-widget_type=\"button.default\">\n\t\t\t\t<div class=\"elementor-widget-container\">\n\t\t\t\t\t\t\t\t\t<div class=\"elementor-button-wrapper\">\n\t\t\t\t\t<a class=\"elementor-button elementor-button-link elementor-size-sm\" href=\"https:\/\/alicanteturismo.com\/fr\/alicante-durable\/\">\n\t\t\t\t\t\t<span class=\"elementor-button-content-wrapper\">\n\t\t\t\t\t\t\t\t\t<span class=\"elementor-button-text\">En savoir plus<\/span>\n\t\t\t\t\t<\/span>\n\t\t\t\t\t<\/a>\n\t\t\t\t<\/div>\n\t\t\t\t\t\t\t\t<\/div>\n\t\t\t\t<\/div>\n\t\t\t\t<\/div>\n\t\t\t\t<div class=\"elementor-element elementor-element-68e949a elementor-widget__width-inherit e-n-tabs-mobile elementor-widget elementor-widget-n-tabs\" data-id=\"68e949a\" data-element_type=\"widget\" data-e-type=\"widget\" data-widget_type=\"nested-tabs.default\">\n\t\t\t\t<div class=\"elementor-widget-container\">\n\t\t\t\t\t\t\t<div class=\"e-n-tabs\" data-widget-number=\"110007450\" aria-label=\"Onglets. Ouvrez des \u00e9l\u00e9ments avec Entrer ou Espace, fermez-les avec Echape et naviguez \u00e0 l&#039;aide des touches fl\u00e9ch\u00e9es.\">\n\t\t\t<div class=\"e-n-tabs-heading\" role=\"tablist\">\n\t\t\t\t\t<button id=\"e-n-tab-title-1100074501\" data-tab-title-id=\"e-n-tab-title-1100074501\" class=\"e-n-tab-title\" aria-selected=\"true\" data-tab-index=\"1\" role=\"tab\" tabindex=\"0\" aria-controls=\"e-n-tab-content-1100074501\" style=\"--n-tabs-title-order: 1;\">\n\t\t\t\t\t\t<span class=\"e-n-tab-title-text\">\n\t\t\t\tAntiquit\u00e9s\t\t\t<\/span>\n\t\t<\/button>\n\t\t\t\t<button id=\"e-n-tab-title-1100074502\" data-tab-title-id=\"e-n-tab-title-1100074502\" class=\"e-n-tab-title\" aria-selected=\"false\" data-tab-index=\"2\" role=\"tab\" tabindex=\"-1\" aria-controls=\"e-n-tab-content-1100074502\" style=\"--n-tabs-title-order: 2;\">\n\t\t\t\t\t\t<span class=\"e-n-tab-title-text\">\n\t\t\t\tDes librairies de charme\t\t\t<\/span>\n\t\t<\/button>\n\t\t\t\t<button id=\"e-n-tab-title-1100074503\" data-tab-title-id=\"e-n-tab-title-1100074503\" class=\"e-n-tab-title\" aria-selected=\"false\" data-tab-index=\"3\" role=\"tab\" tabindex=\"-1\" aria-controls=\"e-n-tab-content-1100074503\" style=\"--n-tabs-title-order: 3;\">\n\t\t\t\t\t\t<span class=\"e-n-tab-title-text\">\n\t\t\t\tMarch\u00e9s\t\t\t<\/span>\n\t\t<\/button>\n\t\t\t\t<button id=\"e-n-tab-title-1100074504\" data-tab-title-id=\"e-n-tab-title-1100074504\" class=\"e-n-tab-title\" aria-selected=\"false\" data-tab-index=\"4\" role=\"tab\" tabindex=\"-1\" aria-controls=\"e-n-tab-content-1100074504\" style=\"--n-tabs-title-order: 4;\">\n\t\t\t\t\t\t<span class=\"e-n-tab-title-text\">\n\t\t\t\tProduits typiques - Gourmet\t\t\t<\/span>\n\t\t<\/button>\n\t\t\t\t<button id=\"e-n-tab-title-1100074505\" data-tab-title-id=\"e-n-tab-title-1100074505\" class=\"e-n-tab-title\" aria-selected=\"false\" data-tab-index=\"5\" role=\"tab\" tabindex=\"-1\" aria-controls=\"e-n-tab-content-1100074505\" style=\"--n-tabs-title-order: 5;\">\n\t\t\t\t\t\t<span class=\"e-n-tab-title-text\">\n\t\t\t\tVins AOP\t\t\t<\/span>\n\t\t<\/button>\n\t\t\t\t<button id=\"e-n-tab-title-1100074506\" data-tab-title-id=\"e-n-tab-title-1100074506\" class=\"e-n-tab-title\" aria-selected=\"false\" data-tab-index=\"6\" role=\"tab\" tabindex=\"-1\" aria-controls=\"e-n-tab-content-1100074506\" style=\"--n-tabs-title-order: 6;\">\n\t\t\t\t\t\t<span class=\"e-n-tab-title-text\">\n\t\t\t\tPoisson sal\u00e9\t\t\t<\/span>\n\t\t<\/button>\n\t\t\t\t<button id=\"e-n-tab-title-1100074507\" data-tab-title-id=\"e-n-tab-title-1100074507\" class=\"e-n-tab-title\" aria-selected=\"false\" data-tab-index=\"7\" role=\"tab\" tabindex=\"-1\" aria-controls=\"e-n-tab-content-1100074507\" style=\"--n-tabs-title-order: 7;\">\n\t\t\t\t\t\t<span class=\"e-n-tab-title-text\">\n\t\t\t\tNougat\t\t\t<\/span>\n\t\t<\/button>\n\t\t\t\t\t<\/div>\n\t\t\t<div class=\"e-n-tabs-content\">\n\t\t\t\t<div id=\"e-n-tab-content-1100074501\" role=\"tabpanel\" aria-labelledby=\"e-n-tab-title-1100074501\" data-tab-index=\"1\" style=\"--n-tabs-title-order: 1;\" class=\"e-active elementor-element elementor-element-8f54605 e-con-full e-flex e-con e-child\" data-id=\"8f54605\" data-element_type=\"container\" data-e-type=\"container\">\n\t\t\t\t<div class=\"elementor-element elementor-element-2823299 elementor-widget elementor-widget-text-editor\" data-id=\"2823299\" data-element_type=\"widget\" data-e-type=\"widget\" data-widget_type=\"text-editor.default\">\n\t\t\t\t<div class=\"elementor-widget-container\">\n\t\t\t\t\t\t\t\t\t<p>\n<table id=\"tablepress-166\" class=\"tablepress tablepress-id-166 nauticos\">\n<thead>\n<tr class=\"row-1\">\n\t<td class=\"column-1\"><\/td>\n<\/tr>\n<\/thead>\n<tbody class=\"row-striping row-hover\">\n<tr class=\"row-2\">\n\t<td class=\"column-1\"><strong>Alfredo Orts Vidal<\/strong><br \/>\n<div><br \/>\n<img decoding=\"async\" src=\"https:\/\/alicanteturismo.com\/wp-content\/uploads\/2024\/05\/pasador-de-ubicacion.svg\" alt=\"icono\" style=\"width:20px; padding-rigth: 20px;\"\/> C\/ San Francisco Javier, 4, 03002, Alicante<br \/>\n<img decoding=\"async\" src=\"https:\/\/alicanteturismo.com\/wp-content\/uploads\/2024\/09\/llamada-telefonica.svg\" alt=\"icono\" style=\"width:20px; padding-rigth: 20px;\"\/> +34 965 200 786<br \/>\n<\/div><\/td>\n<\/tr>\n<tr class=\"row-3\">\n\t<td class=\"column-1\"><strong>Antiguart, antig\u00fcedades y restauraci\u00f3n<\/strong><br \/>\n<div><br \/>\n<img decoding=\"async\" src=\"https:\/\/alicanteturismo.com\/wp-content\/uploads\/2024\/05\/pasador-de-ubicacion.svg\" alt=\"icono\" style=\"width:20px; padding-rigth: 20px;\"\/> C\/ Melcior Gomis 63, 03001, Alicante <br \/>\n<img decoding=\"async\" src=\"https:\/\/alicanteturismo.com\/wp-content\/uploads\/2024\/09\/llamada-telefonica.svg\" alt=\"icono\" style=\"width:20px; padding-rigth: 20px;\"\/> +34 960 141 435<br \/>\n<\/div><\/td>\n<\/tr>\n<tr class=\"row-4\">\n\t<td class=\"column-1\"><strong>Antig\u00fcedades Camafeo<\/strong><br \/>\n<div><br \/>\n<img decoding=\"async\" src=\"https:\/\/alicanteturismo.com\/wp-content\/uploads\/2024\/05\/pasador-de-ubicacion.svg\" alt=\"icono\" style=\"width:20px; padding-rigth: 20px;\"\/> C\/ Jos\u00e9 Guti\u00e9rrez Pet\u00e9n, 15, BAJO, 03540, Alicante<br \/>\n<img decoding=\"async\" src=\"https:\/\/alicanteturismo.com\/wp-content\/uploads\/2024\/09\/llamada-telefonica.svg\" alt=\"icono\" style=\"width:20px; padding-rigth: 20px;\"\/> +34 965 202 233<br \/>\n<\/div><\/td>\n<\/tr>\n<tr class=\"row-5\">\n\t<td class=\"column-1\"><strong>Antig\u00fcedades Tiempos de Anta\u00f1o<\/strong><br \/>\n<div><br \/>\n<img decoding=\"async\" src=\"https:\/\/alicanteturismo.com\/wp-content\/uploads\/2024\/05\/pasador-de-ubicacion.svg\" alt=\"icono\" style=\"width:20px; padding-rigth: 20px;\"\/> C\/ del M\u00e9dico Pascual P\u00e9rez, 30, 03001, Alicante<br \/>\n<img decoding=\"async\" src=\"https:\/\/alicanteturismo.com\/wp-content\/uploads\/2024\/09\/llamada-telefonica.svg\" alt=\"icono\" style=\"width:20px; padding-rigth: 20px;\"\/> +34 606 88 70 66<br \/>\n<\/div><\/td>\n<\/tr>\n<tr class=\"row-6\">\n\t<td class=\"column-1\"><strong>La Nona Restauraciones<\/strong><br \/>\n<div><br \/>\n<img decoding=\"async\" src=\"https:\/\/alicanteturismo.com\/wp-content\/uploads\/2024\/05\/pasador-de-ubicacion.svg\" alt=\"icono\" style=\"width:20px; padding-rigth: 20px;\"\/> C\/ Gral. Elizaicin, 33, 03013, Alicante<br \/>\n<\/div><\/td>\n<\/tr>\n<tr class=\"row-7\">\n\t<td class=\"column-1\"><strong>Lamparas Saval<\/strong><br \/>\n<div><br \/>\n<img decoding=\"async\" src=\"https:\/\/alicanteturismo.com\/wp-content\/uploads\/2024\/05\/pasador-de-ubicacion.svg\" alt=\"icono\" style=\"width:20px; padding-rigth: 20px;\"\/> C\/ Susana Llaneras, 38, 03001, Alicante<br \/>\n<img decoding=\"async\" src=\"https:\/\/alicanteturismo.com\/wp-content\/uploads\/2024\/09\/llamada-telefonica.svg\" alt=\"icono\" style=\"width:20px; padding-rigth: 20px;\"\/> +34 687 685 455<br \/>\n<\/div><br \/>\n<\/td>\n<\/tr>\n<tr class=\"row-8\">\n\t<td class=\"column-1\"><strong>Miguel Angel Garrig\u00f3s Pay\u00e0<\/strong><br \/>\n<div><br \/>\n<img decoding=\"async\" src=\"https:\/\/alicanteturismo.com\/wp-content\/uploads\/2024\/05\/pasador-de-ubicacion.svg\" alt=\"icono\" style=\"width:20px; padding-rigth: 20px;\"\/> C\/ Viriato, 2, 03002,  Alicante<br \/>\n<img decoding=\"async\" src=\"https:\/\/alicanteturismo.com\/wp-content\/uploads\/2024\/09\/llamada-telefonica.svg\" alt=\"icono\" style=\"width:20px; padding-rigth: 20px;\"\/> +34 965 214 587<br \/>\n<\/div><\/td>\n<\/tr>\n<tr class=\"row-9\">\n\t<td class=\"column-1\"><strong>Obsoleto<\/strong><br \/>\n<div><br \/>\n<img decoding=\"async\" src=\"https:\/\/alicanteturismo.com\/wp-content\/uploads\/2024\/05\/pasador-de-ubicacion.svg\" alt=\"icono\" style=\"width:20px; padding-rigth: 20px;\"\/> C\/ Poeta Campos Vasallo, 3, 03004, Alicante<br \/>\n<img decoding=\"async\" src=\"https:\/\/alicanteturismo.com\/wp-content\/uploads\/2024\/09\/llamada-telefonica.svg\" alt=\"icono\" style=\"width:20px; padding-rigth: 20px;\"\/> +34 965 216 950<br \/>\n<\/div><br \/>\n<\/td>\n<\/tr>\n<tr class=\"row-10\">\n\t<td class=\"column-1\"><strong>Ynspirart<\/strong><br \/>\n<div><br \/>\n<img decoding=\"async\" src=\"https:\/\/alicanteturismo.com\/wp-content\/uploads\/2024\/05\/pasador-de-ubicacion.svg\" alt=\"icono\" style=\"width:20px; padding-rigth: 20px;\"\/> C\/ C\u00f3rdoba, 10, 03005, Alicante<br \/>\n<img decoding=\"async\" src=\"https:\/\/alicanteturismo.com\/wp-content\/uploads\/2024\/09\/llamada-telefonica.svg\" alt=\"icono\" style=\"width:20px; padding-rigth: 20px;\"\/> +34 622 663 897<br \/>\n<\/div><br \/>\n<\/td>\n<\/tr>\n<\/tbody>\n<\/table>\n<!-- #tablepress-166 from cache --><\/p>\t\t\t\t\t\t\t\t<\/div>\n\t\t\t\t<\/div>\n\t\t\t\t<\/div>\n\t\t<div id=\"e-n-tab-content-1100074502\" role=\"tabpanel\" aria-labelledby=\"e-n-tab-title-1100074502\" data-tab-index=\"2\" style=\"--n-tabs-title-order: 2;\" class=\" elementor-element elementor-element-466cd7c e-con-full e-flex e-con e-child\" data-id=\"466cd7c\" data-element_type=\"container\" data-e-type=\"container\">\n\t\t\t\t<div class=\"elementor-element elementor-element-ddcc376 elementor-widget elementor-widget-text-editor\" data-id=\"ddcc376\" data-element_type=\"widget\" data-e-type=\"widget\" data-widget_type=\"text-editor.default\">\n\t\t\t\t<div class=\"elementor-widget-container\">\n\t\t\t\t\t\t\t\t\t<p>\n<table id=\"tablepress-167\" class=\"tablepress tablepress-id-167 nauticos\">\n<thead>\n<tr class=\"row-1\">\n\t<td class=\"column-1\"><\/td>\n<\/tr>\n<\/thead>\n<tbody class=\"row-striping row-hover\">\n<tr class=\"row-2\">\n\t<td class=\"column-1\"><strong>80 Mundos<\/strong><br \/>\n<div><br \/>\n<img decoding=\"async\" src=\"https:\/\/alicanteturismo.com\/wp-content\/uploads\/2024\/05\/pasador-de-ubicacion.svg\" alt=\"icono\" style=\"width:20px; padding-rigth: 20px;\"\/> Av. General Marva, 14, 03004, Alicante<br \/>\n<img decoding=\"async\" src=\"https:\/\/alicanteturismo.com\/wp-content\/uploads\/2024\/09\/llamada-telefonica.svg\" alt=\"icono\" style=\"width:20px; padding-rigth: 20px;\"\/> +34 965 219 712<br \/>\n<\/div><\/td>\n<\/tr>\n<tr class=\"row-3\">\n\t<td class=\"column-1\"><strong>Ateneo C\u00f3mics<\/strong><br \/>\n<div><br \/>\n<img decoding=\"async\" src=\"https:\/\/alicanteturismo.com\/wp-content\/uploads\/2024\/05\/pasador-de-ubicacion.svg\" alt=\"icono\" style=\"width:20px; padding-rigth: 20px;\"\/> C\/ Serrano, 10, 03004, Alicante<br \/>\n<img decoding=\"async\" src=\"https:\/\/alicanteturismo.com\/wp-content\/uploads\/2024\/09\/llamada-telefonica.svg\" alt=\"icono\" style=\"width:20px; padding-rigth: 20px;\"\/> +34 965 923 040<br \/>\n<\/div><\/td>\n<\/tr>\n<tr class=\"row-4\">\n\t<td class=\"column-1\"><strong>Fahrenheit 451 Caf\u00e9 y Libros<\/strong><br \/>\n<div><br \/>\n<img decoding=\"async\" src=\"https:\/\/alicanteturismo.com\/wp-content\/uploads\/2024\/05\/pasador-de-ubicacion.svg\" alt=\"icono\" style=\"width:20px; padding-rigth: 20px;\"\/> C\/ Taquigrafo Mart\u00ed, 2, 03004, Alicante<br \/>\n<img decoding=\"async\" src=\"https:\/\/alicanteturismo.com\/wp-content\/uploads\/2024\/09\/llamada-telefonica.svg\" alt=\"icono\" style=\"width:20px; padding-rigth: 20px;\"\/> +34 966 044 053<br \/>\n<\/div><\/td>\n<\/tr>\n<tr class=\"row-5\">\n\t<td class=\"column-1\"><strong>Librer\u00eda Cilsa<\/strong><br \/>\n<div><br \/>\n<img decoding=\"async\" src=\"https:\/\/alicanteturismo.com\/wp-content\/uploads\/2024\/05\/pasador-de-ubicacion.svg\" alt=\"icono\" style=\"width:20px; padding-rigth: 20px;\"\/> C\/ Italia, 6, 03003, Alicante<br \/>\n<img decoding=\"async\" src=\"https:\/\/alicanteturismo.com\/wp-content\/uploads\/2024\/09\/llamada-telefonica.svg\" alt=\"icono\" style=\"width:20px; padding-rigth: 20px;\"\/> +34 965 122 355<br \/>\n<\/div><\/td>\n<\/tr>\n<tr class=\"row-6\">\n\t<td class=\"column-1\"><strong>Pynchon and Co.<\/strong><br \/>\n<div><br \/>\n<img decoding=\"async\" src=\"https:\/\/alicanteturismo.com\/wp-content\/uploads\/2024\/05\/pasador-de-ubicacion.svg\" alt=\"icono\" style=\"width:20px; padding-rigth: 20px;\"\/> C\/ Poeta Quintana, 37, 03004, Alicante<br \/>\n<img decoding=\"async\" src=\"https:\/\/alicanteturismo.com\/wp-content\/uploads\/2024\/09\/llamada-telefonica.svg\" alt=\"icono\" style=\"width:20px; padding-rigth: 20px;\"\/> +34 966 359 948<br \/>\n<\/div><\/td>\n<\/tr>\n<tr class=\"row-7\">\n\t<td class=\"column-1\"><strong>Ra\u00edces<\/strong><br \/>\n<div><br \/>\n<img decoding=\"async\" src=\"https:\/\/alicanteturismo.com\/wp-content\/uploads\/2024\/05\/pasador-de-ubicacion.svg\" alt=\"icono\" style=\"width:20px; padding-rigth: 20px;\"\/> C\/ de \u00c1lvarez Sereix, 8, 03001, Alicante<br \/>\n<img decoding=\"async\" src=\"https:\/\/alicanteturismo.com\/wp-content\/uploads\/2024\/09\/llamada-telefonica.svg\" alt=\"icono\" style=\"width:20px; padding-rigth: 20px;\"\/> +34 965 207 775<br \/>\n<\/div><\/td>\n<\/tr>\n<tr class=\"row-8\">\n\t<td class=\"column-1\"><strong>Re Read Libreria Low Cost<\/strong><br \/>\n<div><br \/>\n<img decoding=\"async\" src=\"https:\/\/alicanteturismo.com\/wp-content\/uploads\/2024\/05\/pasador-de-ubicacion.svg\" alt=\"icono\" style=\"width:20px; padding-rigth: 20px;\"\/>  C\/ del Teatro, 39, 03001, Alicante<br \/>\n<img decoding=\"async\" src=\"https:\/\/alicanteturismo.com\/wp-content\/uploads\/2024\/09\/llamada-telefonica.svg\" alt=\"icono\" style=\"width:20px; padding-rigth: 20px;\"\/> +34 965 774 751<br \/>\n<img decoding=\"async\" src=\"https:\/\/alicanteturismo.com\/wp-content\/uploads\/2024\/09\/web.svg\" alt=\"icono\" style=\"width:20px; padding-rigth: 20px;\"\/> <a href=\"https:\/\/www.re-read.com\/\" target=\"_blank\" rel=\"noopener\">www.re-read.com<\/a><br \/>\n<\/td>\n<\/tr>\n<\/tbody>\n<\/table>\n<!-- #tablepress-167 from cache --><\/p>\t\t\t\t\t\t\t\t<\/div>\n\t\t\t\t<\/div>\n\t\t\t\t<\/div>\n\t\t<div id=\"e-n-tab-content-1100074503\" role=\"tabpanel\" aria-labelledby=\"e-n-tab-title-1100074503\" data-tab-index=\"3\" style=\"--n-tabs-title-order: 3;\" class=\" elementor-element elementor-element-d20f489 e-con-full e-flex e-con e-child\" data-id=\"d20f489\" data-element_type=\"container\" data-e-type=\"container\">\n\t\t\t\t<div class=\"elementor-element elementor-element-4e361d4 plus-border-yes elementor-widget elementor-widget-tp-table\" data-id=\"4e361d4\" data-element_type=\"widget\" data-e-type=\"widget\" data-widget_type=\"tp-table.default\">\n\t\t\t\t<div class=\"elementor-widget-container\">\n\t\t\t\t\t\t\t\t<div itemscope class=\"plus-table-wrapper   tp-table-mobresswipe\" itemtype=\"http:\/\/schema.org\/Table\">\n\n\t\t\t\t<table id=\"plus-table-id-4e361d4\" class=\"plus-table plus-text-break plus-column-rules\" data-sort-table=\"yes\" data-show-entry=\"yes\" data-searchable=\"yes\" data-searchable-label=\"Recherche\">\n\t\t\t\t\t\t\t\t\t\t\t<thead> \n\t\t\t\t\t\t\t\t\t\t\t\t\t\t\t\t<tr class=\"plus-table-row\"> \n\t\t\t\t\t\t\t\t\t\t\t\t\t\t\t\t\t\t\t\t\t\t\t\t<th id=\"tooltip69ef73e233910\"data-sort=\"0\" class=\"sort-this elementor-repeater-item-e9135a2 plus-table-col\" data-local=\"true\"  scope=\"col\">\n\t\t\t\t\t\t\t\t\t\t\t<span class=\"sort-style\">\n\t\t\t\t\t\t\t\t\t\t\t<span class=\"plus-table__text\">\n\t\t\t\t\t\t\t\t\t\t\t\t\t\t\t\t\t\t\t\t\t\t\t<span class=\"plus-table__text-inner\"><\/span>\n\t\t\t\t\t\t\t\t\t\t\t\t\t\t\t\t\t\t\t\t\t\t<\/span> \n\t\t\t\t\t\t\t\t\t\t\t\n\t\t\t\t\t\t\t\t\t\t\t\t\t\t\t\t\t\t\t\t\t\t\t<span class=\"plus-sort-icon\"><\/span>\n\t\t\t\t\t\t\t\t\t\t\t\t\t\t\t\t\t\t\t\t\t\t<\/span>\n\t\t\t\t\t\t\t\t\t\t<\/th>\n\t\t\t\t\t\t\t\t\t\t\t\t\t\t\t\t<\/thead> \n\t\t\t\t\t\t\n\t\t\t\t\t\t<tbody>\n\t\t\t\t\t\t\t<!-- ROWS -->\n\t\t\t\t\t\t\t\t\t\t\t\t\t\t\t\t\t\t<tr data-entry=\"1\" class=\"plus-table-row\">\n\t\t\t\t\t\t\t\t\t\t\t\t\t\t\t\t\t\t\t\t\t<td id=\"tooltip69ef73e23393b\"class=\"plus-table-col elementor-repeater-item-e77b6b0\">\n\t\t\t\t\t\t\t\t\t\t\t\t\t\t\t\t\t\t\t\t\t\t\t\t\t\t\t\t\t\t\t\t\t\t\t\t<span class=\"plus-table__text\">\n\t\t\t\t\t\t\t\t\t\t\t\t\t\t\t\t\t\t\t\t\t\t\t\t\t\t\t\t\t\t\t\t\t\t\t\t\t\t\t\t\t\t\t\t\t\t\t\t\t\t\t\t\t\t\t\t\t\t\t\t\t\t\t\t\t\t\t\t\t\t\t\t<span class=\"plus-table__text-inner\"><strong>MERCADILLO DE ARTESAN\u00cdA, TEXTILES Y ALIMENTACI\u00d3N<\/strong>\n<br><img decoding=\"async\" src=\"https:\/\/alicanteturismo.com\/wp-content\/uploads\/2024\/05\/pasador-de-ubicacion.svg\" alt=\"icono\" style=\"width:20px\" \/> C\/ M\u00fasico Jos\u00e9 Mira Figueroa, 03008, Alicante\n\n<br><strong>Calendrier:<\/strong>\n<br><img decoding=\"async\" src=\"https:\/\/alicanteturismo.com\/wp-content\/uploads\/2024\/06\/agenda-de-eventos.svg\" alt=\"icono\" style=\"width:20px\" \/> Juillet \u00e0 septembre \n<br><img decoding=\"async\" src=\"https:\/\/alicanteturismo.com\/wp-content\/uploads\/2024\/05\/reloj-1.svg\" alt=\"icono\" style=\"width:20px\" \/> Jeudi de 16h00 \u00e0 23h00<\/div><\/span>\n\t\t\t\t\t\t\t\t\t\t\t\t\t\t\t\t\t\t\t\t\t\t\t\t\t\t\t\t\t\t\t\t\t\t\t\t\t\t\t\t\t\t\t\t\t\t\t\t\t\t\t\t\t\t\t\t\t\t\t\t\t\t\t\t\t\t\t\t\t\t\t\t\t\t\t\t\t\t\t\t\t\t\t\t<\/span>\n\t\t\t\t\t\t\t\t\t\t\t\t\t\t\t\t\t\t\t\t\t\t\t\t\t\t\t\t\t\t\t\t\t<\/td>\n\t\t\t\t\t\t\t\t\t\t\t\t\t\t\t\t\t\t\t\t\t\t<\/tr><tr data-entry=\"2\" class=\"plus-table-row\">\n\t\t\t\t\t\t\t\t\t\t\t\t\t\t\t\t\t\t\t\t\t<td id=\"tooltip69ef73e233ab7\"class=\"plus-table-col elementor-repeater-item-7451375\">\n\t\t\t\t\t\t\t\t\t\t\t\t\t\t\t\t\t\t\t\t\t\t\t\t\t\t\t\t\t\t\t\t\t\t\t\t<span class=\"plus-table__text\">\n\t\t\t\t\t\t\t\t\t\t\t\t\t\t\t\t\t\t\t\t\t\t\t\t\t\t\t\t\t\t\t\t\t\t\t\t\t\t\t\t\t\t\t\t\t\t\t\t\t\t\t\t\t\t\t\t\t\t\t\t\t\t\t\t\t\t\t\t\t\t\t\t<span class=\"plus-table__text-inner\"><strong>MERCADO DE ARTESAN\u00cdA EN PLAYA DE SAN JUAN<\/strong>\n<div>\n<img decoding=\"async\" src=\"https:\/\/alicanteturismo.com\/wp-content\/uploads\/2024\/05\/pasador-de-ubicacion.svg\" alt=\"icono\" style=\"width:20px\" \/> Av. de Niza, 3, 03540, Alicante\n\n<br><strong>Calendrier<\/strong>\n<br><img decoding=\"async\" src=\"https:\/\/alicanteturismo.com\/wp-content\/uploads\/2024\/05\/reloj-1.svg\" alt=\"icono\" style=\"width:20px\" \/> 18:00h\n<br><img decoding=\"async\" src=\"https:\/\/alicanteturismo.com\/wp-content\/uploads\/2024\/06\/agenda-de-eventos.svg\" alt=\"icono\" style=\"width:20px\" \/> 1\/07 al 3\/09<\/div><\/span>\n\t\t\t\t\t\t\t\t\t\t\t\t\t\t\t\t\t\t\t\t\t\t\t\t\t\t\t\t\t\t\t\t\t\t\t\t\t\t\t\t\t\t\t\t\t\t\t\t\t\t\t\t\t\t\t\t\t\t\t\t\t\t\t\t\t\t\t\t\t\t\t\t\t\t\t\t\t\t\t\t\t\t\t\t<\/span>\n\t\t\t\t\t\t\t\t\t\t\t\t\t\t\t\t\t\t\t\t\t\t\t\t\t\t\t\t\t\t\t\t\t<\/td>\n\t\t\t\t\t\t\t\t\t\t\t\t\t\t\t\t\t\t\t\t\t\t<\/tr><tr data-entry=\"3\" class=\"plus-table-row\">\n\t\t\t\t\t\t\t\t\t\t\t\t\t\t\t\t\t\t\t\t\t<td id=\"tooltip69ef73e233b77\"class=\"plus-table-col elementor-repeater-item-efea076\">\n\t\t\t\t\t\t\t\t\t\t\t\t\t\t\t\t\t\t\t\t\t\t\t\t\t\t\t\t\t\t\t\t\t\t\t\t<span class=\"plus-table__text\">\n\t\t\t\t\t\t\t\t\t\t\t\t\t\t\t\t\t\t\t\t\t\t\t\t\t\t\t\t\t\t\t\t\t\t\t\t\t\t\t\t\t\t\t\t\t\t\t\t\t\t\t\t\t\t\t\t\t\t\t\t\t\t\t\t\t\t\t\t\t\t\t\t<span class=\"plus-table__text-inner\"><strong>MERCADO CENTRAL DE ALICANTE<\/strong>\n<div>\n<img decoding=\"async\" src=\"https:\/\/alicanteturismo.com\/wp-content\/uploads\/2024\/05\/pasador-de-ubicacion.svg\" alt=\"icono\" style=\"width:20px\" \/> Av. Alfonso X El Sabio, 10, 03004, Alicante\n<br><img decoding=\"async\" src=\"https:\/\/alicanteturismo.com\/wp-content\/uploads\/2024\/09\/llamada-telefonica.svg\" alt=\"icono\" style=\"width:20px\" \/> +34 965 140 763\n<br><img decoding=\"async\" src=\"https:\/\/alicanteturismo.com\/wp-content\/uploads\/2024\/09\/llamada-telefonica.svg\" alt=\"icono\" style=\"width:20px\" \/> +34 965 140 841\n<br><img decoding=\"async\" src=\"https:\/\/alicanteturismo.com\/wp-content\/uploads\/2024\/05\/correo.svg\" alt=\"icono\" style=\"width:20px\" \/> <a href=\"mailto:mercado.central@alicante.es\"> mercado.central@alicante.es<\/a>\n\n<br><br><strong>Calendrier<\/strong>\n<br><img decoding=\"async\" src=\"https:\/\/alicanteturismo.com\/wp-content\/uploads\/2024\/05\/reloj-1.svg\" alt=\"icono\" style=\"width:20px\" \/> Du lundi au vendredi : 07h00 - 14h30\n<br><img decoding=\"async\" src=\"https:\/\/alicanteturismo.com\/wp-content\/uploads\/2024\/05\/reloj-1.svg\" alt=\"icono\" style=\"width:20px\" \/> Samedi : 07:00 - 15:00h<\/span>\n\t\t\t\t\t\t\t\t\t\t\t\t\t\t\t\t\t\t\t\t\t\t\t\t\t\t\t\t\t\t\t\t\t\t\t\t\t\t\t\t\t\t\t\t\t\t\t\t\t\t\t\t\t\t\t\t\t\t\t\t\t\t\t\t\t\t\t\t\t\t\t\t\t\t\t\t\t\t\t\t\t\t\t\t<\/span>\n\t\t\t\t\t\t\t\t\t\t\t\t\t\t\t\t\t\t\t\t\t\t\t\t\t\t\t\t\t\t\t\t\t<\/td>\n\t\t\t\t\t\t\t\t\t\t\t\t\t\t\t\t\t\t\t\t\t\t<\/tr><tr data-entry=\"4\" class=\"plus-table-row\">\n\t\t\t\t\t\t\t\t\t\t\t\t\t\t\t\t\t\t\t\t\t<td id=\"tooltip69ef73e233cf4\"class=\"plus-table-col elementor-repeater-item-2b2016b\">\n\t\t\t\t\t\t\t\t\t\t\t\t\t\t\t\t\t\t\t\t\t\t\t\t\t\t\t\t\t\t\t\t\t\t\t\t<span class=\"plus-table__text\">\n\t\t\t\t\t\t\t\t\t\t\t\t\t\t\t\t\t\t\t\t\t\t\t\t\t\t\t\t\t\t\t\t\t\t\t\t\t\t\t\t\t\t\t\t\t\t\t\t\t\t\t\t\t\t\t\t\t\t\t\t\t\t\t\t\t\t\t\t\t\t\t\t<span class=\"plus-table__text-inner\"><strong>MERCADO MUNICIPAL DE BABEL<\/strong>\n<div>\n<img decoding=\"async\" src=\"https:\/\/alicanteturismo.com\/wp-content\/uploads\/2024\/05\/pasador-de-ubicacion.svg\" alt=\"icono\" style=\"width:20px\" \/> C\/ Asilo, s\/n, 03007, Alicante\n<br><img decoding=\"async\" src=\"https:\/\/alicanteturismo.com\/wp-content\/uploads\/2024\/09\/llamada-telefonica.svg\" alt=\"icono\" style=\"width:20px\" \/> +34 965 103 452\n<br><img decoding=\"async\" src=\"https:\/\/alicanteturismo.com\/wp-content\/uploads\/2024\/09\/web.svg\" alt=\"icono\" style=\"width:20px\" \/> <a href=\"https:\/\/mercadosalicante.com\/\" target=\"_blank\" rel=\"noopener\">www.mercadosalicante.com<\/a>\n\n<br><strong>Calendrier<\/strong>\n<br><img decoding=\"async\" src=\"https:\/\/alicanteturismo.com\/wp-content\/uploads\/2024\/05\/reloj-1.svg\" alt=\"icono\" style=\"width:20px\" \/> Du lundi au vendredi : 9h00 - 14h00\n<br><img decoding=\"async\" src=\"https:\/\/alicanteturismo.com\/wp-content\/uploads\/2024\/05\/reloj-1.svg\" alt=\"icono\" style=\"width:20px\" \/> Samedi : 9:00 - 15:00h\n<\/div><\/span>\n\t\t\t\t\t\t\t\t\t\t\t\t\t\t\t\t\t\t\t\t\t\t\t\t\t\t\t\t\t\t\t\t\t\t\t\t\t\t\t\t\t\t\t\t\t\t\t\t\t\t\t\t\t\t\t\t\t\t\t\t\t\t\t\t\t\t\t\t\t\t\t\t\t\t\t\t\t\t\t\t\t\t\t\t<\/span>\n\t\t\t\t\t\t\t\t\t\t\t\t\t\t\t\t\t\t\t\t\t\t\t\t\t\t\t\t\t\t\t\t\t<\/td>\n\t\t\t\t\t\t\t\t\t\t\t\t\t\t\t\t\t\t\t\t\t\t<\/tr><tr data-entry=\"5\" class=\"plus-table-row\">\n\t\t\t\t\t\t\t\t\t\t\t\t\t\t\t\t\t\t\t\t\t<td id=\"tooltip69ef73e233e42\"class=\"plus-table-col elementor-repeater-item-0438cdd\">\n\t\t\t\t\t\t\t\t\t\t\t\t\t\t\t\t\t\t\t\t\t\t\t\t\t\t\t\t\t\t\t\t\t\t\t\t<span class=\"plus-table__text\">\n\t\t\t\t\t\t\t\t\t\t\t\t\t\t\t\t\t\t\t\t\t\t\t\t\t\t\t\t\t\t\t\t\t\t\t\t\t\t\t\t\t\t\t\t\t\t\t\t\t\t\t\t\t\t\t\t\t\t\t\t\t\t\t\t\t\t\t\t\t\t\t\t<span class=\"plus-table__text-inner\"><strong>MERCADO MUNICIPAL DE BENALUA<\/strong>\n<div>\n<img decoding=\"async\" src=\"https:\/\/alicanteturismo.com\/wp-content\/uploads\/2024\/05\/pasador-de-ubicacion.svg\" alt=\"icono\" style=\"width:20px\" \/> C\/ P\u00e9rez Medina, 2, 03007, Alicante\n<br><img decoding=\"async\" src=\"https:\/\/alicanteturismo.com\/wp-content\/uploads\/2024\/09\/llamada-telefonica.svg\" alt=\"icono\" style=\"width:20px\" \/> +34 965 130 225\n<br><img decoding=\"async\" src=\"https:\/\/alicanteturismo.com\/wp-content\/uploads\/2024\/05\/correo.svg\" alt=\"icono\" style=\"width:20px\" \/> <a href=\"mailto:mercado.benalua@alicante.es\">mercado.benalua@alicante.es<\/a>\n<br><img decoding=\"async\" src=\"https:\/\/alicanteturismo.com\/wp-content\/uploads\/2024\/09\/web.svg\" alt=\"icono\" style=\"width:20px\" \/> <a href=\"https:\/\/mercadosalicante.com\/\" target=\"_blank\" rel=\"noopener\">www.mercadosalicante.com<\/a>\n\n<br><strong>Calendrier<\/strong>\n<br><img decoding=\"async\" src=\"https:\/\/alicanteturismo.com\/wp-content\/uploads\/2024\/05\/reloj-1.svg\" alt=\"icono\" style=\"width:20px\" \/> Du lundi au vendredi : 07:30 - 14:00h\n<br><img decoding=\"async\" src=\"https:\/\/alicanteturismo.com\/wp-content\/uploads\/2024\/05\/reloj-1.svg\" alt=\"icono\" style=\"width:20px\" \/> Samedi et veille de jours f\u00e9ri\u00e9s : 07:30 - 15:00h<\/div><\/span>\n\t\t\t\t\t\t\t\t\t\t\t\t\t\t\t\t\t\t\t\t\t\t\t\t\t\t\t\t\t\t\t\t\t\t\t\t\t\t\t\t\t\t\t\t\t\t\t\t\t\t\t\t\t\t\t\t\t\t\t\t\t\t\t\t\t\t\t\t\t\t\t\t\t\t\t\t\t\t\t\t\t\t\t\t<\/span>\n\t\t\t\t\t\t\t\t\t\t\t\t\t\t\t\t\t\t\t\t\t\t\t\t\t\t\t\t\t\t\t\t\t<\/td>\n\t\t\t\t\t\t\t\t\t\t\t\t\t\t\t\t\t\t\t\t\t\t<\/tr><tr data-entry=\"6\" class=\"plus-table-row\">\n\t\t\t\t\t\t\t\t\t\t\t\t\t\t\t\t\t\t\t\t\t<td id=\"tooltip69ef73e233f88\"class=\"plus-table-col elementor-repeater-item-e4ffea3\">\n\t\t\t\t\t\t\t\t\t\t\t\t\t\t\t\t\t\t\t\t\t\t\t\t\t\t\t\t\t\t\t\t\t\t\t\t<span class=\"plus-table__text\">\n\t\t\t\t\t\t\t\t\t\t\t\t\t\t\t\t\t\t\t\t\t\t\t\t\t\t\t\t\t\t\t\t\t\t\t\t\t\t\t\t\t\t\t\t\t\t\t\t\t\t\t\t\t\t\t\t\t\t\t\t\t\t\t\t\t\t\t\t\t\t\t\t<span class=\"plus-table__text-inner\"><strong>MERCADO MUNICIPAL CAROLINAS<\/strong>\n<div>\n<img decoding=\"async\" src=\"https:\/\/alicanteturismo.com\/wp-content\/uploads\/2024\/05\/pasador-de-ubicacion.svg\" alt=\"icono\" style=\"width:20px\" \/> C\/ San Mateo, s\/n, 03012, Alicante\n<br><img decoding=\"async\" src=\"https:\/\/alicanteturismo.com\/wp-content\/uploads\/2024\/09\/llamada-telefonica.svg\" alt=\"icono\" style=\"width:20px\" \/> +34 965 253 961\n<br><img decoding=\"async\" src=\"https:\/\/alicanteturismo.com\/wp-content\/uploads\/2024\/09\/web.svg\" alt=\"icono\" style=\"width:20px\" \/> <a href=\"https:\/\/mercadosalicante.com\/\" target=\"_blank\" rel=\"noopener\">www.mercadosalicante.com<\/a>\n\n<br><strong>Calendrier<\/strong>\n<br><img decoding=\"async\" src=\"https:\/\/alicanteturismo.com\/wp-content\/uploads\/2024\/05\/reloj-1.svg\" alt=\"icono\" style=\"width:20px\" \/> Du lundi au samedi : 07:30 - 14:00h.<\/div><\/span>\n\t\t\t\t\t\t\t\t\t\t\t\t\t\t\t\t\t\t\t\t\t\t\t\t\t\t\t\t\t\t\t\t\t\t\t\t\t\t\t\t\t\t\t\t\t\t\t\t\t\t\t\t\t\t\t\t\t\t\t\t\t\t\t\t\t\t\t\t\t\t\t\t\t\t\t\t\t\t\t\t\t\t\t\t<\/span>\n\t\t\t\t\t\t\t\t\t\t\t\t\t\t\t\t\t\t\t\t\t\t\t\t\t\t\t\t\t\t\t\t\t<\/td>\n\t\t\t\t\t\t\t\t\t\t\t\t\t\t\t\t\t\t\t\t\t\t<\/tr><tr data-entry=\"7\" class=\"plus-table-row\">\n\t\t\t\t\t\t\t\t\t\t\t\t\t\t\t\t\t\t\t\t\t<td id=\"tooltip69ef73e23406c\"class=\"plus-table-col elementor-repeater-item-ac4de8c\">\n\t\t\t\t\t\t\t\t\t\t\t\t\t\t\t\t\t\t\t\t\t\t\t\t\t\t\t\t\t\t\t\t\t\t\t\t<span class=\"plus-table__text\">\n\t\t\t\t\t\t\t\t\t\t\t\t\t\t\t\t\t\t\t\t\t\t\t\t\t\t\t\t\t\t\t\t\t\t\t\t\t\t\t\t\t\t\t\t\t\t\t\t\t\t\t\t\t\t\t\t\t\t\t\t\t\t\t\t\t\t\t\t\t\t\t\t<span class=\"plus-table__text-inner\"><strong>MERCADILLO DE TEULADA<\/strong>\n<div>\n<img decoding=\"async\" src=\"https:\/\/alicanteturismo.com\/wp-content\/uploads\/2024\/05\/pasador-de-ubicacion.svg\" alt=\"icono\" style=\"width:20px\" \/> C\/ Pardo Gimeno &amp; C\/ Asil, 03007, Alicante\n<br><img decoding=\"async\" src=\"https:\/\/alicanteturismo.com\/wp-content\/uploads\/2024\/09\/llamada-telefonica.svg\" alt=\"icono\" style=\"width:20px\" \/> +34 965 103 452\n<br><img decoding=\"async\" src=\"https:\/\/alicanteturismo.com\/wp-content\/uploads\/2024\/09\/llamada-telefonica.svg\" alt=\"icono\" style=\"width:20px\" \/> +34 965 177 754\n\n<br><strong>Calendrier<\/strong>\n<br><img decoding=\"async\" src=\"https:\/\/alicanteturismo.com\/wp-content\/uploads\/2024\/05\/reloj-1.svg\" alt=\"icono\" style=\"width:20px\" \/> Jeudi et samedi : 08:00 - 14:00h<\/div><\/span>\n\t\t\t\t\t\t\t\t\t\t\t\t\t\t\t\t\t\t\t\t\t\t\t\t\t\t\t\t\t\t\t\t\t\t\t\t\t\t\t\t\t\t\t\t\t\t\t\t\t\t\t\t\t\t\t\t\t\t\t\t\t\t\t\t\t\t\t\t\t\t\t\t\t\t\t\t\t\t\t\t\t\t\t\t<\/span>\n\t\t\t\t\t\t\t\t\t\t\t\t\t\t\t\t\t\t\t\t\t\t\t\t\t\t\t\t\t\t\t\t\t<\/td>\n\t\t\t\t\t\t\t\t\t\t\t\t\t\t\t\t\t\t\t\t\t\t<\/tr><tr data-entry=\"8\" class=\"plus-table-row\">\n\t\t\t\t\t\t\t\t\t\t\t\t\t\t\t\t\t\t\t\t\t<td id=\"tooltip69ef73e234140\"class=\"plus-table-col elementor-repeater-item-cd9cd2a\">\n\t\t\t\t\t\t\t\t\t\t\t\t\t\t\t\t\t\t\t\t\t\t\t\t\t\t\t\t\t\t\t\t\t\t\t\t<span class=\"plus-table__text\">\n\t\t\t\t\t\t\t\t\t\t\t\t\t\t\t\t\t\t\t\t\t\t\t\t\t\t\t\t\t\t\t\t\t\t\t\t\t\t\t\t\t\t\t\t\t\t\t\t\t\t\t\t\t\t\t\t\t\t\t\t\t\t\t\t\t\t\t\t\t\t\t\t<span class=\"plus-table__text-inner\"><strong>MERCADILLO DE BABEL<\/strong>\n<div>\n<img decoding=\"async\" src=\"https:\/\/alicanteturismo.com\/wp-content\/uploads\/2024\/05\/pasador-de-ubicacion.svg\" alt=\"icono\" style=\"width:20px\" \/> C\/ Asil, 5, 03007, Alicante\n<br><img decoding=\"async\" src=\"https:\/\/alicanteturismo.com\/wp-content\/uploads\/2024\/09\/llamada-telefonica.svg\" alt=\"icono\" style=\"width:20px\" \/> +34 965 103 452\n\n<br><strong>Calendrier<\/strong>\n<br><img decoding=\"async\" src=\"https:\/\/alicanteturismo.com\/wp-content\/uploads\/2024\/05\/reloj-1.svg\" alt=\"icono\" style=\"width:20px\" \/> Jeudi et samedi : 07:30 - 13:30h<\/div><\/span>\n\t\t\t\t\t\t\t\t\t\t\t\t\t\t\t\t\t\t\t\t\t\t\t\t\t\t\t\t\t\t\t\t\t\t\t\t\t\t\t\t\t\t\t\t\t\t\t\t\t\t\t\t\t\t\t\t\t\t\t\t\t\t\t\t\t\t\t\t\t\t\t\t\t\t\t\t\t\t\t\t\t\t\t\t<\/span>\n\t\t\t\t\t\t\t\t\t\t\t\t\t\t\t\t\t\t\t\t\t\t\t\t\t\t\t\t\t\t\t\t\t<\/td>\n\t\t\t\t\t\t\t\t\t\t\t\t\t\t\t\t\t\t\t\t\t\t<\/tr><tr data-entry=\"9\" class=\"plus-table-row\">\n\t\t\t\t\t\t\t\t\t\t\t\t\t\t\t\t\t\t\t\t\t<td id=\"tooltip69ef73e2341f8\"class=\"plus-table-col elementor-repeater-item-44b7add\">\n\t\t\t\t\t\t\t\t\t\t\t\t\t\t\t\t\t\t\t\t\t\t\t\t\t\t\t\t\t\t\t\t\t\t\t\t<span class=\"plus-table__text\">\n\t\t\t\t\t\t\t\t\t\t\t\t\t\t\t\t\t\t\t\t\t\t\t\t\t\t\t\t\t\t\t\t\t\t\t\t\t\t\t\t\t\t\t\t\t\t\t\t\t\t\t\t\t\t\t\t\t\t\t\t\t\t\t\t\t\t\t\t\t\t\t\t<span class=\"plus-table__text-inner\"><strong>MERCADILLO DE BENAL\u00daA<\/strong>\n<div>\n<img decoding=\"async\" src=\"https:\/\/alicanteturismo.com\/wp-content\/uploads\/2024\/05\/pasador-de-ubicacion.svg\" alt=\"icono\" style=\"width:20px\" \/> C\/ P\u00e9rez Medina, 2, 03007, Alicante\n<br><img decoding=\"async\" src=\"https:\/\/alicanteturismo.com\/wp-content\/uploads\/2024\/09\/llamada-telefonica.svg\" alt=\"icono\" style=\"width:20px\" \/> +34 965 130 225\n<br><img decoding=\"async\" src=\"https:\/\/alicanteturismo.com\/wp-content\/uploads\/2024\/05\/correo.svg\" alt=\"icono\" style=\"width:20px\" \/> <a href=\"mailto:mercado.benalua@alicante.es\">mercado.benalua@alicante.es<\/a>\n\n<br><strong>Calendrier<\/strong>\n<br><img decoding=\"async\" src=\"https:\/\/alicanteturismo.com\/wp-content\/uploads\/2024\/05\/reloj-1.svg\" alt=\"icono\" style=\"width:20px\" \/> Jeudi et samedi : 09:00- 14:00h<\/div><\/span>\n\t\t\t\t\t\t\t\t\t\t\t\t\t\t\t\t\t\t\t\t\t\t\t\t\t\t\t\t\t\t\t\t\t\t\t\t\t\t\t\t\t\t\t\t\t\t\t\t\t\t\t\t\t\t\t\t\t\t\t\t\t\t\t\t\t\t\t\t\t\t\t\t\t\t\t\t\t\t\t\t\t\t\t\t<\/span>\n\t\t\t\t\t\t\t\t\t\t\t\t\t\t\t\t\t\t\t\t\t\t\t\t\t\t\t\t\t\t\t\t\t<\/td>\n\t\t\t\t\t\t\t\t\t\t\t\t\t\t\t\t\t\t\t\t\t\t<\/tr><tr data-entry=\"10\" class=\"plus-table-row\">\n\t\t\t\t\t\t\t\t\t\t\t\t\t\t\t\t\t\t\t\t\t<td id=\"tooltip69ef73e2342e0\"class=\"plus-table-col elementor-repeater-item-292012a\">\n\t\t\t\t\t\t\t\t\t\t\t\t\t\t\t\t\t\t\t\t\t\t\t\t\t\t\t\t\t\t\t\t\t\t\t\t<span class=\"plus-table__text\">\n\t\t\t\t\t\t\t\t\t\t\t\t\t\t\t\t\t\t\t\t\t\t\t\t\t\t\t\t\t\t\t\t\t\t\t\t\t\t\t\t\t\t\t\t\t\t\t\t\t\t\t\t\t\t\t\t\t\t\t\t\t\t\t\t\t\t\t\t\t\t\t\t<span class=\"plus-table__text-inner\"><strong>MERCADILLO CAROLINAS<\/strong>\n<div>\n<img decoding=\"async\" src=\"https:\/\/alicanteturismo.com\/wp-content\/uploads\/2024\/05\/pasador-de-ubicacion.svg\" alt=\"icono\" style=\"width:20px\" \/> C\/ Doctor Nieto, 45, 03013, Alicante\n<br><img decoding=\"async\" src=\"https:\/\/alicanteturismo.com\/wp-content\/uploads\/2024\/09\/llamada-telefonica.svg\" alt=\"icono\" style=\"width:20px\" \/> +34 965 253 961\n<br><img decoding=\"async\" src=\"https:\/\/alicanteturismo.com\/wp-content\/uploads\/2024\/05\/correo.svg\" alt=\"icono\" style=\"width:20px\" \/> <a href=\"mailto:mercado.carolinas@alicante.es\">mercado.carolinas@alicante.es<\/a>\n\n<br><strong>Calendrier<\/strong>\n<br><img decoding=\"async\" src=\"https:\/\/alicanteturismo.com\/wp-content\/uploads\/2024\/05\/reloj-1.svg\" alt=\"icono\" style=\"width:20px\" \/> Jeudi et samedi : 07:00h - 14:00h<\/div><\/span>\n\t\t\t\t\t\t\t\t\t\t\t\t\t\t\t\t\t\t\t\t\t\t\t\t\t\t\t\t\t\t\t\t\t\t\t\t\t\t\t\t\t\t\t\t\t\t\t\t\t\t\t\t\t\t\t\t\t\t\t\t\t\t\t\t\t\t\t\t\t\t\t\t\t\t\t\t\t\t\t\t\t\t\t\t<\/span>\n\t\t\t\t\t\t\t\t\t\t\t\t\t\t\t\t\t\t\t\t\t\t\t\t\t\t\t\t\t\t\t\t\t<\/td>\n\t\t\t\t\t\t\t\t\t\t\t\t\t\t\t\t\t\t\t\t\t\t<\/tr><tr data-entry=\"11\" class=\"plus-table-row\">\n\t\t\t\t\t\t\t\t\t\t\t\t\t\t\t\t\t\t\t\t\t<td id=\"tooltip69ef73e2343c5\"class=\"plus-table-col elementor-repeater-item-effbd9a\">\n\t\t\t\t\t\t\t\t\t\t\t\t\t\t\t\t\t\t\t\t\t\t\t\t\t\t\t\t\t\t\t\t\t\t\t\t<span class=\"plus-table__text\">\n\t\t\t\t\t\t\t\t\t\t\t\t\t\t\t\t\t\t\t\t\t\t\t\t\t\t\t\t\t\t\t\t\t\t\t\t\t\t\t\t\t\t\t\t\t\t\t\t\t\t\t\t\t\t\t\t\t\t\t\t\t\t\t\t\t\t\t\t\t\t\t\t<span class=\"plus-table__text-inner\"><strong>MERCADO DE FILATELIA<\/strong>\n<div>\n<img decoding=\"async\" src=\"https:\/\/alicanteturismo.com\/wp-content\/uploads\/2024\/05\/pasador-de-ubicacion.svg\" alt=\"icono\" style=\"width:20px\" \/> Pl. del Ayuntamiento, s\/n, 03001, Alicante\n<br><img decoding=\"async\" src=\"https:\/\/alicanteturismo.com\/wp-content\/uploads\/2024\/09\/llamada-telefonica.svg\" alt=\"icono\" style=\"width:20px\" \/> +34 965 149 325\n\n<br><strong>Calendrier<\/strong>\n<br><img decoding=\"async\" src=\"https:\/\/alicanteturismo.com\/wp-content\/uploads\/2024\/05\/reloj-1.svg\" alt=\"icono\" style=\"width:20px\" \/> Dimanche et jours f\u00e9ri\u00e9s : 09:00 - 14:00h<\/div><\/span>\n\t\t\t\t\t\t\t\t\t\t\t\t\t\t\t\t\t\t\t\t\t\t\t\t\t\t\t\t\t\t\t\t\t\t\t\t\t\t\t\t\t\t\t\t\t\t\t\t\t\t\t\t\t\t\t\t\t\t\t\t\t\t\t\t\t\t\t\t\t\t\t\t\t\t\t\t\t\t\t\t\t\t\t\t<\/span>\n\t\t\t\t\t\t\t\t\t\t\t\t\t\t\t\t\t\t\t\t\t\t\t\t\t\t\t\t\t\t\t\t\t<\/td>\n\t\t\t\t\t\t\t\t\t\t\t\t\t\t\t\t\t\t\t\t\t\t<\/tr><tr data-entry=\"12\" class=\"plus-table-row\">\n\t\t\t\t\t\t\t\t\t\t\t\t\t\t\t\t\t\t\t\t\t<td id=\"tooltip69ef73e234474\"class=\"plus-table-col elementor-repeater-item-82ed9d5\">\n\t\t\t\t\t\t\t\t\t\t\t\t\t\t\t\t\t\t\t\t\t\t\t\t\t\t\t\t\t\t\t\t\t\t\t\t<span class=\"plus-table__text\">\n\t\t\t\t\t\t\t\t\t\t\t\t\t\t\t\t\t\t\t\t\t\t\t\t\t\t\t\t\t\t\t\t\t\t\t\t\t\t\t\t\t\t\t\t\t\t\t\t\t\t\t\t\t\t\t\t\t\t\t\t\t\t\t\t\t\t\t\t\t\t\t\t<span class=\"plus-table__text-inner\"><strong>MERCADO EL RINCONET.<\/strong>\n<div>\n<img decoding=\"async\" src=\"https:\/\/alicanteturismo.com\/wp-content\/uploads\/2024\/05\/pasador-de-ubicacion.svg\" alt=\"icono\" style=\"width:20px\" \/> C\/ de les Basses Noves, 7, 03112, Alicante\n\n<br><strong>Calendrier<\/strong>\n<br><img decoding=\"async\" src=\"https:\/\/alicanteturismo.com\/wp-content\/uploads\/2024\/05\/reloj-1.svg\" alt=\"icono\" style=\"width:20px\" \/> Le samedi, de 18h00 \u00e0 22h00\n<br><img decoding=\"async\" src=\"https:\/\/alicanteturismo.com\/wp-content\/uploads\/2024\/05\/reloj-1.svg\" alt=\"icono\" style=\"width:20px\" \/> Domingos y festivos de 10:00 a 15:00h<\/div><\/span>\n\t\t\t\t\t\t\t\t\t\t\t\t\t\t\t\t\t\t\t\t\t\t\t\t\t\t\t\t\t\t\t\t\t\t\t\t\t\t\t\t\t\t\t\t\t\t\t\t\t\t\t\t\t\t\t\t\t\t\t\t\t\t\t\t\t\t\t\t\t\t\t\t\t\t\t\t\t\t\t\t\t\t\t\t<\/span>\n\t\t\t\t\t\t\t\t\t\t\t\t\t\t\t\t\t\t\t\t\t\t\t\t\t\t\t\t\t\t\t\t\t<\/td>\n\t\t\t\t\t\t\t\t\t\t\t\t\t\t\t\t\t\t\t\t\t\t<\/tr><tr data-entry=\"13\" class=\"plus-table-row\">\n\t\t\t\t\t\t\t\t\t\t\t\t\t\t\t\t\t\t\t\t\t<td id=\"tooltip69ef73e234529\"class=\"plus-table-col elementor-repeater-item-614bc2e\">\n\t\t\t\t\t\t\t\t\t\t\t\t\t\t\t\t\t\t\t\t\t\t\t\t\t\t\t\t\t\t\t\t\t\t\t\t<span class=\"plus-table__text\">\n\t\t\t\t\t\t\t\t\t\t\t\t\t\t\t\t\t\t\t\t\t\t\t\t\t\t\t\t\t\t\t\t\t\t\t\t\t\t\t\t\t\t\t\t\t\t\t\t\t\t\t\t\t\t\t\t\t\t\t\t\t\t\t\t\t\t\t\t\t\t\t\t<span class=\"plus-table__text-inner\"><strong>MERCADILLO DE SANTA FAZ<\/strong>\n<div>\n<img decoding=\"async\" src=\"https:\/\/alicanteturismo.com\/wp-content\/uploads\/2024\/05\/pasador-de-ubicacion.svg\" alt=\"icono\" style=\"width:20px\" \/> Av. de Alicante, Santa Faz, 03599, Alicante\n\n<br><strong>Calendrier<\/strong>\n<br><img decoding=\"async\" src=\"https:\/\/alicanteturismo.com\/wp-content\/uploads\/2024\/05\/reloj-1.svg\" alt=\"icono\" style=\"width:20px\" \/> Dimanche de 10:00 \u00e0 15:00h.<\/div><\/span>\n\t\t\t\t\t\t\t\t\t\t\t\t\t\t\t\t\t\t\t\t\t\t\t\t\t\t\t\t\t\t\t\t\t\t\t\t\t\t\t\t\t\t\t\t\t\t\t\t\t\t\t\t\t\t\t\t\t\t\t\t\t\t\t\t\t\t\t\t\t\t\t\t\t\t\t\t\t\t\t\t\t\t\t\t<\/span>\n\t\t\t\t\t\t\t\t\t\t\t\t\t\t\t\t\t\t\t\t\t\t\t\t\t\t\t\t\t\t\t\t\t<\/td>\n\t\t\t\t\t\t\t\t\t\t\t\t\t\t\t\t\t<\/tbody>\n\t\t\t\t<\/table>\n\n\t\t\t<\/div> \n\t\t\t<style><\/style>\t\t\t\t<\/div>\n\t\t\t\t<\/div>\n\t\t\t\t<\/div>\n\t\t<div id=\"e-n-tab-content-1100074504\" role=\"tabpanel\" aria-labelledby=\"e-n-tab-title-1100074504\" data-tab-index=\"4\" style=\"--n-tabs-title-order: 4;\" class=\" elementor-element elementor-element-2b24f75 e-con-full e-flex e-con e-child\" data-id=\"2b24f75\" data-element_type=\"container\" data-e-type=\"container\">\n\t\t\t\t<div class=\"elementor-element elementor-element-96ea49d elementor-widget elementor-widget-text-editor\" data-id=\"96ea49d\" data-element_type=\"widget\" data-e-type=\"widget\" data-widget_type=\"text-editor.default\">\n\t\t\t\t<div class=\"elementor-widget-container\">\n\t\t\t\t\t\t\t\t\t<p>\n<table id=\"tablepress-9\" class=\"tablepress tablepress-id-9 nauticos\">\n<thead>\n<tr class=\"row-1\">\n\t<td class=\"column-1\"><\/td>\n<\/tr>\n<\/thead>\n<tbody class=\"row-striping row-hover\">\n<tr class=\"row-2\">\n\t<td class=\"column-1\"><strong>Bardisa y Cia S.L.<\/strong><br \/>\n<div><br \/>\n<img decoding=\"async\" src=\"https:\/\/alicanteturismo.com\/wp-content\/uploads\/2024\/05\/pasador-de-ubicacion.svg\" alt=\"icono\" style=\"width:20px; padding-rigth: 20px;\"\/> C\/ Capit\u00e1n Segarra, 12, 03004, Alicante<br \/>\n<img decoding=\"async\" src=\"https:\/\/alicanteturismo.com\/wp-content\/uploads\/2024\/09\/llamada-telefonica.svg\" alt=\"icono\" style=\"width:20px; padding-rigth: 20px;\"\/> +34 965 211 783<br \/>\n<img decoding=\"async\" src=\"https:\/\/alicanteturismo.com\/wp-content\/uploads\/2024\/05\/correo.svg\" alt=\"icono\" style=\"width:20px; padding-rigth: 20px;\"\/> <a href=\"mailto:info@bardisasl.com\">info@bardisasl.com<\/a><br \/>\n<img decoding=\"async\" src=\"https:\/\/alicanteturismo.com\/wp-content\/uploads\/2024\/09\/web.svg\" alt=\"icono\" style=\"width:20px; padding-rigth: 20px;\"\/> <a href=\"http:\/\/www.bardisasl.com\/\" target=\"_blank\" rel=\"noopener\">www.bardisasl.com<\/a><br \/>\n<\/div><\/td>\n<\/tr>\n<tr class=\"row-3\">\n\t<td class=\"column-1\"><strong>Boutique La Granadina<\/strong><br \/>\n<div><br \/>\n<img decoding=\"async\" src=\"https:\/\/alicanteturismo.com\/wp-content\/uploads\/2024\/05\/pasador-de-ubicacion.svg\" alt=\"icono\" style=\"width:20px; padding-rigth: 20px;\"\/> C\/ Gerona 7, 03001, Alicante<br \/>\n<img decoding=\"async\" src=\"https:\/\/alicanteturismo.com\/wp-content\/uploads\/2024\/09\/llamada-telefonica.svg\" alt=\"icono\" style=\"width:20px; padding-rigth: 20px;\"\/> +34 965 211 151<br \/>\n<img decoding=\"async\" src=\"https:\/\/alicanteturismo.com\/wp-content\/uploads\/2024\/05\/correo.svg\" alt=\"icono\" style=\"width:20px; padding-rigth: 20px;\"\/> <a href=\"mailto:lagranadinagourmet@gmail.com\">lagranadinagourmet@gmail.com<\/a><br \/>\n<\/div><\/td>\n<\/tr>\n<tr class=\"row-4\">\n\t<td class=\"column-1\"><strong>Carbonell<\/strong><br \/>\n<div><br \/>\n<img decoding=\"async\" src=\"https:\/\/alicanteturismo.com\/wp-content\/uploads\/2024\/05\/pasador-de-ubicacion.svg\" alt=\"icono\" style=\"width:20px; padding-rigth: 20px;\"\/> C\/ Rafel Altamira 26, 03002, Alicante<br \/>\n<img decoding=\"async\" src=\"https:\/\/alicanteturismo.com\/wp-content\/uploads\/2024\/09\/llamada-telefonica.svg\" alt=\"icono\" style=\"width:20px; padding-rigth: 20px;\"\/> +34 965 215 352<br \/>\n<\/div><\/td>\n<\/tr>\n<tr class=\"row-5\">\n\t<td class=\"column-1\"><strong>Cuquet de Llum<\/strong><br \/>\n<div><br \/>\n<img decoding=\"async\" src=\"https:\/\/alicanteturismo.com\/wp-content\/uploads\/2024\/05\/pasador-de-ubicacion.svg\" alt=\"icono\" style=\"width:20px; padding-rigth: 20px;\"\/> C\/ Lonja de Caballeros 4, 03002, Alicante<br \/>\n<img decoding=\"async\" src=\"https:\/\/alicanteturismo.com\/wp-content\/uploads\/2024\/09\/llamada-telefonica.svg\" alt=\"icono\" style=\"width:20px; padding-rigth: 20px;\"\/> +34 637 661 256<br \/>\n<img decoding=\"async\" src=\"https:\/\/alicanteturismo.com\/wp-content\/uploads\/2024\/05\/correo.svg\" alt=\"icono\" style=\"width:20px; padding-rigth: 20px;\"\/> <a href=\"mailto:info@cuquetdellum.es\">info@cuquetdellum.es<\/a><br \/>\n<\/div><\/td>\n<\/tr>\n<tr class=\"row-6\">\n\t<td class=\"column-1\"><strong>El Club del Gourmet de El Corte Ingl\u00e9s<\/strong><br \/>\n<div><br \/>\n<img decoding=\"async\" src=\"https:\/\/alicanteturismo.com\/wp-content\/uploads\/2024\/05\/pasador-de-ubicacion.svg\" alt=\"icono\" style=\"width:20px; padding-rigth: 20px;\"\/> Av. Maisonnave, 53, 03003, Alicante<br \/>\n<img decoding=\"async\" src=\"https:\/\/alicanteturismo.com\/wp-content\/uploads\/2024\/09\/llamada-telefonica.svg\" alt=\"icono\" style=\"width:20px; padding-rigth: 20px;\"\/> +34 965 925 001<br \/>\n<img decoding=\"async\" src=\"https:\/\/alicanteturismo.com\/wp-content\/uploads\/2024\/09\/web.svg\" alt=\"icono\" style=\"width:20px; padding-rigth: 20px;\"\/> <a href=\"http:\/\/www.elcorteingles.es\/\" target=\"_blank\" rel=\"noopener\">www.elcorteingles.es<\/a><br \/>\n<\/div><\/td>\n<\/tr>\n<tr class=\"row-7\">\n\t<td class=\"column-1\"><strong>Salazones Quintana S.L<\/strong><br \/>\n<div><br \/>\n<img decoding=\"async\" src=\"https:\/\/alicanteturismo.com\/wp-content\/uploads\/2024\/05\/pasador-de-ubicacion.svg\" alt=\"icono\" style=\"width:20px; padding-rigth: 20px;\"\/> C\/ Poeta Quintana 40, 03004, Alicante<br \/>\n<img decoding=\"async\" src=\"https:\/\/alicanteturismo.com\/wp-content\/uploads\/2024\/09\/llamada-telefonica.svg\" alt=\"icono\" style=\"width:20px; padding-rigth: 20px;\"\/> +34 965 214 842<br \/>\n<img decoding=\"async\" src=\"https:\/\/alicanteturismo.com\/wp-content\/uploads\/2024\/05\/correo.svg\" alt=\"icono\" style=\"width:20px; padding-rigth: 20px;\"\/> <a href=\"mailto:salazonesquintana@gmail.com\">salazonesquintana@gmail.com<\/a><br \/>\n<img decoding=\"async\" src=\"https:\/\/alicanteturismo.com\/wp-content\/uploads\/2024\/09\/web.svg\" alt=\"icono\" style=\"width:20px; padding-rigth: 20px;\"\/> <a href=\"http:\/\/www.salazonesquintana.com\/\" target=\"_blank\" rel=\"noopener\">www.salazonesquintana.com<\/a><br \/>\n<\/div><\/td>\n<\/tr>\n<\/tbody>\n<\/table>\n<!-- #tablepress-9 from cache --><\/p>\t\t\t\t\t\t\t\t<\/div>\n\t\t\t\t<\/div>\n\t\t\t\t<\/div>\n\t\t<div id=\"e-n-tab-content-1100074505\" role=\"tabpanel\" aria-labelledby=\"e-n-tab-title-1100074505\" data-tab-index=\"5\" style=\"--n-tabs-title-order: 5;\" class=\" elementor-element elementor-element-802cc67 e-con-full e-flex e-con e-child\" data-id=\"802cc67\" data-element_type=\"container\" data-e-type=\"container\">\n\t\t\t\t<div class=\"elementor-element elementor-element-ade1037 elementor-widget elementor-widget-text-editor\" data-id=\"ade1037\" data-element_type=\"widget\" data-e-type=\"widget\" data-widget_type=\"text-editor.default\">\n\t\t\t\t<div class=\"elementor-widget-container\">\n\t\t\t\t\t\t\t\t\t<p>\n<table id=\"tablepress-10\" class=\"tablepress tablepress-id-10 nauticos\">\n<thead>\n<tr class=\"row-1\">\n\t<td class=\"column-1\"><\/td>\n<\/tr>\n<\/thead>\n<tbody class=\"row-striping row-hover\">\n<tr class=\"row-2\">\n\t<td class=\"column-1\"><strong>Bodegas Bernardino<\/strong><br \/>\n<div><br \/>\n<img decoding=\"async\" src=\"https:\/\/alicanteturismo.com\/wp-content\/uploads\/2024\/05\/pasador-de-ubicacion.svg\" alt=\"icono\" style=\"width:20px; padding-rigth: 20px;\"\/> C\/ Alberola 40, 03007, Alicante<br \/>\n<img decoding=\"async\" src=\"https:\/\/alicanteturismo.com\/wp-content\/uploads\/2024\/09\/llamada-telefonica.svg\" alt=\"icono\" style=\"width:20px; padding-rigth: 20px;\"\/> +34 965 280 873<br \/>\n<img decoding=\"async\" src=\"https:\/\/alicanteturismo.com\/wp-content\/uploads\/2024\/09\/llamada-telefonica.svg\" alt=\"icono\" style=\"width:20px; padding-rigth: 20px;\"\/> +34 605 636 643<br \/>\n<img decoding=\"async\" src=\"https:\/\/alicanteturismo.com\/wp-content\/uploads\/2024\/05\/correo.svg\" alt=\"icono\" style=\"width:20px; padding-rigth: 20px;\"\/> <a href=\"mailto:info@bodegabernardino.es\">info@bodegabernardino.es<\/a><br \/>\n<img decoding=\"async\" src=\"https:\/\/alicanteturismo.com\/wp-content\/uploads\/2024\/09\/web.svg\" alt=\"icono\" style=\"width:20px; padding-rigth: 20px;\"\/> <a href=\"https:\/\/www.bodegabernardino.es\" target=\"_blank\" rel=\"noopener\">www.bodegabernardino.es<\/a><br \/>\n<\/div><\/td>\n<\/tr>\n<tr class=\"row-3\">\n\t<td class=\"column-1\"><strong>Va de vins<\/strong><br \/>\n<div><br \/>\n<img decoding=\"async\" src=\"https:\/\/alicanteturismo.com\/wp-content\/uploads\/2024\/05\/pasador-de-ubicacion.svg\" alt=\"icono\" style=\"width:20px; padding-rigth: 20px;\"\/> C\/ Casta\u00f1os, 33, 03001, Alicante<br \/>\n<img decoding=\"async\" src=\"https:\/\/alicanteturismo.com\/wp-content\/uploads\/2024\/09\/llamada-telefonica.svg\" alt=\"icono\" style=\"width:20px; padding-rigth: 20px;\"\/> +34 965 208 205<br \/>\n<img decoding=\"async\" src=\"https:\/\/alicanteturismo.com\/wp-content\/uploads\/2024\/09\/web.svg\" alt=\"icono\" style=\"width:20px; padding-rigth: 20px;\"\/> <a href=\"http:\/\/www.vadevins.com\/\" target=\"_blank\" rel=\"noopener\">www.vadevins.com<\/a><br \/>\n<\/div><\/td>\n<\/tr>\n<tr class=\"row-4\">\n\t<td class=\"column-1\"><strong>Vinart<\/strong><br \/>\n<div><br \/>\n<img decoding=\"async\" src=\"https:\/\/alicanteturismo.com\/wp-content\/uploads\/2024\/05\/pasador-de-ubicacion.svg\" alt=\"icono\" style=\"width:20px; padding-rigth: 20px;\"\/> Pl. Gabriel Mir\u00f3, 22, 03001, Alicante<br \/>\n<img decoding=\"async\" src=\"https:\/\/alicanteturismo.com\/wp-content\/uploads\/2024\/09\/llamada-telefonica.svg\" alt=\"icono\" style=\"width:20px; padding-rigth: 20px;\"\/> +34 965 203 040<br \/>\n<img decoding=\"async\" src=\"https:\/\/alicanteturismo.com\/wp-content\/uploads\/2024\/05\/correo.svg\" alt=\"icono\" style=\"width:20px; padding-rigth: 20px;\"\/> <a href=\"mailto:info@vinart.es\">info@vinart.es<\/a><br \/>\n<img decoding=\"async\" src=\"https:\/\/alicanteturismo.com\/wp-content\/uploads\/2024\/09\/web.svg\" alt=\"icono\" style=\"width:20px; padding-rigth: 20px;\"\/> <a href=\"https:\/\/vinart.es\" target=\"_blank\" rel=\"noopener\">www.vinart.es<\/a><br \/>\n<\/td>\n<\/tr>\n<tr class=\"row-5\">\n\t<td class=\"column-1\"><strong>Vino y mas<\/strong><br \/>\n<div><br \/>\n<img decoding=\"async\" src=\"https:\/\/alicanteturismo.com\/wp-content\/uploads\/2024\/05\/pasador-de-ubicacion.svg\" alt=\"icono\" style=\"width:20px; padding-rigth: 20px;\"\/> C\/ San Francisco, 32, 03001, Alicante<br \/>\n<img decoding=\"async\" src=\"https:\/\/alicanteturismo.com\/wp-content\/uploads\/2024\/09\/llamada-telefonica.svg\" alt=\"icono\" style=\"width:20px; padding-rigth: 20px;\"\/> +34 965 164 424<br \/>\n<img decoding=\"async\" src=\"https:\/\/alicanteturismo.com\/wp-content\/uploads\/2024\/09\/web.svg\" alt=\"icono\" style=\"width:20px; padding-rigth: 20px;\"\/> <a href=\"http:\/\/www.vinoymas.com\/\" target=\"_blank\" rel=\"noopener\">www.vinoymas.com<\/a><br \/>\n<\/div><\/td>\n<\/tr>\n<tr class=\"row-6\">\n\t<td class=\"column-1\"><strong>Osiris Wine Boutique<\/strong><br \/>\n<div><br \/>\n<img decoding=\"async\" src=\"https:\/\/alicanteturismo.com\/wp-content\/uploads\/2024\/05\/pasador-de-ubicacion.svg\" alt=\"icono\" style=\"width:20px; padding-rigth: 20px;\"\/> C\/ Pablo Iglesias, 19, Local A, 03004, Alicante<br \/>\n<img decoding=\"async\" src=\"https:\/\/alicanteturismo.com\/wp-content\/uploads\/2024\/09\/llamada-telefonica.svg\" alt=\"icono\" style=\"width:20px; padding-rigth: 20px;\"\/> +34 623 177 721<br \/>\n<img decoding=\"async\" src=\"https:\/\/alicanteturismo.com\/wp-content\/uploads\/2024\/09\/web.svg\" alt=\"icono\" style=\"width:20px; padding-rigth: 20px;\"\/> <a href=\"https:\/\/osiriswine.com\" target=\"_blank\" rel=\"noopener\">www.osiriswine.com<\/a><br \/>\n<\/div><\/td>\n<\/tr>\n<\/tbody>\n<\/table>\n<!-- #tablepress-10 from cache --><\/p>\t\t\t\t\t\t\t\t<\/div>\n\t\t\t\t<\/div>\n\t\t\t\t<\/div>\n\t\t<div id=\"e-n-tab-content-1100074506\" role=\"tabpanel\" aria-labelledby=\"e-n-tab-title-1100074506\" data-tab-index=\"6\" style=\"--n-tabs-title-order: 6;\" class=\" elementor-element elementor-element-2f12e20 e-con-full e-flex e-con e-child\" data-id=\"2f12e20\" data-element_type=\"container\" data-e-type=\"container\">\n\t\t\t\t<div class=\"elementor-element elementor-element-b2ba8a6 elementor-widget elementor-widget-text-editor\" data-id=\"b2ba8a6\" data-element_type=\"widget\" data-e-type=\"widget\" data-widget_type=\"text-editor.default\">\n\t\t\t\t<div class=\"elementor-widget-container\">\n\t\t\t\t\t\t\t\t\t<p>\n<table id=\"tablepress-11\" class=\"tablepress tablepress-id-11 nauticos\">\n<thead>\n<tr class=\"row-1\">\n\t<td class=\"column-1\"><\/td>\n<\/tr>\n<\/thead>\n<tbody class=\"row-striping row-hover\">\n<tr class=\"row-2\">\n\t<td class=\"column-1\"><strong>Salazones Mar Menor<\/strong><br \/>\n<div><br \/>\n<img decoding=\"async\" src=\"https:\/\/alicanteturismo.com\/wp-content\/uploads\/2024\/05\/pasador-de-ubicacion.svg\" alt=\"icono\" style=\"width:20px; padding-rigth: 20px;\"\/> C\/ del Capit\u00e1n Segarra, 9, 03004, Alicante<br \/>\n<img decoding=\"async\" src=\"https:\/\/alicanteturismo.com\/wp-content\/uploads\/2024\/09\/llamada-telefonica.svg\" alt=\"icono\" style=\"width:20px; padding-rigth: 20px;\"\/> +34 965 140 222<br \/>\n<img decoding=\"async\" src=\"https:\/\/alicanteturismo.com\/wp-content\/uploads\/2024\/05\/correo.svg\" alt=\"icono\" style=\"width:20px; padding-rigth: 20px;\"\/> <a href=\"mailto:info@salazonesmarmenor.es\">info@salazonesmarmenor.es<\/a><br \/>\n<img decoding=\"async\" src=\"https:\/\/alicanteturismo.com\/wp-content\/uploads\/2024\/09\/web.svg\" alt=\"icono\" style=\"width:20px; padding-rigth: 20px;\"\/> <a href=\"https:\/\/salazonesmarmenor.es\" target=\"_blank\" rel=\"noopener\">www.salazonesmarmenor.es<\/a><\/div><\/td>\n<\/tr>\n<tr class=\"row-3\">\n\t<td class=\"column-1\"><strong>Salazones Quintana S.L<\/strong><br \/>\n<div><br \/>\n<img decoding=\"async\" src=\"https:\/\/alicanteturismo.com\/wp-content\/uploads\/2024\/05\/pasador-de-ubicacion.svg\" alt=\"icono\" style=\"width:20px; padding-rigth: 20px;\"\/> C\/ Poeta Quintana, 64, 03004, Alicante<br \/>\n<img decoding=\"async\" src=\"https:\/\/alicanteturismo.com\/wp-content\/uploads\/2024\/09\/llamada-telefonica.svg\" alt=\"icono\" style=\"width:20px; padding-rigth: 20px;\"\/> +34 965 154 269<\/div><\/td>\n<\/tr>\n<tr class=\"row-4\">\n\t<td class=\"column-1\"><strong>Salazones Vicente Leal<\/strong><br \/>\n<div><br \/>\n<img decoding=\"async\" src=\"https:\/\/alicanteturismo.com\/wp-content\/uploads\/2024\/05\/pasador-de-ubicacion.svg\" alt=\"icono\" style=\"width:20px; padding-rigth: 20px;\"\/> Av. Alfonso el Sabio, S\/N, 03004, Alicante<br \/>\n<img decoding=\"async\" src=\"https:\/\/alicanteturismo.com\/wp-content\/uploads\/2024\/09\/llamada-telefonica.svg\" alt=\"icono\" style=\"width:20px; padding-rigth: 20px;\"\/> +34 965 217 837<br \/>\n<img decoding=\"async\" src=\"https:\/\/alicanteturismo.com\/wp-content\/uploads\/2024\/05\/correo.svg\" alt=\"icono\" style=\"width:20px; padding-rigth: 20px;\"\/> <a href=\"mailto:info@salazonesvicenteleal.com\">info@salazonesvicenteleal.com<\/a><br \/>\n<img decoding=\"async\" src=\"https:\/\/alicanteturismo.com\/wp-content\/uploads\/2024\/09\/web.svg\" alt=\"icono\" style=\"width:20px; padding-rigth: 20px;\"\/> <a href=\"https:\/\/salazonesvicenteleal.com\" target=\"_blank\" rel=\"noopener\">www.salazonesvicenteleal.com<\/a><\/div><\/td>\n<\/tr>\n<\/tbody>\n<\/table>\n<!-- #tablepress-11 from cache --><\/p>\t\t\t\t\t\t\t\t<\/div>\n\t\t\t\t<\/div>\n\t\t\t\t<\/div>\n\t\t<div id=\"e-n-tab-content-1100074507\" role=\"tabpanel\" aria-labelledby=\"e-n-tab-title-1100074507\" data-tab-index=\"7\" style=\"--n-tabs-title-order: 7;\" class=\" elementor-element elementor-element-153b0b1 e-con-full e-flex e-con e-child\" data-id=\"153b0b1\" data-element_type=\"container\" data-e-type=\"container\">\n\t\t\t\t<div class=\"elementor-element elementor-element-3808993 elementor-widget elementor-widget-text-editor\" data-id=\"3808993\" data-element_type=\"widget\" data-e-type=\"widget\" data-widget_type=\"text-editor.default\">\n\t\t\t\t<div class=\"elementor-widget-container\">\n\t\t\t\t\t\t\t\t\t<p>\n<table id=\"tablepress-12\" class=\"tablepress tablepress-id-12 nauticos\">\n<thead>\n<tr class=\"row-1\">\n\t<td class=\"column-1\"><\/td>\n<\/tr>\n<\/thead>\n<tbody class=\"row-striping row-hover\">\n<tr class=\"row-2\">\n\t<td class=\"column-1\"><strong>Turrones E. Candela Esp\u00ed<\/strong><br \/>\n<div><br \/>\n<img decoding=\"async\" src=\"https:\/\/alicanteturismo.com\/wp-content\/uploads\/2024\/05\/pasador-de-ubicacion.svg\" alt=\"icono\" style=\"width:20px; padding-rigth: 20px;\"\/> Av. Constituci\u00f3n, 3, 03002, Alicante<br \/>\n<img decoding=\"async\" src=\"https:\/\/alicanteturismo.com\/wp-content\/uploads\/2024\/09\/llamada-telefonica.svg\" alt=\"icono\" style=\"width:20px; padding-rigth: 20px;\"\/> +34 966 297 865<br \/>\n<img decoding=\"async\" src=\"https:\/\/alicanteturismo.com\/wp-content\/uploads\/2024\/09\/llamada-telefonica.svg\" alt=\"icono\" style=\"width:20px; padding-rigth: 20px;\"\/> +34 637 494 625<\/div><\/td>\n<\/tr>\n<tr class=\"row-3\">\n\t<td class=\"column-1\"><strong>La Despensa de Cristina. Turrones Teclo<\/strong><br \/>\n<div><br \/>\n<img decoding=\"async\" src=\"https:\/\/alicanteturismo.com\/wp-content\/uploads\/2024\/05\/pasador-de-ubicacion.svg\" alt=\"icono\" style=\"width:20px; padding-rigth: 20px;\"\/> C\/ Poeta Vila y Blanco, 11, 03003, Alicante<br \/>\n<img decoding=\"async\" src=\"https:\/\/alicanteturismo.com\/wp-content\/uploads\/2024\/09\/llamada-telefonica.svg\" alt=\"icono\" style=\"width:20px; padding-rigth: 20px;\"\/> +34 965 131 383<br \/>\n<img decoding=\"async\" src=\"https:\/\/alicanteturismo.com\/wp-content\/uploads\/2024\/09\/web.svg\" alt=\"icono\" style=\"width:20px; padding-rigth: 20px;\"\/> <a href=\"https:\/\/www.turronesteclo.com\/\" target=\"_blank\" rel=\"noopener\">www.turronesteclo.com<\/a><\/div><\/td>\n<\/tr>\n<tr class=\"row-4\">\n\t<td class=\"column-1\"><strong>Kiosco de Turrones Monerris- Sirvent<\/strong><br \/>\n<div><br \/>\n<img decoding=\"async\" src=\"https:\/\/alicanteturismo.com\/wp-content\/uploads\/2024\/05\/pasador-de-ubicacion.svg\" alt=\"icono\" style=\"width:20px; padding-rigth: 20px;\"\/> Av. Alfonso El Sabio, n\u00ba 10, 03004 Alicante<br \/>\n<img decoding=\"async\" src=\"https:\/\/alicanteturismo.com\/wp-content\/uploads\/2024\/09\/llamada-telefonica.svg\" alt=\"icono\" style=\"width:20px; padding-rigth: 20px;\"\/> +34 965 217 535<\/div><\/td>\n<\/tr>\n<tr class=\"row-5\">\n\t<td class=\"column-1\"><strong>Turrones Monerris- Sirvent Sirvent<\/strong><br \/>\n<div><br \/>\n<img decoding=\"async\" src=\"https:\/\/alicanteturismo.com\/wp-content\/uploads\/2024\/05\/pasador-de-ubicacion.svg\" alt=\"icono\" style=\"width:20px; padding-rigth: 20px;\"\/> Av. Alfonso el Sabio, 16, 03004, Alicante<br \/>\n<img decoding=\"async\" src=\"https:\/\/alicanteturismo.com\/wp-content\/uploads\/2024\/09\/llamada-telefonica.svg\" alt=\"icono\" style=\"width:20px; padding-rigth: 20px;\"\/> +34 965 217 535<\/div><\/td>\n<\/tr>\n<tr class=\"row-6\">\n\t<td class=\"column-1\"><strong>Turrones Esp\u00ed<\/strong><br \/>\n<div><br \/>\n<img decoding=\"async\" src=\"https:\/\/alicanteturismo.com\/wp-content\/uploads\/2024\/05\/pasador-de-ubicacion.svg\" alt=\"icono\" style=\"width:20px; padding-rigth: 20px;\"\/> C\/ Tom\u00e1s L\u00f3pez Torregrosa, 17, 03002, Alicante<br \/>\n<img decoding=\"async\" src=\"https:\/\/alicanteturismo.com\/wp-content\/uploads\/2024\/09\/llamada-telefonica.svg\" alt=\"icono\" style=\"width:20px; padding-rigth: 20px;\"\/> +34 965 214 441<br \/>\n<img decoding=\"async\" src=\"https:\/\/alicanteturismo.com\/wp-content\/uploads\/2024\/05\/correo.svg\" alt=\"icono\" style=\"width:20px; padding-rigth: 20px;\"\/> <a href=\"mailto:correo@turronesespi.com\">correo@turronesespi.com<\/a><br \/>\n<img decoding=\"async\" src=\"https:\/\/alicanteturismo.com\/wp-content\/uploads\/2024\/09\/web.svg\" alt=\"icono\" style=\"width:20px; padding-rigth: 20px;\"\/> <a href=\"https:\/\/turronesespi.com\" target=\"_blank\" rel=\"noopener\">www.turronesespi.com<\/a><\/div><\/td>\n<\/tr>\n<tr class=\"row-7\">\n\t<td class=\"column-1\"><strong>Turrones 1880<\/strong><br \/>\n<div><br \/>\n<img decoding=\"async\" src=\"https:\/\/alicanteturismo.com\/wp-content\/uploads\/2024\/05\/pasador-de-ubicacion.svg\" alt=\"icono\" style=\"width:20px; padding-rigth: 20px;\"\/> C\/ Mayor, 9, 03002, Alicante<br \/>\n<img decoding=\"async\" src=\"https:\/\/alicanteturismo.com\/wp-content\/uploads\/2024\/09\/llamada-telefonica.svg\" alt=\"icono\" style=\"width:20px; padding-rigth: 20px;\"\/> +34 965 219 281<br \/>\n<img decoding=\"async\" src=\"https:\/\/alicanteturismo.com\/wp-content\/uploads\/2024\/09\/web.svg\" alt=\"icono\" style=\"width:20px; padding-rigth: 20px;\"\/> <a href=\"http:\/\/www.turron1880.com\/\" target=\"_blank\" rel=\"noopener\">www.turron1880.com<\/a><\/td>\n<\/tr>\n<\/tbody>\n<\/table>\n<!-- #tablepress-12 from cache --><\/p>\t\t\t\t\t\t\t\t<\/div>\n\t\t\t\t<\/div>\n\t\t\t\t<\/div>\n\t\t\t\t\t<\/div>\n\t\t<\/div>\n\t\t\t\t\t\t<\/div>\n\t\t\t\t<\/div>\n\t\t<div class=\"elementor-element elementor-element-98b64a3 e-con-full e-flex e-con e-child\" data-id=\"98b64a3\" data-element_type=\"container\" data-e-type=\"container\">\n\t\t\t\t<div class=\"elementor-element elementor-element-d6ed3ac elementor-widget__width-inherit elementor-widget elementor-widget-heading\" data-id=\"d6ed3ac\" data-element_type=\"widget\" data-e-type=\"widget\" data-widget_type=\"heading.default\">\n\t\t\t\t<div class=\"elementor-widget-container\">\n\t\t\t\t\t<h2 class=\"elementor-heading-title elementor-size-default\">* Avis Important<\/h2>\t\t\t\t<\/div>\n\t\t\t\t<\/div>\n\t\t\t\t<div class=\"elementor-element elementor-element-8728f79 elementor-widget__width-inherit elementor-widget elementor-widget-text-editor\" data-id=\"8728f79\" data-element_type=\"widget\" data-e-type=\"widget\" data-widget_type=\"text-editor.default\">\n\t\t\t\t<div class=\"elementor-widget-container\">\n\t\t\t\t\t\t\t\t\t<p>Le <strong>Patronat Municipal du Tourisme d\u2019Alicante<\/strong> n&rsquo;est pas <strong>responsable<\/strong> des <strong>modifications<\/strong> qui pourraient survenir concernant les <strong>coordonn\u00e9es, horaires, emplacements<\/strong> des h\u00e9bergements, restaurants, entreprises de services touristiques et transports, ainsi que des <strong>\u00e9quipements culturels<\/strong> de la ville. Il est recommand\u00e9 de <strong>v\u00e9rifier les informations<\/strong> au pr\u00e9alable.<\/p>\t\t\t\t\t\t\t\t<\/div>\n\t\t\t\t<\/div>\n\t\t\t\t<\/div>\n\t\t<div class=\"elementor-element elementor-element-7b2d4d2 e-con-full e-flex e-con e-child\" data-id=\"7b2d4d2\" data-element_type=\"container\" data-e-type=\"container\" data-settings=\"{&quot;background_background&quot;:&quot;classic&quot;}\">\n\t\t<div class=\"elementor-element elementor-element-78e76dbe e-con-full e-flex e-con e-child\" data-id=\"78e76dbe\" data-element_type=\"container\" data-e-type=\"container\">\n\t\t\t\t<div class=\"elementor-element elementor-element-764f4a03 elementor-position-inline-start elementor-mobile-position-inline-start elementor-view-default elementor-widget elementor-widget-icon-box\" data-id=\"764f4a03\" data-element_type=\"widget\" data-e-type=\"widget\" data-widget_type=\"icon-box.default\">\n\t\t\t\t<div class=\"elementor-widget-container\">\n\t\t\t\t\t\t\t<div class=\"elementor-icon-box-wrapper\">\n\n\t\t\t\t\t\t<div class=\"elementor-icon-box-icon\">\n\t\t\t\t<span  class=\"elementor-icon\">\n\t\t\t\t<svg xmlns=\"http:\/\/www.w3.org\/2000\/svg\" xmlns:xlink=\"http:\/\/www.w3.org\/1999\/xlink\" width=\"512\" height=\"512\" x=\"0\" y=\"0\" viewBox=\"0 0 100 100\" style=\"enable-background:new 0 0 512 512\" xml:space=\"preserve\" class=\"\"><g><path fill-rule=\"evenodd\" d=\"M78.5 12V5.667a3.168 3.168 0 0 0-6.333 0v3.166h-14.25c-.421 0-.824.168-1.121.463-.295.297-.463.7-.463 1.12V12A3.168 3.168 0 0 1 50 12V5.667a3.168 3.168 0 0 0-6.333 0v3.166h-14.25c-.421 0-.824.168-1.121.463-.295.297-.463.7-.463 1.12V12a3.168 3.168 0 0 1-6.333 0V5.667a3.168 3.168 0 0 0-6.333 0v3.166h-4.75A7.917 7.917 0 0 0 2.5 16.75v72.833a7.917 7.917 0 0 0 7.917 7.917h79.166a7.917 7.917 0 0 0 7.917-7.917V16.75a7.917 7.917 0 0 0-7.917-7.917h-3.166c-.421 0-.824.168-1.121.463-.295.297-.463.7-.463 1.12V12a3.168 3.168 0 0 1-6.333 0zm12.667 22.167v55.416c0 .421-.168.824-.463 1.121-.297.295-.7.463-1.12.463H10.416c-.421 0-.824-.168-1.121-.463a1.595 1.595 0 0 1-.463-1.12V34.166zM59.5 69a3.168 3.168 0 0 0-3.167-3.167H43.667A3.168 3.168 0 0 0 40.5 69v12.667a3.168 3.168 0 0 0 3.167 3.166h12.666a3.168 3.168 0 0 0 3.167-3.166V69zm25.333 0a3.168 3.168 0 0 0-3.166-3.167H69A3.168 3.168 0 0 0 65.833 69v12.667A3.168 3.168 0 0 0 69 84.833h12.667a3.168 3.168 0 0 0 3.166-3.166zm-50.666 0A3.168 3.168 0 0 0 31 65.833H18.333A3.168 3.168 0 0 0 15.167 69v12.667a3.168 3.168 0 0 0 3.166 3.166H31a3.168 3.168 0 0 0 3.167-3.166zM59.5 43.667a3.168 3.168 0 0 0-3.167-3.167H43.667a3.168 3.168 0 0 0-3.167 3.167v12.666a3.168 3.168 0 0 0 3.167 3.167h12.666a3.168 3.168 0 0 0 3.167-3.167zm25.333 0a3.168 3.168 0 0 0-3.166-3.167H69a3.168 3.168 0 0 0-3.167 3.167v12.666A3.168 3.168 0 0 0 69 59.5h12.667a3.168 3.168 0 0 0 3.166-3.167zm-50.666 0A3.168 3.168 0 0 0 31 40.5H18.333a3.168 3.168 0 0 0-3.166 3.167v12.666a3.168 3.168 0 0 0 3.166 3.167H31a3.168 3.168 0 0 0 3.167-3.167z\" clip-rule=\"evenodd\" fill=\"#00adbb\" opacity=\"1\" data-original=\"#000000\"><\/path><\/g><\/svg>\t\t\t\t<\/span>\n\t\t\t<\/div>\n\t\t\t\n\t\t\t\t\t\t<div class=\"elementor-icon-box-content\">\n\n\t\t\t\t\t\t\t\t\t<h2 class=\"elementor-icon-box-title\">\n\t\t\t\t\t\t<span  >\n\t\t\t\t\t\t\tCalendrier des \u00e9v\u00e9nements\t\t\t\t\t\t<\/span>\n\t\t\t\t\t<\/h2>\n\t\t\t\t\n\t\t\t\t\n\t\t\t<\/div>\n\t\t\t\n\t\t<\/div>\n\t\t\t\t\t\t<\/div>\n\t\t\t\t<\/div>\n\t\t\t\t<div class=\"elementor-element elementor-element-5765511a elementor-widget-mobile__width-inherit titulohover elementor-widget elementor-widget-heading\" data-id=\"5765511a\" data-element_type=\"widget\" data-e-type=\"widget\" data-widget_type=\"heading.default\">\n\t\t\t\t<div class=\"elementor-widget-container\">\n\t\t\t\t\t<h5 class=\"elementor-heading-title elementor-size-default\"><a href=\"https:\/\/alicanteturismo.com\/fr\/lordre-du-jour\/\">Tous les \u00e9v\u00e9nements<\/a><\/h5>\t\t\t\t<\/div>\n\t\t\t\t<\/div>\n\t\t\t\t<\/div>\n\t\t\t\t<div class=\"elementor-element elementor-element-63c5b71 elementor-widget elementor-widget-shortcode\" data-id=\"63c5b71\" data-element_type=\"widget\" data-e-type=\"widget\" data-widget_type=\"shortcode.default\">\n\t\t\t\t<div class=\"elementor-widget-container\">\n\t\t\t\t\t\t\t<div class=\"elementor-shortcode\"><div class=\"mec-wrap mec-skin-grid-container  \" id=\"mec_skin_277957\">\r\n\r\n    \r\n            <div class=\"mec-skin-grid-events-container\" id=\"mec_skin_events_277957\">\r\n        <div class=\"mec-wrap colorskin-custom\">\r\n    <div class=\"mec-event-grid-minimal\" data-widget-autoplay=\"1\" data-widget-loop=\"1\" data-widget-autoplay-time=\"3000\">\r\n        <div class=\"row\"><div class=\"col-md-4 col-sm-4\"><article class=\" mec-event-article mec-clear  \" itemscope>                    <div class=\"mec-event-date mec-bg-color-hover mec-border-color-hover mec-color\"><span>28<\/span>Nov<\/div>\r\n            <div class=\"event-detail-wrap\">\r\n                <h4 class=\"mec-event-title\"><a class=\"mec-color-hover\" data-event-id=\"314531\" href=\"https:\/\/alicanteturismo.com\/fr\/events\/exposicion-la-epoca-romantica-en-el-mubag\/?occurrence=2025-11-28\" target=\"_self\" rel=\"noopener\">Exposici\u00f3n \u201cLa \u00e9poca rom\u00e1ntica\u201d en el MUBAG<\/a><span class=\"event-color\" style=\"background: #336dab\"><\/span><\/h4>\r\n                                                <div class=\"mec-event-detail\">\r\n                    <div class=\"mec-event-loc-place\"><i class=\"mec-sl-location-pin\"><\/i>Museo de Bellas Artes Gravina (MUBAG)<\/div>                                                                                                <\/div>\r\n            <\/div>\r\n        <\/article><\/div>                <div class=\"col-md-4 col-sm-4\"><article class=\" mec-event-article mec-clear  \" itemscope>                    <div class=\"mec-event-date mec-bg-color-hover mec-border-color-hover mec-color\"><span>26<\/span>Jan<\/div>\r\n            <div class=\"event-detail-wrap\">\r\n                <h4 class=\"mec-event-title\"><a class=\"mec-color-hover\" data-event-id=\"316019\" href=\"https:\/\/alicanteturismo.com\/fr\/events\/exposicion-una-vision-de-alicante-en-el-siglo-xix\/?occurrence=2026-01-26\" target=\"_self\" rel=\"noopener\">Exposici\u00f3n: Una visi\u00f3n de Alicante en el siglo XIX<\/a><span class=\"event-color\" style=\"background: #336dab\"><\/span><\/h4>\r\n                                                <div class=\"mec-event-detail\">\r\n                    <div class=\"mec-event-loc-place\"><i class=\"mec-sl-location-pin\"><\/i>Archivo Municipal de Alicante<\/div>                                                                                                <\/div>\r\n            <\/div>\r\n        <\/article><\/div>                <div class=\"col-md-4 col-sm-4\"><article class=\"mec-past-event mec-event-article mec-clear  \" itemscope>                    <div class=\"mec-event-date mec-bg-color-hover mec-border-color-hover mec-color\"><span>27<\/span>Avr<\/div>\r\n            <div class=\"event-detail-wrap\">\r\n                <h4 class=\"mec-event-title\"><a class=\"mec-color-hover\" data-event-id=\"296389\" href=\"https:\/\/alicanteturismo.com\/fr\/events\/exposicion-permanente-musa\/?occurrence=2026-04-27\" target=\"_self\" rel=\"noopener\">Exposici\u00f3n Permanente MUSA<\/a><span class=\"event-color\" style=\"background: #336dab\"><\/span><\/h4>\r\n                                                <div class=\"mec-event-detail\">\r\n                    <div class=\"mec-event-loc-place\"><i class=\"mec-sl-location-pin\"><\/i>Ch\u00e2teau de Santa Barbara<\/div>                                                                                                <\/div>\r\n            <\/div>\r\n        <\/article><\/div><\/div>        <div class=\"row\"><div class=\"col-md-4 col-sm-4\"><article class=\"mec-past-event mec-event-article mec-clear  \" itemscope>                    <div class=\"mec-event-date mec-bg-color-hover mec-border-color-hover mec-color\"><span>27<\/span>Avr<\/div>\r\n            <div class=\"event-detail-wrap\">\r\n                <h4 class=\"mec-event-title\"><a class=\"mec-color-hover\" data-event-id=\"313076\" href=\"https:\/\/alicanteturismo.com\/fr\/events\/stargazing-on-tabarca-island\/?occurrence=2026-04-27&#038;time=1777309200\" target=\"_self\" rel=\"noopener\">Stargazing on Tabarca Island<\/a><\/h4>\r\n                                                <div class=\"mec-event-detail\">\r\n                    <div class=\"mec-event-loc-place\"><i class=\"mec-sl-location-pin\"><\/i>Isla Tabarca<\/div>                                                                                                <\/div>\r\n            <\/div>\r\n        <\/article><\/div>                        <\/div>\t<\/div>\r\n<\/div>\r\n\r\n    <\/div>\r\n    <div class=\"mec-skin-grid-no-events-container mec-util-hidden\" id=\"mec_skin_no_events_277957\">\r\n        Aucun \u00e9v\u00e9nement trouv\u00e9 !    <\/div>\r\n    \r\n    \r\n<\/div>\r\n\n<\/div>\n\t\t\t\t\t\t<\/div>\n\t\t\t\t<\/div>\n\t\t\t\t<\/div>\n\t\t\t\t<div class=\"elementor-element elementor-element-c808bf7 elementor-widget__width-inherit elementor-widget elementor-widget-html\" data-id=\"c808bf7\" data-element_type=\"widget\" data-e-type=\"widget\" data-widget_type=\"html.default\">\n\t\t\t\t<div class=\"elementor-widget-container\">\n\t\t\t\t\t<iframe src=\"https:\/\/www.google.com\/maps\/d\/embed?mid=11KGMw70BObLWQ6at2c58vhWyiMyjxlOZ&amp;hl=es&amp;ehbc=2E312F\" width=\"640\" height=\"480\"><\/iframe>\t\t\t\t<\/div>\n\t\t\t\t<\/div>\n\t\t\t\t<\/div>\n\t\t\t\t<\/div>\n\t\t","protected":false},"excerpt":{"rendered":"<p>\u00c0 Alicante, vous pourrez vous promener dans des quartiers charg\u00e9s d&rsquo;histoire, au commerce local anim\u00e9, et faire du shopping en alliant tradition et modernit\u00e9 : du march\u00e9 central anim\u00e9 aux charmantes boutiques locales, la ville offre bien plus que de simples souvenirs. Les saveurs les plus authentiques, comme le poisson sal\u00e9, le touron (nougat) et [&hellip;]<\/p>\n","protected":false},"author":1,"featured_media":0,"parent":0,"menu_order":0,"comment_status":"closed","ping_status":"closed","template":"","meta":{"_acf_changed":false,"footnotes":""},"class_list":["post-284244","page","type-page","status-publish","hentry"],"acf":[],"_links":{"self":[{"href":"https:\/\/alicanteturismo.com\/fr\/wp-json\/wp\/v2\/pages\/284244","targetHints":{"allow":["GET"]}}],"collection":[{"href":"https:\/\/alicanteturismo.com\/fr\/wp-json\/wp\/v2\/pages"}],"about":[{"href":"https:\/\/alicanteturismo.com\/fr\/wp-json\/wp\/v2\/types\/page"}],"author":[{"embeddable":true,"href":"https:\/\/alicanteturismo.com\/fr\/wp-json\/wp\/v2\/users\/1"}],"replies":[{"embeddable":true,"href":"https:\/\/alicanteturismo.com\/fr\/wp-json\/wp\/v2\/comments?post=284244"}],"version-history":[{"count":0,"href":"https:\/\/alicanteturismo.com\/fr\/wp-json\/wp\/v2\/pages\/284244\/revisions"}],"wp:attachment":[{"href":"https:\/\/alicanteturismo.com\/fr\/wp-json\/wp\/v2\/media?parent=284244"}],"curies":[{"name":"wp","href":"https:\/\/api.w.org\/{rel}","templated":true}]}}