{"id":284184,"date":"2024-09-05T16:08:44","date_gmt":"2024-09-05T14:08:44","guid":{"rendered":"https:\/\/dev.alicanteturismo.com\/lordre-du-jour\/"},"modified":"2025-01-12T12:25:52","modified_gmt":"2025-01-12T11:25:52","slug":"lordre-du-jour","status":"publish","type":"page","link":"https:\/\/alicanteturismo.com\/fr\/lordre-du-jour\/","title":{"rendered":"Calendrier"},"content":{"rendered":"\t\t<div data-elementor-type=\"wp-page\" data-elementor-id=\"284184\" class=\"elementor elementor-284184 elementor-22311\" data-elementor-post-type=\"page\">\n\t\t\t\t<div class=\"elementor-element elementor-element-ba669a3 e-con-full e-ecs-flex e-flex e-con e-parent\" data-id=\"ba669a3\" data-element_type=\"container\" data-e-type=\"container\" data-settings=\"{&quot;background_background&quot;:&quot;classic&quot;,&quot;ecs_container_type&quot;:&quot;flex&quot;}\">\n\t\t\t\t<div class=\"elementor-element elementor-element-27a6c05 elementor-widget__width-inherit elementor-widget elementor-widget-heading\" data-id=\"27a6c05\" data-element_type=\"widget\" data-e-type=\"widget\" data-widget_type=\"heading.default\">\n\t\t\t\t<div class=\"elementor-widget-container\">\n\t\t\t\t\t<h1 class=\"elementor-heading-title elementor-size-default\">Calendrier des \u00e9v\u00e9nements<\/h1>\t\t\t\t<\/div>\n\t\t\t\t<\/div>\n\t\t\t\t<\/div>\n\t\t<div class=\"elementor-element elementor-element-e3cc2a0 e-con-full e-ecs-flex e-flex e-con e-parent\" data-id=\"e3cc2a0\" data-element_type=\"container\" data-e-type=\"container\" data-settings=\"{&quot;ecs_container_type&quot;:&quot;flex&quot;}\">\n\t\t\t\t<div class=\"elementor-element elementor-element-d64ec0d elementor-widget__width-inherit elementor-widget elementor-widget-shortcode\" data-id=\"d64ec0d\" data-element_type=\"widget\" data-e-type=\"widget\" data-widget_type=\"shortcode.default\">\n\t\t\t\t<div class=\"elementor-widget-container\">\n\t\t\t\t\t\t\t<div class=\"elementor-shortcode\"><div id=\"mec_skin_mec1\" class=\"mec-wrap colorskin-custom  \">\r\n\r\n    <form id=\"mec_search_form_mec1\" class=\"mec-search-form mec-totalcal-box mec-dropdown-classic\" autocomplete=\"off\" role=\"search\" aria-label=\"Event search\"><div class=\"mec-dropdown-wrap\" ><div class=\"mec-dropdown-search\"><i class=\"mec-sl-folder\"><\/i><select aria-label=\"Cat\u00e9gorie\"  name=' ' id='mec_sf_category_mec1' class='postform'>\n\t<option value='' selected='selected'>Cat\u00e9gorie<\/option>\n\t<option class=\"level-0\" value=\"1092\">Ch\u00e2teau de Santa Barbara<\/option>\n\t<option class=\"level-0\" value=\"1366\">Circuits<\/option>\n\t<option class=\"level-0\" value=\"1164\">Congr\u00e8s et conf\u00e9rences<\/option>\n\t<option class=\"level-0\" value=\"1013\">Culture<\/option>\n\t<option class=\"level-1\" value=\"1072\">&nbsp;&nbsp;&nbsp;Ateliers et cours<\/option>\n\t<option class=\"level-1\" value=\"979\">&nbsp;&nbsp;&nbsp;Com\u00e9dies musicales<\/option>\n\t<option class=\"level-1\" value=\"992\">&nbsp;&nbsp;&nbsp;Concerts<\/option>\n\t<option class=\"level-1\" value=\"1060\">&nbsp;&nbsp;&nbsp;Danse<\/option>\n\t<option class=\"level-1\" value=\"1064\">&nbsp;&nbsp;&nbsp;Exhibitions<\/option>\n\t<option class=\"level-1\" value=\"987\">&nbsp;&nbsp;&nbsp;Th\u00e9\u00e2tre<\/option>\n\t<option class=\"level-0\" value=\"1059\">Enfants<\/option>\n\t<option class=\"level-0\" value=\"1002\">\u00c9v\u00e9nement remarquable<\/option>\n\t<option class=\"level-0\" value=\"1000\">F\u00eates<\/option>\n\t<option class=\"level-1\" value=\"1026\">&nbsp;&nbsp;&nbsp;F\u00eates traditionnelles<\/option>\n\t<option class=\"level-1\" value=\"1043\">&nbsp;&nbsp;&nbsp;Feux de joie de San Juan<\/option>\n\t<option class=\"level-0\" value=\"1039\">Gastronomie<\/option>\n\t<option class=\"level-1\" value=\"1156\">&nbsp;&nbsp;&nbsp;D\u00e9gustations<\/option>\n\t<option class=\"level-1\" value=\"1242\">&nbsp;&nbsp;&nbsp;March\u00e9s et march\u00e9s de rue<\/option>\n\t<option class=\"level-0\" value=\"1024\">Loisirs<\/option>\n\t<option class=\"level-1\" value=\"1239\">&nbsp;&nbsp;&nbsp;Cinema<\/option>\n\t<option class=\"level-1\" value=\"1090\">&nbsp;&nbsp;&nbsp;Festivals<\/option>\n\t<option class=\"level-1\" value=\"1810\">&nbsp;&nbsp;&nbsp;foires<\/option>\n\t<option class=\"level-1\" value=\"995\">&nbsp;&nbsp;&nbsp;Music Festivals<\/option>\n\t<option class=\"level-1\" value=\"1994\">&nbsp;&nbsp;&nbsp;Musique<\/option>\n\t<option class=\"level-1\" value=\"1078\">&nbsp;&nbsp;&nbsp;Visites guid\u00e9es<\/option>\n\t<option class=\"level-2\" value=\"1927\">&nbsp;&nbsp;&nbsp;&nbsp;&nbsp;&nbsp;Visites guid\u00e9es par des guides professionnels<\/option>\n\t<option class=\"level-2\" value=\"1091\">&nbsp;&nbsp;&nbsp;&nbsp;&nbsp;&nbsp;Visites th\u00e9\u00e2tralis\u00e9es<\/option>\n\t<option class=\"level-0\" value=\"971\">Sports<\/option>\n\t<option class=\"level-1\" value=\"1073\">&nbsp;&nbsp;&nbsp;Activit\u00e9s nautiques<\/option>\n\t<option class=\"level-1\" value=\"1051\">&nbsp;&nbsp;&nbsp;Marathons et courses<\/option>\n\t<option class=\"level-1\" value=\"2029\">&nbsp;&nbsp;&nbsp;Natation<\/option>\n\t<option class=\"level-1\" value=\"1449\">&nbsp;&nbsp;&nbsp;Randonn\u00e9e<\/option>\n\t<option class=\"level-0\" value=\"2020\">Tabarca<\/option>\n<\/select>\n<\/div><\/div><div class=\"mec-text-input-search\"><i class=\"mec-sl-magnifier\"><\/i>\r\n                    <input type=\"search\" value=\"\" id=\"mec_sf_s_mec1\" placeholder=\"\" title=\"\" aria-label=\"Texte\" \/>\r\n                <\/div><div id=\"mec_search_form_mec1_status\" class=\"mec-screen-reader-text\" role=\"status\" aria-live=\"polite\" aria-atomic=\"true\"><\/div><\/form>\r\n    <div class=\"mec-calendar \" id=\"mec_skin_events_mec1_full\">\r\n        <div class=\"mec-calendar-topsec\">        <div class=\"mec-calendar-side mec-clear\">\r\n                        <div class=\"mec-skin-monthly-view-month-navigator-container\">\r\n                <div class=\"mec-month-navigator\" id=\"mec_month_navigator_mec1_202609\"><div class=\"mec-previous-month mec-load-month mec-previous-month\" data-mec-year=\"2026\" data-mec-month=\"08\"><a href=\"#\" class=\"mec-load-month-link\"><i class=\"mec-sl-angle-left\"><\/i> ao\u00fbt<\/a><\/div><div class=\"mec-calendar-header\"><h2>septembre 2026<\/h2><\/div><div class=\"mec-next-month mec-load-month mec-next-month\" data-mec-year=\"2026\" data-mec-month=\"10\"><a href=\"#\" class=\"mec-load-month-link\">octobre <i class=\"mec-sl-angle-right\"><\/i><\/a><\/div><\/div>\r\n            <\/div>\r\n            \r\n            <div class=\"mec-calendar-table\" id=\"mec_skin_events_mec1\">\r\n                <div class=\"mec-month-container mec-month-container-selected\" id=\"mec_monthly_view_month_mec1_202609\" data-month-id=\"202609\"><div class=\"mec-calendar-table-head\"><div class=\"mec-calendar-day-head\">LUN<\/div><div class=\"mec-calendar-day-head\">MAR<\/div><div class=\"mec-calendar-day-head\">MER<\/div><div class=\"mec-calendar-day-head\">JEU<\/div><div class=\"mec-calendar-day-head\">VEN<\/div><div class=\"mec-calendar-day-head\">SAM<\/div><div class=\"mec-calendar-day-head\">DIM<\/div><\/div><dl class=\"mec-calendar-row\">\r\n    <dt class=\"mec-calendar-day mec-has-event mec-table-nullday \" data-mec-cell=\"20260831\" data-day=\"31\" data-month=\"202609\"><a href=\"#\" class=\"mec-has-event-a\">31<\/a><\/dt><dt class=\"mec-calendar-day mec-has-event  mec-selected-day\" data-mec-cell=\"20260901\" data-day=\"1\" data-month=\"202609\"><a href=\"#\" class=\"mec-has-event-a\">1<\/a><\/dt><\/dt><dt class=\"mec-calendar-day mec-has-event \" data-mec-cell=\"20260902\" data-day=\"2\" data-month=\"202609\"><a href=\"#\" class=\"mec-has-event-a\">2<\/a><\/dt><\/dt><dt class=\"mec-calendar-day mec-has-event \" data-mec-cell=\"20260903\" data-day=\"3\" data-month=\"202609\"><a href=\"#\" class=\"mec-has-event-a\">3<\/a><\/dt><\/dt><dt class=\"mec-calendar-day mec-has-event \" data-mec-cell=\"20260904\" data-day=\"4\" data-month=\"202609\"><a href=\"#\" class=\"mec-has-event-a\">4<\/a><\/dt><\/dt><dt class=\"mec-calendar-day mec-has-event \" data-mec-cell=\"20260905\" data-day=\"5\" data-month=\"202609\"><a href=\"#\" class=\"mec-has-event-a\">5<\/a><\/dt><\/dt><dt class=\"mec-calendar-day mec-has-event \" data-mec-cell=\"20260906\" data-day=\"6\" data-month=\"202609\"><a href=\"#\" class=\"mec-has-event-a\">6<\/a><\/dt><\/dt><\/dl><dl class=\"mec-calendar-row\"><dt class=\"mec-calendar-day mec-has-event \" data-mec-cell=\"20260907\" data-day=\"7\" data-month=\"202609\"><a href=\"#\" class=\"mec-has-event-a\">7<\/a><\/dt><\/dt><dt class=\"mec-calendar-day mec-has-event \" data-mec-cell=\"20260908\" data-day=\"8\" data-month=\"202609\"><a href=\"#\" class=\"mec-has-event-a\">8<\/a><\/dt><\/dt><dt class=\"mec-calendar-day mec-has-event \" data-mec-cell=\"20260909\" data-day=\"9\" data-month=\"202609\"><a href=\"#\" class=\"mec-has-event-a\">9<\/a><\/dt><\/dt><dt class=\"mec-calendar-day mec-has-event \" data-mec-cell=\"20260910\" data-day=\"10\" data-month=\"202609\"><a href=\"#\" class=\"mec-has-event-a\">10<\/a><\/dt><\/dt><dt class=\"mec-calendar-day mec-has-event \" data-mec-cell=\"20260911\" data-day=\"11\" data-month=\"202609\"><a href=\"#\" class=\"mec-has-event-a\">11<\/a><\/dt><\/dt><dt class=\"mec-calendar-day mec-has-event \" data-mec-cell=\"20260912\" data-day=\"12\" data-month=\"202609\"><a href=\"#\" class=\"mec-has-event-a\">12<\/a><\/dt><\/dt><dt class=\"mec-calendar-day mec-has-event \" data-mec-cell=\"20260913\" data-day=\"13\" data-month=\"202609\"><a href=\"#\" class=\"mec-has-event-a\">13<\/a><\/dt><\/dt><\/dl><dl class=\"mec-calendar-row\"><dt class=\"mec-calendar-day mec-has-event \" data-mec-cell=\"20260914\" data-day=\"14\" data-month=\"202609\"><a href=\"#\" class=\"mec-has-event-a\">14<\/a><\/dt><\/dt><dt class=\"mec-calendar-day mec-has-event \" data-mec-cell=\"20260915\" data-day=\"15\" data-month=\"202609\"><a href=\"#\" class=\"mec-has-event-a\">15<\/a><\/dt><\/dt><dt class=\"mec-calendar-day mec-has-event \" data-mec-cell=\"20260916\" data-day=\"16\" data-month=\"202609\"><a href=\"#\" class=\"mec-has-event-a\">16<\/a><\/dt><\/dt><dt class=\"mec-calendar-day mec-has-event \" data-mec-cell=\"20260917\" data-day=\"17\" data-month=\"202609\"><a href=\"#\" class=\"mec-has-event-a\">17<\/a><\/dt><\/dt><dt class=\"mec-calendar-day mec-has-event \" data-mec-cell=\"20260918\" data-day=\"18\" data-month=\"202609\"><a href=\"#\" class=\"mec-has-event-a\">18<\/a><\/dt><\/dt><dt class=\"mec-calendar-day mec-has-event \" data-mec-cell=\"20260919\" data-day=\"19\" data-month=\"202609\"><a href=\"#\" class=\"mec-has-event-a\">19<\/a><\/dt><\/dt><dt class=\"mec-calendar-day mec-has-event \" data-mec-cell=\"20260920\" data-day=\"20\" data-month=\"202609\"><a href=\"#\" class=\"mec-has-event-a\">20<\/a><\/dt><\/dt><\/dl><dl class=\"mec-calendar-row\"><dt class=\"mec-calendar-day mec-has-event \" data-mec-cell=\"20260921\" data-day=\"21\" data-month=\"202609\"><a href=\"#\" class=\"mec-has-event-a\">21<\/a><\/dt><\/dt><dt class=\"mec-calendar-day mec-has-event \" data-mec-cell=\"20260922\" data-day=\"22\" data-month=\"202609\"><a href=\"#\" class=\"mec-has-event-a\">22<\/a><\/dt><\/dt><dt class=\"mec-calendar-day mec-has-event \" data-mec-cell=\"20260923\" data-day=\"23\" data-month=\"202609\"><a href=\"#\" class=\"mec-has-event-a\">23<\/a><\/dt><\/dt><dt class=\"mec-calendar-day mec-has-event \" data-mec-cell=\"20260924\" data-day=\"24\" data-month=\"202609\"><a href=\"#\" class=\"mec-has-event-a\">24<\/a><\/dt><\/dt><dt class=\"mec-calendar-day mec-has-event \" data-mec-cell=\"20260925\" data-day=\"25\" data-month=\"202609\"><a href=\"#\" class=\"mec-has-event-a\">25<\/a><\/dt><\/dt><dt class=\"mec-calendar-day mec-has-event \" data-mec-cell=\"20260926\" data-day=\"26\" data-month=\"202609\"><a href=\"#\" class=\"mec-has-event-a\">26<\/a><\/dt><\/dt><dt class=\"mec-calendar-day mec-has-event \" data-mec-cell=\"20260927\" data-day=\"27\" data-month=\"202609\"><a href=\"#\" class=\"mec-has-event-a\">27<\/a><\/dt><\/dt><\/dl><dl class=\"mec-calendar-row\"><dt class=\"mec-calendar-day mec-has-event \" data-mec-cell=\"20260928\" data-day=\"28\" data-month=\"202609\"><a href=\"#\" class=\"mec-has-event-a\">28<\/a><\/dt><\/dt><dt class=\"mec-calendar-day mec-has-event \" data-mec-cell=\"20260929\" data-day=\"29\" data-month=\"202609\"><a href=\"#\" class=\"mec-has-event-a\">29<\/a><\/dt><\/dt><dt class=\"mec-calendar-day mec-has-event \" data-mec-cell=\"20260930\" data-day=\"30\" data-month=\"202609\"><a href=\"#\" class=\"mec-has-event-a\">30<\/a><\/dt><\/dt><dt class=\"mec-calendar-day mec-has-event mec-table-nullday \" data-mec-cell=\"20261001\" data-day=\"1\" data-month=\"202609\"><a href=\"#\" class=\"mec-has-event-a\">1<\/a><\/dt><dt class=\"mec-calendar-day mec-has-event mec-table-nullday \" data-mec-cell=\"20261002\" data-day=\"2\" data-month=\"202609\"><a href=\"#\" class=\"mec-has-event-a\">2<\/a><\/dt><dt class=\"mec-calendar-day mec-has-event mec-table-nullday \" data-mec-cell=\"20261003\" data-day=\"3\" data-month=\"202609\"><a href=\"#\" class=\"mec-has-event-a\">3<\/a><\/dt><dt class=\"mec-calendar-day mec-has-event mec-table-nullday \" data-mec-cell=\"20261004\" data-day=\"4\" data-month=\"202609\"><a href=\"#\" class=\"mec-has-event-a\">4<\/a><\/dt><\/dl>\r\n<\/div>\r\n            <\/div>\r\n\r\n                    <\/div>\r\n        <div class=\"mec-calendar-events-side mec-clear\"><div class=\"mec-month-side\" id=\"mec_month_side_mec1_202609\"><div class=\"mec-calendar-events-sec\" id=\"mec-calendar-events-sec-mec1-20260831\" data-mec-cell=\"20260831\" ><h6 class=\"mec-table-side-title\">\u00c9v\u00e9nements pour le <span class=\"mec-color mec-table-side-day\"> 31st<\/span> ao\u00fbt<\/h6><article class=\"mec-past-event mec-event-article \"><div class=\"mec-event-image\"><img fetchpriority=\"high\" decoding=\"async\" width=\"300\" height=\"300\" src=\"https:\/\/alicanteturismo.com\/wp-content\/uploads\/2025\/02\/castillo-de-santa-barbara-2016-Alicante-ERN_6938-29-copia-300x300.jpg\" class=\"attachment-thumblist size-thumblist wp-post-image\" alt=\"\" data-mec-postid=\"296389\" \/><\/div><div class=\"mec-monthly-contents\" style=\"width: calc(100% - 85px)\"><div class=\"mec-event-time mec-color\"><i class=\"mec-sl-clock-o\"><\/i> Journ\u00e9e enti\u00e8re<\/div><h4 class=\"mec-event-title\"><a class=\"mec-color-hover\" data-event-id=\"296389\" href=\"https:\/\/alicanteturismo.com\/fr\/events\/exposicion-permanente-musa\/?occurrence=2026-08-31\" target=\"_self\" rel=\"noopener\">Exposici\u00f3n Permanente MUSA<\/a><span class=\"event-color\" style=\"background: #336dab\"><\/span><span class=\"mec-labels-normal\"><span data-style=\"Normal\" class=\"mec-label-normal mec-expired-normal-label\">Expir\u00e9<\/span><\/span><\/h4><div class=\"mec-event-detail\">\r\n                        <div class=\"mec-event-loc-place\">Ch\u00e2teau de Santa Barbara<\/div>\r\n                        \r\n                    <\/div><\/div><div style=\"clear:both\"><\/div><\/article><article class=\"mec-event-article \"><div class=\"mec-event-image\"><img decoding=\"async\" width=\"300\" height=\"300\" src=\"https:\/\/alicanteturismo.com\/wp-content\/uploads\/2025\/10\/Via-lactea-Isla-de-Tabarca-300x300.jpg\" class=\"attachment-thumblist size-thumblist wp-post-image\" alt=\"\" data-mec-postid=\"313076\" \/><\/div><div class=\"mec-monthly-contents\" style=\"width: calc(100% - 85px)\"><h4 class=\"mec-event-title\"><a class=\"mec-color-hover\" data-event-id=\"313076\" href=\"https:\/\/alicanteturismo.com\/fr\/events\/stargazing-on-tabarca-island\/?occurrence=2026-08-31&amp;time=1788163200\" target=\"_self\" rel=\"noopener\">Stargazing on Tabarca Island<\/a><span class=\"mec-labels-normal\"><span data-style=\"Normal\" class=\"mec-label-normal mec-ongoing-normal-label\">En cours<\/span><\/span><\/h4><div class=\"mec-event-detail\">\r\n                        <div class=\"mec-event-loc-place\">Isla Tabarca<\/div>\r\n                        \r\n                    <\/div><\/div><div style=\"clear:both\"><\/div><\/article><article class=\"mec-event-article \"><div class=\"mec-event-image\"><img decoding=\"async\" width=\"300\" height=\"300\" src=\"https:\/\/alicanteturismo.com\/wp-content\/uploads\/2026\/02\/tabarca-boat-tour-300x300.jpg\" class=\"attachment-thumblist size-thumblist wp-post-image\" alt=\"\" data-mec-postid=\"317118\" \/><\/div><div class=\"mec-monthly-contents\" style=\"width: calc(100% - 85px)\"><h4 class=\"mec-event-title\"><a class=\"mec-color-hover\" data-event-id=\"317118\" href=\"https:\/\/alicanteturismo.com\/fr\/events\/tabarca-boat-tour\/?occurrence=2026-08-31\" target=\"_self\" rel=\"noopener\">Tabarca Boat Tour<\/a><span class=\"event-color\" style=\"background: #bfb417\"><\/span><span class=\"mec-labels-normal\"><span data-style=\"Normal\" class=\"mec-label-normal mec-ongoing-normal-label\">En cours<\/span><\/span><\/h4><div class=\"mec-event-detail\">\r\n                        <div class=\"mec-event-loc-place\">Alicante<\/div>\r\n                        \r\n                    <\/div><\/div><div style=\"clear:both\"><\/div><\/article><article class=\"mec-past-event mec-event-article \"><div class=\"mec-event-image\"><img loading=\"lazy\" decoding=\"async\" width=\"300\" height=\"300\" src=\"https:\/\/alicanteturismo.com\/wp-content\/uploads\/2026\/02\/tabarca-boat-tour-300x300.jpg\" class=\"attachment-thumblist size-thumblist wp-post-image\" alt=\"\" data-mec-postid=\"317126\" \/><\/div><div class=\"mec-monthly-contents\" style=\"width: calc(100% - 85px)\"><h4 class=\"mec-event-title\"><a class=\"mec-color-hover\" data-event-id=\"317126\" href=\"https:\/\/www.alicanteboattours.com\/costa-boat-tour?occurrence=2026-08-31\" target=\"_self\" rel=\"noopener\">Costa Boat Tour<\/a><span class=\"event-color\" style=\"background: #00a0d2\"><\/span><span class=\"mec-labels-normal\"><span data-style=\"Normal\" class=\"mec-label-normal mec-expired-normal-label\">Expir\u00e9<\/span><\/span><\/h4><div class=\"mec-event-detail\">\r\n                        <div class=\"mec-event-loc-place\">Alicante Catamaran Aventurero<\/div>\r\n                        \r\n                    <\/div><\/div><div style=\"clear:both\"><\/div><\/article><article class=\"mec-past-event mec-event-article \"><div class=\"mec-event-image\"><img loading=\"lazy\" decoding=\"async\" width=\"300\" height=\"168\" src=\"https:\/\/alicanteturismo.com\/wp-content\/uploads\/2024\/05\/CABO-HUERTA-ALICANTE.jpg\" class=\"attachment-thumblist size-thumblist wp-post-image\" alt=\"\" data-mec-postid=\"317264\" \/><\/div><div class=\"mec-monthly-contents\" style=\"width: calc(100% - 85px)\"><div class=\"mec-event-time mec-color\"><i class=\"mec-sl-clock-o\"><\/i> 8h00 - 18h00<\/div><h4 class=\"mec-event-title\"><a class=\"mec-color-hover\" data-event-id=\"317264\" href=\"https:\/\/www.alicanteboattours.com\/bahia-boat-tour?occurrence=2026-08-31\" target=\"_self\" rel=\"noopener\">Bah\u00eda Boat Tour<\/a><span class=\"event-color\" style=\"background: #00a0d2\"><\/span><span class=\"mec-labels-normal\"><span data-style=\"Normal\" class=\"mec-label-normal mec-expired-normal-label\">Expir\u00e9<\/span><\/span><\/h4><div class=\"mec-event-detail\">\r\n                        <div class=\"mec-event-loc-place\">Alicante<\/div>\r\n                        \r\n                    <\/div><\/div><div style=\"clear:both\"><\/div><\/article><article class=\"mec-event-article \"><div class=\"mec-event-image\"><img loading=\"lazy\" decoding=\"async\" width=\"300\" height=\"300\" src=\"https:\/\/alicanteturismo.com\/wp-content\/uploads\/2026\/07\/descargar-1-300x300.png\" class=\"attachment-thumblist size-thumblist wp-post-image\" alt=\"\" data-mec-postid=\"321395\" \/><\/div><div class=\"mec-monthly-contents\" style=\"width: calc(100% - 85px)\"><div class=\"mec-event-time mec-color\"><i class=\"mec-sl-clock-o\"><\/i> Journ\u00e9e enti\u00e8re<\/div><h4 class=\"mec-event-title\"><a class=\"mec-color-hover\" data-event-id=\"321395\" href=\"https:\/\/alicanteturismo.com\/fr\/events\/exposition-lor-et-lunivers-savoirs-autochtones-de-colombie-au-marq\/?occurrence=2026-08-31\" target=\"_self\" rel=\"noopener\">Exposition \u00ab L&rsquo;OR ET L&rsquo;UNIVERS. Savoirs autochtones de Colombie \u00bb au MARQ<\/a><span class=\"event-color\" style=\"background: #dd9933\"><\/span><span class=\"mec-labels-normal\"><span data-style=\"Normal\" class=\"mec-label-normal mec-ongoing-normal-label\">En cours<\/span><\/span><\/h4><div class=\"mec-event-detail\">\r\n                        <div class=\"mec-event-loc-place\"><\/div>\r\n                        \r\n                    <\/div><\/div><div style=\"clear:both\"><\/div><\/article><article class=\"mec-past-event mec-event-article \"><div class=\"mec-event-image\"><img loading=\"lazy\" decoding=\"async\" width=\"300\" height=\"300\" src=\"https:\/\/alicanteturismo.com\/wp-content\/uploads\/2026\/08\/beach-voley-300x300.webp\" class=\"attachment-thumblist size-thumblist wp-post-image\" alt=\"\" data-mec-postid=\"321997\" \/><\/div><div class=\"mec-monthly-contents\" style=\"width: calc(100% - 85px)\"><div class=\"mec-event-time mec-color\"><i class=\"mec-sl-clock-o\"><\/i> Journ\u00e9e enti\u00e8re<\/div><h4 class=\"mec-event-title\"><a class=\"mec-color-hover\" data-event-id=\"321997\" href=\"https:\/\/alicanteturismo.com\/fr\/events\/alicante-beachvolley-fest\/?occurrence=2026-08-31\" target=\"_self\" rel=\"noopener\">ALICANTE BEACHVOLLEY FEST<\/a><span class=\"event-color\" style=\"background: #bfb417\"><\/span><span class=\"mec-labels-normal\"><span data-style=\"Normal\" class=\"mec-label-normal mec-expired-normal-label\">Expir\u00e9<\/span><\/span><\/h4><div class=\"mec-event-detail\">\r\n                        <div class=\"mec-event-loc-place\"><\/div>\r\n                        \r\n                    <\/div><\/div><div style=\"clear:both\"><\/div><\/article><article class=\"mec-past-event mec-event-article \"><div class=\"mec-event-image\"><img loading=\"lazy\" decoding=\"async\" width=\"300\" height=\"300\" src=\"https:\/\/alicanteturismo.com\/wp-content\/uploads\/2026\/08\/descargar-1-300x300.png\" class=\"attachment-thumblist size-thumblist wp-post-image\" alt=\"\" data-mec-postid=\"322070\" \/><\/div><div class=\"mec-monthly-contents\" style=\"width: calc(100% - 85px)\"><h4 class=\"mec-event-title\"><a class=\"mec-color-hover\" data-event-id=\"322070\" href=\"https:\/\/alicanteturismo.com\/fr\/events\/visites-guidees-des-abris-anti-aeriens-et-du-centre-dinterpretation-de-la-guerre-civile\/?occurrence=2026-08-31\" target=\"_self\" rel=\"noopener\">Visites guid\u00e9es des abris anti-a\u00e9riens et du centre d&rsquo;interpr\u00e9tation de la guerre civile<\/a><span class=\"event-color\" style=\"background: #1e73be\"><\/span><span class=\"mec-labels-normal\"><span data-style=\"Normal\" class=\"mec-label-normal mec-expired-normal-label\">Expir\u00e9<\/span><\/span><\/h4><div class=\"mec-event-detail\">\r\n                        <div class=\"mec-event-loc-place\"><\/div>\r\n                        \r\n                    <\/div><\/div><div style=\"clear:both\"><\/div><\/article><article class=\"mec-past-event mec-event-article \"><div class=\"mec-event-image\"><img loading=\"lazy\" decoding=\"async\" width=\"300\" height=\"300\" src=\"https:\/\/alicanteturismo.com\/wp-content\/uploads\/2026\/07\/descargar-3-300x300.png\" class=\"attachment-thumblist size-thumblist wp-post-image\" alt=\"\" data-mec-postid=\"321770\" \/><\/div><div class=\"mec-monthly-contents\" style=\"width: calc(100% - 85px)\"><div class=\"mec-event-time mec-color\"><i class=\"mec-sl-clock-o\"><\/i> 10h00 - 21h30<\/div><h4 class=\"mec-event-title\"><a class=\"mec-color-hover\" data-event-id=\"321770\" href=\"https:\/\/alicanteturismo.com\/fr\/events\/exposicion-rockcomix-homenaje-a-joaquin-ladron\/?occurrence=2026-08-31\" target=\"_self\" rel=\"noopener\">Exposici\u00f3n Rock&#038;Comix: Homenaje a Joaqu\u00edn Ladr\u00f3n<\/a><span class=\"event-color\" style=\"background: #336dab\"><\/span><span class=\"mec-labels-normal\"><span data-style=\"Normal\" class=\"mec-label-normal mec-expired-normal-label\">Expir\u00e9<\/span><\/span><\/h4><div class=\"mec-event-detail\">\r\n                        <div class=\"mec-event-loc-place\">Centre culturel Las Cigarreras<\/div>\r\n                        \r\n                    <\/div><\/div><div style=\"clear:both\"><\/div><\/article><article class=\"mec-past-event mec-event-article \"><div class=\"mec-event-image\"><img loading=\"lazy\" decoding=\"async\" width=\"300\" height=\"300\" src=\"https:\/\/alicanteturismo.com\/wp-content\/uploads\/2025\/02\/Yacimiento-arqueologico-Lucentum.Lucentum-archaeological-remains-copia2-300x300.jpg\" class=\"attachment-thumblist size-thumblist wp-post-image\" alt=\"\" data-mec-postid=\"296353\" \/><\/div><div class=\"mec-monthly-contents\" style=\"width: calc(100% - 85px)\"><div class=\"mec-event-time mec-color\"><i class=\"mec-sl-clock-o\"><\/i> 10h30<\/div><h4 class=\"mec-event-title\"><a class=\"mec-color-hover\" data-event-id=\"296353\" href=\"https:\/\/alicanteturismo.com\/fr\/events\/visita-guiada-al-yacimiento-arqueologico-lucentum\/?occurrence=2026-08-31\" target=\"_self\" rel=\"noopener\">Visita guiada al yacimiento arqueol\u00f3gico Lucentum<\/a><span class=\"event-color\" style=\"background: #dd823b\"><\/span><span class=\"mec-labels-normal\"><span data-style=\"Normal\" class=\"mec-label-normal mec-expired-normal-label\">Expir\u00e9<\/span><\/span><\/h4><div class=\"mec-event-detail\">\r\n                        <div class=\"mec-event-loc-place\">Lucentum Tossal de Manises<\/div>\r\n                        \r\n                    <\/div><\/div><div style=\"clear:both\"><\/div><\/article><article class=\"mec-past-event mec-event-article \"><div class=\"mec-event-image\"><img loading=\"lazy\" decoding=\"async\" width=\"300\" height=\"300\" src=\"https:\/\/alicanteturismo.com\/wp-content\/uploads\/2025\/10\/Astroturismo-1-1-300x300.jpg\" class=\"attachment-thumblist size-thumblist wp-post-image\" alt=\"\" data-mec-postid=\"313302\" \/><\/div><div class=\"mec-monthly-contents\" style=\"width: calc(100% - 85px)\"><div class=\"mec-event-time mec-color\"><i class=\"mec-sl-clock-o\"><\/i> 20h30 - 23h30<\/div><h4 class=\"mec-event-title\"><a class=\"mec-color-hover\" data-event-id=\"313302\" href=\"https:\/\/alicanteturismo.com\/fr\/events\/astrotourism-and-stargazing-at-cabo-de-las-huertas-3\/?occurrence=2026-08-31\" target=\"_self\" rel=\"noopener\">Astrotourism and Stargazing at Cabo de las Huertas<\/a><span class=\"mec-labels-normal\"><span data-style=\"Normal\" class=\"mec-label-normal mec-expired-normal-label\">Expir\u00e9<\/span><\/span><\/h4><div class=\"mec-event-detail\">\r\n                        <div class=\"mec-event-loc-place\">Cabo de las Huertas, Alicante<\/div>\r\n                        \r\n                    <\/div><\/div><div style=\"clear:both\"><\/div><\/article><\/div><div class=\"mec-calendar-events-sec\" id=\"mec-calendar-events-sec-mec1-20260901\" data-mec-cell=\"20260901\"  style=\"display: block;\"><h6 class=\"mec-table-side-title\">\u00c9v\u00e9nements pour le <span class=\"mec-color mec-table-side-day\"> 1st<\/span> septembre<\/h6><article class=\"mec-event-article \"><div class=\"mec-event-image\"><img fetchpriority=\"high\" decoding=\"async\" width=\"300\" height=\"300\" src=\"https:\/\/alicanteturismo.com\/wp-content\/uploads\/2025\/02\/castillo-de-santa-barbara-2016-Alicante-ERN_6938-29-copia-300x300.jpg\" class=\"attachment-thumblist size-thumblist wp-post-image\" alt=\"\" data-mec-postid=\"296389\" \/><\/div><div class=\"mec-monthly-contents\" style=\"width: calc(100% - 85px)\"><div class=\"mec-event-time mec-color\"><i class=\"mec-sl-clock-o\"><\/i> Journ\u00e9e enti\u00e8re<\/div><h4 class=\"mec-event-title\"><a class=\"mec-color-hover\" data-event-id=\"296389\" href=\"https:\/\/alicanteturismo.com\/fr\/events\/exposicion-permanente-musa\/?occurrence=2026-09-01\" target=\"_self\" rel=\"noopener\">Exposici\u00f3n Permanente MUSA<\/a><span class=\"event-color\" style=\"background: #336dab\"><\/span><span class=\"mec-labels-normal\"><span data-style=\"Normal\" class=\"mec-label-normal mec-ongoing-normal-label\">En cours<\/span><\/span><\/h4><div class=\"mec-event-detail\">\r\n                        <div class=\"mec-event-loc-place\">Ch\u00e2teau de Santa Barbara<\/div>\r\n                        \r\n                    <\/div><\/div><div style=\"clear:both\"><\/div><\/article><article class=\"mec-event-article \"><div class=\"mec-event-image\"><img decoding=\"async\" width=\"300\" height=\"300\" src=\"https:\/\/alicanteturismo.com\/wp-content\/uploads\/2025\/10\/Via-lactea-Isla-de-Tabarca-300x300.jpg\" class=\"attachment-thumblist size-thumblist wp-post-image\" alt=\"\" data-mec-postid=\"313076\" \/><\/div><div class=\"mec-monthly-contents\" style=\"width: calc(100% - 85px)\"><h4 class=\"mec-event-title\"><a class=\"mec-color-hover\" data-event-id=\"313076\" href=\"https:\/\/alicanteturismo.com\/fr\/events\/stargazing-on-tabarca-island\/?occurrence=2026-09-01&amp;time=1788249600\" target=\"_self\" rel=\"noopener\">Stargazing on Tabarca Island<\/a><span class=\"mec-labels-normal\"><span data-style=\"Normal\" class=\"mec-label-normal mec-ongoing-normal-label\">En cours<\/span><\/span><\/h4><div class=\"mec-event-detail\">\r\n                        <div class=\"mec-event-loc-place\">Isla Tabarca<\/div>\r\n                        \r\n                    <\/div><\/div><div style=\"clear:both\"><\/div><\/article><article class=\"mec-event-article \"><div class=\"mec-event-image\"><img decoding=\"async\" width=\"300\" height=\"300\" src=\"https:\/\/alicanteturismo.com\/wp-content\/uploads\/2026\/02\/tabarca-boat-tour-300x300.jpg\" class=\"attachment-thumblist size-thumblist wp-post-image\" alt=\"\" data-mec-postid=\"317118\" \/><\/div><div class=\"mec-monthly-contents\" style=\"width: calc(100% - 85px)\"><h4 class=\"mec-event-title\"><a class=\"mec-color-hover\" data-event-id=\"317118\" href=\"https:\/\/alicanteturismo.com\/fr\/events\/tabarca-boat-tour\/?occurrence=2026-09-01\" target=\"_self\" rel=\"noopener\">Tabarca Boat Tour<\/a><span class=\"event-color\" style=\"background: #bfb417\"><\/span><span class=\"mec-labels-normal\"><span data-style=\"Normal\" class=\"mec-label-normal mec-ongoing-normal-label\">En cours<\/span><\/span><\/h4><div class=\"mec-event-detail\">\r\n                        <div class=\"mec-event-loc-place\">Alicante<\/div>\r\n                        \r\n                    <\/div><\/div><div style=\"clear:both\"><\/div><\/article><article class=\"mec-event-article \"><div class=\"mec-event-image\"><img loading=\"lazy\" decoding=\"async\" width=\"300\" height=\"300\" src=\"https:\/\/alicanteturismo.com\/wp-content\/uploads\/2026\/02\/tabarca-boat-tour-300x300.jpg\" class=\"attachment-thumblist size-thumblist wp-post-image\" alt=\"\" data-mec-postid=\"317126\" \/><\/div><div class=\"mec-monthly-contents\" style=\"width: calc(100% - 85px)\"><h4 class=\"mec-event-title\"><a class=\"mec-color-hover\" data-event-id=\"317126\" href=\"https:\/\/www.alicanteboattours.com\/costa-boat-tour?occurrence=2026-09-01\" target=\"_self\" rel=\"noopener\">Costa Boat Tour<\/a><span class=\"event-color\" style=\"background: #00a0d2\"><\/span><span class=\"mec-labels-normal\"><span data-style=\"Normal\" class=\"mec-label-normal mec-ongoing-normal-label\">En cours<\/span><\/span><\/h4><div class=\"mec-event-detail\">\r\n                        <div class=\"mec-event-loc-place\">Alicante Catamaran Aventurero<\/div>\r\n                        \r\n                    <\/div><\/div><div style=\"clear:both\"><\/div><\/article><article class=\"mec-event-article \"><div class=\"mec-event-image\"><img loading=\"lazy\" decoding=\"async\" width=\"300\" height=\"168\" src=\"https:\/\/alicanteturismo.com\/wp-content\/uploads\/2024\/05\/CABO-HUERTA-ALICANTE.jpg\" class=\"attachment-thumblist size-thumblist wp-post-image\" alt=\"\" data-mec-postid=\"317264\" \/><\/div><div class=\"mec-monthly-contents\" style=\"width: calc(100% - 85px)\"><div class=\"mec-event-time mec-color\"><i class=\"mec-sl-clock-o\"><\/i> 8h00 - 18h00<\/div><h4 class=\"mec-event-title\"><a class=\"mec-color-hover\" data-event-id=\"317264\" href=\"https:\/\/www.alicanteboattours.com\/bahia-boat-tour?occurrence=2026-09-01\" target=\"_self\" rel=\"noopener\">Bah\u00eda Boat Tour<\/a><span class=\"event-color\" style=\"background: #00a0d2\"><\/span><span class=\"mec-labels-normal\"><span data-style=\"Normal\" class=\"mec-label-normal mec-ongoing-normal-label\">En cours<\/span><\/span><\/h4><div class=\"mec-event-detail\">\r\n                        <div class=\"mec-event-loc-place\">Alicante<\/div>\r\n                        \r\n                    <\/div><\/div><div style=\"clear:both\"><\/div><\/article><article class=\"mec-event-article \"><div class=\"mec-event-image\"><img loading=\"lazy\" decoding=\"async\" width=\"300\" height=\"300\" src=\"https:\/\/alicanteturismo.com\/wp-content\/uploads\/2026\/05\/marq-expo-300x300.jpg\" class=\"attachment-thumblist size-thumblist wp-post-image\" alt=\"\" data-mec-postid=\"320214\" \/><\/div><div class=\"mec-monthly-contents\" style=\"width: calc(100% - 85px)\"><div class=\"mec-event-time mec-color\"><i class=\"mec-sl-clock-o\"><\/i> Journ\u00e9e enti\u00e8re<\/div><h4 class=\"mec-event-title\"><a class=\"mec-color-hover\" data-event-id=\"320214\" href=\"https:\/\/alicanteturismo.com\/fr\/events\/rituales-de-pastores-exposicion-en-el-marq-canibalismo-y-enterramientos-en-la-cova-de-randero\/?occurrence=2026-09-01\" target=\"_self\" rel=\"noopener\">Rituales de pastores. Exposici\u00f3n en el MARQ: Canibalismo y enterramientos en la Cova de Randero<\/a><span class=\"event-color\" style=\"background: #336dab\"><\/span><span class=\"mec-labels-normal\"><span data-style=\"Normal\" class=\"mec-label-normal mec-ongoing-normal-label\">En cours<\/span><\/span><\/h4><div class=\"mec-event-detail\">\r\n                        <div class=\"mec-event-loc-place\"><\/div>\r\n                        \r\n                    <\/div><\/div><div style=\"clear:both\"><\/div><\/article><article class=\"mec-event-article \"><div class=\"mec-event-image\"><img loading=\"lazy\" decoding=\"async\" width=\"300\" height=\"300\" src=\"https:\/\/alicanteturismo.com\/wp-content\/uploads\/2026\/05\/Exposicion-VII-Edicion-Ciclo-de-Arte-y-Medioambiente_-Halito-1-300x300.png\" class=\"attachment-thumblist size-thumblist wp-post-image\" alt=\"\" data-mec-postid=\"320648\" \/><\/div><div class=\"mec-monthly-contents\" style=\"width: calc(100% - 85px)\"><div class=\"mec-event-time mec-color\"><i class=\"mec-sl-clock-o\"><\/i> Journ\u00e9e enti\u00e8re<\/div><h4 class=\"mec-event-title\"><a class=\"mec-color-hover\" data-event-id=\"320648\" href=\"https:\/\/alicanteturismo.com\/fr\/events\/exposicion-halito-vii-ed-ciclo-de-arte-y-medioambiente-museo-de-aguas\/?occurrence=2026-09-01\" target=\"_self\" rel=\"noopener\">Exposici\u00f3n \u00ab\u00a0H\u00e1lito\u00a0\u00bb . VII Ed Ciclo de Arte y Medioambiente. Museo de Aguas de Alicante<\/a><span class=\"event-color\" style=\"background: #336dab\"><\/span><span class=\"mec-labels-normal\"><span data-style=\"Normal\" class=\"mec-label-normal mec-ongoing-normal-label\">En cours<\/span><\/span><\/h4><div class=\"mec-event-detail\">\r\n                        <div class=\"mec-event-loc-place\">Museo de Aguas de Alicante - Pozos de Garrig\u00f3s<\/div>\r\n                        \r\n                    <\/div><\/div><div style=\"clear:both\"><\/div><\/article><article class=\"mec-event-article \"><div class=\"mec-event-image\"><img loading=\"lazy\" decoding=\"async\" width=\"300\" height=\"300\" src=\"https:\/\/alicanteturismo.com\/wp-content\/uploads\/2026\/06\/d5ac5a84-ac33-061c-0536-2bbb1a525433-300x300.png\" class=\"attachment-thumblist size-thumblist wp-post-image\" alt=\"\" data-mec-postid=\"321036\" \/><\/div><div class=\"mec-monthly-contents\" style=\"width: calc(100% - 85px)\"><div class=\"mec-event-time mec-color\"><i class=\"mec-sl-clock-o\"><\/i> Journ\u00e9e enti\u00e8re<\/div><h4 class=\"mec-event-title\"><a class=\"mec-color-hover\" data-event-id=\"321036\" href=\"https:\/\/alicanteturismo.com\/fr\/events\/exposition-de-par-en-par-a-la-fondation-mediterranee\/?occurrence=2026-09-01\" target=\"_self\" rel=\"noopener\">Exposition \u00ab\u00a0De par en par\u00a0\u00bb \u00e0 la Fondation M\u00e9diterran\u00e9e<\/a><span class=\"event-color\" style=\"background: #1e73be\"><\/span><span class=\"mec-labels-normal\"><span data-style=\"Normal\" class=\"mec-label-normal mec-ongoing-normal-label\">En cours<\/span><\/span><\/h4><div class=\"mec-event-detail\">\r\n                        <div class=\"mec-event-loc-place\">Salle d&#039;exposition<\/div>\r\n                        \r\n                    <\/div><\/div><div style=\"clear:both\"><\/div><\/article><article class=\"mec-event-article \"><div class=\"mec-event-image\"><img loading=\"lazy\" decoding=\"async\" width=\"300\" height=\"300\" src=\"https:\/\/alicanteturismo.com\/wp-content\/uploads\/2026\/07\/descargar-1-300x300.png\" class=\"attachment-thumblist size-thumblist wp-post-image\" alt=\"\" data-mec-postid=\"321395\" \/><\/div><div class=\"mec-monthly-contents\" style=\"width: calc(100% - 85px)\"><div class=\"mec-event-time mec-color\"><i class=\"mec-sl-clock-o\"><\/i> Journ\u00e9e enti\u00e8re<\/div><h4 class=\"mec-event-title\"><a class=\"mec-color-hover\" data-event-id=\"321395\" href=\"https:\/\/alicanteturismo.com\/fr\/events\/exposition-lor-et-lunivers-savoirs-autochtones-de-colombie-au-marq\/?occurrence=2026-09-01\" target=\"_self\" rel=\"noopener\">Exposition \u00ab L&rsquo;OR ET L&rsquo;UNIVERS. Savoirs autochtones de Colombie \u00bb au MARQ<\/a><span class=\"event-color\" style=\"background: #dd9933\"><\/span><span class=\"mec-labels-normal\"><span data-style=\"Normal\" class=\"mec-label-normal mec-ongoing-normal-label\">En cours<\/span><\/span><\/h4><div class=\"mec-event-detail\">\r\n                        <div class=\"mec-event-loc-place\"><\/div>\r\n                        \r\n                    <\/div><\/div><div style=\"clear:both\"><\/div><\/article><article class=\"mec-event-article \"><div class=\"mec-event-image\"><img loading=\"lazy\" decoding=\"async\" width=\"300\" height=\"300\" src=\"https:\/\/alicanteturismo.com\/wp-content\/uploads\/2026\/08\/descargar-1-300x300.png\" class=\"attachment-thumblist size-thumblist wp-post-image\" alt=\"\" data-mec-postid=\"322070\" \/><\/div><div class=\"mec-monthly-contents\" style=\"width: calc(100% - 85px)\"><h4 class=\"mec-event-title\"><a class=\"mec-color-hover\" data-event-id=\"322070\" href=\"https:\/\/alicanteturismo.com\/fr\/events\/visites-guidees-des-abris-anti-aeriens-et-du-centre-dinterpretation-de-la-guerre-civile\/?occurrence=2026-09-01\" target=\"_self\" rel=\"noopener\">Visites guid\u00e9es des abris anti-a\u00e9riens et du centre d&rsquo;interpr\u00e9tation de la guerre civile<\/a><span class=\"event-color\" style=\"background: #1e73be\"><\/span><span class=\"mec-labels-normal\"><span data-style=\"Normal\" class=\"mec-label-normal mec-ongoing-normal-label\">En cours<\/span><\/span><\/h4><div class=\"mec-event-detail\">\r\n                        <div class=\"mec-event-loc-place\"><\/div>\r\n                        \r\n                    <\/div><\/div><div style=\"clear:both\"><\/div><\/article><article class=\"mec-event-article \"><div class=\"mec-event-image\"><img loading=\"lazy\" decoding=\"async\" width=\"300\" height=\"300\" src=\"https:\/\/alicanteturismo.com\/wp-content\/uploads\/2025\/02\/MA07110494-300x300.jpg\" class=\"attachment-thumblist size-thumblist wp-post-image\" alt=\"\" data-mec-postid=\"296395\" \/><\/div><div class=\"mec-monthly-contents\" style=\"width: calc(100% - 85px)\"><div class=\"mec-event-time mec-color\"><i class=\"mec-sl-clock-o\"><\/i> 10h00<\/div><h4 class=\"mec-event-title\"><a class=\"mec-color-hover\" data-event-id=\"296395\" href=\"https:\/\/alicanteturismo.com\/fr\/events\/exposicion-permanente-marq\/?occurrence=2026-09-01\" target=\"_self\" rel=\"noopener\">Exposici\u00f3n Permanente MARQ<\/a><span class=\"event-color\" style=\"background: #336dab\"><\/span><span class=\"mec-labels-normal\"><span data-style=\"Normal\" class=\"mec-label-normal mec-ongoing-normal-label\">En cours<\/span><\/span><\/h4><div class=\"mec-event-detail\">\r\n                        <div class=\"mec-event-loc-place\">Museo Arqueol\u00f3gico de Alicante (MARQ)<\/div>\r\n                        \r\n                    <\/div><\/div><div style=\"clear:both\"><\/div><\/article><article class=\"mec-event-article \"><div class=\"mec-event-image\"><img loading=\"lazy\" decoding=\"async\" width=\"300\" height=\"300\" src=\"https:\/\/alicanteturismo.com\/wp-content\/uploads\/2025\/02\/mubag_diputacion_alicante-5-300x300.webp\" class=\"attachment-thumblist size-thumblist wp-post-image\" alt=\"\" data-mec-postid=\"296402\" \/><\/div><div class=\"mec-monthly-contents\" style=\"width: calc(100% - 85px)\"><div class=\"mec-event-time mec-color\"><i class=\"mec-sl-clock-o\"><\/i> 10h00<\/div><h4 class=\"mec-event-title\"><a class=\"mec-color-hover\" data-event-id=\"296402\" href=\"https:\/\/alicanteturismo.com\/fr\/events\/exposicion-permanente-en-el-mubag-el-siglo-xix-coleccion-a-la-luz\/?occurrence=2026-09-01\" target=\"_self\" rel=\"noopener\">Exposici\u00f3n Permanente en el MUBAG. El siglo XIX. Colecci\u00f3n a la Luz<\/a><span class=\"event-color\" style=\"background: #336dab\"><\/span><span class=\"mec-labels-normal\"><span data-style=\"Normal\" class=\"mec-label-normal mec-ongoing-normal-label\">En cours<\/span><\/span><\/h4><div class=\"mec-event-detail\">\r\n                        <div class=\"mec-event-loc-place\">Museo de Bellas Artes Gravina (MUBAG)<\/div>\r\n                        \r\n                    <\/div><\/div><div style=\"clear:both\"><\/div><\/article><article class=\"mec-event-article \"><div class=\"mec-event-image\"><img loading=\"lazy\" decoding=\"async\" width=\"300\" height=\"300\" src=\"https:\/\/alicanteturismo.com\/wp-content\/uploads\/2025\/02\/maca-museo-rotated-1-300x300.webp\" class=\"attachment-thumblist size-thumblist wp-post-image\" alt=\"\" data-mec-postid=\"296408\" \/><\/div><div class=\"mec-monthly-contents\" style=\"width: calc(100% - 85px)\"><div class=\"mec-event-time mec-color\"><i class=\"mec-sl-clock-o\"><\/i> 10h00<\/div><h4 class=\"mec-event-title\"><a class=\"mec-color-hover\" data-event-id=\"296408\" href=\"https:\/\/alicanteturismo.com\/fr\/events\/exposicion-permanente-maca\/?occurrence=2026-09-01\" target=\"_self\" rel=\"noopener\">Exposici\u00f3n Permanente MACA<\/a><span class=\"event-color\" style=\"background: #336dab\"><\/span><span class=\"mec-labels-normal\"><span data-style=\"Normal\" class=\"mec-label-normal mec-ongoing-normal-label\">En cours<\/span><\/span><\/h4><div class=\"mec-event-detail\">\r\n                        <div class=\"mec-event-loc-place\">Contemporary Art Museum of Alicante (MACA)<\/div>\r\n                        \r\n                    <\/div><\/div><div style=\"clear:both\"><\/div><\/article><article class=\"mec-event-article \"><div class=\"mec-event-image\"><img loading=\"lazy\" decoding=\"async\" width=\"300\" height=\"300\" src=\"https:\/\/alicanteturismo.com\/wp-content\/uploads\/2026\/06\/image-expo-300x300.png\" class=\"attachment-thumblist size-thumblist wp-post-image\" alt=\"\" data-mec-postid=\"321070\" \/><\/div><div class=\"mec-monthly-contents\" style=\"width: calc(100% - 85px)\"><div class=\"mec-event-time mec-color\"><i class=\"mec-sl-clock-o\"><\/i> 10h00 - 20h00<\/div><h4 class=\"mec-event-title\"><a class=\"mec-color-hover\" data-event-id=\"321070\" href=\"https:\/\/alicanteturismo.com\/fr\/events\/exposition-temporaire-del-color-en-el-arte-coloramas-au-maca\/?occurrence=2026-09-01\" target=\"_self\" rel=\"noopener\">Exposition temporaire : \u00ab\u00a0Del color en el arte (Coloramas)\u00a0\u00bb au MACA<\/a><span class=\"event-color\" style=\"background: #dd9933\"><\/span><span class=\"mec-labels-normal\"><span data-style=\"Normal\" class=\"mec-label-normal mec-ongoing-normal-label\">En cours<\/span><\/span><\/h4><div class=\"mec-event-detail\">\r\n                        <div class=\"mec-event-loc-place\">Contemporary Art Museum of Alicante (MACA)<\/div>\r\n                        \r\n                    <\/div><\/div><div style=\"clear:both\"><\/div><\/article><article class=\"mec-event-article \"><div class=\"mec-event-image\"><img loading=\"lazy\" decoding=\"async\" width=\"300\" height=\"300\" src=\"https:\/\/alicanteturismo.com\/wp-content\/uploads\/2026\/07\/descargar-2-300x300.png\" class=\"attachment-thumblist size-thumblist wp-post-image\" alt=\"\" data-mec-postid=\"321763\" \/><\/div><div class=\"mec-monthly-contents\" style=\"width: calc(100% - 85px)\"><div class=\"mec-event-time mec-color\"><i class=\"mec-sl-clock-o\"><\/i> 10h00 - 21h30<\/div><h4 class=\"mec-event-title\"><a class=\"mec-color-hover\" data-event-id=\"321763\" href=\"https:\/\/alicanteturismo.com\/fr\/events\/exposicion-la-firmeza-de-un-instante-de-jesus-madrinan-en-las-cigarreras\/?occurrence=2026-09-01\" target=\"_self\" rel=\"noopener\">Exposici\u00f3n \u201cLa firmeza de un instante\u201d de Jes\u00fas Madri\u00f1\u00e1n en Las Cigarreras<\/a><span class=\"event-color\" style=\"background: #336dab\"><\/span><span class=\"mec-labels-normal\"><span data-style=\"Normal\" class=\"mec-label-normal mec-ongoing-normal-label\">En cours<\/span><\/span><\/h4><div class=\"mec-event-detail\">\r\n                        <div class=\"mec-event-loc-place\">Centre culturel Las Cigarreras<\/div>\r\n                        \r\n                    <\/div><\/div><div style=\"clear:both\"><\/div><\/article><article class=\"mec-event-article \"><div class=\"mec-event-image\"><img loading=\"lazy\" decoding=\"async\" width=\"300\" height=\"300\" src=\"https:\/\/alicanteturismo.com\/wp-content\/uploads\/2026\/07\/descargar-3-300x300.png\" class=\"attachment-thumblist size-thumblist wp-post-image\" alt=\"\" data-mec-postid=\"321770\" \/><\/div><div class=\"mec-monthly-contents\" style=\"width: calc(100% - 85px)\"><div class=\"mec-event-time mec-color\"><i class=\"mec-sl-clock-o\"><\/i> 10h00 - 21h30<\/div><h4 class=\"mec-event-title\"><a class=\"mec-color-hover\" data-event-id=\"321770\" href=\"https:\/\/alicanteturismo.com\/fr\/events\/exposicion-rockcomix-homenaje-a-joaquin-ladron\/?occurrence=2026-09-01\" target=\"_self\" rel=\"noopener\">Exposici\u00f3n Rock&#038;Comix: Homenaje a Joaqu\u00edn Ladr\u00f3n<\/a><span class=\"event-color\" style=\"background: #336dab\"><\/span><span class=\"mec-labels-normal\"><span data-style=\"Normal\" class=\"mec-label-normal mec-ongoing-normal-label\">En cours<\/span><\/span><\/h4><div class=\"mec-event-detail\">\r\n                        <div class=\"mec-event-loc-place\">Centre culturel Las Cigarreras<\/div>\r\n                        \r\n                    <\/div><\/div><div style=\"clear:both\"><\/div><\/article><article class=\"mec-event-article \"><div class=\"mec-event-image\"><img loading=\"lazy\" decoding=\"async\" width=\"300\" height=\"300\" src=\"https:\/\/alicanteturismo.com\/wp-content\/uploads\/2025\/02\/Yacimiento-arqueologico-Lucentum.Lucentum-archaeological-remains-copia2-300x300.jpg\" class=\"attachment-thumblist size-thumblist wp-post-image\" alt=\"\" data-mec-postid=\"296353\" \/><\/div><div class=\"mec-monthly-contents\" style=\"width: calc(100% - 85px)\"><div class=\"mec-event-time mec-color\"><i class=\"mec-sl-clock-o\"><\/i> 10h30<\/div><h4 class=\"mec-event-title\"><a class=\"mec-color-hover\" data-event-id=\"296353\" href=\"https:\/\/alicanteturismo.com\/fr\/events\/visita-guiada-al-yacimiento-arqueologico-lucentum\/?occurrence=2026-09-01\" target=\"_self\" rel=\"noopener\">Visita guiada al yacimiento arqueol\u00f3gico Lucentum<\/a><span class=\"event-color\" style=\"background: #dd823b\"><\/span><span class=\"mec-labels-normal\"><span data-style=\"Normal\" class=\"mec-label-normal mec-ongoing-normal-label\">En cours<\/span><\/span><\/h4><div class=\"mec-event-detail\">\r\n                        <div class=\"mec-event-loc-place\">Lucentum Tossal de Manises<\/div>\r\n                        \r\n                    <\/div><\/div><div style=\"clear:both\"><\/div><\/article><article class=\"mec-event-article \"><div class=\"mec-event-image\"><img loading=\"lazy\" decoding=\"async\" width=\"300\" height=\"300\" src=\"https:\/\/alicanteturismo.com\/wp-content\/uploads\/2025\/10\/Astroturismo-1-1-300x300.jpg\" class=\"attachment-thumblist size-thumblist wp-post-image\" alt=\"\" data-mec-postid=\"313302\" \/><\/div><div class=\"mec-monthly-contents\" style=\"width: calc(100% - 85px)\"><div class=\"mec-event-time mec-color\"><i class=\"mec-sl-clock-o\"><\/i> 20h30 - 23h30<\/div><h4 class=\"mec-event-title\"><a class=\"mec-color-hover\" data-event-id=\"313302\" href=\"https:\/\/alicanteturismo.com\/fr\/events\/astrotourism-and-stargazing-at-cabo-de-las-huertas-3\/?occurrence=2026-09-01\" target=\"_self\" rel=\"noopener\">Astrotourism and Stargazing at Cabo de las Huertas<\/a><\/h4><div class=\"mec-event-detail\">\r\n                        <div class=\"mec-event-loc-place\">Cabo de las Huertas, Alicante<\/div>\r\n                        \r\n                    <\/div><\/div><div style=\"clear:both\"><\/div><\/article><\/div><div class=\"mec-calendar-events-sec\" id=\"mec-calendar-events-sec-mec1-20260902\" data-mec-cell=\"20260902\" ><h6 class=\"mec-table-side-title\">\u00c9v\u00e9nements pour le <span class=\"mec-color mec-table-side-day\"> 2nd<\/span> septembre<\/h6><article class=\"mec-event-article \"><div class=\"mec-event-image\"><img fetchpriority=\"high\" decoding=\"async\" width=\"300\" height=\"300\" src=\"https:\/\/alicanteturismo.com\/wp-content\/uploads\/2025\/02\/castillo-de-santa-barbara-2016-Alicante-ERN_6938-29-copia-300x300.jpg\" class=\"attachment-thumblist size-thumblist wp-post-image\" alt=\"\" data-mec-postid=\"296389\" \/><\/div><div class=\"mec-monthly-contents\" style=\"width: calc(100% - 85px)\"><div class=\"mec-event-time mec-color\"><i class=\"mec-sl-clock-o\"><\/i> Journ\u00e9e enti\u00e8re<\/div><h4 class=\"mec-event-title\"><a class=\"mec-color-hover\" data-event-id=\"296389\" href=\"https:\/\/alicanteturismo.com\/fr\/events\/exposicion-permanente-musa\/?occurrence=2026-09-02\" target=\"_self\" rel=\"noopener\">Exposici\u00f3n Permanente MUSA<\/a><span class=\"event-color\" style=\"background: #336dab\"><\/span><\/h4><div class=\"mec-event-detail\">\r\n                        <div class=\"mec-event-loc-place\">Ch\u00e2teau de Santa Barbara<\/div>\r\n                        \r\n                    <\/div><\/div><div style=\"clear:both\"><\/div><\/article><article class=\"mec-event-article \"><div class=\"mec-event-image\"><img decoding=\"async\" width=\"300\" height=\"300\" src=\"https:\/\/alicanteturismo.com\/wp-content\/uploads\/2025\/10\/Via-lactea-Isla-de-Tabarca-300x300.jpg\" class=\"attachment-thumblist size-thumblist wp-post-image\" alt=\"\" data-mec-postid=\"313076\" \/><\/div><div class=\"mec-monthly-contents\" style=\"width: calc(100% - 85px)\"><h4 class=\"mec-event-title\"><a class=\"mec-color-hover\" data-event-id=\"313076\" href=\"https:\/\/alicanteturismo.com\/fr\/events\/stargazing-on-tabarca-island\/?occurrence=2026-09-02&amp;time=1788336000\" target=\"_self\" rel=\"noopener\">Stargazing on Tabarca Island<\/a><\/h4><div class=\"mec-event-detail\">\r\n                        <div class=\"mec-event-loc-place\">Isla Tabarca<\/div>\r\n                        \r\n                    <\/div><\/div><div style=\"clear:both\"><\/div><\/article><article class=\"mec-event-article \"><div class=\"mec-event-image\"><img decoding=\"async\" width=\"300\" height=\"300\" src=\"https:\/\/alicanteturismo.com\/wp-content\/uploads\/2026\/02\/tabarca-boat-tour-300x300.jpg\" class=\"attachment-thumblist size-thumblist wp-post-image\" alt=\"\" data-mec-postid=\"317118\" \/><\/div><div class=\"mec-monthly-contents\" style=\"width: calc(100% - 85px)\"><h4 class=\"mec-event-title\"><a class=\"mec-color-hover\" data-event-id=\"317118\" href=\"https:\/\/alicanteturismo.com\/fr\/events\/tabarca-boat-tour\/?occurrence=2026-09-02\" target=\"_self\" rel=\"noopener\">Tabarca Boat Tour<\/a><span class=\"event-color\" style=\"background: #bfb417\"><\/span><\/h4><div class=\"mec-event-detail\">\r\n                        <div class=\"mec-event-loc-place\">Alicante<\/div>\r\n                        \r\n                    <\/div><\/div><div style=\"clear:both\"><\/div><\/article><article class=\"mec-event-article \"><div class=\"mec-event-image\"><img loading=\"lazy\" decoding=\"async\" width=\"300\" height=\"300\" src=\"https:\/\/alicanteturismo.com\/wp-content\/uploads\/2026\/02\/tabarca-boat-tour-300x300.jpg\" class=\"attachment-thumblist size-thumblist wp-post-image\" alt=\"\" data-mec-postid=\"317126\" \/><\/div><div class=\"mec-monthly-contents\" style=\"width: calc(100% - 85px)\"><h4 class=\"mec-event-title\"><a class=\"mec-color-hover\" data-event-id=\"317126\" href=\"https:\/\/www.alicanteboattours.com\/costa-boat-tour?occurrence=2026-09-02\" target=\"_self\" rel=\"noopener\">Costa Boat Tour<\/a><span class=\"event-color\" style=\"background: #00a0d2\"><\/span><\/h4><div class=\"mec-event-detail\">\r\n                        <div class=\"mec-event-loc-place\">Alicante Catamaran Aventurero<\/div>\r\n                        \r\n                    <\/div><\/div><div style=\"clear:both\"><\/div><\/article><article class=\"mec-event-article \"><div class=\"mec-event-image\"><img loading=\"lazy\" decoding=\"async\" width=\"300\" height=\"168\" src=\"https:\/\/alicanteturismo.com\/wp-content\/uploads\/2024\/05\/CABO-HUERTA-ALICANTE.jpg\" class=\"attachment-thumblist size-thumblist wp-post-image\" alt=\"\" data-mec-postid=\"317264\" \/><\/div><div class=\"mec-monthly-contents\" style=\"width: calc(100% - 85px)\"><div class=\"mec-event-time mec-color\"><i class=\"mec-sl-clock-o\"><\/i> 8h00 - 18h00<\/div><h4 class=\"mec-event-title\"><a class=\"mec-color-hover\" data-event-id=\"317264\" href=\"https:\/\/www.alicanteboattours.com\/bahia-boat-tour?occurrence=2026-09-02\" target=\"_self\" rel=\"noopener\">Bah\u00eda Boat Tour<\/a><span class=\"event-color\" style=\"background: #00a0d2\"><\/span><\/h4><div class=\"mec-event-detail\">\r\n                        <div class=\"mec-event-loc-place\">Alicante<\/div>\r\n                        \r\n                    <\/div><\/div><div style=\"clear:both\"><\/div><\/article><article class=\"mec-event-article \"><div class=\"mec-event-image\"><img loading=\"lazy\" decoding=\"async\" width=\"300\" height=\"300\" src=\"https:\/\/alicanteturismo.com\/wp-content\/uploads\/2026\/05\/marq-expo-300x300.jpg\" class=\"attachment-thumblist size-thumblist wp-post-image\" alt=\"\" data-mec-postid=\"320214\" \/><\/div><div class=\"mec-monthly-contents\" style=\"width: calc(100% - 85px)\"><div class=\"mec-event-time mec-color\"><i class=\"mec-sl-clock-o\"><\/i> Journ\u00e9e enti\u00e8re<\/div><h4 class=\"mec-event-title\"><a class=\"mec-color-hover\" data-event-id=\"320214\" href=\"https:\/\/alicanteturismo.com\/fr\/events\/rituales-de-pastores-exposicion-en-el-marq-canibalismo-y-enterramientos-en-la-cova-de-randero\/?occurrence=2026-09-02\" target=\"_self\" rel=\"noopener\">Rituales de pastores. Exposici\u00f3n en el MARQ: Canibalismo y enterramientos en la Cova de Randero<\/a><span class=\"event-color\" style=\"background: #336dab\"><\/span><\/h4><div class=\"mec-event-detail\">\r\n                        <div class=\"mec-event-loc-place\"><\/div>\r\n                        \r\n                    <\/div><\/div><div style=\"clear:both\"><\/div><\/article><article class=\"mec-event-article \"><div class=\"mec-event-image\"><img loading=\"lazy\" decoding=\"async\" width=\"300\" height=\"300\" src=\"https:\/\/alicanteturismo.com\/wp-content\/uploads\/2026\/05\/Exposicion-VII-Edicion-Ciclo-de-Arte-y-Medioambiente_-Halito-1-300x300.png\" class=\"attachment-thumblist size-thumblist wp-post-image\" alt=\"\" data-mec-postid=\"320648\" \/><\/div><div class=\"mec-monthly-contents\" style=\"width: calc(100% - 85px)\"><div class=\"mec-event-time mec-color\"><i class=\"mec-sl-clock-o\"><\/i> Journ\u00e9e enti\u00e8re<\/div><h4 class=\"mec-event-title\"><a class=\"mec-color-hover\" data-event-id=\"320648\" href=\"https:\/\/alicanteturismo.com\/fr\/events\/exposicion-halito-vii-ed-ciclo-de-arte-y-medioambiente-museo-de-aguas\/?occurrence=2026-09-02\" target=\"_self\" rel=\"noopener\">Exposici\u00f3n \u00ab\u00a0H\u00e1lito\u00a0\u00bb . VII Ed Ciclo de Arte y Medioambiente. Museo de Aguas de Alicante<\/a><span class=\"event-color\" style=\"background: #336dab\"><\/span><\/h4><div class=\"mec-event-detail\">\r\n                        <div class=\"mec-event-loc-place\">Museo de Aguas de Alicante - Pozos de Garrig\u00f3s<\/div>\r\n                        \r\n                    <\/div><\/div><div style=\"clear:both\"><\/div><\/article><article class=\"mec-event-article \"><div class=\"mec-event-image\"><img loading=\"lazy\" decoding=\"async\" width=\"300\" height=\"300\" src=\"https:\/\/alicanteturismo.com\/wp-content\/uploads\/2026\/06\/d5ac5a84-ac33-061c-0536-2bbb1a525433-300x300.png\" class=\"attachment-thumblist size-thumblist wp-post-image\" alt=\"\" data-mec-postid=\"321036\" \/><\/div><div class=\"mec-monthly-contents\" style=\"width: calc(100% - 85px)\"><div class=\"mec-event-time mec-color\"><i class=\"mec-sl-clock-o\"><\/i> Journ\u00e9e enti\u00e8re<\/div><h4 class=\"mec-event-title\"><a class=\"mec-color-hover\" data-event-id=\"321036\" href=\"https:\/\/alicanteturismo.com\/fr\/events\/exposition-de-par-en-par-a-la-fondation-mediterranee\/?occurrence=2026-09-02\" target=\"_self\" rel=\"noopener\">Exposition \u00ab\u00a0De par en par\u00a0\u00bb \u00e0 la Fondation M\u00e9diterran\u00e9e<\/a><span class=\"event-color\" style=\"background: #1e73be\"><\/span><\/h4><div class=\"mec-event-detail\">\r\n                        <div class=\"mec-event-loc-place\">Salle d&#039;exposition<\/div>\r\n                        \r\n                    <\/div><\/div><div style=\"clear:both\"><\/div><\/article><article class=\"mec-event-article \"><div class=\"mec-event-image\"><img loading=\"lazy\" decoding=\"async\" width=\"300\" height=\"300\" src=\"https:\/\/alicanteturismo.com\/wp-content\/uploads\/2026\/07\/descargar-1-300x300.png\" class=\"attachment-thumblist size-thumblist wp-post-image\" alt=\"\" data-mec-postid=\"321395\" \/><\/div><div class=\"mec-monthly-contents\" style=\"width: calc(100% - 85px)\"><div class=\"mec-event-time mec-color\"><i class=\"mec-sl-clock-o\"><\/i> Journ\u00e9e enti\u00e8re<\/div><h4 class=\"mec-event-title\"><a class=\"mec-color-hover\" data-event-id=\"321395\" href=\"https:\/\/alicanteturismo.com\/fr\/events\/exposition-lor-et-lunivers-savoirs-autochtones-de-colombie-au-marq\/?occurrence=2026-09-02\" target=\"_self\" rel=\"noopener\">Exposition \u00ab L&rsquo;OR ET L&rsquo;UNIVERS. Savoirs autochtones de Colombie \u00bb au MARQ<\/a><span class=\"event-color\" style=\"background: #dd9933\"><\/span><\/h4><div class=\"mec-event-detail\">\r\n                        <div class=\"mec-event-loc-place\"><\/div>\r\n                        \r\n                    <\/div><\/div><div style=\"clear:both\"><\/div><\/article><article class=\"mec-event-article \"><div class=\"mec-event-image\"><img loading=\"lazy\" decoding=\"async\" width=\"300\" height=\"300\" src=\"https:\/\/alicanteturismo.com\/wp-content\/uploads\/2026\/07\/INVITACION-009_page-0001-300x300.jpg\" class=\"attachment-thumblist size-thumblist wp-post-image\" alt=\"\" data-mec-postid=\"321680\" \/><\/div><div class=\"mec-monthly-contents\" style=\"width: calc(100% - 85px)\"><h4 class=\"mec-event-title\"><a class=\"mec-color-hover\" data-event-id=\"321680\" href=\"https:\/\/alicanteturismo.com\/fr\/events\/exposicion-de-pintura-inteligencia-hipervisual-de-borja-ibanez-vino\/?occurrence=2026-09-02\" target=\"_self\" rel=\"noopener\">Exposici\u00f3n de pintura \u00ab\u00a0Inteligencia Hipervisual de Borja Ib\u00e1\u00f1ez Vi\u00f1o\u00a0\u00bb<\/a><span class=\"event-color\" style=\"background: #336dab\"><\/span><\/h4><div class=\"mec-event-detail\">\r\n                        <div class=\"mec-event-loc-place\"><\/div>\r\n                        \r\n                    <\/div><\/div><div style=\"clear:both\"><\/div><\/article><article class=\"mec-event-article \"><div class=\"mec-event-image\"><img loading=\"lazy\" decoding=\"async\" width=\"300\" height=\"300\" src=\"https:\/\/alicanteturismo.com\/wp-content\/uploads\/2026\/08\/descargar-1-300x300.png\" class=\"attachment-thumblist size-thumblist wp-post-image\" alt=\"\" data-mec-postid=\"322070\" \/><\/div><div class=\"mec-monthly-contents\" style=\"width: calc(100% - 85px)\"><h4 class=\"mec-event-title\"><a class=\"mec-color-hover\" data-event-id=\"322070\" href=\"https:\/\/alicanteturismo.com\/fr\/events\/visites-guidees-des-abris-anti-aeriens-et-du-centre-dinterpretation-de-la-guerre-civile\/?occurrence=2026-09-02\" target=\"_self\" rel=\"noopener\">Visites guid\u00e9es des abris anti-a\u00e9riens et du centre d&rsquo;interpr\u00e9tation de la guerre civile<\/a><span class=\"event-color\" style=\"background: #1e73be\"><\/span><\/h4><div class=\"mec-event-detail\">\r\n                        <div class=\"mec-event-loc-place\"><\/div>\r\n                        \r\n                    <\/div><\/div><div style=\"clear:both\"><\/div><\/article><article class=\"mec-event-article \"><div class=\"mec-event-image\"><img loading=\"lazy\" decoding=\"async\" width=\"300\" height=\"300\" src=\"https:\/\/alicanteturismo.com\/wp-content\/uploads\/2025\/02\/MA07110494-300x300.jpg\" class=\"attachment-thumblist size-thumblist wp-post-image\" alt=\"\" data-mec-postid=\"296395\" \/><\/div><div class=\"mec-monthly-contents\" style=\"width: calc(100% - 85px)\"><div class=\"mec-event-time mec-color\"><i class=\"mec-sl-clock-o\"><\/i> 10h00<\/div><h4 class=\"mec-event-title\"><a class=\"mec-color-hover\" data-event-id=\"296395\" href=\"https:\/\/alicanteturismo.com\/fr\/events\/exposicion-permanente-marq\/?occurrence=2026-09-02\" target=\"_self\" rel=\"noopener\">Exposici\u00f3n Permanente MARQ<\/a><span class=\"event-color\" style=\"background: #336dab\"><\/span><\/h4><div class=\"mec-event-detail\">\r\n                        <div class=\"mec-event-loc-place\">Museo Arqueol\u00f3gico de Alicante (MARQ)<\/div>\r\n                        \r\n                    <\/div><\/div><div style=\"clear:both\"><\/div><\/article><article class=\"mec-event-article \"><div class=\"mec-event-image\"><img loading=\"lazy\" decoding=\"async\" width=\"300\" height=\"300\" src=\"https:\/\/alicanteturismo.com\/wp-content\/uploads\/2025\/02\/mubag_diputacion_alicante-5-300x300.webp\" class=\"attachment-thumblist size-thumblist wp-post-image\" alt=\"\" data-mec-postid=\"296402\" \/><\/div><div class=\"mec-monthly-contents\" style=\"width: calc(100% - 85px)\"><div class=\"mec-event-time mec-color\"><i class=\"mec-sl-clock-o\"><\/i> 10h00<\/div><h4 class=\"mec-event-title\"><a class=\"mec-color-hover\" data-event-id=\"296402\" href=\"https:\/\/alicanteturismo.com\/fr\/events\/exposicion-permanente-en-el-mubag-el-siglo-xix-coleccion-a-la-luz\/?occurrence=2026-09-02\" target=\"_self\" rel=\"noopener\">Exposici\u00f3n Permanente en el MUBAG. El siglo XIX. Colecci\u00f3n a la Luz<\/a><span class=\"event-color\" style=\"background: #336dab\"><\/span><\/h4><div class=\"mec-event-detail\">\r\n                        <div class=\"mec-event-loc-place\">Museo de Bellas Artes Gravina (MUBAG)<\/div>\r\n                        \r\n                    <\/div><\/div><div style=\"clear:both\"><\/div><\/article><article class=\"mec-event-article \"><div class=\"mec-event-image\"><img loading=\"lazy\" decoding=\"async\" width=\"300\" height=\"300\" src=\"https:\/\/alicanteturismo.com\/wp-content\/uploads\/2025\/02\/maca-museo-rotated-1-300x300.webp\" class=\"attachment-thumblist size-thumblist wp-post-image\" alt=\"\" data-mec-postid=\"296408\" \/><\/div><div class=\"mec-monthly-contents\" style=\"width: calc(100% - 85px)\"><div class=\"mec-event-time mec-color\"><i class=\"mec-sl-clock-o\"><\/i> 10h00<\/div><h4 class=\"mec-event-title\"><a class=\"mec-color-hover\" data-event-id=\"296408\" href=\"https:\/\/alicanteturismo.com\/fr\/events\/exposicion-permanente-maca\/?occurrence=2026-09-02\" target=\"_self\" rel=\"noopener\">Exposici\u00f3n Permanente MACA<\/a><span class=\"event-color\" style=\"background: #336dab\"><\/span><\/h4><div class=\"mec-event-detail\">\r\n                        <div class=\"mec-event-loc-place\">Contemporary Art Museum of Alicante (MACA)<\/div>\r\n                        \r\n                    <\/div><\/div><div style=\"clear:both\"><\/div><\/article><article class=\"mec-event-article \"><div class=\"mec-event-image\"><img loading=\"lazy\" decoding=\"async\" width=\"300\" height=\"300\" src=\"https:\/\/alicanteturismo.com\/wp-content\/uploads\/2026\/06\/image-expo-300x300.png\" class=\"attachment-thumblist size-thumblist wp-post-image\" alt=\"\" data-mec-postid=\"321070\" \/><\/div><div class=\"mec-monthly-contents\" style=\"width: calc(100% - 85px)\"><div class=\"mec-event-time mec-color\"><i class=\"mec-sl-clock-o\"><\/i> 10h00 - 20h00<\/div><h4 class=\"mec-event-title\"><a class=\"mec-color-hover\" data-event-id=\"321070\" href=\"https:\/\/alicanteturismo.com\/fr\/events\/exposition-temporaire-del-color-en-el-arte-coloramas-au-maca\/?occurrence=2026-09-02\" target=\"_self\" rel=\"noopener\">Exposition temporaire : \u00ab\u00a0Del color en el arte (Coloramas)\u00a0\u00bb au MACA<\/a><span class=\"event-color\" style=\"background: #dd9933\"><\/span><\/h4><div class=\"mec-event-detail\">\r\n                        <div class=\"mec-event-loc-place\">Contemporary Art Museum of Alicante (MACA)<\/div>\r\n                        \r\n                    <\/div><\/div><div style=\"clear:both\"><\/div><\/article><article class=\"mec-event-article \"><div class=\"mec-event-image\"><img loading=\"lazy\" decoding=\"async\" width=\"300\" height=\"300\" src=\"https:\/\/alicanteturismo.com\/wp-content\/uploads\/2026\/07\/descargar-2-300x300.png\" class=\"attachment-thumblist size-thumblist wp-post-image\" alt=\"\" data-mec-postid=\"321763\" \/><\/div><div class=\"mec-monthly-contents\" style=\"width: calc(100% - 85px)\"><div class=\"mec-event-time mec-color\"><i class=\"mec-sl-clock-o\"><\/i> 10h00 - 21h30<\/div><h4 class=\"mec-event-title\"><a class=\"mec-color-hover\" data-event-id=\"321763\" href=\"https:\/\/alicanteturismo.com\/fr\/events\/exposicion-la-firmeza-de-un-instante-de-jesus-madrinan-en-las-cigarreras\/?occurrence=2026-09-02\" target=\"_self\" rel=\"noopener\">Exposici\u00f3n \u201cLa firmeza de un instante\u201d de Jes\u00fas Madri\u00f1\u00e1n en Las Cigarreras<\/a><span class=\"event-color\" style=\"background: #336dab\"><\/span><\/h4><div class=\"mec-event-detail\">\r\n                        <div class=\"mec-event-loc-place\">Centre culturel Las Cigarreras<\/div>\r\n                        \r\n                    <\/div><\/div><div style=\"clear:both\"><\/div><\/article><article class=\"mec-event-article \"><div class=\"mec-event-image\"><img loading=\"lazy\" decoding=\"async\" width=\"300\" height=\"300\" src=\"https:\/\/alicanteturismo.com\/wp-content\/uploads\/2026\/07\/descargar-3-300x300.png\" class=\"attachment-thumblist size-thumblist wp-post-image\" alt=\"\" data-mec-postid=\"321770\" \/><\/div><div class=\"mec-monthly-contents\" style=\"width: calc(100% - 85px)\"><div class=\"mec-event-time mec-color\"><i class=\"mec-sl-clock-o\"><\/i> 10h00 - 21h30<\/div><h4 class=\"mec-event-title\"><a class=\"mec-color-hover\" data-event-id=\"321770\" href=\"https:\/\/alicanteturismo.com\/fr\/events\/exposicion-rockcomix-homenaje-a-joaquin-ladron\/?occurrence=2026-09-02\" target=\"_self\" rel=\"noopener\">Exposici\u00f3n Rock&#038;Comix: Homenaje a Joaqu\u00edn Ladr\u00f3n<\/a><span class=\"event-color\" style=\"background: #336dab\"><\/span><\/h4><div class=\"mec-event-detail\">\r\n                        <div class=\"mec-event-loc-place\">Centre culturel Las Cigarreras<\/div>\r\n                        \r\n                    <\/div><\/div><div style=\"clear:both\"><\/div><\/article><article class=\"mec-event-article \"><div class=\"mec-event-image\"><img loading=\"lazy\" decoding=\"async\" width=\"300\" height=\"300\" src=\"https:\/\/alicanteturismo.com\/wp-content\/uploads\/2025\/02\/Yacimiento-arqueologico-Lucentum.Lucentum-archaeological-remains-copia2-300x300.jpg\" class=\"attachment-thumblist size-thumblist wp-post-image\" alt=\"\" data-mec-postid=\"296353\" \/><\/div><div class=\"mec-monthly-contents\" style=\"width: calc(100% - 85px)\"><div class=\"mec-event-time mec-color\"><i class=\"mec-sl-clock-o\"><\/i> 10h30<\/div><h4 class=\"mec-event-title\"><a class=\"mec-color-hover\" data-event-id=\"296353\" href=\"https:\/\/alicanteturismo.com\/fr\/events\/visita-guiada-al-yacimiento-arqueologico-lucentum\/?occurrence=2026-09-02\" target=\"_self\" rel=\"noopener\">Visita guiada al yacimiento arqueol\u00f3gico Lucentum<\/a><span class=\"event-color\" style=\"background: #dd823b\"><\/span><\/h4><div class=\"mec-event-detail\">\r\n                        <div class=\"mec-event-loc-place\">Lucentum Tossal de Manises<\/div>\r\n                        \r\n                    <\/div><\/div><div style=\"clear:both\"><\/div><\/article><article class=\"mec-event-article \"><div class=\"mec-event-image\"><img loading=\"lazy\" decoding=\"async\" width=\"300\" height=\"300\" src=\"https:\/\/alicanteturismo.com\/wp-content\/uploads\/2025\/10\/Astroturismo-1-1-300x300.jpg\" class=\"attachment-thumblist size-thumblist wp-post-image\" alt=\"\" data-mec-postid=\"313302\" \/><\/div><div class=\"mec-monthly-contents\" style=\"width: calc(100% - 85px)\"><div class=\"mec-event-time mec-color\"><i class=\"mec-sl-clock-o\"><\/i> 20h30 - 23h30<\/div><h4 class=\"mec-event-title\"><a class=\"mec-color-hover\" data-event-id=\"313302\" href=\"https:\/\/alicanteturismo.com\/fr\/events\/astrotourism-and-stargazing-at-cabo-de-las-huertas-3\/?occurrence=2026-09-02\" target=\"_self\" rel=\"noopener\">Astrotourism and Stargazing at Cabo de las Huertas<\/a><\/h4><div class=\"mec-event-detail\">\r\n                        <div class=\"mec-event-loc-place\">Cabo de las Huertas, Alicante<\/div>\r\n                        \r\n                    <\/div><\/div><div style=\"clear:both\"><\/div><\/article><\/div><div class=\"mec-calendar-events-sec\" id=\"mec-calendar-events-sec-mec1-20260903\" data-mec-cell=\"20260903\" ><h6 class=\"mec-table-side-title\">\u00c9v\u00e9nements pour le <span class=\"mec-color mec-table-side-day\"> 3rd<\/span> septembre<\/h6><article class=\"mec-event-article \"><div class=\"mec-event-image\"><img fetchpriority=\"high\" decoding=\"async\" width=\"300\" height=\"300\" src=\"https:\/\/alicanteturismo.com\/wp-content\/uploads\/2025\/02\/castillo-de-santa-barbara-2016-Alicante-ERN_6938-29-copia-300x300.jpg\" class=\"attachment-thumblist size-thumblist wp-post-image\" alt=\"\" data-mec-postid=\"296389\" \/><\/div><div class=\"mec-monthly-contents\" style=\"width: calc(100% - 85px)\"><div class=\"mec-event-time mec-color\"><i class=\"mec-sl-clock-o\"><\/i> Journ\u00e9e enti\u00e8re<\/div><h4 class=\"mec-event-title\"><a class=\"mec-color-hover\" data-event-id=\"296389\" href=\"https:\/\/alicanteturismo.com\/fr\/events\/exposicion-permanente-musa\/?occurrence=2026-09-03\" target=\"_self\" rel=\"noopener\">Exposici\u00f3n Permanente MUSA<\/a><span class=\"event-color\" style=\"background: #336dab\"><\/span><\/h4><div class=\"mec-event-detail\">\r\n                        <div class=\"mec-event-loc-place\">Ch\u00e2teau de Santa Barbara<\/div>\r\n                        \r\n                    <\/div><\/div><div style=\"clear:both\"><\/div><\/article><article class=\"mec-event-article \"><div class=\"mec-event-image\"><img decoding=\"async\" width=\"300\" height=\"300\" src=\"https:\/\/alicanteturismo.com\/wp-content\/uploads\/2025\/10\/Via-lactea-Isla-de-Tabarca-300x300.jpg\" class=\"attachment-thumblist size-thumblist wp-post-image\" alt=\"\" data-mec-postid=\"313076\" \/><\/div><div class=\"mec-monthly-contents\" style=\"width: calc(100% - 85px)\"><h4 class=\"mec-event-title\"><a class=\"mec-color-hover\" data-event-id=\"313076\" href=\"https:\/\/alicanteturismo.com\/fr\/events\/stargazing-on-tabarca-island\/?occurrence=2026-09-03&amp;time=1788422400\" target=\"_self\" rel=\"noopener\">Stargazing on Tabarca Island<\/a><\/h4><div class=\"mec-event-detail\">\r\n                        <div class=\"mec-event-loc-place\">Isla Tabarca<\/div>\r\n                        \r\n                    <\/div><\/div><div style=\"clear:both\"><\/div><\/article><article class=\"mec-event-article \"><div class=\"mec-event-image\"><img decoding=\"async\" width=\"300\" height=\"300\" src=\"https:\/\/alicanteturismo.com\/wp-content\/uploads\/2026\/02\/tabarca-boat-tour-300x300.jpg\" class=\"attachment-thumblist size-thumblist wp-post-image\" alt=\"\" data-mec-postid=\"317118\" \/><\/div><div class=\"mec-monthly-contents\" style=\"width: calc(100% - 85px)\"><h4 class=\"mec-event-title\"><a class=\"mec-color-hover\" data-event-id=\"317118\" href=\"https:\/\/alicanteturismo.com\/fr\/events\/tabarca-boat-tour\/?occurrence=2026-09-03\" target=\"_self\" rel=\"noopener\">Tabarca Boat Tour<\/a><span class=\"event-color\" style=\"background: #bfb417\"><\/span><\/h4><div class=\"mec-event-detail\">\r\n                        <div class=\"mec-event-loc-place\">Alicante<\/div>\r\n                        \r\n                    <\/div><\/div><div style=\"clear:both\"><\/div><\/article><article class=\"mec-event-article \"><div class=\"mec-event-image\"><img loading=\"lazy\" decoding=\"async\" width=\"300\" height=\"300\" src=\"https:\/\/alicanteturismo.com\/wp-content\/uploads\/2026\/02\/tabarca-boat-tour-300x300.jpg\" class=\"attachment-thumblist size-thumblist wp-post-image\" alt=\"\" data-mec-postid=\"317126\" \/><\/div><div class=\"mec-monthly-contents\" style=\"width: calc(100% - 85px)\"><h4 class=\"mec-event-title\"><a class=\"mec-color-hover\" data-event-id=\"317126\" href=\"https:\/\/www.alicanteboattours.com\/costa-boat-tour?occurrence=2026-09-03\" target=\"_self\" rel=\"noopener\">Costa Boat Tour<\/a><span class=\"event-color\" style=\"background: #00a0d2\"><\/span><\/h4><div class=\"mec-event-detail\">\r\n                        <div class=\"mec-event-loc-place\">Alicante Catamaran Aventurero<\/div>\r\n                        \r\n                    <\/div><\/div><div style=\"clear:both\"><\/div><\/article><article class=\"mec-event-article \"><div class=\"mec-event-image\"><img loading=\"lazy\" decoding=\"async\" width=\"300\" height=\"168\" src=\"https:\/\/alicanteturismo.com\/wp-content\/uploads\/2024\/05\/CABO-HUERTA-ALICANTE.jpg\" class=\"attachment-thumblist size-thumblist wp-post-image\" alt=\"\" data-mec-postid=\"317264\" \/><\/div><div class=\"mec-monthly-contents\" style=\"width: calc(100% - 85px)\"><div class=\"mec-event-time mec-color\"><i class=\"mec-sl-clock-o\"><\/i> 8h00 - 18h00<\/div><h4 class=\"mec-event-title\"><a class=\"mec-color-hover\" data-event-id=\"317264\" href=\"https:\/\/www.alicanteboattours.com\/bahia-boat-tour?occurrence=2026-09-03\" target=\"_self\" rel=\"noopener\">Bah\u00eda Boat Tour<\/a><span class=\"event-color\" style=\"background: #00a0d2\"><\/span><\/h4><div class=\"mec-event-detail\">\r\n                        <div class=\"mec-event-loc-place\">Alicante<\/div>\r\n                        \r\n                    <\/div><\/div><div style=\"clear:both\"><\/div><\/article><article class=\"mec-event-article \"><div class=\"mec-event-image\"><\/div><div class=\"mec-monthly-contents\" style=\"width: 100%\"><div class=\"mec-event-time mec-color\"><i class=\"mec-sl-clock-o\"><\/i> Journ\u00e9e enti\u00e8re<\/div><h4 class=\"mec-event-title\"><a class=\"mec-color-hover\" data-event-id=\"318219\" href=\"https:\/\/castillodesantabarbara.com\/en\/experience\/misterios-castillo\/?occurrence=2026-09-03\" target=\"_self\" rel=\"noopener\">Los Misterios del Castillo de Santa B\u00e1rbara: Visita Teatralizada Nocturna<\/a><\/h4><div class=\"mec-event-detail\">\r\n                        <div class=\"mec-event-loc-place\">Ch\u00e2teau de Santa Barbara<\/div>\r\n                        \r\n                    <\/div><\/div><div style=\"clear:both\"><\/div><\/article><article class=\"mec-event-article \"><div class=\"mec-event-image\"><img loading=\"lazy\" decoding=\"async\" width=\"300\" height=\"300\" src=\"https:\/\/alicanteturismo.com\/wp-content\/uploads\/2026\/05\/marq-expo-300x300.jpg\" class=\"attachment-thumblist size-thumblist wp-post-image\" alt=\"\" data-mec-postid=\"320214\" \/><\/div><div class=\"mec-monthly-contents\" style=\"width: calc(100% - 85px)\"><div class=\"mec-event-time mec-color\"><i class=\"mec-sl-clock-o\"><\/i> Journ\u00e9e enti\u00e8re<\/div><h4 class=\"mec-event-title\"><a class=\"mec-color-hover\" data-event-id=\"320214\" href=\"https:\/\/alicanteturismo.com\/fr\/events\/rituales-de-pastores-exposicion-en-el-marq-canibalismo-y-enterramientos-en-la-cova-de-randero\/?occurrence=2026-09-03\" target=\"_self\" rel=\"noopener\">Rituales de pastores. Exposici\u00f3n en el MARQ: Canibalismo y enterramientos en la Cova de Randero<\/a><span class=\"event-color\" style=\"background: #336dab\"><\/span><\/h4><div class=\"mec-event-detail\">\r\n                        <div class=\"mec-event-loc-place\"><\/div>\r\n                        \r\n                    <\/div><\/div><div style=\"clear:both\"><\/div><\/article><article class=\"mec-event-article \"><div class=\"mec-event-image\"><img loading=\"lazy\" decoding=\"async\" width=\"300\" height=\"300\" src=\"https:\/\/alicanteturismo.com\/wp-content\/uploads\/2026\/05\/Exposicion-VII-Edicion-Ciclo-de-Arte-y-Medioambiente_-Halito-1-300x300.png\" class=\"attachment-thumblist size-thumblist wp-post-image\" alt=\"\" data-mec-postid=\"320648\" \/><\/div><div class=\"mec-monthly-contents\" style=\"width: calc(100% - 85px)\"><div class=\"mec-event-time mec-color\"><i class=\"mec-sl-clock-o\"><\/i> Journ\u00e9e enti\u00e8re<\/div><h4 class=\"mec-event-title\"><a class=\"mec-color-hover\" data-event-id=\"320648\" href=\"https:\/\/alicanteturismo.com\/fr\/events\/exposicion-halito-vii-ed-ciclo-de-arte-y-medioambiente-museo-de-aguas\/?occurrence=2026-09-03\" target=\"_self\" rel=\"noopener\">Exposici\u00f3n \u00ab\u00a0H\u00e1lito\u00a0\u00bb . VII Ed Ciclo de Arte y Medioambiente. Museo de Aguas de Alicante<\/a><span class=\"event-color\" style=\"background: #336dab\"><\/span><\/h4><div class=\"mec-event-detail\">\r\n                        <div class=\"mec-event-loc-place\">Museo de Aguas de Alicante - Pozos de Garrig\u00f3s<\/div>\r\n                        \r\n                    <\/div><\/div><div style=\"clear:both\"><\/div><\/article><article class=\"mec-event-article \"><div class=\"mec-event-image\"><img loading=\"lazy\" decoding=\"async\" width=\"300\" height=\"300\" src=\"https:\/\/alicanteturismo.com\/wp-content\/uploads\/2026\/06\/d5ac5a84-ac33-061c-0536-2bbb1a525433-300x300.png\" class=\"attachment-thumblist size-thumblist wp-post-image\" alt=\"\" data-mec-postid=\"321036\" \/><\/div><div class=\"mec-monthly-contents\" style=\"width: calc(100% - 85px)\"><div class=\"mec-event-time mec-color\"><i class=\"mec-sl-clock-o\"><\/i> Journ\u00e9e enti\u00e8re<\/div><h4 class=\"mec-event-title\"><a class=\"mec-color-hover\" data-event-id=\"321036\" href=\"https:\/\/alicanteturismo.com\/fr\/events\/exposition-de-par-en-par-a-la-fondation-mediterranee\/?occurrence=2026-09-03\" target=\"_self\" rel=\"noopener\">Exposition \u00ab\u00a0De par en par\u00a0\u00bb \u00e0 la Fondation M\u00e9diterran\u00e9e<\/a><span class=\"event-color\" style=\"background: #1e73be\"><\/span><\/h4><div class=\"mec-event-detail\">\r\n                        <div class=\"mec-event-loc-place\">Salle d&#039;exposition<\/div>\r\n                        \r\n                    <\/div><\/div><div style=\"clear:both\"><\/div><\/article><article class=\"mec-event-article \"><div class=\"mec-event-image\"><img loading=\"lazy\" decoding=\"async\" width=\"300\" height=\"300\" src=\"https:\/\/alicanteturismo.com\/wp-content\/uploads\/2026\/07\/descargar-1-300x300.png\" class=\"attachment-thumblist size-thumblist wp-post-image\" alt=\"\" data-mec-postid=\"321395\" \/><\/div><div class=\"mec-monthly-contents\" style=\"width: calc(100% - 85px)\"><div class=\"mec-event-time mec-color\"><i class=\"mec-sl-clock-o\"><\/i> Journ\u00e9e enti\u00e8re<\/div><h4 class=\"mec-event-title\"><a class=\"mec-color-hover\" data-event-id=\"321395\" href=\"https:\/\/alicanteturismo.com\/fr\/events\/exposition-lor-et-lunivers-savoirs-autochtones-de-colombie-au-marq\/?occurrence=2026-09-03\" target=\"_self\" rel=\"noopener\">Exposition \u00ab L&rsquo;OR ET L&rsquo;UNIVERS. Savoirs autochtones de Colombie \u00bb au MARQ<\/a><span class=\"event-color\" style=\"background: #dd9933\"><\/span><\/h4><div class=\"mec-event-detail\">\r\n                        <div class=\"mec-event-loc-place\"><\/div>\r\n                        \r\n                    <\/div><\/div><div style=\"clear:both\"><\/div><\/article><article class=\"mec-event-article \"><div class=\"mec-event-image\"><img loading=\"lazy\" decoding=\"async\" width=\"300\" height=\"300\" src=\"https:\/\/alicanteturismo.com\/wp-content\/uploads\/2026\/08\/descargar-1-300x300.png\" class=\"attachment-thumblist size-thumblist wp-post-image\" alt=\"\" data-mec-postid=\"322070\" \/><\/div><div class=\"mec-monthly-contents\" style=\"width: calc(100% - 85px)\"><h4 class=\"mec-event-title\"><a class=\"mec-color-hover\" data-event-id=\"322070\" href=\"https:\/\/alicanteturismo.com\/fr\/events\/visites-guidees-des-abris-anti-aeriens-et-du-centre-dinterpretation-de-la-guerre-civile\/?occurrence=2026-09-03\" target=\"_self\" rel=\"noopener\">Visites guid\u00e9es des abris anti-a\u00e9riens et du centre d&rsquo;interpr\u00e9tation de la guerre civile<\/a><span class=\"event-color\" style=\"background: #1e73be\"><\/span><\/h4><div class=\"mec-event-detail\">\r\n                        <div class=\"mec-event-loc-place\"><\/div>\r\n                        \r\n                    <\/div><\/div><div style=\"clear:both\"><\/div><\/article><article class=\"mec-event-article \"><div class=\"mec-event-image\"><img loading=\"lazy\" decoding=\"async\" width=\"300\" height=\"300\" src=\"https:\/\/alicanteturismo.com\/wp-content\/uploads\/2025\/02\/MA07110494-300x300.jpg\" class=\"attachment-thumblist size-thumblist wp-post-image\" alt=\"\" data-mec-postid=\"296395\" \/><\/div><div class=\"mec-monthly-contents\" style=\"width: calc(100% - 85px)\"><div class=\"mec-event-time mec-color\"><i class=\"mec-sl-clock-o\"><\/i> 10h00<\/div><h4 class=\"mec-event-title\"><a class=\"mec-color-hover\" data-event-id=\"296395\" href=\"https:\/\/alicanteturismo.com\/fr\/events\/exposicion-permanente-marq\/?occurrence=2026-09-03\" target=\"_self\" rel=\"noopener\">Exposici\u00f3n Permanente MARQ<\/a><span class=\"event-color\" style=\"background: #336dab\"><\/span><\/h4><div class=\"mec-event-detail\">\r\n                        <div class=\"mec-event-loc-place\">Museo Arqueol\u00f3gico de Alicante (MARQ)<\/div>\r\n                        \r\n                    <\/div><\/div><div style=\"clear:both\"><\/div><\/article><article class=\"mec-event-article \"><div class=\"mec-event-image\"><img loading=\"lazy\" decoding=\"async\" width=\"300\" height=\"300\" src=\"https:\/\/alicanteturismo.com\/wp-content\/uploads\/2025\/02\/mubag_diputacion_alicante-5-300x300.webp\" class=\"attachment-thumblist size-thumblist wp-post-image\" alt=\"\" data-mec-postid=\"296402\" \/><\/div><div class=\"mec-monthly-contents\" style=\"width: calc(100% - 85px)\"><div class=\"mec-event-time mec-color\"><i class=\"mec-sl-clock-o\"><\/i> 10h00<\/div><h4 class=\"mec-event-title\"><a class=\"mec-color-hover\" data-event-id=\"296402\" href=\"https:\/\/alicanteturismo.com\/fr\/events\/exposicion-permanente-en-el-mubag-el-siglo-xix-coleccion-a-la-luz\/?occurrence=2026-09-03\" target=\"_self\" rel=\"noopener\">Exposici\u00f3n Permanente en el MUBAG. El siglo XIX. Colecci\u00f3n a la Luz<\/a><span class=\"event-color\" style=\"background: #336dab\"><\/span><\/h4><div class=\"mec-event-detail\">\r\n                        <div class=\"mec-event-loc-place\">Museo de Bellas Artes Gravina (MUBAG)<\/div>\r\n                        \r\n                    <\/div><\/div><div style=\"clear:both\"><\/div><\/article><article class=\"mec-event-article \"><div class=\"mec-event-image\"><img loading=\"lazy\" decoding=\"async\" width=\"300\" height=\"300\" src=\"https:\/\/alicanteturismo.com\/wp-content\/uploads\/2025\/02\/maca-museo-rotated-1-300x300.webp\" class=\"attachment-thumblist size-thumblist wp-post-image\" alt=\"\" data-mec-postid=\"296408\" \/><\/div><div class=\"mec-monthly-contents\" style=\"width: calc(100% - 85px)\"><div class=\"mec-event-time mec-color\"><i class=\"mec-sl-clock-o\"><\/i> 10h00<\/div><h4 class=\"mec-event-title\"><a class=\"mec-color-hover\" data-event-id=\"296408\" href=\"https:\/\/alicanteturismo.com\/fr\/events\/exposicion-permanente-maca\/?occurrence=2026-09-03\" target=\"_self\" rel=\"noopener\">Exposici\u00f3n Permanente MACA<\/a><span class=\"event-color\" style=\"background: #336dab\"><\/span><\/h4><div class=\"mec-event-detail\">\r\n                        <div class=\"mec-event-loc-place\">Contemporary Art Museum of Alicante (MACA)<\/div>\r\n                        \r\n                    <\/div><\/div><div style=\"clear:both\"><\/div><\/article><article class=\"mec-event-article \"><div class=\"mec-event-image\"><img loading=\"lazy\" decoding=\"async\" width=\"300\" height=\"300\" src=\"https:\/\/alicanteturismo.com\/wp-content\/uploads\/2026\/06\/image-expo-300x300.png\" class=\"attachment-thumblist size-thumblist wp-post-image\" alt=\"\" data-mec-postid=\"321070\" \/><\/div><div class=\"mec-monthly-contents\" style=\"width: calc(100% - 85px)\"><div class=\"mec-event-time mec-color\"><i class=\"mec-sl-clock-o\"><\/i> 10h00 - 20h00<\/div><h4 class=\"mec-event-title\"><a class=\"mec-color-hover\" data-event-id=\"321070\" href=\"https:\/\/alicanteturismo.com\/fr\/events\/exposition-temporaire-del-color-en-el-arte-coloramas-au-maca\/?occurrence=2026-09-03\" target=\"_self\" rel=\"noopener\">Exposition temporaire : \u00ab\u00a0Del color en el arte (Coloramas)\u00a0\u00bb au MACA<\/a><span class=\"event-color\" style=\"background: #dd9933\"><\/span><\/h4><div class=\"mec-event-detail\">\r\n                        <div class=\"mec-event-loc-place\">Contemporary Art Museum of Alicante (MACA)<\/div>\r\n                        \r\n                    <\/div><\/div><div style=\"clear:both\"><\/div><\/article><article class=\"mec-event-article \"><div class=\"mec-event-image\"><img loading=\"lazy\" decoding=\"async\" width=\"300\" height=\"300\" src=\"https:\/\/alicanteturismo.com\/wp-content\/uploads\/2026\/07\/descargar-2-300x300.png\" class=\"attachment-thumblist size-thumblist wp-post-image\" alt=\"\" data-mec-postid=\"321763\" \/><\/div><div class=\"mec-monthly-contents\" style=\"width: calc(100% - 85px)\"><div class=\"mec-event-time mec-color\"><i class=\"mec-sl-clock-o\"><\/i> 10h00 - 21h30<\/div><h4 class=\"mec-event-title\"><a class=\"mec-color-hover\" data-event-id=\"321763\" href=\"https:\/\/alicanteturismo.com\/fr\/events\/exposicion-la-firmeza-de-un-instante-de-jesus-madrinan-en-las-cigarreras\/?occurrence=2026-09-03\" target=\"_self\" rel=\"noopener\">Exposici\u00f3n \u201cLa firmeza de un instante\u201d de Jes\u00fas Madri\u00f1\u00e1n en Las Cigarreras<\/a><span class=\"event-color\" style=\"background: #336dab\"><\/span><\/h4><div class=\"mec-event-detail\">\r\n                        <div class=\"mec-event-loc-place\">Centre culturel Las Cigarreras<\/div>\r\n                        \r\n                    <\/div><\/div><div style=\"clear:both\"><\/div><\/article><article class=\"mec-event-article \"><div class=\"mec-event-image\"><img loading=\"lazy\" decoding=\"async\" width=\"300\" height=\"300\" src=\"https:\/\/alicanteturismo.com\/wp-content\/uploads\/2026\/07\/descargar-3-300x300.png\" class=\"attachment-thumblist size-thumblist wp-post-image\" alt=\"\" data-mec-postid=\"321770\" \/><\/div><div class=\"mec-monthly-contents\" style=\"width: calc(100% - 85px)\"><div class=\"mec-event-time mec-color\"><i class=\"mec-sl-clock-o\"><\/i> 10h00 - 21h30<\/div><h4 class=\"mec-event-title\"><a class=\"mec-color-hover\" data-event-id=\"321770\" href=\"https:\/\/alicanteturismo.com\/fr\/events\/exposicion-rockcomix-homenaje-a-joaquin-ladron\/?occurrence=2026-09-03\" target=\"_self\" rel=\"noopener\">Exposici\u00f3n Rock&#038;Comix: Homenaje a Joaqu\u00edn Ladr\u00f3n<\/a><span class=\"event-color\" style=\"background: #336dab\"><\/span><\/h4><div class=\"mec-event-detail\">\r\n                        <div class=\"mec-event-loc-place\">Centre culturel Las Cigarreras<\/div>\r\n                        \r\n                    <\/div><\/div><div style=\"clear:both\"><\/div><\/article><article class=\"mec-event-article \"><div class=\"mec-event-image\"><img loading=\"lazy\" decoding=\"async\" width=\"300\" height=\"300\" src=\"https:\/\/alicanteturismo.com\/wp-content\/uploads\/2025\/02\/Yacimiento-arqueologico-Lucentum.Lucentum-archaeological-remains-copia2-300x300.jpg\" class=\"attachment-thumblist size-thumblist wp-post-image\" alt=\"\" data-mec-postid=\"296353\" \/><\/div><div class=\"mec-monthly-contents\" style=\"width: calc(100% - 85px)\"><div class=\"mec-event-time mec-color\"><i class=\"mec-sl-clock-o\"><\/i> 10h30<\/div><h4 class=\"mec-event-title\"><a class=\"mec-color-hover\" data-event-id=\"296353\" href=\"https:\/\/alicanteturismo.com\/fr\/events\/visita-guiada-al-yacimiento-arqueologico-lucentum\/?occurrence=2026-09-03\" target=\"_self\" rel=\"noopener\">Visita guiada al yacimiento arqueol\u00f3gico Lucentum<\/a><span class=\"event-color\" style=\"background: #dd823b\"><\/span><\/h4><div class=\"mec-event-detail\">\r\n                        <div class=\"mec-event-loc-place\">Lucentum Tossal de Manises<\/div>\r\n                        \r\n                    <\/div><\/div><div style=\"clear:both\"><\/div><\/article><article class=\"mec-event-article \"><div class=\"mec-event-image\"><img loading=\"lazy\" decoding=\"async\" width=\"300\" height=\"300\" src=\"https:\/\/alicanteturismo.com\/wp-content\/uploads\/2025\/10\/Astroturismo-1-1-300x300.jpg\" class=\"attachment-thumblist size-thumblist wp-post-image\" alt=\"\" data-mec-postid=\"313302\" \/><\/div><div class=\"mec-monthly-contents\" style=\"width: calc(100% - 85px)\"><div class=\"mec-event-time mec-color\"><i class=\"mec-sl-clock-o\"><\/i> 20h30 - 23h30<\/div><h4 class=\"mec-event-title\"><a class=\"mec-color-hover\" data-event-id=\"313302\" href=\"https:\/\/alicanteturismo.com\/fr\/events\/astrotourism-and-stargazing-at-cabo-de-las-huertas-3\/?occurrence=2026-09-03\" target=\"_self\" rel=\"noopener\">Astrotourism and Stargazing at Cabo de las Huertas<\/a><\/h4><div class=\"mec-event-detail\">\r\n                        <div class=\"mec-event-loc-place\">Cabo de las Huertas, Alicante<\/div>\r\n                        \r\n                    <\/div><\/div><div style=\"clear:both\"><\/div><\/article><\/div><div class=\"mec-calendar-events-sec\" id=\"mec-calendar-events-sec-mec1-20260904\" data-mec-cell=\"20260904\" ><h6 class=\"mec-table-side-title\">\u00c9v\u00e9nements pour le <span class=\"mec-color mec-table-side-day\"> 4th<\/span> septembre<\/h6><article class=\"mec-event-article \"><div class=\"mec-event-image\"><img fetchpriority=\"high\" decoding=\"async\" width=\"300\" height=\"300\" src=\"https:\/\/alicanteturismo.com\/wp-content\/uploads\/2025\/02\/castillo-de-santa-barbara-2016-Alicante-ERN_6938-29-copia-300x300.jpg\" class=\"attachment-thumblist size-thumblist wp-post-image\" alt=\"\" data-mec-postid=\"296389\" \/><\/div><div class=\"mec-monthly-contents\" style=\"width: calc(100% - 85px)\"><div class=\"mec-event-time mec-color\"><i class=\"mec-sl-clock-o\"><\/i> Journ\u00e9e enti\u00e8re<\/div><h4 class=\"mec-event-title\"><a class=\"mec-color-hover\" data-event-id=\"296389\" href=\"https:\/\/alicanteturismo.com\/fr\/events\/exposicion-permanente-musa\/?occurrence=2026-09-04\" target=\"_self\" rel=\"noopener\">Exposici\u00f3n Permanente MUSA<\/a><span class=\"event-color\" style=\"background: #336dab\"><\/span><\/h4><div class=\"mec-event-detail\">\r\n                        <div class=\"mec-event-loc-place\">Ch\u00e2teau de Santa Barbara<\/div>\r\n                        \r\n                    <\/div><\/div><div style=\"clear:both\"><\/div><\/article><article class=\"mec-event-article \"><div class=\"mec-event-image\"><img decoding=\"async\" width=\"300\" height=\"300\" src=\"https:\/\/alicanteturismo.com\/wp-content\/uploads\/2025\/10\/Via-lactea-Isla-de-Tabarca-300x300.jpg\" class=\"attachment-thumblist size-thumblist wp-post-image\" alt=\"\" data-mec-postid=\"313076\" \/><\/div><div class=\"mec-monthly-contents\" style=\"width: calc(100% - 85px)\"><h4 class=\"mec-event-title\"><a class=\"mec-color-hover\" data-event-id=\"313076\" href=\"https:\/\/alicanteturismo.com\/fr\/events\/stargazing-on-tabarca-island\/?occurrence=2026-09-04&amp;time=1788508800\" target=\"_self\" rel=\"noopener\">Stargazing on Tabarca Island<\/a><\/h4><div class=\"mec-event-detail\">\r\n                        <div class=\"mec-event-loc-place\">Isla Tabarca<\/div>\r\n                        \r\n                    <\/div><\/div><div style=\"clear:both\"><\/div><\/article><article class=\"mec-event-article \"><div class=\"mec-event-image\"><img decoding=\"async\" width=\"300\" height=\"300\" src=\"https:\/\/alicanteturismo.com\/wp-content\/uploads\/2026\/02\/tabarca-boat-tour-300x300.jpg\" class=\"attachment-thumblist size-thumblist wp-post-image\" alt=\"\" data-mec-postid=\"317118\" \/><\/div><div class=\"mec-monthly-contents\" style=\"width: calc(100% - 85px)\"><h4 class=\"mec-event-title\"><a class=\"mec-color-hover\" data-event-id=\"317118\" href=\"https:\/\/alicanteturismo.com\/fr\/events\/tabarca-boat-tour\/?occurrence=2026-09-04\" target=\"_self\" rel=\"noopener\">Tabarca Boat Tour<\/a><span class=\"event-color\" style=\"background: #bfb417\"><\/span><\/h4><div class=\"mec-event-detail\">\r\n                        <div class=\"mec-event-loc-place\">Alicante<\/div>\r\n                        \r\n                    <\/div><\/div><div style=\"clear:both\"><\/div><\/article><article class=\"mec-event-article \"><div class=\"mec-event-image\"><img loading=\"lazy\" decoding=\"async\" width=\"300\" height=\"300\" src=\"https:\/\/alicanteturismo.com\/wp-content\/uploads\/2026\/02\/tabarca-boat-tour-300x300.jpg\" class=\"attachment-thumblist size-thumblist wp-post-image\" alt=\"\" data-mec-postid=\"317126\" \/><\/div><div class=\"mec-monthly-contents\" style=\"width: calc(100% - 85px)\"><h4 class=\"mec-event-title\"><a class=\"mec-color-hover\" data-event-id=\"317126\" href=\"https:\/\/www.alicanteboattours.com\/costa-boat-tour?occurrence=2026-09-04\" target=\"_self\" rel=\"noopener\">Costa Boat Tour<\/a><span class=\"event-color\" style=\"background: #00a0d2\"><\/span><\/h4><div class=\"mec-event-detail\">\r\n                        <div class=\"mec-event-loc-place\">Alicante Catamaran Aventurero<\/div>\r\n                        \r\n                    <\/div><\/div><div style=\"clear:both\"><\/div><\/article><article class=\"mec-event-article \"><div class=\"mec-event-image\"><img loading=\"lazy\" decoding=\"async\" width=\"300\" height=\"168\" src=\"https:\/\/alicanteturismo.com\/wp-content\/uploads\/2024\/05\/CABO-HUERTA-ALICANTE.jpg\" class=\"attachment-thumblist size-thumblist wp-post-image\" alt=\"\" data-mec-postid=\"317264\" \/><\/div><div class=\"mec-monthly-contents\" style=\"width: calc(100% - 85px)\"><div class=\"mec-event-time mec-color\"><i class=\"mec-sl-clock-o\"><\/i> 8h00 - 18h00<\/div><h4 class=\"mec-event-title\"><a class=\"mec-color-hover\" data-event-id=\"317264\" href=\"https:\/\/www.alicanteboattours.com\/bahia-boat-tour?occurrence=2026-09-04\" target=\"_self\" rel=\"noopener\">Bah\u00eda Boat Tour<\/a><span class=\"event-color\" style=\"background: #00a0d2\"><\/span><\/h4><div class=\"mec-event-detail\">\r\n                        <div class=\"mec-event-loc-place\">Alicante<\/div>\r\n                        \r\n                    <\/div><\/div><div style=\"clear:both\"><\/div><\/article><article class=\"mec-event-article \"><div class=\"mec-event-image\"><\/div><div class=\"mec-monthly-contents\" style=\"width: 100%\"><div class=\"mec-event-time mec-color\"><i class=\"mec-sl-clock-o\"><\/i> Journ\u00e9e enti\u00e8re<\/div><h4 class=\"mec-event-title\"><a class=\"mec-color-hover\" data-event-id=\"318219\" href=\"https:\/\/castillodesantabarbara.com\/en\/experience\/misterios-castillo\/?occurrence=2026-09-04\" target=\"_self\" rel=\"noopener\">Los Misterios del Castillo de Santa B\u00e1rbara: Visita Teatralizada Nocturna<\/a><\/h4><div class=\"mec-event-detail\">\r\n                        <div class=\"mec-event-loc-place\">Ch\u00e2teau de Santa Barbara<\/div>\r\n                        \r\n                    <\/div><\/div><div style=\"clear:both\"><\/div><\/article><article class=\"mec-event-article \"><div class=\"mec-event-image\"><img loading=\"lazy\" decoding=\"async\" width=\"300\" height=\"300\" src=\"https:\/\/alicanteturismo.com\/wp-content\/uploads\/2026\/05\/marq-expo-300x300.jpg\" class=\"attachment-thumblist size-thumblist wp-post-image\" alt=\"\" data-mec-postid=\"320214\" \/><\/div><div class=\"mec-monthly-contents\" style=\"width: calc(100% - 85px)\"><div class=\"mec-event-time mec-color\"><i class=\"mec-sl-clock-o\"><\/i> Journ\u00e9e enti\u00e8re<\/div><h4 class=\"mec-event-title\"><a class=\"mec-color-hover\" data-event-id=\"320214\" href=\"https:\/\/alicanteturismo.com\/fr\/events\/rituales-de-pastores-exposicion-en-el-marq-canibalismo-y-enterramientos-en-la-cova-de-randero\/?occurrence=2026-09-04\" target=\"_self\" rel=\"noopener\">Rituales de pastores. Exposici\u00f3n en el MARQ: Canibalismo y enterramientos en la Cova de Randero<\/a><span class=\"event-color\" style=\"background: #336dab\"><\/span><\/h4><div class=\"mec-event-detail\">\r\n                        <div class=\"mec-event-loc-place\"><\/div>\r\n                        \r\n                    <\/div><\/div><div style=\"clear:both\"><\/div><\/article><article class=\"mec-event-article \"><div class=\"mec-event-image\"><img loading=\"lazy\" decoding=\"async\" width=\"300\" height=\"300\" src=\"https:\/\/alicanteturismo.com\/wp-content\/uploads\/2026\/05\/Exposicion-VII-Edicion-Ciclo-de-Arte-y-Medioambiente_-Halito-1-300x300.png\" class=\"attachment-thumblist size-thumblist wp-post-image\" alt=\"\" data-mec-postid=\"320648\" \/><\/div><div class=\"mec-monthly-contents\" style=\"width: calc(100% - 85px)\"><div class=\"mec-event-time mec-color\"><i class=\"mec-sl-clock-o\"><\/i> Journ\u00e9e enti\u00e8re<\/div><h4 class=\"mec-event-title\"><a class=\"mec-color-hover\" data-event-id=\"320648\" href=\"https:\/\/alicanteturismo.com\/fr\/events\/exposicion-halito-vii-ed-ciclo-de-arte-y-medioambiente-museo-de-aguas\/?occurrence=2026-09-04\" target=\"_self\" rel=\"noopener\">Exposici\u00f3n \u00ab\u00a0H\u00e1lito\u00a0\u00bb . VII Ed Ciclo de Arte y Medioambiente. Museo de Aguas de Alicante<\/a><span class=\"event-color\" style=\"background: #336dab\"><\/span><\/h4><div class=\"mec-event-detail\">\r\n                        <div class=\"mec-event-loc-place\">Museo de Aguas de Alicante - Pozos de Garrig\u00f3s<\/div>\r\n                        \r\n                    <\/div><\/div><div style=\"clear:both\"><\/div><\/article><article class=\"mec-event-article \"><div class=\"mec-event-image\"><img loading=\"lazy\" decoding=\"async\" width=\"300\" height=\"300\" src=\"https:\/\/alicanteturismo.com\/wp-content\/uploads\/2026\/06\/d5ac5a84-ac33-061c-0536-2bbb1a525433-300x300.png\" class=\"attachment-thumblist size-thumblist wp-post-image\" alt=\"\" data-mec-postid=\"321036\" \/><\/div><div class=\"mec-monthly-contents\" style=\"width: calc(100% - 85px)\"><div class=\"mec-event-time mec-color\"><i class=\"mec-sl-clock-o\"><\/i> Journ\u00e9e enti\u00e8re<\/div><h4 class=\"mec-event-title\"><a class=\"mec-color-hover\" data-event-id=\"321036\" href=\"https:\/\/alicanteturismo.com\/fr\/events\/exposition-de-par-en-par-a-la-fondation-mediterranee\/?occurrence=2026-09-04\" target=\"_self\" rel=\"noopener\">Exposition \u00ab\u00a0De par en par\u00a0\u00bb \u00e0 la Fondation M\u00e9diterran\u00e9e<\/a><span class=\"event-color\" style=\"background: #1e73be\"><\/span><\/h4><div class=\"mec-event-detail\">\r\n                        <div class=\"mec-event-loc-place\">Salle d&#039;exposition<\/div>\r\n                        \r\n                    <\/div><\/div><div style=\"clear:both\"><\/div><\/article><article class=\"mec-event-article \"><div class=\"mec-event-image\"><img loading=\"lazy\" decoding=\"async\" width=\"300\" height=\"300\" src=\"https:\/\/alicanteturismo.com\/wp-content\/uploads\/2026\/07\/descargar-1-300x300.png\" class=\"attachment-thumblist size-thumblist wp-post-image\" alt=\"\" data-mec-postid=\"321395\" \/><\/div><div class=\"mec-monthly-contents\" style=\"width: calc(100% - 85px)\"><div class=\"mec-event-time mec-color\"><i class=\"mec-sl-clock-o\"><\/i> Journ\u00e9e enti\u00e8re<\/div><h4 class=\"mec-event-title\"><a class=\"mec-color-hover\" data-event-id=\"321395\" href=\"https:\/\/alicanteturismo.com\/fr\/events\/exposition-lor-et-lunivers-savoirs-autochtones-de-colombie-au-marq\/?occurrence=2026-09-04\" target=\"_self\" rel=\"noopener\">Exposition \u00ab L&rsquo;OR ET L&rsquo;UNIVERS. Savoirs autochtones de Colombie \u00bb au MARQ<\/a><span class=\"event-color\" style=\"background: #dd9933\"><\/span><\/h4><div class=\"mec-event-detail\">\r\n                        <div class=\"mec-event-loc-place\"><\/div>\r\n                        \r\n                    <\/div><\/div><div style=\"clear:both\"><\/div><\/article><article class=\"mec-event-article \"><div class=\"mec-event-image\"><img loading=\"lazy\" decoding=\"async\" width=\"300\" height=\"300\" src=\"https:\/\/alicanteturismo.com\/wp-content\/uploads\/2026\/08\/descargar-1-300x300.png\" class=\"attachment-thumblist size-thumblist wp-post-image\" alt=\"\" data-mec-postid=\"322070\" \/><\/div><div class=\"mec-monthly-contents\" style=\"width: calc(100% - 85px)\"><h4 class=\"mec-event-title\"><a class=\"mec-color-hover\" data-event-id=\"322070\" href=\"https:\/\/alicanteturismo.com\/fr\/events\/visites-guidees-des-abris-anti-aeriens-et-du-centre-dinterpretation-de-la-guerre-civile\/?occurrence=2026-09-04\" target=\"_self\" rel=\"noopener\">Visites guid\u00e9es des abris anti-a\u00e9riens et du centre d&rsquo;interpr\u00e9tation de la guerre civile<\/a><span class=\"event-color\" style=\"background: #1e73be\"><\/span><\/h4><div class=\"mec-event-detail\">\r\n                        <div class=\"mec-event-loc-place\"><\/div>\r\n                        \r\n                    <\/div><\/div><div style=\"clear:both\"><\/div><\/article><article class=\"mec-event-article \"><div class=\"mec-event-image\"><img loading=\"lazy\" decoding=\"async\" width=\"300\" height=\"300\" src=\"https:\/\/alicanteturismo.com\/wp-content\/uploads\/2025\/02\/MA07110494-300x300.jpg\" class=\"attachment-thumblist size-thumblist wp-post-image\" alt=\"\" data-mec-postid=\"296395\" \/><\/div><div class=\"mec-monthly-contents\" style=\"width: calc(100% - 85px)\"><div class=\"mec-event-time mec-color\"><i class=\"mec-sl-clock-o\"><\/i> 10h00<\/div><h4 class=\"mec-event-title\"><a class=\"mec-color-hover\" data-event-id=\"296395\" href=\"https:\/\/alicanteturismo.com\/fr\/events\/exposicion-permanente-marq\/?occurrence=2026-09-04\" target=\"_self\" rel=\"noopener\">Exposici\u00f3n Permanente MARQ<\/a><span class=\"event-color\" style=\"background: #336dab\"><\/span><\/h4><div class=\"mec-event-detail\">\r\n                        <div class=\"mec-event-loc-place\">Museo Arqueol\u00f3gico de Alicante (MARQ)<\/div>\r\n                        \r\n                    <\/div><\/div><div style=\"clear:both\"><\/div><\/article><article class=\"mec-event-article \"><div class=\"mec-event-image\"><img loading=\"lazy\" decoding=\"async\" width=\"300\" height=\"300\" src=\"https:\/\/alicanteturismo.com\/wp-content\/uploads\/2025\/02\/mubag_diputacion_alicante-5-300x300.webp\" class=\"attachment-thumblist size-thumblist wp-post-image\" alt=\"\" data-mec-postid=\"296402\" \/><\/div><div class=\"mec-monthly-contents\" style=\"width: calc(100% - 85px)\"><div class=\"mec-event-time mec-color\"><i class=\"mec-sl-clock-o\"><\/i> 10h00<\/div><h4 class=\"mec-event-title\"><a class=\"mec-color-hover\" data-event-id=\"296402\" href=\"https:\/\/alicanteturismo.com\/fr\/events\/exposicion-permanente-en-el-mubag-el-siglo-xix-coleccion-a-la-luz\/?occurrence=2026-09-04\" target=\"_self\" rel=\"noopener\">Exposici\u00f3n Permanente en el MUBAG. El siglo XIX. Colecci\u00f3n a la Luz<\/a><span class=\"event-color\" style=\"background: #336dab\"><\/span><\/h4><div class=\"mec-event-detail\">\r\n                        <div class=\"mec-event-loc-place\">Museo de Bellas Artes Gravina (MUBAG)<\/div>\r\n                        \r\n                    <\/div><\/div><div style=\"clear:both\"><\/div><\/article><article class=\"mec-event-article \"><div class=\"mec-event-image\"><img loading=\"lazy\" decoding=\"async\" width=\"300\" height=\"300\" src=\"https:\/\/alicanteturismo.com\/wp-content\/uploads\/2025\/02\/maca-museo-rotated-1-300x300.webp\" class=\"attachment-thumblist size-thumblist wp-post-image\" alt=\"\" data-mec-postid=\"296408\" \/><\/div><div class=\"mec-monthly-contents\" style=\"width: calc(100% - 85px)\"><div class=\"mec-event-time mec-color\"><i class=\"mec-sl-clock-o\"><\/i> 10h00<\/div><h4 class=\"mec-event-title\"><a class=\"mec-color-hover\" data-event-id=\"296408\" href=\"https:\/\/alicanteturismo.com\/fr\/events\/exposicion-permanente-maca\/?occurrence=2026-09-04\" target=\"_self\" rel=\"noopener\">Exposici\u00f3n Permanente MACA<\/a><span class=\"event-color\" style=\"background: #336dab\"><\/span><\/h4><div class=\"mec-event-detail\">\r\n                        <div class=\"mec-event-loc-place\">Contemporary Art Museum of Alicante (MACA)<\/div>\r\n                        \r\n                    <\/div><\/div><div style=\"clear:both\"><\/div><\/article><article class=\"mec-event-article \"><div class=\"mec-event-image\"><img loading=\"lazy\" decoding=\"async\" width=\"300\" height=\"300\" src=\"https:\/\/alicanteturismo.com\/wp-content\/uploads\/2026\/06\/image-expo-300x300.png\" class=\"attachment-thumblist size-thumblist wp-post-image\" alt=\"\" data-mec-postid=\"321070\" \/><\/div><div class=\"mec-monthly-contents\" style=\"width: calc(100% - 85px)\"><div class=\"mec-event-time mec-color\"><i class=\"mec-sl-clock-o\"><\/i> 10h00 - 20h00<\/div><h4 class=\"mec-event-title\"><a class=\"mec-color-hover\" data-event-id=\"321070\" href=\"https:\/\/alicanteturismo.com\/fr\/events\/exposition-temporaire-del-color-en-el-arte-coloramas-au-maca\/?occurrence=2026-09-04\" target=\"_self\" rel=\"noopener\">Exposition temporaire : \u00ab\u00a0Del color en el arte (Coloramas)\u00a0\u00bb au MACA<\/a><span class=\"event-color\" style=\"background: #dd9933\"><\/span><\/h4><div class=\"mec-event-detail\">\r\n                        <div class=\"mec-event-loc-place\">Contemporary Art Museum of Alicante (MACA)<\/div>\r\n                        \r\n                    <\/div><\/div><div style=\"clear:both\"><\/div><\/article><article class=\"mec-event-article \"><div class=\"mec-event-image\"><img loading=\"lazy\" decoding=\"async\" width=\"300\" height=\"300\" src=\"https:\/\/alicanteturismo.com\/wp-content\/uploads\/2026\/07\/descargar-2-300x300.png\" class=\"attachment-thumblist size-thumblist wp-post-image\" alt=\"\" data-mec-postid=\"321763\" \/><\/div><div class=\"mec-monthly-contents\" style=\"width: calc(100% - 85px)\"><div class=\"mec-event-time mec-color\"><i class=\"mec-sl-clock-o\"><\/i> 10h00 - 21h30<\/div><h4 class=\"mec-event-title\"><a class=\"mec-color-hover\" data-event-id=\"321763\" href=\"https:\/\/alicanteturismo.com\/fr\/events\/exposicion-la-firmeza-de-un-instante-de-jesus-madrinan-en-las-cigarreras\/?occurrence=2026-09-04\" target=\"_self\" rel=\"noopener\">Exposici\u00f3n \u201cLa firmeza de un instante\u201d de Jes\u00fas Madri\u00f1\u00e1n en Las Cigarreras<\/a><span class=\"event-color\" style=\"background: #336dab\"><\/span><\/h4><div class=\"mec-event-detail\">\r\n                        <div class=\"mec-event-loc-place\">Centre culturel Las Cigarreras<\/div>\r\n                        \r\n                    <\/div><\/div><div style=\"clear:both\"><\/div><\/article><article class=\"mec-event-article \"><div class=\"mec-event-image\"><img loading=\"lazy\" decoding=\"async\" width=\"300\" height=\"300\" src=\"https:\/\/alicanteturismo.com\/wp-content\/uploads\/2026\/07\/descargar-3-300x300.png\" class=\"attachment-thumblist size-thumblist wp-post-image\" alt=\"\" data-mec-postid=\"321770\" \/><\/div><div class=\"mec-monthly-contents\" style=\"width: calc(100% - 85px)\"><div class=\"mec-event-time mec-color\"><i class=\"mec-sl-clock-o\"><\/i> 10h00 - 21h30<\/div><h4 class=\"mec-event-title\"><a class=\"mec-color-hover\" data-event-id=\"321770\" href=\"https:\/\/alicanteturismo.com\/fr\/events\/exposicion-rockcomix-homenaje-a-joaquin-ladron\/?occurrence=2026-09-04\" target=\"_self\" rel=\"noopener\">Exposici\u00f3n Rock&#038;Comix: Homenaje a Joaqu\u00edn Ladr\u00f3n<\/a><span class=\"event-color\" style=\"background: #336dab\"><\/span><\/h4><div class=\"mec-event-detail\">\r\n                        <div class=\"mec-event-loc-place\">Centre culturel Las Cigarreras<\/div>\r\n                        \r\n                    <\/div><\/div><div style=\"clear:both\"><\/div><\/article><article class=\"mec-event-article \"><div class=\"mec-event-image\"><img loading=\"lazy\" decoding=\"async\" width=\"300\" height=\"300\" src=\"https:\/\/alicanteturismo.com\/wp-content\/uploads\/2025\/02\/Yacimiento-arqueologico-Lucentum.Lucentum-archaeological-remains-copia2-300x300.jpg\" class=\"attachment-thumblist size-thumblist wp-post-image\" alt=\"\" data-mec-postid=\"296353\" \/><\/div><div class=\"mec-monthly-contents\" style=\"width: calc(100% - 85px)\"><div class=\"mec-event-time mec-color\"><i class=\"mec-sl-clock-o\"><\/i> 10h30<\/div><h4 class=\"mec-event-title\"><a class=\"mec-color-hover\" data-event-id=\"296353\" href=\"https:\/\/alicanteturismo.com\/fr\/events\/visita-guiada-al-yacimiento-arqueologico-lucentum\/?occurrence=2026-09-04\" target=\"_self\" rel=\"noopener\">Visita guiada al yacimiento arqueol\u00f3gico Lucentum<\/a><span class=\"event-color\" style=\"background: #dd823b\"><\/span><\/h4><div class=\"mec-event-detail\">\r\n                        <div class=\"mec-event-loc-place\">Lucentum Tossal de Manises<\/div>\r\n                        \r\n                    <\/div><\/div><div style=\"clear:both\"><\/div><\/article><article class=\"mec-event-article \"><div class=\"mec-event-image\"><img loading=\"lazy\" decoding=\"async\" width=\"300\" height=\"300\" src=\"https:\/\/alicanteturismo.com\/wp-content\/uploads\/2025\/10\/Astroturismo-1-1-300x300.jpg\" class=\"attachment-thumblist size-thumblist wp-post-image\" alt=\"\" data-mec-postid=\"313302\" \/><\/div><div class=\"mec-monthly-contents\" style=\"width: calc(100% - 85px)\"><div class=\"mec-event-time mec-color\"><i class=\"mec-sl-clock-o\"><\/i> 20h30 - 23h30<\/div><h4 class=\"mec-event-title\"><a class=\"mec-color-hover\" data-event-id=\"313302\" href=\"https:\/\/alicanteturismo.com\/fr\/events\/astrotourism-and-stargazing-at-cabo-de-las-huertas-3\/?occurrence=2026-09-04\" target=\"_self\" rel=\"noopener\">Astrotourism and Stargazing at Cabo de las Huertas<\/a><\/h4><div class=\"mec-event-detail\">\r\n                        <div class=\"mec-event-loc-place\">Cabo de las Huertas, Alicante<\/div>\r\n                        \r\n                    <\/div><\/div><div style=\"clear:both\"><\/div><\/article><\/div><div class=\"mec-calendar-events-sec\" id=\"mec-calendar-events-sec-mec1-20260905\" data-mec-cell=\"20260905\" ><h6 class=\"mec-table-side-title\">\u00c9v\u00e9nements pour le <span class=\"mec-color mec-table-side-day\"> 5th<\/span> septembre<\/h6><article class=\"mec-event-article \"><div class=\"mec-event-image\"><img fetchpriority=\"high\" decoding=\"async\" width=\"300\" height=\"300\" src=\"https:\/\/alicanteturismo.com\/wp-content\/uploads\/2025\/02\/castillo-de-santa-barbara-2016-Alicante-ERN_6938-29-copia-300x300.jpg\" class=\"attachment-thumblist size-thumblist wp-post-image\" alt=\"\" data-mec-postid=\"296389\" \/><\/div><div class=\"mec-monthly-contents\" style=\"width: calc(100% - 85px)\"><div class=\"mec-event-time mec-color\"><i class=\"mec-sl-clock-o\"><\/i> Journ\u00e9e enti\u00e8re<\/div><h4 class=\"mec-event-title\"><a class=\"mec-color-hover\" data-event-id=\"296389\" href=\"https:\/\/alicanteturismo.com\/fr\/events\/exposicion-permanente-musa\/?occurrence=2026-09-05\" target=\"_self\" rel=\"noopener\">Exposici\u00f3n Permanente MUSA<\/a><span class=\"event-color\" style=\"background: #336dab\"><\/span><\/h4><div class=\"mec-event-detail\">\r\n                        <div class=\"mec-event-loc-place\">Ch\u00e2teau de Santa Barbara<\/div>\r\n                        \r\n                    <\/div><\/div><div style=\"clear:both\"><\/div><\/article><article class=\"mec-event-article \"><div class=\"mec-event-image\"><img decoding=\"async\" width=\"300\" height=\"300\" src=\"https:\/\/alicanteturismo.com\/wp-content\/uploads\/2025\/10\/Via-lactea-Isla-de-Tabarca-300x300.jpg\" class=\"attachment-thumblist size-thumblist wp-post-image\" alt=\"\" data-mec-postid=\"313076\" \/><\/div><div class=\"mec-monthly-contents\" style=\"width: calc(100% - 85px)\"><h4 class=\"mec-event-title\"><a class=\"mec-color-hover\" data-event-id=\"313076\" href=\"https:\/\/alicanteturismo.com\/fr\/events\/stargazing-on-tabarca-island\/?occurrence=2026-09-05&amp;time=1788595200\" target=\"_self\" rel=\"noopener\">Stargazing on Tabarca Island<\/a><\/h4><div class=\"mec-event-detail\">\r\n                        <div class=\"mec-event-loc-place\">Isla Tabarca<\/div>\r\n                        \r\n                    <\/div><\/div><div style=\"clear:both\"><\/div><\/article><article class=\"mec-event-article \"><div class=\"mec-event-image\"><img decoding=\"async\" width=\"300\" height=\"300\" src=\"https:\/\/alicanteturismo.com\/wp-content\/uploads\/2026\/02\/tabarca-boat-tour-300x300.jpg\" class=\"attachment-thumblist size-thumblist wp-post-image\" alt=\"\" data-mec-postid=\"317118\" \/><\/div><div class=\"mec-monthly-contents\" style=\"width: calc(100% - 85px)\"><h4 class=\"mec-event-title\"><a class=\"mec-color-hover\" data-event-id=\"317118\" href=\"https:\/\/alicanteturismo.com\/fr\/events\/tabarca-boat-tour\/?occurrence=2026-09-05\" target=\"_self\" rel=\"noopener\">Tabarca Boat Tour<\/a><span class=\"event-color\" style=\"background: #bfb417\"><\/span><\/h4><div class=\"mec-event-detail\">\r\n                        <div class=\"mec-event-loc-place\">Alicante<\/div>\r\n                        \r\n                    <\/div><\/div><div style=\"clear:both\"><\/div><\/article><article class=\"mec-event-article \"><div class=\"mec-event-image\"><img loading=\"lazy\" decoding=\"async\" width=\"300\" height=\"300\" src=\"https:\/\/alicanteturismo.com\/wp-content\/uploads\/2026\/02\/tabarca-boat-tour-300x300.jpg\" class=\"attachment-thumblist size-thumblist wp-post-image\" alt=\"\" data-mec-postid=\"317126\" \/><\/div><div class=\"mec-monthly-contents\" style=\"width: calc(100% - 85px)\"><h4 class=\"mec-event-title\"><a class=\"mec-color-hover\" data-event-id=\"317126\" href=\"https:\/\/www.alicanteboattours.com\/costa-boat-tour?occurrence=2026-09-05\" target=\"_self\" rel=\"noopener\">Costa Boat Tour<\/a><span class=\"event-color\" style=\"background: #00a0d2\"><\/span><\/h4><div class=\"mec-event-detail\">\r\n                        <div class=\"mec-event-loc-place\">Alicante Catamaran Aventurero<\/div>\r\n                        \r\n                    <\/div><\/div><div style=\"clear:both\"><\/div><\/article><article class=\"mec-event-article \"><div class=\"mec-event-image\"><img loading=\"lazy\" decoding=\"async\" width=\"300\" height=\"168\" src=\"https:\/\/alicanteturismo.com\/wp-content\/uploads\/2024\/05\/CABO-HUERTA-ALICANTE.jpg\" class=\"attachment-thumblist size-thumblist wp-post-image\" alt=\"\" data-mec-postid=\"317264\" \/><\/div><div class=\"mec-monthly-contents\" style=\"width: calc(100% - 85px)\"><div class=\"mec-event-time mec-color\"><i class=\"mec-sl-clock-o\"><\/i> 8h00 - 18h00<\/div><h4 class=\"mec-event-title\"><a class=\"mec-color-hover\" data-event-id=\"317264\" href=\"https:\/\/www.alicanteboattours.com\/bahia-boat-tour?occurrence=2026-09-05\" target=\"_self\" rel=\"noopener\">Bah\u00eda Boat Tour<\/a><span class=\"event-color\" style=\"background: #00a0d2\"><\/span><\/h4><div class=\"mec-event-detail\">\r\n                        <div class=\"mec-event-loc-place\">Alicante<\/div>\r\n                        \r\n                    <\/div><\/div><div style=\"clear:both\"><\/div><\/article><article class=\"mec-event-article \"><div class=\"mec-event-image\"><\/div><div class=\"mec-monthly-contents\" style=\"width: 100%\"><div class=\"mec-event-time mec-color\"><i class=\"mec-sl-clock-o\"><\/i> Journ\u00e9e enti\u00e8re<\/div><h4 class=\"mec-event-title\"><a class=\"mec-color-hover\" data-event-id=\"318219\" href=\"https:\/\/castillodesantabarbara.com\/en\/experience\/misterios-castillo\/?occurrence=2026-09-05\" target=\"_self\" rel=\"noopener\">Los Misterios del Castillo de Santa B\u00e1rbara: Visita Teatralizada Nocturna<\/a><\/h4><div class=\"mec-event-detail\">\r\n                        <div class=\"mec-event-loc-place\">Ch\u00e2teau de Santa Barbara<\/div>\r\n                        \r\n                    <\/div><\/div><div style=\"clear:both\"><\/div><\/article><article class=\"mec-event-article \"><div class=\"mec-event-image\"><img loading=\"lazy\" decoding=\"async\" width=\"300\" height=\"300\" src=\"https:\/\/alicanteturismo.com\/wp-content\/uploads\/2026\/05\/marq-expo-300x300.jpg\" class=\"attachment-thumblist size-thumblist wp-post-image\" alt=\"\" data-mec-postid=\"320214\" \/><\/div><div class=\"mec-monthly-contents\" style=\"width: calc(100% - 85px)\"><div class=\"mec-event-time mec-color\"><i class=\"mec-sl-clock-o\"><\/i> Journ\u00e9e enti\u00e8re<\/div><h4 class=\"mec-event-title\"><a class=\"mec-color-hover\" data-event-id=\"320214\" href=\"https:\/\/alicanteturismo.com\/fr\/events\/rituales-de-pastores-exposicion-en-el-marq-canibalismo-y-enterramientos-en-la-cova-de-randero\/?occurrence=2026-09-05\" target=\"_self\" rel=\"noopener\">Rituales de pastores. Exposici\u00f3n en el MARQ: Canibalismo y enterramientos en la Cova de Randero<\/a><span class=\"event-color\" style=\"background: #336dab\"><\/span><\/h4><div class=\"mec-event-detail\">\r\n                        <div class=\"mec-event-loc-place\"><\/div>\r\n                        \r\n                    <\/div><\/div><div style=\"clear:both\"><\/div><\/article><article class=\"mec-event-article \"><div class=\"mec-event-image\"><img loading=\"lazy\" decoding=\"async\" width=\"300\" height=\"300\" src=\"https:\/\/alicanteturismo.com\/wp-content\/uploads\/2026\/05\/Exposicion-VII-Edicion-Ciclo-de-Arte-y-Medioambiente_-Halito-1-300x300.png\" class=\"attachment-thumblist size-thumblist wp-post-image\" alt=\"\" data-mec-postid=\"320648\" \/><\/div><div class=\"mec-monthly-contents\" style=\"width: calc(100% - 85px)\"><div class=\"mec-event-time mec-color\"><i class=\"mec-sl-clock-o\"><\/i> Journ\u00e9e enti\u00e8re<\/div><h4 class=\"mec-event-title\"><a class=\"mec-color-hover\" data-event-id=\"320648\" href=\"https:\/\/alicanteturismo.com\/fr\/events\/exposicion-halito-vii-ed-ciclo-de-arte-y-medioambiente-museo-de-aguas\/?occurrence=2026-09-05\" target=\"_self\" rel=\"noopener\">Exposici\u00f3n \u00ab\u00a0H\u00e1lito\u00a0\u00bb . VII Ed Ciclo de Arte y Medioambiente. Museo de Aguas de Alicante<\/a><span class=\"event-color\" style=\"background: #336dab\"><\/span><\/h4><div class=\"mec-event-detail\">\r\n                        <div class=\"mec-event-loc-place\">Museo de Aguas de Alicante - Pozos de Garrig\u00f3s<\/div>\r\n                        \r\n                    <\/div><\/div><div style=\"clear:both\"><\/div><\/article><article class=\"mec-event-article \"><div class=\"mec-event-image\"><img loading=\"lazy\" decoding=\"async\" width=\"300\" height=\"300\" src=\"https:\/\/alicanteturismo.com\/wp-content\/uploads\/2026\/06\/d5ac5a84-ac33-061c-0536-2bbb1a525433-300x300.png\" class=\"attachment-thumblist size-thumblist wp-post-image\" alt=\"\" data-mec-postid=\"321036\" \/><\/div><div class=\"mec-monthly-contents\" style=\"width: calc(100% - 85px)\"><div class=\"mec-event-time mec-color\"><i class=\"mec-sl-clock-o\"><\/i> Journ\u00e9e enti\u00e8re<\/div><h4 class=\"mec-event-title\"><a class=\"mec-color-hover\" data-event-id=\"321036\" href=\"https:\/\/alicanteturismo.com\/fr\/events\/exposition-de-par-en-par-a-la-fondation-mediterranee\/?occurrence=2026-09-05\" target=\"_self\" rel=\"noopener\">Exposition \u00ab\u00a0De par en par\u00a0\u00bb \u00e0 la Fondation M\u00e9diterran\u00e9e<\/a><span class=\"event-color\" style=\"background: #1e73be\"><\/span><\/h4><div class=\"mec-event-detail\">\r\n                        <div class=\"mec-event-loc-place\">Salle d&#039;exposition<\/div>\r\n                        \r\n                    <\/div><\/div><div style=\"clear:both\"><\/div><\/article><article class=\"mec-event-article \"><div class=\"mec-event-image\"><img loading=\"lazy\" decoding=\"async\" width=\"300\" height=\"300\" src=\"https:\/\/alicanteturismo.com\/wp-content\/uploads\/2026\/07\/descargar-1-300x300.png\" class=\"attachment-thumblist size-thumblist wp-post-image\" alt=\"\" data-mec-postid=\"321395\" \/><\/div><div class=\"mec-monthly-contents\" style=\"width: calc(100% - 85px)\"><div class=\"mec-event-time mec-color\"><i class=\"mec-sl-clock-o\"><\/i> Journ\u00e9e enti\u00e8re<\/div><h4 class=\"mec-event-title\"><a class=\"mec-color-hover\" data-event-id=\"321395\" href=\"https:\/\/alicanteturismo.com\/fr\/events\/exposition-lor-et-lunivers-savoirs-autochtones-de-colombie-au-marq\/?occurrence=2026-09-05\" target=\"_self\" rel=\"noopener\">Exposition \u00ab L&rsquo;OR ET L&rsquo;UNIVERS. Savoirs autochtones de Colombie \u00bb au MARQ<\/a><span class=\"event-color\" style=\"background: #dd9933\"><\/span><\/h4><div class=\"mec-event-detail\">\r\n                        <div class=\"mec-event-loc-place\"><\/div>\r\n                        \r\n                    <\/div><\/div><div style=\"clear:both\"><\/div><\/article><article class=\"mec-event-article \"><div class=\"mec-event-image\"><img loading=\"lazy\" decoding=\"async\" width=\"300\" height=\"300\" src=\"https:\/\/alicanteturismo.com\/wp-content\/uploads\/2026\/08\/descargar-1-300x300.png\" class=\"attachment-thumblist size-thumblist wp-post-image\" alt=\"\" data-mec-postid=\"322070\" \/><\/div><div class=\"mec-monthly-contents\" style=\"width: calc(100% - 85px)\"><h4 class=\"mec-event-title\"><a class=\"mec-color-hover\" data-event-id=\"322070\" href=\"https:\/\/alicanteturismo.com\/fr\/events\/visites-guidees-des-abris-anti-aeriens-et-du-centre-dinterpretation-de-la-guerre-civile\/?occurrence=2026-09-05\" target=\"_self\" rel=\"noopener\">Visites guid\u00e9es des abris anti-a\u00e9riens et du centre d&rsquo;interpr\u00e9tation de la guerre civile<\/a><span class=\"event-color\" style=\"background: #1e73be\"><\/span><\/h4><div class=\"mec-event-detail\">\r\n                        <div class=\"mec-event-loc-place\"><\/div>\r\n                        \r\n                    <\/div><\/div><div style=\"clear:both\"><\/div><\/article><article class=\"mec-event-article \"><div class=\"mec-event-image\"><img loading=\"lazy\" decoding=\"async\" width=\"300\" height=\"300\" src=\"https:\/\/alicanteturismo.com\/wp-content\/uploads\/2025\/02\/MA07110494-300x300.jpg\" class=\"attachment-thumblist size-thumblist wp-post-image\" alt=\"\" data-mec-postid=\"296395\" \/><\/div><div class=\"mec-monthly-contents\" style=\"width: calc(100% - 85px)\"><div class=\"mec-event-time mec-color\"><i class=\"mec-sl-clock-o\"><\/i> 10h00<\/div><h4 class=\"mec-event-title\"><a class=\"mec-color-hover\" data-event-id=\"296395\" href=\"https:\/\/alicanteturismo.com\/fr\/events\/exposicion-permanente-marq\/?occurrence=2026-09-05\" target=\"_self\" rel=\"noopener\">Exposici\u00f3n Permanente MARQ<\/a><span class=\"event-color\" style=\"background: #336dab\"><\/span><\/h4><div class=\"mec-event-detail\">\r\n                        <div class=\"mec-event-loc-place\">Museo Arqueol\u00f3gico de Alicante (MARQ)<\/div>\r\n                        \r\n                    <\/div><\/div><div style=\"clear:both\"><\/div><\/article><article class=\"mec-event-article \"><div class=\"mec-event-image\"><img loading=\"lazy\" decoding=\"async\" width=\"300\" height=\"300\" src=\"https:\/\/alicanteturismo.com\/wp-content\/uploads\/2025\/02\/mubag_diputacion_alicante-5-300x300.webp\" class=\"attachment-thumblist size-thumblist wp-post-image\" alt=\"\" data-mec-postid=\"296402\" \/><\/div><div class=\"mec-monthly-contents\" style=\"width: calc(100% - 85px)\"><div class=\"mec-event-time mec-color\"><i class=\"mec-sl-clock-o\"><\/i> 10h00<\/div><h4 class=\"mec-event-title\"><a class=\"mec-color-hover\" data-event-id=\"296402\" href=\"https:\/\/alicanteturismo.com\/fr\/events\/exposicion-permanente-en-el-mubag-el-siglo-xix-coleccion-a-la-luz\/?occurrence=2026-09-05\" target=\"_self\" rel=\"noopener\">Exposici\u00f3n Permanente en el MUBAG. El siglo XIX. Colecci\u00f3n a la Luz<\/a><span class=\"event-color\" style=\"background: #336dab\"><\/span><\/h4><div class=\"mec-event-detail\">\r\n                        <div class=\"mec-event-loc-place\">Museo de Bellas Artes Gravina (MUBAG)<\/div>\r\n                        \r\n                    <\/div><\/div><div style=\"clear:both\"><\/div><\/article><article class=\"mec-event-article \"><div class=\"mec-event-image\"><img loading=\"lazy\" decoding=\"async\" width=\"300\" height=\"300\" src=\"https:\/\/alicanteturismo.com\/wp-content\/uploads\/2025\/02\/maca-museo-rotated-1-300x300.webp\" class=\"attachment-thumblist size-thumblist wp-post-image\" alt=\"\" data-mec-postid=\"296408\" \/><\/div><div class=\"mec-monthly-contents\" style=\"width: calc(100% - 85px)\"><div class=\"mec-event-time mec-color\"><i class=\"mec-sl-clock-o\"><\/i> 10h00<\/div><h4 class=\"mec-event-title\"><a class=\"mec-color-hover\" data-event-id=\"296408\" href=\"https:\/\/alicanteturismo.com\/fr\/events\/exposicion-permanente-maca\/?occurrence=2026-09-05\" target=\"_self\" rel=\"noopener\">Exposici\u00f3n Permanente MACA<\/a><span class=\"event-color\" style=\"background: #336dab\"><\/span><\/h4><div class=\"mec-event-detail\">\r\n                        <div class=\"mec-event-loc-place\">Contemporary Art Museum of Alicante (MACA)<\/div>\r\n                        \r\n                    <\/div><\/div><div style=\"clear:both\"><\/div><\/article><article class=\"mec-event-article \"><div class=\"mec-event-image\"><img loading=\"lazy\" decoding=\"async\" width=\"300\" height=\"300\" src=\"https:\/\/alicanteturismo.com\/wp-content\/uploads\/2026\/02\/degustacion-vinos-300x300.webp\" class=\"attachment-thumblist size-thumblist wp-post-image\" alt=\"\" data-mec-postid=\"317139\" \/><\/div><div class=\"mec-monthly-contents\" style=\"width: calc(100% - 85px)\"><h4 class=\"mec-event-title\"><a class=\"mec-color-hover\" data-event-id=\"317139\" href=\"https:\/\/alicanteturismo.com\/fr\/events\/degustacionvinosyproductosalicantinos\/?occurrence=2026-09-05\" target=\"_self\" rel=\"noopener\">Degustaci\u00f3n de 3 vinos D.O y Productos alicantinos<\/a><span class=\"event-color\" style=\"background: #dd823b\"><\/span><\/h4><div class=\"mec-event-detail\">\r\n                        <div class=\"mec-event-loc-place\"><\/div>\r\n                        \r\n                    <\/div><\/div><div style=\"clear:both\"><\/div><\/article><article class=\"mec-event-article \"><div class=\"mec-event-image\"><img loading=\"lazy\" decoding=\"async\" width=\"300\" height=\"300\" src=\"https:\/\/alicanteturismo.com\/wp-content\/uploads\/2026\/06\/image-expo-300x300.png\" class=\"attachment-thumblist size-thumblist wp-post-image\" alt=\"\" data-mec-postid=\"321070\" \/><\/div><div class=\"mec-monthly-contents\" style=\"width: calc(100% - 85px)\"><div class=\"mec-event-time mec-color\"><i class=\"mec-sl-clock-o\"><\/i> 10h00 - 20h00<\/div><h4 class=\"mec-event-title\"><a class=\"mec-color-hover\" data-event-id=\"321070\" href=\"https:\/\/alicanteturismo.com\/fr\/events\/exposition-temporaire-del-color-en-el-arte-coloramas-au-maca\/?occurrence=2026-09-05\" target=\"_self\" rel=\"noopener\">Exposition temporaire : \u00ab\u00a0Del color en el arte (Coloramas)\u00a0\u00bb au MACA<\/a><span class=\"event-color\" style=\"background: #dd9933\"><\/span><\/h4><div class=\"mec-event-detail\">\r\n                        <div class=\"mec-event-loc-place\">Contemporary Art Museum of Alicante (MACA)<\/div>\r\n                        \r\n                    <\/div><\/div><div style=\"clear:both\"><\/div><\/article><article class=\"mec-event-article \"><div class=\"mec-event-image\"><img loading=\"lazy\" decoding=\"async\" width=\"300\" height=\"300\" src=\"https:\/\/alicanteturismo.com\/wp-content\/uploads\/2026\/07\/descargar-2-300x300.png\" class=\"attachment-thumblist size-thumblist wp-post-image\" alt=\"\" data-mec-postid=\"321763\" \/><\/div><div class=\"mec-monthly-contents\" style=\"width: calc(100% - 85px)\"><div class=\"mec-event-time mec-color\"><i class=\"mec-sl-clock-o\"><\/i> 10h00 - 21h30<\/div><h4 class=\"mec-event-title\"><a class=\"mec-color-hover\" data-event-id=\"321763\" href=\"https:\/\/alicanteturismo.com\/fr\/events\/exposicion-la-firmeza-de-un-instante-de-jesus-madrinan-en-las-cigarreras\/?occurrence=2026-09-05\" target=\"_self\" rel=\"noopener\">Exposici\u00f3n \u201cLa firmeza de un instante\u201d de Jes\u00fas Madri\u00f1\u00e1n en Las Cigarreras<\/a><span class=\"event-color\" style=\"background: #336dab\"><\/span><\/h4><div class=\"mec-event-detail\">\r\n                        <div class=\"mec-event-loc-place\">Centre culturel Las Cigarreras<\/div>\r\n                        \r\n                    <\/div><\/div><div style=\"clear:both\"><\/div><\/article><article class=\"mec-event-article \"><div class=\"mec-event-image\"><img loading=\"lazy\" decoding=\"async\" width=\"300\" height=\"300\" src=\"https:\/\/alicanteturismo.com\/wp-content\/uploads\/2026\/07\/descargar-3-300x300.png\" class=\"attachment-thumblist size-thumblist wp-post-image\" alt=\"\" data-mec-postid=\"321770\" \/><\/div><div class=\"mec-monthly-contents\" style=\"width: calc(100% - 85px)\"><div class=\"mec-event-time mec-color\"><i class=\"mec-sl-clock-o\"><\/i> 10h00 - 21h30<\/div><h4 class=\"mec-event-title\"><a class=\"mec-color-hover\" data-event-id=\"321770\" href=\"https:\/\/alicanteturismo.com\/fr\/events\/exposicion-rockcomix-homenaje-a-joaquin-ladron\/?occurrence=2026-09-05\" target=\"_self\" rel=\"noopener\">Exposici\u00f3n Rock&#038;Comix: Homenaje a Joaqu\u00edn Ladr\u00f3n<\/a><span class=\"event-color\" style=\"background: #336dab\"><\/span><\/h4><div class=\"mec-event-detail\">\r\n                        <div class=\"mec-event-loc-place\">Centre culturel Las Cigarreras<\/div>\r\n                        \r\n                    <\/div><\/div><div style=\"clear:both\"><\/div><\/article><article class=\"mec-event-article \"><div class=\"mec-event-image\"><img loading=\"lazy\" decoding=\"async\" width=\"300\" height=\"300\" src=\"https:\/\/alicanteturismo.com\/wp-content\/uploads\/2025\/02\/Yacimiento-arqueologico-Lucentum.Lucentum-archaeological-remains-copia2-300x300.jpg\" class=\"attachment-thumblist size-thumblist wp-post-image\" alt=\"\" data-mec-postid=\"296353\" \/><\/div><div class=\"mec-monthly-contents\" style=\"width: calc(100% - 85px)\"><div class=\"mec-event-time mec-color\"><i class=\"mec-sl-clock-o\"><\/i> 10h30<\/div><h4 class=\"mec-event-title\"><a class=\"mec-color-hover\" data-event-id=\"296353\" href=\"https:\/\/alicanteturismo.com\/fr\/events\/visita-guiada-al-yacimiento-arqueologico-lucentum\/?occurrence=2026-09-05\" target=\"_self\" rel=\"noopener\">Visita guiada al yacimiento arqueol\u00f3gico Lucentum<\/a><span class=\"event-color\" style=\"background: #dd823b\"><\/span><\/h4><div class=\"mec-event-detail\">\r\n                        <div class=\"mec-event-loc-place\">Lucentum Tossal de Manises<\/div>\r\n                        \r\n                    <\/div><\/div><div style=\"clear:both\"><\/div><\/article><article class=\"mec-event-article \"><div class=\"mec-event-image\"><img loading=\"lazy\" decoding=\"async\" width=\"300\" height=\"300\" src=\"https:\/\/alicanteturismo.com\/wp-content\/uploads\/2026\/02\/castillo-degustaciones-chocolate-300x300.webp\" class=\"attachment-thumblist size-thumblist wp-post-image\" alt=\"\" data-mec-postid=\"317131\" \/><\/div><div class=\"mec-monthly-contents\" style=\"width: calc(100% - 85px)\"><div class=\"mec-event-time mec-color\"><i class=\"mec-sl-clock-o\"><\/i> 11h00 - 12h00<\/div><h4 class=\"mec-event-title\"><a class=\"mec-color-hover\" data-event-id=\"317131\" href=\"https:\/\/alicanteturismo.com\/fr\/events\/degustacionchocolatescastillosantabarbara\/?occurrence=2026-09-05\" target=\"_self\" rel=\"noopener\">Degustaci\u00f3n de chocolates y turrones de Alicante en el Castillo de Santa B\u00e1rbara<\/a><span class=\"event-color\" style=\"background: #dd823b\"><\/span><\/h4><div class=\"mec-event-detail\">\r\n                        <div class=\"mec-event-loc-place\">Ch\u00e2teau de Santa Barbara<\/div>\r\n                        \r\n                    <\/div><\/div><div style=\"clear:both\"><\/div><\/article><article class=\"mec-event-article \"><div class=\"mec-event-image\"><img loading=\"lazy\" decoding=\"async\" width=\"300\" height=\"300\" src=\"https:\/\/alicanteturismo.com\/wp-content\/uploads\/2026\/08\/descargar-2-300x300.png\" class=\"attachment-thumblist size-thumblist wp-post-image\" alt=\"\" data-mec-postid=\"322085\" \/><\/div><div class=\"mec-monthly-contents\" style=\"width: calc(100% - 85px)\"><div class=\"mec-event-time mec-color\"><i class=\"mec-sl-clock-o\"><\/i> 19h00<\/div><h4 class=\"mec-event-title\"><a class=\"mec-color-hover\" data-event-id=\"322085\" href=\"https:\/\/alicanteturismo.com\/fr\/events\/visite-guidee-de-la-tour-sarrio-et-du-centre-dinterpretation\/?occurrence=2026-09-05\" target=\"_self\" rel=\"noopener\">Visite guid\u00e9e de la tour Sarri\u00f3 et du centre d&rsquo;interpr\u00e9tation<\/a><span class=\"event-color\" style=\"background: #1e73be\"><\/span><\/h4><div class=\"mec-event-detail\">\r\n                        <div class=\"mec-event-loc-place\"><\/div>\r\n                        \r\n                    <\/div><\/div><div style=\"clear:both\"><\/div><\/article><article class=\"mec-event-article \"><div class=\"mec-event-image\"><img loading=\"lazy\" decoding=\"async\" width=\"300\" height=\"300\" src=\"https:\/\/alicanteturismo.com\/wp-content\/uploads\/2025\/10\/Astroturismo-1-1-300x300.jpg\" class=\"attachment-thumblist size-thumblist wp-post-image\" alt=\"\" data-mec-postid=\"313302\" \/><\/div><div class=\"mec-monthly-contents\" style=\"width: calc(100% - 85px)\"><div class=\"mec-event-time mec-color\"><i class=\"mec-sl-clock-o\"><\/i> 20h30 - 23h30<\/div><h4 class=\"mec-event-title\"><a class=\"mec-color-hover\" data-event-id=\"313302\" href=\"https:\/\/alicanteturismo.com\/fr\/events\/astrotourism-and-stargazing-at-cabo-de-las-huertas-3\/?occurrence=2026-09-05\" target=\"_self\" rel=\"noopener\">Astrotourism and Stargazing at Cabo de las Huertas<\/a><\/h4><div class=\"mec-event-detail\">\r\n                        <div class=\"mec-event-loc-place\">Cabo de las Huertas, Alicante<\/div>\r\n                        \r\n                    <\/div><\/div><div style=\"clear:both\"><\/div><\/article><\/div><div class=\"mec-calendar-events-sec\" id=\"mec-calendar-events-sec-mec1-20260906\" data-mec-cell=\"20260906\" ><h6 class=\"mec-table-side-title\">\u00c9v\u00e9nements pour le <span class=\"mec-color mec-table-side-day\"> 6th<\/span> septembre<\/h6><article class=\"mec-event-article \"><div class=\"mec-event-image\"><img fetchpriority=\"high\" decoding=\"async\" width=\"300\" height=\"300\" src=\"https:\/\/alicanteturismo.com\/wp-content\/uploads\/2025\/02\/castillo-de-santa-barbara-2016-Alicante-ERN_6938-29-copia-300x300.jpg\" class=\"attachment-thumblist size-thumblist wp-post-image\" alt=\"\" data-mec-postid=\"296389\" \/><\/div><div class=\"mec-monthly-contents\" style=\"width: calc(100% - 85px)\"><div class=\"mec-event-time mec-color\"><i class=\"mec-sl-clock-o\"><\/i> Journ\u00e9e enti\u00e8re<\/div><h4 class=\"mec-event-title\"><a class=\"mec-color-hover\" data-event-id=\"296389\" href=\"https:\/\/alicanteturismo.com\/fr\/events\/exposicion-permanente-musa\/?occurrence=2026-09-06\" target=\"_self\" rel=\"noopener\">Exposici\u00f3n Permanente MUSA<\/a><span class=\"event-color\" style=\"background: #336dab\"><\/span><\/h4><div class=\"mec-event-detail\">\r\n                        <div class=\"mec-event-loc-place\">Ch\u00e2teau de Santa Barbara<\/div>\r\n                        \r\n                    <\/div><\/div><div style=\"clear:both\"><\/div><\/article><article class=\"mec-event-article \"><div class=\"mec-event-image\"><img decoding=\"async\" width=\"300\" height=\"300\" src=\"https:\/\/alicanteturismo.com\/wp-content\/uploads\/2025\/10\/Via-lactea-Isla-de-Tabarca-300x300.jpg\" class=\"attachment-thumblist size-thumblist wp-post-image\" alt=\"\" data-mec-postid=\"313076\" \/><\/div><div class=\"mec-monthly-contents\" style=\"width: calc(100% - 85px)\"><h4 class=\"mec-event-title\"><a class=\"mec-color-hover\" data-event-id=\"313076\" href=\"https:\/\/alicanteturismo.com\/fr\/events\/stargazing-on-tabarca-island\/?occurrence=2026-09-06&amp;time=1788681600\" target=\"_self\" rel=\"noopener\">Stargazing on Tabarca Island<\/a><\/h4><div class=\"mec-event-detail\">\r\n                        <div class=\"mec-event-loc-place\">Isla Tabarca<\/div>\r\n                        \r\n                    <\/div><\/div><div style=\"clear:both\"><\/div><\/article><article class=\"mec-event-article \"><div class=\"mec-event-image\"><img decoding=\"async\" width=\"300\" height=\"300\" src=\"https:\/\/alicanteturismo.com\/wp-content\/uploads\/2026\/02\/tabarca-boat-tour-300x300.jpg\" class=\"attachment-thumblist size-thumblist wp-post-image\" alt=\"\" data-mec-postid=\"317118\" \/><\/div><div class=\"mec-monthly-contents\" style=\"width: calc(100% - 85px)\"><h4 class=\"mec-event-title\"><a class=\"mec-color-hover\" data-event-id=\"317118\" href=\"https:\/\/alicanteturismo.com\/fr\/events\/tabarca-boat-tour\/?occurrence=2026-09-06\" target=\"_self\" rel=\"noopener\">Tabarca Boat Tour<\/a><span class=\"event-color\" style=\"background: #bfb417\"><\/span><\/h4><div class=\"mec-event-detail\">\r\n                        <div class=\"mec-event-loc-place\">Alicante<\/div>\r\n                        \r\n                    <\/div><\/div><div style=\"clear:both\"><\/div><\/article><article class=\"mec-event-article \"><div class=\"mec-event-image\"><img loading=\"lazy\" decoding=\"async\" width=\"300\" height=\"300\" src=\"https:\/\/alicanteturismo.com\/wp-content\/uploads\/2026\/02\/tabarca-boat-tour-300x300.jpg\" class=\"attachment-thumblist size-thumblist wp-post-image\" alt=\"\" data-mec-postid=\"317126\" \/><\/div><div class=\"mec-monthly-contents\" style=\"width: calc(100% - 85px)\"><h4 class=\"mec-event-title\"><a class=\"mec-color-hover\" data-event-id=\"317126\" href=\"https:\/\/www.alicanteboattours.com\/costa-boat-tour?occurrence=2026-09-06\" target=\"_self\" rel=\"noopener\">Costa Boat Tour<\/a><span class=\"event-color\" style=\"background: #00a0d2\"><\/span><\/h4><div class=\"mec-event-detail\">\r\n                        <div class=\"mec-event-loc-place\">Alicante Catamaran Aventurero<\/div>\r\n                        \r\n                    <\/div><\/div><div style=\"clear:both\"><\/div><\/article><article class=\"mec-event-article \"><div class=\"mec-event-image\"><img loading=\"lazy\" decoding=\"async\" width=\"300\" height=\"168\" src=\"https:\/\/alicanteturismo.com\/wp-content\/uploads\/2024\/05\/CABO-HUERTA-ALICANTE.jpg\" class=\"attachment-thumblist size-thumblist wp-post-image\" alt=\"\" data-mec-postid=\"317264\" \/><\/div><div class=\"mec-monthly-contents\" style=\"width: calc(100% - 85px)\"><div class=\"mec-event-time mec-color\"><i class=\"mec-sl-clock-o\"><\/i> 8h00 - 18h00<\/div><h4 class=\"mec-event-title\"><a class=\"mec-color-hover\" data-event-id=\"317264\" href=\"https:\/\/www.alicanteboattours.com\/bahia-boat-tour?occurrence=2026-09-06\" target=\"_self\" rel=\"noopener\">Bah\u00eda Boat Tour<\/a><span class=\"event-color\" style=\"background: #00a0d2\"><\/span><\/h4><div class=\"mec-event-detail\">\r\n                        <div class=\"mec-event-loc-place\">Alicante<\/div>\r\n                        \r\n                    <\/div><\/div><div style=\"clear:both\"><\/div><\/article><article class=\"mec-event-article \"><div class=\"mec-event-image\"><img loading=\"lazy\" decoding=\"async\" width=\"300\" height=\"300\" src=\"https:\/\/alicanteturismo.com\/wp-content\/uploads\/2026\/05\/marq-expo-300x300.jpg\" class=\"attachment-thumblist size-thumblist wp-post-image\" alt=\"\" data-mec-postid=\"320214\" \/><\/div><div class=\"mec-monthly-contents\" style=\"width: calc(100% - 85px)\"><div class=\"mec-event-time mec-color\"><i class=\"mec-sl-clock-o\"><\/i> Journ\u00e9e enti\u00e8re<\/div><h4 class=\"mec-event-title\"><a class=\"mec-color-hover\" data-event-id=\"320214\" href=\"https:\/\/alicanteturismo.com\/fr\/events\/rituales-de-pastores-exposicion-en-el-marq-canibalismo-y-enterramientos-en-la-cova-de-randero\/?occurrence=2026-09-06\" target=\"_self\" rel=\"noopener\">Rituales de pastores. Exposici\u00f3n en el MARQ: Canibalismo y enterramientos en la Cova de Randero<\/a><span class=\"event-color\" style=\"background: #336dab\"><\/span><\/h4><div class=\"mec-event-detail\">\r\n                        <div class=\"mec-event-loc-place\"><\/div>\r\n                        \r\n                    <\/div><\/div><div style=\"clear:both\"><\/div><\/article><article class=\"mec-event-article \"><div class=\"mec-event-image\"><img loading=\"lazy\" decoding=\"async\" width=\"300\" height=\"300\" src=\"https:\/\/alicanteturismo.com\/wp-content\/uploads\/2026\/05\/Exposicion-VII-Edicion-Ciclo-de-Arte-y-Medioambiente_-Halito-1-300x300.png\" class=\"attachment-thumblist size-thumblist wp-post-image\" alt=\"\" data-mec-postid=\"320648\" \/><\/div><div class=\"mec-monthly-contents\" style=\"width: calc(100% - 85px)\"><div class=\"mec-event-time mec-color\"><i class=\"mec-sl-clock-o\"><\/i> Journ\u00e9e enti\u00e8re<\/div><h4 class=\"mec-event-title\"><a class=\"mec-color-hover\" data-event-id=\"320648\" href=\"https:\/\/alicanteturismo.com\/fr\/events\/exposicion-halito-vii-ed-ciclo-de-arte-y-medioambiente-museo-de-aguas\/?occurrence=2026-09-06\" target=\"_self\" rel=\"noopener\">Exposici\u00f3n \u00ab\u00a0H\u00e1lito\u00a0\u00bb . VII Ed Ciclo de Arte y Medioambiente. Museo de Aguas de Alicante<\/a><span class=\"event-color\" style=\"background: #336dab\"><\/span><\/h4><div class=\"mec-event-detail\">\r\n                        <div class=\"mec-event-loc-place\">Museo de Aguas de Alicante - Pozos de Garrig\u00f3s<\/div>\r\n                        \r\n                    <\/div><\/div><div style=\"clear:both\"><\/div><\/article><article class=\"mec-event-article \"><div class=\"mec-event-image\"><img loading=\"lazy\" decoding=\"async\" width=\"300\" height=\"300\" src=\"https:\/\/alicanteturismo.com\/wp-content\/uploads\/2026\/06\/d5ac5a84-ac33-061c-0536-2bbb1a525433-300x300.png\" class=\"attachment-thumblist size-thumblist wp-post-image\" alt=\"\" data-mec-postid=\"321036\" \/><\/div><div class=\"mec-monthly-contents\" style=\"width: calc(100% - 85px)\"><div class=\"mec-event-time mec-color\"><i class=\"mec-sl-clock-o\"><\/i> Journ\u00e9e enti\u00e8re<\/div><h4 class=\"mec-event-title\"><a class=\"mec-color-hover\" data-event-id=\"321036\" href=\"https:\/\/alicanteturismo.com\/fr\/events\/exposition-de-par-en-par-a-la-fondation-mediterranee\/?occurrence=2026-09-06\" target=\"_self\" rel=\"noopener\">Exposition \u00ab\u00a0De par en par\u00a0\u00bb \u00e0 la Fondation M\u00e9diterran\u00e9e<\/a><span class=\"event-color\" style=\"background: #1e73be\"><\/span><\/h4><div class=\"mec-event-detail\">\r\n                        <div class=\"mec-event-loc-place\">Salle d&#039;exposition<\/div>\r\n                        \r\n                    <\/div><\/div><div style=\"clear:both\"><\/div><\/article><article class=\"mec-event-article \"><div class=\"mec-event-image\"><img loading=\"lazy\" decoding=\"async\" width=\"300\" height=\"300\" src=\"https:\/\/alicanteturismo.com\/wp-content\/uploads\/2026\/07\/descargar-1-300x300.png\" class=\"attachment-thumblist size-thumblist wp-post-image\" alt=\"\" data-mec-postid=\"321395\" \/><\/div><div class=\"mec-monthly-contents\" style=\"width: calc(100% - 85px)\"><div class=\"mec-event-time mec-color\"><i class=\"mec-sl-clock-o\"><\/i> Journ\u00e9e enti\u00e8re<\/div><h4 class=\"mec-event-title\"><a class=\"mec-color-hover\" data-event-id=\"321395\" href=\"https:\/\/alicanteturismo.com\/fr\/events\/exposition-lor-et-lunivers-savoirs-autochtones-de-colombie-au-marq\/?occurrence=2026-09-06\" target=\"_self\" rel=\"noopener\">Exposition \u00ab L&rsquo;OR ET L&rsquo;UNIVERS. Savoirs autochtones de Colombie \u00bb au MARQ<\/a><span class=\"event-color\" style=\"background: #dd9933\"><\/span><\/h4><div class=\"mec-event-detail\">\r\n                        <div class=\"mec-event-loc-place\"><\/div>\r\n                        \r\n                    <\/div><\/div><div style=\"clear:both\"><\/div><\/article><article class=\"mec-event-article \"><div class=\"mec-event-image\"><img loading=\"lazy\" decoding=\"async\" width=\"300\" height=\"300\" src=\"https:\/\/alicanteturismo.com\/wp-content\/uploads\/2026\/08\/descargar-1-300x300.png\" class=\"attachment-thumblist size-thumblist wp-post-image\" alt=\"\" data-mec-postid=\"322070\" \/><\/div><div class=\"mec-monthly-contents\" style=\"width: calc(100% - 85px)\"><h4 class=\"mec-event-title\"><a class=\"mec-color-hover\" data-event-id=\"322070\" href=\"https:\/\/alicanteturismo.com\/fr\/events\/visites-guidees-des-abris-anti-aeriens-et-du-centre-dinterpretation-de-la-guerre-civile\/?occurrence=2026-09-06\" target=\"_self\" rel=\"noopener\">Visites guid\u00e9es des abris anti-a\u00e9riens et du centre d&rsquo;interpr\u00e9tation de la guerre civile<\/a><span class=\"event-color\" style=\"background: #1e73be\"><\/span><\/h4><div class=\"mec-event-detail\">\r\n                        <div class=\"mec-event-loc-place\"><\/div>\r\n                        \r\n                    <\/div><\/div><div style=\"clear:both\"><\/div><\/article><article class=\"mec-event-article \"><div class=\"mec-event-image\"><img loading=\"lazy\" decoding=\"async\" width=\"300\" height=\"300\" src=\"https:\/\/alicanteturismo.com\/wp-content\/uploads\/2025\/02\/MA07110494-300x300.jpg\" class=\"attachment-thumblist size-thumblist wp-post-image\" alt=\"\" data-mec-postid=\"296395\" \/><\/div><div class=\"mec-monthly-contents\" style=\"width: calc(100% - 85px)\"><div class=\"mec-event-time mec-color\"><i class=\"mec-sl-clock-o\"><\/i> 10h00<\/div><h4 class=\"mec-event-title\"><a class=\"mec-color-hover\" data-event-id=\"296395\" href=\"https:\/\/alicanteturismo.com\/fr\/events\/exposicion-permanente-marq\/?occurrence=2026-09-06\" target=\"_self\" rel=\"noopener\">Exposici\u00f3n Permanente MARQ<\/a><span class=\"event-color\" style=\"background: #336dab\"><\/span><\/h4><div class=\"mec-event-detail\">\r\n                        <div class=\"mec-event-loc-place\">Museo Arqueol\u00f3gico de Alicante (MARQ)<\/div>\r\n                        \r\n                    <\/div><\/div><div style=\"clear:both\"><\/div><\/article><article class=\"mec-event-article \"><div class=\"mec-event-image\"><img loading=\"lazy\" decoding=\"async\" width=\"300\" height=\"300\" src=\"https:\/\/alicanteturismo.com\/wp-content\/uploads\/2025\/02\/mubag_diputacion_alicante-5-300x300.webp\" class=\"attachment-thumblist size-thumblist wp-post-image\" alt=\"\" data-mec-postid=\"296402\" \/><\/div><div class=\"mec-monthly-contents\" style=\"width: calc(100% - 85px)\"><div class=\"mec-event-time mec-color\"><i class=\"mec-sl-clock-o\"><\/i> 10h00<\/div><h4 class=\"mec-event-title\"><a class=\"mec-color-hover\" data-event-id=\"296402\" href=\"https:\/\/alicanteturismo.com\/fr\/events\/exposicion-permanente-en-el-mubag-el-siglo-xix-coleccion-a-la-luz\/?occurrence=2026-09-06\" target=\"_self\" rel=\"noopener\">Exposici\u00f3n Permanente en el MUBAG. El siglo XIX. Colecci\u00f3n a la Luz<\/a><span class=\"event-color\" style=\"background: #336dab\"><\/span><\/h4><div class=\"mec-event-detail\">\r\n                        <div class=\"mec-event-loc-place\">Museo de Bellas Artes Gravina (MUBAG)<\/div>\r\n                        \r\n                    <\/div><\/div><div style=\"clear:both\"><\/div><\/article><article class=\"mec-event-article \"><div class=\"mec-event-image\"><img loading=\"lazy\" decoding=\"async\" width=\"300\" height=\"300\" src=\"https:\/\/alicanteturismo.com\/wp-content\/uploads\/2025\/02\/maca-museo-rotated-1-300x300.webp\" class=\"attachment-thumblist size-thumblist wp-post-image\" alt=\"\" data-mec-postid=\"296408\" \/><\/div><div class=\"mec-monthly-contents\" style=\"width: calc(100% - 85px)\"><div class=\"mec-event-time mec-color\"><i class=\"mec-sl-clock-o\"><\/i> 10h00<\/div><h4 class=\"mec-event-title\"><a class=\"mec-color-hover\" data-event-id=\"296408\" href=\"https:\/\/alicanteturismo.com\/fr\/events\/exposicion-permanente-maca\/?occurrence=2026-09-06\" target=\"_self\" rel=\"noopener\">Exposici\u00f3n Permanente MACA<\/a><span class=\"event-color\" style=\"background: #336dab\"><\/span><\/h4><div class=\"mec-event-detail\">\r\n                        <div class=\"mec-event-loc-place\">Contemporary Art Museum of Alicante (MACA)<\/div>\r\n                        \r\n                    <\/div><\/div><div style=\"clear:both\"><\/div><\/article><article class=\"mec-event-article \"><div class=\"mec-event-image\"><img loading=\"lazy\" decoding=\"async\" width=\"300\" height=\"300\" src=\"https:\/\/alicanteturismo.com\/wp-content\/uploads\/2026\/02\/degustacion-vinos-300x300.webp\" class=\"attachment-thumblist size-thumblist wp-post-image\" alt=\"\" data-mec-postid=\"317139\" \/><\/div><div class=\"mec-monthly-contents\" style=\"width: calc(100% - 85px)\"><h4 class=\"mec-event-title\"><a class=\"mec-color-hover\" data-event-id=\"317139\" href=\"https:\/\/alicanteturismo.com\/fr\/events\/degustacionvinosyproductosalicantinos\/?occurrence=2026-09-06\" target=\"_self\" rel=\"noopener\">Degustaci\u00f3n de 3 vinos D.O y Productos alicantinos<\/a><span class=\"event-color\" style=\"background: #dd823b\"><\/span><\/h4><div class=\"mec-event-detail\">\r\n                        <div class=\"mec-event-loc-place\"><\/div>\r\n                        \r\n                    <\/div><\/div><div style=\"clear:both\"><\/div><\/article><article class=\"mec-event-article \"><div class=\"mec-event-image\"><img loading=\"lazy\" decoding=\"async\" width=\"300\" height=\"300\" src=\"https:\/\/alicanteturismo.com\/wp-content\/uploads\/2026\/06\/image-expo-300x300.png\" class=\"attachment-thumblist size-thumblist wp-post-image\" alt=\"\" data-mec-postid=\"321070\" \/><\/div><div class=\"mec-monthly-contents\" style=\"width: calc(100% - 85px)\"><div class=\"mec-event-time mec-color\"><i class=\"mec-sl-clock-o\"><\/i> 10h00 - 20h00<\/div><h4 class=\"mec-event-title\"><a class=\"mec-color-hover\" data-event-id=\"321070\" href=\"https:\/\/alicanteturismo.com\/fr\/events\/exposition-temporaire-del-color-en-el-arte-coloramas-au-maca\/?occurrence=2026-09-06\" target=\"_self\" rel=\"noopener\">Exposition temporaire : \u00ab\u00a0Del color en el arte (Coloramas)\u00a0\u00bb au MACA<\/a><span class=\"event-color\" style=\"background: #dd9933\"><\/span><\/h4><div class=\"mec-event-detail\">\r\n                        <div class=\"mec-event-loc-place\">Contemporary Art Museum of Alicante (MACA)<\/div>\r\n                        \r\n                    <\/div><\/div><div style=\"clear:both\"><\/div><\/article><article class=\"mec-event-article \"><div class=\"mec-event-image\"><img loading=\"lazy\" decoding=\"async\" width=\"300\" height=\"300\" src=\"https:\/\/alicanteturismo.com\/wp-content\/uploads\/2025\/02\/Yacimiento-arqueologico-Lucentum.Lucentum-archaeological-remains-copia2-300x300.jpg\" class=\"attachment-thumblist size-thumblist wp-post-image\" alt=\"\" data-mec-postid=\"296353\" \/><\/div><div class=\"mec-monthly-contents\" style=\"width: calc(100% - 85px)\"><div class=\"mec-event-time mec-color\"><i class=\"mec-sl-clock-o\"><\/i> 10h30<\/div><h4 class=\"mec-event-title\"><a class=\"mec-color-hover\" data-event-id=\"296353\" href=\"https:\/\/alicanteturismo.com\/fr\/events\/visita-guiada-al-yacimiento-arqueologico-lucentum\/?occurrence=2026-09-06\" target=\"_self\" rel=\"noopener\">Visita guiada al yacimiento arqueol\u00f3gico Lucentum<\/a><span class=\"event-color\" style=\"background: #dd823b\"><\/span><\/h4><div class=\"mec-event-detail\">\r\n                        <div class=\"mec-event-loc-place\">Lucentum Tossal de Manises<\/div>\r\n                        \r\n                    <\/div><\/div><div style=\"clear:both\"><\/div><\/article><article class=\"mec-event-article \"><div class=\"mec-event-image\"><img loading=\"lazy\" decoding=\"async\" width=\"300\" height=\"300\" src=\"https:\/\/alicanteturismo.com\/wp-content\/uploads\/2026\/02\/castillo-degustaciones-chocolate-300x300.webp\" class=\"attachment-thumblist size-thumblist wp-post-image\" alt=\"\" data-mec-postid=\"317131\" \/><\/div><div class=\"mec-monthly-contents\" style=\"width: calc(100% - 85px)\"><div class=\"mec-event-time mec-color\"><i class=\"mec-sl-clock-o\"><\/i> 11h00 - 12h00<\/div><h4 class=\"mec-event-title\"><a class=\"mec-color-hover\" data-event-id=\"317131\" href=\"https:\/\/alicanteturismo.com\/fr\/events\/degustacionchocolatescastillosantabarbara\/?occurrence=2026-09-06\" target=\"_self\" rel=\"noopener\">Degustaci\u00f3n de chocolates y turrones de Alicante en el Castillo de Santa B\u00e1rbara<\/a><span class=\"event-color\" style=\"background: #dd823b\"><\/span><\/h4><div class=\"mec-event-detail\">\r\n                        <div class=\"mec-event-loc-place\">Ch\u00e2teau de Santa Barbara<\/div>\r\n                        \r\n                    <\/div><\/div><div style=\"clear:both\"><\/div><\/article><article class=\"mec-event-article \"><div class=\"mec-event-image\"><img loading=\"lazy\" decoding=\"async\" width=\"300\" height=\"300\" src=\"https:\/\/alicanteturismo.com\/wp-content\/uploads\/2025\/10\/Astroturismo-1-1-300x300.jpg\" class=\"attachment-thumblist size-thumblist wp-post-image\" alt=\"\" data-mec-postid=\"313302\" \/><\/div><div class=\"mec-monthly-contents\" style=\"width: calc(100% - 85px)\"><div class=\"mec-event-time mec-color\"><i class=\"mec-sl-clock-o\"><\/i> 20h30 - 23h30<\/div><h4 class=\"mec-event-title\"><a class=\"mec-color-hover\" data-event-id=\"313302\" href=\"https:\/\/alicanteturismo.com\/fr\/events\/astrotourism-and-stargazing-at-cabo-de-las-huertas-3\/?occurrence=2026-09-06\" target=\"_self\" rel=\"noopener\">Astrotourism and Stargazing at Cabo de las Huertas<\/a><\/h4><div class=\"mec-event-detail\">\r\n                        <div class=\"mec-event-loc-place\">Cabo de las Huertas, Alicante<\/div>\r\n                        \r\n                    <\/div><\/div><div style=\"clear:both\"><\/div><\/article><\/div><div class=\"mec-calendar-events-sec\" id=\"mec-calendar-events-sec-mec1-20260907\" data-mec-cell=\"20260907\" ><h6 class=\"mec-table-side-title\">\u00c9v\u00e9nements pour le <span class=\"mec-color mec-table-side-day\"> 7th<\/span> septembre<\/h6><article class=\"mec-event-article \"><div class=\"mec-event-image\"><img fetchpriority=\"high\" decoding=\"async\" width=\"300\" height=\"300\" src=\"https:\/\/alicanteturismo.com\/wp-content\/uploads\/2025\/02\/castillo-de-santa-barbara-2016-Alicante-ERN_6938-29-copia-300x300.jpg\" class=\"attachment-thumblist size-thumblist wp-post-image\" alt=\"\" data-mec-postid=\"296389\" \/><\/div><div class=\"mec-monthly-contents\" style=\"width: calc(100% - 85px)\"><div class=\"mec-event-time mec-color\"><i class=\"mec-sl-clock-o\"><\/i> Journ\u00e9e enti\u00e8re<\/div><h4 class=\"mec-event-title\"><a class=\"mec-color-hover\" data-event-id=\"296389\" href=\"https:\/\/alicanteturismo.com\/fr\/events\/exposicion-permanente-musa\/?occurrence=2026-09-07\" target=\"_self\" rel=\"noopener\">Exposici\u00f3n Permanente MUSA<\/a><span class=\"event-color\" style=\"background: #336dab\"><\/span><\/h4><div class=\"mec-event-detail\">\r\n                        <div class=\"mec-event-loc-place\">Ch\u00e2teau de Santa Barbara<\/div>\r\n                        \r\n                    <\/div><\/div><div style=\"clear:both\"><\/div><\/article><article class=\"mec-event-article \"><div class=\"mec-event-image\"><img decoding=\"async\" width=\"300\" height=\"300\" src=\"https:\/\/alicanteturismo.com\/wp-content\/uploads\/2025\/10\/Via-lactea-Isla-de-Tabarca-300x300.jpg\" class=\"attachment-thumblist size-thumblist wp-post-image\" alt=\"\" data-mec-postid=\"313076\" \/><\/div><div class=\"mec-monthly-contents\" style=\"width: calc(100% - 85px)\"><h4 class=\"mec-event-title\"><a class=\"mec-color-hover\" data-event-id=\"313076\" href=\"https:\/\/alicanteturismo.com\/fr\/events\/stargazing-on-tabarca-island\/?occurrence=2026-09-07&amp;time=1788768000\" target=\"_self\" rel=\"noopener\">Stargazing on Tabarca Island<\/a><\/h4><div class=\"mec-event-detail\">\r\n                        <div class=\"mec-event-loc-place\">Isla Tabarca<\/div>\r\n                        \r\n                    <\/div><\/div><div style=\"clear:both\"><\/div><\/article><article class=\"mec-event-article \"><div class=\"mec-event-image\"><img decoding=\"async\" width=\"300\" height=\"300\" src=\"https:\/\/alicanteturismo.com\/wp-content\/uploads\/2026\/02\/tabarca-boat-tour-300x300.jpg\" class=\"attachment-thumblist size-thumblist wp-post-image\" alt=\"\" data-mec-postid=\"317118\" \/><\/div><div class=\"mec-monthly-contents\" style=\"width: calc(100% - 85px)\"><h4 class=\"mec-event-title\"><a class=\"mec-color-hover\" data-event-id=\"317118\" href=\"https:\/\/alicanteturismo.com\/fr\/events\/tabarca-boat-tour\/?occurrence=2026-09-07\" target=\"_self\" rel=\"noopener\">Tabarca Boat Tour<\/a><span class=\"event-color\" style=\"background: #bfb417\"><\/span><\/h4><div class=\"mec-event-detail\">\r\n                        <div class=\"mec-event-loc-place\">Alicante<\/div>\r\n                        \r\n                    <\/div><\/div><div style=\"clear:both\"><\/div><\/article><article class=\"mec-event-article \"><div class=\"mec-event-image\"><img loading=\"lazy\" decoding=\"async\" width=\"300\" height=\"300\" src=\"https:\/\/alicanteturismo.com\/wp-content\/uploads\/2026\/02\/tabarca-boat-tour-300x300.jpg\" class=\"attachment-thumblist size-thumblist wp-post-image\" alt=\"\" data-mec-postid=\"317126\" \/><\/div><div class=\"mec-monthly-contents\" style=\"width: calc(100% - 85px)\"><h4 class=\"mec-event-title\"><a class=\"mec-color-hover\" data-event-id=\"317126\" href=\"https:\/\/www.alicanteboattours.com\/costa-boat-tour?occurrence=2026-09-07\" target=\"_self\" rel=\"noopener\">Costa Boat Tour<\/a><span class=\"event-color\" style=\"background: #00a0d2\"><\/span><\/h4><div class=\"mec-event-detail\">\r\n                        <div class=\"mec-event-loc-place\">Alicante Catamaran Aventurero<\/div>\r\n                        \r\n                    <\/div><\/div><div style=\"clear:both\"><\/div><\/article><article class=\"mec-event-article \"><div class=\"mec-event-image\"><img loading=\"lazy\" decoding=\"async\" width=\"300\" height=\"168\" src=\"https:\/\/alicanteturismo.com\/wp-content\/uploads\/2024\/05\/CABO-HUERTA-ALICANTE.jpg\" class=\"attachment-thumblist size-thumblist wp-post-image\" alt=\"\" data-mec-postid=\"317264\" \/><\/div><div class=\"mec-monthly-contents\" style=\"width: calc(100% - 85px)\"><div class=\"mec-event-time mec-color\"><i class=\"mec-sl-clock-o\"><\/i> 8h00 - 18h00<\/div><h4 class=\"mec-event-title\"><a class=\"mec-color-hover\" data-event-id=\"317264\" href=\"https:\/\/www.alicanteboattours.com\/bahia-boat-tour?occurrence=2026-09-07\" target=\"_self\" rel=\"noopener\">Bah\u00eda Boat Tour<\/a><span class=\"event-color\" style=\"background: #00a0d2\"><\/span><\/h4><div class=\"mec-event-detail\">\r\n                        <div class=\"mec-event-loc-place\">Alicante<\/div>\r\n                        \r\n                    <\/div><\/div><div style=\"clear:both\"><\/div><\/article><article class=\"mec-event-article \"><div class=\"mec-event-image\"><img loading=\"lazy\" decoding=\"async\" width=\"300\" height=\"300\" src=\"https:\/\/alicanteturismo.com\/wp-content\/uploads\/2026\/07\/descargar-1-300x300.png\" class=\"attachment-thumblist size-thumblist wp-post-image\" alt=\"\" data-mec-postid=\"321395\" \/><\/div><div class=\"mec-monthly-contents\" style=\"width: calc(100% - 85px)\"><div class=\"mec-event-time mec-color\"><i class=\"mec-sl-clock-o\"><\/i> Journ\u00e9e enti\u00e8re<\/div><h4 class=\"mec-event-title\"><a class=\"mec-color-hover\" data-event-id=\"321395\" href=\"https:\/\/alicanteturismo.com\/fr\/events\/exposition-lor-et-lunivers-savoirs-autochtones-de-colombie-au-marq\/?occurrence=2026-09-07\" target=\"_self\" rel=\"noopener\">Exposition \u00ab L&rsquo;OR ET L&rsquo;UNIVERS. Savoirs autochtones de Colombie \u00bb au MARQ<\/a><span class=\"event-color\" style=\"background: #dd9933\"><\/span><\/h4><div class=\"mec-event-detail\">\r\n                        <div class=\"mec-event-loc-place\"><\/div>\r\n                        \r\n                    <\/div><\/div><div style=\"clear:both\"><\/div><\/article><article class=\"mec-event-article \"><div class=\"mec-event-image\"><img loading=\"lazy\" decoding=\"async\" width=\"300\" height=\"300\" src=\"https:\/\/alicanteturismo.com\/wp-content\/uploads\/2026\/08\/descargar-1-300x300.png\" class=\"attachment-thumblist size-thumblist wp-post-image\" alt=\"\" data-mec-postid=\"322070\" \/><\/div><div class=\"mec-monthly-contents\" style=\"width: calc(100% - 85px)\"><h4 class=\"mec-event-title\"><a class=\"mec-color-hover\" data-event-id=\"322070\" href=\"https:\/\/alicanteturismo.com\/fr\/events\/visites-guidees-des-abris-anti-aeriens-et-du-centre-dinterpretation-de-la-guerre-civile\/?occurrence=2026-09-07\" target=\"_self\" rel=\"noopener\">Visites guid\u00e9es des abris anti-a\u00e9riens et du centre d&rsquo;interpr\u00e9tation de la guerre civile<\/a><span class=\"event-color\" style=\"background: #1e73be\"><\/span><\/h4><div class=\"mec-event-detail\">\r\n                        <div class=\"mec-event-loc-place\"><\/div>\r\n                        \r\n                    <\/div><\/div><div style=\"clear:both\"><\/div><\/article><article class=\"mec-event-article \"><div class=\"mec-event-image\"><img loading=\"lazy\" decoding=\"async\" width=\"300\" height=\"300\" src=\"https:\/\/alicanteturismo.com\/wp-content\/uploads\/2025\/02\/Yacimiento-arqueologico-Lucentum.Lucentum-archaeological-remains-copia2-300x300.jpg\" class=\"attachment-thumblist size-thumblist wp-post-image\" alt=\"\" data-mec-postid=\"296353\" \/><\/div><div class=\"mec-monthly-contents\" style=\"width: calc(100% - 85px)\"><div class=\"mec-event-time mec-color\"><i class=\"mec-sl-clock-o\"><\/i> 10h30<\/div><h4 class=\"mec-event-title\"><a class=\"mec-color-hover\" data-event-id=\"296353\" href=\"https:\/\/alicanteturismo.com\/fr\/events\/visita-guiada-al-yacimiento-arqueologico-lucentum\/?occurrence=2026-09-07\" target=\"_self\" rel=\"noopener\">Visita guiada al yacimiento arqueol\u00f3gico Lucentum<\/a><span class=\"event-color\" style=\"background: #dd823b\"><\/span><\/h4><div class=\"mec-event-detail\">\r\n                        <div class=\"mec-event-loc-place\">Lucentum Tossal de Manises<\/div>\r\n                        \r\n                    <\/div><\/div><div style=\"clear:both\"><\/div><\/article><article class=\"mec-event-article \"><div class=\"mec-event-image\"><img loading=\"lazy\" decoding=\"async\" width=\"300\" height=\"300\" src=\"https:\/\/alicanteturismo.com\/wp-content\/uploads\/2025\/10\/Astroturismo-1-1-300x300.jpg\" class=\"attachment-thumblist size-thumblist wp-post-image\" alt=\"\" data-mec-postid=\"313302\" \/><\/div><div class=\"mec-monthly-contents\" style=\"width: calc(100% - 85px)\"><div class=\"mec-event-time mec-color\"><i class=\"mec-sl-clock-o\"><\/i> 20h30 - 23h30<\/div><h4 class=\"mec-event-title\"><a class=\"mec-color-hover\" data-event-id=\"313302\" href=\"https:\/\/alicanteturismo.com\/fr\/events\/astrotourism-and-stargazing-at-cabo-de-las-huertas-3\/?occurrence=2026-09-07\" target=\"_self\" rel=\"noopener\">Astrotourism and Stargazing at Cabo de las Huertas<\/a><\/h4><div class=\"mec-event-detail\">\r\n                        <div class=\"mec-event-loc-place\">Cabo de las Huertas, Alicante<\/div>\r\n                        \r\n                    <\/div><\/div><div style=\"clear:both\"><\/div><\/article><\/div><div class=\"mec-calendar-events-sec\" id=\"mec-calendar-events-sec-mec1-20260908\" data-mec-cell=\"20260908\" ><h6 class=\"mec-table-side-title\">\u00c9v\u00e9nements pour le <span class=\"mec-color mec-table-side-day\"> 8th<\/span> septembre<\/h6><article class=\"mec-event-article \"><div class=\"mec-event-image\"><img fetchpriority=\"high\" decoding=\"async\" width=\"300\" height=\"300\" src=\"https:\/\/alicanteturismo.com\/wp-content\/uploads\/2025\/02\/castillo-de-santa-barbara-2016-Alicante-ERN_6938-29-copia-300x300.jpg\" class=\"attachment-thumblist size-thumblist wp-post-image\" alt=\"\" data-mec-postid=\"296389\" \/><\/div><div class=\"mec-monthly-contents\" style=\"width: calc(100% - 85px)\"><div class=\"mec-event-time mec-color\"><i class=\"mec-sl-clock-o\"><\/i> Journ\u00e9e enti\u00e8re<\/div><h4 class=\"mec-event-title\"><a class=\"mec-color-hover\" data-event-id=\"296389\" href=\"https:\/\/alicanteturismo.com\/fr\/events\/exposicion-permanente-musa\/?occurrence=2026-09-08\" target=\"_self\" rel=\"noopener\">Exposici\u00f3n Permanente MUSA<\/a><span class=\"event-color\" style=\"background: #336dab\"><\/span><\/h4><div class=\"mec-event-detail\">\r\n                        <div class=\"mec-event-loc-place\">Ch\u00e2teau de Santa Barbara<\/div>\r\n                        \r\n                    <\/div><\/div><div style=\"clear:both\"><\/div><\/article><article class=\"mec-event-article \"><div class=\"mec-event-image\"><img decoding=\"async\" width=\"300\" height=\"300\" src=\"https:\/\/alicanteturismo.com\/wp-content\/uploads\/2025\/10\/Via-lactea-Isla-de-Tabarca-300x300.jpg\" class=\"attachment-thumblist size-thumblist wp-post-image\" alt=\"\" data-mec-postid=\"313076\" \/><\/div><div class=\"mec-monthly-contents\" style=\"width: calc(100% - 85px)\"><h4 class=\"mec-event-title\"><a class=\"mec-color-hover\" data-event-id=\"313076\" href=\"https:\/\/alicanteturismo.com\/fr\/events\/stargazing-on-tabarca-island\/?occurrence=2026-09-08&amp;time=1788854400\" target=\"_self\" rel=\"noopener\">Stargazing on Tabarca Island<\/a><\/h4><div class=\"mec-event-detail\">\r\n                        <div class=\"mec-event-loc-place\">Isla Tabarca<\/div>\r\n                        \r\n                    <\/div><\/div><div style=\"clear:both\"><\/div><\/article><article class=\"mec-event-article \"><div class=\"mec-event-image\"><img decoding=\"async\" width=\"300\" height=\"300\" src=\"https:\/\/alicanteturismo.com\/wp-content\/uploads\/2026\/02\/tabarca-boat-tour-300x300.jpg\" class=\"attachment-thumblist size-thumblist wp-post-image\" alt=\"\" data-mec-postid=\"317118\" \/><\/div><div class=\"mec-monthly-contents\" style=\"width: calc(100% - 85px)\"><h4 class=\"mec-event-title\"><a class=\"mec-color-hover\" data-event-id=\"317118\" href=\"https:\/\/alicanteturismo.com\/fr\/events\/tabarca-boat-tour\/?occurrence=2026-09-08\" target=\"_self\" rel=\"noopener\">Tabarca Boat Tour<\/a><span class=\"event-color\" style=\"background: #bfb417\"><\/span><\/h4><div class=\"mec-event-detail\">\r\n                        <div class=\"mec-event-loc-place\">Alicante<\/div>\r\n                        \r\n                    <\/div><\/div><div style=\"clear:both\"><\/div><\/article><article class=\"mec-event-article \"><div class=\"mec-event-image\"><img loading=\"lazy\" decoding=\"async\" width=\"300\" height=\"300\" src=\"https:\/\/alicanteturismo.com\/wp-content\/uploads\/2026\/02\/tabarca-boat-tour-300x300.jpg\" class=\"attachment-thumblist size-thumblist wp-post-image\" alt=\"\" data-mec-postid=\"317126\" \/><\/div><div class=\"mec-monthly-contents\" style=\"width: calc(100% - 85px)\"><h4 class=\"mec-event-title\"><a class=\"mec-color-hover\" data-event-id=\"317126\" href=\"https:\/\/www.alicanteboattours.com\/costa-boat-tour?occurrence=2026-09-08\" target=\"_self\" rel=\"noopener\">Costa Boat Tour<\/a><span class=\"event-color\" style=\"background: #00a0d2\"><\/span><\/h4><div class=\"mec-event-detail\">\r\n                        <div class=\"mec-event-loc-place\">Alicante Catamaran Aventurero<\/div>\r\n                        \r\n                    <\/div><\/div><div style=\"clear:both\"><\/div><\/article><article class=\"mec-event-article \"><div class=\"mec-event-image\"><img loading=\"lazy\" decoding=\"async\" width=\"300\" height=\"168\" src=\"https:\/\/alicanteturismo.com\/wp-content\/uploads\/2024\/05\/CABO-HUERTA-ALICANTE.jpg\" class=\"attachment-thumblist size-thumblist wp-post-image\" alt=\"\" data-mec-postid=\"317264\" \/><\/div><div class=\"mec-monthly-contents\" style=\"width: calc(100% - 85px)\"><div class=\"mec-event-time mec-color\"><i class=\"mec-sl-clock-o\"><\/i> 8h00 - 18h00<\/div><h4 class=\"mec-event-title\"><a class=\"mec-color-hover\" data-event-id=\"317264\" href=\"https:\/\/www.alicanteboattours.com\/bahia-boat-tour?occurrence=2026-09-08\" target=\"_self\" rel=\"noopener\">Bah\u00eda Boat Tour<\/a><span class=\"event-color\" style=\"background: #00a0d2\"><\/span><\/h4><div class=\"mec-event-detail\">\r\n                        <div class=\"mec-event-loc-place\">Alicante<\/div>\r\n                        \r\n                    <\/div><\/div><div style=\"clear:both\"><\/div><\/article><article class=\"mec-event-article \"><div class=\"mec-event-image\"><img loading=\"lazy\" decoding=\"async\" width=\"300\" height=\"300\" src=\"https:\/\/alicanteturismo.com\/wp-content\/uploads\/2026\/05\/marq-expo-300x300.jpg\" class=\"attachment-thumblist size-thumblist wp-post-image\" alt=\"\" data-mec-postid=\"320214\" \/><\/div><div class=\"mec-monthly-contents\" style=\"width: calc(100% - 85px)\"><div class=\"mec-event-time mec-color\"><i class=\"mec-sl-clock-o\"><\/i> Journ\u00e9e enti\u00e8re<\/div><h4 class=\"mec-event-title\"><a class=\"mec-color-hover\" data-event-id=\"320214\" href=\"https:\/\/alicanteturismo.com\/fr\/events\/rituales-de-pastores-exposicion-en-el-marq-canibalismo-y-enterramientos-en-la-cova-de-randero\/?occurrence=2026-09-08\" target=\"_self\" rel=\"noopener\">Rituales de pastores. Exposici\u00f3n en el MARQ: Canibalismo y enterramientos en la Cova de Randero<\/a><span class=\"event-color\" style=\"background: #336dab\"><\/span><\/h4><div class=\"mec-event-detail\">\r\n                        <div class=\"mec-event-loc-place\"><\/div>\r\n                        \r\n                    <\/div><\/div><div style=\"clear:both\"><\/div><\/article><article class=\"mec-event-article \"><div class=\"mec-event-image\"><img loading=\"lazy\" decoding=\"async\" width=\"300\" height=\"300\" src=\"https:\/\/alicanteturismo.com\/wp-content\/uploads\/2026\/05\/Exposicion-VII-Edicion-Ciclo-de-Arte-y-Medioambiente_-Halito-1-300x300.png\" class=\"attachment-thumblist size-thumblist wp-post-image\" alt=\"\" data-mec-postid=\"320648\" \/><\/div><div class=\"mec-monthly-contents\" style=\"width: calc(100% - 85px)\"><div class=\"mec-event-time mec-color\"><i class=\"mec-sl-clock-o\"><\/i> Journ\u00e9e enti\u00e8re<\/div><h4 class=\"mec-event-title\"><a class=\"mec-color-hover\" data-event-id=\"320648\" href=\"https:\/\/alicanteturismo.com\/fr\/events\/exposicion-halito-vii-ed-ciclo-de-arte-y-medioambiente-museo-de-aguas\/?occurrence=2026-09-08\" target=\"_self\" rel=\"noopener\">Exposici\u00f3n \u00ab\u00a0H\u00e1lito\u00a0\u00bb . VII Ed Ciclo de Arte y Medioambiente. Museo de Aguas de Alicante<\/a><span class=\"event-color\" style=\"background: #336dab\"><\/span><\/h4><div class=\"mec-event-detail\">\r\n                        <div class=\"mec-event-loc-place\">Museo de Aguas de Alicante - Pozos de Garrig\u00f3s<\/div>\r\n                        \r\n                    <\/div><\/div><div style=\"clear:both\"><\/div><\/article><article class=\"mec-event-article \"><div class=\"mec-event-image\"><img loading=\"lazy\" decoding=\"async\" width=\"300\" height=\"300\" src=\"https:\/\/alicanteturismo.com\/wp-content\/uploads\/2026\/06\/d5ac5a84-ac33-061c-0536-2bbb1a525433-300x300.png\" class=\"attachment-thumblist size-thumblist wp-post-image\" alt=\"\" data-mec-postid=\"321036\" \/><\/div><div class=\"mec-monthly-contents\" style=\"width: calc(100% - 85px)\"><div class=\"mec-event-time mec-color\"><i class=\"mec-sl-clock-o\"><\/i> Journ\u00e9e enti\u00e8re<\/div><h4 class=\"mec-event-title\"><a class=\"mec-color-hover\" data-event-id=\"321036\" href=\"https:\/\/alicanteturismo.com\/fr\/events\/exposition-de-par-en-par-a-la-fondation-mediterranee\/?occurrence=2026-09-08\" target=\"_self\" rel=\"noopener\">Exposition \u00ab\u00a0De par en par\u00a0\u00bb \u00e0 la Fondation M\u00e9diterran\u00e9e<\/a><span class=\"event-color\" style=\"background: #1e73be\"><\/span><\/h4><div class=\"mec-event-detail\">\r\n                        <div class=\"mec-event-loc-place\">Salle d&#039;exposition<\/div>\r\n                        \r\n                    <\/div><\/div><div style=\"clear:both\"><\/div><\/article><article class=\"mec-event-article \"><div class=\"mec-event-image\"><img loading=\"lazy\" decoding=\"async\" width=\"300\" height=\"300\" src=\"https:\/\/alicanteturismo.com\/wp-content\/uploads\/2026\/07\/descargar-1-300x300.png\" class=\"attachment-thumblist size-thumblist wp-post-image\" alt=\"\" data-mec-postid=\"321395\" \/><\/div><div class=\"mec-monthly-contents\" style=\"width: calc(100% - 85px)\"><div class=\"mec-event-time mec-color\"><i class=\"mec-sl-clock-o\"><\/i> Journ\u00e9e enti\u00e8re<\/div><h4 class=\"mec-event-title\"><a class=\"mec-color-hover\" data-event-id=\"321395\" href=\"https:\/\/alicanteturismo.com\/fr\/events\/exposition-lor-et-lunivers-savoirs-autochtones-de-colombie-au-marq\/?occurrence=2026-09-08\" target=\"_self\" rel=\"noopener\">Exposition \u00ab L&rsquo;OR ET L&rsquo;UNIVERS. Savoirs autochtones de Colombie \u00bb au MARQ<\/a><span class=\"event-color\" style=\"background: #dd9933\"><\/span><\/h4><div class=\"mec-event-detail\">\r\n                        <div class=\"mec-event-loc-place\"><\/div>\r\n                        \r\n                    <\/div><\/div><div style=\"clear:both\"><\/div><\/article><article class=\"mec-event-article \"><div class=\"mec-event-image\"><img loading=\"lazy\" decoding=\"async\" width=\"300\" height=\"300\" src=\"https:\/\/alicanteturismo.com\/wp-content\/uploads\/2026\/08\/descargar-1-300x300.png\" class=\"attachment-thumblist size-thumblist wp-post-image\" alt=\"\" data-mec-postid=\"322070\" \/><\/div><div class=\"mec-monthly-contents\" style=\"width: calc(100% - 85px)\"><h4 class=\"mec-event-title\"><a class=\"mec-color-hover\" data-event-id=\"322070\" href=\"https:\/\/alicanteturismo.com\/fr\/events\/visites-guidees-des-abris-anti-aeriens-et-du-centre-dinterpretation-de-la-guerre-civile\/?occurrence=2026-09-08\" target=\"_self\" rel=\"noopener\">Visites guid\u00e9es des abris anti-a\u00e9riens et du centre d&rsquo;interpr\u00e9tation de la guerre civile<\/a><span class=\"event-color\" style=\"background: #1e73be\"><\/span><\/h4><div class=\"mec-event-detail\">\r\n                        <div class=\"mec-event-loc-place\"><\/div>\r\n                        \r\n                    <\/div><\/div><div style=\"clear:both\"><\/div><\/article><article class=\"mec-event-article \"><div class=\"mec-event-image\"><img loading=\"lazy\" decoding=\"async\" width=\"300\" height=\"300\" src=\"https:\/\/alicanteturismo.com\/wp-content\/uploads\/2025\/02\/MA07110494-300x300.jpg\" class=\"attachment-thumblist size-thumblist wp-post-image\" alt=\"\" data-mec-postid=\"296395\" \/><\/div><div class=\"mec-monthly-contents\" style=\"width: calc(100% - 85px)\"><div class=\"mec-event-time mec-color\"><i class=\"mec-sl-clock-o\"><\/i> 10h00<\/div><h4 class=\"mec-event-title\"><a class=\"mec-color-hover\" data-event-id=\"296395\" href=\"https:\/\/alicanteturismo.com\/fr\/events\/exposicion-permanente-marq\/?occurrence=2026-09-08\" target=\"_self\" rel=\"noopener\">Exposici\u00f3n Permanente MARQ<\/a><span class=\"event-color\" style=\"background: #336dab\"><\/span><\/h4><div class=\"mec-event-detail\">\r\n                        <div class=\"mec-event-loc-place\">Museo Arqueol\u00f3gico de Alicante (MARQ)<\/div>\r\n                        \r\n                    <\/div><\/div><div style=\"clear:both\"><\/div><\/article><article class=\"mec-event-article \"><div class=\"mec-event-image\"><img loading=\"lazy\" decoding=\"async\" width=\"300\" height=\"300\" src=\"https:\/\/alicanteturismo.com\/wp-content\/uploads\/2025\/02\/mubag_diputacion_alicante-5-300x300.webp\" class=\"attachment-thumblist size-thumblist wp-post-image\" alt=\"\" data-mec-postid=\"296402\" \/><\/div><div class=\"mec-monthly-contents\" style=\"width: calc(100% - 85px)\"><div class=\"mec-event-time mec-color\"><i class=\"mec-sl-clock-o\"><\/i> 10h00<\/div><h4 class=\"mec-event-title\"><a class=\"mec-color-hover\" data-event-id=\"296402\" href=\"https:\/\/alicanteturismo.com\/fr\/events\/exposicion-permanente-en-el-mubag-el-siglo-xix-coleccion-a-la-luz\/?occurrence=2026-09-08\" target=\"_self\" rel=\"noopener\">Exposici\u00f3n Permanente en el MUBAG. El siglo XIX. Colecci\u00f3n a la Luz<\/a><span class=\"event-color\" style=\"background: #336dab\"><\/span><\/h4><div class=\"mec-event-detail\">\r\n                        <div class=\"mec-event-loc-place\">Museo de Bellas Artes Gravina (MUBAG)<\/div>\r\n                        \r\n                    <\/div><\/div><div style=\"clear:both\"><\/div><\/article><article class=\"mec-event-article \"><div class=\"mec-event-image\"><img loading=\"lazy\" decoding=\"async\" width=\"300\" height=\"300\" src=\"https:\/\/alicanteturismo.com\/wp-content\/uploads\/2025\/02\/maca-museo-rotated-1-300x300.webp\" class=\"attachment-thumblist size-thumblist wp-post-image\" alt=\"\" data-mec-postid=\"296408\" \/><\/div><div class=\"mec-monthly-contents\" style=\"width: calc(100% - 85px)\"><div class=\"mec-event-time mec-color\"><i class=\"mec-sl-clock-o\"><\/i> 10h00<\/div><h4 class=\"mec-event-title\"><a class=\"mec-color-hover\" data-event-id=\"296408\" href=\"https:\/\/alicanteturismo.com\/fr\/events\/exposicion-permanente-maca\/?occurrence=2026-09-08\" target=\"_self\" rel=\"noopener\">Exposici\u00f3n Permanente MACA<\/a><span class=\"event-color\" style=\"background: #336dab\"><\/span><\/h4><div class=\"mec-event-detail\">\r\n                        <div class=\"mec-event-loc-place\">Contemporary Art Museum of Alicante (MACA)<\/div>\r\n                        \r\n                    <\/div><\/div><div style=\"clear:both\"><\/div><\/article><article class=\"mec-event-article \"><div class=\"mec-event-image\"><img loading=\"lazy\" decoding=\"async\" width=\"300\" height=\"300\" src=\"https:\/\/alicanteturismo.com\/wp-content\/uploads\/2026\/06\/image-expo-300x300.png\" class=\"attachment-thumblist size-thumblist wp-post-image\" alt=\"\" data-mec-postid=\"321070\" \/><\/div><div class=\"mec-monthly-contents\" style=\"width: calc(100% - 85px)\"><div class=\"mec-event-time mec-color\"><i class=\"mec-sl-clock-o\"><\/i> 10h00 - 20h00<\/div><h4 class=\"mec-event-title\"><a class=\"mec-color-hover\" data-event-id=\"321070\" href=\"https:\/\/alicanteturismo.com\/fr\/events\/exposition-temporaire-del-color-en-el-arte-coloramas-au-maca\/?occurrence=2026-09-08\" target=\"_self\" rel=\"noopener\">Exposition temporaire : \u00ab\u00a0Del color en el arte (Coloramas)\u00a0\u00bb au MACA<\/a><span class=\"event-color\" style=\"background: #dd9933\"><\/span><\/h4><div class=\"mec-event-detail\">\r\n                        <div class=\"mec-event-loc-place\">Contemporary Art Museum of Alicante (MACA)<\/div>\r\n                        \r\n                    <\/div><\/div><div style=\"clear:both\"><\/div><\/article><article class=\"mec-event-article \"><div class=\"mec-event-image\"><img loading=\"lazy\" decoding=\"async\" width=\"300\" height=\"300\" src=\"https:\/\/alicanteturismo.com\/wp-content\/uploads\/2026\/07\/descargar-2-300x300.png\" class=\"attachment-thumblist size-thumblist wp-post-image\" alt=\"\" data-mec-postid=\"321763\" \/><\/div><div class=\"mec-monthly-contents\" style=\"width: calc(100% - 85px)\"><div class=\"mec-event-time mec-color\"><i class=\"mec-sl-clock-o\"><\/i> 10h00 - 21h30<\/div><h4 class=\"mec-event-title\"><a class=\"mec-color-hover\" data-event-id=\"321763\" href=\"https:\/\/alicanteturismo.com\/fr\/events\/exposicion-la-firmeza-de-un-instante-de-jesus-madrinan-en-las-cigarreras\/?occurrence=2026-09-08\" target=\"_self\" rel=\"noopener\">Exposici\u00f3n \u201cLa firmeza de un instante\u201d de Jes\u00fas Madri\u00f1\u00e1n en Las Cigarreras<\/a><span class=\"event-color\" style=\"background: #336dab\"><\/span><\/h4><div class=\"mec-event-detail\">\r\n                        <div class=\"mec-event-loc-place\">Centre culturel Las Cigarreras<\/div>\r\n                        \r\n                    <\/div><\/div><div style=\"clear:both\"><\/div><\/article><article class=\"mec-event-article \"><div class=\"mec-event-image\"><img loading=\"lazy\" decoding=\"async\" width=\"300\" height=\"300\" src=\"https:\/\/alicanteturismo.com\/wp-content\/uploads\/2025\/02\/Yacimiento-arqueologico-Lucentum.Lucentum-archaeological-remains-copia2-300x300.jpg\" class=\"attachment-thumblist size-thumblist wp-post-image\" alt=\"\" data-mec-postid=\"296353\" \/><\/div><div class=\"mec-monthly-contents\" style=\"width: calc(100% - 85px)\"><div class=\"mec-event-time mec-color\"><i class=\"mec-sl-clock-o\"><\/i> 10h30<\/div><h4 class=\"mec-event-title\"><a class=\"mec-color-hover\" data-event-id=\"296353\" href=\"https:\/\/alicanteturismo.com\/fr\/events\/visita-guiada-al-yacimiento-arqueologico-lucentum\/?occurrence=2026-09-08\" target=\"_self\" rel=\"noopener\">Visita guiada al yacimiento arqueol\u00f3gico Lucentum<\/a><span class=\"event-color\" style=\"background: #dd823b\"><\/span><\/h4><div class=\"mec-event-detail\">\r\n                        <div class=\"mec-event-loc-place\">Lucentum Tossal de Manises<\/div>\r\n                        \r\n                    <\/div><\/div><div style=\"clear:both\"><\/div><\/article><article class=\"mec-event-article \"><div class=\"mec-event-image\"><img loading=\"lazy\" decoding=\"async\" width=\"300\" height=\"300\" src=\"https:\/\/alicanteturismo.com\/wp-content\/uploads\/2025\/10\/Astroturismo-1-1-300x300.jpg\" class=\"attachment-thumblist size-thumblist wp-post-image\" alt=\"\" data-mec-postid=\"313302\" \/><\/div><div class=\"mec-monthly-contents\" style=\"width: calc(100% - 85px)\"><div class=\"mec-event-time mec-color\"><i class=\"mec-sl-clock-o\"><\/i> 20h30 - 23h30<\/div><h4 class=\"mec-event-title\"><a class=\"mec-color-hover\" data-event-id=\"313302\" href=\"https:\/\/alicanteturismo.com\/fr\/events\/astrotourism-and-stargazing-at-cabo-de-las-huertas-3\/?occurrence=2026-09-08\" target=\"_self\" rel=\"noopener\">Astrotourism and Stargazing at Cabo de las Huertas<\/a><\/h4><div class=\"mec-event-detail\">\r\n                        <div class=\"mec-event-loc-place\">Cabo de las Huertas, Alicante<\/div>\r\n                        \r\n                    <\/div><\/div><div style=\"clear:both\"><\/div><\/article><\/div><div class=\"mec-calendar-events-sec\" id=\"mec-calendar-events-sec-mec1-20260909\" data-mec-cell=\"20260909\" ><h6 class=\"mec-table-side-title\">\u00c9v\u00e9nements pour le <span class=\"mec-color mec-table-side-day\"> 9th<\/span> septembre<\/h6><article class=\"mec-event-article \"><div class=\"mec-event-image\"><img fetchpriority=\"high\" decoding=\"async\" width=\"300\" height=\"300\" src=\"https:\/\/alicanteturismo.com\/wp-content\/uploads\/2025\/02\/castillo-de-santa-barbara-2016-Alicante-ERN_6938-29-copia-300x300.jpg\" class=\"attachment-thumblist size-thumblist wp-post-image\" alt=\"\" data-mec-postid=\"296389\" \/><\/div><div class=\"mec-monthly-contents\" style=\"width: calc(100% - 85px)\"><div class=\"mec-event-time mec-color\"><i class=\"mec-sl-clock-o\"><\/i> Journ\u00e9e enti\u00e8re<\/div><h4 class=\"mec-event-title\"><a class=\"mec-color-hover\" data-event-id=\"296389\" href=\"https:\/\/alicanteturismo.com\/fr\/events\/exposicion-permanente-musa\/?occurrence=2026-09-09\" target=\"_self\" rel=\"noopener\">Exposici\u00f3n Permanente MUSA<\/a><span class=\"event-color\" style=\"background: #336dab\"><\/span><\/h4><div class=\"mec-event-detail\">\r\n                        <div class=\"mec-event-loc-place\">Ch\u00e2teau de Santa Barbara<\/div>\r\n                        \r\n                    <\/div><\/div><div style=\"clear:both\"><\/div><\/article><article class=\"mec-event-article \"><div class=\"mec-event-image\"><img decoding=\"async\" width=\"300\" height=\"300\" src=\"https:\/\/alicanteturismo.com\/wp-content\/uploads\/2025\/10\/Via-lactea-Isla-de-Tabarca-300x300.jpg\" class=\"attachment-thumblist size-thumblist wp-post-image\" alt=\"\" data-mec-postid=\"313076\" \/><\/div><div class=\"mec-monthly-contents\" style=\"width: calc(100% - 85px)\"><h4 class=\"mec-event-title\"><a class=\"mec-color-hover\" data-event-id=\"313076\" href=\"https:\/\/alicanteturismo.com\/fr\/events\/stargazing-on-tabarca-island\/?occurrence=2026-09-09&amp;time=1788940800\" target=\"_self\" rel=\"noopener\">Stargazing on Tabarca Island<\/a><\/h4><div class=\"mec-event-detail\">\r\n                        <div class=\"mec-event-loc-place\">Isla Tabarca<\/div>\r\n                        \r\n                    <\/div><\/div><div style=\"clear:both\"><\/div><\/article><article class=\"mec-event-article \"><div class=\"mec-event-image\"><img decoding=\"async\" width=\"300\" height=\"300\" src=\"https:\/\/alicanteturismo.com\/wp-content\/uploads\/2026\/02\/tabarca-boat-tour-300x300.jpg\" class=\"attachment-thumblist size-thumblist wp-post-image\" alt=\"\" data-mec-postid=\"317118\" \/><\/div><div class=\"mec-monthly-contents\" style=\"width: calc(100% - 85px)\"><h4 class=\"mec-event-title\"><a class=\"mec-color-hover\" data-event-id=\"317118\" href=\"https:\/\/alicanteturismo.com\/fr\/events\/tabarca-boat-tour\/?occurrence=2026-09-09\" target=\"_self\" rel=\"noopener\">Tabarca Boat Tour<\/a><span class=\"event-color\" style=\"background: #bfb417\"><\/span><\/h4><div class=\"mec-event-detail\">\r\n                        <div class=\"mec-event-loc-place\">Alicante<\/div>\r\n                        \r\n                    <\/div><\/div><div style=\"clear:both\"><\/div><\/article><article class=\"mec-event-article \"><div class=\"mec-event-image\"><img loading=\"lazy\" decoding=\"async\" width=\"300\" height=\"300\" src=\"https:\/\/alicanteturismo.com\/wp-content\/uploads\/2026\/02\/tabarca-boat-tour-300x300.jpg\" class=\"attachment-thumblist size-thumblist wp-post-image\" alt=\"\" data-mec-postid=\"317126\" \/><\/div><div class=\"mec-monthly-contents\" style=\"width: calc(100% - 85px)\"><h4 class=\"mec-event-title\"><a class=\"mec-color-hover\" data-event-id=\"317126\" href=\"https:\/\/www.alicanteboattours.com\/costa-boat-tour?occurrence=2026-09-09\" target=\"_self\" rel=\"noopener\">Costa Boat Tour<\/a><span class=\"event-color\" style=\"background: #00a0d2\"><\/span><\/h4><div class=\"mec-event-detail\">\r\n                        <div class=\"mec-event-loc-place\">Alicante Catamaran Aventurero<\/div>\r\n                        \r\n                    <\/div><\/div><div style=\"clear:both\"><\/div><\/article><article class=\"mec-event-article \"><div class=\"mec-event-image\"><img loading=\"lazy\" decoding=\"async\" width=\"300\" height=\"168\" src=\"https:\/\/alicanteturismo.com\/wp-content\/uploads\/2024\/05\/CABO-HUERTA-ALICANTE.jpg\" class=\"attachment-thumblist size-thumblist wp-post-image\" alt=\"\" data-mec-postid=\"317264\" \/><\/div><div class=\"mec-monthly-contents\" style=\"width: calc(100% - 85px)\"><div class=\"mec-event-time mec-color\"><i class=\"mec-sl-clock-o\"><\/i> 8h00 - 18h00<\/div><h4 class=\"mec-event-title\"><a class=\"mec-color-hover\" data-event-id=\"317264\" href=\"https:\/\/www.alicanteboattours.com\/bahia-boat-tour?occurrence=2026-09-09\" target=\"_self\" rel=\"noopener\">Bah\u00eda Boat Tour<\/a><span class=\"event-color\" style=\"background: #00a0d2\"><\/span><\/h4><div class=\"mec-event-detail\">\r\n                        <div class=\"mec-event-loc-place\">Alicante<\/div>\r\n                        \r\n                    <\/div><\/div><div style=\"clear:both\"><\/div><\/article><article class=\"mec-event-article \"><div class=\"mec-event-image\"><img loading=\"lazy\" decoding=\"async\" width=\"300\" height=\"300\" src=\"https:\/\/alicanteturismo.com\/wp-content\/uploads\/2026\/05\/marq-expo-300x300.jpg\" class=\"attachment-thumblist size-thumblist wp-post-image\" alt=\"\" data-mec-postid=\"320214\" \/><\/div><div class=\"mec-monthly-contents\" style=\"width: calc(100% - 85px)\"><div class=\"mec-event-time mec-color\"><i class=\"mec-sl-clock-o\"><\/i> Journ\u00e9e enti\u00e8re<\/div><h4 class=\"mec-event-title\"><a class=\"mec-color-hover\" data-event-id=\"320214\" href=\"https:\/\/alicanteturismo.com\/fr\/events\/rituales-de-pastores-exposicion-en-el-marq-canibalismo-y-enterramientos-en-la-cova-de-randero\/?occurrence=2026-09-09\" target=\"_self\" rel=\"noopener\">Rituales de pastores. Exposici\u00f3n en el MARQ: Canibalismo y enterramientos en la Cova de Randero<\/a><span class=\"event-color\" style=\"background: #336dab\"><\/span><\/h4><div class=\"mec-event-detail\">\r\n                        <div class=\"mec-event-loc-place\"><\/div>\r\n                        \r\n                    <\/div><\/div><div style=\"clear:both\"><\/div><\/article><article class=\"mec-event-article \"><div class=\"mec-event-image\"><img loading=\"lazy\" decoding=\"async\" width=\"300\" height=\"300\" src=\"https:\/\/alicanteturismo.com\/wp-content\/uploads\/2026\/05\/Exposicion-VII-Edicion-Ciclo-de-Arte-y-Medioambiente_-Halito-1-300x300.png\" class=\"attachment-thumblist size-thumblist wp-post-image\" alt=\"\" data-mec-postid=\"320648\" \/><\/div><div class=\"mec-monthly-contents\" style=\"width: calc(100% - 85px)\"><div class=\"mec-event-time mec-color\"><i class=\"mec-sl-clock-o\"><\/i> Journ\u00e9e enti\u00e8re<\/div><h4 class=\"mec-event-title\"><a class=\"mec-color-hover\" data-event-id=\"320648\" href=\"https:\/\/alicanteturismo.com\/fr\/events\/exposicion-halito-vii-ed-ciclo-de-arte-y-medioambiente-museo-de-aguas\/?occurrence=2026-09-09\" target=\"_self\" rel=\"noopener\">Exposici\u00f3n \u00ab\u00a0H\u00e1lito\u00a0\u00bb . VII Ed Ciclo de Arte y Medioambiente. Museo de Aguas de Alicante<\/a><span class=\"event-color\" style=\"background: #336dab\"><\/span><\/h4><div class=\"mec-event-detail\">\r\n                        <div class=\"mec-event-loc-place\">Museo de Aguas de Alicante - Pozos de Garrig\u00f3s<\/div>\r\n                        \r\n                    <\/div><\/div><div style=\"clear:both\"><\/div><\/article><article class=\"mec-event-article \"><div class=\"mec-event-image\"><img loading=\"lazy\" decoding=\"async\" width=\"300\" height=\"300\" src=\"https:\/\/alicanteturismo.com\/wp-content\/uploads\/2026\/06\/d5ac5a84-ac33-061c-0536-2bbb1a525433-300x300.png\" class=\"attachment-thumblist size-thumblist wp-post-image\" alt=\"\" data-mec-postid=\"321036\" \/><\/div><div class=\"mec-monthly-contents\" style=\"width: calc(100% - 85px)\"><div class=\"mec-event-time mec-color\"><i class=\"mec-sl-clock-o\"><\/i> Journ\u00e9e enti\u00e8re<\/div><h4 class=\"mec-event-title\"><a class=\"mec-color-hover\" data-event-id=\"321036\" href=\"https:\/\/alicanteturismo.com\/fr\/events\/exposition-de-par-en-par-a-la-fondation-mediterranee\/?occurrence=2026-09-09\" target=\"_self\" rel=\"noopener\">Exposition \u00ab\u00a0De par en par\u00a0\u00bb \u00e0 la Fondation M\u00e9diterran\u00e9e<\/a><span class=\"event-color\" style=\"background: #1e73be\"><\/span><\/h4><div class=\"mec-event-detail\">\r\n                        <div class=\"mec-event-loc-place\">Salle d&#039;exposition<\/div>\r\n                        \r\n                    <\/div><\/div><div style=\"clear:both\"><\/div><\/article><article class=\"mec-event-article \"><div class=\"mec-event-image\"><img loading=\"lazy\" decoding=\"async\" width=\"300\" height=\"300\" src=\"https:\/\/alicanteturismo.com\/wp-content\/uploads\/2026\/07\/descargar-1-300x300.png\" class=\"attachment-thumblist size-thumblist wp-post-image\" alt=\"\" data-mec-postid=\"321395\" \/><\/div><div class=\"mec-monthly-contents\" style=\"width: calc(100% - 85px)\"><div class=\"mec-event-time mec-color\"><i class=\"mec-sl-clock-o\"><\/i> Journ\u00e9e enti\u00e8re<\/div><h4 class=\"mec-event-title\"><a class=\"mec-color-hover\" data-event-id=\"321395\" href=\"https:\/\/alicanteturismo.com\/fr\/events\/exposition-lor-et-lunivers-savoirs-autochtones-de-colombie-au-marq\/?occurrence=2026-09-09\" target=\"_self\" rel=\"noopener\">Exposition \u00ab L&rsquo;OR ET L&rsquo;UNIVERS. Savoirs autochtones de Colombie \u00bb au MARQ<\/a><span class=\"event-color\" style=\"background: #dd9933\"><\/span><\/h4><div class=\"mec-event-detail\">\r\n                        <div class=\"mec-event-loc-place\"><\/div>\r\n                        \r\n                    <\/div><\/div><div style=\"clear:both\"><\/div><\/article><article class=\"mec-event-article \"><div class=\"mec-event-image\"><img loading=\"lazy\" decoding=\"async\" width=\"300\" height=\"300\" src=\"https:\/\/alicanteturismo.com\/wp-content\/uploads\/2026\/08\/descargar-1-300x300.png\" class=\"attachment-thumblist size-thumblist wp-post-image\" alt=\"\" data-mec-postid=\"322070\" \/><\/div><div class=\"mec-monthly-contents\" style=\"width: calc(100% - 85px)\"><h4 class=\"mec-event-title\"><a class=\"mec-color-hover\" data-event-id=\"322070\" href=\"https:\/\/alicanteturismo.com\/fr\/events\/visites-guidees-des-abris-anti-aeriens-et-du-centre-dinterpretation-de-la-guerre-civile\/?occurrence=2026-09-09\" target=\"_self\" rel=\"noopener\">Visites guid\u00e9es des abris anti-a\u00e9riens et du centre d&rsquo;interpr\u00e9tation de la guerre civile<\/a><span class=\"event-color\" style=\"background: #1e73be\"><\/span><\/h4><div class=\"mec-event-detail\">\r\n                        <div class=\"mec-event-loc-place\"><\/div>\r\n                        \r\n                    <\/div><\/div><div style=\"clear:both\"><\/div><\/article><article class=\"mec-event-article \"><div class=\"mec-event-image\"><img loading=\"lazy\" decoding=\"async\" width=\"300\" height=\"300\" src=\"https:\/\/alicanteturismo.com\/wp-content\/uploads\/2025\/02\/MA07110494-300x300.jpg\" class=\"attachment-thumblist size-thumblist wp-post-image\" alt=\"\" data-mec-postid=\"296395\" \/><\/div><div class=\"mec-monthly-contents\" style=\"width: calc(100% - 85px)\"><div class=\"mec-event-time mec-color\"><i class=\"mec-sl-clock-o\"><\/i> 10h00<\/div><h4 class=\"mec-event-title\"><a class=\"mec-color-hover\" data-event-id=\"296395\" href=\"https:\/\/alicanteturismo.com\/fr\/events\/exposicion-permanente-marq\/?occurrence=2026-09-09\" target=\"_self\" rel=\"noopener\">Exposici\u00f3n Permanente MARQ<\/a><span class=\"event-color\" style=\"background: #336dab\"><\/span><\/h4><div class=\"mec-event-detail\">\r\n                        <div class=\"mec-event-loc-place\">Museo Arqueol\u00f3gico de Alicante (MARQ)<\/div>\r\n                        \r\n                    <\/div><\/div><div style=\"clear:both\"><\/div><\/article><article class=\"mec-event-article \"><div class=\"mec-event-image\"><img loading=\"lazy\" decoding=\"async\" width=\"300\" height=\"300\" src=\"https:\/\/alicanteturismo.com\/wp-content\/uploads\/2025\/02\/mubag_diputacion_alicante-5-300x300.webp\" class=\"attachment-thumblist size-thumblist wp-post-image\" alt=\"\" data-mec-postid=\"296402\" \/><\/div><div class=\"mec-monthly-contents\" style=\"width: calc(100% - 85px)\"><div class=\"mec-event-time mec-color\"><i class=\"mec-sl-clock-o\"><\/i> 10h00<\/div><h4 class=\"mec-event-title\"><a class=\"mec-color-hover\" data-event-id=\"296402\" href=\"https:\/\/alicanteturismo.com\/fr\/events\/exposicion-permanente-en-el-mubag-el-siglo-xix-coleccion-a-la-luz\/?occurrence=2026-09-09\" target=\"_self\" rel=\"noopener\">Exposici\u00f3n Permanente en el MUBAG. El siglo XIX. Colecci\u00f3n a la Luz<\/a><span class=\"event-color\" style=\"background: #336dab\"><\/span><\/h4><div class=\"mec-event-detail\">\r\n                        <div class=\"mec-event-loc-place\">Museo de Bellas Artes Gravina (MUBAG)<\/div>\r\n                        \r\n                    <\/div><\/div><div style=\"clear:both\"><\/div><\/article><article class=\"mec-event-article \"><div class=\"mec-event-image\"><img loading=\"lazy\" decoding=\"async\" width=\"300\" height=\"300\" src=\"https:\/\/alicanteturismo.com\/wp-content\/uploads\/2025\/02\/maca-museo-rotated-1-300x300.webp\" class=\"attachment-thumblist size-thumblist wp-post-image\" alt=\"\" data-mec-postid=\"296408\" \/><\/div><div class=\"mec-monthly-contents\" style=\"width: calc(100% - 85px)\"><div class=\"mec-event-time mec-color\"><i class=\"mec-sl-clock-o\"><\/i> 10h00<\/div><h4 class=\"mec-event-title\"><a class=\"mec-color-hover\" data-event-id=\"296408\" href=\"https:\/\/alicanteturismo.com\/fr\/events\/exposicion-permanente-maca\/?occurrence=2026-09-09\" target=\"_self\" rel=\"noopener\">Exposici\u00f3n Permanente MACA<\/a><span class=\"event-color\" style=\"background: #336dab\"><\/span><\/h4><div class=\"mec-event-detail\">\r\n                        <div class=\"mec-event-loc-place\">Contemporary Art Museum of Alicante (MACA)<\/div>\r\n                        \r\n                    <\/div><\/div><div style=\"clear:both\"><\/div><\/article><article class=\"mec-event-article \"><div class=\"mec-event-image\"><img loading=\"lazy\" decoding=\"async\" width=\"300\" height=\"300\" src=\"https:\/\/alicanteturismo.com\/wp-content\/uploads\/2026\/06\/image-expo-300x300.png\" class=\"attachment-thumblist size-thumblist wp-post-image\" alt=\"\" data-mec-postid=\"321070\" \/><\/div><div class=\"mec-monthly-contents\" style=\"width: calc(100% - 85px)\"><div class=\"mec-event-time mec-color\"><i class=\"mec-sl-clock-o\"><\/i> 10h00 - 20h00<\/div><h4 class=\"mec-event-title\"><a class=\"mec-color-hover\" data-event-id=\"321070\" href=\"https:\/\/alicanteturismo.com\/fr\/events\/exposition-temporaire-del-color-en-el-arte-coloramas-au-maca\/?occurrence=2026-09-09\" target=\"_self\" rel=\"noopener\">Exposition temporaire : \u00ab\u00a0Del color en el arte (Coloramas)\u00a0\u00bb au MACA<\/a><span class=\"event-color\" style=\"background: #dd9933\"><\/span><\/h4><div class=\"mec-event-detail\">\r\n                        <div class=\"mec-event-loc-place\">Contemporary Art Museum of Alicante (MACA)<\/div>\r\n                        \r\n                    <\/div><\/div><div style=\"clear:both\"><\/div><\/article><article class=\"mec-event-article \"><div class=\"mec-event-image\"><img loading=\"lazy\" decoding=\"async\" width=\"300\" height=\"300\" src=\"https:\/\/alicanteturismo.com\/wp-content\/uploads\/2026\/07\/descargar-2-300x300.png\" class=\"attachment-thumblist size-thumblist wp-post-image\" alt=\"\" data-mec-postid=\"321763\" \/><\/div><div class=\"mec-monthly-contents\" style=\"width: calc(100% - 85px)\"><div class=\"mec-event-time mec-color\"><i class=\"mec-sl-clock-o\"><\/i> 10h00 - 21h30<\/div><h4 class=\"mec-event-title\"><a class=\"mec-color-hover\" data-event-id=\"321763\" href=\"https:\/\/alicanteturismo.com\/fr\/events\/exposicion-la-firmeza-de-un-instante-de-jesus-madrinan-en-las-cigarreras\/?occurrence=2026-09-09\" target=\"_self\" rel=\"noopener\">Exposici\u00f3n \u201cLa firmeza de un instante\u201d de Jes\u00fas Madri\u00f1\u00e1n en Las Cigarreras<\/a><span class=\"event-color\" style=\"background: #336dab\"><\/span><\/h4><div class=\"mec-event-detail\">\r\n                        <div class=\"mec-event-loc-place\">Centre culturel Las Cigarreras<\/div>\r\n                        \r\n                    <\/div><\/div><div style=\"clear:both\"><\/div><\/article><article class=\"mec-event-article \"><div class=\"mec-event-image\"><img loading=\"lazy\" decoding=\"async\" width=\"300\" height=\"300\" src=\"https:\/\/alicanteturismo.com\/wp-content\/uploads\/2025\/02\/Yacimiento-arqueologico-Lucentum.Lucentum-archaeological-remains-copia2-300x300.jpg\" class=\"attachment-thumblist size-thumblist wp-post-image\" alt=\"\" data-mec-postid=\"296353\" \/><\/div><div class=\"mec-monthly-contents\" style=\"width: calc(100% - 85px)\"><div class=\"mec-event-time mec-color\"><i class=\"mec-sl-clock-o\"><\/i> 10h30<\/div><h4 class=\"mec-event-title\"><a class=\"mec-color-hover\" data-event-id=\"296353\" href=\"https:\/\/alicanteturismo.com\/fr\/events\/visita-guiada-al-yacimiento-arqueologico-lucentum\/?occurrence=2026-09-09\" target=\"_self\" rel=\"noopener\">Visita guiada al yacimiento arqueol\u00f3gico Lucentum<\/a><span class=\"event-color\" style=\"background: #dd823b\"><\/span><\/h4><div class=\"mec-event-detail\">\r\n                        <div class=\"mec-event-loc-place\">Lucentum Tossal de Manises<\/div>\r\n                        \r\n                    <\/div><\/div><div style=\"clear:both\"><\/div><\/article><article class=\"mec-event-article \"><div class=\"mec-event-image\"><img loading=\"lazy\" decoding=\"async\" width=\"300\" height=\"300\" src=\"https:\/\/alicanteturismo.com\/wp-content\/uploads\/2025\/10\/Astroturismo-1-1-300x300.jpg\" class=\"attachment-thumblist size-thumblist wp-post-image\" alt=\"\" data-mec-postid=\"313302\" \/><\/div><div class=\"mec-monthly-contents\" style=\"width: calc(100% - 85px)\"><div class=\"mec-event-time mec-color\"><i class=\"mec-sl-clock-o\"><\/i> 20h30 - 23h30<\/div><h4 class=\"mec-event-title\"><a class=\"mec-color-hover\" data-event-id=\"313302\" href=\"https:\/\/alicanteturismo.com\/fr\/events\/astrotourism-and-stargazing-at-cabo-de-las-huertas-3\/?occurrence=2026-09-09\" target=\"_self\" rel=\"noopener\">Astrotourism and Stargazing at Cabo de las Huertas<\/a><\/h4><div class=\"mec-event-detail\">\r\n                        <div class=\"mec-event-loc-place\">Cabo de las Huertas, Alicante<\/div>\r\n                        \r\n                    <\/div><\/div><div style=\"clear:both\"><\/div><\/article><\/div><div class=\"mec-calendar-events-sec\" id=\"mec-calendar-events-sec-mec1-20260910\" data-mec-cell=\"20260910\" ><h6 class=\"mec-table-side-title\">\u00c9v\u00e9nements pour le <span class=\"mec-color mec-table-side-day\"> 10th<\/span> septembre<\/h6><article class=\"mec-event-article \"><div class=\"mec-event-image\"><img fetchpriority=\"high\" decoding=\"async\" width=\"300\" height=\"300\" src=\"https:\/\/alicanteturismo.com\/wp-content\/uploads\/2025\/02\/castillo-de-santa-barbara-2016-Alicante-ERN_6938-29-copia-300x300.jpg\" class=\"attachment-thumblist size-thumblist wp-post-image\" alt=\"\" data-mec-postid=\"296389\" \/><\/div><div class=\"mec-monthly-contents\" style=\"width: calc(100% - 85px)\"><div class=\"mec-event-time mec-color\"><i class=\"mec-sl-clock-o\"><\/i> Journ\u00e9e enti\u00e8re<\/div><h4 class=\"mec-event-title\"><a class=\"mec-color-hover\" data-event-id=\"296389\" href=\"https:\/\/alicanteturismo.com\/fr\/events\/exposicion-permanente-musa\/?occurrence=2026-09-10\" target=\"_self\" rel=\"noopener\">Exposici\u00f3n Permanente MUSA<\/a><span class=\"event-color\" style=\"background: #336dab\"><\/span><\/h4><div class=\"mec-event-detail\">\r\n                        <div class=\"mec-event-loc-place\">Ch\u00e2teau de Santa Barbara<\/div>\r\n                        \r\n                    <\/div><\/div><div style=\"clear:both\"><\/div><\/article><article class=\"mec-event-article \"><div class=\"mec-event-image\"><img decoding=\"async\" width=\"300\" height=\"300\" src=\"https:\/\/alicanteturismo.com\/wp-content\/uploads\/2025\/10\/Via-lactea-Isla-de-Tabarca-300x300.jpg\" class=\"attachment-thumblist size-thumblist wp-post-image\" alt=\"\" data-mec-postid=\"313076\" \/><\/div><div class=\"mec-monthly-contents\" style=\"width: calc(100% - 85px)\"><h4 class=\"mec-event-title\"><a class=\"mec-color-hover\" data-event-id=\"313076\" href=\"https:\/\/alicanteturismo.com\/fr\/events\/stargazing-on-tabarca-island\/?occurrence=2026-09-10&amp;time=1789027200\" target=\"_self\" rel=\"noopener\">Stargazing on Tabarca Island<\/a><\/h4><div class=\"mec-event-detail\">\r\n                        <div class=\"mec-event-loc-place\">Isla Tabarca<\/div>\r\n                        \r\n                    <\/div><\/div><div style=\"clear:both\"><\/div><\/article><article class=\"mec-event-article \"><div class=\"mec-event-image\"><img decoding=\"async\" width=\"300\" height=\"300\" src=\"https:\/\/alicanteturismo.com\/wp-content\/uploads\/2026\/02\/tabarca-boat-tour-300x300.jpg\" class=\"attachment-thumblist size-thumblist wp-post-image\" alt=\"\" data-mec-postid=\"317118\" \/><\/div><div class=\"mec-monthly-contents\" style=\"width: calc(100% - 85px)\"><h4 class=\"mec-event-title\"><a class=\"mec-color-hover\" data-event-id=\"317118\" href=\"https:\/\/alicanteturismo.com\/fr\/events\/tabarca-boat-tour\/?occurrence=2026-09-10\" target=\"_self\" rel=\"noopener\">Tabarca Boat Tour<\/a><span class=\"event-color\" style=\"background: #bfb417\"><\/span><\/h4><div class=\"mec-event-detail\">\r\n                        <div class=\"mec-event-loc-place\">Alicante<\/div>\r\n                        \r\n                    <\/div><\/div><div style=\"clear:both\"><\/div><\/article><article class=\"mec-event-article \"><div class=\"mec-event-image\"><img loading=\"lazy\" decoding=\"async\" width=\"300\" height=\"300\" src=\"https:\/\/alicanteturismo.com\/wp-content\/uploads\/2026\/02\/tabarca-boat-tour-300x300.jpg\" class=\"attachment-thumblist size-thumblist wp-post-image\" alt=\"\" data-mec-postid=\"317126\" \/><\/div><div class=\"mec-monthly-contents\" style=\"width: calc(100% - 85px)\"><h4 class=\"mec-event-title\"><a class=\"mec-color-hover\" data-event-id=\"317126\" href=\"https:\/\/www.alicanteboattours.com\/costa-boat-tour?occurrence=2026-09-10\" target=\"_self\" rel=\"noopener\">Costa Boat Tour<\/a><span class=\"event-color\" style=\"background: #00a0d2\"><\/span><\/h4><div class=\"mec-event-detail\">\r\n                        <div class=\"mec-event-loc-place\">Alicante Catamaran Aventurero<\/div>\r\n                        \r\n                    <\/div><\/div><div style=\"clear:both\"><\/div><\/article><article class=\"mec-event-article \"><div class=\"mec-event-image\"><img loading=\"lazy\" decoding=\"async\" width=\"300\" height=\"168\" src=\"https:\/\/alicanteturismo.com\/wp-content\/uploads\/2024\/05\/CABO-HUERTA-ALICANTE.jpg\" class=\"attachment-thumblist size-thumblist wp-post-image\" alt=\"\" data-mec-postid=\"317264\" \/><\/div><div class=\"mec-monthly-contents\" style=\"width: calc(100% - 85px)\"><div class=\"mec-event-time mec-color\"><i class=\"mec-sl-clock-o\"><\/i> 8h00 - 18h00<\/div><h4 class=\"mec-event-title\"><a class=\"mec-color-hover\" data-event-id=\"317264\" href=\"https:\/\/www.alicanteboattours.com\/bahia-boat-tour?occurrence=2026-09-10\" target=\"_self\" rel=\"noopener\">Bah\u00eda Boat Tour<\/a><span class=\"event-color\" style=\"background: #00a0d2\"><\/span><\/h4><div class=\"mec-event-detail\">\r\n                        <div class=\"mec-event-loc-place\">Alicante<\/div>\r\n                        \r\n                    <\/div><\/div><div style=\"clear:both\"><\/div><\/article><article class=\"mec-event-article \"><div class=\"mec-event-image\"><\/div><div class=\"mec-monthly-contents\" style=\"width: 100%\"><div class=\"mec-event-time mec-color\"><i class=\"mec-sl-clock-o\"><\/i> Journ\u00e9e enti\u00e8re<\/div><h4 class=\"mec-event-title\"><a class=\"mec-color-hover\" data-event-id=\"318219\" href=\"https:\/\/castillodesantabarbara.com\/en\/experience\/misterios-castillo\/?occurrence=2026-09-10\" target=\"_self\" rel=\"noopener\">Los Misterios del Castillo de Santa B\u00e1rbara: Visita Teatralizada Nocturna<\/a><\/h4><div class=\"mec-event-detail\">\r\n                        <div class=\"mec-event-loc-place\">Ch\u00e2teau de Santa Barbara<\/div>\r\n                        \r\n                    <\/div><\/div><div style=\"clear:both\"><\/div><\/article><article class=\"mec-event-article \"><div class=\"mec-event-image\"><img loading=\"lazy\" decoding=\"async\" width=\"300\" height=\"300\" src=\"https:\/\/alicanteturismo.com\/wp-content\/uploads\/2026\/05\/marq-expo-300x300.jpg\" class=\"attachment-thumblist size-thumblist wp-post-image\" alt=\"\" data-mec-postid=\"320214\" \/><\/div><div class=\"mec-monthly-contents\" style=\"width: calc(100% - 85px)\"><div class=\"mec-event-time mec-color\"><i class=\"mec-sl-clock-o\"><\/i> Journ\u00e9e enti\u00e8re<\/div><h4 class=\"mec-event-title\"><a class=\"mec-color-hover\" data-event-id=\"320214\" href=\"https:\/\/alicanteturismo.com\/fr\/events\/rituales-de-pastores-exposicion-en-el-marq-canibalismo-y-enterramientos-en-la-cova-de-randero\/?occurrence=2026-09-10\" target=\"_self\" rel=\"noopener\">Rituales de pastores. Exposici\u00f3n en el MARQ: Canibalismo y enterramientos en la Cova de Randero<\/a><span class=\"event-color\" style=\"background: #336dab\"><\/span><\/h4><div class=\"mec-event-detail\">\r\n                        <div class=\"mec-event-loc-place\"><\/div>\r\n                        \r\n                    <\/div><\/div><div style=\"clear:both\"><\/div><\/article><article class=\"mec-event-article \"><div class=\"mec-event-image\"><img loading=\"lazy\" decoding=\"async\" width=\"300\" height=\"300\" src=\"https:\/\/alicanteturismo.com\/wp-content\/uploads\/2026\/06\/d5ac5a84-ac33-061c-0536-2bbb1a525433-300x300.png\" class=\"attachment-thumblist size-thumblist wp-post-image\" alt=\"\" data-mec-postid=\"321036\" \/><\/div><div class=\"mec-monthly-contents\" style=\"width: calc(100% - 85px)\"><div class=\"mec-event-time mec-color\"><i class=\"mec-sl-clock-o\"><\/i> Journ\u00e9e enti\u00e8re<\/div><h4 class=\"mec-event-title\"><a class=\"mec-color-hover\" data-event-id=\"321036\" href=\"https:\/\/alicanteturismo.com\/fr\/events\/exposition-de-par-en-par-a-la-fondation-mediterranee\/?occurrence=2026-09-10\" target=\"_self\" rel=\"noopener\">Exposition \u00ab\u00a0De par en par\u00a0\u00bb \u00e0 la Fondation M\u00e9diterran\u00e9e<\/a><span class=\"event-color\" style=\"background: #1e73be\"><\/span><\/h4><div class=\"mec-event-detail\">\r\n                        <div class=\"mec-event-loc-place\">Salle d&#039;exposition<\/div>\r\n                        \r\n                    <\/div><\/div><div style=\"clear:both\"><\/div><\/article><article class=\"mec-event-article \"><div class=\"mec-event-image\"><img loading=\"lazy\" decoding=\"async\" width=\"300\" height=\"300\" src=\"https:\/\/alicanteturismo.com\/wp-content\/uploads\/2026\/07\/descargar-1-300x300.png\" class=\"attachment-thumblist size-thumblist wp-post-image\" alt=\"\" data-mec-postid=\"321395\" \/><\/div><div class=\"mec-monthly-contents\" style=\"width: calc(100% - 85px)\"><div class=\"mec-event-time mec-color\"><i class=\"mec-sl-clock-o\"><\/i> Journ\u00e9e enti\u00e8re<\/div><h4 class=\"mec-event-title\"><a class=\"mec-color-hover\" data-event-id=\"321395\" href=\"https:\/\/alicanteturismo.com\/fr\/events\/exposition-lor-et-lunivers-savoirs-autochtones-de-colombie-au-marq\/?occurrence=2026-09-10\" target=\"_self\" rel=\"noopener\">Exposition \u00ab L&rsquo;OR ET L&rsquo;UNIVERS. Savoirs autochtones de Colombie \u00bb au MARQ<\/a><span class=\"event-color\" style=\"background: #dd9933\"><\/span><\/h4><div class=\"mec-event-detail\">\r\n                        <div class=\"mec-event-loc-place\"><\/div>\r\n                        \r\n                    <\/div><\/div><div style=\"clear:both\"><\/div><\/article><article class=\"mec-event-article \"><div class=\"mec-event-image\"><img loading=\"lazy\" decoding=\"async\" width=\"300\" height=\"300\" src=\"https:\/\/alicanteturismo.com\/wp-content\/uploads\/2026\/08\/descargar-1-300x300.png\" class=\"attachment-thumblist size-thumblist wp-post-image\" alt=\"\" data-mec-postid=\"322070\" \/><\/div><div class=\"mec-monthly-contents\" style=\"width: calc(100% - 85px)\"><h4 class=\"mec-event-title\"><a class=\"mec-color-hover\" data-event-id=\"322070\" href=\"https:\/\/alicanteturismo.com\/fr\/events\/visites-guidees-des-abris-anti-aeriens-et-du-centre-dinterpretation-de-la-guerre-civile\/?occurrence=2026-09-10\" target=\"_self\" rel=\"noopener\">Visites guid\u00e9es des abris anti-a\u00e9riens et du centre d&rsquo;interpr\u00e9tation de la guerre civile<\/a><span class=\"event-color\" style=\"background: #1e73be\"><\/span><\/h4><div class=\"mec-event-detail\">\r\n                        <div class=\"mec-event-loc-place\"><\/div>\r\n                        \r\n                    <\/div><\/div><div style=\"clear:both\"><\/div><\/article><article class=\"mec-event-article \"><div class=\"mec-event-image\"><img loading=\"lazy\" decoding=\"async\" width=\"300\" height=\"300\" src=\"https:\/\/alicanteturismo.com\/wp-content\/uploads\/2025\/02\/MA07110494-300x300.jpg\" class=\"attachment-thumblist size-thumblist wp-post-image\" alt=\"\" data-mec-postid=\"296395\" \/><\/div><div class=\"mec-monthly-contents\" style=\"width: calc(100% - 85px)\"><div class=\"mec-event-time mec-color\"><i class=\"mec-sl-clock-o\"><\/i> 10h00<\/div><h4 class=\"mec-event-title\"><a class=\"mec-color-hover\" data-event-id=\"296395\" href=\"https:\/\/alicanteturismo.com\/fr\/events\/exposicion-permanente-marq\/?occurrence=2026-09-10\" target=\"_self\" rel=\"noopener\">Exposici\u00f3n Permanente MARQ<\/a><span class=\"event-color\" style=\"background: #336dab\"><\/span><\/h4><div class=\"mec-event-detail\">\r\n                        <div class=\"mec-event-loc-place\">Museo Arqueol\u00f3gico de Alicante (MARQ)<\/div>\r\n                        \r\n                    <\/div><\/div><div style=\"clear:both\"><\/div><\/article><article class=\"mec-event-article \"><div class=\"mec-event-image\"><img loading=\"lazy\" decoding=\"async\" width=\"300\" height=\"300\" src=\"https:\/\/alicanteturismo.com\/wp-content\/uploads\/2025\/02\/mubag_diputacion_alicante-5-300x300.webp\" class=\"attachment-thumblist size-thumblist wp-post-image\" alt=\"\" data-mec-postid=\"296402\" \/><\/div><div class=\"mec-monthly-contents\" style=\"width: calc(100% - 85px)\"><div class=\"mec-event-time mec-color\"><i class=\"mec-sl-clock-o\"><\/i> 10h00<\/div><h4 class=\"mec-event-title\"><a class=\"mec-color-hover\" data-event-id=\"296402\" href=\"https:\/\/alicanteturismo.com\/fr\/events\/exposicion-permanente-en-el-mubag-el-siglo-xix-coleccion-a-la-luz\/?occurrence=2026-09-10\" target=\"_self\" rel=\"noopener\">Exposici\u00f3n Permanente en el MUBAG. El siglo XIX. Colecci\u00f3n a la Luz<\/a><span class=\"event-color\" style=\"background: #336dab\"><\/span><\/h4><div class=\"mec-event-detail\">\r\n                        <div class=\"mec-event-loc-place\">Museo de Bellas Artes Gravina (MUBAG)<\/div>\r\n                        \r\n                    <\/div><\/div><div style=\"clear:both\"><\/div><\/article><article class=\"mec-event-article \"><div class=\"mec-event-image\"><img loading=\"lazy\" decoding=\"async\" width=\"300\" height=\"300\" src=\"https:\/\/alicanteturismo.com\/wp-content\/uploads\/2025\/02\/maca-museo-rotated-1-300x300.webp\" class=\"attachment-thumblist size-thumblist wp-post-image\" alt=\"\" data-mec-postid=\"296408\" \/><\/div><div class=\"mec-monthly-contents\" style=\"width: calc(100% - 85px)\"><div class=\"mec-event-time mec-color\"><i class=\"mec-sl-clock-o\"><\/i> 10h00<\/div><h4 class=\"mec-event-title\"><a class=\"mec-color-hover\" data-event-id=\"296408\" href=\"https:\/\/alicanteturismo.com\/fr\/events\/exposicion-permanente-maca\/?occurrence=2026-09-10\" target=\"_self\" rel=\"noopener\">Exposici\u00f3n Permanente MACA<\/a><span class=\"event-color\" style=\"background: #336dab\"><\/span><\/h4><div class=\"mec-event-detail\">\r\n                        <div class=\"mec-event-loc-place\">Contemporary Art Museum of Alicante (MACA)<\/div>\r\n                        \r\n                    <\/div><\/div><div style=\"clear:both\"><\/div><\/article><article class=\"mec-event-article \"><div class=\"mec-event-image\"><img loading=\"lazy\" decoding=\"async\" width=\"300\" height=\"300\" src=\"https:\/\/alicanteturismo.com\/wp-content\/uploads\/2026\/06\/image-expo-300x300.png\" class=\"attachment-thumblist size-thumblist wp-post-image\" alt=\"\" data-mec-postid=\"321070\" \/><\/div><div class=\"mec-monthly-contents\" style=\"width: calc(100% - 85px)\"><div class=\"mec-event-time mec-color\"><i class=\"mec-sl-clock-o\"><\/i> 10h00 - 20h00<\/div><h4 class=\"mec-event-title\"><a class=\"mec-color-hover\" data-event-id=\"321070\" href=\"https:\/\/alicanteturismo.com\/fr\/events\/exposition-temporaire-del-color-en-el-arte-coloramas-au-maca\/?occurrence=2026-09-10\" target=\"_self\" rel=\"noopener\">Exposition temporaire : \u00ab\u00a0Del color en el arte (Coloramas)\u00a0\u00bb au MACA<\/a><span class=\"event-color\" style=\"background: #dd9933\"><\/span><\/h4><div class=\"mec-event-detail\">\r\n                        <div class=\"mec-event-loc-place\">Contemporary Art Museum of Alicante (MACA)<\/div>\r\n                        \r\n                    <\/div><\/div><div style=\"clear:both\"><\/div><\/article><article class=\"mec-event-article \"><div class=\"mec-event-image\"><img loading=\"lazy\" decoding=\"async\" width=\"300\" height=\"300\" src=\"https:\/\/alicanteturismo.com\/wp-content\/uploads\/2026\/07\/descargar-2-300x300.png\" class=\"attachment-thumblist size-thumblist wp-post-image\" alt=\"\" data-mec-postid=\"321763\" \/><\/div><div class=\"mec-monthly-contents\" style=\"width: calc(100% - 85px)\"><div class=\"mec-event-time mec-color\"><i class=\"mec-sl-clock-o\"><\/i> 10h00 - 21h30<\/div><h4 class=\"mec-event-title\"><a class=\"mec-color-hover\" data-event-id=\"321763\" href=\"https:\/\/alicanteturismo.com\/fr\/events\/exposicion-la-firmeza-de-un-instante-de-jesus-madrinan-en-las-cigarreras\/?occurrence=2026-09-10\" target=\"_self\" rel=\"noopener\">Exposici\u00f3n \u201cLa firmeza de un instante\u201d de Jes\u00fas Madri\u00f1\u00e1n en Las Cigarreras<\/a><span class=\"event-color\" style=\"background: #336dab\"><\/span><\/h4><div class=\"mec-event-detail\">\r\n                        <div class=\"mec-event-loc-place\">Centre culturel Las Cigarreras<\/div>\r\n                        \r\n                    <\/div><\/div><div style=\"clear:both\"><\/div><\/article><article class=\"mec-event-article \"><div class=\"mec-event-image\"><img loading=\"lazy\" decoding=\"async\" width=\"300\" height=\"300\" src=\"https:\/\/alicanteturismo.com\/wp-content\/uploads\/2025\/02\/Yacimiento-arqueologico-Lucentum.Lucentum-archaeological-remains-copia2-300x300.jpg\" class=\"attachment-thumblist size-thumblist wp-post-image\" alt=\"\" data-mec-postid=\"296353\" \/><\/div><div class=\"mec-monthly-contents\" style=\"width: calc(100% - 85px)\"><div class=\"mec-event-time mec-color\"><i class=\"mec-sl-clock-o\"><\/i> 10h30<\/div><h4 class=\"mec-event-title\"><a class=\"mec-color-hover\" data-event-id=\"296353\" href=\"https:\/\/alicanteturismo.com\/fr\/events\/visita-guiada-al-yacimiento-arqueologico-lucentum\/?occurrence=2026-09-10\" target=\"_self\" rel=\"noopener\">Visita guiada al yacimiento arqueol\u00f3gico Lucentum<\/a><span class=\"event-color\" style=\"background: #dd823b\"><\/span><\/h4><div class=\"mec-event-detail\">\r\n                        <div class=\"mec-event-loc-place\">Lucentum Tossal de Manises<\/div>\r\n                        \r\n                    <\/div><\/div><div style=\"clear:both\"><\/div><\/article><article class=\"mec-event-article \"><div class=\"mec-event-image\"><img loading=\"lazy\" decoding=\"async\" width=\"300\" height=\"300\" src=\"https:\/\/alicanteturismo.com\/wp-content\/uploads\/2025\/10\/Astroturismo-1-1-300x300.jpg\" class=\"attachment-thumblist size-thumblist wp-post-image\" alt=\"\" data-mec-postid=\"313302\" \/><\/div><div class=\"mec-monthly-contents\" style=\"width: calc(100% - 85px)\"><div class=\"mec-event-time mec-color\"><i class=\"mec-sl-clock-o\"><\/i> 20h30 - 23h30<\/div><h4 class=\"mec-event-title\"><a class=\"mec-color-hover\" data-event-id=\"313302\" href=\"https:\/\/alicanteturismo.com\/fr\/events\/astrotourism-and-stargazing-at-cabo-de-las-huertas-3\/?occurrence=2026-09-10\" target=\"_self\" rel=\"noopener\">Astrotourism and Stargazing at Cabo de las Huertas<\/a><\/h4><div class=\"mec-event-detail\">\r\n                        <div class=\"mec-event-loc-place\">Cabo de las Huertas, Alicante<\/div>\r\n                        \r\n                    <\/div><\/div><div style=\"clear:both\"><\/div><\/article><\/div><div class=\"mec-calendar-events-sec\" id=\"mec-calendar-events-sec-mec1-20260911\" data-mec-cell=\"20260911\" ><h6 class=\"mec-table-side-title\">\u00c9v\u00e9nements pour le <span class=\"mec-color mec-table-side-day\"> 11th<\/span> septembre<\/h6><article class=\"mec-event-article \"><div class=\"mec-event-image\"><img fetchpriority=\"high\" decoding=\"async\" width=\"300\" height=\"300\" src=\"https:\/\/alicanteturismo.com\/wp-content\/uploads\/2025\/02\/castillo-de-santa-barbara-2016-Alicante-ERN_6938-29-copia-300x300.jpg\" class=\"attachment-thumblist size-thumblist wp-post-image\" alt=\"\" data-mec-postid=\"296389\" \/><\/div><div class=\"mec-monthly-contents\" style=\"width: calc(100% - 85px)\"><div class=\"mec-event-time mec-color\"><i class=\"mec-sl-clock-o\"><\/i> Journ\u00e9e enti\u00e8re<\/div><h4 class=\"mec-event-title\"><a class=\"mec-color-hover\" data-event-id=\"296389\" href=\"https:\/\/alicanteturismo.com\/fr\/events\/exposicion-permanente-musa\/?occurrence=2026-09-11\" target=\"_self\" rel=\"noopener\">Exposici\u00f3n Permanente MUSA<\/a><span class=\"event-color\" style=\"background: #336dab\"><\/span><\/h4><div class=\"mec-event-detail\">\r\n                        <div class=\"mec-event-loc-place\">Ch\u00e2teau de Santa Barbara<\/div>\r\n                        \r\n                    <\/div><\/div><div style=\"clear:both\"><\/div><\/article><article class=\"mec-event-article \"><div class=\"mec-event-image\"><img decoding=\"async\" width=\"300\" height=\"300\" src=\"https:\/\/alicanteturismo.com\/wp-content\/uploads\/2025\/10\/Via-lactea-Isla-de-Tabarca-300x300.jpg\" class=\"attachment-thumblist size-thumblist wp-post-image\" alt=\"\" data-mec-postid=\"313076\" \/><\/div><div class=\"mec-monthly-contents\" style=\"width: calc(100% - 85px)\"><h4 class=\"mec-event-title\"><a class=\"mec-color-hover\" data-event-id=\"313076\" href=\"https:\/\/alicanteturismo.com\/fr\/events\/stargazing-on-tabarca-island\/?occurrence=2026-09-11&amp;time=1789113600\" target=\"_self\" rel=\"noopener\">Stargazing on Tabarca Island<\/a><\/h4><div class=\"mec-event-detail\">\r\n                        <div class=\"mec-event-loc-place\">Isla Tabarca<\/div>\r\n                        \r\n                    <\/div><\/div><div style=\"clear:both\"><\/div><\/article><article class=\"mec-event-article \"><div class=\"mec-event-image\"><img decoding=\"async\" width=\"300\" height=\"300\" src=\"https:\/\/alicanteturismo.com\/wp-content\/uploads\/2026\/02\/tabarca-boat-tour-300x300.jpg\" class=\"attachment-thumblist size-thumblist wp-post-image\" alt=\"\" data-mec-postid=\"317118\" \/><\/div><div class=\"mec-monthly-contents\" style=\"width: calc(100% - 85px)\"><h4 class=\"mec-event-title\"><a class=\"mec-color-hover\" data-event-id=\"317118\" href=\"https:\/\/alicanteturismo.com\/fr\/events\/tabarca-boat-tour\/?occurrence=2026-09-11\" target=\"_self\" rel=\"noopener\">Tabarca Boat Tour<\/a><span class=\"event-color\" style=\"background: #bfb417\"><\/span><\/h4><div class=\"mec-event-detail\">\r\n                        <div class=\"mec-event-loc-place\">Alicante<\/div>\r\n                        \r\n                    <\/div><\/div><div style=\"clear:both\"><\/div><\/article><article class=\"mec-event-article \"><div class=\"mec-event-image\"><img loading=\"lazy\" decoding=\"async\" width=\"300\" height=\"300\" src=\"https:\/\/alicanteturismo.com\/wp-content\/uploads\/2026\/02\/tabarca-boat-tour-300x300.jpg\" class=\"attachment-thumblist size-thumblist wp-post-image\" alt=\"\" data-mec-postid=\"317126\" \/><\/div><div class=\"mec-monthly-contents\" style=\"width: calc(100% - 85px)\"><h4 class=\"mec-event-title\"><a class=\"mec-color-hover\" data-event-id=\"317126\" href=\"https:\/\/www.alicanteboattours.com\/costa-boat-tour?occurrence=2026-09-11\" target=\"_self\" rel=\"noopener\">Costa Boat Tour<\/a><span class=\"event-color\" style=\"background: #00a0d2\"><\/span><\/h4><div class=\"mec-event-detail\">\r\n                        <div class=\"mec-event-loc-place\">Alicante Catamaran Aventurero<\/div>\r\n                        \r\n                    <\/div><\/div><div style=\"clear:both\"><\/div><\/article><article class=\"mec-event-article \"><div class=\"mec-event-image\"><img loading=\"lazy\" decoding=\"async\" width=\"300\" height=\"168\" src=\"https:\/\/alicanteturismo.com\/wp-content\/uploads\/2024\/05\/CABO-HUERTA-ALICANTE.jpg\" class=\"attachment-thumblist size-thumblist wp-post-image\" alt=\"\" data-mec-postid=\"317264\" \/><\/div><div class=\"mec-monthly-contents\" style=\"width: calc(100% - 85px)\"><div class=\"mec-event-time mec-color\"><i class=\"mec-sl-clock-o\"><\/i> 8h00 - 18h00<\/div><h4 class=\"mec-event-title\"><a class=\"mec-color-hover\" data-event-id=\"317264\" href=\"https:\/\/www.alicanteboattours.com\/bahia-boat-tour?occurrence=2026-09-11\" target=\"_self\" rel=\"noopener\">Bah\u00eda Boat Tour<\/a><span class=\"event-color\" style=\"background: #00a0d2\"><\/span><\/h4><div class=\"mec-event-detail\">\r\n                        <div class=\"mec-event-loc-place\">Alicante<\/div>\r\n                        \r\n                    <\/div><\/div><div style=\"clear:both\"><\/div><\/article><article class=\"mec-event-article \"><div class=\"mec-event-image\"><\/div><div class=\"mec-monthly-contents\" style=\"width: 100%\"><div class=\"mec-event-time mec-color\"><i class=\"mec-sl-clock-o\"><\/i> Journ\u00e9e enti\u00e8re<\/div><h4 class=\"mec-event-title\"><a class=\"mec-color-hover\" data-event-id=\"318219\" href=\"https:\/\/castillodesantabarbara.com\/en\/experience\/misterios-castillo\/?occurrence=2026-09-11\" target=\"_self\" rel=\"noopener\">Los Misterios del Castillo de Santa B\u00e1rbara: Visita Teatralizada Nocturna<\/a><\/h4><div class=\"mec-event-detail\">\r\n                        <div class=\"mec-event-loc-place\">Ch\u00e2teau de Santa Barbara<\/div>\r\n                        \r\n                    <\/div><\/div><div style=\"clear:both\"><\/div><\/article><article class=\"mec-event-article \"><div class=\"mec-event-image\"><img loading=\"lazy\" decoding=\"async\" width=\"300\" height=\"300\" src=\"https:\/\/alicanteturismo.com\/wp-content\/uploads\/2026\/05\/marq-expo-300x300.jpg\" class=\"attachment-thumblist size-thumblist wp-post-image\" alt=\"\" data-mec-postid=\"320214\" \/><\/div><div class=\"mec-monthly-contents\" style=\"width: calc(100% - 85px)\"><div class=\"mec-event-time mec-color\"><i class=\"mec-sl-clock-o\"><\/i> Journ\u00e9e enti\u00e8re<\/div><h4 class=\"mec-event-title\"><a class=\"mec-color-hover\" data-event-id=\"320214\" href=\"https:\/\/alicanteturismo.com\/fr\/events\/rituales-de-pastores-exposicion-en-el-marq-canibalismo-y-enterramientos-en-la-cova-de-randero\/?occurrence=2026-09-11\" target=\"_self\" rel=\"noopener\">Rituales de pastores. Exposici\u00f3n en el MARQ: Canibalismo y enterramientos en la Cova de Randero<\/a><span class=\"event-color\" style=\"background: #336dab\"><\/span><\/h4><div class=\"mec-event-detail\">\r\n                        <div class=\"mec-event-loc-place\"><\/div>\r\n                        \r\n                    <\/div><\/div><div style=\"clear:both\"><\/div><\/article><article class=\"mec-event-article \"><div class=\"mec-event-image\"><img loading=\"lazy\" decoding=\"async\" width=\"300\" height=\"300\" src=\"https:\/\/alicanteturismo.com\/wp-content\/uploads\/2026\/06\/d5ac5a84-ac33-061c-0536-2bbb1a525433-300x300.png\" class=\"attachment-thumblist size-thumblist wp-post-image\" alt=\"\" data-mec-postid=\"321036\" \/><\/div><div class=\"mec-monthly-contents\" style=\"width: calc(100% - 85px)\"><div class=\"mec-event-time mec-color\"><i class=\"mec-sl-clock-o\"><\/i> Journ\u00e9e enti\u00e8re<\/div><h4 class=\"mec-event-title\"><a class=\"mec-color-hover\" data-event-id=\"321036\" href=\"https:\/\/alicanteturismo.com\/fr\/events\/exposition-de-par-en-par-a-la-fondation-mediterranee\/?occurrence=2026-09-11\" target=\"_self\" rel=\"noopener\">Exposition \u00ab\u00a0De par en par\u00a0\u00bb \u00e0 la Fondation M\u00e9diterran\u00e9e<\/a><span class=\"event-color\" style=\"background: #1e73be\"><\/span><\/h4><div class=\"mec-event-detail\">\r\n                        <div class=\"mec-event-loc-place\">Salle d&#039;exposition<\/div>\r\n                        \r\n                    <\/div><\/div><div style=\"clear:both\"><\/div><\/article><article class=\"mec-event-article \"><div class=\"mec-event-image\"><img loading=\"lazy\" decoding=\"async\" width=\"300\" height=\"300\" src=\"https:\/\/alicanteturismo.com\/wp-content\/uploads\/2026\/07\/descargar-1-300x300.png\" class=\"attachment-thumblist size-thumblist wp-post-image\" alt=\"\" data-mec-postid=\"321395\" \/><\/div><div class=\"mec-monthly-contents\" style=\"width: calc(100% - 85px)\"><div class=\"mec-event-time mec-color\"><i class=\"mec-sl-clock-o\"><\/i> Journ\u00e9e enti\u00e8re<\/div><h4 class=\"mec-event-title\"><a class=\"mec-color-hover\" data-event-id=\"321395\" href=\"https:\/\/alicanteturismo.com\/fr\/events\/exposition-lor-et-lunivers-savoirs-autochtones-de-colombie-au-marq\/?occurrence=2026-09-11\" target=\"_self\" rel=\"noopener\">Exposition \u00ab L&rsquo;OR ET L&rsquo;UNIVERS. Savoirs autochtones de Colombie \u00bb au MARQ<\/a><span class=\"event-color\" style=\"background: #dd9933\"><\/span><\/h4><div class=\"mec-event-detail\">\r\n                        <div class=\"mec-event-loc-place\"><\/div>\r\n                        \r\n                    <\/div><\/div><div style=\"clear:both\"><\/div><\/article><article class=\"mec-event-article \"><div class=\"mec-event-image\"><img loading=\"lazy\" decoding=\"async\" width=\"300\" height=\"300\" src=\"https:\/\/alicanteturismo.com\/wp-content\/uploads\/2026\/08\/descargar-1-300x300.png\" class=\"attachment-thumblist size-thumblist wp-post-image\" alt=\"\" data-mec-postid=\"322070\" \/><\/div><div class=\"mec-monthly-contents\" style=\"width: calc(100% - 85px)\"><h4 class=\"mec-event-title\"><a class=\"mec-color-hover\" data-event-id=\"322070\" href=\"https:\/\/alicanteturismo.com\/fr\/events\/visites-guidees-des-abris-anti-aeriens-et-du-centre-dinterpretation-de-la-guerre-civile\/?occurrence=2026-09-11\" target=\"_self\" rel=\"noopener\">Visites guid\u00e9es des abris anti-a\u00e9riens et du centre d&rsquo;interpr\u00e9tation de la guerre civile<\/a><span class=\"event-color\" style=\"background: #1e73be\"><\/span><\/h4><div class=\"mec-event-detail\">\r\n                        <div class=\"mec-event-loc-place\"><\/div>\r\n                        \r\n                    <\/div><\/div><div style=\"clear:both\"><\/div><\/article><article class=\"mec-event-article \"><div class=\"mec-event-image\"><img loading=\"lazy\" decoding=\"async\" width=\"300\" height=\"300\" src=\"https:\/\/alicanteturismo.com\/wp-content\/uploads\/2025\/02\/MA07110494-300x300.jpg\" class=\"attachment-thumblist size-thumblist wp-post-image\" alt=\"\" data-mec-postid=\"296395\" \/><\/div><div class=\"mec-monthly-contents\" style=\"width: calc(100% - 85px)\"><div class=\"mec-event-time mec-color\"><i class=\"mec-sl-clock-o\"><\/i> 10h00<\/div><h4 class=\"mec-event-title\"><a class=\"mec-color-hover\" data-event-id=\"296395\" href=\"https:\/\/alicanteturismo.com\/fr\/events\/exposicion-permanente-marq\/?occurrence=2026-09-11\" target=\"_self\" rel=\"noopener\">Exposici\u00f3n Permanente MARQ<\/a><span class=\"event-color\" style=\"background: #336dab\"><\/span><\/h4><div class=\"mec-event-detail\">\r\n                        <div class=\"mec-event-loc-place\">Museo Arqueol\u00f3gico de Alicante (MARQ)<\/div>\r\n                        \r\n                    <\/div><\/div><div style=\"clear:both\"><\/div><\/article><article class=\"mec-event-article \"><div class=\"mec-event-image\"><img loading=\"lazy\" decoding=\"async\" width=\"300\" height=\"300\" src=\"https:\/\/alicanteturismo.com\/wp-content\/uploads\/2025\/02\/mubag_diputacion_alicante-5-300x300.webp\" class=\"attachment-thumblist size-thumblist wp-post-image\" alt=\"\" data-mec-postid=\"296402\" \/><\/div><div class=\"mec-monthly-contents\" style=\"width: calc(100% - 85px)\"><div class=\"mec-event-time mec-color\"><i class=\"mec-sl-clock-o\"><\/i> 10h00<\/div><h4 class=\"mec-event-title\"><a class=\"mec-color-hover\" data-event-id=\"296402\" href=\"https:\/\/alicanteturismo.com\/fr\/events\/exposicion-permanente-en-el-mubag-el-siglo-xix-coleccion-a-la-luz\/?occurrence=2026-09-11\" target=\"_self\" rel=\"noopener\">Exposici\u00f3n Permanente en el MUBAG. El siglo XIX. Colecci\u00f3n a la Luz<\/a><span class=\"event-color\" style=\"background: #336dab\"><\/span><\/h4><div class=\"mec-event-detail\">\r\n                        <div class=\"mec-event-loc-place\">Museo de Bellas Artes Gravina (MUBAG)<\/div>\r\n                        \r\n                    <\/div><\/div><div style=\"clear:both\"><\/div><\/article><article class=\"mec-event-article \"><div class=\"mec-event-image\"><img loading=\"lazy\" decoding=\"async\" width=\"300\" height=\"300\" src=\"https:\/\/alicanteturismo.com\/wp-content\/uploads\/2025\/02\/maca-museo-rotated-1-300x300.webp\" class=\"attachment-thumblist size-thumblist wp-post-image\" alt=\"\" data-mec-postid=\"296408\" \/><\/div><div class=\"mec-monthly-contents\" style=\"width: calc(100% - 85px)\"><div class=\"mec-event-time mec-color\"><i class=\"mec-sl-clock-o\"><\/i> 10h00<\/div><h4 class=\"mec-event-title\"><a class=\"mec-color-hover\" data-event-id=\"296408\" href=\"https:\/\/alicanteturismo.com\/fr\/events\/exposicion-permanente-maca\/?occurrence=2026-09-11\" target=\"_self\" rel=\"noopener\">Exposici\u00f3n Permanente MACA<\/a><span class=\"event-color\" style=\"background: #336dab\"><\/span><\/h4><div class=\"mec-event-detail\">\r\n                        <div class=\"mec-event-loc-place\">Contemporary Art Museum of Alicante (MACA)<\/div>\r\n                        \r\n                    <\/div><\/div><div style=\"clear:both\"><\/div><\/article><article class=\"mec-event-article \"><div class=\"mec-event-image\"><img loading=\"lazy\" decoding=\"async\" width=\"300\" height=\"300\" src=\"https:\/\/alicanteturismo.com\/wp-content\/uploads\/2026\/06\/image-expo-300x300.png\" class=\"attachment-thumblist size-thumblist wp-post-image\" alt=\"\" data-mec-postid=\"321070\" \/><\/div><div class=\"mec-monthly-contents\" style=\"width: calc(100% - 85px)\"><div class=\"mec-event-time mec-color\"><i class=\"mec-sl-clock-o\"><\/i> 10h00 - 20h00<\/div><h4 class=\"mec-event-title\"><a class=\"mec-color-hover\" data-event-id=\"321070\" href=\"https:\/\/alicanteturismo.com\/fr\/events\/exposition-temporaire-del-color-en-el-arte-coloramas-au-maca\/?occurrence=2026-09-11\" target=\"_self\" rel=\"noopener\">Exposition temporaire : \u00ab\u00a0Del color en el arte (Coloramas)\u00a0\u00bb au MACA<\/a><span class=\"event-color\" style=\"background: #dd9933\"><\/span><\/h4><div class=\"mec-event-detail\">\r\n                        <div class=\"mec-event-loc-place\">Contemporary Art Museum of Alicante (MACA)<\/div>\r\n                        \r\n                    <\/div><\/div><div style=\"clear:both\"><\/div><\/article><article class=\"mec-event-article \"><div class=\"mec-event-image\"><img loading=\"lazy\" decoding=\"async\" width=\"300\" height=\"300\" src=\"https:\/\/alicanteturismo.com\/wp-content\/uploads\/2026\/07\/descargar-2-300x300.png\" class=\"attachment-thumblist size-thumblist wp-post-image\" alt=\"\" data-mec-postid=\"321763\" \/><\/div><div class=\"mec-monthly-contents\" style=\"width: calc(100% - 85px)\"><div class=\"mec-event-time mec-color\"><i class=\"mec-sl-clock-o\"><\/i> 10h00 - 21h30<\/div><h4 class=\"mec-event-title\"><a class=\"mec-color-hover\" data-event-id=\"321763\" href=\"https:\/\/alicanteturismo.com\/fr\/events\/exposicion-la-firmeza-de-un-instante-de-jesus-madrinan-en-las-cigarreras\/?occurrence=2026-09-11\" target=\"_self\" rel=\"noopener\">Exposici\u00f3n \u201cLa firmeza de un instante\u201d de Jes\u00fas Madri\u00f1\u00e1n en Las Cigarreras<\/a><span class=\"event-color\" style=\"background: #336dab\"><\/span><\/h4><div class=\"mec-event-detail\">\r\n                        <div class=\"mec-event-loc-place\">Centre culturel Las Cigarreras<\/div>\r\n                        \r\n                    <\/div><\/div><div style=\"clear:both\"><\/div><\/article><article class=\"mec-event-article \"><div class=\"mec-event-image\"><img loading=\"lazy\" decoding=\"async\" width=\"300\" height=\"300\" src=\"https:\/\/alicanteturismo.com\/wp-content\/uploads\/2025\/02\/Yacimiento-arqueologico-Lucentum.Lucentum-archaeological-remains-copia2-300x300.jpg\" class=\"attachment-thumblist size-thumblist wp-post-image\" alt=\"\" data-mec-postid=\"296353\" \/><\/div><div class=\"mec-monthly-contents\" style=\"width: calc(100% - 85px)\"><div class=\"mec-event-time mec-color\"><i class=\"mec-sl-clock-o\"><\/i> 10h30<\/div><h4 class=\"mec-event-title\"><a class=\"mec-color-hover\" data-event-id=\"296353\" href=\"https:\/\/alicanteturismo.com\/fr\/events\/visita-guiada-al-yacimiento-arqueologico-lucentum\/?occurrence=2026-09-11\" target=\"_self\" rel=\"noopener\">Visita guiada al yacimiento arqueol\u00f3gico Lucentum<\/a><span class=\"event-color\" style=\"background: #dd823b\"><\/span><\/h4><div class=\"mec-event-detail\">\r\n                        <div class=\"mec-event-loc-place\">Lucentum Tossal de Manises<\/div>\r\n                        \r\n                    <\/div><\/div><div style=\"clear:both\"><\/div><\/article><article class=\"mec-event-article \"><div class=\"mec-event-image\"><img loading=\"lazy\" decoding=\"async\" width=\"300\" height=\"300\" src=\"https:\/\/alicanteturismo.com\/wp-content\/uploads\/2026\/08\/descargar-3-300x300.png\" class=\"attachment-thumblist size-thumblist wp-post-image\" alt=\"\" data-mec-postid=\"322379\" \/><\/div><div class=\"mec-monthly-contents\" style=\"width: calc(100% - 85px)\"><div class=\"mec-event-time mec-color\"><i class=\"mec-sl-clock-o\"><\/i> 20h00<\/div><h4 class=\"mec-event-title\"><a class=\"mec-color-hover\" data-event-id=\"322379\" href=\"https:\/\/alicanteturismo.com\/fr\/events\/vanesa-martin-casa-mia-tour-2026-en-el-muelle-live\/?occurrence=2026-09-11\" target=\"_self\" rel=\"noopener\">Vanesa Mart\u00edn &#8211; Casa M\u00eda Tour 2026 en El Muelle Live<\/a><span class=\"event-color\" style=\"background: #336dab\"><\/span><\/h4><div class=\"mec-event-detail\">\r\n                        <div class=\"mec-event-loc-place\">El Muelle Live<\/div>\r\n                        \r\n                    <\/div><\/div><div style=\"clear:both\"><\/div><\/article><article class=\"mec-event-article \"><div class=\"mec-event-image\"><img loading=\"lazy\" decoding=\"async\" width=\"300\" height=\"300\" src=\"https:\/\/alicanteturismo.com\/wp-content\/uploads\/2025\/10\/Astroturismo-1-1-300x300.jpg\" class=\"attachment-thumblist size-thumblist wp-post-image\" alt=\"\" data-mec-postid=\"313302\" \/><\/div><div class=\"mec-monthly-contents\" style=\"width: calc(100% - 85px)\"><div class=\"mec-event-time mec-color\"><i class=\"mec-sl-clock-o\"><\/i> 20h30 - 23h30<\/div><h4 class=\"mec-event-title\"><a class=\"mec-color-hover\" data-event-id=\"313302\" href=\"https:\/\/alicanteturismo.com\/fr\/events\/astrotourism-and-stargazing-at-cabo-de-las-huertas-3\/?occurrence=2026-09-11\" target=\"_self\" rel=\"noopener\">Astrotourism and Stargazing at Cabo de las Huertas<\/a><\/h4><div class=\"mec-event-detail\">\r\n                        <div class=\"mec-event-loc-place\">Cabo de las Huertas, Alicante<\/div>\r\n                        \r\n                    <\/div><\/div><div style=\"clear:both\"><\/div><\/article><\/div><div class=\"mec-calendar-events-sec\" id=\"mec-calendar-events-sec-mec1-20260912\" data-mec-cell=\"20260912\" ><h6 class=\"mec-table-side-title\">\u00c9v\u00e9nements pour le <span class=\"mec-color mec-table-side-day\"> 12th<\/span> septembre<\/h6><article class=\"mec-event-article \"><div class=\"mec-event-image\"><img fetchpriority=\"high\" decoding=\"async\" width=\"300\" height=\"300\" src=\"https:\/\/alicanteturismo.com\/wp-content\/uploads\/2025\/02\/castillo-de-santa-barbara-2016-Alicante-ERN_6938-29-copia-300x300.jpg\" class=\"attachment-thumblist size-thumblist wp-post-image\" alt=\"\" data-mec-postid=\"296389\" \/><\/div><div class=\"mec-monthly-contents\" style=\"width: calc(100% - 85px)\"><div class=\"mec-event-time mec-color\"><i class=\"mec-sl-clock-o\"><\/i> Journ\u00e9e enti\u00e8re<\/div><h4 class=\"mec-event-title\"><a class=\"mec-color-hover\" data-event-id=\"296389\" href=\"https:\/\/alicanteturismo.com\/fr\/events\/exposicion-permanente-musa\/?occurrence=2026-09-12\" target=\"_self\" rel=\"noopener\">Exposici\u00f3n Permanente MUSA<\/a><span class=\"event-color\" style=\"background: #336dab\"><\/span><\/h4><div class=\"mec-event-detail\">\r\n                        <div class=\"mec-event-loc-place\">Ch\u00e2teau de Santa Barbara<\/div>\r\n                        \r\n                    <\/div><\/div><div style=\"clear:both\"><\/div><\/article><article class=\"mec-event-article \"><div class=\"mec-event-image\"><img decoding=\"async\" width=\"300\" height=\"300\" src=\"https:\/\/alicanteturismo.com\/wp-content\/uploads\/2025\/10\/Via-lactea-Isla-de-Tabarca-300x300.jpg\" class=\"attachment-thumblist size-thumblist wp-post-image\" alt=\"\" data-mec-postid=\"313076\" \/><\/div><div class=\"mec-monthly-contents\" style=\"width: calc(100% - 85px)\"><h4 class=\"mec-event-title\"><a class=\"mec-color-hover\" data-event-id=\"313076\" href=\"https:\/\/alicanteturismo.com\/fr\/events\/stargazing-on-tabarca-island\/?occurrence=2026-09-12&amp;time=1789200000\" target=\"_self\" rel=\"noopener\">Stargazing on Tabarca Island<\/a><\/h4><div class=\"mec-event-detail\">\r\n                        <div class=\"mec-event-loc-place\">Isla Tabarca<\/div>\r\n                        \r\n                    <\/div><\/div><div style=\"clear:both\"><\/div><\/article><article class=\"mec-event-article \"><div class=\"mec-event-image\"><img decoding=\"async\" width=\"300\" height=\"300\" src=\"https:\/\/alicanteturismo.com\/wp-content\/uploads\/2026\/02\/tabarca-boat-tour-300x300.jpg\" class=\"attachment-thumblist size-thumblist wp-post-image\" alt=\"\" data-mec-postid=\"317118\" \/><\/div><div class=\"mec-monthly-contents\" style=\"width: calc(100% - 85px)\"><h4 class=\"mec-event-title\"><a class=\"mec-color-hover\" data-event-id=\"317118\" href=\"https:\/\/alicanteturismo.com\/fr\/events\/tabarca-boat-tour\/?occurrence=2026-09-12\" target=\"_self\" rel=\"noopener\">Tabarca Boat Tour<\/a><span class=\"event-color\" style=\"background: #bfb417\"><\/span><\/h4><div class=\"mec-event-detail\">\r\n                        <div class=\"mec-event-loc-place\">Alicante<\/div>\r\n                        \r\n                    <\/div><\/div><div style=\"clear:both\"><\/div><\/article><article class=\"mec-event-article \"><div class=\"mec-event-image\"><img loading=\"lazy\" decoding=\"async\" width=\"300\" height=\"300\" src=\"https:\/\/alicanteturismo.com\/wp-content\/uploads\/2026\/02\/tabarca-boat-tour-300x300.jpg\" class=\"attachment-thumblist size-thumblist wp-post-image\" alt=\"\" data-mec-postid=\"317126\" \/><\/div><div class=\"mec-monthly-contents\" style=\"width: calc(100% - 85px)\"><h4 class=\"mec-event-title\"><a class=\"mec-color-hover\" data-event-id=\"317126\" href=\"https:\/\/www.alicanteboattours.com\/costa-boat-tour?occurrence=2026-09-12\" target=\"_self\" rel=\"noopener\">Costa Boat Tour<\/a><span class=\"event-color\" style=\"background: #00a0d2\"><\/span><\/h4><div class=\"mec-event-detail\">\r\n                        <div class=\"mec-event-loc-place\">Alicante Catamaran Aventurero<\/div>\r\n                        \r\n                    <\/div><\/div><div style=\"clear:both\"><\/div><\/article><article class=\"mec-event-article \"><div class=\"mec-event-image\"><img loading=\"lazy\" decoding=\"async\" width=\"300\" height=\"168\" src=\"https:\/\/alicanteturismo.com\/wp-content\/uploads\/2024\/05\/CABO-HUERTA-ALICANTE.jpg\" class=\"attachment-thumblist size-thumblist wp-post-image\" alt=\"\" data-mec-postid=\"317264\" \/><\/div><div class=\"mec-monthly-contents\" style=\"width: calc(100% - 85px)\"><div class=\"mec-event-time mec-color\"><i class=\"mec-sl-clock-o\"><\/i> 8h00 - 18h00<\/div><h4 class=\"mec-event-title\"><a class=\"mec-color-hover\" data-event-id=\"317264\" href=\"https:\/\/www.alicanteboattours.com\/bahia-boat-tour?occurrence=2026-09-12\" target=\"_self\" rel=\"noopener\">Bah\u00eda Boat Tour<\/a><span class=\"event-color\" style=\"background: #00a0d2\"><\/span><\/h4><div class=\"mec-event-detail\">\r\n                        <div class=\"mec-event-loc-place\">Alicante<\/div>\r\n                        \r\n                    <\/div><\/div><div style=\"clear:both\"><\/div><\/article><article class=\"mec-event-article \"><div class=\"mec-event-image\"><\/div><div class=\"mec-monthly-contents\" style=\"width: 100%\"><div class=\"mec-event-time mec-color\"><i class=\"mec-sl-clock-o\"><\/i> Journ\u00e9e enti\u00e8re<\/div><h4 class=\"mec-event-title\"><a class=\"mec-color-hover\" data-event-id=\"318219\" href=\"https:\/\/castillodesantabarbara.com\/en\/experience\/misterios-castillo\/?occurrence=2026-09-12\" target=\"_self\" rel=\"noopener\">Los Misterios del Castillo de Santa B\u00e1rbara: Visita Teatralizada Nocturna<\/a><\/h4><div class=\"mec-event-detail\">\r\n                        <div class=\"mec-event-loc-place\">Ch\u00e2teau de Santa Barbara<\/div>\r\n                        \r\n                    <\/div><\/div><div style=\"clear:both\"><\/div><\/article><article class=\"mec-event-article \"><div class=\"mec-event-image\"><img loading=\"lazy\" decoding=\"async\" width=\"300\" height=\"300\" src=\"https:\/\/alicanteturismo.com\/wp-content\/uploads\/2026\/05\/kayak-campeonato-300x300.png\" class=\"attachment-thumblist size-thumblist wp-post-image\" alt=\"\" data-mec-postid=\"319976\" \/><\/div><div class=\"mec-monthly-contents\" style=\"width: calc(100% - 85px)\"><div class=\"mec-event-time mec-color\"><i class=\"mec-sl-clock-o\"><\/i> Journ\u00e9e enti\u00e8re<\/div><h4 class=\"mec-event-title\"><a class=\"mec-color-hover\" data-event-id=\"319976\" href=\"https:\/\/alicanteturismo.com\/fr\/events\/xix-campeonato-de-espana-de-kayak-de-mar-2026\/?occurrence=2026-09-12&amp;time=1789200000\" target=\"_self\" rel=\"noopener\">XIX Campeonato de Espa\u00f1a de Kayak de Mar 2026<\/a><span class=\"event-color\" style=\"background: #00a0d2\"><\/span><\/h4><div class=\"mec-event-detail\">\r\n                        <div class=\"mec-event-loc-place\">Playa del Postiguet<\/div>\r\n                        \r\n                    <\/div><\/div><div style=\"clear:both\"><\/div><\/article><article class=\"mec-event-article \"><div class=\"mec-event-image\"><img loading=\"lazy\" decoding=\"async\" width=\"300\" height=\"300\" src=\"https:\/\/alicanteturismo.com\/wp-content\/uploads\/2026\/05\/marq-expo-300x300.jpg\" class=\"attachment-thumblist size-thumblist wp-post-image\" alt=\"\" data-mec-postid=\"320214\" \/><\/div><div class=\"mec-monthly-contents\" style=\"width: calc(100% - 85px)\"><div class=\"mec-event-time mec-color\"><i class=\"mec-sl-clock-o\"><\/i> Journ\u00e9e enti\u00e8re<\/div><h4 class=\"mec-event-title\"><a class=\"mec-color-hover\" data-event-id=\"320214\" href=\"https:\/\/alicanteturismo.com\/fr\/events\/rituales-de-pastores-exposicion-en-el-marq-canibalismo-y-enterramientos-en-la-cova-de-randero\/?occurrence=2026-09-12\" target=\"_self\" rel=\"noopener\">Rituales de pastores. Exposici\u00f3n en el MARQ: Canibalismo y enterramientos en la Cova de Randero<\/a><span class=\"event-color\" style=\"background: #336dab\"><\/span><\/h4><div class=\"mec-event-detail\">\r\n                        <div class=\"mec-event-loc-place\"><\/div>\r\n                        \r\n                    <\/div><\/div><div style=\"clear:both\"><\/div><\/article><article class=\"mec-event-article \"><div class=\"mec-event-image\"><img loading=\"lazy\" decoding=\"async\" width=\"300\" height=\"300\" src=\"https:\/\/alicanteturismo.com\/wp-content\/uploads\/2026\/06\/d5ac5a84-ac33-061c-0536-2bbb1a525433-300x300.png\" class=\"attachment-thumblist size-thumblist wp-post-image\" alt=\"\" data-mec-postid=\"321036\" \/><\/div><div class=\"mec-monthly-contents\" style=\"width: calc(100% - 85px)\"><div class=\"mec-event-time mec-color\"><i class=\"mec-sl-clock-o\"><\/i> Journ\u00e9e enti\u00e8re<\/div><h4 class=\"mec-event-title\"><a class=\"mec-color-hover\" data-event-id=\"321036\" href=\"https:\/\/alicanteturismo.com\/fr\/events\/exposition-de-par-en-par-a-la-fondation-mediterranee\/?occurrence=2026-09-12\" target=\"_self\" rel=\"noopener\">Exposition \u00ab\u00a0De par en par\u00a0\u00bb \u00e0 la Fondation M\u00e9diterran\u00e9e<\/a><span class=\"event-color\" style=\"background: #1e73be\"><\/span><\/h4><div class=\"mec-event-detail\">\r\n                        <div class=\"mec-event-loc-place\">Salle d&#039;exposition<\/div>\r\n                        \r\n                    <\/div><\/div><div style=\"clear:both\"><\/div><\/article><article class=\"mec-event-article \"><div class=\"mec-event-image\"><img loading=\"lazy\" decoding=\"async\" width=\"300\" height=\"300\" src=\"https:\/\/alicanteturismo.com\/wp-content\/uploads\/2026\/07\/descargar-1-300x300.png\" class=\"attachment-thumblist size-thumblist wp-post-image\" alt=\"\" data-mec-postid=\"321395\" \/><\/div><div class=\"mec-monthly-contents\" style=\"width: calc(100% - 85px)\"><div class=\"mec-event-time mec-color\"><i class=\"mec-sl-clock-o\"><\/i> Journ\u00e9e enti\u00e8re<\/div><h4 class=\"mec-event-title\"><a class=\"mec-color-hover\" data-event-id=\"321395\" href=\"https:\/\/alicanteturismo.com\/fr\/events\/exposition-lor-et-lunivers-savoirs-autochtones-de-colombie-au-marq\/?occurrence=2026-09-12\" target=\"_self\" rel=\"noopener\">Exposition \u00ab L&rsquo;OR ET L&rsquo;UNIVERS. Savoirs autochtones de Colombie \u00bb au MARQ<\/a><span class=\"event-color\" style=\"background: #dd9933\"><\/span><\/h4><div class=\"mec-event-detail\">\r\n                        <div class=\"mec-event-loc-place\"><\/div>\r\n                        \r\n                    <\/div><\/div><div style=\"clear:both\"><\/div><\/article><article class=\"mec-event-article \"><div class=\"mec-event-image\"><img loading=\"lazy\" decoding=\"async\" width=\"300\" height=\"300\" src=\"https:\/\/alicanteturismo.com\/wp-content\/uploads\/2026\/08\/descargar-1-300x300.png\" class=\"attachment-thumblist size-thumblist wp-post-image\" alt=\"\" data-mec-postid=\"322070\" \/><\/div><div class=\"mec-monthly-contents\" style=\"width: calc(100% - 85px)\"><h4 class=\"mec-event-title\"><a class=\"mec-color-hover\" data-event-id=\"322070\" href=\"https:\/\/alicanteturismo.com\/fr\/events\/visites-guidees-des-abris-anti-aeriens-et-du-centre-dinterpretation-de-la-guerre-civile\/?occurrence=2026-09-12\" target=\"_self\" rel=\"noopener\">Visites guid\u00e9es des abris anti-a\u00e9riens et du centre d&rsquo;interpr\u00e9tation de la guerre civile<\/a><span class=\"event-color\" style=\"background: #1e73be\"><\/span><\/h4><div class=\"mec-event-detail\">\r\n                        <div class=\"mec-event-loc-place\"><\/div>\r\n                        \r\n                    <\/div><\/div><div style=\"clear:both\"><\/div><\/article><article class=\"mec-event-article \"><div class=\"mec-event-image\"><img loading=\"lazy\" decoding=\"async\" width=\"300\" height=\"300\" src=\"https:\/\/alicanteturismo.com\/wp-content\/uploads\/2025\/02\/MA07110494-300x300.jpg\" class=\"attachment-thumblist size-thumblist wp-post-image\" alt=\"\" data-mec-postid=\"296395\" \/><\/div><div class=\"mec-monthly-contents\" style=\"width: calc(100% - 85px)\"><div class=\"mec-event-time mec-color\"><i class=\"mec-sl-clock-o\"><\/i> 10h00<\/div><h4 class=\"mec-event-title\"><a class=\"mec-color-hover\" data-event-id=\"296395\" href=\"https:\/\/alicanteturismo.com\/fr\/events\/exposicion-permanente-marq\/?occurrence=2026-09-12\" target=\"_self\" rel=\"noopener\">Exposici\u00f3n Permanente MARQ<\/a><span class=\"event-color\" style=\"background: #336dab\"><\/span><\/h4><div class=\"mec-event-detail\">\r\n                        <div class=\"mec-event-loc-place\">Museo Arqueol\u00f3gico de Alicante (MARQ)<\/div>\r\n                        \r\n                    <\/div><\/div><div style=\"clear:both\"><\/div><\/article><article class=\"mec-event-article \"><div class=\"mec-event-image\"><img loading=\"lazy\" decoding=\"async\" width=\"300\" height=\"300\" src=\"https:\/\/alicanteturismo.com\/wp-content\/uploads\/2025\/02\/mubag_diputacion_alicante-5-300x300.webp\" class=\"attachment-thumblist size-thumblist wp-post-image\" alt=\"\" data-mec-postid=\"296402\" \/><\/div><div class=\"mec-monthly-contents\" style=\"width: calc(100% - 85px)\"><div class=\"mec-event-time mec-color\"><i class=\"mec-sl-clock-o\"><\/i> 10h00<\/div><h4 class=\"mec-event-title\"><a class=\"mec-color-hover\" data-event-id=\"296402\" href=\"https:\/\/alicanteturismo.com\/fr\/events\/exposicion-permanente-en-el-mubag-el-siglo-xix-coleccion-a-la-luz\/?occurrence=2026-09-12\" target=\"_self\" rel=\"noopener\">Exposici\u00f3n Permanente en el MUBAG. El siglo XIX. Colecci\u00f3n a la Luz<\/a><span class=\"event-color\" style=\"background: #336dab\"><\/span><\/h4><div class=\"mec-event-detail\">\r\n                        <div class=\"mec-event-loc-place\">Museo de Bellas Artes Gravina (MUBAG)<\/div>\r\n                        \r\n                    <\/div><\/div><div style=\"clear:both\"><\/div><\/article><article class=\"mec-event-article \"><div class=\"mec-event-image\"><img loading=\"lazy\" decoding=\"async\" width=\"300\" height=\"300\" src=\"https:\/\/alicanteturismo.com\/wp-content\/uploads\/2025\/02\/maca-museo-rotated-1-300x300.webp\" class=\"attachment-thumblist size-thumblist wp-post-image\" alt=\"\" data-mec-postid=\"296408\" \/><\/div><div class=\"mec-monthly-contents\" style=\"width: calc(100% - 85px)\"><div class=\"mec-event-time mec-color\"><i class=\"mec-sl-clock-o\"><\/i> 10h00<\/div><h4 class=\"mec-event-title\"><a class=\"mec-color-hover\" data-event-id=\"296408\" href=\"https:\/\/alicanteturismo.com\/fr\/events\/exposicion-permanente-maca\/?occurrence=2026-09-12\" target=\"_self\" rel=\"noopener\">Exposici\u00f3n Permanente MACA<\/a><span class=\"event-color\" style=\"background: #336dab\"><\/span><\/h4><div class=\"mec-event-detail\">\r\n                        <div class=\"mec-event-loc-place\">Contemporary Art Museum of Alicante (MACA)<\/div>\r\n                        \r\n                    <\/div><\/div><div style=\"clear:both\"><\/div><\/article><article class=\"mec-event-article \"><div class=\"mec-event-image\"><img loading=\"lazy\" decoding=\"async\" width=\"300\" height=\"300\" src=\"https:\/\/alicanteturismo.com\/wp-content\/uploads\/2026\/02\/degustacion-vinos-300x300.webp\" class=\"attachment-thumblist size-thumblist wp-post-image\" alt=\"\" data-mec-postid=\"317139\" \/><\/div><div class=\"mec-monthly-contents\" style=\"width: calc(100% - 85px)\"><h4 class=\"mec-event-title\"><a class=\"mec-color-hover\" data-event-id=\"317139\" href=\"https:\/\/alicanteturismo.com\/fr\/events\/degustacionvinosyproductosalicantinos\/?occurrence=2026-09-12\" target=\"_self\" rel=\"noopener\">Degustaci\u00f3n de 3 vinos D.O y Productos alicantinos<\/a><span class=\"event-color\" style=\"background: #dd823b\"><\/span><\/h4><div class=\"mec-event-detail\">\r\n                        <div class=\"mec-event-loc-place\"><\/div>\r\n                        \r\n                    <\/div><\/div><div style=\"clear:both\"><\/div><\/article><article class=\"mec-event-article \"><div class=\"mec-event-image\"><img loading=\"lazy\" decoding=\"async\" width=\"300\" height=\"300\" src=\"https:\/\/alicanteturismo.com\/wp-content\/uploads\/2026\/06\/image-expo-300x300.png\" class=\"attachment-thumblist size-thumblist wp-post-image\" alt=\"\" data-mec-postid=\"321070\" \/><\/div><div class=\"mec-monthly-contents\" style=\"width: calc(100% - 85px)\"><div class=\"mec-event-time mec-color\"><i class=\"mec-sl-clock-o\"><\/i> 10h00 - 20h00<\/div><h4 class=\"mec-event-title\"><a class=\"mec-color-hover\" data-event-id=\"321070\" href=\"https:\/\/alicanteturismo.com\/fr\/events\/exposition-temporaire-del-color-en-el-arte-coloramas-au-maca\/?occurrence=2026-09-12\" target=\"_self\" rel=\"noopener\">Exposition temporaire : \u00ab\u00a0Del color en el arte (Coloramas)\u00a0\u00bb au MACA<\/a><span class=\"event-color\" style=\"background: #dd9933\"><\/span><\/h4><div class=\"mec-event-detail\">\r\n                        <div class=\"mec-event-loc-place\">Contemporary Art Museum of Alicante (MACA)<\/div>\r\n                        \r\n                    <\/div><\/div><div style=\"clear:both\"><\/div><\/article><article class=\"mec-event-article \"><div class=\"mec-event-image\"><img loading=\"lazy\" decoding=\"async\" width=\"300\" height=\"300\" src=\"https:\/\/alicanteturismo.com\/wp-content\/uploads\/2026\/07\/descargar-2-300x300.png\" class=\"attachment-thumblist size-thumblist wp-post-image\" alt=\"\" data-mec-postid=\"321763\" \/><\/div><div class=\"mec-monthly-contents\" style=\"width: calc(100% - 85px)\"><div class=\"mec-event-time mec-color\"><i class=\"mec-sl-clock-o\"><\/i> 10h00 - 21h30<\/div><h4 class=\"mec-event-title\"><a class=\"mec-color-hover\" data-event-id=\"321763\" href=\"https:\/\/alicanteturismo.com\/fr\/events\/exposicion-la-firmeza-de-un-instante-de-jesus-madrinan-en-las-cigarreras\/?occurrence=2026-09-12\" target=\"_self\" rel=\"noopener\">Exposici\u00f3n \u201cLa firmeza de un instante\u201d de Jes\u00fas Madri\u00f1\u00e1n en Las Cigarreras<\/a><span class=\"event-color\" style=\"background: #336dab\"><\/span><\/h4><div class=\"mec-event-detail\">\r\n                        <div class=\"mec-event-loc-place\">Centre culturel Las Cigarreras<\/div>\r\n                        \r\n                    <\/div><\/div><div style=\"clear:both\"><\/div><\/article><article class=\"mec-event-article \"><div class=\"mec-event-image\"><img loading=\"lazy\" decoding=\"async\" width=\"300\" height=\"300\" src=\"https:\/\/alicanteturismo.com\/wp-content\/uploads\/2025\/02\/Yacimiento-arqueologico-Lucentum.Lucentum-archaeological-remains-copia2-300x300.jpg\" class=\"attachment-thumblist size-thumblist wp-post-image\" alt=\"\" data-mec-postid=\"296353\" \/><\/div><div class=\"mec-monthly-contents\" style=\"width: calc(100% - 85px)\"><div class=\"mec-event-time mec-color\"><i class=\"mec-sl-clock-o\"><\/i> 10h30<\/div><h4 class=\"mec-event-title\"><a class=\"mec-color-hover\" data-event-id=\"296353\" href=\"https:\/\/alicanteturismo.com\/fr\/events\/visita-guiada-al-yacimiento-arqueologico-lucentum\/?occurrence=2026-09-12\" target=\"_self\" rel=\"noopener\">Visita guiada al yacimiento arqueol\u00f3gico Lucentum<\/a><span class=\"event-color\" style=\"background: #dd823b\"><\/span><\/h4><div class=\"mec-event-detail\">\r\n                        <div class=\"mec-event-loc-place\">Lucentum Tossal de Manises<\/div>\r\n                        \r\n                    <\/div><\/div><div style=\"clear:both\"><\/div><\/article><article class=\"mec-event-article \"><div class=\"mec-event-image\"><img loading=\"lazy\" decoding=\"async\" width=\"300\" height=\"300\" src=\"https:\/\/alicanteturismo.com\/wp-content\/uploads\/2026\/02\/castillo-degustaciones-chocolate-300x300.webp\" class=\"attachment-thumblist size-thumblist wp-post-image\" alt=\"\" data-mec-postid=\"317131\" \/><\/div><div class=\"mec-monthly-contents\" style=\"width: calc(100% - 85px)\"><div class=\"mec-event-time mec-color\"><i class=\"mec-sl-clock-o\"><\/i> 11h00 - 12h00<\/div><h4 class=\"mec-event-title\"><a class=\"mec-color-hover\" data-event-id=\"317131\" href=\"https:\/\/alicanteturismo.com\/fr\/events\/degustacionchocolatescastillosantabarbara\/?occurrence=2026-09-12\" target=\"_self\" rel=\"noopener\">Degustaci\u00f3n de chocolates y turrones de Alicante en el Castillo de Santa B\u00e1rbara<\/a><span class=\"event-color\" style=\"background: #dd823b\"><\/span><\/h4><div class=\"mec-event-detail\">\r\n                        <div class=\"mec-event-loc-place\">Ch\u00e2teau de Santa Barbara<\/div>\r\n                        \r\n                    <\/div><\/div><div style=\"clear:both\"><\/div><\/article><article class=\"mec-event-article \"><div class=\"mec-event-image\"><img loading=\"lazy\" decoding=\"async\" width=\"300\" height=\"300\" src=\"https:\/\/alicanteturismo.com\/wp-content\/uploads\/2026\/08\/descargar-2-300x300.png\" class=\"attachment-thumblist size-thumblist wp-post-image\" alt=\"\" data-mec-postid=\"322085\" \/><\/div><div class=\"mec-monthly-contents\" style=\"width: calc(100% - 85px)\"><div class=\"mec-event-time mec-color\"><i class=\"mec-sl-clock-o\"><\/i> 19h00<\/div><h4 class=\"mec-event-title\"><a class=\"mec-color-hover\" data-event-id=\"322085\" href=\"https:\/\/alicanteturismo.com\/fr\/events\/visite-guidee-de-la-tour-sarrio-et-du-centre-dinterpretation\/?occurrence=2026-09-12\" target=\"_self\" rel=\"noopener\">Visite guid\u00e9e de la tour Sarri\u00f3 et du centre d&rsquo;interpr\u00e9tation<\/a><span class=\"event-color\" style=\"background: #1e73be\"><\/span><\/h4><div class=\"mec-event-detail\">\r\n                        <div class=\"mec-event-loc-place\"><\/div>\r\n                        \r\n                    <\/div><\/div><div style=\"clear:both\"><\/div><\/article><article class=\"mec-event-article \"><div class=\"mec-event-image\"><img loading=\"lazy\" decoding=\"async\" width=\"300\" height=\"300\" src=\"https:\/\/alicanteturismo.com\/wp-content\/uploads\/2025\/10\/Astroturismo-1-1-300x300.jpg\" class=\"attachment-thumblist size-thumblist wp-post-image\" alt=\"\" data-mec-postid=\"313302\" \/><\/div><div class=\"mec-monthly-contents\" style=\"width: calc(100% - 85px)\"><div class=\"mec-event-time mec-color\"><i class=\"mec-sl-clock-o\"><\/i> 20h30 - 23h30<\/div><h4 class=\"mec-event-title\"><a class=\"mec-color-hover\" data-event-id=\"313302\" href=\"https:\/\/alicanteturismo.com\/fr\/events\/astrotourism-and-stargazing-at-cabo-de-las-huertas-3\/?occurrence=2026-09-12\" target=\"_self\" rel=\"noopener\">Astrotourism and Stargazing at Cabo de las Huertas<\/a><\/h4><div class=\"mec-event-detail\">\r\n                        <div class=\"mec-event-loc-place\">Cabo de las Huertas, Alicante<\/div>\r\n                        \r\n                    <\/div><\/div><div style=\"clear:both\"><\/div><\/article><\/div><div class=\"mec-calendar-events-sec\" id=\"mec-calendar-events-sec-mec1-20260913\" data-mec-cell=\"20260913\" ><h6 class=\"mec-table-side-title\">\u00c9v\u00e9nements pour le <span class=\"mec-color mec-table-side-day\"> 13th<\/span> septembre<\/h6><article class=\"mec-event-article \"><div class=\"mec-event-image\"><img fetchpriority=\"high\" decoding=\"async\" width=\"300\" height=\"300\" src=\"https:\/\/alicanteturismo.com\/wp-content\/uploads\/2025\/02\/castillo-de-santa-barbara-2016-Alicante-ERN_6938-29-copia-300x300.jpg\" class=\"attachment-thumblist size-thumblist wp-post-image\" alt=\"\" data-mec-postid=\"296389\" \/><\/div><div class=\"mec-monthly-contents\" style=\"width: calc(100% - 85px)\"><div class=\"mec-event-time mec-color\"><i class=\"mec-sl-clock-o\"><\/i> Journ\u00e9e enti\u00e8re<\/div><h4 class=\"mec-event-title\"><a class=\"mec-color-hover\" data-event-id=\"296389\" href=\"https:\/\/alicanteturismo.com\/fr\/events\/exposicion-permanente-musa\/?occurrence=2026-09-13\" target=\"_self\" rel=\"noopener\">Exposici\u00f3n Permanente MUSA<\/a><span class=\"event-color\" style=\"background: #336dab\"><\/span><\/h4><div class=\"mec-event-detail\">\r\n                        <div class=\"mec-event-loc-place\">Ch\u00e2teau de Santa Barbara<\/div>\r\n                        \r\n                    <\/div><\/div><div style=\"clear:both\"><\/div><\/article><article class=\"mec-event-article \"><div class=\"mec-event-image\"><img decoding=\"async\" width=\"300\" height=\"300\" src=\"https:\/\/alicanteturismo.com\/wp-content\/uploads\/2025\/10\/Via-lactea-Isla-de-Tabarca-300x300.jpg\" class=\"attachment-thumblist size-thumblist wp-post-image\" alt=\"\" data-mec-postid=\"313076\" \/><\/div><div class=\"mec-monthly-contents\" style=\"width: calc(100% - 85px)\"><h4 class=\"mec-event-title\"><a class=\"mec-color-hover\" data-event-id=\"313076\" href=\"https:\/\/alicanteturismo.com\/fr\/events\/stargazing-on-tabarca-island\/?occurrence=2026-09-13&amp;time=1789286400\" target=\"_self\" rel=\"noopener\">Stargazing on Tabarca Island<\/a><\/h4><div class=\"mec-event-detail\">\r\n                        <div class=\"mec-event-loc-place\">Isla Tabarca<\/div>\r\n                        \r\n                    <\/div><\/div><div style=\"clear:both\"><\/div><\/article><article class=\"mec-event-article \"><div class=\"mec-event-image\"><img decoding=\"async\" width=\"300\" height=\"300\" src=\"https:\/\/alicanteturismo.com\/wp-content\/uploads\/2026\/02\/tabarca-boat-tour-300x300.jpg\" class=\"attachment-thumblist size-thumblist wp-post-image\" alt=\"\" data-mec-postid=\"317118\" \/><\/div><div class=\"mec-monthly-contents\" style=\"width: calc(100% - 85px)\"><h4 class=\"mec-event-title\"><a class=\"mec-color-hover\" data-event-id=\"317118\" href=\"https:\/\/alicanteturismo.com\/fr\/events\/tabarca-boat-tour\/?occurrence=2026-09-13\" target=\"_self\" rel=\"noopener\">Tabarca Boat Tour<\/a><span class=\"event-color\" style=\"background: #bfb417\"><\/span><\/h4><div class=\"mec-event-detail\">\r\n                        <div class=\"mec-event-loc-place\">Alicante<\/div>\r\n                        \r\n                    <\/div><\/div><div style=\"clear:both\"><\/div><\/article><article class=\"mec-event-article \"><div class=\"mec-event-image\"><img loading=\"lazy\" decoding=\"async\" width=\"300\" height=\"300\" src=\"https:\/\/alicanteturismo.com\/wp-content\/uploads\/2026\/02\/tabarca-boat-tour-300x300.jpg\" class=\"attachment-thumblist size-thumblist wp-post-image\" alt=\"\" data-mec-postid=\"317126\" \/><\/div><div class=\"mec-monthly-contents\" style=\"width: calc(100% - 85px)\"><h4 class=\"mec-event-title\"><a class=\"mec-color-hover\" data-event-id=\"317126\" href=\"https:\/\/www.alicanteboattours.com\/costa-boat-tour?occurrence=2026-09-13\" target=\"_self\" rel=\"noopener\">Costa Boat Tour<\/a><span class=\"event-color\" style=\"background: #00a0d2\"><\/span><\/h4><div class=\"mec-event-detail\">\r\n                        <div class=\"mec-event-loc-place\">Alicante Catamaran Aventurero<\/div>\r\n                        \r\n                    <\/div><\/div><div style=\"clear:both\"><\/div><\/article><article class=\"mec-event-article \"><div class=\"mec-event-image\"><img loading=\"lazy\" decoding=\"async\" width=\"300\" height=\"168\" src=\"https:\/\/alicanteturismo.com\/wp-content\/uploads\/2024\/05\/CABO-HUERTA-ALICANTE.jpg\" class=\"attachment-thumblist size-thumblist wp-post-image\" alt=\"\" data-mec-postid=\"317264\" \/><\/div><div class=\"mec-monthly-contents\" style=\"width: calc(100% - 85px)\"><div class=\"mec-event-time mec-color\"><i class=\"mec-sl-clock-o\"><\/i> 8h00 - 18h00<\/div><h4 class=\"mec-event-title\"><a class=\"mec-color-hover\" data-event-id=\"317264\" href=\"https:\/\/www.alicanteboattours.com\/bahia-boat-tour?occurrence=2026-09-13\" target=\"_self\" rel=\"noopener\">Bah\u00eda Boat Tour<\/a><span class=\"event-color\" style=\"background: #00a0d2\"><\/span><\/h4><div class=\"mec-event-detail\">\r\n                        <div class=\"mec-event-loc-place\">Alicante<\/div>\r\n                        \r\n                    <\/div><\/div><div style=\"clear:both\"><\/div><\/article><article class=\"mec-event-article \"><div class=\"mec-event-image\"><img loading=\"lazy\" decoding=\"async\" width=\"300\" height=\"300\" src=\"https:\/\/alicanteturismo.com\/wp-content\/uploads\/2026\/05\/marq-expo-300x300.jpg\" class=\"attachment-thumblist size-thumblist wp-post-image\" alt=\"\" data-mec-postid=\"320214\" \/><\/div><div class=\"mec-monthly-contents\" style=\"width: calc(100% - 85px)\"><div class=\"mec-event-time mec-color\"><i class=\"mec-sl-clock-o\"><\/i> Journ\u00e9e enti\u00e8re<\/div><h4 class=\"mec-event-title\"><a class=\"mec-color-hover\" data-event-id=\"320214\" href=\"https:\/\/alicanteturismo.com\/fr\/events\/rituales-de-pastores-exposicion-en-el-marq-canibalismo-y-enterramientos-en-la-cova-de-randero\/?occurrence=2026-09-13\" target=\"_self\" rel=\"noopener\">Rituales de pastores. Exposici\u00f3n en el MARQ: Canibalismo y enterramientos en la Cova de Randero<\/a><span class=\"event-color\" style=\"background: #336dab\"><\/span><\/h4><div class=\"mec-event-detail\">\r\n                        <div class=\"mec-event-loc-place\"><\/div>\r\n                        \r\n                    <\/div><\/div><div style=\"clear:both\"><\/div><\/article><article class=\"mec-event-article \"><div class=\"mec-event-image\"><img loading=\"lazy\" decoding=\"async\" width=\"300\" height=\"300\" src=\"https:\/\/alicanteturismo.com\/wp-content\/uploads\/2026\/06\/d5ac5a84-ac33-061c-0536-2bbb1a525433-300x300.png\" class=\"attachment-thumblist size-thumblist wp-post-image\" alt=\"\" data-mec-postid=\"321036\" \/><\/div><div class=\"mec-monthly-contents\" style=\"width: calc(100% - 85px)\"><div class=\"mec-event-time mec-color\"><i class=\"mec-sl-clock-o\"><\/i> Journ\u00e9e enti\u00e8re<\/div><h4 class=\"mec-event-title\"><a class=\"mec-color-hover\" data-event-id=\"321036\" href=\"https:\/\/alicanteturismo.com\/fr\/events\/exposition-de-par-en-par-a-la-fondation-mediterranee\/?occurrence=2026-09-13\" target=\"_self\" rel=\"noopener\">Exposition \u00ab\u00a0De par en par\u00a0\u00bb \u00e0 la Fondation M\u00e9diterran\u00e9e<\/a><span class=\"event-color\" style=\"background: #1e73be\"><\/span><\/h4><div class=\"mec-event-detail\">\r\n                        <div class=\"mec-event-loc-place\">Salle d&#039;exposition<\/div>\r\n                        \r\n                    <\/div><\/div><div style=\"clear:both\"><\/div><\/article><article class=\"mec-event-article \"><div class=\"mec-event-image\"><img loading=\"lazy\" decoding=\"async\" width=\"300\" height=\"300\" src=\"https:\/\/alicanteturismo.com\/wp-content\/uploads\/2026\/07\/descargar-1-300x300.png\" class=\"attachment-thumblist size-thumblist wp-post-image\" alt=\"\" data-mec-postid=\"321395\" \/><\/div><div class=\"mec-monthly-contents\" style=\"width: calc(100% - 85px)\"><div class=\"mec-event-time mec-color\"><i class=\"mec-sl-clock-o\"><\/i> Journ\u00e9e enti\u00e8re<\/div><h4 class=\"mec-event-title\"><a class=\"mec-color-hover\" data-event-id=\"321395\" href=\"https:\/\/alicanteturismo.com\/fr\/events\/exposition-lor-et-lunivers-savoirs-autochtones-de-colombie-au-marq\/?occurrence=2026-09-13\" target=\"_self\" rel=\"noopener\">Exposition \u00ab L&rsquo;OR ET L&rsquo;UNIVERS. Savoirs autochtones de Colombie \u00bb au MARQ<\/a><span class=\"event-color\" style=\"background: #dd9933\"><\/span><\/h4><div class=\"mec-event-detail\">\r\n                        <div class=\"mec-event-loc-place\"><\/div>\r\n                        \r\n                    <\/div><\/div><div style=\"clear:both\"><\/div><\/article><article class=\"mec-event-article \"><div class=\"mec-event-image\"><img loading=\"lazy\" decoding=\"async\" width=\"300\" height=\"300\" src=\"https:\/\/alicanteturismo.com\/wp-content\/uploads\/2026\/08\/descargar-1-300x300.png\" class=\"attachment-thumblist size-thumblist wp-post-image\" alt=\"\" data-mec-postid=\"322070\" \/><\/div><div class=\"mec-monthly-contents\" style=\"width: calc(100% - 85px)\"><h4 class=\"mec-event-title\"><a class=\"mec-color-hover\" data-event-id=\"322070\" href=\"https:\/\/alicanteturismo.com\/fr\/events\/visites-guidees-des-abris-anti-aeriens-et-du-centre-dinterpretation-de-la-guerre-civile\/?occurrence=2026-09-13\" target=\"_self\" rel=\"noopener\">Visites guid\u00e9es des abris anti-a\u00e9riens et du centre d&rsquo;interpr\u00e9tation de la guerre civile<\/a><span class=\"event-color\" style=\"background: #1e73be\"><\/span><\/h4><div class=\"mec-event-detail\">\r\n                        <div class=\"mec-event-loc-place\"><\/div>\r\n                        \r\n                    <\/div><\/div><div style=\"clear:both\"><\/div><\/article><article class=\"mec-event-article \"><div class=\"mec-event-image\"><img loading=\"lazy\" decoding=\"async\" width=\"300\" height=\"300\" src=\"https:\/\/alicanteturismo.com\/wp-content\/uploads\/2025\/02\/MA07110494-300x300.jpg\" class=\"attachment-thumblist size-thumblist wp-post-image\" alt=\"\" data-mec-postid=\"296395\" \/><\/div><div class=\"mec-monthly-contents\" style=\"width: calc(100% - 85px)\"><div class=\"mec-event-time mec-color\"><i class=\"mec-sl-clock-o\"><\/i> 10h00<\/div><h4 class=\"mec-event-title\"><a class=\"mec-color-hover\" data-event-id=\"296395\" href=\"https:\/\/alicanteturismo.com\/fr\/events\/exposicion-permanente-marq\/?occurrence=2026-09-13\" target=\"_self\" rel=\"noopener\">Exposici\u00f3n Permanente MARQ<\/a><span class=\"event-color\" style=\"background: #336dab\"><\/span><\/h4><div class=\"mec-event-detail\">\r\n                        <div class=\"mec-event-loc-place\">Museo Arqueol\u00f3gico de Alicante (MARQ)<\/div>\r\n                        \r\n                    <\/div><\/div><div style=\"clear:both\"><\/div><\/article><article class=\"mec-event-article \"><div class=\"mec-event-image\"><img loading=\"lazy\" decoding=\"async\" width=\"300\" height=\"300\" src=\"https:\/\/alicanteturismo.com\/wp-content\/uploads\/2025\/02\/mubag_diputacion_alicante-5-300x300.webp\" class=\"attachment-thumblist size-thumblist wp-post-image\" alt=\"\" data-mec-postid=\"296402\" \/><\/div><div class=\"mec-monthly-contents\" style=\"width: calc(100% - 85px)\"><div class=\"mec-event-time mec-color\"><i class=\"mec-sl-clock-o\"><\/i> 10h00<\/div><h4 class=\"mec-event-title\"><a class=\"mec-color-hover\" data-event-id=\"296402\" href=\"https:\/\/alicanteturismo.com\/fr\/events\/exposicion-permanente-en-el-mubag-el-siglo-xix-coleccion-a-la-luz\/?occurrence=2026-09-13\" target=\"_self\" rel=\"noopener\">Exposici\u00f3n Permanente en el MUBAG. El siglo XIX. Colecci\u00f3n a la Luz<\/a><span class=\"event-color\" style=\"background: #336dab\"><\/span><\/h4><div class=\"mec-event-detail\">\r\n                        <div class=\"mec-event-loc-place\">Museo de Bellas Artes Gravina (MUBAG)<\/div>\r\n                        \r\n                    <\/div><\/div><div style=\"clear:both\"><\/div><\/article><article class=\"mec-event-article \"><div class=\"mec-event-image\"><img loading=\"lazy\" decoding=\"async\" width=\"300\" height=\"300\" src=\"https:\/\/alicanteturismo.com\/wp-content\/uploads\/2025\/02\/maca-museo-rotated-1-300x300.webp\" class=\"attachment-thumblist size-thumblist wp-post-image\" alt=\"\" data-mec-postid=\"296408\" \/><\/div><div class=\"mec-monthly-contents\" style=\"width: calc(100% - 85px)\"><div class=\"mec-event-time mec-color\"><i class=\"mec-sl-clock-o\"><\/i> 10h00<\/div><h4 class=\"mec-event-title\"><a class=\"mec-color-hover\" data-event-id=\"296408\" href=\"https:\/\/alicanteturismo.com\/fr\/events\/exposicion-permanente-maca\/?occurrence=2026-09-13\" target=\"_self\" rel=\"noopener\">Exposici\u00f3n Permanente MACA<\/a><span class=\"event-color\" style=\"background: #336dab\"><\/span><\/h4><div class=\"mec-event-detail\">\r\n                        <div class=\"mec-event-loc-place\">Contemporary Art Museum of Alicante (MACA)<\/div>\r\n                        \r\n                    <\/div><\/div><div style=\"clear:both\"><\/div><\/article><article class=\"mec-event-article \"><div class=\"mec-event-image\"><img loading=\"lazy\" decoding=\"async\" width=\"300\" height=\"300\" src=\"https:\/\/alicanteturismo.com\/wp-content\/uploads\/2026\/02\/degustacion-vinos-300x300.webp\" class=\"attachment-thumblist size-thumblist wp-post-image\" alt=\"\" data-mec-postid=\"317139\" \/><\/div><div class=\"mec-monthly-contents\" style=\"width: calc(100% - 85px)\"><h4 class=\"mec-event-title\"><a class=\"mec-color-hover\" data-event-id=\"317139\" href=\"https:\/\/alicanteturismo.com\/fr\/events\/degustacionvinosyproductosalicantinos\/?occurrence=2026-09-13\" target=\"_self\" rel=\"noopener\">Degustaci\u00f3n de 3 vinos D.O y Productos alicantinos<\/a><span class=\"event-color\" style=\"background: #dd823b\"><\/span><\/h4><div class=\"mec-event-detail\">\r\n                        <div class=\"mec-event-loc-place\"><\/div>\r\n                        \r\n                    <\/div><\/div><div style=\"clear:both\"><\/div><\/article><article class=\"mec-event-article \"><div class=\"mec-event-image\"><img loading=\"lazy\" decoding=\"async\" width=\"300\" height=\"300\" src=\"https:\/\/alicanteturismo.com\/wp-content\/uploads\/2026\/06\/image-expo-300x300.png\" class=\"attachment-thumblist size-thumblist wp-post-image\" alt=\"\" data-mec-postid=\"321070\" \/><\/div><div class=\"mec-monthly-contents\" style=\"width: calc(100% - 85px)\"><div class=\"mec-event-time mec-color\"><i class=\"mec-sl-clock-o\"><\/i> 10h00 - 20h00<\/div><h4 class=\"mec-event-title\"><a class=\"mec-color-hover\" data-event-id=\"321070\" href=\"https:\/\/alicanteturismo.com\/fr\/events\/exposition-temporaire-del-color-en-el-arte-coloramas-au-maca\/?occurrence=2026-09-13\" target=\"_self\" rel=\"noopener\">Exposition temporaire : \u00ab\u00a0Del color en el arte (Coloramas)\u00a0\u00bb au MACA<\/a><span class=\"event-color\" style=\"background: #dd9933\"><\/span><\/h4><div class=\"mec-event-detail\">\r\n                        <div class=\"mec-event-loc-place\">Contemporary Art Museum of Alicante (MACA)<\/div>\r\n                        \r\n                    <\/div><\/div><div style=\"clear:both\"><\/div><\/article><article class=\"mec-event-article \"><div class=\"mec-event-image\"><img loading=\"lazy\" decoding=\"async\" width=\"300\" height=\"300\" src=\"https:\/\/alicanteturismo.com\/wp-content\/uploads\/2025\/02\/Yacimiento-arqueologico-Lucentum.Lucentum-archaeological-remains-copia2-300x300.jpg\" class=\"attachment-thumblist size-thumblist wp-post-image\" alt=\"\" data-mec-postid=\"296353\" \/><\/div><div class=\"mec-monthly-contents\" style=\"width: calc(100% - 85px)\"><div class=\"mec-event-time mec-color\"><i class=\"mec-sl-clock-o\"><\/i> 10h30<\/div><h4 class=\"mec-event-title\"><a class=\"mec-color-hover\" data-event-id=\"296353\" href=\"https:\/\/alicanteturismo.com\/fr\/events\/visita-guiada-al-yacimiento-arqueologico-lucentum\/?occurrence=2026-09-13\" target=\"_self\" rel=\"noopener\">Visita guiada al yacimiento arqueol\u00f3gico Lucentum<\/a><span class=\"event-color\" style=\"background: #dd823b\"><\/span><\/h4><div class=\"mec-event-detail\">\r\n                        <div class=\"mec-event-loc-place\">Lucentum Tossal de Manises<\/div>\r\n                        \r\n                    <\/div><\/div><div style=\"clear:both\"><\/div><\/article><article class=\"mec-event-article \"><div class=\"mec-event-image\"><img loading=\"lazy\" decoding=\"async\" width=\"300\" height=\"300\" src=\"https:\/\/alicanteturismo.com\/wp-content\/uploads\/2026\/02\/castillo-degustaciones-chocolate-300x300.webp\" class=\"attachment-thumblist size-thumblist wp-post-image\" alt=\"\" data-mec-postid=\"317131\" \/><\/div><div class=\"mec-monthly-contents\" style=\"width: calc(100% - 85px)\"><div class=\"mec-event-time mec-color\"><i class=\"mec-sl-clock-o\"><\/i> 11h00 - 12h00<\/div><h4 class=\"mec-event-title\"><a class=\"mec-color-hover\" data-event-id=\"317131\" href=\"https:\/\/alicanteturismo.com\/fr\/events\/degustacionchocolatescastillosantabarbara\/?occurrence=2026-09-13\" target=\"_self\" rel=\"noopener\">Degustaci\u00f3n de chocolates y turrones de Alicante en el Castillo de Santa B\u00e1rbara<\/a><span class=\"event-color\" style=\"background: #dd823b\"><\/span><\/h4><div class=\"mec-event-detail\">\r\n                        <div class=\"mec-event-loc-place\">Ch\u00e2teau de Santa Barbara<\/div>\r\n                        \r\n                    <\/div><\/div><div style=\"clear:both\"><\/div><\/article><article class=\"mec-event-article \"><div class=\"mec-event-image\"><img loading=\"lazy\" decoding=\"async\" width=\"300\" height=\"300\" src=\"https:\/\/alicanteturismo.com\/wp-content\/uploads\/2025\/10\/Astroturismo-1-1-300x300.jpg\" class=\"attachment-thumblist size-thumblist wp-post-image\" alt=\"\" data-mec-postid=\"313302\" \/><\/div><div class=\"mec-monthly-contents\" style=\"width: calc(100% - 85px)\"><div class=\"mec-event-time mec-color\"><i class=\"mec-sl-clock-o\"><\/i> 20h30 - 23h30<\/div><h4 class=\"mec-event-title\"><a class=\"mec-color-hover\" data-event-id=\"313302\" href=\"https:\/\/alicanteturismo.com\/fr\/events\/astrotourism-and-stargazing-at-cabo-de-las-huertas-3\/?occurrence=2026-09-13\" target=\"_self\" rel=\"noopener\">Astrotourism and Stargazing at Cabo de las Huertas<\/a><\/h4><div class=\"mec-event-detail\">\r\n                        <div class=\"mec-event-loc-place\">Cabo de las Huertas, Alicante<\/div>\r\n                        \r\n                    <\/div><\/div><div style=\"clear:both\"><\/div><\/article><article class=\"mec-event-article \"><div class=\"mec-event-image\"><img loading=\"lazy\" decoding=\"async\" width=\"300\" height=\"300\" src=\"https:\/\/alicanteturismo.com\/wp-content\/uploads\/2026\/08\/descargar-1-1-300x300.png\" class=\"attachment-thumblist size-thumblist wp-post-image\" alt=\"\" data-mec-postid=\"322403\" \/><\/div><div class=\"mec-monthly-contents\" style=\"width: calc(100% - 85px)\"><div class=\"mec-event-time mec-color\"><i class=\"mec-sl-clock-o\"><\/i> 22h00<\/div><h4 class=\"mec-event-title\"><a class=\"mec-color-hover\" data-event-id=\"322403\" href=\"https:\/\/alicanteturismo.com\/fr\/events\/pablo-lopez-tournee-el-nino-del-espacio-2026-el-muelle-live\/?occurrence=2026-09-13\" target=\"_self\" rel=\"noopener\">Pablo L\u00f3pez &#8211; Tourn\u00e9e \u00ab El Ni\u00f1o del Espacio \u00bb 2026 EL Muelle Live<\/a><\/h4><div class=\"mec-event-detail\">\r\n                        <div class=\"mec-event-loc-place\">El Muelle Live<\/div>\r\n                        \r\n                    <\/div><\/div><div style=\"clear:both\"><\/div><\/article><\/div><div class=\"mec-calendar-events-sec\" id=\"mec-calendar-events-sec-mec1-20260914\" data-mec-cell=\"20260914\" ><h6 class=\"mec-table-side-title\">\u00c9v\u00e9nements pour le <span class=\"mec-color mec-table-side-day\"> 14th<\/span> septembre<\/h6><article class=\"mec-event-article \"><div class=\"mec-event-image\"><img fetchpriority=\"high\" decoding=\"async\" width=\"300\" height=\"300\" src=\"https:\/\/alicanteturismo.com\/wp-content\/uploads\/2025\/02\/castillo-de-santa-barbara-2016-Alicante-ERN_6938-29-copia-300x300.jpg\" class=\"attachment-thumblist size-thumblist wp-post-image\" alt=\"\" data-mec-postid=\"296389\" \/><\/div><div class=\"mec-monthly-contents\" style=\"width: calc(100% - 85px)\"><div class=\"mec-event-time mec-color\"><i class=\"mec-sl-clock-o\"><\/i> Journ\u00e9e enti\u00e8re<\/div><h4 class=\"mec-event-title\"><a class=\"mec-color-hover\" data-event-id=\"296389\" href=\"https:\/\/alicanteturismo.com\/fr\/events\/exposicion-permanente-musa\/?occurrence=2026-09-14\" target=\"_self\" rel=\"noopener\">Exposici\u00f3n Permanente MUSA<\/a><span class=\"event-color\" style=\"background: #336dab\"><\/span><\/h4><div class=\"mec-event-detail\">\r\n                        <div class=\"mec-event-loc-place\">Ch\u00e2teau de Santa Barbara<\/div>\r\n                        \r\n                    <\/div><\/div><div style=\"clear:both\"><\/div><\/article><article class=\"mec-event-article \"><div class=\"mec-event-image\"><img decoding=\"async\" width=\"300\" height=\"300\" src=\"https:\/\/alicanteturismo.com\/wp-content\/uploads\/2025\/10\/Via-lactea-Isla-de-Tabarca-300x300.jpg\" class=\"attachment-thumblist size-thumblist wp-post-image\" alt=\"\" data-mec-postid=\"313076\" \/><\/div><div class=\"mec-monthly-contents\" style=\"width: calc(100% - 85px)\"><h4 class=\"mec-event-title\"><a class=\"mec-color-hover\" data-event-id=\"313076\" href=\"https:\/\/alicanteturismo.com\/fr\/events\/stargazing-on-tabarca-island\/?occurrence=2026-09-14&amp;time=1789372800\" target=\"_self\" rel=\"noopener\">Stargazing on Tabarca Island<\/a><\/h4><div class=\"mec-event-detail\">\r\n                        <div class=\"mec-event-loc-place\">Isla Tabarca<\/div>\r\n                        \r\n                    <\/div><\/div><div style=\"clear:both\"><\/div><\/article><article class=\"mec-event-article \"><div class=\"mec-event-image\"><img decoding=\"async\" width=\"300\" height=\"300\" src=\"https:\/\/alicanteturismo.com\/wp-content\/uploads\/2026\/02\/tabarca-boat-tour-300x300.jpg\" class=\"attachment-thumblist size-thumblist wp-post-image\" alt=\"\" data-mec-postid=\"317118\" \/><\/div><div class=\"mec-monthly-contents\" style=\"width: calc(100% - 85px)\"><h4 class=\"mec-event-title\"><a class=\"mec-color-hover\" data-event-id=\"317118\" href=\"https:\/\/alicanteturismo.com\/fr\/events\/tabarca-boat-tour\/?occurrence=2026-09-14\" target=\"_self\" rel=\"noopener\">Tabarca Boat Tour<\/a><span class=\"event-color\" style=\"background: #bfb417\"><\/span><\/h4><div class=\"mec-event-detail\">\r\n                        <div class=\"mec-event-loc-place\">Alicante<\/div>\r\n                        \r\n                    <\/div><\/div><div style=\"clear:both\"><\/div><\/article><article class=\"mec-event-article \"><div class=\"mec-event-image\"><img loading=\"lazy\" decoding=\"async\" width=\"300\" height=\"300\" src=\"https:\/\/alicanteturismo.com\/wp-content\/uploads\/2026\/02\/tabarca-boat-tour-300x300.jpg\" class=\"attachment-thumblist size-thumblist wp-post-image\" alt=\"\" data-mec-postid=\"317126\" \/><\/div><div class=\"mec-monthly-contents\" style=\"width: calc(100% - 85px)\"><h4 class=\"mec-event-title\"><a class=\"mec-color-hover\" data-event-id=\"317126\" href=\"https:\/\/www.alicanteboattours.com\/costa-boat-tour?occurrence=2026-09-14\" target=\"_self\" rel=\"noopener\">Costa Boat Tour<\/a><span class=\"event-color\" style=\"background: #00a0d2\"><\/span><\/h4><div class=\"mec-event-detail\">\r\n                        <div class=\"mec-event-loc-place\">Alicante Catamaran Aventurero<\/div>\r\n                        \r\n                    <\/div><\/div><div style=\"clear:both\"><\/div><\/article><article class=\"mec-event-article \"><div class=\"mec-event-image\"><img loading=\"lazy\" decoding=\"async\" width=\"300\" height=\"168\" src=\"https:\/\/alicanteturismo.com\/wp-content\/uploads\/2024\/05\/CABO-HUERTA-ALICANTE.jpg\" class=\"attachment-thumblist size-thumblist wp-post-image\" alt=\"\" data-mec-postid=\"317264\" \/><\/div><div class=\"mec-monthly-contents\" style=\"width: calc(100% - 85px)\"><div class=\"mec-event-time mec-color\"><i class=\"mec-sl-clock-o\"><\/i> 8h00 - 18h00<\/div><h4 class=\"mec-event-title\"><a class=\"mec-color-hover\" data-event-id=\"317264\" href=\"https:\/\/www.alicanteboattours.com\/bahia-boat-tour?occurrence=2026-09-14\" target=\"_self\" rel=\"noopener\">Bah\u00eda Boat Tour<\/a><span class=\"event-color\" style=\"background: #00a0d2\"><\/span><\/h4><div class=\"mec-event-detail\">\r\n                        <div class=\"mec-event-loc-place\">Alicante<\/div>\r\n                        \r\n                    <\/div><\/div><div style=\"clear:both\"><\/div><\/article><article class=\"mec-event-article \"><div class=\"mec-event-image\"><img loading=\"lazy\" decoding=\"async\" width=\"300\" height=\"300\" src=\"https:\/\/alicanteturismo.com\/wp-content\/uploads\/2026\/07\/descargar-1-300x300.png\" class=\"attachment-thumblist size-thumblist wp-post-image\" alt=\"\" data-mec-postid=\"321395\" \/><\/div><div class=\"mec-monthly-contents\" style=\"width: calc(100% - 85px)\"><div class=\"mec-event-time mec-color\"><i class=\"mec-sl-clock-o\"><\/i> Journ\u00e9e enti\u00e8re<\/div><h4 class=\"mec-event-title\"><a class=\"mec-color-hover\" data-event-id=\"321395\" href=\"https:\/\/alicanteturismo.com\/fr\/events\/exposition-lor-et-lunivers-savoirs-autochtones-de-colombie-au-marq\/?occurrence=2026-09-14\" target=\"_self\" rel=\"noopener\">Exposition \u00ab L&rsquo;OR ET L&rsquo;UNIVERS. Savoirs autochtones de Colombie \u00bb au MARQ<\/a><span class=\"event-color\" style=\"background: #dd9933\"><\/span><\/h4><div class=\"mec-event-detail\">\r\n                        <div class=\"mec-event-loc-place\"><\/div>\r\n                        \r\n                    <\/div><\/div><div style=\"clear:both\"><\/div><\/article><article class=\"mec-event-article \"><div class=\"mec-event-image\"><img loading=\"lazy\" decoding=\"async\" width=\"300\" height=\"300\" src=\"https:\/\/alicanteturismo.com\/wp-content\/uploads\/2026\/08\/descargar-1-300x300.png\" class=\"attachment-thumblist size-thumblist wp-post-image\" alt=\"\" data-mec-postid=\"322070\" \/><\/div><div class=\"mec-monthly-contents\" style=\"width: calc(100% - 85px)\"><h4 class=\"mec-event-title\"><a class=\"mec-color-hover\" data-event-id=\"322070\" href=\"https:\/\/alicanteturismo.com\/fr\/events\/visites-guidees-des-abris-anti-aeriens-et-du-centre-dinterpretation-de-la-guerre-civile\/?occurrence=2026-09-14\" target=\"_self\" rel=\"noopener\">Visites guid\u00e9es des abris anti-a\u00e9riens et du centre d&rsquo;interpr\u00e9tation de la guerre civile<\/a><span class=\"event-color\" style=\"background: #1e73be\"><\/span><\/h4><div class=\"mec-event-detail\">\r\n                        <div class=\"mec-event-loc-place\"><\/div>\r\n                        \r\n                    <\/div><\/div><div style=\"clear:both\"><\/div><\/article><article class=\"mec-event-article \"><div class=\"mec-event-image\"><img loading=\"lazy\" decoding=\"async\" width=\"300\" height=\"300\" src=\"https:\/\/alicanteturismo.com\/wp-content\/uploads\/2025\/02\/Yacimiento-arqueologico-Lucentum.Lucentum-archaeological-remains-copia2-300x300.jpg\" class=\"attachment-thumblist size-thumblist wp-post-image\" alt=\"\" data-mec-postid=\"296353\" \/><\/div><div class=\"mec-monthly-contents\" style=\"width: calc(100% - 85px)\"><div class=\"mec-event-time mec-color\"><i class=\"mec-sl-clock-o\"><\/i> 10h30<\/div><h4 class=\"mec-event-title\"><a class=\"mec-color-hover\" data-event-id=\"296353\" href=\"https:\/\/alicanteturismo.com\/fr\/events\/visita-guiada-al-yacimiento-arqueologico-lucentum\/?occurrence=2026-09-14\" target=\"_self\" rel=\"noopener\">Visita guiada al yacimiento arqueol\u00f3gico Lucentum<\/a><span class=\"event-color\" style=\"background: #dd823b\"><\/span><\/h4><div class=\"mec-event-detail\">\r\n                        <div class=\"mec-event-loc-place\">Lucentum Tossal de Manises<\/div>\r\n                        \r\n                    <\/div><\/div><div style=\"clear:both\"><\/div><\/article><article class=\"mec-event-article \"><div class=\"mec-event-image\"><img loading=\"lazy\" decoding=\"async\" width=\"300\" height=\"300\" src=\"https:\/\/alicanteturismo.com\/wp-content\/uploads\/2025\/10\/Astroturismo-1-1-300x300.jpg\" class=\"attachment-thumblist size-thumblist wp-post-image\" alt=\"\" data-mec-postid=\"313302\" \/><\/div><div class=\"mec-monthly-contents\" style=\"width: calc(100% - 85px)\"><div class=\"mec-event-time mec-color\"><i class=\"mec-sl-clock-o\"><\/i> 20h30 - 23h30<\/div><h4 class=\"mec-event-title\"><a class=\"mec-color-hover\" data-event-id=\"313302\" href=\"https:\/\/alicanteturismo.com\/fr\/events\/astrotourism-and-stargazing-at-cabo-de-las-huertas-3\/?occurrence=2026-09-14\" target=\"_self\" rel=\"noopener\">Astrotourism and Stargazing at Cabo de las Huertas<\/a><\/h4><div class=\"mec-event-detail\">\r\n                        <div class=\"mec-event-loc-place\">Cabo de las Huertas, Alicante<\/div>\r\n                        \r\n                    <\/div><\/div><div style=\"clear:both\"><\/div><\/article><\/div><div class=\"mec-calendar-events-sec\" id=\"mec-calendar-events-sec-mec1-20260915\" data-mec-cell=\"20260915\" ><h6 class=\"mec-table-side-title\">\u00c9v\u00e9nements pour le <span class=\"mec-color mec-table-side-day\"> 15th<\/span> septembre<\/h6><article class=\"mec-event-article \"><div class=\"mec-event-image\"><img fetchpriority=\"high\" decoding=\"async\" width=\"300\" height=\"300\" src=\"https:\/\/alicanteturismo.com\/wp-content\/uploads\/2025\/02\/castillo-de-santa-barbara-2016-Alicante-ERN_6938-29-copia-300x300.jpg\" class=\"attachment-thumblist size-thumblist wp-post-image\" alt=\"\" data-mec-postid=\"296389\" \/><\/div><div class=\"mec-monthly-contents\" style=\"width: calc(100% - 85px)\"><div class=\"mec-event-time mec-color\"><i class=\"mec-sl-clock-o\"><\/i> Journ\u00e9e enti\u00e8re<\/div><h4 class=\"mec-event-title\"><a class=\"mec-color-hover\" data-event-id=\"296389\" href=\"https:\/\/alicanteturismo.com\/fr\/events\/exposicion-permanente-musa\/?occurrence=2026-09-15\" target=\"_self\" rel=\"noopener\">Exposici\u00f3n Permanente MUSA<\/a><span class=\"event-color\" style=\"background: #336dab\"><\/span><\/h4><div class=\"mec-event-detail\">\r\n                        <div class=\"mec-event-loc-place\">Ch\u00e2teau de Santa Barbara<\/div>\r\n                        \r\n                    <\/div><\/div><div style=\"clear:both\"><\/div><\/article><article class=\"mec-event-article \"><div class=\"mec-event-image\"><img decoding=\"async\" width=\"300\" height=\"300\" src=\"https:\/\/alicanteturismo.com\/wp-content\/uploads\/2025\/10\/Via-lactea-Isla-de-Tabarca-300x300.jpg\" class=\"attachment-thumblist size-thumblist wp-post-image\" alt=\"\" data-mec-postid=\"313076\" \/><\/div><div class=\"mec-monthly-contents\" style=\"width: calc(100% - 85px)\"><h4 class=\"mec-event-title\"><a class=\"mec-color-hover\" data-event-id=\"313076\" href=\"https:\/\/alicanteturismo.com\/fr\/events\/stargazing-on-tabarca-island\/?occurrence=2026-09-15&amp;time=1789459200\" target=\"_self\" rel=\"noopener\">Stargazing on Tabarca Island<\/a><\/h4><div class=\"mec-event-detail\">\r\n                        <div class=\"mec-event-loc-place\">Isla Tabarca<\/div>\r\n                        \r\n                    <\/div><\/div><div style=\"clear:both\"><\/div><\/article><article class=\"mec-event-article \"><div class=\"mec-event-image\"><img decoding=\"async\" width=\"300\" height=\"300\" src=\"https:\/\/alicanteturismo.com\/wp-content\/uploads\/2026\/02\/tabarca-boat-tour-300x300.jpg\" class=\"attachment-thumblist size-thumblist wp-post-image\" alt=\"\" data-mec-postid=\"317118\" \/><\/div><div class=\"mec-monthly-contents\" style=\"width: calc(100% - 85px)\"><h4 class=\"mec-event-title\"><a class=\"mec-color-hover\" data-event-id=\"317118\" href=\"https:\/\/alicanteturismo.com\/fr\/events\/tabarca-boat-tour\/?occurrence=2026-09-15\" target=\"_self\" rel=\"noopener\">Tabarca Boat Tour<\/a><span class=\"event-color\" style=\"background: #bfb417\"><\/span><\/h4><div class=\"mec-event-detail\">\r\n                        <div class=\"mec-event-loc-place\">Alicante<\/div>\r\n                        \r\n                    <\/div><\/div><div style=\"clear:both\"><\/div><\/article><article class=\"mec-event-article \"><div class=\"mec-event-image\"><img loading=\"lazy\" decoding=\"async\" width=\"300\" height=\"300\" src=\"https:\/\/alicanteturismo.com\/wp-content\/uploads\/2026\/02\/tabarca-boat-tour-300x300.jpg\" class=\"attachment-thumblist size-thumblist wp-post-image\" alt=\"\" data-mec-postid=\"317126\" \/><\/div><div class=\"mec-monthly-contents\" style=\"width: calc(100% - 85px)\"><h4 class=\"mec-event-title\"><a class=\"mec-color-hover\" data-event-id=\"317126\" href=\"https:\/\/www.alicanteboattours.com\/costa-boat-tour?occurrence=2026-09-15\" target=\"_self\" rel=\"noopener\">Costa Boat Tour<\/a><span class=\"event-color\" style=\"background: #00a0d2\"><\/span><\/h4><div class=\"mec-event-detail\">\r\n                        <div class=\"mec-event-loc-place\">Alicante Catamaran Aventurero<\/div>\r\n                        \r\n                    <\/div><\/div><div style=\"clear:both\"><\/div><\/article><article class=\"mec-event-article \"><div class=\"mec-event-image\"><img loading=\"lazy\" decoding=\"async\" width=\"300\" height=\"168\" src=\"https:\/\/alicanteturismo.com\/wp-content\/uploads\/2024\/05\/CABO-HUERTA-ALICANTE.jpg\" class=\"attachment-thumblist size-thumblist wp-post-image\" alt=\"\" data-mec-postid=\"317264\" \/><\/div><div class=\"mec-monthly-contents\" style=\"width: calc(100% - 85px)\"><div class=\"mec-event-time mec-color\"><i class=\"mec-sl-clock-o\"><\/i> 8h00 - 18h00<\/div><h4 class=\"mec-event-title\"><a class=\"mec-color-hover\" data-event-id=\"317264\" href=\"https:\/\/www.alicanteboattours.com\/bahia-boat-tour?occurrence=2026-09-15\" target=\"_self\" rel=\"noopener\">Bah\u00eda Boat Tour<\/a><span class=\"event-color\" style=\"background: #00a0d2\"><\/span><\/h4><div class=\"mec-event-detail\">\r\n                        <div class=\"mec-event-loc-place\">Alicante<\/div>\r\n                        \r\n                    <\/div><\/div><div style=\"clear:both\"><\/div><\/article><article class=\"mec-event-article \"><div class=\"mec-event-image\"><img loading=\"lazy\" decoding=\"async\" width=\"300\" height=\"300\" src=\"https:\/\/alicanteturismo.com\/wp-content\/uploads\/2026\/05\/marq-expo-300x300.jpg\" class=\"attachment-thumblist size-thumblist wp-post-image\" alt=\"\" data-mec-postid=\"320214\" \/><\/div><div class=\"mec-monthly-contents\" style=\"width: calc(100% - 85px)\"><div class=\"mec-event-time mec-color\"><i class=\"mec-sl-clock-o\"><\/i> Journ\u00e9e enti\u00e8re<\/div><h4 class=\"mec-event-title\"><a class=\"mec-color-hover\" data-event-id=\"320214\" href=\"https:\/\/alicanteturismo.com\/fr\/events\/rituales-de-pastores-exposicion-en-el-marq-canibalismo-y-enterramientos-en-la-cova-de-randero\/?occurrence=2026-09-15\" target=\"_self\" rel=\"noopener\">Rituales de pastores. Exposici\u00f3n en el MARQ: Canibalismo y enterramientos en la Cova de Randero<\/a><span class=\"event-color\" style=\"background: #336dab\"><\/span><\/h4><div class=\"mec-event-detail\">\r\n                        <div class=\"mec-event-loc-place\"><\/div>\r\n                        \r\n                    <\/div><\/div><div style=\"clear:both\"><\/div><\/article><article class=\"mec-event-article \"><div class=\"mec-event-image\"><img loading=\"lazy\" decoding=\"async\" width=\"300\" height=\"300\" src=\"https:\/\/alicanteturismo.com\/wp-content\/uploads\/2026\/06\/d5ac5a84-ac33-061c-0536-2bbb1a525433-300x300.png\" class=\"attachment-thumblist size-thumblist wp-post-image\" alt=\"\" data-mec-postid=\"321036\" \/><\/div><div class=\"mec-monthly-contents\" style=\"width: calc(100% - 85px)\"><div class=\"mec-event-time mec-color\"><i class=\"mec-sl-clock-o\"><\/i> Journ\u00e9e enti\u00e8re<\/div><h4 class=\"mec-event-title\"><a class=\"mec-color-hover\" data-event-id=\"321036\" href=\"https:\/\/alicanteturismo.com\/fr\/events\/exposition-de-par-en-par-a-la-fondation-mediterranee\/?occurrence=2026-09-15\" target=\"_self\" rel=\"noopener\">Exposition \u00ab\u00a0De par en par\u00a0\u00bb \u00e0 la Fondation M\u00e9diterran\u00e9e<\/a><span class=\"event-color\" style=\"background: #1e73be\"><\/span><\/h4><div class=\"mec-event-detail\">\r\n                        <div class=\"mec-event-loc-place\">Salle d&#039;exposition<\/div>\r\n                        \r\n                    <\/div><\/div><div style=\"clear:both\"><\/div><\/article><article class=\"mec-event-article \"><div class=\"mec-event-image\"><img loading=\"lazy\" decoding=\"async\" width=\"300\" height=\"300\" src=\"https:\/\/alicanteturismo.com\/wp-content\/uploads\/2026\/07\/descargar-1-300x300.png\" class=\"attachment-thumblist size-thumblist wp-post-image\" alt=\"\" data-mec-postid=\"321395\" \/><\/div><div class=\"mec-monthly-contents\" style=\"width: calc(100% - 85px)\"><div class=\"mec-event-time mec-color\"><i class=\"mec-sl-clock-o\"><\/i> Journ\u00e9e enti\u00e8re<\/div><h4 class=\"mec-event-title\"><a class=\"mec-color-hover\" data-event-id=\"321395\" href=\"https:\/\/alicanteturismo.com\/fr\/events\/exposition-lor-et-lunivers-savoirs-autochtones-de-colombie-au-marq\/?occurrence=2026-09-15\" target=\"_self\" rel=\"noopener\">Exposition \u00ab L&rsquo;OR ET L&rsquo;UNIVERS. Savoirs autochtones de Colombie \u00bb au MARQ<\/a><span class=\"event-color\" style=\"background: #dd9933\"><\/span><\/h4><div class=\"mec-event-detail\">\r\n                        <div class=\"mec-event-loc-place\"><\/div>\r\n                        \r\n                    <\/div><\/div><div style=\"clear:both\"><\/div><\/article><article class=\"mec-event-article \"><div class=\"mec-event-image\"><img loading=\"lazy\" decoding=\"async\" width=\"300\" height=\"300\" src=\"https:\/\/alicanteturismo.com\/wp-content\/uploads\/2026\/08\/descargar-1-300x300.png\" class=\"attachment-thumblist size-thumblist wp-post-image\" alt=\"\" data-mec-postid=\"322070\" \/><\/div><div class=\"mec-monthly-contents\" style=\"width: calc(100% - 85px)\"><h4 class=\"mec-event-title\"><a class=\"mec-color-hover\" data-event-id=\"322070\" href=\"https:\/\/alicanteturismo.com\/fr\/events\/visites-guidees-des-abris-anti-aeriens-et-du-centre-dinterpretation-de-la-guerre-civile\/?occurrence=2026-09-15\" target=\"_self\" rel=\"noopener\">Visites guid\u00e9es des abris anti-a\u00e9riens et du centre d&rsquo;interpr\u00e9tation de la guerre civile<\/a><span class=\"event-color\" style=\"background: #1e73be\"><\/span><\/h4><div class=\"mec-event-detail\">\r\n                        <div class=\"mec-event-loc-place\"><\/div>\r\n                        \r\n                    <\/div><\/div><div style=\"clear:both\"><\/div><\/article><article class=\"mec-event-article \"><div class=\"mec-event-image\"><img loading=\"lazy\" decoding=\"async\" width=\"300\" height=\"300\" src=\"https:\/\/alicanteturismo.com\/wp-content\/uploads\/2025\/02\/MA07110494-300x300.jpg\" class=\"attachment-thumblist size-thumblist wp-post-image\" alt=\"\" data-mec-postid=\"296395\" \/><\/div><div class=\"mec-monthly-contents\" style=\"width: calc(100% - 85px)\"><div class=\"mec-event-time mec-color\"><i class=\"mec-sl-clock-o\"><\/i> 10h00<\/div><h4 class=\"mec-event-title\"><a class=\"mec-color-hover\" data-event-id=\"296395\" href=\"https:\/\/alicanteturismo.com\/fr\/events\/exposicion-permanente-marq\/?occurrence=2026-09-15\" target=\"_self\" rel=\"noopener\">Exposici\u00f3n Permanente MARQ<\/a><span class=\"event-color\" style=\"background: #336dab\"><\/span><\/h4><div class=\"mec-event-detail\">\r\n                        <div class=\"mec-event-loc-place\">Museo Arqueol\u00f3gico de Alicante (MARQ)<\/div>\r\n                        \r\n                    <\/div><\/div><div style=\"clear:both\"><\/div><\/article><article class=\"mec-event-article \"><div class=\"mec-event-image\"><img loading=\"lazy\" decoding=\"async\" width=\"300\" height=\"300\" src=\"https:\/\/alicanteturismo.com\/wp-content\/uploads\/2025\/02\/mubag_diputacion_alicante-5-300x300.webp\" class=\"attachment-thumblist size-thumblist wp-post-image\" alt=\"\" data-mec-postid=\"296402\" \/><\/div><div class=\"mec-monthly-contents\" style=\"width: calc(100% - 85px)\"><div class=\"mec-event-time mec-color\"><i class=\"mec-sl-clock-o\"><\/i> 10h00<\/div><h4 class=\"mec-event-title\"><a class=\"mec-color-hover\" data-event-id=\"296402\" href=\"https:\/\/alicanteturismo.com\/fr\/events\/exposicion-permanente-en-el-mubag-el-siglo-xix-coleccion-a-la-luz\/?occurrence=2026-09-15\" target=\"_self\" rel=\"noopener\">Exposici\u00f3n Permanente en el MUBAG. El siglo XIX. Colecci\u00f3n a la Luz<\/a><span class=\"event-color\" style=\"background: #336dab\"><\/span><\/h4><div class=\"mec-event-detail\">\r\n                        <div class=\"mec-event-loc-place\">Museo de Bellas Artes Gravina (MUBAG)<\/div>\r\n                        \r\n                    <\/div><\/div><div style=\"clear:both\"><\/div><\/article><article class=\"mec-event-article \"><div class=\"mec-event-image\"><img loading=\"lazy\" decoding=\"async\" width=\"300\" height=\"300\" src=\"https:\/\/alicanteturismo.com\/wp-content\/uploads\/2025\/02\/maca-museo-rotated-1-300x300.webp\" class=\"attachment-thumblist size-thumblist wp-post-image\" alt=\"\" data-mec-postid=\"296408\" \/><\/div><div class=\"mec-monthly-contents\" style=\"width: calc(100% - 85px)\"><div class=\"mec-event-time mec-color\"><i class=\"mec-sl-clock-o\"><\/i> 10h00<\/div><h4 class=\"mec-event-title\"><a class=\"mec-color-hover\" data-event-id=\"296408\" href=\"https:\/\/alicanteturismo.com\/fr\/events\/exposicion-permanente-maca\/?occurrence=2026-09-15\" target=\"_self\" rel=\"noopener\">Exposici\u00f3n Permanente MACA<\/a><span class=\"event-color\" style=\"background: #336dab\"><\/span><\/h4><div class=\"mec-event-detail\">\r\n                        <div class=\"mec-event-loc-place\">Contemporary Art Museum of Alicante (MACA)<\/div>\r\n                        \r\n                    <\/div><\/div><div style=\"clear:both\"><\/div><\/article><article class=\"mec-event-article \"><div class=\"mec-event-image\"><img loading=\"lazy\" decoding=\"async\" width=\"300\" height=\"300\" src=\"https:\/\/alicanteturismo.com\/wp-content\/uploads\/2026\/07\/descargar-2-300x300.png\" class=\"attachment-thumblist size-thumblist wp-post-image\" alt=\"\" data-mec-postid=\"321763\" \/><\/div><div class=\"mec-monthly-contents\" style=\"width: calc(100% - 85px)\"><div class=\"mec-event-time mec-color\"><i class=\"mec-sl-clock-o\"><\/i> 10h00 - 21h30<\/div><h4 class=\"mec-event-title\"><a class=\"mec-color-hover\" data-event-id=\"321763\" href=\"https:\/\/alicanteturismo.com\/fr\/events\/exposicion-la-firmeza-de-un-instante-de-jesus-madrinan-en-las-cigarreras\/?occurrence=2026-09-15\" target=\"_self\" rel=\"noopener\">Exposici\u00f3n \u201cLa firmeza de un instante\u201d de Jes\u00fas Madri\u00f1\u00e1n en Las Cigarreras<\/a><span class=\"event-color\" style=\"background: #336dab\"><\/span><\/h4><div class=\"mec-event-detail\">\r\n                        <div class=\"mec-event-loc-place\">Centre culturel Las Cigarreras<\/div>\r\n                        \r\n                    <\/div><\/div><div style=\"clear:both\"><\/div><\/article><article class=\"mec-event-article \"><div class=\"mec-event-image\"><img loading=\"lazy\" decoding=\"async\" width=\"300\" height=\"300\" src=\"https:\/\/alicanteturismo.com\/wp-content\/uploads\/2025\/02\/Yacimiento-arqueologico-Lucentum.Lucentum-archaeological-remains-copia2-300x300.jpg\" class=\"attachment-thumblist size-thumblist wp-post-image\" alt=\"\" data-mec-postid=\"296353\" \/><\/div><div class=\"mec-monthly-contents\" style=\"width: calc(100% - 85px)\"><div class=\"mec-event-time mec-color\"><i class=\"mec-sl-clock-o\"><\/i> 10h30<\/div><h4 class=\"mec-event-title\"><a class=\"mec-color-hover\" data-event-id=\"296353\" href=\"https:\/\/alicanteturismo.com\/fr\/events\/visita-guiada-al-yacimiento-arqueologico-lucentum\/?occurrence=2026-09-15\" target=\"_self\" rel=\"noopener\">Visita guiada al yacimiento arqueol\u00f3gico Lucentum<\/a><span class=\"event-color\" style=\"background: #dd823b\"><\/span><\/h4><div class=\"mec-event-detail\">\r\n                        <div class=\"mec-event-loc-place\">Lucentum Tossal de Manises<\/div>\r\n                        \r\n                    <\/div><\/div><div style=\"clear:both\"><\/div><\/article><article class=\"mec-event-article \"><div class=\"mec-event-image\"><img loading=\"lazy\" decoding=\"async\" width=\"300\" height=\"300\" src=\"https:\/\/alicanteturismo.com\/wp-content\/uploads\/2025\/10\/Astroturismo-1-1-300x300.jpg\" class=\"attachment-thumblist size-thumblist wp-post-image\" alt=\"\" data-mec-postid=\"313302\" \/><\/div><div class=\"mec-monthly-contents\" style=\"width: calc(100% - 85px)\"><div class=\"mec-event-time mec-color\"><i class=\"mec-sl-clock-o\"><\/i> 20h30 - 23h30<\/div><h4 class=\"mec-event-title\"><a class=\"mec-color-hover\" data-event-id=\"313302\" href=\"https:\/\/alicanteturismo.com\/fr\/events\/astrotourism-and-stargazing-at-cabo-de-las-huertas-3\/?occurrence=2026-09-15\" target=\"_self\" rel=\"noopener\">Astrotourism and Stargazing at Cabo de las Huertas<\/a><\/h4><div class=\"mec-event-detail\">\r\n                        <div class=\"mec-event-loc-place\">Cabo de las Huertas, Alicante<\/div>\r\n                        \r\n                    <\/div><\/div><div style=\"clear:both\"><\/div><\/article><\/div><div class=\"mec-calendar-events-sec\" id=\"mec-calendar-events-sec-mec1-20260916\" data-mec-cell=\"20260916\" ><h6 class=\"mec-table-side-title\">\u00c9v\u00e9nements pour le <span class=\"mec-color mec-table-side-day\"> 16th<\/span> septembre<\/h6><article class=\"mec-event-article \"><div class=\"mec-event-image\"><img fetchpriority=\"high\" decoding=\"async\" width=\"300\" height=\"300\" src=\"https:\/\/alicanteturismo.com\/wp-content\/uploads\/2025\/02\/castillo-de-santa-barbara-2016-Alicante-ERN_6938-29-copia-300x300.jpg\" class=\"attachment-thumblist size-thumblist wp-post-image\" alt=\"\" data-mec-postid=\"296389\" \/><\/div><div class=\"mec-monthly-contents\" style=\"width: calc(100% - 85px)\"><div class=\"mec-event-time mec-color\"><i class=\"mec-sl-clock-o\"><\/i> Journ\u00e9e enti\u00e8re<\/div><h4 class=\"mec-event-title\"><a class=\"mec-color-hover\" data-event-id=\"296389\" href=\"https:\/\/alicanteturismo.com\/fr\/events\/exposicion-permanente-musa\/?occurrence=2026-09-16\" target=\"_self\" rel=\"noopener\">Exposici\u00f3n Permanente MUSA<\/a><span class=\"event-color\" style=\"background: #336dab\"><\/span><\/h4><div class=\"mec-event-detail\">\r\n                        <div class=\"mec-event-loc-place\">Ch\u00e2teau de Santa Barbara<\/div>\r\n                        \r\n                    <\/div><\/div><div style=\"clear:both\"><\/div><\/article><article class=\"mec-event-article \"><div class=\"mec-event-image\"><img decoding=\"async\" width=\"300\" height=\"300\" src=\"https:\/\/alicanteturismo.com\/wp-content\/uploads\/2025\/10\/Via-lactea-Isla-de-Tabarca-300x300.jpg\" class=\"attachment-thumblist size-thumblist wp-post-image\" alt=\"\" data-mec-postid=\"313076\" \/><\/div><div class=\"mec-monthly-contents\" style=\"width: calc(100% - 85px)\"><h4 class=\"mec-event-title\"><a class=\"mec-color-hover\" data-event-id=\"313076\" href=\"https:\/\/alicanteturismo.com\/fr\/events\/stargazing-on-tabarca-island\/?occurrence=2026-09-16&amp;time=1789545600\" target=\"_self\" rel=\"noopener\">Stargazing on Tabarca Island<\/a><\/h4><div class=\"mec-event-detail\">\r\n                        <div class=\"mec-event-loc-place\">Isla Tabarca<\/div>\r\n                        \r\n                    <\/div><\/div><div style=\"clear:both\"><\/div><\/article><article class=\"mec-event-article \"><div class=\"mec-event-image\"><img decoding=\"async\" width=\"300\" height=\"300\" src=\"https:\/\/alicanteturismo.com\/wp-content\/uploads\/2026\/02\/tabarca-boat-tour-300x300.jpg\" class=\"attachment-thumblist size-thumblist wp-post-image\" alt=\"\" data-mec-postid=\"317118\" \/><\/div><div class=\"mec-monthly-contents\" style=\"width: calc(100% - 85px)\"><h4 class=\"mec-event-title\"><a class=\"mec-color-hover\" data-event-id=\"317118\" href=\"https:\/\/alicanteturismo.com\/fr\/events\/tabarca-boat-tour\/?occurrence=2026-09-16\" target=\"_self\" rel=\"noopener\">Tabarca Boat Tour<\/a><span class=\"event-color\" style=\"background: #bfb417\"><\/span><\/h4><div class=\"mec-event-detail\">\r\n                        <div class=\"mec-event-loc-place\">Alicante<\/div>\r\n                        \r\n                    <\/div><\/div><div style=\"clear:both\"><\/div><\/article><article class=\"mec-event-article \"><div class=\"mec-event-image\"><img loading=\"lazy\" decoding=\"async\" width=\"300\" height=\"300\" src=\"https:\/\/alicanteturismo.com\/wp-content\/uploads\/2026\/02\/tabarca-boat-tour-300x300.jpg\" class=\"attachment-thumblist size-thumblist wp-post-image\" alt=\"\" data-mec-postid=\"317126\" \/><\/div><div class=\"mec-monthly-contents\" style=\"width: calc(100% - 85px)\"><h4 class=\"mec-event-title\"><a class=\"mec-color-hover\" data-event-id=\"317126\" href=\"https:\/\/www.alicanteboattours.com\/costa-boat-tour?occurrence=2026-09-16\" target=\"_self\" rel=\"noopener\">Costa Boat Tour<\/a><span class=\"event-color\" style=\"background: #00a0d2\"><\/span><\/h4><div class=\"mec-event-detail\">\r\n                        <div class=\"mec-event-loc-place\">Alicante Catamaran Aventurero<\/div>\r\n                        \r\n                    <\/div><\/div><div style=\"clear:both\"><\/div><\/article><article class=\"mec-event-article \"><div class=\"mec-event-image\"><img loading=\"lazy\" decoding=\"async\" width=\"300\" height=\"168\" src=\"https:\/\/alicanteturismo.com\/wp-content\/uploads\/2024\/05\/CABO-HUERTA-ALICANTE.jpg\" class=\"attachment-thumblist size-thumblist wp-post-image\" alt=\"\" data-mec-postid=\"317264\" \/><\/div><div class=\"mec-monthly-contents\" style=\"width: calc(100% - 85px)\"><div class=\"mec-event-time mec-color\"><i class=\"mec-sl-clock-o\"><\/i> 8h00 - 18h00<\/div><h4 class=\"mec-event-title\"><a class=\"mec-color-hover\" data-event-id=\"317264\" href=\"https:\/\/www.alicanteboattours.com\/bahia-boat-tour?occurrence=2026-09-16\" target=\"_self\" rel=\"noopener\">Bah\u00eda Boat Tour<\/a><span class=\"event-color\" style=\"background: #00a0d2\"><\/span><\/h4><div class=\"mec-event-detail\">\r\n                        <div class=\"mec-event-loc-place\">Alicante<\/div>\r\n                        \r\n                    <\/div><\/div><div style=\"clear:both\"><\/div><\/article><article class=\"mec-event-article \"><div class=\"mec-event-image\"><img loading=\"lazy\" decoding=\"async\" width=\"300\" height=\"300\" src=\"https:\/\/alicanteturismo.com\/wp-content\/uploads\/2026\/05\/marq-expo-300x300.jpg\" class=\"attachment-thumblist size-thumblist wp-post-image\" alt=\"\" data-mec-postid=\"320214\" \/><\/div><div class=\"mec-monthly-contents\" style=\"width: calc(100% - 85px)\"><div class=\"mec-event-time mec-color\"><i class=\"mec-sl-clock-o\"><\/i> Journ\u00e9e enti\u00e8re<\/div><h4 class=\"mec-event-title\"><a class=\"mec-color-hover\" data-event-id=\"320214\" href=\"https:\/\/alicanteturismo.com\/fr\/events\/rituales-de-pastores-exposicion-en-el-marq-canibalismo-y-enterramientos-en-la-cova-de-randero\/?occurrence=2026-09-16\" target=\"_self\" rel=\"noopener\">Rituales de pastores. Exposici\u00f3n en el MARQ: Canibalismo y enterramientos en la Cova de Randero<\/a><span class=\"event-color\" style=\"background: #336dab\"><\/span><\/h4><div class=\"mec-event-detail\">\r\n                        <div class=\"mec-event-loc-place\"><\/div>\r\n                        \r\n                    <\/div><\/div><div style=\"clear:both\"><\/div><\/article><article class=\"mec-event-article \"><div class=\"mec-event-image\"><img loading=\"lazy\" decoding=\"async\" width=\"300\" height=\"300\" src=\"https:\/\/alicanteturismo.com\/wp-content\/uploads\/2026\/06\/d5ac5a84-ac33-061c-0536-2bbb1a525433-300x300.png\" class=\"attachment-thumblist size-thumblist wp-post-image\" alt=\"\" data-mec-postid=\"321036\" \/><\/div><div class=\"mec-monthly-contents\" style=\"width: calc(100% - 85px)\"><div class=\"mec-event-time mec-color\"><i class=\"mec-sl-clock-o\"><\/i> Journ\u00e9e enti\u00e8re<\/div><h4 class=\"mec-event-title\"><a class=\"mec-color-hover\" data-event-id=\"321036\" href=\"https:\/\/alicanteturismo.com\/fr\/events\/exposition-de-par-en-par-a-la-fondation-mediterranee\/?occurrence=2026-09-16\" target=\"_self\" rel=\"noopener\">Exposition \u00ab\u00a0De par en par\u00a0\u00bb \u00e0 la Fondation M\u00e9diterran\u00e9e<\/a><span class=\"event-color\" style=\"background: #1e73be\"><\/span><\/h4><div class=\"mec-event-detail\">\r\n                        <div class=\"mec-event-loc-place\">Salle d&#039;exposition<\/div>\r\n                        \r\n                    <\/div><\/div><div style=\"clear:both\"><\/div><\/article><article class=\"mec-event-article \"><div class=\"mec-event-image\"><img loading=\"lazy\" decoding=\"async\" width=\"300\" height=\"300\" src=\"https:\/\/alicanteturismo.com\/wp-content\/uploads\/2026\/07\/descargar-1-300x300.png\" class=\"attachment-thumblist size-thumblist wp-post-image\" alt=\"\" data-mec-postid=\"321395\" \/><\/div><div class=\"mec-monthly-contents\" style=\"width: calc(100% - 85px)\"><div class=\"mec-event-time mec-color\"><i class=\"mec-sl-clock-o\"><\/i> Journ\u00e9e enti\u00e8re<\/div><h4 class=\"mec-event-title\"><a class=\"mec-color-hover\" data-event-id=\"321395\" href=\"https:\/\/alicanteturismo.com\/fr\/events\/exposition-lor-et-lunivers-savoirs-autochtones-de-colombie-au-marq\/?occurrence=2026-09-16\" target=\"_self\" rel=\"noopener\">Exposition \u00ab L&rsquo;OR ET L&rsquo;UNIVERS. Savoirs autochtones de Colombie \u00bb au MARQ<\/a><span class=\"event-color\" style=\"background: #dd9933\"><\/span><\/h4><div class=\"mec-event-detail\">\r\n                        <div class=\"mec-event-loc-place\"><\/div>\r\n                        \r\n                    <\/div><\/div><div style=\"clear:both\"><\/div><\/article><article class=\"mec-event-article \"><div class=\"mec-event-image\"><img loading=\"lazy\" decoding=\"async\" width=\"300\" height=\"300\" src=\"https:\/\/alicanteturismo.com\/wp-content\/uploads\/2026\/08\/descargar-1-300x300.png\" class=\"attachment-thumblist size-thumblist wp-post-image\" alt=\"\" data-mec-postid=\"322070\" \/><\/div><div class=\"mec-monthly-contents\" style=\"width: calc(100% - 85px)\"><h4 class=\"mec-event-title\"><a class=\"mec-color-hover\" data-event-id=\"322070\" href=\"https:\/\/alicanteturismo.com\/fr\/events\/visites-guidees-des-abris-anti-aeriens-et-du-centre-dinterpretation-de-la-guerre-civile\/?occurrence=2026-09-16\" target=\"_self\" rel=\"noopener\">Visites guid\u00e9es des abris anti-a\u00e9riens et du centre d&rsquo;interpr\u00e9tation de la guerre civile<\/a><span class=\"event-color\" style=\"background: #1e73be\"><\/span><\/h4><div class=\"mec-event-detail\">\r\n                        <div class=\"mec-event-loc-place\"><\/div>\r\n                        \r\n                    <\/div><\/div><div style=\"clear:both\"><\/div><\/article><article class=\"mec-event-article \"><div class=\"mec-event-image\"><img loading=\"lazy\" decoding=\"async\" width=\"300\" height=\"300\" src=\"https:\/\/alicanteturismo.com\/wp-content\/uploads\/2025\/02\/MA07110494-300x300.jpg\" class=\"attachment-thumblist size-thumblist wp-post-image\" alt=\"\" data-mec-postid=\"296395\" \/><\/div><div class=\"mec-monthly-contents\" style=\"width: calc(100% - 85px)\"><div class=\"mec-event-time mec-color\"><i class=\"mec-sl-clock-o\"><\/i> 10h00<\/div><h4 class=\"mec-event-title\"><a class=\"mec-color-hover\" data-event-id=\"296395\" href=\"https:\/\/alicanteturismo.com\/fr\/events\/exposicion-permanente-marq\/?occurrence=2026-09-16\" target=\"_self\" rel=\"noopener\">Exposici\u00f3n Permanente MARQ<\/a><span class=\"event-color\" style=\"background: #336dab\"><\/span><\/h4><div class=\"mec-event-detail\">\r\n                        <div class=\"mec-event-loc-place\">Museo Arqueol\u00f3gico de Alicante (MARQ)<\/div>\r\n                        \r\n                    <\/div><\/div><div style=\"clear:both\"><\/div><\/article><article class=\"mec-event-article \"><div class=\"mec-event-image\"><img loading=\"lazy\" decoding=\"async\" width=\"300\" height=\"300\" src=\"https:\/\/alicanteturismo.com\/wp-content\/uploads\/2025\/02\/mubag_diputacion_alicante-5-300x300.webp\" class=\"attachment-thumblist size-thumblist wp-post-image\" alt=\"\" data-mec-postid=\"296402\" \/><\/div><div class=\"mec-monthly-contents\" style=\"width: calc(100% - 85px)\"><div class=\"mec-event-time mec-color\"><i class=\"mec-sl-clock-o\"><\/i> 10h00<\/div><h4 class=\"mec-event-title\"><a class=\"mec-color-hover\" data-event-id=\"296402\" href=\"https:\/\/alicanteturismo.com\/fr\/events\/exposicion-permanente-en-el-mubag-el-siglo-xix-coleccion-a-la-luz\/?occurrence=2026-09-16\" target=\"_self\" rel=\"noopener\">Exposici\u00f3n Permanente en el MUBAG. El siglo XIX. Colecci\u00f3n a la Luz<\/a><span class=\"event-color\" style=\"background: #336dab\"><\/span><\/h4><div class=\"mec-event-detail\">\r\n                        <div class=\"mec-event-loc-place\">Museo de Bellas Artes Gravina (MUBAG)<\/div>\r\n                        \r\n                    <\/div><\/div><div style=\"clear:both\"><\/div><\/article><article class=\"mec-event-article \"><div class=\"mec-event-image\"><img loading=\"lazy\" decoding=\"async\" width=\"300\" height=\"300\" src=\"https:\/\/alicanteturismo.com\/wp-content\/uploads\/2025\/02\/maca-museo-rotated-1-300x300.webp\" class=\"attachment-thumblist size-thumblist wp-post-image\" alt=\"\" data-mec-postid=\"296408\" \/><\/div><div class=\"mec-monthly-contents\" style=\"width: calc(100% - 85px)\"><div class=\"mec-event-time mec-color\"><i class=\"mec-sl-clock-o\"><\/i> 10h00<\/div><h4 class=\"mec-event-title\"><a class=\"mec-color-hover\" data-event-id=\"296408\" href=\"https:\/\/alicanteturismo.com\/fr\/events\/exposicion-permanente-maca\/?occurrence=2026-09-16\" target=\"_self\" rel=\"noopener\">Exposici\u00f3n Permanente MACA<\/a><span class=\"event-color\" style=\"background: #336dab\"><\/span><\/h4><div class=\"mec-event-detail\">\r\n                        <div class=\"mec-event-loc-place\">Contemporary Art Museum of Alicante (MACA)<\/div>\r\n                        \r\n                    <\/div><\/div><div style=\"clear:both\"><\/div><\/article><article class=\"mec-event-article \"><div class=\"mec-event-image\"><img loading=\"lazy\" decoding=\"async\" width=\"300\" height=\"300\" src=\"https:\/\/alicanteturismo.com\/wp-content\/uploads\/2026\/07\/descargar-2-300x300.png\" class=\"attachment-thumblist size-thumblist wp-post-image\" alt=\"\" data-mec-postid=\"321763\" \/><\/div><div class=\"mec-monthly-contents\" style=\"width: calc(100% - 85px)\"><div class=\"mec-event-time mec-color\"><i class=\"mec-sl-clock-o\"><\/i> 10h00 - 21h30<\/div><h4 class=\"mec-event-title\"><a class=\"mec-color-hover\" data-event-id=\"321763\" href=\"https:\/\/alicanteturismo.com\/fr\/events\/exposicion-la-firmeza-de-un-instante-de-jesus-madrinan-en-las-cigarreras\/?occurrence=2026-09-16\" target=\"_self\" rel=\"noopener\">Exposici\u00f3n \u201cLa firmeza de un instante\u201d de Jes\u00fas Madri\u00f1\u00e1n en Las Cigarreras<\/a><span class=\"event-color\" style=\"background: #336dab\"><\/span><\/h4><div class=\"mec-event-detail\">\r\n                        <div class=\"mec-event-loc-place\">Centre culturel Las Cigarreras<\/div>\r\n                        \r\n                    <\/div><\/div><div style=\"clear:both\"><\/div><\/article><article class=\"mec-event-article \"><div class=\"mec-event-image\"><img loading=\"lazy\" decoding=\"async\" width=\"300\" height=\"300\" src=\"https:\/\/alicanteturismo.com\/wp-content\/uploads\/2025\/02\/Yacimiento-arqueologico-Lucentum.Lucentum-archaeological-remains-copia2-300x300.jpg\" class=\"attachment-thumblist size-thumblist wp-post-image\" alt=\"\" data-mec-postid=\"296353\" \/><\/div><div class=\"mec-monthly-contents\" style=\"width: calc(100% - 85px)\"><div class=\"mec-event-time mec-color\"><i class=\"mec-sl-clock-o\"><\/i> 10h30<\/div><h4 class=\"mec-event-title\"><a class=\"mec-color-hover\" data-event-id=\"296353\" href=\"https:\/\/alicanteturismo.com\/fr\/events\/visita-guiada-al-yacimiento-arqueologico-lucentum\/?occurrence=2026-09-16\" target=\"_self\" rel=\"noopener\">Visita guiada al yacimiento arqueol\u00f3gico Lucentum<\/a><span class=\"event-color\" style=\"background: #dd823b\"><\/span><\/h4><div class=\"mec-event-detail\">\r\n                        <div class=\"mec-event-loc-place\">Lucentum Tossal de Manises<\/div>\r\n                        \r\n                    <\/div><\/div><div style=\"clear:both\"><\/div><\/article><article class=\"mec-event-article \"><div class=\"mec-event-image\"><img loading=\"lazy\" decoding=\"async\" width=\"300\" height=\"300\" src=\"https:\/\/alicanteturismo.com\/wp-content\/uploads\/2025\/10\/Astroturismo-1-1-300x300.jpg\" class=\"attachment-thumblist size-thumblist wp-post-image\" alt=\"\" data-mec-postid=\"313302\" \/><\/div><div class=\"mec-monthly-contents\" style=\"width: calc(100% - 85px)\"><div class=\"mec-event-time mec-color\"><i class=\"mec-sl-clock-o\"><\/i> 20h30 - 23h30<\/div><h4 class=\"mec-event-title\"><a class=\"mec-color-hover\" data-event-id=\"313302\" href=\"https:\/\/alicanteturismo.com\/fr\/events\/astrotourism-and-stargazing-at-cabo-de-las-huertas-3\/?occurrence=2026-09-16\" target=\"_self\" rel=\"noopener\">Astrotourism and Stargazing at Cabo de las Huertas<\/a><\/h4><div class=\"mec-event-detail\">\r\n                        <div class=\"mec-event-loc-place\">Cabo de las Huertas, Alicante<\/div>\r\n                        \r\n                    <\/div><\/div><div style=\"clear:both\"><\/div><\/article><\/div><div class=\"mec-calendar-events-sec\" id=\"mec-calendar-events-sec-mec1-20260917\" data-mec-cell=\"20260917\" ><h6 class=\"mec-table-side-title\">\u00c9v\u00e9nements pour le <span class=\"mec-color mec-table-side-day\"> 17th<\/span> septembre<\/h6><article class=\"mec-event-article \"><div class=\"mec-event-image\"><img fetchpriority=\"high\" decoding=\"async\" width=\"300\" height=\"300\" src=\"https:\/\/alicanteturismo.com\/wp-content\/uploads\/2025\/02\/castillo-de-santa-barbara-2016-Alicante-ERN_6938-29-copia-300x300.jpg\" class=\"attachment-thumblist size-thumblist wp-post-image\" alt=\"\" data-mec-postid=\"296389\" \/><\/div><div class=\"mec-monthly-contents\" style=\"width: calc(100% - 85px)\"><div class=\"mec-event-time mec-color\"><i class=\"mec-sl-clock-o\"><\/i> Journ\u00e9e enti\u00e8re<\/div><h4 class=\"mec-event-title\"><a class=\"mec-color-hover\" data-event-id=\"296389\" href=\"https:\/\/alicanteturismo.com\/fr\/events\/exposicion-permanente-musa\/?occurrence=2026-09-17\" target=\"_self\" rel=\"noopener\">Exposici\u00f3n Permanente MUSA<\/a><span class=\"event-color\" style=\"background: #336dab\"><\/span><\/h4><div class=\"mec-event-detail\">\r\n                        <div class=\"mec-event-loc-place\">Ch\u00e2teau de Santa Barbara<\/div>\r\n                        \r\n                    <\/div><\/div><div style=\"clear:both\"><\/div><\/article><article class=\"mec-event-article \"><div class=\"mec-event-image\"><img decoding=\"async\" width=\"300\" height=\"300\" src=\"https:\/\/alicanteturismo.com\/wp-content\/uploads\/2025\/10\/Via-lactea-Isla-de-Tabarca-300x300.jpg\" class=\"attachment-thumblist size-thumblist wp-post-image\" alt=\"\" data-mec-postid=\"313076\" \/><\/div><div class=\"mec-monthly-contents\" style=\"width: calc(100% - 85px)\"><h4 class=\"mec-event-title\"><a class=\"mec-color-hover\" data-event-id=\"313076\" href=\"https:\/\/alicanteturismo.com\/fr\/events\/stargazing-on-tabarca-island\/?occurrence=2026-09-17&amp;time=1789632000\" target=\"_self\" rel=\"noopener\">Stargazing on Tabarca Island<\/a><\/h4><div class=\"mec-event-detail\">\r\n                        <div class=\"mec-event-loc-place\">Isla Tabarca<\/div>\r\n                        \r\n                    <\/div><\/div><div style=\"clear:both\"><\/div><\/article><article class=\"mec-event-article \"><div class=\"mec-event-image\"><img decoding=\"async\" width=\"300\" height=\"300\" src=\"https:\/\/alicanteturismo.com\/wp-content\/uploads\/2026\/02\/tabarca-boat-tour-300x300.jpg\" class=\"attachment-thumblist size-thumblist wp-post-image\" alt=\"\" data-mec-postid=\"317118\" \/><\/div><div class=\"mec-monthly-contents\" style=\"width: calc(100% - 85px)\"><h4 class=\"mec-event-title\"><a class=\"mec-color-hover\" data-event-id=\"317118\" href=\"https:\/\/alicanteturismo.com\/fr\/events\/tabarca-boat-tour\/?occurrence=2026-09-17\" target=\"_self\" rel=\"noopener\">Tabarca Boat Tour<\/a><span class=\"event-color\" style=\"background: #bfb417\"><\/span><\/h4><div class=\"mec-event-detail\">\r\n                        <div class=\"mec-event-loc-place\">Alicante<\/div>\r\n                        \r\n                    <\/div><\/div><div style=\"clear:both\"><\/div><\/article><article class=\"mec-event-article \"><div class=\"mec-event-image\"><img loading=\"lazy\" decoding=\"async\" width=\"300\" height=\"300\" src=\"https:\/\/alicanteturismo.com\/wp-content\/uploads\/2026\/02\/tabarca-boat-tour-300x300.jpg\" class=\"attachment-thumblist size-thumblist wp-post-image\" alt=\"\" data-mec-postid=\"317126\" \/><\/div><div class=\"mec-monthly-contents\" style=\"width: calc(100% - 85px)\"><h4 class=\"mec-event-title\"><a class=\"mec-color-hover\" data-event-id=\"317126\" href=\"https:\/\/www.alicanteboattours.com\/costa-boat-tour?occurrence=2026-09-17\" target=\"_self\" rel=\"noopener\">Costa Boat Tour<\/a><span class=\"event-color\" style=\"background: #00a0d2\"><\/span><\/h4><div class=\"mec-event-detail\">\r\n                        <div class=\"mec-event-loc-place\">Alicante Catamaran Aventurero<\/div>\r\n                        \r\n                    <\/div><\/div><div style=\"clear:both\"><\/div><\/article><article class=\"mec-event-article \"><div class=\"mec-event-image\"><img loading=\"lazy\" decoding=\"async\" width=\"300\" height=\"168\" src=\"https:\/\/alicanteturismo.com\/wp-content\/uploads\/2024\/05\/CABO-HUERTA-ALICANTE.jpg\" class=\"attachment-thumblist size-thumblist wp-post-image\" alt=\"\" data-mec-postid=\"317264\" \/><\/div><div class=\"mec-monthly-contents\" style=\"width: calc(100% - 85px)\"><div class=\"mec-event-time mec-color\"><i class=\"mec-sl-clock-o\"><\/i> 8h00 - 18h00<\/div><h4 class=\"mec-event-title\"><a class=\"mec-color-hover\" data-event-id=\"317264\" href=\"https:\/\/www.alicanteboattours.com\/bahia-boat-tour?occurrence=2026-09-17\" target=\"_self\" rel=\"noopener\">Bah\u00eda Boat Tour<\/a><span class=\"event-color\" style=\"background: #00a0d2\"><\/span><\/h4><div class=\"mec-event-detail\">\r\n                        <div class=\"mec-event-loc-place\">Alicante<\/div>\r\n                        \r\n                    <\/div><\/div><div style=\"clear:both\"><\/div><\/article><article class=\"mec-event-article \"><div class=\"mec-event-image\"><\/div><div class=\"mec-monthly-contents\" style=\"width: 100%\"><div class=\"mec-event-time mec-color\"><i class=\"mec-sl-clock-o\"><\/i> Journ\u00e9e enti\u00e8re<\/div><h4 class=\"mec-event-title\"><a class=\"mec-color-hover\" data-event-id=\"318219\" href=\"https:\/\/castillodesantabarbara.com\/en\/experience\/misterios-castillo\/?occurrence=2026-09-17\" target=\"_self\" rel=\"noopener\">Los Misterios del Castillo de Santa B\u00e1rbara: Visita Teatralizada Nocturna<\/a><\/h4><div class=\"mec-event-detail\">\r\n                        <div class=\"mec-event-loc-place\">Ch\u00e2teau de Santa Barbara<\/div>\r\n                        \r\n                    <\/div><\/div><div style=\"clear:both\"><\/div><\/article><article class=\"mec-event-article \"><div class=\"mec-event-image\"><img loading=\"lazy\" decoding=\"async\" width=\"300\" height=\"300\" src=\"https:\/\/alicanteturismo.com\/wp-content\/uploads\/2026\/05\/marq-expo-300x300.jpg\" class=\"attachment-thumblist size-thumblist wp-post-image\" alt=\"\" data-mec-postid=\"320214\" \/><\/div><div class=\"mec-monthly-contents\" style=\"width: calc(100% - 85px)\"><div class=\"mec-event-time mec-color\"><i class=\"mec-sl-clock-o\"><\/i> Journ\u00e9e enti\u00e8re<\/div><h4 class=\"mec-event-title\"><a class=\"mec-color-hover\" data-event-id=\"320214\" href=\"https:\/\/alicanteturismo.com\/fr\/events\/rituales-de-pastores-exposicion-en-el-marq-canibalismo-y-enterramientos-en-la-cova-de-randero\/?occurrence=2026-09-17\" target=\"_self\" rel=\"noopener\">Rituales de pastores. Exposici\u00f3n en el MARQ: Canibalismo y enterramientos en la Cova de Randero<\/a><span class=\"event-color\" style=\"background: #336dab\"><\/span><\/h4><div class=\"mec-event-detail\">\r\n                        <div class=\"mec-event-loc-place\"><\/div>\r\n                        \r\n                    <\/div><\/div><div style=\"clear:both\"><\/div><\/article><article class=\"mec-event-article \"><div class=\"mec-event-image\"><img loading=\"lazy\" decoding=\"async\" width=\"300\" height=\"300\" src=\"https:\/\/alicanteturismo.com\/wp-content\/uploads\/2026\/06\/d5ac5a84-ac33-061c-0536-2bbb1a525433-300x300.png\" class=\"attachment-thumblist size-thumblist wp-post-image\" alt=\"\" data-mec-postid=\"321036\" \/><\/div><div class=\"mec-monthly-contents\" style=\"width: calc(100% - 85px)\"><div class=\"mec-event-time mec-color\"><i class=\"mec-sl-clock-o\"><\/i> Journ\u00e9e enti\u00e8re<\/div><h4 class=\"mec-event-title\"><a class=\"mec-color-hover\" data-event-id=\"321036\" href=\"https:\/\/alicanteturismo.com\/fr\/events\/exposition-de-par-en-par-a-la-fondation-mediterranee\/?occurrence=2026-09-17\" target=\"_self\" rel=\"noopener\">Exposition \u00ab\u00a0De par en par\u00a0\u00bb \u00e0 la Fondation M\u00e9diterran\u00e9e<\/a><span class=\"event-color\" style=\"background: #1e73be\"><\/span><\/h4><div class=\"mec-event-detail\">\r\n                        <div class=\"mec-event-loc-place\">Salle d&#039;exposition<\/div>\r\n                        \r\n                    <\/div><\/div><div style=\"clear:both\"><\/div><\/article><article class=\"mec-event-article \"><div class=\"mec-event-image\"><img loading=\"lazy\" decoding=\"async\" width=\"300\" height=\"300\" src=\"https:\/\/alicanteturismo.com\/wp-content\/uploads\/2026\/07\/descargar-1-300x300.png\" class=\"attachment-thumblist size-thumblist wp-post-image\" alt=\"\" data-mec-postid=\"321395\" \/><\/div><div class=\"mec-monthly-contents\" style=\"width: calc(100% - 85px)\"><div class=\"mec-event-time mec-color\"><i class=\"mec-sl-clock-o\"><\/i> Journ\u00e9e enti\u00e8re<\/div><h4 class=\"mec-event-title\"><a class=\"mec-color-hover\" data-event-id=\"321395\" href=\"https:\/\/alicanteturismo.com\/fr\/events\/exposition-lor-et-lunivers-savoirs-autochtones-de-colombie-au-marq\/?occurrence=2026-09-17\" target=\"_self\" rel=\"noopener\">Exposition \u00ab L&rsquo;OR ET L&rsquo;UNIVERS. Savoirs autochtones de Colombie \u00bb au MARQ<\/a><span class=\"event-color\" style=\"background: #dd9933\"><\/span><\/h4><div class=\"mec-event-detail\">\r\n                        <div class=\"mec-event-loc-place\"><\/div>\r\n                        \r\n                    <\/div><\/div><div style=\"clear:both\"><\/div><\/article><article class=\"mec-event-article \"><div class=\"mec-event-image\"><img loading=\"lazy\" decoding=\"async\" width=\"300\" height=\"300\" src=\"https:\/\/alicanteturismo.com\/wp-content\/uploads\/2026\/08\/descargar-1-300x300.png\" class=\"attachment-thumblist size-thumblist wp-post-image\" alt=\"\" data-mec-postid=\"322070\" \/><\/div><div class=\"mec-monthly-contents\" style=\"width: calc(100% - 85px)\"><h4 class=\"mec-event-title\"><a class=\"mec-color-hover\" data-event-id=\"322070\" href=\"https:\/\/alicanteturismo.com\/fr\/events\/visites-guidees-des-abris-anti-aeriens-et-du-centre-dinterpretation-de-la-guerre-civile\/?occurrence=2026-09-17\" target=\"_self\" rel=\"noopener\">Visites guid\u00e9es des abris anti-a\u00e9riens et du centre d&rsquo;interpr\u00e9tation de la guerre civile<\/a><span class=\"event-color\" style=\"background: #1e73be\"><\/span><\/h4><div class=\"mec-event-detail\">\r\n                        <div class=\"mec-event-loc-place\"><\/div>\r\n                        \r\n                    <\/div><\/div><div style=\"clear:both\"><\/div><\/article><article class=\"mec-event-article \"><div class=\"mec-event-image\"><img loading=\"lazy\" decoding=\"async\" width=\"300\" height=\"300\" src=\"https:\/\/alicanteturismo.com\/wp-content\/uploads\/2025\/02\/MA07110494-300x300.jpg\" class=\"attachment-thumblist size-thumblist wp-post-image\" alt=\"\" data-mec-postid=\"296395\" \/><\/div><div class=\"mec-monthly-contents\" style=\"width: calc(100% - 85px)\"><div class=\"mec-event-time mec-color\"><i class=\"mec-sl-clock-o\"><\/i> 10h00<\/div><h4 class=\"mec-event-title\"><a class=\"mec-color-hover\" data-event-id=\"296395\" href=\"https:\/\/alicanteturismo.com\/fr\/events\/exposicion-permanente-marq\/?occurrence=2026-09-17\" target=\"_self\" rel=\"noopener\">Exposici\u00f3n Permanente MARQ<\/a><span class=\"event-color\" style=\"background: #336dab\"><\/span><\/h4><div class=\"mec-event-detail\">\r\n                        <div class=\"mec-event-loc-place\">Museo Arqueol\u00f3gico de Alicante (MARQ)<\/div>\r\n                        \r\n                    <\/div><\/div><div style=\"clear:both\"><\/div><\/article><article class=\"mec-event-article \"><div class=\"mec-event-image\"><img loading=\"lazy\" decoding=\"async\" width=\"300\" height=\"300\" src=\"https:\/\/alicanteturismo.com\/wp-content\/uploads\/2025\/02\/mubag_diputacion_alicante-5-300x300.webp\" class=\"attachment-thumblist size-thumblist wp-post-image\" alt=\"\" data-mec-postid=\"296402\" \/><\/div><div class=\"mec-monthly-contents\" style=\"width: calc(100% - 85px)\"><div class=\"mec-event-time mec-color\"><i class=\"mec-sl-clock-o\"><\/i> 10h00<\/div><h4 class=\"mec-event-title\"><a class=\"mec-color-hover\" data-event-id=\"296402\" href=\"https:\/\/alicanteturismo.com\/fr\/events\/exposicion-permanente-en-el-mubag-el-siglo-xix-coleccion-a-la-luz\/?occurrence=2026-09-17\" target=\"_self\" rel=\"noopener\">Exposici\u00f3n Permanente en el MUBAG. El siglo XIX. Colecci\u00f3n a la Luz<\/a><span class=\"event-color\" style=\"background: #336dab\"><\/span><\/h4><div class=\"mec-event-detail\">\r\n                        <div class=\"mec-event-loc-place\">Museo de Bellas Artes Gravina (MUBAG)<\/div>\r\n                        \r\n                    <\/div><\/div><div style=\"clear:both\"><\/div><\/article><article class=\"mec-event-article \"><div class=\"mec-event-image\"><img loading=\"lazy\" decoding=\"async\" width=\"300\" height=\"300\" src=\"https:\/\/alicanteturismo.com\/wp-content\/uploads\/2025\/02\/maca-museo-rotated-1-300x300.webp\" class=\"attachment-thumblist size-thumblist wp-post-image\" alt=\"\" data-mec-postid=\"296408\" \/><\/div><div class=\"mec-monthly-contents\" style=\"width: calc(100% - 85px)\"><div class=\"mec-event-time mec-color\"><i class=\"mec-sl-clock-o\"><\/i> 10h00<\/div><h4 class=\"mec-event-title\"><a class=\"mec-color-hover\" data-event-id=\"296408\" href=\"https:\/\/alicanteturismo.com\/fr\/events\/exposicion-permanente-maca\/?occurrence=2026-09-17\" target=\"_self\" rel=\"noopener\">Exposici\u00f3n Permanente MACA<\/a><span class=\"event-color\" style=\"background: #336dab\"><\/span><\/h4><div class=\"mec-event-detail\">\r\n                        <div class=\"mec-event-loc-place\">Contemporary Art Museum of Alicante (MACA)<\/div>\r\n                        \r\n                    <\/div><\/div><div style=\"clear:both\"><\/div><\/article><article class=\"mec-event-article \"><div class=\"mec-event-image\"><img loading=\"lazy\" decoding=\"async\" width=\"300\" height=\"300\" src=\"https:\/\/alicanteturismo.com\/wp-content\/uploads\/2026\/07\/descargar-2-300x300.png\" class=\"attachment-thumblist size-thumblist wp-post-image\" alt=\"\" data-mec-postid=\"321763\" \/><\/div><div class=\"mec-monthly-contents\" style=\"width: calc(100% - 85px)\"><div class=\"mec-event-time mec-color\"><i class=\"mec-sl-clock-o\"><\/i> 10h00 - 21h30<\/div><h4 class=\"mec-event-title\"><a class=\"mec-color-hover\" data-event-id=\"321763\" href=\"https:\/\/alicanteturismo.com\/fr\/events\/exposicion-la-firmeza-de-un-instante-de-jesus-madrinan-en-las-cigarreras\/?occurrence=2026-09-17\" target=\"_self\" rel=\"noopener\">Exposici\u00f3n \u201cLa firmeza de un instante\u201d de Jes\u00fas Madri\u00f1\u00e1n en Las Cigarreras<\/a><span class=\"event-color\" style=\"background: #336dab\"><\/span><\/h4><div class=\"mec-event-detail\">\r\n                        <div class=\"mec-event-loc-place\">Centre culturel Las Cigarreras<\/div>\r\n                        \r\n                    <\/div><\/div><div style=\"clear:both\"><\/div><\/article><article class=\"mec-event-article \"><div class=\"mec-event-image\"><img loading=\"lazy\" decoding=\"async\" width=\"300\" height=\"300\" src=\"https:\/\/alicanteturismo.com\/wp-content\/uploads\/2025\/02\/Yacimiento-arqueologico-Lucentum.Lucentum-archaeological-remains-copia2-300x300.jpg\" class=\"attachment-thumblist size-thumblist wp-post-image\" alt=\"\" data-mec-postid=\"296353\" \/><\/div><div class=\"mec-monthly-contents\" style=\"width: calc(100% - 85px)\"><div class=\"mec-event-time mec-color\"><i class=\"mec-sl-clock-o\"><\/i> 10h30<\/div><h4 class=\"mec-event-title\"><a class=\"mec-color-hover\" data-event-id=\"296353\" href=\"https:\/\/alicanteturismo.com\/fr\/events\/visita-guiada-al-yacimiento-arqueologico-lucentum\/?occurrence=2026-09-17\" target=\"_self\" rel=\"noopener\">Visita guiada al yacimiento arqueol\u00f3gico Lucentum<\/a><span class=\"event-color\" style=\"background: #dd823b\"><\/span><\/h4><div class=\"mec-event-detail\">\r\n                        <div class=\"mec-event-loc-place\">Lucentum Tossal de Manises<\/div>\r\n                        \r\n                    <\/div><\/div><div style=\"clear:both\"><\/div><\/article><article class=\"mec-event-article \"><div class=\"mec-event-image\"><img loading=\"lazy\" decoding=\"async\" width=\"300\" height=\"300\" src=\"https:\/\/alicanteturismo.com\/wp-content\/uploads\/2025\/10\/Astroturismo-1-1-300x300.jpg\" class=\"attachment-thumblist size-thumblist wp-post-image\" alt=\"\" data-mec-postid=\"313302\" \/><\/div><div class=\"mec-monthly-contents\" style=\"width: calc(100% - 85px)\"><div class=\"mec-event-time mec-color\"><i class=\"mec-sl-clock-o\"><\/i> 20h30 - 23h30<\/div><h4 class=\"mec-event-title\"><a class=\"mec-color-hover\" data-event-id=\"313302\" href=\"https:\/\/alicanteturismo.com\/fr\/events\/astrotourism-and-stargazing-at-cabo-de-las-huertas-3\/?occurrence=2026-09-17\" target=\"_self\" rel=\"noopener\">Astrotourism and Stargazing at Cabo de las Huertas<\/a><\/h4><div class=\"mec-event-detail\">\r\n                        <div class=\"mec-event-loc-place\">Cabo de las Huertas, Alicante<\/div>\r\n                        \r\n                    <\/div><\/div><div style=\"clear:both\"><\/div><\/article><\/div><div class=\"mec-calendar-events-sec\" id=\"mec-calendar-events-sec-mec1-20260918\" data-mec-cell=\"20260918\" ><h6 class=\"mec-table-side-title\">\u00c9v\u00e9nements pour le <span class=\"mec-color mec-table-side-day\"> 18th<\/span> septembre<\/h6><article class=\"mec-event-article \"><div class=\"mec-event-image\"><img fetchpriority=\"high\" decoding=\"async\" width=\"300\" height=\"300\" src=\"https:\/\/alicanteturismo.com\/wp-content\/uploads\/2025\/02\/castillo-de-santa-barbara-2016-Alicante-ERN_6938-29-copia-300x300.jpg\" class=\"attachment-thumblist size-thumblist wp-post-image\" alt=\"\" data-mec-postid=\"296389\" \/><\/div><div class=\"mec-monthly-contents\" style=\"width: calc(100% - 85px)\"><div class=\"mec-event-time mec-color\"><i class=\"mec-sl-clock-o\"><\/i> Journ\u00e9e enti\u00e8re<\/div><h4 class=\"mec-event-title\"><a class=\"mec-color-hover\" data-event-id=\"296389\" href=\"https:\/\/alicanteturismo.com\/fr\/events\/exposicion-permanente-musa\/?occurrence=2026-09-18\" target=\"_self\" rel=\"noopener\">Exposici\u00f3n Permanente MUSA<\/a><span class=\"event-color\" style=\"background: #336dab\"><\/span><\/h4><div class=\"mec-event-detail\">\r\n                        <div class=\"mec-event-loc-place\">Ch\u00e2teau de Santa Barbara<\/div>\r\n                        \r\n                    <\/div><\/div><div style=\"clear:both\"><\/div><\/article><article class=\"mec-event-article \"><div class=\"mec-event-image\"><img decoding=\"async\" width=\"300\" height=\"300\" src=\"https:\/\/alicanteturismo.com\/wp-content\/uploads\/2025\/10\/Via-lactea-Isla-de-Tabarca-300x300.jpg\" class=\"attachment-thumblist size-thumblist wp-post-image\" alt=\"\" data-mec-postid=\"313076\" \/><\/div><div class=\"mec-monthly-contents\" style=\"width: calc(100% - 85px)\"><h4 class=\"mec-event-title\"><a class=\"mec-color-hover\" data-event-id=\"313076\" href=\"https:\/\/alicanteturismo.com\/fr\/events\/stargazing-on-tabarca-island\/?occurrence=2026-09-18&amp;time=1789718400\" target=\"_self\" rel=\"noopener\">Stargazing on Tabarca Island<\/a><\/h4><div class=\"mec-event-detail\">\r\n                        <div class=\"mec-event-loc-place\">Isla Tabarca<\/div>\r\n                        \r\n                    <\/div><\/div><div style=\"clear:both\"><\/div><\/article><article class=\"mec-event-article \"><div class=\"mec-event-image\"><img decoding=\"async\" width=\"300\" height=\"300\" src=\"https:\/\/alicanteturismo.com\/wp-content\/uploads\/2026\/02\/tabarca-boat-tour-300x300.jpg\" class=\"attachment-thumblist size-thumblist wp-post-image\" alt=\"\" data-mec-postid=\"317118\" \/><\/div><div class=\"mec-monthly-contents\" style=\"width: calc(100% - 85px)\"><h4 class=\"mec-event-title\"><a class=\"mec-color-hover\" data-event-id=\"317118\" href=\"https:\/\/alicanteturismo.com\/fr\/events\/tabarca-boat-tour\/?occurrence=2026-09-18\" target=\"_self\" rel=\"noopener\">Tabarca Boat Tour<\/a><span class=\"event-color\" style=\"background: #bfb417\"><\/span><\/h4><div class=\"mec-event-detail\">\r\n                        <div class=\"mec-event-loc-place\">Alicante<\/div>\r\n                        \r\n                    <\/div><\/div><div style=\"clear:both\"><\/div><\/article><article class=\"mec-event-article \"><div class=\"mec-event-image\"><img loading=\"lazy\" decoding=\"async\" width=\"300\" height=\"300\" src=\"https:\/\/alicanteturismo.com\/wp-content\/uploads\/2026\/02\/tabarca-boat-tour-300x300.jpg\" class=\"attachment-thumblist size-thumblist wp-post-image\" alt=\"\" data-mec-postid=\"317126\" \/><\/div><div class=\"mec-monthly-contents\" style=\"width: calc(100% - 85px)\"><h4 class=\"mec-event-title\"><a class=\"mec-color-hover\" data-event-id=\"317126\" href=\"https:\/\/www.alicanteboattours.com\/costa-boat-tour?occurrence=2026-09-18\" target=\"_self\" rel=\"noopener\">Costa Boat Tour<\/a><span class=\"event-color\" style=\"background: #00a0d2\"><\/span><\/h4><div class=\"mec-event-detail\">\r\n                        <div class=\"mec-event-loc-place\">Alicante Catamaran Aventurero<\/div>\r\n                        \r\n                    <\/div><\/div><div style=\"clear:both\"><\/div><\/article><article class=\"mec-event-article \"><div class=\"mec-event-image\"><img loading=\"lazy\" decoding=\"async\" width=\"300\" height=\"168\" src=\"https:\/\/alicanteturismo.com\/wp-content\/uploads\/2024\/05\/CABO-HUERTA-ALICANTE.jpg\" class=\"attachment-thumblist size-thumblist wp-post-image\" alt=\"\" data-mec-postid=\"317264\" \/><\/div><div class=\"mec-monthly-contents\" style=\"width: calc(100% - 85px)\"><div class=\"mec-event-time mec-color\"><i class=\"mec-sl-clock-o\"><\/i> 8h00 - 18h00<\/div><h4 class=\"mec-event-title\"><a class=\"mec-color-hover\" data-event-id=\"317264\" href=\"https:\/\/www.alicanteboattours.com\/bahia-boat-tour?occurrence=2026-09-18\" target=\"_self\" rel=\"noopener\">Bah\u00eda Boat Tour<\/a><span class=\"event-color\" style=\"background: #00a0d2\"><\/span><\/h4><div class=\"mec-event-detail\">\r\n                        <div class=\"mec-event-loc-place\">Alicante<\/div>\r\n                        \r\n                    <\/div><\/div><div style=\"clear:both\"><\/div><\/article><article class=\"mec-event-article \"><div class=\"mec-event-image\"><\/div><div class=\"mec-monthly-contents\" style=\"width: 100%\"><div class=\"mec-event-time mec-color\"><i class=\"mec-sl-clock-o\"><\/i> Journ\u00e9e enti\u00e8re<\/div><h4 class=\"mec-event-title\"><a class=\"mec-color-hover\" data-event-id=\"318219\" href=\"https:\/\/castillodesantabarbara.com\/en\/experience\/misterios-castillo\/?occurrence=2026-09-18\" target=\"_self\" rel=\"noopener\">Los Misterios del Castillo de Santa B\u00e1rbara: Visita Teatralizada Nocturna<\/a><\/h4><div class=\"mec-event-detail\">\r\n                        <div class=\"mec-event-loc-place\">Ch\u00e2teau de Santa Barbara<\/div>\r\n                        \r\n                    <\/div><\/div><div style=\"clear:both\"><\/div><\/article><article class=\"mec-event-article \"><div class=\"mec-event-image\"><img loading=\"lazy\" decoding=\"async\" width=\"300\" height=\"300\" src=\"https:\/\/alicanteturismo.com\/wp-content\/uploads\/2026\/05\/marq-expo-300x300.jpg\" class=\"attachment-thumblist size-thumblist wp-post-image\" alt=\"\" data-mec-postid=\"320214\" \/><\/div><div class=\"mec-monthly-contents\" style=\"width: calc(100% - 85px)\"><div class=\"mec-event-time mec-color\"><i class=\"mec-sl-clock-o\"><\/i> Journ\u00e9e enti\u00e8re<\/div><h4 class=\"mec-event-title\"><a class=\"mec-color-hover\" data-event-id=\"320214\" href=\"https:\/\/alicanteturismo.com\/fr\/events\/rituales-de-pastores-exposicion-en-el-marq-canibalismo-y-enterramientos-en-la-cova-de-randero\/?occurrence=2026-09-18\" target=\"_self\" rel=\"noopener\">Rituales de pastores. Exposici\u00f3n en el MARQ: Canibalismo y enterramientos en la Cova de Randero<\/a><span class=\"event-color\" style=\"background: #336dab\"><\/span><\/h4><div class=\"mec-event-detail\">\r\n                        <div class=\"mec-event-loc-place\"><\/div>\r\n                        \r\n                    <\/div><\/div><div style=\"clear:both\"><\/div><\/article><article class=\"mec-event-article \"><div class=\"mec-event-image\"><img loading=\"lazy\" decoding=\"async\" width=\"300\" height=\"300\" src=\"https:\/\/alicanteturismo.com\/wp-content\/uploads\/2026\/06\/d5ac5a84-ac33-061c-0536-2bbb1a525433-300x300.png\" class=\"attachment-thumblist size-thumblist wp-post-image\" alt=\"\" data-mec-postid=\"321036\" \/><\/div><div class=\"mec-monthly-contents\" style=\"width: calc(100% - 85px)\"><div class=\"mec-event-time mec-color\"><i class=\"mec-sl-clock-o\"><\/i> Journ\u00e9e enti\u00e8re<\/div><h4 class=\"mec-event-title\"><a class=\"mec-color-hover\" data-event-id=\"321036\" href=\"https:\/\/alicanteturismo.com\/fr\/events\/exposition-de-par-en-par-a-la-fondation-mediterranee\/?occurrence=2026-09-18\" target=\"_self\" rel=\"noopener\">Exposition \u00ab\u00a0De par en par\u00a0\u00bb \u00e0 la Fondation M\u00e9diterran\u00e9e<\/a><span class=\"event-color\" style=\"background: #1e73be\"><\/span><\/h4><div class=\"mec-event-detail\">\r\n                        <div class=\"mec-event-loc-place\">Salle d&#039;exposition<\/div>\r\n                        \r\n                    <\/div><\/div><div style=\"clear:both\"><\/div><\/article><article class=\"mec-event-article \"><div class=\"mec-event-image\"><img loading=\"lazy\" decoding=\"async\" width=\"300\" height=\"300\" src=\"https:\/\/alicanteturismo.com\/wp-content\/uploads\/2026\/07\/descargar-1-300x300.png\" class=\"attachment-thumblist size-thumblist wp-post-image\" alt=\"\" data-mec-postid=\"321395\" \/><\/div><div class=\"mec-monthly-contents\" style=\"width: calc(100% - 85px)\"><div class=\"mec-event-time mec-color\"><i class=\"mec-sl-clock-o\"><\/i> Journ\u00e9e enti\u00e8re<\/div><h4 class=\"mec-event-title\"><a class=\"mec-color-hover\" data-event-id=\"321395\" href=\"https:\/\/alicanteturismo.com\/fr\/events\/exposition-lor-et-lunivers-savoirs-autochtones-de-colombie-au-marq\/?occurrence=2026-09-18\" target=\"_self\" rel=\"noopener\">Exposition \u00ab L&rsquo;OR ET L&rsquo;UNIVERS. Savoirs autochtones de Colombie \u00bb au MARQ<\/a><span class=\"event-color\" style=\"background: #dd9933\"><\/span><\/h4><div class=\"mec-event-detail\">\r\n                        <div class=\"mec-event-loc-place\"><\/div>\r\n                        \r\n                    <\/div><\/div><div style=\"clear:both\"><\/div><\/article><article class=\"mec-event-article \"><div class=\"mec-event-image\"><img loading=\"lazy\" decoding=\"async\" width=\"300\" height=\"300\" src=\"https:\/\/alicanteturismo.com\/wp-content\/uploads\/2026\/08\/descargar-1-300x300.png\" class=\"attachment-thumblist size-thumblist wp-post-image\" alt=\"\" data-mec-postid=\"322070\" \/><\/div><div class=\"mec-monthly-contents\" style=\"width: calc(100% - 85px)\"><h4 class=\"mec-event-title\"><a class=\"mec-color-hover\" data-event-id=\"322070\" href=\"https:\/\/alicanteturismo.com\/fr\/events\/visites-guidees-des-abris-anti-aeriens-et-du-centre-dinterpretation-de-la-guerre-civile\/?occurrence=2026-09-18\" target=\"_self\" rel=\"noopener\">Visites guid\u00e9es des abris anti-a\u00e9riens et du centre d&rsquo;interpr\u00e9tation de la guerre civile<\/a><span class=\"event-color\" style=\"background: #1e73be\"><\/span><\/h4><div class=\"mec-event-detail\">\r\n                        <div class=\"mec-event-loc-place\"><\/div>\r\n                        \r\n                    <\/div><\/div><div style=\"clear:both\"><\/div><\/article><article class=\"mec-event-article \"><div class=\"mec-event-image\"><img loading=\"lazy\" decoding=\"async\" width=\"300\" height=\"300\" src=\"https:\/\/alicanteturismo.com\/wp-content\/uploads\/2025\/02\/MA07110494-300x300.jpg\" class=\"attachment-thumblist size-thumblist wp-post-image\" alt=\"\" data-mec-postid=\"296395\" \/><\/div><div class=\"mec-monthly-contents\" style=\"width: calc(100% - 85px)\"><div class=\"mec-event-time mec-color\"><i class=\"mec-sl-clock-o\"><\/i> 10h00<\/div><h4 class=\"mec-event-title\"><a class=\"mec-color-hover\" data-event-id=\"296395\" href=\"https:\/\/alicanteturismo.com\/fr\/events\/exposicion-permanente-marq\/?occurrence=2026-09-18\" target=\"_self\" rel=\"noopener\">Exposici\u00f3n Permanente MARQ<\/a><span class=\"event-color\" style=\"background: #336dab\"><\/span><\/h4><div class=\"mec-event-detail\">\r\n                        <div class=\"mec-event-loc-place\">Museo Arqueol\u00f3gico de Alicante (MARQ)<\/div>\r\n                        \r\n                    <\/div><\/div><div style=\"clear:both\"><\/div><\/article><article class=\"mec-event-article \"><div class=\"mec-event-image\"><img loading=\"lazy\" decoding=\"async\" width=\"300\" height=\"300\" src=\"https:\/\/alicanteturismo.com\/wp-content\/uploads\/2025\/02\/mubag_diputacion_alicante-5-300x300.webp\" class=\"attachment-thumblist size-thumblist wp-post-image\" alt=\"\" data-mec-postid=\"296402\" \/><\/div><div class=\"mec-monthly-contents\" style=\"width: calc(100% - 85px)\"><div class=\"mec-event-time mec-color\"><i class=\"mec-sl-clock-o\"><\/i> 10h00<\/div><h4 class=\"mec-event-title\"><a class=\"mec-color-hover\" data-event-id=\"296402\" href=\"https:\/\/alicanteturismo.com\/fr\/events\/exposicion-permanente-en-el-mubag-el-siglo-xix-coleccion-a-la-luz\/?occurrence=2026-09-18\" target=\"_self\" rel=\"noopener\">Exposici\u00f3n Permanente en el MUBAG. El siglo XIX. Colecci\u00f3n a la Luz<\/a><span class=\"event-color\" style=\"background: #336dab\"><\/span><\/h4><div class=\"mec-event-detail\">\r\n                        <div class=\"mec-event-loc-place\">Museo de Bellas Artes Gravina (MUBAG)<\/div>\r\n                        \r\n                    <\/div><\/div><div style=\"clear:both\"><\/div><\/article><article class=\"mec-event-article \"><div class=\"mec-event-image\"><img loading=\"lazy\" decoding=\"async\" width=\"300\" height=\"300\" src=\"https:\/\/alicanteturismo.com\/wp-content\/uploads\/2025\/02\/maca-museo-rotated-1-300x300.webp\" class=\"attachment-thumblist size-thumblist wp-post-image\" alt=\"\" data-mec-postid=\"296408\" \/><\/div><div class=\"mec-monthly-contents\" style=\"width: calc(100% - 85px)\"><div class=\"mec-event-time mec-color\"><i class=\"mec-sl-clock-o\"><\/i> 10h00<\/div><h4 class=\"mec-event-title\"><a class=\"mec-color-hover\" data-event-id=\"296408\" href=\"https:\/\/alicanteturismo.com\/fr\/events\/exposicion-permanente-maca\/?occurrence=2026-09-18\" target=\"_self\" rel=\"noopener\">Exposici\u00f3n Permanente MACA<\/a><span class=\"event-color\" style=\"background: #336dab\"><\/span><\/h4><div class=\"mec-event-detail\">\r\n                        <div class=\"mec-event-loc-place\">Contemporary Art Museum of Alicante (MACA)<\/div>\r\n                        \r\n                    <\/div><\/div><div style=\"clear:both\"><\/div><\/article><article class=\"mec-event-article \"><div class=\"mec-event-image\"><img loading=\"lazy\" decoding=\"async\" width=\"300\" height=\"300\" src=\"https:\/\/alicanteturismo.com\/wp-content\/uploads\/2026\/07\/descargar-2-300x300.png\" class=\"attachment-thumblist size-thumblist wp-post-image\" alt=\"\" data-mec-postid=\"321763\" \/><\/div><div class=\"mec-monthly-contents\" style=\"width: calc(100% - 85px)\"><div class=\"mec-event-time mec-color\"><i class=\"mec-sl-clock-o\"><\/i> 10h00 - 21h30<\/div><h4 class=\"mec-event-title\"><a class=\"mec-color-hover\" data-event-id=\"321763\" href=\"https:\/\/alicanteturismo.com\/fr\/events\/exposicion-la-firmeza-de-un-instante-de-jesus-madrinan-en-las-cigarreras\/?occurrence=2026-09-18\" target=\"_self\" rel=\"noopener\">Exposici\u00f3n \u201cLa firmeza de un instante\u201d de Jes\u00fas Madri\u00f1\u00e1n en Las Cigarreras<\/a><span class=\"event-color\" style=\"background: #336dab\"><\/span><\/h4><div class=\"mec-event-detail\">\r\n                        <div class=\"mec-event-loc-place\">Centre culturel Las Cigarreras<\/div>\r\n                        \r\n                    <\/div><\/div><div style=\"clear:both\"><\/div><\/article><article class=\"mec-event-article \"><div class=\"mec-event-image\"><img loading=\"lazy\" decoding=\"async\" width=\"300\" height=\"300\" src=\"https:\/\/alicanteturismo.com\/wp-content\/uploads\/2025\/02\/Yacimiento-arqueologico-Lucentum.Lucentum-archaeological-remains-copia2-300x300.jpg\" class=\"attachment-thumblist size-thumblist wp-post-image\" alt=\"\" data-mec-postid=\"296353\" \/><\/div><div class=\"mec-monthly-contents\" style=\"width: calc(100% - 85px)\"><div class=\"mec-event-time mec-color\"><i class=\"mec-sl-clock-o\"><\/i> 10h30<\/div><h4 class=\"mec-event-title\"><a class=\"mec-color-hover\" data-event-id=\"296353\" href=\"https:\/\/alicanteturismo.com\/fr\/events\/visita-guiada-al-yacimiento-arqueologico-lucentum\/?occurrence=2026-09-18\" target=\"_self\" rel=\"noopener\">Visita guiada al yacimiento arqueol\u00f3gico Lucentum<\/a><span class=\"event-color\" style=\"background: #dd823b\"><\/span><\/h4><div class=\"mec-event-detail\">\r\n                        <div class=\"mec-event-loc-place\">Lucentum Tossal de Manises<\/div>\r\n                        \r\n                    <\/div><\/div><div style=\"clear:both\"><\/div><\/article><article class=\"mec-event-article \"><div class=\"mec-event-image\"><img loading=\"lazy\" decoding=\"async\" width=\"300\" height=\"300\" src=\"https:\/\/alicanteturismo.com\/wp-content\/uploads\/2025\/10\/Astroturismo-1-1-300x300.jpg\" class=\"attachment-thumblist size-thumblist wp-post-image\" alt=\"\" data-mec-postid=\"313302\" \/><\/div><div class=\"mec-monthly-contents\" style=\"width: calc(100% - 85px)\"><div class=\"mec-event-time mec-color\"><i class=\"mec-sl-clock-o\"><\/i> 20h30 - 23h30<\/div><h4 class=\"mec-event-title\"><a class=\"mec-color-hover\" data-event-id=\"313302\" href=\"https:\/\/alicanteturismo.com\/fr\/events\/astrotourism-and-stargazing-at-cabo-de-las-huertas-3\/?occurrence=2026-09-18\" target=\"_self\" rel=\"noopener\">Astrotourism and Stargazing at Cabo de las Huertas<\/a><\/h4><div class=\"mec-event-detail\">\r\n                        <div class=\"mec-event-loc-place\">Cabo de las Huertas, Alicante<\/div>\r\n                        \r\n                    <\/div><\/div><div style=\"clear:both\"><\/div><\/article><\/div><div class=\"mec-calendar-events-sec\" id=\"mec-calendar-events-sec-mec1-20260919\" data-mec-cell=\"20260919\" ><h6 class=\"mec-table-side-title\">\u00c9v\u00e9nements pour le <span class=\"mec-color mec-table-side-day\"> 19th<\/span> septembre<\/h6><article class=\"mec-event-article \"><div class=\"mec-event-image\"><img loading=\"lazy\" decoding=\"async\" width=\"300\" height=\"300\" src=\"https:\/\/alicanteturismo.com\/wp-content\/uploads\/2026\/08\/descargar-2-1-300x300.png\" class=\"attachment-thumblist size-thumblist wp-post-image\" alt=\"\" data-mec-postid=\"322333\" \/><\/div><div class=\"mec-monthly-contents\" style=\"width: calc(100% - 85px)\"><div class=\"mec-event-time mec-color\"><i class=\"mec-sl-clock-o\"><\/i> 7h00 - 12h00<\/div><h4 class=\"mec-event-title\"><a class=\"mec-color-hover\" data-event-id=\"322333\" href=\"https:\/\/alicanteturismo.com\/fr\/events\/i-traversee-unissant-les-phares\/?occurrence=2026-09-19\" target=\"_self\" rel=\"noopener\">I Travers\u00e9e Unissant les Phares<\/a><\/h4><div class=\"mec-event-detail\">\r\n                        <div class=\"mec-event-loc-place\">El Muelle Live<\/div>\r\n                        \r\n                    <\/div><\/div><div style=\"clear:both\"><\/div><\/article><article class=\"mec-event-article \"><div class=\"mec-event-image\"><img fetchpriority=\"high\" decoding=\"async\" width=\"300\" height=\"300\" src=\"https:\/\/alicanteturismo.com\/wp-content\/uploads\/2025\/02\/castillo-de-santa-barbara-2016-Alicante-ERN_6938-29-copia-300x300.jpg\" class=\"attachment-thumblist size-thumblist wp-post-image\" alt=\"\" data-mec-postid=\"296389\" \/><\/div><div class=\"mec-monthly-contents\" style=\"width: calc(100% - 85px)\"><div class=\"mec-event-time mec-color\"><i class=\"mec-sl-clock-o\"><\/i> Journ\u00e9e enti\u00e8re<\/div><h4 class=\"mec-event-title\"><a class=\"mec-color-hover\" data-event-id=\"296389\" href=\"https:\/\/alicanteturismo.com\/fr\/events\/exposicion-permanente-musa\/?occurrence=2026-09-19\" target=\"_self\" rel=\"noopener\">Exposici\u00f3n Permanente MUSA<\/a><span class=\"event-color\" style=\"background: #336dab\"><\/span><\/h4><div class=\"mec-event-detail\">\r\n                        <div class=\"mec-event-loc-place\">Ch\u00e2teau de Santa Barbara<\/div>\r\n                        \r\n                    <\/div><\/div><div style=\"clear:both\"><\/div><\/article><article class=\"mec-event-article \"><div class=\"mec-event-image\"><img decoding=\"async\" width=\"300\" height=\"300\" src=\"https:\/\/alicanteturismo.com\/wp-content\/uploads\/2025\/10\/Via-lactea-Isla-de-Tabarca-300x300.jpg\" class=\"attachment-thumblist size-thumblist wp-post-image\" alt=\"\" data-mec-postid=\"313076\" \/><\/div><div class=\"mec-monthly-contents\" style=\"width: calc(100% - 85px)\"><h4 class=\"mec-event-title\"><a class=\"mec-color-hover\" data-event-id=\"313076\" href=\"https:\/\/alicanteturismo.com\/fr\/events\/stargazing-on-tabarca-island\/?occurrence=2026-09-19&amp;time=1789804800\" target=\"_self\" rel=\"noopener\">Stargazing on Tabarca Island<\/a><\/h4><div class=\"mec-event-detail\">\r\n                        <div class=\"mec-event-loc-place\">Isla Tabarca<\/div>\r\n                        \r\n                    <\/div><\/div><div style=\"clear:both\"><\/div><\/article><article class=\"mec-event-article \"><div class=\"mec-event-image\"><img decoding=\"async\" width=\"300\" height=\"300\" src=\"https:\/\/alicanteturismo.com\/wp-content\/uploads\/2026\/02\/tabarca-boat-tour-300x300.jpg\" class=\"attachment-thumblist size-thumblist wp-post-image\" alt=\"\" data-mec-postid=\"317118\" \/><\/div><div class=\"mec-monthly-contents\" style=\"width: calc(100% - 85px)\"><h4 class=\"mec-event-title\"><a class=\"mec-color-hover\" data-event-id=\"317118\" href=\"https:\/\/alicanteturismo.com\/fr\/events\/tabarca-boat-tour\/?occurrence=2026-09-19\" target=\"_self\" rel=\"noopener\">Tabarca Boat Tour<\/a><span class=\"event-color\" style=\"background: #bfb417\"><\/span><\/h4><div class=\"mec-event-detail\">\r\n                        <div class=\"mec-event-loc-place\">Alicante<\/div>\r\n                        \r\n                    <\/div><\/div><div style=\"clear:both\"><\/div><\/article><article class=\"mec-event-article \"><div class=\"mec-event-image\"><img loading=\"lazy\" decoding=\"async\" width=\"300\" height=\"300\" src=\"https:\/\/alicanteturismo.com\/wp-content\/uploads\/2026\/02\/tabarca-boat-tour-300x300.jpg\" class=\"attachment-thumblist size-thumblist wp-post-image\" alt=\"\" data-mec-postid=\"317126\" \/><\/div><div class=\"mec-monthly-contents\" style=\"width: calc(100% - 85px)\"><h4 class=\"mec-event-title\"><a class=\"mec-color-hover\" data-event-id=\"317126\" href=\"https:\/\/www.alicanteboattours.com\/costa-boat-tour?occurrence=2026-09-19\" target=\"_self\" rel=\"noopener\">Costa Boat Tour<\/a><span class=\"event-color\" style=\"background: #00a0d2\"><\/span><\/h4><div class=\"mec-event-detail\">\r\n                        <div class=\"mec-event-loc-place\">Alicante Catamaran Aventurero<\/div>\r\n                        \r\n                    <\/div><\/div><div style=\"clear:both\"><\/div><\/article><article class=\"mec-event-article \"><div class=\"mec-event-image\"><img loading=\"lazy\" decoding=\"async\" width=\"300\" height=\"168\" src=\"https:\/\/alicanteturismo.com\/wp-content\/uploads\/2024\/05\/CABO-HUERTA-ALICANTE.jpg\" class=\"attachment-thumblist size-thumblist wp-post-image\" alt=\"\" data-mec-postid=\"317264\" \/><\/div><div class=\"mec-monthly-contents\" style=\"width: calc(100% - 85px)\"><div class=\"mec-event-time mec-color\"><i class=\"mec-sl-clock-o\"><\/i> 8h00 - 18h00<\/div><h4 class=\"mec-event-title\"><a class=\"mec-color-hover\" data-event-id=\"317264\" href=\"https:\/\/www.alicanteboattours.com\/bahia-boat-tour?occurrence=2026-09-19\" target=\"_self\" rel=\"noopener\">Bah\u00eda Boat Tour<\/a><span class=\"event-color\" style=\"background: #00a0d2\"><\/span><\/h4><div class=\"mec-event-detail\">\r\n                        <div class=\"mec-event-loc-place\">Alicante<\/div>\r\n                        \r\n                    <\/div><\/div><div style=\"clear:both\"><\/div><\/article><article class=\"mec-event-article \"><div class=\"mec-event-image\"><\/div><div class=\"mec-monthly-contents\" style=\"width: 100%\"><div class=\"mec-event-time mec-color\"><i class=\"mec-sl-clock-o\"><\/i> Journ\u00e9e enti\u00e8re<\/div><h4 class=\"mec-event-title\"><a class=\"mec-color-hover\" data-event-id=\"318219\" href=\"https:\/\/castillodesantabarbara.com\/en\/experience\/misterios-castillo\/?occurrence=2026-09-19\" target=\"_self\" rel=\"noopener\">Los Misterios del Castillo de Santa B\u00e1rbara: Visita Teatralizada Nocturna<\/a><\/h4><div class=\"mec-event-detail\">\r\n                        <div class=\"mec-event-loc-place\">Ch\u00e2teau de Santa Barbara<\/div>\r\n                        \r\n                    <\/div><\/div><div style=\"clear:both\"><\/div><\/article><article class=\"mec-event-article \"><div class=\"mec-event-image\"><img loading=\"lazy\" decoding=\"async\" width=\"300\" height=\"300\" src=\"https:\/\/alicanteturismo.com\/wp-content\/uploads\/2026\/05\/marq-expo-300x300.jpg\" class=\"attachment-thumblist size-thumblist wp-post-image\" alt=\"\" data-mec-postid=\"320214\" \/><\/div><div class=\"mec-monthly-contents\" style=\"width: calc(100% - 85px)\"><div class=\"mec-event-time mec-color\"><i class=\"mec-sl-clock-o\"><\/i> Journ\u00e9e enti\u00e8re<\/div><h4 class=\"mec-event-title\"><a class=\"mec-color-hover\" data-event-id=\"320214\" href=\"https:\/\/alicanteturismo.com\/fr\/events\/rituales-de-pastores-exposicion-en-el-marq-canibalismo-y-enterramientos-en-la-cova-de-randero\/?occurrence=2026-09-19\" target=\"_self\" rel=\"noopener\">Rituales de pastores. Exposici\u00f3n en el MARQ: Canibalismo y enterramientos en la Cova de Randero<\/a><span class=\"event-color\" style=\"background: #336dab\"><\/span><\/h4><div class=\"mec-event-detail\">\r\n                        <div class=\"mec-event-loc-place\"><\/div>\r\n                        \r\n                    <\/div><\/div><div style=\"clear:both\"><\/div><\/article><article class=\"mec-event-article \"><div class=\"mec-event-image\"><img loading=\"lazy\" decoding=\"async\" width=\"300\" height=\"300\" src=\"https:\/\/alicanteturismo.com\/wp-content\/uploads\/2026\/06\/d5ac5a84-ac33-061c-0536-2bbb1a525433-300x300.png\" class=\"attachment-thumblist size-thumblist wp-post-image\" alt=\"\" data-mec-postid=\"321036\" \/><\/div><div class=\"mec-monthly-contents\" style=\"width: calc(100% - 85px)\"><div class=\"mec-event-time mec-color\"><i class=\"mec-sl-clock-o\"><\/i> Journ\u00e9e enti\u00e8re<\/div><h4 class=\"mec-event-title\"><a class=\"mec-color-hover\" data-event-id=\"321036\" href=\"https:\/\/alicanteturismo.com\/fr\/events\/exposition-de-par-en-par-a-la-fondation-mediterranee\/?occurrence=2026-09-19\" target=\"_self\" rel=\"noopener\">Exposition \u00ab\u00a0De par en par\u00a0\u00bb \u00e0 la Fondation M\u00e9diterran\u00e9e<\/a><span class=\"event-color\" style=\"background: #1e73be\"><\/span><\/h4><div class=\"mec-event-detail\">\r\n                        <div class=\"mec-event-loc-place\">Salle d&#039;exposition<\/div>\r\n                        \r\n                    <\/div><\/div><div style=\"clear:both\"><\/div><\/article><article class=\"mec-event-article \"><div class=\"mec-event-image\"><img loading=\"lazy\" decoding=\"async\" width=\"300\" height=\"300\" src=\"https:\/\/alicanteturismo.com\/wp-content\/uploads\/2026\/07\/descargar-1-300x300.png\" class=\"attachment-thumblist size-thumblist wp-post-image\" alt=\"\" data-mec-postid=\"321395\" \/><\/div><div class=\"mec-monthly-contents\" style=\"width: calc(100% - 85px)\"><div class=\"mec-event-time mec-color\"><i class=\"mec-sl-clock-o\"><\/i> Journ\u00e9e enti\u00e8re<\/div><h4 class=\"mec-event-title\"><a class=\"mec-color-hover\" data-event-id=\"321395\" href=\"https:\/\/alicanteturismo.com\/fr\/events\/exposition-lor-et-lunivers-savoirs-autochtones-de-colombie-au-marq\/?occurrence=2026-09-19\" target=\"_self\" rel=\"noopener\">Exposition \u00ab L&rsquo;OR ET L&rsquo;UNIVERS. Savoirs autochtones de Colombie \u00bb au MARQ<\/a><span class=\"event-color\" style=\"background: #dd9933\"><\/span><\/h4><div class=\"mec-event-detail\">\r\n                        <div class=\"mec-event-loc-place\"><\/div>\r\n                        \r\n                    <\/div><\/div><div style=\"clear:both\"><\/div><\/article><article class=\"mec-event-article \"><div class=\"mec-event-image\"><img loading=\"lazy\" decoding=\"async\" width=\"300\" height=\"300\" src=\"https:\/\/alicanteturismo.com\/wp-content\/uploads\/2026\/08\/descargar-1-300x300.png\" class=\"attachment-thumblist size-thumblist wp-post-image\" alt=\"\" data-mec-postid=\"322070\" \/><\/div><div class=\"mec-monthly-contents\" style=\"width: calc(100% - 85px)\"><h4 class=\"mec-event-title\"><a class=\"mec-color-hover\" data-event-id=\"322070\" href=\"https:\/\/alicanteturismo.com\/fr\/events\/visites-guidees-des-abris-anti-aeriens-et-du-centre-dinterpretation-de-la-guerre-civile\/?occurrence=2026-09-19\" target=\"_self\" rel=\"noopener\">Visites guid\u00e9es des abris anti-a\u00e9riens et du centre d&rsquo;interpr\u00e9tation de la guerre civile<\/a><span class=\"event-color\" style=\"background: #1e73be\"><\/span><\/h4><div class=\"mec-event-detail\">\r\n                        <div class=\"mec-event-loc-place\"><\/div>\r\n                        \r\n                    <\/div><\/div><div style=\"clear:both\"><\/div><\/article><article class=\"mec-event-article \"><div class=\"mec-event-image\"><img loading=\"lazy\" decoding=\"async\" width=\"300\" height=\"300\" src=\"https:\/\/alicanteturismo.com\/wp-content\/uploads\/2025\/02\/MA07110494-300x300.jpg\" class=\"attachment-thumblist size-thumblist wp-post-image\" alt=\"\" data-mec-postid=\"296395\" \/><\/div><div class=\"mec-monthly-contents\" style=\"width: calc(100% - 85px)\"><div class=\"mec-event-time mec-color\"><i class=\"mec-sl-clock-o\"><\/i> 10h00<\/div><h4 class=\"mec-event-title\"><a class=\"mec-color-hover\" data-event-id=\"296395\" href=\"https:\/\/alicanteturismo.com\/fr\/events\/exposicion-permanente-marq\/?occurrence=2026-09-19\" target=\"_self\" rel=\"noopener\">Exposici\u00f3n Permanente MARQ<\/a><span class=\"event-color\" style=\"background: #336dab\"><\/span><\/h4><div class=\"mec-event-detail\">\r\n                        <div class=\"mec-event-loc-place\">Museo Arqueol\u00f3gico de Alicante (MARQ)<\/div>\r\n                        \r\n                    <\/div><\/div><div style=\"clear:both\"><\/div><\/article><article class=\"mec-event-article \"><div class=\"mec-event-image\"><img loading=\"lazy\" decoding=\"async\" width=\"300\" height=\"300\" src=\"https:\/\/alicanteturismo.com\/wp-content\/uploads\/2025\/02\/mubag_diputacion_alicante-5-300x300.webp\" class=\"attachment-thumblist size-thumblist wp-post-image\" alt=\"\" data-mec-postid=\"296402\" \/><\/div><div class=\"mec-monthly-contents\" style=\"width: calc(100% - 85px)\"><div class=\"mec-event-time mec-color\"><i class=\"mec-sl-clock-o\"><\/i> 10h00<\/div><h4 class=\"mec-event-title\"><a class=\"mec-color-hover\" data-event-id=\"296402\" href=\"https:\/\/alicanteturismo.com\/fr\/events\/exposicion-permanente-en-el-mubag-el-siglo-xix-coleccion-a-la-luz\/?occurrence=2026-09-19\" target=\"_self\" rel=\"noopener\">Exposici\u00f3n Permanente en el MUBAG. El siglo XIX. Colecci\u00f3n a la Luz<\/a><span class=\"event-color\" style=\"background: #336dab\"><\/span><\/h4><div class=\"mec-event-detail\">\r\n                        <div class=\"mec-event-loc-place\">Museo de Bellas Artes Gravina (MUBAG)<\/div>\r\n                        \r\n                    <\/div><\/div><div style=\"clear:both\"><\/div><\/article><article class=\"mec-event-article \"><div class=\"mec-event-image\"><img loading=\"lazy\" decoding=\"async\" width=\"300\" height=\"300\" src=\"https:\/\/alicanteturismo.com\/wp-content\/uploads\/2025\/02\/maca-museo-rotated-1-300x300.webp\" class=\"attachment-thumblist size-thumblist wp-post-image\" alt=\"\" data-mec-postid=\"296408\" \/><\/div><div class=\"mec-monthly-contents\" style=\"width: calc(100% - 85px)\"><div class=\"mec-event-time mec-color\"><i class=\"mec-sl-clock-o\"><\/i> 10h00<\/div><h4 class=\"mec-event-title\"><a class=\"mec-color-hover\" data-event-id=\"296408\" href=\"https:\/\/alicanteturismo.com\/fr\/events\/exposicion-permanente-maca\/?occurrence=2026-09-19\" target=\"_self\" rel=\"noopener\">Exposici\u00f3n Permanente MACA<\/a><span class=\"event-color\" style=\"background: #336dab\"><\/span><\/h4><div class=\"mec-event-detail\">\r\n                        <div class=\"mec-event-loc-place\">Contemporary Art Museum of Alicante (MACA)<\/div>\r\n                        \r\n                    <\/div><\/div><div style=\"clear:both\"><\/div><\/article><article class=\"mec-event-article \"><div class=\"mec-event-image\"><img loading=\"lazy\" decoding=\"async\" width=\"300\" height=\"300\" src=\"https:\/\/alicanteturismo.com\/wp-content\/uploads\/2026\/02\/degustacion-vinos-300x300.webp\" class=\"attachment-thumblist size-thumblist wp-post-image\" alt=\"\" data-mec-postid=\"317139\" \/><\/div><div class=\"mec-monthly-contents\" style=\"width: calc(100% - 85px)\"><h4 class=\"mec-event-title\"><a class=\"mec-color-hover\" data-event-id=\"317139\" href=\"https:\/\/alicanteturismo.com\/fr\/events\/degustacionvinosyproductosalicantinos\/?occurrence=2026-09-19\" target=\"_self\" rel=\"noopener\">Degustaci\u00f3n de 3 vinos D.O y Productos alicantinos<\/a><span class=\"event-color\" style=\"background: #dd823b\"><\/span><\/h4><div class=\"mec-event-detail\">\r\n                        <div class=\"mec-event-loc-place\"><\/div>\r\n                        \r\n                    <\/div><\/div><div style=\"clear:both\"><\/div><\/article><article class=\"mec-event-article \"><div class=\"mec-event-image\"><img loading=\"lazy\" decoding=\"async\" width=\"300\" height=\"300\" src=\"https:\/\/alicanteturismo.com\/wp-content\/uploads\/2026\/07\/descargar-2-300x300.png\" class=\"attachment-thumblist size-thumblist wp-post-image\" alt=\"\" data-mec-postid=\"321763\" \/><\/div><div class=\"mec-monthly-contents\" style=\"width: calc(100% - 85px)\"><div class=\"mec-event-time mec-color\"><i class=\"mec-sl-clock-o\"><\/i> 10h00 - 21h30<\/div><h4 class=\"mec-event-title\"><a class=\"mec-color-hover\" data-event-id=\"321763\" href=\"https:\/\/alicanteturismo.com\/fr\/events\/exposicion-la-firmeza-de-un-instante-de-jesus-madrinan-en-las-cigarreras\/?occurrence=2026-09-19\" target=\"_self\" rel=\"noopener\">Exposici\u00f3n \u201cLa firmeza de un instante\u201d de Jes\u00fas Madri\u00f1\u00e1n en Las Cigarreras<\/a><span class=\"event-color\" style=\"background: #336dab\"><\/span><\/h4><div class=\"mec-event-detail\">\r\n                        <div class=\"mec-event-loc-place\">Centre culturel Las Cigarreras<\/div>\r\n                        \r\n                    <\/div><\/div><div style=\"clear:both\"><\/div><\/article><article class=\"mec-event-article \"><div class=\"mec-event-image\"><img loading=\"lazy\" decoding=\"async\" width=\"300\" height=\"300\" src=\"https:\/\/alicanteturismo.com\/wp-content\/uploads\/2025\/02\/Yacimiento-arqueologico-Lucentum.Lucentum-archaeological-remains-copia2-300x300.jpg\" class=\"attachment-thumblist size-thumblist wp-post-image\" alt=\"\" data-mec-postid=\"296353\" \/><\/div><div class=\"mec-monthly-contents\" style=\"width: calc(100% - 85px)\"><div class=\"mec-event-time mec-color\"><i class=\"mec-sl-clock-o\"><\/i> 10h30<\/div><h4 class=\"mec-event-title\"><a class=\"mec-color-hover\" data-event-id=\"296353\" href=\"https:\/\/alicanteturismo.com\/fr\/events\/visita-guiada-al-yacimiento-arqueologico-lucentum\/?occurrence=2026-09-19\" target=\"_self\" rel=\"noopener\">Visita guiada al yacimiento arqueol\u00f3gico Lucentum<\/a><span class=\"event-color\" style=\"background: #dd823b\"><\/span><\/h4><div class=\"mec-event-detail\">\r\n                        <div class=\"mec-event-loc-place\">Lucentum Tossal de Manises<\/div>\r\n                        \r\n                    <\/div><\/div><div style=\"clear:both\"><\/div><\/article><article class=\"mec-event-article \"><div class=\"mec-event-image\"><img loading=\"lazy\" decoding=\"async\" width=\"300\" height=\"300\" src=\"https:\/\/alicanteturismo.com\/wp-content\/uploads\/2026\/02\/castillo-degustaciones-chocolate-300x300.webp\" class=\"attachment-thumblist size-thumblist wp-post-image\" alt=\"\" data-mec-postid=\"317131\" \/><\/div><div class=\"mec-monthly-contents\" style=\"width: calc(100% - 85px)\"><div class=\"mec-event-time mec-color\"><i class=\"mec-sl-clock-o\"><\/i> 11h00 - 12h00<\/div><h4 class=\"mec-event-title\"><a class=\"mec-color-hover\" data-event-id=\"317131\" href=\"https:\/\/alicanteturismo.com\/fr\/events\/degustacionchocolatescastillosantabarbara\/?occurrence=2026-09-19\" target=\"_self\" rel=\"noopener\">Degustaci\u00f3n de chocolates y turrones de Alicante en el Castillo de Santa B\u00e1rbara<\/a><span class=\"event-color\" style=\"background: #dd823b\"><\/span><\/h4><div class=\"mec-event-detail\">\r\n                        <div class=\"mec-event-loc-place\">Ch\u00e2teau de Santa Barbara<\/div>\r\n                        \r\n                    <\/div><\/div><div style=\"clear:both\"><\/div><\/article><article class=\"mec-event-article \"><div class=\"mec-event-image\"><img loading=\"lazy\" decoding=\"async\" width=\"300\" height=\"300\" src=\"https:\/\/alicanteturismo.com\/wp-content\/uploads\/2026\/08\/descargar-2-300x300.png\" class=\"attachment-thumblist size-thumblist wp-post-image\" alt=\"\" data-mec-postid=\"322085\" \/><\/div><div class=\"mec-monthly-contents\" style=\"width: calc(100% - 85px)\"><div class=\"mec-event-time mec-color\"><i class=\"mec-sl-clock-o\"><\/i> 19h00<\/div><h4 class=\"mec-event-title\"><a class=\"mec-color-hover\" data-event-id=\"322085\" href=\"https:\/\/alicanteturismo.com\/fr\/events\/visite-guidee-de-la-tour-sarrio-et-du-centre-dinterpretation\/?occurrence=2026-09-19\" target=\"_self\" rel=\"noopener\">Visite guid\u00e9e de la tour Sarri\u00f3 et du centre d&rsquo;interpr\u00e9tation<\/a><span class=\"event-color\" style=\"background: #1e73be\"><\/span><\/h4><div class=\"mec-event-detail\">\r\n                        <div class=\"mec-event-loc-place\"><\/div>\r\n                        \r\n                    <\/div><\/div><div style=\"clear:both\"><\/div><\/article><article class=\"mec-event-article \"><div class=\"mec-event-image\"><img loading=\"lazy\" decoding=\"async\" width=\"300\" height=\"300\" src=\"https:\/\/alicanteturismo.com\/wp-content\/uploads\/2025\/10\/Astroturismo-1-1-300x300.jpg\" class=\"attachment-thumblist size-thumblist wp-post-image\" alt=\"\" data-mec-postid=\"313302\" \/><\/div><div class=\"mec-monthly-contents\" style=\"width: calc(100% - 85px)\"><div class=\"mec-event-time mec-color\"><i class=\"mec-sl-clock-o\"><\/i> 20h30 - 23h30<\/div><h4 class=\"mec-event-title\"><a class=\"mec-color-hover\" data-event-id=\"313302\" href=\"https:\/\/alicanteturismo.com\/fr\/events\/astrotourism-and-stargazing-at-cabo-de-las-huertas-3\/?occurrence=2026-09-19\" target=\"_self\" rel=\"noopener\">Astrotourism and Stargazing at Cabo de las Huertas<\/a><\/h4><div class=\"mec-event-detail\">\r\n                        <div class=\"mec-event-loc-place\">Cabo de las Huertas, Alicante<\/div>\r\n                        \r\n                    <\/div><\/div><div style=\"clear:both\"><\/div><\/article><\/div><div class=\"mec-calendar-events-sec\" id=\"mec-calendar-events-sec-mec1-20260920\" data-mec-cell=\"20260920\" ><h6 class=\"mec-table-side-title\">\u00c9v\u00e9nements pour le <span class=\"mec-color mec-table-side-day\"> 20th<\/span> septembre<\/h6><article class=\"mec-event-article \"><div class=\"mec-event-image\"><img fetchpriority=\"high\" decoding=\"async\" width=\"300\" height=\"300\" src=\"https:\/\/alicanteturismo.com\/wp-content\/uploads\/2025\/02\/castillo-de-santa-barbara-2016-Alicante-ERN_6938-29-copia-300x300.jpg\" class=\"attachment-thumblist size-thumblist wp-post-image\" alt=\"\" data-mec-postid=\"296389\" \/><\/div><div class=\"mec-monthly-contents\" style=\"width: calc(100% - 85px)\"><div class=\"mec-event-time mec-color\"><i class=\"mec-sl-clock-o\"><\/i> Journ\u00e9e enti\u00e8re<\/div><h4 class=\"mec-event-title\"><a class=\"mec-color-hover\" data-event-id=\"296389\" href=\"https:\/\/alicanteturismo.com\/fr\/events\/exposicion-permanente-musa\/?occurrence=2026-09-20\" target=\"_self\" rel=\"noopener\">Exposici\u00f3n Permanente MUSA<\/a><span class=\"event-color\" style=\"background: #336dab\"><\/span><\/h4><div class=\"mec-event-detail\">\r\n                        <div class=\"mec-event-loc-place\">Ch\u00e2teau de Santa Barbara<\/div>\r\n                        \r\n                    <\/div><\/div><div style=\"clear:both\"><\/div><\/article><article class=\"mec-event-article \"><div class=\"mec-event-image\"><img decoding=\"async\" width=\"300\" height=\"300\" src=\"https:\/\/alicanteturismo.com\/wp-content\/uploads\/2025\/10\/Via-lactea-Isla-de-Tabarca-300x300.jpg\" class=\"attachment-thumblist size-thumblist wp-post-image\" alt=\"\" data-mec-postid=\"313076\" \/><\/div><div class=\"mec-monthly-contents\" style=\"width: calc(100% - 85px)\"><h4 class=\"mec-event-title\"><a class=\"mec-color-hover\" data-event-id=\"313076\" href=\"https:\/\/alicanteturismo.com\/fr\/events\/stargazing-on-tabarca-island\/?occurrence=2026-09-20&amp;time=1789891200\" target=\"_self\" rel=\"noopener\">Stargazing on Tabarca Island<\/a><\/h4><div class=\"mec-event-detail\">\r\n                        <div class=\"mec-event-loc-place\">Isla Tabarca<\/div>\r\n                        \r\n                    <\/div><\/div><div style=\"clear:both\"><\/div><\/article><article class=\"mec-event-article \"><div class=\"mec-event-image\"><img decoding=\"async\" width=\"300\" height=\"300\" src=\"https:\/\/alicanteturismo.com\/wp-content\/uploads\/2026\/02\/tabarca-boat-tour-300x300.jpg\" class=\"attachment-thumblist size-thumblist wp-post-image\" alt=\"\" data-mec-postid=\"317118\" \/><\/div><div class=\"mec-monthly-contents\" style=\"width: calc(100% - 85px)\"><h4 class=\"mec-event-title\"><a class=\"mec-color-hover\" data-event-id=\"317118\" href=\"https:\/\/alicanteturismo.com\/fr\/events\/tabarca-boat-tour\/?occurrence=2026-09-20\" target=\"_self\" rel=\"noopener\">Tabarca Boat Tour<\/a><span class=\"event-color\" style=\"background: #bfb417\"><\/span><\/h4><div class=\"mec-event-detail\">\r\n                        <div class=\"mec-event-loc-place\">Alicante<\/div>\r\n                        \r\n                    <\/div><\/div><div style=\"clear:both\"><\/div><\/article><article class=\"mec-event-article \"><div class=\"mec-event-image\"><img loading=\"lazy\" decoding=\"async\" width=\"300\" height=\"300\" src=\"https:\/\/alicanteturismo.com\/wp-content\/uploads\/2026\/02\/tabarca-boat-tour-300x300.jpg\" class=\"attachment-thumblist size-thumblist wp-post-image\" alt=\"\" data-mec-postid=\"317126\" \/><\/div><div class=\"mec-monthly-contents\" style=\"width: calc(100% - 85px)\"><h4 class=\"mec-event-title\"><a class=\"mec-color-hover\" data-event-id=\"317126\" href=\"https:\/\/www.alicanteboattours.com\/costa-boat-tour?occurrence=2026-09-20\" target=\"_self\" rel=\"noopener\">Costa Boat Tour<\/a><span class=\"event-color\" style=\"background: #00a0d2\"><\/span><\/h4><div class=\"mec-event-detail\">\r\n                        <div class=\"mec-event-loc-place\">Alicante Catamaran Aventurero<\/div>\r\n                        \r\n                    <\/div><\/div><div style=\"clear:both\"><\/div><\/article><article class=\"mec-event-article \"><div class=\"mec-event-image\"><img loading=\"lazy\" decoding=\"async\" width=\"300\" height=\"168\" src=\"https:\/\/alicanteturismo.com\/wp-content\/uploads\/2024\/05\/CABO-HUERTA-ALICANTE.jpg\" class=\"attachment-thumblist size-thumblist wp-post-image\" alt=\"\" data-mec-postid=\"317264\" \/><\/div><div class=\"mec-monthly-contents\" style=\"width: calc(100% - 85px)\"><div class=\"mec-event-time mec-color\"><i class=\"mec-sl-clock-o\"><\/i> 8h00 - 18h00<\/div><h4 class=\"mec-event-title\"><a class=\"mec-color-hover\" data-event-id=\"317264\" href=\"https:\/\/www.alicanteboattours.com\/bahia-boat-tour?occurrence=2026-09-20\" target=\"_self\" rel=\"noopener\">Bah\u00eda Boat Tour<\/a><span class=\"event-color\" style=\"background: #00a0d2\"><\/span><\/h4><div class=\"mec-event-detail\">\r\n                        <div class=\"mec-event-loc-place\">Alicante<\/div>\r\n                        \r\n                    <\/div><\/div><div style=\"clear:both\"><\/div><\/article><article class=\"mec-event-article \"><div class=\"mec-event-image\"><img loading=\"lazy\" decoding=\"async\" width=\"300\" height=\"300\" src=\"https:\/\/alicanteturismo.com\/wp-content\/uploads\/2026\/05\/marq-expo-300x300.jpg\" class=\"attachment-thumblist size-thumblist wp-post-image\" alt=\"\" data-mec-postid=\"320214\" \/><\/div><div class=\"mec-monthly-contents\" style=\"width: calc(100% - 85px)\"><div class=\"mec-event-time mec-color\"><i class=\"mec-sl-clock-o\"><\/i> Journ\u00e9e enti\u00e8re<\/div><h4 class=\"mec-event-title\"><a class=\"mec-color-hover\" data-event-id=\"320214\" href=\"https:\/\/alicanteturismo.com\/fr\/events\/rituales-de-pastores-exposicion-en-el-marq-canibalismo-y-enterramientos-en-la-cova-de-randero\/?occurrence=2026-09-20\" target=\"_self\" rel=\"noopener\">Rituales de pastores. Exposici\u00f3n en el MARQ: Canibalismo y enterramientos en la Cova de Randero<\/a><span class=\"event-color\" style=\"background: #336dab\"><\/span><\/h4><div class=\"mec-event-detail\">\r\n                        <div class=\"mec-event-loc-place\"><\/div>\r\n                        \r\n                    <\/div><\/div><div style=\"clear:both\"><\/div><\/article><article class=\"mec-event-article \"><div class=\"mec-event-image\"><img loading=\"lazy\" decoding=\"async\" width=\"300\" height=\"300\" src=\"https:\/\/alicanteturismo.com\/wp-content\/uploads\/2026\/06\/d5ac5a84-ac33-061c-0536-2bbb1a525433-300x300.png\" class=\"attachment-thumblist size-thumblist wp-post-image\" alt=\"\" data-mec-postid=\"321036\" \/><\/div><div class=\"mec-monthly-contents\" style=\"width: calc(100% - 85px)\"><div class=\"mec-event-time mec-color\"><i class=\"mec-sl-clock-o\"><\/i> Journ\u00e9e enti\u00e8re<\/div><h4 class=\"mec-event-title\"><a class=\"mec-color-hover\" data-event-id=\"321036\" href=\"https:\/\/alicanteturismo.com\/fr\/events\/exposition-de-par-en-par-a-la-fondation-mediterranee\/?occurrence=2026-09-20\" target=\"_self\" rel=\"noopener\">Exposition \u00ab\u00a0De par en par\u00a0\u00bb \u00e0 la Fondation M\u00e9diterran\u00e9e<\/a><span class=\"event-color\" style=\"background: #1e73be\"><\/span><\/h4><div class=\"mec-event-detail\">\r\n                        <div class=\"mec-event-loc-place\">Salle d&#039;exposition<\/div>\r\n                        \r\n                    <\/div><\/div><div style=\"clear:both\"><\/div><\/article><article class=\"mec-event-article \"><div class=\"mec-event-image\"><img loading=\"lazy\" decoding=\"async\" width=\"300\" height=\"300\" src=\"https:\/\/alicanteturismo.com\/wp-content\/uploads\/2026\/07\/descargar-1-300x300.png\" class=\"attachment-thumblist size-thumblist wp-post-image\" alt=\"\" data-mec-postid=\"321395\" \/><\/div><div class=\"mec-monthly-contents\" style=\"width: calc(100% - 85px)\"><div class=\"mec-event-time mec-color\"><i class=\"mec-sl-clock-o\"><\/i> Journ\u00e9e enti\u00e8re<\/div><h4 class=\"mec-event-title\"><a class=\"mec-color-hover\" data-event-id=\"321395\" href=\"https:\/\/alicanteturismo.com\/fr\/events\/exposition-lor-et-lunivers-savoirs-autochtones-de-colombie-au-marq\/?occurrence=2026-09-20\" target=\"_self\" rel=\"noopener\">Exposition \u00ab L&rsquo;OR ET L&rsquo;UNIVERS. Savoirs autochtones de Colombie \u00bb au MARQ<\/a><span class=\"event-color\" style=\"background: #dd9933\"><\/span><\/h4><div class=\"mec-event-detail\">\r\n                        <div class=\"mec-event-loc-place\"><\/div>\r\n                        \r\n                    <\/div><\/div><div style=\"clear:both\"><\/div><\/article><article class=\"mec-event-article \"><div class=\"mec-event-image\"><img loading=\"lazy\" decoding=\"async\" width=\"300\" height=\"300\" src=\"https:\/\/alicanteturismo.com\/wp-content\/uploads\/2026\/08\/descargar-1-300x300.png\" class=\"attachment-thumblist size-thumblist wp-post-image\" alt=\"\" data-mec-postid=\"322070\" \/><\/div><div class=\"mec-monthly-contents\" style=\"width: calc(100% - 85px)\"><h4 class=\"mec-event-title\"><a class=\"mec-color-hover\" data-event-id=\"322070\" href=\"https:\/\/alicanteturismo.com\/fr\/events\/visites-guidees-des-abris-anti-aeriens-et-du-centre-dinterpretation-de-la-guerre-civile\/?occurrence=2026-09-20\" target=\"_self\" rel=\"noopener\">Visites guid\u00e9es des abris anti-a\u00e9riens et du centre d&rsquo;interpr\u00e9tation de la guerre civile<\/a><span class=\"event-color\" style=\"background: #1e73be\"><\/span><\/h4><div class=\"mec-event-detail\">\r\n                        <div class=\"mec-event-loc-place\"><\/div>\r\n                        \r\n                    <\/div><\/div><div style=\"clear:both\"><\/div><\/article><article class=\"mec-event-article \"><div class=\"mec-event-image\"><img loading=\"lazy\" decoding=\"async\" width=\"300\" height=\"300\" src=\"https:\/\/alicanteturismo.com\/wp-content\/uploads\/2025\/02\/MA07110494-300x300.jpg\" class=\"attachment-thumblist size-thumblist wp-post-image\" alt=\"\" data-mec-postid=\"296395\" \/><\/div><div class=\"mec-monthly-contents\" style=\"width: calc(100% - 85px)\"><div class=\"mec-event-time mec-color\"><i class=\"mec-sl-clock-o\"><\/i> 10h00<\/div><h4 class=\"mec-event-title\"><a class=\"mec-color-hover\" data-event-id=\"296395\" href=\"https:\/\/alicanteturismo.com\/fr\/events\/exposicion-permanente-marq\/?occurrence=2026-09-20\" target=\"_self\" rel=\"noopener\">Exposici\u00f3n Permanente MARQ<\/a><span class=\"event-color\" style=\"background: #336dab\"><\/span><\/h4><div class=\"mec-event-detail\">\r\n                        <div class=\"mec-event-loc-place\">Museo Arqueol\u00f3gico de Alicante (MARQ)<\/div>\r\n                        \r\n                    <\/div><\/div><div style=\"clear:both\"><\/div><\/article><article class=\"mec-event-article \"><div class=\"mec-event-image\"><img loading=\"lazy\" decoding=\"async\" width=\"300\" height=\"300\" src=\"https:\/\/alicanteturismo.com\/wp-content\/uploads\/2025\/02\/mubag_diputacion_alicante-5-300x300.webp\" class=\"attachment-thumblist size-thumblist wp-post-image\" alt=\"\" data-mec-postid=\"296402\" \/><\/div><div class=\"mec-monthly-contents\" style=\"width: calc(100% - 85px)\"><div class=\"mec-event-time mec-color\"><i class=\"mec-sl-clock-o\"><\/i> 10h00<\/div><h4 class=\"mec-event-title\"><a class=\"mec-color-hover\" data-event-id=\"296402\" href=\"https:\/\/alicanteturismo.com\/fr\/events\/exposicion-permanente-en-el-mubag-el-siglo-xix-coleccion-a-la-luz\/?occurrence=2026-09-20\" target=\"_self\" rel=\"noopener\">Exposici\u00f3n Permanente en el MUBAG. El siglo XIX. Colecci\u00f3n a la Luz<\/a><span class=\"event-color\" style=\"background: #336dab\"><\/span><\/h4><div class=\"mec-event-detail\">\r\n                        <div class=\"mec-event-loc-place\">Museo de Bellas Artes Gravina (MUBAG)<\/div>\r\n                        \r\n                    <\/div><\/div><div style=\"clear:both\"><\/div><\/article><article class=\"mec-event-article \"><div class=\"mec-event-image\"><img loading=\"lazy\" decoding=\"async\" width=\"300\" height=\"300\" src=\"https:\/\/alicanteturismo.com\/wp-content\/uploads\/2025\/02\/maca-museo-rotated-1-300x300.webp\" class=\"attachment-thumblist size-thumblist wp-post-image\" alt=\"\" data-mec-postid=\"296408\" \/><\/div><div class=\"mec-monthly-contents\" style=\"width: calc(100% - 85px)\"><div class=\"mec-event-time mec-color\"><i class=\"mec-sl-clock-o\"><\/i> 10h00<\/div><h4 class=\"mec-event-title\"><a class=\"mec-color-hover\" data-event-id=\"296408\" href=\"https:\/\/alicanteturismo.com\/fr\/events\/exposicion-permanente-maca\/?occurrence=2026-09-20\" target=\"_self\" rel=\"noopener\">Exposici\u00f3n Permanente MACA<\/a><span class=\"event-color\" style=\"background: #336dab\"><\/span><\/h4><div class=\"mec-event-detail\">\r\n                        <div class=\"mec-event-loc-place\">Contemporary Art Museum of Alicante (MACA)<\/div>\r\n                        \r\n                    <\/div><\/div><div style=\"clear:both\"><\/div><\/article><article class=\"mec-event-article \"><div class=\"mec-event-image\"><img loading=\"lazy\" decoding=\"async\" width=\"300\" height=\"300\" src=\"https:\/\/alicanteturismo.com\/wp-content\/uploads\/2026\/02\/degustacion-vinos-300x300.webp\" class=\"attachment-thumblist size-thumblist wp-post-image\" alt=\"\" data-mec-postid=\"317139\" \/><\/div><div class=\"mec-monthly-contents\" style=\"width: calc(100% - 85px)\"><h4 class=\"mec-event-title\"><a class=\"mec-color-hover\" data-event-id=\"317139\" href=\"https:\/\/alicanteturismo.com\/fr\/events\/degustacionvinosyproductosalicantinos\/?occurrence=2026-09-20\" target=\"_self\" rel=\"noopener\">Degustaci\u00f3n de 3 vinos D.O y Productos alicantinos<\/a><span class=\"event-color\" style=\"background: #dd823b\"><\/span><\/h4><div class=\"mec-event-detail\">\r\n                        <div class=\"mec-event-loc-place\"><\/div>\r\n                        \r\n                    <\/div><\/div><div style=\"clear:both\"><\/div><\/article><article class=\"mec-event-article \"><div class=\"mec-event-image\"><img loading=\"lazy\" decoding=\"async\" width=\"300\" height=\"300\" src=\"https:\/\/alicanteturismo.com\/wp-content\/uploads\/2025\/02\/Yacimiento-arqueologico-Lucentum.Lucentum-archaeological-remains-copia2-300x300.jpg\" class=\"attachment-thumblist size-thumblist wp-post-image\" alt=\"\" data-mec-postid=\"296353\" \/><\/div><div class=\"mec-monthly-contents\" style=\"width: calc(100% - 85px)\"><div class=\"mec-event-time mec-color\"><i class=\"mec-sl-clock-o\"><\/i> 10h30<\/div><h4 class=\"mec-event-title\"><a class=\"mec-color-hover\" data-event-id=\"296353\" href=\"https:\/\/alicanteturismo.com\/fr\/events\/visita-guiada-al-yacimiento-arqueologico-lucentum\/?occurrence=2026-09-20\" target=\"_self\" rel=\"noopener\">Visita guiada al yacimiento arqueol\u00f3gico Lucentum<\/a><span class=\"event-color\" style=\"background: #dd823b\"><\/span><\/h4><div class=\"mec-event-detail\">\r\n                        <div class=\"mec-event-loc-place\">Lucentum Tossal de Manises<\/div>\r\n                        \r\n                    <\/div><\/div><div style=\"clear:both\"><\/div><\/article><article class=\"mec-event-article \"><div class=\"mec-event-image\"><img loading=\"lazy\" decoding=\"async\" width=\"300\" height=\"300\" src=\"https:\/\/alicanteturismo.com\/wp-content\/uploads\/2026\/02\/castillo-degustaciones-chocolate-300x300.webp\" class=\"attachment-thumblist size-thumblist wp-post-image\" alt=\"\" data-mec-postid=\"317131\" \/><\/div><div class=\"mec-monthly-contents\" style=\"width: calc(100% - 85px)\"><div class=\"mec-event-time mec-color\"><i class=\"mec-sl-clock-o\"><\/i> 11h00 - 12h00<\/div><h4 class=\"mec-event-title\"><a class=\"mec-color-hover\" data-event-id=\"317131\" href=\"https:\/\/alicanteturismo.com\/fr\/events\/degustacionchocolatescastillosantabarbara\/?occurrence=2026-09-20\" target=\"_self\" rel=\"noopener\">Degustaci\u00f3n de chocolates y turrones de Alicante en el Castillo de Santa B\u00e1rbara<\/a><span class=\"event-color\" style=\"background: #dd823b\"><\/span><\/h4><div class=\"mec-event-detail\">\r\n                        <div class=\"mec-event-loc-place\">Ch\u00e2teau de Santa Barbara<\/div>\r\n                        \r\n                    <\/div><\/div><div style=\"clear:both\"><\/div><\/article><article class=\"mec-event-article \"><div class=\"mec-event-image\"><img loading=\"lazy\" decoding=\"async\" width=\"300\" height=\"300\" src=\"https:\/\/alicanteturismo.com\/wp-content\/uploads\/2025\/10\/Astroturismo-1-1-300x300.jpg\" class=\"attachment-thumblist size-thumblist wp-post-image\" alt=\"\" data-mec-postid=\"313302\" \/><\/div><div class=\"mec-monthly-contents\" style=\"width: calc(100% - 85px)\"><div class=\"mec-event-time mec-color\"><i class=\"mec-sl-clock-o\"><\/i> 20h30 - 23h30<\/div><h4 class=\"mec-event-title\"><a class=\"mec-color-hover\" data-event-id=\"313302\" href=\"https:\/\/alicanteturismo.com\/fr\/events\/astrotourism-and-stargazing-at-cabo-de-las-huertas-3\/?occurrence=2026-09-20\" target=\"_self\" rel=\"noopener\">Astrotourism and Stargazing at Cabo de las Huertas<\/a><\/h4><div class=\"mec-event-detail\">\r\n                        <div class=\"mec-event-loc-place\">Cabo de las Huertas, Alicante<\/div>\r\n                        \r\n                    <\/div><\/div><div style=\"clear:both\"><\/div><\/article><\/div><div class=\"mec-calendar-events-sec\" id=\"mec-calendar-events-sec-mec1-20260921\" data-mec-cell=\"20260921\" ><h6 class=\"mec-table-side-title\">\u00c9v\u00e9nements pour le <span class=\"mec-color mec-table-side-day\"> 21st<\/span> septembre<\/h6><article class=\"mec-event-article \"><div class=\"mec-event-image\"><img fetchpriority=\"high\" decoding=\"async\" width=\"300\" height=\"300\" src=\"https:\/\/alicanteturismo.com\/wp-content\/uploads\/2025\/02\/castillo-de-santa-barbara-2016-Alicante-ERN_6938-29-copia-300x300.jpg\" class=\"attachment-thumblist size-thumblist wp-post-image\" alt=\"\" data-mec-postid=\"296389\" \/><\/div><div class=\"mec-monthly-contents\" style=\"width: calc(100% - 85px)\"><div class=\"mec-event-time mec-color\"><i class=\"mec-sl-clock-o\"><\/i> Journ\u00e9e enti\u00e8re<\/div><h4 class=\"mec-event-title\"><a class=\"mec-color-hover\" data-event-id=\"296389\" href=\"https:\/\/alicanteturismo.com\/fr\/events\/exposicion-permanente-musa\/?occurrence=2026-09-21\" target=\"_self\" rel=\"noopener\">Exposici\u00f3n Permanente MUSA<\/a><span class=\"event-color\" style=\"background: #336dab\"><\/span><\/h4><div class=\"mec-event-detail\">\r\n                        <div class=\"mec-event-loc-place\">Ch\u00e2teau de Santa Barbara<\/div>\r\n                        \r\n                    <\/div><\/div><div style=\"clear:both\"><\/div><\/article><article class=\"mec-event-article \"><div class=\"mec-event-image\"><img decoding=\"async\" width=\"300\" height=\"300\" src=\"https:\/\/alicanteturismo.com\/wp-content\/uploads\/2025\/10\/Via-lactea-Isla-de-Tabarca-300x300.jpg\" class=\"attachment-thumblist size-thumblist wp-post-image\" alt=\"\" data-mec-postid=\"313076\" \/><\/div><div class=\"mec-monthly-contents\" style=\"width: calc(100% - 85px)\"><h4 class=\"mec-event-title\"><a class=\"mec-color-hover\" data-event-id=\"313076\" href=\"https:\/\/alicanteturismo.com\/fr\/events\/stargazing-on-tabarca-island\/?occurrence=2026-09-21&amp;time=1789977600\" target=\"_self\" rel=\"noopener\">Stargazing on Tabarca Island<\/a><\/h4><div class=\"mec-event-detail\">\r\n                        <div class=\"mec-event-loc-place\">Isla Tabarca<\/div>\r\n                        \r\n                    <\/div><\/div><div style=\"clear:both\"><\/div><\/article><article class=\"mec-event-article \"><div class=\"mec-event-image\"><img decoding=\"async\" width=\"300\" height=\"300\" src=\"https:\/\/alicanteturismo.com\/wp-content\/uploads\/2026\/02\/tabarca-boat-tour-300x300.jpg\" class=\"attachment-thumblist size-thumblist wp-post-image\" alt=\"\" data-mec-postid=\"317118\" \/><\/div><div class=\"mec-monthly-contents\" style=\"width: calc(100% - 85px)\"><h4 class=\"mec-event-title\"><a class=\"mec-color-hover\" data-event-id=\"317118\" href=\"https:\/\/alicanteturismo.com\/fr\/events\/tabarca-boat-tour\/?occurrence=2026-09-21\" target=\"_self\" rel=\"noopener\">Tabarca Boat Tour<\/a><span class=\"event-color\" style=\"background: #bfb417\"><\/span><\/h4><div class=\"mec-event-detail\">\r\n                        <div class=\"mec-event-loc-place\">Alicante<\/div>\r\n                        \r\n                    <\/div><\/div><div style=\"clear:both\"><\/div><\/article><article class=\"mec-event-article \"><div class=\"mec-event-image\"><img loading=\"lazy\" decoding=\"async\" width=\"300\" height=\"300\" src=\"https:\/\/alicanteturismo.com\/wp-content\/uploads\/2026\/02\/tabarca-boat-tour-300x300.jpg\" class=\"attachment-thumblist size-thumblist wp-post-image\" alt=\"\" data-mec-postid=\"317126\" \/><\/div><div class=\"mec-monthly-contents\" style=\"width: calc(100% - 85px)\"><h4 class=\"mec-event-title\"><a class=\"mec-color-hover\" data-event-id=\"317126\" href=\"https:\/\/www.alicanteboattours.com\/costa-boat-tour?occurrence=2026-09-21\" target=\"_self\" rel=\"noopener\">Costa Boat Tour<\/a><span class=\"event-color\" style=\"background: #00a0d2\"><\/span><\/h4><div class=\"mec-event-detail\">\r\n                        <div class=\"mec-event-loc-place\">Alicante Catamaran Aventurero<\/div>\r\n                        \r\n                    <\/div><\/div><div style=\"clear:both\"><\/div><\/article><article class=\"mec-event-article \"><div class=\"mec-event-image\"><img loading=\"lazy\" decoding=\"async\" width=\"300\" height=\"168\" src=\"https:\/\/alicanteturismo.com\/wp-content\/uploads\/2024\/05\/CABO-HUERTA-ALICANTE.jpg\" class=\"attachment-thumblist size-thumblist wp-post-image\" alt=\"\" data-mec-postid=\"317264\" \/><\/div><div class=\"mec-monthly-contents\" style=\"width: calc(100% - 85px)\"><div class=\"mec-event-time mec-color\"><i class=\"mec-sl-clock-o\"><\/i> 8h00 - 18h00<\/div><h4 class=\"mec-event-title\"><a class=\"mec-color-hover\" data-event-id=\"317264\" href=\"https:\/\/www.alicanteboattours.com\/bahia-boat-tour?occurrence=2026-09-21\" target=\"_self\" rel=\"noopener\">Bah\u00eda Boat Tour<\/a><span class=\"event-color\" style=\"background: #00a0d2\"><\/span><\/h4><div class=\"mec-event-detail\">\r\n                        <div class=\"mec-event-loc-place\">Alicante<\/div>\r\n                        \r\n                    <\/div><\/div><div style=\"clear:both\"><\/div><\/article><article class=\"mec-event-article \"><div class=\"mec-event-image\"><img loading=\"lazy\" decoding=\"async\" width=\"300\" height=\"300\" src=\"https:\/\/alicanteturismo.com\/wp-content\/uploads\/2026\/07\/descargar-1-300x300.png\" class=\"attachment-thumblist size-thumblist wp-post-image\" alt=\"\" data-mec-postid=\"321395\" \/><\/div><div class=\"mec-monthly-contents\" style=\"width: calc(100% - 85px)\"><div class=\"mec-event-time mec-color\"><i class=\"mec-sl-clock-o\"><\/i> Journ\u00e9e enti\u00e8re<\/div><h4 class=\"mec-event-title\"><a class=\"mec-color-hover\" data-event-id=\"321395\" href=\"https:\/\/alicanteturismo.com\/fr\/events\/exposition-lor-et-lunivers-savoirs-autochtones-de-colombie-au-marq\/?occurrence=2026-09-21\" target=\"_self\" rel=\"noopener\">Exposition \u00ab L&rsquo;OR ET L&rsquo;UNIVERS. Savoirs autochtones de Colombie \u00bb au MARQ<\/a><span class=\"event-color\" style=\"background: #dd9933\"><\/span><\/h4><div class=\"mec-event-detail\">\r\n                        <div class=\"mec-event-loc-place\"><\/div>\r\n                        \r\n                    <\/div><\/div><div style=\"clear:both\"><\/div><\/article><article class=\"mec-event-article \"><div class=\"mec-event-image\"><img loading=\"lazy\" decoding=\"async\" width=\"300\" height=\"300\" src=\"https:\/\/alicanteturismo.com\/wp-content\/uploads\/2026\/08\/descargar-1-300x300.png\" class=\"attachment-thumblist size-thumblist wp-post-image\" alt=\"\" data-mec-postid=\"322070\" \/><\/div><div class=\"mec-monthly-contents\" style=\"width: calc(100% - 85px)\"><h4 class=\"mec-event-title\"><a class=\"mec-color-hover\" data-event-id=\"322070\" href=\"https:\/\/alicanteturismo.com\/fr\/events\/visites-guidees-des-abris-anti-aeriens-et-du-centre-dinterpretation-de-la-guerre-civile\/?occurrence=2026-09-21\" target=\"_self\" rel=\"noopener\">Visites guid\u00e9es des abris anti-a\u00e9riens et du centre d&rsquo;interpr\u00e9tation de la guerre civile<\/a><span class=\"event-color\" style=\"background: #1e73be\"><\/span><\/h4><div class=\"mec-event-detail\">\r\n                        <div class=\"mec-event-loc-place\"><\/div>\r\n                        \r\n                    <\/div><\/div><div style=\"clear:both\"><\/div><\/article><article class=\"mec-event-article \"><div class=\"mec-event-image\"><img loading=\"lazy\" decoding=\"async\" width=\"300\" height=\"300\" src=\"https:\/\/alicanteturismo.com\/wp-content\/uploads\/2025\/02\/Yacimiento-arqueologico-Lucentum.Lucentum-archaeological-remains-copia2-300x300.jpg\" class=\"attachment-thumblist size-thumblist wp-post-image\" alt=\"\" data-mec-postid=\"296353\" \/><\/div><div class=\"mec-monthly-contents\" style=\"width: calc(100% - 85px)\"><div class=\"mec-event-time mec-color\"><i class=\"mec-sl-clock-o\"><\/i> 10h30<\/div><h4 class=\"mec-event-title\"><a class=\"mec-color-hover\" data-event-id=\"296353\" href=\"https:\/\/alicanteturismo.com\/fr\/events\/visita-guiada-al-yacimiento-arqueologico-lucentum\/?occurrence=2026-09-21\" target=\"_self\" rel=\"noopener\">Visita guiada al yacimiento arqueol\u00f3gico Lucentum<\/a><span class=\"event-color\" style=\"background: #dd823b\"><\/span><\/h4><div class=\"mec-event-detail\">\r\n                        <div class=\"mec-event-loc-place\">Lucentum Tossal de Manises<\/div>\r\n                        \r\n                    <\/div><\/div><div style=\"clear:both\"><\/div><\/article><article class=\"mec-event-article \"><div class=\"mec-event-image\"><img loading=\"lazy\" decoding=\"async\" width=\"300\" height=\"300\" src=\"https:\/\/alicanteturismo.com\/wp-content\/uploads\/2025\/10\/Astroturismo-1-1-300x300.jpg\" class=\"attachment-thumblist size-thumblist wp-post-image\" alt=\"\" data-mec-postid=\"313302\" \/><\/div><div class=\"mec-monthly-contents\" style=\"width: calc(100% - 85px)\"><div class=\"mec-event-time mec-color\"><i class=\"mec-sl-clock-o\"><\/i> 20h30 - 23h30<\/div><h4 class=\"mec-event-title\"><a class=\"mec-color-hover\" data-event-id=\"313302\" href=\"https:\/\/alicanteturismo.com\/fr\/events\/astrotourism-and-stargazing-at-cabo-de-las-huertas-3\/?occurrence=2026-09-21\" target=\"_self\" rel=\"noopener\">Astrotourism and Stargazing at Cabo de las Huertas<\/a><\/h4><div class=\"mec-event-detail\">\r\n                        <div class=\"mec-event-loc-place\">Cabo de las Huertas, Alicante<\/div>\r\n                        \r\n                    <\/div><\/div><div style=\"clear:both\"><\/div><\/article><\/div><div class=\"mec-calendar-events-sec\" id=\"mec-calendar-events-sec-mec1-20260922\" data-mec-cell=\"20260922\" ><h6 class=\"mec-table-side-title\">\u00c9v\u00e9nements pour le <span class=\"mec-color mec-table-side-day\"> 22nd<\/span> septembre<\/h6><article class=\"mec-event-article \"><div class=\"mec-event-image\"><img fetchpriority=\"high\" decoding=\"async\" width=\"300\" height=\"300\" src=\"https:\/\/alicanteturismo.com\/wp-content\/uploads\/2025\/02\/castillo-de-santa-barbara-2016-Alicante-ERN_6938-29-copia-300x300.jpg\" class=\"attachment-thumblist size-thumblist wp-post-image\" alt=\"\" data-mec-postid=\"296389\" \/><\/div><div class=\"mec-monthly-contents\" style=\"width: calc(100% - 85px)\"><div class=\"mec-event-time mec-color\"><i class=\"mec-sl-clock-o\"><\/i> Journ\u00e9e enti\u00e8re<\/div><h4 class=\"mec-event-title\"><a class=\"mec-color-hover\" data-event-id=\"296389\" href=\"https:\/\/alicanteturismo.com\/fr\/events\/exposicion-permanente-musa\/?occurrence=2026-09-22\" target=\"_self\" rel=\"noopener\">Exposici\u00f3n Permanente MUSA<\/a><span class=\"event-color\" style=\"background: #336dab\"><\/span><\/h4><div class=\"mec-event-detail\">\r\n                        <div class=\"mec-event-loc-place\">Ch\u00e2teau de Santa Barbara<\/div>\r\n                        \r\n                    <\/div><\/div><div style=\"clear:both\"><\/div><\/article><article class=\"mec-event-article \"><div class=\"mec-event-image\"><img decoding=\"async\" width=\"300\" height=\"300\" src=\"https:\/\/alicanteturismo.com\/wp-content\/uploads\/2025\/10\/Via-lactea-Isla-de-Tabarca-300x300.jpg\" class=\"attachment-thumblist size-thumblist wp-post-image\" alt=\"\" data-mec-postid=\"313076\" \/><\/div><div class=\"mec-monthly-contents\" style=\"width: calc(100% - 85px)\"><h4 class=\"mec-event-title\"><a class=\"mec-color-hover\" data-event-id=\"313076\" href=\"https:\/\/alicanteturismo.com\/fr\/events\/stargazing-on-tabarca-island\/?occurrence=2026-09-22&amp;time=1790064000\" target=\"_self\" rel=\"noopener\">Stargazing on Tabarca Island<\/a><\/h4><div class=\"mec-event-detail\">\r\n                        <div class=\"mec-event-loc-place\">Isla Tabarca<\/div>\r\n                        \r\n                    <\/div><\/div><div style=\"clear:both\"><\/div><\/article><article class=\"mec-event-article \"><div class=\"mec-event-image\"><img decoding=\"async\" width=\"300\" height=\"300\" src=\"https:\/\/alicanteturismo.com\/wp-content\/uploads\/2026\/02\/tabarca-boat-tour-300x300.jpg\" class=\"attachment-thumblist size-thumblist wp-post-image\" alt=\"\" data-mec-postid=\"317118\" \/><\/div><div class=\"mec-monthly-contents\" style=\"width: calc(100% - 85px)\"><h4 class=\"mec-event-title\"><a class=\"mec-color-hover\" data-event-id=\"317118\" href=\"https:\/\/alicanteturismo.com\/fr\/events\/tabarca-boat-tour\/?occurrence=2026-09-22\" target=\"_self\" rel=\"noopener\">Tabarca Boat Tour<\/a><span class=\"event-color\" style=\"background: #bfb417\"><\/span><\/h4><div class=\"mec-event-detail\">\r\n                        <div class=\"mec-event-loc-place\">Alicante<\/div>\r\n                        \r\n                    <\/div><\/div><div style=\"clear:both\"><\/div><\/article><article class=\"mec-event-article \"><div class=\"mec-event-image\"><img loading=\"lazy\" decoding=\"async\" width=\"300\" height=\"300\" src=\"https:\/\/alicanteturismo.com\/wp-content\/uploads\/2026\/02\/tabarca-boat-tour-300x300.jpg\" class=\"attachment-thumblist size-thumblist wp-post-image\" alt=\"\" data-mec-postid=\"317126\" \/><\/div><div class=\"mec-monthly-contents\" style=\"width: calc(100% - 85px)\"><h4 class=\"mec-event-title\"><a class=\"mec-color-hover\" data-event-id=\"317126\" href=\"https:\/\/www.alicanteboattours.com\/costa-boat-tour?occurrence=2026-09-22\" target=\"_self\" rel=\"noopener\">Costa Boat Tour<\/a><span class=\"event-color\" style=\"background: #00a0d2\"><\/span><\/h4><div class=\"mec-event-detail\">\r\n                        <div class=\"mec-event-loc-place\">Alicante Catamaran Aventurero<\/div>\r\n                        \r\n                    <\/div><\/div><div style=\"clear:both\"><\/div><\/article><article class=\"mec-event-article \"><div class=\"mec-event-image\"><img loading=\"lazy\" decoding=\"async\" width=\"300\" height=\"168\" src=\"https:\/\/alicanteturismo.com\/wp-content\/uploads\/2024\/05\/CABO-HUERTA-ALICANTE.jpg\" class=\"attachment-thumblist size-thumblist wp-post-image\" alt=\"\" data-mec-postid=\"317264\" \/><\/div><div class=\"mec-monthly-contents\" style=\"width: calc(100% - 85px)\"><div class=\"mec-event-time mec-color\"><i class=\"mec-sl-clock-o\"><\/i> 8h00 - 18h00<\/div><h4 class=\"mec-event-title\"><a class=\"mec-color-hover\" data-event-id=\"317264\" href=\"https:\/\/www.alicanteboattours.com\/bahia-boat-tour?occurrence=2026-09-22\" target=\"_self\" rel=\"noopener\">Bah\u00eda Boat Tour<\/a><span class=\"event-color\" style=\"background: #00a0d2\"><\/span><\/h4><div class=\"mec-event-detail\">\r\n                        <div class=\"mec-event-loc-place\">Alicante<\/div>\r\n                        \r\n                    <\/div><\/div><div style=\"clear:both\"><\/div><\/article><article class=\"mec-event-article \"><div class=\"mec-event-image\"><img loading=\"lazy\" decoding=\"async\" width=\"300\" height=\"300\" src=\"https:\/\/alicanteturismo.com\/wp-content\/uploads\/2026\/05\/marq-expo-300x300.jpg\" class=\"attachment-thumblist size-thumblist wp-post-image\" alt=\"\" data-mec-postid=\"320214\" \/><\/div><div class=\"mec-monthly-contents\" style=\"width: calc(100% - 85px)\"><div class=\"mec-event-time mec-color\"><i class=\"mec-sl-clock-o\"><\/i> Journ\u00e9e enti\u00e8re<\/div><h4 class=\"mec-event-title\"><a class=\"mec-color-hover\" data-event-id=\"320214\" href=\"https:\/\/alicanteturismo.com\/fr\/events\/rituales-de-pastores-exposicion-en-el-marq-canibalismo-y-enterramientos-en-la-cova-de-randero\/?occurrence=2026-09-22\" target=\"_self\" rel=\"noopener\">Rituales de pastores. Exposici\u00f3n en el MARQ: Canibalismo y enterramientos en la Cova de Randero<\/a><span class=\"event-color\" style=\"background: #336dab\"><\/span><\/h4><div class=\"mec-event-detail\">\r\n                        <div class=\"mec-event-loc-place\"><\/div>\r\n                        \r\n                    <\/div><\/div><div style=\"clear:both\"><\/div><\/article><article class=\"mec-event-article \"><div class=\"mec-event-image\"><img loading=\"lazy\" decoding=\"async\" width=\"300\" height=\"300\" src=\"https:\/\/alicanteturismo.com\/wp-content\/uploads\/2026\/06\/d5ac5a84-ac33-061c-0536-2bbb1a525433-300x300.png\" class=\"attachment-thumblist size-thumblist wp-post-image\" alt=\"\" data-mec-postid=\"321036\" \/><\/div><div class=\"mec-monthly-contents\" style=\"width: calc(100% - 85px)\"><div class=\"mec-event-time mec-color\"><i class=\"mec-sl-clock-o\"><\/i> Journ\u00e9e enti\u00e8re<\/div><h4 class=\"mec-event-title\"><a class=\"mec-color-hover\" data-event-id=\"321036\" href=\"https:\/\/alicanteturismo.com\/fr\/events\/exposition-de-par-en-par-a-la-fondation-mediterranee\/?occurrence=2026-09-22\" target=\"_self\" rel=\"noopener\">Exposition \u00ab\u00a0De par en par\u00a0\u00bb \u00e0 la Fondation M\u00e9diterran\u00e9e<\/a><span class=\"event-color\" style=\"background: #1e73be\"><\/span><\/h4><div class=\"mec-event-detail\">\r\n                        <div class=\"mec-event-loc-place\">Salle d&#039;exposition<\/div>\r\n                        \r\n                    <\/div><\/div><div style=\"clear:both\"><\/div><\/article><article class=\"mec-event-article \"><div class=\"mec-event-image\"><img loading=\"lazy\" decoding=\"async\" width=\"300\" height=\"300\" src=\"https:\/\/alicanteturismo.com\/wp-content\/uploads\/2026\/07\/descargar-1-300x300.png\" class=\"attachment-thumblist size-thumblist wp-post-image\" alt=\"\" data-mec-postid=\"321395\" \/><\/div><div class=\"mec-monthly-contents\" style=\"width: calc(100% - 85px)\"><div class=\"mec-event-time mec-color\"><i class=\"mec-sl-clock-o\"><\/i> Journ\u00e9e enti\u00e8re<\/div><h4 class=\"mec-event-title\"><a class=\"mec-color-hover\" data-event-id=\"321395\" href=\"https:\/\/alicanteturismo.com\/fr\/events\/exposition-lor-et-lunivers-savoirs-autochtones-de-colombie-au-marq\/?occurrence=2026-09-22\" target=\"_self\" rel=\"noopener\">Exposition \u00ab L&rsquo;OR ET L&rsquo;UNIVERS. Savoirs autochtones de Colombie \u00bb au MARQ<\/a><span class=\"event-color\" style=\"background: #dd9933\"><\/span><\/h4><div class=\"mec-event-detail\">\r\n                        <div class=\"mec-event-loc-place\"><\/div>\r\n                        \r\n                    <\/div><\/div><div style=\"clear:both\"><\/div><\/article><article class=\"mec-event-article \"><div class=\"mec-event-image\"><img loading=\"lazy\" decoding=\"async\" width=\"300\" height=\"300\" src=\"https:\/\/alicanteturismo.com\/wp-content\/uploads\/2026\/08\/descargar-1-300x300.png\" class=\"attachment-thumblist size-thumblist wp-post-image\" alt=\"\" data-mec-postid=\"322070\" \/><\/div><div class=\"mec-monthly-contents\" style=\"width: calc(100% - 85px)\"><h4 class=\"mec-event-title\"><a class=\"mec-color-hover\" data-event-id=\"322070\" href=\"https:\/\/alicanteturismo.com\/fr\/events\/visites-guidees-des-abris-anti-aeriens-et-du-centre-dinterpretation-de-la-guerre-civile\/?occurrence=2026-09-22\" target=\"_self\" rel=\"noopener\">Visites guid\u00e9es des abris anti-a\u00e9riens et du centre d&rsquo;interpr\u00e9tation de la guerre civile<\/a><span class=\"event-color\" style=\"background: #1e73be\"><\/span><\/h4><div class=\"mec-event-detail\">\r\n                        <div class=\"mec-event-loc-place\"><\/div>\r\n                        \r\n                    <\/div><\/div><div style=\"clear:both\"><\/div><\/article><article class=\"mec-event-article \"><div class=\"mec-event-image\"><img loading=\"lazy\" decoding=\"async\" width=\"300\" height=\"300\" src=\"https:\/\/alicanteturismo.com\/wp-content\/uploads\/2025\/02\/MA07110494-300x300.jpg\" class=\"attachment-thumblist size-thumblist wp-post-image\" alt=\"\" data-mec-postid=\"296395\" \/><\/div><div class=\"mec-monthly-contents\" style=\"width: calc(100% - 85px)\"><div class=\"mec-event-time mec-color\"><i class=\"mec-sl-clock-o\"><\/i> 10h00<\/div><h4 class=\"mec-event-title\"><a class=\"mec-color-hover\" data-event-id=\"296395\" href=\"https:\/\/alicanteturismo.com\/fr\/events\/exposicion-permanente-marq\/?occurrence=2026-09-22\" target=\"_self\" rel=\"noopener\">Exposici\u00f3n Permanente MARQ<\/a><span class=\"event-color\" style=\"background: #336dab\"><\/span><\/h4><div class=\"mec-event-detail\">\r\n                        <div class=\"mec-event-loc-place\">Museo Arqueol\u00f3gico de Alicante (MARQ)<\/div>\r\n                        \r\n                    <\/div><\/div><div style=\"clear:both\"><\/div><\/article><article class=\"mec-event-article \"><div class=\"mec-event-image\"><img loading=\"lazy\" decoding=\"async\" width=\"300\" height=\"300\" src=\"https:\/\/alicanteturismo.com\/wp-content\/uploads\/2025\/02\/mubag_diputacion_alicante-5-300x300.webp\" class=\"attachment-thumblist size-thumblist wp-post-image\" alt=\"\" data-mec-postid=\"296402\" \/><\/div><div class=\"mec-monthly-contents\" style=\"width: calc(100% - 85px)\"><div class=\"mec-event-time mec-color\"><i class=\"mec-sl-clock-o\"><\/i> 10h00<\/div><h4 class=\"mec-event-title\"><a class=\"mec-color-hover\" data-event-id=\"296402\" href=\"https:\/\/alicanteturismo.com\/fr\/events\/exposicion-permanente-en-el-mubag-el-siglo-xix-coleccion-a-la-luz\/?occurrence=2026-09-22\" target=\"_self\" rel=\"noopener\">Exposici\u00f3n Permanente en el MUBAG. El siglo XIX. Colecci\u00f3n a la Luz<\/a><span class=\"event-color\" style=\"background: #336dab\"><\/span><\/h4><div class=\"mec-event-detail\">\r\n                        <div class=\"mec-event-loc-place\">Museo de Bellas Artes Gravina (MUBAG)<\/div>\r\n                        \r\n                    <\/div><\/div><div style=\"clear:both\"><\/div><\/article><article class=\"mec-event-article \"><div class=\"mec-event-image\"><img loading=\"lazy\" decoding=\"async\" width=\"300\" height=\"300\" src=\"https:\/\/alicanteturismo.com\/wp-content\/uploads\/2025\/02\/maca-museo-rotated-1-300x300.webp\" class=\"attachment-thumblist size-thumblist wp-post-image\" alt=\"\" data-mec-postid=\"296408\" \/><\/div><div class=\"mec-monthly-contents\" style=\"width: calc(100% - 85px)\"><div class=\"mec-event-time mec-color\"><i class=\"mec-sl-clock-o\"><\/i> 10h00<\/div><h4 class=\"mec-event-title\"><a class=\"mec-color-hover\" data-event-id=\"296408\" href=\"https:\/\/alicanteturismo.com\/fr\/events\/exposicion-permanente-maca\/?occurrence=2026-09-22\" target=\"_self\" rel=\"noopener\">Exposici\u00f3n Permanente MACA<\/a><span class=\"event-color\" style=\"background: #336dab\"><\/span><\/h4><div class=\"mec-event-detail\">\r\n                        <div class=\"mec-event-loc-place\">Contemporary Art Museum of Alicante (MACA)<\/div>\r\n                        \r\n                    <\/div><\/div><div style=\"clear:both\"><\/div><\/article><article class=\"mec-event-article \"><div class=\"mec-event-image\"><img loading=\"lazy\" decoding=\"async\" width=\"300\" height=\"300\" src=\"https:\/\/alicanteturismo.com\/wp-content\/uploads\/2026\/07\/descargar-2-300x300.png\" class=\"attachment-thumblist size-thumblist wp-post-image\" alt=\"\" data-mec-postid=\"321763\" \/><\/div><div class=\"mec-monthly-contents\" style=\"width: calc(100% - 85px)\"><div class=\"mec-event-time mec-color\"><i class=\"mec-sl-clock-o\"><\/i> 10h00 - 21h30<\/div><h4 class=\"mec-event-title\"><a class=\"mec-color-hover\" data-event-id=\"321763\" href=\"https:\/\/alicanteturismo.com\/fr\/events\/exposicion-la-firmeza-de-un-instante-de-jesus-madrinan-en-las-cigarreras\/?occurrence=2026-09-22\" target=\"_self\" rel=\"noopener\">Exposici\u00f3n \u201cLa firmeza de un instante\u201d de Jes\u00fas Madri\u00f1\u00e1n en Las Cigarreras<\/a><span class=\"event-color\" style=\"background: #336dab\"><\/span><\/h4><div class=\"mec-event-detail\">\r\n                        <div class=\"mec-event-loc-place\">Centre culturel Las Cigarreras<\/div>\r\n                        \r\n                    <\/div><\/div><div style=\"clear:both\"><\/div><\/article><article class=\"mec-event-article \"><div class=\"mec-event-image\"><img loading=\"lazy\" decoding=\"async\" width=\"300\" height=\"300\" src=\"https:\/\/alicanteturismo.com\/wp-content\/uploads\/2025\/02\/Yacimiento-arqueologico-Lucentum.Lucentum-archaeological-remains-copia2-300x300.jpg\" class=\"attachment-thumblist size-thumblist wp-post-image\" alt=\"\" data-mec-postid=\"296353\" \/><\/div><div class=\"mec-monthly-contents\" style=\"width: calc(100% - 85px)\"><div class=\"mec-event-time mec-color\"><i class=\"mec-sl-clock-o\"><\/i> 10h30<\/div><h4 class=\"mec-event-title\"><a class=\"mec-color-hover\" data-event-id=\"296353\" href=\"https:\/\/alicanteturismo.com\/fr\/events\/visita-guiada-al-yacimiento-arqueologico-lucentum\/?occurrence=2026-09-22\" target=\"_self\" rel=\"noopener\">Visita guiada al yacimiento arqueol\u00f3gico Lucentum<\/a><span class=\"event-color\" style=\"background: #dd823b\"><\/span><\/h4><div class=\"mec-event-detail\">\r\n                        <div class=\"mec-event-loc-place\">Lucentum Tossal de Manises<\/div>\r\n                        \r\n                    <\/div><\/div><div style=\"clear:both\"><\/div><\/article><article class=\"mec-event-article \"><div class=\"mec-event-image\"><img loading=\"lazy\" decoding=\"async\" width=\"300\" height=\"300\" src=\"https:\/\/alicanteturismo.com\/wp-content\/uploads\/2025\/10\/Astroturismo-1-1-300x300.jpg\" class=\"attachment-thumblist size-thumblist wp-post-image\" alt=\"\" data-mec-postid=\"313302\" \/><\/div><div class=\"mec-monthly-contents\" style=\"width: calc(100% - 85px)\"><div class=\"mec-event-time mec-color\"><i class=\"mec-sl-clock-o\"><\/i> 20h30 - 23h30<\/div><h4 class=\"mec-event-title\"><a class=\"mec-color-hover\" data-event-id=\"313302\" href=\"https:\/\/alicanteturismo.com\/fr\/events\/astrotourism-and-stargazing-at-cabo-de-las-huertas-3\/?occurrence=2026-09-22\" target=\"_self\" rel=\"noopener\">Astrotourism and Stargazing at Cabo de las Huertas<\/a><\/h4><div class=\"mec-event-detail\">\r\n                        <div class=\"mec-event-loc-place\">Cabo de las Huertas, Alicante<\/div>\r\n                        \r\n                    <\/div><\/div><div style=\"clear:both\"><\/div><\/article><\/div><div class=\"mec-calendar-events-sec\" id=\"mec-calendar-events-sec-mec1-20260923\" data-mec-cell=\"20260923\" ><h6 class=\"mec-table-side-title\">\u00c9v\u00e9nements pour le <span class=\"mec-color mec-table-side-day\"> 23rd<\/span> septembre<\/h6><article class=\"mec-event-article \"><div class=\"mec-event-image\"><img fetchpriority=\"high\" decoding=\"async\" width=\"300\" height=\"300\" src=\"https:\/\/alicanteturismo.com\/wp-content\/uploads\/2025\/02\/castillo-de-santa-barbara-2016-Alicante-ERN_6938-29-copia-300x300.jpg\" class=\"attachment-thumblist size-thumblist wp-post-image\" alt=\"\" data-mec-postid=\"296389\" \/><\/div><div class=\"mec-monthly-contents\" style=\"width: calc(100% - 85px)\"><div class=\"mec-event-time mec-color\"><i class=\"mec-sl-clock-o\"><\/i> Journ\u00e9e enti\u00e8re<\/div><h4 class=\"mec-event-title\"><a class=\"mec-color-hover\" data-event-id=\"296389\" href=\"https:\/\/alicanteturismo.com\/fr\/events\/exposicion-permanente-musa\/?occurrence=2026-09-23\" target=\"_self\" rel=\"noopener\">Exposici\u00f3n Permanente MUSA<\/a><span class=\"event-color\" style=\"background: #336dab\"><\/span><\/h4><div class=\"mec-event-detail\">\r\n                        <div class=\"mec-event-loc-place\">Ch\u00e2teau de Santa Barbara<\/div>\r\n                        \r\n                    <\/div><\/div><div style=\"clear:both\"><\/div><\/article><article class=\"mec-event-article \"><div class=\"mec-event-image\"><img decoding=\"async\" width=\"300\" height=\"300\" src=\"https:\/\/alicanteturismo.com\/wp-content\/uploads\/2025\/10\/Via-lactea-Isla-de-Tabarca-300x300.jpg\" class=\"attachment-thumblist size-thumblist wp-post-image\" alt=\"\" data-mec-postid=\"313076\" \/><\/div><div class=\"mec-monthly-contents\" style=\"width: calc(100% - 85px)\"><h4 class=\"mec-event-title\"><a class=\"mec-color-hover\" data-event-id=\"313076\" href=\"https:\/\/alicanteturismo.com\/fr\/events\/stargazing-on-tabarca-island\/?occurrence=2026-09-23&amp;time=1790150400\" target=\"_self\" rel=\"noopener\">Stargazing on Tabarca Island<\/a><\/h4><div class=\"mec-event-detail\">\r\n                        <div class=\"mec-event-loc-place\">Isla Tabarca<\/div>\r\n                        \r\n                    <\/div><\/div><div style=\"clear:both\"><\/div><\/article><article class=\"mec-event-article \"><div class=\"mec-event-image\"><img decoding=\"async\" width=\"300\" height=\"300\" src=\"https:\/\/alicanteturismo.com\/wp-content\/uploads\/2026\/02\/tabarca-boat-tour-300x300.jpg\" class=\"attachment-thumblist size-thumblist wp-post-image\" alt=\"\" data-mec-postid=\"317118\" \/><\/div><div class=\"mec-monthly-contents\" style=\"width: calc(100% - 85px)\"><h4 class=\"mec-event-title\"><a class=\"mec-color-hover\" data-event-id=\"317118\" href=\"https:\/\/alicanteturismo.com\/fr\/events\/tabarca-boat-tour\/?occurrence=2026-09-23\" target=\"_self\" rel=\"noopener\">Tabarca Boat Tour<\/a><span class=\"event-color\" style=\"background: #bfb417\"><\/span><\/h4><div class=\"mec-event-detail\">\r\n                        <div class=\"mec-event-loc-place\">Alicante<\/div>\r\n                        \r\n                    <\/div><\/div><div style=\"clear:both\"><\/div><\/article><article class=\"mec-event-article \"><div class=\"mec-event-image\"><img loading=\"lazy\" decoding=\"async\" width=\"300\" height=\"300\" src=\"https:\/\/alicanteturismo.com\/wp-content\/uploads\/2026\/02\/tabarca-boat-tour-300x300.jpg\" class=\"attachment-thumblist size-thumblist wp-post-image\" alt=\"\" data-mec-postid=\"317126\" \/><\/div><div class=\"mec-monthly-contents\" style=\"width: calc(100% - 85px)\"><h4 class=\"mec-event-title\"><a class=\"mec-color-hover\" data-event-id=\"317126\" href=\"https:\/\/www.alicanteboattours.com\/costa-boat-tour?occurrence=2026-09-23\" target=\"_self\" rel=\"noopener\">Costa Boat Tour<\/a><span class=\"event-color\" style=\"background: #00a0d2\"><\/span><\/h4><div class=\"mec-event-detail\">\r\n                        <div class=\"mec-event-loc-place\">Alicante Catamaran Aventurero<\/div>\r\n                        \r\n                    <\/div><\/div><div style=\"clear:both\"><\/div><\/article><article class=\"mec-event-article \"><div class=\"mec-event-image\"><img loading=\"lazy\" decoding=\"async\" width=\"300\" height=\"168\" src=\"https:\/\/alicanteturismo.com\/wp-content\/uploads\/2024\/05\/CABO-HUERTA-ALICANTE.jpg\" class=\"attachment-thumblist size-thumblist wp-post-image\" alt=\"\" data-mec-postid=\"317264\" \/><\/div><div class=\"mec-monthly-contents\" style=\"width: calc(100% - 85px)\"><div class=\"mec-event-time mec-color\"><i class=\"mec-sl-clock-o\"><\/i> 8h00 - 18h00<\/div><h4 class=\"mec-event-title\"><a class=\"mec-color-hover\" data-event-id=\"317264\" href=\"https:\/\/www.alicanteboattours.com\/bahia-boat-tour?occurrence=2026-09-23\" target=\"_self\" rel=\"noopener\">Bah\u00eda Boat Tour<\/a><span class=\"event-color\" style=\"background: #00a0d2\"><\/span><\/h4><div class=\"mec-event-detail\">\r\n                        <div class=\"mec-event-loc-place\">Alicante<\/div>\r\n                        \r\n                    <\/div><\/div><div style=\"clear:both\"><\/div><\/article><article class=\"mec-event-article \"><div class=\"mec-event-image\"><img loading=\"lazy\" decoding=\"async\" width=\"300\" height=\"300\" src=\"https:\/\/alicanteturismo.com\/wp-content\/uploads\/2026\/05\/marq-expo-300x300.jpg\" class=\"attachment-thumblist size-thumblist wp-post-image\" alt=\"\" data-mec-postid=\"320214\" \/><\/div><div class=\"mec-monthly-contents\" style=\"width: calc(100% - 85px)\"><div class=\"mec-event-time mec-color\"><i class=\"mec-sl-clock-o\"><\/i> Journ\u00e9e enti\u00e8re<\/div><h4 class=\"mec-event-title\"><a class=\"mec-color-hover\" data-event-id=\"320214\" href=\"https:\/\/alicanteturismo.com\/fr\/events\/rituales-de-pastores-exposicion-en-el-marq-canibalismo-y-enterramientos-en-la-cova-de-randero\/?occurrence=2026-09-23\" target=\"_self\" rel=\"noopener\">Rituales de pastores. Exposici\u00f3n en el MARQ: Canibalismo y enterramientos en la Cova de Randero<\/a><span class=\"event-color\" style=\"background: #336dab\"><\/span><\/h4><div class=\"mec-event-detail\">\r\n                        <div class=\"mec-event-loc-place\"><\/div>\r\n                        \r\n                    <\/div><\/div><div style=\"clear:both\"><\/div><\/article><article class=\"mec-event-article \"><div class=\"mec-event-image\"><img loading=\"lazy\" decoding=\"async\" width=\"300\" height=\"300\" src=\"https:\/\/alicanteturismo.com\/wp-content\/uploads\/2026\/06\/d5ac5a84-ac33-061c-0536-2bbb1a525433-300x300.png\" class=\"attachment-thumblist size-thumblist wp-post-image\" alt=\"\" data-mec-postid=\"321036\" \/><\/div><div class=\"mec-monthly-contents\" style=\"width: calc(100% - 85px)\"><div class=\"mec-event-time mec-color\"><i class=\"mec-sl-clock-o\"><\/i> Journ\u00e9e enti\u00e8re<\/div><h4 class=\"mec-event-title\"><a class=\"mec-color-hover\" data-event-id=\"321036\" href=\"https:\/\/alicanteturismo.com\/fr\/events\/exposition-de-par-en-par-a-la-fondation-mediterranee\/?occurrence=2026-09-23\" target=\"_self\" rel=\"noopener\">Exposition \u00ab\u00a0De par en par\u00a0\u00bb \u00e0 la Fondation M\u00e9diterran\u00e9e<\/a><span class=\"event-color\" style=\"background: #1e73be\"><\/span><\/h4><div class=\"mec-event-detail\">\r\n                        <div class=\"mec-event-loc-place\">Salle d&#039;exposition<\/div>\r\n                        \r\n                    <\/div><\/div><div style=\"clear:both\"><\/div><\/article><article class=\"mec-event-article \"><div class=\"mec-event-image\"><img loading=\"lazy\" decoding=\"async\" width=\"300\" height=\"300\" src=\"https:\/\/alicanteturismo.com\/wp-content\/uploads\/2026\/07\/descargar-1-300x300.png\" class=\"attachment-thumblist size-thumblist wp-post-image\" alt=\"\" data-mec-postid=\"321395\" \/><\/div><div class=\"mec-monthly-contents\" style=\"width: calc(100% - 85px)\"><div class=\"mec-event-time mec-color\"><i class=\"mec-sl-clock-o\"><\/i> Journ\u00e9e enti\u00e8re<\/div><h4 class=\"mec-event-title\"><a class=\"mec-color-hover\" data-event-id=\"321395\" href=\"https:\/\/alicanteturismo.com\/fr\/events\/exposition-lor-et-lunivers-savoirs-autochtones-de-colombie-au-marq\/?occurrence=2026-09-23\" target=\"_self\" rel=\"noopener\">Exposition \u00ab L&rsquo;OR ET L&rsquo;UNIVERS. Savoirs autochtones de Colombie \u00bb au MARQ<\/a><span class=\"event-color\" style=\"background: #dd9933\"><\/span><\/h4><div class=\"mec-event-detail\">\r\n                        <div class=\"mec-event-loc-place\"><\/div>\r\n                        \r\n                    <\/div><\/div><div style=\"clear:both\"><\/div><\/article><article class=\"mec-event-article \"><div class=\"mec-event-image\"><img loading=\"lazy\" decoding=\"async\" width=\"300\" height=\"300\" src=\"https:\/\/alicanteturismo.com\/wp-content\/uploads\/2026\/08\/descargar-1-300x300.png\" class=\"attachment-thumblist size-thumblist wp-post-image\" alt=\"\" data-mec-postid=\"322070\" \/><\/div><div class=\"mec-monthly-contents\" style=\"width: calc(100% - 85px)\"><h4 class=\"mec-event-title\"><a class=\"mec-color-hover\" data-event-id=\"322070\" href=\"https:\/\/alicanteturismo.com\/fr\/events\/visites-guidees-des-abris-anti-aeriens-et-du-centre-dinterpretation-de-la-guerre-civile\/?occurrence=2026-09-23\" target=\"_self\" rel=\"noopener\">Visites guid\u00e9es des abris anti-a\u00e9riens et du centre d&rsquo;interpr\u00e9tation de la guerre civile<\/a><span class=\"event-color\" style=\"background: #1e73be\"><\/span><\/h4><div class=\"mec-event-detail\">\r\n                        <div class=\"mec-event-loc-place\"><\/div>\r\n                        \r\n                    <\/div><\/div><div style=\"clear:both\"><\/div><\/article><article class=\"mec-event-article \"><div class=\"mec-event-image\"><img loading=\"lazy\" decoding=\"async\" width=\"300\" height=\"300\" src=\"https:\/\/alicanteturismo.com\/wp-content\/uploads\/2025\/02\/MA07110494-300x300.jpg\" class=\"attachment-thumblist size-thumblist wp-post-image\" alt=\"\" data-mec-postid=\"296395\" \/><\/div><div class=\"mec-monthly-contents\" style=\"width: calc(100% - 85px)\"><div class=\"mec-event-time mec-color\"><i class=\"mec-sl-clock-o\"><\/i> 10h00<\/div><h4 class=\"mec-event-title\"><a class=\"mec-color-hover\" data-event-id=\"296395\" href=\"https:\/\/alicanteturismo.com\/fr\/events\/exposicion-permanente-marq\/?occurrence=2026-09-23\" target=\"_self\" rel=\"noopener\">Exposici\u00f3n Permanente MARQ<\/a><span class=\"event-color\" style=\"background: #336dab\"><\/span><\/h4><div class=\"mec-event-detail\">\r\n                        <div class=\"mec-event-loc-place\">Museo Arqueol\u00f3gico de Alicante (MARQ)<\/div>\r\n                        \r\n                    <\/div><\/div><div style=\"clear:both\"><\/div><\/article><article class=\"mec-event-article \"><div class=\"mec-event-image\"><img loading=\"lazy\" decoding=\"async\" width=\"300\" height=\"300\" src=\"https:\/\/alicanteturismo.com\/wp-content\/uploads\/2025\/02\/mubag_diputacion_alicante-5-300x300.webp\" class=\"attachment-thumblist size-thumblist wp-post-image\" alt=\"\" data-mec-postid=\"296402\" \/><\/div><div class=\"mec-monthly-contents\" style=\"width: calc(100% - 85px)\"><div class=\"mec-event-time mec-color\"><i class=\"mec-sl-clock-o\"><\/i> 10h00<\/div><h4 class=\"mec-event-title\"><a class=\"mec-color-hover\" data-event-id=\"296402\" href=\"https:\/\/alicanteturismo.com\/fr\/events\/exposicion-permanente-en-el-mubag-el-siglo-xix-coleccion-a-la-luz\/?occurrence=2026-09-23\" target=\"_self\" rel=\"noopener\">Exposici\u00f3n Permanente en el MUBAG. El siglo XIX. Colecci\u00f3n a la Luz<\/a><span class=\"event-color\" style=\"background: #336dab\"><\/span><\/h4><div class=\"mec-event-detail\">\r\n                        <div class=\"mec-event-loc-place\">Museo de Bellas Artes Gravina (MUBAG)<\/div>\r\n                        \r\n                    <\/div><\/div><div style=\"clear:both\"><\/div><\/article><article class=\"mec-event-article \"><div class=\"mec-event-image\"><img loading=\"lazy\" decoding=\"async\" width=\"300\" height=\"300\" src=\"https:\/\/alicanteturismo.com\/wp-content\/uploads\/2025\/02\/maca-museo-rotated-1-300x300.webp\" class=\"attachment-thumblist size-thumblist wp-post-image\" alt=\"\" data-mec-postid=\"296408\" \/><\/div><div class=\"mec-monthly-contents\" style=\"width: calc(100% - 85px)\"><div class=\"mec-event-time mec-color\"><i class=\"mec-sl-clock-o\"><\/i> 10h00<\/div><h4 class=\"mec-event-title\"><a class=\"mec-color-hover\" data-event-id=\"296408\" href=\"https:\/\/alicanteturismo.com\/fr\/events\/exposicion-permanente-maca\/?occurrence=2026-09-23\" target=\"_self\" rel=\"noopener\">Exposici\u00f3n Permanente MACA<\/a><span class=\"event-color\" style=\"background: #336dab\"><\/span><\/h4><div class=\"mec-event-detail\">\r\n                        <div class=\"mec-event-loc-place\">Contemporary Art Museum of Alicante (MACA)<\/div>\r\n                        \r\n                    <\/div><\/div><div style=\"clear:both\"><\/div><\/article><article class=\"mec-event-article \"><div class=\"mec-event-image\"><img loading=\"lazy\" decoding=\"async\" width=\"300\" height=\"300\" src=\"https:\/\/alicanteturismo.com\/wp-content\/uploads\/2026\/07\/descargar-2-300x300.png\" class=\"attachment-thumblist size-thumblist wp-post-image\" alt=\"\" data-mec-postid=\"321763\" \/><\/div><div class=\"mec-monthly-contents\" style=\"width: calc(100% - 85px)\"><div class=\"mec-event-time mec-color\"><i class=\"mec-sl-clock-o\"><\/i> 10h00 - 21h30<\/div><h4 class=\"mec-event-title\"><a class=\"mec-color-hover\" data-event-id=\"321763\" href=\"https:\/\/alicanteturismo.com\/fr\/events\/exposicion-la-firmeza-de-un-instante-de-jesus-madrinan-en-las-cigarreras\/?occurrence=2026-09-23\" target=\"_self\" rel=\"noopener\">Exposici\u00f3n \u201cLa firmeza de un instante\u201d de Jes\u00fas Madri\u00f1\u00e1n en Las Cigarreras<\/a><span class=\"event-color\" style=\"background: #336dab\"><\/span><\/h4><div class=\"mec-event-detail\">\r\n                        <div class=\"mec-event-loc-place\">Centre culturel Las Cigarreras<\/div>\r\n                        \r\n                    <\/div><\/div><div style=\"clear:both\"><\/div><\/article><article class=\"mec-event-article \"><div class=\"mec-event-image\"><img loading=\"lazy\" decoding=\"async\" width=\"300\" height=\"300\" src=\"https:\/\/alicanteturismo.com\/wp-content\/uploads\/2025\/02\/Yacimiento-arqueologico-Lucentum.Lucentum-archaeological-remains-copia2-300x300.jpg\" class=\"attachment-thumblist size-thumblist wp-post-image\" alt=\"\" data-mec-postid=\"296353\" \/><\/div><div class=\"mec-monthly-contents\" style=\"width: calc(100% - 85px)\"><div class=\"mec-event-time mec-color\"><i class=\"mec-sl-clock-o\"><\/i> 10h30<\/div><h4 class=\"mec-event-title\"><a class=\"mec-color-hover\" data-event-id=\"296353\" href=\"https:\/\/alicanteturismo.com\/fr\/events\/visita-guiada-al-yacimiento-arqueologico-lucentum\/?occurrence=2026-09-23\" target=\"_self\" rel=\"noopener\">Visita guiada al yacimiento arqueol\u00f3gico Lucentum<\/a><span class=\"event-color\" style=\"background: #dd823b\"><\/span><\/h4><div class=\"mec-event-detail\">\r\n                        <div class=\"mec-event-loc-place\">Lucentum Tossal de Manises<\/div>\r\n                        \r\n                    <\/div><\/div><div style=\"clear:both\"><\/div><\/article><\/div><div class=\"mec-calendar-events-sec\" id=\"mec-calendar-events-sec-mec1-20260924\" data-mec-cell=\"20260924\" ><h6 class=\"mec-table-side-title\">\u00c9v\u00e9nements pour le <span class=\"mec-color mec-table-side-day\"> 24th<\/span> septembre<\/h6><article class=\"mec-event-article \"><div class=\"mec-event-image\"><img fetchpriority=\"high\" decoding=\"async\" width=\"300\" height=\"300\" src=\"https:\/\/alicanteturismo.com\/wp-content\/uploads\/2025\/02\/castillo-de-santa-barbara-2016-Alicante-ERN_6938-29-copia-300x300.jpg\" class=\"attachment-thumblist size-thumblist wp-post-image\" alt=\"\" data-mec-postid=\"296389\" \/><\/div><div class=\"mec-monthly-contents\" style=\"width: calc(100% - 85px)\"><div class=\"mec-event-time mec-color\"><i class=\"mec-sl-clock-o\"><\/i> Journ\u00e9e enti\u00e8re<\/div><h4 class=\"mec-event-title\"><a class=\"mec-color-hover\" data-event-id=\"296389\" href=\"https:\/\/alicanteturismo.com\/fr\/events\/exposicion-permanente-musa\/?occurrence=2026-09-24\" target=\"_self\" rel=\"noopener\">Exposici\u00f3n Permanente MUSA<\/a><span class=\"event-color\" style=\"background: #336dab\"><\/span><\/h4><div class=\"mec-event-detail\">\r\n                        <div class=\"mec-event-loc-place\">Ch\u00e2teau de Santa Barbara<\/div>\r\n                        \r\n                    <\/div><\/div><div style=\"clear:both\"><\/div><\/article><article class=\"mec-event-article \"><div class=\"mec-event-image\"><img decoding=\"async\" width=\"300\" height=\"300\" src=\"https:\/\/alicanteturismo.com\/wp-content\/uploads\/2025\/10\/Via-lactea-Isla-de-Tabarca-300x300.jpg\" class=\"attachment-thumblist size-thumblist wp-post-image\" alt=\"\" data-mec-postid=\"313076\" \/><\/div><div class=\"mec-monthly-contents\" style=\"width: calc(100% - 85px)\"><h4 class=\"mec-event-title\"><a class=\"mec-color-hover\" data-event-id=\"313076\" href=\"https:\/\/alicanteturismo.com\/fr\/events\/stargazing-on-tabarca-island\/?occurrence=2026-09-24&amp;time=1790236800\" target=\"_self\" rel=\"noopener\">Stargazing on Tabarca Island<\/a><\/h4><div class=\"mec-event-detail\">\r\n                        <div class=\"mec-event-loc-place\">Isla Tabarca<\/div>\r\n                        \r\n                    <\/div><\/div><div style=\"clear:both\"><\/div><\/article><article class=\"mec-event-article \"><div class=\"mec-event-image\"><img decoding=\"async\" width=\"300\" height=\"300\" src=\"https:\/\/alicanteturismo.com\/wp-content\/uploads\/2026\/02\/tabarca-boat-tour-300x300.jpg\" class=\"attachment-thumblist size-thumblist wp-post-image\" alt=\"\" data-mec-postid=\"317118\" \/><\/div><div class=\"mec-monthly-contents\" style=\"width: calc(100% - 85px)\"><h4 class=\"mec-event-title\"><a class=\"mec-color-hover\" data-event-id=\"317118\" href=\"https:\/\/alicanteturismo.com\/fr\/events\/tabarca-boat-tour\/?occurrence=2026-09-24\" target=\"_self\" rel=\"noopener\">Tabarca Boat Tour<\/a><span class=\"event-color\" style=\"background: #bfb417\"><\/span><\/h4><div class=\"mec-event-detail\">\r\n                        <div class=\"mec-event-loc-place\">Alicante<\/div>\r\n                        \r\n                    <\/div><\/div><div style=\"clear:both\"><\/div><\/article><article class=\"mec-event-article \"><div class=\"mec-event-image\"><img loading=\"lazy\" decoding=\"async\" width=\"300\" height=\"300\" src=\"https:\/\/alicanteturismo.com\/wp-content\/uploads\/2026\/02\/tabarca-boat-tour-300x300.jpg\" class=\"attachment-thumblist size-thumblist wp-post-image\" alt=\"\" data-mec-postid=\"317126\" \/><\/div><div class=\"mec-monthly-contents\" style=\"width: calc(100% - 85px)\"><h4 class=\"mec-event-title\"><a class=\"mec-color-hover\" data-event-id=\"317126\" href=\"https:\/\/www.alicanteboattours.com\/costa-boat-tour?occurrence=2026-09-24\" target=\"_self\" rel=\"noopener\">Costa Boat Tour<\/a><span class=\"event-color\" style=\"background: #00a0d2\"><\/span><\/h4><div class=\"mec-event-detail\">\r\n                        <div class=\"mec-event-loc-place\">Alicante Catamaran Aventurero<\/div>\r\n                        \r\n                    <\/div><\/div><div style=\"clear:both\"><\/div><\/article><article class=\"mec-event-article \"><div class=\"mec-event-image\"><img loading=\"lazy\" decoding=\"async\" width=\"300\" height=\"168\" src=\"https:\/\/alicanteturismo.com\/wp-content\/uploads\/2024\/05\/CABO-HUERTA-ALICANTE.jpg\" class=\"attachment-thumblist size-thumblist wp-post-image\" alt=\"\" data-mec-postid=\"317264\" \/><\/div><div class=\"mec-monthly-contents\" style=\"width: calc(100% - 85px)\"><div class=\"mec-event-time mec-color\"><i class=\"mec-sl-clock-o\"><\/i> 8h00 - 18h00<\/div><h4 class=\"mec-event-title\"><a class=\"mec-color-hover\" data-event-id=\"317264\" href=\"https:\/\/www.alicanteboattours.com\/bahia-boat-tour?occurrence=2026-09-24\" target=\"_self\" rel=\"noopener\">Bah\u00eda Boat Tour<\/a><span class=\"event-color\" style=\"background: #00a0d2\"><\/span><\/h4><div class=\"mec-event-detail\">\r\n                        <div class=\"mec-event-loc-place\">Alicante<\/div>\r\n                        \r\n                    <\/div><\/div><div style=\"clear:both\"><\/div><\/article><article class=\"mec-event-article \"><div class=\"mec-event-image\"><\/div><div class=\"mec-monthly-contents\" style=\"width: 100%\"><div class=\"mec-event-time mec-color\"><i class=\"mec-sl-clock-o\"><\/i> Journ\u00e9e enti\u00e8re<\/div><h4 class=\"mec-event-title\"><a class=\"mec-color-hover\" data-event-id=\"318219\" href=\"https:\/\/castillodesantabarbara.com\/en\/experience\/misterios-castillo\/?occurrence=2026-09-24\" target=\"_self\" rel=\"noopener\">Los Misterios del Castillo de Santa B\u00e1rbara: Visita Teatralizada Nocturna<\/a><\/h4><div class=\"mec-event-detail\">\r\n                        <div class=\"mec-event-loc-place\">Ch\u00e2teau de Santa Barbara<\/div>\r\n                        \r\n                    <\/div><\/div><div style=\"clear:both\"><\/div><\/article><article class=\"mec-event-article \"><div class=\"mec-event-image\"><img loading=\"lazy\" decoding=\"async\" width=\"300\" height=\"300\" src=\"https:\/\/alicanteturismo.com\/wp-content\/uploads\/2026\/05\/marq-expo-300x300.jpg\" class=\"attachment-thumblist size-thumblist wp-post-image\" alt=\"\" data-mec-postid=\"320214\" \/><\/div><div class=\"mec-monthly-contents\" style=\"width: calc(100% - 85px)\"><div class=\"mec-event-time mec-color\"><i class=\"mec-sl-clock-o\"><\/i> Journ\u00e9e enti\u00e8re<\/div><h4 class=\"mec-event-title\"><a class=\"mec-color-hover\" data-event-id=\"320214\" href=\"https:\/\/alicanteturismo.com\/fr\/events\/rituales-de-pastores-exposicion-en-el-marq-canibalismo-y-enterramientos-en-la-cova-de-randero\/?occurrence=2026-09-24\" target=\"_self\" rel=\"noopener\">Rituales de pastores. Exposici\u00f3n en el MARQ: Canibalismo y enterramientos en la Cova de Randero<\/a><span class=\"event-color\" style=\"background: #336dab\"><\/span><\/h4><div class=\"mec-event-detail\">\r\n                        <div class=\"mec-event-loc-place\"><\/div>\r\n                        \r\n                    <\/div><\/div><div style=\"clear:both\"><\/div><\/article><article class=\"mec-event-article \"><div class=\"mec-event-image\"><img loading=\"lazy\" decoding=\"async\" width=\"300\" height=\"300\" src=\"https:\/\/alicanteturismo.com\/wp-content\/uploads\/2026\/06\/d5ac5a84-ac33-061c-0536-2bbb1a525433-300x300.png\" class=\"attachment-thumblist size-thumblist wp-post-image\" alt=\"\" data-mec-postid=\"321036\" \/><\/div><div class=\"mec-monthly-contents\" style=\"width: calc(100% - 85px)\"><div class=\"mec-event-time mec-color\"><i class=\"mec-sl-clock-o\"><\/i> Journ\u00e9e enti\u00e8re<\/div><h4 class=\"mec-event-title\"><a class=\"mec-color-hover\" data-event-id=\"321036\" href=\"https:\/\/alicanteturismo.com\/fr\/events\/exposition-de-par-en-par-a-la-fondation-mediterranee\/?occurrence=2026-09-24\" target=\"_self\" rel=\"noopener\">Exposition \u00ab\u00a0De par en par\u00a0\u00bb \u00e0 la Fondation M\u00e9diterran\u00e9e<\/a><span class=\"event-color\" style=\"background: #1e73be\"><\/span><\/h4><div class=\"mec-event-detail\">\r\n                        <div class=\"mec-event-loc-place\">Salle d&#039;exposition<\/div>\r\n                        \r\n                    <\/div><\/div><div style=\"clear:both\"><\/div><\/article><article class=\"mec-event-article \"><div class=\"mec-event-image\"><img loading=\"lazy\" decoding=\"async\" width=\"300\" height=\"300\" src=\"https:\/\/alicanteturismo.com\/wp-content\/uploads\/2026\/07\/descargar-1-300x300.png\" class=\"attachment-thumblist size-thumblist wp-post-image\" alt=\"\" data-mec-postid=\"321395\" \/><\/div><div class=\"mec-monthly-contents\" style=\"width: calc(100% - 85px)\"><div class=\"mec-event-time mec-color\"><i class=\"mec-sl-clock-o\"><\/i> Journ\u00e9e enti\u00e8re<\/div><h4 class=\"mec-event-title\"><a class=\"mec-color-hover\" data-event-id=\"321395\" href=\"https:\/\/alicanteturismo.com\/fr\/events\/exposition-lor-et-lunivers-savoirs-autochtones-de-colombie-au-marq\/?occurrence=2026-09-24\" target=\"_self\" rel=\"noopener\">Exposition \u00ab L&rsquo;OR ET L&rsquo;UNIVERS. Savoirs autochtones de Colombie \u00bb au MARQ<\/a><span class=\"event-color\" style=\"background: #dd9933\"><\/span><\/h4><div class=\"mec-event-detail\">\r\n                        <div class=\"mec-event-loc-place\"><\/div>\r\n                        \r\n                    <\/div><\/div><div style=\"clear:both\"><\/div><\/article><article class=\"mec-event-article \"><div class=\"mec-event-image\"><img loading=\"lazy\" decoding=\"async\" width=\"300\" height=\"300\" src=\"https:\/\/alicanteturismo.com\/wp-content\/uploads\/2026\/08\/descargar-1-300x300.png\" class=\"attachment-thumblist size-thumblist wp-post-image\" alt=\"\" data-mec-postid=\"322070\" \/><\/div><div class=\"mec-monthly-contents\" style=\"width: calc(100% - 85px)\"><h4 class=\"mec-event-title\"><a class=\"mec-color-hover\" data-event-id=\"322070\" href=\"https:\/\/alicanteturismo.com\/fr\/events\/visites-guidees-des-abris-anti-aeriens-et-du-centre-dinterpretation-de-la-guerre-civile\/?occurrence=2026-09-24\" target=\"_self\" rel=\"noopener\">Visites guid\u00e9es des abris anti-a\u00e9riens et du centre d&rsquo;interpr\u00e9tation de la guerre civile<\/a><span class=\"event-color\" style=\"background: #1e73be\"><\/span><\/h4><div class=\"mec-event-detail\">\r\n                        <div class=\"mec-event-loc-place\"><\/div>\r\n                        \r\n                    <\/div><\/div><div style=\"clear:both\"><\/div><\/article><article class=\"mec-event-article \"><div class=\"mec-event-image\"><img loading=\"lazy\" decoding=\"async\" width=\"300\" height=\"300\" src=\"https:\/\/alicanteturismo.com\/wp-content\/uploads\/2025\/02\/MA07110494-300x300.jpg\" class=\"attachment-thumblist size-thumblist wp-post-image\" alt=\"\" data-mec-postid=\"296395\" \/><\/div><div class=\"mec-monthly-contents\" style=\"width: calc(100% - 85px)\"><div class=\"mec-event-time mec-color\"><i class=\"mec-sl-clock-o\"><\/i> 10h00<\/div><h4 class=\"mec-event-title\"><a class=\"mec-color-hover\" data-event-id=\"296395\" href=\"https:\/\/alicanteturismo.com\/fr\/events\/exposicion-permanente-marq\/?occurrence=2026-09-24\" target=\"_self\" rel=\"noopener\">Exposici\u00f3n Permanente MARQ<\/a><span class=\"event-color\" style=\"background: #336dab\"><\/span><\/h4><div class=\"mec-event-detail\">\r\n                        <div class=\"mec-event-loc-place\">Museo Arqueol\u00f3gico de Alicante (MARQ)<\/div>\r\n                        \r\n                    <\/div><\/div><div style=\"clear:both\"><\/div><\/article><article class=\"mec-event-article \"><div class=\"mec-event-image\"><img loading=\"lazy\" decoding=\"async\" width=\"300\" height=\"300\" src=\"https:\/\/alicanteturismo.com\/wp-content\/uploads\/2025\/02\/mubag_diputacion_alicante-5-300x300.webp\" class=\"attachment-thumblist size-thumblist wp-post-image\" alt=\"\" data-mec-postid=\"296402\" \/><\/div><div class=\"mec-monthly-contents\" style=\"width: calc(100% - 85px)\"><div class=\"mec-event-time mec-color\"><i class=\"mec-sl-clock-o\"><\/i> 10h00<\/div><h4 class=\"mec-event-title\"><a class=\"mec-color-hover\" data-event-id=\"296402\" href=\"https:\/\/alicanteturismo.com\/fr\/events\/exposicion-permanente-en-el-mubag-el-siglo-xix-coleccion-a-la-luz\/?occurrence=2026-09-24\" target=\"_self\" rel=\"noopener\">Exposici\u00f3n Permanente en el MUBAG. El siglo XIX. Colecci\u00f3n a la Luz<\/a><span class=\"event-color\" style=\"background: #336dab\"><\/span><\/h4><div class=\"mec-event-detail\">\r\n                        <div class=\"mec-event-loc-place\">Museo de Bellas Artes Gravina (MUBAG)<\/div>\r\n                        \r\n                    <\/div><\/div><div style=\"clear:both\"><\/div><\/article><article class=\"mec-event-article \"><div class=\"mec-event-image\"><img loading=\"lazy\" decoding=\"async\" width=\"300\" height=\"300\" src=\"https:\/\/alicanteturismo.com\/wp-content\/uploads\/2025\/02\/maca-museo-rotated-1-300x300.webp\" class=\"attachment-thumblist size-thumblist wp-post-image\" alt=\"\" data-mec-postid=\"296408\" \/><\/div><div class=\"mec-monthly-contents\" style=\"width: calc(100% - 85px)\"><div class=\"mec-event-time mec-color\"><i class=\"mec-sl-clock-o\"><\/i> 10h00<\/div><h4 class=\"mec-event-title\"><a class=\"mec-color-hover\" data-event-id=\"296408\" href=\"https:\/\/alicanteturismo.com\/fr\/events\/exposicion-permanente-maca\/?occurrence=2026-09-24\" target=\"_self\" rel=\"noopener\">Exposici\u00f3n Permanente MACA<\/a><span class=\"event-color\" style=\"background: #336dab\"><\/span><\/h4><div class=\"mec-event-detail\">\r\n                        <div class=\"mec-event-loc-place\">Contemporary Art Museum of Alicante (MACA)<\/div>\r\n                        \r\n                    <\/div><\/div><div style=\"clear:both\"><\/div><\/article><article class=\"mec-event-article \"><div class=\"mec-event-image\"><img loading=\"lazy\" decoding=\"async\" width=\"300\" height=\"300\" src=\"https:\/\/alicanteturismo.com\/wp-content\/uploads\/2026\/07\/descargar-2-300x300.png\" class=\"attachment-thumblist size-thumblist wp-post-image\" alt=\"\" data-mec-postid=\"321763\" \/><\/div><div class=\"mec-monthly-contents\" style=\"width: calc(100% - 85px)\"><div class=\"mec-event-time mec-color\"><i class=\"mec-sl-clock-o\"><\/i> 10h00 - 21h30<\/div><h4 class=\"mec-event-title\"><a class=\"mec-color-hover\" data-event-id=\"321763\" href=\"https:\/\/alicanteturismo.com\/fr\/events\/exposicion-la-firmeza-de-un-instante-de-jesus-madrinan-en-las-cigarreras\/?occurrence=2026-09-24\" target=\"_self\" rel=\"noopener\">Exposici\u00f3n \u201cLa firmeza de un instante\u201d de Jes\u00fas Madri\u00f1\u00e1n en Las Cigarreras<\/a><span class=\"event-color\" style=\"background: #336dab\"><\/span><\/h4><div class=\"mec-event-detail\">\r\n                        <div class=\"mec-event-loc-place\">Centre culturel Las Cigarreras<\/div>\r\n                        \r\n                    <\/div><\/div><div style=\"clear:both\"><\/div><\/article><article class=\"mec-event-article \"><div class=\"mec-event-image\"><img loading=\"lazy\" decoding=\"async\" width=\"300\" height=\"300\" src=\"https:\/\/alicanteturismo.com\/wp-content\/uploads\/2025\/02\/Yacimiento-arqueologico-Lucentum.Lucentum-archaeological-remains-copia2-300x300.jpg\" class=\"attachment-thumblist size-thumblist wp-post-image\" alt=\"\" data-mec-postid=\"296353\" \/><\/div><div class=\"mec-monthly-contents\" style=\"width: calc(100% - 85px)\"><div class=\"mec-event-time mec-color\"><i class=\"mec-sl-clock-o\"><\/i> 10h30<\/div><h4 class=\"mec-event-title\"><a class=\"mec-color-hover\" data-event-id=\"296353\" href=\"https:\/\/alicanteturismo.com\/fr\/events\/visita-guiada-al-yacimiento-arqueologico-lucentum\/?occurrence=2026-09-24\" target=\"_self\" rel=\"noopener\">Visita guiada al yacimiento arqueol\u00f3gico Lucentum<\/a><span class=\"event-color\" style=\"background: #dd823b\"><\/span><\/h4><div class=\"mec-event-detail\">\r\n                        <div class=\"mec-event-loc-place\">Lucentum Tossal de Manises<\/div>\r\n                        \r\n                    <\/div><\/div><div style=\"clear:both\"><\/div><\/article><\/div><div class=\"mec-calendar-events-sec\" id=\"mec-calendar-events-sec-mec1-20260925\" data-mec-cell=\"20260925\" ><h6 class=\"mec-table-side-title\">\u00c9v\u00e9nements pour le <span class=\"mec-color mec-table-side-day\"> 25th<\/span> septembre<\/h6><article class=\"mec-event-article \"><div class=\"mec-event-image\"><img fetchpriority=\"high\" decoding=\"async\" width=\"300\" height=\"300\" src=\"https:\/\/alicanteturismo.com\/wp-content\/uploads\/2025\/02\/castillo-de-santa-barbara-2016-Alicante-ERN_6938-29-copia-300x300.jpg\" class=\"attachment-thumblist size-thumblist wp-post-image\" alt=\"\" data-mec-postid=\"296389\" \/><\/div><div class=\"mec-monthly-contents\" style=\"width: calc(100% - 85px)\"><div class=\"mec-event-time mec-color\"><i class=\"mec-sl-clock-o\"><\/i> Journ\u00e9e enti\u00e8re<\/div><h4 class=\"mec-event-title\"><a class=\"mec-color-hover\" data-event-id=\"296389\" href=\"https:\/\/alicanteturismo.com\/fr\/events\/exposicion-permanente-musa\/?occurrence=2026-09-25\" target=\"_self\" rel=\"noopener\">Exposici\u00f3n Permanente MUSA<\/a><span class=\"event-color\" style=\"background: #336dab\"><\/span><\/h4><div class=\"mec-event-detail\">\r\n                        <div class=\"mec-event-loc-place\">Ch\u00e2teau de Santa Barbara<\/div>\r\n                        \r\n                    <\/div><\/div><div style=\"clear:both\"><\/div><\/article><article class=\"mec-event-article \"><div class=\"mec-event-image\"><img decoding=\"async\" width=\"300\" height=\"300\" src=\"https:\/\/alicanteturismo.com\/wp-content\/uploads\/2025\/10\/Via-lactea-Isla-de-Tabarca-300x300.jpg\" class=\"attachment-thumblist size-thumblist wp-post-image\" alt=\"\" data-mec-postid=\"313076\" \/><\/div><div class=\"mec-monthly-contents\" style=\"width: calc(100% - 85px)\"><h4 class=\"mec-event-title\"><a class=\"mec-color-hover\" data-event-id=\"313076\" href=\"https:\/\/alicanteturismo.com\/fr\/events\/stargazing-on-tabarca-island\/?occurrence=2026-09-25&amp;time=1790323200\" target=\"_self\" rel=\"noopener\">Stargazing on Tabarca Island<\/a><\/h4><div class=\"mec-event-detail\">\r\n                        <div class=\"mec-event-loc-place\">Isla Tabarca<\/div>\r\n                        \r\n                    <\/div><\/div><div style=\"clear:both\"><\/div><\/article><article class=\"mec-event-article \"><div class=\"mec-event-image\"><img decoding=\"async\" width=\"300\" height=\"300\" src=\"https:\/\/alicanteturismo.com\/wp-content\/uploads\/2026\/02\/tabarca-boat-tour-300x300.jpg\" class=\"attachment-thumblist size-thumblist wp-post-image\" alt=\"\" data-mec-postid=\"317118\" \/><\/div><div class=\"mec-monthly-contents\" style=\"width: calc(100% - 85px)\"><h4 class=\"mec-event-title\"><a class=\"mec-color-hover\" data-event-id=\"317118\" href=\"https:\/\/alicanteturismo.com\/fr\/events\/tabarca-boat-tour\/?occurrence=2026-09-25\" target=\"_self\" rel=\"noopener\">Tabarca Boat Tour<\/a><span class=\"event-color\" style=\"background: #bfb417\"><\/span><\/h4><div class=\"mec-event-detail\">\r\n                        <div class=\"mec-event-loc-place\">Alicante<\/div>\r\n                        \r\n                    <\/div><\/div><div style=\"clear:both\"><\/div><\/article><article class=\"mec-event-article \"><div class=\"mec-event-image\"><img loading=\"lazy\" decoding=\"async\" width=\"300\" height=\"300\" src=\"https:\/\/alicanteturismo.com\/wp-content\/uploads\/2026\/02\/tabarca-boat-tour-300x300.jpg\" class=\"attachment-thumblist size-thumblist wp-post-image\" alt=\"\" data-mec-postid=\"317126\" \/><\/div><div class=\"mec-monthly-contents\" style=\"width: calc(100% - 85px)\"><h4 class=\"mec-event-title\"><a class=\"mec-color-hover\" data-event-id=\"317126\" href=\"https:\/\/www.alicanteboattours.com\/costa-boat-tour?occurrence=2026-09-25\" target=\"_self\" rel=\"noopener\">Costa Boat Tour<\/a><span class=\"event-color\" style=\"background: #00a0d2\"><\/span><\/h4><div class=\"mec-event-detail\">\r\n                        <div class=\"mec-event-loc-place\">Alicante Catamaran Aventurero<\/div>\r\n                        \r\n                    <\/div><\/div><div style=\"clear:both\"><\/div><\/article><article class=\"mec-event-article \"><div class=\"mec-event-image\"><img loading=\"lazy\" decoding=\"async\" width=\"300\" height=\"168\" src=\"https:\/\/alicanteturismo.com\/wp-content\/uploads\/2024\/05\/CABO-HUERTA-ALICANTE.jpg\" class=\"attachment-thumblist size-thumblist wp-post-image\" alt=\"\" data-mec-postid=\"317264\" \/><\/div><div class=\"mec-monthly-contents\" style=\"width: calc(100% - 85px)\"><div class=\"mec-event-time mec-color\"><i class=\"mec-sl-clock-o\"><\/i> 8h00 - 18h00<\/div><h4 class=\"mec-event-title\"><a class=\"mec-color-hover\" data-event-id=\"317264\" href=\"https:\/\/www.alicanteboattours.com\/bahia-boat-tour?occurrence=2026-09-25\" target=\"_self\" rel=\"noopener\">Bah\u00eda Boat Tour<\/a><span class=\"event-color\" style=\"background: #00a0d2\"><\/span><\/h4><div class=\"mec-event-detail\">\r\n                        <div class=\"mec-event-loc-place\">Alicante<\/div>\r\n                        \r\n                    <\/div><\/div><div style=\"clear:both\"><\/div><\/article><article class=\"mec-event-article \"><div class=\"mec-event-image\"><\/div><div class=\"mec-monthly-contents\" style=\"width: 100%\"><div class=\"mec-event-time mec-color\"><i class=\"mec-sl-clock-o\"><\/i> Journ\u00e9e enti\u00e8re<\/div><h4 class=\"mec-event-title\"><a class=\"mec-color-hover\" data-event-id=\"318219\" href=\"https:\/\/castillodesantabarbara.com\/en\/experience\/misterios-castillo\/?occurrence=2026-09-25\" target=\"_self\" rel=\"noopener\">Los Misterios del Castillo de Santa B\u00e1rbara: Visita Teatralizada Nocturna<\/a><\/h4><div class=\"mec-event-detail\">\r\n                        <div class=\"mec-event-loc-place\">Ch\u00e2teau de Santa Barbara<\/div>\r\n                        \r\n                    <\/div><\/div><div style=\"clear:both\"><\/div><\/article><article class=\"mec-event-article \"><div class=\"mec-event-image\"><img loading=\"lazy\" decoding=\"async\" width=\"300\" height=\"300\" src=\"https:\/\/alicanteturismo.com\/wp-content\/uploads\/2026\/05\/marq-expo-300x300.jpg\" class=\"attachment-thumblist size-thumblist wp-post-image\" alt=\"\" data-mec-postid=\"320214\" \/><\/div><div class=\"mec-monthly-contents\" style=\"width: calc(100% - 85px)\"><div class=\"mec-event-time mec-color\"><i class=\"mec-sl-clock-o\"><\/i> Journ\u00e9e enti\u00e8re<\/div><h4 class=\"mec-event-title\"><a class=\"mec-color-hover\" data-event-id=\"320214\" href=\"https:\/\/alicanteturismo.com\/fr\/events\/rituales-de-pastores-exposicion-en-el-marq-canibalismo-y-enterramientos-en-la-cova-de-randero\/?occurrence=2026-09-25\" target=\"_self\" rel=\"noopener\">Rituales de pastores. Exposici\u00f3n en el MARQ: Canibalismo y enterramientos en la Cova de Randero<\/a><span class=\"event-color\" style=\"background: #336dab\"><\/span><\/h4><div class=\"mec-event-detail\">\r\n                        <div class=\"mec-event-loc-place\"><\/div>\r\n                        \r\n                    <\/div><\/div><div style=\"clear:both\"><\/div><\/article><article class=\"mec-event-article \"><div class=\"mec-event-image\"><img loading=\"lazy\" decoding=\"async\" width=\"300\" height=\"300\" src=\"https:\/\/alicanteturismo.com\/wp-content\/uploads\/2026\/06\/d5ac5a84-ac33-061c-0536-2bbb1a525433-300x300.png\" class=\"attachment-thumblist size-thumblist wp-post-image\" alt=\"\" data-mec-postid=\"321036\" \/><\/div><div class=\"mec-monthly-contents\" style=\"width: calc(100% - 85px)\"><div class=\"mec-event-time mec-color\"><i class=\"mec-sl-clock-o\"><\/i> Journ\u00e9e enti\u00e8re<\/div><h4 class=\"mec-event-title\"><a class=\"mec-color-hover\" data-event-id=\"321036\" href=\"https:\/\/alicanteturismo.com\/fr\/events\/exposition-de-par-en-par-a-la-fondation-mediterranee\/?occurrence=2026-09-25\" target=\"_self\" rel=\"noopener\">Exposition \u00ab\u00a0De par en par\u00a0\u00bb \u00e0 la Fondation M\u00e9diterran\u00e9e<\/a><span class=\"event-color\" style=\"background: #1e73be\"><\/span><\/h4><div class=\"mec-event-detail\">\r\n                        <div class=\"mec-event-loc-place\">Salle d&#039;exposition<\/div>\r\n                        \r\n                    <\/div><\/div><div style=\"clear:both\"><\/div><\/article><article class=\"mec-event-article \"><div class=\"mec-event-image\"><img loading=\"lazy\" decoding=\"async\" width=\"300\" height=\"300\" src=\"https:\/\/alicanteturismo.com\/wp-content\/uploads\/2026\/07\/descargar-1-300x300.png\" class=\"attachment-thumblist size-thumblist wp-post-image\" alt=\"\" data-mec-postid=\"321395\" \/><\/div><div class=\"mec-monthly-contents\" style=\"width: calc(100% - 85px)\"><div class=\"mec-event-time mec-color\"><i class=\"mec-sl-clock-o\"><\/i> Journ\u00e9e enti\u00e8re<\/div><h4 class=\"mec-event-title\"><a class=\"mec-color-hover\" data-event-id=\"321395\" href=\"https:\/\/alicanteturismo.com\/fr\/events\/exposition-lor-et-lunivers-savoirs-autochtones-de-colombie-au-marq\/?occurrence=2026-09-25\" target=\"_self\" rel=\"noopener\">Exposition \u00ab L&rsquo;OR ET L&rsquo;UNIVERS. Savoirs autochtones de Colombie \u00bb au MARQ<\/a><span class=\"event-color\" style=\"background: #dd9933\"><\/span><\/h4><div class=\"mec-event-detail\">\r\n                        <div class=\"mec-event-loc-place\"><\/div>\r\n                        \r\n                    <\/div><\/div><div style=\"clear:both\"><\/div><\/article><article class=\"mec-event-article \"><div class=\"mec-event-image\"><img loading=\"lazy\" decoding=\"async\" width=\"300\" height=\"300\" src=\"https:\/\/alicanteturismo.com\/wp-content\/uploads\/2026\/08\/descargar-1-300x300.png\" class=\"attachment-thumblist size-thumblist wp-post-image\" alt=\"\" data-mec-postid=\"322070\" \/><\/div><div class=\"mec-monthly-contents\" style=\"width: calc(100% - 85px)\"><h4 class=\"mec-event-title\"><a class=\"mec-color-hover\" data-event-id=\"322070\" href=\"https:\/\/alicanteturismo.com\/fr\/events\/visites-guidees-des-abris-anti-aeriens-et-du-centre-dinterpretation-de-la-guerre-civile\/?occurrence=2026-09-25\" target=\"_self\" rel=\"noopener\">Visites guid\u00e9es des abris anti-a\u00e9riens et du centre d&rsquo;interpr\u00e9tation de la guerre civile<\/a><span class=\"event-color\" style=\"background: #1e73be\"><\/span><\/h4><div class=\"mec-event-detail\">\r\n                        <div class=\"mec-event-loc-place\"><\/div>\r\n                        \r\n                    <\/div><\/div><div style=\"clear:both\"><\/div><\/article><article class=\"mec-event-article \"><div class=\"mec-event-image\"><img loading=\"lazy\" decoding=\"async\" width=\"300\" height=\"300\" src=\"https:\/\/alicanteturismo.com\/wp-content\/uploads\/2025\/02\/MA07110494-300x300.jpg\" class=\"attachment-thumblist size-thumblist wp-post-image\" alt=\"\" data-mec-postid=\"296395\" \/><\/div><div class=\"mec-monthly-contents\" style=\"width: calc(100% - 85px)\"><div class=\"mec-event-time mec-color\"><i class=\"mec-sl-clock-o\"><\/i> 10h00<\/div><h4 class=\"mec-event-title\"><a class=\"mec-color-hover\" data-event-id=\"296395\" href=\"https:\/\/alicanteturismo.com\/fr\/events\/exposicion-permanente-marq\/?occurrence=2026-09-25\" target=\"_self\" rel=\"noopener\">Exposici\u00f3n Permanente MARQ<\/a><span class=\"event-color\" style=\"background: #336dab\"><\/span><\/h4><div class=\"mec-event-detail\">\r\n                        <div class=\"mec-event-loc-place\">Museo Arqueol\u00f3gico de Alicante (MARQ)<\/div>\r\n                        \r\n                    <\/div><\/div><div style=\"clear:both\"><\/div><\/article><article class=\"mec-event-article \"><div class=\"mec-event-image\"><img loading=\"lazy\" decoding=\"async\" width=\"300\" height=\"300\" src=\"https:\/\/alicanteturismo.com\/wp-content\/uploads\/2025\/02\/mubag_diputacion_alicante-5-300x300.webp\" class=\"attachment-thumblist size-thumblist wp-post-image\" alt=\"\" data-mec-postid=\"296402\" \/><\/div><div class=\"mec-monthly-contents\" style=\"width: calc(100% - 85px)\"><div class=\"mec-event-time mec-color\"><i class=\"mec-sl-clock-o\"><\/i> 10h00<\/div><h4 class=\"mec-event-title\"><a class=\"mec-color-hover\" data-event-id=\"296402\" href=\"https:\/\/alicanteturismo.com\/fr\/events\/exposicion-permanente-en-el-mubag-el-siglo-xix-coleccion-a-la-luz\/?occurrence=2026-09-25\" target=\"_self\" rel=\"noopener\">Exposici\u00f3n Permanente en el MUBAG. El siglo XIX. Colecci\u00f3n a la Luz<\/a><span class=\"event-color\" style=\"background: #336dab\"><\/span><\/h4><div class=\"mec-event-detail\">\r\n                        <div class=\"mec-event-loc-place\">Museo de Bellas Artes Gravina (MUBAG)<\/div>\r\n                        \r\n                    <\/div><\/div><div style=\"clear:both\"><\/div><\/article><article class=\"mec-event-article \"><div class=\"mec-event-image\"><img loading=\"lazy\" decoding=\"async\" width=\"300\" height=\"300\" src=\"https:\/\/alicanteturismo.com\/wp-content\/uploads\/2025\/02\/maca-museo-rotated-1-300x300.webp\" class=\"attachment-thumblist size-thumblist wp-post-image\" alt=\"\" data-mec-postid=\"296408\" \/><\/div><div class=\"mec-monthly-contents\" style=\"width: calc(100% - 85px)\"><div class=\"mec-event-time mec-color\"><i class=\"mec-sl-clock-o\"><\/i> 10h00<\/div><h4 class=\"mec-event-title\"><a class=\"mec-color-hover\" data-event-id=\"296408\" href=\"https:\/\/alicanteturismo.com\/fr\/events\/exposicion-permanente-maca\/?occurrence=2026-09-25\" target=\"_self\" rel=\"noopener\">Exposici\u00f3n Permanente MACA<\/a><span class=\"event-color\" style=\"background: #336dab\"><\/span><\/h4><div class=\"mec-event-detail\">\r\n                        <div class=\"mec-event-loc-place\">Contemporary Art Museum of Alicante (MACA)<\/div>\r\n                        \r\n                    <\/div><\/div><div style=\"clear:both\"><\/div><\/article><article class=\"mec-event-article \"><div class=\"mec-event-image\"><img loading=\"lazy\" decoding=\"async\" width=\"300\" height=\"300\" src=\"https:\/\/alicanteturismo.com\/wp-content\/uploads\/2026\/07\/descargar-2-300x300.png\" class=\"attachment-thumblist size-thumblist wp-post-image\" alt=\"\" data-mec-postid=\"321763\" \/><\/div><div class=\"mec-monthly-contents\" style=\"width: calc(100% - 85px)\"><div class=\"mec-event-time mec-color\"><i class=\"mec-sl-clock-o\"><\/i> 10h00 - 21h30<\/div><h4 class=\"mec-event-title\"><a class=\"mec-color-hover\" data-event-id=\"321763\" href=\"https:\/\/alicanteturismo.com\/fr\/events\/exposicion-la-firmeza-de-un-instante-de-jesus-madrinan-en-las-cigarreras\/?occurrence=2026-09-25\" target=\"_self\" rel=\"noopener\">Exposici\u00f3n \u201cLa firmeza de un instante\u201d de Jes\u00fas Madri\u00f1\u00e1n en Las Cigarreras<\/a><span class=\"event-color\" style=\"background: #336dab\"><\/span><\/h4><div class=\"mec-event-detail\">\r\n                        <div class=\"mec-event-loc-place\">Centre culturel Las Cigarreras<\/div>\r\n                        \r\n                    <\/div><\/div><div style=\"clear:both\"><\/div><\/article><article class=\"mec-event-article \"><div class=\"mec-event-image\"><img loading=\"lazy\" decoding=\"async\" width=\"300\" height=\"300\" src=\"https:\/\/alicanteturismo.com\/wp-content\/uploads\/2025\/02\/Yacimiento-arqueologico-Lucentum.Lucentum-archaeological-remains-copia2-300x300.jpg\" class=\"attachment-thumblist size-thumblist wp-post-image\" alt=\"\" data-mec-postid=\"296353\" \/><\/div><div class=\"mec-monthly-contents\" style=\"width: calc(100% - 85px)\"><div class=\"mec-event-time mec-color\"><i class=\"mec-sl-clock-o\"><\/i> 10h30<\/div><h4 class=\"mec-event-title\"><a class=\"mec-color-hover\" data-event-id=\"296353\" href=\"https:\/\/alicanteturismo.com\/fr\/events\/visita-guiada-al-yacimiento-arqueologico-lucentum\/?occurrence=2026-09-25\" target=\"_self\" rel=\"noopener\">Visita guiada al yacimiento arqueol\u00f3gico Lucentum<\/a><span class=\"event-color\" style=\"background: #dd823b\"><\/span><\/h4><div class=\"mec-event-detail\">\r\n                        <div class=\"mec-event-loc-place\">Lucentum Tossal de Manises<\/div>\r\n                        \r\n                    <\/div><\/div><div style=\"clear:both\"><\/div><\/article><article class=\"mec-event-article \"><div class=\"mec-event-image\"><img loading=\"lazy\" decoding=\"async\" width=\"300\" height=\"300\" src=\"https:\/\/alicanteturismo.com\/wp-content\/uploads\/2026\/08\/descargar-3-1-300x300.png\" class=\"attachment-thumblist size-thumblist wp-post-image\" alt=\"\" data-mec-postid=\"322415\" \/><\/div><div class=\"mec-monthly-contents\" style=\"width: calc(100% - 85px)\"><div class=\"mec-event-time mec-color\"><i class=\"mec-sl-clock-o\"><\/i> 22h00<\/div><h4 class=\"mec-event-title\"><a class=\"mec-color-hover\" data-event-id=\"322415\" href=\"https:\/\/alicanteturismo.com\/fr\/events\/m-clan-tournee-du-30e-anniversaire-a-el-muelle-live\/?occurrence=2026-09-25\" target=\"_self\" rel=\"noopener\">M Clan &#8211; Tourn\u00e9e du 30e anniversaire \u00e0 El Muelle Live<\/a><\/h4><div class=\"mec-event-detail\">\r\n                        <div class=\"mec-event-loc-place\">El Muelle Live<\/div>\r\n                        \r\n                    <\/div><\/div><div style=\"clear:both\"><\/div><\/article><\/div><div class=\"mec-calendar-events-sec\" id=\"mec-calendar-events-sec-mec1-20260926\" data-mec-cell=\"20260926\" ><h6 class=\"mec-table-side-title\">\u00c9v\u00e9nements pour le <span class=\"mec-color mec-table-side-day\"> 26th<\/span> septembre<\/h6><article class=\"mec-event-article \"><div class=\"mec-event-image\"><img fetchpriority=\"high\" decoding=\"async\" width=\"300\" height=\"300\" src=\"https:\/\/alicanteturismo.com\/wp-content\/uploads\/2025\/02\/castillo-de-santa-barbara-2016-Alicante-ERN_6938-29-copia-300x300.jpg\" class=\"attachment-thumblist size-thumblist wp-post-image\" alt=\"\" data-mec-postid=\"296389\" \/><\/div><div class=\"mec-monthly-contents\" style=\"width: calc(100% - 85px)\"><div class=\"mec-event-time mec-color\"><i class=\"mec-sl-clock-o\"><\/i> Journ\u00e9e enti\u00e8re<\/div><h4 class=\"mec-event-title\"><a class=\"mec-color-hover\" data-event-id=\"296389\" href=\"https:\/\/alicanteturismo.com\/fr\/events\/exposicion-permanente-musa\/?occurrence=2026-09-26\" target=\"_self\" rel=\"noopener\">Exposici\u00f3n Permanente MUSA<\/a><span class=\"event-color\" style=\"background: #336dab\"><\/span><\/h4><div class=\"mec-event-detail\">\r\n                        <div class=\"mec-event-loc-place\">Ch\u00e2teau de Santa Barbara<\/div>\r\n                        \r\n                    <\/div><\/div><div style=\"clear:both\"><\/div><\/article><article class=\"mec-event-article \"><div class=\"mec-event-image\"><img decoding=\"async\" width=\"300\" height=\"300\" src=\"https:\/\/alicanteturismo.com\/wp-content\/uploads\/2025\/10\/Via-lactea-Isla-de-Tabarca-300x300.jpg\" class=\"attachment-thumblist size-thumblist wp-post-image\" alt=\"\" data-mec-postid=\"313076\" \/><\/div><div class=\"mec-monthly-contents\" style=\"width: calc(100% - 85px)\"><h4 class=\"mec-event-title\"><a class=\"mec-color-hover\" data-event-id=\"313076\" href=\"https:\/\/alicanteturismo.com\/fr\/events\/stargazing-on-tabarca-island\/?occurrence=2026-09-26&amp;time=1790409600\" target=\"_self\" rel=\"noopener\">Stargazing on Tabarca Island<\/a><\/h4><div class=\"mec-event-detail\">\r\n                        <div class=\"mec-event-loc-place\">Isla Tabarca<\/div>\r\n                        \r\n                    <\/div><\/div><div style=\"clear:both\"><\/div><\/article><article class=\"mec-event-article \"><div class=\"mec-event-image\"><img decoding=\"async\" width=\"300\" height=\"300\" src=\"https:\/\/alicanteturismo.com\/wp-content\/uploads\/2026\/02\/tabarca-boat-tour-300x300.jpg\" class=\"attachment-thumblist size-thumblist wp-post-image\" alt=\"\" data-mec-postid=\"317118\" \/><\/div><div class=\"mec-monthly-contents\" style=\"width: calc(100% - 85px)\"><h4 class=\"mec-event-title\"><a class=\"mec-color-hover\" data-event-id=\"317118\" href=\"https:\/\/alicanteturismo.com\/fr\/events\/tabarca-boat-tour\/?occurrence=2026-09-26\" target=\"_self\" rel=\"noopener\">Tabarca Boat Tour<\/a><span class=\"event-color\" style=\"background: #bfb417\"><\/span><\/h4><div class=\"mec-event-detail\">\r\n                        <div class=\"mec-event-loc-place\">Alicante<\/div>\r\n                        \r\n                    <\/div><\/div><div style=\"clear:both\"><\/div><\/article><article class=\"mec-event-article \"><div class=\"mec-event-image\"><img loading=\"lazy\" decoding=\"async\" width=\"300\" height=\"300\" src=\"https:\/\/alicanteturismo.com\/wp-content\/uploads\/2026\/02\/tabarca-boat-tour-300x300.jpg\" class=\"attachment-thumblist size-thumblist wp-post-image\" alt=\"\" data-mec-postid=\"317126\" \/><\/div><div class=\"mec-monthly-contents\" style=\"width: calc(100% - 85px)\"><h4 class=\"mec-event-title\"><a class=\"mec-color-hover\" data-event-id=\"317126\" href=\"https:\/\/www.alicanteboattours.com\/costa-boat-tour?occurrence=2026-09-26\" target=\"_self\" rel=\"noopener\">Costa Boat Tour<\/a><span class=\"event-color\" style=\"background: #00a0d2\"><\/span><\/h4><div class=\"mec-event-detail\">\r\n                        <div class=\"mec-event-loc-place\">Alicante Catamaran Aventurero<\/div>\r\n                        \r\n                    <\/div><\/div><div style=\"clear:both\"><\/div><\/article><article class=\"mec-event-article \"><div class=\"mec-event-image\"><img loading=\"lazy\" decoding=\"async\" width=\"300\" height=\"168\" src=\"https:\/\/alicanteturismo.com\/wp-content\/uploads\/2024\/05\/CABO-HUERTA-ALICANTE.jpg\" class=\"attachment-thumblist size-thumblist wp-post-image\" alt=\"\" data-mec-postid=\"317264\" \/><\/div><div class=\"mec-monthly-contents\" style=\"width: calc(100% - 85px)\"><div class=\"mec-event-time mec-color\"><i class=\"mec-sl-clock-o\"><\/i> 8h00 - 18h00<\/div><h4 class=\"mec-event-title\"><a class=\"mec-color-hover\" data-event-id=\"317264\" href=\"https:\/\/www.alicanteboattours.com\/bahia-boat-tour?occurrence=2026-09-26\" target=\"_self\" rel=\"noopener\">Bah\u00eda Boat Tour<\/a><span class=\"event-color\" style=\"background: #00a0d2\"><\/span><\/h4><div class=\"mec-event-detail\">\r\n                        <div class=\"mec-event-loc-place\">Alicante<\/div>\r\n                        \r\n                    <\/div><\/div><div style=\"clear:both\"><\/div><\/article><article class=\"mec-event-article \"><div class=\"mec-event-image\"><\/div><div class=\"mec-monthly-contents\" style=\"width: 100%\"><div class=\"mec-event-time mec-color\"><i class=\"mec-sl-clock-o\"><\/i> Journ\u00e9e enti\u00e8re<\/div><h4 class=\"mec-event-title\"><a class=\"mec-color-hover\" data-event-id=\"318219\" href=\"https:\/\/castillodesantabarbara.com\/en\/experience\/misterios-castillo\/?occurrence=2026-09-26\" target=\"_self\" rel=\"noopener\">Los Misterios del Castillo de Santa B\u00e1rbara: Visita Teatralizada Nocturna<\/a><\/h4><div class=\"mec-event-detail\">\r\n                        <div class=\"mec-event-loc-place\">Ch\u00e2teau de Santa Barbara<\/div>\r\n                        \r\n                    <\/div><\/div><div style=\"clear:both\"><\/div><\/article><article class=\"mec-event-article \"><div class=\"mec-event-image\"><img loading=\"lazy\" decoding=\"async\" width=\"300\" height=\"300\" src=\"https:\/\/alicanteturismo.com\/wp-content\/uploads\/2026\/05\/marq-expo-300x300.jpg\" class=\"attachment-thumblist size-thumblist wp-post-image\" alt=\"\" data-mec-postid=\"320214\" \/><\/div><div class=\"mec-monthly-contents\" style=\"width: calc(100% - 85px)\"><div class=\"mec-event-time mec-color\"><i class=\"mec-sl-clock-o\"><\/i> Journ\u00e9e enti\u00e8re<\/div><h4 class=\"mec-event-title\"><a class=\"mec-color-hover\" data-event-id=\"320214\" href=\"https:\/\/alicanteturismo.com\/fr\/events\/rituales-de-pastores-exposicion-en-el-marq-canibalismo-y-enterramientos-en-la-cova-de-randero\/?occurrence=2026-09-26\" target=\"_self\" rel=\"noopener\">Rituales de pastores. Exposici\u00f3n en el MARQ: Canibalismo y enterramientos en la Cova de Randero<\/a><span class=\"event-color\" style=\"background: #336dab\"><\/span><\/h4><div class=\"mec-event-detail\">\r\n                        <div class=\"mec-event-loc-place\"><\/div>\r\n                        \r\n                    <\/div><\/div><div style=\"clear:both\"><\/div><\/article><article class=\"mec-event-article \"><div class=\"mec-event-image\"><img loading=\"lazy\" decoding=\"async\" width=\"300\" height=\"300\" src=\"https:\/\/alicanteturismo.com\/wp-content\/uploads\/2026\/06\/d5ac5a84-ac33-061c-0536-2bbb1a525433-300x300.png\" class=\"attachment-thumblist size-thumblist wp-post-image\" alt=\"\" data-mec-postid=\"321036\" \/><\/div><div class=\"mec-monthly-contents\" style=\"width: calc(100% - 85px)\"><div class=\"mec-event-time mec-color\"><i class=\"mec-sl-clock-o\"><\/i> Journ\u00e9e enti\u00e8re<\/div><h4 class=\"mec-event-title\"><a class=\"mec-color-hover\" data-event-id=\"321036\" href=\"https:\/\/alicanteturismo.com\/fr\/events\/exposition-de-par-en-par-a-la-fondation-mediterranee\/?occurrence=2026-09-26\" target=\"_self\" rel=\"noopener\">Exposition \u00ab\u00a0De par en par\u00a0\u00bb \u00e0 la Fondation M\u00e9diterran\u00e9e<\/a><span class=\"event-color\" style=\"background: #1e73be\"><\/span><\/h4><div class=\"mec-event-detail\">\r\n                        <div class=\"mec-event-loc-place\">Salle d&#039;exposition<\/div>\r\n                        \r\n                    <\/div><\/div><div style=\"clear:both\"><\/div><\/article><article class=\"mec-event-article \"><div class=\"mec-event-image\"><img loading=\"lazy\" decoding=\"async\" width=\"300\" height=\"300\" src=\"https:\/\/alicanteturismo.com\/wp-content\/uploads\/2026\/07\/descargar-1-300x300.png\" class=\"attachment-thumblist size-thumblist wp-post-image\" alt=\"\" data-mec-postid=\"321395\" \/><\/div><div class=\"mec-monthly-contents\" style=\"width: calc(100% - 85px)\"><div class=\"mec-event-time mec-color\"><i class=\"mec-sl-clock-o\"><\/i> Journ\u00e9e enti\u00e8re<\/div><h4 class=\"mec-event-title\"><a class=\"mec-color-hover\" data-event-id=\"321395\" href=\"https:\/\/alicanteturismo.com\/fr\/events\/exposition-lor-et-lunivers-savoirs-autochtones-de-colombie-au-marq\/?occurrence=2026-09-26\" target=\"_self\" rel=\"noopener\">Exposition \u00ab L&rsquo;OR ET L&rsquo;UNIVERS. Savoirs autochtones de Colombie \u00bb au MARQ<\/a><span class=\"event-color\" style=\"background: #dd9933\"><\/span><\/h4><div class=\"mec-event-detail\">\r\n                        <div class=\"mec-event-loc-place\"><\/div>\r\n                        \r\n                    <\/div><\/div><div style=\"clear:both\"><\/div><\/article><article class=\"mec-event-article \"><div class=\"mec-event-image\"><img loading=\"lazy\" decoding=\"async\" width=\"300\" height=\"300\" src=\"https:\/\/alicanteturismo.com\/wp-content\/uploads\/2026\/08\/descargar-1-300x300.png\" class=\"attachment-thumblist size-thumblist wp-post-image\" alt=\"\" data-mec-postid=\"322070\" \/><\/div><div class=\"mec-monthly-contents\" style=\"width: calc(100% - 85px)\"><h4 class=\"mec-event-title\"><a class=\"mec-color-hover\" data-event-id=\"322070\" href=\"https:\/\/alicanteturismo.com\/fr\/events\/visites-guidees-des-abris-anti-aeriens-et-du-centre-dinterpretation-de-la-guerre-civile\/?occurrence=2026-09-26\" target=\"_self\" rel=\"noopener\">Visites guid\u00e9es des abris anti-a\u00e9riens et du centre d&rsquo;interpr\u00e9tation de la guerre civile<\/a><span class=\"event-color\" style=\"background: #1e73be\"><\/span><\/h4><div class=\"mec-event-detail\">\r\n                        <div class=\"mec-event-loc-place\"><\/div>\r\n                        \r\n                    <\/div><\/div><div style=\"clear:both\"><\/div><\/article><article class=\"mec-event-article \"><div class=\"mec-event-image\"><img loading=\"lazy\" decoding=\"async\" width=\"300\" height=\"300\" src=\"https:\/\/alicanteturismo.com\/wp-content\/uploads\/2025\/02\/MA07110494-300x300.jpg\" class=\"attachment-thumblist size-thumblist wp-post-image\" alt=\"\" data-mec-postid=\"296395\" \/><\/div><div class=\"mec-monthly-contents\" style=\"width: calc(100% - 85px)\"><div class=\"mec-event-time mec-color\"><i class=\"mec-sl-clock-o\"><\/i> 10h00<\/div><h4 class=\"mec-event-title\"><a class=\"mec-color-hover\" data-event-id=\"296395\" href=\"https:\/\/alicanteturismo.com\/fr\/events\/exposicion-permanente-marq\/?occurrence=2026-09-26\" target=\"_self\" rel=\"noopener\">Exposici\u00f3n Permanente MARQ<\/a><span class=\"event-color\" style=\"background: #336dab\"><\/span><\/h4><div class=\"mec-event-detail\">\r\n                        <div class=\"mec-event-loc-place\">Museo Arqueol\u00f3gico de Alicante (MARQ)<\/div>\r\n                        \r\n                    <\/div><\/div><div style=\"clear:both\"><\/div><\/article><article class=\"mec-event-article \"><div class=\"mec-event-image\"><img loading=\"lazy\" decoding=\"async\" width=\"300\" height=\"300\" src=\"https:\/\/alicanteturismo.com\/wp-content\/uploads\/2025\/02\/mubag_diputacion_alicante-5-300x300.webp\" class=\"attachment-thumblist size-thumblist wp-post-image\" alt=\"\" data-mec-postid=\"296402\" \/><\/div><div class=\"mec-monthly-contents\" style=\"width: calc(100% - 85px)\"><div class=\"mec-event-time mec-color\"><i class=\"mec-sl-clock-o\"><\/i> 10h00<\/div><h4 class=\"mec-event-title\"><a class=\"mec-color-hover\" data-event-id=\"296402\" href=\"https:\/\/alicanteturismo.com\/fr\/events\/exposicion-permanente-en-el-mubag-el-siglo-xix-coleccion-a-la-luz\/?occurrence=2026-09-26\" target=\"_self\" rel=\"noopener\">Exposici\u00f3n Permanente en el MUBAG. El siglo XIX. Colecci\u00f3n a la Luz<\/a><span class=\"event-color\" style=\"background: #336dab\"><\/span><\/h4><div class=\"mec-event-detail\">\r\n                        <div class=\"mec-event-loc-place\">Museo de Bellas Artes Gravina (MUBAG)<\/div>\r\n                        \r\n                    <\/div><\/div><div style=\"clear:both\"><\/div><\/article><article class=\"mec-event-article \"><div class=\"mec-event-image\"><img loading=\"lazy\" decoding=\"async\" width=\"300\" height=\"300\" src=\"https:\/\/alicanteturismo.com\/wp-content\/uploads\/2025\/02\/maca-museo-rotated-1-300x300.webp\" class=\"attachment-thumblist size-thumblist wp-post-image\" alt=\"\" data-mec-postid=\"296408\" \/><\/div><div class=\"mec-monthly-contents\" style=\"width: calc(100% - 85px)\"><div class=\"mec-event-time mec-color\"><i class=\"mec-sl-clock-o\"><\/i> 10h00<\/div><h4 class=\"mec-event-title\"><a class=\"mec-color-hover\" data-event-id=\"296408\" href=\"https:\/\/alicanteturismo.com\/fr\/events\/exposicion-permanente-maca\/?occurrence=2026-09-26\" target=\"_self\" rel=\"noopener\">Exposici\u00f3n Permanente MACA<\/a><span class=\"event-color\" style=\"background: #336dab\"><\/span><\/h4><div class=\"mec-event-detail\">\r\n                        <div class=\"mec-event-loc-place\">Contemporary Art Museum of Alicante (MACA)<\/div>\r\n                        \r\n                    <\/div><\/div><div style=\"clear:both\"><\/div><\/article><article class=\"mec-event-article \"><div class=\"mec-event-image\"><img loading=\"lazy\" decoding=\"async\" width=\"300\" height=\"300\" src=\"https:\/\/alicanteturismo.com\/wp-content\/uploads\/2026\/02\/degustacion-vinos-300x300.webp\" class=\"attachment-thumblist size-thumblist wp-post-image\" alt=\"\" data-mec-postid=\"317139\" \/><\/div><div class=\"mec-monthly-contents\" style=\"width: calc(100% - 85px)\"><h4 class=\"mec-event-title\"><a class=\"mec-color-hover\" data-event-id=\"317139\" href=\"https:\/\/alicanteturismo.com\/fr\/events\/degustacionvinosyproductosalicantinos\/?occurrence=2026-09-26\" target=\"_self\" rel=\"noopener\">Degustaci\u00f3n de 3 vinos D.O y Productos alicantinos<\/a><span class=\"event-color\" style=\"background: #dd823b\"><\/span><\/h4><div class=\"mec-event-detail\">\r\n                        <div class=\"mec-event-loc-place\"><\/div>\r\n                        \r\n                    <\/div><\/div><div style=\"clear:both\"><\/div><\/article><article class=\"mec-event-article \"><div class=\"mec-event-image\"><img loading=\"lazy\" decoding=\"async\" width=\"300\" height=\"300\" src=\"https:\/\/alicanteturismo.com\/wp-content\/uploads\/2026\/07\/descargar-2-300x300.png\" class=\"attachment-thumblist size-thumblist wp-post-image\" alt=\"\" data-mec-postid=\"321763\" \/><\/div><div class=\"mec-monthly-contents\" style=\"width: calc(100% - 85px)\"><div class=\"mec-event-time mec-color\"><i class=\"mec-sl-clock-o\"><\/i> 10h00 - 21h30<\/div><h4 class=\"mec-event-title\"><a class=\"mec-color-hover\" data-event-id=\"321763\" href=\"https:\/\/alicanteturismo.com\/fr\/events\/exposicion-la-firmeza-de-un-instante-de-jesus-madrinan-en-las-cigarreras\/?occurrence=2026-09-26\" target=\"_self\" rel=\"noopener\">Exposici\u00f3n \u201cLa firmeza de un instante\u201d de Jes\u00fas Madri\u00f1\u00e1n en Las Cigarreras<\/a><span class=\"event-color\" style=\"background: #336dab\"><\/span><\/h4><div class=\"mec-event-detail\">\r\n                        <div class=\"mec-event-loc-place\">Centre culturel Las Cigarreras<\/div>\r\n                        \r\n                    <\/div><\/div><div style=\"clear:both\"><\/div><\/article><article class=\"mec-event-article \"><div class=\"mec-event-image\"><img loading=\"lazy\" decoding=\"async\" width=\"300\" height=\"300\" src=\"https:\/\/alicanteturismo.com\/wp-content\/uploads\/2025\/02\/Yacimiento-arqueologico-Lucentum.Lucentum-archaeological-remains-copia2-300x300.jpg\" class=\"attachment-thumblist size-thumblist wp-post-image\" alt=\"\" data-mec-postid=\"296353\" \/><\/div><div class=\"mec-monthly-contents\" style=\"width: calc(100% - 85px)\"><div class=\"mec-event-time mec-color\"><i class=\"mec-sl-clock-o\"><\/i> 10h30<\/div><h4 class=\"mec-event-title\"><a class=\"mec-color-hover\" data-event-id=\"296353\" href=\"https:\/\/alicanteturismo.com\/fr\/events\/visita-guiada-al-yacimiento-arqueologico-lucentum\/?occurrence=2026-09-26\" target=\"_self\" rel=\"noopener\">Visita guiada al yacimiento arqueol\u00f3gico Lucentum<\/a><span class=\"event-color\" style=\"background: #dd823b\"><\/span><\/h4><div class=\"mec-event-detail\">\r\n                        <div class=\"mec-event-loc-place\">Lucentum Tossal de Manises<\/div>\r\n                        \r\n                    <\/div><\/div><div style=\"clear:both\"><\/div><\/article><article class=\"mec-event-article \"><div class=\"mec-event-image\"><img loading=\"lazy\" decoding=\"async\" width=\"300\" height=\"300\" src=\"https:\/\/alicanteturismo.com\/wp-content\/uploads\/2026\/02\/castillo-degustaciones-chocolate-300x300.webp\" class=\"attachment-thumblist size-thumblist wp-post-image\" alt=\"\" data-mec-postid=\"317131\" \/><\/div><div class=\"mec-monthly-contents\" style=\"width: calc(100% - 85px)\"><div class=\"mec-event-time mec-color\"><i class=\"mec-sl-clock-o\"><\/i> 11h00 - 12h00<\/div><h4 class=\"mec-event-title\"><a class=\"mec-color-hover\" data-event-id=\"317131\" href=\"https:\/\/alicanteturismo.com\/fr\/events\/degustacionchocolatescastillosantabarbara\/?occurrence=2026-09-26\" target=\"_self\" rel=\"noopener\">Degustaci\u00f3n de chocolates y turrones de Alicante en el Castillo de Santa B\u00e1rbara<\/a><span class=\"event-color\" style=\"background: #dd823b\"><\/span><\/h4><div class=\"mec-event-detail\">\r\n                        <div class=\"mec-event-loc-place\">Ch\u00e2teau de Santa Barbara<\/div>\r\n                        \r\n                    <\/div><\/div><div style=\"clear:both\"><\/div><\/article><article class=\"mec-event-article \"><div class=\"mec-event-image\"><img loading=\"lazy\" decoding=\"async\" width=\"300\" height=\"300\" src=\"https:\/\/alicanteturismo.com\/wp-content\/uploads\/2026\/08\/descargar-2-300x300.png\" class=\"attachment-thumblist size-thumblist wp-post-image\" alt=\"\" data-mec-postid=\"322085\" \/><\/div><div class=\"mec-monthly-contents\" style=\"width: calc(100% - 85px)\"><div class=\"mec-event-time mec-color\"><i class=\"mec-sl-clock-o\"><\/i> 19h00<\/div><h4 class=\"mec-event-title\"><a class=\"mec-color-hover\" data-event-id=\"322085\" href=\"https:\/\/alicanteturismo.com\/fr\/events\/visite-guidee-de-la-tour-sarrio-et-du-centre-dinterpretation\/?occurrence=2026-09-26\" target=\"_self\" rel=\"noopener\">Visite guid\u00e9e de la tour Sarri\u00f3 et du centre d&rsquo;interpr\u00e9tation<\/a><span class=\"event-color\" style=\"background: #1e73be\"><\/span><\/h4><div class=\"mec-event-detail\">\r\n                        <div class=\"mec-event-loc-place\"><\/div>\r\n                        \r\n                    <\/div><\/div><div style=\"clear:both\"><\/div><\/article><article class=\"mec-event-article \"><div class=\"mec-event-image\"><img loading=\"lazy\" decoding=\"async\" width=\"300\" height=\"300\" src=\"https:\/\/alicanteturismo.com\/wp-content\/uploads\/2026\/01\/Raphael-300x300.jpeg\" class=\"attachment-thumblist size-thumblist wp-post-image\" alt=\"\" data-mec-postid=\"315941\" \/><\/div><div class=\"mec-monthly-contents\" style=\"width: calc(100% - 85px)\"><div class=\"mec-event-time mec-color\"><i class=\"mec-sl-clock-o\"><\/i> 22h00<\/div><h4 class=\"mec-event-title\"><a class=\"mec-color-hover\" data-event-id=\"315941\" href=\"https:\/\/alicanteturismo.com\/fr\/events\/raphael-raphaelisimo-en-concierto-en-el-muelle-live\/?occurrence=2026-09-26\" target=\"_self\" rel=\"noopener\">Raphael \u2013 Raphael\u00edsimo en concierto en El Muelle Live<\/a><span class=\"event-color\" style=\"background: #336dab\"><\/span><\/h4><div class=\"mec-event-detail\">\r\n                        <div class=\"mec-event-loc-place\">El Muelle Live<\/div>\r\n                        \r\n                    <\/div><\/div><div style=\"clear:both\"><\/div><\/article><\/div><div class=\"mec-calendar-events-sec\" id=\"mec-calendar-events-sec-mec1-20260927\" data-mec-cell=\"20260927\" ><h6 class=\"mec-table-side-title\">\u00c9v\u00e9nements pour le <span class=\"mec-color mec-table-side-day\"> 27th<\/span> septembre<\/h6><article class=\"mec-event-article \"><div class=\"mec-event-image\"><img fetchpriority=\"high\" decoding=\"async\" width=\"300\" height=\"300\" src=\"https:\/\/alicanteturismo.com\/wp-content\/uploads\/2025\/02\/castillo-de-santa-barbara-2016-Alicante-ERN_6938-29-copia-300x300.jpg\" class=\"attachment-thumblist size-thumblist wp-post-image\" alt=\"\" data-mec-postid=\"296389\" \/><\/div><div class=\"mec-monthly-contents\" style=\"width: calc(100% - 85px)\"><div class=\"mec-event-time mec-color\"><i class=\"mec-sl-clock-o\"><\/i> Journ\u00e9e enti\u00e8re<\/div><h4 class=\"mec-event-title\"><a class=\"mec-color-hover\" data-event-id=\"296389\" href=\"https:\/\/alicanteturismo.com\/fr\/events\/exposicion-permanente-musa\/?occurrence=2026-09-27\" target=\"_self\" rel=\"noopener\">Exposici\u00f3n Permanente MUSA<\/a><span class=\"event-color\" style=\"background: #336dab\"><\/span><\/h4><div class=\"mec-event-detail\">\r\n                        <div class=\"mec-event-loc-place\">Ch\u00e2teau de Santa Barbara<\/div>\r\n                        \r\n                    <\/div><\/div><div style=\"clear:both\"><\/div><\/article><article class=\"mec-event-article \"><div class=\"mec-event-image\"><img decoding=\"async\" width=\"300\" height=\"300\" src=\"https:\/\/alicanteturismo.com\/wp-content\/uploads\/2025\/10\/Via-lactea-Isla-de-Tabarca-300x300.jpg\" class=\"attachment-thumblist size-thumblist wp-post-image\" alt=\"\" data-mec-postid=\"313076\" \/><\/div><div class=\"mec-monthly-contents\" style=\"width: calc(100% - 85px)\"><h4 class=\"mec-event-title\"><a class=\"mec-color-hover\" data-event-id=\"313076\" href=\"https:\/\/alicanteturismo.com\/fr\/events\/stargazing-on-tabarca-island\/?occurrence=2026-09-27&amp;time=1790496000\" target=\"_self\" rel=\"noopener\">Stargazing on Tabarca Island<\/a><\/h4><div class=\"mec-event-detail\">\r\n                        <div class=\"mec-event-loc-place\">Isla Tabarca<\/div>\r\n                        \r\n                    <\/div><\/div><div style=\"clear:both\"><\/div><\/article><article class=\"mec-event-article \"><div class=\"mec-event-image\"><img decoding=\"async\" width=\"300\" height=\"300\" src=\"https:\/\/alicanteturismo.com\/wp-content\/uploads\/2026\/02\/tabarca-boat-tour-300x300.jpg\" class=\"attachment-thumblist size-thumblist wp-post-image\" alt=\"\" data-mec-postid=\"317118\" \/><\/div><div class=\"mec-monthly-contents\" style=\"width: calc(100% - 85px)\"><h4 class=\"mec-event-title\"><a class=\"mec-color-hover\" data-event-id=\"317118\" href=\"https:\/\/alicanteturismo.com\/fr\/events\/tabarca-boat-tour\/?occurrence=2026-09-27\" target=\"_self\" rel=\"noopener\">Tabarca Boat Tour<\/a><span class=\"event-color\" style=\"background: #bfb417\"><\/span><\/h4><div class=\"mec-event-detail\">\r\n                        <div class=\"mec-event-loc-place\">Alicante<\/div>\r\n                        \r\n                    <\/div><\/div><div style=\"clear:both\"><\/div><\/article><article class=\"mec-event-article \"><div class=\"mec-event-image\"><img loading=\"lazy\" decoding=\"async\" width=\"300\" height=\"300\" src=\"https:\/\/alicanteturismo.com\/wp-content\/uploads\/2026\/02\/tabarca-boat-tour-300x300.jpg\" class=\"attachment-thumblist size-thumblist wp-post-image\" alt=\"\" data-mec-postid=\"317126\" \/><\/div><div class=\"mec-monthly-contents\" style=\"width: calc(100% - 85px)\"><h4 class=\"mec-event-title\"><a class=\"mec-color-hover\" data-event-id=\"317126\" href=\"https:\/\/www.alicanteboattours.com\/costa-boat-tour?occurrence=2026-09-27\" target=\"_self\" rel=\"noopener\">Costa Boat Tour<\/a><span class=\"event-color\" style=\"background: #00a0d2\"><\/span><\/h4><div class=\"mec-event-detail\">\r\n                        <div class=\"mec-event-loc-place\">Alicante Catamaran Aventurero<\/div>\r\n                        \r\n                    <\/div><\/div><div style=\"clear:both\"><\/div><\/article><article class=\"mec-event-article \"><div class=\"mec-event-image\"><img loading=\"lazy\" decoding=\"async\" width=\"300\" height=\"168\" src=\"https:\/\/alicanteturismo.com\/wp-content\/uploads\/2024\/05\/CABO-HUERTA-ALICANTE.jpg\" class=\"attachment-thumblist size-thumblist wp-post-image\" alt=\"\" data-mec-postid=\"317264\" \/><\/div><div class=\"mec-monthly-contents\" style=\"width: calc(100% - 85px)\"><div class=\"mec-event-time mec-color\"><i class=\"mec-sl-clock-o\"><\/i> 8h00 - 18h00<\/div><h4 class=\"mec-event-title\"><a class=\"mec-color-hover\" data-event-id=\"317264\" href=\"https:\/\/www.alicanteboattours.com\/bahia-boat-tour?occurrence=2026-09-27\" target=\"_self\" rel=\"noopener\">Bah\u00eda Boat Tour<\/a><span class=\"event-color\" style=\"background: #00a0d2\"><\/span><\/h4><div class=\"mec-event-detail\">\r\n                        <div class=\"mec-event-loc-place\">Alicante<\/div>\r\n                        \r\n                    <\/div><\/div><div style=\"clear:both\"><\/div><\/article><article class=\"mec-event-article \"><div class=\"mec-event-image\"><img loading=\"lazy\" decoding=\"async\" width=\"300\" height=\"300\" src=\"https:\/\/alicanteturismo.com\/wp-content\/uploads\/2026\/05\/marq-expo-300x300.jpg\" class=\"attachment-thumblist size-thumblist wp-post-image\" alt=\"\" data-mec-postid=\"320214\" \/><\/div><div class=\"mec-monthly-contents\" style=\"width: calc(100% - 85px)\"><div class=\"mec-event-time mec-color\"><i class=\"mec-sl-clock-o\"><\/i> Journ\u00e9e enti\u00e8re<\/div><h4 class=\"mec-event-title\"><a class=\"mec-color-hover\" data-event-id=\"320214\" href=\"https:\/\/alicanteturismo.com\/fr\/events\/rituales-de-pastores-exposicion-en-el-marq-canibalismo-y-enterramientos-en-la-cova-de-randero\/?occurrence=2026-09-27\" target=\"_self\" rel=\"noopener\">Rituales de pastores. Exposici\u00f3n en el MARQ: Canibalismo y enterramientos en la Cova de Randero<\/a><span class=\"event-color\" style=\"background: #336dab\"><\/span><\/h4><div class=\"mec-event-detail\">\r\n                        <div class=\"mec-event-loc-place\"><\/div>\r\n                        \r\n                    <\/div><\/div><div style=\"clear:both\"><\/div><\/article><article class=\"mec-event-article \"><div class=\"mec-event-image\"><img loading=\"lazy\" decoding=\"async\" width=\"300\" height=\"300\" src=\"https:\/\/alicanteturismo.com\/wp-content\/uploads\/2026\/06\/d5ac5a84-ac33-061c-0536-2bbb1a525433-300x300.png\" class=\"attachment-thumblist size-thumblist wp-post-image\" alt=\"\" data-mec-postid=\"321036\" \/><\/div><div class=\"mec-monthly-contents\" style=\"width: calc(100% - 85px)\"><div class=\"mec-event-time mec-color\"><i class=\"mec-sl-clock-o\"><\/i> Journ\u00e9e enti\u00e8re<\/div><h4 class=\"mec-event-title\"><a class=\"mec-color-hover\" data-event-id=\"321036\" href=\"https:\/\/alicanteturismo.com\/fr\/events\/exposition-de-par-en-par-a-la-fondation-mediterranee\/?occurrence=2026-09-27\" target=\"_self\" rel=\"noopener\">Exposition \u00ab\u00a0De par en par\u00a0\u00bb \u00e0 la Fondation M\u00e9diterran\u00e9e<\/a><span class=\"event-color\" style=\"background: #1e73be\"><\/span><\/h4><div class=\"mec-event-detail\">\r\n                        <div class=\"mec-event-loc-place\">Salle d&#039;exposition<\/div>\r\n                        \r\n                    <\/div><\/div><div style=\"clear:both\"><\/div><\/article><article class=\"mec-event-article \"><div class=\"mec-event-image\"><img loading=\"lazy\" decoding=\"async\" width=\"300\" height=\"300\" src=\"https:\/\/alicanteturismo.com\/wp-content\/uploads\/2026\/07\/descargar-1-300x300.png\" class=\"attachment-thumblist size-thumblist wp-post-image\" alt=\"\" data-mec-postid=\"321395\" \/><\/div><div class=\"mec-monthly-contents\" style=\"width: calc(100% - 85px)\"><div class=\"mec-event-time mec-color\"><i class=\"mec-sl-clock-o\"><\/i> Journ\u00e9e enti\u00e8re<\/div><h4 class=\"mec-event-title\"><a class=\"mec-color-hover\" data-event-id=\"321395\" href=\"https:\/\/alicanteturismo.com\/fr\/events\/exposition-lor-et-lunivers-savoirs-autochtones-de-colombie-au-marq\/?occurrence=2026-09-27\" target=\"_self\" rel=\"noopener\">Exposition \u00ab L&rsquo;OR ET L&rsquo;UNIVERS. Savoirs autochtones de Colombie \u00bb au MARQ<\/a><span class=\"event-color\" style=\"background: #dd9933\"><\/span><\/h4><div class=\"mec-event-detail\">\r\n                        <div class=\"mec-event-loc-place\"><\/div>\r\n                        \r\n                    <\/div><\/div><div style=\"clear:both\"><\/div><\/article><article class=\"mec-event-article \"><div class=\"mec-event-image\"><img loading=\"lazy\" decoding=\"async\" width=\"300\" height=\"300\" src=\"https:\/\/alicanteturismo.com\/wp-content\/uploads\/2026\/08\/descargar-1-300x300.png\" class=\"attachment-thumblist size-thumblist wp-post-image\" alt=\"\" data-mec-postid=\"322070\" \/><\/div><div class=\"mec-monthly-contents\" style=\"width: calc(100% - 85px)\"><h4 class=\"mec-event-title\"><a class=\"mec-color-hover\" data-event-id=\"322070\" href=\"https:\/\/alicanteturismo.com\/fr\/events\/visites-guidees-des-abris-anti-aeriens-et-du-centre-dinterpretation-de-la-guerre-civile\/?occurrence=2026-09-27\" target=\"_self\" rel=\"noopener\">Visites guid\u00e9es des abris anti-a\u00e9riens et du centre d&rsquo;interpr\u00e9tation de la guerre civile<\/a><span class=\"event-color\" style=\"background: #1e73be\"><\/span><\/h4><div class=\"mec-event-detail\">\r\n                        <div class=\"mec-event-loc-place\"><\/div>\r\n                        \r\n                    <\/div><\/div><div style=\"clear:both\"><\/div><\/article><article class=\"mec-event-article \"><div class=\"mec-event-image\"><img loading=\"lazy\" decoding=\"async\" width=\"300\" height=\"300\" src=\"https:\/\/alicanteturismo.com\/wp-content\/uploads\/2025\/02\/MA07110494-300x300.jpg\" class=\"attachment-thumblist size-thumblist wp-post-image\" alt=\"\" data-mec-postid=\"296395\" \/><\/div><div class=\"mec-monthly-contents\" style=\"width: calc(100% - 85px)\"><div class=\"mec-event-time mec-color\"><i class=\"mec-sl-clock-o\"><\/i> 10h00<\/div><h4 class=\"mec-event-title\"><a class=\"mec-color-hover\" data-event-id=\"296395\" href=\"https:\/\/alicanteturismo.com\/fr\/events\/exposicion-permanente-marq\/?occurrence=2026-09-27\" target=\"_self\" rel=\"noopener\">Exposici\u00f3n Permanente MARQ<\/a><span class=\"event-color\" style=\"background: #336dab\"><\/span><\/h4><div class=\"mec-event-detail\">\r\n                        <div class=\"mec-event-loc-place\">Museo Arqueol\u00f3gico de Alicante (MARQ)<\/div>\r\n                        \r\n                    <\/div><\/div><div style=\"clear:both\"><\/div><\/article><article class=\"mec-event-article \"><div class=\"mec-event-image\"><img loading=\"lazy\" decoding=\"async\" width=\"300\" height=\"300\" src=\"https:\/\/alicanteturismo.com\/wp-content\/uploads\/2025\/02\/mubag_diputacion_alicante-5-300x300.webp\" class=\"attachment-thumblist size-thumblist wp-post-image\" alt=\"\" data-mec-postid=\"296402\" \/><\/div><div class=\"mec-monthly-contents\" style=\"width: calc(100% - 85px)\"><div class=\"mec-event-time mec-color\"><i class=\"mec-sl-clock-o\"><\/i> 10h00<\/div><h4 class=\"mec-event-title\"><a class=\"mec-color-hover\" data-event-id=\"296402\" href=\"https:\/\/alicanteturismo.com\/fr\/events\/exposicion-permanente-en-el-mubag-el-siglo-xix-coleccion-a-la-luz\/?occurrence=2026-09-27\" target=\"_self\" rel=\"noopener\">Exposici\u00f3n Permanente en el MUBAG. El siglo XIX. Colecci\u00f3n a la Luz<\/a><span class=\"event-color\" style=\"background: #336dab\"><\/span><\/h4><div class=\"mec-event-detail\">\r\n                        <div class=\"mec-event-loc-place\">Museo de Bellas Artes Gravina (MUBAG)<\/div>\r\n                        \r\n                    <\/div><\/div><div style=\"clear:both\"><\/div><\/article><article class=\"mec-event-article \"><div class=\"mec-event-image\"><img loading=\"lazy\" decoding=\"async\" width=\"300\" height=\"300\" src=\"https:\/\/alicanteturismo.com\/wp-content\/uploads\/2025\/02\/maca-museo-rotated-1-300x300.webp\" class=\"attachment-thumblist size-thumblist wp-post-image\" alt=\"\" data-mec-postid=\"296408\" \/><\/div><div class=\"mec-monthly-contents\" style=\"width: calc(100% - 85px)\"><div class=\"mec-event-time mec-color\"><i class=\"mec-sl-clock-o\"><\/i> 10h00<\/div><h4 class=\"mec-event-title\"><a class=\"mec-color-hover\" data-event-id=\"296408\" href=\"https:\/\/alicanteturismo.com\/fr\/events\/exposicion-permanente-maca\/?occurrence=2026-09-27\" target=\"_self\" rel=\"noopener\">Exposici\u00f3n Permanente MACA<\/a><span class=\"event-color\" style=\"background: #336dab\"><\/span><\/h4><div class=\"mec-event-detail\">\r\n                        <div class=\"mec-event-loc-place\">Contemporary Art Museum of Alicante (MACA)<\/div>\r\n                        \r\n                    <\/div><\/div><div style=\"clear:both\"><\/div><\/article><article class=\"mec-event-article \"><div class=\"mec-event-image\"><img loading=\"lazy\" decoding=\"async\" width=\"300\" height=\"300\" src=\"https:\/\/alicanteturismo.com\/wp-content\/uploads\/2026\/02\/degustacion-vinos-300x300.webp\" class=\"attachment-thumblist size-thumblist wp-post-image\" alt=\"\" data-mec-postid=\"317139\" \/><\/div><div class=\"mec-monthly-contents\" style=\"width: calc(100% - 85px)\"><h4 class=\"mec-event-title\"><a class=\"mec-color-hover\" data-event-id=\"317139\" href=\"https:\/\/alicanteturismo.com\/fr\/events\/degustacionvinosyproductosalicantinos\/?occurrence=2026-09-27\" target=\"_self\" rel=\"noopener\">Degustaci\u00f3n de 3 vinos D.O y Productos alicantinos<\/a><span class=\"event-color\" style=\"background: #dd823b\"><\/span><\/h4><div class=\"mec-event-detail\">\r\n                        <div class=\"mec-event-loc-place\"><\/div>\r\n                        \r\n                    <\/div><\/div><div style=\"clear:both\"><\/div><\/article><article class=\"mec-event-article \"><div class=\"mec-event-image\"><img loading=\"lazy\" decoding=\"async\" width=\"300\" height=\"300\" src=\"https:\/\/alicanteturismo.com\/wp-content\/uploads\/2025\/02\/Yacimiento-arqueologico-Lucentum.Lucentum-archaeological-remains-copia2-300x300.jpg\" class=\"attachment-thumblist size-thumblist wp-post-image\" alt=\"\" data-mec-postid=\"296353\" \/><\/div><div class=\"mec-monthly-contents\" style=\"width: calc(100% - 85px)\"><div class=\"mec-event-time mec-color\"><i class=\"mec-sl-clock-o\"><\/i> 10h30<\/div><h4 class=\"mec-event-title\"><a class=\"mec-color-hover\" data-event-id=\"296353\" href=\"https:\/\/alicanteturismo.com\/fr\/events\/visita-guiada-al-yacimiento-arqueologico-lucentum\/?occurrence=2026-09-27\" target=\"_self\" rel=\"noopener\">Visita guiada al yacimiento arqueol\u00f3gico Lucentum<\/a><span class=\"event-color\" style=\"background: #dd823b\"><\/span><\/h4><div class=\"mec-event-detail\">\r\n                        <div class=\"mec-event-loc-place\">Lucentum Tossal de Manises<\/div>\r\n                        \r\n                    <\/div><\/div><div style=\"clear:both\"><\/div><\/article><article class=\"mec-event-article \"><div class=\"mec-event-image\"><img loading=\"lazy\" decoding=\"async\" width=\"300\" height=\"300\" src=\"https:\/\/alicanteturismo.com\/wp-content\/uploads\/2026\/02\/castillo-degustaciones-chocolate-300x300.webp\" class=\"attachment-thumblist size-thumblist wp-post-image\" alt=\"\" data-mec-postid=\"317131\" \/><\/div><div class=\"mec-monthly-contents\" style=\"width: calc(100% - 85px)\"><div class=\"mec-event-time mec-color\"><i class=\"mec-sl-clock-o\"><\/i> 11h00 - 12h00<\/div><h4 class=\"mec-event-title\"><a class=\"mec-color-hover\" data-event-id=\"317131\" href=\"https:\/\/alicanteturismo.com\/fr\/events\/degustacionchocolatescastillosantabarbara\/?occurrence=2026-09-27\" target=\"_self\" rel=\"noopener\">Degustaci\u00f3n de chocolates y turrones de Alicante en el Castillo de Santa B\u00e1rbara<\/a><span class=\"event-color\" style=\"background: #dd823b\"><\/span><\/h4><div class=\"mec-event-detail\">\r\n                        <div class=\"mec-event-loc-place\">Ch\u00e2teau de Santa Barbara<\/div>\r\n                        \r\n                    <\/div><\/div><div style=\"clear:both\"><\/div><\/article><\/div><div class=\"mec-calendar-events-sec\" id=\"mec-calendar-events-sec-mec1-20260928\" data-mec-cell=\"20260928\" ><h6 class=\"mec-table-side-title\">\u00c9v\u00e9nements pour le <span class=\"mec-color mec-table-side-day\"> 28th<\/span> septembre<\/h6><article class=\"mec-event-article \"><div class=\"mec-event-image\"><img fetchpriority=\"high\" decoding=\"async\" width=\"300\" height=\"300\" src=\"https:\/\/alicanteturismo.com\/wp-content\/uploads\/2025\/02\/castillo-de-santa-barbara-2016-Alicante-ERN_6938-29-copia-300x300.jpg\" class=\"attachment-thumblist size-thumblist wp-post-image\" alt=\"\" data-mec-postid=\"296389\" \/><\/div><div class=\"mec-monthly-contents\" style=\"width: calc(100% - 85px)\"><div class=\"mec-event-time mec-color\"><i class=\"mec-sl-clock-o\"><\/i> Journ\u00e9e enti\u00e8re<\/div><h4 class=\"mec-event-title\"><a class=\"mec-color-hover\" data-event-id=\"296389\" href=\"https:\/\/alicanteturismo.com\/fr\/events\/exposicion-permanente-musa\/?occurrence=2026-09-28\" target=\"_self\" rel=\"noopener\">Exposici\u00f3n Permanente MUSA<\/a><span class=\"event-color\" style=\"background: #336dab\"><\/span><\/h4><div class=\"mec-event-detail\">\r\n                        <div class=\"mec-event-loc-place\">Ch\u00e2teau de Santa Barbara<\/div>\r\n                        \r\n                    <\/div><\/div><div style=\"clear:both\"><\/div><\/article><article class=\"mec-event-article \"><div class=\"mec-event-image\"><img decoding=\"async\" width=\"300\" height=\"300\" src=\"https:\/\/alicanteturismo.com\/wp-content\/uploads\/2025\/10\/Via-lactea-Isla-de-Tabarca-300x300.jpg\" class=\"attachment-thumblist size-thumblist wp-post-image\" alt=\"\" data-mec-postid=\"313076\" \/><\/div><div class=\"mec-monthly-contents\" style=\"width: calc(100% - 85px)\"><h4 class=\"mec-event-title\"><a class=\"mec-color-hover\" data-event-id=\"313076\" href=\"https:\/\/alicanteturismo.com\/fr\/events\/stargazing-on-tabarca-island\/?occurrence=2026-09-28&amp;time=1790582400\" target=\"_self\" rel=\"noopener\">Stargazing on Tabarca Island<\/a><\/h4><div class=\"mec-event-detail\">\r\n                        <div class=\"mec-event-loc-place\">Isla Tabarca<\/div>\r\n                        \r\n                    <\/div><\/div><div style=\"clear:both\"><\/div><\/article><article class=\"mec-event-article \"><div class=\"mec-event-image\"><img decoding=\"async\" width=\"300\" height=\"300\" src=\"https:\/\/alicanteturismo.com\/wp-content\/uploads\/2026\/02\/tabarca-boat-tour-300x300.jpg\" class=\"attachment-thumblist size-thumblist wp-post-image\" alt=\"\" data-mec-postid=\"317118\" \/><\/div><div class=\"mec-monthly-contents\" style=\"width: calc(100% - 85px)\"><h4 class=\"mec-event-title\"><a class=\"mec-color-hover\" data-event-id=\"317118\" href=\"https:\/\/alicanteturismo.com\/fr\/events\/tabarca-boat-tour\/?occurrence=2026-09-28\" target=\"_self\" rel=\"noopener\">Tabarca Boat Tour<\/a><span class=\"event-color\" style=\"background: #bfb417\"><\/span><\/h4><div class=\"mec-event-detail\">\r\n                        <div class=\"mec-event-loc-place\">Alicante<\/div>\r\n                        \r\n                    <\/div><\/div><div style=\"clear:both\"><\/div><\/article><article class=\"mec-event-article \"><div class=\"mec-event-image\"><img loading=\"lazy\" decoding=\"async\" width=\"300\" height=\"300\" src=\"https:\/\/alicanteturismo.com\/wp-content\/uploads\/2026\/02\/tabarca-boat-tour-300x300.jpg\" class=\"attachment-thumblist size-thumblist wp-post-image\" alt=\"\" data-mec-postid=\"317126\" \/><\/div><div class=\"mec-monthly-contents\" style=\"width: calc(100% - 85px)\"><h4 class=\"mec-event-title\"><a class=\"mec-color-hover\" data-event-id=\"317126\" href=\"https:\/\/www.alicanteboattours.com\/costa-boat-tour?occurrence=2026-09-28\" target=\"_self\" rel=\"noopener\">Costa Boat Tour<\/a><span class=\"event-color\" style=\"background: #00a0d2\"><\/span><\/h4><div class=\"mec-event-detail\">\r\n                        <div class=\"mec-event-loc-place\">Alicante Catamaran Aventurero<\/div>\r\n                        \r\n                    <\/div><\/div><div style=\"clear:both\"><\/div><\/article><article class=\"mec-event-article \"><div class=\"mec-event-image\"><img loading=\"lazy\" decoding=\"async\" width=\"300\" height=\"168\" src=\"https:\/\/alicanteturismo.com\/wp-content\/uploads\/2024\/05\/CABO-HUERTA-ALICANTE.jpg\" class=\"attachment-thumblist size-thumblist wp-post-image\" alt=\"\" data-mec-postid=\"317264\" \/><\/div><div class=\"mec-monthly-contents\" style=\"width: calc(100% - 85px)\"><div class=\"mec-event-time mec-color\"><i class=\"mec-sl-clock-o\"><\/i> 8h00 - 18h00<\/div><h4 class=\"mec-event-title\"><a class=\"mec-color-hover\" data-event-id=\"317264\" href=\"https:\/\/www.alicanteboattours.com\/bahia-boat-tour?occurrence=2026-09-28\" target=\"_self\" rel=\"noopener\">Bah\u00eda Boat Tour<\/a><span class=\"event-color\" style=\"background: #00a0d2\"><\/span><\/h4><div class=\"mec-event-detail\">\r\n                        <div class=\"mec-event-loc-place\">Alicante<\/div>\r\n                        \r\n                    <\/div><\/div><div style=\"clear:both\"><\/div><\/article><article class=\"mec-event-article \"><div class=\"mec-event-image\"><img loading=\"lazy\" decoding=\"async\" width=\"300\" height=\"300\" src=\"https:\/\/alicanteturismo.com\/wp-content\/uploads\/2026\/07\/descargar-1-300x300.png\" class=\"attachment-thumblist size-thumblist wp-post-image\" alt=\"\" data-mec-postid=\"321395\" \/><\/div><div class=\"mec-monthly-contents\" style=\"width: calc(100% - 85px)\"><div class=\"mec-event-time mec-color\"><i class=\"mec-sl-clock-o\"><\/i> Journ\u00e9e enti\u00e8re<\/div><h4 class=\"mec-event-title\"><a class=\"mec-color-hover\" data-event-id=\"321395\" href=\"https:\/\/alicanteturismo.com\/fr\/events\/exposition-lor-et-lunivers-savoirs-autochtones-de-colombie-au-marq\/?occurrence=2026-09-28\" target=\"_self\" rel=\"noopener\">Exposition \u00ab L&rsquo;OR ET L&rsquo;UNIVERS. Savoirs autochtones de Colombie \u00bb au MARQ<\/a><span class=\"event-color\" style=\"background: #dd9933\"><\/span><\/h4><div class=\"mec-event-detail\">\r\n                        <div class=\"mec-event-loc-place\"><\/div>\r\n                        \r\n                    <\/div><\/div><div style=\"clear:both\"><\/div><\/article><article class=\"mec-event-article \"><div class=\"mec-event-image\"><img loading=\"lazy\" decoding=\"async\" width=\"300\" height=\"300\" src=\"https:\/\/alicanteturismo.com\/wp-content\/uploads\/2026\/08\/descargar-1-300x300.png\" class=\"attachment-thumblist size-thumblist wp-post-image\" alt=\"\" data-mec-postid=\"322070\" \/><\/div><div class=\"mec-monthly-contents\" style=\"width: calc(100% - 85px)\"><h4 class=\"mec-event-title\"><a class=\"mec-color-hover\" data-event-id=\"322070\" href=\"https:\/\/alicanteturismo.com\/fr\/events\/visites-guidees-des-abris-anti-aeriens-et-du-centre-dinterpretation-de-la-guerre-civile\/?occurrence=2026-09-28\" target=\"_self\" rel=\"noopener\">Visites guid\u00e9es des abris anti-a\u00e9riens et du centre d&rsquo;interpr\u00e9tation de la guerre civile<\/a><span class=\"event-color\" style=\"background: #1e73be\"><\/span><\/h4><div class=\"mec-event-detail\">\r\n                        <div class=\"mec-event-loc-place\"><\/div>\r\n                        \r\n                    <\/div><\/div><div style=\"clear:both\"><\/div><\/article><article class=\"mec-event-article \"><div class=\"mec-event-image\"><img loading=\"lazy\" decoding=\"async\" width=\"300\" height=\"300\" src=\"https:\/\/alicanteturismo.com\/wp-content\/uploads\/2025\/02\/Yacimiento-arqueologico-Lucentum.Lucentum-archaeological-remains-copia2-300x300.jpg\" class=\"attachment-thumblist size-thumblist wp-post-image\" alt=\"\" data-mec-postid=\"296353\" \/><\/div><div class=\"mec-monthly-contents\" style=\"width: calc(100% - 85px)\"><div class=\"mec-event-time mec-color\"><i class=\"mec-sl-clock-o\"><\/i> 10h30<\/div><h4 class=\"mec-event-title\"><a class=\"mec-color-hover\" data-event-id=\"296353\" href=\"https:\/\/alicanteturismo.com\/fr\/events\/visita-guiada-al-yacimiento-arqueologico-lucentum\/?occurrence=2026-09-28\" target=\"_self\" rel=\"noopener\">Visita guiada al yacimiento arqueol\u00f3gico Lucentum<\/a><span class=\"event-color\" style=\"background: #dd823b\"><\/span><\/h4><div class=\"mec-event-detail\">\r\n                        <div class=\"mec-event-loc-place\">Lucentum Tossal de Manises<\/div>\r\n                        \r\n                    <\/div><\/div><div style=\"clear:both\"><\/div><\/article><\/div><div class=\"mec-calendar-events-sec\" id=\"mec-calendar-events-sec-mec1-20260929\" data-mec-cell=\"20260929\" ><h6 class=\"mec-table-side-title\">\u00c9v\u00e9nements pour le <span class=\"mec-color mec-table-side-day\"> 29th<\/span> septembre<\/h6><article class=\"mec-event-article \"><div class=\"mec-event-image\"><img fetchpriority=\"high\" decoding=\"async\" width=\"300\" height=\"300\" src=\"https:\/\/alicanteturismo.com\/wp-content\/uploads\/2025\/02\/castillo-de-santa-barbara-2016-Alicante-ERN_6938-29-copia-300x300.jpg\" class=\"attachment-thumblist size-thumblist wp-post-image\" alt=\"\" data-mec-postid=\"296389\" \/><\/div><div class=\"mec-monthly-contents\" style=\"width: calc(100% - 85px)\"><div class=\"mec-event-time mec-color\"><i class=\"mec-sl-clock-o\"><\/i> Journ\u00e9e enti\u00e8re<\/div><h4 class=\"mec-event-title\"><a class=\"mec-color-hover\" data-event-id=\"296389\" href=\"https:\/\/alicanteturismo.com\/fr\/events\/exposicion-permanente-musa\/?occurrence=2026-09-29\" target=\"_self\" rel=\"noopener\">Exposici\u00f3n Permanente MUSA<\/a><span class=\"event-color\" style=\"background: #336dab\"><\/span><\/h4><div class=\"mec-event-detail\">\r\n                        <div class=\"mec-event-loc-place\">Ch\u00e2teau de Santa Barbara<\/div>\r\n                        \r\n                    <\/div><\/div><div style=\"clear:both\"><\/div><\/article><article class=\"mec-event-article \"><div class=\"mec-event-image\"><img decoding=\"async\" width=\"300\" height=\"300\" src=\"https:\/\/alicanteturismo.com\/wp-content\/uploads\/2025\/10\/Via-lactea-Isla-de-Tabarca-300x300.jpg\" class=\"attachment-thumblist size-thumblist wp-post-image\" alt=\"\" data-mec-postid=\"313076\" \/><\/div><div class=\"mec-monthly-contents\" style=\"width: calc(100% - 85px)\"><h4 class=\"mec-event-title\"><a class=\"mec-color-hover\" data-event-id=\"313076\" href=\"https:\/\/alicanteturismo.com\/fr\/events\/stargazing-on-tabarca-island\/?occurrence=2026-09-29&amp;time=1790668800\" target=\"_self\" rel=\"noopener\">Stargazing on Tabarca Island<\/a><\/h4><div class=\"mec-event-detail\">\r\n                        <div class=\"mec-event-loc-place\">Isla Tabarca<\/div>\r\n                        \r\n                    <\/div><\/div><div style=\"clear:both\"><\/div><\/article><article class=\"mec-event-article \"><div class=\"mec-event-image\"><img decoding=\"async\" width=\"300\" height=\"300\" src=\"https:\/\/alicanteturismo.com\/wp-content\/uploads\/2026\/02\/tabarca-boat-tour-300x300.jpg\" class=\"attachment-thumblist size-thumblist wp-post-image\" alt=\"\" data-mec-postid=\"317118\" \/><\/div><div class=\"mec-monthly-contents\" style=\"width: calc(100% - 85px)\"><h4 class=\"mec-event-title\"><a class=\"mec-color-hover\" data-event-id=\"317118\" href=\"https:\/\/alicanteturismo.com\/fr\/events\/tabarca-boat-tour\/?occurrence=2026-09-29\" target=\"_self\" rel=\"noopener\">Tabarca Boat Tour<\/a><span class=\"event-color\" style=\"background: #bfb417\"><\/span><\/h4><div class=\"mec-event-detail\">\r\n                        <div class=\"mec-event-loc-place\">Alicante<\/div>\r\n                        \r\n                    <\/div><\/div><div style=\"clear:both\"><\/div><\/article><article class=\"mec-event-article \"><div class=\"mec-event-image\"><img loading=\"lazy\" decoding=\"async\" width=\"300\" height=\"300\" src=\"https:\/\/alicanteturismo.com\/wp-content\/uploads\/2026\/02\/tabarca-boat-tour-300x300.jpg\" class=\"attachment-thumblist size-thumblist wp-post-image\" alt=\"\" data-mec-postid=\"317126\" \/><\/div><div class=\"mec-monthly-contents\" style=\"width: calc(100% - 85px)\"><h4 class=\"mec-event-title\"><a class=\"mec-color-hover\" data-event-id=\"317126\" href=\"https:\/\/www.alicanteboattours.com\/costa-boat-tour?occurrence=2026-09-29\" target=\"_self\" rel=\"noopener\">Costa Boat Tour<\/a><span class=\"event-color\" style=\"background: #00a0d2\"><\/span><\/h4><div class=\"mec-event-detail\">\r\n                        <div class=\"mec-event-loc-place\">Alicante Catamaran Aventurero<\/div>\r\n                        \r\n                    <\/div><\/div><div style=\"clear:both\"><\/div><\/article><article class=\"mec-event-article \"><div class=\"mec-event-image\"><img loading=\"lazy\" decoding=\"async\" width=\"300\" height=\"168\" src=\"https:\/\/alicanteturismo.com\/wp-content\/uploads\/2024\/05\/CABO-HUERTA-ALICANTE.jpg\" class=\"attachment-thumblist size-thumblist wp-post-image\" alt=\"\" data-mec-postid=\"317264\" \/><\/div><div class=\"mec-monthly-contents\" style=\"width: calc(100% - 85px)\"><div class=\"mec-event-time mec-color\"><i class=\"mec-sl-clock-o\"><\/i> 8h00 - 18h00<\/div><h4 class=\"mec-event-title\"><a class=\"mec-color-hover\" data-event-id=\"317264\" href=\"https:\/\/www.alicanteboattours.com\/bahia-boat-tour?occurrence=2026-09-29\" target=\"_self\" rel=\"noopener\">Bah\u00eda Boat Tour<\/a><span class=\"event-color\" style=\"background: #00a0d2\"><\/span><\/h4><div class=\"mec-event-detail\">\r\n                        <div class=\"mec-event-loc-place\">Alicante<\/div>\r\n                        \r\n                    <\/div><\/div><div style=\"clear:both\"><\/div><\/article><article class=\"mec-event-article \"><div class=\"mec-event-image\"><img loading=\"lazy\" decoding=\"async\" width=\"300\" height=\"300\" src=\"https:\/\/alicanteturismo.com\/wp-content\/uploads\/2026\/05\/marq-expo-300x300.jpg\" class=\"attachment-thumblist size-thumblist wp-post-image\" alt=\"\" data-mec-postid=\"320214\" \/><\/div><div class=\"mec-monthly-contents\" style=\"width: calc(100% - 85px)\"><div class=\"mec-event-time mec-color\"><i class=\"mec-sl-clock-o\"><\/i> Journ\u00e9e enti\u00e8re<\/div><h4 class=\"mec-event-title\"><a class=\"mec-color-hover\" data-event-id=\"320214\" href=\"https:\/\/alicanteturismo.com\/fr\/events\/rituales-de-pastores-exposicion-en-el-marq-canibalismo-y-enterramientos-en-la-cova-de-randero\/?occurrence=2026-09-29\" target=\"_self\" rel=\"noopener\">Rituales de pastores. Exposici\u00f3n en el MARQ: Canibalismo y enterramientos en la Cova de Randero<\/a><span class=\"event-color\" style=\"background: #336dab\"><\/span><\/h4><div class=\"mec-event-detail\">\r\n                        <div class=\"mec-event-loc-place\"><\/div>\r\n                        \r\n                    <\/div><\/div><div style=\"clear:both\"><\/div><\/article><article class=\"mec-event-article \"><div class=\"mec-event-image\"><img loading=\"lazy\" decoding=\"async\" width=\"300\" height=\"300\" src=\"https:\/\/alicanteturismo.com\/wp-content\/uploads\/2026\/06\/d5ac5a84-ac33-061c-0536-2bbb1a525433-300x300.png\" class=\"attachment-thumblist size-thumblist wp-post-image\" alt=\"\" data-mec-postid=\"321036\" \/><\/div><div class=\"mec-monthly-contents\" style=\"width: calc(100% - 85px)\"><div class=\"mec-event-time mec-color\"><i class=\"mec-sl-clock-o\"><\/i> Journ\u00e9e enti\u00e8re<\/div><h4 class=\"mec-event-title\"><a class=\"mec-color-hover\" data-event-id=\"321036\" href=\"https:\/\/alicanteturismo.com\/fr\/events\/exposition-de-par-en-par-a-la-fondation-mediterranee\/?occurrence=2026-09-29\" target=\"_self\" rel=\"noopener\">Exposition \u00ab\u00a0De par en par\u00a0\u00bb \u00e0 la Fondation M\u00e9diterran\u00e9e<\/a><span class=\"event-color\" style=\"background: #1e73be\"><\/span><\/h4><div class=\"mec-event-detail\">\r\n                        <div class=\"mec-event-loc-place\">Salle d&#039;exposition<\/div>\r\n                        \r\n                    <\/div><\/div><div style=\"clear:both\"><\/div><\/article><article class=\"mec-event-article \"><div class=\"mec-event-image\"><img loading=\"lazy\" decoding=\"async\" width=\"300\" height=\"300\" src=\"https:\/\/alicanteturismo.com\/wp-content\/uploads\/2026\/07\/descargar-1-300x300.png\" class=\"attachment-thumblist size-thumblist wp-post-image\" alt=\"\" data-mec-postid=\"321395\" \/><\/div><div class=\"mec-monthly-contents\" style=\"width: calc(100% - 85px)\"><div class=\"mec-event-time mec-color\"><i class=\"mec-sl-clock-o\"><\/i> Journ\u00e9e enti\u00e8re<\/div><h4 class=\"mec-event-title\"><a class=\"mec-color-hover\" data-event-id=\"321395\" href=\"https:\/\/alicanteturismo.com\/fr\/events\/exposition-lor-et-lunivers-savoirs-autochtones-de-colombie-au-marq\/?occurrence=2026-09-29\" target=\"_self\" rel=\"noopener\">Exposition \u00ab L&rsquo;OR ET L&rsquo;UNIVERS. Savoirs autochtones de Colombie \u00bb au MARQ<\/a><span class=\"event-color\" style=\"background: #dd9933\"><\/span><\/h4><div class=\"mec-event-detail\">\r\n                        <div class=\"mec-event-loc-place\"><\/div>\r\n                        \r\n                    <\/div><\/div><div style=\"clear:both\"><\/div><\/article><article class=\"mec-event-article \"><div class=\"mec-event-image\"><img loading=\"lazy\" decoding=\"async\" width=\"300\" height=\"300\" src=\"https:\/\/alicanteturismo.com\/wp-content\/uploads\/2026\/08\/descargar-1-300x300.png\" class=\"attachment-thumblist size-thumblist wp-post-image\" alt=\"\" data-mec-postid=\"322070\" \/><\/div><div class=\"mec-monthly-contents\" style=\"width: calc(100% - 85px)\"><h4 class=\"mec-event-title\"><a class=\"mec-color-hover\" data-event-id=\"322070\" href=\"https:\/\/alicanteturismo.com\/fr\/events\/visites-guidees-des-abris-anti-aeriens-et-du-centre-dinterpretation-de-la-guerre-civile\/?occurrence=2026-09-29\" target=\"_self\" rel=\"noopener\">Visites guid\u00e9es des abris anti-a\u00e9riens et du centre d&rsquo;interpr\u00e9tation de la guerre civile<\/a><span class=\"event-color\" style=\"background: #1e73be\"><\/span><\/h4><div class=\"mec-event-detail\">\r\n                        <div class=\"mec-event-loc-place\"><\/div>\r\n                        \r\n                    <\/div><\/div><div style=\"clear:both\"><\/div><\/article><article class=\"mec-event-article \"><div class=\"mec-event-image\"><img loading=\"lazy\" decoding=\"async\" width=\"300\" height=\"300\" src=\"https:\/\/alicanteturismo.com\/wp-content\/uploads\/2025\/02\/MA07110494-300x300.jpg\" class=\"attachment-thumblist size-thumblist wp-post-image\" alt=\"\" data-mec-postid=\"296395\" \/><\/div><div class=\"mec-monthly-contents\" style=\"width: calc(100% - 85px)\"><div class=\"mec-event-time mec-color\"><i class=\"mec-sl-clock-o\"><\/i> 10h00<\/div><h4 class=\"mec-event-title\"><a class=\"mec-color-hover\" data-event-id=\"296395\" href=\"https:\/\/alicanteturismo.com\/fr\/events\/exposicion-permanente-marq\/?occurrence=2026-09-29\" target=\"_self\" rel=\"noopener\">Exposici\u00f3n Permanente MARQ<\/a><span class=\"event-color\" style=\"background: #336dab\"><\/span><\/h4><div class=\"mec-event-detail\">\r\n                        <div class=\"mec-event-loc-place\">Museo Arqueol\u00f3gico de Alicante (MARQ)<\/div>\r\n                        \r\n                    <\/div><\/div><div style=\"clear:both\"><\/div><\/article><article class=\"mec-event-article \"><div class=\"mec-event-image\"><img loading=\"lazy\" decoding=\"async\" width=\"300\" height=\"300\" src=\"https:\/\/alicanteturismo.com\/wp-content\/uploads\/2025\/02\/mubag_diputacion_alicante-5-300x300.webp\" class=\"attachment-thumblist size-thumblist wp-post-image\" alt=\"\" data-mec-postid=\"296402\" \/><\/div><div class=\"mec-monthly-contents\" style=\"width: calc(100% - 85px)\"><div class=\"mec-event-time mec-color\"><i class=\"mec-sl-clock-o\"><\/i> 10h00<\/div><h4 class=\"mec-event-title\"><a class=\"mec-color-hover\" data-event-id=\"296402\" href=\"https:\/\/alicanteturismo.com\/fr\/events\/exposicion-permanente-en-el-mubag-el-siglo-xix-coleccion-a-la-luz\/?occurrence=2026-09-29\" target=\"_self\" rel=\"noopener\">Exposici\u00f3n Permanente en el MUBAG. El siglo XIX. Colecci\u00f3n a la Luz<\/a><span class=\"event-color\" style=\"background: #336dab\"><\/span><\/h4><div class=\"mec-event-detail\">\r\n                        <div class=\"mec-event-loc-place\">Museo de Bellas Artes Gravina (MUBAG)<\/div>\r\n                        \r\n                    <\/div><\/div><div style=\"clear:both\"><\/div><\/article><article class=\"mec-event-article \"><div class=\"mec-event-image\"><img loading=\"lazy\" decoding=\"async\" width=\"300\" height=\"300\" src=\"https:\/\/alicanteturismo.com\/wp-content\/uploads\/2025\/02\/maca-museo-rotated-1-300x300.webp\" class=\"attachment-thumblist size-thumblist wp-post-image\" alt=\"\" data-mec-postid=\"296408\" \/><\/div><div class=\"mec-monthly-contents\" style=\"width: calc(100% - 85px)\"><div class=\"mec-event-time mec-color\"><i class=\"mec-sl-clock-o\"><\/i> 10h00<\/div><h4 class=\"mec-event-title\"><a class=\"mec-color-hover\" data-event-id=\"296408\" href=\"https:\/\/alicanteturismo.com\/fr\/events\/exposicion-permanente-maca\/?occurrence=2026-09-29\" target=\"_self\" rel=\"noopener\">Exposici\u00f3n Permanente MACA<\/a><span class=\"event-color\" style=\"background: #336dab\"><\/span><\/h4><div class=\"mec-event-detail\">\r\n                        <div class=\"mec-event-loc-place\">Contemporary Art Museum of Alicante (MACA)<\/div>\r\n                        \r\n                    <\/div><\/div><div style=\"clear:both\"><\/div><\/article><article class=\"mec-event-article \"><div class=\"mec-event-image\"><img loading=\"lazy\" decoding=\"async\" width=\"300\" height=\"300\" src=\"https:\/\/alicanteturismo.com\/wp-content\/uploads\/2026\/07\/descargar-2-300x300.png\" class=\"attachment-thumblist size-thumblist wp-post-image\" alt=\"\" data-mec-postid=\"321763\" \/><\/div><div class=\"mec-monthly-contents\" style=\"width: calc(100% - 85px)\"><div class=\"mec-event-time mec-color\"><i class=\"mec-sl-clock-o\"><\/i> 10h00 - 21h30<\/div><h4 class=\"mec-event-title\"><a class=\"mec-color-hover\" data-event-id=\"321763\" href=\"https:\/\/alicanteturismo.com\/fr\/events\/exposicion-la-firmeza-de-un-instante-de-jesus-madrinan-en-las-cigarreras\/?occurrence=2026-09-29\" target=\"_self\" rel=\"noopener\">Exposici\u00f3n \u201cLa firmeza de un instante\u201d de Jes\u00fas Madri\u00f1\u00e1n en Las Cigarreras<\/a><span class=\"event-color\" style=\"background: #336dab\"><\/span><\/h4><div class=\"mec-event-detail\">\r\n                        <div class=\"mec-event-loc-place\">Centre culturel Las Cigarreras<\/div>\r\n                        \r\n                    <\/div><\/div><div style=\"clear:both\"><\/div><\/article><article class=\"mec-event-article \"><div class=\"mec-event-image\"><img loading=\"lazy\" decoding=\"async\" width=\"300\" height=\"300\" src=\"https:\/\/alicanteturismo.com\/wp-content\/uploads\/2025\/02\/Yacimiento-arqueologico-Lucentum.Lucentum-archaeological-remains-copia2-300x300.jpg\" class=\"attachment-thumblist size-thumblist wp-post-image\" alt=\"\" data-mec-postid=\"296353\" \/><\/div><div class=\"mec-monthly-contents\" style=\"width: calc(100% - 85px)\"><div class=\"mec-event-time mec-color\"><i class=\"mec-sl-clock-o\"><\/i> 10h30<\/div><h4 class=\"mec-event-title\"><a class=\"mec-color-hover\" data-event-id=\"296353\" href=\"https:\/\/alicanteturismo.com\/fr\/events\/visita-guiada-al-yacimiento-arqueologico-lucentum\/?occurrence=2026-09-29\" target=\"_self\" rel=\"noopener\">Visita guiada al yacimiento arqueol\u00f3gico Lucentum<\/a><span class=\"event-color\" style=\"background: #dd823b\"><\/span><\/h4><div class=\"mec-event-detail\">\r\n                        <div class=\"mec-event-loc-place\">Lucentum Tossal de Manises<\/div>\r\n                        \r\n                    <\/div><\/div><div style=\"clear:both\"><\/div><\/article><\/div><div class=\"mec-calendar-events-sec\" id=\"mec-calendar-events-sec-mec1-20260930\" data-mec-cell=\"20260930\" ><h6 class=\"mec-table-side-title\">\u00c9v\u00e9nements pour le <span class=\"mec-color mec-table-side-day\"> 30th<\/span> septembre<\/h6><article class=\"mec-event-article \"><div class=\"mec-event-image\"><img fetchpriority=\"high\" decoding=\"async\" width=\"300\" height=\"300\" src=\"https:\/\/alicanteturismo.com\/wp-content\/uploads\/2025\/02\/castillo-de-santa-barbara-2016-Alicante-ERN_6938-29-copia-300x300.jpg\" class=\"attachment-thumblist size-thumblist wp-post-image\" alt=\"\" data-mec-postid=\"296389\" \/><\/div><div class=\"mec-monthly-contents\" style=\"width: calc(100% - 85px)\"><div class=\"mec-event-time mec-color\"><i class=\"mec-sl-clock-o\"><\/i> Journ\u00e9e enti\u00e8re<\/div><h4 class=\"mec-event-title\"><a class=\"mec-color-hover\" data-event-id=\"296389\" href=\"https:\/\/alicanteturismo.com\/fr\/events\/exposicion-permanente-musa\/?occurrence=2026-09-30\" target=\"_self\" rel=\"noopener\">Exposici\u00f3n Permanente MUSA<\/a><span class=\"event-color\" style=\"background: #336dab\"><\/span><\/h4><div class=\"mec-event-detail\">\r\n                        <div class=\"mec-event-loc-place\">Ch\u00e2teau de Santa Barbara<\/div>\r\n                        \r\n                    <\/div><\/div><div style=\"clear:both\"><\/div><\/article><article class=\"mec-event-article \"><div class=\"mec-event-image\"><img decoding=\"async\" width=\"300\" height=\"300\" src=\"https:\/\/alicanteturismo.com\/wp-content\/uploads\/2025\/10\/Via-lactea-Isla-de-Tabarca-300x300.jpg\" class=\"attachment-thumblist size-thumblist wp-post-image\" alt=\"\" data-mec-postid=\"313076\" \/><\/div><div class=\"mec-monthly-contents\" style=\"width: calc(100% - 85px)\"><h4 class=\"mec-event-title\"><a class=\"mec-color-hover\" data-event-id=\"313076\" href=\"https:\/\/alicanteturismo.com\/fr\/events\/stargazing-on-tabarca-island\/?occurrence=2026-09-30&amp;time=1790755200\" target=\"_self\" rel=\"noopener\">Stargazing on Tabarca Island<\/a><\/h4><div class=\"mec-event-detail\">\r\n                        <div class=\"mec-event-loc-place\">Isla Tabarca<\/div>\r\n                        \r\n                    <\/div><\/div><div style=\"clear:both\"><\/div><\/article><article class=\"mec-event-article \"><div class=\"mec-event-image\"><img decoding=\"async\" width=\"300\" height=\"300\" src=\"https:\/\/alicanteturismo.com\/wp-content\/uploads\/2026\/02\/tabarca-boat-tour-300x300.jpg\" class=\"attachment-thumblist size-thumblist wp-post-image\" alt=\"\" data-mec-postid=\"317118\" \/><\/div><div class=\"mec-monthly-contents\" style=\"width: calc(100% - 85px)\"><h4 class=\"mec-event-title\"><a class=\"mec-color-hover\" data-event-id=\"317118\" href=\"https:\/\/alicanteturismo.com\/fr\/events\/tabarca-boat-tour\/?occurrence=2026-09-30\" target=\"_self\" rel=\"noopener\">Tabarca Boat Tour<\/a><span class=\"event-color\" style=\"background: #bfb417\"><\/span><\/h4><div class=\"mec-event-detail\">\r\n                        <div class=\"mec-event-loc-place\">Alicante<\/div>\r\n                        \r\n                    <\/div><\/div><div style=\"clear:both\"><\/div><\/article><article class=\"mec-event-article \"><div class=\"mec-event-image\"><img loading=\"lazy\" decoding=\"async\" width=\"300\" height=\"300\" src=\"https:\/\/alicanteturismo.com\/wp-content\/uploads\/2026\/02\/tabarca-boat-tour-300x300.jpg\" class=\"attachment-thumblist size-thumblist wp-post-image\" alt=\"\" data-mec-postid=\"317126\" \/><\/div><div class=\"mec-monthly-contents\" style=\"width: calc(100% - 85px)\"><h4 class=\"mec-event-title\"><a class=\"mec-color-hover\" data-event-id=\"317126\" href=\"https:\/\/www.alicanteboattours.com\/costa-boat-tour?occurrence=2026-09-30\" target=\"_self\" rel=\"noopener\">Costa Boat Tour<\/a><span class=\"event-color\" style=\"background: #00a0d2\"><\/span><\/h4><div class=\"mec-event-detail\">\r\n                        <div class=\"mec-event-loc-place\">Alicante Catamaran Aventurero<\/div>\r\n                        \r\n                    <\/div><\/div><div style=\"clear:both\"><\/div><\/article><article class=\"mec-event-article \"><div class=\"mec-event-image\"><img loading=\"lazy\" decoding=\"async\" width=\"300\" height=\"168\" src=\"https:\/\/alicanteturismo.com\/wp-content\/uploads\/2024\/05\/CABO-HUERTA-ALICANTE.jpg\" class=\"attachment-thumblist size-thumblist wp-post-image\" alt=\"\" data-mec-postid=\"317264\" \/><\/div><div class=\"mec-monthly-contents\" style=\"width: calc(100% - 85px)\"><div class=\"mec-event-time mec-color\"><i class=\"mec-sl-clock-o\"><\/i> 8h00 - 18h00<\/div><h4 class=\"mec-event-title\"><a class=\"mec-color-hover\" data-event-id=\"317264\" href=\"https:\/\/www.alicanteboattours.com\/bahia-boat-tour?occurrence=2026-09-30\" target=\"_self\" rel=\"noopener\">Bah\u00eda Boat Tour<\/a><span class=\"event-color\" style=\"background: #00a0d2\"><\/span><\/h4><div class=\"mec-event-detail\">\r\n                        <div class=\"mec-event-loc-place\">Alicante<\/div>\r\n                        \r\n                    <\/div><\/div><div style=\"clear:both\"><\/div><\/article><article class=\"mec-event-article \"><div class=\"mec-event-image\"><img loading=\"lazy\" decoding=\"async\" width=\"300\" height=\"300\" src=\"https:\/\/alicanteturismo.com\/wp-content\/uploads\/2026\/05\/marq-expo-300x300.jpg\" class=\"attachment-thumblist size-thumblist wp-post-image\" alt=\"\" data-mec-postid=\"320214\" \/><\/div><div class=\"mec-monthly-contents\" style=\"width: calc(100% - 85px)\"><div class=\"mec-event-time mec-color\"><i class=\"mec-sl-clock-o\"><\/i> Journ\u00e9e enti\u00e8re<\/div><h4 class=\"mec-event-title\"><a class=\"mec-color-hover\" data-event-id=\"320214\" href=\"https:\/\/alicanteturismo.com\/fr\/events\/rituales-de-pastores-exposicion-en-el-marq-canibalismo-y-enterramientos-en-la-cova-de-randero\/?occurrence=2026-09-30\" target=\"_self\" rel=\"noopener\">Rituales de pastores. Exposici\u00f3n en el MARQ: Canibalismo y enterramientos en la Cova de Randero<\/a><span class=\"event-color\" style=\"background: #336dab\"><\/span><\/h4><div class=\"mec-event-detail\">\r\n                        <div class=\"mec-event-loc-place\"><\/div>\r\n                        \r\n                    <\/div><\/div><div style=\"clear:both\"><\/div><\/article><article class=\"mec-event-article \"><div class=\"mec-event-image\"><img loading=\"lazy\" decoding=\"async\" width=\"300\" height=\"300\" src=\"https:\/\/alicanteturismo.com\/wp-content\/uploads\/2026\/06\/d5ac5a84-ac33-061c-0536-2bbb1a525433-300x300.png\" class=\"attachment-thumblist size-thumblist wp-post-image\" alt=\"\" data-mec-postid=\"321036\" \/><\/div><div class=\"mec-monthly-contents\" style=\"width: calc(100% - 85px)\"><div class=\"mec-event-time mec-color\"><i class=\"mec-sl-clock-o\"><\/i> Journ\u00e9e enti\u00e8re<\/div><h4 class=\"mec-event-title\"><a class=\"mec-color-hover\" data-event-id=\"321036\" href=\"https:\/\/alicanteturismo.com\/fr\/events\/exposition-de-par-en-par-a-la-fondation-mediterranee\/?occurrence=2026-09-30\" target=\"_self\" rel=\"noopener\">Exposition \u00ab\u00a0De par en par\u00a0\u00bb \u00e0 la Fondation M\u00e9diterran\u00e9e<\/a><span class=\"event-color\" style=\"background: #1e73be\"><\/span><\/h4><div class=\"mec-event-detail\">\r\n                        <div class=\"mec-event-loc-place\">Salle d&#039;exposition<\/div>\r\n                        \r\n                    <\/div><\/div><div style=\"clear:both\"><\/div><\/article><article class=\"mec-event-article \"><div class=\"mec-event-image\"><img loading=\"lazy\" decoding=\"async\" width=\"300\" height=\"300\" src=\"https:\/\/alicanteturismo.com\/wp-content\/uploads\/2026\/07\/descargar-1-300x300.png\" class=\"attachment-thumblist size-thumblist wp-post-image\" alt=\"\" data-mec-postid=\"321395\" \/><\/div><div class=\"mec-monthly-contents\" style=\"width: calc(100% - 85px)\"><div class=\"mec-event-time mec-color\"><i class=\"mec-sl-clock-o\"><\/i> Journ\u00e9e enti\u00e8re<\/div><h4 class=\"mec-event-title\"><a class=\"mec-color-hover\" data-event-id=\"321395\" href=\"https:\/\/alicanteturismo.com\/fr\/events\/exposition-lor-et-lunivers-savoirs-autochtones-de-colombie-au-marq\/?occurrence=2026-09-30\" target=\"_self\" rel=\"noopener\">Exposition \u00ab L&rsquo;OR ET L&rsquo;UNIVERS. Savoirs autochtones de Colombie \u00bb au MARQ<\/a><span class=\"event-color\" style=\"background: #dd9933\"><\/span><\/h4><div class=\"mec-event-detail\">\r\n                        <div class=\"mec-event-loc-place\"><\/div>\r\n                        \r\n                    <\/div><\/div><div style=\"clear:both\"><\/div><\/article><article class=\"mec-event-article \"><div class=\"mec-event-image\"><img loading=\"lazy\" decoding=\"async\" width=\"300\" height=\"300\" src=\"https:\/\/alicanteturismo.com\/wp-content\/uploads\/2026\/08\/descargar-1-300x300.png\" class=\"attachment-thumblist size-thumblist wp-post-image\" alt=\"\" data-mec-postid=\"322070\" \/><\/div><div class=\"mec-monthly-contents\" style=\"width: calc(100% - 85px)\"><h4 class=\"mec-event-title\"><a class=\"mec-color-hover\" data-event-id=\"322070\" href=\"https:\/\/alicanteturismo.com\/fr\/events\/visites-guidees-des-abris-anti-aeriens-et-du-centre-dinterpretation-de-la-guerre-civile\/?occurrence=2026-09-30\" target=\"_self\" rel=\"noopener\">Visites guid\u00e9es des abris anti-a\u00e9riens et du centre d&rsquo;interpr\u00e9tation de la guerre civile<\/a><span class=\"event-color\" style=\"background: #1e73be\"><\/span><\/h4><div class=\"mec-event-detail\">\r\n                        <div class=\"mec-event-loc-place\"><\/div>\r\n                        \r\n                    <\/div><\/div><div style=\"clear:both\"><\/div><\/article><article class=\"mec-event-article \"><div class=\"mec-event-image\"><img loading=\"lazy\" decoding=\"async\" width=\"300\" height=\"300\" src=\"https:\/\/alicanteturismo.com\/wp-content\/uploads\/2025\/02\/MA07110494-300x300.jpg\" class=\"attachment-thumblist size-thumblist wp-post-image\" alt=\"\" data-mec-postid=\"296395\" \/><\/div><div class=\"mec-monthly-contents\" style=\"width: calc(100% - 85px)\"><div class=\"mec-event-time mec-color\"><i class=\"mec-sl-clock-o\"><\/i> 10h00<\/div><h4 class=\"mec-event-title\"><a class=\"mec-color-hover\" data-event-id=\"296395\" href=\"https:\/\/alicanteturismo.com\/fr\/events\/exposicion-permanente-marq\/?occurrence=2026-09-30\" target=\"_self\" rel=\"noopener\">Exposici\u00f3n Permanente MARQ<\/a><span class=\"event-color\" style=\"background: #336dab\"><\/span><\/h4><div class=\"mec-event-detail\">\r\n                        <div class=\"mec-event-loc-place\">Museo Arqueol\u00f3gico de Alicante (MARQ)<\/div>\r\n                        \r\n                    <\/div><\/div><div style=\"clear:both\"><\/div><\/article><article class=\"mec-event-article \"><div class=\"mec-event-image\"><img loading=\"lazy\" decoding=\"async\" width=\"300\" height=\"300\" src=\"https:\/\/alicanteturismo.com\/wp-content\/uploads\/2025\/02\/mubag_diputacion_alicante-5-300x300.webp\" class=\"attachment-thumblist size-thumblist wp-post-image\" alt=\"\" data-mec-postid=\"296402\" \/><\/div><div class=\"mec-monthly-contents\" style=\"width: calc(100% - 85px)\"><div class=\"mec-event-time mec-color\"><i class=\"mec-sl-clock-o\"><\/i> 10h00<\/div><h4 class=\"mec-event-title\"><a class=\"mec-color-hover\" data-event-id=\"296402\" href=\"https:\/\/alicanteturismo.com\/fr\/events\/exposicion-permanente-en-el-mubag-el-siglo-xix-coleccion-a-la-luz\/?occurrence=2026-09-30\" target=\"_self\" rel=\"noopener\">Exposici\u00f3n Permanente en el MUBAG. El siglo XIX. Colecci\u00f3n a la Luz<\/a><span class=\"event-color\" style=\"background: #336dab\"><\/span><\/h4><div class=\"mec-event-detail\">\r\n                        <div class=\"mec-event-loc-place\">Museo de Bellas Artes Gravina (MUBAG)<\/div>\r\n                        \r\n                    <\/div><\/div><div style=\"clear:both\"><\/div><\/article><article class=\"mec-event-article \"><div class=\"mec-event-image\"><img loading=\"lazy\" decoding=\"async\" width=\"300\" height=\"300\" src=\"https:\/\/alicanteturismo.com\/wp-content\/uploads\/2025\/02\/maca-museo-rotated-1-300x300.webp\" class=\"attachment-thumblist size-thumblist wp-post-image\" alt=\"\" data-mec-postid=\"296408\" \/><\/div><div class=\"mec-monthly-contents\" style=\"width: calc(100% - 85px)\"><div class=\"mec-event-time mec-color\"><i class=\"mec-sl-clock-o\"><\/i> 10h00<\/div><h4 class=\"mec-event-title\"><a class=\"mec-color-hover\" data-event-id=\"296408\" href=\"https:\/\/alicanteturismo.com\/fr\/events\/exposicion-permanente-maca\/?occurrence=2026-09-30\" target=\"_self\" rel=\"noopener\">Exposici\u00f3n Permanente MACA<\/a><span class=\"event-color\" style=\"background: #336dab\"><\/span><\/h4><div class=\"mec-event-detail\">\r\n                        <div class=\"mec-event-loc-place\">Contemporary Art Museum of Alicante (MACA)<\/div>\r\n                        \r\n                    <\/div><\/div><div style=\"clear:both\"><\/div><\/article><article class=\"mec-event-article \"><div class=\"mec-event-image\"><img loading=\"lazy\" decoding=\"async\" width=\"300\" height=\"300\" src=\"https:\/\/alicanteturismo.com\/wp-content\/uploads\/2026\/07\/descargar-2-300x300.png\" class=\"attachment-thumblist size-thumblist wp-post-image\" alt=\"\" data-mec-postid=\"321763\" \/><\/div><div class=\"mec-monthly-contents\" style=\"width: calc(100% - 85px)\"><div class=\"mec-event-time mec-color\"><i class=\"mec-sl-clock-o\"><\/i> 10h00 - 21h30<\/div><h4 class=\"mec-event-title\"><a class=\"mec-color-hover\" data-event-id=\"321763\" href=\"https:\/\/alicanteturismo.com\/fr\/events\/exposicion-la-firmeza-de-un-instante-de-jesus-madrinan-en-las-cigarreras\/?occurrence=2026-09-30\" target=\"_self\" rel=\"noopener\">Exposici\u00f3n \u201cLa firmeza de un instante\u201d de Jes\u00fas Madri\u00f1\u00e1n en Las Cigarreras<\/a><span class=\"event-color\" style=\"background: #336dab\"><\/span><\/h4><div class=\"mec-event-detail\">\r\n                        <div class=\"mec-event-loc-place\">Centre culturel Las Cigarreras<\/div>\r\n                        \r\n                    <\/div><\/div><div style=\"clear:both\"><\/div><\/article><article class=\"mec-event-article \"><div class=\"mec-event-image\"><img loading=\"lazy\" decoding=\"async\" width=\"300\" height=\"300\" src=\"https:\/\/alicanteturismo.com\/wp-content\/uploads\/2025\/02\/Yacimiento-arqueologico-Lucentum.Lucentum-archaeological-remains-copia2-300x300.jpg\" class=\"attachment-thumblist size-thumblist wp-post-image\" alt=\"\" data-mec-postid=\"296353\" \/><\/div><div class=\"mec-monthly-contents\" style=\"width: calc(100% - 85px)\"><div class=\"mec-event-time mec-color\"><i class=\"mec-sl-clock-o\"><\/i> 10h30<\/div><h4 class=\"mec-event-title\"><a class=\"mec-color-hover\" data-event-id=\"296353\" href=\"https:\/\/alicanteturismo.com\/fr\/events\/visita-guiada-al-yacimiento-arqueologico-lucentum\/?occurrence=2026-09-30\" target=\"_self\" rel=\"noopener\">Visita guiada al yacimiento arqueol\u00f3gico Lucentum<\/a><span class=\"event-color\" style=\"background: #dd823b\"><\/span><\/h4><div class=\"mec-event-detail\">\r\n                        <div class=\"mec-event-loc-place\">Lucentum Tossal de Manises<\/div>\r\n                        \r\n                    <\/div><\/div><div style=\"clear:both\"><\/div><\/article><\/div><div class=\"mec-calendar-events-sec\" id=\"mec-calendar-events-sec-mec1-20261001\" data-mec-cell=\"20261001\" ><h6 class=\"mec-table-side-title\">\u00c9v\u00e9nements pour le <span class=\"mec-color mec-table-side-day\"> 1st<\/span> octobre<\/h6><article class=\"mec-event-article \"><div class=\"mec-event-image\"><img fetchpriority=\"high\" decoding=\"async\" width=\"300\" height=\"300\" src=\"https:\/\/alicanteturismo.com\/wp-content\/uploads\/2025\/02\/castillo-de-santa-barbara-2016-Alicante-ERN_6938-29-copia-300x300.jpg\" class=\"attachment-thumblist size-thumblist wp-post-image\" alt=\"\" data-mec-postid=\"296389\" \/><\/div><div class=\"mec-monthly-contents\" style=\"width: calc(100% - 85px)\"><div class=\"mec-event-time mec-color\"><i class=\"mec-sl-clock-o\"><\/i> Journ\u00e9e enti\u00e8re<\/div><h4 class=\"mec-event-title\"><a class=\"mec-color-hover\" data-event-id=\"296389\" href=\"https:\/\/alicanteturismo.com\/fr\/events\/exposicion-permanente-musa\/?occurrence=2026-10-01\" target=\"_self\" rel=\"noopener\">Exposici\u00f3n Permanente MUSA<\/a><span class=\"event-color\" style=\"background: #336dab\"><\/span><\/h4><div class=\"mec-event-detail\">\r\n                            <div class=\"mec-event-loc-place\">Ch\u00e2teau de Santa Barbara<\/div>\r\n                            \r\n                        <\/div><\/div><div style=\"clear:both\"><\/div><\/article><article class=\"mec-event-article \"><div class=\"mec-event-image\"><img decoding=\"async\" width=\"300\" height=\"300\" src=\"https:\/\/alicanteturismo.com\/wp-content\/uploads\/2025\/10\/Via-lactea-Isla-de-Tabarca-300x300.jpg\" class=\"attachment-thumblist size-thumblist wp-post-image\" alt=\"\" data-mec-postid=\"313076\" \/><\/div><div class=\"mec-monthly-contents\" style=\"width: calc(100% - 85px)\"><h4 class=\"mec-event-title\"><a class=\"mec-color-hover\" data-event-id=\"313076\" href=\"https:\/\/alicanteturismo.com\/fr\/events\/stargazing-on-tabarca-island\/?occurrence=2026-10-01&amp;time=1790841600\" target=\"_self\" rel=\"noopener\">Stargazing on Tabarca Island<\/a><\/h4><div class=\"mec-event-detail\">\r\n                            <div class=\"mec-event-loc-place\">Isla Tabarca<\/div>\r\n                            \r\n                        <\/div><\/div><div style=\"clear:both\"><\/div><\/article><article class=\"mec-event-article \"><div class=\"mec-event-image\"><\/div><div class=\"mec-monthly-contents\" style=\"width: 100%\"><div class=\"mec-event-time mec-color\"><i class=\"mec-sl-clock-o\"><\/i> Journ\u00e9e enti\u00e8re<\/div><h4 class=\"mec-event-title\"><a class=\"mec-color-hover\" data-event-id=\"318219\" href=\"https:\/\/castillodesantabarbara.com\/en\/experience\/misterios-castillo\/?occurrence=2026-10-01\" target=\"_self\" rel=\"noopener\">Los Misterios del Castillo de Santa B\u00e1rbara: Visita Teatralizada Nocturna<\/a><\/h4><div class=\"mec-event-detail\">\r\n                            <div class=\"mec-event-loc-place\">Ch\u00e2teau de Santa Barbara<\/div>\r\n                            \r\n                        <\/div><\/div><div style=\"clear:both\"><\/div><\/article><article class=\"mec-event-article \"><div class=\"mec-event-image\"><img loading=\"lazy\" decoding=\"async\" width=\"300\" height=\"300\" src=\"https:\/\/alicanteturismo.com\/wp-content\/uploads\/2026\/05\/marq-expo-300x300.jpg\" class=\"attachment-thumblist size-thumblist wp-post-image\" alt=\"\" data-mec-postid=\"320214\" \/><\/div><div class=\"mec-monthly-contents\" style=\"width: calc(100% - 85px)\"><div class=\"mec-event-time mec-color\"><i class=\"mec-sl-clock-o\"><\/i> Journ\u00e9e enti\u00e8re<\/div><h4 class=\"mec-event-title\"><a class=\"mec-color-hover\" data-event-id=\"320214\" href=\"https:\/\/alicanteturismo.com\/fr\/events\/rituales-de-pastores-exposicion-en-el-marq-canibalismo-y-enterramientos-en-la-cova-de-randero\/?occurrence=2026-10-01\" target=\"_self\" rel=\"noopener\">Rituales de pastores. Exposici\u00f3n en el MARQ: Canibalismo y enterramientos en la Cova de Randero<\/a><span class=\"event-color\" style=\"background: #336dab\"><\/span><\/h4><div class=\"mec-event-detail\">\r\n                            <div class=\"mec-event-loc-place\"><\/div>\r\n                            \r\n                        <\/div><\/div><div style=\"clear:both\"><\/div><\/article><article class=\"mec-event-article \"><div class=\"mec-event-image\"><img loading=\"lazy\" decoding=\"async\" width=\"300\" height=\"300\" src=\"https:\/\/alicanteturismo.com\/wp-content\/uploads\/2026\/06\/d5ac5a84-ac33-061c-0536-2bbb1a525433-300x300.png\" class=\"attachment-thumblist size-thumblist wp-post-image\" alt=\"\" data-mec-postid=\"321036\" \/><\/div><div class=\"mec-monthly-contents\" style=\"width: calc(100% - 85px)\"><div class=\"mec-event-time mec-color\"><i class=\"mec-sl-clock-o\"><\/i> Journ\u00e9e enti\u00e8re<\/div><h4 class=\"mec-event-title\"><a class=\"mec-color-hover\" data-event-id=\"321036\" href=\"https:\/\/alicanteturismo.com\/fr\/events\/exposition-de-par-en-par-a-la-fondation-mediterranee\/?occurrence=2026-10-01\" target=\"_self\" rel=\"noopener\">Exposition \u00ab\u00a0De par en par\u00a0\u00bb \u00e0 la Fondation M\u00e9diterran\u00e9e<\/a><span class=\"event-color\" style=\"background: #1e73be\"><\/span><\/h4><div class=\"mec-event-detail\">\r\n                            <div class=\"mec-event-loc-place\">Salle d&#039;exposition<\/div>\r\n                            \r\n                        <\/div><\/div><div style=\"clear:both\"><\/div><\/article><article class=\"mec-event-article \"><div class=\"mec-event-image\"><img loading=\"lazy\" decoding=\"async\" width=\"300\" height=\"300\" src=\"https:\/\/alicanteturismo.com\/wp-content\/uploads\/2026\/07\/descargar-1-300x300.png\" class=\"attachment-thumblist size-thumblist wp-post-image\" alt=\"\" data-mec-postid=\"321395\" \/><\/div><div class=\"mec-monthly-contents\" style=\"width: calc(100% - 85px)\"><div class=\"mec-event-time mec-color\"><i class=\"mec-sl-clock-o\"><\/i> Journ\u00e9e enti\u00e8re<\/div><h4 class=\"mec-event-title\"><a class=\"mec-color-hover\" data-event-id=\"321395\" href=\"https:\/\/alicanteturismo.com\/fr\/events\/exposition-lor-et-lunivers-savoirs-autochtones-de-colombie-au-marq\/?occurrence=2026-10-01\" target=\"_self\" rel=\"noopener\">Exposition \u00ab L&rsquo;OR ET L&rsquo;UNIVERS. Savoirs autochtones de Colombie \u00bb au MARQ<\/a><span class=\"event-color\" style=\"background: #dd9933\"><\/span><\/h4><div class=\"mec-event-detail\">\r\n                            <div class=\"mec-event-loc-place\"><\/div>\r\n                            \r\n                        <\/div><\/div><div style=\"clear:both\"><\/div><\/article><article class=\"mec-event-article \"><div class=\"mec-event-image\"><img loading=\"lazy\" decoding=\"async\" width=\"300\" height=\"300\" src=\"https:\/\/alicanteturismo.com\/wp-content\/uploads\/2026\/08\/descargar-1-300x300.png\" class=\"attachment-thumblist size-thumblist wp-post-image\" alt=\"\" data-mec-postid=\"322070\" \/><\/div><div class=\"mec-monthly-contents\" style=\"width: calc(100% - 85px)\"><h4 class=\"mec-event-title\"><a class=\"mec-color-hover\" data-event-id=\"322070\" href=\"https:\/\/alicanteturismo.com\/fr\/events\/visites-guidees-des-abris-anti-aeriens-et-du-centre-dinterpretation-de-la-guerre-civile\/?occurrence=2026-10-01\" target=\"_self\" rel=\"noopener\">Visites guid\u00e9es des abris anti-a\u00e9riens et du centre d&rsquo;interpr\u00e9tation de la guerre civile<\/a><span class=\"event-color\" style=\"background: #1e73be\"><\/span><\/h4><div class=\"mec-event-detail\">\r\n                            <div class=\"mec-event-loc-place\"><\/div>\r\n                            \r\n                        <\/div><\/div><div style=\"clear:both\"><\/div><\/article><article class=\"mec-event-article \"><div class=\"mec-event-image\"><img loading=\"lazy\" decoding=\"async\" width=\"300\" height=\"300\" src=\"https:\/\/alicanteturismo.com\/wp-content\/uploads\/2025\/02\/MA07110494-300x300.jpg\" class=\"attachment-thumblist size-thumblist wp-post-image\" alt=\"\" data-mec-postid=\"296395\" \/><\/div><div class=\"mec-monthly-contents\" style=\"width: calc(100% - 85px)\"><div class=\"mec-event-time mec-color\"><i class=\"mec-sl-clock-o\"><\/i> 10h00<\/div><h4 class=\"mec-event-title\"><a class=\"mec-color-hover\" data-event-id=\"296395\" href=\"https:\/\/alicanteturismo.com\/fr\/events\/exposicion-permanente-marq\/?occurrence=2026-10-01\" target=\"_self\" rel=\"noopener\">Exposici\u00f3n Permanente MARQ<\/a><span class=\"event-color\" style=\"background: #336dab\"><\/span><\/h4><div class=\"mec-event-detail\">\r\n                            <div class=\"mec-event-loc-place\">Museo Arqueol\u00f3gico de Alicante (MARQ)<\/div>\r\n                            \r\n                        <\/div><\/div><div style=\"clear:both\"><\/div><\/article><article class=\"mec-event-article \"><div class=\"mec-event-image\"><img loading=\"lazy\" decoding=\"async\" width=\"300\" height=\"300\" src=\"https:\/\/alicanteturismo.com\/wp-content\/uploads\/2025\/02\/mubag_diputacion_alicante-5-300x300.webp\" class=\"attachment-thumblist size-thumblist wp-post-image\" alt=\"\" data-mec-postid=\"296402\" \/><\/div><div class=\"mec-monthly-contents\" style=\"width: calc(100% - 85px)\"><div class=\"mec-event-time mec-color\"><i class=\"mec-sl-clock-o\"><\/i> 10h00<\/div><h4 class=\"mec-event-title\"><a class=\"mec-color-hover\" data-event-id=\"296402\" href=\"https:\/\/alicanteturismo.com\/fr\/events\/exposicion-permanente-en-el-mubag-el-siglo-xix-coleccion-a-la-luz\/?occurrence=2026-10-01\" target=\"_self\" rel=\"noopener\">Exposici\u00f3n Permanente en el MUBAG. El siglo XIX. Colecci\u00f3n a la Luz<\/a><span class=\"event-color\" style=\"background: #336dab\"><\/span><\/h4><div class=\"mec-event-detail\">\r\n                            <div class=\"mec-event-loc-place\">Museo de Bellas Artes Gravina (MUBAG)<\/div>\r\n                            \r\n                        <\/div><\/div><div style=\"clear:both\"><\/div><\/article><article class=\"mec-event-article \"><div class=\"mec-event-image\"><img loading=\"lazy\" decoding=\"async\" width=\"300\" height=\"300\" src=\"https:\/\/alicanteturismo.com\/wp-content\/uploads\/2025\/02\/maca-museo-rotated-1-300x300.webp\" class=\"attachment-thumblist size-thumblist wp-post-image\" alt=\"\" data-mec-postid=\"296408\" \/><\/div><div class=\"mec-monthly-contents\" style=\"width: calc(100% - 85px)\"><div class=\"mec-event-time mec-color\"><i class=\"mec-sl-clock-o\"><\/i> 10h00<\/div><h4 class=\"mec-event-title\"><a class=\"mec-color-hover\" data-event-id=\"296408\" href=\"https:\/\/alicanteturismo.com\/fr\/events\/exposicion-permanente-maca\/?occurrence=2026-10-01\" target=\"_self\" rel=\"noopener\">Exposici\u00f3n Permanente MACA<\/a><span class=\"event-color\" style=\"background: #336dab\"><\/span><\/h4><div class=\"mec-event-detail\">\r\n                            <div class=\"mec-event-loc-place\">Contemporary Art Museum of Alicante (MACA)<\/div>\r\n                            \r\n                        <\/div><\/div><div style=\"clear:both\"><\/div><\/article><article class=\"mec-event-article \"><div class=\"mec-event-image\"><img loading=\"lazy\" decoding=\"async\" width=\"300\" height=\"300\" src=\"https:\/\/alicanteturismo.com\/wp-content\/uploads\/2026\/07\/descargar-2-300x300.png\" class=\"attachment-thumblist size-thumblist wp-post-image\" alt=\"\" data-mec-postid=\"321763\" \/><\/div><div class=\"mec-monthly-contents\" style=\"width: calc(100% - 85px)\"><div class=\"mec-event-time mec-color\"><i class=\"mec-sl-clock-o\"><\/i> 10h00 - 21h30<\/div><h4 class=\"mec-event-title\"><a class=\"mec-color-hover\" data-event-id=\"321763\" href=\"https:\/\/alicanteturismo.com\/fr\/events\/exposicion-la-firmeza-de-un-instante-de-jesus-madrinan-en-las-cigarreras\/?occurrence=2026-10-01\" target=\"_self\" rel=\"noopener\">Exposici\u00f3n \u201cLa firmeza de un instante\u201d de Jes\u00fas Madri\u00f1\u00e1n en Las Cigarreras<\/a><span class=\"event-color\" style=\"background: #336dab\"><\/span><\/h4><div class=\"mec-event-detail\">\r\n                            <div class=\"mec-event-loc-place\">Centre culturel Las Cigarreras<\/div>\r\n                            \r\n                        <\/div><\/div><div style=\"clear:both\"><\/div><\/article><article class=\"mec-event-article \"><div class=\"mec-event-image\"><img loading=\"lazy\" decoding=\"async\" width=\"300\" height=\"300\" src=\"https:\/\/alicanteturismo.com\/wp-content\/uploads\/2025\/02\/Yacimiento-arqueologico-Lucentum.Lucentum-archaeological-remains-copia2-300x300.jpg\" class=\"attachment-thumblist size-thumblist wp-post-image\" alt=\"\" data-mec-postid=\"296353\" \/><\/div><div class=\"mec-monthly-contents\" style=\"width: calc(100% - 85px)\"><div class=\"mec-event-time mec-color\"><i class=\"mec-sl-clock-o\"><\/i> 10h30<\/div><h4 class=\"mec-event-title\"><a class=\"mec-color-hover\" data-event-id=\"296353\" href=\"https:\/\/alicanteturismo.com\/fr\/events\/visita-guiada-al-yacimiento-arqueologico-lucentum\/?occurrence=2026-10-01\" target=\"_self\" rel=\"noopener\">Visita guiada al yacimiento arqueol\u00f3gico Lucentum<\/a><span class=\"event-color\" style=\"background: #dd823b\"><\/span><\/h4><div class=\"mec-event-detail\">\r\n                            <div class=\"mec-event-loc-place\">Lucentum Tossal de Manises<\/div>\r\n                            \r\n                        <\/div><\/div><div style=\"clear:both\"><\/div><\/article><\/div><div class=\"mec-calendar-events-sec\" id=\"mec-calendar-events-sec-mec1-20261002\" data-mec-cell=\"20261002\" ><h6 class=\"mec-table-side-title\">\u00c9v\u00e9nements pour le <span class=\"mec-color mec-table-side-day\"> 2nd<\/span> octobre<\/h6><article class=\"mec-event-article \"><div class=\"mec-event-image\"><img fetchpriority=\"high\" decoding=\"async\" width=\"300\" height=\"300\" src=\"https:\/\/alicanteturismo.com\/wp-content\/uploads\/2025\/02\/castillo-de-santa-barbara-2016-Alicante-ERN_6938-29-copia-300x300.jpg\" class=\"attachment-thumblist size-thumblist wp-post-image\" alt=\"\" data-mec-postid=\"296389\" \/><\/div><div class=\"mec-monthly-contents\" style=\"width: calc(100% - 85px)\"><div class=\"mec-event-time mec-color\"><i class=\"mec-sl-clock-o\"><\/i> Journ\u00e9e enti\u00e8re<\/div><h4 class=\"mec-event-title\"><a class=\"mec-color-hover\" data-event-id=\"296389\" href=\"https:\/\/alicanteturismo.com\/fr\/events\/exposicion-permanente-musa\/?occurrence=2026-10-02\" target=\"_self\" rel=\"noopener\">Exposici\u00f3n Permanente MUSA<\/a><span class=\"event-color\" style=\"background: #336dab\"><\/span><\/h4><div class=\"mec-event-detail\">\r\n                            <div class=\"mec-event-loc-place\">Ch\u00e2teau de Santa Barbara<\/div>\r\n                            \r\n                        <\/div><\/div><div style=\"clear:both\"><\/div><\/article><article class=\"mec-event-article \"><div class=\"mec-event-image\"><img decoding=\"async\" width=\"300\" height=\"300\" src=\"https:\/\/alicanteturismo.com\/wp-content\/uploads\/2025\/10\/Via-lactea-Isla-de-Tabarca-300x300.jpg\" class=\"attachment-thumblist size-thumblist wp-post-image\" alt=\"\" data-mec-postid=\"313076\" \/><\/div><div class=\"mec-monthly-contents\" style=\"width: calc(100% - 85px)\"><h4 class=\"mec-event-title\"><a class=\"mec-color-hover\" data-event-id=\"313076\" href=\"https:\/\/alicanteturismo.com\/fr\/events\/stargazing-on-tabarca-island\/?occurrence=2026-10-02&amp;time=1790928000\" target=\"_self\" rel=\"noopener\">Stargazing on Tabarca Island<\/a><\/h4><div class=\"mec-event-detail\">\r\n                            <div class=\"mec-event-loc-place\">Isla Tabarca<\/div>\r\n                            \r\n                        <\/div><\/div><div style=\"clear:both\"><\/div><\/article><article class=\"mec-event-article \"><div class=\"mec-event-image\"><\/div><div class=\"mec-monthly-contents\" style=\"width: 100%\"><div class=\"mec-event-time mec-color\"><i class=\"mec-sl-clock-o\"><\/i> Journ\u00e9e enti\u00e8re<\/div><h4 class=\"mec-event-title\"><a class=\"mec-color-hover\" data-event-id=\"318219\" href=\"https:\/\/castillodesantabarbara.com\/en\/experience\/misterios-castillo\/?occurrence=2026-10-02\" target=\"_self\" rel=\"noopener\">Los Misterios del Castillo de Santa B\u00e1rbara: Visita Teatralizada Nocturna<\/a><\/h4><div class=\"mec-event-detail\">\r\n                            <div class=\"mec-event-loc-place\">Ch\u00e2teau de Santa Barbara<\/div>\r\n                            \r\n                        <\/div><\/div><div style=\"clear:both\"><\/div><\/article><article class=\"mec-event-article \"><div class=\"mec-event-image\"><img loading=\"lazy\" decoding=\"async\" width=\"300\" height=\"300\" src=\"https:\/\/alicanteturismo.com\/wp-content\/uploads\/2026\/05\/marq-expo-300x300.jpg\" class=\"attachment-thumblist size-thumblist wp-post-image\" alt=\"\" data-mec-postid=\"320214\" \/><\/div><div class=\"mec-monthly-contents\" style=\"width: calc(100% - 85px)\"><div class=\"mec-event-time mec-color\"><i class=\"mec-sl-clock-o\"><\/i> Journ\u00e9e enti\u00e8re<\/div><h4 class=\"mec-event-title\"><a class=\"mec-color-hover\" data-event-id=\"320214\" href=\"https:\/\/alicanteturismo.com\/fr\/events\/rituales-de-pastores-exposicion-en-el-marq-canibalismo-y-enterramientos-en-la-cova-de-randero\/?occurrence=2026-10-02\" target=\"_self\" rel=\"noopener\">Rituales de pastores. Exposici\u00f3n en el MARQ: Canibalismo y enterramientos en la Cova de Randero<\/a><span class=\"event-color\" style=\"background: #336dab\"><\/span><\/h4><div class=\"mec-event-detail\">\r\n                            <div class=\"mec-event-loc-place\"><\/div>\r\n                            \r\n                        <\/div><\/div><div style=\"clear:both\"><\/div><\/article><article class=\"mec-event-article \"><div class=\"mec-event-image\"><img loading=\"lazy\" decoding=\"async\" width=\"300\" height=\"300\" src=\"https:\/\/alicanteturismo.com\/wp-content\/uploads\/2026\/06\/d5ac5a84-ac33-061c-0536-2bbb1a525433-300x300.png\" class=\"attachment-thumblist size-thumblist wp-post-image\" alt=\"\" data-mec-postid=\"321036\" \/><\/div><div class=\"mec-monthly-contents\" style=\"width: calc(100% - 85px)\"><div class=\"mec-event-time mec-color\"><i class=\"mec-sl-clock-o\"><\/i> Journ\u00e9e enti\u00e8re<\/div><h4 class=\"mec-event-title\"><a class=\"mec-color-hover\" data-event-id=\"321036\" href=\"https:\/\/alicanteturismo.com\/fr\/events\/exposition-de-par-en-par-a-la-fondation-mediterranee\/?occurrence=2026-10-02\" target=\"_self\" rel=\"noopener\">Exposition \u00ab\u00a0De par en par\u00a0\u00bb \u00e0 la Fondation M\u00e9diterran\u00e9e<\/a><span class=\"event-color\" style=\"background: #1e73be\"><\/span><\/h4><div class=\"mec-event-detail\">\r\n                            <div class=\"mec-event-loc-place\">Salle d&#039;exposition<\/div>\r\n                            \r\n                        <\/div><\/div><div style=\"clear:both\"><\/div><\/article><article class=\"mec-event-article \"><div class=\"mec-event-image\"><img loading=\"lazy\" decoding=\"async\" width=\"300\" height=\"300\" src=\"https:\/\/alicanteturismo.com\/wp-content\/uploads\/2026\/07\/descargar-1-300x300.png\" class=\"attachment-thumblist size-thumblist wp-post-image\" alt=\"\" data-mec-postid=\"321395\" \/><\/div><div class=\"mec-monthly-contents\" style=\"width: calc(100% - 85px)\"><div class=\"mec-event-time mec-color\"><i class=\"mec-sl-clock-o\"><\/i> Journ\u00e9e enti\u00e8re<\/div><h4 class=\"mec-event-title\"><a class=\"mec-color-hover\" data-event-id=\"321395\" href=\"https:\/\/alicanteturismo.com\/fr\/events\/exposition-lor-et-lunivers-savoirs-autochtones-de-colombie-au-marq\/?occurrence=2026-10-02\" target=\"_self\" rel=\"noopener\">Exposition \u00ab L&rsquo;OR ET L&rsquo;UNIVERS. Savoirs autochtones de Colombie \u00bb au MARQ<\/a><span class=\"event-color\" style=\"background: #dd9933\"><\/span><\/h4><div class=\"mec-event-detail\">\r\n                            <div class=\"mec-event-loc-place\"><\/div>\r\n                            \r\n                        <\/div><\/div><div style=\"clear:both\"><\/div><\/article><article class=\"mec-event-article \"><div class=\"mec-event-image\"><img loading=\"lazy\" decoding=\"async\" width=\"300\" height=\"300\" src=\"https:\/\/alicanteturismo.com\/wp-content\/uploads\/2026\/08\/descargar-1-300x300.png\" class=\"attachment-thumblist size-thumblist wp-post-image\" alt=\"\" data-mec-postid=\"322070\" \/><\/div><div class=\"mec-monthly-contents\" style=\"width: calc(100% - 85px)\"><h4 class=\"mec-event-title\"><a class=\"mec-color-hover\" data-event-id=\"322070\" href=\"https:\/\/alicanteturismo.com\/fr\/events\/visites-guidees-des-abris-anti-aeriens-et-du-centre-dinterpretation-de-la-guerre-civile\/?occurrence=2026-10-02\" target=\"_self\" rel=\"noopener\">Visites guid\u00e9es des abris anti-a\u00e9riens et du centre d&rsquo;interpr\u00e9tation de la guerre civile<\/a><span class=\"event-color\" style=\"background: #1e73be\"><\/span><\/h4><div class=\"mec-event-detail\">\r\n                            <div class=\"mec-event-loc-place\"><\/div>\r\n                            \r\n                        <\/div><\/div><div style=\"clear:both\"><\/div><\/article><article class=\"mec-event-article \"><div class=\"mec-event-image\"><img loading=\"lazy\" decoding=\"async\" width=\"300\" height=\"300\" src=\"https:\/\/alicanteturismo.com\/wp-content\/uploads\/2025\/02\/MA07110494-300x300.jpg\" class=\"attachment-thumblist size-thumblist wp-post-image\" alt=\"\" data-mec-postid=\"296395\" \/><\/div><div class=\"mec-monthly-contents\" style=\"width: calc(100% - 85px)\"><div class=\"mec-event-time mec-color\"><i class=\"mec-sl-clock-o\"><\/i> 10h00<\/div><h4 class=\"mec-event-title\"><a class=\"mec-color-hover\" data-event-id=\"296395\" href=\"https:\/\/alicanteturismo.com\/fr\/events\/exposicion-permanente-marq\/?occurrence=2026-10-02\" target=\"_self\" rel=\"noopener\">Exposici\u00f3n Permanente MARQ<\/a><span class=\"event-color\" style=\"background: #336dab\"><\/span><\/h4><div class=\"mec-event-detail\">\r\n                            <div class=\"mec-event-loc-place\">Museo Arqueol\u00f3gico de Alicante (MARQ)<\/div>\r\n                            \r\n                        <\/div><\/div><div style=\"clear:both\"><\/div><\/article><article class=\"mec-event-article \"><div class=\"mec-event-image\"><img loading=\"lazy\" decoding=\"async\" width=\"300\" height=\"300\" src=\"https:\/\/alicanteturismo.com\/wp-content\/uploads\/2025\/02\/mubag_diputacion_alicante-5-300x300.webp\" class=\"attachment-thumblist size-thumblist wp-post-image\" alt=\"\" data-mec-postid=\"296402\" \/><\/div><div class=\"mec-monthly-contents\" style=\"width: calc(100% - 85px)\"><div class=\"mec-event-time mec-color\"><i class=\"mec-sl-clock-o\"><\/i> 10h00<\/div><h4 class=\"mec-event-title\"><a class=\"mec-color-hover\" data-event-id=\"296402\" href=\"https:\/\/alicanteturismo.com\/fr\/events\/exposicion-permanente-en-el-mubag-el-siglo-xix-coleccion-a-la-luz\/?occurrence=2026-10-02\" target=\"_self\" rel=\"noopener\">Exposici\u00f3n Permanente en el MUBAG. El siglo XIX. Colecci\u00f3n a la Luz<\/a><span class=\"event-color\" style=\"background: #336dab\"><\/span><\/h4><div class=\"mec-event-detail\">\r\n                            <div class=\"mec-event-loc-place\">Museo de Bellas Artes Gravina (MUBAG)<\/div>\r\n                            \r\n                        <\/div><\/div><div style=\"clear:both\"><\/div><\/article><article class=\"mec-event-article \"><div class=\"mec-event-image\"><img loading=\"lazy\" decoding=\"async\" width=\"300\" height=\"300\" src=\"https:\/\/alicanteturismo.com\/wp-content\/uploads\/2025\/02\/maca-museo-rotated-1-300x300.webp\" class=\"attachment-thumblist size-thumblist wp-post-image\" alt=\"\" data-mec-postid=\"296408\" \/><\/div><div class=\"mec-monthly-contents\" style=\"width: calc(100% - 85px)\"><div class=\"mec-event-time mec-color\"><i class=\"mec-sl-clock-o\"><\/i> 10h00<\/div><h4 class=\"mec-event-title\"><a class=\"mec-color-hover\" data-event-id=\"296408\" href=\"https:\/\/alicanteturismo.com\/fr\/events\/exposicion-permanente-maca\/?occurrence=2026-10-02\" target=\"_self\" rel=\"noopener\">Exposici\u00f3n Permanente MACA<\/a><span class=\"event-color\" style=\"background: #336dab\"><\/span><\/h4><div class=\"mec-event-detail\">\r\n                            <div class=\"mec-event-loc-place\">Contemporary Art Museum of Alicante (MACA)<\/div>\r\n                            \r\n                        <\/div><\/div><div style=\"clear:both\"><\/div><\/article><article class=\"mec-event-article \"><div class=\"mec-event-image\"><img loading=\"lazy\" decoding=\"async\" width=\"300\" height=\"300\" src=\"https:\/\/alicanteturismo.com\/wp-content\/uploads\/2026\/07\/descargar-2-300x300.png\" class=\"attachment-thumblist size-thumblist wp-post-image\" alt=\"\" data-mec-postid=\"321763\" \/><\/div><div class=\"mec-monthly-contents\" style=\"width: calc(100% - 85px)\"><div class=\"mec-event-time mec-color\"><i class=\"mec-sl-clock-o\"><\/i> 10h00 - 21h30<\/div><h4 class=\"mec-event-title\"><a class=\"mec-color-hover\" data-event-id=\"321763\" href=\"https:\/\/alicanteturismo.com\/fr\/events\/exposicion-la-firmeza-de-un-instante-de-jesus-madrinan-en-las-cigarreras\/?occurrence=2026-10-02\" target=\"_self\" rel=\"noopener\">Exposici\u00f3n \u201cLa firmeza de un instante\u201d de Jes\u00fas Madri\u00f1\u00e1n en Las Cigarreras<\/a><span class=\"event-color\" style=\"background: #336dab\"><\/span><\/h4><div class=\"mec-event-detail\">\r\n                            <div class=\"mec-event-loc-place\">Centre culturel Las Cigarreras<\/div>\r\n                            \r\n                        <\/div><\/div><div style=\"clear:both\"><\/div><\/article><article class=\"mec-event-article \"><div class=\"mec-event-image\"><img loading=\"lazy\" decoding=\"async\" width=\"300\" height=\"300\" src=\"https:\/\/alicanteturismo.com\/wp-content\/uploads\/2025\/02\/Yacimiento-arqueologico-Lucentum.Lucentum-archaeological-remains-copia2-300x300.jpg\" class=\"attachment-thumblist size-thumblist wp-post-image\" alt=\"\" data-mec-postid=\"296353\" \/><\/div><div class=\"mec-monthly-contents\" style=\"width: calc(100% - 85px)\"><div class=\"mec-event-time mec-color\"><i class=\"mec-sl-clock-o\"><\/i> 10h30<\/div><h4 class=\"mec-event-title\"><a class=\"mec-color-hover\" data-event-id=\"296353\" href=\"https:\/\/alicanteturismo.com\/fr\/events\/visita-guiada-al-yacimiento-arqueologico-lucentum\/?occurrence=2026-10-02\" target=\"_self\" rel=\"noopener\">Visita guiada al yacimiento arqueol\u00f3gico Lucentum<\/a><span class=\"event-color\" style=\"background: #dd823b\"><\/span><\/h4><div class=\"mec-event-detail\">\r\n                            <div class=\"mec-event-loc-place\">Lucentum Tossal de Manises<\/div>\r\n                            \r\n                        <\/div><\/div><div style=\"clear:both\"><\/div><\/article><\/div><div class=\"mec-calendar-events-sec\" id=\"mec-calendar-events-sec-mec1-20261003\" data-mec-cell=\"20261003\" ><h6 class=\"mec-table-side-title\">\u00c9v\u00e9nements pour le <span class=\"mec-color mec-table-side-day\"> 3rd<\/span> octobre<\/h6><article class=\"mec-event-article \"><div class=\"mec-event-image\"><img fetchpriority=\"high\" decoding=\"async\" width=\"300\" height=\"300\" src=\"https:\/\/alicanteturismo.com\/wp-content\/uploads\/2025\/02\/castillo-de-santa-barbara-2016-Alicante-ERN_6938-29-copia-300x300.jpg\" class=\"attachment-thumblist size-thumblist wp-post-image\" alt=\"\" data-mec-postid=\"296389\" \/><\/div><div class=\"mec-monthly-contents\" style=\"width: calc(100% - 85px)\"><div class=\"mec-event-time mec-color\"><i class=\"mec-sl-clock-o\"><\/i> Journ\u00e9e enti\u00e8re<\/div><h4 class=\"mec-event-title\"><a class=\"mec-color-hover\" data-event-id=\"296389\" href=\"https:\/\/alicanteturismo.com\/fr\/events\/exposicion-permanente-musa\/?occurrence=2026-10-03\" target=\"_self\" rel=\"noopener\">Exposici\u00f3n Permanente MUSA<\/a><span class=\"event-color\" style=\"background: #336dab\"><\/span><\/h4><div class=\"mec-event-detail\">\r\n                            <div class=\"mec-event-loc-place\">Ch\u00e2teau de Santa Barbara<\/div>\r\n                            \r\n                        <\/div><\/div><div style=\"clear:both\"><\/div><\/article><article class=\"mec-event-article \"><div class=\"mec-event-image\"><img decoding=\"async\" width=\"300\" height=\"300\" src=\"https:\/\/alicanteturismo.com\/wp-content\/uploads\/2025\/10\/Via-lactea-Isla-de-Tabarca-300x300.jpg\" class=\"attachment-thumblist size-thumblist wp-post-image\" alt=\"\" data-mec-postid=\"313076\" \/><\/div><div class=\"mec-monthly-contents\" style=\"width: calc(100% - 85px)\"><h4 class=\"mec-event-title\"><a class=\"mec-color-hover\" data-event-id=\"313076\" href=\"https:\/\/alicanteturismo.com\/fr\/events\/stargazing-on-tabarca-island\/?occurrence=2026-10-03&amp;time=1791014400\" target=\"_self\" rel=\"noopener\">Stargazing on Tabarca Island<\/a><\/h4><div class=\"mec-event-detail\">\r\n                            <div class=\"mec-event-loc-place\">Isla Tabarca<\/div>\r\n                            \r\n                        <\/div><\/div><div style=\"clear:both\"><\/div><\/article><article class=\"mec-event-article \"><div class=\"mec-event-image\"><\/div><div class=\"mec-monthly-contents\" style=\"width: 100%\"><div class=\"mec-event-time mec-color\"><i class=\"mec-sl-clock-o\"><\/i> Journ\u00e9e enti\u00e8re<\/div><h4 class=\"mec-event-title\"><a class=\"mec-color-hover\" data-event-id=\"318219\" href=\"https:\/\/castillodesantabarbara.com\/en\/experience\/misterios-castillo\/?occurrence=2026-10-03\" target=\"_self\" rel=\"noopener\">Los Misterios del Castillo de Santa B\u00e1rbara: Visita Teatralizada Nocturna<\/a><\/h4><div class=\"mec-event-detail\">\r\n                            <div class=\"mec-event-loc-place\">Ch\u00e2teau de Santa Barbara<\/div>\r\n                            \r\n                        <\/div><\/div><div style=\"clear:both\"><\/div><\/article><article class=\"mec-event-article \"><div class=\"mec-event-image\"><img loading=\"lazy\" decoding=\"async\" width=\"300\" height=\"300\" src=\"https:\/\/alicanteturismo.com\/wp-content\/uploads\/2026\/05\/marq-expo-300x300.jpg\" class=\"attachment-thumblist size-thumblist wp-post-image\" alt=\"\" data-mec-postid=\"320214\" \/><\/div><div class=\"mec-monthly-contents\" style=\"width: calc(100% - 85px)\"><div class=\"mec-event-time mec-color\"><i class=\"mec-sl-clock-o\"><\/i> Journ\u00e9e enti\u00e8re<\/div><h4 class=\"mec-event-title\"><a class=\"mec-color-hover\" data-event-id=\"320214\" href=\"https:\/\/alicanteturismo.com\/fr\/events\/rituales-de-pastores-exposicion-en-el-marq-canibalismo-y-enterramientos-en-la-cova-de-randero\/?occurrence=2026-10-03\" target=\"_self\" rel=\"noopener\">Rituales de pastores. Exposici\u00f3n en el MARQ: Canibalismo y enterramientos en la Cova de Randero<\/a><span class=\"event-color\" style=\"background: #336dab\"><\/span><\/h4><div class=\"mec-event-detail\">\r\n                            <div class=\"mec-event-loc-place\"><\/div>\r\n                            \r\n                        <\/div><\/div><div style=\"clear:both\"><\/div><\/article><article class=\"mec-event-article \"><div class=\"mec-event-image\"><img loading=\"lazy\" decoding=\"async\" width=\"300\" height=\"300\" src=\"https:\/\/alicanteturismo.com\/wp-content\/uploads\/2026\/06\/d5ac5a84-ac33-061c-0536-2bbb1a525433-300x300.png\" class=\"attachment-thumblist size-thumblist wp-post-image\" alt=\"\" data-mec-postid=\"321036\" \/><\/div><div class=\"mec-monthly-contents\" style=\"width: calc(100% - 85px)\"><div class=\"mec-event-time mec-color\"><i class=\"mec-sl-clock-o\"><\/i> Journ\u00e9e enti\u00e8re<\/div><h4 class=\"mec-event-title\"><a class=\"mec-color-hover\" data-event-id=\"321036\" href=\"https:\/\/alicanteturismo.com\/fr\/events\/exposition-de-par-en-par-a-la-fondation-mediterranee\/?occurrence=2026-10-03\" target=\"_self\" rel=\"noopener\">Exposition \u00ab\u00a0De par en par\u00a0\u00bb \u00e0 la Fondation M\u00e9diterran\u00e9e<\/a><span class=\"event-color\" style=\"background: #1e73be\"><\/span><\/h4><div class=\"mec-event-detail\">\r\n                            <div class=\"mec-event-loc-place\">Salle d&#039;exposition<\/div>\r\n                            \r\n                        <\/div><\/div><div style=\"clear:both\"><\/div><\/article><article class=\"mec-event-article \"><div class=\"mec-event-image\"><img loading=\"lazy\" decoding=\"async\" width=\"300\" height=\"300\" src=\"https:\/\/alicanteturismo.com\/wp-content\/uploads\/2026\/07\/descargar-1-300x300.png\" class=\"attachment-thumblist size-thumblist wp-post-image\" alt=\"\" data-mec-postid=\"321395\" \/><\/div><div class=\"mec-monthly-contents\" style=\"width: calc(100% - 85px)\"><div class=\"mec-event-time mec-color\"><i class=\"mec-sl-clock-o\"><\/i> Journ\u00e9e enti\u00e8re<\/div><h4 class=\"mec-event-title\"><a class=\"mec-color-hover\" data-event-id=\"321395\" href=\"https:\/\/alicanteturismo.com\/fr\/events\/exposition-lor-et-lunivers-savoirs-autochtones-de-colombie-au-marq\/?occurrence=2026-10-03\" target=\"_self\" rel=\"noopener\">Exposition \u00ab L&rsquo;OR ET L&rsquo;UNIVERS. Savoirs autochtones de Colombie \u00bb au MARQ<\/a><span class=\"event-color\" style=\"background: #dd9933\"><\/span><\/h4><div class=\"mec-event-detail\">\r\n                            <div class=\"mec-event-loc-place\"><\/div>\r\n                            \r\n                        <\/div><\/div><div style=\"clear:both\"><\/div><\/article><article class=\"mec-event-article \"><div class=\"mec-event-image\"><img loading=\"lazy\" decoding=\"async\" width=\"300\" height=\"300\" src=\"https:\/\/alicanteturismo.com\/wp-content\/uploads\/2026\/08\/descargar-1-300x300.png\" class=\"attachment-thumblist size-thumblist wp-post-image\" alt=\"\" data-mec-postid=\"322070\" \/><\/div><div class=\"mec-monthly-contents\" style=\"width: calc(100% - 85px)\"><h4 class=\"mec-event-title\"><a class=\"mec-color-hover\" data-event-id=\"322070\" href=\"https:\/\/alicanteturismo.com\/fr\/events\/visites-guidees-des-abris-anti-aeriens-et-du-centre-dinterpretation-de-la-guerre-civile\/?occurrence=2026-10-03\" target=\"_self\" rel=\"noopener\">Visites guid\u00e9es des abris anti-a\u00e9riens et du centre d&rsquo;interpr\u00e9tation de la guerre civile<\/a><span class=\"event-color\" style=\"background: #1e73be\"><\/span><\/h4><div class=\"mec-event-detail\">\r\n                            <div class=\"mec-event-loc-place\"><\/div>\r\n                            \r\n                        <\/div><\/div><div style=\"clear:both\"><\/div><\/article><article class=\"mec-event-article \"><div class=\"mec-event-image\"><img loading=\"lazy\" decoding=\"async\" width=\"300\" height=\"300\" src=\"https:\/\/alicanteturismo.com\/wp-content\/uploads\/2025\/02\/MA07110494-300x300.jpg\" class=\"attachment-thumblist size-thumblist wp-post-image\" alt=\"\" data-mec-postid=\"296395\" \/><\/div><div class=\"mec-monthly-contents\" style=\"width: calc(100% - 85px)\"><div class=\"mec-event-time mec-color\"><i class=\"mec-sl-clock-o\"><\/i> 10h00<\/div><h4 class=\"mec-event-title\"><a class=\"mec-color-hover\" data-event-id=\"296395\" href=\"https:\/\/alicanteturismo.com\/fr\/events\/exposicion-permanente-marq\/?occurrence=2026-10-03\" target=\"_self\" rel=\"noopener\">Exposici\u00f3n Permanente MARQ<\/a><span class=\"event-color\" style=\"background: #336dab\"><\/span><\/h4><div class=\"mec-event-detail\">\r\n                            <div class=\"mec-event-loc-place\">Museo Arqueol\u00f3gico de Alicante (MARQ)<\/div>\r\n                            \r\n                        <\/div><\/div><div style=\"clear:both\"><\/div><\/article><article class=\"mec-event-article \"><div class=\"mec-event-image\"><img loading=\"lazy\" decoding=\"async\" width=\"300\" height=\"300\" src=\"https:\/\/alicanteturismo.com\/wp-content\/uploads\/2025\/02\/mubag_diputacion_alicante-5-300x300.webp\" class=\"attachment-thumblist size-thumblist wp-post-image\" alt=\"\" data-mec-postid=\"296402\" \/><\/div><div class=\"mec-monthly-contents\" style=\"width: calc(100% - 85px)\"><div class=\"mec-event-time mec-color\"><i class=\"mec-sl-clock-o\"><\/i> 10h00<\/div><h4 class=\"mec-event-title\"><a class=\"mec-color-hover\" data-event-id=\"296402\" href=\"https:\/\/alicanteturismo.com\/fr\/events\/exposicion-permanente-en-el-mubag-el-siglo-xix-coleccion-a-la-luz\/?occurrence=2026-10-03\" target=\"_self\" rel=\"noopener\">Exposici\u00f3n Permanente en el MUBAG. El siglo XIX. Colecci\u00f3n a la Luz<\/a><span class=\"event-color\" style=\"background: #336dab\"><\/span><\/h4><div class=\"mec-event-detail\">\r\n                            <div class=\"mec-event-loc-place\">Museo de Bellas Artes Gravina (MUBAG)<\/div>\r\n                            \r\n                        <\/div><\/div><div style=\"clear:both\"><\/div><\/article><article class=\"mec-event-article \"><div class=\"mec-event-image\"><img loading=\"lazy\" decoding=\"async\" width=\"300\" height=\"300\" src=\"https:\/\/alicanteturismo.com\/wp-content\/uploads\/2025\/02\/maca-museo-rotated-1-300x300.webp\" class=\"attachment-thumblist size-thumblist wp-post-image\" alt=\"\" data-mec-postid=\"296408\" \/><\/div><div class=\"mec-monthly-contents\" style=\"width: calc(100% - 85px)\"><div class=\"mec-event-time mec-color\"><i class=\"mec-sl-clock-o\"><\/i> 10h00<\/div><h4 class=\"mec-event-title\"><a class=\"mec-color-hover\" data-event-id=\"296408\" href=\"https:\/\/alicanteturismo.com\/fr\/events\/exposicion-permanente-maca\/?occurrence=2026-10-03\" target=\"_self\" rel=\"noopener\">Exposici\u00f3n Permanente MACA<\/a><span class=\"event-color\" style=\"background: #336dab\"><\/span><\/h4><div class=\"mec-event-detail\">\r\n                            <div class=\"mec-event-loc-place\">Contemporary Art Museum of Alicante (MACA)<\/div>\r\n                            \r\n                        <\/div><\/div><div style=\"clear:both\"><\/div><\/article><article class=\"mec-event-article \"><div class=\"mec-event-image\"><img loading=\"lazy\" decoding=\"async\" width=\"300\" height=\"300\" src=\"https:\/\/alicanteturismo.com\/wp-content\/uploads\/2026\/02\/degustacion-vinos-300x300.webp\" class=\"attachment-thumblist size-thumblist wp-post-image\" alt=\"\" data-mec-postid=\"317139\" \/><\/div><div class=\"mec-monthly-contents\" style=\"width: calc(100% - 85px)\"><h4 class=\"mec-event-title\"><a class=\"mec-color-hover\" data-event-id=\"317139\" href=\"https:\/\/alicanteturismo.com\/fr\/events\/degustacionvinosyproductosalicantinos\/?occurrence=2026-10-03\" target=\"_self\" rel=\"noopener\">Degustaci\u00f3n de 3 vinos D.O y Productos alicantinos<\/a><span class=\"event-color\" style=\"background: #dd823b\"><\/span><\/h4><div class=\"mec-event-detail\">\r\n                            <div class=\"mec-event-loc-place\"><\/div>\r\n                            \r\n                        <\/div><\/div><div style=\"clear:both\"><\/div><\/article><article class=\"mec-event-article \"><div class=\"mec-event-image\"><img loading=\"lazy\" decoding=\"async\" width=\"300\" height=\"300\" src=\"https:\/\/alicanteturismo.com\/wp-content\/uploads\/2026\/07\/descargar-2-300x300.png\" class=\"attachment-thumblist size-thumblist wp-post-image\" alt=\"\" data-mec-postid=\"321763\" \/><\/div><div class=\"mec-monthly-contents\" style=\"width: calc(100% - 85px)\"><div class=\"mec-event-time mec-color\"><i class=\"mec-sl-clock-o\"><\/i> 10h00 - 21h30<\/div><h4 class=\"mec-event-title\"><a class=\"mec-color-hover\" data-event-id=\"321763\" href=\"https:\/\/alicanteturismo.com\/fr\/events\/exposicion-la-firmeza-de-un-instante-de-jesus-madrinan-en-las-cigarreras\/?occurrence=2026-10-03\" target=\"_self\" rel=\"noopener\">Exposici\u00f3n \u201cLa firmeza de un instante\u201d de Jes\u00fas Madri\u00f1\u00e1n en Las Cigarreras<\/a><span class=\"event-color\" style=\"background: #336dab\"><\/span><\/h4><div class=\"mec-event-detail\">\r\n                            <div class=\"mec-event-loc-place\">Centre culturel Las Cigarreras<\/div>\r\n                            \r\n                        <\/div><\/div><div style=\"clear:both\"><\/div><\/article><article class=\"mec-event-article \"><div class=\"mec-event-image\"><img loading=\"lazy\" decoding=\"async\" width=\"300\" height=\"300\" src=\"https:\/\/alicanteturismo.com\/wp-content\/uploads\/2025\/02\/Yacimiento-arqueologico-Lucentum.Lucentum-archaeological-remains-copia2-300x300.jpg\" class=\"attachment-thumblist size-thumblist wp-post-image\" alt=\"\" data-mec-postid=\"296353\" \/><\/div><div class=\"mec-monthly-contents\" style=\"width: calc(100% - 85px)\"><div class=\"mec-event-time mec-color\"><i class=\"mec-sl-clock-o\"><\/i> 10h30<\/div><h4 class=\"mec-event-title\"><a class=\"mec-color-hover\" data-event-id=\"296353\" href=\"https:\/\/alicanteturismo.com\/fr\/events\/visita-guiada-al-yacimiento-arqueologico-lucentum\/?occurrence=2026-10-03\" target=\"_self\" rel=\"noopener\">Visita guiada al yacimiento arqueol\u00f3gico Lucentum<\/a><span class=\"event-color\" style=\"background: #dd823b\"><\/span><\/h4><div class=\"mec-event-detail\">\r\n                            <div class=\"mec-event-loc-place\">Lucentum Tossal de Manises<\/div>\r\n                            \r\n                        <\/div><\/div><div style=\"clear:both\"><\/div><\/article><article class=\"mec-event-article \"><div class=\"mec-event-image\"><img loading=\"lazy\" decoding=\"async\" width=\"300\" height=\"300\" src=\"https:\/\/alicanteturismo.com\/wp-content\/uploads\/2026\/02\/castillo-degustaciones-chocolate-300x300.webp\" class=\"attachment-thumblist size-thumblist wp-post-image\" alt=\"\" data-mec-postid=\"317131\" \/><\/div><div class=\"mec-monthly-contents\" style=\"width: calc(100% - 85px)\"><div class=\"mec-event-time mec-color\"><i class=\"mec-sl-clock-o\"><\/i> 11h00 - 12h00<\/div><h4 class=\"mec-event-title\"><a class=\"mec-color-hover\" data-event-id=\"317131\" href=\"https:\/\/alicanteturismo.com\/fr\/events\/degustacionchocolatescastillosantabarbara\/?occurrence=2026-10-03\" target=\"_self\" rel=\"noopener\">Degustaci\u00f3n de chocolates y turrones de Alicante en el Castillo de Santa B\u00e1rbara<\/a><span class=\"event-color\" style=\"background: #dd823b\"><\/span><\/h4><div class=\"mec-event-detail\">\r\n                            <div class=\"mec-event-loc-place\">Ch\u00e2teau de Santa Barbara<\/div>\r\n                            \r\n                        <\/div><\/div><div style=\"clear:both\"><\/div><\/article><article class=\"mec-event-article \"><div class=\"mec-event-image\"><img loading=\"lazy\" decoding=\"async\" width=\"300\" height=\"300\" src=\"https:\/\/alicanteturismo.com\/wp-content\/uploads\/2026\/08\/descargar-2-300x300.png\" class=\"attachment-thumblist size-thumblist wp-post-image\" alt=\"\" data-mec-postid=\"322085\" \/><\/div><div class=\"mec-monthly-contents\" style=\"width: calc(100% - 85px)\"><div class=\"mec-event-time mec-color\"><i class=\"mec-sl-clock-o\"><\/i> 19h00<\/div><h4 class=\"mec-event-title\"><a class=\"mec-color-hover\" data-event-id=\"322085\" href=\"https:\/\/alicanteturismo.com\/fr\/events\/visite-guidee-de-la-tour-sarrio-et-du-centre-dinterpretation\/?occurrence=2026-10-03\" target=\"_self\" rel=\"noopener\">Visite guid\u00e9e de la tour Sarri\u00f3 et du centre d&rsquo;interpr\u00e9tation<\/a><span class=\"event-color\" style=\"background: #1e73be\"><\/span><\/h4><div class=\"mec-event-detail\">\r\n                            <div class=\"mec-event-loc-place\"><\/div>\r\n                            \r\n                        <\/div><\/div><div style=\"clear:both\"><\/div><\/article><\/div><div class=\"mec-calendar-events-sec\" id=\"mec-calendar-events-sec-mec1-20261004\" data-mec-cell=\"20261004\" ><h6 class=\"mec-table-side-title\">\u00c9v\u00e9nements pour le <span class=\"mec-color mec-table-side-day\"> 4th<\/span> octobre<\/h6><article class=\"mec-event-article \"><div class=\"mec-event-image\"><img fetchpriority=\"high\" decoding=\"async\" width=\"300\" height=\"300\" src=\"https:\/\/alicanteturismo.com\/wp-content\/uploads\/2025\/02\/castillo-de-santa-barbara-2016-Alicante-ERN_6938-29-copia-300x300.jpg\" class=\"attachment-thumblist size-thumblist wp-post-image\" alt=\"\" data-mec-postid=\"296389\" \/><\/div><div class=\"mec-monthly-contents\" style=\"width: calc(100% - 85px)\"><div class=\"mec-event-time mec-color\"><i class=\"mec-sl-clock-o\"><\/i> Journ\u00e9e enti\u00e8re<\/div><h4 class=\"mec-event-title\"><a class=\"mec-color-hover\" data-event-id=\"296389\" href=\"https:\/\/alicanteturismo.com\/fr\/events\/exposicion-permanente-musa\/?occurrence=2026-10-04\" target=\"_self\" rel=\"noopener\">Exposici\u00f3n Permanente MUSA<\/a><span class=\"event-color\" style=\"background: #336dab\"><\/span><\/h4><div class=\"mec-event-detail\">\r\n                            <div class=\"mec-event-loc-place\">Ch\u00e2teau de Santa Barbara<\/div>\r\n                            \r\n                        <\/div><\/div><div style=\"clear:both\"><\/div><\/article><article class=\"mec-event-article \"><div class=\"mec-event-image\"><img decoding=\"async\" width=\"300\" height=\"300\" src=\"https:\/\/alicanteturismo.com\/wp-content\/uploads\/2025\/10\/Via-lactea-Isla-de-Tabarca-300x300.jpg\" class=\"attachment-thumblist size-thumblist wp-post-image\" alt=\"\" data-mec-postid=\"313076\" \/><\/div><div class=\"mec-monthly-contents\" style=\"width: calc(100% - 85px)\"><h4 class=\"mec-event-title\"><a class=\"mec-color-hover\" data-event-id=\"313076\" href=\"https:\/\/alicanteturismo.com\/fr\/events\/stargazing-on-tabarca-island\/?occurrence=2026-10-04&amp;time=1791100800\" target=\"_self\" rel=\"noopener\">Stargazing on Tabarca Island<\/a><\/h4><div class=\"mec-event-detail\">\r\n                            <div class=\"mec-event-loc-place\">Isla Tabarca<\/div>\r\n                            \r\n                        <\/div><\/div><div style=\"clear:both\"><\/div><\/article><article class=\"mec-event-article \"><div class=\"mec-event-image\"><img loading=\"lazy\" decoding=\"async\" width=\"300\" height=\"300\" src=\"https:\/\/alicanteturismo.com\/wp-content\/uploads\/2026\/05\/marq-expo-300x300.jpg\" class=\"attachment-thumblist size-thumblist wp-post-image\" alt=\"\" data-mec-postid=\"320214\" \/><\/div><div class=\"mec-monthly-contents\" style=\"width: calc(100% - 85px)\"><div class=\"mec-event-time mec-color\"><i class=\"mec-sl-clock-o\"><\/i> Journ\u00e9e enti\u00e8re<\/div><h4 class=\"mec-event-title\"><a class=\"mec-color-hover\" data-event-id=\"320214\" href=\"https:\/\/alicanteturismo.com\/fr\/events\/rituales-de-pastores-exposicion-en-el-marq-canibalismo-y-enterramientos-en-la-cova-de-randero\/?occurrence=2026-10-04\" target=\"_self\" rel=\"noopener\">Rituales de pastores. Exposici\u00f3n en el MARQ: Canibalismo y enterramientos en la Cova de Randero<\/a><span class=\"event-color\" style=\"background: #336dab\"><\/span><\/h4><div class=\"mec-event-detail\">\r\n                            <div class=\"mec-event-loc-place\"><\/div>\r\n                            \r\n                        <\/div><\/div><div style=\"clear:both\"><\/div><\/article><article class=\"mec-event-article \"><div class=\"mec-event-image\"><img loading=\"lazy\" decoding=\"async\" width=\"300\" height=\"300\" src=\"https:\/\/alicanteturismo.com\/wp-content\/uploads\/2026\/06\/d5ac5a84-ac33-061c-0536-2bbb1a525433-300x300.png\" class=\"attachment-thumblist size-thumblist wp-post-image\" alt=\"\" data-mec-postid=\"321036\" \/><\/div><div class=\"mec-monthly-contents\" style=\"width: calc(100% - 85px)\"><div class=\"mec-event-time mec-color\"><i class=\"mec-sl-clock-o\"><\/i> Journ\u00e9e enti\u00e8re<\/div><h4 class=\"mec-event-title\"><a class=\"mec-color-hover\" data-event-id=\"321036\" href=\"https:\/\/alicanteturismo.com\/fr\/events\/exposition-de-par-en-par-a-la-fondation-mediterranee\/?occurrence=2026-10-04\" target=\"_self\" rel=\"noopener\">Exposition \u00ab\u00a0De par en par\u00a0\u00bb \u00e0 la Fondation M\u00e9diterran\u00e9e<\/a><span class=\"event-color\" style=\"background: #1e73be\"><\/span><\/h4><div class=\"mec-event-detail\">\r\n                            <div class=\"mec-event-loc-place\">Salle d&#039;exposition<\/div>\r\n                            \r\n                        <\/div><\/div><div style=\"clear:both\"><\/div><\/article><article class=\"mec-event-article \"><div class=\"mec-event-image\"><img loading=\"lazy\" decoding=\"async\" width=\"300\" height=\"300\" src=\"https:\/\/alicanteturismo.com\/wp-content\/uploads\/2026\/07\/descargar-1-300x300.png\" class=\"attachment-thumblist size-thumblist wp-post-image\" alt=\"\" data-mec-postid=\"321395\" \/><\/div><div class=\"mec-monthly-contents\" style=\"width: calc(100% - 85px)\"><div class=\"mec-event-time mec-color\"><i class=\"mec-sl-clock-o\"><\/i> Journ\u00e9e enti\u00e8re<\/div><h4 class=\"mec-event-title\"><a class=\"mec-color-hover\" data-event-id=\"321395\" href=\"https:\/\/alicanteturismo.com\/fr\/events\/exposition-lor-et-lunivers-savoirs-autochtones-de-colombie-au-marq\/?occurrence=2026-10-04\" target=\"_self\" rel=\"noopener\">Exposition \u00ab L&rsquo;OR ET L&rsquo;UNIVERS. Savoirs autochtones de Colombie \u00bb au MARQ<\/a><span class=\"event-color\" style=\"background: #dd9933\"><\/span><\/h4><div class=\"mec-event-detail\">\r\n                            <div class=\"mec-event-loc-place\"><\/div>\r\n                            \r\n                        <\/div><\/div><div style=\"clear:both\"><\/div><\/article><article class=\"mec-event-article \"><div class=\"mec-event-image\"><img loading=\"lazy\" decoding=\"async\" width=\"300\" height=\"300\" src=\"https:\/\/alicanteturismo.com\/wp-content\/uploads\/2026\/08\/descargar-1-300x300.png\" class=\"attachment-thumblist size-thumblist wp-post-image\" alt=\"\" data-mec-postid=\"322070\" \/><\/div><div class=\"mec-monthly-contents\" style=\"width: calc(100% - 85px)\"><h4 class=\"mec-event-title\"><a class=\"mec-color-hover\" data-event-id=\"322070\" href=\"https:\/\/alicanteturismo.com\/fr\/events\/visites-guidees-des-abris-anti-aeriens-et-du-centre-dinterpretation-de-la-guerre-civile\/?occurrence=2026-10-04\" target=\"_self\" rel=\"noopener\">Visites guid\u00e9es des abris anti-a\u00e9riens et du centre d&rsquo;interpr\u00e9tation de la guerre civile<\/a><span class=\"event-color\" style=\"background: #1e73be\"><\/span><\/h4><div class=\"mec-event-detail\">\r\n                            <div class=\"mec-event-loc-place\"><\/div>\r\n                            \r\n                        <\/div><\/div><div style=\"clear:both\"><\/div><\/article><article class=\"mec-event-article \"><div class=\"mec-event-image\"><img loading=\"lazy\" decoding=\"async\" width=\"300\" height=\"300\" src=\"https:\/\/alicanteturismo.com\/wp-content\/uploads\/2025\/02\/MA07110494-300x300.jpg\" class=\"attachment-thumblist size-thumblist wp-post-image\" alt=\"\" data-mec-postid=\"296395\" \/><\/div><div class=\"mec-monthly-contents\" style=\"width: calc(100% - 85px)\"><div class=\"mec-event-time mec-color\"><i class=\"mec-sl-clock-o\"><\/i> 10h00<\/div><h4 class=\"mec-event-title\"><a class=\"mec-color-hover\" data-event-id=\"296395\" href=\"https:\/\/alicanteturismo.com\/fr\/events\/exposicion-permanente-marq\/?occurrence=2026-10-04\" target=\"_self\" rel=\"noopener\">Exposici\u00f3n Permanente MARQ<\/a><span class=\"event-color\" style=\"background: #336dab\"><\/span><\/h4><div class=\"mec-event-detail\">\r\n                            <div class=\"mec-event-loc-place\">Museo Arqueol\u00f3gico de Alicante (MARQ)<\/div>\r\n                            \r\n                        <\/div><\/div><div style=\"clear:both\"><\/div><\/article><article class=\"mec-event-article \"><div class=\"mec-event-image\"><img loading=\"lazy\" decoding=\"async\" width=\"300\" height=\"300\" src=\"https:\/\/alicanteturismo.com\/wp-content\/uploads\/2025\/02\/mubag_diputacion_alicante-5-300x300.webp\" class=\"attachment-thumblist size-thumblist wp-post-image\" alt=\"\" data-mec-postid=\"296402\" \/><\/div><div class=\"mec-monthly-contents\" style=\"width: calc(100% - 85px)\"><div class=\"mec-event-time mec-color\"><i class=\"mec-sl-clock-o\"><\/i> 10h00<\/div><h4 class=\"mec-event-title\"><a class=\"mec-color-hover\" data-event-id=\"296402\" href=\"https:\/\/alicanteturismo.com\/fr\/events\/exposicion-permanente-en-el-mubag-el-siglo-xix-coleccion-a-la-luz\/?occurrence=2026-10-04\" target=\"_self\" rel=\"noopener\">Exposici\u00f3n Permanente en el MUBAG. El siglo XIX. Colecci\u00f3n a la Luz<\/a><span class=\"event-color\" style=\"background: #336dab\"><\/span><\/h4><div class=\"mec-event-detail\">\r\n                            <div class=\"mec-event-loc-place\">Museo de Bellas Artes Gravina (MUBAG)<\/div>\r\n                            \r\n                        <\/div><\/div><div style=\"clear:both\"><\/div><\/article><article class=\"mec-event-article \"><div class=\"mec-event-image\"><img loading=\"lazy\" decoding=\"async\" width=\"300\" height=\"300\" src=\"https:\/\/alicanteturismo.com\/wp-content\/uploads\/2025\/02\/maca-museo-rotated-1-300x300.webp\" class=\"attachment-thumblist size-thumblist wp-post-image\" alt=\"\" data-mec-postid=\"296408\" \/><\/div><div class=\"mec-monthly-contents\" style=\"width: calc(100% - 85px)\"><div class=\"mec-event-time mec-color\"><i class=\"mec-sl-clock-o\"><\/i> 10h00<\/div><h4 class=\"mec-event-title\"><a class=\"mec-color-hover\" data-event-id=\"296408\" href=\"https:\/\/alicanteturismo.com\/fr\/events\/exposicion-permanente-maca\/?occurrence=2026-10-04\" target=\"_self\" rel=\"noopener\">Exposici\u00f3n Permanente MACA<\/a><span class=\"event-color\" style=\"background: #336dab\"><\/span><\/h4><div class=\"mec-event-detail\">\r\n                            <div class=\"mec-event-loc-place\">Contemporary Art Museum of Alicante (MACA)<\/div>\r\n                            \r\n                        <\/div><\/div><div style=\"clear:both\"><\/div><\/article><article class=\"mec-event-article \"><div class=\"mec-event-image\"><img loading=\"lazy\" decoding=\"async\" width=\"300\" height=\"300\" src=\"https:\/\/alicanteturismo.com\/wp-content\/uploads\/2026\/02\/degustacion-vinos-300x300.webp\" class=\"attachment-thumblist size-thumblist wp-post-image\" alt=\"\" data-mec-postid=\"317139\" \/><\/div><div class=\"mec-monthly-contents\" style=\"width: calc(100% - 85px)\"><h4 class=\"mec-event-title\"><a class=\"mec-color-hover\" data-event-id=\"317139\" href=\"https:\/\/alicanteturismo.com\/fr\/events\/degustacionvinosyproductosalicantinos\/?occurrence=2026-10-04\" target=\"_self\" rel=\"noopener\">Degustaci\u00f3n de 3 vinos D.O y Productos alicantinos<\/a><span class=\"event-color\" style=\"background: #dd823b\"><\/span><\/h4><div class=\"mec-event-detail\">\r\n                            <div class=\"mec-event-loc-place\"><\/div>\r\n                            \r\n                        <\/div><\/div><div style=\"clear:both\"><\/div><\/article><article class=\"mec-event-article \"><div class=\"mec-event-image\"><img loading=\"lazy\" decoding=\"async\" width=\"300\" height=\"300\" src=\"https:\/\/alicanteturismo.com\/wp-content\/uploads\/2025\/02\/Yacimiento-arqueologico-Lucentum.Lucentum-archaeological-remains-copia2-300x300.jpg\" class=\"attachment-thumblist size-thumblist wp-post-image\" alt=\"\" data-mec-postid=\"296353\" \/><\/div><div class=\"mec-monthly-contents\" style=\"width: calc(100% - 85px)\"><div class=\"mec-event-time mec-color\"><i class=\"mec-sl-clock-o\"><\/i> 10h30<\/div><h4 class=\"mec-event-title\"><a class=\"mec-color-hover\" data-event-id=\"296353\" href=\"https:\/\/alicanteturismo.com\/fr\/events\/visita-guiada-al-yacimiento-arqueologico-lucentum\/?occurrence=2026-10-04\" target=\"_self\" rel=\"noopener\">Visita guiada al yacimiento arqueol\u00f3gico Lucentum<\/a><span class=\"event-color\" style=\"background: #dd823b\"><\/span><\/h4><div class=\"mec-event-detail\">\r\n                            <div class=\"mec-event-loc-place\">Lucentum Tossal de Manises<\/div>\r\n                            \r\n                        <\/div><\/div><div style=\"clear:both\"><\/div><\/article><article class=\"mec-event-article \"><div class=\"mec-event-image\"><img loading=\"lazy\" decoding=\"async\" width=\"300\" height=\"300\" src=\"https:\/\/alicanteturismo.com\/wp-content\/uploads\/2026\/02\/castillo-degustaciones-chocolate-300x300.webp\" class=\"attachment-thumblist size-thumblist wp-post-image\" alt=\"\" data-mec-postid=\"317131\" \/><\/div><div class=\"mec-monthly-contents\" style=\"width: calc(100% - 85px)\"><div class=\"mec-event-time mec-color\"><i class=\"mec-sl-clock-o\"><\/i> 11h00 - 12h00<\/div><h4 class=\"mec-event-title\"><a class=\"mec-color-hover\" data-event-id=\"317131\" href=\"https:\/\/alicanteturismo.com\/fr\/events\/degustacionchocolatescastillosantabarbara\/?occurrence=2026-10-04\" target=\"_self\" rel=\"noopener\">Degustaci\u00f3n de chocolates y turrones de Alicante en el Castillo de Santa B\u00e1rbara<\/a><span class=\"event-color\" style=\"background: #dd823b\"><\/span><\/h4><div class=\"mec-event-detail\">\r\n                            <div class=\"mec-event-loc-place\">Ch\u00e2teau de Santa Barbara<\/div>\r\n                            \r\n                        <\/div><\/div><div style=\"clear:both\"><\/div><\/article><\/div><\/div><\/div><\/div><div class=\"mec-event-footer\"><\/div>    <\/div>\r\n\r\n        \r\n        <div class=\"mec-modal-result\"><\/div>\r\n\r\n<\/div><\/div>\n\t\t\t\t\t\t<\/div>\n\t\t\t\t<\/div>\n\t\t\t\t<\/div>\n\t\t<div class=\"elementor-element elementor-element-7defe88 e-con-full e-ecs-flex e-flex e-con e-child\" data-id=\"7defe88\" data-element_type=\"container\" data-e-type=\"container\" data-settings=\"{&quot;ecs_container_type&quot;:&quot;flex&quot;}\">\n\t\t<div class=\"elementor-element elementor-element-725152c2 e-con-full e-ecs-flex e-flex e-con e-child\" data-id=\"725152c2\" data-element_type=\"container\" data-e-type=\"container\" data-settings=\"{&quot;ecs_container_type&quot;:&quot;flex&quot;}\">\n\t\t<div class=\"elementor-element elementor-element-6527b200 e-con-full e-ecs-flex e-flex e-con e-child\" data-id=\"6527b200\" data-element_type=\"container\" data-e-type=\"container\" data-settings=\"{&quot;ecs_container_type&quot;:&quot;flex&quot;}\">\n\t\t\t\t<div class=\"elementor-element elementor-element-5cabedff elementor-position-inline-start elementor-mobile-position-inline-start elementor-widget-mobile__width-inherit elementor-view-default elementor-widget elementor-widget-icon-box\" data-id=\"5cabedff\" data-element_type=\"widget\" data-e-type=\"widget\" data-widget_type=\"icon-box.default\">\n\t\t\t\t<div class=\"elementor-widget-container\">\n\t\t\t\t\t\t\t<div class=\"elementor-icon-box-wrapper\">\n\n\t\t\t\t\t\t<div class=\"elementor-icon-box-icon\">\n\t\t\t\t<span  class=\"elementor-icon\">\n\t\t\t\t<svg xmlns=\"http:\/\/www.w3.org\/2000\/svg\" xmlns:xlink=\"http:\/\/www.w3.org\/1999\/xlink\" width=\"512\" height=\"512\" x=\"0\" y=\"0\" viewBox=\"0 0 32 32\" style=\"enable-background:new 0 0 512 512\" xml:space=\"preserve\" class=\"\"><g><path d=\"M30 15h-5v11a1 1 0 0 0 1 1 3 3 0 0 1 3 3 5 5 0 0 0 2-4V16a1 1 0 0 0-1-1z\" fill=\"#00adbb\" opacity=\"1\" data-original=\"#000000\" class=\"\"><\/path><path d=\"M26 29a3 3 0 0 1-3-3V2a1 1 0 0 0-1-1H2a1 1 0 0 0-1 1v24a5 5 0 0 0 5 5h20a1 1 0 0 0 0-2zM7 9h1a1 1 0 0 1 0 2H7a1 1 0 0 1 0-2zm10 14H7a1 1 0 0 1 0-2h10a1 1 0 0 1 0 2zm0-6H7a1 1 0 0 1 0-2h10a1 1 0 0 1 0 2zm0-6h-5a1 1 0 0 1 0-2h5a1 1 0 0 1 0 2z\" fill=\"#00adbb\" opacity=\"1\" data-original=\"#000000\" class=\"\"><\/path><\/g><\/svg>\t\t\t\t<\/span>\n\t\t\t<\/div>\n\t\t\t\n\t\t\t\t\t\t<div class=\"elementor-icon-box-content\">\n\n\t\t\t\t\t\t\t\t\t<h2 class=\"elementor-icon-box-title\">\n\t\t\t\t\t\t<span  >\n\t\t\t\t\t\t\tActualit\u00e9s\t\t\t\t\t\t<\/span>\n\t\t\t\t\t<\/h2>\n\t\t\t\t\n\t\t\t\t\n\t\t\t<\/div>\n\t\t\t\n\t\t<\/div>\n\t\t\t\t\t\t<\/div>\n\t\t\t\t<\/div>\n\t\t\t\t<div class=\"elementor-element elementor-element-6522d886 elementor-widget-mobile__width-inherit elementor-widget elementor-widget-heading\" data-id=\"6522d886\" data-element_type=\"widget\" data-e-type=\"widget\" data-widget_type=\"heading.default\">\n\t\t\t\t<div class=\"elementor-widget-container\">\n\t\t\t\t\t<h5 class=\"elementor-heading-title elementor-size-default\"><a href=\"https:\/\/alicanteturismo.com\/fr\/actualites\/\">Toutes les nouvelles<\/a><\/h5>\t\t\t\t<\/div>\n\t\t\t\t<\/div>\n\t\t\t\t<\/div>\n\t\t\t\t<\/div>\n\t\t\t\t<\/div>\n\t\t\t\t<\/div>\n\t\t","protected":false},"excerpt":{"rendered":"<p>Calendrier des \u00e9v\u00e9nements Actualit\u00e9s Toutes les nouvelles<\/p>\n","protected":false},"author":1,"featured_media":0,"parent":0,"menu_order":0,"comment_status":"closed","ping_status":"closed","template":"","meta":{"_acf_changed":false,"footnotes":""},"class_list":["post-284184","page","type-page","status-publish","hentry"],"acf":[],"_links":{"self":[{"href":"https:\/\/alicanteturismo.com\/fr\/wp-json\/wp\/v2\/pages\/284184","targetHints":{"allow":["GET"]}}],"collection":[{"href":"https:\/\/alicanteturismo.com\/fr\/wp-json\/wp\/v2\/pages"}],"about":[{"href":"https:\/\/alicanteturismo.com\/fr\/wp-json\/wp\/v2\/types\/page"}],"author":[{"embeddable":true,"href":"https:\/\/alicanteturismo.com\/fr\/wp-json\/wp\/v2\/users\/1"}],"replies":[{"embeddable":true,"href":"https:\/\/alicanteturismo.com\/fr\/wp-json\/wp\/v2\/comments?post=284184"}],"version-history":[{"count":0,"href":"https:\/\/alicanteturismo.com\/fr\/wp-json\/wp\/v2\/pages\/284184\/revisions"}],"wp:attachment":[{"href":"https:\/\/alicanteturismo.com\/fr\/wp-json\/wp\/v2\/media?parent=284184"}],"curies":[{"name":"wp","href":"https:\/\/api.w.org\/{rel}","templated":true}]}}