{"id":283305,"date":"2024-05-29T10:40:07","date_gmt":"2024-05-29T08:40:07","guid":{"rendered":"https:\/\/dev.alicanteturismo.com\/monuments-et-patrimoine-historique\/"},"modified":"2025-10-03T10:25:40","modified_gmt":"2025-10-03T08:25:40","slug":"monuments-et-patrimoine-historique","status":"publish","type":"page","link":"https:\/\/alicanteturismo.com\/fr\/monuments-et-patrimoine-historique\/","title":{"rendered":"Monuments et patrimoine historique"},"content":{"rendered":"\t\t<div data-elementor-type=\"wp-page\" data-elementor-id=\"283305\" class=\"elementor elementor-283305 elementor-3565\" data-elementor-post-type=\"page\">\n\t\t\t\t<div style=\"background-image: url(https:\/\/alicanteturismo.com\/wp-content\/uploads\/2024\/05\/barbara-scaled-e1716981614366.jpeg);background-position:center center;background-repeat:no-repeat;background-size:cover;\" class=\"e-lazyloaded elementor-element elementor-element-b8046bf e-con-full e-flex e-con e-parent\" data-id=\"b8046bf\" data-element_type=\"container\" data-e-type=\"container\" data-settings=\"{&quot;background_background&quot;:&quot;video&quot;,&quot;background_video_link&quot;:&quot;https:\\\/\\\/www.youtube.com\\\/watch?v=OoLMsoClmtU&quot;}\">\n\t\t<div class=\"elementor-background-video-container elementor-hidden-mobile\">\n\t\t\t\t\t\t\t<div class=\"elementor-background-video-embed\" role=\"presentation\"><\/div>\n\t\t\t\t\t\t<\/div>\t\t<\/div>\n\t\t<div class=\"elementor-element elementor-element-e3cdd97 e-con-full e-flex e-con e-parent\" data-id=\"e3cdd97\" data-element_type=\"container\" data-e-type=\"container\">\n\t\t\t\t<div class=\"elementor-element elementor-element-56d7615 elementor-widget__width-initial elementor-widget-tablet__width-inherit elementor-widget elementor-widget-text-editor\" data-id=\"56d7615\" data-element_type=\"widget\" data-e-type=\"widget\" data-widget_type=\"text-editor.default\">\n\t\t\t\t<div class=\"elementor-widget-container\">\n\t\t\t\t\t\t\t\t\t<p>Alicante est une ville qui regorge d&rsquo;histoire, de culture et de beaut\u00e9 \u00e0 chaque tournant. Son patrimoine historique, qui va de<strong> monuments impressionnants<\/strong>\u00e0 de charmants coins pleins de vie, refl\u00e8te des si\u00e8cles d&rsquo;influences mauresques, chr\u00e9tiennes et m\u00e9diterran\u00e9ennes.   <\/p>\n<p>De l&rsquo;imposant <strong>ch\u00e2teau de Santa Barbara<\/strong>, qui domine la ville et offre des vues spectaculaires, \u00e0 l&rsquo;\u00e9l\u00e9gante <strong>Esplanade d&rsquo;Espagne<\/strong>, ses <strong>monuments<\/strong> refl\u00e8tent des si\u00e8cles de culture et de tradition m\u00e9diterran\u00e9ennes. Dans la vieille ville, des joyaux tels que la <strong>co-cath\u00e9drale de San Nicolas<\/strong> et la <strong>basilique de Santa Maria<\/strong> se distinguent par leur valeur architecturale. <\/p>\n<p>\u00c0 quelques kilom\u00e8tres de l\u00e0, l&rsquo;<strong>\u00eele de Tabarca<\/strong>, avec ses murailles et son \u00e9glise pittoresque, est un lieu incontournable pour ceux qui recherchent l&rsquo;histoire et la nature dans un cadre unique. D\u00e9couvrez l&rsquo;h\u00e9ritage vivant d&rsquo;Alicante ! <\/p>\n\t\t\t\t\t\t\t\t<\/div>\n\t\t\t\t<\/div>\n\t\t<div class=\"elementor-element elementor-element-6a7486a e-con-full e-flex e-con e-child\" data-id=\"6a7486a\" data-element_type=\"container\" data-e-type=\"container\" id=\"civiles\" data-settings=\"{&quot;background_background&quot;:&quot;classic&quot;}\">\n\t\t\t\t<div class=\"elementor-element elementor-element-250c7bb elementor-position-inline-start elementor-mobile-position-inline-start elementor-view-default elementor-widget elementor-widget-icon-box\" data-id=\"250c7bb\" data-element_type=\"widget\" data-e-type=\"widget\" data-widget_type=\"icon-box.default\">\n\t\t\t\t<div class=\"elementor-widget-container\">\n\t\t\t\t\t\t\t<div class=\"elementor-icon-box-wrapper\">\n\n\t\t\t\t\t\t<div class=\"elementor-icon-box-icon\">\n\t\t\t\t<span  class=\"elementor-icon\">\n\t\t\t\t<svg aria-hidden=\"true\" class=\"e-font-icon-svg e-fas-archway\" viewBox=\"0 0 576 512\" xmlns=\"http:\/\/www.w3.org\/2000\/svg\"><path d=\"M560 448h-16V96H32v352H16.02c-8.84 0-16 7.16-16 16v32c0 8.84 7.16 16 16 16H176c8.84 0 16-7.16 16-16V320c0-53.02 42.98-96 96-96s96 42.98 96 96l.02 160v16c0 8.84 7.16 16 16 16H560c8.84 0 16-7.16 16-16v-32c0-8.84-7.16-16-16-16zm0-448H16C7.16 0 0 7.16 0 16v32c0 8.84 7.16 16 16 16h544c8.84 0 16-7.16 16-16V16c0-8.84-7.16-16-16-16z\"><\/path><\/svg>\t\t\t\t<\/span>\n\t\t\t<\/div>\n\t\t\t\n\t\t\t\t\t\t<div class=\"elementor-icon-box-content\">\n\n\t\t\t\t\t\t\t\t\t<h2 class=\"elementor-icon-box-title\">\n\t\t\t\t\t\t<span  >\n\t\t\t\t\t\t\tMonuments civils\t\t\t\t\t\t<\/span>\n\t\t\t\t\t<\/h2>\n\t\t\t\t\n\t\t\t\t\n\t\t\t<\/div>\n\t\t\t\n\t\t<\/div>\n\t\t\t\t\t\t<\/div>\n\t\t\t\t<\/div>\n\t\t<div class=\"elementor-element elementor-element-ca52205 e-con-full elementor-hidden-mobile_extra elementor-hidden-mobile e-flex e-con e-child\" data-id=\"ca52205\" data-element_type=\"container\" data-e-type=\"container\">\n\t\t\t\t<div class=\"elementor-element elementor-element-c2aed6f elementor-flip-box--effect-slide elementor-widget__width-initial elementor-flip-box--direction-up elementor-widget elementor-widget-flip-box\" data-id=\"c2aed6f\" data-element_type=\"widget\" data-e-type=\"widget\" data-widget_type=\"flip-box.default\">\n\t\t\t\t<div class=\"elementor-widget-container\">\n\t\t\t\t\t\t\t<div class=\"elementor-flip-box\" tabindex=\"0\">\n\t\t\t<div class=\"elementor-flip-box__layer elementor-flip-box__front\">\n\t\t\t\t<div class=\"elementor-flip-box__layer__overlay\">\n\t\t\t\t\t<div class=\"elementor-flip-box__layer__inner\">\n\t\t\t\t\t\t\t\t\t\t\t\t\t<div class=\"elementor-icon-wrapper elementor-view-default\">\n\t\t\t\t\t\t\t\t<div class=\"elementor-icon\">\n\t\t\t\t\t\t\t\t\t\t\t\t\t\t\t\t\t<\/div>\n\t\t\t\t\t\t\t<\/div>\n\t\t\t\t\t\t\n\t\t\t\t\t\t\t\t\t\t\t\t\t<h3 class=\"elementor-flip-box__layer__title\">\n\t\t\t\t\t\t\t\tConseil municipal d'Alicante\t\t\t\t\t\t\t<\/h3>\n\t\t\t\t\t\t\n\t\t\t\t\t\t\t\t\t\t\t<\/div>\n\t\t\t\t<\/div>\n\t\t\t<\/div>\n\t\t\t<div class=\"elementor-flip-box__layer elementor-flip-box__back\">\n\t\t\t<div class=\"elementor-flip-box__layer__overlay\">\n\t\t\t\t<div class=\"elementor-flip-box__layer__inner\">\n\t\t\t\t\t\t\t\t\t\t\t<h3 class=\"elementor-flip-box__layer__title\">\n\t\t\t\t\t\t\tConseil municipal d'Alicante\t\t\t\t\t\t<\/h3>\n\t\t\t\t\t\n\t\t\t\t\t\t\t\t\t\t\t<div class=\"elementor-flip-box__layer__description\">\n\t\t\t\t\t\t\tL'h\u00f4tel de ville d'Alicante, majestueux \u00e9difice baroque du XVIIIe si\u00e8cle, est un exemple de la splendeur architecturale de la ville. Avec son impressionnante fa\u00e7ade et son embl\u00e9matique \"Cota Cero\" sur les escaliers, d'o\u00f9 l'on mesure les hauteurs au-dessus du niveau de la mer en Espagne, c'est un lieu charg\u00e9 d'histoire. Son int\u00e9rieur abrite des \u0153uvres d'art et des espaces d'une grande valeur patrimoniale.    \t\t\t\t\t\t<\/div>\n\t\t\t\t\t\n\t\t\t\t\t\t\t\t\t\t\t<a class=\"elementor-flip-box__button elementor-button elementor-size-sm\" href=\"https:\/\/alicanteturismo.com\/Monumentos\/ayuntamiento-de-alicante\/\">\n\t\t\t\t\t\t\tEn savoir plus\t\t\t\t\t\t<\/a>\n\t\t\t\t\t\t\t\t<\/div>\n\t\t<\/div>\n\t\t<\/div>\n\t\t<\/div>\n\t\t\t\t\t\t<\/div>\n\t\t\t\t<\/div>\n\t\t\t\t<div class=\"elementor-element elementor-element-6498edc elementor-flip-box--effect-slide elementor-widget__width-initial elementor-flip-box--direction-up elementor-widget elementor-widget-flip-box\" data-id=\"6498edc\" data-element_type=\"widget\" data-e-type=\"widget\" data-widget_type=\"flip-box.default\">\n\t\t\t\t<div class=\"elementor-widget-container\">\n\t\t\t\t\t\t\t<div class=\"elementor-flip-box\" tabindex=\"0\">\n\t\t\t<div class=\"elementor-flip-box__layer elementor-flip-box__front\">\n\t\t\t\t<div class=\"elementor-flip-box__layer__overlay\">\n\t\t\t\t\t<div class=\"elementor-flip-box__layer__inner\">\n\t\t\t\t\t\t\t\t\t\t\t\t\t<div class=\"elementor-icon-wrapper elementor-view-default\">\n\t\t\t\t\t\t\t\t<div class=\"elementor-icon\">\n\t\t\t\t\t\t\t\t\t\t\t\t\t\t\t\t\t<\/div>\n\t\t\t\t\t\t\t<\/div>\n\t\t\t\t\t\t\n\t\t\t\t\t\t\t\t\t\t\t\t\t<h3 class=\"elementor-flip-box__layer__title\">\n\t\t\t\t\t\t\t\tCH\u00c2TEAU DE SANTA BARBARA\t\t\t\t\t\t\t<\/h3>\n\t\t\t\t\t\t\n\t\t\t\t\t\t\t\t\t\t\t<\/div>\n\t\t\t\t<\/div>\n\t\t\t<\/div>\n\t\t\t<div class=\"elementor-flip-box__layer elementor-flip-box__back\">\n\t\t\t<div class=\"elementor-flip-box__layer__overlay\">\n\t\t\t\t<div class=\"elementor-flip-box__layer__inner\">\n\t\t\t\t\t\t\t\t\t\t\t<h3 class=\"elementor-flip-box__layer__title\">\n\t\t\t\t\t\t\tCh\u00e2teau de Santa Barbara\t\t\t\t\t\t<\/h3>\n\t\t\t\t\t\n\t\t\t\t\t\t\t\t\t\t\t<div class=\"elementor-flip-box__layer__description\">\n\t\t\t\t\t\t\tDominant l'horizon depuis le mont Benacantil, le ch\u00e2teau de Santa Barbara est l'un des plus grands symboles d'Alicante. Cette majestueuse forteresse offre des vues panoramiques \u00e0 couper le souffle sur la ville et la mer. Son histoire, qui remonte \u00e0 l'\u00e9poque musulmane, peut \u00eatre explor\u00e9e \u00e0 travers ses murs, ses tours et ses cours, ce qui fait du ch\u00e2teau un lieu incontournable pour ceux qui souhaitent d\u00e9couvrir le pass\u00e9 et le pr\u00e9sent d'Alicante.  \t\t\t\t\t\t<\/div>\n\t\t\t\t\t\n\t\t\t\t\t\t\t\t\t\t\t<a class=\"elementor-flip-box__button elementor-button elementor-size-sm\" href=\"https:\/\/alicanteturismo.com\/fr\/chateau-de-santa-barbara\/\">\n\t\t\t\t\t\t\tEn savoir plus\t\t\t\t\t\t<\/a>\n\t\t\t\t\t\t\t\t<\/div>\n\t\t<\/div>\n\t\t<\/div>\n\t\t<\/div>\n\t\t\t\t\t\t<\/div>\n\t\t\t\t<\/div>\n\t\t\t\t<div class=\"elementor-element elementor-element-69b1af8 elementor-flip-box--effect-slide elementor-widget__width-initial elementor-flip-box--direction-up elementor-widget elementor-widget-flip-box\" data-id=\"69b1af8\" data-element_type=\"widget\" data-e-type=\"widget\" data-widget_type=\"flip-box.default\">\n\t\t\t\t<div class=\"elementor-widget-container\">\n\t\t\t\t\t\t\t<div class=\"elementor-flip-box\" tabindex=\"0\">\n\t\t\t<div class=\"elementor-flip-box__layer elementor-flip-box__front\">\n\t\t\t\t<div class=\"elementor-flip-box__layer__overlay\">\n\t\t\t\t\t<div class=\"elementor-flip-box__layer__inner\">\n\t\t\t\t\t\t\t\t\t\t\t\t\t<div class=\"elementor-icon-wrapper elementor-view-default\">\n\t\t\t\t\t\t\t\t<div class=\"elementor-icon\">\n\t\t\t\t\t\t\t\t\t\t\t\t\t\t\t\t\t<\/div>\n\t\t\t\t\t\t\t<\/div>\n\t\t\t\t\t\t\n\t\t\t\t\t\t\t\t\t\t\t\t\t<h3 class=\"elementor-flip-box__layer__title\">\n\t\t\t\t\t\t\t\tEsplanade d'Espagne et Casa Carbonell\t\t\t\t\t\t\t<\/h3>\n\t\t\t\t\t\t\n\t\t\t\t\t\t\t\t\t\t\t<\/div>\n\t\t\t\t<\/div>\n\t\t\t<\/div>\n\t\t\t<div class=\"elementor-flip-box__layer elementor-flip-box__back\">\n\t\t\t<div class=\"elementor-flip-box__layer__overlay\">\n\t\t\t\t<div class=\"elementor-flip-box__layer__inner\">\n\t\t\t\t\t\t\t\t\t\t\t<h3 class=\"elementor-flip-box__layer__title\">\n\t\t\t\t\t\t\tEsplanade d'Espagne et Casa Carbonell\t\t\t\t\t\t<\/h3>\n\t\t\t\t\t\n\t\t\t\t\t\t\t\t\t\t\t<div class=\"elementor-flip-box__layer__description\">\n\t\t\t\t\t\t\tL'Explanada de Espa\u00f1a est la promenade la plus embl\u00e9matique d'Alicante. Ses plus de six millions de tesselles de marbre color\u00e9es cr\u00e9ent une mosa\u00efque ondulante qui imite les vagues de la mer. Entour\u00e9e de palmiers, cette promenade est id\u00e9ale pour une balade relaxante avec vue sur le port et l'endroit parfait pour s'impr\u00e9gner de l'atmosph\u00e8re m\u00e9diterran\u00e9enne. \u00c0 l'une des extr\u00e9mit\u00e9s de la promenade se trouve l'embl\u00e9matique Casa Carbonell.   <br>\t\t\t\t\t\t<\/div>\n\t\t\t\t\t\n\t\t\t\t\t\t\t\t\t\t\t<a class=\"elementor-flip-box__button elementor-button elementor-size-sm\" href=\"https:\/\/alicanteturismo.com\/ca\/jardines\/lesplanada-despanya\/\">\n\t\t\t\t\t\t\tEn savoir plus\t\t\t\t\t\t<\/a>\n\t\t\t\t\t\t\t\t<\/div>\n\t\t<\/div>\n\t\t<\/div>\n\t\t<\/div>\n\t\t\t\t\t\t<\/div>\n\t\t\t\t<\/div>\n\t\t\t\t<div class=\"elementor-element elementor-element-c928af4 elementor-flip-box--effect-slide elementor-widget__width-initial elementor-flip-box--direction-up elementor-widget elementor-widget-flip-box\" data-id=\"c928af4\" data-element_type=\"widget\" data-e-type=\"widget\" data-widget_type=\"flip-box.default\">\n\t\t\t\t<div class=\"elementor-widget-container\">\n\t\t\t\t\t\t\t<div class=\"elementor-flip-box\" tabindex=\"0\">\n\t\t\t<div class=\"elementor-flip-box__layer elementor-flip-box__front\">\n\t\t\t\t<div class=\"elementor-flip-box__layer__overlay\">\n\t\t\t\t\t<div class=\"elementor-flip-box__layer__inner\">\n\t\t\t\t\t\t\t\t\t\t\t\t\t<div class=\"elementor-icon-wrapper elementor-view-default\">\n\t\t\t\t\t\t\t\t<div class=\"elementor-icon\">\n\t\t\t\t\t\t\t\t\t\t\t\t\t\t\t\t\t<\/div>\n\t\t\t\t\t\t\t<\/div>\n\t\t\t\t\t\t\n\t\t\t\t\t\t\t\t\t\t\t\t\t<h3 class=\"elementor-flip-box__layer__title\">\n\t\t\t\t\t\t\t\tQuartier de Santa Cruz\t\t\t\t\t\t\t<\/h3>\n\t\t\t\t\t\t\n\t\t\t\t\t\t\t\t\t\t\t<\/div>\n\t\t\t\t<\/div>\n\t\t\t<\/div>\n\t\t\t<div class=\"elementor-flip-box__layer elementor-flip-box__back\">\n\t\t\t<div class=\"elementor-flip-box__layer__overlay\">\n\t\t\t\t<div class=\"elementor-flip-box__layer__inner\">\n\t\t\t\t\t\t\t\t\t\t\t<h3 class=\"elementor-flip-box__layer__title\">\n\t\t\t\t\t\t\tQuartier de Santa Cruz\t\t\t\t\t\t<\/h3>\n\t\t\t\t\t\n\t\t\t\t\t\t\t\t\t\t\t<div class=\"elementor-flip-box__layer__description\">\n\t\t\t\t\t\t\tLe Barrio de Santa Cruz est le c\u0153ur le plus pittoresque et le plus traditionnel d'Alicante. Situ\u00e9 sur les pentes du mont Benacantil, ce quartier aux rues \u00e9troites et escarp\u00e9es, orn\u00e9es de pots de fleurs color\u00e9s, offre une exp\u00e9rience m\u00e9diterran\u00e9enne authentique. Ses maisons blanchies \u00e0 la chaux et son atmosph\u00e8re chaleureuse font de ce quartier un endroit id\u00e9al pour se perdre et profiter de ses points de vue sur la mer.  \t\t\t\t\t\t<\/div>\n\t\t\t\t\t\n\t\t\t\t\t\t\t\t\t\t\t<a class=\"elementor-flip-box__button elementor-button elementor-size-sm\" href=\"https:\/\/alicanteturismo.com\/ca\/monumentos\/barri-de-santa-creu\/\">\n\t\t\t\t\t\t\tEn savoir plus\t\t\t\t\t\t<\/a>\n\t\t\t\t\t\t\t\t<\/div>\n\t\t<\/div>\n\t\t<\/div>\n\t\t<\/div>\n\t\t\t\t\t\t<\/div>\n\t\t\t\t<\/div>\n\t\t\t\t<div class=\"elementor-element elementor-element-094a306 elementor-flip-box--effect-slide elementor-widget__width-initial elementor-flip-box--direction-up elementor-widget elementor-widget-flip-box\" data-id=\"094a306\" data-element_type=\"widget\" data-e-type=\"widget\" data-widget_type=\"flip-box.default\">\n\t\t\t\t<div class=\"elementor-widget-container\">\n\t\t\t\t\t\t\t<div class=\"elementor-flip-box\" tabindex=\"0\">\n\t\t\t<div class=\"elementor-flip-box__layer elementor-flip-box__front\">\n\t\t\t\t<div class=\"elementor-flip-box__layer__overlay\">\n\t\t\t\t\t<div class=\"elementor-flip-box__layer__inner\">\n\t\t\t\t\t\t\t\t\t\t\t\t\t<div class=\"elementor-icon-wrapper elementor-view-default\">\n\t\t\t\t\t\t\t\t<div class=\"elementor-icon\">\n\t\t\t\t\t\t\t\t\t\t\t\t\t\t\t\t\t<\/div>\n\t\t\t\t\t\t\t<\/div>\n\t\t\t\t\t\t\n\t\t\t\t\t\t\t\t\t\t\t\t\t<h3 class=\"elementor-flip-box__layer__title\">\n\t\t\t\t\t\t\t\tMarch\u00e9 central\t\t\t\t\t\t\t<\/h3>\n\t\t\t\t\t\t\n\t\t\t\t\t\t\t\t\t\t\t<\/div>\n\t\t\t\t<\/div>\n\t\t\t<\/div>\n\t\t\t<div class=\"elementor-flip-box__layer elementor-flip-box__back\">\n\t\t\t<div class=\"elementor-flip-box__layer__overlay\">\n\t\t\t\t<div class=\"elementor-flip-box__layer__inner\">\n\t\t\t\t\t\t\t\t\t\t\t<h3 class=\"elementor-flip-box__layer__title\">\n\t\t\t\t\t\t\tMarch\u00e9 central\t\t\t\t\t\t<\/h3>\n\t\t\t\t\t\n\t\t\t\t\t\t\t\t\t\t\t<div class=\"elementor-flip-box__layer__description\">\n\t\t\t\t\t\t\tLe march\u00e9 central d'Alicante est le centre n\u00e9vralgique de la vie locale, o\u00f9 vous trouverez des produits frais et de qualit\u00e9. Ouvert en 1921 et dot\u00e9 d'une spectaculaire fa\u00e7ade de style \u00e9clectique, le march\u00e9 est un espace anim\u00e9 o\u00f9 les ar\u00f4mes et les saveurs de la gastronomie d'Alicante prennent vie. C'est l'endroit id\u00e9al pour s'immerger dans la culture culinaire de la ville.  \t\t\t\t\t\t<\/div>\n\t\t\t\t\t\n\t\t\t\t\t\t\t\t\t\t\t<a class=\"elementor-flip-box__button elementor-button elementor-size-sm\" href=\"https:\/\/alicanteturismo.com\/Monumentos\/mercado-central-de-alicante\/\">\n\t\t\t\t\t\t\tEn savoir plus\t\t\t\t\t\t<\/a>\n\t\t\t\t\t\t\t\t<\/div>\n\t\t<\/div>\n\t\t<\/div>\n\t\t<\/div>\n\t\t\t\t\t\t<\/div>\n\t\t\t\t<\/div>\n\t\t\t\t<div class=\"elementor-element elementor-element-d58a3a1 elementor-flip-box--effect-slide elementor-widget__width-initial elementor-flip-box--direction-up elementor-widget elementor-widget-flip-box\" data-id=\"d58a3a1\" data-element_type=\"widget\" data-e-type=\"widget\" data-widget_type=\"flip-box.default\">\n\t\t\t\t<div class=\"elementor-widget-container\">\n\t\t\t\t\t\t\t<div class=\"elementor-flip-box\" tabindex=\"0\">\n\t\t\t<div class=\"elementor-flip-box__layer elementor-flip-box__front\">\n\t\t\t\t<div class=\"elementor-flip-box__layer__overlay\">\n\t\t\t\t\t<div class=\"elementor-flip-box__layer__inner\">\n\t\t\t\t\t\t\t\t\t\t\t\t\t<div class=\"elementor-icon-wrapper elementor-view-default\">\n\t\t\t\t\t\t\t\t<div class=\"elementor-icon\">\n\t\t\t\t\t\t\t\t\t\t\t\t\t\t\t\t\t<\/div>\n\t\t\t\t\t\t\t<\/div>\n\t\t\t\t\t\t\n\t\t\t\t\t\t\t\t\t\t\t\t\t<h3 class=\"elementor-flip-box__layer__title\">\n\t\t\t\t\t\t\t\tSite historique et artistique de Tabarca\t\t\t\t\t\t\t<\/h3>\n\t\t\t\t\t\t\n\t\t\t\t\t\t\t\t\t\t\t<\/div>\n\t\t\t\t<\/div>\n\t\t\t<\/div>\n\t\t\t<div class=\"elementor-flip-box__layer elementor-flip-box__back\">\n\t\t\t<div class=\"elementor-flip-box__layer__overlay\">\n\t\t\t\t<div class=\"elementor-flip-box__layer__inner\">\n\t\t\t\t\t\t\t\t\t\t\t<h3 class=\"elementor-flip-box__layer__title\">\n\t\t\t\t\t\t\tSite historique et artistique de Tabarca\t\t\t\t\t\t<\/h3>\n\t\t\t\t\t\n\t\t\t\t\t\t\t\t\t\t\t<div class=\"elementor-flip-box__layer__description\">\n\t\t\t\t\t\t\t\u00c0 quelques kilom\u00e8tres de la c\u00f4te d'Alicante se trouve l'\u00eele de Tabarca, la seule \u00eele habit\u00e9e de la Communaut\u00e9 valencienne. D\u00e9clar\u00e9e site historique et artistique, son pittoresque village fortifi\u00e9, ses eaux cristallines et sa riche biodiversit\u00e9 en font une destination id\u00e9ale pour les amateurs d'histoire et de nature. Tabarca est l'endroit id\u00e9al pour une escapade pleine de charme m\u00e9diterran\u00e9en.  \t\t\t\t\t\t<\/div>\n\t\t\t\t\t\n\t\t\t\t\t\t\t\t\t\t\t<a class=\"elementor-flip-box__button elementor-button elementor-size-sm\" href=\"https:\/\/alicanteturismo.com\/fr\/ile-de-tabarca\/\">\n\t\t\t\t\t\t\tEn savoir plus\t\t\t\t\t\t<\/a>\n\t\t\t\t\t\t\t\t<\/div>\n\t\t<\/div>\n\t\t<\/div>\n\t\t<\/div>\n\t\t\t\t\t\t<\/div>\n\t\t\t\t<\/div>\n\t\t\t\t<div class=\"elementor-element elementor-element-fcc20ea elementor-flip-box--effect-slide elementor-widget__width-initial elementor-flip-box--direction-up elementor-widget elementor-widget-flip-box\" data-id=\"fcc20ea\" data-element_type=\"widget\" data-e-type=\"widget\" data-widget_type=\"flip-box.default\">\n\t\t\t\t<div class=\"elementor-widget-container\">\n\t\t\t\t\t\t\t<div class=\"elementor-flip-box\" tabindex=\"0\">\n\t\t\t<div class=\"elementor-flip-box__layer elementor-flip-box__front\">\n\t\t\t\t<div class=\"elementor-flip-box__layer__overlay\">\n\t\t\t\t\t<div class=\"elementor-flip-box__layer__inner\">\n\t\t\t\t\t\t\t\t\t\t\t\t\t<div class=\"elementor-icon-wrapper elementor-view-default\">\n\t\t\t\t\t\t\t\t<div class=\"elementor-icon\">\n\t\t\t\t\t\t\t\t\t\t\t\t\t\t\t\t\t<\/div>\n\t\t\t\t\t\t\t<\/div>\n\t\t\t\t\t\t\n\t\t\t\t\t\t\t\t\t\t\t\t\t<h3 class=\"elementor-flip-box__layer__title\">\n\t\t\t\t\t\t\t\tFontaine des Luceros\t\t\t\t\t\t\t<\/h3>\n\t\t\t\t\t\t\n\t\t\t\t\t\t\t\t\t\t\t<\/div>\n\t\t\t\t<\/div>\n\t\t\t<\/div>\n\t\t\t<div class=\"elementor-flip-box__layer elementor-flip-box__back\">\n\t\t\t<div class=\"elementor-flip-box__layer__overlay\">\n\t\t\t\t<div class=\"elementor-flip-box__layer__inner\">\n\t\t\t\t\t\t\t\t\t\t\t<h3 class=\"elementor-flip-box__layer__title\">\n\t\t\t\t\t\t\tFontaine des Luceros\t\t\t\t\t\t<\/h3>\n\t\t\t\t\t\n\t\t\t\t\t\t\t\t\t\t\t<div class=\"elementor-flip-box__layer__description\">\n\t\t\t\t\t\t\tLa fontaine Fuente de los Luceros est l'un des monuments les plus repr\u00e9sentatifs d'Alicante. Situ\u00e9e sur la place centrale de los Luceros, cette belle fontaine moderniste est un point de r\u00e9f\u00e9rence pour les habitants et les visiteurs. Son design, \u0153uvre du sculpteur Daniel Ba\u00f1uls, se distingue par ses figures mythologiques et constitue un lieu cl\u00e9 lors des feux de joie de San Juan, car c'est ici que se d\u00e9roulent les c\u00e9l\u00e8bres masclet\u00e1s.  \t\t\t\t\t\t<\/div>\n\t\t\t\t\t\n\t\t\t\t\t\t\t\t<\/div>\n\t\t<\/div>\n\t\t<\/div>\n\t\t<\/div>\n\t\t\t\t\t\t<\/div>\n\t\t\t\t<\/div>\n\t\t\t\t<div class=\"elementor-element elementor-element-b7e1b27 elementor-flip-box--effect-slide elementor-widget__width-initial elementor-flip-box--direction-up elementor-widget elementor-widget-flip-box\" data-id=\"b7e1b27\" data-element_type=\"widget\" data-e-type=\"widget\" data-widget_type=\"flip-box.default\">\n\t\t\t\t<div class=\"elementor-widget-container\">\n\t\t\t\t\t\t\t<div class=\"elementor-flip-box\" tabindex=\"0\">\n\t\t\t<div class=\"elementor-flip-box__layer elementor-flip-box__front\">\n\t\t\t\t<div class=\"elementor-flip-box__layer__overlay\">\n\t\t\t\t\t<div class=\"elementor-flip-box__layer__inner\">\n\t\t\t\t\t\t\t\t\t\t\t\t\t<div class=\"elementor-icon-wrapper elementor-view-default\">\n\t\t\t\t\t\t\t\t<div class=\"elementor-icon\">\n\t\t\t\t\t\t\t\t\t\t\t\t\t\t\t\t\t<\/div>\n\t\t\t\t\t\t\t<\/div>\n\t\t\t\t\t\t\n\t\t\t\t\t\t\t\t\t\t\t\t\t<h3 class=\"elementor-flip-box__layer__title\">\n\t\t\t\t\t\t\t\tAr\u00e8nes\t\t\t\t\t\t\t<\/h3>\n\t\t\t\t\t\t\n\t\t\t\t\t\t\t\t\t\t\t<\/div>\n\t\t\t\t<\/div>\n\t\t\t<\/div>\n\t\t\t<div class=\"elementor-flip-box__layer elementor-flip-box__back\">\n\t\t\t<div class=\"elementor-flip-box__layer__overlay\">\n\t\t\t\t<div class=\"elementor-flip-box__layer__inner\">\n\t\t\t\t\t\t\t\t\t\t\t<h3 class=\"elementor-flip-box__layer__title\">\n\t\t\t\t\t\t\tAr\u00e8nes\t\t\t\t\t\t<\/h3>\n\t\t\t\t\t\n\t\t\t\t\t\t\t\t\t\t\t<div class=\"elementor-flip-box__layer__description\">\n\t\t\t\t\t\t\tLes ar\u00e8nes d'Alicante, inaugur\u00e9es en 1847, sont l'une des plus anciennes de la Communaut\u00e9 valencienne. Ce lieu historique accueille non seulement des corridas, mais aussi de nombreux \u00e9v\u00e9nements culturels et concerts. Avec un mus\u00e9e de la tauromachie \u00e0 l'int\u00e9rieur, les ar\u00e8nes restent un symbole de l'h\u00e9ritage taurin d'Alicante et un point de rencontre culturel pour les habitants et les visiteurs.  \t\t\t\t\t\t<\/div>\n\t\t\t\t\t\n\t\t\t\t\t\t\t\t\t\t\t<a class=\"elementor-flip-box__button elementor-button elementor-size-sm\" href=\"https:\/\/alicanteturismo.com\/ca\/monumentos\/placa-de-bous-dalacant\/\">\n\t\t\t\t\t\t\tEn savoir plus\t\t\t\t\t\t<\/a>\n\t\t\t\t\t\t\t\t<\/div>\n\t\t<\/div>\n\t\t<\/div>\n\t\t<\/div>\n\t\t\t\t\t\t<\/div>\n\t\t\t\t<\/div>\n\t\t\t\t<div class=\"elementor-element elementor-element-b8e15c1 elementor-flip-box--effect-slide elementor-widget__width-initial elementor-flip-box--direction-up elementor-widget elementor-widget-flip-box\" data-id=\"b8e15c1\" data-element_type=\"widget\" data-e-type=\"widget\" data-widget_type=\"flip-box.default\">\n\t\t\t\t<div class=\"elementor-widget-container\">\n\t\t\t\t\t\t\t<div class=\"elementor-flip-box\" tabindex=\"0\">\n\t\t\t<div class=\"elementor-flip-box__layer elementor-flip-box__front\">\n\t\t\t\t<div class=\"elementor-flip-box__layer__overlay\">\n\t\t\t\t\t<div class=\"elementor-flip-box__layer__inner\">\n\t\t\t\t\t\t\t\t\t\t\t\t\t<div class=\"elementor-icon-wrapper elementor-view-default\">\n\t\t\t\t\t\t\t\t<div class=\"elementor-icon\">\n\t\t\t\t\t\t\t\t\t\t\t\t\t\t\t\t\t<\/div>\n\t\t\t\t\t\t\t<\/div>\n\t\t\t\t\t\t\n\t\t\t\t\t\t\t\t\t\t\t\t\t<h3 class=\"elementor-flip-box__layer__title\">\n\t\t\t\t\t\t\t\tPuits de Garrig\u00f3s\t\t\t\t\t\t\t<\/h3>\n\t\t\t\t\t\t\n\t\t\t\t\t\t\t\t\t\t\t<\/div>\n\t\t\t\t<\/div>\n\t\t\t<\/div>\n\t\t\t<div class=\"elementor-flip-box__layer elementor-flip-box__back\">\n\t\t\t<div class=\"elementor-flip-box__layer__overlay\">\n\t\t\t\t<div class=\"elementor-flip-box__layer__inner\">\n\t\t\t\t\t\t\t\t\t\t\t<h3 class=\"elementor-flip-box__layer__title\">\n\t\t\t\t\t\t\tPuits de Garrig\u00f3s\t\t\t\t\t\t<\/h3>\n\t\t\t\t\t\n\t\t\t\t\t\t\t\t\t\t\t<div class=\"elementor-flip-box__layer__description\">\n\t\t\t\t\t\t\tLes puits de Garrig\u00f3s sont un h\u00e9ritage int\u00e9ressant de l'architecture hydraulique d'Alicante. Ces anciennes citernes, construites \u00e0 l'\u00e9poque m\u00e9di\u00e9vale, ont servi \u00e0 stocker l'eau de pluie et \u00e0 approvisionner la ville pendant des si\u00e8cles. Aujourd'hui, elles ont \u00e9t\u00e9 restaur\u00e9es et font partie du Mus\u00e9e de l'eau, o\u00f9 les visiteurs peuvent d\u00e9couvrir l'histoire de l'approvisionnement en eau d'Alicante et admirer ces structures ing\u00e9nieuses qui ont jou\u00e9 un r\u00f4le cl\u00e9 dans la vie quotidienne de ses habitants.  \t\t\t\t\t\t<\/div>\n\t\t\t\t\t\n\t\t\t\t\t\t\t\t\t\t\t<a class=\"elementor-flip-box__button elementor-button elementor-size-sm\" href=\"https:\/\/alicanteturismo.com\/ca\/museos\/museu-daigues-dalacant\/\">\n\t\t\t\t\t\t\tEn savoir plus\t\t\t\t\t\t<\/a>\n\t\t\t\t\t\t\t\t<\/div>\n\t\t<\/div>\n\t\t<\/div>\n\t\t<\/div>\n\t\t\t\t\t\t<\/div>\n\t\t\t\t<\/div>\n\t\t\t\t<div class=\"elementor-element elementor-element-84a489f elementor-flip-box--effect-slide elementor-widget__width-initial elementor-flip-box--direction-up elementor-widget elementor-widget-flip-box\" data-id=\"84a489f\" data-element_type=\"widget\" data-e-type=\"widget\" data-widget_type=\"flip-box.default\">\n\t\t\t\t<div class=\"elementor-widget-container\">\n\t\t\t\t\t\t\t<div class=\"elementor-flip-box\" tabindex=\"0\">\n\t\t\t<div class=\"elementor-flip-box__layer elementor-flip-box__front\">\n\t\t\t\t<div class=\"elementor-flip-box__layer__overlay\">\n\t\t\t\t\t<div class=\"elementor-flip-box__layer__inner\">\n\t\t\t\t\t\t\t\t\t\t\t\t\t<div class=\"elementor-icon-wrapper elementor-view-default\">\n\t\t\t\t\t\t\t\t<div class=\"elementor-icon\">\n\t\t\t\t\t\t\t\t\t\t\t\t\t\t\t\t\t<\/div>\n\t\t\t\t\t\t\t<\/div>\n\t\t\t\t\t\t\n\t\t\t\t\t\t\t\t\t\t\t\t\t<h3 class=\"elementor-flip-box__layer__title\">\n\t\t\t\t\t\t\t\tCh\u00e2teau de San Fernando\t\t\t\t\t\t\t<\/h3>\n\t\t\t\t\t\t\n\t\t\t\t\t\t\t\t\t\t\t<\/div>\n\t\t\t\t<\/div>\n\t\t\t<\/div>\n\t\t\t<div class=\"elementor-flip-box__layer elementor-flip-box__back\">\n\t\t\t<div class=\"elementor-flip-box__layer__overlay\">\n\t\t\t\t<div class=\"elementor-flip-box__layer__inner\">\n\t\t\t\t\t\t\t\t\t\t\t<h3 class=\"elementor-flip-box__layer__title\">\n\t\t\t\t\t\t\tCh\u00e2teau de San Fernando\t\t\t\t\t\t<\/h3>\n\t\t\t\t\t\n\t\t\t\t\t\t\t\t\t\t\t<div class=\"elementor-flip-box__layer__description\">\n\t\t\t\t\t\t\tLe ch\u00e2teau de San Fernando, situ\u00e9 sur la colline de Monte Tossal, est une forteresse construite au XIXe si\u00e8cle pendant la guerre d'ind\u00e9pendance. Bien qu'il n'ait jamais \u00e9t\u00e9 le th\u00e9\u00e2tre de combats, ses murs et ses tours constituent une visite int\u00e9ressante, avec des vues sur Alicante et sur le ch\u00e2teau de Santa B\u00e1rbara, de l'autre c\u00f4t\u00e9 de la ville. C'est un endroit id\u00e9al pour se promener et profiter de la nature dans un cadre historique.  \t\t\t\t\t\t<\/div>\n\t\t\t\t\t\n\t\t\t\t\t\t\t\t<\/div>\n\t\t<\/div>\n\t\t<\/div>\n\t\t<\/div>\n\t\t\t\t\t\t<\/div>\n\t\t\t\t<\/div>\n\t\t\t\t<div class=\"elementor-element elementor-element-e19fff3 elementor-flip-box--effect-slide elementor-widget__width-initial elementor-hidden-widescreen elementor-hidden-desktop elementor-hidden-laptop elementor-hidden-tablet_extra elementor-hidden-tablet elementor-hidden-mobile_extra elementor-hidden-mobile elementor-flip-box--direction-up elementor-widget elementor-widget-flip-box\" data-id=\"e19fff3\" data-element_type=\"widget\" data-e-type=\"widget\" data-widget_type=\"flip-box.default\">\n\t\t\t\t<div class=\"elementor-widget-container\">\n\t\t\t\t\t\t\t<div class=\"elementor-flip-box\" tabindex=\"0\">\n\t\t\t<div class=\"elementor-flip-box__layer elementor-flip-box__front\">\n\t\t\t\t<div class=\"elementor-flip-box__layer__overlay\">\n\t\t\t\t\t<div class=\"elementor-flip-box__layer__inner\">\n\t\t\t\t\t\t\t\t\t\t\t\t\t<div class=\"elementor-icon-wrapper elementor-view-default\">\n\t\t\t\t\t\t\t\t<div class=\"elementor-icon\">\n\t\t\t\t\t\t\t\t\t\t\t\t\t\t\t\t\t<\/div>\n\t\t\t\t\t\t\t<\/div>\n\t\t\t\t\t\t\n\t\t\t\t\t\t\t\t\t\t\t\t\t<h3 class=\"elementor-flip-box__layer__title\">\n\t\t\t\t\t\t\t\tAbris antia\u00e9riens de la guerre civile\t\t\t\t\t\t\t<\/h3>\n\t\t\t\t\t\t\n\t\t\t\t\t\t\t\t\t\t\t<\/div>\n\t\t\t\t<\/div>\n\t\t\t<\/div>\n\t\t\t<div class=\"elementor-flip-box__layer elementor-flip-box__back\">\n\t\t\t<div class=\"elementor-flip-box__layer__overlay\">\n\t\t\t\t<div class=\"elementor-flip-box__layer__inner\">\n\t\t\t\t\t\t\t\t\t\t\t<h3 class=\"elementor-flip-box__layer__title\">\n\t\t\t\t\t\t\tAbris antia\u00e9riens de la guerre civile\t\t\t\t\t\t<\/h3>\n\t\t\t\t\t\n\t\t\t\t\t\t\t\t\t\t\t<div class=\"elementor-flip-box__layer__description\">\n\t\t\t\t\t\t\tLes abris antia\u00e9riens d'Alicante sont un t\u00e9moignage frappant de l'histoire r\u00e9cente de la ville. Construites pour prot\u00e9ger la population des bombardements pendant la guerre civile, ces constructions souterraines peuvent aujourd'hui \u00eatre visit\u00e9es dans le cadre d'une visite guid\u00e9e qui fait revivre l'un des moments les plus durs de l'histoire d'Alicante. Dans une atmosph\u00e8re \u00e9mouvante et illustrative, elles permettent aux visiteurs d'apprendre comment la ville a fait face aux horreurs de la guerre.  \t\t\t\t\t\t<\/div>\n\t\t\t\t\t\n\t\t\t\t\t\t\t\t\t\t\t<a class=\"elementor-flip-box__button elementor-button elementor-size-sm\" href=\"https:\/\/alicanteturismo.com\/ca\/rutas\/ruta-e\/\">\n\t\t\t\t\t\t\tEn savoir plus\t\t\t\t\t\t<\/a>\n\t\t\t\t\t\t\t\t<\/div>\n\t\t<\/div>\n\t\t<\/div>\n\t\t<\/div>\n\t\t\t\t\t\t<\/div>\n\t\t\t\t<\/div>\n\t\t\t\t<div class=\"elementor-element elementor-element-4cca281 elementor-flip-box--effect-slide elementor-widget__width-initial elementor-flip-box--direction-up elementor-widget elementor-widget-flip-box\" data-id=\"4cca281\" data-element_type=\"widget\" data-e-type=\"widget\" data-widget_type=\"flip-box.default\">\n\t\t\t\t<div class=\"elementor-widget-container\">\n\t\t\t\t\t\t\t<div class=\"elementor-flip-box\" tabindex=\"0\">\n\t\t\t<div class=\"elementor-flip-box__layer elementor-flip-box__front\">\n\t\t\t\t<div class=\"elementor-flip-box__layer__overlay\">\n\t\t\t\t\t<div class=\"elementor-flip-box__layer__inner\">\n\t\t\t\t\t\t\t\t\t\t\t\t\t<div class=\"elementor-icon-wrapper elementor-view-default\">\n\t\t\t\t\t\t\t\t<div class=\"elementor-icon\">\n\t\t\t\t\t\t\t\t\t\t\t\t\t\t\t\t\t<\/div>\n\t\t\t\t\t\t\t<\/div>\n\t\t\t\t\t\t\n\t\t\t\t\t\t\t\t\t\t\t\t\t<h3 class=\"elementor-flip-box__layer__title\">\n\t\t\t\t\t\t\t\tTorres de la Huerta\t\t\t\t\t\t\t<\/h3>\n\t\t\t\t\t\t\n\t\t\t\t\t\t\t\t\t\t\t<\/div>\n\t\t\t\t<\/div>\n\t\t\t<\/div>\n\t\t\t<div class=\"elementor-flip-box__layer elementor-flip-box__back\">\n\t\t\t<div class=\"elementor-flip-box__layer__overlay\">\n\t\t\t\t<div class=\"elementor-flip-box__layer__inner\">\n\t\t\t\t\t\t\t\t\t\t\t<h3 class=\"elementor-flip-box__layer__title\">\n\t\t\t\t\t\t\tTorres de la Huerta\t\t\t\t\t\t<\/h3>\n\t\t\t\t\t\n\t\t\t\t\t\t\t\t\t\t\t<div class=\"elementor-flip-box__layer__description\">\n\t\t\t\t\t\t\tLes Torres de la Huerta sont un t\u00e9moignage fascinant du pass\u00e9 d\u00e9fensif d'Alicante. Au cours des XVIe et XVIIe si\u00e8cles, elles ont \u00e9t\u00e9 construites pour prot\u00e9ger le riche verger de la ville des attaques des pirates qui d\u00e9barquaient sur le rivage. Aujourd'hui, une vingtaine de ces tours sont conserv\u00e9es. Ces structures imposantes sont une fen\u00eatre sur l'histoire de la ville, situ\u00e9es entre des chemins qui vous invitent \u00e0 les contourner et \u00e0 d\u00e9couvrir leurs secrets.   \t\t\t\t\t\t<\/div>\n\t\t\t\t\t\n\t\t\t\t\t\t\t\t\t\t\t<a class=\"elementor-flip-box__button elementor-button elementor-size-sm\" href=\"https:\/\/alicanteturismo.com\/ca\/sendero\/torres-de-lhorta\/\">\n\t\t\t\t\t\t\tEn savoir plus\t\t\t\t\t\t<\/a>\n\t\t\t\t\t\t\t\t<\/div>\n\t\t<\/div>\n\t\t<\/div>\n\t\t<\/div>\n\t\t\t\t\t\t<\/div>\n\t\t\t\t<\/div>\n\t\t\t\t<\/div>\n\t\t<div class=\"elementor-element elementor-element-7cda48e e-con-full elementor-hidden-widescreen elementor-hidden-desktop elementor-hidden-laptop elementor-hidden-tablet_extra elementor-hidden-tablet e-flex e-con e-child\" data-id=\"7cda48e\" data-element_type=\"container\" data-e-type=\"container\">\n\t\t\t\t<div class=\"elementor-element elementor-element-91e68b1 elementor-flip-box--effect-slide elementor-widget__width-initial elementor-widget-mobile__width-inherit elementor-flip-box--direction-up elementor-widget elementor-widget-flip-box\" data-id=\"91e68b1\" data-element_type=\"widget\" data-e-type=\"widget\" data-widget_type=\"flip-box.default\">\n\t\t\t\t<div class=\"elementor-widget-container\">\n\t\t\t\t\t\t\t<div class=\"elementor-flip-box\" tabindex=\"0\">\n\t\t\t<div class=\"elementor-flip-box__layer elementor-flip-box__front\">\n\t\t\t\t<div class=\"elementor-flip-box__layer__overlay\">\n\t\t\t\t\t<div class=\"elementor-flip-box__layer__inner\">\n\t\t\t\t\t\t\t\t\t\t\t\t\t<div class=\"elementor-icon-wrapper elementor-view-default\">\n\t\t\t\t\t\t\t\t<div class=\"elementor-icon\">\n\t\t\t\t\t\t\t\t\t\t\t\t\t\t\t\t\t<\/div>\n\t\t\t\t\t\t\t<\/div>\n\t\t\t\t\t\t\n\t\t\t\t\t\t\t\t\t\t\t\t\t<h3 class=\"elementor-flip-box__layer__title\">\n\t\t\t\t\t\t\t\tConseil municipal d'Alicante\t\t\t\t\t\t\t<\/h3>\n\t\t\t\t\t\t\n\t\t\t\t\t\t\t\t\t\t\t<\/div>\n\t\t\t\t<\/div>\n\t\t\t<\/div>\n\t\t\t<div class=\"elementor-flip-box__layer elementor-flip-box__back\">\n\t\t\t<div class=\"elementor-flip-box__layer__overlay\">\n\t\t\t\t<div class=\"elementor-flip-box__layer__inner\">\n\t\t\t\t\t\t\t\t\t\t\t<h3 class=\"elementor-flip-box__layer__title\">\n\t\t\t\t\t\t\tConseil municipal d'Alicante\t\t\t\t\t\t<\/h3>\n\t\t\t\t\t\n\t\t\t\t\t\n\t\t\t\t\t\t\t\t\t\t\t<a class=\"elementor-flip-box__button elementor-button elementor-size-sm\" href=\"https:\/\/alicanteturismo.com\/Monumentos\/ayuntamiento-de-alicante\/\">\n\t\t\t\t\t\t\tEn savoir plus\t\t\t\t\t\t<\/a>\n\t\t\t\t\t\t\t\t<\/div>\n\t\t<\/div>\n\t\t<\/div>\n\t\t<\/div>\n\t\t\t\t\t\t<\/div>\n\t\t\t\t<\/div>\n\t\t\t\t<div class=\"elementor-element elementor-element-679a8fb elementor-flip-box--effect-slide elementor-widget__width-initial elementor-widget-mobile__width-inherit elementor-flip-box--direction-up elementor-widget elementor-widget-flip-box\" data-id=\"679a8fb\" data-element_type=\"widget\" data-e-type=\"widget\" data-widget_type=\"flip-box.default\">\n\t\t\t\t<div class=\"elementor-widget-container\">\n\t\t\t\t\t\t\t<div class=\"elementor-flip-box\" tabindex=\"0\">\n\t\t\t<div class=\"elementor-flip-box__layer elementor-flip-box__front\">\n\t\t\t\t<div class=\"elementor-flip-box__layer__overlay\">\n\t\t\t\t\t<div class=\"elementor-flip-box__layer__inner\">\n\t\t\t\t\t\t\t\t\t\t\t\t\t<div class=\"elementor-icon-wrapper elementor-view-default\">\n\t\t\t\t\t\t\t\t<div class=\"elementor-icon\">\n\t\t\t\t\t\t\t\t\t\t\t\t\t\t\t\t\t<\/div>\n\t\t\t\t\t\t\t<\/div>\n\t\t\t\t\t\t\n\t\t\t\t\t\t\t\t\t\t\t\t\t<h3 class=\"elementor-flip-box__layer__title\">\n\t\t\t\t\t\t\t\tCH\u00c2TEAU DE SANTA BARBARA\t\t\t\t\t\t\t<\/h3>\n\t\t\t\t\t\t\n\t\t\t\t\t\t\t\t\t\t\t<\/div>\n\t\t\t\t<\/div>\n\t\t\t<\/div>\n\t\t\t<div class=\"elementor-flip-box__layer elementor-flip-box__back\">\n\t\t\t<div class=\"elementor-flip-box__layer__overlay\">\n\t\t\t\t<div class=\"elementor-flip-box__layer__inner\">\n\t\t\t\t\t\t\t\t\t\t\t<h3 class=\"elementor-flip-box__layer__title\">\n\t\t\t\t\t\t\tCh\u00e2teau de Santa Barbara\t\t\t\t\t\t<\/h3>\n\t\t\t\t\t\n\t\t\t\t\t\n\t\t\t\t\t\t\t\t\t\t\t<a class=\"elementor-flip-box__button elementor-button elementor-size-sm\" href=\"https:\/\/alicanteturismo.com\/fr\/chateau-de-santa-barbara\/\">\n\t\t\t\t\t\t\tEn savoir plus\t\t\t\t\t\t<\/a>\n\t\t\t\t\t\t\t\t<\/div>\n\t\t<\/div>\n\t\t<\/div>\n\t\t<\/div>\n\t\t\t\t\t\t<\/div>\n\t\t\t\t<\/div>\n\t\t\t\t<div class=\"elementor-element elementor-element-6944673 elementor-flip-box--effect-slide elementor-widget__width-initial elementor-widget-mobile__width-inherit elementor-flip-box--direction-up elementor-widget elementor-widget-flip-box\" data-id=\"6944673\" data-element_type=\"widget\" data-e-type=\"widget\" data-widget_type=\"flip-box.default\">\n\t\t\t\t<div class=\"elementor-widget-container\">\n\t\t\t\t\t\t\t<div class=\"elementor-flip-box\" tabindex=\"0\">\n\t\t\t<div class=\"elementor-flip-box__layer elementor-flip-box__front\">\n\t\t\t\t<div class=\"elementor-flip-box__layer__overlay\">\n\t\t\t\t\t<div class=\"elementor-flip-box__layer__inner\">\n\t\t\t\t\t\t\t\t\t\t\t\t\t<div class=\"elementor-icon-wrapper elementor-view-default\">\n\t\t\t\t\t\t\t\t<div class=\"elementor-icon\">\n\t\t\t\t\t\t\t\t\t\t\t\t\t\t\t\t\t<\/div>\n\t\t\t\t\t\t\t<\/div>\n\t\t\t\t\t\t\n\t\t\t\t\t\t\t\t\t\t\t\t\t<h3 class=\"elementor-flip-box__layer__title\">\n\t\t\t\t\t\t\t\tEsplanade d'Espagne et Casa Carbonell\t\t\t\t\t\t\t<\/h3>\n\t\t\t\t\t\t\n\t\t\t\t\t\t\t\t\t\t\t<\/div>\n\t\t\t\t<\/div>\n\t\t\t<\/div>\n\t\t\t<div class=\"elementor-flip-box__layer elementor-flip-box__back\">\n\t\t\t<div class=\"elementor-flip-box__layer__overlay\">\n\t\t\t\t<div class=\"elementor-flip-box__layer__inner\">\n\t\t\t\t\t\t\t\t\t\t\t<h3 class=\"elementor-flip-box__layer__title\">\n\t\t\t\t\t\t\tEsplanade d'Espagne et Casa Carbonell\t\t\t\t\t\t<\/h3>\n\t\t\t\t\t\n\t\t\t\t\t\n\t\t\t\t\t\t\t\t\t\t\t<a class=\"elementor-flip-box__button elementor-button elementor-size-sm\" href=\"https:\/\/alicanteturismo.com\/ca\/jardines\/lesplanada-despanya\/\">\n\t\t\t\t\t\t\tEn savoir plus\t\t\t\t\t\t<\/a>\n\t\t\t\t\t\t\t\t<\/div>\n\t\t<\/div>\n\t\t<\/div>\n\t\t<\/div>\n\t\t\t\t\t\t<\/div>\n\t\t\t\t<\/div>\n\t\t\t\t<div class=\"elementor-element elementor-element-03451df elementor-flip-box--effect-slide elementor-widget__width-initial elementor-widget-mobile__width-inherit elementor-flip-box--direction-up elementor-widget elementor-widget-flip-box\" data-id=\"03451df\" data-element_type=\"widget\" data-e-type=\"widget\" data-widget_type=\"flip-box.default\">\n\t\t\t\t<div class=\"elementor-widget-container\">\n\t\t\t\t\t\t\t<div class=\"elementor-flip-box\" tabindex=\"0\">\n\t\t\t<div class=\"elementor-flip-box__layer elementor-flip-box__front\">\n\t\t\t\t<div class=\"elementor-flip-box__layer__overlay\">\n\t\t\t\t\t<div class=\"elementor-flip-box__layer__inner\">\n\t\t\t\t\t\t\t\t\t\t\t\t\t<div class=\"elementor-icon-wrapper elementor-view-default\">\n\t\t\t\t\t\t\t\t<div class=\"elementor-icon\">\n\t\t\t\t\t\t\t\t\t\t\t\t\t\t\t\t\t<\/div>\n\t\t\t\t\t\t\t<\/div>\n\t\t\t\t\t\t\n\t\t\t\t\t\t\t\t\t\t\t\t\t<h3 class=\"elementor-flip-box__layer__title\">\n\t\t\t\t\t\t\t\tQuartier de Santa Cruz\t\t\t\t\t\t\t<\/h3>\n\t\t\t\t\t\t\n\t\t\t\t\t\t\t\t\t\t\t<\/div>\n\t\t\t\t<\/div>\n\t\t\t<\/div>\n\t\t\t<div class=\"elementor-flip-box__layer elementor-flip-box__back\">\n\t\t\t<div class=\"elementor-flip-box__layer__overlay\">\n\t\t\t\t<div class=\"elementor-flip-box__layer__inner\">\n\t\t\t\t\t\t\t\t\t\t\t<h3 class=\"elementor-flip-box__layer__title\">\n\t\t\t\t\t\t\tBarrio de Santa Cruz\t\t\t\t\t\t<\/h3>\n\t\t\t\t\t\n\t\t\t\t\t\n\t\t\t\t\t\t\t\t\t\t\t<a class=\"elementor-flip-box__button elementor-button elementor-size-sm\" href=\"https:\/\/alicanteturismo.com\/ca\/monumentos\/barri-de-santa-creu\/\">\n\t\t\t\t\t\t\tSaber m\u00e1s\t\t\t\t\t\t<\/a>\n\t\t\t\t\t\t\t\t<\/div>\n\t\t<\/div>\n\t\t<\/div>\n\t\t<\/div>\n\t\t\t\t\t\t<\/div>\n\t\t\t\t<\/div>\n\t\t\t\t<div class=\"elementor-element elementor-element-e66e4b1 elementor-flip-box--effect-slide elementor-widget__width-initial elementor-widget-mobile__width-inherit elementor-flip-box--direction-up elementor-widget elementor-widget-flip-box\" data-id=\"e66e4b1\" data-element_type=\"widget\" data-e-type=\"widget\" data-widget_type=\"flip-box.default\">\n\t\t\t\t<div class=\"elementor-widget-container\">\n\t\t\t\t\t\t\t<div class=\"elementor-flip-box\" tabindex=\"0\">\n\t\t\t<div class=\"elementor-flip-box__layer elementor-flip-box__front\">\n\t\t\t\t<div class=\"elementor-flip-box__layer__overlay\">\n\t\t\t\t\t<div class=\"elementor-flip-box__layer__inner\">\n\t\t\t\t\t\t\t\t\t\t\t\t\t<div class=\"elementor-icon-wrapper elementor-view-default\">\n\t\t\t\t\t\t\t\t<div class=\"elementor-icon\">\n\t\t\t\t\t\t\t\t\t\t\t\t\t\t\t\t\t<\/div>\n\t\t\t\t\t\t\t<\/div>\n\t\t\t\t\t\t\n\t\t\t\t\t\t\t\t\t\t\t\t\t<h3 class=\"elementor-flip-box__layer__title\">\n\t\t\t\t\t\t\t\tMarch\u00e9 central\t\t\t\t\t\t\t<\/h3>\n\t\t\t\t\t\t\n\t\t\t\t\t\t\t\t\t\t\t<\/div>\n\t\t\t\t<\/div>\n\t\t\t<\/div>\n\t\t\t<div class=\"elementor-flip-box__layer elementor-flip-box__back\">\n\t\t\t<div class=\"elementor-flip-box__layer__overlay\">\n\t\t\t\t<div class=\"elementor-flip-box__layer__inner\">\n\t\t\t\t\t\t\t\t\t\t\t<h3 class=\"elementor-flip-box__layer__title\">\n\t\t\t\t\t\t\tMarch\u00e9 central\t\t\t\t\t\t<\/h3>\n\t\t\t\t\t\n\t\t\t\t\t\n\t\t\t\t\t\t\t\t\t\t\t<a class=\"elementor-flip-box__button elementor-button elementor-size-sm\" href=\"https:\/\/alicanteturismo.com\/Monumentos\/mercado-central-de-alicante\/\">\n\t\t\t\t\t\t\tEn savoir plus\t\t\t\t\t\t<\/a>\n\t\t\t\t\t\t\t\t<\/div>\n\t\t<\/div>\n\t\t<\/div>\n\t\t<\/div>\n\t\t\t\t\t\t<\/div>\n\t\t\t\t<\/div>\n\t\t\t\t<div class=\"elementor-element elementor-element-dee48a4 elementor-flip-box--effect-slide elementor-widget__width-initial elementor-widget-mobile__width-inherit elementor-flip-box--direction-up elementor-widget elementor-widget-flip-box\" data-id=\"dee48a4\" data-element_type=\"widget\" data-e-type=\"widget\" data-widget_type=\"flip-box.default\">\n\t\t\t\t<div class=\"elementor-widget-container\">\n\t\t\t\t\t\t\t<div class=\"elementor-flip-box\" tabindex=\"0\">\n\t\t\t<div class=\"elementor-flip-box__layer elementor-flip-box__front\">\n\t\t\t\t<div class=\"elementor-flip-box__layer__overlay\">\n\t\t\t\t\t<div class=\"elementor-flip-box__layer__inner\">\n\t\t\t\t\t\t\t\t\t\t\t\t\t<div class=\"elementor-icon-wrapper elementor-view-default\">\n\t\t\t\t\t\t\t\t<div class=\"elementor-icon\">\n\t\t\t\t\t\t\t\t\t\t\t\t\t\t\t\t\t<\/div>\n\t\t\t\t\t\t\t<\/div>\n\t\t\t\t\t\t\n\t\t\t\t\t\t\t\t\t\t\t\t\t<h3 class=\"elementor-flip-box__layer__title\">\n\t\t\t\t\t\t\t\tSite historique et artistique de Tabarca\t\t\t\t\t\t\t<\/h3>\n\t\t\t\t\t\t\n\t\t\t\t\t\t\t\t\t\t\t<\/div>\n\t\t\t\t<\/div>\n\t\t\t<\/div>\n\t\t\t<div class=\"elementor-flip-box__layer elementor-flip-box__back\">\n\t\t\t<div class=\"elementor-flip-box__layer__overlay\">\n\t\t\t\t<div class=\"elementor-flip-box__layer__inner\">\n\t\t\t\t\t\t\t\t\t\t\t<h3 class=\"elementor-flip-box__layer__title\">\n\t\t\t\t\t\t\tSite historique et artistique de Tabarca\t\t\t\t\t\t<\/h3>\n\t\t\t\t\t\n\t\t\t\t\t\n\t\t\t\t\t\t\t\t\t\t\t<a class=\"elementor-flip-box__button elementor-button elementor-size-sm\" href=\"https:\/\/alicanteturismo.com\/ca\/monumentos\/conjunt-historicoartistic-de-tabarca\/\">\n\t\t\t\t\t\t\tEn savoir plus\t\t\t\t\t\t<\/a>\n\t\t\t\t\t\t\t\t<\/div>\n\t\t<\/div>\n\t\t<\/div>\n\t\t<\/div>\n\t\t\t\t\t\t<\/div>\n\t\t\t\t<\/div>\n\t\t\t\t<div class=\"elementor-element elementor-element-eb79701 elementor-flip-box--effect-slide elementor-widget__width-initial elementor-widget-mobile__width-inherit elementor-flip-box--direction-up elementor-widget elementor-widget-flip-box\" data-id=\"eb79701\" data-element_type=\"widget\" data-e-type=\"widget\" data-widget_type=\"flip-box.default\">\n\t\t\t\t<div class=\"elementor-widget-container\">\n\t\t\t\t\t\t\t<div class=\"elementor-flip-box\" tabindex=\"0\">\n\t\t\t<div class=\"elementor-flip-box__layer elementor-flip-box__front\">\n\t\t\t\t<div class=\"elementor-flip-box__layer__overlay\">\n\t\t\t\t\t<div class=\"elementor-flip-box__layer__inner\">\n\t\t\t\t\t\t\t\t\t\t\t\t\t<div class=\"elementor-icon-wrapper elementor-view-default\">\n\t\t\t\t\t\t\t\t<div class=\"elementor-icon\">\n\t\t\t\t\t\t\t\t\t\t\t\t\t\t\t\t\t<\/div>\n\t\t\t\t\t\t\t<\/div>\n\t\t\t\t\t\t\n\t\t\t\t\t\t\t\t\t\t\t\t\t<h3 class=\"elementor-flip-box__layer__title\">\n\t\t\t\t\t\t\t\tFontaine des Luceros\t\t\t\t\t\t\t<\/h3>\n\t\t\t\t\t\t\n\t\t\t\t\t\t\t\t\t\t\t<\/div>\n\t\t\t\t<\/div>\n\t\t\t<\/div>\n\t\t\t<div class=\"elementor-flip-box__layer elementor-flip-box__back\">\n\t\t\t<div class=\"elementor-flip-box__layer__overlay\">\n\t\t\t\t<div class=\"elementor-flip-box__layer__inner\">\n\t\t\t\t\t\n\t\t\t\t\t\t\t\t\t\t\t<div class=\"elementor-flip-box__layer__description\">\n\t\t\t\t\t\t\tLa Fuente de los Luceros est l'un des monuments les plus repr\u00e9sentatifs d'Alicante, situ\u00e9 sur la Plaza de los Luceros.\t\t\t\t\t\t<\/div>\n\t\t\t\t\t\n\t\t\t\t\t\t\t\t<\/div>\n\t\t<\/div>\n\t\t<\/div>\n\t\t<\/div>\n\t\t\t\t\t\t<\/div>\n\t\t\t\t<\/div>\n\t\t\t\t<div class=\"elementor-element elementor-element-b54034a elementor-flip-box--effect-slide elementor-widget__width-initial elementor-widget-mobile__width-inherit elementor-flip-box--direction-up elementor-widget elementor-widget-flip-box\" data-id=\"b54034a\" data-element_type=\"widget\" data-e-type=\"widget\" data-widget_type=\"flip-box.default\">\n\t\t\t\t<div class=\"elementor-widget-container\">\n\t\t\t\t\t\t\t<div class=\"elementor-flip-box\" tabindex=\"0\">\n\t\t\t<div class=\"elementor-flip-box__layer elementor-flip-box__front\">\n\t\t\t\t<div class=\"elementor-flip-box__layer__overlay\">\n\t\t\t\t\t<div class=\"elementor-flip-box__layer__inner\">\n\t\t\t\t\t\t\t\t\t\t\t\t\t<div class=\"elementor-icon-wrapper elementor-view-default\">\n\t\t\t\t\t\t\t\t<div class=\"elementor-icon\">\n\t\t\t\t\t\t\t\t\t\t\t\t\t\t\t\t\t<\/div>\n\t\t\t\t\t\t\t<\/div>\n\t\t\t\t\t\t\n\t\t\t\t\t\t\t\t\t\t\t\t\t<h3 class=\"elementor-flip-box__layer__title\">\n\t\t\t\t\t\t\t\tAr\u00e8nes\t\t\t\t\t\t\t<\/h3>\n\t\t\t\t\t\t\n\t\t\t\t\t\t\t\t\t\t\t<\/div>\n\t\t\t\t<\/div>\n\t\t\t<\/div>\n\t\t\t<div class=\"elementor-flip-box__layer elementor-flip-box__back\">\n\t\t\t<div class=\"elementor-flip-box__layer__overlay\">\n\t\t\t\t<div class=\"elementor-flip-box__layer__inner\">\n\t\t\t\t\t\t\t\t\t\t\t<h3 class=\"elementor-flip-box__layer__title\">\n\t\t\t\t\t\t\tAr\u00e8nes\t\t\t\t\t\t<\/h3>\n\t\t\t\t\t\n\t\t\t\t\t\t\t\t\t\t\t<div class=\"elementor-flip-box__layer__description\">\n\t\t\t\t\t\t\t\n\t\t\t\t\t\t<\/div>\n\t\t\t\t\t\n\t\t\t\t\t\t\t\t\t\t\t<a class=\"elementor-flip-box__button elementor-button elementor-size-sm\" href=\"https:\/\/alicanteturismo.com\/ca\/monumentos\/placa-de-bous-dalacant\/\">\n\t\t\t\t\t\t\tEn savoir plus\t\t\t\t\t\t<\/a>\n\t\t\t\t\t\t\t\t<\/div>\n\t\t<\/div>\n\t\t<\/div>\n\t\t<\/div>\n\t\t\t\t\t\t<\/div>\n\t\t\t\t<\/div>\n\t\t\t\t<div class=\"elementor-element elementor-element-eaf798e elementor-flip-box--effect-slide elementor-widget__width-initial elementor-widget-mobile__width-inherit elementor-flip-box--direction-up elementor-widget elementor-widget-flip-box\" data-id=\"eaf798e\" data-element_type=\"widget\" data-e-type=\"widget\" data-widget_type=\"flip-box.default\">\n\t\t\t\t<div class=\"elementor-widget-container\">\n\t\t\t\t\t\t\t<div class=\"elementor-flip-box\" tabindex=\"0\">\n\t\t\t<div class=\"elementor-flip-box__layer elementor-flip-box__front\">\n\t\t\t\t<div class=\"elementor-flip-box__layer__overlay\">\n\t\t\t\t\t<div class=\"elementor-flip-box__layer__inner\">\n\t\t\t\t\t\t\t\t\t\t\t\t\t<div class=\"elementor-icon-wrapper elementor-view-default\">\n\t\t\t\t\t\t\t\t<div class=\"elementor-icon\">\n\t\t\t\t\t\t\t\t\t\t\t\t\t\t\t\t\t<\/div>\n\t\t\t\t\t\t\t<\/div>\n\t\t\t\t\t\t\n\t\t\t\t\t\t\t\t\t\t\t\t\t<h3 class=\"elementor-flip-box__layer__title\">\n\t\t\t\t\t\t\t\tPuits de Garrig\u00f3s\t\t\t\t\t\t\t<\/h3>\n\t\t\t\t\t\t\n\t\t\t\t\t\t\t\t\t\t\t<\/div>\n\t\t\t\t<\/div>\n\t\t\t<\/div>\n\t\t\t<div class=\"elementor-flip-box__layer elementor-flip-box__back\">\n\t\t\t<div class=\"elementor-flip-box__layer__overlay\">\n\t\t\t\t<div class=\"elementor-flip-box__layer__inner\">\n\t\t\t\t\t\t\t\t\t\t\t<h3 class=\"elementor-flip-box__layer__title\">\n\t\t\t\t\t\t\tPuits de Garrig\u00f3s\t\t\t\t\t\t<\/h3>\n\t\t\t\t\t\n\t\t\t\t\t\n\t\t\t\t\t\t\t\t\t\t\t<a class=\"elementor-flip-box__button elementor-button elementor-size-sm\" href=\"https:\/\/alicanteturismo.com\/ca\/museos\/museu-daigues-dalacant\/\">\n\t\t\t\t\t\t\tEn savoir plus\t\t\t\t\t\t<\/a>\n\t\t\t\t\t\t\t\t<\/div>\n\t\t<\/div>\n\t\t<\/div>\n\t\t<\/div>\n\t\t\t\t\t\t<\/div>\n\t\t\t\t<\/div>\n\t\t\t\t<div class=\"elementor-element elementor-element-ada1f18 elementor-flip-box--effect-slide elementor-widget__width-initial elementor-widget-mobile__width-inherit elementor-flip-box--direction-up elementor-widget elementor-widget-flip-box\" data-id=\"ada1f18\" data-element_type=\"widget\" data-e-type=\"widget\" data-widget_type=\"flip-box.default\">\n\t\t\t\t<div class=\"elementor-widget-container\">\n\t\t\t\t\t\t\t<div class=\"elementor-flip-box\" tabindex=\"0\">\n\t\t\t<div class=\"elementor-flip-box__layer elementor-flip-box__front\">\n\t\t\t\t<div class=\"elementor-flip-box__layer__overlay\">\n\t\t\t\t\t<div class=\"elementor-flip-box__layer__inner\">\n\t\t\t\t\t\t\t\t\t\t\t\t\t<div class=\"elementor-icon-wrapper elementor-view-default\">\n\t\t\t\t\t\t\t\t<div class=\"elementor-icon\">\n\t\t\t\t\t\t\t\t\t\t\t\t\t\t\t\t\t<\/div>\n\t\t\t\t\t\t\t<\/div>\n\t\t\t\t\t\t\n\t\t\t\t\t\t\t\t\t\t\t\t\t<h3 class=\"elementor-flip-box__layer__title\">\n\t\t\t\t\t\t\t\tCh\u00e2teau de San Fernando\t\t\t\t\t\t\t<\/h3>\n\t\t\t\t\t\t\n\t\t\t\t\t\t\t\t\t\t\t<\/div>\n\t\t\t\t<\/div>\n\t\t\t<\/div>\n\t\t\t<div class=\"elementor-flip-box__layer elementor-flip-box__back\">\n\t\t\t<div class=\"elementor-flip-box__layer__overlay\">\n\t\t\t\t<div class=\"elementor-flip-box__layer__inner\">\n\t\t\t\t\t\t\t\t\t\t\t<h3 class=\"elementor-flip-box__layer__title\">\n\t\t\t\t\t\t\tCastillo de San Fernando\t\t\t\t\t\t<\/h3>\n\t\t\t\t\t\n\t\t\t\t\t\n\t\t\t\t\t\t\t\t<\/div>\n\t\t<\/div>\n\t\t<\/div>\n\t\t<\/div>\n\t\t\t\t\t\t<\/div>\n\t\t\t\t<\/div>\n\t\t\t\t<div class=\"elementor-element elementor-element-e2f0b30 elementor-flip-box--effect-slide elementor-widget__width-initial elementor-widget-mobile__width-inherit elementor-hidden-widescreen elementor-hidden-desktop elementor-hidden-laptop elementor-hidden-tablet_extra elementor-hidden-tablet elementor-hidden-mobile_extra elementor-hidden-mobile elementor-flip-box--direction-up elementor-widget elementor-widget-flip-box\" data-id=\"e2f0b30\" data-element_type=\"widget\" data-e-type=\"widget\" data-widget_type=\"flip-box.default\">\n\t\t\t\t<div class=\"elementor-widget-container\">\n\t\t\t\t\t\t\t<div class=\"elementor-flip-box\" tabindex=\"0\">\n\t\t\t<div class=\"elementor-flip-box__layer elementor-flip-box__front\">\n\t\t\t\t<div class=\"elementor-flip-box__layer__overlay\">\n\t\t\t\t\t<div class=\"elementor-flip-box__layer__inner\">\n\t\t\t\t\t\t\t\t\t\t\t\t\t<div class=\"elementor-icon-wrapper elementor-view-default\">\n\t\t\t\t\t\t\t\t<div class=\"elementor-icon\">\n\t\t\t\t\t\t\t\t\t\t\t\t\t\t\t\t\t<\/div>\n\t\t\t\t\t\t\t<\/div>\n\t\t\t\t\t\t\n\t\t\t\t\t\t\t\t\t\t\t\t\t<h3 class=\"elementor-flip-box__layer__title\">\n\t\t\t\t\t\t\t\tAbris antia\u00e9riens de la guerre civile\t\t\t\t\t\t\t<\/h3>\n\t\t\t\t\t\t\n\t\t\t\t\t\t\t\t\t\t\t<\/div>\n\t\t\t\t<\/div>\n\t\t\t<\/div>\n\t\t\t<div class=\"elementor-flip-box__layer elementor-flip-box__back\">\n\t\t\t<div class=\"elementor-flip-box__layer__overlay\">\n\t\t\t\t<div class=\"elementor-flip-box__layer__inner\">\n\t\t\t\t\t\t\t\t\t\t\t<h3 class=\"elementor-flip-box__layer__title\">\n\t\t\t\t\t\t\tAbris antia\u00e9riens de la guerre civile\t\t\t\t\t\t<\/h3>\n\t\t\t\t\t\n\t\t\t\t\t\n\t\t\t\t\t\t\t\t\t\t\t<a class=\"elementor-flip-box__button elementor-button elementor-size-sm\" href=\"https:\/\/alicanteturismo.com\/ca\/rutas\/ruta-e\/\">\n\t\t\t\t\t\t\tEn savoir plus\t\t\t\t\t\t<\/a>\n\t\t\t\t\t\t\t\t<\/div>\n\t\t<\/div>\n\t\t<\/div>\n\t\t<\/div>\n\t\t\t\t\t\t<\/div>\n\t\t\t\t<\/div>\n\t\t\t\t<div class=\"elementor-element elementor-element-7635d43 elementor-flip-box--effect-slide elementor-widget__width-initial elementor-widget-mobile__width-inherit elementor-flip-box--direction-up elementor-widget elementor-widget-flip-box\" data-id=\"7635d43\" data-element_type=\"widget\" data-e-type=\"widget\" data-widget_type=\"flip-box.default\">\n\t\t\t\t<div class=\"elementor-widget-container\">\n\t\t\t\t\t\t\t<div class=\"elementor-flip-box\" tabindex=\"0\">\n\t\t\t<div class=\"elementor-flip-box__layer elementor-flip-box__front\">\n\t\t\t\t<div class=\"elementor-flip-box__layer__overlay\">\n\t\t\t\t\t<div class=\"elementor-flip-box__layer__inner\">\n\t\t\t\t\t\t\t\t\t\t\t\t\t<div class=\"elementor-icon-wrapper elementor-view-default\">\n\t\t\t\t\t\t\t\t<div class=\"elementor-icon\">\n\t\t\t\t\t\t\t\t\t\t\t\t\t\t\t\t\t<\/div>\n\t\t\t\t\t\t\t<\/div>\n\t\t\t\t\t\t\n\t\t\t\t\t\t\t\t\t\t\t\t\t<h3 class=\"elementor-flip-box__layer__title\">\n\t\t\t\t\t\t\t\tTorres de la Huerta\t\t\t\t\t\t\t<\/h3>\n\t\t\t\t\t\t\n\t\t\t\t\t\t\t\t\t\t\t<\/div>\n\t\t\t\t<\/div>\n\t\t\t<\/div>\n\t\t\t<div class=\"elementor-flip-box__layer elementor-flip-box__back\">\n\t\t\t<div class=\"elementor-flip-box__layer__overlay\">\n\t\t\t\t<div class=\"elementor-flip-box__layer__inner\">\n\t\t\t\t\t\t\t\t\t\t\t<h3 class=\"elementor-flip-box__layer__title\">\n\t\t\t\t\t\t\tTorres de la Huerta\t\t\t\t\t\t<\/h3>\n\t\t\t\t\t\n\t\t\t\t\t\n\t\t\t\t\t\t\t\t\t\t\t<a class=\"elementor-flip-box__button elementor-button elementor-size-sm\" href=\"https:\/\/alicanteturismo.com\/ca\/sendero\/torres-de-lhorta\/\">\n\t\t\t\t\t\t\tEn savoir plus\t\t\t\t\t\t<\/a>\n\t\t\t\t\t\t\t\t<\/div>\n\t\t<\/div>\n\t\t<\/div>\n\t\t<\/div>\n\t\t\t\t\t\t<\/div>\n\t\t\t\t<\/div>\n\t\t\t\t<\/div>\n\t\t\t\t<\/div>\n\t\t<div class=\"elementor-element elementor-element-f3ca4c9 e-con-full e-flex e-con e-child\" data-id=\"f3ca4c9\" data-element_type=\"container\" data-e-type=\"container\" data-settings=\"{&quot;background_background&quot;:&quot;classic&quot;}\">\n\t\t\t\t<div class=\"elementor-element elementor-element-400735a elementor-position-inline-start elementor-mobile-position-inline-start elementor-view-default elementor-widget elementor-widget-icon-box\" data-id=\"400735a\" data-element_type=\"widget\" data-e-type=\"widget\" data-widget_type=\"icon-box.default\">\n\t\t\t\t<div class=\"elementor-widget-container\">\n\t\t\t\t\t\t\t<div class=\"elementor-icon-box-wrapper\">\n\n\t\t\t\t\t\t<div class=\"elementor-icon-box-icon\">\n\t\t\t\t<span  class=\"elementor-icon\">\n\t\t\t\t<svg aria-hidden=\"true\" class=\"e-font-icon-svg e-fas-building\" viewBox=\"0 0 448 512\" xmlns=\"http:\/\/www.w3.org\/2000\/svg\"><path d=\"M436 480h-20V24c0-13.255-10.745-24-24-24H56C42.745 0 32 10.745 32 24v456H12c-6.627 0-12 5.373-12 12v20h448v-20c0-6.627-5.373-12-12-12zM128 76c0-6.627 5.373-12 12-12h40c6.627 0 12 5.373 12 12v40c0 6.627-5.373 12-12 12h-40c-6.627 0-12-5.373-12-12V76zm0 96c0-6.627 5.373-12 12-12h40c6.627 0 12 5.373 12 12v40c0 6.627-5.373 12-12 12h-40c-6.627 0-12-5.373-12-12v-40zm52 148h-40c-6.627 0-12-5.373-12-12v-40c0-6.627 5.373-12 12-12h40c6.627 0 12 5.373 12 12v40c0 6.627-5.373 12-12 12zm76 160h-64v-84c0-6.627 5.373-12 12-12h40c6.627 0 12 5.373 12 12v84zm64-172c0 6.627-5.373 12-12 12h-40c-6.627 0-12-5.373-12-12v-40c0-6.627 5.373-12 12-12h40c6.627 0 12 5.373 12 12v40zm0-96c0 6.627-5.373 12-12 12h-40c-6.627 0-12-5.373-12-12v-40c0-6.627 5.373-12 12-12h40c6.627 0 12 5.373 12 12v40zm0-96c0 6.627-5.373 12-12 12h-40c-6.627 0-12-5.373-12-12V76c0-6.627 5.373-12 12-12h40c6.627 0 12 5.373 12 12v40z\"><\/path><\/svg>\t\t\t\t<\/span>\n\t\t\t<\/div>\n\t\t\t\n\t\t\t\t\t\t<div class=\"elementor-icon-box-content\">\n\n\t\t\t\t\t\t\t\t\t<h3 class=\"elementor-icon-box-title\">\n\t\t\t\t\t\t<span  >\n\t\t\t\t\t\t\tAutres monuments\t\t\t\t\t\t<\/span>\n\t\t\t\t\t<\/h3>\n\t\t\t\t\n\t\t\t\t\n\t\t\t<\/div>\n\t\t\t\n\t\t<\/div>\n\t\t\t\t\t\t<\/div>\n\t\t\t\t<\/div>\n\t\t\t\t<div class=\"elementor-element elementor-element-dcc589a elementor-widget elementor-widget-text-editor\" data-id=\"dcc589a\" data-element_type=\"widget\" data-e-type=\"widget\" data-widget_type=\"text-editor.default\">\n\t\t\t\t<div class=\"elementor-widget-container\">\n\t\t\t\t\t\t\t\t\t<p>Alicante abrite une grande vari\u00e9t\u00e9 de monuments moins connus mais tout aussi fascinants. Citons notamment l&rsquo;imposant <strong>Teatro Principal<\/strong>, la<strong> Diputaci\u00f3n de Alicante, la<\/strong> <strong>Casa de las Brujas, la Casa Mediterr\u00e1neo, le<\/strong><strong> Palacio Portalet, le Mirador de Santa Cruz<\/strong> et l&rsquo;ancienne manufacture de tabac, aujourd&rsquo;hui transform\u00e9e en centre culturel<strong> Las Cigarreras<\/strong>. <\/p>\n\t\t\t\t\t\t\t\t<\/div>\n\t\t\t\t<\/div>\n\t\t\t\t<\/div>\n\t\t<div class=\"elementor-element elementor-element-c13dbf9 e-con-full e-flex e-con e-child\" data-id=\"c13dbf9\" data-element_type=\"container\" data-e-type=\"container\" data-settings=\"{&quot;background_background&quot;:&quot;classic&quot;}\">\n\t\t\t\t<div class=\"elementor-element elementor-element-dcdab32 elementor-position-inline-start elementor-mobile-position-inline-start elementor-view-default elementor-widget elementor-widget-icon-box\" data-id=\"dcdab32\" data-element_type=\"widget\" data-e-type=\"widget\" data-widget_type=\"icon-box.default\">\n\t\t\t\t<div class=\"elementor-widget-container\">\n\t\t\t\t\t\t\t<div class=\"elementor-icon-box-wrapper\">\n\n\t\t\t\t\t\t<div class=\"elementor-icon-box-icon\">\n\t\t\t\t<span  class=\"elementor-icon\">\n\t\t\t\t<svg aria-hidden=\"true\" class=\"e-font-icon-svg e-fas-cross\" viewBox=\"0 0 384 512\" xmlns=\"http:\/\/www.w3.org\/2000\/svg\"><path d=\"M352 128h-96V32c0-17.67-14.33-32-32-32h-64c-17.67 0-32 14.33-32 32v96H32c-17.67 0-32 14.33-32 32v64c0 17.67 14.33 32 32 32h96v224c0 17.67 14.33 32 32 32h64c17.67 0 32-14.33 32-32V256h96c17.67 0 32-14.33 32-32v-64c0-17.67-14.33-32-32-32z\"><\/path><\/svg>\t\t\t\t<\/span>\n\t\t\t<\/div>\n\t\t\t\n\t\t\t\t\t\t<div class=\"elementor-icon-box-content\">\n\n\t\t\t\t\t\t\t\t\t<h2 class=\"elementor-icon-box-title\">\n\t\t\t\t\t\t<span  >\n\t\t\t\t\t\t\tMonuments religieux\t\t\t\t\t\t<\/span>\n\t\t\t\t\t<\/h2>\n\t\t\t\t\n\t\t\t\t\n\t\t\t<\/div>\n\t\t\t\n\t\t<\/div>\n\t\t\t\t\t\t<\/div>\n\t\t\t\t<\/div>\n\t\t<div class=\"elementor-element elementor-element-e7ba6fa e-con-full elementor-hidden-mobile_extra elementor-hidden-mobile e-flex e-con e-child\" data-id=\"e7ba6fa\" data-element_type=\"container\" data-e-type=\"container\">\n\t\t\t\t<div class=\"elementor-element elementor-element-982aed3 elementor-flip-box--effect-slide elementor-widget__width-initial elementor-flip-box--direction-up elementor-widget elementor-widget-flip-box\" data-id=\"982aed3\" data-element_type=\"widget\" data-e-type=\"widget\" data-widget_type=\"flip-box.default\">\n\t\t\t\t<div class=\"elementor-widget-container\">\n\t\t\t\t\t\t\t<div class=\"elementor-flip-box\" tabindex=\"0\">\n\t\t\t<div class=\"elementor-flip-box__layer elementor-flip-box__front\">\n\t\t\t\t<div class=\"elementor-flip-box__layer__overlay\">\n\t\t\t\t\t<div class=\"elementor-flip-box__layer__inner\">\n\t\t\t\t\t\t\t\t\t\t\t\t\t<div class=\"elementor-icon-wrapper elementor-view-default\">\n\t\t\t\t\t\t\t\t<div class=\"elementor-icon\">\n\t\t\t\t\t\t\t\t\t\t\t\t\t\t\t\t\t<\/div>\n\t\t\t\t\t\t\t<\/div>\n\t\t\t\t\t\t\n\t\t\t\t\t\t\t\t\t\t\t\t\t<h3 class=\"elementor-flip-box__layer__title\">\n\t\t\t\t\t\t\t\tCath\u00e9drale Saint-Nicolas  \t\t\t\t\t\t\t<\/h3>\n\t\t\t\t\t\t\n\t\t\t\t\t\t\t\t\t\t\t<\/div>\n\t\t\t\t<\/div>\n\t\t\t<\/div>\n\t\t\t<div class=\"elementor-flip-box__layer elementor-flip-box__back\">\n\t\t\t<div class=\"elementor-flip-box__layer__overlay\">\n\t\t\t\t<div class=\"elementor-flip-box__layer__inner\">\n\t\t\t\t\t\t\t\t\t\t\t<h3 class=\"elementor-flip-box__layer__title\">\n\t\t\t\t\t\t\tCath\u00e9drale Saint-Nicolas  \t\t\t\t\t\t<\/h3>\n\t\t\t\t\t\n\t\t\t\t\t\t\t\t\t\t\t<div class=\"elementor-flip-box__layer__description\">\n\t\t\t\t\t\t\tSitu\u00e9e au c\u0153ur du vieux quartier, la co-cath\u00e9drale de San Nicol\u00e1s est un exemple clair de la sobri\u00e9t\u00e9 de la Renaissance avec son impressionnante coupole bleue, visible depuis de nombreux endroits de la ville. D\u00e9di\u00e9 \u00e0 San Nicol\u00e1s de Bari, saint patron d'Alicante, ce temple offre une atmosph\u00e8re de paix et de d\u00e9votion, \u00e9tant l'une des principales r\u00e9f\u00e9rences religieuses et culturelles de la ville. \t\t\t\t\t\t<\/div>\n\t\t\t\t\t\n\t\t\t\t\t\t\t\t\t\t\t<a class=\"elementor-flip-box__button elementor-button elementor-size-sm\" href=\"https:\/\/alicanteturismo.com\/Monumentos\/concatedral-de-san-nicolas\/\">\n\t\t\t\t\t\t\tEn savoir plus\t\t\t\t\t\t<\/a>\n\t\t\t\t\t\t\t\t<\/div>\n\t\t<\/div>\n\t\t<\/div>\n\t\t<\/div>\n\t\t\t\t\t\t<\/div>\n\t\t\t\t<\/div>\n\t\t\t\t<div class=\"elementor-element elementor-element-e39874a elementor-flip-box--effect-slide elementor-widget__width-initial elementor-flip-box--direction-up elementor-widget elementor-widget-flip-box\" data-id=\"e39874a\" data-element_type=\"widget\" data-e-type=\"widget\" data-widget_type=\"flip-box.default\">\n\t\t\t\t<div class=\"elementor-widget-container\">\n\t\t\t\t\t\t\t<div class=\"elementor-flip-box\" tabindex=\"0\">\n\t\t\t<div class=\"elementor-flip-box__layer elementor-flip-box__front\">\n\t\t\t\t<div class=\"elementor-flip-box__layer__overlay\">\n\t\t\t\t\t<div class=\"elementor-flip-box__layer__inner\">\n\t\t\t\t\t\t\t\t\t\t\t\t\t<div class=\"elementor-icon-wrapper elementor-view-default\">\n\t\t\t\t\t\t\t\t<div class=\"elementor-icon\">\n\t\t\t\t\t\t\t\t\t\t\t\t\t\t\t\t\t<\/div>\n\t\t\t\t\t\t\t<\/div>\n\t\t\t\t\t\t\n\t\t\t\t\t\t\t\t\t\t\t\t\t<h3 class=\"elementor-flip-box__layer__title\">\n\t\t\t\t\t\t\t\tBasilique de Santa Maria\t\t\t\t\t\t\t<\/h3>\n\t\t\t\t\t\t\n\t\t\t\t\t\t\t\t\t\t\t<\/div>\n\t\t\t\t<\/div>\n\t\t\t<\/div>\n\t\t\t<div class=\"elementor-flip-box__layer elementor-flip-box__back\">\n\t\t\t<div class=\"elementor-flip-box__layer__overlay\">\n\t\t\t\t<div class=\"elementor-flip-box__layer__inner\">\n\t\t\t\t\t\t\t\t\t\t\t<h3 class=\"elementor-flip-box__layer__title\">\n\t\t\t\t\t\t\tBasilique de Santa Maria\t\t\t\t\t\t<\/h3>\n\t\t\t\t\t\n\t\t\t\t\t\t\t\t\t\t\t<div class=\"elementor-flip-box__layer__description\">\n\t\t\t\t\t\t\tLa basilique de Santa Mar\u00eda, la plus ancienne \u00e9glise d'Alicante, est un tr\u00e9sor du gothique valencien. Construite sur les vestiges d'une ancienne mosqu\u00e9e, son imposante fa\u00e7ade baroque et son int\u00e9rieur d\u00e9cor\u00e9 d'\u0153uvres d'art sacr\u00e9 en font l'un des monuments religieux les plus importants de la ville. Un arr\u00eat obligatoire pour les amateurs d'histoire et d'architecture.  \t\t\t\t\t\t<\/div>\n\t\t\t\t\t\n\t\t\t\t\t\t\t\t\t\t\t<a class=\"elementor-flip-box__button elementor-button elementor-size-sm\" href=\"https:\/\/alicanteturismo.com\/Monumentos\/basilica-de-santa-maria\/\">\n\t\t\t\t\t\t\tEn savoir plus\t\t\t\t\t\t<\/a>\n\t\t\t\t\t\t\t\t<\/div>\n\t\t<\/div>\n\t\t<\/div>\n\t\t<\/div>\n\t\t\t\t\t\t<\/div>\n\t\t\t\t<\/div>\n\t\t\t\t<div class=\"elementor-element elementor-element-eae2872 elementor-flip-box--effect-slide elementor-widget__width-initial elementor-flip-box--direction-up elementor-widget elementor-widget-flip-box\" data-id=\"eae2872\" data-element_type=\"widget\" data-e-type=\"widget\" data-widget_type=\"flip-box.default\">\n\t\t\t\t<div class=\"elementor-widget-container\">\n\t\t\t\t\t\t\t<div class=\"elementor-flip-box\" tabindex=\"0\">\n\t\t\t<div class=\"elementor-flip-box__layer elementor-flip-box__front\">\n\t\t\t\t<div class=\"elementor-flip-box__layer__overlay\">\n\t\t\t\t\t<div class=\"elementor-flip-box__layer__inner\">\n\t\t\t\t\t\t\t\t\t\t\t\t\t<div class=\"elementor-icon-wrapper elementor-view-default\">\n\t\t\t\t\t\t\t\t<div class=\"elementor-icon\">\n\t\t\t\t\t\t\t\t\t\t\t\t\t\t\t\t\t<\/div>\n\t\t\t\t\t\t\t<\/div>\n\t\t\t\t\t\t\n\t\t\t\t\t\t\t\t\t\t\t\t\t<h3 class=\"elementor-flip-box__layer__title\">\n\t\t\t\t\t\t\t\tMonast\u00e8re de La Santa Faz\t\t\t\t\t\t\t<\/h3>\n\t\t\t\t\t\t\n\t\t\t\t\t\t\t\t\t\t\t<\/div>\n\t\t\t\t<\/div>\n\t\t\t<\/div>\n\t\t\t<div class=\"elementor-flip-box__layer elementor-flip-box__back\">\n\t\t\t<div class=\"elementor-flip-box__layer__overlay\">\n\t\t\t\t<div class=\"elementor-flip-box__layer__inner\">\n\t\t\t\t\t\t\t\t\t\t\t<h3 class=\"elementor-flip-box__layer__title\">\n\t\t\t\t\t\t\tMonast\u00e8re de La Santa Faz\t\t\t\t\t\t<\/h3>\n\t\t\t\t\t\n\t\t\t\t\t\t\t\t\t\t\t<div class=\"elementor-flip-box__layer__description\">\n\t\t\t\t\t\t\t\u00c0 quelques kilom\u00e8tres du centre d'Alicante se trouve le monast\u00e8re de Santa Faz, un lieu d'une grande importance pour les habitants d'Alicante. Il abrite une pr\u00e9cieuse relique qui, selon la tradition, est un fragment du tissu avec lequel V\u00e9ronique a essuy\u00e9 le visage du Christ sur le chemin du Calvaire. Chaque ann\u00e9e, des milliers de p\u00e8lerins affluent vers ce monast\u00e8re pour le traditionnel p\u00e8lerinage qui porte son nom, l'une des f\u00eates les plus importantes de la ville.  \t\t\t\t\t\t<\/div>\n\t\t\t\t\t\n\t\t\t\t\t\t\t\t\t\t\t<a class=\"elementor-flip-box__button elementor-button elementor-size-sm\" href=\"https:\/\/alicanteturismo.com\/Monumentos\/monasterio-de-la-santa-faz\/\">\n\t\t\t\t\t\t\tEn savoir plus\t\t\t\t\t\t<\/a>\n\t\t\t\t\t\t\t\t<\/div>\n\t\t<\/div>\n\t\t<\/div>\n\t\t<\/div>\n\t\t\t\t\t\t<\/div>\n\t\t\t\t<\/div>\n\t\t\t\t<\/div>\n\t\t<div class=\"elementor-element elementor-element-3ea8343 e-con-full elementor-hidden-widescreen elementor-hidden-desktop elementor-hidden-laptop elementor-hidden-tablet_extra elementor-hidden-tablet e-flex e-con e-child\" data-id=\"3ea8343\" data-element_type=\"container\" data-e-type=\"container\">\n\t\t\t\t<div class=\"elementor-element elementor-element-4793fa2 elementor-flip-box--effect-slide elementor-widget__width-initial elementor-widget-mobile__width-inherit elementor-flip-box--direction-up elementor-widget elementor-widget-flip-box\" data-id=\"4793fa2\" data-element_type=\"widget\" data-e-type=\"widget\" data-widget_type=\"flip-box.default\">\n\t\t\t\t<div class=\"elementor-widget-container\">\n\t\t\t\t\t\t\t<div class=\"elementor-flip-box\" tabindex=\"0\">\n\t\t\t<div class=\"elementor-flip-box__layer elementor-flip-box__front\">\n\t\t\t\t<div class=\"elementor-flip-box__layer__overlay\">\n\t\t\t\t\t<div class=\"elementor-flip-box__layer__inner\">\n\t\t\t\t\t\t\t\t\t\t\t\t\t<div class=\"elementor-icon-wrapper elementor-view-default\">\n\t\t\t\t\t\t\t\t<div class=\"elementor-icon\">\n\t\t\t\t\t\t\t\t\t\t\t\t\t\t\t\t\t<\/div>\n\t\t\t\t\t\t\t<\/div>\n\t\t\t\t\t\t\n\t\t\t\t\t\t\t\t\t\t\t\t\t<h3 class=\"elementor-flip-box__layer__title\">\n\t\t\t\t\t\t\t\tCath\u00e9drale Saint-Nicolas  \t\t\t\t\t\t\t<\/h3>\n\t\t\t\t\t\t\n\t\t\t\t\t\t\t\t\t\t\t<\/div>\n\t\t\t\t<\/div>\n\t\t\t<\/div>\n\t\t\t<div class=\"elementor-flip-box__layer elementor-flip-box__back\">\n\t\t\t<div class=\"elementor-flip-box__layer__overlay\">\n\t\t\t\t<div class=\"elementor-flip-box__layer__inner\">\n\t\t\t\t\t\t\t\t\t\t\t<h3 class=\"elementor-flip-box__layer__title\">\n\t\t\t\t\t\t\tCath\u00e9drale Saint-Nicolas  \t\t\t\t\t\t<\/h3>\n\t\t\t\t\t\n\t\t\t\t\t\n\t\t\t\t\t\t\t\t\t\t\t<a class=\"elementor-flip-box__button elementor-button elementor-size-sm\" href=\"https:\/\/alicanteturismo.com\/Monumentos\/concatedral-de-san-nicolas\/\">\n\t\t\t\t\t\t\tEn savoir plus\t\t\t\t\t\t<\/a>\n\t\t\t\t\t\t\t\t<\/div>\n\t\t<\/div>\n\t\t<\/div>\n\t\t<\/div>\n\t\t\t\t\t\t<\/div>\n\t\t\t\t<\/div>\n\t\t\t\t<div class=\"elementor-element elementor-element-6b99725 elementor-flip-box--effect-slide elementor-widget__width-initial elementor-widget-mobile__width-inherit elementor-flip-box--direction-up elementor-widget elementor-widget-flip-box\" data-id=\"6b99725\" data-element_type=\"widget\" data-e-type=\"widget\" data-widget_type=\"flip-box.default\">\n\t\t\t\t<div class=\"elementor-widget-container\">\n\t\t\t\t\t\t\t<div class=\"elementor-flip-box\" tabindex=\"0\">\n\t\t\t<div class=\"elementor-flip-box__layer elementor-flip-box__front\">\n\t\t\t\t<div class=\"elementor-flip-box__layer__overlay\">\n\t\t\t\t\t<div class=\"elementor-flip-box__layer__inner\">\n\t\t\t\t\t\t\t\t\t\t\t\t\t<div class=\"elementor-icon-wrapper elementor-view-default\">\n\t\t\t\t\t\t\t\t<div class=\"elementor-icon\">\n\t\t\t\t\t\t\t\t\t\t\t\t\t\t\t\t\t<\/div>\n\t\t\t\t\t\t\t<\/div>\n\t\t\t\t\t\t\n\t\t\t\t\t\t\t\t\t\t\t\t\t<h3 class=\"elementor-flip-box__layer__title\">\n\t\t\t\t\t\t\t\tBasilique de Santa Maria\t\t\t\t\t\t\t<\/h3>\n\t\t\t\t\t\t\n\t\t\t\t\t\t\t\t\t\t\t<\/div>\n\t\t\t\t<\/div>\n\t\t\t<\/div>\n\t\t\t<div class=\"elementor-flip-box__layer elementor-flip-box__back\">\n\t\t\t<div class=\"elementor-flip-box__layer__overlay\">\n\t\t\t\t<div class=\"elementor-flip-box__layer__inner\">\n\t\t\t\t\t\t\t\t\t\t\t<h3 class=\"elementor-flip-box__layer__title\">\n\t\t\t\t\t\t\tBasilique de Santa Maria\t\t\t\t\t\t<\/h3>\n\t\t\t\t\t\n\t\t\t\t\t\n\t\t\t\t\t\t\t\t\t\t\t<a class=\"elementor-flip-box__button elementor-button elementor-size-sm\" href=\"https:\/\/alicanteturismo.com\/Monumentos\/basilica-de-santa-maria\/\">\n\t\t\t\t\t\t\tEn savoir plus\t\t\t\t\t\t<\/a>\n\t\t\t\t\t\t\t\t<\/div>\n\t\t<\/div>\n\t\t<\/div>\n\t\t<\/div>\n\t\t\t\t\t\t<\/div>\n\t\t\t\t<\/div>\n\t\t\t\t<div class=\"elementor-element elementor-element-66316c9 elementor-flip-box--effect-slide elementor-widget__width-initial elementor-widget-mobile__width-inherit elementor-flip-box--direction-up elementor-widget elementor-widget-flip-box\" data-id=\"66316c9\" data-element_type=\"widget\" data-e-type=\"widget\" data-widget_type=\"flip-box.default\">\n\t\t\t\t<div class=\"elementor-widget-container\">\n\t\t\t\t\t\t\t<div class=\"elementor-flip-box\" tabindex=\"0\">\n\t\t\t<div class=\"elementor-flip-box__layer elementor-flip-box__front\">\n\t\t\t\t<div class=\"elementor-flip-box__layer__overlay\">\n\t\t\t\t\t<div class=\"elementor-flip-box__layer__inner\">\n\t\t\t\t\t\t\t\t\t\t\t\t\t<div class=\"elementor-icon-wrapper elementor-view-default\">\n\t\t\t\t\t\t\t\t<div class=\"elementor-icon\">\n\t\t\t\t\t\t\t\t\t\t\t\t\t\t\t\t\t<\/div>\n\t\t\t\t\t\t\t<\/div>\n\t\t\t\t\t\t\n\t\t\t\t\t\t\t\t\t\t\t\t\t<h3 class=\"elementor-flip-box__layer__title\">\n\t\t\t\t\t\t\t\tMonast\u00e8re de La Santa Faz\t\t\t\t\t\t\t<\/h3>\n\t\t\t\t\t\t\n\t\t\t\t\t\t\t\t\t\t\t<\/div>\n\t\t\t\t<\/div>\n\t\t\t<\/div>\n\t\t\t<div class=\"elementor-flip-box__layer elementor-flip-box__back\">\n\t\t\t<div class=\"elementor-flip-box__layer__overlay\">\n\t\t\t\t<div class=\"elementor-flip-box__layer__inner\">\n\t\t\t\t\t\t\t\t\t\t\t<h3 class=\"elementor-flip-box__layer__title\">\n\t\t\t\t\t\t\tMonast\u00e8re de La Santa Faz\t\t\t\t\t\t<\/h3>\n\t\t\t\t\t\n\t\t\t\t\t\n\t\t\t\t\t\t\t\t\t\t\t<a class=\"elementor-flip-box__button elementor-button elementor-size-sm\" href=\"https:\/\/alicanteturismo.com\/Monumentos\/monasterio-de-la-santa-faz\/\">\n\t\t\t\t\t\t\tEn savoir plus\t\t\t\t\t\t<\/a>\n\t\t\t\t\t\t\t\t<\/div>\n\t\t<\/div>\n\t\t<\/div>\n\t\t<\/div>\n\t\t\t\t\t\t<\/div>\n\t\t\t\t<\/div>\n\t\t\t\t<\/div>\n\t\t\t\t<\/div>\n\t\t\t\t<\/div>\n\t\t<div class=\"elementor-element elementor-element-5619b9c e-con-full e-flex e-con e-parent\" data-id=\"5619b9c\" data-element_type=\"container\" data-e-type=\"container\">\n\t\t\t\t<div class=\"elementor-element elementor-element-df67c9a elementor-position-inline-start elementor-mobile-position-inline-start elementor-view-default elementor-widget elementor-widget-icon-box\" data-id=\"df67c9a\" data-element_type=\"widget\" data-e-type=\"widget\" data-widget_type=\"icon-box.default\">\n\t\t\t\t<div class=\"elementor-widget-container\">\n\t\t\t\t\t\t\t<div class=\"elementor-icon-box-wrapper\">\n\n\t\t\t\t\t\t<div class=\"elementor-icon-box-icon\">\n\t\t\t\t<span  class=\"elementor-icon\">\n\t\t\t\t<svg aria-hidden=\"true\" class=\"e-font-icon-svg e-fas-map-marked-alt\" viewBox=\"0 0 576 512\" xmlns=\"http:\/\/www.w3.org\/2000\/svg\"><path d=\"M288 0c-69.59 0-126 56.41-126 126 0 56.26 82.35 158.8 113.9 196.02 6.39 7.54 17.82 7.54 24.2 0C331.65 284.8 414 182.26 414 126 414 56.41 357.59 0 288 0zm0 168c-23.2 0-42-18.8-42-42s18.8-42 42-42 42 18.8 42 42-18.8 42-42 42zM20.12 215.95A32.006 32.006 0 0 0 0 245.66v250.32c0 11.32 11.43 19.06 21.94 14.86L160 448V214.92c-8.84-15.98-16.07-31.54-21.25-46.42L20.12 215.95zM288 359.67c-14.07 0-27.38-6.18-36.51-16.96-19.66-23.2-40.57-49.62-59.49-76.72v182l192 64V266c-18.92 27.09-39.82 53.52-59.49 76.72-9.13 10.77-22.44 16.95-36.51 16.95zm266.06-198.51L416 224v288l139.88-55.95A31.996 31.996 0 0 0 576 426.34V176.02c0-11.32-11.43-19.06-21.94-14.86z\"><\/path><\/svg>\t\t\t\t<\/span>\n\t\t\t<\/div>\n\t\t\t\n\t\t\t\t\t\t<div class=\"elementor-icon-box-content\">\n\n\t\t\t\t\t\t\t\t\t<h2 class=\"elementor-icon-box-title\">\n\t\t\t\t\t\t<span  >\n\t\t\t\t\t\t\tSur la carte\t\t\t\t\t\t<\/span>\n\t\t\t\t\t<\/h2>\n\t\t\t\t\n\t\t\t\t\n\t\t\t<\/div>\n\t\t\t\n\t\t<\/div>\n\t\t\t\t\t\t<\/div>\n\t\t\t\t<\/div>\n\t\t\t\t<div class=\"elementor-element elementor-element-8489403 elementor-widget__width-inherit elementor-widget elementor-widget-html\" data-id=\"8489403\" data-element_type=\"widget\" data-e-type=\"widget\" data-widget_type=\"html.default\">\n\t\t\t\t<div class=\"elementor-widget-container\">\n\t\t\t\t\t<iframe src=\"https:\/\/www.google.com\/maps\/d\/embed?mid=1fE3V3mbN-hOc_d-qW7EOYlYt7HA&hl=es&ehbc=2E312F\" width=\"640\" height=\"480\"><\/iframe>\t\t\t\t<\/div>\n\t\t\t\t<\/div>\n\t\t\t\t<\/div>\n\t\t<div class=\"elementor-element elementor-element-92fba0b e-con-full e-flex e-con e-child\" data-id=\"92fba0b\" data-element_type=\"container\" data-e-type=\"container\">\n\t\t<div class=\"elementor-element elementor-element-7e28e9be e-con-full e-flex e-con e-child\" data-id=\"7e28e9be\" data-element_type=\"container\" data-e-type=\"container\">\n\t\t<div class=\"elementor-element elementor-element-4ae057d6 e-con-full e-flex e-con e-child\" data-id=\"4ae057d6\" data-element_type=\"container\" data-e-type=\"container\">\n\t\t\t\t<div class=\"elementor-element elementor-element-2252136a elementor-position-inline-start elementor-mobile-position-inline-start elementor-view-default elementor-widget elementor-widget-icon-box\" data-id=\"2252136a\" data-element_type=\"widget\" data-e-type=\"widget\" data-widget_type=\"icon-box.default\">\n\t\t\t\t<div class=\"elementor-widget-container\">\n\t\t\t\t\t\t\t<div class=\"elementor-icon-box-wrapper\">\n\n\t\t\t\t\t\t<div class=\"elementor-icon-box-icon\">\n\t\t\t\t<span  class=\"elementor-icon\">\n\t\t\t\t<svg xmlns=\"http:\/\/www.w3.org\/2000\/svg\" xmlns:xlink=\"http:\/\/www.w3.org\/1999\/xlink\" width=\"512\" height=\"512\" x=\"0\" y=\"0\" viewBox=\"0 0 32 32\" style=\"enable-background:new 0 0 512 512\" xml:space=\"preserve\" class=\"\"><g><path d=\"M30 15h-5v11a1 1 0 0 0 1 1 3 3 0 0 1 3 3 5 5 0 0 0 2-4V16a1 1 0 0 0-1-1z\" fill=\"#00adbb\" opacity=\"1\" data-original=\"#000000\" class=\"\"><\/path><path d=\"M26 29a3 3 0 0 1-3-3V2a1 1 0 0 0-1-1H2a1 1 0 0 0-1 1v24a5 5 0 0 0 5 5h20a1 1 0 0 0 0-2zM7 9h1a1 1 0 0 1 0 2H7a1 1 0 0 1 0-2zm10 14H7a1 1 0 0 1 0-2h10a1 1 0 0 1 0 2zm0-6H7a1 1 0 0 1 0-2h10a1 1 0 0 1 0 2zm0-6h-5a1 1 0 0 1 0-2h5a1 1 0 0 1 0 2z\" fill=\"#00adbb\" opacity=\"1\" data-original=\"#000000\" class=\"\"><\/path><\/g><\/svg>\t\t\t\t<\/span>\n\t\t\t<\/div>\n\t\t\t\n\t\t\t\t\t\t<div class=\"elementor-icon-box-content\">\n\n\t\t\t\t\t\t\t\t\t<h2 class=\"elementor-icon-box-title\">\n\t\t\t\t\t\t<span  >\n\t\t\t\t\t\t\tActualit\u00e9s\t\t\t\t\t\t<\/span>\n\t\t\t\t\t<\/h2>\n\t\t\t\t\n\t\t\t\t\n\t\t\t<\/div>\n\t\t\t\n\t\t<\/div>\n\t\t\t\t\t\t<\/div>\n\t\t\t\t<\/div>\n\t\t\t\t<div class=\"elementor-element elementor-element-37c35531 elementor-widget-mobile__width-inherit titulohover elementor-widget elementor-widget-heading\" data-id=\"37c35531\" data-element_type=\"widget\" data-e-type=\"widget\" data-widget_type=\"heading.default\">\n\t\t\t\t<div class=\"elementor-widget-container\">\n\t\t\t\t\t<h3 class=\"elementor-heading-title elementor-size-default\"><a href=\"https:\/\/alicanteturismo.com\/fr\/actualites\/\" download=\"Plano-turismo-de-rutas\">Toutes les nouvelles<\/a><\/h3>\t\t\t\t<\/div>\n\t\t\t\t<\/div>\n\t\t\t\t<\/div>\n\t\t\t\t<div class=\"elementor-element elementor-element-3788aa39 elementor-grid-4 elementor-widget__width-inherit elementor-grid-tablet-2 elementor-grid-mobile-1 elementor-posts--thumbnail-top elementor-widget elementor-widget-posts\" data-id=\"3788aa39\" data-element_type=\"widget\" data-e-type=\"widget\" data-settings=\"{&quot;classic_columns&quot;:&quot;4&quot;,&quot;classic_row_gap&quot;:{&quot;unit&quot;:&quot;px&quot;,&quot;size&quot;:0,&quot;sizes&quot;:[]},&quot;classic_columns_tablet&quot;:&quot;2&quot;,&quot;classic_columns_mobile&quot;:&quot;1&quot;,&quot;classic_row_gap_widescreen&quot;:{&quot;unit&quot;:&quot;px&quot;,&quot;size&quot;:&quot;&quot;,&quot;sizes&quot;:[]},&quot;classic_row_gap_laptop&quot;:{&quot;unit&quot;:&quot;px&quot;,&quot;size&quot;:&quot;&quot;,&quot;sizes&quot;:[]},&quot;classic_row_gap_tablet_extra&quot;:{&quot;unit&quot;:&quot;px&quot;,&quot;size&quot;:&quot;&quot;,&quot;sizes&quot;:[]},&quot;classic_row_gap_tablet&quot;:{&quot;unit&quot;:&quot;px&quot;,&quot;size&quot;:&quot;&quot;,&quot;sizes&quot;:[]},&quot;classic_row_gap_mobile_extra&quot;:{&quot;unit&quot;:&quot;px&quot;,&quot;size&quot;:&quot;&quot;,&quot;sizes&quot;:[]},&quot;classic_row_gap_mobile&quot;:{&quot;unit&quot;:&quot;px&quot;,&quot;size&quot;:&quot;&quot;,&quot;sizes&quot;:[]}}\" data-widget_type=\"posts.classic\">\n\t\t\t\t<div class=\"elementor-widget-container\">\n\t\t\t\t\t\t\t<div class=\"elementor-posts-container elementor-posts elementor-posts--skin-classic elementor-grid\" role=\"list\">\n\t\t\t\t<article class=\"elementor-post elementor-grid-item post-319618 noticias type-noticias status-publish has-post-thumbnail hentry categoria-de-noticia-destacados\" role=\"listitem\">\n\t\t\t\t<a class=\"elementor-post__thumbnail__link\" href=\"https:\/\/alicanteturismo.com\/fr\/noticias\/barcala-alicante-planifica-el-futuro-de-su-turismo-sostenible-con-la-variable-del-cambio-climatico\/\" tabindex=\"-1\" >\n\t\t\t<div class=\"elementor-post__thumbnail\"><img fetchpriority=\"high\" decoding=\"async\" width=\"300\" height=\"200\" src=\"https:\/\/alicanteturismo.com\/wp-content\/uploads\/2026\/04\/ERN_4882-300x200.jpg\" class=\"attachment-medium size-medium wp-image-319643\" alt=\"\" srcset=\"https:\/\/alicanteturismo.com\/wp-content\/uploads\/2026\/04\/ERN_4882-300x200.jpg 300w, https:\/\/alicanteturismo.com\/wp-content\/uploads\/2026\/04\/ERN_4882-1024x683.jpg 1024w, https:\/\/alicanteturismo.com\/wp-content\/uploads\/2026\/04\/ERN_4882-768x512.jpg 768w, https:\/\/alicanteturismo.com\/wp-content\/uploads\/2026\/04\/ERN_4882-391x260.jpg 391w, https:\/\/alicanteturismo.com\/wp-content\/uploads\/2026\/04\/ERN_4882-1536x1024.jpg 1536w, https:\/\/alicanteturismo.com\/wp-content\/uploads\/2026\/04\/ERN_4882-2048x1365.jpg 2048w\" sizes=\"(max-width: 300px) 100vw, 300px\" \/><\/div>\n\t\t<\/a>\n\t\t\t\t<div class=\"elementor-post__text\">\n\t\t\t\t<h3 class=\"elementor-post__title\">\n\t\t\t<a href=\"https:\/\/alicanteturismo.com\/fr\/noticias\/barcala-alicante-planifica-el-futuro-de-su-turismo-sostenible-con-la-variable-del-cambio-climatico\/\" >\n\t\t\t\tBarcala: \u201cAlicante planifica el futuro de su turismo sostenible con la variable del cambio clim\u00e1tico\u201d\t\t\t<\/a>\n\t\t<\/h3>\n\t\t\t\t<div class=\"elementor-post__meta-data\">\n\t\t\t\t\t<span class=\"elementor-post-date\">\n\t\t\t22 avril 2026\t\t<\/span>\n\t\t\t\t<\/div>\n\t\t\n\t\t<a class=\"elementor-post__read-more\" href=\"https:\/\/alicanteturismo.com\/fr\/noticias\/barcala-alicante-planifica-el-futuro-de-su-turismo-sostenible-con-la-variable-del-cambio-climatico\/\" aria-label=\"En savoir plus sur Barcala: \u201cAlicante planifica el futuro de su turismo sostenible con la variable del cambio clim\u00e1tico\u201d\" tabindex=\"-1\" >\n\t\t\tLire la suite \"\t\t<\/a>\n\n\t\t\t\t<\/div>\n\t\t\t\t<\/article>\n\t\t\t\t<article class=\"elementor-post elementor-grid-item post-319544 noticias type-noticias status-publish has-post-thumbnail hentry categoria-de-noticia-subvenciones\" role=\"listitem\">\n\t\t\t\t<a class=\"elementor-post__thumbnail__link\" href=\"https:\/\/alicanteturismo.com\/fr\/noticias\/decreto-convocatoria-subvencion-promocion-turistica\/\" tabindex=\"-1\" >\n\t\t\t<div class=\"elementor-post__thumbnail\"><img decoding=\"async\" width=\"300\" height=\"143\" src=\"https:\/\/alicanteturismo.com\/wp-content\/uploads\/2021\/05\/Marca-Alicante_CityBeach-01-scaled-1-300x143.jpg\" class=\"attachment-medium size-medium wp-image-204745\" alt=\"\" srcset=\"https:\/\/alicanteturismo.com\/wp-content\/uploads\/2021\/05\/Marca-Alicante_CityBeach-01-scaled-1-300x143.jpg 300w, https:\/\/alicanteturismo.com\/wp-content\/uploads\/2021\/05\/Marca-Alicante_CityBeach-01-scaled-1-1024x488.jpg 1024w, https:\/\/alicanteturismo.com\/wp-content\/uploads\/2021\/05\/Marca-Alicante_CityBeach-01-scaled-1-768x366.jpg 768w, https:\/\/alicanteturismo.com\/wp-content\/uploads\/2021\/05\/Marca-Alicante_CityBeach-01-scaled-1-1536x732.jpg 1536w, https:\/\/alicanteturismo.com\/wp-content\/uploads\/2021\/05\/Marca-Alicante_CityBeach-01-scaled-1-2048x976.jpg 2048w\" sizes=\"(max-width: 300px) 100vw, 300px\" \/><\/div>\n\t\t<\/a>\n\t\t\t\t<div class=\"elementor-post__text\">\n\t\t\t\t<h3 class=\"elementor-post__title\">\n\t\t\t<a href=\"https:\/\/alicanteturismo.com\/fr\/noticias\/decreto-convocatoria-subvencion-promocion-turistica\/\" >\n\t\t\t\tConvocatoria de subvenciones destinadas a asociaciones y entidades sin \u00e1nimo de lucro para el fortalecimiento de Alicante como destino tur\u00edstico, anualidad 2026.\t\t\t<\/a>\n\t\t<\/h3>\n\t\t\t\t<div class=\"elementor-post__meta-data\">\n\t\t\t\t\t<span class=\"elementor-post-date\">\n\t\t\t17 avril 2026\t\t<\/span>\n\t\t\t\t<\/div>\n\t\t\n\t\t<a class=\"elementor-post__read-more\" href=\"https:\/\/alicanteturismo.com\/fr\/noticias\/decreto-convocatoria-subvencion-promocion-turistica\/\" aria-label=\"En savoir plus sur Convocatoria de subvenciones destinadas a asociaciones y entidades sin \u00e1nimo de lucro para el fortalecimiento de Alicante como destino tur\u00edstico, anualidad 2026.\" tabindex=\"-1\" >\n\t\t\tLire la suite \"\t\t<\/a>\n\n\t\t\t\t<\/div>\n\t\t\t\t<\/article>\n\t\t\t\t<article class=\"elementor-post elementor-grid-item post-317797 noticias type-noticias status-publish has-post-thumbnail hentry categoria-de-noticia-actas-junta-rectora\" role=\"listitem\">\n\t\t\t\t<a class=\"elementor-post__thumbnail__link\" href=\"https:\/\/alicanteturismo.com\/fr\/noticias\/acta-de-la-junta-rectora-23-09-2025\/\" tabindex=\"-1\" >\n\t\t\t<div class=\"elementor-post__thumbnail\"><img decoding=\"async\" width=\"300\" height=\"143\" src=\"https:\/\/alicanteturismo.com\/wp-content\/uploads\/2025\/01\/Marca-City-Beach-04-scaled-1-300x143.jpg\" class=\"attachment-medium size-medium wp-image-293535\" alt=\"\" srcset=\"https:\/\/alicanteturismo.com\/wp-content\/uploads\/2025\/01\/Marca-City-Beach-04-scaled-1-300x143.jpg 300w, https:\/\/alicanteturismo.com\/wp-content\/uploads\/2025\/01\/Marca-City-Beach-04-scaled-1-1024x488.jpg 1024w, https:\/\/alicanteturismo.com\/wp-content\/uploads\/2025\/01\/Marca-City-Beach-04-scaled-1-768x366.jpg 768w, https:\/\/alicanteturismo.com\/wp-content\/uploads\/2025\/01\/Marca-City-Beach-04-scaled-1-1536x732.jpg 1536w, https:\/\/alicanteturismo.com\/wp-content\/uploads\/2025\/01\/Marca-City-Beach-04-scaled-1-2048x976.jpg 2048w\" sizes=\"(max-width: 300px) 100vw, 300px\" \/><\/div>\n\t\t<\/a>\n\t\t\t\t<div class=\"elementor-post__text\">\n\t\t\t\t<h3 class=\"elementor-post__title\">\n\t\t\t<a href=\"https:\/\/alicanteturismo.com\/fr\/noticias\/acta-de-la-junta-rectora-23-09-2025\/\" >\n\t\t\t\tActa de la Junta Rectora: 23 -09- 2025\t\t\t<\/a>\n\t\t<\/h3>\n\t\t\t\t<div class=\"elementor-post__meta-data\">\n\t\t\t\t\t<span class=\"elementor-post-date\">\n\t\t\t11 mars 2026\t\t<\/span>\n\t\t\t\t<\/div>\n\t\t\n\t\t<a class=\"elementor-post__read-more\" href=\"https:\/\/alicanteturismo.com\/fr\/noticias\/acta-de-la-junta-rectora-23-09-2025\/\" aria-label=\"En savoir plus sur Acta de la Junta Rectora: 23 -09- 2025\" tabindex=\"-1\" >\n\t\t\tLire la suite \"\t\t<\/a>\n\n\t\t\t\t<\/div>\n\t\t\t\t<\/article>\n\t\t\t\t<article class=\"elementor-post elementor-grid-item post-317312 noticias type-noticias status-publish has-post-thumbnail hentry categoria-de-noticia-castillo-de-santa-barbara categoria-de-noticia-destacados\" role=\"listitem\">\n\t\t\t\t<a class=\"elementor-post__thumbnail__link\" href=\"https:\/\/alicanteturismo.com\/fr\/noticias\/alicante-despierta-el-interes-de-suiza-italia-y-paises-bajos-en-la-feria-itb-de-berlin\/\" tabindex=\"-1\" >\n\t\t\t<div class=\"elementor-post__thumbnail\"><img loading=\"lazy\" decoding=\"async\" width=\"225\" height=\"300\" src=\"https:\/\/alicanteturismo.com\/wp-content\/uploads\/2026\/03\/Poquet-Berlin-225x300.jpeg\" class=\"attachment-medium size-medium wp-image-317313\" alt=\"\" srcset=\"https:\/\/alicanteturismo.com\/wp-content\/uploads\/2026\/03\/Poquet-Berlin-225x300.jpeg 225w, https:\/\/alicanteturismo.com\/wp-content\/uploads\/2026\/03\/Poquet-Berlin-768x1024.jpeg 768w, https:\/\/alicanteturismo.com\/wp-content\/uploads\/2026\/03\/Poquet-Berlin-300x400.jpeg 300w, https:\/\/alicanteturismo.com\/wp-content\/uploads\/2026\/03\/Poquet-Berlin-1152x1536.jpeg 1152w, https:\/\/alicanteturismo.com\/wp-content\/uploads\/2026\/03\/Poquet-Berlin.jpeg 1200w\" sizes=\"(max-width: 225px) 100vw, 225px\" \/><\/div>\n\t\t<\/a>\n\t\t\t\t<div class=\"elementor-post__text\">\n\t\t\t\t<h3 class=\"elementor-post__title\">\n\t\t\t<a href=\"https:\/\/alicanteturismo.com\/fr\/noticias\/alicante-despierta-el-interes-de-suiza-italia-y-paises-bajos-en-la-feria-itb-de-berlin\/\" >\n\t\t\t\tAlicante despierta el inter\u00e9s de Suiza, Italia y Pa\u00edses bajos en la feria ITB de Berl\u00edn\t\t\t<\/a>\n\t\t<\/h3>\n\t\t\t\t<div class=\"elementor-post__meta-data\">\n\t\t\t\t\t<span class=\"elementor-post-date\">\n\t\t\t9 mars 2026\t\t<\/span>\n\t\t\t\t<\/div>\n\t\t\n\t\t<a class=\"elementor-post__read-more\" href=\"https:\/\/alicanteturismo.com\/fr\/noticias\/alicante-despierta-el-interes-de-suiza-italia-y-paises-bajos-en-la-feria-itb-de-berlin\/\" aria-label=\"En savoir plus sur Alicante despierta el inter\u00e9s de Suiza, Italia y Pa\u00edses bajos en la feria ITB de Berl\u00edn\" tabindex=\"-1\" >\n\t\t\tLire la suite \"\t\t<\/a>\n\n\t\t\t\t<\/div>\n\t\t\t\t<\/article>\n\t\t\t\t<\/div>\n\t\t\n\t\t\t\t\t\t<\/div>\n\t\t\t\t<\/div>\n\t\t\t\t<\/div>\n\t\t\t\t<\/div>\n\t\t\t\t<\/div>\n\t\t","protected":false},"excerpt":{"rendered":"<p>Alicante est une ville qui regorge d&rsquo;histoire, de culture et de beaut\u00e9 \u00e0 chaque tournant. Son patrimoine historique, qui va de monuments impressionnants\u00e0 de charmants<\/p>\n","protected":false},"author":1,"featured_media":268839,"parent":0,"menu_order":0,"comment_status":"closed","ping_status":"closed","template":"","meta":{"_acf_changed":false,"footnotes":""},"class_list":["post-283305","page","type-page","status-publish","has-post-thumbnail","hentry"],"acf":[],"_links":{"self":[{"href":"https:\/\/alicanteturismo.com\/fr\/wp-json\/wp\/v2\/pages\/283305","targetHints":{"allow":["GET"]}}],"collection":[{"href":"https:\/\/alicanteturismo.com\/fr\/wp-json\/wp\/v2\/pages"}],"about":[{"href":"https:\/\/alicanteturismo.com\/fr\/wp-json\/wp\/v2\/types\/page"}],"author":[{"embeddable":true,"href":"https:\/\/alicanteturismo.com\/fr\/wp-json\/wp\/v2\/users\/1"}],"replies":[{"embeddable":true,"href":"https:\/\/alicanteturismo.com\/fr\/wp-json\/wp\/v2\/comments?post=283305"}],"version-history":[{"count":0,"href":"https:\/\/alicanteturismo.com\/fr\/wp-json\/wp\/v2\/pages\/283305\/revisions"}],"wp:featuredmedia":[{"embeddable":true,"href":"https:\/\/alicanteturismo.com\/fr\/wp-json\/wp\/v2\/media\/268839"}],"wp:attachment":[{"href":"https:\/\/alicanteturismo.com\/fr\/wp-json\/wp\/v2\/media?parent=283305"}],"curies":[{"name":"wp","href":"https:\/\/api.w.org\/{rel}","templated":true}]}}