{"id":285433,"date":"2024-05-20T10:52:21","date_gmt":"2024-05-20T08:52:21","guid":{"rendered":"https:\/\/dev.alicanteturismo.com\/museos\/musee-archeologique-provincial-dalicante\/"},"modified":"2025-03-31T16:29:51","modified_gmt":"2025-03-31T14:29:51","slug":"musee-archeologique-provincial-dalicante","status":"publish","type":"museos","link":"https:\/\/alicanteturismo.com\/fr\/museos\/musee-archeologique-provincial-dalicante\/","title":{"rendered":"MUS\u00c9E ARCH\u00c9OLOGIQUE PROVINCIAL D&rsquo;ALICANTE"},"content":{"rendered":"\t\t<div data-elementor-type=\"wp-post\" data-elementor-id=\"285433\" class=\"elementor elementor-285433 elementor-1949\" data-elementor-post-type=\"museos\">\n\t\t\t\t<div style=\"background-image: url(https:\/\/alicanteturismo.com\/wp-content\/uploads\/2024\/05\/MUSEO-MARQ-ALICANTE-4-1-e1716795533876.jpg);background-position:top center;background-repeat:no-repeat;background-size:cover;\" class=\"e-lazyloaded elementor-element elementor-element-6dfac034 e-con-full e-flex e-con e-parent\" data-id=\"6dfac034\" data-element_type=\"container\" data-e-type=\"container\" data-settings=\"{&quot;background_background&quot;:&quot;classic&quot;}\">\n\t\t\t\t<div class=\"elementor-element elementor-element-5064d1b elementor-widget elementor-widget-heading\" data-id=\"5064d1b\" data-element_type=\"widget\" data-e-type=\"widget\" data-widget_type=\"heading.default\">\n\t\t\t\t<div class=\"elementor-widget-container\">\n\t\t\t\t\t<h2 class=\"elementor-heading-title elementor-size-default\">MUS\u00c9E ARCH\u00c9OLOGIQUE PROVINCIAL D&rsquo;ALICANTE<\/h2>\t\t\t\t<\/div>\n\t\t\t\t<\/div>\n\t\t\t\t<div class=\"elementor-element elementor-element-2c7eb9db elementor-widget elementor-widget-heading\" data-id=\"2c7eb9db\" data-element_type=\"widget\" data-e-type=\"widget\" data-widget_type=\"heading.default\">\n\t\t\t\t<div class=\"elementor-widget-container\">\n\t\t\t\t\t<h2 class=\"elementor-heading-title elementor-size-default\">MARQ<\/h2>\t\t\t\t<\/div>\n\t\t\t\t<\/div>\n\t\t\t\t<\/div>\n\t\t<div class=\"elementor-element elementor-element-23233ae2 e-con-full e-flex e-con e-parent\" data-id=\"23233ae2\" data-element_type=\"container\" data-e-type=\"container\">\n\t\t<div class=\"elementor-element elementor-element-5dc854d2 e-con-full e-flex e-con e-child\" data-id=\"5dc854d2\" data-element_type=\"container\" data-e-type=\"container\">\n\t\t<div class=\"elementor-element elementor-element-655a3818 e-con-full e-flex e-con e-child\" data-id=\"655a3818\" data-element_type=\"container\" data-e-type=\"container\">\n\t\t<div class=\"elementor-element elementor-element-70739cf8 e-con-full e-flex e-con e-child\" data-id=\"70739cf8\" data-element_type=\"container\" data-e-type=\"container\">\n\t\t\t\t<div class=\"elementor-element elementor-element-2291924a elementor-widget elementor-widget-text-editor\" data-id=\"2291924a\" data-element_type=\"widget\" data-e-type=\"widget\" data-widget_type=\"text-editor.default\">\n\t\t\t\t<div class=\"elementor-widget-container\">\n\t\t\t\t\t\t\t\t\t<p>Le <strong>Mus\u00e9e arch\u00e9ologique provincial d&rsquo;Alicante<\/strong> est un mus\u00e9e innovant qui r\u00e9volutionne le concept traditionnel de l&rsquo;arch\u00e9ologie. Avec le d\u00e9fi de devenir le premier mus\u00e9e arch\u00e9ologique du XXIe si\u00e8cle, le MARQ offre \u00e0 ses visiteurs une exp\u00e9rience unique et didactique, combinant la rigueur historique avec des expositions interactives et modernes qui permettent aux visiteurs d&rsquo;explorer le pass\u00e9 d&rsquo;une mani\u00e8re agr\u00e9able et accessible. Ses grands espaces relient le patrimoine local au contexte mondial, attirant \u00e0 la fois les experts et le grand public. Les<strong> salles permanentes<\/strong> du MARQ couvrent la Pr\u00e9histoire, la culture ib\u00e9rique, la culture romaine, le Moyen \u00c2ge, ainsi que les \u00e9poques Moderne et Contemporaine, et exposent des pi\u00e8ces arch\u00e9ologiques exceptionnelles de grande valeur. <strong>Les salles th\u00e9matiques<\/strong> pr\u00e9sentent des expositions de grand int\u00e9r\u00eat international qui se distinguent par leur pertinence et leur attrait, offrant aux visiteurs la possibilit\u00e9 d&rsquo;explorer des d\u00e9couvertes arch\u00e9ologiques et des <strong>collections <\/strong>historiques du<strong> monde entier<\/strong><strong>. <\/strong><\/p>\n\t\t\t\t\t\t\t\t<\/div>\n\t\t\t\t<\/div>\n\t\t\t\t<\/div>\n\t\t<div class=\"elementor-element elementor-element-6336cfa8 e-con-full e-flex e-con e-child\" data-id=\"6336cfa8\" data-element_type=\"container\" data-e-type=\"container\">\n\t\t\t\t<div class=\"elementor-element elementor-element-150a30b4 elementor-widget__width-inherit plus-border-yes elementor-widget elementor-widget-tp-table\" data-id=\"150a30b4\" data-element_type=\"widget\" data-e-type=\"widget\" data-widget_type=\"tp-table.default\">\n\t\t\t\t<div class=\"elementor-widget-container\">\n\t\t\t\t\t\t\t\t<div itemscope class=\"plus-table-wrapper   tp-table-mobresswipe\" itemtype=\"http:\/\/schema.org\/Table\">\n\n\t\t\t\t<table id=\"plus-table-id-150a30b4\" class=\"plus-table plus-text-break plus-column-rules\" data-sort-table=\"no\" data-show-entry=\"no\" data-searchable=\"no\">\n\t\t\t\t\t\t\t\t\t\t\t<thead> \n\t\t\t\t\t\t\t\t\t\t\t\t\t\t\t\t<tr class=\"plus-table-row\"> \n\t\t\t\t\t\t\t\t\t\t\t\t\t\t\t\t\t\t\t\t\t\t\t\t<th id=\"tooltip69f0e15203296\"data-sort=\"0\" class=\"sort-this elementor-repeater-item-0f2f9a1 plus-table-col\" data-local=\"true\"  scope=\"col\">\n\t\t\t\t\t\t\t\t\t\t\t<span class=\"sort-style\">\n\t\t\t\t\t\t\t\t\t\t\t<span class=\"plus-table__text\">\n\t\t\t\t\t\t\t\t\t\t\t\t\t\t\t\t\t\t\t\t\t\t\t\t\t\t<img decoding=\"async\" src=\"https:\/\/alicanteturismo.com\/wp-content\/uploads\/2024\/07\/tarifas.svg\" class=\"plus-col-img--left\" title=\"tarifas\" alt=\"tarifas\">\n\t\t\t\t\t\t\t\t\t\t\t\t\t\t\t\t\t\t\t\t\t\t\t\t\t\t<span class=\"plus-table__text-inner\">TARIFS <\/span>\n\t\t\t\t\t\t\t\t\t\t\t\t\t\t\t\t\t\t\t\t\t\t<\/span> \n\t\t\t\t\t\t\t\t\t\t\t\n\t\t\t\t\t\t\t\t\t\t\t\t\t\t\t\t\t\t\t\t\t\t<\/span>\n\t\t\t\t\t\t\t\t\t\t<\/th>\n\t\t\t\t\t\t\t\t\t\t\t\t\t\t\t\t<\/thead> \n\t\t\t\t\t\t\n\t\t\t\t\t\t<tbody>\n\t\t\t\t\t\t\t<!-- ROWS -->\n\t\t\t\t\t\t\t\t\t\t\t\t\t\t\t\t\t\t<tr data-entry=\"1\" class=\"plus-table-row\">\n\t\t\t\t\t\t\t\t\t\t\t\t\t\t\t\t\t\t\t\t\t<td id=\"tooltip69f0e152032f0\"class=\"plus-table-col elementor-repeater-item-e0c094e\" data-title=\"TARIFS \">\n\t\t\t\t\t\t\t\t\t\t\t\t\t\t\t\t\t\t\t\t\t\t\t\t\t\t\t\t\t\t\t\t\t\t\t\t<span class=\"plus-table__text\">\n\t\t\t\t\t\t\t\t\t\t\t\t\t\t\t\t\t\t\t\t\t\t\t\t\t\t\t\t\t\t\t\t\t\t\t\t\t\t\t\t\t\t\t\t\t\t\t\t\t\t\t\t\t\t\t\t\t\t\t\t\t\t\t\t\t\t\t\t\t\t\t\t<span class=\"plus-table__text-inner\"><strong>Tarif g\u00e9n\u00e9ral<\/strong>\n<br>5\u20ac (dimanche et jours f\u00e9ri\u00e9s 3\u20ac)<\/span>\n\t\t\t\t\t\t\t\t\t\t\t\t\t\t\t\t\t\t\t\t\t\t\t\t\t\t\t\t\t\t\t\t\t\t\t\t\t\t\t\t\t\t\t\t\t\t\t\t\t\t\t\t\t\t\t\t\t\t\t\t\t\t\t\t\t\t\t\t\t\t\t\t\t\t\t\t\t\t\t\t\t\t\t\t<\/span>\n\t\t\t\t\t\t\t\t\t\t\t\t\t\t\t\t\t\t\t\t\t\t\t\t\t\t\t\t\t\t\t\t\t<\/td>\n\t\t\t\t\t\t\t\t\t\t\t\t\t\t\t\t\t\t\t\t\t\t<\/tr><tr data-entry=\"2\" class=\"plus-table-row\">\n\t\t\t\t\t\t\t\t\t\t\t\t\t\t\t\t\t\t\t\t\t<td id=\"tooltip69f0e15203380\"class=\"plus-table-col elementor-repeater-item-fda356e\" data-title=\"TARIFS \">\n\t\t\t\t\t\t\t\t\t\t\t\t\t\t\t\t\t\t\t\t\t\t\t\t\t\t\t\t\t\t\t\t\t\t\t\t<span class=\"plus-table__text\">\n\t\t\t\t\t\t\t\t\t\t\t\t\t\t\t\t\t\t\t\t\t\t\t\t\t\t\t\t\t\t\t\t\t\t\t\t\t\t\t\t\t\t\t\t\t\t\t\t\t\t\t\t\t\t\t\t\t\t\t\t\t\t\t\t\t\t\t\t\t\t\t\t<span class=\"plus-table__text-inner\"><strong>Tarif r\u00e9duit<\/strong>\n<br>3\u20ac<\/span>\n\t\t\t\t\t\t\t\t\t\t\t\t\t\t\t\t\t\t\t\t\t\t\t\t\t\t\t\t\t\t\t\t\t\t\t\t\t\t\t\t\t\t\t\t\t\t\t\t\t\t\t\t\t\t\t\t\t\t\t\t\t\t\t\t\t\t\t\t\t\t\t\t\t\t\t\t\t\t\t\t\t\t\t\t<\/span>\n\t\t\t\t\t\t\t\t\t\t\t\t\t\t\t\t\t\t\t\t\t\t\t\t\t\t\t\t\t\t\t\t\t<\/td>\n\t\t\t\t\t\t\t\t\t\t\t\t\t\t\t\t\t\t\t\t\t\t<\/tr><tr data-entry=\"3\" class=\"plus-table-row\">\n\t\t\t\t\t\t\t\t\t\t\t\t\t\t\t\t\t\t\t\t\t<td id=\"tooltip69f0e152033b6\"class=\"plus-table-col elementor-repeater-item-8f525bb\" data-title=\"TARIFS \">\n\t\t\t\t\t\t\t\t\t\t\t\t\t\t\t\t\t\t\t\t\t\t\t\t\t\t\t\t\t\t\t\t\t\t\t\t<span class=\"plus-table__text\">\n\t\t\t\t\t\t\t\t\t\t\t\t\t\t\t\t\t\t\t\t\t\t\t\t\t\t\t\t\t\t\t\t\t\t\t\t\t\t\t\t\t\t\t\t\t\t\t\t\t\t\t\t\t\t\t\t\t\t\t\t\t\t\t\t\t\t\t\t\t\t\t\t<span class=\"plus-table__text-inner\"><strong>Gratuit<\/strong>\n<br>Enfants de moins de 8 ans, ch\u00f4meurs, personnel enseignant et personnes handicap\u00e9es.<\/div><\/span>\n\t\t\t\t\t\t\t\t\t\t\t\t\t\t\t\t\t\t\t\t\t\t\t\t\t\t\t\t\t\t\t\t\t\t\t\t\t\t\t\t\t\t\t\t\t\t\t\t\t\t\t\t\t\t\t\t\t\t\t\t\t\t\t\t\t\t\t\t\t\t\t\t\t\t\t\t\t\t\t\t\t\t\t\t<\/span>\n\t\t\t\t\t\t\t\t\t\t\t\t\t\t\t\t\t\t\t\t\t\t\t\t\t\t\t\t\t\t\t\t\t<\/td>\n\t\t\t\t\t\t\t\t\t\t\t\t\t\t\t\t\t<\/tbody>\n\t\t\t\t<\/table>\n\n\t\t\t<\/div> \n\t\t\t<style><\/style>\t\t\t\t<\/div>\n\t\t\t\t<\/div>\n\t\t\t\t<div class=\"elementor-element elementor-element-3a07323 elementor-widget elementor-widget-text-editor\" data-id=\"3a07323\" data-element_type=\"widget\" data-e-type=\"widget\" data-widget_type=\"text-editor.default\">\n\t\t\t\t<div class=\"elementor-widget-container\">\n\t\t\t\t\t\t\t\t\t<p>\t\t<div data-elementor-type=\"container\" data-elementor-id=\"283476\" class=\"elementor elementor-283476 elementor-2754 elementor-2754\" data-elementor-post-type=\"elementor_library\">\n\t\t\t\t<div class=\"elementor-element elementor-element-2903dba e-con-full e-flex e-con e-parent\" data-id=\"2903dba\" data-element_type=\"container\" data-e-type=\"container\">\n\t\t\t\t<div class=\"elementor-element elementor-element-edd01e1 elementor-align-center elementor-widget-mobile__width-inherit elementor-widget elementor-widget-button\" data-id=\"edd01e1\" data-element_type=\"widget\" data-e-type=\"widget\" data-widget_type=\"button.default\">\n\t\t\t\t<div class=\"elementor-widget-container\">\n\t\t\t\t\t\t\t\t\t<div class=\"elementor-button-wrapper\">\n\t\t\t\t\t<a class=\"elementor-button elementor-button-link elementor-size-sm\" href=\"https:\/\/www.marqalicante.com\/Paginas\/es\/VENTA-DE-ENTRADAS-P7-M3.html\" target=\"_blank\" rel=\"noopener\">\n\t\t\t\t\t\t<span class=\"elementor-button-content-wrapper\">\n\t\t\t\t\t\t<span class=\"elementor-button-icon\">\n\t\t\t\t<svg xmlns=\"http:\/\/www.w3.org\/2000\/svg\" xmlns:xlink=\"http:\/\/www.w3.org\/1999\/xlink\" width=\"512\" height=\"512\" x=\"0\" y=\"0\" viewBox=\"0 0 100 100\" style=\"enable-background:new 0 0 512 512\" xml:space=\"preserve\" class=\"\"><g><path d=\"M95.654 43.492a1.836 1.836 0 0 0 1.846-1.797V27.173c0-1.02-.826-1.846-1.846-1.846H69.04v6.703a1.821 1.821 0 1 1-3.643 0v-6.703H4.346c-1.02 0-1.846.826-1.846 1.846v14.522a1.836 1.836 0 0 0 1.846 1.797A7.091 7.091 0 0 1 11.874 50a7.091 7.091 0 0 1-7.528 6.508A1.836 1.836 0 0 0 2.5 58.305v14.522c0 1.02.826 1.846 1.846 1.846h61.05V67.97a1.821 1.821 0 0 1 3.643 0v6.703h26.615c1.02 0 1.846-.827 1.846-1.846V58.305a1.836 1.836 0 0 0-1.846-1.797A7.091 7.091 0 0 1 88.126 50a7.091 7.091 0 0 1 7.528-6.508zM69.04 59.228a1.821 1.821 0 1 1-3.643 0v-4.857a1.821 1.821 0 1 1 3.643 0zm0-13.6a1.821 1.821 0 1 1-3.643 0v-4.856a1.821 1.821 0 1 1 3.643 0v4.857z\" fill=\"#ffffff\" opacity=\"1\" data-original=\"#000000\"><\/path><\/g><\/svg>\t\t\t<\/span>\n\t\t\t\t\t\t\t\t\t<span class=\"elementor-button-text\">Acheter des billets<\/span>\n\t\t\t\t\t<\/span>\n\t\t\t\t\t<\/a>\n\t\t\t\t<\/div>\n\t\t\t\t\t\t\t\t<\/div>\n\t\t\t\t<\/div>\n\t\t\t\t<\/div>\n\t\t\t\t<\/div>\n\t\t<\/p>\n\t\t\t\t\t\t\t\t<\/div>\n\t\t\t\t<\/div>\n\t\t\t\t<\/div>\n\t\t\t\t<\/div>\n\t\t<div class=\"elementor-element elementor-element-415abcc8 e-con-full e-flex e-con e-child\" data-id=\"415abcc8\" data-element_type=\"container\" data-e-type=\"container\">\n\t\t\t\t<div class=\"elementor-element elementor-element-4a8c771f elementor-widget elementor-widget-image\" data-id=\"4a8c771f\" data-element_type=\"widget\" data-e-type=\"widget\" data-widget_type=\"image.default\">\n\t\t\t\t<div class=\"elementor-widget-container\">\n\t\t\t\t\t\t\t\t\t\t\t\t\t\t\t<img fetchpriority=\"high\" decoding=\"async\" width=\"1173\" height=\"656\" src=\"https:\/\/alicanteturismo.com\/wp-content\/uploads\/2024\/05\/MUSEO-MARQ-ALICANTE-4-1-e1716795533876.jpg\" class=\"attachment-full size-full wp-image-268239\" alt=\"MUSEO-MARQ-ALICANTE-4 (1)\" srcset=\"https:\/\/alicanteturismo.com\/wp-content\/uploads\/2024\/05\/MUSEO-MARQ-ALICANTE-4-1-e1716795533876.jpg 1173w, https:\/\/alicanteturismo.com\/wp-content\/uploads\/2024\/05\/MUSEO-MARQ-ALICANTE-4-1-e1716795533876-300x168.jpg 300w, https:\/\/alicanteturismo.com\/wp-content\/uploads\/2024\/05\/MUSEO-MARQ-ALICANTE-4-1-e1716795533876-1024x573.jpg 1024w, https:\/\/alicanteturismo.com\/wp-content\/uploads\/2024\/05\/MUSEO-MARQ-ALICANTE-4-1-e1716795533876-768x430.jpg 768w\" sizes=\"(max-width: 1173px) 100vw, 1173px\" \/>\t\t\t\t\t\t\t\t\t\t\t\t\t\t\t<\/div>\n\t\t\t\t<\/div>\n\t\t\t\t<\/div>\n\t\t\t\t<\/div>\n\t\t\t\t<\/div>\n\t\t<div class=\"elementor-element elementor-element-3c6edb70 e-con-full e-flex e-con e-parent\" data-id=\"3c6edb70\" data-element_type=\"container\" data-e-type=\"container\">\n\t\t<div class=\"elementor-element elementor-element-2aa20057 e-con-full e-flex e-con e-child\" data-id=\"2aa20057\" data-element_type=\"container\" data-e-type=\"container\">\n\t\t\t\t<div class=\"elementor-element elementor-element-5429815e elementor-arrows-position-inside elementor-pagination-position-outside elementor-widget elementor-widget-image-carousel\" data-id=\"5429815e\" data-element_type=\"widget\" data-e-type=\"widget\" data-settings=\"{&quot;slides_to_show&quot;:&quot;1&quot;,&quot;navigation&quot;:&quot;both&quot;,&quot;autoplay&quot;:&quot;yes&quot;,&quot;pause_on_hover&quot;:&quot;yes&quot;,&quot;pause_on_interaction&quot;:&quot;yes&quot;,&quot;autoplay_speed&quot;:5000,&quot;infinite&quot;:&quot;yes&quot;,&quot;effect&quot;:&quot;slide&quot;,&quot;speed&quot;:500}\" data-widget_type=\"image-carousel.default\">\n\t\t\t\t<div class=\"elementor-widget-container\">\n\t\t\t\t\t\t\t<div class=\"elementor-image-carousel-wrapper swiper\" role=\"region\" aria-roledescription=\"carousel\" aria-label=\"Carrusel de im\u00e1genes\" dir=\"ltr\">\n\t\t\t<div class=\"elementor-image-carousel swiper-wrapper\" aria-live=\"off\">\n\t\t\t\t\t\t\t\t<div class=\"swiper-slide\" role=\"group\" aria-roledescription=\"slide\" aria-label=\"1 sur 8\"><figure class=\"swiper-slide-inner\"><img decoding=\"async\" class=\"swiper-slide-image\" src=\"https:\/\/alicanteturismo.com\/wp-content\/uploads\/2024\/05\/MUSEO-MARQ-ALICANTE-1-e1716207082981.jpg\" alt=\"Capturefile: I:AG Entrada TRABAJOOtros clientes2007-11-07 MARQ\ufffd8 ArqueologiaBarcoMA07110546.CR2\nCaptureSN: 321002.082590\nSoftware: Capture One PRO for Windows\" \/><\/figure><\/div><div class=\"swiper-slide\" role=\"group\" aria-roledescription=\"slide\" aria-label=\"2 sur 8\"><figure class=\"swiper-slide-inner\"><img decoding=\"async\" class=\"swiper-slide-image\" src=\"https:\/\/alicanteturismo.com\/wp-content\/uploads\/2024\/05\/MUSEO-MARQ-ALICANTE-2.jpg\" alt=\"Capturefile: I:AG Entrada TRABAJOOtros clientes2007-11-07 MARQ8 ArqueologiaIglesiaMA07110578.CR2\nCaptureSN: 321002.082630\nSoftware: Capture One PRO for Windows\" \/><\/figure><\/div><div class=\"swiper-slide\" role=\"group\" aria-roledescription=\"slide\" aria-label=\"3 sur 8\"><figure class=\"swiper-slide-inner\"><img decoding=\"async\" class=\"swiper-slide-image\" src=\"https:\/\/alicanteturismo.com\/wp-content\/uploads\/2024\/05\/MUSEO-MARQ-ALICANTE-3.jpg\" alt=\"Capturefile: I:AG Entrada TRABAJOOtros clientes2007-11-07 MARQ4 IberaMA07110598.CR2\rCaptureSN: 321002.082650\rSoftware: Capture One PRO for Windows\" \/><\/figure><\/div><div class=\"swiper-slide\" role=\"group\" aria-roledescription=\"slide\" aria-label=\"4 sur 8\"><figure class=\"swiper-slide-inner\"><img decoding=\"async\" class=\"swiper-slide-image\" src=\"https:\/\/alicanteturismo.com\/wp-content\/uploads\/2024\/05\/MUSEO-MARQ-ALICANTE-5.jpg\" alt=\"Capturefile: I:AG Entrada TRABAJOOtros clientes2007-11-07 MARQ8 ArqueologiaCuevaMA07110323.CR2\nCaptureSN: 1130652801.000144\nSoftware: Capture One PRO for Windows\" \/><\/figure><\/div><div class=\"swiper-slide\" role=\"group\" aria-roledescription=\"slide\" aria-label=\"5 sur 8\"><figure class=\"swiper-slide-inner\"><img decoding=\"async\" class=\"swiper-slide-image\" src=\"https:\/\/alicanteturismo.com\/wp-content\/uploads\/2024\/05\/MUSEO-MARQ-ALICANTE-6.jpg\" alt=\"Capturefile: I:AG Entrada TRABAJOOtros clientes2007-11-07 MARQ7 ModernaMA07110421.CR2\rCaptureSN: 321002.082457\rSoftware: Capture One PRO for Windows\" \/><\/figure><\/div><div class=\"swiper-slide\" role=\"group\" aria-roledescription=\"slide\" aria-label=\"6 sur 8\"><figure class=\"swiper-slide-inner\"><img decoding=\"async\" class=\"swiper-slide-image\" src=\"https:\/\/alicanteturismo.com\/wp-content\/uploads\/2024\/05\/MUSEO-MARQ-ALICANTE-7.jpg\" alt=\"Capturefile: I:AG Entrada TRABAJOOtros clientes2007-11-07 MARQ\ufffd3 PrehistoriaMA07110458.CR2\nCaptureSN: 321002.082495\nSoftware: Capture One PRO for Windows\" \/><\/figure><\/div><div class=\"swiper-slide\" role=\"group\" aria-roledescription=\"slide\" aria-label=\"7 sur 8\"><figure class=\"swiper-slide-inner\"><img decoding=\"async\" class=\"swiper-slide-image\" src=\"https:\/\/alicanteturismo.com\/wp-content\/uploads\/2024\/05\/MUSEO-MARQ-ALICANTE-8.jpg\" alt=\"Capturefile: I:AG Entrada TRABAJOOtros clientes2007-11-07 MARQ\ufffd5 RomanaMA07110472.CR2\nCaptureSN: 321002.082510\nSoftware: Capture One PRO for Windows\" \/><\/figure><\/div><div class=\"swiper-slide\" role=\"group\" aria-roledescription=\"slide\" aria-label=\"8 sur 8\"><figure class=\"swiper-slide-inner\"><img decoding=\"async\" class=\"swiper-slide-image\" src=\"https:\/\/alicanteturismo.com\/wp-content\/uploads\/2024\/05\/MUSEO-MARQ-ALICANTE-9.jpg\" alt=\"Capturefile: I:AG Entrada TRABAJOOtros clientes2007-11-07 MARQ6 MediaMA07110494.CR2\rCaptureSN: 321002.082533\rSoftware: Capture One PRO for Windows\" \/><\/figure><\/div>\t\t\t<\/div>\n\t\t\t\t\t\t\t\t\t\t\t\t<div class=\"elementor-swiper-button elementor-swiper-button-prev\" role=\"button\" tabindex=\"0\">\n\t\t\t\t\t\t<svg aria-hidden=\"true\" class=\"e-font-icon-svg e-eicon-chevron-left\" viewBox=\"0 0 1000 1000\" xmlns=\"http:\/\/www.w3.org\/2000\/svg\"><path d=\"M646 125C629 125 613 133 604 142L308 442C296 454 292 471 292 487 292 504 296 521 308 533L604 854C617 867 629 875 646 875 663 875 679 871 692 858 704 846 713 829 713 812 713 796 708 779 692 767L438 487 692 225C700 217 708 204 708 187 708 171 704 154 692 142 675 129 663 125 646 125Z\"><\/path><\/svg>\t\t\t\t\t<\/div>\n\t\t\t\t\t<div class=\"elementor-swiper-button elementor-swiper-button-next\" role=\"button\" tabindex=\"0\">\n\t\t\t\t\t\t<svg aria-hidden=\"true\" class=\"e-font-icon-svg e-eicon-chevron-right\" viewBox=\"0 0 1000 1000\" xmlns=\"http:\/\/www.w3.org\/2000\/svg\"><path d=\"M696 533C708 521 713 504 713 487 713 471 708 454 696 446L400 146C388 133 375 125 354 125 338 125 325 129 313 142 300 154 292 171 292 187 292 204 296 221 308 233L563 492 304 771C292 783 288 800 288 817 288 833 296 850 308 863 321 871 338 875 354 875 371 875 388 867 400 854L696 533Z\"><\/path><\/svg>\t\t\t\t\t<\/div>\n\t\t\t\t\n\t\t\t\t\t\t\t\t\t<div class=\"swiper-pagination\"><\/div>\n\t\t\t\t\t\t\t\t\t<\/div>\n\t\t\t\t\t\t<\/div>\n\t\t\t\t<\/div>\n\t\t<div class=\"elementor-element elementor-element-6554827f e-con-full e-flex e-con e-child\" data-id=\"6554827f\" data-element_type=\"container\" data-e-type=\"container\">\n\t\t<!-- hidden container 285433-69e03b42 -->\t\t<div class=\"elementor-element elementor-element-15f29d13 elementor-widget__width-inherit plus-border-yes elementor-widget elementor-widget-tp-table\" data-id=\"15f29d13\" data-element_type=\"widget\" data-e-type=\"widget\" data-widget_type=\"tp-table.default\">\n\t\t\t\t<div class=\"elementor-widget-container\">\n\t\t\t\t\t\t\t\t<div itemscope class=\"plus-table-wrapper   tp-table-mobresswipe\" itemtype=\"http:\/\/schema.org\/Table\">\n\n\t\t\t\t<table id=\"plus-table-id-15f29d13\" class=\"plus-table plus-text-break plus-column-rules\" data-sort-table=\"no\" data-show-entry=\"no\" data-searchable=\"no\">\n\t\t\t\t\t\t\t\t\t\t\t<thead> \n\t\t\t\t\t\t\t\t\t\t\t\t\t\t\t\t<tr class=\"plus-table-row\"> \n\t\t\t\t\t\t\t\t\t\t\t\t\t\t\t\t\t\t\t\t\t\t\t\t<th id=\"tooltip69f0e15219c27\"data-sort=\"0\" class=\"sort-this elementor-repeater-item-0f2f9a1 plus-table-col\" data-local=\"true\"  scope=\"col\">\n\t\t\t\t\t\t\t\t\t\t\t<span class=\"sort-style\">\n\t\t\t\t\t\t\t\t\t\t\t<span class=\"plus-table__text\">\n\t\t\t\t\t\t\t\t\t\t\t\t\t\t\t\t\t\t\t\t\t\t\t\t\t\t<img decoding=\"async\" src=\"https:\/\/alicanteturismo.com\/wp-content\/uploads\/2025\/03\/reloj-1-1-1.svg\" class=\"plus-col-img--left\" title=\"reloj-1-1-1.svg\" alt=\"reloj-1-1-1.svg\">\n\t\t\t\t\t\t\t\t\t\t\t\t\t\t\t\t\t\t\t\t\t\t\t\t\t\t<span class=\"plus-table__text-inner\">HORARIES:<\/span>\n\t\t\t\t\t\t\t\t\t\t\t\t\t\t\t\t\t\t\t\t\t\t<\/span> \n\t\t\t\t\t\t\t\t\t\t\t\n\t\t\t\t\t\t\t\t\t\t\t\t\t\t\t\t\t\t\t\t\t\t<\/span>\n\t\t\t\t\t\t\t\t\t\t<\/th>\n\t\t\t\t\t\t\t\t\t\t\t\t\t\t\t\t<\/thead> \n\t\t\t\t\t\t\n\t\t\t\t\t\t<tbody>\n\t\t\t\t\t\t\t<!-- ROWS -->\n\t\t\t\t\t\t\t\t\t\t\t\t\t\t\t\t\t\t<tr data-entry=\"1\" class=\"plus-table-row\">\n\t\t\t\t\t\t\t\t\t\t\t\t\t\t\t\t\t\t\t\t\t<td id=\"tooltip69f0e15219c7d\"class=\"plus-table-col elementor-repeater-item-e0c094e\" data-title=\"HORARIES:\">\n\t\t\t\t\t\t\t\t\t\t\t\t\t\t\t\t\t\t\t\t\t\t\t\t\t\t\t\t\t\t\t\t\t\t\t\t<span class=\"plus-table__text\">\n\t\t\t\t\t\t\t\t\t\t\t\t\t\t\t\t\t\t\t\t\t\t\t\t\t\t\t\t\t\t\t\t\t\t\t\t\t\t\t\t\t\t\t\t\t\t\t\t\t\t\t\t\t\t\t\t\t\t\t\t\t\t\t\t\t\t\t\t\t\t\t\t<span class=\"plus-table__text-inner\"><img decoding=\"async\" style=\"width: 20px\" src=\"https:\/\/alicanteturismo.com\/wp-content\/uploads\/2024\/06\/agenda-de-eventos.svg\" alt=\"icono\" \/> \n <strong>16\/09 \u2013 15\/06<\/strong><\/div><\/span>\n\t\t\t\t\t\t\t\t\t\t\t\t\t\t\t\t\t\t\t\t\t\t\t\t\t\t\t\t\t\t\t\t\t\t\t\t\t\t\t\t\t\t\t\t\t\t\t\t\t\t\t\t\t\t\t\t\t\t\t\t\t\t\t\t\t\t\t\t\t\t\t\t\t\t\t\t\t\t\t\t\t\t\t\t<\/span>\n\t\t\t\t\t\t\t\t\t\t\t\t\t\t\t\t\t\t\t\t\t\t\t\t\t\t\t\t\t\t\t\t\t<\/td>\n\t\t\t\t\t\t\t\t\t\t\t\t\t\t\t\t\t\t\t\t\t\t<\/tr><tr data-entry=\"2\" class=\"plus-table-row\">\n\t\t\t\t\t\t\t\t\t\t\t\t\t\t\t\t\t\t\t\t\t<td id=\"tooltip69f0e15219d51\"class=\"plus-table-col elementor-repeater-item-fa9669c\" data-title=\"HORARIES:\">\n\t\t\t\t\t\t\t\t\t\t\t\t\t\t\t\t\t\t\t\t\t\t\t\t\t\t\t\t\t\t\t\t\t\t\t\t<span class=\"plus-table__text\">\n\t\t\t\t\t\t\t\t\t\t\t\t\t\t\t\t\t\t\t\t\t\t\t\t\t\t\t\t\t\t\t\t\t\t\t\t\t\t\t\t\t\t\t\t\t\t\t\t\t\t\t\t\t\t\t\t\t\t\t\t\t\t\t\t\t\t\t\t\t\t\t\t<span class=\"plus-table__text-inner\"><div><img decoding=\"async\" style=\"width: 20px\" src=\"https:\/\/alicanteturismo.com\/wp-content\/uploads\/2024\/05\/reloj-1.svg\" alt=\"icono\" \/> Du mardi au samedi : 10:00 \u2013 19:00h\n<br><img decoding=\"async\" style=\"width: 20px\" src=\"https:\/\/alicanteturismo.com\/wp-content\/uploads\/2024\/05\/reloj-1.svg\" alt=\"icono\" \/> Les dimanches et jours f\u00e9ri\u00e9s: 10:00 \u2013 14:00h\n<br><img decoding=\"async\" style=\"width: 20px\" src=\"https:\/\/alicanteturismo.com\/wp-content\/uploads\/2024\/05\/reloj-1.svg\" alt=\"icono\" \/> Lundi : Ferm\u00e9<\/div>\n<\/span>\n\t\t\t\t\t\t\t\t\t\t\t\t\t\t\t\t\t\t\t\t\t\t\t\t\t\t\t\t\t\t\t\t\t\t\t\t\t\t\t\t\t\t\t\t\t\t\t\t\t\t\t\t\t\t\t\t\t\t\t\t\t\t\t\t\t\t\t\t\t\t\t\t\t\t\t\t\t\t\t\t\t\t\t\t<\/span>\n\t\t\t\t\t\t\t\t\t\t\t\t\t\t\t\t\t\t\t\t\t\t\t\t\t\t\t\t\t\t\t\t\t<\/td>\n\t\t\t\t\t\t\t\t\t\t\t\t\t\t\t\t\t\t\t\t\t\t<\/tr><tr data-entry=\"3\" class=\"plus-table-row\">\n\t\t\t\t\t\t\t\t\t\t\t\t\t\t\t\t\t\t\t\t\t<td id=\"tooltip69f0e15219e02\"class=\"plus-table-col elementor-repeater-item-67ac2f9\" data-title=\"HORARIES:\">\n\t\t\t\t\t\t\t\t\t\t\t\t\t\t\t\t\t\t\t\t\t\t\t\t\t\t\t\t\t\t\t\t\t\t\t\t<span class=\"plus-table__text\">\n\t\t\t\t\t\t\t\t\t\t\t\t\t\t\t\t\t\t\t\t\t\t\t\t\t\t\t\t\t\t\t\t\t\t\t\t\t\t\t\t\t\t\t\t\t\t\t\t\t\t\t\t\t\t\t\t\t\t\t\t\t\t\t\t\t\t\t\t\t\t\t\t<span class=\"plus-table__text-inner\"><div><img decoding=\"async\" style=\"width: 20px\" src=\"https:\/\/alicanteturismo.com\/wp-content\/uploads\/2024\/06\/agenda-de-eventos.svg\" alt=\"icono\" \/><strong> 18\/06 \u2013 15\/09<\/strong><\/div><\/span>\n\t\t\t\t\t\t\t\t\t\t\t\t\t\t\t\t\t\t\t\t\t\t\t\t\t\t\t\t\t\t\t\t\t\t\t\t\t\t\t\t\t\t\t\t\t\t\t\t\t\t\t\t\t\t\t\t\t\t\t\t\t\t\t\t\t\t\t\t\t\t\t\t\t\t\t\t\t\t\t\t\t\t\t\t<\/span>\n\t\t\t\t\t\t\t\t\t\t\t\t\t\t\t\t\t\t\t\t\t\t\t\t\t\t\t\t\t\t\t\t\t<\/td>\n\t\t\t\t\t\t\t\t\t\t\t\t\t\t\t\t\t\t\t\t\t\t<\/tr><tr data-entry=\"4\" class=\"plus-table-row\">\n\t\t\t\t\t\t\t\t\t\t\t\t\t\t\t\t\t\t\t\t\t<td id=\"tooltip69f0e15219e66\"class=\"plus-table-col elementor-repeater-item-7e0d5fd\" data-title=\"HORARIES:\">\n\t\t\t\t\t\t\t\t\t\t\t\t\t\t\t\t\t\t\t\t\t\t\t\t\t\t\t\t\t\t\t\t\t\t\t\t<span class=\"plus-table__text\">\n\t\t\t\t\t\t\t\t\t\t\t\t\t\t\t\t\t\t\t\t\t\t\t\t\t\t\t\t\t\t\t\t\t\t\t\t\t\t\t\t\t\t\t\t\t\t\t\t\t\t\t\t\t\t\t\t\t\t\t\t\t\t\t\t\t\t\t\t\t\t\t\t<span class=\"plus-table__text-inner\"><div><img decoding=\"async\" style=\"width: 20px\" src=\"https:\/\/alicanteturismo.com\/wp-content\/uploads\/2024\/05\/reloj-1.svg\" alt=\"icono\" \/> Du mardi au samedi: 10:00 \u2013 22:00h\n<br><img decoding=\"async\" style=\"width: 20px\" src=\"https:\/\/alicanteturismo.com\/wp-content\/uploads\/2024\/05\/reloj-1.svg\" alt=\"icono\" \/> Les dimanches et jours f\u00e9ri\u00e9s: 10:00 \u2013 14:00h\n<br><img decoding=\"async\" style=\"width: 20px\" src=\"https:\/\/alicanteturismo.com\/wp-content\/uploads\/2024\/05\/reloj-1.svg\" alt=\"icono\" \/> Lundi : Ferm\u00e9.<\/div><\/span>\n\t\t\t\t\t\t\t\t\t\t\t\t\t\t\t\t\t\t\t\t\t\t\t\t\t\t\t\t\t\t\t\t\t\t\t\t\t\t\t\t\t\t\t\t\t\t\t\t\t\t\t\t\t\t\t\t\t\t\t\t\t\t\t\t\t\t\t\t\t\t\t\t\t\t\t\t\t\t\t\t\t\t\t\t<\/span>\n\t\t\t\t\t\t\t\t\t\t\t\t\t\t\t\t\t\t\t\t\t\t\t\t\t\t\t\t\t\t\t\t\t<\/td>\n\t\t\t\t\t\t\t\t\t\t\t\t\t\t\t\t\t\t\t\t\t\t<\/tr><tr data-entry=\"5\" class=\"plus-table-row\">\n\t\t\t\t\t\t\t\t\t\t\t\t\t\t\t\t\t\t\t\t\t<td id=\"tooltip69f0e15219f02\"class=\"plus-table-col elementor-repeater-item-39beab1\" data-title=\"HORARIES:\">\n\t\t\t\t\t\t\t\t\t\t\t\t\t\t\t\t\t\t\t\t\t\t\t\t\t\t\t\t\t\t\t\t\t\t\t\t<span class=\"plus-table__text\">\n\t\t\t\t\t\t\t\t\t\t\t\t\t\t\t\t\t\t\t\t\t\t\t\t\t\t\t\t\t\t\t\t\t\t\t\t\t\t\t\t\t\t\t\t\t\t\t\t\t\t\t\t\t\t\t\t\t\t\t\t\t\t\t\t\t\t\t\t\t\t\t\t<span class=\"plus-table__text-inner\"><div class=\"divaccesible\"><span style=\"width: 20px;height: 20px\"><img loading=\"lazy\" decoding=\"async\" class=\"alignnone wp-image-1186\" src=\"https:\/\/alicanteturismo.com\/wp-content\/uploads\/2024\/06\/usuario-2.svg\" alt=\"\" width=\"30\" height=\"30\" \/><\/span><span style=\"color: #00132e;font-weight: 800;font-size: 19px;font-family: Panton\">VISITES DE GROUPE :<\/span><\/div>\n<div style=\"padding-left: 40px\"><a href=\"https:\/\/www.marqalicante.com\/Paginas\/es\/HORARIOS-P14-M3.html\" target=\"_blank\" rel=\"noopener\">Plus d'informations<\/a><\/div><\/span>\n\t\t\t\t\t\t\t\t\t\t\t\t\t\t\t\t\t\t\t\t\t\t\t\t\t\t\t\t\t\t\t\t\t\t\t\t\t\t\t\t\t\t\t\t\t\t\t\t\t\t\t\t\t\t\t\t\t\t\t\t\t\t\t\t\t\t\t\t\t\t\t\t\t\t\t\t\t\t\t\t\t\t\t\t<\/span>\n\t\t\t\t\t\t\t\t\t\t\t\t\t\t\t\t\t\t\t\t\t\t\t\t\t\t\t\t\t\t\t\t\t<\/td>\n\t\t\t\t\t\t\t\t\t\t\t\t\t\t\t\t\t<\/tbody>\n\t\t\t\t<\/table>\n\n\t\t\t<\/div> \n\t\t\t<style><\/style>\t\t\t\t<\/div>\n\t\t\t\t<\/div>\n\t\t<!-- hidden container 285433-4f43a070 -->\t\t<\/div>\n\t\t\t\t<\/div>\n\t\t<div class=\"elementor-element elementor-element-42d9376b e-con-full e-flex e-con e-child\" data-id=\"42d9376b\" data-element_type=\"container\" data-e-type=\"container\">\n\t\t<div class=\"elementor-element elementor-element-3bb548ad e-con-full e-flex e-con e-child\" data-id=\"3bb548ad\" data-element_type=\"container\" data-e-type=\"container\">\n\t\t\t\t<div class=\"elementor-element elementor-element-4e02fb4 elementor-widget__width-initial dc-has-condition dc-condition-in_array_contains elementor-widget elementor-widget-text-editor\" data-id=\"4e02fb4\" data-element_type=\"widget\" data-e-type=\"widget\" data-widget_type=\"text-editor.default\">\n\t\t\t\t<div class=\"elementor-widget-container\">\n\t\t\t\t\t\t\t\t\t<div class=\"divaccesible\"><span style=\"width: 20px;height: 20px\"><img loading=\"lazy\" decoding=\"async\" class=\"alignnone wp-image-1184\" src=\"https:\/\/dev.alicanteturismo.com\/wp-content\/uploads\/2024\/05\/correo.svg\" alt=\"\" width=\"30\" height=\"30\" \/> <\/span><span style=\"color: #00132e;font-weight: 800;font-size: 19px;font-family: Panton\"> INFORMATIONS DE CONTACT :<\/span><\/div>\n\n<table id=\"tablepress-83\" class=\"tablepress tablepress-id-83 nauticos\">\n<tbody class=\"row-striping\">\n<tr class=\"row-1\">\n\t<td class=\"column-1\"><\/td>\n<\/tr>\n<tr class=\"row-2\">\n\t<td class=\"column-1\"><div><img decoding=\"async\" src=\"https:\/\/alicanteturismo.com\/wp-content\/uploads\/2024\/09\/llamada-telefonica.svg\" alt=\"icono\" style=\"width:20px\" \/> +34 965 149 000<\/div><\/td>\n<\/tr>\n<tr class=\"row-3\">\n\t<td class=\"column-1\"><div><img decoding=\"async\" src=\"https:\/\/alicanteturismo.com\/wp-content\/uploads\/2024\/09\/web.svg\" alt=\"icono\" style=\"width:20px\" \/><a href=\"http:\/\/www.marqalicante.com\/\" target=\"_blank\" rel=\"noopener\"> www.marqalicante.com<\/a><\/div><\/td>\n<\/tr>\n<\/tbody>\n<\/table>\n<!-- #tablepress-83 from cache -->\n\t\t\t\t\t\t\t\t<\/div>\n\t\t\t\t<\/div>\n\t\t\t\t<div class=\"elementor-element elementor-element-687b52dc elementor-hidden-widescreen elementor-hidden-desktop elementor-hidden-laptop elementor-hidden-tablet_extra elementor-hidden-tablet elementor-hidden-mobile_extra elementor-widget elementor-widget-image\" data-id=\"687b52dc\" data-element_type=\"widget\" data-e-type=\"widget\" data-widget_type=\"image.default\">\n\t\t\t\t<div class=\"elementor-widget-container\">\n\t\t\t\t\t\t\t\t\t\t\t\t\t\t\t<img fetchpriority=\"high\" decoding=\"async\" width=\"1173\" height=\"656\" src=\"https:\/\/alicanteturismo.com\/wp-content\/uploads\/2024\/05\/MUSEO-MARQ-ALICANTE-4-1-e1716795533876.jpg\" class=\"attachment-full size-full wp-image-268239\" alt=\"MUSEO-MARQ-ALICANTE-4 (1)\" srcset=\"https:\/\/alicanteturismo.com\/wp-content\/uploads\/2024\/05\/MUSEO-MARQ-ALICANTE-4-1-e1716795533876.jpg 1173w, https:\/\/alicanteturismo.com\/wp-content\/uploads\/2024\/05\/MUSEO-MARQ-ALICANTE-4-1-e1716795533876-300x168.jpg 300w, https:\/\/alicanteturismo.com\/wp-content\/uploads\/2024\/05\/MUSEO-MARQ-ALICANTE-4-1-e1716795533876-1024x573.jpg 1024w, https:\/\/alicanteturismo.com\/wp-content\/uploads\/2024\/05\/MUSEO-MARQ-ALICANTE-4-1-e1716795533876-768x430.jpg 768w\" sizes=\"(max-width: 1173px) 100vw, 1173px\" \/>\t\t\t\t\t\t\t\t\t\t\t\t\t\t\t<\/div>\n\t\t\t\t<\/div>\n\t\t\t\t<div class=\"elementor-element elementor-element-ffa9b6d dc-has-condition dc-condition-in_array_contains elementor-widget elementor-widget-text-editor\" data-id=\"ffa9b6d\" data-element_type=\"widget\" data-e-type=\"widget\" data-widget_type=\"text-editor.default\">\n\t\t\t\t<div class=\"elementor-widget-container\">\n\t\t\t\t\t\t\t\t\t<div class=\"divaccesible\"><span style=\"width: 20px;height: 20px\"><img loading=\"lazy\" decoding=\"async\" class=\"alignnone wp-image-1186\" src=\"https:\/\/dev.alicanteturismo.com\/wp-content\/uploads\/2024\/05\/ubicaciones.svg\" alt=\"\" width=\"30\" height=\"30\" \/><\/span><span style=\"color: #00132e;font-weight: 800;font-size: 19px;font-family: Panton\">COMMENT S&rsquo;Y RENDRE :<\/span><\/div>\n\n<table id=\"tablepress-145\" class=\"tablepress tablepress-id-145 nauticos\">\n<tbody class=\"row-striping\">\n<tr class=\"row-1\">\n\t<td class=\"column-1\"><\/td>\n<\/tr>\n<tr class=\"row-2\">\n\t<td class=\"column-1\"><div><img decoding=\"async\" src=\"https:\/\/alicanteturismo.com\/wp-content\/uploads\/2024\/05\/pasador-de-ubicacion.svg\" alt=\"icono\" style=\"width:20px\" \/> Plza. del Doctor G\u00f3mez Ulla s\/n,  03013, Alicante<\/DIV><\/td>\n<\/tr>\n<tr class=\"row-3\">\n\t<td class=\"column-1\"><div><img decoding=\"async\" src=\"https:\/\/alicanteturismo.com\/wp-content\/uploads\/2024\/07\/estacion-de-autobuses.svg\" alt=\"icono\" style=\"width:20px\" \/> 2 \u2013 6 \u2013 9 \u2013 20 \u2013 23 &#8211; C6- Turibus (V\u00e1zquez de Mella)<\/div><\/td>\n<\/tr>\n<tr class=\"row-4\">\n\t<td class=\"column-1\"><div><img decoding=\"async\" src=\"https:\/\/alicanteturismo.com\/wp-content\/uploads\/2024\/07\/tram.svg\" alt=\"icono\" style=\"width:20px\" \/> L1 \u2013 L2 &#8211; L3 \u2013 L4 (MARQ)<\/div><\/td>\n<\/tr>\n<\/tbody>\n<\/table>\n<!-- #tablepress-145 from cache -->\n\t\t\t\t\t\t\t\t<\/div>\n\t\t\t\t<\/div>\n\t\t<div class=\"elementor-element elementor-element-65c1cfad e-con-full elementor-hidden-widescreen elementor-hidden-desktop elementor-hidden-laptop elementor-hidden-tablet_extra elementor-hidden-tablet elementor-hidden-mobile_extra elementor-hidden-mobile e-flex e-con e-child\" data-id=\"65c1cfad\" data-element_type=\"container\" data-e-type=\"container\">\n\t\t\t\t<div class=\"elementor-element elementor-element-1db28c74 elementor-view-default elementor-widget elementor-widget-icon\" data-id=\"1db28c74\" data-element_type=\"widget\" data-e-type=\"widget\" data-widget_type=\"icon.default\">\n\t\t\t\t<div class=\"elementor-widget-container\">\n\t\t\t\t\t\t\t<div class=\"elementor-icon-wrapper\">\n\t\t\t<div class=\"elementor-icon\">\n\t\t\t<svg xmlns=\"http:\/\/www.w3.org\/2000\/svg\" xmlns:xlink=\"http:\/\/www.w3.org\/1999\/xlink\" width=\"512\" height=\"512\" x=\"0\" y=\"0\" viewBox=\"0 0 24 24\" style=\"enable-background:new 0 0 512 512\" xml:space=\"preserve\" class=\"\"><g><path d=\"M13 19h-2V1h2v1h9a1 1 0 0 1 .89.55 1 1 0 0 1-.09 1.05L20.25 7l2.55 3.4a1 1 0 0 1 .09 1 1 1 0 0 1-.89.6h-9zm9.13-1.78C20.72 15.85 17.92 15 15 15.14l.07 2C18.69 17 20.92 18.49 21 19c-.15.55-3.15 2-9 2s-8.85-1.46-9-2c.08-.53 2.27-2 6-1.88l.06-2c-3-.11-5.8.72-7.2 2.09A2.46 2.46 0 0 0 1 19c0 2.75 5.7 4 11 4s11-1.25 11-4a2.46 2.46 0 0 0-.87-1.78z\" data-name=\"34 Location, Address, Flag\" fill=\"#00adbb\" opacity=\"1\" data-original=\"#000000\" class=\"\"><\/path><\/g><\/svg>\t\t\t<\/div>\n\t\t<\/div>\n\t\t\t\t\t\t<\/div>\n\t\t\t\t<\/div>\n\t\t\t\t<div class=\"elementor-element elementor-element-3618fba1 elementor-widget elementor-widget-n-accordion\" data-id=\"3618fba1\" data-element_type=\"widget\" data-e-type=\"widget\" data-settings=\"{&quot;default_state&quot;:&quot;expanded&quot;,&quot;max_items_expended&quot;:&quot;one&quot;,&quot;n_accordion_animation_duration&quot;:{&quot;unit&quot;:&quot;ms&quot;,&quot;size&quot;:400,&quot;sizes&quot;:[]}}\" data-widget_type=\"nested-accordion.default\">\n\t\t\t\t<div class=\"elementor-widget-container\">\n\t\t\t\t\t\t\t<div class=\"e-n-accordion\" aria-label=\"Accordion. Open links with Enter or Space, close with Escape, and navigate with Arrow Keys\">\n\t\t\t\t\t\t<details id=\"e-n-accordion-item-9070\" class=\"e-n-accordion-item\" open>\n\t\t\t\t<summary class=\"e-n-accordion-item-title\" data-accordion-index=\"1\" tabindex=\"0\" aria-expanded=\"true\" aria-controls=\"e-n-accordion-item-9070\" >\n\t\t\t\t\t<span class='e-n-accordion-item-title-header'><div class=\"e-n-accordion-item-title-text\"> Comment s'y rendre <\/div><\/span>\n\t\t\t\t\t\t\t<span class='e-n-accordion-item-title-icon'>\n\t\t\t<span class='e-opened' ><svg aria-hidden=\"true\" class=\"e-font-icon-svg e-fas-chevron-up\" viewBox=\"0 0 448 512\" xmlns=\"http:\/\/www.w3.org\/2000\/svg\"><path d=\"M240.971 130.524l194.343 194.343c9.373 9.373 9.373 24.569 0 33.941l-22.667 22.667c-9.357 9.357-24.522 9.375-33.901.04L224 227.495 69.255 381.516c-9.379 9.335-24.544 9.317-33.901-.04l-22.667-22.667c-9.373-9.373-9.373-24.569 0-33.941L207.03 130.525c9.372-9.373 24.568-9.373 33.941-.001z\"><\/path><\/svg><\/span>\n\t\t\t<span class='e-closed'><svg aria-hidden=\"true\" class=\"e-font-icon-svg e-fas-chevron-down\" viewBox=\"0 0 448 512\" xmlns=\"http:\/\/www.w3.org\/2000\/svg\"><path d=\"M207.029 381.476L12.686 187.132c-9.373-9.373-9.373-24.569 0-33.941l22.667-22.667c9.357-9.357 24.522-9.375 33.901-.04L224 284.505l154.745-154.021c9.379-9.335 24.544-9.317 33.901.04l22.667 22.667c9.373 9.373 9.373 24.569 0 33.941L240.971 381.476c-9.373 9.372-24.569 9.372-33.942 0z\"><\/path><\/svg><\/span>\n\t\t<\/span>\n\n\t\t\t\t\t\t<\/summary>\n\t\t\t\t<div role=\"region\" aria-labelledby=\"e-n-accordion-item-9070\" class=\"elementor-element elementor-element-216c7fac e-con-full e-flex e-con e-child\" data-id=\"216c7fac\" data-element_type=\"container\" data-e-type=\"container\">\n\t\t\t\t<div class=\"elementor-element elementor-element-5814f4bd elementor-widget elementor-widget-text-editor\" data-id=\"5814f4bd\" data-element_type=\"widget\" data-e-type=\"widget\" data-widget_type=\"text-editor.default\">\n\t\t\t\t<div class=\"elementor-widget-container\">\n\t\t\t\t\t\t\t\t\t<ul>\n<li><strong>Navettes<\/strong>\u00a0depuis la\u00a0<strong>place Puerta del Mar<\/strong><\/li>\n<li><strong>Ascenseurs\u00a0<\/strong>dans l\u2019<strong>Avenida Juan Bautista Lafora<\/strong>, en face de la<strong>\u00a0plage de Postiguet<\/strong>.<strong><br \/>\n<\/strong><\/li>\n<li>Acc\u00e8s par la\u00a0<strong>Calle V\u00e1zquez de Mella<\/strong>\u00a0pour les\u00a0<strong>v\u00e9hicules<\/strong>\u00a0et les<strong>\u00a0itin\u00e9raires urbains<\/strong>.<\/li>\n<li><strong>Le stationnement dans l\u2019<\/strong>enceinte du Castillo Santa Barbara\u00a0<span data-wahfont=\"16\"><strong>n\u2019est pas autoris\u00e9.<\/strong><\/span><\/li>\n<li><strong>Il est recommand\u00e9 de pr\u00e9voir un acc\u00e8s pi\u00e9tonnier le long des voies urbaines.<\/strong><\/li>\n<\/ul>\n\t\t\t\t\t\t\t\t<\/div>\n\t\t\t\t<\/div>\n\t\t\t\t<\/div>\n\t\t\t\t\t<\/details>\n\t\t\t\t\t<\/div>\n\t\t\t\t\t\t<\/div>\n\t\t\t\t<\/div>\n\t\t\t\t<\/div>\n\t\t<div class=\"elementor-element elementor-element-1c83647e e-con-full elementor-hidden-widescreen elementor-hidden-desktop elementor-hidden-laptop elementor-hidden-tablet_extra elementor-hidden-tablet elementor-hidden-mobile_extra elementor-hidden-mobile e-flex e-con e-child\" data-id=\"1c83647e\" data-element_type=\"container\" data-e-type=\"container\">\n\t\t\t\t<div class=\"elementor-element elementor-element-10b96b1f elementor-position-inline-start elementor-mobile-position-inline-start elementor-view-default elementor-widget elementor-widget-icon-box\" data-id=\"10b96b1f\" data-element_type=\"widget\" data-e-type=\"widget\" data-widget_type=\"icon-box.default\">\n\t\t\t\t<div class=\"elementor-widget-container\">\n\t\t\t\t\t\t\t<div class=\"elementor-icon-box-wrapper\">\n\n\t\t\t\t\t\t<div class=\"elementor-icon-box-icon\">\n\t\t\t\t<span  class=\"elementor-icon\">\n\t\t\t\t<svg xmlns=\"http:\/\/www.w3.org\/2000\/svg\" xmlns:xlink=\"http:\/\/www.w3.org\/1999\/xlink\" width=\"512\" height=\"512\" x=\"0\" y=\"0\" viewBox=\"0 0 93.646 93.646\" style=\"enable-background:new 0 0 512 512\" xml:space=\"preserve\" class=\"\"><g><path d=\"m67.971 49.778-9.378-10.345c-.584-.644-1.121-1.971-1.148-2.841L57.1 25.858v-.311c0-1.654-1.346-3-3-3H41.272c-1.478 0-3.127 1.047-3.756 2.384l-12.358 26.25a2.935 2.935 0 0 0-.096 2.292c.28.75.84 1.342 1.575 1.666l1.821.803c.388.171.802.258 1.231.258a3.143 3.143 0 0 0 2.794-1.704l5.789-11.517v11.576c-.024.067-.059.128-.081.196l-9.783 30.638c-.407 1.276-.283 2.619.35 3.781s1.693 1.994 2.987 2.343l.654.177c.428.116.872.175 1.318.175 2.251 0 4.296-1.481 4.974-3.603l9.141-28.628 3.242 7.941c.791 1.937 1.645 5.329 1.865 7.409l1.551 14.621c.249 2.341 2.1 4.04 4.402 4.04.377 0 .76-.046 1.137-.137l.659-.16c2.624-.635 4.478-3.331 4.133-6.008l-2.297-17.828c-.292-2.265-1.269-5.812-2.178-7.907l-3.102-7.144c-.04-.093-.097-.177-.143-.267v-4.841l5.59 5.836c.556.581 1.3.901 2.094.901.803 0 1.553-.326 2.111-.918l1.034-1.098c1.106-1.175 1.125-3.101.041-4.296zM48.52 20.005c5.516 0 10.003-4.487 10.003-10.003C58.523 4.487 54.036 0 48.52 0c-5.515 0-10.001 4.487-10.001 10.002-.001 5.516 4.486 10.003 10.001 10.003z\" fill=\"#00adbb\" opacity=\"1\" data-original=\"#000000\"><\/path><\/g><\/svg>\t\t\t\t<\/span>\n\t\t\t<\/div>\n\t\t\t\n\t\t\t\t\t\t<div class=\"elementor-icon-box-content\">\n\n\t\t\t\t\t\t\t\t\t<h3 class=\"elementor-icon-box-title\">\n\t\t\t\t\t\t<span  >\n\t\t\t\t\t\t\tAcc\u00e8s\t\t\t\t\t\t<\/span>\n\t\t\t\t\t<\/h3>\n\t\t\t\t\n\t\t\t\t\n\t\t\t<\/div>\n\t\t\t\n\t\t<\/div>\n\t\t\t\t\t\t<\/div>\n\t\t\t\t<\/div>\n\t\t\t\t<div class=\"elementor-element elementor-element-2d1a2e28 elementor-widget elementor-widget-n-accordion\" data-id=\"2d1a2e28\" data-element_type=\"widget\" data-e-type=\"widget\" data-settings=\"{&quot;default_state&quot;:&quot;all_collapsed&quot;,&quot;max_items_expended&quot;:&quot;one&quot;,&quot;n_accordion_animation_duration&quot;:{&quot;unit&quot;:&quot;ms&quot;,&quot;size&quot;:400,&quot;sizes&quot;:[]}}\" data-widget_type=\"nested-accordion.default\">\n\t\t\t\t<div class=\"elementor-widget-container\">\n\t\t\t\t\t\t\t<div class=\"e-n-accordion\" aria-label=\"Accordion. Open links with Enter or Space, close with Escape, and navigate with Arrow Keys\">\n\t\t\t\t\t\t<details id=\"e-n-accordion-item-7560\" class=\"e-n-accordion-item\" >\n\t\t\t\t<summary class=\"e-n-accordion-item-title\" data-accordion-index=\"1\" tabindex=\"0\" aria-expanded=\"false\" aria-controls=\"e-n-accordion-item-7560\" >\n\t\t\t\t\t<span class='e-n-accordion-item-title-header'><h3 class=\"e-n-accordion-item-title-text\"> Acc\u00e8s \u00e0 l'ascenseur <\/h3><\/span>\n\t\t\t\t\t\t\t<span class='e-n-accordion-item-title-icon'>\n\t\t\t<span class='e-opened' ><svg aria-hidden=\"true\" class=\"e-font-icon-svg e-fas-minus\" viewBox=\"0 0 448 512\" xmlns=\"http:\/\/www.w3.org\/2000\/svg\"><path d=\"M416 208H32c-17.67 0-32 14.33-32 32v32c0 17.67 14.33 32 32 32h384c17.67 0 32-14.33 32-32v-32c0-17.67-14.33-32-32-32z\"><\/path><\/svg><\/span>\n\t\t\t<span class='e-closed'><svg aria-hidden=\"true\" class=\"e-font-icon-svg e-fas-chevron-down\" viewBox=\"0 0 448 512\" xmlns=\"http:\/\/www.w3.org\/2000\/svg\"><path d=\"M207.029 381.476L12.686 187.132c-9.373-9.373-9.373-24.569 0-33.941l22.667-22.667c9.357-9.357 24.522-9.375 33.901-.04L224 284.505l154.745-154.021c9.379-9.335 24.544-9.317 33.901.04l22.667 22.667c9.373 9.373 9.373 24.569 0 33.941L240.971 381.476c-9.373 9.372-24.569 9.372-33.942 0z\"><\/path><\/svg><\/span>\n\t\t<\/span>\n\n\t\t\t\t\t\t<\/summary>\n\t\t\t\t<div role=\"region\" aria-labelledby=\"e-n-accordion-item-7560\" class=\"elementor-element elementor-element-475d3889 e-con-full e-flex e-con e-child\" data-id=\"475d3889\" data-element_type=\"container\" data-e-type=\"container\">\n\t\t\t\t<div class=\"elementor-element elementor-element-15c57ee4 elementor-widget elementor-widget-text-editor\" data-id=\"15c57ee4\" data-element_type=\"widget\" data-e-type=\"widget\" data-widget_type=\"text-editor.default\">\n\t\t\t\t<div class=\"elementor-widget-container\">\n\t\t\t\t\t\t\t\t\t<p>Situ\u00e9 en face de la plage du Postiguet, dans l\u2019avenue Juan Bautista Lafora.<\/p>\n<p><strong>CALENDRIER<\/strong><\/p>\n<p>\n<table id=\"tablepress-80\" class=\"tablepress tablepress-id-80 nauticos\">\n<thead>\n<tr class=\"row-1\">\n\t<td class=\"column-1\"><\/td>\n<\/tr>\n<\/thead>\n<tbody class=\"row-striping\">\n<tr class=\"row-2\">\n\t<td class=\"column-1\"><div><img decoding=\"async\" src=\"https:\/\/alicanteturismo.com\/wp-content\/uploads\/2024\/06\/agenda-de-eventos.svg\" alt=\"icono\" style=\"width:20px; padding-rigth: 20px;\"\/> <strong>15\/11 &#8211; 27\/02:<\/strong>\t<br \/>\n<img decoding=\"async\" src=\"https:\/\/alicanteturismo.com\/wp-content\/uploads\/2024\/05\/reloj-1.svg\" alt=\"icono\" style=\"width:20px; padding-rigth: 20px;\"\/> 10:00 &#8211; 18:00h.<\/div><\/td>\n<\/tr>\n<tr class=\"row-3\">\n\t<td class=\"column-1\"><div><img decoding=\"async\" src=\"https:\/\/alicanteturismo.com\/wp-content\/uploads\/2024\/06\/agenda-de-eventos.svg\" alt=\"icono\" style=\"width:20px; padding-rigth: 20px;\"\/> <strong>28\/02 &#8211; 16\/06:<\/strong><br \/>\n<img decoding=\"async\" src=\"https:\/\/alicanteturismo.com\/wp-content\/uploads\/2024\/05\/reloj-1.svg\" alt=\"icono\" style=\"width:20px; padding-rigth: 20px;\"\/> 10:00 &#8211; 20:00h.<\/div><\/td>\n<\/tr>\n<tr class=\"row-4\">\n\t<td class=\"column-1\"><div><img decoding=\"async\" src=\"https:\/\/alicanteturismo.com\/wp-content\/uploads\/2024\/06\/agenda-de-eventos.svg\" alt=\"icono\" style=\"width:20px; padding-rigth: 20px;\"\/> <strong>17\/06 &#8211; 4\/09:<\/strong><br \/>\n<img decoding=\"async\" src=\"https:\/\/alicanteturismo.com\/wp-content\/uploads\/2024\/05\/reloj-1.svg\" alt=\"icono\" style=\"width:20px; padding-rigth: 20px;\"\/> 10:00 &#8211; 23:00h.<\/div><\/td>\n<\/tr>\n<tr class=\"row-5\">\n\t<td class=\"column-1\"><div><img decoding=\"async\" src=\"https:\/\/alicanteturismo.com\/wp-content\/uploads\/2024\/06\/agenda-de-eventos.svg\" alt=\"icono\" style=\"width:20px; padding-rigth: 20px;\"\/> <strong>5\/09 &#8211; 14\/11:<\/strong><br \/>\n<img decoding=\"async\" src=\"https:\/\/alicanteturismo.com\/wp-content\/uploads\/2024\/05\/reloj-1.svg\" alt=\"icono\" style=\"width:20px; padding-rigth: 20px;\"\/> 10:00 a 20:00h.<\/div><\/td>\n<\/tr>\n<\/tbody>\n<\/table>\n<!-- #tablepress-80 from cache --><\/p>\n<p><strong>Derni\u00e8re mont\u00e9e:<\/strong>\u00a040 minutes avant l\u2019heure de fermeture des remont\u00e9es m\u00e9caniques.<br \/>\n<strong>Derni\u00e8re descente:<\/strong>\u00a020 minutes avant la fermeture des remont\u00e9es m\u00e9caniques.<\/p>\n<p>Il est recommand\u00e9 d\u2019acheter le billet de remont\u00e9e \u00e0 l\u2019avance en cliquant sur le lien suivant :<br \/>\n<a href=\"https:\/\/castillosantabarbara.alicante.es\/CastilloFrontOffice\/faces\/reservas\" target=\"_blank\" rel=\"noopener\">www.castillosantabarbara.alicante.es<\/a><\/p>\n<p>Les jours de spectacle : consulter les horaires de fermeture du ch\u00e2teau.<\/p>\n<p><strong>Prix des ascenseurs:<\/strong><br \/>\nG\u00e9n\u00e9ral, 2,70 euros.<br \/>\nGratuit pour les retrait\u00e9s qui peuvent prouver cette condition au moyen d\u2019un document.<\/p>\n\t\t\t\t\t\t\t\t<\/div>\n\t\t\t\t<\/div>\n\t\t\t\t<\/div>\n\t\t\t\t\t<\/details>\n\t\t\t\t\t\t<details id=\"e-n-accordion-item-7561\" class=\"e-n-accordion-item\" >\n\t\t\t\t<summary class=\"e-n-accordion-item-title\" data-accordion-index=\"2\" tabindex=\"-1\" aria-expanded=\"false\" aria-controls=\"e-n-accordion-item-7561\" >\n\t\t\t\t\t<span class='e-n-accordion-item-title-header'><h3 class=\"e-n-accordion-item-title-text\"> Acc\u00e8s par le Parc de l'Ereta <\/h3><\/span>\n\t\t\t\t\t\t\t<span class='e-n-accordion-item-title-icon'>\n\t\t\t<span class='e-opened' ><svg aria-hidden=\"true\" class=\"e-font-icon-svg e-fas-minus\" viewBox=\"0 0 448 512\" xmlns=\"http:\/\/www.w3.org\/2000\/svg\"><path d=\"M416 208H32c-17.67 0-32 14.33-32 32v32c0 17.67 14.33 32 32 32h384c17.67 0 32-14.33 32-32v-32c0-17.67-14.33-32-32-32z\"><\/path><\/svg><\/span>\n\t\t\t<span class='e-closed'><svg aria-hidden=\"true\" class=\"e-font-icon-svg e-fas-chevron-down\" viewBox=\"0 0 448 512\" xmlns=\"http:\/\/www.w3.org\/2000\/svg\"><path d=\"M207.029 381.476L12.686 187.132c-9.373-9.373-9.373-24.569 0-33.941l22.667-22.667c9.357-9.357 24.522-9.375 33.901-.04L224 284.505l154.745-154.021c9.379-9.335 24.544-9.317 33.901.04l22.667 22.667c9.373 9.373 9.373 24.569 0 33.941L240.971 381.476c-9.373 9.372-24.569 9.372-33.942 0z\"><\/path><\/svg><\/span>\n\t\t<\/span>\n\n\t\t\t\t\t\t<\/summary>\n\t\t\t\t<div role=\"region\" aria-labelledby=\"e-n-accordion-item-7561\" class=\"elementor-element elementor-element-58c38c2 e-con-full e-flex e-con e-child\" data-id=\"58c38c2\" data-element_type=\"container\" data-e-type=\"container\">\n\t\t\t\t<div class=\"elementor-element elementor-element-38e1454c elementor-widget elementor-widget-text-editor\" data-id=\"38e1454c\" data-element_type=\"widget\" data-e-type=\"widget\" data-widget_type=\"text-editor.default\">\n\t\t\t\t<div class=\"elementor-widget-container\">\n\t\t\t\t\t\t\t\t\t<div>Cet itin\u00e9raire commence par une promenade dans les rues de la vieille ville et, une fois arriv\u00e9 au\u00a0<strong>parc de l\u2019Ereta<\/strong>, il offre une vue spectaculaire sur la ville, les villages environnants et la mer M\u00e9diterran\u00e9e\u00a0<strong>.<\/strong>\u00a0Il offre \u00e9galement une vue spectaculaire sur la ville, les villes voisines et la mer M\u00e9diterran\u00e9e.<\/div>\r\n&nbsp;\r\n<div>\r\n<p data-wahfont=\"16\"><span style=\"color: #04306e;\"><button style=\"background-color: #04306e; color: #ffffff; padding: 13px; border-radius: 30px; border-width: 0px;\"><a style=\"color: #ffffff; text-decoration: none; font-size: 1em; font-weight: 600;\" href=\"https:\/\/es.wikiloc.com\/rutas-a-pie\/castillo-de-santa-barbara-por-parque-la-ereta-43497330\" target=\"_blank\" rel=\"noopener\">Parcours p\u00e9destre dans le parc Ereta<\/a><\/button><\/span><\/p>\r\n\r\n<\/div>\t\t\t\t\t\t\t\t<\/div>\n\t\t\t\t<\/div>\n\t\t\t\t<\/div>\n\t\t\t\t\t<\/details>\n\t\t\t\t\t\t<details id=\"e-n-accordion-item-7562\" class=\"e-n-accordion-item\" >\n\t\t\t\t<summary class=\"e-n-accordion-item-title\" data-accordion-index=\"3\" tabindex=\"-1\" aria-expanded=\"false\" aria-controls=\"e-n-accordion-item-7562\" >\n\t\t\t\t\t<span class='e-n-accordion-item-title-header'><h3 class=\"e-n-accordion-item-title-text\"> Acc\u00e8s par le mont Benacantil <\/h3><\/span>\n\t\t\t\t\t\t\t<span class='e-n-accordion-item-title-icon'>\n\t\t\t<span class='e-opened' ><svg aria-hidden=\"true\" class=\"e-font-icon-svg e-fas-minus\" viewBox=\"0 0 448 512\" xmlns=\"http:\/\/www.w3.org\/2000\/svg\"><path d=\"M416 208H32c-17.67 0-32 14.33-32 32v32c0 17.67 14.33 32 32 32h384c17.67 0 32-14.33 32-32v-32c0-17.67-14.33-32-32-32z\"><\/path><\/svg><\/span>\n\t\t\t<span class='e-closed'><svg aria-hidden=\"true\" class=\"e-font-icon-svg e-fas-chevron-down\" viewBox=\"0 0 448 512\" xmlns=\"http:\/\/www.w3.org\/2000\/svg\"><path d=\"M207.029 381.476L12.686 187.132c-9.373-9.373-9.373-24.569 0-33.941l22.667-22.667c9.357-9.357 24.522-9.375 33.901-.04L224 284.505l154.745-154.021c9.379-9.335 24.544-9.317 33.901.04l22.667 22.667c9.373 9.373 9.373 24.569 0 33.941L240.971 381.476c-9.373 9.372-24.569 9.372-33.942 0z\"><\/path><\/svg><\/span>\n\t\t<\/span>\n\n\t\t\t\t\t\t<\/summary>\n\t\t\t\t<div role=\"region\" aria-labelledby=\"e-n-accordion-item-7562\" class=\"elementor-element elementor-element-1ebd0a05 e-con-full e-flex e-con e-child\" data-id=\"1ebd0a05\" data-element_type=\"container\" data-e-type=\"container\">\n\t\t\t\t<div class=\"elementor-element elementor-element-78dbc04e elementor-widget elementor-widget-text-editor\" data-id=\"78dbc04e\" data-element_type=\"widget\" data-e-type=\"widget\" data-widget_type=\"text-editor.default\">\n\t\t\t\t<div class=\"elementor-widget-container\">\n\t\t\t\t\t\t\t\t\t<div>Dans ce cas, nous vous proposons de monter \u00e0 la forteresse en profitant de la vue sur la<strong>\u00a0plage du Postiguet\u00a0<\/strong>depuis la rue Virgen del Socorro, puis d\u2019emprunter le<strong>\u00a0sentier de la face ouest du mont Benacantil<\/strong>\u00a0qui permet d\u2019obtenir des vues sur la zone nord d\u2019Alicante et sur la montagne d\u2019Alicante.<\/div>\r\n&nbsp;\r\n<div>\r\n<p data-wahfont=\"16\"><span style=\"color: #04306e;\"><button style=\"background-color: #04306e; color: #ffffff; padding: 13px; border-radius: 30px; border-width: 0px;\"><a style=\"color: #ffffff; text-decoration: none; font-size: 1em; font-weight: 600;\" href=\"https:\/\/es.wikiloc.com\/rutas-a-pie\/castillo-santa-barbara-por-monte-benacantil-43497310\" target=\"_blank\" rel=\"noopener\">Itin\u00e9raire p\u00e9destre autour du Monte Benacantil<\/a><\/button><\/span><\/p>\r\n\r\n<\/div>\t\t\t\t\t\t\t\t<\/div>\n\t\t\t\t<\/div>\n\t\t\t\t<\/div>\n\t\t\t\t\t<\/details>\n\t\t\t\t\t\t<details id=\"e-n-accordion-item-7563\" class=\"e-n-accordion-item\" >\n\t\t\t\t<summary class=\"e-n-accordion-item-title\" data-accordion-index=\"4\" tabindex=\"-1\" aria-expanded=\"false\" aria-controls=\"e-n-accordion-item-7563\" >\n\t\t\t\t\t<span class='e-n-accordion-item-title-header'><h3 class=\"e-n-accordion-item-title-text\"> Acc\u00e8s des v\u00e9hicules <\/h3><\/span>\n\t\t\t\t\t\t\t<span class='e-n-accordion-item-title-icon'>\n\t\t\t<span class='e-opened' ><svg aria-hidden=\"true\" class=\"e-font-icon-svg e-fas-minus\" viewBox=\"0 0 448 512\" xmlns=\"http:\/\/www.w3.org\/2000\/svg\"><path d=\"M416 208H32c-17.67 0-32 14.33-32 32v32c0 17.67 14.33 32 32 32h384c17.67 0 32-14.33 32-32v-32c0-17.67-14.33-32-32-32z\"><\/path><\/svg><\/span>\n\t\t\t<span class='e-closed'><svg aria-hidden=\"true\" class=\"e-font-icon-svg e-fas-chevron-down\" viewBox=\"0 0 448 512\" xmlns=\"http:\/\/www.w3.org\/2000\/svg\"><path d=\"M207.029 381.476L12.686 187.132c-9.373-9.373-9.373-24.569 0-33.941l22.667-22.667c9.357-9.357 24.522-9.375 33.901-.04L224 284.505l154.745-154.021c9.379-9.335 24.544-9.317 33.901.04l22.667 22.667c9.373 9.373 9.373 24.569 0 33.941L240.971 381.476c-9.373 9.372-24.569 9.372-33.942 0z\"><\/path><\/svg><\/span>\n\t\t<\/span>\n\n\t\t\t\t\t\t<\/summary>\n\t\t\t\t<div role=\"region\" aria-labelledby=\"e-n-accordion-item-7563\" class=\"elementor-element elementor-element-3709e034 e-con-full e-flex e-con e-child\" data-id=\"3709e034\" data-element_type=\"container\" data-e-type=\"container\">\n\t\t\t\t<div class=\"elementor-element elementor-element-7388fdd0 elementor-widget elementor-widget-text-editor\" data-id=\"7388fdd0\" data-element_type=\"widget\" data-e-type=\"widget\" data-widget_type=\"text-editor.default\">\n\t\t\t\t<div class=\"elementor-widget-container\">\n\t\t\t\t\t\t\t\t\t<p class=\"et_pb_module_header\" data-wahfont=\"18\">Uniquement dans les cas suivants :<\/p>\n<div class=\"et_pb_blurb_description\">\n<ul>\n<li><strong>Chargement et d\u00e9chargement des passagers pendant le temps strictement n\u00e9cessaire :<\/strong>\u00a0taxis, VTC, personnes \u00e0 mobilit\u00e9 r\u00e9duite, minibus (longueur 8,50m et masse 6 800kg).<\/li>\n<li>Les visiteurs doivent se conformer en permanence aux instructions du personnel municipal.<\/li>\n<li>Les autocars autoris\u00e9s \u00e0 entrer dans le ch\u00e2teau doivent avoir une\u00a0<strong>longueur maximale de 8,50 m<\/strong>\u00a0et une<strong>\u00a0masse maximale de 6 800 kg.<\/strong>\u00a0Les conducteurs doivent se conformer en permanence aux\u00a0<strong>instructions<\/strong>\u00a0et directives de la<strong>\u00a0police locale<\/strong>.<\/li>\n<li>Cette\u00a0<strong>autorisation<\/strong>\u00a0est\u00a0<strong>limit\u00e9e<\/strong>\u00a0au\u00a0<strong>chargement\/d\u00e9chargement des passagers<\/strong>. Une fois le bus d\u00e9charg\u00e9, il doit quitter le ch\u00e2teau et revenir plus tard pour prendre des passagers.<\/li>\n<\/ul>\n<\/div>\n\t\t\t\t\t\t\t\t<\/div>\n\t\t\t\t<\/div>\n\t\t\t\t<\/div>\n\t\t\t\t\t<\/details>\n\t\t\t\t\t<\/div>\n\t\t\t\t\t\t<\/div>\n\t\t\t\t<\/div>\n\t\t\t\t<\/div>\n\t\t\t\t<\/div>\n\t\t\t\t<div class=\"elementor-element elementor-element-5709347f elementor-widget__width-inherit elementor-widget elementor-widget-shortcode\" data-id=\"5709347f\" data-element_type=\"widget\" data-e-type=\"widget\" data-widget_type=\"shortcode.default\">\n\t\t\t\t<div class=\"elementor-widget-container\">\n\t\t\t\t\t\t\t<div class=\"elementor-shortcode\"><iframe src=\"https:\/\/www.google.com\/maps\/embed?pb=!1m18!1m12!1m3!1d3128.786103299246!2d-0.4783129846656036!3d38.35393247965816!2m3!1f0!2f0!3f0!3m2!1i1024!2i768!4f13.1!3m3!1m2!1s0xd6237a666f7cb3d%3A0x9a7da0483cc1744!2sMuseo+Arqueol%C3%B3gico+de+Alicante+MARQ!5e0!3m2!1ses!2ses!4v1543248233377\" width=\"100%\" height=\"650\"><\/iframe><\/div>\n\t\t\t\t\t\t<\/div>\n\t\t\t\t<\/div>\n\t\t\t\t<\/div>\n\t\t\t\t<\/div>\n\t\t\t\t<\/div>\n\t\t","protected":false},"featured_media":268239,"template":"","meta":{"_acf_changed":false},"class_list":["post-285433","museos","type-museos","status-publish","has-post-thumbnail","hentry"],"acf":[],"_links":{"self":[{"href":"https:\/\/alicanteturismo.com\/fr\/wp-json\/wp\/v2\/museos\/285433","targetHints":{"allow":["GET"]}}],"collection":[{"href":"https:\/\/alicanteturismo.com\/fr\/wp-json\/wp\/v2\/museos"}],"about":[{"href":"https:\/\/alicanteturismo.com\/fr\/wp-json\/wp\/v2\/types\/museos"}],"version-history":[{"count":0,"href":"https:\/\/alicanteturismo.com\/fr\/wp-json\/wp\/v2\/museos\/285433\/revisions"}],"wp:featuredmedia":[{"embeddable":true,"href":"https:\/\/alicanteturismo.com\/fr\/wp-json\/wp\/v2\/media\/268239"}],"wp:attachment":[{"href":"https:\/\/alicanteturismo.com\/fr\/wp-json\/wp\/v2\/media?parent=285433"}],"curies":[{"name":"wp","href":"https:\/\/api.w.org\/{rel}","templated":true}]}}