{"id":285402,"date":"2024-05-24T09:25:57","date_gmt":"2024-05-24T07:25:57","guid":{"rendered":"https:\/\/dev.alicanteturismo.com\/museos\/musee-de-leau-dalicante\/"},"modified":"2026-03-06T13:28:54","modified_gmt":"2026-03-06T12:28:54","slug":"musee-de-leau-dalicante","status":"publish","type":"museos","link":"https:\/\/alicanteturismo.com\/fr\/museos\/musee-de-leau-dalicante\/","title":{"rendered":"Mus\u00e9e de l&rsquo;eau d&rsquo;Alicante"},"content":{"rendered":"\t\t<div data-elementor-type=\"wp-post\" data-elementor-id=\"285402\" class=\"elementor elementor-285402 elementor-2651\" data-elementor-post-type=\"museos\">\n\t\t\t\t<div style=\"background-image: url(https:\/\/alicanteturismo.com\/wp-content\/uploads\/2024\/10\/museo-aguas-11.jpg);background-position:top center;background-repeat:no-repeat;background-size:cover;\" class=\"e-lazyloaded elementor-element elementor-element-5cb4be06 e-con-full e-flex e-con e-parent\" data-id=\"5cb4be06\" data-element_type=\"container\" data-e-type=\"container\" data-settings=\"{&quot;background_background&quot;:&quot;video&quot;,&quot;background_video_link&quot;:&quot;https:\\\/\\\/www.youtube.com\\\/watch?v=VN35CcZUoVM&quot;}\">\n\t\t<div class=\"elementor-background-video-container elementor-hidden-mobile\">\n\t\t\t\t\t\t\t<div class=\"elementor-background-video-embed\" role=\"presentation\"><\/div>\n\t\t\t\t\t\t<\/div>\t\t<div class=\"elementor-element elementor-element-bd3b42f elementor-widget elementor-widget-heading\" data-id=\"bd3b42f\" data-element_type=\"widget\" data-e-type=\"widget\" data-widget_type=\"heading.default\">\n\t\t\t\t<div class=\"elementor-widget-container\">\n\t\t\t\t\t<h1 class=\"elementor-heading-title elementor-size-default\">Mus\u00e9e de l&rsquo;eau d&rsquo;Alicante<\/h1>\t\t\t\t<\/div>\n\t\t\t\t<\/div>\n\t\t\t\t<div class=\"elementor-element elementor-element-6eede26a elementor-widget elementor-widget-heading\" data-id=\"6eede26a\" data-element_type=\"widget\" data-e-type=\"widget\" data-widget_type=\"heading.default\">\n\t\t\t\t<div class=\"elementor-widget-container\">\n\t\t\t\t\t<h2 class=\"elementor-heading-title elementor-size-default\">Puits de Garrig\u00f3s<\/h2>\t\t\t\t<\/div>\n\t\t\t\t<\/div>\n\t\t\t\t<\/div>\n\t\t<div class=\"elementor-element elementor-element-380474d2 e-con-full e-flex e-con e-parent\" data-id=\"380474d2\" data-element_type=\"container\" data-e-type=\"container\">\n\t\t<div class=\"elementor-element elementor-element-5d61f3cc e-con-full e-flex e-con e-child\" data-id=\"5d61f3cc\" data-element_type=\"container\" data-e-type=\"container\">\n\t\t<div class=\"elementor-element elementor-element-7da2d025 e-con-full e-flex e-con e-child\" data-id=\"7da2d025\" data-element_type=\"container\" data-e-type=\"container\">\n\t\t<div class=\"elementor-element elementor-element-691d5b17 e-con-full e-flex e-con e-child\" data-id=\"691d5b17\" data-element_type=\"container\" data-e-type=\"container\">\n\t\t\t\t<div class=\"elementor-element elementor-element-5db25b62 elementor-widget__width-initial elementor-widget elementor-widget-text-editor\" data-id=\"5db25b62\" data-element_type=\"widget\" data-e-type=\"widget\" data-widget_type=\"text-editor.default\">\n\t\t\t\t<div class=\"elementor-widget-container\">\n\t\t\t\t\t\t\t\t\t<p>La mission du <strong>Museo de Aguas de Alicante<\/strong> est de promouvoir la connaissance, le respect et l&rsquo;importance de l&rsquo;eau dans la vie quotidienne de la population. C&rsquo;est un lieu dynamique qui renouvelle constamment son contenu pour offrir des exp\u00e9riences enrichissantes \u00e0 ses visiteurs. Il se distingue par son offre \u00e9ducative et informative, o\u00f9 l&rsquo;eau est le protagoniste. Au rez-de-chauss\u00e9e, les visiteurs peuvent d\u00e9couvrir l&rsquo;histoire de l&rsquo;eau \u00e0 travers les diff\u00e9rents \u00e9tablissements et cultures qui ont peupl\u00e9 la ville au fil du temps, ainsi que l&rsquo;\u00e9volution des techniques d&rsquo;obtention et de distribution de l&rsquo;eau. Le premier \u00e9tage invite les visiteurs \u00e0 s&rsquo;amuser avec l&rsquo;eau dans un <strong>espace interactif et \u00e9ducatif,<\/strong> o\u00f9, gr\u00e2ce \u00e0 des jeux et aux nouvelles technologies, ils peuvent apprendre comment fonctionne le cycle int\u00e9gral de l&rsquo;eau et comment elle arrive jusqu&rsquo;\u00e0 nos maisons. Au premier \u00e9tage, les principaux projets d&rsquo;Aguas de Alicante et les actions qui favorisent le <strong>d\u00e9veloppement durable<\/strong> sont pr\u00e9sent\u00e9s, refl\u00e9tant l&rsquo;engagement de la ville dans la gestion de cette ressource essentielle. Le mus\u00e9e de l&rsquo;eau se trouve dans un nouveau b\u00e2timent situ\u00e9 \u00e0 c\u00f4t\u00e9 des<strong> puits de Garrig\u00f3s.<\/strong><\/p>\n\t\t\t\t\t\t\t\t<\/div>\n\t\t\t\t<\/div>\n\t\t\t\t<div class=\"elementor-element elementor-element-7b8b7da8 elementor-widget-mobile__width-inherit elementor-widget__width-inherit textocontenedor elementor-widget elementor-widget-text-editor\" data-id=\"7b8b7da8\" data-element_type=\"widget\" data-e-type=\"widget\" data-widget_type=\"text-editor.default\">\n\t\t\t\t<div class=\"elementor-widget-container\">\n\t\t\t\t\t\t\t\t\t<span class=\"etiquetaservicios\">No tiene nada<\/span>\t\t\t\t\t\t\t\t<\/div>\n\t\t\t\t<\/div>\n\t\t\t\t<\/div>\n\t\t\t\t<\/div>\n\t\t<div class=\"elementor-element elementor-element-f0ae99c e-con-full e-flex e-con e-child\" data-id=\"f0ae99c\" data-element_type=\"container\" data-e-type=\"container\">\n\t\t\t\t<\/div>\n\t\t\t\t<\/div>\n\t\t<div class=\"elementor-element elementor-element-ad00f59 e-con-full e-flex e-con e-child\" data-id=\"ad00f59\" data-element_type=\"container\" data-e-type=\"container\">\n\t\t<div class=\"elementor-element elementor-element-4733f2d e-con-full e-flex e-con e-child\" data-id=\"4733f2d\" data-element_type=\"container\" data-e-type=\"container\">\n\t\t<div class=\"elementor-element elementor-element-41ef355 e-con-full e-flex e-con e-child\" data-id=\"41ef355\" data-element_type=\"container\" data-e-type=\"container\">\n\t\t\t\t<div class=\"elementor-element elementor-element-23479e4 elementor-widget__width-initial elementor-widget elementor-widget-text-editor\" data-id=\"23479e4\" data-element_type=\"widget\" data-e-type=\"widget\" data-widget_type=\"text-editor.default\">\n\t\t\t\t<div class=\"elementor-widget-container\">\n\t\t\t\t\t\t\t\t\t<h4><strong>Los Pozos de Garrig\u00f3s : un refuge climatique au c\u0153ur du mus\u00e9e de l&rsquo;eau d&rsquo;Alicante<\/strong><\/h4>\n<p>Les <b>puits de Garrig\u00f3s<\/b> forment un fascinant syst\u00e8me de citernes creus\u00e9es au XIXe si\u00e8cle et constituent l&rsquo;un des joyaux du mus\u00e9e. \u00c0 l&rsquo;heure o\u00f9 le changement climatique exige des solutions cr\u00e9atives, cet espace se pr\u00e9sente comme un mod\u00e8le d&rsquo;adaptation et de r\u00e9silience urbaine en devenant le premier refuge climatique ouvert au public dans la ville, un espace o\u00f9 les visiteurs peuvent trouver un soulagement pendant les vagues de couleur de plus en plus fr\u00e9quentes dans la r\u00e9gion m\u00e9diterran\u00e9enne. Un <b>espace unique<\/b> Situ\u00e9 dans le \u00ab\u00a0puits 1\u00a0\u00bb, ce refuge se distingue par sa temp\u00e9rature constante tout au long de l&rsquo;ann\u00e9e. Il dispose d&rsquo;un acc\u00e8s \u00e0 l&rsquo;eau, \u00e0 l&rsquo;\u00e9lectricit\u00e9 et \u00e0 une connexion internet, ainsi que d&rsquo;une v\u00e9g\u00e9tation adapt\u00e9e \u00e0 l&rsquo;espace. Ce projet fait partie du plan strat\u00e9gique 2022-2027 d&rsquo;Aguas de Alicante, qui vise \u00e0 lutter contre le changement climatique et \u00e0 promouvoir la durabilit\u00e9 dans la ville.<\/p>\n\t\t\t\t\t\t\t\t<\/div>\n\t\t\t\t<\/div>\n\t\t\t\t<div class=\"elementor-element elementor-element-7042242 elementor-widget-mobile__width-inherit elementor-widget__width-inherit textocontenedor elementor-widget elementor-widget-text-editor\" data-id=\"7042242\" data-element_type=\"widget\" data-e-type=\"widget\" data-widget_type=\"text-editor.default\">\n\t\t\t\t<div class=\"elementor-widget-container\">\n\t\t\t\t\t\t\t\t\t<span class=\"etiquetaservicios\">No tiene nada<\/span>\t\t\t\t\t\t\t\t<\/div>\n\t\t\t\t<\/div>\n\t\t\t\t<\/div>\n\t\t<div class=\"elementor-element elementor-element-ef0e597 e-con-full e-flex e-con e-child\" data-id=\"ef0e597\" data-element_type=\"container\" data-e-type=\"container\">\n\t\t\t\t<div class=\"elementor-element elementor-element-7da1402 elementor-widget__width-inherit plus-border-yes elementor-widget elementor-widget-tp-table\" data-id=\"7da1402\" data-element_type=\"widget\" data-e-type=\"widget\" data-widget_type=\"tp-table.default\">\n\t\t\t\t<div class=\"elementor-widget-container\">\n\t\t\t\t\t\t\t\t<div itemscope class=\"plus-table-wrapper   tp-table-mobresswipe\" itemtype=\"http:\/\/schema.org\/Table\">\n\n\t\t\t\t<table id=\"plus-table-id-7da1402\" class=\"plus-table plus-text-break plus-column-rules\" data-sort-table=\"no\" data-show-entry=\"no\" data-searchable=\"no\">\n\t\t\t\t\t\t\t\t\t\t\t<thead> \n\t\t\t\t\t\t\t\t\t\t\t\t\t\t\t\t<tr class=\"plus-table-row\"> \n\t\t\t\t\t\t\t\t\t\t\t\t\t\t\t\t\t\t\t\t\t\t\t\t<th id=\"tooltip69ef98b6e9dbb\"data-sort=\"0\" class=\"sort-this elementor-repeater-item-0f2f9a1 plus-table-col\" data-local=\"true\"  scope=\"col\">\n\t\t\t\t\t\t\t\t\t\t\t<span class=\"sort-style\">\n\t\t\t\t\t\t\t\t\t\t\t<span class=\"plus-table__text\">\n\t\t\t\t\t\t\t\t\t\t\t\t\t\t\t\t\t\t\t\t\t\t\t\t\t\t<img decoding=\"async\" src=\"https:\/\/alicanteturismo.com\/wp-content\/uploads\/2024\/07\/tarifas.svg\" class=\"plus-col-img--left\" title=\"tarifas\" alt=\"tarifas\">\n\t\t\t\t\t\t\t\t\t\t\t\t\t\t\t\t\t\t\t\t\t\t\t\t\t\t<span class=\"plus-table__text-inner\">TARIFS<\/span>\n\t\t\t\t\t\t\t\t\t\t\t\t\t\t\t\t\t\t\t\t\t\t<\/span> \n\t\t\t\t\t\t\t\t\t\t\t\n\t\t\t\t\t\t\t\t\t\t\t\t\t\t\t\t\t\t\t\t\t\t<\/span>\n\t\t\t\t\t\t\t\t\t\t<\/th>\n\t\t\t\t\t\t\t\t\t\t\t\t\t\t\t\t<\/thead> \n\t\t\t\t\t\t\n\t\t\t\t\t\t<tbody>\n\t\t\t\t\t\t\t<!-- ROWS -->\n\t\t\t\t\t\t\t\t\t\t\t\t\t\t\t\t\t\t<tr data-entry=\"1\" class=\"plus-table-row\">\n\t\t\t\t\t\t\t\t\t\t\t\t\t\t\t\t\t\t\t\t\t<td id=\"tooltip69ef98b6e9e25\"class=\"plus-table-col elementor-repeater-item-e0c094e\" data-title=\"TARIFS\">\n\t\t\t\t\t\t\t\t\t\t\t\t\t\t\t\t\t\t\t\t\t\t\t\t\t\t\t\t\t\t\t\t\t\t\t\t<span class=\"plus-table__text\">\n\t\t\t\t\t\t\t\t\t\t\t\t\t\t\t\t\t\t\t\t\t\t\t\t\t\t\t\t\t\t\t\t\t\t\t\t\t\t\t\t\t\t\t\t\t\t\t\t\t\t\t\t\t\t\t\t\t\t\t\t\t\t\t\t\t\t\t\t\t\t\t\t<span class=\"plus-table__text-inner\"><span style=\"color: #04306e;padding-left: 2em\"><strong>Acc\u00e8s gratuit.<\/strong><\/span><\/span>\n\t\t\t\t\t\t\t\t\t\t\t\t\t\t\t\t\t\t\t\t\t\t\t\t\t\t\t\t\t\t\t\t\t\t\t\t\t\t\t\t\t\t\t\t\t\t\t\t\t\t\t\t\t\t\t\t\t\t\t\t\t\t\t\t\t\t\t\t\t\t\t\t\t\t\t\t\t\t\t\t\t\t\t\t<\/span>\n\t\t\t\t\t\t\t\t\t\t\t\t\t\t\t\t\t\t\t\t\t\t\t\t\t\t\t\t\t\t\t\t\t<\/td>\n\t\t\t\t\t\t\t\t\t\t\t\t\t\t\t\t\t<\/tbody>\n\t\t\t\t<\/table>\n\n\t\t\t<\/div> \n\t\t\t<style><\/style>\t\t\t\t<\/div>\n\t\t\t\t<\/div>\n\t\t\t\t<\/div>\n\t\t\t\t<\/div>\n\t\t<div class=\"elementor-element elementor-element-f77b31f e-con-full e-flex e-con e-child\" data-id=\"f77b31f\" data-element_type=\"container\" data-e-type=\"container\">\n\t\t\t\t<div class=\"elementor-element elementor-element-4ae43c4 elementor-hidden-mobile elementor-widget elementor-widget-image\" data-id=\"4ae43c4\" data-element_type=\"widget\" data-e-type=\"widget\" data-widget_type=\"image.default\">\n\t\t\t\t<div class=\"elementor-widget-container\">\n\t\t\t\t\t\t\t\t\t\t\t\t\t\t\t<img fetchpriority=\"high\" decoding=\"async\" width=\"1920\" height=\"1440\" src=\"https:\/\/alicanteturismo.com\/wp-content\/uploads\/2024\/05\/refugio_museo_aguas.webp\" class=\"attachment-full size-full wp-image-279424\" alt=\"\" srcset=\"https:\/\/alicanteturismo.com\/wp-content\/uploads\/2024\/05\/refugio_museo_aguas.webp 1920w, https:\/\/alicanteturismo.com\/wp-content\/uploads\/2024\/05\/refugio_museo_aguas-300x225.webp 300w, https:\/\/alicanteturismo.com\/wp-content\/uploads\/2024\/05\/refugio_museo_aguas-1024x768.webp 1024w, https:\/\/alicanteturismo.com\/wp-content\/uploads\/2024\/05\/refugio_museo_aguas-768x576.webp 768w, https:\/\/alicanteturismo.com\/wp-content\/uploads\/2024\/05\/refugio_museo_aguas-1536x1152.webp 1536w\" sizes=\"(max-width: 1920px) 100vw, 1920px\" \/>\t\t\t\t\t\t\t\t\t\t\t\t\t\t\t<\/div>\n\t\t\t\t<\/div>\n\t\t\t\t<\/div>\n\t\t\t\t<\/div>\n\t\t\t\t<\/div>\n\t\t<div class=\"elementor-element elementor-element-5d7cd7a4 e-con-full e-flex e-con e-parent\" data-id=\"5d7cd7a4\" data-element_type=\"container\" data-e-type=\"container\">\n\t\t<div class=\"elementor-element elementor-element-137f11ce e-con-full e-flex e-con e-child\" data-id=\"137f11ce\" data-element_type=\"container\" data-e-type=\"container\">\n\t\t\t\t<div class=\"elementor-element elementor-element-3e2b1afd elementor-arrows-position-inside elementor-pagination-position-outside elementor-widget elementor-widget-image-carousel\" data-id=\"3e2b1afd\" data-element_type=\"widget\" data-e-type=\"widget\" data-settings=\"{&quot;slides_to_show&quot;:&quot;1&quot;,&quot;navigation&quot;:&quot;both&quot;,&quot;autoplay&quot;:&quot;yes&quot;,&quot;pause_on_hover&quot;:&quot;yes&quot;,&quot;pause_on_interaction&quot;:&quot;yes&quot;,&quot;autoplay_speed&quot;:5000,&quot;infinite&quot;:&quot;yes&quot;,&quot;effect&quot;:&quot;slide&quot;,&quot;speed&quot;:500}\" data-widget_type=\"image-carousel.default\">\n\t\t\t\t<div class=\"elementor-widget-container\">\n\t\t\t\t\t\t\t<div class=\"elementor-image-carousel-wrapper swiper\" role=\"region\" aria-roledescription=\"carousel\" aria-label=\"Carrusel de im\u00e1genes\" dir=\"ltr\">\n\t\t\t<div class=\"elementor-image-carousel swiper-wrapper\" aria-live=\"off\">\n\t\t\t\t\t\t\t\t<div class=\"swiper-slide\" role=\"group\" aria-roledescription=\"slide\" aria-label=\"1 sur 8\"><figure class=\"swiper-slide-inner\"><img decoding=\"async\" class=\"swiper-slide-image\" src=\"https:\/\/alicanteturismo.com\/wp-content\/uploads\/2024\/05\/museo-de-aguas-pozos-de-garrigos-alicante-spain-1-e1716543822946.jpg\" alt=\"museo-de-aguas-pozos-de-garrigos-alicante-spain-1\" \/><\/figure><\/div><div class=\"swiper-slide\" role=\"group\" aria-roledescription=\"slide\" aria-label=\"2 sur 8\"><figure class=\"swiper-slide-inner\"><img decoding=\"async\" class=\"swiper-slide-image\" src=\"https:\/\/alicanteturismo.com\/wp-content\/uploads\/2024\/05\/museo-de-aguas-pozos-de-garrigos-alicante-spain-2.jpg\" alt=\"museo-de-aguas-pozos-de-garrigos-alicante-spain-2\" \/><\/figure><\/div><div class=\"swiper-slide\" role=\"group\" aria-roledescription=\"slide\" aria-label=\"3 sur 8\"><figure class=\"swiper-slide-inner\"><img decoding=\"async\" class=\"swiper-slide-image\" src=\"https:\/\/alicanteturismo.com\/wp-content\/uploads\/2024\/05\/museo-aguas-e1716543754737.jpg\" alt=\"museo-aguas\" \/><\/figure><\/div><div class=\"swiper-slide\" role=\"group\" aria-roledescription=\"slide\" aria-label=\"4 sur 8\"><figure class=\"swiper-slide-inner\"><img decoding=\"async\" class=\"swiper-slide-image\" src=\"https:\/\/alicanteturismo.com\/wp-content\/uploads\/2024\/05\/museo-aguas-alicante-5.jpg\" alt=\"museo-aguas-alicante-5\" \/><\/figure><\/div><div class=\"swiper-slide\" role=\"group\" aria-roledescription=\"slide\" aria-label=\"5 sur 8\"><figure class=\"swiper-slide-inner\"><img decoding=\"async\" class=\"swiper-slide-image\" src=\"https:\/\/alicanteturismo.com\/wp-content\/uploads\/2024\/05\/museo-aguas-alicante-8.jpg\" alt=\"museo-aguas-alicante-8\" \/><\/figure><\/div><div class=\"swiper-slide\" role=\"group\" aria-roledescription=\"slide\" aria-label=\"6 sur 8\"><figure class=\"swiper-slide-inner\"><img decoding=\"async\" class=\"swiper-slide-image\" src=\"https:\/\/alicanteturismo.com\/wp-content\/uploads\/2024\/05\/museo-aguas-alicante-spain-6.jpg\" alt=\"museo-aguas-alicante-spain-6\" \/><\/figure><\/div><div class=\"swiper-slide\" role=\"group\" aria-roledescription=\"slide\" aria-label=\"7 sur 8\"><figure class=\"swiper-slide-inner\"><img decoding=\"async\" class=\"swiper-slide-image\" src=\"https:\/\/alicanteturismo.com\/wp-content\/uploads\/2024\/05\/museo-aguas-alicante-spain-8.jpg\" alt=\"museo-aguas-alicante-spain-8\" \/><\/figure><\/div><div class=\"swiper-slide\" role=\"group\" aria-roledescription=\"slide\" aria-label=\"8 sur 8\"><figure class=\"swiper-slide-inner\"><img decoding=\"async\" class=\"swiper-slide-image\" src=\"https:\/\/alicanteturismo.com\/wp-content\/uploads\/2024\/05\/museo-aguas-alicante-spain-7-e1716543718353.jpg\" alt=\"museo-aguas-alicante-spain-7\" \/><\/figure><\/div>\t\t\t<\/div>\n\t\t\t\t\t\t\t\t\t\t\t\t<div class=\"elementor-swiper-button elementor-swiper-button-prev\" role=\"button\" tabindex=\"0\">\n\t\t\t\t\t\t<svg aria-hidden=\"true\" class=\"e-font-icon-svg e-eicon-chevron-left\" viewBox=\"0 0 1000 1000\" xmlns=\"http:\/\/www.w3.org\/2000\/svg\"><path d=\"M646 125C629 125 613 133 604 142L308 442C296 454 292 471 292 487 292 504 296 521 308 533L604 854C617 867 629 875 646 875 663 875 679 871 692 858 704 846 713 829 713 812 713 796 708 779 692 767L438 487 692 225C700 217 708 204 708 187 708 171 704 154 692 142 675 129 663 125 646 125Z\"><\/path><\/svg>\t\t\t\t\t<\/div>\n\t\t\t\t\t<div class=\"elementor-swiper-button elementor-swiper-button-next\" role=\"button\" tabindex=\"0\">\n\t\t\t\t\t\t<svg aria-hidden=\"true\" class=\"e-font-icon-svg e-eicon-chevron-right\" viewBox=\"0 0 1000 1000\" xmlns=\"http:\/\/www.w3.org\/2000\/svg\"><path d=\"M696 533C708 521 713 504 713 487 713 471 708 454 696 446L400 146C388 133 375 125 354 125 338 125 325 129 313 142 300 154 292 171 292 187 292 204 296 221 308 233L563 492 304 771C292 783 288 800 288 817 288 833 296 850 308 863 321 871 338 875 354 875 371 875 388 867 400 854L696 533Z\"><\/path><\/svg>\t\t\t\t\t<\/div>\n\t\t\t\t\n\t\t\t\t\t\t\t\t\t<div class=\"swiper-pagination\"><\/div>\n\t\t\t\t\t\t\t\t\t<\/div>\n\t\t\t\t\t\t<\/div>\n\t\t\t\t<\/div>\n\t\t<div class=\"elementor-element elementor-element-982bf84 e-con-full e-flex e-con e-child\" data-id=\"982bf84\" data-element_type=\"container\" data-e-type=\"container\">\n\t\t<!-- hidden container 285402-13a1ec77 -->\t\t<div class=\"elementor-element elementor-element-caf094e elementor-widget__width-inherit plus-border-yes elementor-widget elementor-widget-tp-table\" data-id=\"caf094e\" data-element_type=\"widget\" data-e-type=\"widget\" data-widget_type=\"tp-table.default\">\n\t\t\t\t<div class=\"elementor-widget-container\">\n\t\t\t\t\t\t\t\t<div itemscope class=\"plus-table-wrapper   tp-table-mobresswipe\" itemtype=\"http:\/\/schema.org\/Table\">\n\n\t\t\t\t<table id=\"plus-table-id-caf094e\" class=\"plus-table plus-text-break plus-column-rules\" data-sort-table=\"no\" data-show-entry=\"no\" data-searchable=\"no\">\n\t\t\t\t\t\t\t\t\t\t\t<thead> \n\t\t\t\t\t\t\t\t\t\t\t\t\t\t\t\t<tr class=\"plus-table-row\"> \n\t\t\t\t\t\t\t\t\t\t\t\t\t\t\t\t\t\t\t\t\t\t\t\t<th id=\"tooltip69ef98b703a18\"data-sort=\"0\" class=\"sort-this elementor-repeater-item-0f2f9a1 plus-table-col\" data-local=\"true\"  scope=\"col\">\n\t\t\t\t\t\t\t\t\t\t\t<span class=\"sort-style\">\n\t\t\t\t\t\t\t\t\t\t\t<span class=\"plus-table__text\">\n\t\t\t\t\t\t\t\t\t\t\t\t\t\t\t\t\t\t\t\t\t\t\t\t\t\t<img decoding=\"async\" src=\"https:\/\/alicanteturismo.com\/wp-content\/uploads\/2025\/03\/reloj-1-1-1.svg\" class=\"plus-col-img--left\" title=\"reloj-1-1-1.svg\" alt=\"reloj-1-1-1.svg\">\n\t\t\t\t\t\t\t\t\t\t\t\t\t\t\t\t\t\t\t\t\t\t\t\t\t\t<span class=\"plus-table__text-inner\">CALENDRIER<\/span>\n\t\t\t\t\t\t\t\t\t\t\t\t\t\t\t\t\t\t\t\t\t\t<\/span> \n\t\t\t\t\t\t\t\t\t\t\t\n\t\t\t\t\t\t\t\t\t\t\t\t\t\t\t\t\t\t\t\t\t\t<\/span>\n\t\t\t\t\t\t\t\t\t\t<\/th>\n\t\t\t\t\t\t\t\t\t\t\t\t\t\t\t\t<\/thead> \n\t\t\t\t\t\t\n\t\t\t\t\t\t<tbody>\n\t\t\t\t\t\t\t<!-- ROWS -->\n\t\t\t\t\t\t\t\t\t\t\t\t\t\t\t\t\t\t<tr data-entry=\"1\" class=\"plus-table-row\">\n\t\t\t\t\t\t\t\t\t\t\t\t\t\t\t\t\t\t\t\t\t<td id=\"tooltip69ef98b703a74\"class=\"plus-table-col elementor-repeater-item-e0c094e\" data-title=\"CALENDRIER\">\n\t\t\t\t\t\t\t\t\t\t\t\t\t\t\t\t\t\t\t\t\t\t\t\t\t\t\t\t\t\t\t\t\t\t\t\t<span class=\"plus-table__text\">\n\t\t\t\t\t\t\t\t\t\t\t\t\t\t\t\t\t\t\t\t\t\t\t\t\t\t\t\t\t\t\t\t\t\t\t\t\t\t\t\t\t\t\t\t\t\t\t\t\t\t\t\t\t\t\t\t\t\t\t\t\t\t\t\t\t\t\t\t\t\t\t\t<span class=\"plus-table__text-inner\"><strong>SEPTEMBRE \u2013 MAI<\/strong><\/span>\n\t\t\t\t\t\t\t\t\t\t\t\t\t\t\t\t\t\t\t\t\t\t\t\t\t\t\t\t\t\t\t\t\t\t\t\t\t\t\t\t\t\t\t\t\t\t\t\t\t\t\t\t\t\t\t\t\t\t\t\t\t\t\t\t\t\t\t\t\t\t\t\t\t\t\t\t\t\t\t\t\t\t\t\t<\/span>\n\t\t\t\t\t\t\t\t\t\t\t\t\t\t\t\t\t\t\t\t\t\t\t\t\t\t\t\t\t\t\t\t\t<\/td>\n\t\t\t\t\t\t\t\t\t\t\t\t\t\t\t\t\t\t\t\t\t\t<\/tr><tr data-entry=\"2\" class=\"plus-table-row\">\n\t\t\t\t\t\t\t\t\t\t\t\t\t\t\t\t\t\t\t\t\t<td id=\"tooltip69ef98b703afa\"class=\"plus-table-col elementor-repeater-item-7b2bcac\" data-title=\"CALENDRIER\">\n\t\t\t\t\t\t\t\t\t\t\t\t\t\t\t\t\t\t\t\t\t\t\t\t\t\t\t\t\t\t\t\t\t\t\t\t<span class=\"plus-table__text\">\n\t\t\t\t\t\t\t\t\t\t\t\t\t\t\t\t\t\t\t\t\t\t\t\t\t\t\t\t\t\t\t\t\t\t\t\t\t\t\t\t\t\t\t\t\t\t\t\t\t\t\t\t\t\t\t\t\t\t\t\t\t\t\t\t\t\t\t\t\t\t\t\t<span class=\"plus-table__text-inner\"><div><img decoding=\"async\" src=\"https:\/\/alicanteturismo.com\/wp-content\/uploads\/2024\/06\/agenda-de-eventos.svg\" alt=\"icono\" style=\"width:20px\" \/> <strong>Mardi \u2013 vendredi<\/strong>\n<br><img decoding=\"async\" src=\"https:\/\/alicanteturismo.com\/wp-content\/uploads\/2024\/05\/reloj-1.svg\" alt=\"icono\" style=\"width:20px\" \/> 10:00h - 14:00h\n<br><img decoding=\"async\" src=\"https:\/\/alicanteturismo.com\/wp-content\/uploads\/2024\/05\/reloj-1.svg\" alt=\"icono\" style=\"width:20px\" \/> 17:00h - 20:00h\n\n<br><br><img decoding=\"async\" src=\"https:\/\/alicanteturismo.com\/wp-content\/uploads\/2024\/06\/agenda-de-eventos.svg\" alt=\"icono\" style=\"width:20px\" \/> <strong>Les samedis et dimanches<\/strong>\n<br><img decoding=\"async\" src=\"https:\/\/alicanteturismo.com\/wp-content\/uploads\/2024\/05\/reloj-1.svg\" alt=\"icono\" style=\"width:20px\" \/> 10:00h - 14:00h<\/div><\/span>\n\t\t\t\t\t\t\t\t\t\t\t\t\t\t\t\t\t\t\t\t\t\t\t\t\t\t\t\t\t\t\t\t\t\t\t\t\t\t\t\t\t\t\t\t\t\t\t\t\t\t\t\t\t\t\t\t\t\t\t\t\t\t\t\t\t\t\t\t\t\t\t\t\t\t\t\t\t\t\t\t\t\t\t\t<\/span>\n\t\t\t\t\t\t\t\t\t\t\t\t\t\t\t\t\t\t\t\t\t\t\t\t\t\t\t\t\t\t\t\t\t<\/td>\n\t\t\t\t\t\t\t\t\t\t\t\t\t\t\t\t\t\t\t\t\t\t<\/tr><tr data-entry=\"3\" class=\"plus-table-row\">\n\t\t\t\t\t\t\t\t\t\t\t\t\t\t\t\t\t\t\t\t\t<td id=\"tooltip69ef98b703c37\"class=\"plus-table-col elementor-repeater-item-216273c\" data-title=\"CALENDRIER\">\n\t\t\t\t\t\t\t\t\t\t\t\t\t\t\t\t\t\t\t\t\t\t\t\t\t\t\t\t\t\t\t\t\t\t\t\t<span class=\"plus-table__text\">\n\t\t\t\t\t\t\t\t\t\t\t\t\t\t\t\t\t\t\t\t\t\t\t\t\t\t\t\t\t\t\t\t\t\t\t\t\t\t\t\t\t\t\t\t\t\t\t\t\t\t\t\t\t\t\t\t\t\t\t\t\t\t\t\t\t\t\t\t\t\t\t\t<span class=\"plus-table__text-inner\"><strong>JUIN \u2013 AO\u00dbT<\/strong><\/span>\n\t\t\t\t\t\t\t\t\t\t\t\t\t\t\t\t\t\t\t\t\t\t\t\t\t\t\t\t\t\t\t\t\t\t\t\t\t\t\t\t\t\t\t\t\t\t\t\t\t\t\t\t\t\t\t\t\t\t\t\t\t\t\t\t\t\t\t\t\t\t\t\t\t\t\t\t\t\t\t\t\t\t\t\t<\/span>\n\t\t\t\t\t\t\t\t\t\t\t\t\t\t\t\t\t\t\t\t\t\t\t\t\t\t\t\t\t\t\t\t\t<\/td>\n\t\t\t\t\t\t\t\t\t\t\t\t\t\t\t\t\t\t\t\t\t\t<\/tr><tr data-entry=\"4\" class=\"plus-table-row\">\n\t\t\t\t\t\t\t\t\t\t\t\t\t\t\t\t\t\t\t\t\t<td id=\"tooltip69ef98b703c87\"class=\"plus-table-col elementor-repeater-item-eb7d7cd\" data-title=\"CALENDRIER\">\n\t\t\t\t\t\t\t\t\t\t\t\t\t\t\t\t\t\t\t\t\t\t\t\t\t\t\t\t\t\t\t\t\t\t\t\t<span class=\"plus-table__text\">\n\t\t\t\t\t\t\t\t\t\t\t\t\t\t\t\t\t\t\t\t\t\t\t\t\t\t\t\t\t\t\t\t\t\t\t\t\t\t\t\t\t\t\t\t\t\t\t\t\t\t\t\t\t\t\t\t\t\t\t\t\t\t\t\t\t\t\t\t\t\t\t\t<span class=\"plus-table__text-inner\"><div><img decoding=\"async\" src=\"https:\/\/alicanteturismo.com\/wp-content\/uploads\/2024\/06\/agenda-de-eventos.svg\" alt=\"icono\" style=\"width:20px\" \/> <strong>Mardi \u2013 vendredi<\/strong>\n<br><img decoding=\"async\" src=\"https:\/\/alicanteturismo.com\/wp-content\/uploads\/2024\/05\/reloj-1.svg\" alt=\"icono\" style=\"width:20px\" \/> 10:00 - 14:00h\n<br><img decoding=\"async\" src=\"https:\/\/alicanteturismo.com\/wp-content\/uploads\/2024\/05\/reloj-1.svg\" alt=\"icono\" style=\"width:20px\" \/> 18:00 - 21:00h\n\n<br><br><img decoding=\"async\" src=\"https:\/\/alicanteturismo.com\/wp-content\/uploads\/2024\/06\/agenda-de-eventos.svg\" alt=\"icono\" style=\"width:20px\" \/> <strong>Les samedis et dimanches<\/strong>\n<br><img decoding=\"async\" src=\"https:\/\/alicanteturismo.com\/wp-content\/uploads\/2024\/05\/reloj-1.svg\" alt=\"icono\" style=\"width:20px\" \/> 10:00h - 14:00h<\/div><\/span>\n\t\t\t\t\t\t\t\t\t\t\t\t\t\t\t\t\t\t\t\t\t\t\t\t\t\t\t\t\t\t\t\t\t\t\t\t\t\t\t\t\t\t\t\t\t\t\t\t\t\t\t\t\t\t\t\t\t\t\t\t\t\t\t\t\t\t\t\t\t\t\t\t\t\t\t\t\t\t\t\t\t\t\t\t<\/span>\n\t\t\t\t\t\t\t\t\t\t\t\t\t\t\t\t\t\t\t\t\t\t\t\t\t\t\t\t\t\t\t\t\t<\/td>\n\t\t\t\t\t\t\t\t\t\t\t\t\t\t\t\t\t<\/tbody>\n\t\t\t\t<\/table>\n\n\t\t\t<\/div> \n\t\t\t<style><\/style>\t\t\t\t<\/div>\n\t\t\t\t<\/div>\n\t\t<!-- hidden container 285402-3bc872f0 -->\t\t<\/div>\n\t\t\t\t<div class=\"elementor-element elementor-element-19b971da elementor-hidden-widescreen elementor-hidden-desktop elementor-hidden-laptop elementor-hidden-tablet_extra elementor-hidden-tablet elementor-hidden-mobile_extra elementor-widget elementor-widget-image\" data-id=\"19b971da\" data-element_type=\"widget\" data-e-type=\"widget\" data-widget_type=\"image.default\">\n\t\t\t\t<div class=\"elementor-widget-container\">\n\t\t\t\t\t\t\t\t\t\t\t\t\t\t\t<img fetchpriority=\"high\" decoding=\"async\" width=\"1920\" height=\"1440\" src=\"https:\/\/alicanteturismo.com\/wp-content\/uploads\/2024\/05\/refugio_museo_aguas.webp\" class=\"attachment-full size-full wp-image-279424\" alt=\"\" srcset=\"https:\/\/alicanteturismo.com\/wp-content\/uploads\/2024\/05\/refugio_museo_aguas.webp 1920w, https:\/\/alicanteturismo.com\/wp-content\/uploads\/2024\/05\/refugio_museo_aguas-300x225.webp 300w, https:\/\/alicanteturismo.com\/wp-content\/uploads\/2024\/05\/refugio_museo_aguas-1024x768.webp 1024w, https:\/\/alicanteturismo.com\/wp-content\/uploads\/2024\/05\/refugio_museo_aguas-768x576.webp 768w, https:\/\/alicanteturismo.com\/wp-content\/uploads\/2024\/05\/refugio_museo_aguas-1536x1152.webp 1536w\" sizes=\"(max-width: 1920px) 100vw, 1920px\" \/>\t\t\t\t\t\t\t\t\t\t\t\t\t\t\t<\/div>\n\t\t\t\t<\/div>\n\t\t\t\t<\/div>\n\t\t<div class=\"elementor-element elementor-element-348d8972 e-con-full e-flex e-con e-child\" data-id=\"348d8972\" data-element_type=\"container\" data-e-type=\"container\">\n\t\t<div class=\"elementor-element elementor-element-461ccd1c e-con-full e-flex e-con e-child\" data-id=\"461ccd1c\" data-element_type=\"container\" data-e-type=\"container\">\n\t\t\t\t<div class=\"elementor-element elementor-element-5f1f38e3 elementor-widget__width-initial dc-has-condition dc-condition-contains elementor-widget elementor-widget-text-editor\" data-id=\"5f1f38e3\" data-element_type=\"widget\" data-e-type=\"widget\" data-widget_type=\"text-editor.default\">\n\t\t\t\t<div class=\"elementor-widget-container\">\n\t\t\t\t\t\t\t\t\t<div class=\"divaccesible\"><span style=\"width: 20px;height: 20px\"><img loading=\"lazy\" decoding=\"async\" class=\"alignnone wp-image-1184\" src=\"https:\/\/dev.alicanteturismo.com\/wp-content\/uploads\/2024\/05\/correo.svg\" alt=\"\" width=\"30\" height=\"30\" \/> <\/span><span style=\"font-weight: 800;font-size: 19px;font-family: Panton\"> CONTACT :<\/span><\/div>\n\n<table id=\"tablepress-95\" class=\"tablepress tablepress-id-95 nauticos\">\n<tbody class=\"row-striping\">\n<tr class=\"row-1\">\n\t<td class=\"column-1\"><\/td>\n<\/tr>\n<tr class=\"row-2\">\n\t<td class=\"column-1\"><div><img decoding=\"async\" src=\"https:\/\/alicanteturismo.com\/wp-content\/uploads\/2024\/09\/llamada-telefonica.svg\" alt=\"icono\" style=\"width:20px\" \/> +34 965 143 787<\/div><\/td>\n<\/tr>\n<tr class=\"row-3\">\n\t<td class=\"column-1\"><div><img decoding=\"async\" src=\"https:\/\/alicanteturismo.com\/wp-content\/uploads\/2024\/05\/correo.svg\" alt=\"icono\" style=\"width:20px\" \/> <a href=\"mailto:museo@aguasdealicante.com\">museo@aguasdealicante.com<\/a><\/div><\/td>\n<\/tr>\n<tr class=\"row-4\">\n\t<td class=\"column-1\"><div><img decoding=\"async\" src=\"https:\/\/alicanteturismo.com\/wp-content\/uploads\/2024\/09\/web.svg\" alt=\"icono\" style=\"width:20px\" \/> <a href=\"http:\/\/www.museoaguasdealicante.es\/\" target=\"_blank\" rel=\"noopener\">www.museoaguasdealicante.es<\/a><\/div><\/td>\n<\/tr>\n<\/tbody>\n<\/table>\n<!-- #tablepress-95 from cache -->\n\t\t\t\t\t\t\t\t<\/div>\n\t\t\t\t<\/div>\n\t\t\t\t<div class=\"elementor-element elementor-element-3c28b695 dc-has-condition dc-condition-contains elementor-widget elementor-widget-text-editor\" data-id=\"3c28b695\" data-element_type=\"widget\" data-e-type=\"widget\" data-widget_type=\"text-editor.default\">\n\t\t\t\t<div class=\"elementor-widget-container\">\n\t\t\t\t\t\t\t\t\t<div class=\"divaccesible\"><span style=\"width: 20px;height: 20px\"><img loading=\"lazy\" decoding=\"async\" class=\"alignnone wp-image-1186\" src=\"https:\/\/dev.alicanteturismo.com\/wp-content\/uploads\/2024\/05\/ubicaciones.svg\" alt=\"\" width=\"30\" height=\"30\" \/><\/span><span style=\"color: #00132e;font-weight: 800;font-size: 19px;font-family: Panton\">COMMENT S&rsquo;Y RENDRE :<\/span><\/div>\n\n<table id=\"tablepress-150\" class=\"tablepress tablepress-id-150 nauticos\">\n<tbody class=\"row-striping\">\n<tr class=\"row-1\">\n\t<td class=\"column-1\"><\/td>\n<\/tr>\n<tr class=\"row-2\">\n\t<td class=\"column-1\"><div><img decoding=\"async\" src=\"https:\/\/alicanteturismo.com\/wp-content\/uploads\/2024\/05\/pasador-de-ubicacion.svg\" alt=\"icono\" style=\"width:20px\" \/> Plza. del Puente (Plaza Arquitecto Miguel L\u00f3pez) s\/n, 03001, Alicante<\/div><\/td>\n<\/tr>\n<tr class=\"row-3\">\n\t<td class=\"column-1\"><div><img decoding=\"async\" src=\"https:\/\/alicanteturismo.com\/wp-content\/uploads\/2024\/07\/estacion-de-autobuses.svg\" alt=\"icono\" style=\"width:20px\" \/> 2-21-22-C6- Turibus ( Puerta del Mar)<br \/>\n<img decoding=\"async\" src=\"https:\/\/alicanteturismo.com\/wp-content\/uploads\/2024\/07\/estacion-de-autobuses.svg\" alt=\"icono\" style=\"width:20px\" \/> 5-8-10-13- Turibus (Rambla)<\/div><\/td>\n<\/tr>\n<tr class=\"row-4\">\n\t<td class=\"column-1\"><div><img decoding=\"async\" src=\"https:\/\/alicanteturismo.com\/wp-content\/uploads\/2024\/07\/tram.svg\" alt=\"icono\" style=\"width:20px\" \/> L1-L2-L3-L4 ( Rambla)<br \/>\n<img decoding=\"async\" src=\"https:\/\/alicanteturismo.com\/wp-content\/uploads\/2024\/07\/tram.svg\" alt=\"icono\" style=\"width:20px\" \/> L5 (Postiguet)<\/div><\/td>\n<\/tr>\n<\/tbody>\n<\/table>\n<!-- #tablepress-150 from cache -->\n\t\t\t\t\t\t\t\t<\/div>\n\t\t\t\t<\/div>\n\t\t<!-- hidden container 285402-2a6cb213 --><!-- hidden container 285402-44622f6e -->\t\t<\/div>\n\t\t\t\t<div class=\"elementor-element elementor-element-d0850c4 elementor-widget__width-initial elementor-widget elementor-widget-shortcode\" data-id=\"d0850c4\" data-element_type=\"widget\" data-e-type=\"widget\" data-widget_type=\"shortcode.default\">\n\t\t\t\t<div class=\"elementor-widget-container\">\n\t\t\t\t\t\t\t<div class=\"elementor-shortcode\"><iframe src=\"https:\/\/www.google.com\/maps\/d\/u\/1\/embed?mid=1FeW8McehKdkF9FO2mFHq-pzz48UCjAvl\" width=\"100%\" height=\"680\"><\/iframe><\/div>\n\t\t\t\t\t\t<\/div>\n\t\t\t\t<\/div>\n\t\t\t\t<\/div>\n\t\t\t\t<\/div>\n\t\t\t\t<\/div>\n\t\t","protected":false},"featured_media":279322,"template":"","meta":{"_acf_changed":false},"class_list":["post-285402","museos","type-museos","status-publish","has-post-thumbnail","hentry"],"acf":[],"_links":{"self":[{"href":"https:\/\/alicanteturismo.com\/fr\/wp-json\/wp\/v2\/museos\/285402","targetHints":{"allow":["GET"]}}],"collection":[{"href":"https:\/\/alicanteturismo.com\/fr\/wp-json\/wp\/v2\/museos"}],"about":[{"href":"https:\/\/alicanteturismo.com\/fr\/wp-json\/wp\/v2\/types\/museos"}],"version-history":[{"count":0,"href":"https:\/\/alicanteturismo.com\/fr\/wp-json\/wp\/v2\/museos\/285402\/revisions"}],"wp:featuredmedia":[{"embeddable":true,"href":"https:\/\/alicanteturismo.com\/fr\/wp-json\/wp\/v2\/media\/279322"}],"wp:attachment":[{"href":"https:\/\/alicanteturismo.com\/fr\/wp-json\/wp\/v2\/media?parent=285402"}],"curies":[{"name":"wp","href":"https:\/\/api.w.org\/{rel}","templated":true}]}}