{"id":285386,"date":"2024-05-30T11:42:53","date_gmt":"2024-05-30T09:42:53","guid":{"rendered":"https:\/\/dev.alicanteturismo.com\/fiestas\/noel\/"},"modified":"2026-01-02T14:48:47","modified_gmt":"2026-01-02T13:48:47","slug":"noel","status":"publish","type":"fiestas","link":"https:\/\/alicanteturismo.com\/fr\/fiestas\/noel\/","title":{"rendered":"No\u00ebl"},"content":{"rendered":"\t\t<div data-elementor-type=\"wp-post\" data-elementor-id=\"285386\" class=\"elementor elementor-285386 elementor-3874\" data-elementor-post-type=\"fiestas\">\n\t\t\t\t<div style=\"background-image: url(https:\/\/alicanteturismo.com\/wp-content\/uploads\/2025\/11\/WhatsApp-Image-2025-11-21-at-20.55.53-1.jpeg);background-position:center center;background-repeat:no-repeat;background-size:cover;\" class=\"e-lazyloaded elementor-element elementor-element-22219635 e-con-full e-flex e-con e-parent\" data-id=\"22219635\" data-element_type=\"container\" data-e-type=\"container\" data-settings=\"{&quot;background_background&quot;:&quot;video&quot;,&quot;background_video_start&quot;:3,&quot;background_video_end&quot;:18,&quot;background_play_on_mobile&quot;:&quot;yes&quot;}\">\n\t\t\t\t<div class=\"elementor-element elementor-element-36436d5 elementor-widget__width-inherit elementor-widget elementor-widget-heading\" data-id=\"36436d5\" data-element_type=\"widget\" data-e-type=\"widget\" data-widget_type=\"heading.default\">\n\t\t\t\t<div class=\"elementor-widget-container\">\n\t\t\t\t\t<h1 class=\"elementor-heading-title elementor-size-default\">NO\u00cbL<\/h1>\t\t\t\t<\/div>\n\t\t\t\t<\/div>\n\t\t\t\t<\/div>\n\t\t<div class=\"elementor-element elementor-element-75873257 e-con-full e-flex e-con e-parent\" data-id=\"75873257\" data-element_type=\"container\" data-e-type=\"container\">\n\t\t<div class=\"elementor-element elementor-element-3d386dc0 e-con-full e-flex e-con e-child\" data-id=\"3d386dc0\" data-element_type=\"container\" data-e-type=\"container\">\n\t\t<div class=\"elementor-element elementor-element-765fd954 e-con-full e-flex e-con e-child\" data-id=\"765fd954\" data-element_type=\"container\" data-e-type=\"container\">\n\t\t\t\t<div class=\"elementor-element elementor-element-61be4641 elementor-widget__width-initial elementor-widget-mobile_extra__width-inherit elementor-widget elementor-widget-text-editor\" data-id=\"61be4641\" data-element_type=\"widget\" data-e-type=\"widget\" data-widget_type=\"text-editor.default\">\n\t\t\t\t<div class=\"elementor-widget-container\">\n\t\t\t\t\t\t\t\t\t<h4><strong>NO\u00cbL \u00c0 ALICANTE<\/strong><\/h4>\n<p><span style=\"font-family: Arial, sans-serif\"><span style=\"font-size: medium\">No\u00ebl \u00e0 Alicante est l&rsquo;une des f\u00eates les plus attendues de l&rsquo;ann\u00e9e, une p\u00e9riode pleine de magie, de traditions et de moments privil\u00e9gi\u00e9s. \u00c0 partir de la fin novembre, l&rsquo;extraordinaire illumination des lumi\u00e8res de No\u00ebl transforme la ville en un d\u00e9cor lumineux qui invite \u00e0 profiter de chaque recoin.<\/span><\/span><\/p>\n<p><span style=\"font-family: Arial, sans-serif\"><span style=\"font-size: medium\">Parmi les grands protagonistes, on peut citer le majestueux <\/span><\/span><strong><span style=\"font-family: Arial, sans-serif\"><span style=\"font-size: medium\">cr\u00e8che monumentale<\/span><\/span><\/strong><span style=\"font-family: Arial, sans-serif\"><span style=\"font-size: medium\">, reconnue dans le <\/span><\/span><em><span style=\"font-family: Arial, sans-serif\"><span style=\"font-size: medium\">Livre Guinness des records<\/span><\/span><\/em><span style=\"font-family: Arial, sans-serif\"><span style=\"font-size: medium\">, ainsi que l&rsquo;accueillante <\/span><\/span><strong><span style=\"font-family: Arial, sans-serif\"><span style=\"font-size: medium\">maison de Saint Nicolas<\/span><\/span><\/strong><span style=\"font-family: Arial, sans-serif\"><span style=\"font-size: medium\">, o\u00f9 les plus petits vivent des exp\u00e9riences inoubliables. Un autre moment particuli\u00e8rement \u00e9mouvant est le <\/span><\/span><strong><span style=\"font-family: Arial, sans-serif\"><span style=\"font-size: medium\">6 d\u00e9cembre<\/span><\/span><\/strong><span style=\"font-family: Arial, sans-serif\"><span style=\"font-size: medium\">, avec la procession traditionnelle en l&rsquo;honneur de <\/span><\/span><strong><span style=\"font-family: Arial, sans-serif\"><span style=\"font-size: medium\">Saint Nicolas<\/span><\/span><\/strong><span style=\"font-family: Arial, sans-serif\"><span style=\"font-size: medium\">, patron d&rsquo;Alicante.<\/span><\/span><\/p>\n<p><span style=\"font-family: Arial, sans-serif\"><span style=\"font-size: medium\">La <\/span><\/span><strong><span style=\"font-family: Arial, sans-serif\"><span style=\"font-size: medium\">Foire de No\u00ebl<\/span><\/span><\/strong><span style=\"font-family: Arial, sans-serif\"><span style=\"font-size: medium\"> et la <\/span><\/span><strong><span style=\"font-family: Arial, sans-serif\"><span style=\"font-size: medium\">Foire des enfants<\/span><\/span><\/strong><span style=\"font-family: Arial, sans-serif\"><span style=\"font-size: medium\">offrent des divertissements pour tous les \u00e2ges, tandis que les amateurs de sport trouveront leur bonheur \u00e0 la <\/span><\/span><strong><span style=\"font-family: Arial, sans-serif\"><span style=\"font-size: medium\">San Silvestre Solidaria<\/span><\/span><\/strong><span style=\"font-family: Arial, sans-serif\"><span style=\"font-size: medium\">, la <\/span><\/span><strong><span style=\"font-family: Arial, sans-serif\"><span style=\"font-size: medium\">Navi Fitness<\/span><\/span><\/strong><span style=\"font-family: Arial, sans-serif\"><span style=\"font-size: medium\"> ou la <\/span><\/span><strong><span style=\"font-family: Arial, sans-serif\"><span style=\"font-size: medium\">Travers\u00e9e de No\u00ebl<\/span><\/span><\/strong><span style=\"font-family: Arial, sans-serif\"><span style=\"font-size: medium\">.<\/span><\/span><\/p>\n<p><span style=\"font-family: Arial, sans-serif\"><span style=\"font-size: medium\">L&rsquo;ann\u00e9e s&rsquo;ach\u00e8ve avec le <\/span><\/span><strong><span style=\"font-family: Arial, sans-serif\"><span style=\"font-size: medium\">Cotillon pour enfants<\/span><\/span><\/strong><span style=\"font-family: Arial, sans-serif\"><span style=\"font-size: medium\">, la r\u00e9p\u00e9tition des douze coups de minuit et la c\u00e9l\u00e9bration du <\/span><\/span><strong><span style=\"font-family: Arial, sans-serif\"><span style=\"font-size: medium\">r\u00e9veillon du Nouvel An<\/span><\/span><\/strong><span style=\"font-family: Arial, sans-serif\"><span style=\"font-size: medium\">, tandis que le grand final arrive avec les <\/span><\/span><strong><span style=\"font-family: Arial, sans-serif\"><span style=\"font-size: medium\">Rois mages<\/span><\/span><\/strong><span style=\"font-family: Arial, sans-serif\"><span style=\"font-size: medium\"> et leur spectaculaire cavalcade du <\/span><\/span><strong><span style=\"font-family: Arial, sans-serif\"><span style=\"font-size: medium\">5 janvier<\/span><\/span><\/strong><span style=\"font-family: Arial, sans-serif\"><span style=\"font-size: medium\"> dans le centre-ville.<\/span><\/span><\/p>\n\t\t\t\t\t\t\t\t<\/div>\n\t\t\t\t<\/div>\n\t\t\t\t<div class=\"elementor-element elementor-element-43601a4d elementor-widget__width-initial elementor-widget-mobile_extra__width-inherit elementor-widget elementor-widget-image\" data-id=\"43601a4d\" data-element_type=\"widget\" data-e-type=\"widget\" data-widget_type=\"image.default\">\n\t\t\t\t<div class=\"elementor-widget-container\">\n\t\t\t\t\t\t\t\t\t\t\t\t\t\t\t<img fetchpriority=\"high\" decoding=\"async\" width=\"1320\" height=\"2365\" src=\"https:\/\/alicanteturismo.com\/wp-content\/uploads\/2024\/05\/ARBOL-GIGANTE-e1763731818211.jpg\" class=\"attachment-full size-full wp-image-314152\" alt=\"\" \/>\t\t\t\t\t\t\t\t\t\t\t\t\t\t\t<\/div>\n\t\t\t\t<\/div>\n\t\t\t\t<\/div>\n\t\t<div class=\"elementor-element elementor-element-1d4da9e e-con-full e-flex e-con e-child\" data-id=\"1d4da9e\" data-element_type=\"container\" data-e-type=\"container\">\n\t\t\t\t<div class=\"elementor-element elementor-element-5776334 elementor-widget__width-initial elementor-widget-mobile_extra__width-inherit elementor-widget elementor-widget-text-editor\" data-id=\"5776334\" data-element_type=\"widget\" data-e-type=\"widget\" data-widget_type=\"text-editor.default\">\n\t\t\t\t<div class=\"elementor-widget-container\">\n\t\t\t\t\t\t\t\t\t<h4><strong>C\u00e9l\u00e9bration en l&rsquo;honneur de Saint Nicolas<\/strong><\/h4>\n<p align=\"left\"><span style=\"color: #000000\"><span style=\"font-family: Arial, sans-serif\"><span style=\"font-size: medium\">Chaque <strong>6 d\u00e9cembre<\/strong>, Alicante c\u00e9l\u00e8bre la f\u00eate de son saint patron, <strong>Saint Nicolas<\/strong>. La journ\u00e9e commence par une messe dans la co-cath\u00e9drale et se poursuit par une procession solennelle qui culmine avec le traditionnel <strong>v\u0153u de la ville<\/strong> au saint.<br \/>\n<span style=\"font-family: Arial, sans-serif\"><span style=\"font-size: medium\">La journ\u00e9e se termine par un impressionnant <\/span><\/span><strong><span style=\"font-family: Arial, sans-serif\"><span style=\"font-size: medium\">d\u00e9fil\u00e9 des Maures et des Chr\u00e9tiens<\/span><\/span><\/strong><span style=\"font-family: Arial, sans-serif\"><span style=\"font-size: medium\">, qui part de la place des Luceros et se termine sur la place de la mairie.<\/span><\/span><\/span><\/span><\/span><\/p>\n<p><a href=\"https:\/\/alicanteturismo.com\/wp-content\/uploads\/2025\/11\/ALICANTE-programa-Navidad-2025-26-v3-comprimido.pdf\" target=\"_blank\" rel=\"noopener\"><strong>Voir le programme<\/strong><\/a><\/p>\n\t\t\t\t\t\t\t\t<\/div>\n\t\t\t\t<\/div>\n\t\t\t\t<div class=\"elementor-element elementor-element-f608bb7 elementor-widget__width-initial elementor-widget-mobile_extra__width-inherit elementor-widget elementor-widget-image\" data-id=\"f608bb7\" data-element_type=\"widget\" data-e-type=\"widget\" data-widget_type=\"image.default\">\n\t\t\t\t<div class=\"elementor-widget-container\">\n\t\t\t\t\t\t\t\t\t\t\t\t\t\t\t<img decoding=\"async\" width=\"1920\" height=\"1280\" src=\"https:\/\/alicanteturismo.com\/wp-content\/uploads\/2024\/05\/20201120201711__ERN3365_2-e1730894223471.jpg\" class=\"attachment-full size-full wp-image-281506\" alt=\"\" \/>\t\t\t\t\t\t\t\t\t\t\t\t\t\t\t<\/div>\n\t\t\t\t<\/div>\n\t\t\t\t<\/div>\n\t\t<div class=\"elementor-element elementor-element-bae0af0 e-con-full e-flex e-con e-child\" data-id=\"bae0af0\" data-element_type=\"container\" data-e-type=\"container\">\n\t\t\t\t<div class=\"elementor-element elementor-element-c3d70de elementor-widget__width-initial elementor-widget-mobile_extra__width-inherit elementor-widget elementor-widget-text-editor\" data-id=\"c3d70de\" data-element_type=\"widget\" data-e-type=\"widget\" data-widget_type=\"text-editor.default\">\n\t\t\t\t<div class=\"elementor-widget-container\">\n\t\t\t\t\t\t\t\t\t<h4 class=\"western\" align=\"left\"><strong>Cr\u00e8che monumentale<\/strong><\/h4>\n<p><span style=\"color: #000000\"><span style=\"font-family: Arial, sans-serif\"><span style=\"font-size: medium\">Le <\/span><\/span><\/span><strong><span style=\"color: #000000\"><span style=\"font-family: Arial, sans-serif\"><span style=\"font-size: medium\">Cr\u00e8che monumentale<\/span><\/span><\/span><\/strong><span style=\"color: #000000\"><span style=\"font-family: Arial, sans-serif\"><span style=\"font-size: medium\"> est l&rsquo;une des grandes attractions de No\u00ebl \u00e0 Alicante. Depuis 2019, elle fait partie du <\/span><\/span><\/span><em><span style=\"color: #000000\"><span style=\"font-family: Arial, sans-serif\"><span style=\"font-size: medium\">Livre Guinness des records<\/span><\/span><\/span><\/em><span style=\"color: #000000\"><span style=\"font-family: Arial, sans-serif\"><span style=\"font-size: medium\">. Cette cr\u00e8che, compos\u00e9e de la Vierge Marie, de l&rsquo;Enfant J\u00e9sus, de Saint Joseph et des Rois mages, est install\u00e9e sur la place de la mairie et accompagn\u00e9e de majestueux anges r\u00e9partis dans toute la ville, cr\u00e9ant ainsi un parcours magique que l&rsquo;on peut visiter de fin novembre au <\/span><\/span><\/span><strong><span style=\"color: #000000\"><span style=\"font-family: Arial, sans-serif\"><span style=\"font-size: medium\">7 janvier<\/span><\/span><\/span><\/strong><span style=\"color: #000000\"><span style=\"font-family: Arial, sans-serif\"><span style=\"font-size: medium\">.<\/span><\/span><\/span><\/p>\n<p><strong>Lieu : Place de la mairie.<\/strong><\/p>\n\t\t\t\t\t\t\t\t<\/div>\n\t\t\t\t<\/div>\n\t\t\t\t<div class=\"elementor-element elementor-element-23a50ab elementor-widget__width-initial elementor-widget-mobile_extra__width-inherit elementor-widget elementor-widget-image\" data-id=\"23a50ab\" data-element_type=\"widget\" data-e-type=\"widget\" data-widget_type=\"image.default\">\n\t\t\t\t<div class=\"elementor-widget-container\">\n\t\t\t\t\t\t\t\t\t\t\t\t\t\t\t<img loading=\"lazy\" decoding=\"async\" width=\"2040\" height=\"1530\" src=\"https:\/\/alicanteturismo.com\/wp-content\/uploads\/2024\/05\/belen-gigante-e1730894629262.jpg\" class=\"attachment-full size-full wp-image-281514\" alt=\"\" \/>\t\t\t\t\t\t\t\t\t\t\t\t\t\t\t<\/div>\n\t\t\t\t<\/div>\n\t\t\t\t<\/div>\n\t\t<div class=\"elementor-element elementor-element-81901fb e-con-full e-flex e-con e-child\" data-id=\"81901fb\" data-element_type=\"container\" data-e-type=\"container\">\n\t\t\t\t<div class=\"elementor-element elementor-element-3816034 elementor-widget__width-initial elementor-widget-mobile_extra__width-inherit elementor-widget elementor-widget-text-editor\" data-id=\"3816034\" data-element_type=\"widget\" data-e-type=\"widget\" data-widget_type=\"text-editor.default\">\n\t\t\t\t<div class=\"elementor-widget-container\">\n\t\t\t\t\t\t\t\t\t<div style=\"text-align: left\">\n<h4><strong>Cr\u00e8che municipale et autres cr\u00e8ches<\/strong><\/h4>\n<p><span style=\"font-family: Arial, sans-serif\"><span style=\"font-size: medium\">La tradition des cr\u00e8ches est l&rsquo;un des signes distinctifs de No\u00ebl \u00e0 Alicante. On peut citer notamment la <\/span><\/span><strong><span style=\"font-family: Arial, sans-serif\"><span style=\"font-size: medium\">cr\u00e8che municipale<\/span><\/span><\/strong><span style=\"font-family: Arial, sans-serif\"><span style=\"font-size: medium\">, avec ses grandes figurines sur le th\u00e8me biblique, install\u00e9e dans la mairie et r\u00e9alis\u00e9e par l&rsquo;Association des cr\u00e9ateurs de cr\u00e8ches d&rsquo;Alicante.<\/span><\/span><\/p>\n<p><span style=\"font-family: Arial, sans-serif\"><span style=\"font-size: medium\">D&rsquo;autres cr\u00e8ches incontournables sont la <\/span><\/span><strong><span style=\"font-family: Arial, sans-serif\"><span style=\"font-size: medium\">Cr\u00e8che sociale de la Plaza de la Monta\u00f1eta<\/span><\/span><\/strong><span style=\"font-family: Arial, sans-serif\"><span style=\"font-size: medium\">, r\u00e9alis\u00e9e par d&rsquo;\u00e9minents ma\u00eetres cr\u00e8chistes, et celle de la <\/span><\/span><strong><span style=\"font-family: Arial, sans-serif\"><span style=\"font-size: medium\">Junta Mayor de Semana Santa<\/span><\/span><\/strong><span style=\"font-family: Arial, sans-serif\"><span style=\"font-size: medium\">, situ\u00e9 dans le palais El Portalet. Tous ces mus\u00e9es rassemblent des pi\u00e8ces artisanales qui refl\u00e8tent l&rsquo;essence culturelle de la ville et la magie de l&rsquo;Adoration des Rois mages. &gt;<span style=\"font-size: medium\">.<\/span><\/span><\/span><\/p>\n<h3 class=\"western\"><strong><span style=\"font-family: Arial, sans-serif\"><span style=\"font-size: medium\">Horaires :<\/span><\/span><\/strong><\/h3>\n<ul>\n<li><strong><span style=\"font-family: Arial, sans-serif\"><span style=\"font-size: medium\">Cr\u00e8che monumentale. <\/span><\/span><\/strong><span style=\"font-family: Arial, sans-serif\"><span style=\"font-size: medium\"> Inauguration le <\/span><\/span><strong><span style=\"font-family: Arial, sans-serif\"><span style=\"font-size: medium\">dimanche 23 novembre \u00e0 19 h<\/span><\/span><\/strong><span style=\"font-family: Arial, sans-serif\"><span style=\"font-size: medium\"> sur la place de la mairie, pr\u00e9c\u00e9d\u00e9e d&rsquo;un spectacle son et lumi\u00e8re. <\/span><\/span><\/li>\n<li><strong><span style=\"font-family: Arial, sans-serif\"><span style=\"font-size: medium\">Cr\u00e8che du vestibule de la mairie. <\/span><\/span><\/strong><span style=\"font-family: Arial, sans-serif\"><span style=\"font-size: medium\"> Inauguration le <\/span><\/span><strong><span style=\"font-family: Arial, sans-serif\"><span style=\"font-size: medium\">jeudi 27 novembre \u00e0 19 h<\/span><\/span><\/strong><span style=\"font-family: Arial, sans-serif\"><span style=\"font-size: medium\">.<\/span><\/span><\/li>\n<li><strong><span style=\"font-family: Arial, sans-serif\"><span style=\"font-size: medium\">Cr\u00e8che du Centre social de La Monta\u00f1eta. <\/span><\/span><\/strong><span style=\"font-family: Arial, sans-serif\"><span style=\"font-size: medium\"> Inauguration le <\/span><\/span><strong><span style=\"font-family: Arial, sans-serif\"><span style=\"font-size: medium\">mercredi 26 novembre \u00e0 19 h<\/span><\/span><\/strong><span style=\"font-family: Arial, sans-serif\"><span style=\"font-size: medium\">.<\/span><\/span><\/li>\n<li><strong><span style=\"font-family: Arial, sans-serif\"><span style=\"font-size: medium\">Cr\u00e8che du palais El Portalet de la Junta Mayor de Semana Santa. <\/span><\/span><\/strong><span style=\"font-family: Arial, sans-serif\"><span style=\"font-size: medium\"> Inauguration le <\/span><\/span><strong><span style=\"font-family: Arial, sans-serif\"><span style=\"font-size: medium\">jeudi 4 d\u00e9cembre \u00e0 19 h<\/span><\/span><\/strong><span style=\"font-family: Arial, sans-serif\"><span style=\"font-size: medium\">.<\/span><\/span><\/li>\n<\/ul>\n<\/div>\n\t\t\t\t\t\t\t\t<\/div>\n\t\t\t\t<\/div>\n\t\t\t\t<div class=\"elementor-element elementor-element-75bcc19 elementor-widget__width-initial elementor-widget-mobile_extra__width-inherit elementor-widget elementor-widget-image\" data-id=\"75bcc19\" data-element_type=\"widget\" data-e-type=\"widget\" data-widget_type=\"image.default\">\n\t\t\t\t<div class=\"elementor-widget-container\">\n\t\t\t\t\t\t\t\t\t\t\t\t\t\t\t<img loading=\"lazy\" decoding=\"async\" width=\"1080\" height=\"567\" src=\"https:\/\/alicanteturismo.com\/wp-content\/uploads\/2024\/05\/BELEN-PLAZA-MONTANETA.jpg\" class=\"attachment-full size-full wp-image-314157\" alt=\"\" srcset=\"https:\/\/alicanteturismo.com\/wp-content\/uploads\/2024\/05\/BELEN-PLAZA-MONTANETA.jpg 1080w, https:\/\/alicanteturismo.com\/wp-content\/uploads\/2024\/05\/BELEN-PLAZA-MONTANETA-300x158.jpg 300w, https:\/\/alicanteturismo.com\/wp-content\/uploads\/2024\/05\/BELEN-PLAZA-MONTANETA-1024x538.jpg 1024w, https:\/\/alicanteturismo.com\/wp-content\/uploads\/2024\/05\/BELEN-PLAZA-MONTANETA-768x403.jpg 768w\" sizes=\"(max-width: 1080px) 100vw, 1080px\" \/>\t\t\t\t\t\t\t\t\t\t\t\t\t\t\t<\/div>\n\t\t\t\t<\/div>\n\t\t\t\t<\/div>\n\t\t<div class=\"elementor-element elementor-element-fc696fb e-con-full e-flex e-con e-child\" data-id=\"fc696fb\" data-element_type=\"container\" data-e-type=\"container\">\n\t\t\t\t<div class=\"elementor-element elementor-element-e3147a9 elementor-widget__width-initial elementor-widget-mobile_extra__width-inherit elementor-widget elementor-widget-text-editor\" data-id=\"e3147a9\" data-element_type=\"widget\" data-e-type=\"widget\" data-widget_type=\"text-editor.default\">\n\t\t\t\t<div class=\"elementor-widget-container\">\n\t\t\t\t\t\t\t\t\t<h4><strong>Maison de Saint Nicolas<\/strong><\/h4>\n<p><span style=\"font-family: Arial, sans-serif\"><span style=\"font-size: medium\">La <\/span><\/span><strong><span style=\"font-family: Arial, sans-serif\"><span style=\"font-size: medium\">Casa de San Nicol\u00e1s<\/span><\/span><\/strong><span style=\"font-family: Arial, sans-serif\"><span style=\"font-size: medium\"> es uno de los espacios m\u00e1s m\u00e1gicos para los ni\u00f1os durante la Navidad. Abre sus puertas el <\/span><\/span><strong><span style=\"font-family: Arial, sans-serif\"><span style=\"font-size: medium\">29 de noviembre<\/span><\/span><\/strong><span style=\"font-family: Arial, sans-serif\"><span style=\"font-size: medium\"> y permanece accesible hasta el <\/span><\/span><strong><span style=\"font-family: Arial, sans-serif\"><span style=\"font-size: medium\">24 de diciembre<\/span><\/span><\/strong><span style=\"font-family: Arial, sans-serif\"><span style=\"font-size: medium\">. Aqu\u00ed, los m\u00e1s peque\u00f1os pueden descubrir la historia de Pap\u00e1 Noel y entregarle sus deseos para estas fechas. Dada su popularidad, es necesario reservar cita previa.<\/span><\/span><\/p>\n<p><strong><span style=\"font-family: Arial, sans-serif\"><span style=\"font-size: medium\">Ubicaci\u00f3n y fechas:<\/span><\/span><\/strong><span style=\"font-family: Arial, sans-serif\"><span style=\"font-size: medium\"><br \/>\nPlaza de S\u00e9neca.<br \/>\nDel <\/span><\/span><strong><span style=\"font-family: Arial, sans-serif\"><span style=\"font-size: medium\">29 de noviembre al 24 de diciembre<\/span><\/span><\/strong><span style=\"font-family: Arial, sans-serif\"><span style=\"font-size: medium\">.<br \/>\n<\/span><\/span><strong><span style=\"font-family: Arial, sans-serif\"><span style=\"font-size: medium\">Cita previa<\/span><\/span><\/strong><span style=\"font-family: Arial, sans-serif\"><span style=\"font-size: medium\"> (a partir del 20 de noviembre) en <a href=\"https:\/\/citaprevia.alicante.es\/CitaPrevia\/#\/pedirCita?v=2.0\" target=\"_blank\" rel=\"noopener\">este enlace<\/a>.<br \/>\n<\/span><\/span><\/p>\n\t\t\t\t\t\t\t\t<\/div>\n\t\t\t\t<\/div>\n\t\t\t\t<div class=\"elementor-element elementor-element-63dec0f elementor-widget__width-initial elementor-widget-mobile_extra__width-inherit elementor-widget elementor-widget-image\" data-id=\"63dec0f\" data-element_type=\"widget\" data-e-type=\"widget\" data-widget_type=\"image.default\">\n\t\t\t\t<div class=\"elementor-widget-container\">\n\t\t\t\t\t\t\t\t\t\t\t\t\t\t\t<img loading=\"lazy\" decoding=\"async\" width=\"582\" height=\"654\" src=\"https:\/\/alicanteturismo.com\/wp-content\/uploads\/2024\/05\/casa-de-san-nicolas-e1730905927553.jpg\" class=\"attachment-full size-full wp-image-281637\" alt=\"\" \/>\t\t\t\t\t\t\t\t\t\t\t\t\t\t\t<\/div>\n\t\t\t\t<\/div>\n\t\t\t\t<\/div>\n\t\t<div class=\"elementor-element elementor-element-5408243 e-con-full e-flex e-con e-child\" data-id=\"5408243\" data-element_type=\"container\" data-e-type=\"container\">\n\t\t\t\t<div class=\"elementor-element elementor-element-bbbcdbc elementor-widget__width-initial elementor-widget-mobile_extra__width-inherit elementor-widget elementor-widget-text-editor\" data-id=\"bbbcdbc\" data-element_type=\"widget\" data-e-type=\"widget\" data-widget_type=\"text-editor.default\">\n\t\t\t\t<div class=\"elementor-widget-container\">\n\t\t\t\t\t\t\t\t\t<h4 class=\"western\"><strong>Activit\u00e9s sportives de No\u00ebl<\/strong><\/h4>\n<p><span style=\"font-family: Arial, sans-serif\"><span style=\"font-size: medium\">\u00c0 Alicante, No\u00ebl est \u00e9galement l&rsquo;occasion de pratiquer des activit\u00e9s sportives dans une ambiance festive. Les plus actifs peuvent participer au <\/span><\/span><strong><span style=\"font-family: Arial, sans-serif\"><span style=\"font-size: medium\">Navi Fitness<\/span><\/span><\/strong><span style=\"font-family: Arial, sans-serif\"><span style=\"font-size: medium\">, \u00e0 la Concha de la Explanada ; \u00e0 la Travers\u00e9e de No\u00ebl &gt;<span style=\"font-size: medium\">, pour les nageurs qui partent de la plage du Postiguet ; ou lors de la traditionnelle <\/span><\/span><strong><span style=\"font-family: Arial, sans-serif\"><span style=\"font-size: medium\">San Silvestre Solidaria<\/span><\/span><\/strong><span style=\"font-family: Arial, sans-serif\"><span style=\"font-size: medium\">, une course amusante et caritative \u00e0 laquelle participent des coureurs de tous \u00e2ges et d\u00e9guis\u00e9s, qui traversent le c\u0153ur de la ville.<\/span><\/span><\/span><\/p>\n<h3 class=\"western\"><strong><span style=\"font-family: Arial, sans-serif\"><span style=\"font-size: medium\">Lieux, dates et horaires :<\/span><\/span><\/strong><\/h3>\n<ul>\n<li><strong><span style=\"font-family: Arial, sans-serif\"><span style=\"font-size: medium\">Navi Fitness:<\/span><\/span><\/strong><span style=\"font-family: Arial, sans-serif\"><span style=\"font-size: medium\"> Double journ\u00e9e entre le dimanche 4 et le mardi 6 janvier. La session matinale du dimanche 4 janvier d\u00e9butera \u00e0 9 heures avec le Barre Fitness, jusqu&rsquo;\u00e0 9h50. Elle sera suivie d&rsquo;un cours de combat (10h-10h50) et se terminera par une s\u00e9ance de zumba (11h-12h30). Le mardi 6 janvier, dans l&rsquo;apr\u00e8s-midi, la CaminaFit est pr\u00e9vue \u00e0 18h.<\/span><\/span><\/li>\n<li><strong><span style=\"font-family: Arial, sans-serif\"><span style=\"font-size: medium\">Travers\u00e9e de No\u00ebl :<\/span><\/span><\/strong><span style=\"font-family: Arial, sans-serif\"><span style=\"font-size: medium\"> Dimanche <\/span><\/span><strong><span style=\"font-family: Arial, sans-serif\"><span style=\"font-size: medium\">21 d\u00e9cembre<\/span><\/span><\/strong><span style=\"font-family: Arial, sans-serif\"><span style=\"font-size: medium\">, d\u00e9part de la plage du Postiguet, \u00e0 <\/span><\/span><strong><span style=\"font-family: Arial, sans-serif\"><span style=\"font-size: medium\">9h30<\/span><\/span><\/strong><span style=\"font-family: Arial, sans-serif\"><span style=\"font-size: medium\">.<\/span><\/span><\/li>\n<li><strong><span style=\"font-family: Arial, sans-serif\"><span style=\"font-size: medium\">Course Sant Silvestre Solid\u00e0ria :<\/span><\/span><\/strong><span style=\"font-family: Arial, sans-serif\"><span style=\"font-size: medium\"> Vendredi <\/span><\/span><strong><span style=\"font-family: Arial, sans-serif\"><span style=\"font-size: medium\">26 d\u00e9cembre<\/span><\/span><\/strong><span style=\"font-family: Arial, sans-serif\"><span style=\"font-size: moyen\">, d\u00e9part depuis la Rambla M\u00e9ndez N\u00fa\u00f1ez, \u00e0 <\/span><\/span><strong><span style=\"font-family: Arial, sans-serif\"><span style=\"font-size: moyen\">19h30<\/span><\/span><\/strong><span style=\"font-family: Arial, sans-serif\"><span style=\"font-size: moyen\">. <\/span><\/span><a href=\"https:\/\/www.chiplevante.com\/es\/prueba\/san-silvestre-alicante-1110-2025\" target=\"_blank\" rel=\"noopener\"><strong><span style=\"font-family: Arial, sans-serif\"><span style=\"font-size: medium\">Inscription : bient\u00f4t disponible sur ce lien.<\/span><\/span><\/strong><\/a><\/li>\n<\/ul>\n\t\t\t\t\t\t\t\t<\/div>\n\t\t\t\t<\/div>\n\t\t\t\t<div class=\"elementor-element elementor-element-38147ba elementor-widget__width-initial elementor-widget-mobile_extra__width-inherit elementor-widget elementor-widget-image\" data-id=\"38147ba\" data-element_type=\"widget\" data-e-type=\"widget\" data-widget_type=\"image.default\">\n\t\t\t\t<div class=\"elementor-widget-container\">\n\t\t\t\t\t\t\t\t\t\t\t\t\t\t\t<img loading=\"lazy\" decoding=\"async\" width=\"2016\" height=\"908\" src=\"https:\/\/alicanteturismo.com\/wp-content\/uploads\/2024\/05\/carrera-san-silvestre-navidad-alicante-2023-12-e1730895244351.jpg\" class=\"attachment-full size-full wp-image-281543\" alt=\"\" \/>\t\t\t\t\t\t\t\t\t\t\t\t\t\t\t<\/div>\n\t\t\t\t<\/div>\n\t\t\t\t<\/div>\n\t\t<div class=\"elementor-element elementor-element-c53129c e-con-full e-flex e-con e-child\" data-id=\"c53129c\" data-element_type=\"container\" data-e-type=\"container\">\n\t\t\t\t<div class=\"elementor-element elementor-element-c0755e3 elementor-widget__width-initial elementor-widget-mobile_extra__width-inherit elementor-widget elementor-widget-text-editor\" data-id=\"c0755e3\" data-element_type=\"widget\" data-e-type=\"widget\" data-widget_type=\"text-editor.default\">\n\t\t\t\t<div class=\"elementor-widget-container\">\n\t\t\t\t\t\t\t\t\t<h4 class=\"western\"><strong>Campamento y Cabalgata de las Carteras Reales<\/strong><\/h4>\n<p>Les pr\u00e9visions m\u00e9t\u00e9orologiques obligent \u00e0 d\u00e9placer la Cabalgata de las Carteras Reales pr\u00e9vue dans l&rsquo;apr\u00e8s-midi du <strong>dimanche 4 janvie<\/strong>r au pavillon sportif Rafael Pastor, \u00e0 c\u00f4t\u00e9 du stade Jos\u00e9 Rico P\u00e9rez. Ainsi, le parcours initialement pr\u00e9vu entre la Plaza de Espa\u00f1a et le bout de la Rambla ne sera pas effectu\u00e9 et la parade se rendra aux installations sportives du Monte Tossal.<\/p>\n<p><strong>Les portes du pavillon Rafael Pastor ouvriront \u00e0 17 heures<\/strong> afin que les spectateurs puissent prendre place pour assister \u00e0 l&rsquo;arriv\u00e9e des Carteras Reales \u00e0 18 heures. La c\u00e9r\u00e9monie d\u00e9butera par un ballet de bienvenue, avant que les m\u00e8ches de Melchor (Luz Sig\u00fcenza), Gaspar (Elena Vidal) et Baltasar (Paloma Arroyo) ne transmettent le message royal aux plus petits et ne proc\u00e8dent \u00e0 la collecte des lettres contenant tous leurs souhaits.<\/p>\n<p><span style=\"font-family: Arial, sans-serif\"><span style=\"font-size: medium\">Del <\/span><\/span><strong><span style=\"font-family: Arial, sans-serif\"><span style=\"font-size: medium\">26 d\u00e9cembre au 4 janvier<\/span><\/span><\/strong><span style=\"font-family: Arial, sans-serif\"><span style=\"font-size: medium\"> s&rsquo;installe le tr\u00e8s appr\u00e9ci\u00e9 <\/span><\/span><strong><span style=\"font-family: Arial, sans-serif\"><span style=\"font-size: medium\">Campamento de las Carteras Reales<\/span><\/span><\/strong><span style=\"font-family: Arial, sans-serif\"><span style=\"font-size: medium\">, o\u00f9 les enfants peuvent remettre leurs lettres aux Rois mages et vivre une exp\u00e9rience magique. Les visites se font sur rendez-vous, disponible \u00e0 partir du <\/span><\/span><strong><span style=\"font-family: Arial, sans-serif\"><span style=\"font-size: medium\">18 d\u00e9cembre<\/span><\/span><\/strong><span style=\"font-family: Arial, sans-serif\"><span style=\"font-size: medium\"> en<a href=\"https:\/\/citaprevia.alicante.es\/CitaPrevia\/#\/pedirCita?v=2.0\" target=\"_blank\" rel=\"noopener\"> ce lien<\/a>.<\/span><\/span><\/p>\n<h3 class=\"western\"><strong><span style=\"font-family: Arial, sans-serif\"><span style=\"font-size: medium\">Lieu, dates et horaires :<\/span><\/span><\/strong><\/h3>\n<ul>\n<li><strong><span style=\"font-family: Arial, sans-serif\"><span style=\"font-size: medium\">Campamento de las Carteras Reales :<\/span><\/span><\/strong><span style=\"font-family: Arial, sans-serif\"><span style=\"font-size: medium\"> Plaza de Gabriel Mir\u00f3, du <\/span><\/span><strong><span style=\"font-family: Arial, sans-serif\"><span style=\"font-size: medium\">26 d\u00e9cembre au 4 janvier<\/span><\/span><\/strong><span style=\"font-family: Arial, sans-serif\"><span style=\"font-size: medium\">, sur <a href=\"https:\/\/citaprevia.alicante.es\/CitaPrevia\/#\/pedirCita?v=2.0\" target=\"_blank\" rel=\"noopener\">rendez-vous<\/a>.<\/span><\/span><\/li>\n<\/ul>\n\t\t\t\t\t\t\t\t<\/div>\n\t\t\t\t<\/div>\n\t\t\t\t<div class=\"elementor-element elementor-element-91505d2 elementor-widget__width-initial elementor-widget-mobile_extra__width-inherit elementor-widget elementor-widget-image\" data-id=\"91505d2\" data-element_type=\"widget\" data-e-type=\"widget\" data-widget_type=\"image.default\">\n\t\t\t\t<div class=\"elementor-widget-container\">\n\t\t\t\t\t\t\t\t\t\t\t\t\t\t\t<img loading=\"lazy\" decoding=\"async\" width=\"1280\" height=\"960\" src=\"https:\/\/alicanteturismo.com\/wp-content\/uploads\/2024\/05\/thumbnail_Unknown-7-1-e1730895299354.jpg\" class=\"attachment-full size-full wp-image-281550\" alt=\"\" \/>\t\t\t\t\t\t\t\t\t\t\t\t\t\t\t<\/div>\n\t\t\t\t<\/div>\n\t\t\t\t<\/div>\n\t\t<div class=\"elementor-element elementor-element-74dc587 e-con-full e-flex e-con e-child\" data-id=\"74dc587\" data-element_type=\"container\" data-e-type=\"container\">\n\t\t\t\t<div class=\"elementor-element elementor-element-dbb5b34 elementor-widget__width-initial elementor-widget-mobile_extra__width-inherit elementor-widget elementor-widget-text-editor\" data-id=\"dbb5b34\" data-element_type=\"widget\" data-e-type=\"widget\" data-widget_type=\"text-editor.default\">\n\t\t\t\t<div class=\"elementor-widget-container\">\n\t\t\t\t\t\t\t\t\t<h4 class=\"western\"><strong>Nochevieja en Alicante<\/strong><\/h4>\n<p><span style=\"font-family: Arial, sans-serif\"><span style=\"font-size: medium\">La <\/span><\/span><strong><span style=\"font-family: Arial, sans-serif\"><span style=\"font-size: medium\">Nochevieja en Alicante<\/span><\/span><\/strong><span style=\"font-family: Arial, sans-serif\"><span style=\"font-size: medium\"> combine tradition et c\u00e9l\u00e9bration. Dans la nuit du <\/span><\/span><strong><span style=\"font-family: Arial, sans-serif\"><span style=\"font-size: medium\">31 d\u00e9cembre<\/span><\/span><\/strong><span style=\"font-family: Arial, sans-serif\"><span style=\"font-size: medium\">, le croisement entre la Rambla et le Portal de Elche se remplit d&rsquo;une ambiance festive. Au rythme de la musique, les habitants et les visiteurs attendent ensemble les douze coups de minuit pour manger les douze raisins porte-bonheur. La c\u00e9l\u00e9bration se poursuit avec des spectacles et des feux d&rsquo;artifice jusqu&rsquo;\u00e0 <\/span><\/span><strong><span style=\"font-family: Arial, sans-serif\"><span style=\"font-size: medium\">4 heures du matin<\/span><\/span><\/strong><span style=\"font-family: Arial, sans-serif\"><span style=\"font-size: medium\">, accueillant la nouvelle ann\u00e9e avec \u00e9nergie et joie.<\/span><\/span><\/p>\n<h3 class=\"western\"><strong><span style=\"font-family: Arial, sans-serif\"><span style=\"font-size: medium\">R\u00e9veillon pour les enfants<\/span><\/span><\/strong><\/h3>\n<p><span style=\"font-family: Arial, sans-serif\"><span style=\"font-size: medium\">Con\u00e7ue pour que les plus petits puissent eux aussi vivre la magie du r\u00e9veillon, la <\/span><\/span><strong><span style=\"font-family: Arial, sans-serif\"><span style=\"font-size: medium\">Nochevieja Infantil<\/span><\/span><\/strong><span style=\"font-family: Arial, sans-serif\"><span style=\"font-size: medium\"> se celebra el <\/span><\/span><strong><span style=\"font-family: Arial, sans-serif\"><span style=\"font-size: medium\">31 d\u00e9cembre au matin<\/span><\/span><\/strong><span style=\"font-family: Arial, sans-serif\"><span style=\"font-size: medium\">, de <\/span><\/span><strong><span style=\"font-family: Arial, sans-serif\"><span style=\"font-size: medium\">10h30 \u00e0 13h30<\/span><\/span><\/strong><span style=\"font-family: Arial, sans-serif\"><span style=\"font-size: medium\">, au croisement de la Rambla et du Portal de Elche. \u00c0 <\/span><\/span><strong><span style=\"font-family: Arial, sans-serif\"><span style=\"font-size: medium\">12h00<\/span><\/span><\/strong><span style=\"font-family: Arial, sans-serif\"><span style=\"font-size: medium\"> a lieu la r\u00e9p\u00e9tition des douze coups de minuit, accompagn\u00e9e d&rsquo;animations, d&rsquo;un photocall, de structures gonflables et d&rsquo;un spectacle pour enfants.<\/span><\/span><\/p>\n\t\t\t\t\t\t\t\t<\/div>\n\t\t\t\t<\/div>\n\t\t\t\t<div class=\"elementor-element elementor-element-7c2ad7a elementor-widget__width-initial elementor-widget-mobile_extra__width-inherit elementor-widget elementor-widget-image\" data-id=\"7c2ad7a\" data-element_type=\"widget\" data-e-type=\"widget\" data-widget_type=\"image.default\">\n\t\t\t\t<div class=\"elementor-widget-container\">\n\t\t\t\t\t\t\t\t\t\t\t\t\t\t\t<img loading=\"lazy\" decoding=\"async\" width=\"1152\" height=\"2048\" src=\"https:\/\/alicanteturismo.com\/wp-content\/uploads\/2024\/05\/arbol_navidad-e1730896064169.jpg\" class=\"attachment-full size-full wp-image-281577\" alt=\"\" \/>\t\t\t\t\t\t\t\t\t\t\t\t\t\t\t<\/div>\n\t\t\t\t<\/div>\n\t\t\t\t<\/div>\n\t\t<div class=\"elementor-element elementor-element-963e013 e-con-full e-flex e-con e-child\" data-id=\"963e013\" data-element_type=\"container\" data-e-type=\"container\">\n\t\t\t\t<\/div>\n\t\t<div class=\"elementor-element elementor-element-a403db5 e-con-full e-flex e-con e-child\" data-id=\"a403db5\" data-element_type=\"container\" data-e-type=\"container\">\n\t\t\t\t<div class=\"elementor-element elementor-element-3f913b9 elementor-widget__width-initial elementor-widget-mobile_extra__width-inherit elementor-widget elementor-widget-text-editor\" data-id=\"3f913b9\" data-element_type=\"widget\" data-e-type=\"widget\" data-widget_type=\"text-editor.default\">\n\t\t\t\t<div class=\"elementor-widget-container\">\n\t\t\t\t\t\t\t\t\t<h4 class=\"western\"><strong>Cabalgata de los Reyes Magos<\/strong><\/h4>\n<p><span style=\"font-family: Arial, sans-serif\"><span style=\"font-size: medium\">L&rsquo;arriv\u00e9e des <\/span><\/span><strong><span style=\"font-family: Arial, sans-serif\"><span style=\"font-size: medium\">Reyes Magos<\/span><\/span><\/strong><span style=\"font-family: Arial, sans-serif\"><span style=\"font-size: medium\"> est l&rsquo;un des \u00e9v\u00e9nements les plus attendus. Chaque <\/span><\/span><strong><span style=\"font-family: Arial, sans-serif\"><span style=\"font-size: medium\">5 janvier<\/span><\/span><\/strong><span style=\"font-family: Arial, sans-serif\"><span style=\"font-size: medium\">, la traditionnelle Cabalgata remplit de couleurs et de fantaisie les rues du centre-ville. La vente anticip\u00e9e des places assises peut \u00eatre effectu\u00e9e via ce lien (<\/span><\/span><strong><span style=\"font-family: Arial, sans-serif\"><span style=\"font-size: medium\">vivaticket.es<\/span><\/span><\/strong><span style=\"font-family: Arial, sans-serif\"><span style=\"font-size: medium\">) \u00e0 partir de <\/span><\/span><strong><span style=\"font-family: Arial, sans-serif\"><span style=\"font-size: medium\">10 h le 26 d\u00e9cembre<\/span><\/span><\/strong><span style=\"font-family: Arial, sans-serif\"><span style=\"font-size: medium\">, en plus de la Plaza de Toros.<\/span><\/span><\/p>\n<p><span style=\"font-family: Arial, sans-serif\"><span style=\"font-size: medium\">L&rsquo;\u00e9v\u00e9nement commence avec l&rsquo;arriv\u00e9e de Leurs Majest\u00e9s au port \u00e0 <\/span><\/span><strong><span style=\"font-family: Arial, sans-serif\"><span style=\"font-size: medium\">17 h<\/span><\/span><\/strong><span style=\"font-family: Arial, sans-serif\"><span style=\"font-size: medium\">, d&rsquo;o\u00f9 ils se rendent \u00e0 la Plaza de Toros pour adresser quelques mots aux enfants. Ensuite, le cort\u00e8ge se dirige vers l&rsquo;avenue de la Gare, d&rsquo;o\u00f9, \u00e0 <\/span><\/span><strong><span style=\"font-family: Arial, sans-serif\"><span style=\"font-size: medium\">19 h<\/span><\/span><\/strong><span style=\"font-family: Arial, sans-serif\"><span style=\"font-size: medium\"> part la Cabalgata en direction de la plaza del Ayuntamiento. L\u00e0, Melchor, Gaspar et Baltasar saluent les plus petits depuis la sc\u00e8ne, remplissant la nuit d&rsquo;\u00e9motion et d&rsquo;illusion.<br \/>\nUne tradition qui allie histoire, joie et l&rsquo;esprit de No\u00ebl le plus authentique.<\/span><\/span><\/p>\n<p class=\"western\"><strong><span style=\"font-family: Arial, sans-serif\"><span style=\"font-size: medium\">Programme complet de No\u00ebl 2025-2026 :<br \/>\n<\/span><\/span><\/strong><span style=\"font-family: Arial, sans-serif\"><span style=\"font-size: medium\"><strong>Disponible <a href=\"https:\/\/alicanteturismo.com\/wp-content\/uploads\/2025\/11\/ALICANTE-programa-Navidad-2025-26-v3-comprimido.pdf\" target=\"_blank\" rel=\"noopener\">ici<\/a>.<\/strong><\/span><\/span><\/p>\n\t\t\t\t\t\t\t\t<\/div>\n\t\t\t\t<\/div>\n\t\t\t\t<div class=\"elementor-element elementor-element-db5b208 elementor-widget__width-initial elementor-widget-mobile_extra__width-inherit elementor-widget elementor-widget-image\" data-id=\"db5b208\" data-element_type=\"widget\" data-e-type=\"widget\" data-widget_type=\"image.default\">\n\t\t\t\t<div class=\"elementor-widget-container\">\n\t\t\t\t\t\t\t\t\t\t\t\t\t\t\t<img loading=\"lazy\" decoding=\"async\" width=\"1687\" height=\"1124\" src=\"https:\/\/alicanteturismo.com\/wp-content\/uploads\/2024\/05\/EERN71702-e1730895665708.jpg\" class=\"attachment-full size-full wp-image-281565\" alt=\"\" \/>\t\t\t\t\t\t\t\t\t\t\t\t\t\t\t<\/div>\n\t\t\t\t<\/div>\n\t\t\t\t<\/div>\n\t\t\t\t<\/div>\n\t\t<div class=\"elementor-element elementor-element-15af612 e-con-full elementor-hidden-mobile_extra elementor-hidden-mobile e-flex e-con e-child\" data-id=\"15af612\" data-element_type=\"container\" data-e-type=\"container\">\n\t\t\t\t<div class=\"elementor-element elementor-element-0934bba elementor-flip-box--effect-slide elementor-widget__width-initial elementor-flip-box--direction-up elementor-widget elementor-widget-flip-box\" data-id=\"0934bba\" data-element_type=\"widget\" data-e-type=\"widget\" data-widget_type=\"flip-box.default\">\n\t\t\t\t<div class=\"elementor-widget-container\">\n\t\t\t\t\t\t\t<div class=\"elementor-flip-box\" tabindex=\"0\">\n\t\t\t<div class=\"elementor-flip-box__layer elementor-flip-box__front\">\n\t\t\t\t<div class=\"elementor-flip-box__layer__overlay\">\n\t\t\t\t\t<div class=\"elementor-flip-box__layer__inner\">\n\t\t\t\t\t\t\t\t\t\t\t\t\t<div class=\"elementor-icon-wrapper elementor-view-default\">\n\t\t\t\t\t\t\t\t<div class=\"elementor-icon\">\n\t\t\t\t\t\t\t\t\t\t\t\t\t\t\t\t\t<\/div>\n\t\t\t\t\t\t\t<\/div>\n\t\t\t\t\t\t\n\t\t\t\t\t\t\t\t\t\t\t\t\t<h3 class=\"elementor-flip-box__layer__title\">\n\t\t\t\t\t\t\t\tLe Turr\u00f3n, une confiserie d'Alicante\t\t\t\t\t\t\t<\/h3>\n\t\t\t\t\t\t\n\t\t\t\t\t\t\t\t\t\t\t<\/div>\n\t\t\t\t<\/div>\n\t\t\t<\/div>\n\t\t\t<div class=\"elementor-flip-box__layer elementor-flip-box__back\">\n\t\t\t<div class=\"elementor-flip-box__layer__overlay\">\n\t\t\t\t<div class=\"elementor-flip-box__layer__inner\">\n\t\t\t\t\t\t\t\t\t\t\t<h3 class=\"elementor-flip-box__layer__title\">\n\t\t\t\t\t\t\tLe Turr\u00f3n, une confiserie d'Alicante\t\t\t\t\t\t<\/h3>\n\t\t\t\t\t\n\t\t\t\t\t\t\t\t\t\t\t<div class=\"elementor-flip-box__layer__description\">\n\t\t\t\t\t\t\tNo\u00ebl \u00e0 Alicante ne serait pas complet sans l'un de ses produits les plus embl\u00e9matiques : le turr\u00f3n. Cette confiserie, dont la recette remonte au XVe si\u00e8cle, est n\u00e9e dans la province d'Alicante et a acquis une renomm\u00e9e mondiale. Depuis des si\u00e8cles, la ville d'Alicante et la ville voisine de Jijona sont les centres de production de cette d\u00e9licieuse friandise de No\u00ebl, qui reste un symbole de la gastronomie locale. \t\t\t\t\t\t<\/div>\n\t\t\t\t\t\n\t\t\t\t\t\t\t\t\t\t\t<a class=\"elementor-flip-box__button elementor-button elementor-size-sm\" href=\"https:\/\/alicanteturismo.com\/ca\/recetas\/torro-dalacant\/\">\n\t\t\t\t\t\t\tEn savoir plus\t\t\t\t\t\t<\/a>\n\t\t\t\t\t\t\t\t<\/div>\n\t\t<\/div>\n\t\t<\/div>\n\t\t<\/div>\n\t\t\t\t\t\t<\/div>\n\t\t\t\t<\/div>\n\t\t\t\t<div class=\"elementor-element elementor-element-3a1c064 elementor-flip-box--effect-slide elementor-widget__width-initial elementor-flip-box--direction-up elementor-widget elementor-widget-flip-box\" data-id=\"3a1c064\" data-element_type=\"widget\" data-e-type=\"widget\" data-widget_type=\"flip-box.default\">\n\t\t\t\t<div class=\"elementor-widget-container\">\n\t\t\t\t\t\t\t<div class=\"elementor-flip-box\" tabindex=\"0\">\n\t\t\t<div class=\"elementor-flip-box__layer elementor-flip-box__front\">\n\t\t\t\t<div class=\"elementor-flip-box__layer__overlay\">\n\t\t\t\t\t<div class=\"elementor-flip-box__layer__inner\">\n\t\t\t\t\t\t\t\t\t\t\t\t\t<div class=\"elementor-icon-wrapper elementor-view-default\">\n\t\t\t\t\t\t\t\t<div class=\"elementor-icon\">\n\t\t\t\t\t\t\t\t\t\t\t\t\t\t\t\t\t<\/div>\n\t\t\t\t\t\t\t<\/div>\n\t\t\t\t\t\t\n\t\t\t\t\t\t\t\t\t\t\t\t\t<h3 class=\"elementor-flip-box__layer__title\">\n\t\t\t\t\t\t\t\tMus\u00e9e des cr\u00e8ches\t\t\t\t\t\t\t<\/h3>\n\t\t\t\t\t\t\n\t\t\t\t\t\t\t\t\t\t\t<\/div>\n\t\t\t\t<\/div>\n\t\t\t<\/div>\n\t\t\t<div class=\"elementor-flip-box__layer elementor-flip-box__back\">\n\t\t\t<div class=\"elementor-flip-box__layer__overlay\">\n\t\t\t\t<div class=\"elementor-flip-box__layer__inner\">\n\t\t\t\t\t\t\t\t\t\t\t<h3 class=\"elementor-flip-box__layer__title\">\n\t\t\t\t\t\t\tMus\u00e9e des cr\u00e8ches\t\t\t\t\t\t<\/h3>\n\t\t\t\t\t\n\t\t\t\t\t\t\t\t\t\t\t<div class=\"elementor-flip-box__layer__description\">\n\t\t\t\t\t\t\tLe mus\u00e9e des cr\u00e8ches d'Alicante est un espace d\u00e9di\u00e9 \u00e0 la tradition des cr\u00e8ches, o\u00f9 les visiteurs peuvent d\u00e9couvrir toute l'ann\u00e9e la beaut\u00e9 et les d\u00e9tails de l'art de la Nativit\u00e9. Situ\u00e9 dans la vieille ville, ce mus\u00e9e abrite une magnifique collection de cr\u00e8ches de diff\u00e9rentes \u00e9poques et de diff\u00e9rents styles.  \t\t\t\t\t\t<\/div>\n\t\t\t\t\t\n\t\t\t\t\t\t\t\t\t\t\t<a class=\"elementor-flip-box__button elementor-button elementor-size-sm\" href=\"https:\/\/alicanteturismo.com\/fr\/museos\/musee-de-la-creche\/\">\n\t\t\t\t\t\t\tEn savoir plus\t\t\t\t\t\t<\/a>\n\t\t\t\t\t\t\t\t<\/div>\n\t\t<\/div>\n\t\t<\/div>\n\t\t<\/div>\n\t\t\t\t\t\t<\/div>\n\t\t\t\t<\/div>\n\t\t\t\t<div class=\"elementor-element elementor-element-17b3f84 elementor-flip-box--effect-slide elementor-widget__width-initial elementor-widget-tablet_extra__width-inherit elementor-widget-tablet__width-inherit elementor-flip-box--direction-up elementor-widget elementor-widget-flip-box\" data-id=\"17b3f84\" data-element_type=\"widget\" data-e-type=\"widget\" data-widget_type=\"flip-box.default\">\n\t\t\t\t<div class=\"elementor-widget-container\">\n\t\t\t\t\t\t\t<div class=\"elementor-flip-box\" tabindex=\"0\">\n\t\t\t<div class=\"elementor-flip-box__layer elementor-flip-box__front\">\n\t\t\t\t<div class=\"elementor-flip-box__layer__overlay\">\n\t\t\t\t\t<div class=\"elementor-flip-box__layer__inner\">\n\t\t\t\t\t\t\t\t\t\t\t\t\t<div class=\"elementor-icon-wrapper elementor-view-default\">\n\t\t\t\t\t\t\t\t<div class=\"elementor-icon\">\n\t\t\t\t\t\t\t\t\t\t\t\t\t\t\t\t\t<\/div>\n\t\t\t\t\t\t\t<\/div>\n\t\t\t\t\t\t\n\t\t\t\t\t\t\t\t\t\t\t\t\t<h3 class=\"elementor-flip-box__layer__title\">\n\t\t\t\t\t\t\t\tFoire de No\u00ebl \t\t\t\t\t\t\t<\/h3>\n\t\t\t\t\t\t\n\t\t\t\t\t\t\t\t\t\t\t<\/div>\n\t\t\t\t<\/div>\n\t\t\t<\/div>\n\t\t\t<div class=\"elementor-flip-box__layer elementor-flip-box__back\">\n\t\t\t<div class=\"elementor-flip-box__layer__overlay\">\n\t\t\t\t<div class=\"elementor-flip-box__layer__inner\">\n\t\t\t\t\t\t\t\t\t\t\t<h3 class=\"elementor-flip-box__layer__title\">\n\t\t\t\t\t\t\tFoire de No\u00ebl \t\t\t\t\t\t<\/h3>\n\t\t\t\t\t\n\t\t\t\t\t\t\t\t\t\t\t<div class=\"elementor-flip-box__layer__description\">\n\t\t\t\t\t\t\tLa traditionnelle foire de No\u00ebl revient au parc des expositions de Rabasa pendant les mois de d\u00e9cembre et janvier. Un espace plein de divertissements pour les enfants et les adultes, avec un large \u00e9ventail d'attractions et de stands de restauration qui font de cette visite une exp\u00e9rience inoubliable. <br><\/br><strong>Dates et horaires :<\/strong>\r\n\r\n Du 28 novembre au 18 janvier 2026.\r\n\r\nEn semaine : de 17 h \u00e0 minuit.\r\n \r\nVendredi, samedi et veille de jours f\u00e9ri\u00e9s : de 17 h \u00e0 1 h.\r\n \r\nDimanche et jours f\u00e9ri\u00e9s : de 11 h \u00e0 1 h.\r\n \r\nDu 20 d\u00e9cembre au 6 janvier : de 11 h \u00e0 1 h.\r\n\t\t\t\t\t\t<\/div>\n\t\t\t\t\t\n\t\t\t\t\t\t\t\t<\/div>\n\t\t<\/div>\n\t\t<\/div>\n\t\t<\/div>\n\t\t\t\t\t\t<\/div>\n\t\t\t\t<\/div>\n\t\t\t\t<\/div>\n\t\t<div class=\"elementor-element elementor-element-36f28af e-con-full elementor-hidden-widescreen elementor-hidden-desktop elementor-hidden-laptop elementor-hidden-tablet_extra elementor-hidden-tablet e-flex e-con e-child\" data-id=\"36f28af\" data-element_type=\"container\" data-e-type=\"container\">\n\t\t\t\t<div class=\"elementor-element elementor-element-af4c418 elementor-flip-box--effect-slide elementor-widget__width-initial elementor-flip-box--direction-up elementor-widget elementor-widget-flip-box\" data-id=\"af4c418\" data-element_type=\"widget\" data-e-type=\"widget\" data-widget_type=\"flip-box.default\">\n\t\t\t\t<div class=\"elementor-widget-container\">\n\t\t\t\t\t\t\t<div class=\"elementor-flip-box\" tabindex=\"0\">\n\t\t\t<div class=\"elementor-flip-box__layer elementor-flip-box__front\">\n\t\t\t\t<div class=\"elementor-flip-box__layer__overlay\">\n\t\t\t\t\t<div class=\"elementor-flip-box__layer__inner\">\n\t\t\t\t\t\t\t\t\t\t\t\t\t<div class=\"elementor-icon-wrapper elementor-view-default\">\n\t\t\t\t\t\t\t\t<div class=\"elementor-icon\">\n\t\t\t\t\t\t\t\t\t\t\t\t\t\t\t\t\t<\/div>\n\t\t\t\t\t\t\t<\/div>\n\t\t\t\t\t\t\n\t\t\t\t\t\t\t\t\t\t\t\t\t<h3 class=\"elementor-flip-box__layer__title\">\n\t\t\t\t\t\t\t\tLe Turr\u00f3n, une confiserie d'Alicante\t\t\t\t\t\t\t<\/h3>\n\t\t\t\t\t\t\n\t\t\t\t\t\t\t\t\t\t\t<\/div>\n\t\t\t\t<\/div>\n\t\t\t<\/div>\n\t\t\t<div class=\"elementor-flip-box__layer elementor-flip-box__back\">\n\t\t\t<div class=\"elementor-flip-box__layer__overlay\">\n\t\t\t\t<div class=\"elementor-flip-box__layer__inner\">\n\t\t\t\t\t\t\t\t\t\t\t<h3 class=\"elementor-flip-box__layer__title\">\n\t\t\t\t\t\t\tLe Turr\u00f3n, une confiserie d'Alicante\t\t\t\t\t\t<\/h3>\n\t\t\t\t\t\n\t\t\t\t\t\n\t\t\t\t\t\t\t\t\t\t\t<a class=\"elementor-flip-box__button elementor-button elementor-size-xs\" href=\"https:\/\/alicanteturismo.com\/ca\/recetas\/torro-dalacant\/\">\n\t\t\t\t\t\t\tEn savoir plus\t\t\t\t\t\t<\/a>\n\t\t\t\t\t\t\t\t<\/div>\n\t\t<\/div>\n\t\t<\/div>\n\t\t<\/div>\n\t\t\t\t\t\t<\/div>\n\t\t\t\t<\/div>\n\t\t\t\t<div class=\"elementor-element elementor-element-5557079 elementor-flip-box--effect-slide elementor-widget__width-initial elementor-flip-box--direction-up elementor-widget elementor-widget-flip-box\" data-id=\"5557079\" data-element_type=\"widget\" data-e-type=\"widget\" data-widget_type=\"flip-box.default\">\n\t\t\t\t<div class=\"elementor-widget-container\">\n\t\t\t\t\t\t\t<div class=\"elementor-flip-box\" tabindex=\"0\">\n\t\t\t<div class=\"elementor-flip-box__layer elementor-flip-box__front\">\n\t\t\t\t<div class=\"elementor-flip-box__layer__overlay\">\n\t\t\t\t\t<div class=\"elementor-flip-box__layer__inner\">\n\t\t\t\t\t\t\t\t\t\t\t\t\t<div class=\"elementor-icon-wrapper elementor-view-default\">\n\t\t\t\t\t\t\t\t<div class=\"elementor-icon\">\n\t\t\t\t\t\t\t\t\t\t\t\t\t\t\t\t\t<\/div>\n\t\t\t\t\t\t\t<\/div>\n\t\t\t\t\t\t\n\t\t\t\t\t\t\t\t\t\t\t\t\t<h3 class=\"elementor-flip-box__layer__title\">\n\t\t\t\t\t\t\t\tMus\u00e9e des cr\u00e8ches\t\t\t\t\t\t\t<\/h3>\n\t\t\t\t\t\t\n\t\t\t\t\t\t\t\t\t\t\t<\/div>\n\t\t\t\t<\/div>\n\t\t\t<\/div>\n\t\t\t<div class=\"elementor-flip-box__layer elementor-flip-box__back\">\n\t\t\t<div class=\"elementor-flip-box__layer__overlay\">\n\t\t\t\t<div class=\"elementor-flip-box__layer__inner\">\n\t\t\t\t\t\t\t\t\t\t\t<h3 class=\"elementor-flip-box__layer__title\">\n\t\t\t\t\t\t\tMus\u00e9e des cr\u00e8ches\t\t\t\t\t\t<\/h3>\n\t\t\t\t\t\n\t\t\t\t\t\n\t\t\t\t\t\t\t\t\t\t\t<a class=\"elementor-flip-box__button elementor-button elementor-size-xs\" href=\"https:\/\/alicanteturismo.com\/fr\/museos\/musee-de-la-creche\/\">\n\t\t\t\t\t\t\tEn savoir plus\t\t\t\t\t\t<\/a>\n\t\t\t\t\t\t\t\t<\/div>\n\t\t<\/div>\n\t\t<\/div>\n\t\t<\/div>\n\t\t\t\t\t\t<\/div>\n\t\t\t\t<\/div>\n\t\t\t\t<div class=\"elementor-element elementor-element-371d0b9 elementor-flip-box--effect-slide elementor-widget__width-initial elementor-widget-mobile_extra__width-inherit elementor-widget-mobile__width-inherit elementor-flip-box--direction-up elementor-widget elementor-widget-flip-box\" data-id=\"371d0b9\" data-element_type=\"widget\" data-e-type=\"widget\" data-widget_type=\"flip-box.default\">\n\t\t\t\t<div class=\"elementor-widget-container\">\n\t\t\t\t\t\t\t<div class=\"elementor-flip-box\" tabindex=\"0\">\n\t\t\t<div class=\"elementor-flip-box__layer elementor-flip-box__front\">\n\t\t\t\t<div class=\"elementor-flip-box__layer__overlay\">\n\t\t\t\t\t<div class=\"elementor-flip-box__layer__inner\">\n\t\t\t\t\t\t\t\t\t\t\t\t\t<div class=\"elementor-icon-wrapper elementor-view-default\">\n\t\t\t\t\t\t\t\t<div class=\"elementor-icon\">\n\t\t\t\t\t\t\t\t\t\t\t\t\t\t\t\t\t<\/div>\n\t\t\t\t\t\t\t<\/div>\n\t\t\t\t\t\t\n\t\t\t\t\t\t\t\t\t\t\t\t\t<h3 class=\"elementor-flip-box__layer__title\">\n\t\t\t\t\t\t\t\tFoire de No\u00ebl \t\t\t\t\t\t\t<\/h3>\n\t\t\t\t\t\t\n\t\t\t\t\t\t\t\t\t\t\t\t\t<div class=\"elementor-flip-box__layer__description\">\n\t\t\t\t\t\t\t\t<strong>Dates et horaires :<\/strong>\r\n\r\n\r\nDu 28 novembre au 18 janvier 2026.\r\n\r\nEn semaine : de 17 h \u00e0 minuit.\r\n \r\nVendredi, samedi et veille de jours f\u00e9ri\u00e9s : de 17 h \u00e0 1 h.\r\n \r\nDimanche et jours f\u00e9ri\u00e9s : de 11 h \u00e0 1 h.\r\n \r\nDu 20 d\u00e9cembre au 6 janvier : de 11 h \u00e0 1 h.\r\n \r\n\t\t\t\t\t\t\t<\/div>\n\t\t\t\t\t\t\t\t\t\t\t<\/div>\n\t\t\t\t<\/div>\n\t\t\t<\/div>\n\t\t\t<div class=\"elementor-flip-box__layer elementor-flip-box__back\">\n\t\t\t<div class=\"elementor-flip-box__layer__overlay\">\n\t\t\t\t<div class=\"elementor-flip-box__layer__inner\">\n\t\t\t\t\t\t\t\t\t\t\t<h3 class=\"elementor-flip-box__layer__title\">\n\t\t\t\t\t\t\tFoire de No\u00ebl \t\t\t\t\t\t<\/h3>\n\t\t\t\t\t\n\t\t\t\t\t\t\t\t\t\t\t<div class=\"elementor-flip-box__layer__description\">\n\t\t\t\t\t\t\t<strong>Dates et horaires : \u00e0 venir<\/strong>\t\t\t\t\t\t<\/div>\n\t\t\t\t\t\n\t\t\t\t\t\t\t\t<\/div>\n\t\t<\/div>\n\t\t<\/div>\n\t\t<\/div>\n\t\t\t\t\t\t<\/div>\n\t\t\t\t<\/div>\n\t\t\t\t<\/div>\n\t\t<div class=\"elementor-element elementor-element-4cd5106 e-con-full e-flex e-con e-child\" data-id=\"4cd5106\" data-element_type=\"container\" data-e-type=\"container\">\n\t\t\t\t<div class=\"elementor-element elementor-element-153ec578 elementor-widget__width-initial elementor-widget-mobile_extra__width-inherit elementor-widget elementor-widget-shortcode\" data-id=\"153ec578\" data-element_type=\"widget\" data-e-type=\"widget\" data-widget_type=\"shortcode.default\">\n\t\t\t\t<div class=\"elementor-widget-container\">\n\t\t\t\t\t\t\t<div class=\"elementor-shortcode\"><iframe src=\"https:\/\/www.google.com\/maps\/d\/u\/0\/embed?mid=1cM2xz7joUmwFlgSaQelWDXApBP9frYpT\" width=\"100%\" height=\"480\"><\/iframe><\/div>\n\t\t\t\t\t\t<\/div>\n\t\t\t\t<\/div>\n\t\t\t\t<div class=\"elementor-element elementor-element-6d6dc196 elementor-widget__width-initial elementor-widget-mobile_extra__width-inherit elementor-widget elementor-widget-text-editor\" data-id=\"6d6dc196\" data-element_type=\"widget\" data-e-type=\"widget\" data-widget_type=\"text-editor.default\">\n\t\t\t\t<div class=\"elementor-widget-container\">\n\t\t\t\t\t\t\t\t\t<div class=\"et_pb_blurb_description\">\n<p><span style=\"color: #04306e\"><strong>L&rsquo;Office municipal du tourisme et des plages d&rsquo;Alicante<\/strong> <\/span>met \u00e0 la disposition des utilisateurs les coordonn\u00e9es suivantes pour toute question relative aux activit\u00e9s de No\u00ebl qui se d\u00e9rouleront dans la ville <span style=\"color: #04306e\"><strong>jusqu&rsquo;au 6 janvier.<\/strong><\/span><\/p>\n<p>\u00a0<\/p>\n<\/div>\n<div class=\"divaccesible\"><span style=\"width: 20px;height: 20px\"><a href=\"https:\/\/alicanteturismo.com\/wp-content\/uploads\/2024\/05\/informacion.svg\"><img loading=\"lazy\" decoding=\"async\" class=\"alignnone wp-image-3873\" src=\"https:\/\/alicanteturismo. com\/wp-content\/uploads\/2024\/05\/informacion.svg\" alt=\"\" width=\"30\" height=\"30\" \/><\/a> <\/span><span style=\"font-weight: 800;font-size: 19px;font-family: Panton\"> OFFICES DE TOURISME :<\/span><\/div>\n\n<table id=\"tablepress-116\" class=\"tablepress tablepress-id-116 nauticos\">\n<tbody class=\"row-striping\">\n<tr class=\"row-1\">\n\t<td class=\"column-1\"><\/td>\n<\/tr>\n<tr class=\"row-2\">\n\t<td class=\"column-1\"><div><img decoding=\"async\" src=\"https:\/\/alicanteturismo.com\/wp-content\/uploads\/2024\/09\/llamada-telefonica.svg\" alt=\"icono\" style=\"width:20px\" \/> +34 965 177 201 <br \/>\n<img decoding=\"async\" src=\"https:\/\/alicanteturismo.com\/wp-content\/uploads\/2024\/09\/llamada-telefonica.svg\" alt=\"icono\" style=\"width:20px\" \/> +34 965 125 633<\/div><\/td>\n<\/tr>\n<tr class=\"row-3\">\n\t<td class=\"column-1\"><div><img decoding=\"async\" src=\"https:\/\/alicanteturismo.com\/wp-content\/uploads\/2024\/05\/correo.svg\" alt=\"icono\" style=\"width:20px\" \/> <a href=\"mailto:turismo@alicanteturismo.com\">turismo@alicanteturismo.com<\/a><br \/>\n<img decoding=\"async\" src=\"https:\/\/alicanteturismo.com\/wp-content\/uploads\/2024\/05\/correo.svg\" alt=\"icono\" style=\"width:20px\" \/> <a href=\"mailto:info@alicanteturismo.com\">info@alicanteturismo.com<\/a><\/div><\/td>\n<\/tr>\n<\/tbody>\n<\/table>\n<!-- #tablepress-116 from cache -->\n<div class=\"et_pb_module et_pb_blurb et_pb_blurb_0 et_pb_bg_layout_light et_pb_text_align_left et_pb_blurb_position_top\">\n<div class=\"et_pb_blurb_content\">\n<div class=\"et_pb_blurb_container\">\n<div class=\"et_pb_blurb_description\">\n<p data-wahfont=\"\u00ab\">L&rsquo;Office du tourisme d&rsquo;Alicante n&rsquo;est pas responsable des \u00e9ventuels changements de programmation qui pourraient survenir.<\/p>\n<\/div>\n<\/div>\n<\/div>\n<\/div>\n\t\t\t\t\t\t\t\t<\/div>\n\t\t\t\t<\/div>\n\t\t\t\t<\/div>\n\t\t\t\t<\/div>\n\t\t<div class=\"elementor-element elementor-element-247312f7 e-con-full e-flex e-con e-child\" data-id=\"247312f7\" data-element_type=\"container\" data-e-type=\"container\">\n\t\t<div class=\"elementor-element elementor-element-7f00637 e-con-full e-flex e-con e-child\" data-id=\"7f00637\" data-element_type=\"container\" data-e-type=\"container\">\n\t\t<div class=\"elementor-element elementor-element-42b066c e-con-full e-flex e-con e-child\" data-id=\"42b066c\" data-element_type=\"container\" data-e-type=\"container\">\n\t\t\t\t<div class=\"elementor-element elementor-element-e3c947b elementor-position-inline-start elementor-mobile-position-inline-start elementor-view-default elementor-widget elementor-widget-icon-box\" data-id=\"e3c947b\" data-element_type=\"widget\" data-e-type=\"widget\" data-widget_type=\"icon-box.default\">\n\t\t\t\t<div class=\"elementor-widget-container\">\n\t\t\t\t\t\t\t<div class=\"elementor-icon-box-wrapper\">\n\n\t\t\t\t\t\t<div class=\"elementor-icon-box-icon\">\n\t\t\t\t<span  class=\"elementor-icon\">\n\t\t\t\t<svg xmlns=\"http:\/\/www.w3.org\/2000\/svg\" xmlns:xlink=\"http:\/\/www.w3.org\/1999\/xlink\" width=\"512\" height=\"512\" x=\"0\" y=\"0\" viewBox=\"0 0 512 512\" style=\"enable-background:new 0 0 512 512\" xml:space=\"preserve\" class=\"\"><g><path fill-rule=\"evenodd\" d=\"M345.96 207.949c0-49.607-40.36-89.958-89.958-89.958-49.603 0-89.962 40.35-89.962 89.958 0 31.459-8.849 60.019-26.317 84.872-5.302 7.54-6.611 16.501-3.692 25.242 2.923 8.736 9.351 15.117 18.12 17.956 14.639 4.753 30.45 8.403 46.989 10.923 4.072 26.621 27.119 47.069 54.862 47.069 27.738 0 50.79-20.448 54.858-47.069 16.539-2.52 32.35-6.17 46.994-10.923h.009c8.76-2.839 15.188-9.22 18.106-17.956 2.923-8.741 1.614-17.702-3.688-25.242-17.468-24.858-26.321-53.412-26.321-84.872zm-89.958 260.55c-117.17 0-212.5-95.33-212.5-212.5 0-117.166 95.33-212.496 212.5-212.496 117.166 0 212.5 95.33 212.5 212.496 0 117.171-95.334 212.5-212.5 212.5zM423.944 88.062c44.854 44.859 69.557 104.497 69.557 167.937 0 63.444-24.703 123.082-69.557 167.942-44.864 44.859-104.503 69.562-167.942 69.562-63.444 0-123.082-24.703-167.941-69.562S18.499 319.443 18.499 255.999c0-63.439 24.703-123.077 69.562-167.937C132.92 43.203 192.558 18.5 256.002 18.5c63.439 0 123.078 24.703 167.942 69.562z\" clip-rule=\"evenodd\" fill=\"#00adbb\" opacity=\"1\" data-original=\"#000000\" class=\"\"><\/path><\/g><\/svg>\t\t\t\t<\/span>\n\t\t\t<\/div>\n\t\t\t\n\t\t\t\t\t\t<div class=\"elementor-icon-box-content\">\n\n\t\t\t\t\t\t\t\t\t<h2 class=\"elementor-icon-box-title\">\n\t\t\t\t\t\t<span  >\n\t\t\t\t\t\t\tAvis\t\t\t\t\t\t<\/span>\n\t\t\t\t\t<\/h2>\n\t\t\t\t\n\t\t\t\t\n\t\t\t<\/div>\n\t\t\t\n\t\t<\/div>\n\t\t\t\t\t\t<\/div>\n\t\t\t\t<\/div>\n\t\t\t\t<\/div>\n\t\t\t\t<div class=\"elementor-element elementor-element-4c8157d elementor-grid-4 elementor-widget__width-inherit elementor-grid-tablet-2 elementor-grid-mobile-1 elementor-posts--thumbnail-top elementor-widget elementor-widget-posts\" data-id=\"4c8157d\" data-element_type=\"widget\" data-e-type=\"widget\" data-settings=\"{&quot;classic_columns&quot;:&quot;4&quot;,&quot;classic_row_gap&quot;:{&quot;unit&quot;:&quot;px&quot;,&quot;size&quot;:0,&quot;sizes&quot;:[]},&quot;classic_columns_tablet&quot;:&quot;2&quot;,&quot;classic_columns_mobile&quot;:&quot;1&quot;,&quot;classic_row_gap_widescreen&quot;:{&quot;unit&quot;:&quot;px&quot;,&quot;size&quot;:&quot;&quot;,&quot;sizes&quot;:[]},&quot;classic_row_gap_laptop&quot;:{&quot;unit&quot;:&quot;px&quot;,&quot;size&quot;:&quot;&quot;,&quot;sizes&quot;:[]},&quot;classic_row_gap_tablet_extra&quot;:{&quot;unit&quot;:&quot;px&quot;,&quot;size&quot;:&quot;&quot;,&quot;sizes&quot;:[]},&quot;classic_row_gap_tablet&quot;:{&quot;unit&quot;:&quot;px&quot;,&quot;size&quot;:&quot;&quot;,&quot;sizes&quot;:[]},&quot;classic_row_gap_mobile_extra&quot;:{&quot;unit&quot;:&quot;px&quot;,&quot;size&quot;:&quot;&quot;,&quot;sizes&quot;:[]},&quot;classic_row_gap_mobile&quot;:{&quot;unit&quot;:&quot;px&quot;,&quot;size&quot;:&quot;&quot;,&quot;sizes&quot;:[]}}\" data-widget_type=\"posts.classic\">\n\t\t\t\t<div class=\"elementor-widget-container\">\n\t\t\t\t\t\t\t<div class=\"elementor-posts-container elementor-posts elementor-posts--skin-classic elementor-grid\" role=\"list\">\n\t\t\t\t<article class=\"elementor-post elementor-grid-item post-316592 noticias type-noticias status-publish has-post-thumbnail hentry categoria-de-noticia-avisos-y-recomendaciones categoria-de-noticia-castillo-de-santa-barbara categoria-de-noticia-informacion-practica\" role=\"listitem\">\n\t\t\t\t<a class=\"elementor-post__thumbnail__link\" href=\"https:\/\/alicanteturismo.com\/fr\/noticias\/alicante-mantiene-cerrado-este-domingo-por-viento-el-castillo-de-santa-barbara-parques-y-jardines-y-suspende-la-mascleta-de-teulada\/\" tabindex=\"-1\">\n\t\t\t<div class=\"elementor-post__thumbnail\"><img loading=\"lazy\" decoding=\"async\" width=\"300\" height=\"200\" src=\"https:\/\/alicanteturismo.com\/wp-content\/uploads\/2026\/02\/castillo-de-santa-barbara-2016-Alicante-ERN_6938-22-300x200.jpeg\" class=\"attachment-medium size-medium wp-image-316598\" alt=\"\" srcset=\"https:\/\/alicanteturismo.com\/wp-content\/uploads\/2026\/02\/castillo-de-santa-barbara-2016-Alicante-ERN_6938-22-300x200.jpeg 300w, https:\/\/alicanteturismo.com\/wp-content\/uploads\/2026\/02\/castillo-de-santa-barbara-2016-Alicante-ERN_6938-22-1024x683.jpeg 1024w, https:\/\/alicanteturismo.com\/wp-content\/uploads\/2026\/02\/castillo-de-santa-barbara-2016-Alicante-ERN_6938-22-768x512.jpeg 768w, https:\/\/alicanteturismo.com\/wp-content\/uploads\/2026\/02\/castillo-de-santa-barbara-2016-Alicante-ERN_6938-22-391x260.jpeg 391w, https:\/\/alicanteturismo.com\/wp-content\/uploads\/2026\/02\/castillo-de-santa-barbara-2016-Alicante-ERN_6938-22.jpeg 1276w\" sizes=\"(max-width: 300px) 100vw, 300px\" \/><\/div>\n\t\t<\/a>\n\t\t\t\t<div class=\"elementor-post__text\">\n\t\t\t\t<h3 class=\"elementor-post__title\">\n\t\t\t<a href=\"https:\/\/alicanteturismo.com\/fr\/noticias\/alicante-mantiene-cerrado-este-domingo-por-viento-el-castillo-de-santa-barbara-parques-y-jardines-y-suspende-la-mascleta-de-teulada\/\">\n\t\t\t\tAlicante mantiene cerrado este domingo por viento el Castillo de Santa B\u00e1rbara, parques y jardines y suspende la masclet\u00e1 de Teulada\t\t\t<\/a>\n\t\t<\/h3>\n\t\t\t\t<div class=\"elementor-post__meta-data\">\n\t\t\t\t\t<span class=\"elementor-post-date\">\n\t\t\t14 f\u00e9vrier 2026\t\t<\/span>\n\t\t\t\t<\/div>\n\t\t\n\t\t<a class=\"elementor-post__read-more\" href=\"https:\/\/alicanteturismo.com\/fr\/noticias\/alicante-mantiene-cerrado-este-domingo-por-viento-el-castillo-de-santa-barbara-parques-y-jardines-y-suspende-la-mascleta-de-teulada\/\" aria-label=\"En savoir plus sur Alicante mantiene cerrado este domingo por viento el Castillo de Santa B\u00e1rbara, parques y jardines y suspende la masclet\u00e1 de Teulada\" tabindex=\"-1\">\n\t\t\tLeer m\u00e1s \u00bb\t\t<\/a>\n\n\t\t\t\t<\/div>\n\t\t\t\t<\/article>\n\t\t\t\t<article class=\"elementor-post elementor-grid-item post-316567 noticias type-noticias status-publish has-post-thumbnail hentry categoria-de-noticia-avisos-y-recomendaciones categoria-de-noticia-informacion-practica\" role=\"listitem\">\n\t\t\t\t<a class=\"elementor-post__thumbnail__link\" href=\"https:\/\/alicanteturismo.com\/fr\/noticias\/alicante-suspende-el-sabado-ramblero-por-el-viento-y-aplaza-el-carnaval-a-la-noche-del-viernes-20\/\" tabindex=\"-1\">\n\t\t\t<div class=\"elementor-post__thumbnail\"><img loading=\"lazy\" decoding=\"async\" width=\"300\" height=\"177\" src=\"https:\/\/alicanteturismo.com\/wp-content\/uploads\/2026\/02\/Carnaval-colegios-300x177.jpeg\" class=\"attachment-medium size-medium wp-image-316515\" alt=\"\" srcset=\"https:\/\/alicanteturismo.com\/wp-content\/uploads\/2026\/02\/Carnaval-colegios-300x177.jpeg 300w, https:\/\/alicanteturismo.com\/wp-content\/uploads\/2026\/02\/Carnaval-colegios-1024x603.jpeg 1024w, https:\/\/alicanteturismo.com\/wp-content\/uploads\/2026\/02\/Carnaval-colegios-768x452.jpeg 768w, https:\/\/alicanteturismo.com\/wp-content\/uploads\/2026\/02\/Carnaval-colegios-1536x904.jpeg 1536w, https:\/\/alicanteturismo.com\/wp-content\/uploads\/2026\/02\/Carnaval-colegios.jpeg 2048w\" sizes=\"(max-width: 300px) 100vw, 300px\" \/><\/div>\n\t\t<\/a>\n\t\t\t\t<div class=\"elementor-post__text\">\n\t\t\t\t<h3 class=\"elementor-post__title\">\n\t\t\t<a href=\"https:\/\/alicanteturismo.com\/fr\/noticias\/alicante-suspende-el-sabado-ramblero-por-el-viento-y-aplaza-el-carnaval-a-la-noche-del-viernes-20\/\">\n\t\t\t\tAlicante suspende el S\u00e1bado Ramblero por el viento y aplaza el Carnaval a la noche del viernes 20\t\t\t<\/a>\n\t\t<\/h3>\n\t\t\t\t<div class=\"elementor-post__meta-data\">\n\t\t\t\t\t<span class=\"elementor-post-date\">\n\t\t\t13 f\u00e9vrier 2026\t\t<\/span>\n\t\t\t\t<\/div>\n\t\t\n\t\t<a class=\"elementor-post__read-more\" href=\"https:\/\/alicanteturismo.com\/fr\/noticias\/alicante-suspende-el-sabado-ramblero-por-el-viento-y-aplaza-el-carnaval-a-la-noche-del-viernes-20\/\" aria-label=\"En savoir plus sur Alicante suspende el S\u00e1bado Ramblero por el viento y aplaza el Carnaval a la noche del viernes 20\" tabindex=\"-1\">\n\t\t\tLeer m\u00e1s \u00bb\t\t<\/a>\n\n\t\t\t\t<\/div>\n\t\t\t\t<\/article>\n\t\t\t\t<article class=\"elementor-post elementor-grid-item post-316419 noticias type-noticias status-publish has-post-thumbnail hentry categoria-de-noticia-avisos-y-recomendaciones categoria-de-noticia-castillo-de-santa-barbara categoria-de-noticia-destacados categoria-de-noticia-informacion-practica\" role=\"listitem\">\n\t\t\t\t<a class=\"elementor-post__thumbnail__link\" href=\"https:\/\/alicanteturismo.com\/fr\/noticias\/alicante-vuelve-a-cerrar-el-castillo-y-los-parques-por-fuertes-rachas-de-viento-de-hasta-69-km-h\/\" tabindex=\"-1\">\n\t\t\t<div class=\"elementor-post__thumbnail\"><img loading=\"lazy\" decoding=\"async\" width=\"300\" height=\"200\" src=\"https:\/\/alicanteturismo.com\/wp-content\/uploads\/2026\/01\/castillo-de-santa-barbara-2016-Alicante-ERN_6938-22-300x200.jpeg\" class=\"attachment-medium size-medium wp-image-315933\" alt=\"\" srcset=\"https:\/\/alicanteturismo.com\/wp-content\/uploads\/2026\/01\/castillo-de-santa-barbara-2016-Alicante-ERN_6938-22-300x200.jpeg 300w, https:\/\/alicanteturismo.com\/wp-content\/uploads\/2026\/01\/castillo-de-santa-barbara-2016-Alicante-ERN_6938-22-1024x683.jpeg 1024w, https:\/\/alicanteturismo.com\/wp-content\/uploads\/2026\/01\/castillo-de-santa-barbara-2016-Alicante-ERN_6938-22-768x512.jpeg 768w, https:\/\/alicanteturismo.com\/wp-content\/uploads\/2026\/01\/castillo-de-santa-barbara-2016-Alicante-ERN_6938-22-391x260.jpeg 391w, https:\/\/alicanteturismo.com\/wp-content\/uploads\/2026\/01\/castillo-de-santa-barbara-2016-Alicante-ERN_6938-22.jpeg 1276w\" sizes=\"(max-width: 300px) 100vw, 300px\" \/><\/div>\n\t\t<\/a>\n\t\t\t\t<div class=\"elementor-post__text\">\n\t\t\t\t<h3 class=\"elementor-post__title\">\n\t\t\t<a href=\"https:\/\/alicanteturismo.com\/fr\/noticias\/alicante-vuelve-a-cerrar-el-castillo-y-los-parques-por-fuertes-rachas-de-viento-de-hasta-69-km-h\/\">\n\t\t\t\tAlicante vuelve a cerrar el Castillo y los parques por fuertes rachas de viento de hasta 69 km\/h\t\t\t<\/a>\n\t\t<\/h3>\n\t\t\t\t<div class=\"elementor-post__meta-data\">\n\t\t\t\t\t<span class=\"elementor-post-date\">\n\t\t\t12 f\u00e9vrier 2026\t\t<\/span>\n\t\t\t\t<\/div>\n\t\t\n\t\t<a class=\"elementor-post__read-more\" href=\"https:\/\/alicanteturismo.com\/fr\/noticias\/alicante-vuelve-a-cerrar-el-castillo-y-los-parques-por-fuertes-rachas-de-viento-de-hasta-69-km-h\/\" aria-label=\"En savoir plus sur Alicante vuelve a cerrar el Castillo y los parques por fuertes rachas de viento de hasta 69 km\/h\" tabindex=\"-1\">\n\t\t\tLeer m\u00e1s \u00bb\t\t<\/a>\n\n\t\t\t\t<\/div>\n\t\t\t\t<\/article>\n\t\t\t\t<article class=\"elementor-post elementor-grid-item post-316160 noticias type-noticias status-publish has-post-thumbnail hentry categoria-de-noticia-avisos-y-recomendaciones categoria-de-noticia-destacados categoria-de-noticia-informacion-practica\" role=\"listitem\">\n\t\t\t\t<a class=\"elementor-post__thumbnail__link\" href=\"https:\/\/alicanteturismo.com\/fr\/noticias\/alicante-anuncia-cortes-de-trafico-en-el-frente-litoral-el-viernes-6-de-febrero-entre-las-15-y-16-45-horas-por-el-paso-la-volta-a-la-comunitat-valenciana\/\" tabindex=\"-1\">\n\t\t\t<div class=\"elementor-post__thumbnail\"><img loading=\"lazy\" decoding=\"async\" width=\"300\" height=\"292\" src=\"https:\/\/alicanteturismo.com\/wp-content\/uploads\/2026\/02\/Volta-300x292.jpg\" class=\"attachment-medium size-medium wp-image-316162\" alt=\"\" srcset=\"https:\/\/alicanteturismo.com\/wp-content\/uploads\/2026\/02\/Volta-300x292.jpg 300w, https:\/\/alicanteturismo.com\/wp-content\/uploads\/2026\/02\/Volta-1024x997.jpg 1024w, https:\/\/alicanteturismo.com\/wp-content\/uploads\/2026\/02\/Volta-768x748.jpg 768w, https:\/\/alicanteturismo.com\/wp-content\/uploads\/2026\/02\/Volta.jpg 1027w\" sizes=\"(max-width: 300px) 100vw, 300px\" \/><\/div>\n\t\t<\/a>\n\t\t\t\t<div class=\"elementor-post__text\">\n\t\t\t\t<h3 class=\"elementor-post__title\">\n\t\t\t<a href=\"https:\/\/alicanteturismo.com\/fr\/noticias\/alicante-anuncia-cortes-de-trafico-en-el-frente-litoral-el-viernes-6-de-febrero-entre-las-15-y-16-45-horas-por-el-paso-la-volta-a-la-comunitat-valenciana\/\">\n\t\t\t\tAlicante anuncia cortes de tr\u00e1fico en el frente litoral el viernes 6 de febrero entre las 15 y 16.45 horas por el paso La Volta a la Comunitat Valenciana\t\t\t<\/a>\n\t\t<\/h3>\n\t\t\t\t<div class=\"elementor-post__meta-data\">\n\t\t\t\t\t<span class=\"elementor-post-date\">\n\t\t\t4 f\u00e9vrier 2026\t\t<\/span>\n\t\t\t\t<\/div>\n\t\t\n\t\t<a class=\"elementor-post__read-more\" href=\"https:\/\/alicanteturismo.com\/fr\/noticias\/alicante-anuncia-cortes-de-trafico-en-el-frente-litoral-el-viernes-6-de-febrero-entre-las-15-y-16-45-horas-por-el-paso-la-volta-a-la-comunitat-valenciana\/\" aria-label=\"En savoir plus sur Alicante anuncia cortes de tr\u00e1fico en el frente litoral el viernes 6 de febrero entre las 15 y 16.45 horas por el paso La Volta a la Comunitat Valenciana\" tabindex=\"-1\">\n\t\t\tLeer m\u00e1s \u00bb\t\t<\/a>\n\n\t\t\t\t<\/div>\n\t\t\t\t<\/article>\n\t\t\t\t<\/div>\n\t\t\n\t\t\t\t\t\t<\/div>\n\t\t\t\t<\/div>\n\t\t\t\t<\/div>\n\t\t<div class=\"elementor-element elementor-element-bb72ede e-con-full e-flex e-con e-child\" data-id=\"bb72ede\" data-element_type=\"container\" data-e-type=\"container\" data-settings=\"{&quot;background_background&quot;:&quot;classic&quot;}\">\n\t\t<div class=\"elementor-element elementor-element-32170a53 e-con-full e-flex e-con e-child\" data-id=\"32170a53\" data-element_type=\"container\" data-e-type=\"container\">\n\t\t\t\t<div class=\"elementor-element elementor-element-5941c01a elementor-position-inline-start elementor-mobile-position-inline-start elementor-view-default elementor-widget elementor-widget-icon-box\" data-id=\"5941c01a\" data-element_type=\"widget\" data-e-type=\"widget\" data-widget_type=\"icon-box.default\">\n\t\t\t\t<div class=\"elementor-widget-container\">\n\t\t\t\t\t\t\t<div class=\"elementor-icon-box-wrapper\">\n\n\t\t\t\t\t\t<div class=\"elementor-icon-box-icon\">\n\t\t\t\t<span  class=\"elementor-icon\">\n\t\t\t\t<svg xmlns=\"http:\/\/www.w3.org\/2000\/svg\" xmlns:xlink=\"http:\/\/www.w3.org\/1999\/xlink\" width=\"512\" height=\"512\" x=\"0\" y=\"0\" viewBox=\"0 0 100 100\" style=\"enable-background:new 0 0 512 512\" xml:space=\"preserve\" class=\"\"><g><path fill-rule=\"evenodd\" d=\"M78.5 12V5.667a3.168 3.168 0 0 0-6.333 0v3.166h-14.25c-.421 0-.824.168-1.121.463-.295.297-.463.7-.463 1.12V12A3.168 3.168 0 0 1 50 12V5.667a3.168 3.168 0 0 0-6.333 0v3.166h-14.25c-.421 0-.824.168-1.121.463-.295.297-.463.7-.463 1.12V12a3.168 3.168 0 0 1-6.333 0V5.667a3.168 3.168 0 0 0-6.333 0v3.166h-4.75A7.917 7.917 0 0 0 2.5 16.75v72.833a7.917 7.917 0 0 0 7.917 7.917h79.166a7.917 7.917 0 0 0 7.917-7.917V16.75a7.917 7.917 0 0 0-7.917-7.917h-3.166c-.421 0-.824.168-1.121.463-.295.297-.463.7-.463 1.12V12a3.168 3.168 0 0 1-6.333 0zm12.667 22.167v55.416c0 .421-.168.824-.463 1.121-.297.295-.7.463-1.12.463H10.416c-.421 0-.824-.168-1.121-.463a1.595 1.595 0 0 1-.463-1.12V34.166zM59.5 69a3.168 3.168 0 0 0-3.167-3.167H43.667A3.168 3.168 0 0 0 40.5 69v12.667a3.168 3.168 0 0 0 3.167 3.166h12.666a3.168 3.168 0 0 0 3.167-3.166V69zm25.333 0a3.168 3.168 0 0 0-3.166-3.167H69A3.168 3.168 0 0 0 65.833 69v12.667A3.168 3.168 0 0 0 69 84.833h12.667a3.168 3.168 0 0 0 3.166-3.166zm-50.666 0A3.168 3.168 0 0 0 31 65.833H18.333A3.168 3.168 0 0 0 15.167 69v12.667a3.168 3.168 0 0 0 3.166 3.166H31a3.168 3.168 0 0 0 3.167-3.166zM59.5 43.667a3.168 3.168 0 0 0-3.167-3.167H43.667a3.168 3.168 0 0 0-3.167 3.167v12.666a3.168 3.168 0 0 0 3.167 3.167h12.666a3.168 3.168 0 0 0 3.167-3.167zm25.333 0a3.168 3.168 0 0 0-3.166-3.167H69a3.168 3.168 0 0 0-3.167 3.167v12.666A3.168 3.168 0 0 0 69 59.5h12.667a3.168 3.168 0 0 0 3.166-3.167zm-50.666 0A3.168 3.168 0 0 0 31 40.5H18.333a3.168 3.168 0 0 0-3.166 3.167v12.666a3.168 3.168 0 0 0 3.166 3.167H31a3.168 3.168 0 0 0 3.167-3.167z\" clip-rule=\"evenodd\" fill=\"#00adbb\" opacity=\"1\" data-original=\"#000000\"><\/path><\/g><\/svg>\t\t\t\t<\/span>\n\t\t\t<\/div>\n\t\t\t\n\t\t\t\t\t\t<div class=\"elementor-icon-box-content\">\n\n\t\t\t\t\t\t\t\t\t<h2 class=\"elementor-icon-box-title\">\n\t\t\t\t\t\t<span  >\n\t\t\t\t\t\t\tCalendrier des \u00e9v\u00e9nements\t\t\t\t\t\t<\/span>\n\t\t\t\t\t<\/h2>\n\t\t\t\t\n\t\t\t\t\n\t\t\t<\/div>\n\t\t\t\n\t\t<\/div>\n\t\t\t\t\t\t<\/div>\n\t\t\t\t<\/div>\n\t\t\t\t<div class=\"elementor-element elementor-element-47f6822a elementor-widget-mobile__width-inherit titulohover elementor-widget elementor-widget-heading\" data-id=\"47f6822a\" data-element_type=\"widget\" data-e-type=\"widget\" data-widget_type=\"heading.default\">\n\t\t\t\t<div class=\"elementor-widget-container\">\n\t\t\t\t\t<h5 class=\"elementor-heading-title elementor-size-default\"><a href=\"https:\/\/alicanteturismo.com\/fr\/lordre-du-jour\/\">Tous les \u00e9v\u00e9nements<\/a><\/h5>\t\t\t\t<\/div>\n\t\t\t\t<\/div>\n\t\t\t\t<\/div>\n\t\t\t\t<div class=\"elementor-element elementor-element-2cd9694d elementor-widget elementor-widget-shortcode\" data-id=\"2cd9694d\" data-element_type=\"widget\" data-e-type=\"widget\" data-widget_type=\"shortcode.default\">\n\t\t\t\t<div class=\"elementor-widget-container\">\n\t\t\t\t\t\t\t<div class=\"elementor-shortcode\"><div class=\"mec-wrap mec-skin-grid-container  \" id=\"mec_skin_278027\">\r\n\r\n    \r\n        <div class=\"mec-skin-grid-events-container\" id=\"mec_skin_events_278027\">\r\n        Aucun \u00e9v\u00e9nement trouv\u00e9 !    <\/div>\r\n    \r\n    \r\n<\/div>\r\n<\/div>\n\t\t\t\t\t\t<\/div>\n\t\t\t\t<\/div>\n\t\t\t\t<\/div>\n\t\t<div class=\"elementor-element elementor-element-5f765cfb e-con-full e-flex e-con e-child\" data-id=\"5f765cfb\" data-element_type=\"container\" data-e-type=\"container\">\n\t\t<div class=\"elementor-element elementor-element-48298ed5 e-con-full e-flex e-con e-child\" data-id=\"48298ed5\" data-element_type=\"container\" data-e-type=\"container\">\n\t\t\t\t<div class=\"elementor-element elementor-element-7567abe elementor-position-inline-start elementor-mobile-position-inline-start elementor-view-default elementor-widget elementor-widget-icon-box\" data-id=\"7567abe\" data-element_type=\"widget\" data-e-type=\"widget\" data-widget_type=\"icon-box.default\">\n\t\t\t\t<div class=\"elementor-widget-container\">\n\t\t\t\t\t\t\t<div class=\"elementor-icon-box-wrapper\">\n\n\t\t\t\t\t\t<div class=\"elementor-icon-box-icon\">\n\t\t\t\t<span  class=\"elementor-icon\">\n\t\t\t\t<svg xmlns=\"http:\/\/www.w3.org\/2000\/svg\" xmlns:xlink=\"http:\/\/www.w3.org\/1999\/xlink\" width=\"512\" height=\"512\" x=\"0\" y=\"0\" viewBox=\"0 0 32 32\" style=\"enable-background:new 0 0 512 512\" xml:space=\"preserve\" class=\"\"><g><path d=\"M30 15h-5v11a1 1 0 0 0 1 1 3 3 0 0 1 3 3 5 5 0 0 0 2-4V16a1 1 0 0 0-1-1z\" fill=\"#00adbb\" opacity=\"1\" data-original=\"#000000\" class=\"\"><\/path><path d=\"M26 29a3 3 0 0 1-3-3V2a1 1 0 0 0-1-1H2a1 1 0 0 0-1 1v24a5 5 0 0 0 5 5h20a1 1 0 0 0 0-2zM7 9h1a1 1 0 0 1 0 2H7a1 1 0 0 1 0-2zm10 14H7a1 1 0 0 1 0-2h10a1 1 0 0 1 0 2zm0-6H7a1 1 0 0 1 0-2h10a1 1 0 0 1 0 2zm0-6h-5a1 1 0 0 1 0-2h5a1 1 0 0 1 0 2z\" fill=\"#00adbb\" opacity=\"1\" data-original=\"#000000\" class=\"\"><\/path><\/g><\/svg>\t\t\t\t<\/span>\n\t\t\t<\/div>\n\t\t\t\n\t\t\t\t\t\t<div class=\"elementor-icon-box-content\">\n\n\t\t\t\t\t\t\t\t\t<h2 class=\"elementor-icon-box-title\">\n\t\t\t\t\t\t<span  >\n\t\t\t\t\t\t\tActualit\u00e9s marquantes\t\t\t\t\t\t<\/span>\n\t\t\t\t\t<\/h2>\n\t\t\t\t\n\t\t\t\t\n\t\t\t<\/div>\n\t\t\t\n\t\t<\/div>\n\t\t\t\t\t\t<\/div>\n\t\t\t\t<\/div>\n\t\t\t\t<div class=\"elementor-element elementor-element-5d00772b elementor-widget-mobile__width-inherit titulohover elementor-widget elementor-widget-heading\" data-id=\"5d00772b\" data-element_type=\"widget\" data-e-type=\"widget\" data-widget_type=\"heading.default\">\n\t\t\t\t<div class=\"elementor-widget-container\">\n\t\t\t\t\t<h5 class=\"elementor-heading-title elementor-size-default\"><a href=\"https:\/\/alicanteturismo.com\/fr\/actualites\/\">Actualit\u00e9s marquantes<\/a><\/h5>\t\t\t\t<\/div>\n\t\t\t\t<\/div>\n\t\t\t\t<\/div>\n\t\t\t\t<\/div>\n\t\t\t\t<\/div>\n\t\t\t\t<\/div>\n\t\t","protected":false},"featured_media":314176,"template":"","meta":{"_acf_changed":false},"class_list":["post-285386","fiestas","type-fiestas","status-publish","has-post-thumbnail","hentry"],"acf":[],"_links":{"self":[{"href":"https:\/\/alicanteturismo.com\/fr\/wp-json\/wp\/v2\/fiestas\/285386","targetHints":{"allow":["GET"]}}],"collection":[{"href":"https:\/\/alicanteturismo.com\/fr\/wp-json\/wp\/v2\/fiestas"}],"about":[{"href":"https:\/\/alicanteturismo.com\/fr\/wp-json\/wp\/v2\/types\/fiestas"}],"version-history":[{"count":0,"href":"https:\/\/alicanteturismo.com\/fr\/wp-json\/wp\/v2\/fiestas\/285386\/revisions"}],"wp:featuredmedia":[{"embeddable":true,"href":"https:\/\/alicanteturismo.com\/fr\/wp-json\/wp\/v2\/media\/314176"}],"wp:attachment":[{"href":"https:\/\/alicanteturismo.com\/fr\/wp-json\/wp\/v2\/media?parent=285386"}],"curies":[{"name":"wp","href":"https:\/\/api.w.org\/{rel}","templated":true}]}}