{"id":283764,"date":"2024-05-29T16:06:50","date_gmt":"2024-05-29T14:06:50","guid":{"rendered":"https:\/\/dev.alicanteturismo.com\/fiestas\/feux-de-joie-de-san-juan\/"},"modified":"2025-07-22T12:07:40","modified_gmt":"2025-07-22T10:07:40","slug":"feux-de-joie-de-san-juan","status":"publish","type":"fiestas","link":"https:\/\/alicanteturismo.com\/fr\/fiestas\/feux-de-joie-de-san-juan\/","title":{"rendered":"Feux de joie de San Juan"},"content":{"rendered":"\t\t<div data-elementor-type=\"wp-post\" data-elementor-id=\"283764\" class=\"elementor elementor-283764 elementor-3767\" data-elementor-post-type=\"fiestas\">\n\t\t\t\t<div style=\"background-image: url(https:\/\/alicanteturismo.com\/wp-content\/uploads\/2024\/05\/fogueres-2024.jpg);background-position:center center;background-repeat:no-repeat;background-size:cover;\" class=\"e-lazyloaded elementor-element elementor-element-49137929 e-con-full e-flex e-con e-parent\" data-id=\"49137929\" data-element_type=\"container\" data-e-type=\"container\" data-settings=\"{&quot;background_background&quot;:&quot;video&quot;,&quot;background_video_start&quot;:3,&quot;background_play_on_mobile&quot;:&quot;yes&quot;}\">\n\t\t\t\t<div class=\"elementor-element elementor-element-116049b elementor-widget__width-initial elementor-widget-mobile__width-inherit elementor-widget elementor-widget-heading\" data-id=\"116049b\" data-element_type=\"widget\" data-e-type=\"widget\" data-widget_type=\"heading.default\">\n\t\t\t\t<div class=\"elementor-widget-container\">\n\t\t\t\t\t<h1 class=\"elementor-heading-title elementor-size-default\">Feux de joie de San Juan<\/h1>\t\t\t\t<\/div>\n\t\t\t\t<\/div>\n\t\t\t\t<div class=\"elementor-element elementor-element-a9ce98b elementor-widget__width-initial elementor-widget-mobile__width-inherit elementor-widget elementor-widget-heading\" data-id=\"a9ce98b\" data-element_type=\"widget\" data-e-type=\"widget\" data-widget_type=\"heading.default\">\n\t\t\t\t<div class=\"elementor-widget-container\">\n\t\t\t\t\t<h2 class=\"elementor-heading-title elementor-size-default\">  Festival d'int\u00e9r\u00eat touristique international<\/h2>\t\t\t\t<\/div>\n\t\t\t\t<\/div>\n\t\t\t\t<\/div>\n\t\t<div class=\"elementor-element elementor-element-5e37989d e-con-full e-flex e-con e-parent\" data-id=\"5e37989d\" data-element_type=\"container\" data-e-type=\"container\">\n\t\t\t\t<div class=\"elementor-element elementor-element-e230189 elementor-widget elementor-widget-button\" data-id=\"e230189\" data-element_type=\"widget\" data-e-type=\"widget\" data-widget_type=\"button.default\">\n\t\t\t\t<div class=\"elementor-widget-container\">\n\t\t\t\t\t\t\t\t\t<div class=\"elementor-button-wrapper\">\n\t\t\t\t\t<a class=\"elementor-button elementor-button-link elementor-size-sm\" href=\"https:\/\/alicanteturismo.com\/fr\/events\/program-for-the-bonfires-of-san-juan-2025\/\">\n\t\t\t\t\t\t<span class=\"elementor-button-content-wrapper\">\n\t\t\t\t\t\t<span class=\"elementor-button-icon\">\n\t\t\t\t<svg aria-hidden=\"true\" class=\"e-font-icon-svg e-far-calendar-alt\" viewBox=\"0 0 448 512\" xmlns=\"http:\/\/www.w3.org\/2000\/svg\"><path d=\"M148 288h-40c-6.6 0-12-5.4-12-12v-40c0-6.6 5.4-12 12-12h40c6.6 0 12 5.4 12 12v40c0 6.6-5.4 12-12 12zm108-12v-40c0-6.6-5.4-12-12-12h-40c-6.6 0-12 5.4-12 12v40c0 6.6 5.4 12 12 12h40c6.6 0 12-5.4 12-12zm96 0v-40c0-6.6-5.4-12-12-12h-40c-6.6 0-12 5.4-12 12v40c0 6.6 5.4 12 12 12h40c6.6 0 12-5.4 12-12zm-96 96v-40c0-6.6-5.4-12-12-12h-40c-6.6 0-12 5.4-12 12v40c0 6.6 5.4 12 12 12h40c6.6 0 12-5.4 12-12zm-96 0v-40c0-6.6-5.4-12-12-12h-40c-6.6 0-12 5.4-12 12v40c0 6.6 5.4 12 12 12h40c6.6 0 12-5.4 12-12zm192 0v-40c0-6.6-5.4-12-12-12h-40c-6.6 0-12 5.4-12 12v40c0 6.6 5.4 12 12 12h40c6.6 0 12-5.4 12-12zm96-260v352c0 26.5-21.5 48-48 48H48c-26.5 0-48-21.5-48-48V112c0-26.5 21.5-48 48-48h48V12c0-6.6 5.4-12 12-12h40c6.6 0 12 5.4 12 12v52h128V12c0-6.6 5.4-12 12-12h40c6.6 0 12 5.4 12 12v52h48c26.5 0 48 21.5 48 48zm-48 346V160H48v298c0 3.3 2.7 6 6 6h340c3.3 0 6-2.7 6-6z\"><\/path><\/svg>\t\t\t<\/span>\n\t\t\t\t\t\t\t\t\t<span class=\"elementor-button-text\">Voir la programmation 2025 (\u00e0 venir)<\/span>\n\t\t\t\t\t<\/span>\n\t\t\t\t\t<\/a>\n\t\t\t\t<\/div>\n\t\t\t\t\t\t\t\t<\/div>\n\t\t\t\t<\/div>\n\t\t<div class=\"elementor-element elementor-element-5829c28d e-con-full e-flex e-con e-child\" data-id=\"5829c28d\" data-element_type=\"container\" data-e-type=\"container\">\n\t\t\t\t<div class=\"elementor-element elementor-element-5508abea elementor-widget__width-initial elementor-widget-mobile__width-inherit elementor-widget-tablet__width-inherit elementor-widget-mobile_extra__width-inherit elementor-widget elementor-widget-text-editor\" data-id=\"5508abea\" data-element_type=\"widget\" data-e-type=\"widget\" data-widget_type=\"text-editor.default\">\n\t\t\t\t<div class=\"elementor-widget-container\">\n\t\t\t\t\t\t\t\t\t<div class=\"x_elementToProof\" data-ogsc=\"rgb(0, 0, 0)\" data-olk-copy-source=\"MessageBody\">La principale f\u00eate d&rsquo;Alicante, d\u00e9clar\u00e9e d&rsquo;<strong>int\u00e9r\u00eat touristique international<\/strong>, est une c\u00e9l\u00e9bration pleine de tradition et de joie qui marque le d\u00e9but de l&rsquo;\u00e9t\u00e9. Ses origines remontent \u00e0 la coutume de br\u00fbler les objets inutiles \u00e0 l&rsquo;arriv\u00e9e du solstice.<br \/>\nChaque ann\u00e9e, <strong>du 20 au 24 juin<\/strong>, la ville se remplit de lumi\u00e8re, de couleurs, de musique et de feux d&rsquo;artifice, avec un programme d&rsquo;\u00e9v\u00e9nements qui enthousiasme les habitants et les visiteurs. L&rsquo;esprit festif commence avec le \u00ab\u00a0Preg\u00f3n\u00a0\u00bb et le \u00ab\u00a0Plant\u00e0\u00a0\u00bb, lorsque les feux de joie, cr\u00e9\u00e9s avec esprit et humour, sont plac\u00e9s dans diff\u00e9rents endroits de la ville. Ces monuments \u00e9ph\u00e9m\u00e8res sont le c\u0153ur de la f\u00eate et sont accompagn\u00e9s de d\u00e9fil\u00e9s, de processions et du traditionnel d\u00e9fil\u00e9 du \u00ab\u00a0Ninot\u00a0\u00bb. Le moment le plus attendu est le 24 juin, jour de la Saint-Jean, lorsque le feu purificateur consume les b\u00fbchers dans un spectacle fascinant qui enveloppe la ville de flammes, de lumi\u00e8re et d&rsquo;\u00e9motion. Les Fogueres comprennent \u00e9galement l&rsquo;une des corridas les plus remarquables d&rsquo;Espagne et, apr\u00e8s les grandes journ\u00e9es, la f\u00eate se poursuit avec l&rsquo;impressionnant concours de feux d&rsquo;artifice sur la plage de Coc\u00f3, \u00e0 c\u00f4t\u00e9 du Postiguet, du 25 au 29 juin, jour de la Saint-Pierre et de la Saint-Paul.   <\/p>\n<\/div>\n\t\t\t\t\t\t\t\t<\/div>\n\t\t\t\t<\/div>\n\t\t<div class=\"elementor-element elementor-element-204def3 e-con-full e-flex e-con e-child\" data-id=\"204def3\" data-element_type=\"container\" data-e-type=\"container\">\n\t\t\t\t<div class=\"elementor-element elementor-element-70f5569 elementor-widget__width-initial elementor-widget-mobile_extra__width-inherit elementor-widget elementor-widget-image\" data-id=\"70f5569\" data-element_type=\"widget\" data-e-type=\"widget\" data-widget_type=\"image.default\">\n\t\t\t\t<div class=\"elementor-widget-container\">\n\t\t\t\t\t\t\t\t\t\t\t\t\t\t\t<img fetchpriority=\"high\" decoding=\"async\" width=\"2016\" height=\"1512\" src=\"https:\/\/alicanteturismo.com\/wp-content\/uploads\/2024\/05\/IMG_4581-1-1-e1729767909782.jpg\" class=\"attachment-full size-full wp-image-279977\" alt=\"\" \/>\t\t\t\t\t\t\t\t\t\t\t\t\t\t\t<\/div>\n\t\t\t\t<\/div>\n\t\t\t\t<\/div>\n\t\t\t\t<\/div>\n\t\t<div class=\"elementor-element elementor-element-41eb0be9 e-con-full e-flex e-con e-child\" data-id=\"41eb0be9\" data-element_type=\"container\" data-e-type=\"container\">\n\t\t<div class=\"elementor-element elementor-element-a1ad889 e-con-full e-flex e-con e-child\" data-id=\"a1ad889\" data-element_type=\"container\" data-e-type=\"container\">\n\t\t\t\t<div class=\"elementor-element elementor-element-3928271 elementor-widget elementor-widget-heading\" data-id=\"3928271\" data-element_type=\"widget\" data-e-type=\"widget\" data-widget_type=\"heading.default\">\n\t\t\t\t<div class=\"elementor-widget-container\">\n\t\t\t\t\t<h2 class=\"elementor-heading-title elementor-size-default\">Las Hogueras : monuments d'art \u00e9ph\u00e9m\u00e8res<\/h2>\t\t\t\t<\/div>\n\t\t\t\t<\/div>\n\t\t\t\t<div class=\"elementor-element elementor-element-2eebf626 elementor-widget__width-inherit elementor-widget elementor-widget-text-editor\" data-id=\"2eebf626\" data-element_type=\"widget\" data-e-type=\"widget\" data-widget_type=\"text-editor.default\">\n\t\t\t\t<div class=\"elementor-widget-container\">\n\t\t\t\t\t\t\t\t\t<p>Les Hogueras sont des \u0153uvres d&rsquo;art impressionnantes qui combinent sculpture et peinture et peuvent atteindre 12 m\u00e8tres de haut. Chaque monument, construit avec des mat\u00e9riaux tels que le bois et le li\u00e8ge, repr\u00e9sente une critique sociale \u00e0 travers des sc\u00e8nes satiriques form\u00e9es par les c\u00e9l\u00e8bres ninots. Ces cr\u00e9ations, class\u00e9es en diff\u00e9rentes cat\u00e9gories selon leur budget, sont jug\u00e9es pour leur cr\u00e9ativit\u00e9 par un jury avant d&rsquo;\u00eatre consum\u00e9es par le feu lors de la crem\u00e0. Le 24 juin, \u00e0 minuit et apr\u00e8s des jours d&rsquo;admiration, elles sont consum\u00e9es par les flammes lors de la magique \u00ab\u00a0Nit de la Crem\u00e0\u00a0\u00bb, cl\u00f4turant les festivit\u00e9s par un spectaculaire feu purificateur et le traditionnel \u00ab\u00a0Bany\u00e0\u00a0\u00bb. <\/p>\n\t\t\t\t\t\t\t\t<\/div>\n\t\t\t\t<\/div>\n\t\t\t\t<\/div>\n\t\t\t\t<\/div>\n\t\t<div class=\"elementor-element elementor-element-bbf301e e-con-full e-flex e-con e-child\" data-id=\"bbf301e\" data-element_type=\"container\" data-e-type=\"container\">\n\t\t\t\t<div class=\"elementor-element elementor-element-ec00120 elementor-widget__width-initial elementor-widget-mobile__width-inherit elementor-widget-tablet__width-inherit elementor-widget elementor-widget-image\" data-id=\"ec00120\" data-element_type=\"widget\" data-e-type=\"widget\" data-widget_type=\"image.default\">\n\t\t\t\t<div class=\"elementor-widget-container\">\n\t\t\t\t\t\t\t\t\t\t\t\t\t\t\t<img decoding=\"async\" width=\"1920\" height=\"1280\" src=\"https:\/\/alicanteturismo.com\/wp-content\/uploads\/2024\/05\/Mascleta-en-Plaza-de-Los-Luceros-2024.-Foto-cedida-por-Borja-Lopez-1-1-e1730389024110.jpg\" class=\"attachment-full size-full wp-image-280950\" alt=\"\" \/>\t\t\t\t\t\t\t\t\t\t\t\t\t\t\t<\/div>\n\t\t\t\t<\/div>\n\t\t<div class=\"elementor-element elementor-element-41ccfc2 e-con-full e-flex e-con e-child\" data-id=\"41ccfc2\" data-element_type=\"container\" data-e-type=\"container\">\n\t\t\t\t<div class=\"elementor-element elementor-element-0267855 elementor-widget elementor-widget-heading\" data-id=\"0267855\" data-element_type=\"widget\" data-e-type=\"widget\" data-widget_type=\"heading.default\">\n\t\t\t\t<div class=\"elementor-widget-container\">\n\t\t\t\t\t<h2 class=\"elementor-heading-title elementor-size-default\">Poudre \u00e0 canon et Masclet\u00e0s (feux d'artifice)<\/h2>\t\t\t\t<\/div>\n\t\t\t\t<\/div>\n\t\t\t\t<div class=\"elementor-element elementor-element-4335f80 elementor-widget__width-inherit elementor-widget elementor-widget-text-editor\" data-id=\"4335f80\" data-element_type=\"widget\" data-e-type=\"widget\" data-widget_type=\"text-editor.default\">\n\t\t\t\t<div class=\"elementor-widget-container\">\n\t\t\t\t\t\t\t\t\t<div data-ogsc=\"rgb(0, 0, 0)\" data-olk-copy-source=\"MessageBody\">Les <i>\u00ab\u00a0masclet\u00e0s\u00a0\u00bb<\/i> sont l&rsquo;\u00e2me sonore des feux de San Juan. Depuis le d\u00e9but de la f\u00eate, tous les jours \u00e0 14 heures sur la Plaza de los Luceros, les feux d&rsquo;artifice inondent l&rsquo;air d&rsquo;un grondement rythm\u00e9, faisant vibrer des milliers de spectateurs. Il s&rsquo;agit d&rsquo;une explosion de poudre que l&rsquo;on peut non seulement entendre, mais aussi sentir.  <\/div>\n<div data-ogsc=\"rgb(0, 0, 0)\">Outre les embl\u00e9matiques \u00ab\u00a0masclet\u00e0s\u00a0\u00bb quotidiennes des feux de San Juan, Alicante propose ces vibrants feux d&rsquo;artifice \u00e0 d&rsquo;autres moments de l&rsquo;ann\u00e9e. Tout au long du calendrier, des \u00ab\u00a0masclet\u00e0s\u00a0\u00bb sont organis\u00e9es dans diff\u00e9rents quartiers de la ville. <\/div>\n\t\t\t\t\t\t\t\t<\/div>\n\t\t\t\t<\/div>\n\t\t\t\t<\/div>\n\t\t\t\t<\/div>\n\t\t<div class=\"elementor-element elementor-element-d163d8f e-con-full e-flex e-con e-child\" data-id=\"d163d8f\" data-element_type=\"container\" data-e-type=\"container\">\n\t\t\t\t<div class=\"elementor-element elementor-element-6b31261 elementor-widget__width-initial elementor-widget-mobile__width-inherit elementor-widget-tablet__width-inherit elementor-widget elementor-widget-image\" data-id=\"6b31261\" data-element_type=\"widget\" data-e-type=\"widget\" data-widget_type=\"image.default\">\n\t\t\t\t<div class=\"elementor-widget-container\">\n\t\t\t\t\t\t\t\t\t\t\t\t\t\t\t<img decoding=\"async\" width=\"1920\" height=\"1280\" src=\"https:\/\/alicanteturismo.com\/wp-content\/uploads\/2024\/05\/Indumentaria-de-Hogueras.-Foto-cedida-por-Borja-Lopez-1-e1730389123621.jpg\" class=\"attachment-full size-full wp-image-280955\" alt=\"\" \/>\t\t\t\t\t\t\t\t\t\t\t\t\t\t\t<\/div>\n\t\t\t\t<\/div>\n\t\t<div class=\"elementor-element elementor-element-d491d8d e-con-full e-flex e-con e-child\" data-id=\"d491d8d\" data-element_type=\"container\" data-e-type=\"container\">\n\t\t\t\t<div class=\"elementor-element elementor-element-55b523d elementor-widget elementor-widget-heading\" data-id=\"55b523d\" data-element_type=\"widget\" data-e-type=\"widget\" data-widget_type=\"heading.default\">\n\t\t\t\t<div class=\"elementor-widget-container\">\n\t\t\t\t\t<h2 class=\"elementor-heading-title elementor-size-default\">V\u00eatements traditionnels<\/h2>\t\t\t\t<\/div>\n\t\t\t\t<\/div>\n\t\t\t\t<div class=\"elementor-element elementor-element-51bb85a elementor-widget__width-inherit elementor-widget elementor-widget-text-editor\" data-id=\"51bb85a\" data-element_type=\"widget\" data-e-type=\"widget\" data-widget_type=\"text-editor.default\">\n\t\t\t\t<div class=\"elementor-widget-container\">\n\t\t\t\t\t\t\t\t\t<div data-ogsc=\"rgb(0, 0, 0)\" data-olk-copy-source=\"MessageBody\">Les costumes typiques de Las Hogueras de San Juan sont un symbole de la tradition et de la splendeur de ces festivit\u00e9s \u00e0 Alicante.<\/div>\n<div data-ogsc=\"rgb(0, 0, 0)\">Tenue des Belleas del Foc et de leurs demoiselles d&rsquo;honneur : les \u00ab\u00a0Belleas del Foc\u00a0\u00bb (Belles du feu) et leurs demoiselles d&rsquo;honneur repr\u00e9sentent l&rsquo;essence de la f\u00eate avec des costumes valenciens luxueux et \u00e9labor\u00e9s. Ces costumes comprennent des jupes volumineuses, des bijoux surdimensionn\u00e9s et des coiffures traditionnelles qui soulignent leur r\u00f4le central dans la f\u00eate. <\/div>\n<div data-ogsc=\"rgb(0, 0, 0)\">Costumes de Foguerer et de Foguerera : les repr\u00e9sentants de chaque feu de joie portent des costumes r\u00e9gionaux. Les hommes portent des pantalons serr\u00e9s, appel\u00e9s \u00ab\u00a0zarag\u00fcelles\u00a0\u00bb, ainsi qu&rsquo;une chemise, une ceinture et un gilet d\u00e9cor\u00e9. Les femmes portent des jupes longues et larges, appel\u00e9es \u00ab\u00a0jupes fallera\u00a0\u00bb, un chemisier, un ch\u00e2le ou une \u00e9charpe et une coiffure orn\u00e9e d&rsquo;accessoires traditionnels.  <\/div>\n<div data-ogsc=\"rgb(0, 0, 0)\">Les v\u00eatements traditionnels port\u00e9s lors des feux de joie de San Juan refl\u00e8tent le riche patrimoine culturel et les traditions profond\u00e9ment enracin\u00e9es d&rsquo;Alicante, et constituent un \u00e9l\u00e9ment essentiel de la fiert\u00e9 et de l&rsquo;identit\u00e9 d&rsquo;Alicante.<\/div>\n\t\t\t\t\t\t\t\t<\/div>\n\t\t\t\t<\/div>\n\t\t\t\t<\/div>\n\t\t\t\t<\/div>\n\t\t<div class=\"elementor-element elementor-element-121f9d0 e-con-full e-flex e-con e-child\" data-id=\"121f9d0\" data-element_type=\"container\" data-e-type=\"container\">\n\t\t\t\t<div class=\"elementor-element elementor-element-d8b14e1 elementor-widget__width-initial elementor-widget-mobile__width-inherit elementor-widget-tablet__width-inherit elementor-widget elementor-widget-image\" data-id=\"d8b14e1\" data-element_type=\"widget\" data-e-type=\"widget\" data-widget_type=\"image.default\">\n\t\t\t\t<div class=\"elementor-widget-container\">\n\t\t\t\t\t\t\t\t\t\t\t\t\t\t\t<img loading=\"lazy\" decoding=\"async\" width=\"1920\" height=\"1280\" src=\"https:\/\/alicanteturismo.com\/wp-content\/uploads\/2024\/05\/Hogueras-2024.-Ofrenda-a-la-Virgen-del-Remedio.-Foto-cedida-por-Borja-Lopez-1-1-e1730389293364.jpg\" class=\"attachment-full size-full wp-image-280960\" alt=\"\" \/>\t\t\t\t\t\t\t\t\t\t\t\t\t\t\t<\/div>\n\t\t\t\t<\/div>\n\t\t<div class=\"elementor-element elementor-element-5609693 e-con-full e-flex e-con e-child\" data-id=\"5609693\" data-element_type=\"container\" data-e-type=\"container\">\n\t\t\t\t<div class=\"elementor-element elementor-element-f64480f elementor-widget elementor-widget-heading\" data-id=\"f64480f\" data-element_type=\"widget\" data-e-type=\"widget\" data-widget_type=\"heading.default\">\n\t\t\t\t<div class=\"elementor-widget-container\">\n\t\t\t\t\t<h2 class=\"elementor-heading-title elementor-size-default\">Comisiones de Hogueras y Portadas de Barracas (Commissions des feux de joie et des casernes)<\/h2>\t\t\t\t<\/div>\n\t\t\t\t<\/div>\n\t\t\t\t<div class=\"elementor-element elementor-element-d78ba2e elementor-widget__width-inherit elementor-widget elementor-widget-text-editor\" data-id=\"d78ba2e\" data-element_type=\"widget\" data-e-type=\"widget\" data-widget_type=\"text-editor.default\">\n\t\t\t\t<div class=\"elementor-widget-container\">\n\t\t\t\t\t\t\t\t\t<div data-ogsc=\"rgb(0, 0, 0)\" data-olk-copy-source=\"MessageBody\">Les commissions sont l&rsquo;\u00e2me de la f\u00eate, charg\u00e9es de transformer chaque quartier en une sc\u00e8ne festive. Pendant les jours de f\u00eate, elles plantent les monuments et cr\u00e9ent des espaces o\u00f9 voisins et visiteurs peuvent se rencontrer, partager et s&rsquo;amuser. <\/div>\n<div data-ogsc=\"rgb(0, 0, 0)\">Les barracas se distinguent par leurs portes d&rsquo;entr\u00e9e, authentiques \u0153uvres d&rsquo;art qui allient cr\u00e9ativit\u00e9 et tradition. D\u00e9cor\u00e9es de motifs faisant r\u00e9f\u00e9rence aux coutumes, \u00e0 la gastronomie et \u00e0 l&rsquo;histoire d&rsquo;Alicante, ces entr\u00e9es marquent l&rsquo;identit\u00e9 de chaque barraca et de sa commission. <\/div>\n\t\t\t\t\t\t\t\t<\/div>\n\t\t\t\t<\/div>\n\t\t\t\t<\/div>\n\t\t\t\t<\/div>\n\t\t<div class=\"elementor-element elementor-element-b0eac8b e-con-full e-flex e-con e-child\" data-id=\"b0eac8b\" data-element_type=\"container\" data-e-type=\"container\">\n\t\t\t\t<div class=\"elementor-element elementor-element-469ff19 elementor-widget__width-initial elementor-widget-mobile__width-inherit elementor-widget-tablet__width-inherit elementor-widget elementor-widget-image\" data-id=\"469ff19\" data-element_type=\"widget\" data-e-type=\"widget\" data-widget_type=\"image.default\">\n\t\t\t\t<div class=\"elementor-widget-container\">\n\t\t\t\t\t\t\t\t\t\t\t\t\t\t\t<img loading=\"lazy\" decoding=\"async\" width=\"1800\" height=\"1013\" src=\"https:\/\/alicanteturismo.com\/wp-content\/uploads\/2024\/05\/ninots.jpg\" class=\"attachment-full size-full wp-image-274811\" alt=\"\" srcset=\"https:\/\/alicanteturismo.com\/wp-content\/uploads\/2024\/05\/ninots.jpg 1800w, https:\/\/alicanteturismo.com\/wp-content\/uploads\/2024\/05\/ninots-300x169.jpg 300w, https:\/\/alicanteturismo.com\/wp-content\/uploads\/2024\/05\/ninots-1024x576.jpg 1024w, https:\/\/alicanteturismo.com\/wp-content\/uploads\/2024\/05\/ninots-768x432.jpg 768w, https:\/\/alicanteturismo.com\/wp-content\/uploads\/2024\/05\/ninots-1536x864.jpg 1536w\" sizes=\"(max-width: 1800px) 100vw, 1800px\" \/>\t\t\t\t\t\t\t\t\t\t\t\t\t\t\t<\/div>\n\t\t\t\t<\/div>\n\t\t<div class=\"elementor-element elementor-element-bb939e9 e-con-full e-flex e-con e-child\" data-id=\"bb939e9\" data-element_type=\"container\" data-e-type=\"container\">\n\t\t\t\t<div class=\"elementor-element elementor-element-d72f665 elementor-widget elementor-widget-heading\" data-id=\"d72f665\" data-element_type=\"widget\" data-e-type=\"widget\" data-widget_type=\"heading.default\">\n\t\t\t\t<div class=\"elementor-widget-container\">\n\t\t\t\t\t<h2 class=\"elementor-heading-title elementor-size-default\">Nanos, Gegants et Les Danses : la danse du festival<\/h2>\t\t\t\t<\/div>\n\t\t\t\t<\/div>\n\t\t\t\t<div class=\"elementor-element elementor-element-6e27e00 elementor-widget__width-inherit elementor-widget elementor-widget-text-editor\" data-id=\"6e27e00\" data-element_type=\"widget\" data-e-type=\"widget\" data-widget_type=\"text-editor.default\">\n\t\t\t\t<div class=\"elementor-widget-container\">\n\t\t\t\t\t\t\t\t\t<div data-ogsc=\"rgb(0, 0, 0)\" data-olk-copy-source=\"MessageBody\">Depuis le XVe si\u00e8cle, les <i>\u00ab\u00a0nanos i gegants\u00a0\u00bb <\/i> font partie des festivit\u00e9s d&rsquo;Alicante. Ces figures g\u00e9antes d\u00e9filent dans les rues, apportant joie et tradition aux feux de joie. <\/div>\n<div data-ogsc=\"rgb(0, 0, 0)\">La danse traditionnelle valencienne, connue sous le nom de<i> \u00ab\u00a0les danses\u00a0\u00bb<\/i>, ajoute une touche folklorique \u00e0 la f\u00eate. Cette danse, qui est ex\u00e9cut\u00e9e sur les places et dans les rues pendant les c\u00e9l\u00e9brations, relie les habitants d&rsquo;Alicante \u00e0 leurs racines culturelles et offre un spectacle plein de couleurs et de joie. <\/div>\n\t\t\t\t\t\t\t\t<\/div>\n\t\t\t\t<\/div>\n\t\t\t\t<\/div>\n\t\t\t\t<\/div>\n\t\t<div class=\"elementor-element elementor-element-670d13f e-con-full elementor-hidden-mobile_extra elementor-hidden-mobile e-flex e-con e-child\" data-id=\"670d13f\" data-element_type=\"container\" data-e-type=\"container\">\n\t\t\t\t<div class=\"elementor-element elementor-element-55e82fe elementor-flip-box--effect-slide elementor-widget__width-initial elementor-flip-box--direction-up elementor-widget elementor-widget-flip-box\" data-id=\"55e82fe\" data-element_type=\"widget\" data-e-type=\"widget\" data-widget_type=\"flip-box.default\">\n\t\t\t\t<div class=\"elementor-widget-container\">\n\t\t\t\t\t\t\t<div class=\"elementor-flip-box\" tabindex=\"0\">\n\t\t\t<div class=\"elementor-flip-box__layer elementor-flip-box__front\">\n\t\t\t\t<div class=\"elementor-flip-box__layer__overlay\">\n\t\t\t\t\t<div class=\"elementor-flip-box__layer__inner\">\n\t\t\t\t\t\t\t\t\t\t\t\t\t<div class=\"elementor-icon-wrapper elementor-view-default\">\n\t\t\t\t\t\t\t\t<div class=\"elementor-icon\">\n\t\t\t\t\t\t\t\t\t\t\t\t\t\t\t\t\t<\/div>\n\t\t\t\t\t\t\t<\/div>\n\t\t\t\t\t\t\n\t\t\t\t\t\t\t\t\t\t\t\t\t<h3 class=\"elementor-flip-box__layer__title\">\n\t\t\t\t\t\t\t\tMuseu de Fogueres : un tr\u00e9sor de tradition\t\t\t\t\t\t\t<\/h3>\n\t\t\t\t\t\t\n\t\t\t\t\t\t\t\t\t\t\t<\/div>\n\t\t\t\t<\/div>\n\t\t\t<\/div>\n\t\t\t<div class=\"elementor-flip-box__layer elementor-flip-box__back\">\n\t\t\t<div class=\"elementor-flip-box__layer__overlay\">\n\t\t\t\t<div class=\"elementor-flip-box__layer__inner\">\n\t\t\t\t\t\t\t\t\t\t\t<h3 class=\"elementor-flip-box__layer__title\">\n\t\t\t\t\t\t\tMuseu de Fogueres : un tr\u00e9sor de tradition\t\t\t\t\t\t<\/h3>\n\t\t\t\t\t\n\t\t\t\t\t\t\t\t\t\t\t<div class=\"elementor-flip-box__layer__description\">\n\t\t\t\t\t\t\t<p><span data-olk-copy-source=\"MessageBody\">Le Museu de Fogueres d&rsquo;Alicante joue un r\u00f4le essentiel dans la pr\u00e9servation et la c\u00e9l\u00e9bration de la richesse culturelle des Hogueras de San Juan. Ce mus\u00e9e, consacr\u00e9 \u00e0 la f\u00eate la plus embl\u00e9matique de la ville, offre un aper\u00e7u approfondi de l&rsquo;histoire, de l&rsquo;\u00e9volution et de la signification des feux de joie. Il expose des maquettes, des photographies, des ninots graci\u00e9s, des costumes traditionnels et des \u00e9l\u00e9ments repr\u00e9sentatifs des feux de joie, ce qui permet aux visiteurs et aux habitants de la ville d&rsquo;en savoir plus sur cette tradition dynamique.  <\/span><\/p>\n\t\t\t\t\t\t<\/div>\n\t\t\t\t\t\n\t\t\t\t\t\t\t\t\t\t\t<a class=\"elementor-flip-box__button elementor-button elementor-size-sm\" href=\"https:\/\/alicanteturismo.com\/fr\/museos\/musee-fogueres\/\">\n\t\t\t\t\t\t\tEn savoir plus\t\t\t\t\t\t<\/a>\n\t\t\t\t\t\t\t\t<\/div>\n\t\t<\/div>\n\t\t<\/div>\n\t\t<\/div>\n\t\t\t\t\t\t<\/div>\n\t\t\t\t<\/div>\n\t\t\t\t<div class=\"elementor-element elementor-element-9060a74 elementor-flip-box--effect-slide elementor-widget__width-initial elementor-flip-box--direction-up elementor-widget elementor-widget-flip-box\" data-id=\"9060a74\" data-element_type=\"widget\" data-e-type=\"widget\" data-widget_type=\"flip-box.default\">\n\t\t\t\t<div class=\"elementor-widget-container\">\n\t\t\t\t\t\t\t<div class=\"elementor-flip-box\" tabindex=\"0\">\n\t\t\t<div class=\"elementor-flip-box__layer elementor-flip-box__front\">\n\t\t\t\t<div class=\"elementor-flip-box__layer__overlay\">\n\t\t\t\t\t<div class=\"elementor-flip-box__layer__inner\">\n\t\t\t\t\t\t\t\t\t\t\t\t\t<div class=\"elementor-icon-wrapper elementor-view-default\">\n\t\t\t\t\t\t\t\t<div class=\"elementor-icon\">\n\t\t\t\t\t\t\t\t\t\t\t\t\t\t\t\t\t<\/div>\n\t\t\t\t\t\t\t<\/div>\n\t\t\t\t\t\t\n\t\t\t\t\t\t\t\t\t\t\t\t\t<h3 class=\"elementor-flip-box__layer__title\">\n\t\t\t\t\t\t\t\tCoca amb Tonyina : la saveur de Las Hogueras\t\t\t\t\t\t\t<\/h3>\n\t\t\t\t\t\t\n\t\t\t\t\t\t\t\t\t\t\t<\/div>\n\t\t\t\t<\/div>\n\t\t\t<\/div>\n\t\t\t<div class=\"elementor-flip-box__layer elementor-flip-box__back\">\n\t\t\t<div class=\"elementor-flip-box__layer__overlay\">\n\t\t\t\t<div class=\"elementor-flip-box__layer__inner\">\n\t\t\t\t\t\t\t\t\t\t\t<h3 class=\"elementor-flip-box__layer__title\">\n\t\t\t\t\t\t\tCoca amb Tonyina : la saveur de Las Hogueras\t\t\t\t\t\t<\/h3>\n\t\t\t\t\t\n\t\t\t\t\t\t\t\t\t\t\t<div class=\"elementor-flip-box__layer__description\">\n\t\t\t\t\t\t\t<div data-ogsc=\"rgb(0, 0, 0)\" data-olk-copy-source=\"MessageBody\">Le Coca amb Tonyina est la friandise embl\u00e9matique de la principale f\u00eate d&rsquo;Alicante. Il s&rsquo;agit d&rsquo;une fine tarte fourr\u00e9e \u00e0 la ventr\u00e8che de thon, que l&rsquo;on d\u00e9guste surtout le 20 juin, lors de la plant\u00e1 de las hogueras (feux de joie). Traditionnellement, elle est accompagn\u00e9e de \u00ab\u00a0bacores\u00a0\u00bb, le fruit du figuier \u00e0 maturit\u00e9.  <\/div>\n<div data-ogsc=\"rgb(0, 0, 0)\">La coca, juteuse et d\u00e9licieuse, est encore plus savoureuse lorsqu&rsquo;elle est d\u00e9gust\u00e9e dans la rue, dans une barraca ou sur une terrasse, refl\u00e9tant ainsi le caract\u00e8re festif et ambulant des c\u00e9l\u00e9brations. De nombreux habitants d&rsquo;Alicante commencent d\u00e9j\u00e0 \u00e0 la d\u00e9guster avant la grande f\u00eate, tout en profitant de l&rsquo;ambiance festive et de la magie de la f\u00eate. <\/div>\n\t\t\t\t\t\t<\/div>\n\t\t\t\t\t\n\t\t\t\t\t\t\t\t\t\t\t<a class=\"elementor-flip-box__button elementor-button elementor-size-sm\" href=\"https:\/\/alicanteturismo.com\/recetas\/coca-amb-tonyina\/\">\n\t\t\t\t\t\t\tEn savoir plus\t\t\t\t\t\t<\/a>\n\t\t\t\t\t\t\t\t<\/div>\n\t\t<\/div>\n\t\t<\/div>\n\t\t<\/div>\n\t\t\t\t\t\t<\/div>\n\t\t\t\t<\/div>\n\t\t\t\t<div class=\"elementor-element elementor-element-eeb46c5 elementor-flip-box--effect-slide elementor-widget__width-initial elementor-widget-tablet_extra__width-inherit elementor-widget-tablet__width-inherit elementor-flip-box--direction-up elementor-widget elementor-widget-flip-box\" data-id=\"eeb46c5\" data-element_type=\"widget\" data-e-type=\"widget\" data-widget_type=\"flip-box.default\">\n\t\t\t\t<div class=\"elementor-widget-container\">\n\t\t\t\t\t\t\t<div class=\"elementor-flip-box\" tabindex=\"0\">\n\t\t\t<div class=\"elementor-flip-box__layer elementor-flip-box__front\">\n\t\t\t\t<div class=\"elementor-flip-box__layer__overlay\">\n\t\t\t\t\t<div class=\"elementor-flip-box__layer__inner\">\n\t\t\t\t\t\t\t\t\t\t\t\t\t<div class=\"elementor-icon-wrapper elementor-view-default\">\n\t\t\t\t\t\t\t\t<div class=\"elementor-icon\">\n\t\t\t\t\t\t\t\t\t\t\t\t\t\t\t\t\t<\/div>\n\t\t\t\t\t\t\t<\/div>\n\t\t\t\t\t\t\n\t\t\t\t\t\t\t\t\t\t\t\t\t<h3 class=\"elementor-flip-box__layer__title\">\n\t\t\t\t\t\t\t\tConcours de feux d'artifice : la boucle d'or des feux de joie de San Juan\t\t\t\t\t\t\t<\/h3>\n\t\t\t\t\t\t\n\t\t\t\t\t\t\t\t\t\t\t<\/div>\n\t\t\t\t<\/div>\n\t\t\t<\/div>\n\t\t\t<div class=\"elementor-flip-box__layer elementor-flip-box__back\">\n\t\t\t<div class=\"elementor-flip-box__layer__overlay\">\n\t\t\t\t<div class=\"elementor-flip-box__layer__inner\">\n\t\t\t\t\t\t\t\t\t\t\t<h3 class=\"elementor-flip-box__layer__title\">\n\t\t\t\t\t\t\tConcours de feux d'artifice : la boucle d'or des feux de joie de San Juan\t\t\t\t\t\t<\/h3>\n\t\t\t\t\t\n\t\t\t\t\t\t\t\t\t\t\t<div class=\"elementor-flip-box__layer__description\">\n\t\t\t\t\t\t\t<div data-ogsc=\"rgb(0, 0, 0)\" data-olk-copy-source=\"MessageBody\">Il se d\u00e9roule du 25 au 29 juin sur la plage du Postiguet. Ce spectacle pyrotechnique est le point d&rsquo;orgue des festivit\u00e9s, o\u00f9 des concurrents de renomm\u00e9e internationale pr\u00e9sentent des feux d&rsquo;artifice impressionnants. <\/div>\n<div data-ogsc=\"rgb(0, 0, 0)\">Cet \u00e9v\u00e9nement offre une exp\u00e9rience visuelle inoubliable, consolidant les feux de joie de San Juan comme l&rsquo;une des f\u00eates les plus spectaculaires d&rsquo;Espagne.<\/div>\n\t\t\t\t\t\t<\/div>\n\t\t\t\t\t\n\t\t\t\t\t\t\t\t\t\t\t<a class=\"elementor-flip-box__button elementor-button elementor-size-sm\" href=\"https:\/\/alicanteturismo.com\/fr\/fiestas\/feux-de-joie-de-san-juan\/#eventoshogueras\">\n\t\t\t\t\t\t\tEn savoir plus\t\t\t\t\t\t<\/a>\n\t\t\t\t\t\t\t\t<\/div>\n\t\t<\/div>\n\t\t<\/div>\n\t\t<\/div>\n\t\t\t\t\t\t<\/div>\n\t\t\t\t<\/div>\n\t\t\t\t<\/div>\n\t\t<div class=\"elementor-element elementor-element-7ae0aca e-con-full elementor-hidden-widescreen elementor-hidden-desktop elementor-hidden-laptop elementor-hidden-tablet_extra elementor-hidden-tablet e-flex e-con e-child\" data-id=\"7ae0aca\" data-element_type=\"container\" data-e-type=\"container\">\n\t\t\t\t<div class=\"elementor-element elementor-element-7415c72 elementor-flip-box--effect-slide elementor-widget__width-initial elementor-flip-box--direction-up elementor-widget elementor-widget-flip-box\" data-id=\"7415c72\" data-element_type=\"widget\" data-e-type=\"widget\" data-widget_type=\"flip-box.default\">\n\t\t\t\t<div class=\"elementor-widget-container\">\n\t\t\t\t\t\t\t<div class=\"elementor-flip-box\" tabindex=\"0\">\n\t\t\t<div class=\"elementor-flip-box__layer elementor-flip-box__front\">\n\t\t\t\t<div class=\"elementor-flip-box__layer__overlay\">\n\t\t\t\t\t<div class=\"elementor-flip-box__layer__inner\">\n\t\t\t\t\t\t\t\t\t\t\t\t\t<div class=\"elementor-icon-wrapper elementor-view-default\">\n\t\t\t\t\t\t\t\t<div class=\"elementor-icon\">\n\t\t\t\t\t\t\t\t\t\t\t\t\t\t\t\t\t<\/div>\n\t\t\t\t\t\t\t<\/div>\n\t\t\t\t\t\t\n\t\t\t\t\t\t\t\t\t\t\t\t\t<h3 class=\"elementor-flip-box__layer__title\">\n\t\t\t\t\t\t\t\tMuseu de Fogueres : un tr\u00e9sor de tradition\t\t\t\t\t\t\t<\/h3>\n\t\t\t\t\t\t\n\t\t\t\t\t\t\t\t\t\t\t<\/div>\n\t\t\t\t<\/div>\n\t\t\t<\/div>\n\t\t\t<div class=\"elementor-flip-box__layer elementor-flip-box__back\">\n\t\t\t<div class=\"elementor-flip-box__layer__overlay\">\n\t\t\t\t<div class=\"elementor-flip-box__layer__inner\">\n\t\t\t\t\t\t\t\t\t\t\t<h3 class=\"elementor-flip-box__layer__title\">\n\t\t\t\t\t\t\tFeux de joie de San Juan\t\t\t\t\t\t<\/h3>\n\t\t\t\t\t\n\t\t\t\t\t\n\t\t\t\t\t\t\t\t\t\t\t<a class=\"elementor-flip-box__button elementor-button elementor-size-xs\" href=\"https:\/\/alicanteturismo.com\/fr\/museos\/musee-fogueres\/\">\n\t\t\t\t\t\t\tEn savoir plus\t\t\t\t\t\t<\/a>\n\t\t\t\t\t\t\t\t<\/div>\n\t\t<\/div>\n\t\t<\/div>\n\t\t<\/div>\n\t\t\t\t\t\t<\/div>\n\t\t\t\t<\/div>\n\t\t\t\t<div class=\"elementor-element elementor-element-06862a1 elementor-flip-box--effect-slide elementor-widget__width-initial elementor-flip-box--direction-up elementor-widget elementor-widget-flip-box\" data-id=\"06862a1\" data-element_type=\"widget\" data-e-type=\"widget\" data-widget_type=\"flip-box.default\">\n\t\t\t\t<div class=\"elementor-widget-container\">\n\t\t\t\t\t\t\t<div class=\"elementor-flip-box\" tabindex=\"0\">\n\t\t\t<div class=\"elementor-flip-box__layer elementor-flip-box__front\">\n\t\t\t\t<div class=\"elementor-flip-box__layer__overlay\">\n\t\t\t\t\t<div class=\"elementor-flip-box__layer__inner\">\n\t\t\t\t\t\t\t\t\t\t\t\t\t<div class=\"elementor-icon-wrapper elementor-view-default\">\n\t\t\t\t\t\t\t\t<div class=\"elementor-icon\">\n\t\t\t\t\t\t\t\t\t\t\t\t\t\t\t\t\t<\/div>\n\t\t\t\t\t\t\t<\/div>\n\t\t\t\t\t\t\n\t\t\t\t\t\t\t\t\t\t\t\t\t<h3 class=\"elementor-flip-box__layer__title\">\n\t\t\t\t\t\t\t\tCoca amb Tonyina : la saveur de Las Hogueras\t\t\t\t\t\t\t<\/h3>\n\t\t\t\t\t\t\n\t\t\t\t\t\t\t\t\t\t\t<\/div>\n\t\t\t\t<\/div>\n\t\t\t<\/div>\n\t\t\t<div class=\"elementor-flip-box__layer elementor-flip-box__back\">\n\t\t\t<div class=\"elementor-flip-box__layer__overlay\">\n\t\t\t\t<div class=\"elementor-flip-box__layer__inner\">\n\t\t\t\t\t\t\t\t\t\t\t<h3 class=\"elementor-flip-box__layer__title\">\n\t\t\t\t\t\t\tCoca amb Tonyina : la saveur de Las Hogueras\t\t\t\t\t\t<\/h3>\n\t\t\t\t\t\n\t\t\t\t\t\n\t\t\t\t\t\t\t\t\t\t\t<a class=\"elementor-flip-box__button elementor-button elementor-size-xs\" href=\"https:\/\/alicanteturismo.com\/recetas\/coca-amb-tonyina\/\">\n\t\t\t\t\t\t\tEn savoir plus\t\t\t\t\t\t<\/a>\n\t\t\t\t\t\t\t\t<\/div>\n\t\t<\/div>\n\t\t<\/div>\n\t\t<\/div>\n\t\t\t\t\t\t<\/div>\n\t\t\t\t<\/div>\n\t\t\t\t<div class=\"elementor-element elementor-element-7049840 elementor-flip-box--effect-slide elementor-widget__width-initial elementor-widget-mobile_extra__width-inherit elementor-widget-mobile__width-inherit elementor-flip-box--direction-up elementor-widget elementor-widget-flip-box\" data-id=\"7049840\" data-element_type=\"widget\" data-e-type=\"widget\" data-widget_type=\"flip-box.default\">\n\t\t\t\t<div class=\"elementor-widget-container\">\n\t\t\t\t\t\t\t<div class=\"elementor-flip-box\" tabindex=\"0\">\n\t\t\t<div class=\"elementor-flip-box__layer elementor-flip-box__front\">\n\t\t\t\t<div class=\"elementor-flip-box__layer__overlay\">\n\t\t\t\t\t<div class=\"elementor-flip-box__layer__inner\">\n\t\t\t\t\t\t\t\t\t\t\t\t\t<div class=\"elementor-icon-wrapper elementor-view-default\">\n\t\t\t\t\t\t\t\t<div class=\"elementor-icon\">\n\t\t\t\t\t\t\t\t\t\t\t\t\t\t\t\t\t<\/div>\n\t\t\t\t\t\t\t<\/div>\n\t\t\t\t\t\t\n\t\t\t\t\t\t\t\t\t\t\t\t\t<h3 class=\"elementor-flip-box__layer__title\">\n\t\t\t\t\t\t\t\tConcours de feux d'artifice : la boucle d'or des feux de joie de San Juan\t\t\t\t\t\t\t<\/h3>\n\t\t\t\t\t\t\n\t\t\t\t\t\t\t\t\t\t\t<\/div>\n\t\t\t\t<\/div>\n\t\t\t<\/div>\n\t\t\t<div class=\"elementor-flip-box__layer elementor-flip-box__back\">\n\t\t\t<div class=\"elementor-flip-box__layer__overlay\">\n\t\t\t\t<div class=\"elementor-flip-box__layer__inner\">\n\t\t\t\t\t\t\t\t\t\t\t<h3 class=\"elementor-flip-box__layer__title\">\n\t\t\t\t\t\t\tConcours de feux d'artifice : la boucle d'or des feux de joie de San Juan\t\t\t\t\t\t<\/h3>\n\t\t\t\t\t\n\t\t\t\t\t\n\t\t\t\t\t\t\t\t\t\t\t<a class=\"elementor-flip-box__button elementor-button elementor-size-xs\" href=\"https:\/\/alicanteturismo.com\/fr\/fiestas\/feux-de-joie-de-san-juan\/#eventoshogueras\">\n\t\t\t\t\t\t\tEn savoir plus\t\t\t\t\t\t<\/a>\n\t\t\t\t\t\t\t\t<\/div>\n\t\t<\/div>\n\t\t<\/div>\n\t\t<\/div>\n\t\t\t\t\t\t<\/div>\n\t\t\t\t<\/div>\n\t\t\t\t<\/div>\n\t\t\t\t<\/div>\n\t\t<div class=\"elementor-element elementor-element-486774ae e-con-full e-flex e-con e-parent\" data-id=\"486774ae\" data-element_type=\"container\" data-e-type=\"container\">\n\t\t\t\t<div class=\"elementor-element elementor-element-2f5a037 elementor-widget elementor-widget-button\" data-id=\"2f5a037\" data-element_type=\"widget\" data-e-type=\"widget\" data-widget_type=\"button.default\">\n\t\t\t\t<div class=\"elementor-widget-container\">\n\t\t\t\t\t\t\t\t\t<div class=\"elementor-button-wrapper\">\n\t\t\t\t\t<a class=\"elementor-button elementor-button-link elementor-size-sm\" href=\"https:\/\/alicanteturismo.com\/fr\/events\/program-for-the-bonfires-of-san-juan-2025\/\">\n\t\t\t\t\t\t<span class=\"elementor-button-content-wrapper\">\n\t\t\t\t\t\t<span class=\"elementor-button-icon\">\n\t\t\t\t<svg aria-hidden=\"true\" class=\"e-font-icon-svg e-far-calendar-alt\" viewBox=\"0 0 448 512\" xmlns=\"http:\/\/www.w3.org\/2000\/svg\"><path d=\"M148 288h-40c-6.6 0-12-5.4-12-12v-40c0-6.6 5.4-12 12-12h40c6.6 0 12 5.4 12 12v40c0 6.6-5.4 12-12 12zm108-12v-40c0-6.6-5.4-12-12-12h-40c-6.6 0-12 5.4-12 12v40c0 6.6 5.4 12 12 12h40c6.6 0 12-5.4 12-12zm96 0v-40c0-6.6-5.4-12-12-12h-40c-6.6 0-12 5.4-12 12v40c0 6.6 5.4 12 12 12h40c6.6 0 12-5.4 12-12zm-96 96v-40c0-6.6-5.4-12-12-12h-40c-6.6 0-12 5.4-12 12v40c0 6.6 5.4 12 12 12h40c6.6 0 12-5.4 12-12zm-96 0v-40c0-6.6-5.4-12-12-12h-40c-6.6 0-12 5.4-12 12v40c0 6.6 5.4 12 12 12h40c6.6 0 12-5.4 12-12zm192 0v-40c0-6.6-5.4-12-12-12h-40c-6.6 0-12 5.4-12 12v40c0 6.6 5.4 12 12 12h40c6.6 0 12-5.4 12-12zm96-260v352c0 26.5-21.5 48-48 48H48c-26.5 0-48-21.5-48-48V112c0-26.5 21.5-48 48-48h48V12c0-6.6 5.4-12 12-12h40c6.6 0 12 5.4 12 12v52h128V12c0-6.6 5.4-12 12-12h40c6.6 0 12 5.4 12 12v52h48c26.5 0 48 21.5 48 48zm-48 346V160H48v298c0 3.3 2.7 6 6 6h340c3.3 0 6-2.7 6-6z\"><\/path><\/svg>\t\t\t<\/span>\n\t\t\t\t\t\t\t\t\t<span class=\"elementor-button-text\">Ver programaci\u00f3n 2025<\/span>\n\t\t\t\t\t<\/span>\n\t\t\t\t\t<\/a>\n\t\t\t\t<\/div>\n\t\t\t\t\t\t\t\t<\/div>\n\t\t\t\t<\/div>\n\t\t\t\t<div class=\"elementor-element elementor-element-53970759 elementor-widget elementor-widget-gallery\" data-id=\"53970759\" data-element_type=\"widget\" data-e-type=\"widget\" data-settings=\"{&quot;gallery_layout&quot;:&quot;masonry&quot;,&quot;lazyload&quot;:&quot;yes&quot;,&quot;columns&quot;:4,&quot;columns_tablet&quot;:2,&quot;columns_mobile&quot;:1,&quot;gap&quot;:{&quot;unit&quot;:&quot;px&quot;,&quot;size&quot;:10,&quot;sizes&quot;:[]},&quot;gap_widescreen&quot;:{&quot;unit&quot;:&quot;px&quot;,&quot;size&quot;:&quot;&quot;,&quot;sizes&quot;:[]},&quot;gap_laptop&quot;:{&quot;unit&quot;:&quot;px&quot;,&quot;size&quot;:10,&quot;sizes&quot;:[]},&quot;gap_tablet_extra&quot;:{&quot;unit&quot;:&quot;px&quot;,&quot;size&quot;:10,&quot;sizes&quot;:[]},&quot;gap_tablet&quot;:{&quot;unit&quot;:&quot;px&quot;,&quot;size&quot;:10,&quot;sizes&quot;:[]},&quot;gap_mobile_extra&quot;:{&quot;unit&quot;:&quot;px&quot;,&quot;size&quot;:10,&quot;sizes&quot;:[]},&quot;gap_mobile&quot;:{&quot;unit&quot;:&quot;px&quot;,&quot;size&quot;:10,&quot;sizes&quot;:[]},&quot;link_to&quot;:&quot;file&quot;,&quot;overlay_background&quot;:&quot;yes&quot;,&quot;content_hover_animation&quot;:&quot;fade-in&quot;}\" data-widget_type=\"gallery.default\">\n\t\t\t\t<div class=\"elementor-widget-container\">\n\t\t\t\t\t\t\t<div class=\"elementor-gallery__container\">\n\t\t\t\t\t\t\t<a class=\"e-gallery-item elementor-gallery-item elementor-animated-content\" href=\"https:\/\/alicanteturismo.com\/wp-content\/uploads\/2024\/05\/definitiva-4.Hogueras_2014.Autor_Borja_Lopez.jpg\" data-elementor-open-lightbox=\"yes\" data-elementor-lightbox-slideshow=\"53970759\" data-elementor-lightbox-title=\"definitiva-4.Hogueras_2014.Autor_Borja_Lopez\" data-e-action-hash=\"#elementor-action%3Aaction%3Dlightbox%26settings%3DeyJpZCI6MjY4OTQzLCJ1cmwiOiJodHRwczpcL1wvYWxpY2FudGV0dXJpc21vLmNvbVwvd3AtY29udGVudFwvdXBsb2Fkc1wvMjAyNFwvMDVcL2RlZmluaXRpdmEtNC5Ib2d1ZXJhc18yMDE0LkF1dG9yX0JvcmphX0xvcGV6LmpwZyIsInNsaWRlc2hvdyI6IjUzOTcwNzU5In0%3D\">\n\t\t\t\t\t<div class=\"e-gallery-image elementor-gallery-item__image\" data-thumbnail=\"https:\/\/alicanteturismo.com\/wp-content\/uploads\/2024\/05\/definitiva-4.Hogueras_2014.Autor_Borja_Lopez.jpg\" data-width=\"1200\" data-height=\"800\" aria-label=\"\" role=\"img\" ><\/div>\n\t\t\t\t\t\t\t\t\t\t\t<div class=\"elementor-gallery-item__overlay\"><\/div>\n\t\t\t\t\t\t\t\t\t\t\t\t\t\t<\/a>\n\t\t\t\t\t\t\t<a class=\"e-gallery-item elementor-gallery-item elementor-animated-content\" href=\"https:\/\/alicanteturismo.com\/wp-content\/uploads\/2024\/05\/hoguera-oficial.jpg-e1717062555664.jpg\" data-elementor-open-lightbox=\"yes\" data-elementor-lightbox-slideshow=\"53970759\" data-elementor-lightbox-title=\"hoguera-oficial.jpg\" data-e-action-hash=\"#elementor-action%3Aaction%3Dlightbox%26settings%3DeyJpZCI6MjY4OTU5LCJ1cmwiOiJodHRwczpcL1wvYWxpY2FudGV0dXJpc21vLmNvbVwvd3AtY29udGVudFwvdXBsb2Fkc1wvMjAyNFwvMDVcL2hvZ3VlcmEtb2ZpY2lhbC5qcGctZTE3MTcwNjI1NTU2NjQuanBnIiwic2xpZGVzaG93IjoiNTM5NzA3NTkifQ%3D%3D\">\n\t\t\t\t\t<div class=\"e-gallery-image elementor-gallery-item__image\" data-thumbnail=\"https:\/\/alicanteturismo.com\/wp-content\/uploads\/2024\/05\/hoguera-oficial.jpg-e1717062555664.jpg\" data-width=\"960\" data-height=\"640\" aria-label=\"\" role=\"img\" ><\/div>\n\t\t\t\t\t\t\t\t\t\t\t<div class=\"elementor-gallery-item__overlay\"><\/div>\n\t\t\t\t\t\t\t\t\t\t\t\t\t\t<\/a>\n\t\t\t\t\t\t\t<a class=\"e-gallery-item elementor-gallery-item elementor-animated-content\" href=\"https:\/\/alicanteturismo.com\/wp-content\/uploads\/2024\/05\/definitiva-85.jpg\" data-elementor-open-lightbox=\"yes\" data-elementor-lightbox-slideshow=\"53970759\" data-elementor-lightbox-title=\"definitiva-85\" data-e-action-hash=\"#elementor-action%3Aaction%3Dlightbox%26settings%3DeyJpZCI6MjY4OTUxLCJ1cmwiOiJodHRwczpcL1wvYWxpY2FudGV0dXJpc21vLmNvbVwvd3AtY29udGVudFwvdXBsb2Fkc1wvMjAyNFwvMDVcL2RlZmluaXRpdmEtODUuanBnIiwic2xpZGVzaG93IjoiNTM5NzA3NTkifQ%3D%3D\">\n\t\t\t\t\t<div class=\"e-gallery-image elementor-gallery-item__image\" data-thumbnail=\"https:\/\/alicanteturismo.com\/wp-content\/uploads\/2024\/05\/definitiva-85.jpg\" data-width=\"800\" data-height=\"533\" aria-label=\"\" role=\"img\" ><\/div>\n\t\t\t\t\t\t\t\t\t\t\t<div class=\"elementor-gallery-item__overlay\"><\/div>\n\t\t\t\t\t\t\t\t\t\t\t\t\t\t<\/a>\n\t\t\t\t\t\t\t<a class=\"e-gallery-item elementor-gallery-item elementor-animated-content\" href=\"https:\/\/alicanteturismo.com\/wp-content\/uploads\/2024\/05\/IMG_4954-2-1-1-scaled-e1729768265477.jpg\" data-elementor-open-lightbox=\"yes\" data-elementor-lightbox-slideshow=\"53970759\" data-elementor-lightbox-title=\"IMG_4954 2 (1) (1)\" data-e-action-hash=\"#elementor-action%3Aaction%3Dlightbox%26settings%3DeyJpZCI6Mjc5OTk5LCJ1cmwiOiJodHRwczpcL1wvYWxpY2FudGV0dXJpc21vLmNvbVwvd3AtY29udGVudFwvdXBsb2Fkc1wvMjAyNFwvMDVcL0lNR180OTU0LTItMS0xLXNjYWxlZC1lMTcyOTc2ODI2NTQ3Ny5qcGciLCJzbGlkZXNob3ciOiI1Mzk3MDc1OSJ9\">\n\t\t\t\t\t<div class=\"e-gallery-image elementor-gallery-item__image\" data-thumbnail=\"https:\/\/alicanteturismo.com\/wp-content\/uploads\/2024\/05\/IMG_4954-2-1-1-scaled-e1729768265477.jpg\" data-width=\"2560\" data-height=\"1440\" aria-label=\"\" role=\"img\" ><\/div>\n\t\t\t\t\t\t\t\t\t\t\t<div class=\"elementor-gallery-item__overlay\"><\/div>\n\t\t\t\t\t\t\t\t\t\t\t\t\t\t<\/a>\n\t\t\t\t\t\t\t<a class=\"e-gallery-item elementor-gallery-item elementor-animated-content\" href=\"https:\/\/alicanteturismo.com\/wp-content\/uploads\/2024\/05\/definitiva-47.Hogueras_2014.Autor_Borja_Lopez-1.jpg\" data-elementor-open-lightbox=\"yes\" data-elementor-lightbox-slideshow=\"53970759\" data-elementor-lightbox-title=\"definitiva-47.Hogueras_2014.Autor_Borja_Lopez-1\" data-e-action-hash=\"#elementor-action%3Aaction%3Dlightbox%26settings%3DeyJpZCI6MjY4OTQ3LCJ1cmwiOiJodHRwczpcL1wvYWxpY2FudGV0dXJpc21vLmNvbVwvd3AtY29udGVudFwvdXBsb2Fkc1wvMjAyNFwvMDVcL2RlZmluaXRpdmEtNDcuSG9ndWVyYXNfMjAxNC5BdXRvcl9Cb3JqYV9Mb3Blei0xLmpwZyIsInNsaWRlc2hvdyI6IjUzOTcwNzU5In0%3D\">\n\t\t\t\t\t<div class=\"e-gallery-image elementor-gallery-item__image\" data-thumbnail=\"https:\/\/alicanteturismo.com\/wp-content\/uploads\/2024\/05\/definitiva-47.Hogueras_2014.Autor_Borja_Lopez-1.jpg\" data-width=\"1200\" data-height=\"800\" aria-label=\"\" role=\"img\" ><\/div>\n\t\t\t\t\t\t\t\t\t\t\t<div class=\"elementor-gallery-item__overlay\"><\/div>\n\t\t\t\t\t\t\t\t\t\t\t\t\t\t<\/a>\n\t\t\t\t\t\t\t<a class=\"e-gallery-item elementor-gallery-item elementor-animated-content\" href=\"https:\/\/alicanteturismo.com\/wp-content\/uploads\/2024\/05\/definitiva-88.Hogueras_2014.Autor_Borja_Lopez-pequena.jpg\" data-elementor-open-lightbox=\"yes\" data-elementor-lightbox-slideshow=\"53970759\" data-elementor-lightbox-title=\"definitiva-88.Hogueras_2014.Autor_Borja_Lopez-peque\u00f1a\" data-e-action-hash=\"#elementor-action%3Aaction%3Dlightbox%26settings%3DeyJpZCI6MjY4OTU1LCJ1cmwiOiJodHRwczpcL1wvYWxpY2FudGV0dXJpc21vLmNvbVwvd3AtY29udGVudFwvdXBsb2Fkc1wvMjAyNFwvMDVcL2RlZmluaXRpdmEtODguSG9ndWVyYXNfMjAxNC5BdXRvcl9Cb3JqYV9Mb3Blei1wZXF1ZW5hLmpwZyIsInNsaWRlc2hvdyI6IjUzOTcwNzU5In0%3D\">\n\t\t\t\t\t<div class=\"e-gallery-image elementor-gallery-item__image\" data-thumbnail=\"https:\/\/alicanteturismo.com\/wp-content\/uploads\/2024\/05\/definitiva-88.Hogueras_2014.Autor_Borja_Lopez-pequena.jpg\" data-width=\"1200\" data-height=\"800\" aria-label=\"\" role=\"img\" ><\/div>\n\t\t\t\t\t\t\t\t\t\t\t<div class=\"elementor-gallery-item__overlay\"><\/div>\n\t\t\t\t\t\t\t\t\t\t\t\t\t\t<\/a>\n\t\t\t\t\t\t\t<a class=\"e-gallery-item elementor-gallery-item elementor-animated-content\" href=\"https:\/\/alicanteturismo.com\/wp-content\/uploads\/2024\/05\/19.6.13hogueraoficialweb-e1717062537168.jpg\" data-elementor-open-lightbox=\"yes\" data-elementor-lightbox-slideshow=\"53970759\" data-elementor-lightbox-title=\"19.6.13hogueraoficialweb\" data-e-action-hash=\"#elementor-action%3Aaction%3Dlightbox%26settings%3DeyJpZCI6MjY4OTM5LCJ1cmwiOiJodHRwczpcL1wvYWxpY2FudGV0dXJpc21vLmNvbVwvd3AtY29udGVudFwvdXBsb2Fkc1wvMjAyNFwvMDVcLzE5LjYuMTNob2d1ZXJhb2ZpY2lhbHdlYi1lMTcxNzA2MjUzNzE2OC5qcGciLCJzbGlkZXNob3ciOiI1Mzk3MDc1OSJ9\">\n\t\t\t\t\t<div class=\"e-gallery-image elementor-gallery-item__image\" data-thumbnail=\"https:\/\/alicanteturismo.com\/wp-content\/uploads\/2024\/05\/19.6.13hogueraoficialweb-e1717062537168.jpg\" data-width=\"1024\" data-height=\"682\" aria-label=\"\" role=\"img\" ><\/div>\n\t\t\t\t\t\t\t\t\t\t\t<div class=\"elementor-gallery-item__overlay\"><\/div>\n\t\t\t\t\t\t\t\t\t\t\t\t\t\t<\/a>\n\t\t\t\t\t\t\t<a class=\"e-gallery-item elementor-gallery-item elementor-animated-content\" href=\"https:\/\/alicanteturismo.com\/wp-content\/uploads\/2024\/05\/hogueras-00047-e1717062585414.jpg\" data-elementor-open-lightbox=\"yes\" data-elementor-lightbox-slideshow=\"53970759\" data-elementor-lightbox-title=\"hogueras-00047\" data-e-action-hash=\"#elementor-action%3Aaction%3Dlightbox%26settings%3DeyJpZCI6MjY4OTY3LCJ1cmwiOiJodHRwczpcL1wvYWxpY2FudGV0dXJpc21vLmNvbVwvd3AtY29udGVudFwvdXBsb2Fkc1wvMjAyNFwvMDVcL2hvZ3VlcmFzLTAwMDQ3LWUxNzE3MDYyNTg1NDE0LmpwZyIsInNsaWRlc2hvdyI6IjUzOTcwNzU5In0%3D\">\n\t\t\t\t\t<div class=\"e-gallery-image elementor-gallery-item__image\" data-thumbnail=\"https:\/\/alicanteturismo.com\/wp-content\/uploads\/2024\/05\/hogueras-00047-e1717062585414.jpg\" data-width=\"968\" data-height=\"645\" aria-label=\"\" role=\"img\" ><\/div>\n\t\t\t\t\t\t\t\t\t\t\t<div class=\"elementor-gallery-item__overlay\"><\/div>\n\t\t\t\t\t\t\t\t\t\t\t\t\t\t<\/a>\n\t\t\t\t\t<\/div>\n\t\t\t\t\t<\/div>\n\t\t\t\t<\/div>\n\t\t\t\t<\/div>\n\t\t<div class=\"elementor-element elementor-element-628dd03c e-con-full e-flex e-con e-child\" data-id=\"628dd03c\" data-element_type=\"container\" data-e-type=\"container\">\n\t\t<div class=\"elementor-element elementor-element-3c9d685 e-con-full e-flex e-con e-child\" data-id=\"3c9d685\" data-element_type=\"container\" data-e-type=\"container\">\n\t\t<div class=\"elementor-element elementor-element-6846508 e-con-full e-flex e-con e-child\" data-id=\"6846508\" data-element_type=\"container\" data-e-type=\"container\">\n\t\t\t\t<div class=\"elementor-element elementor-element-15b9dc8 elementor-position-inline-start elementor-mobile-position-inline-start elementor-view-default elementor-widget elementor-widget-icon-box\" data-id=\"15b9dc8\" data-element_type=\"widget\" data-e-type=\"widget\" data-widget_type=\"icon-box.default\">\n\t\t\t\t<div class=\"elementor-widget-container\">\n\t\t\t\t\t\t\t<div class=\"elementor-icon-box-wrapper\">\n\n\t\t\t\t\t\t<div class=\"elementor-icon-box-icon\">\n\t\t\t\t<span  class=\"elementor-icon\">\n\t\t\t\t<svg xmlns=\"http:\/\/www.w3.org\/2000\/svg\" xmlns:xlink=\"http:\/\/www.w3.org\/1999\/xlink\" width=\"512\" height=\"512\" x=\"0\" y=\"0\" viewBox=\"0 0 64 64\" style=\"enable-background:new 0 0 512 512\" xml:space=\"preserve\"><g><path d=\"M17.26 17.135 9.079 32.681a3.016 3.016 0 0 1-2.669 1.598 2.962 2.962 0 0 1-1.326-.312l-2.53-1.072A1 1 0 0 1 2 32V7a1 1 0 0 1 1.49-.871l12.586 6.995a2.982 2.982 0 0 1 1.185 4.011ZM61.506 6.137a.998.998 0 0 0-.995-.008l-12.586 6.995a2.982 2.982 0 0 0-1.184 4.011l8.182 15.546a3.016 3.016 0 0 0 2.669 1.599 2.962 2.962 0 0 0 1.326-.313l2.53-1.072A1 1 0 0 0 62 32V7a1 1 0 0 0-.495-.863ZM44.97 18.07a5.056 5.056 0 0 1-.42-1.07h-6.89a4.994 4.994 0 0 0-3.54 1.46l-11 11a3.839 3.839 0 0 0 0 5.42 3.94 3.94 0 0 0 5.42 0l4.69-4.7a1.004 1.004 0 0 1 1.37-.04A6.792 6.792 0 0 0 39 32a7.097 7.097 0 0 0 4.9-2.34l.93-1.1a1 1 0 0 1 1.67 1.1 8.649 8.649 0 0 1-.93 1.14c-.07.09-.16.18-.25.28l5.51 5.51 2.57-2.57a2.495 2.495 0 0 1-.25-.41Zm-1.18 14.3A8.261 8.261 0 0 1 39 34a8.362 8.362 0 0 1-4.99-1.76l-4.06 4.05a5.827 5.827 0 1 1-8.24-8.24l8.88-8.88-.71-.71A4.994 4.994 0 0 0 26.34 17h-6.9a5.01 5.01 0 0 1-.41 1.07l-8.18 15.54a3.37 3.37 0 0 1-.24.41L14.59 38l.87-.88A3.83 3.83 0 0 1 22 39.83c0 .06-.02.13-.02.19A3.8 3.8 0 0 1 26 43.83c0 .06-.02.13-.02.19A3.8 3.8 0 0 1 30 47.83c0 .06-.02.13-.02.19a3.822 3.822 0 0 1 2.9 6.52l-.88.87 1.35 1.36a4.054 4.054 0 0 0 2.87 1.2 3.712 3.712 0 0 0 2.51-.95A3.812 3.812 0 0 0 40 54.27v-.28a3.815 3.815 0 0 0 4-3.82v-.18a3.747 3.747 0 0 0 2.88-1.11A3.82 3.82 0 0 0 48 46.17V46h.27a3.812 3.812 0 0 0 2.75-1.27 3.92 3.92 0 0 0-.25-5.38ZM20 39.828a1.816 1.816 0 0 0-.536-1.293c-.713-.713-3.301.716-4.014 1.429l-2.343 2.344a1.829 1.829 0 0 0 2.586 2.586l3.771-3.773A1.816 1.816 0 0 0 20 39.828Zm4 4a1.829 1.829 0 0 0-3.122-1.293l-3.771 3.773a1.829 1.829 0 0 0 2.586 2.586l3.771-3.773A1.816 1.816 0 0 0 24 43.828Zm4 4a1.829 1.829 0 0 0-3.122-1.293l-3.771 3.773a1.829 1.829 0 0 0 2.586 2.586l3.771-3.773A1.816 1.816 0 0 0 28 47.828Zm3.464 2.707a1.83 1.83 0 0 0-2.586 0l-3.771 3.773a1.829 1.829 0 0 0 2.586 2.586l3.771-3.773a1.828 1.828 0 0 0 0-2.586Z\" data-name=\"25-Agreement\" fill=\"#00adbb\" opacity=\"1\" data-original=\"#000000\"><\/path><\/g><\/svg>\t\t\t\t<\/span>\n\t\t\t<\/div>\n\t\t\t\n\t\t\t\t\t\t<div class=\"elementor-icon-box-content\">\n\n\t\t\t\t\t\t\t\t\t<h2 class=\"elementor-icon-box-title\">\n\t\t\t\t\t\t<span  >\n\t\t\t\t\t\t\tCONSEILS ET RECOMMANDATIONS\t\t\t\t\t\t<\/span>\n\t\t\t\t\t<\/h2>\n\t\t\t\t\n\t\t\t\t\n\t\t\t<\/div>\n\t\t\t\n\t\t<\/div>\n\t\t\t\t\t\t<\/div>\n\t\t\t\t<\/div>\n\t\t\t\t<\/div>\n\t\t\t\t<div class=\"elementor-element elementor-element-4a0215d elementor-grid-4 elementor-widget__width-inherit elementor-grid-tablet-2 elementor-grid-mobile-1 elementor-posts--thumbnail-top elementor-widget elementor-widget-posts\" data-id=\"4a0215d\" data-element_type=\"widget\" data-e-type=\"widget\" data-settings=\"{&quot;classic_columns&quot;:&quot;4&quot;,&quot;classic_row_gap&quot;:{&quot;unit&quot;:&quot;px&quot;,&quot;size&quot;:0,&quot;sizes&quot;:[]},&quot;classic_columns_tablet&quot;:&quot;2&quot;,&quot;classic_columns_mobile&quot;:&quot;1&quot;,&quot;classic_row_gap_widescreen&quot;:{&quot;unit&quot;:&quot;px&quot;,&quot;size&quot;:&quot;&quot;,&quot;sizes&quot;:[]},&quot;classic_row_gap_laptop&quot;:{&quot;unit&quot;:&quot;px&quot;,&quot;size&quot;:&quot;&quot;,&quot;sizes&quot;:[]},&quot;classic_row_gap_tablet_extra&quot;:{&quot;unit&quot;:&quot;px&quot;,&quot;size&quot;:&quot;&quot;,&quot;sizes&quot;:[]},&quot;classic_row_gap_tablet&quot;:{&quot;unit&quot;:&quot;px&quot;,&quot;size&quot;:&quot;&quot;,&quot;sizes&quot;:[]},&quot;classic_row_gap_mobile_extra&quot;:{&quot;unit&quot;:&quot;px&quot;,&quot;size&quot;:&quot;&quot;,&quot;sizes&quot;:[]},&quot;classic_row_gap_mobile&quot;:{&quot;unit&quot;:&quot;px&quot;,&quot;size&quot;:&quot;&quot;,&quot;sizes&quot;:[]}}\" data-widget_type=\"posts.classic\">\n\t\t\t\t<div class=\"elementor-widget-container\">\n\t\t\t\t\t\t\t<div class=\"elementor-posts-container elementor-posts elementor-posts--skin-classic elementor-grid\" role=\"list\">\n\t\t\t\t<article class=\"elementor-post elementor-grid-item post-280030 post type-post status-publish format-standard has-post-thumbnail hentry category-hogueras category-sin-categorizar tag-consejos-hogueras\" role=\"listitem\">\n\t\t\t\t<a class=\"elementor-post__thumbnail__link\" href=\"https:\/\/alicanteturismo.com\/fr\/en-hogueras-no-te-quemes-consejos-para-disfrutar-de-las-hogueras-de-san-juan\/\" tabindex=\"-1\" >\n\t\t\t<div class=\"elementor-post__thumbnail\"><img loading=\"lazy\" decoding=\"async\" width=\"300\" height=\"188\" src=\"https:\/\/alicanteturismo.com\/wp-content\/uploads\/2024\/10\/Recomendaciones-para-disfrutar-de-las-Hogueras-1080x675-1-300x188.jpg\" class=\"attachment-medium size-medium wp-image-280076\" alt=\"\" srcset=\"https:\/\/alicanteturismo.com\/wp-content\/uploads\/2024\/10\/Recomendaciones-para-disfrutar-de-las-Hogueras-1080x675-1-300x188.jpg 300w, https:\/\/alicanteturismo.com\/wp-content\/uploads\/2024\/10\/Recomendaciones-para-disfrutar-de-las-Hogueras-1080x675-1-1024x640.jpg 1024w, https:\/\/alicanteturismo.com\/wp-content\/uploads\/2024\/10\/Recomendaciones-para-disfrutar-de-las-Hogueras-1080x675-1-768x480.jpg 768w, https:\/\/alicanteturismo.com\/wp-content\/uploads\/2024\/10\/Recomendaciones-para-disfrutar-de-las-Hogueras-1080x675-1.jpg 1080w\" sizes=\"(max-width: 300px) 100vw, 300px\" \/><\/div>\n\t\t<\/a>\n\t\t\t\t<div class=\"elementor-post__text\">\n\t\t\t\t<h3 class=\"elementor-post__title\">\n\t\t\t<a href=\"https:\/\/alicanteturismo.com\/fr\/en-hogueras-no-te-quemes-consejos-para-disfrutar-de-las-hogueras-de-san-juan\/\" >\n\t\t\t\tEn \u00abHogueras\u00bb no te quemes. Consejos para disfrutar de las Hogueras de San Juan\t\t\t<\/a>\n\t\t<\/h3>\n\t\t\t\t<div class=\"elementor-post__meta-data\">\n\t\t\t\t\t<span class=\"elementor-post-date\">\n\t\t\t24 octobre 2024\t\t<\/span>\n\t\t\t\t<\/div>\n\t\t\n\t\t<a class=\"elementor-post__read-more\" href=\"https:\/\/alicanteturismo.com\/fr\/en-hogueras-no-te-quemes-consejos-para-disfrutar-de-las-hogueras-de-san-juan\/\" aria-label=\"En savoir plus sur En \u00abHogueras\u00bb no te quemes. Consejos para disfrutar de las Hogueras de San Juan\" tabindex=\"-1\" >\n\t\t\tLire la suite \"\t\t<\/a>\n\n\t\t\t\t<\/div>\n\t\t\t\t<\/article>\n\t\t\t\t<\/div>\n\t\t\n\t\t\t\t\t\t<\/div>\n\t\t\t\t<\/div>\n\t\t\t\t<\/div>\n\t\t<div class=\"elementor-element elementor-element-59cda25 e-con-full e-flex e-con e-child\" data-id=\"59cda25\" data-element_type=\"container\" data-e-type=\"container\">\n\t\t<div class=\"elementor-element elementor-element-c40bcfe e-con-full e-flex e-con e-child\" data-id=\"c40bcfe\" data-element_type=\"container\" data-e-type=\"container\">\n\t\t\t\t<div class=\"elementor-element elementor-element-da9f0c8 elementor-position-inline-start elementor-mobile-position-inline-start elementor-view-default elementor-widget elementor-widget-icon-box\" data-id=\"da9f0c8\" data-element_type=\"widget\" data-e-type=\"widget\" data-widget_type=\"icon-box.default\">\n\t\t\t\t<div class=\"elementor-widget-container\">\n\t\t\t\t\t\t\t<div class=\"elementor-icon-box-wrapper\">\n\n\t\t\t\t\t\t<div class=\"elementor-icon-box-icon\">\n\t\t\t\t<span  class=\"elementor-icon\">\n\t\t\t\t<svg xmlns=\"http:\/\/www.w3.org\/2000\/svg\" xmlns:xlink=\"http:\/\/www.w3.org\/1999\/xlink\" width=\"512\" height=\"512\" x=\"0\" y=\"0\" viewBox=\"0 0 512 512\" style=\"enable-background:new 0 0 512 512\" xml:space=\"preserve\" class=\"\"><g><path fill-rule=\"evenodd\" d=\"M345.96 207.949c0-49.607-40.36-89.958-89.958-89.958-49.603 0-89.962 40.35-89.962 89.958 0 31.459-8.849 60.019-26.317 84.872-5.302 7.54-6.611 16.501-3.692 25.242 2.923 8.736 9.351 15.117 18.12 17.956 14.639 4.753 30.45 8.403 46.989 10.923 4.072 26.621 27.119 47.069 54.862 47.069 27.738 0 50.79-20.448 54.858-47.069 16.539-2.52 32.35-6.17 46.994-10.923h.009c8.76-2.839 15.188-9.22 18.106-17.956 2.923-8.741 1.614-17.702-3.688-25.242-17.468-24.858-26.321-53.412-26.321-84.872zm-89.958 260.55c-117.17 0-212.5-95.33-212.5-212.5 0-117.166 95.33-212.496 212.5-212.496 117.166 0 212.5 95.33 212.5 212.496 0 117.171-95.334 212.5-212.5 212.5zM423.944 88.062c44.854 44.859 69.557 104.497 69.557 167.937 0 63.444-24.703 123.082-69.557 167.942-44.864 44.859-104.503 69.562-167.942 69.562-63.444 0-123.082-24.703-167.941-69.562S18.499 319.443 18.499 255.999c0-63.439 24.703-123.077 69.562-167.937C132.92 43.203 192.558 18.5 256.002 18.5c63.439 0 123.078 24.703 167.942 69.562z\" clip-rule=\"evenodd\" fill=\"#00adbb\" opacity=\"1\" data-original=\"#000000\" class=\"\"><\/path><\/g><\/svg>\t\t\t\t<\/span>\n\t\t\t<\/div>\n\t\t\t\n\t\t\t\t\t\t<div class=\"elementor-icon-box-content\">\n\n\t\t\t\t\t\t\t\t\t<h2 class=\"elementor-icon-box-title\">\n\t\t\t\t\t\t<span  >\n\t\t\t\t\t\t\tAvis\t\t\t\t\t\t<\/span>\n\t\t\t\t\t<\/h2>\n\t\t\t\t\n\t\t\t\t\n\t\t\t<\/div>\n\t\t\t\n\t\t<\/div>\n\t\t\t\t\t\t<\/div>\n\t\t\t\t<\/div>\n\t\t\t\t<\/div>\n\t\t\t\t<div class=\"elementor-element elementor-element-2f6dfc6 elementor-grid-4 elementor-widget__width-inherit elementor-grid-tablet-2 elementor-grid-mobile-1 elementor-posts--thumbnail-top elementor-widget elementor-widget-posts\" data-id=\"2f6dfc6\" data-element_type=\"widget\" data-e-type=\"widget\" data-settings=\"{&quot;classic_columns&quot;:&quot;4&quot;,&quot;classic_row_gap&quot;:{&quot;unit&quot;:&quot;px&quot;,&quot;size&quot;:0,&quot;sizes&quot;:[]},&quot;classic_columns_tablet&quot;:&quot;2&quot;,&quot;classic_columns_mobile&quot;:&quot;1&quot;,&quot;classic_row_gap_widescreen&quot;:{&quot;unit&quot;:&quot;px&quot;,&quot;size&quot;:&quot;&quot;,&quot;sizes&quot;:[]},&quot;classic_row_gap_laptop&quot;:{&quot;unit&quot;:&quot;px&quot;,&quot;size&quot;:&quot;&quot;,&quot;sizes&quot;:[]},&quot;classic_row_gap_tablet_extra&quot;:{&quot;unit&quot;:&quot;px&quot;,&quot;size&quot;:&quot;&quot;,&quot;sizes&quot;:[]},&quot;classic_row_gap_tablet&quot;:{&quot;unit&quot;:&quot;px&quot;,&quot;size&quot;:&quot;&quot;,&quot;sizes&quot;:[]},&quot;classic_row_gap_mobile_extra&quot;:{&quot;unit&quot;:&quot;px&quot;,&quot;size&quot;:&quot;&quot;,&quot;sizes&quot;:[]},&quot;classic_row_gap_mobile&quot;:{&quot;unit&quot;:&quot;px&quot;,&quot;size&quot;:&quot;&quot;,&quot;sizes&quot;:[]}}\" data-widget_type=\"posts.classic\">\n\t\t\t\t<div class=\"elementor-widget-container\">\n\t\t\t\t\t\t\t<div class=\"elementor-posts-container elementor-posts elementor-posts--skin-classic elementor-grid\" role=\"list\">\n\t\t\t\t<article class=\"elementor-post elementor-grid-item post-316592 noticias type-noticias status-publish has-post-thumbnail hentry categoria-de-noticia-avisos-y-recomendaciones categoria-de-noticia-castillo-de-santa-barbara categoria-de-noticia-informacion-practica\" role=\"listitem\">\n\t\t\t\t<a class=\"elementor-post__thumbnail__link\" href=\"https:\/\/alicanteturismo.com\/fr\/noticias\/alicante-mantiene-cerrado-este-domingo-por-viento-el-castillo-de-santa-barbara-parques-y-jardines-y-suspende-la-mascleta-de-teulada\/\" tabindex=\"-1\" >\n\t\t\t<div class=\"elementor-post__thumbnail\"><img loading=\"lazy\" decoding=\"async\" width=\"300\" height=\"200\" src=\"https:\/\/alicanteturismo.com\/wp-content\/uploads\/2026\/02\/castillo-de-santa-barbara-2016-Alicante-ERN_6938-22-300x200.jpeg\" class=\"attachment-medium size-medium wp-image-316598\" alt=\"\" srcset=\"https:\/\/alicanteturismo.com\/wp-content\/uploads\/2026\/02\/castillo-de-santa-barbara-2016-Alicante-ERN_6938-22-300x200.jpeg 300w, https:\/\/alicanteturismo.com\/wp-content\/uploads\/2026\/02\/castillo-de-santa-barbara-2016-Alicante-ERN_6938-22-1024x683.jpeg 1024w, https:\/\/alicanteturismo.com\/wp-content\/uploads\/2026\/02\/castillo-de-santa-barbara-2016-Alicante-ERN_6938-22-768x512.jpeg 768w, https:\/\/alicanteturismo.com\/wp-content\/uploads\/2026\/02\/castillo-de-santa-barbara-2016-Alicante-ERN_6938-22-391x260.jpeg 391w, https:\/\/alicanteturismo.com\/wp-content\/uploads\/2026\/02\/castillo-de-santa-barbara-2016-Alicante-ERN_6938-22.jpeg 1276w\" sizes=\"(max-width: 300px) 100vw, 300px\" \/><\/div>\n\t\t<\/a>\n\t\t\t\t<div class=\"elementor-post__text\">\n\t\t\t\t<h3 class=\"elementor-post__title\">\n\t\t\t<a href=\"https:\/\/alicanteturismo.com\/fr\/noticias\/alicante-mantiene-cerrado-este-domingo-por-viento-el-castillo-de-santa-barbara-parques-y-jardines-y-suspende-la-mascleta-de-teulada\/\" >\n\t\t\t\tAlicante mantiene cerrado este domingo por viento el Castillo de Santa B\u00e1rbara, parques y jardines y suspende la masclet\u00e1 de Teulada\t\t\t<\/a>\n\t\t<\/h3>\n\t\t\t\t<div class=\"elementor-post__meta-data\">\n\t\t\t\t\t<span class=\"elementor-post-date\">\n\t\t\t14 f\u00e9vrier 2026\t\t<\/span>\n\t\t\t\t<\/div>\n\t\t\n\t\t<a class=\"elementor-post__read-more\" href=\"https:\/\/alicanteturismo.com\/fr\/noticias\/alicante-mantiene-cerrado-este-domingo-por-viento-el-castillo-de-santa-barbara-parques-y-jardines-y-suspende-la-mascleta-de-teulada\/\" aria-label=\"En savoir plus sur Alicante mantiene cerrado este domingo por viento el Castillo de Santa B\u00e1rbara, parques y jardines y suspende la masclet\u00e1 de Teulada\" tabindex=\"-1\" >\n\t\t\tLire la suite \"\t\t<\/a>\n\n\t\t\t\t<\/div>\n\t\t\t\t<\/article>\n\t\t\t\t<article class=\"elementor-post elementor-grid-item post-316567 noticias type-noticias status-publish has-post-thumbnail hentry categoria-de-noticia-avisos-y-recomendaciones categoria-de-noticia-informacion-practica\" role=\"listitem\">\n\t\t\t\t<a class=\"elementor-post__thumbnail__link\" href=\"https:\/\/alicanteturismo.com\/fr\/noticias\/alicante-suspende-el-sabado-ramblero-por-el-viento-y-aplaza-el-carnaval-a-la-noche-del-viernes-20\/\" tabindex=\"-1\" >\n\t\t\t<div class=\"elementor-post__thumbnail\"><img loading=\"lazy\" decoding=\"async\" width=\"300\" height=\"177\" src=\"https:\/\/alicanteturismo.com\/wp-content\/uploads\/2026\/02\/Carnaval-colegios-300x177.jpeg\" class=\"attachment-medium size-medium wp-image-316515\" alt=\"\" srcset=\"https:\/\/alicanteturismo.com\/wp-content\/uploads\/2026\/02\/Carnaval-colegios-300x177.jpeg 300w, https:\/\/alicanteturismo.com\/wp-content\/uploads\/2026\/02\/Carnaval-colegios-1024x603.jpeg 1024w, https:\/\/alicanteturismo.com\/wp-content\/uploads\/2026\/02\/Carnaval-colegios-768x452.jpeg 768w, https:\/\/alicanteturismo.com\/wp-content\/uploads\/2026\/02\/Carnaval-colegios-1536x904.jpeg 1536w, https:\/\/alicanteturismo.com\/wp-content\/uploads\/2026\/02\/Carnaval-colegios.jpeg 2048w\" sizes=\"(max-width: 300px) 100vw, 300px\" \/><\/div>\n\t\t<\/a>\n\t\t\t\t<div class=\"elementor-post__text\">\n\t\t\t\t<h3 class=\"elementor-post__title\">\n\t\t\t<a href=\"https:\/\/alicanteturismo.com\/fr\/noticias\/alicante-suspende-el-sabado-ramblero-por-el-viento-y-aplaza-el-carnaval-a-la-noche-del-viernes-20\/\" >\n\t\t\t\tAlicante suspende el S\u00e1bado Ramblero por el viento y aplaza el Carnaval a la noche del viernes 20\t\t\t<\/a>\n\t\t<\/h3>\n\t\t\t\t<div class=\"elementor-post__meta-data\">\n\t\t\t\t\t<span class=\"elementor-post-date\">\n\t\t\t13 f\u00e9vrier 2026\t\t<\/span>\n\t\t\t\t<\/div>\n\t\t\n\t\t<a class=\"elementor-post__read-more\" href=\"https:\/\/alicanteturismo.com\/fr\/noticias\/alicante-suspende-el-sabado-ramblero-por-el-viento-y-aplaza-el-carnaval-a-la-noche-del-viernes-20\/\" aria-label=\"En savoir plus sur Alicante suspende el S\u00e1bado Ramblero por el viento y aplaza el Carnaval a la noche del viernes 20\" tabindex=\"-1\" >\n\t\t\tLire la suite \"\t\t<\/a>\n\n\t\t\t\t<\/div>\n\t\t\t\t<\/article>\n\t\t\t\t<article class=\"elementor-post elementor-grid-item post-316419 noticias type-noticias status-publish has-post-thumbnail hentry categoria-de-noticia-avisos-y-recomendaciones categoria-de-noticia-castillo-de-santa-barbara categoria-de-noticia-destacados categoria-de-noticia-informacion-practica\" role=\"listitem\">\n\t\t\t\t<a class=\"elementor-post__thumbnail__link\" href=\"https:\/\/alicanteturismo.com\/fr\/noticias\/alicante-vuelve-a-cerrar-el-castillo-y-los-parques-por-fuertes-rachas-de-viento-de-hasta-69-km-h\/\" tabindex=\"-1\" >\n\t\t\t<div class=\"elementor-post__thumbnail\"><img loading=\"lazy\" decoding=\"async\" width=\"300\" height=\"200\" src=\"https:\/\/alicanteturismo.com\/wp-content\/uploads\/2026\/01\/castillo-de-santa-barbara-2016-Alicante-ERN_6938-22-300x200.jpeg\" class=\"attachment-medium size-medium wp-image-315933\" alt=\"\" srcset=\"https:\/\/alicanteturismo.com\/wp-content\/uploads\/2026\/01\/castillo-de-santa-barbara-2016-Alicante-ERN_6938-22-300x200.jpeg 300w, https:\/\/alicanteturismo.com\/wp-content\/uploads\/2026\/01\/castillo-de-santa-barbara-2016-Alicante-ERN_6938-22-1024x683.jpeg 1024w, https:\/\/alicanteturismo.com\/wp-content\/uploads\/2026\/01\/castillo-de-santa-barbara-2016-Alicante-ERN_6938-22-768x512.jpeg 768w, https:\/\/alicanteturismo.com\/wp-content\/uploads\/2026\/01\/castillo-de-santa-barbara-2016-Alicante-ERN_6938-22-391x260.jpeg 391w, https:\/\/alicanteturismo.com\/wp-content\/uploads\/2026\/01\/castillo-de-santa-barbara-2016-Alicante-ERN_6938-22.jpeg 1276w\" sizes=\"(max-width: 300px) 100vw, 300px\" \/><\/div>\n\t\t<\/a>\n\t\t\t\t<div class=\"elementor-post__text\">\n\t\t\t\t<h3 class=\"elementor-post__title\">\n\t\t\t<a href=\"https:\/\/alicanteturismo.com\/fr\/noticias\/alicante-vuelve-a-cerrar-el-castillo-y-los-parques-por-fuertes-rachas-de-viento-de-hasta-69-km-h\/\" >\n\t\t\t\tAlicante vuelve a cerrar el Castillo y los parques por fuertes rachas de viento de hasta 69 km\/h\t\t\t<\/a>\n\t\t<\/h3>\n\t\t\t\t<div class=\"elementor-post__meta-data\">\n\t\t\t\t\t<span class=\"elementor-post-date\">\n\t\t\t12 f\u00e9vrier 2026\t\t<\/span>\n\t\t\t\t<\/div>\n\t\t\n\t\t<a class=\"elementor-post__read-more\" href=\"https:\/\/alicanteturismo.com\/fr\/noticias\/alicante-vuelve-a-cerrar-el-castillo-y-los-parques-por-fuertes-rachas-de-viento-de-hasta-69-km-h\/\" aria-label=\"En savoir plus sur Alicante vuelve a cerrar el Castillo y los parques por fuertes rachas de viento de hasta 69 km\/h\" tabindex=\"-1\" >\n\t\t\tLire la suite \"\t\t<\/a>\n\n\t\t\t\t<\/div>\n\t\t\t\t<\/article>\n\t\t\t\t<article class=\"elementor-post elementor-grid-item post-316160 noticias type-noticias status-publish has-post-thumbnail hentry categoria-de-noticia-avisos-y-recomendaciones categoria-de-noticia-destacados categoria-de-noticia-informacion-practica\" role=\"listitem\">\n\t\t\t\t<a class=\"elementor-post__thumbnail__link\" href=\"https:\/\/alicanteturismo.com\/fr\/noticias\/alicante-anuncia-cortes-de-trafico-en-el-frente-litoral-el-viernes-6-de-febrero-entre-las-15-y-16-45-horas-por-el-paso-la-volta-a-la-comunitat-valenciana\/\" tabindex=\"-1\" >\n\t\t\t<div class=\"elementor-post__thumbnail\"><img loading=\"lazy\" decoding=\"async\" width=\"300\" height=\"292\" src=\"https:\/\/alicanteturismo.com\/wp-content\/uploads\/2026\/02\/Volta-300x292.jpg\" class=\"attachment-medium size-medium wp-image-316162\" alt=\"\" srcset=\"https:\/\/alicanteturismo.com\/wp-content\/uploads\/2026\/02\/Volta-300x292.jpg 300w, https:\/\/alicanteturismo.com\/wp-content\/uploads\/2026\/02\/Volta-1024x997.jpg 1024w, https:\/\/alicanteturismo.com\/wp-content\/uploads\/2026\/02\/Volta-768x748.jpg 768w, https:\/\/alicanteturismo.com\/wp-content\/uploads\/2026\/02\/Volta.jpg 1027w\" sizes=\"(max-width: 300px) 100vw, 300px\" \/><\/div>\n\t\t<\/a>\n\t\t\t\t<div class=\"elementor-post__text\">\n\t\t\t\t<h3 class=\"elementor-post__title\">\n\t\t\t<a href=\"https:\/\/alicanteturismo.com\/fr\/noticias\/alicante-anuncia-cortes-de-trafico-en-el-frente-litoral-el-viernes-6-de-febrero-entre-las-15-y-16-45-horas-por-el-paso-la-volta-a-la-comunitat-valenciana\/\" >\n\t\t\t\tAlicante anuncia cortes de tr\u00e1fico en el frente litoral el viernes 6 de febrero entre las 15 y 16.45 horas por el paso La Volta a la Comunitat Valenciana\t\t\t<\/a>\n\t\t<\/h3>\n\t\t\t\t<div class=\"elementor-post__meta-data\">\n\t\t\t\t\t<span class=\"elementor-post-date\">\n\t\t\t4 f\u00e9vrier 2026\t\t<\/span>\n\t\t\t\t<\/div>\n\t\t\n\t\t<a class=\"elementor-post__read-more\" href=\"https:\/\/alicanteturismo.com\/fr\/noticias\/alicante-anuncia-cortes-de-trafico-en-el-frente-litoral-el-viernes-6-de-febrero-entre-las-15-y-16-45-horas-por-el-paso-la-volta-a-la-comunitat-valenciana\/\" aria-label=\"En savoir plus sur Alicante anuncia cortes de tr\u00e1fico en el frente litoral el viernes 6 de febrero entre las 15 y 16.45 horas por el paso La Volta a la Comunitat Valenciana\" tabindex=\"-1\" >\n\t\t\tLire la suite \"\t\t<\/a>\n\n\t\t\t\t<\/div>\n\t\t\t\t<\/article>\n\t\t\t\t<\/div>\n\t\t\n\t\t\t\t\t\t<\/div>\n\t\t\t\t<\/div>\n\t\t\t\t<\/div>\n\t\t<div class=\"elementor-element elementor-element-116183ee e-con-full e-flex e-con e-child\" data-id=\"116183ee\" data-element_type=\"container\" data-e-type=\"container\">\n\t\t<div class=\"elementor-element elementor-element-50fed106 e-con-full e-flex e-con e-child\" data-id=\"50fed106\" data-element_type=\"container\" data-e-type=\"container\">\n\t\t\t\t<div class=\"elementor-element elementor-element-2f4ed13f elementor-position-inline-start elementor-mobile-position-inline-start elementor-view-default elementor-widget elementor-widget-icon-box\" data-id=\"2f4ed13f\" data-element_type=\"widget\" data-e-type=\"widget\" data-widget_type=\"icon-box.default\">\n\t\t\t\t<div class=\"elementor-widget-container\">\n\t\t\t\t\t\t\t<div class=\"elementor-icon-box-wrapper\">\n\n\t\t\t\t\t\t<div class=\"elementor-icon-box-icon\">\n\t\t\t\t<span  class=\"elementor-icon\">\n\t\t\t\t<svg xmlns=\"http:\/\/www.w3.org\/2000\/svg\" xmlns:xlink=\"http:\/\/www.w3.org\/1999\/xlink\" width=\"512\" height=\"512\" x=\"0\" y=\"0\" viewBox=\"0 0 32 32\" style=\"enable-background:new 0 0 512 512\" xml:space=\"preserve\" class=\"\"><g><path d=\"M30 15h-5v11a1 1 0 0 0 1 1 3 3 0 0 1 3 3 5 5 0 0 0 2-4V16a1 1 0 0 0-1-1z\" fill=\"#00adbb\" opacity=\"1\" data-original=\"#000000\" class=\"\"><\/path><path d=\"M26 29a3 3 0 0 1-3-3V2a1 1 0 0 0-1-1H2a1 1 0 0 0-1 1v24a5 5 0 0 0 5 5h20a1 1 0 0 0 0-2zM7 9h1a1 1 0 0 1 0 2H7a1 1 0 0 1 0-2zm10 14H7a1 1 0 0 1 0-2h10a1 1 0 0 1 0 2zm0-6H7a1 1 0 0 1 0-2h10a1 1 0 0 1 0 2zm0-6h-5a1 1 0 0 1 0-2h5a1 1 0 0 1 0 2z\" fill=\"#00adbb\" opacity=\"1\" data-original=\"#000000\" class=\"\"><\/path><\/g><\/svg>\t\t\t\t<\/span>\n\t\t\t<\/div>\n\t\t\t\n\t\t\t\t\t\t<div class=\"elementor-icon-box-content\">\n\n\t\t\t\t\t\t\t\t\t<h2 class=\"elementor-icon-box-title\">\n\t\t\t\t\t\t<span  >\n\t\t\t\t\t\t\tActualit\u00e9s\t\t\t\t\t\t<\/span>\n\t\t\t\t\t<\/h2>\n\t\t\t\t\n\t\t\t\t\n\t\t\t<\/div>\n\t\t\t\n\t\t<\/div>\n\t\t\t\t\t\t<\/div>\n\t\t\t\t<\/div>\n\t\t\t\t<div class=\"elementor-element elementor-element-73a70c9a elementor-widget-mobile__width-inherit titulohover elementor-widget elementor-widget-heading\" data-id=\"73a70c9a\" data-element_type=\"widget\" data-e-type=\"widget\" data-widget_type=\"heading.default\">\n\t\t\t\t<div class=\"elementor-widget-container\">\n\t\t\t\t\t<h5 class=\"elementor-heading-title elementor-size-default\"><a href=\"https:\/\/alicanteturismo.com\/fr\/actualites\/\">Toutes les nouvelles<\/a><\/h5>\t\t\t\t<\/div>\n\t\t\t\t<\/div>\n\t\t\t\t<\/div>\n\t\t\t\t<\/div>\n\t\t\t\t<\/div>\n\t\t<div class=\"elementor-element elementor-element-5579bb9e e-con-full e-flex e-con e-child\" data-id=\"5579bb9e\" data-element_type=\"container\" data-e-type=\"container\" id=\"eventoshogueras\">\n\t\t<div class=\"elementor-element elementor-element-2607bbb6 e-con-full e-flex e-con e-child\" data-id=\"2607bbb6\" data-element_type=\"container\" data-e-type=\"container\" data-settings=\"{&quot;background_background&quot;:&quot;classic&quot;}\">\n\t\t<div class=\"elementor-element elementor-element-b06aa2a e-con-full e-flex e-con e-child\" data-id=\"b06aa2a\" data-element_type=\"container\" data-e-type=\"container\">\n\t\t\t\t<div class=\"elementor-element elementor-element-3fbe1bf2 elementor-position-inline-start elementor-mobile-position-inline-start elementor-view-default elementor-widget elementor-widget-icon-box\" data-id=\"3fbe1bf2\" data-element_type=\"widget\" data-e-type=\"widget\" data-widget_type=\"icon-box.default\">\n\t\t\t\t<div class=\"elementor-widget-container\">\n\t\t\t\t\t\t\t<div class=\"elementor-icon-box-wrapper\">\n\n\t\t\t\t\t\t<div class=\"elementor-icon-box-icon\">\n\t\t\t\t<span  class=\"elementor-icon\">\n\t\t\t\t<svg xmlns=\"http:\/\/www.w3.org\/2000\/svg\" xmlns:xlink=\"http:\/\/www.w3.org\/1999\/xlink\" width=\"512\" height=\"512\" x=\"0\" y=\"0\" viewBox=\"0 0 100 100\" style=\"enable-background:new 0 0 512 512\" xml:space=\"preserve\" class=\"\"><g><path fill-rule=\"evenodd\" d=\"M78.5 12V5.667a3.168 3.168 0 0 0-6.333 0v3.166h-14.25c-.421 0-.824.168-1.121.463-.295.297-.463.7-.463 1.12V12A3.168 3.168 0 0 1 50 12V5.667a3.168 3.168 0 0 0-6.333 0v3.166h-14.25c-.421 0-.824.168-1.121.463-.295.297-.463.7-.463 1.12V12a3.168 3.168 0 0 1-6.333 0V5.667a3.168 3.168 0 0 0-6.333 0v3.166h-4.75A7.917 7.917 0 0 0 2.5 16.75v72.833a7.917 7.917 0 0 0 7.917 7.917h79.166a7.917 7.917 0 0 0 7.917-7.917V16.75a7.917 7.917 0 0 0-7.917-7.917h-3.166c-.421 0-.824.168-1.121.463-.295.297-.463.7-.463 1.12V12a3.168 3.168 0 0 1-6.333 0zm12.667 22.167v55.416c0 .421-.168.824-.463 1.121-.297.295-.7.463-1.12.463H10.416c-.421 0-.824-.168-1.121-.463a1.595 1.595 0 0 1-.463-1.12V34.166zM59.5 69a3.168 3.168 0 0 0-3.167-3.167H43.667A3.168 3.168 0 0 0 40.5 69v12.667a3.168 3.168 0 0 0 3.167 3.166h12.666a3.168 3.168 0 0 0 3.167-3.166V69zm25.333 0a3.168 3.168 0 0 0-3.166-3.167H69A3.168 3.168 0 0 0 65.833 69v12.667A3.168 3.168 0 0 0 69 84.833h12.667a3.168 3.168 0 0 0 3.166-3.166zm-50.666 0A3.168 3.168 0 0 0 31 65.833H18.333A3.168 3.168 0 0 0 15.167 69v12.667a3.168 3.168 0 0 0 3.166 3.166H31a3.168 3.168 0 0 0 3.167-3.166zM59.5 43.667a3.168 3.168 0 0 0-3.167-3.167H43.667a3.168 3.168 0 0 0-3.167 3.167v12.666a3.168 3.168 0 0 0 3.167 3.167h12.666a3.168 3.168 0 0 0 3.167-3.167zm25.333 0a3.168 3.168 0 0 0-3.166-3.167H69a3.168 3.168 0 0 0-3.167 3.167v12.666A3.168 3.168 0 0 0 69 59.5h12.667a3.168 3.168 0 0 0 3.166-3.167zm-50.666 0A3.168 3.168 0 0 0 31 40.5H18.333a3.168 3.168 0 0 0-3.166 3.167v12.666a3.168 3.168 0 0 0 3.166 3.167H31a3.168 3.168 0 0 0 3.167-3.167z\" clip-rule=\"evenodd\" fill=\"#00adbb\" opacity=\"1\" data-original=\"#000000\"><\/path><\/g><\/svg>\t\t\t\t<\/span>\n\t\t\t<\/div>\n\t\t\t\n\t\t\t\t\t\t<div class=\"elementor-icon-box-content\">\n\n\t\t\t\t\t\t\t\t\t<h2 class=\"elementor-icon-box-title\">\n\t\t\t\t\t\t<span  >\n\t\t\t\t\t\t\tCalendrier des \u00e9v\u00e9nements\t\t\t\t\t\t<\/span>\n\t\t\t\t\t<\/h2>\n\t\t\t\t\n\t\t\t\t\n\t\t\t<\/div>\n\t\t\t\n\t\t<\/div>\n\t\t\t\t\t\t<\/div>\n\t\t\t\t<\/div>\n\t\t\t\t<div class=\"elementor-element elementor-element-647e38f4 elementor-widget-mobile__width-inherit titulohover elementor-widget elementor-widget-heading\" data-id=\"647e38f4\" data-element_type=\"widget\" data-e-type=\"widget\" data-widget_type=\"heading.default\">\n\t\t\t\t<div class=\"elementor-widget-container\">\n\t\t\t\t\t<h5 class=\"elementor-heading-title elementor-size-default\"><a href=\"https:\/\/alicanteturismo.com\/fr\/lordre-du-jour\/\">Tous les \u00e9v\u00e9nements<\/a><\/h5>\t\t\t\t<\/div>\n\t\t\t\t<\/div>\n\t\t\t\t<\/div>\n\t\t\t\t<div class=\"elementor-element elementor-element-777e588f elementor-widget elementor-widget-shortcode\" data-id=\"777e588f\" data-element_type=\"widget\" data-e-type=\"widget\" data-widget_type=\"shortcode.default\">\n\t\t\t\t<div class=\"elementor-widget-container\">\n\t\t\t\t\t\t\t<div class=\"elementor-shortcode\"><div class=\"mec-wrap mec-skin-grid-container  \" id=\"mec_skin_278003\">\r\n\r\n    \r\n        <div class=\"mec-skin-grid-events-container\" id=\"mec_skin_events_278003\">\r\n        Aucun \u00e9v\u00e9nement trouv\u00e9 !    <\/div>\r\n    \r\n    \r\n<\/div>\r\n<\/div>\n\t\t\t\t\t\t<\/div>\n\t\t\t\t<\/div>\n\t\t\t\t<\/div>\n\t\t\t\t<\/div>\n\t\t\t\t<\/div>\n\t\t","protected":false},"featured_media":272107,"template":"","meta":{"_acf_changed":false},"class_list":["post-283764","fiestas","type-fiestas","status-publish","has-post-thumbnail","hentry"],"acf":[],"_links":{"self":[{"href":"https:\/\/alicanteturismo.com\/fr\/wp-json\/wp\/v2\/fiestas\/283764","targetHints":{"allow":["GET"]}}],"collection":[{"href":"https:\/\/alicanteturismo.com\/fr\/wp-json\/wp\/v2\/fiestas"}],"about":[{"href":"https:\/\/alicanteturismo.com\/fr\/wp-json\/wp\/v2\/types\/fiestas"}],"version-history":[{"count":0,"href":"https:\/\/alicanteturismo.com\/fr\/wp-json\/wp\/v2\/fiestas\/283764\/revisions"}],"wp:featuredmedia":[{"embeddable":true,"href":"https:\/\/alicanteturismo.com\/fr\/wp-json\/wp\/v2\/media\/272107"}],"wp:attachment":[{"href":"https:\/\/alicanteturismo.com\/fr\/wp-json\/wp\/v2\/media?parent=283764"}],"curies":[{"name":"wp","href":"https:\/\/api.w.org\/{rel}","templated":true}]}}