{"id":285374,"date":"2024-05-30T11:42:53","date_gmt":"2024-05-30T09:42:53","guid":{"rendered":"https:\/\/dev.alicanteturismo.com\/fiestas\/christmas\/"},"modified":"2026-01-02T14:47:24","modified_gmt":"2026-01-02T13:47:24","slug":"christmas","status":"publish","type":"fiestas","link":"https:\/\/alicanteturismo.com\/en\/fiestas\/christmas\/","title":{"rendered":"Christmas"},"content":{"rendered":"\t\t<div data-elementor-type=\"wp-post\" data-elementor-id=\"285374\" class=\"elementor elementor-285374 elementor-3874\" data-elementor-post-type=\"fiestas\">\n\t\t\t\t<div style=\"background-image: url(https:\/\/alicanteturismo.com\/wp-content\/uploads\/2025\/11\/WhatsApp-Image-2025-11-21-at-20.55.53-1.jpeg);background-position:center center;background-repeat:no-repeat;background-size:cover;\" class=\"e-lazyloaded elementor-element elementor-element-22219635 e-con-full e-flex e-con e-parent\" data-id=\"22219635\" data-element_type=\"container\" data-e-type=\"container\" data-settings=\"{&quot;background_background&quot;:&quot;video&quot;,&quot;background_video_start&quot;:3,&quot;background_video_end&quot;:18,&quot;background_play_on_mobile&quot;:&quot;yes&quot;}\">\n\t\t\t\t<div class=\"elementor-element elementor-element-36436d5 elementor-widget__width-inherit elementor-widget elementor-widget-heading\" data-id=\"36436d5\" data-element_type=\"widget\" data-e-type=\"widget\" data-widget_type=\"heading.default\">\n\t\t\t\t<div class=\"elementor-widget-container\">\n\t\t\t\t\t<h1 class=\"elementor-heading-title elementor-size-default\">CHRISTMAS<\/h1>\t\t\t\t<\/div>\n\t\t\t\t<\/div>\n\t\t\t\t<\/div>\n\t\t<div class=\"elementor-element elementor-element-75873257 e-con-full e-flex e-con e-parent\" data-id=\"75873257\" data-element_type=\"container\" data-e-type=\"container\">\n\t\t<div class=\"elementor-element elementor-element-3d386dc0 e-con-full e-flex e-con e-child\" data-id=\"3d386dc0\" data-element_type=\"container\" data-e-type=\"container\">\n\t\t<div class=\"elementor-element elementor-element-765fd954 e-con-full e-flex e-con e-child\" data-id=\"765fd954\" data-element_type=\"container\" data-e-type=\"container\">\n\t\t\t\t<div class=\"elementor-element elementor-element-61be4641 elementor-widget__width-initial elementor-widget-mobile_extra__width-inherit elementor-widget elementor-widget-text-editor\" data-id=\"61be4641\" data-element_type=\"widget\" data-e-type=\"widget\" data-widget_type=\"text-editor.default\">\n\t\t\t\t<div class=\"elementor-widget-container\">\n\t\t\t\t\t\t\t\t\t<h4><strong>CHRISTMAS IN ALICANTE<\/strong><\/h4>\n<p><span style=\"font-family: Arial, sans-serif\"><span style=\"font-size: medium\">Christmas in Alicante is one of the most heart-warming celebrations of the year, a period full of magic, tradition and special moments. From the end of November, the extraordinary switching on of the Christmas lights transforms the city into a luminous setting that invites you to enjoy every corner.<\/span><\/span><\/p>\n<p><span style=\"font-family: Arial, sans-serif\"><span style=\"font-size: medium\">Among the main attractions is the majestic <\/span><\/span><strong><span style=\"font-family: Arial, sans-serif\"><span style=\"font-size: medium\">Monumental Nativity Scene<\/span><\/span><\/strong><span style=\"font-family: Arial, sans-serif\"><span style=\"font-size: medium\">, recognised in the <\/span><\/span><em><span style=\"font-family: Arial, sans-serif\"><span style=\"font-size: medium\">Guinness Book of Records<\/span><\/span><\/em><span style=\"font-family: Arial, sans-serif\"><span style=\"font-size: medium\">, as well as the cosy <\/span><\/span><strong><span style=\"font-family: Arial, sans-serif\"><span style=\"font-size: medium\">Casita de San Nicol\u00e1s<\/span><\/span><\/strong><span style=\"font-family: Arial, sans-serif\"><span style=\"font-size: medium\">, where children enjoy unforgettable experiences. Another particularly emotional moment comes on the 6th of December, with the traditional procession in honour of Saint Nicholas. medium;&#8221;&gt;, with the traditional procession in honour of <\/span><\/span><strong><span style=\"font-family: Arial, sans-serif\"><span style=\"font-size: medium\">Saint Nicholas<\/span><\/span><\/strong><span style=\"font-family: Arial, sans-serif\"><span style=\"font-size: medium\">, patron saint of Alicante.<\/span><\/span><\/p>\n<p><span style=\"font-family: Arial, sans-serif\"><span style=\"font-size: medium\">The <\/span><\/span><strong><span style=\"font-family: Arial, sans-serif\"><span style=\"font-size: medium\">Christmas Fair<\/span><\/span><\/strong><span style=\"font-family: Arial, sans-serif\"><span style=\"font-size: medium\"> and the <\/span><\/span><strong><span style=\"font-family: Arial, sans-serif\"><span style=\"font-size: medium\">Children&#8217;s Fair<\/span><\/span><\/strong><span style=\"font-family: Arial, sans-serif\"><span style=\"font-size: medium\"> provide fun for all ages, while sports lovers will find their place in the <\/span><\/span><strong><span style=\"font-family: Arial, sans-serif\"><span style=\"font-size: medium\">San Silvestre Solidarity Run<\/span><\/span><\/strong><span style=\"font-family: Arial, sans-serif\"><span style=\"font-size: medium\">, the <\/span><\/span><strong><span style=\"font-family: Arial, sans-serif\"><span style=\"font-size: medium\">Navi Fitness<\/span><\/span><\/strong><span style=\"font-family: Arial, sans-serif\"><span style=\"font-size: medium\"> or the <\/span><\/span><strong><span style=\"font-family: Arial, sans-serif\"><span style=\"font-size: medium\">Christmas Crossing<\/span><\/span><\/strong><span style=\"font-family: Arial, sans-serif\"><span style=\"font-size: medium\">.<\/span><\/span><\/p>\n<p><span style=\"font-family: Arial, sans-serif\"><span style=\"font-size: medium\">The year ends with the <\/span><\/span><strong><span style=\"font-family: Arial, sans-serif\"><span style=\"font-size: medium\">Children&#8217;s New Year&#8217;s Eve Party<\/span><\/span><\/strong><span style=\"font-family: Arial, sans-serif\"><span style=\"font-size: medium\">, the rehearsal of the chimes and the celebration of <\/span><\/span><strong><span style=\"font-family: Arial, sans-serif\"><span style=\"font-size: medium\">New Year&#8217;s Eve<\/span><\/span><\/strong><span style=\"font-family: Arial, sans-serif\"><span style=\"font-size: medium\">, while the grand finale comes with the <\/span><\/span><strong><span style=\"font-family: Arial, sans-serif\"><span style=\"font-size: medium\">Three Kings<\/span><\/span><\/strong><span style=\"font-family: Arial, sans-serif\"><span style=\"font-size: medium\"> and their spectacular parade on <\/span><\/span><strong><span style=\"font-family: Arial, sans-serif\"><span style=\"font-size: medium\">5 January<\/span><\/span><\/strong><span style=\"font-family: Arial, sans-serif\"><span style=\"font-size: medium\"> through the city centre.<\/span><\/span><\/p>\n\t\t\t\t\t\t\t\t<\/div>\n\t\t\t\t<\/div>\n\t\t\t\t<div class=\"elementor-element elementor-element-43601a4d elementor-widget__width-initial elementor-widget-mobile_extra__width-inherit elementor-widget elementor-widget-image\" data-id=\"43601a4d\" data-element_type=\"widget\" data-e-type=\"widget\" data-widget_type=\"image.default\">\n\t\t\t\t<div class=\"elementor-widget-container\">\n\t\t\t\t\t\t\t\t\t\t\t\t\t\t\t<img fetchpriority=\"high\" decoding=\"async\" width=\"1320\" height=\"2365\" src=\"https:\/\/alicanteturismo.com\/wp-content\/uploads\/2024\/05\/ARBOL-GIGANTE-e1763731818211.jpg\" class=\"attachment-full size-full wp-image-314151\" alt=\"\" \/>\t\t\t\t\t\t\t\t\t\t\t\t\t\t\t<\/div>\n\t\t\t\t<\/div>\n\t\t\t\t<\/div>\n\t\t<div class=\"elementor-element elementor-element-1d4da9e e-con-full e-flex e-con e-child\" data-id=\"1d4da9e\" data-element_type=\"container\" data-e-type=\"container\">\n\t\t\t\t<div class=\"elementor-element elementor-element-5776334 elementor-widget__width-initial elementor-widget-mobile_extra__width-inherit elementor-widget elementor-widget-text-editor\" data-id=\"5776334\" data-element_type=\"widget\" data-e-type=\"widget\" data-widget_type=\"text-editor.default\">\n\t\t\t\t<div class=\"elementor-widget-container\">\n\t\t\t\t\t\t\t\t\t<h4><strong>Celebration in honour of Saint Nicholas<\/strong><\/h4>\n<p align=\"left\"><span style=\"color: #000000\"><span style=\"font-family: Arial, sans-serif\"><span style=\"font-size: medium\">Every 6th December, Alicante celebrates the feast day of its patron saint, Saint Nicholas. The day begins with a mass in the Co-Cathedral and continues with a solemn procession that culminates in the traditional <strong>Vow of the City<\/strong> to the saint.<br \/>\n<span style=\"font-family: Arial, sans-serif\"><span style=\"font-size: medium\">The day concludes with an impressive <\/span><\/span><strong><span style=\"font-family: Arial, sans-serif\"><span style=\"font-size: medium\">Parade of Moors and Christians<\/span><\/span><\/strong><span style=\"font-family: Arial, sans-serif\"><span style=\"font-size: medium\">, which starts at the Plaza de los Luceros and ends at the Plaza del Ayuntamiento.<\/span><\/span><\/span><\/span><\/span><\/p>\n<p><a href=\"https:\/\/alicanteturismo.com\/wp-content\/uploads\/2025\/11\/ALICANTE-programa-Navidad-2025-26-v3-comprimido.pdf\" target=\"_blank\" rel=\"noopener\"><strong>See programme<\/strong><\/a><\/p>\n\t\t\t\t\t\t\t\t<\/div>\n\t\t\t\t<\/div>\n\t\t\t\t<div class=\"elementor-element elementor-element-f608bb7 elementor-widget__width-initial elementor-widget-mobile_extra__width-inherit elementor-widget elementor-widget-image\" data-id=\"f608bb7\" data-element_type=\"widget\" data-e-type=\"widget\" data-widget_type=\"image.default\">\n\t\t\t\t<div class=\"elementor-widget-container\">\n\t\t\t\t\t\t\t\t\t\t\t\t\t\t\t<img decoding=\"async\" width=\"1920\" height=\"1280\" src=\"https:\/\/alicanteturismo.com\/wp-content\/uploads\/2024\/05\/20201120201711__ERN3365_2-e1730894223471.jpg\" class=\"attachment-full size-full wp-image-281505\" alt=\"\" \/>\t\t\t\t\t\t\t\t\t\t\t\t\t\t\t<\/div>\n\t\t\t\t<\/div>\n\t\t\t\t<\/div>\n\t\t<div class=\"elementor-element elementor-element-bae0af0 e-con-full e-flex e-con e-child\" data-id=\"bae0af0\" data-element_type=\"container\" data-e-type=\"container\">\n\t\t\t\t<div class=\"elementor-element elementor-element-c3d70de elementor-widget__width-initial elementor-widget-mobile_extra__width-inherit elementor-widget elementor-widget-text-editor\" data-id=\"c3d70de\" data-element_type=\"widget\" data-e-type=\"widget\" data-widget_type=\"text-editor.default\">\n\t\t\t\t<div class=\"elementor-widget-container\">\n\t\t\t\t\t\t\t\t\t<h4 class=\"western\" align=\"left\"><strong>Monumental Nativity Scene<\/strong><\/h4>\n<p><span><span style=\"font-family: Arial, sans-serif\"><span style=\"font-size: medium\">The <\/span><\/span><\/span><strong><span><span style=\"font-family: Arial, sans-serif\"><span style=\"font-size: medium\">Monumental Nativity Scene<\/span><\/span><\/span><\/strong><span><span style=\"font-family: Arial, sans-serif\"><span style=\"font-size: medium\"> is one of the great attractions of Christmas in Alicante. Since 2019, it has been part of the <\/span><\/span><\/span><em><span><span style=\"font-family: Arial, sans-serif\"><span style=\"font-size: medium\">Guinness Book of Records<\/span><\/span><\/span><\/em><span><span style=\"font-family: Arial, sans-serif\"><span style=\"font-size: medium\">. This nativity scene, featuring the Virgin Mary, the Baby Jesus, Saint Joseph and the Three Wise Men, is set up in the Town Hall square and is accompanied by majestic angels distributed throughout the city, creating a magical itinerary that can be visited from the end of November until <\/span><\/span><\/span><strong><span><span style=\"font-family: Arial, sans-serif\"><span style=\"font-size: medium\">7 January<\/span><\/span><\/span><\/strong><span><span style=\"font-family: Arial, sans-serif\"><span style=\"font-size: medium\">.<\/span><\/span><\/span><\/p>\n<p><strong>Location: Town Hall Square.<\/strong><\/p>\n\t\t\t\t\t\t\t\t<\/div>\n\t\t\t\t<\/div>\n\t\t\t\t<div class=\"elementor-element elementor-element-23a50ab elementor-widget__width-initial elementor-widget-mobile_extra__width-inherit elementor-widget elementor-widget-image\" data-id=\"23a50ab\" data-element_type=\"widget\" data-e-type=\"widget\" data-widget_type=\"image.default\">\n\t\t\t\t<div class=\"elementor-widget-container\">\n\t\t\t\t\t\t\t\t\t\t\t\t\t\t\t<img loading=\"lazy\" decoding=\"async\" width=\"2040\" height=\"1530\" src=\"https:\/\/alicanteturismo.com\/wp-content\/uploads\/2024\/05\/belen-gigante-e1730894629262.jpg\" class=\"attachment-full size-full wp-image-281513\" alt=\"\" \/>\t\t\t\t\t\t\t\t\t\t\t\t\t\t\t<\/div>\n\t\t\t\t<\/div>\n\t\t\t\t<\/div>\n\t\t<div class=\"elementor-element elementor-element-81901fb e-con-full e-flex e-con e-child\" data-id=\"81901fb\" data-element_type=\"container\" data-e-type=\"container\">\n\t\t\t\t<div class=\"elementor-element elementor-element-3816034 elementor-widget__width-initial elementor-widget-mobile_extra__width-inherit elementor-widget elementor-widget-text-editor\" data-id=\"3816034\" data-element_type=\"widget\" data-e-type=\"widget\" data-widget_type=\"text-editor.default\">\n\t\t\t\t<div class=\"elementor-widget-container\">\n\t\t\t\t\t\t\t\t\t<div style=\"text-align: left\">\n<h4><strong>Municipal Nativity Scene and Other Nativity Scenes<\/strong><\/h4>\n<p><span style=\"font-family: Arial, sans-serif\"><span style=\"font-size: medium\">The tradition of nativity scenes is one of the hallmarks of Christmas in Alicante. Of particular note is the <\/span><\/span><strong><span style=\"font-family: Arial, sans-serif\"><span style=\"font-size: medium\">Municipal Nativity Scene<\/span><\/span><\/strong><span style=\"font-family: Arial, sans-serif\"><span style=\"font-size: medium\">, with large figures and biblical themes, installed in the Town Hall and created by the Association of Nativity Scene Makers of Alicante.<\/span><\/span><\/p>\n<p><span style=\"font-family: Arial, sans-serif\"><span style=\"font-size: medium\">Other essential nativity scenes are the <\/span><\/span><strong><span style=\"font-family: Arial, sans-serif\"><span style=\"font-size: medium\">Social Nativity Scene in Plaza de la Monta\u00f1eta<\/span><\/span><\/strong><span style=\"font-family: Arial, sans-serif\"><span style=\"font-size: medium\">, created by renowned nativity scene artists, and the one in the <\/span><\/span><strong><span style=\"font-family: Arial, sans-serif\"><span style=\"font-size: medium\">Junta Mayor de Semana Santa<\/span><\/span><\/strong><span style=\"font-family: Arial, sans-serif\"><span style=\"font-size: medium\">, located in the Palacio El Portalet. All of them bring together handcrafted pieces that reflect the cultural essence of the city and the magic of the Adoration of the Magi. &gt;<span style=\"font-size: medium\">.<\/span><\/span><\/span><\/p>\n<h3 class=\"western\"><strong><span style=\"font-family: Arial, sans-serif\"><span style=\"font-size: medium\">Opening hours:<\/span><\/span><\/strong><\/h3>\n<ul>\n<li><strong><span style=\"font-family: Arial, sans-serif\"><span style=\"font-size: medium\">Monumental Nativity Scene. <\/span><\/span><\/strong><span style=\"font-family: Arial, sans-serif\"><span style=\"font-size: medium\"> Opening on <\/span><\/span><strong><span style=\"font-family: Arial, sans-serif\"><span style=\"font-size: medium\">Sunday 23rd November at 7pm<\/span><\/span><\/strong><span style=\"font-family: Arial, sans-serif\"><span style=\"font-size: medium\"> in the Town Hall Square, preceded by a light and sound show.<\/span><\/span><\/li>\n<li><strong><span style=\"font-family: Arial, sans-serif\"><span style=\"font-size: medium\">Nativity scene in the Town Hall entrance hall. <\/span><\/span><\/strong><span style=\"font-family: Arial, sans-serif\"><span style=\"font-size: medium\"> Opening on <\/span><\/span><strong><span style=\"font-family: Arial, sans-serif\"><span style=\"font-size: medium\">Thursday 27 November at 7 pm<\/span><\/span><\/strong><span style=\"font-family: Arial, sans-serif\"><span style=\"font-size: medium\">.<\/span><\/span><\/li>\n<li><strong><span style=\"font-family: Arial, sans-serif\"><span style=\"font-size: medium\">Nativity scene at the La Monta\u00f1eta Social Centre. <\/span><\/span><\/strong><span style=\"font-family: Arial, sans-serif\"><span style=\"font-size: medium\"> Opening on <\/span><\/span><strong><span style=\"font-family: Arial, sans-serif\"><span style=\"font-size: medium\">Wednesday 26 November at 7 pm<\/span><\/span><\/strong><span style=\"font-family: Arial, sans-serif\"><span style=\"font-size: medium\">.<\/span><\/span><\/li>\n<li><strong><span style=\"font-family: Arial, sans-serif\"><span style=\"font-size: medium\">Nativity scene at El Portalet Palace by the Holy Week Board. <\/span><\/span><\/strong><span style=\"font-family: Arial, sans-serif\"><span style=\"font-size: medium\"> Opening on <\/span><\/span><strong><span style=\"font-family: Arial, sans-serif\"><span style=\"font-size: medium\">Thursday 4 December at 7 pm<\/span><\/span><\/strong><span style=\"font-family: Arial, sans-serif\"><span style=\"font-size: medium\">.<\/span><\/span><\/li>\n<\/ul>\n<\/div>\n\t\t\t\t\t\t\t\t<\/div>\n\t\t\t\t<\/div>\n\t\t\t\t<div class=\"elementor-element elementor-element-75bcc19 elementor-widget__width-initial elementor-widget-mobile_extra__width-inherit elementor-widget elementor-widget-image\" data-id=\"75bcc19\" data-element_type=\"widget\" data-e-type=\"widget\" data-widget_type=\"image.default\">\n\t\t\t\t<div class=\"elementor-widget-container\">\n\t\t\t\t\t\t\t\t\t\t\t\t\t\t\t<img loading=\"lazy\" decoding=\"async\" width=\"1080\" height=\"567\" src=\"https:\/\/alicanteturismo.com\/wp-content\/uploads\/2024\/05\/BELEN-PLAZA-MONTANETA.jpg\" class=\"attachment-full size-full wp-image-314156\" alt=\"\" srcset=\"https:\/\/alicanteturismo.com\/wp-content\/uploads\/2024\/05\/BELEN-PLAZA-MONTANETA.jpg 1080w, https:\/\/alicanteturismo.com\/wp-content\/uploads\/2024\/05\/BELEN-PLAZA-MONTANETA-300x158.jpg 300w, https:\/\/alicanteturismo.com\/wp-content\/uploads\/2024\/05\/BELEN-PLAZA-MONTANETA-1024x538.jpg 1024w, https:\/\/alicanteturismo.com\/wp-content\/uploads\/2024\/05\/BELEN-PLAZA-MONTANETA-768x403.jpg 768w\" sizes=\"(max-width: 1080px) 100vw, 1080px\" \/>\t\t\t\t\t\t\t\t\t\t\t\t\t\t\t<\/div>\n\t\t\t\t<\/div>\n\t\t\t\t<\/div>\n\t\t<div class=\"elementor-element elementor-element-fc696fb e-con-full e-flex e-con e-child\" data-id=\"fc696fb\" data-element_type=\"container\" data-e-type=\"container\">\n\t\t\t\t<div class=\"elementor-element elementor-element-e3147a9 elementor-widget__width-initial elementor-widget-mobile_extra__width-inherit elementor-widget elementor-widget-text-editor\" data-id=\"e3147a9\" data-element_type=\"widget\" data-e-type=\"widget\" data-widget_type=\"text-editor.default\">\n\t\t\t\t<div class=\"elementor-widget-container\">\n\t\t\t\t\t\t\t\t\t<h4><strong>House of Saint Nicholas<\/strong><\/h4>\n<p><span style=\"font-family: Arial, sans-serif\"><span style=\"font-size: medium\">The <\/span><\/span><strong><span style=\"font-family: Arial, sans-serif\"><span style=\"font-size: medium\">House of Saint Nicholas<\/span><\/span><\/strong><span style=\"font-family: Arial, sans-serif\"><span style=\"font-size: medium\"> is one of the most magical places for children during Christmas. It opens its doors on <\/span><\/span><strong><span style=\"font-family: Arial, sans-serif\"><span style=\"font-size: medium\">29 November<\/span><\/span><\/strong><\/p>\n<p><strong><span style=\"font-family: Arial, sans-serif\"><span style=\"font-size: medium\">Location and dates:<\/span><\/span><\/strong><span style=\"font-family: Arial, sans-serif\"><span style=\"font-size: medium\"><br \/>\nPlaza de S\u00e9neca.<br \/>\nFrom 29th November to 24th December.<br \/>\n<\/span><\/span><strong><span style=\"font-family: Arial, sans-serif\"><span style=\"font-size: medium\">By appointment only<\/span><\/span><\/strong><span style=\"font-family: Arial, sans-serif\"><span style=\"font-size: medium\"> (from 20 November) at <a href=\"https:\/\/citaprevia.alicante.es\/CitaPrevia\/#\/pedirCita?v=2.0\" target=\"_blank\" rel=\"noopener\">this link<\/a>.<br \/>\n<\/span><\/span><\/p>\n\t\t\t\t\t\t\t\t<\/div>\n\t\t\t\t<\/div>\n\t\t\t\t<div class=\"elementor-element elementor-element-63dec0f elementor-widget__width-initial elementor-widget-mobile_extra__width-inherit elementor-widget elementor-widget-image\" data-id=\"63dec0f\" data-element_type=\"widget\" data-e-type=\"widget\" data-widget_type=\"image.default\">\n\t\t\t\t<div class=\"elementor-widget-container\">\n\t\t\t\t\t\t\t\t\t\t\t\t\t\t\t<img loading=\"lazy\" decoding=\"async\" width=\"582\" height=\"654\" src=\"https:\/\/alicanteturismo.com\/wp-content\/uploads\/2024\/05\/casa-de-san-nicolas-e1730905927553.jpg\" class=\"attachment-full size-full wp-image-281636\" alt=\"\" \/>\t\t\t\t\t\t\t\t\t\t\t\t\t\t\t<\/div>\n\t\t\t\t<\/div>\n\t\t\t\t<\/div>\n\t\t<div class=\"elementor-element elementor-element-5408243 e-con-full e-flex e-con e-child\" data-id=\"5408243\" data-element_type=\"container\" data-e-type=\"container\">\n\t\t\t\t<div class=\"elementor-element elementor-element-bbbcdbc elementor-widget__width-initial elementor-widget-mobile_extra__width-inherit elementor-widget elementor-widget-text-editor\" data-id=\"bbbcdbc\" data-element_type=\"widget\" data-e-type=\"widget\" data-widget_type=\"text-editor.default\">\n\t\t\t\t<div class=\"elementor-widget-container\">\n\t\t\t\t\t\t\t\t\t<h4 class=\"western\"><strong>Christmas Sports Activities<\/strong><\/h4>\n<p>Christmas in Alicante also invites you to enjoy sports in a festive atmosphere. The more active can take part in the Navi Fitness at the Concha de la Explanada; in the Christmas Crossing, for swimmers who set off from Postiguet Beach; or in the traditional &gt;<span style=\"font-size: medium\">, for swimmers departing from Postiguet Beach; or in the traditional <\/span><strong><span style=\"font-family: Arial, sans-serif\"><span style=\"font-size: medium\">San Silvestre Solidarity Run<\/span><\/span><\/strong><span style=\"font-family: Arial, sans-serif\"><span style=\"font-size: medium\">, a fun charity race where runners of all ages take part in fancy dress, running through the heart of the city.<\/span><\/span><\/p>\n<h3 class=\"western\"><strong><span style=\"font-family: Arial, sans-serif\"><span style=\"font-size: medium\">Locations, dates and times:<\/span><\/span><\/strong><\/h3>\n<ul>\n<li><strong><span style=\"font-family: Arial, sans-serif\"><span style=\"font-size: medium\">Navi Fitness:<\/span><\/span><\/strong><span style=\"font-family: Arial, sans-serif\"><span style=\"font-size: medium\"> There will be two sessions between Sunday 4th and Tuesday 6th January. The morning session on Sunday 4th January will begin at 9 a.m. with Barre Fitness, until 9.50 a.m. This will be followed by a combat class (10-10.50 a.m.) and will end with a Zumba session (11 a.m.-12.30 p.m.). On Tuesday 6 January, in the afternoon, CaminaFit is scheduled for 6 p.m.<\/span><\/span><\/li>\n<li><strong><span style=\"font-family: Arial, sans-serif\"><span style=\"font-size: medium\">Christmas Crossing:<\/span><\/span><\/strong><span style=\"font-family: Arial, sans-serif\"><span style=\"font-size: medium\"> Sunday <\/span><\/span><strong><span style=\"font-family: Arial, sans-serif\"><span style=\"font-size: medium\">21 December<\/span><\/span><\/strong><span style=\"font-family: Arial, sans-serif\"><span style=\"font-size: medium\">, departure from Postiguet Beach, at <\/span><\/span><strong><span style=\"font-family: Arial, sans-serif\"><span style=\"font-size: medium\">9:30 a.m.<\/span><\/span><\/strong><span style=\"font-family: Arial, sans-serif\"><span style=\"font-size: medium\">.<\/span><\/span><\/li>\n<li><strong><span style=\"font-family: Arial, sans-serif\"><span style=\"font-size: medium\">Sant Silvestre Solidarity Race:<\/span><\/span><\/strong><span style=\"font-family: Arial, sans-serif\"><span style=\"font-size: medium\"> Friday <\/span><\/span><strong><span style=\"font-family: Arial, sans-serif\"><span style=\"font-size: medium\">26 December<\/span><\/span><\/strong><span style=\"font-family: Arial, sans-serif\"><span style=\"font-size: medium\">, departure from Rambla M\u00e9ndez N\u00fa\u00f1ez, at <\/span><\/span><strong><span style=\"font-family: Arial, sans-serif\"><span style=\"font-size: medium\">7.30 pm<\/span><\/span><\/strong><span style=\"font-family: Arial, sans-serif\"><span style=\"font-size: medium\">. <\/span><\/span><a href=\"https:\/\/www.chiplevante.com\/es\/prueba\/san-silvestre-alicante-1110-2025\" target=\"_blank\" rel=\"noopener\"><strong><span style=\"font-family: Arial, sans-serif\"><span style=\"font-size: medium\">Registration: available soon at this link.<\/span><\/span><\/strong><\/a><\/li>\n<\/ul>\n\t\t\t\t\t\t\t\t<\/div>\n\t\t\t\t<\/div>\n\t\t\t\t<div class=\"elementor-element elementor-element-38147ba elementor-widget__width-initial elementor-widget-mobile_extra__width-inherit elementor-widget elementor-widget-image\" data-id=\"38147ba\" data-element_type=\"widget\" data-e-type=\"widget\" data-widget_type=\"image.default\">\n\t\t\t\t<div class=\"elementor-widget-container\">\n\t\t\t\t\t\t\t\t\t\t\t\t\t\t\t<img loading=\"lazy\" decoding=\"async\" width=\"2016\" height=\"908\" src=\"https:\/\/alicanteturismo.com\/wp-content\/uploads\/2024\/05\/carrera-san-silvestre-navidad-alicante-2023-12-e1730895244351.jpg\" class=\"attachment-full size-full wp-image-281542\" alt=\"\" \/>\t\t\t\t\t\t\t\t\t\t\t\t\t\t\t<\/div>\n\t\t\t\t<\/div>\n\t\t\t\t<\/div>\n\t\t<div class=\"elementor-element elementor-element-c53129c e-con-full e-flex e-con e-child\" data-id=\"c53129c\" data-element_type=\"container\" data-e-type=\"container\">\n\t\t\t\t<div class=\"elementor-element elementor-element-c0755e3 elementor-widget__width-initial elementor-widget-mobile_extra__width-inherit elementor-widget elementor-widget-text-editor\" data-id=\"c0755e3\" data-element_type=\"widget\" data-e-type=\"widget\" data-widget_type=\"text-editor.default\">\n\t\t\t\t<div class=\"elementor-widget-container\">\n\t\t\t\t\t\t\t\t\t<h4 class=\"western\"><strong>Camping and Horseback Riding with the Royal Porters<\/strong><\/h4>\n<p>The rain forecast has forced the Royal Carriage Parade, scheduled for the <strong>afternoon of Sunday 4 January,<\/strong> to be moved to the Rafael Pastor sports hall, next to the Jos\u00e9 Rico P\u00e9rez stadium. This means that the parade will not follow the route originally planned between Plaza de Espa\u00f1a and the end of La Rambla, but will instead move to the Monte Tossal sports facilities.<\/p>\n<p><strong>The doors of the Rafael Pastor sports hall will open at 5 pm<\/strong> so that attendees can take their seats to watch the arrival of the Royal Postmen at 6 pm. The event will feature a welcome ballet before the messengers of Melchor (Luz Sig\u00fcenza), Gaspar (Elena Vidal) and Baltasar (Paloma Arroyo) deliver the royal message to the children and collect their letters with all their wishes.<\/p>\n<p><span style=\"font-family: Arial, sans-serif\"><span style=\"font-size: medium\">From <\/span><\/span><strong><span style=\"font-family: Arial, sans-serif\"><span style=\"font-size: medium\">26 December to 4 January<\/span><\/span><\/strong><span style=\"font-family: Arial, sans-serif\"><span style=\"font-size: medium\"> the beloved <\/span><\/span><strong><span style=\"font-family: Arial, sans-serif\"><span style=\"font-size: medium\">Royal Letters Camp<\/span><\/span><\/strong><span style=\"font-family: Arial, sans-serif\"><span style=\"font-size: medium\">, where children can deliver their letters to the Three Wise Men and enjoy a magical experience. Visits require an appointment, available from 18 December &gt;<span style=\"font-size: medium\"> at <a href=\"https:\/\/citaprevia.alicante.es\/CitaPrevia\/#\/pedirCita?v=2.0\" target=\"_blank\" rel=\"noopener\"> this link<\/a>.<\/span><\/span><\/span><\/p>\n<h3 class=\"western\"><strong><span style=\"font-family: Arial, sans-serif\"><span style=\"font-size: medium\">Location, dates and times:<\/span><\/span><\/strong><\/h3>\n<ul>\n<li><strong><span style=\"font-family: Arial, sans-serif\"><span style=\"font-size: medium\">Campamento de las Carteras Reales:<\/span><\/span><\/strong><span style=\"font-family: Arial, sans-serif\"><span style=\"font-size: medium\"> Plaza de Gabriel Mir\u00f3, from <\/span><\/span><strong><span style=\"font-family: Arial, sans-serif\"><span style=\"font-size: medium\">26 December to 4 January<\/span><\/span><\/strong><span style=\"font-family: Arial, sans-serif\"><span style=\"font-size: medium\">, by <a href=\"https:\/\/citaprevia.alicante.es\/CitaPrevia\/#\/pedirCita?v=2.0\" target=\"_blank\" rel=\"noopener\">appointment<\/a>.<\/span><\/span><\/li>\n<\/ul>\n\t\t\t\t\t\t\t\t<\/div>\n\t\t\t\t<\/div>\n\t\t\t\t<div class=\"elementor-element elementor-element-91505d2 elementor-widget__width-initial elementor-widget-mobile_extra__width-inherit elementor-widget elementor-widget-image\" data-id=\"91505d2\" data-element_type=\"widget\" data-e-type=\"widget\" data-widget_type=\"image.default\">\n\t\t\t\t<div class=\"elementor-widget-container\">\n\t\t\t\t\t\t\t\t\t\t\t\t\t\t\t<img loading=\"lazy\" decoding=\"async\" width=\"1280\" height=\"960\" src=\"https:\/\/alicanteturismo.com\/wp-content\/uploads\/2024\/05\/thumbnail_Unknown-7-1-e1730895299354.jpg\" class=\"attachment-full size-full wp-image-281549\" alt=\"\" \/>\t\t\t\t\t\t\t\t\t\t\t\t\t\t\t<\/div>\n\t\t\t\t<\/div>\n\t\t\t\t<\/div>\n\t\t<div class=\"elementor-element elementor-element-74dc587 e-con-full e-flex e-con e-child\" data-id=\"74dc587\" data-element_type=\"container\" data-e-type=\"container\">\n\t\t\t\t<div class=\"elementor-element elementor-element-dbb5b34 elementor-widget__width-initial elementor-widget-mobile_extra__width-inherit elementor-widget elementor-widget-text-editor\" data-id=\"dbb5b34\" data-element_type=\"widget\" data-e-type=\"widget\" data-widget_type=\"text-editor.default\">\n\t\t\t\t<div class=\"elementor-widget-container\">\n\t\t\t\t\t\t\t\t\t<h4 class=\"western\"><strong>New Year&#8217;s Eve in Alicante<\/strong><\/h4>\n<p><strong><span style=\"font-family: Arial, sans-serif\"><span style=\"font-size: medium\">New Year&#8217;s Eve in Alicante<\/span><\/span><\/strong><span style=\"font-family: Arial, sans-serif\"><span style=\"font-size: medium\"> combines tradition and celebration. On the night of <strong>31 December<\/strong>, the intersection of the Rambla and the Portal de Elche is filled with a festive atmosphere. To the rhythm of the music, residents and visitors wait together for the chimes to ring in the new year. &gt;<span style=\"font-size: medium\">, the intersection of La Rambla and Portal de Elche is filled with a festive atmosphere. To the rhythm of music, locals and visitors wait together for the bells to ring so they can eat the 12 lucky grapes. The celebration continues with performances and fireworks until <\/span><\/span><strong><span style=\"font-family: Arial, sans-serif\"><span style=\"font-size: medium\">4 a.m.<\/span><\/span><\/strong><\/span><\/p>\n<h3 class=\"western\"><strong><span style=\"font-family: Arial, sans-serif\"><span style=\"font-size: medium\">Children&#8217;s New Year&#8217;s Eve<\/span><\/span><\/strong><\/h3>\n<p><span style=\"font-family: Arial, sans-serif\"><span style=\"font-size: medium\">Designed so that the little ones can also experience the magic of seeing out the old year, the <\/span><\/span><strong><span style=\"font-family: Arial, sans-serif\"><span style=\"font-size: medium\">Children&#8217;s New Year&#8217;s Eve<\/span><\/span><\/strong><span style=\"font-family: Arial, sans-serif\"><span style=\"font-size: medium\"> is celebrated on the <\/span><\/span><strong><span style=\"font-family: Arial, sans-serif\"><span style=\"font-size: medium\">31 December in the morning<\/span><\/span><\/strong><span style=\"font-family: Arial, sans-serif\"><span style=\"font-size: medium\">, from <\/span><\/span><strong><span style=\"font-family: Arial, sans-serif\"><span style=\"font-size: medium\">10:30 a.m. <\/span><\/span><\/strong><span style=\"font-family: Arial, sans-serif\"><span style=\"font-size: medium\">to <\/span><\/span><strong><span style=\"font-family: Arial, sans-serif\"><span style=\"font-size: medium\">1:30 p.m. At <\/span><\/span><strong><span style=\"font-family: Arial, sans-serif\"><span style=\"font-size: medium\">12:00 noon<\/span><\/span><\/strong><span style=\"font-family: Arial, sans-serif\"><span style=\"font-size: medium\">, <\/span><\/span><\/strong><span style=\"font-family: Arial, sans-serif\"><span style=\"font-size: medium\">there will be a rehearsal of the New Year&#8217;s Eve chimes, accompanied by entertainment, a photocall, inflatables and a children&#8217;s show.<\/span><\/span><\/p>\n\t\t\t\t\t\t\t\t<\/div>\n\t\t\t\t<\/div>\n\t\t\t\t<div class=\"elementor-element elementor-element-7c2ad7a elementor-widget__width-initial elementor-widget-mobile_extra__width-inherit elementor-widget elementor-widget-image\" data-id=\"7c2ad7a\" data-element_type=\"widget\" data-e-type=\"widget\" data-widget_type=\"image.default\">\n\t\t\t\t<div class=\"elementor-widget-container\">\n\t\t\t\t\t\t\t\t\t\t\t\t\t\t\t<img loading=\"lazy\" decoding=\"async\" width=\"1152\" height=\"2048\" src=\"https:\/\/alicanteturismo.com\/wp-content\/uploads\/2024\/05\/arbol_navidad-e1730896064169.jpg\" class=\"attachment-full size-full wp-image-281576\" alt=\"\" \/>\t\t\t\t\t\t\t\t\t\t\t\t\t\t\t<\/div>\n\t\t\t\t<\/div>\n\t\t\t\t<\/div>\n\t\t<div class=\"elementor-element elementor-element-963e013 e-con-full e-flex e-con e-child\" data-id=\"963e013\" data-element_type=\"container\" data-e-type=\"container\">\n\t\t\t\t<\/div>\n\t\t<div class=\"elementor-element elementor-element-a403db5 e-con-full e-flex e-con e-child\" data-id=\"a403db5\" data-element_type=\"container\" data-e-type=\"container\">\n\t\t\t\t<div class=\"elementor-element elementor-element-3f913b9 elementor-widget__width-initial elementor-widget-mobile_extra__width-inherit elementor-widget elementor-widget-text-editor\" data-id=\"3f913b9\" data-element_type=\"widget\" data-e-type=\"widget\" data-widget_type=\"text-editor.default\">\n\t\t\t\t<div class=\"elementor-widget-container\">\n\t\t\t\t\t\t\t\t\t<h4 class=\"western\"><strong>Three Kings Parade<\/strong><\/h4>\n<p><span style=\"font-family: Arial, sans-serif\"><span style=\"font-size: medium\">The arrival of the <\/span><\/span><strong><span style=\"font-family: Arial, sans-serif\"><span style=\"font-size: medium\">Three Kings<\/span><\/span><\/strong><span style=\"font-family: Arial, sans-serif\"><span style=\"font-size: medium\"> is one of the most eagerly awaited events. Every 5th of January, the traditional parade fills the streets of the city centre with colour and fantasy. Advance ticket sales are available at this link (<\/span><\/span><strong><span style=\"font-family: Arial, sans-serif\"><span style=\"font-size: medium\">vivaticket.es<\/span><\/span><\/strong><span style=\"font-family: Arial, sans-serif\"><span style=\"font-size: medium\">) from 10 a.m. on 26 December, as well as at the Plaza de Toros. <\/span><\/span><\/p>\n<p><span style=\"font-family: Arial, sans-serif\"><span style=\"font-size: medium\">The event begins with the arrival of Their Majesties at the port at <\/span><\/span><strong><span style=\"font-family: Arial, sans-serif\"><span style=\"font-size: medium\">5 p.m. <\/span><\/span><\/strong><span style=\"font-family: Arial, sans-serif\"><span style=\"font-size: medium\">The procession then heads to Avenida de la Estaci\u00f3n, from where at <\/span><\/span><strong><span style=\"font-family: Arial, sans-serif\"><span style=\"font-size: medium\">7 p.m. <\/span><\/span><\/strong><span style=\"font-family: Arial, sans-serif\"><span style=\"font-size: medium\"><span style=\"font-size: medium\">the parade will depart for the Town Hall Square. There, Melchor, Gaspar and Baltasar will greet the little ones from the stage, filling the night with excitement and anticipation.<br \/>\nA tradition that combines history, joy and the most authentic Christmas spirit.<\/span><\/span><\/span><\/p>\n<p class=\"western\"><strong><span style=\"font-family: Arial, sans-serif\"><span style=\"font-size: medium\">Complete Christmas programme 2025-2026:<br \/>\n<\/span><\/span><\/strong><span style=\"font-family: Arial, sans-serif\"><span style=\"font-size: medium\"><strong>Available <a href=\"https:\/\/alicanteturismo.com\/wp-content\/uploads\/2025\/11\/ALICANTE-programa-Navidad-2025-26-v3-comprimido.pdf\" target=\"_blank\" rel=\"noopener\">here<\/a>.<\/strong><\/span><\/span><\/p>\n\t\t\t\t\t\t\t\t<\/div>\n\t\t\t\t<\/div>\n\t\t\t\t<div class=\"elementor-element elementor-element-db5b208 elementor-widget__width-initial elementor-widget-mobile_extra__width-inherit elementor-widget elementor-widget-image\" data-id=\"db5b208\" data-element_type=\"widget\" data-e-type=\"widget\" data-widget_type=\"image.default\">\n\t\t\t\t<div class=\"elementor-widget-container\">\n\t\t\t\t\t\t\t\t\t\t\t\t\t\t\t<img loading=\"lazy\" decoding=\"async\" width=\"1687\" height=\"1124\" src=\"https:\/\/alicanteturismo.com\/wp-content\/uploads\/2024\/05\/EERN71702-e1730895665708.jpg\" class=\"attachment-full size-full wp-image-281564\" alt=\"\" \/>\t\t\t\t\t\t\t\t\t\t\t\t\t\t\t<\/div>\n\t\t\t\t<\/div>\n\t\t\t\t<\/div>\n\t\t\t\t<\/div>\n\t\t<div class=\"elementor-element elementor-element-15af612 e-con-full elementor-hidden-mobile_extra elementor-hidden-mobile e-flex e-con e-child\" data-id=\"15af612\" data-element_type=\"container\" data-e-type=\"container\">\n\t\t\t\t<div class=\"elementor-element elementor-element-0934bba elementor-flip-box--effect-slide elementor-widget__width-initial elementor-flip-box--direction-up elementor-widget elementor-widget-flip-box\" data-id=\"0934bba\" data-element_type=\"widget\" data-e-type=\"widget\" data-widget_type=\"flip-box.default\">\n\t\t\t\t<div class=\"elementor-widget-container\">\n\t\t\t\t\t\t\t<div class=\"elementor-flip-box\" tabindex=\"0\">\n\t\t\t<div class=\"elementor-flip-box__layer elementor-flip-box__front\">\n\t\t\t\t<div class=\"elementor-flip-box__layer__overlay\">\n\t\t\t\t\t<div class=\"elementor-flip-box__layer__inner\">\n\t\t\t\t\t\t\t\t\t\t\t\t\t<div class=\"elementor-icon-wrapper elementor-view-default\">\n\t\t\t\t\t\t\t\t<div class=\"elementor-icon\">\n\t\t\t\t\t\t\t\t\t\t\t\t\t\t\t\t\t<\/div>\n\t\t\t\t\t\t\t<\/div>\n\t\t\t\t\t\t\n\t\t\t\t\t\t\t\t\t\t\t\t\t<h3 class=\"elementor-flip-box__layer__title\">\n\t\t\t\t\t\t\t\tTurr\u00f3n, a sweet treat from Alicante\t\t\t\t\t\t\t<\/h3>\n\t\t\t\t\t\t\n\t\t\t\t\t\t\t\t\t\t\t<\/div>\n\t\t\t\t<\/div>\n\t\t\t<\/div>\n\t\t\t<div class=\"elementor-flip-box__layer elementor-flip-box__back\">\n\t\t\t<div class=\"elementor-flip-box__layer__overlay\">\n\t\t\t\t<div class=\"elementor-flip-box__layer__inner\">\n\t\t\t\t\t\t\t\t\t\t\t<h3 class=\"elementor-flip-box__layer__title\">\n\t\t\t\t\t\t\tTurr\u00f3n, a sweet treat from Alicante\t\t\t\t\t\t<\/h3>\n\t\t\t\t\t\n\t\t\t\t\t\t\t\t\t\t\t<div class=\"elementor-flip-box__layer__description\">\n\t\t\t\t\t\t\tNo Christmas in Alicante would be complete without one of its most iconic products: turr\u00f3n. This sweet treat, whose recipe dates back to the 15th century, originated in the province of Alicante and has achieved worldwide fame. For centuries, the city of Alicante and nearby Jijona have been centres of production for this delicious Christmas treat, which remains a symbol of local cuisine. \t\t\t\t\t\t<\/div>\n\t\t\t\t\t\n\t\t\t\t\t\t\t\t\t\t\t<a class=\"elementor-flip-box__button elementor-button elementor-size-sm\" href=\"https:\/\/alicanteturismo.com\/en\/recetas\/alicante-nougat\/\">\n\t\t\t\t\t\t\tFind out more\t\t\t\t\t\t<\/a>\n\t\t\t\t\t\t\t\t<\/div>\n\t\t<\/div>\n\t\t<\/div>\n\t\t<\/div>\n\t\t\t\t\t\t<\/div>\n\t\t\t\t<\/div>\n\t\t\t\t<div class=\"elementor-element elementor-element-3a1c064 elementor-flip-box--effect-slide elementor-widget__width-initial elementor-flip-box--direction-up elementor-widget elementor-widget-flip-box\" data-id=\"3a1c064\" data-element_type=\"widget\" data-e-type=\"widget\" data-widget_type=\"flip-box.default\">\n\t\t\t\t<div class=\"elementor-widget-container\">\n\t\t\t\t\t\t\t<div class=\"elementor-flip-box\" tabindex=\"0\">\n\t\t\t<div class=\"elementor-flip-box__layer elementor-flip-box__front\">\n\t\t\t\t<div class=\"elementor-flip-box__layer__overlay\">\n\t\t\t\t\t<div class=\"elementor-flip-box__layer__inner\">\n\t\t\t\t\t\t\t\t\t\t\t\t\t<div class=\"elementor-icon-wrapper elementor-view-default\">\n\t\t\t\t\t\t\t\t<div class=\"elementor-icon\">\n\t\t\t\t\t\t\t\t\t\t\t\t\t\t\t\t\t<\/div>\n\t\t\t\t\t\t\t<\/div>\n\t\t\t\t\t\t\n\t\t\t\t\t\t\t\t\t\t\t\t\t<h3 class=\"elementor-flip-box__layer__title\">\n\t\t\t\t\t\t\t\tNativity Scene Museum\t\t\t\t\t\t\t<\/h3>\n\t\t\t\t\t\t\n\t\t\t\t\t\t\t\t\t\t\t<\/div>\n\t\t\t\t<\/div>\n\t\t\t<\/div>\n\t\t\t<div class=\"elementor-flip-box__layer elementor-flip-box__back\">\n\t\t\t<div class=\"elementor-flip-box__layer__overlay\">\n\t\t\t\t<div class=\"elementor-flip-box__layer__inner\">\n\t\t\t\t\t\t\t\t\t\t\t<h3 class=\"elementor-flip-box__layer__title\">\n\t\t\t\t\t\t\tNativity Scene Museum\t\t\t\t\t\t<\/h3>\n\t\t\t\t\t\n\t\t\t\t\t\t\t\t\t\t\t<div class=\"elementor-flip-box__layer__description\">\n\t\t\t\t\t\t\tThe Nativity Scene Museum in Alicante is a space dedicated to the tradition of nativity scenes, where visitors can discover the beauty and detail of the art of the Nativity of Jesus throughout the year. Located in the old town, this museum houses an exquisite collection of nativity scenes from different periods and styles.  \t\t\t\t\t\t<\/div>\n\t\t\t\t\t\n\t\t\t\t\t\t\t\t\t\t\t<a class=\"elementor-flip-box__button elementor-button elementor-size-sm\" href=\"https:\/\/alicanteturismo.com\/en\/museos\/nativity-scene-museum\/\">\n\t\t\t\t\t\t\tFind out more\t\t\t\t\t\t<\/a>\n\t\t\t\t\t\t\t\t<\/div>\n\t\t<\/div>\n\t\t<\/div>\n\t\t<\/div>\n\t\t\t\t\t\t<\/div>\n\t\t\t\t<\/div>\n\t\t\t\t<div class=\"elementor-element elementor-element-17b3f84 elementor-flip-box--effect-slide elementor-widget__width-initial elementor-widget-tablet_extra__width-inherit elementor-widget-tablet__width-inherit elementor-flip-box--direction-up elementor-widget elementor-widget-flip-box\" data-id=\"17b3f84\" data-element_type=\"widget\" data-e-type=\"widget\" data-widget_type=\"flip-box.default\">\n\t\t\t\t<div class=\"elementor-widget-container\">\n\t\t\t\t\t\t\t<div class=\"elementor-flip-box\" tabindex=\"0\">\n\t\t\t<div class=\"elementor-flip-box__layer elementor-flip-box__front\">\n\t\t\t\t<div class=\"elementor-flip-box__layer__overlay\">\n\t\t\t\t\t<div class=\"elementor-flip-box__layer__inner\">\n\t\t\t\t\t\t\t\t\t\t\t\t\t<div class=\"elementor-icon-wrapper elementor-view-default\">\n\t\t\t\t\t\t\t\t<div class=\"elementor-icon\">\n\t\t\t\t\t\t\t\t\t\t\t\t\t\t\t\t\t<\/div>\n\t\t\t\t\t\t\t<\/div>\n\t\t\t\t\t\t\n\t\t\t\t\t\t\t\t\t\t\t\t\t<h3 class=\"elementor-flip-box__layer__title\">\n\t\t\t\t\t\t\t\tChristmas Fair\t\t\t\t\t\t\t<\/h3>\n\t\t\t\t\t\t\n\t\t\t\t\t\t\t\t\t\t\t<\/div>\n\t\t\t\t<\/div>\n\t\t\t<\/div>\n\t\t\t<div class=\"elementor-flip-box__layer elementor-flip-box__back\">\n\t\t\t<div class=\"elementor-flip-box__layer__overlay\">\n\t\t\t\t<div class=\"elementor-flip-box__layer__inner\">\n\t\t\t\t\t\t\t\t\t\t\t<h3 class=\"elementor-flip-box__layer__title\">\n\t\t\t\t\t\t\tChristmas Fair \t\t\t\t\t\t<\/h3>\n\t\t\t\t\t\n\t\t\t\t\t\t\t\t\t\t\t<div class=\"elementor-flip-box__layer__description\">\n\t\t\t\t\t\t\tThe traditional Christmas Fair returns to the Rabasa fairgrounds during the months of December and January. A space full of fun for children and adults, with a wide range of attractions and food stalls that make a visit an unforgettable experience. <br><\/br><strong>Dates and opening hours:<\/strong>\r\n\r\n From 28 November to 18 January 2026.\r\n \r\nWeekdays: From 5 pm to midnight.\r\n \r\nFridays, Saturdays and the eve of public holidays: 5 p.m. to 1 a.m.\r\n \r\nSundays and public holidays: 11 a.m. to 1 a.m.\r\n \r\nFrom 20 December to 6 January: 11 a.m. to 1 a.m.\r\n\r\n\t\t\t\t\t\t<\/div>\n\t\t\t\t\t\n\t\t\t\t\t\t\t\t<\/div>\n\t\t<\/div>\n\t\t<\/div>\n\t\t<\/div>\n\t\t\t\t\t\t<\/div>\n\t\t\t\t<\/div>\n\t\t\t\t<\/div>\n\t\t<div class=\"elementor-element elementor-element-36f28af e-con-full elementor-hidden-widescreen elementor-hidden-desktop elementor-hidden-laptop elementor-hidden-tablet_extra elementor-hidden-tablet e-flex e-con e-child\" data-id=\"36f28af\" data-element_type=\"container\" data-e-type=\"container\">\n\t\t\t\t<div class=\"elementor-element elementor-element-af4c418 elementor-flip-box--effect-slide elementor-widget__width-initial elementor-flip-box--direction-up elementor-widget elementor-widget-flip-box\" data-id=\"af4c418\" data-element_type=\"widget\" data-e-type=\"widget\" data-widget_type=\"flip-box.default\">\n\t\t\t\t<div class=\"elementor-widget-container\">\n\t\t\t\t\t\t\t<div class=\"elementor-flip-box\" tabindex=\"0\">\n\t\t\t<div class=\"elementor-flip-box__layer elementor-flip-box__front\">\n\t\t\t\t<div class=\"elementor-flip-box__layer__overlay\">\n\t\t\t\t\t<div class=\"elementor-flip-box__layer__inner\">\n\t\t\t\t\t\t\t\t\t\t\t\t\t<div class=\"elementor-icon-wrapper elementor-view-default\">\n\t\t\t\t\t\t\t\t<div class=\"elementor-icon\">\n\t\t\t\t\t\t\t\t\t\t\t\t\t\t\t\t\t<\/div>\n\t\t\t\t\t\t\t<\/div>\n\t\t\t\t\t\t\n\t\t\t\t\t\t\t\t\t\t\t\t\t<h3 class=\"elementor-flip-box__layer__title\">\n\t\t\t\t\t\t\t\tTurr\u00f3n, a sweet treat from Alicante\t\t\t\t\t\t\t<\/h3>\n\t\t\t\t\t\t\n\t\t\t\t\t\t\t\t\t\t\t<\/div>\n\t\t\t\t<\/div>\n\t\t\t<\/div>\n\t\t\t<div class=\"elementor-flip-box__layer elementor-flip-box__back\">\n\t\t\t<div class=\"elementor-flip-box__layer__overlay\">\n\t\t\t\t<div class=\"elementor-flip-box__layer__inner\">\n\t\t\t\t\t\t\t\t\t\t\t<h3 class=\"elementor-flip-box__layer__title\">\n\t\t\t\t\t\t\tTurr\u00f3n, a sweet treat from Alicante\t\t\t\t\t\t<\/h3>\n\t\t\t\t\t\n\t\t\t\t\t\n\t\t\t\t\t\t\t\t\t\t\t<a class=\"elementor-flip-box__button elementor-button elementor-size-xs\" href=\"https:\/\/alicanteturismo.com\/en\/recetas\/alicante-nougat\/\">\n\t\t\t\t\t\t\tFind out more\t\t\t\t\t\t<\/a>\n\t\t\t\t\t\t\t\t<\/div>\n\t\t<\/div>\n\t\t<\/div>\n\t\t<\/div>\n\t\t\t\t\t\t<\/div>\n\t\t\t\t<\/div>\n\t\t\t\t<div class=\"elementor-element elementor-element-5557079 elementor-flip-box--effect-slide elementor-widget__width-initial elementor-flip-box--direction-up elementor-widget elementor-widget-flip-box\" data-id=\"5557079\" data-element_type=\"widget\" data-e-type=\"widget\" data-widget_type=\"flip-box.default\">\n\t\t\t\t<div class=\"elementor-widget-container\">\n\t\t\t\t\t\t\t<div class=\"elementor-flip-box\" tabindex=\"0\">\n\t\t\t<div class=\"elementor-flip-box__layer elementor-flip-box__front\">\n\t\t\t\t<div class=\"elementor-flip-box__layer__overlay\">\n\t\t\t\t\t<div class=\"elementor-flip-box__layer__inner\">\n\t\t\t\t\t\t\t\t\t\t\t\t\t<div class=\"elementor-icon-wrapper elementor-view-default\">\n\t\t\t\t\t\t\t\t<div class=\"elementor-icon\">\n\t\t\t\t\t\t\t\t\t\t\t\t\t\t\t\t\t<\/div>\n\t\t\t\t\t\t\t<\/div>\n\t\t\t\t\t\t\n\t\t\t\t\t\t\t\t\t\t\t\t\t<h3 class=\"elementor-flip-box__layer__title\">\n\t\t\t\t\t\t\t\tNativity Scene Museum\t\t\t\t\t\t\t<\/h3>\n\t\t\t\t\t\t\n\t\t\t\t\t\t\t\t\t\t\t<\/div>\n\t\t\t\t<\/div>\n\t\t\t<\/div>\n\t\t\t<div class=\"elementor-flip-box__layer elementor-flip-box__back\">\n\t\t\t<div class=\"elementor-flip-box__layer__overlay\">\n\t\t\t\t<div class=\"elementor-flip-box__layer__inner\">\n\t\t\t\t\t\t\t\t\t\t\t<h3 class=\"elementor-flip-box__layer__title\">\n\t\t\t\t\t\t\tNativity Scene Museum\t\t\t\t\t\t<\/h3>\n\t\t\t\t\t\n\t\t\t\t\t\n\t\t\t\t\t\t\t\t\t\t\t<a class=\"elementor-flip-box__button elementor-button elementor-size-xs\" href=\"https:\/\/alicanteturismo.com\/en\/museos\/nativity-scene-museum\/\">\n\t\t\t\t\t\t\tFind out more\t\t\t\t\t\t<\/a>\n\t\t\t\t\t\t\t\t<\/div>\n\t\t<\/div>\n\t\t<\/div>\n\t\t<\/div>\n\t\t\t\t\t\t<\/div>\n\t\t\t\t<\/div>\n\t\t\t\t<div class=\"elementor-element elementor-element-371d0b9 elementor-flip-box--effect-slide elementor-widget__width-initial elementor-widget-mobile_extra__width-inherit elementor-widget-mobile__width-inherit elementor-flip-box--direction-up elementor-widget elementor-widget-flip-box\" data-id=\"371d0b9\" data-element_type=\"widget\" data-e-type=\"widget\" data-widget_type=\"flip-box.default\">\n\t\t\t\t<div class=\"elementor-widget-container\">\n\t\t\t\t\t\t\t<div class=\"elementor-flip-box\" tabindex=\"0\">\n\t\t\t<div class=\"elementor-flip-box__layer elementor-flip-box__front\">\n\t\t\t\t<div class=\"elementor-flip-box__layer__overlay\">\n\t\t\t\t\t<div class=\"elementor-flip-box__layer__inner\">\n\t\t\t\t\t\t\t\t\t\t\t\t\t<div class=\"elementor-icon-wrapper elementor-view-default\">\n\t\t\t\t\t\t\t\t<div class=\"elementor-icon\">\n\t\t\t\t\t\t\t\t\t\t\t\t\t\t\t\t\t<\/div>\n\t\t\t\t\t\t\t<\/div>\n\t\t\t\t\t\t\n\t\t\t\t\t\t\t\t\t\t\t\t\t<h3 class=\"elementor-flip-box__layer__title\">\n\t\t\t\t\t\t\t\tChristmas Fair \t\t\t\t\t\t\t<\/h3>\n\t\t\t\t\t\t\n\t\t\t\t\t\t\t\t\t\t\t\t\t<div class=\"elementor-flip-box__layer__description\">\n\t\t\t\t\t\t\t\t<strong>Dates and times:<\/strong>\r\n\r\n\r\nFrom 28 November to 18 January 2026.\r\n\r\nWeekdays: From 5 p.m. to midnight.\r\n \r\nFridays, Saturdays and the eve of public holidays: from 5 p.m. to 1 a.m.\r\n \r\nSundays and public holidays: from 11 a.m. to 1 a.m.\r\n \r\nFrom 20 December to 6 January: From 11 a.m. to 1 a.m.\r\n \t\t\t\t\t\t\t<\/div>\n\t\t\t\t\t\t\t\t\t\t\t<\/div>\n\t\t\t\t<\/div>\n\t\t\t<\/div>\n\t\t\t<div class=\"elementor-flip-box__layer elementor-flip-box__back\">\n\t\t\t<div class=\"elementor-flip-box__layer__overlay\">\n\t\t\t\t<div class=\"elementor-flip-box__layer__inner\">\n\t\t\t\t\t\t\t\t\t\t\t<h3 class=\"elementor-flip-box__layer__title\">\n\t\t\t\t\t\t\tChristmas Fair \t\t\t\t\t\t<\/h3>\n\t\t\t\t\t\n\t\t\t\t\t\t\t\t\t\t\t<div class=\"elementor-flip-box__layer__description\">\n\t\t\t\t\t\t\t<strong>Dates and times: coming soon<\/strong>\t\t\t\t\t\t<\/div>\n\t\t\t\t\t\n\t\t\t\t\t\t\t\t<\/div>\n\t\t<\/div>\n\t\t<\/div>\n\t\t<\/div>\n\t\t\t\t\t\t<\/div>\n\t\t\t\t<\/div>\n\t\t\t\t<\/div>\n\t\t<div class=\"elementor-element elementor-element-4cd5106 e-con-full e-flex e-con e-child\" data-id=\"4cd5106\" data-element_type=\"container\" data-e-type=\"container\">\n\t\t\t\t<div class=\"elementor-element elementor-element-153ec578 elementor-widget__width-initial elementor-widget-mobile_extra__width-inherit elementor-widget elementor-widget-shortcode\" data-id=\"153ec578\" data-element_type=\"widget\" data-e-type=\"widget\" data-widget_type=\"shortcode.default\">\n\t\t\t\t<div class=\"elementor-widget-container\">\n\t\t\t\t\t\t\t<div class=\"elementor-shortcode\"><iframe src=\"https:\/\/www.google.com\/maps\/d\/u\/0\/embed?mid=1cM2xz7joUmwFlgSaQelWDXApBP9frYpT\" width=\"100%\" height=\"480\"><\/iframe><\/div>\n\t\t\t\t\t\t<\/div>\n\t\t\t\t<\/div>\n\t\t\t\t<div class=\"elementor-element elementor-element-6d6dc196 elementor-widget__width-initial elementor-widget-mobile_extra__width-inherit elementor-widget elementor-widget-text-editor\" data-id=\"6d6dc196\" data-element_type=\"widget\" data-e-type=\"widget\" data-widget_type=\"text-editor.default\">\n\t\t\t\t<div class=\"elementor-widget-container\">\n\t\t\t\t\t\t\t\t\t<div class=\"et_pb_blurb_description\">\n<p><span><strong>The Alicante Municipal Tourist Board and Beaches<\/strong> <\/span>provides users with the following contact details for any queries regarding Christmas activities taking place in the city <span><strong>until 6 January.<\/strong><\/span><\/p>\n<p>\u00a0<\/p>\n<\/div>\n<div class=\"divaccesible\"><span style=\"width: 20px;height: 20px\"><a href=\"https:\/\/alicanteturismo.com\/wp-content\/uploads\/2024\/05\/informacion.svg\"><img loading=\"lazy\" decoding=\"async\" class=\"alignnone wp-image-3873\" src=\"https:\/\/alicanteturismo. com\/wp-content\/uploads\/2024\/05\/informacion.svg\" alt=\"\" width=\"30\" height=\"30\" \/><\/a> <\/span><span style=\"font-weight: 800;font-size: 19px;font-family: Panton\"> TOURIST OFFICES:<\/span><\/div>\n\n<table id=\"tablepress-116\" class=\"tablepress tablepress-id-116 nauticos\">\n<tbody class=\"row-striping\">\n<tr class=\"row-1\">\n\t<td class=\"column-1\"><\/td>\n<\/tr>\n<tr class=\"row-2\">\n\t<td class=\"column-1\"><div><img decoding=\"async\" src=\"https:\/\/alicanteturismo.com\/wp-content\/uploads\/2024\/09\/llamada-telefonica.svg\" alt=\"icono\" style=\"width:20px\" \/> +34 965 177 201 <br \/>\n<img decoding=\"async\" src=\"https:\/\/alicanteturismo.com\/wp-content\/uploads\/2024\/09\/llamada-telefonica.svg\" alt=\"icono\" style=\"width:20px\" \/> +34 965 125 633<\/div><\/td>\n<\/tr>\n<tr class=\"row-3\">\n\t<td class=\"column-1\"><div><img decoding=\"async\" src=\"https:\/\/alicanteturismo.com\/wp-content\/uploads\/2024\/05\/correo.svg\" alt=\"icono\" style=\"width:20px\" \/> <a href=\"mailto:turismo@alicanteturismo.com\">turismo@alicanteturismo.com<\/a><br \/>\n<img decoding=\"async\" src=\"https:\/\/alicanteturismo.com\/wp-content\/uploads\/2024\/05\/correo.svg\" alt=\"icono\" style=\"width:20px\" \/> <a href=\"mailto:info@alicanteturismo.com\">info@alicanteturismo.com<\/a><\/div><\/td>\n<\/tr>\n<\/tbody>\n<\/table>\n<!-- #tablepress-116 from cache -->\n<div class=\"et_pb_module et_pb_blurb et_pb_blurb_0 et_pb_bg_layout_light et_pb_text_align_left et_pb_blurb_position_top\">\n<div class=\"et_pb_blurb_content\">\n<div class=\"et_pb_blurb_container\">\n<div class=\"et_pb_blurb_description\">\n<p data-wahfont=\"\u201816\u2019\">The Alicante Tourist Board is not responsible for any changes to the programme that may occur.<\/p>\n<\/div>\n<\/div>\n<\/div>\n<\/div>\n\t\t\t\t\t\t\t\t<\/div>\n\t\t\t\t<\/div>\n\t\t\t\t<\/div>\n\t\t\t\t<\/div>\n\t\t<div class=\"elementor-element elementor-element-247312f7 e-con-full e-flex e-con e-child\" data-id=\"247312f7\" data-element_type=\"container\" data-e-type=\"container\">\n\t\t<div class=\"elementor-element elementor-element-7f00637 e-con-full e-flex e-con e-child\" data-id=\"7f00637\" data-element_type=\"container\" data-e-type=\"container\">\n\t\t<div class=\"elementor-element elementor-element-42b066c e-con-full e-flex e-con e-child\" data-id=\"42b066c\" data-element_type=\"container\" data-e-type=\"container\">\n\t\t\t\t<div class=\"elementor-element elementor-element-e3c947b elementor-position-inline-start elementor-mobile-position-inline-start elementor-view-default elementor-widget elementor-widget-icon-box\" data-id=\"e3c947b\" data-element_type=\"widget\" data-e-type=\"widget\" data-widget_type=\"icon-box.default\">\n\t\t\t\t<div class=\"elementor-widget-container\">\n\t\t\t\t\t\t\t<div class=\"elementor-icon-box-wrapper\">\n\n\t\t\t\t\t\t<div class=\"elementor-icon-box-icon\">\n\t\t\t\t<span  class=\"elementor-icon\">\n\t\t\t\t<svg xmlns=\"http:\/\/www.w3.org\/2000\/svg\" xmlns:xlink=\"http:\/\/www.w3.org\/1999\/xlink\" width=\"512\" height=\"512\" x=\"0\" y=\"0\" viewBox=\"0 0 512 512\" style=\"enable-background:new 0 0 512 512\" xml:space=\"preserve\" class=\"\"><g><path fill-rule=\"evenodd\" d=\"M345.96 207.949c0-49.607-40.36-89.958-89.958-89.958-49.603 0-89.962 40.35-89.962 89.958 0 31.459-8.849 60.019-26.317 84.872-5.302 7.54-6.611 16.501-3.692 25.242 2.923 8.736 9.351 15.117 18.12 17.956 14.639 4.753 30.45 8.403 46.989 10.923 4.072 26.621 27.119 47.069 54.862 47.069 27.738 0 50.79-20.448 54.858-47.069 16.539-2.52 32.35-6.17 46.994-10.923h.009c8.76-2.839 15.188-9.22 18.106-17.956 2.923-8.741 1.614-17.702-3.688-25.242-17.468-24.858-26.321-53.412-26.321-84.872zm-89.958 260.55c-117.17 0-212.5-95.33-212.5-212.5 0-117.166 95.33-212.496 212.5-212.496 117.166 0 212.5 95.33 212.5 212.496 0 117.171-95.334 212.5-212.5 212.5zM423.944 88.062c44.854 44.859 69.557 104.497 69.557 167.937 0 63.444-24.703 123.082-69.557 167.942-44.864 44.859-104.503 69.562-167.942 69.562-63.444 0-123.082-24.703-167.941-69.562S18.499 319.443 18.499 255.999c0-63.439 24.703-123.077 69.562-167.937C132.92 43.203 192.558 18.5 256.002 18.5c63.439 0 123.078 24.703 167.942 69.562z\" clip-rule=\"evenodd\" fill=\"#00adbb\" opacity=\"1\" data-original=\"#000000\" class=\"\"><\/path><\/g><\/svg>\t\t\t\t<\/span>\n\t\t\t<\/div>\n\t\t\t\n\t\t\t\t\t\t<div class=\"elementor-icon-box-content\">\n\n\t\t\t\t\t\t\t\t\t<h2 class=\"elementor-icon-box-title\">\n\t\t\t\t\t\t<span  >\n\t\t\t\t\t\t\tAvisos\t\t\t\t\t\t<\/span>\n\t\t\t\t\t<\/h2>\n\t\t\t\t\n\t\t\t\t\n\t\t\t<\/div>\n\t\t\t\n\t\t<\/div>\n\t\t\t\t\t\t<\/div>\n\t\t\t\t<\/div>\n\t\t\t\t<\/div>\n\t\t\t\t<div class=\"elementor-element elementor-element-4c8157d elementor-grid-4 elementor-widget__width-inherit elementor-grid-tablet-2 elementor-grid-mobile-1 elementor-posts--thumbnail-top elementor-widget elementor-widget-posts\" data-id=\"4c8157d\" data-element_type=\"widget\" data-e-type=\"widget\" data-settings=\"{&quot;classic_columns&quot;:&quot;4&quot;,&quot;classic_row_gap&quot;:{&quot;unit&quot;:&quot;px&quot;,&quot;size&quot;:0,&quot;sizes&quot;:[]},&quot;classic_columns_tablet&quot;:&quot;2&quot;,&quot;classic_columns_mobile&quot;:&quot;1&quot;,&quot;classic_row_gap_widescreen&quot;:{&quot;unit&quot;:&quot;px&quot;,&quot;size&quot;:&quot;&quot;,&quot;sizes&quot;:[]},&quot;classic_row_gap_laptop&quot;:{&quot;unit&quot;:&quot;px&quot;,&quot;size&quot;:&quot;&quot;,&quot;sizes&quot;:[]},&quot;classic_row_gap_tablet_extra&quot;:{&quot;unit&quot;:&quot;px&quot;,&quot;size&quot;:&quot;&quot;,&quot;sizes&quot;:[]},&quot;classic_row_gap_tablet&quot;:{&quot;unit&quot;:&quot;px&quot;,&quot;size&quot;:&quot;&quot;,&quot;sizes&quot;:[]},&quot;classic_row_gap_mobile_extra&quot;:{&quot;unit&quot;:&quot;px&quot;,&quot;size&quot;:&quot;&quot;,&quot;sizes&quot;:[]},&quot;classic_row_gap_mobile&quot;:{&quot;unit&quot;:&quot;px&quot;,&quot;size&quot;:&quot;&quot;,&quot;sizes&quot;:[]}}\" data-widget_type=\"posts.classic\">\n\t\t\t\t<div class=\"elementor-widget-container\">\n\t\t\t\t\t\t\t<div class=\"elementor-posts-container elementor-posts elementor-posts--skin-classic elementor-grid\" role=\"list\">\n\t\t\t\t<article class=\"elementor-post elementor-grid-item post-316592 noticias type-noticias status-publish has-post-thumbnail hentry categoria-de-noticia-avisos-y-recomendaciones categoria-de-noticia-castillo-de-santa-barbara categoria-de-noticia-informacion-practica\" role=\"listitem\">\n\t\t\t\t<a class=\"elementor-post__thumbnail__link\" href=\"https:\/\/alicanteturismo.com\/en\/noticias\/alicante-mantiene-cerrado-este-domingo-por-viento-el-castillo-de-santa-barbara-parques-y-jardines-y-suspende-la-mascleta-de-teulada\/\" tabindex=\"-1\">\n\t\t\t<div class=\"elementor-post__thumbnail\"><img loading=\"lazy\" decoding=\"async\" width=\"300\" height=\"200\" src=\"https:\/\/alicanteturismo.com\/wp-content\/uploads\/2026\/02\/castillo-de-santa-barbara-2016-Alicante-ERN_6938-22-300x200.jpeg\" class=\"attachment-medium size-medium wp-image-316598\" alt=\"\" srcset=\"https:\/\/alicanteturismo.com\/wp-content\/uploads\/2026\/02\/castillo-de-santa-barbara-2016-Alicante-ERN_6938-22-300x200.jpeg 300w, https:\/\/alicanteturismo.com\/wp-content\/uploads\/2026\/02\/castillo-de-santa-barbara-2016-Alicante-ERN_6938-22-1024x683.jpeg 1024w, https:\/\/alicanteturismo.com\/wp-content\/uploads\/2026\/02\/castillo-de-santa-barbara-2016-Alicante-ERN_6938-22-768x512.jpeg 768w, https:\/\/alicanteturismo.com\/wp-content\/uploads\/2026\/02\/castillo-de-santa-barbara-2016-Alicante-ERN_6938-22-391x260.jpeg 391w, https:\/\/alicanteturismo.com\/wp-content\/uploads\/2026\/02\/castillo-de-santa-barbara-2016-Alicante-ERN_6938-22.jpeg 1276w\" sizes=\"(max-width: 300px) 100vw, 300px\" \/><\/div>\n\t\t<\/a>\n\t\t\t\t<div class=\"elementor-post__text\">\n\t\t\t\t<h3 class=\"elementor-post__title\">\n\t\t\t<a href=\"https:\/\/alicanteturismo.com\/en\/noticias\/alicante-mantiene-cerrado-este-domingo-por-viento-el-castillo-de-santa-barbara-parques-y-jardines-y-suspende-la-mascleta-de-teulada\/\">\n\t\t\t\tAlicante mantiene cerrado este domingo por viento el Castillo de Santa B\u00e1rbara, parques y jardines y suspende la masclet\u00e1 de Teulada\t\t\t<\/a>\n\t\t<\/h3>\n\t\t\t\t<div class=\"elementor-post__meta-data\">\n\t\t\t\t\t<span class=\"elementor-post-date\">\n\t\t\t14\/02\/2026\t\t<\/span>\n\t\t\t\t<\/div>\n\t\t\n\t\t<a class=\"elementor-post__read-more\" href=\"https:\/\/alicanteturismo.com\/en\/noticias\/alicante-mantiene-cerrado-este-domingo-por-viento-el-castillo-de-santa-barbara-parques-y-jardines-y-suspende-la-mascleta-de-teulada\/\" aria-label=\"Read more about Alicante mantiene cerrado este domingo por viento el Castillo de Santa B\u00e1rbara, parques y jardines y suspende la masclet\u00e1 de Teulada\" tabindex=\"-1\">\n\t\t\tLeer m\u00e1s \u00bb\t\t<\/a>\n\n\t\t\t\t<\/div>\n\t\t\t\t<\/article>\n\t\t\t\t<article class=\"elementor-post elementor-grid-item post-316567 noticias type-noticias status-publish has-post-thumbnail hentry categoria-de-noticia-avisos-y-recomendaciones categoria-de-noticia-informacion-practica\" role=\"listitem\">\n\t\t\t\t<a class=\"elementor-post__thumbnail__link\" href=\"https:\/\/alicanteturismo.com\/en\/noticias\/alicante-suspende-el-sabado-ramblero-por-el-viento-y-aplaza-el-carnaval-a-la-noche-del-viernes-20\/\" tabindex=\"-1\">\n\t\t\t<div class=\"elementor-post__thumbnail\"><img loading=\"lazy\" decoding=\"async\" width=\"300\" height=\"177\" src=\"https:\/\/alicanteturismo.com\/wp-content\/uploads\/2026\/02\/Carnaval-colegios-300x177.jpeg\" class=\"attachment-medium size-medium wp-image-316515\" alt=\"\" srcset=\"https:\/\/alicanteturismo.com\/wp-content\/uploads\/2026\/02\/Carnaval-colegios-300x177.jpeg 300w, https:\/\/alicanteturismo.com\/wp-content\/uploads\/2026\/02\/Carnaval-colegios-1024x603.jpeg 1024w, https:\/\/alicanteturismo.com\/wp-content\/uploads\/2026\/02\/Carnaval-colegios-768x452.jpeg 768w, https:\/\/alicanteturismo.com\/wp-content\/uploads\/2026\/02\/Carnaval-colegios-1536x904.jpeg 1536w, https:\/\/alicanteturismo.com\/wp-content\/uploads\/2026\/02\/Carnaval-colegios.jpeg 2048w\" sizes=\"(max-width: 300px) 100vw, 300px\" \/><\/div>\n\t\t<\/a>\n\t\t\t\t<div class=\"elementor-post__text\">\n\t\t\t\t<h3 class=\"elementor-post__title\">\n\t\t\t<a href=\"https:\/\/alicanteturismo.com\/en\/noticias\/alicante-suspende-el-sabado-ramblero-por-el-viento-y-aplaza-el-carnaval-a-la-noche-del-viernes-20\/\">\n\t\t\t\tAlicante suspende el S\u00e1bado Ramblero por el viento y aplaza el Carnaval a la noche del viernes 20\t\t\t<\/a>\n\t\t<\/h3>\n\t\t\t\t<div class=\"elementor-post__meta-data\">\n\t\t\t\t\t<span class=\"elementor-post-date\">\n\t\t\t13\/02\/2026\t\t<\/span>\n\t\t\t\t<\/div>\n\t\t\n\t\t<a class=\"elementor-post__read-more\" href=\"https:\/\/alicanteturismo.com\/en\/noticias\/alicante-suspende-el-sabado-ramblero-por-el-viento-y-aplaza-el-carnaval-a-la-noche-del-viernes-20\/\" aria-label=\"Read more about Alicante suspende el S\u00e1bado Ramblero por el viento y aplaza el Carnaval a la noche del viernes 20\" tabindex=\"-1\">\n\t\t\tLeer m\u00e1s \u00bb\t\t<\/a>\n\n\t\t\t\t<\/div>\n\t\t\t\t<\/article>\n\t\t\t\t<article class=\"elementor-post elementor-grid-item post-316419 noticias type-noticias status-publish has-post-thumbnail hentry categoria-de-noticia-avisos-y-recomendaciones categoria-de-noticia-castillo-de-santa-barbara categoria-de-noticia-destacados categoria-de-noticia-informacion-practica\" role=\"listitem\">\n\t\t\t\t<a class=\"elementor-post__thumbnail__link\" href=\"https:\/\/alicanteturismo.com\/en\/noticias\/alicante-vuelve-a-cerrar-el-castillo-y-los-parques-por-fuertes-rachas-de-viento-de-hasta-69-km-h\/\" tabindex=\"-1\">\n\t\t\t<div class=\"elementor-post__thumbnail\"><img loading=\"lazy\" decoding=\"async\" width=\"300\" height=\"200\" src=\"https:\/\/alicanteturismo.com\/wp-content\/uploads\/2026\/01\/castillo-de-santa-barbara-2016-Alicante-ERN_6938-22-300x200.jpeg\" class=\"attachment-medium size-medium wp-image-315933\" alt=\"\" srcset=\"https:\/\/alicanteturismo.com\/wp-content\/uploads\/2026\/01\/castillo-de-santa-barbara-2016-Alicante-ERN_6938-22-300x200.jpeg 300w, https:\/\/alicanteturismo.com\/wp-content\/uploads\/2026\/01\/castillo-de-santa-barbara-2016-Alicante-ERN_6938-22-1024x683.jpeg 1024w, https:\/\/alicanteturismo.com\/wp-content\/uploads\/2026\/01\/castillo-de-santa-barbara-2016-Alicante-ERN_6938-22-768x512.jpeg 768w, https:\/\/alicanteturismo.com\/wp-content\/uploads\/2026\/01\/castillo-de-santa-barbara-2016-Alicante-ERN_6938-22-391x260.jpeg 391w, https:\/\/alicanteturismo.com\/wp-content\/uploads\/2026\/01\/castillo-de-santa-barbara-2016-Alicante-ERN_6938-22.jpeg 1276w\" sizes=\"(max-width: 300px) 100vw, 300px\" \/><\/div>\n\t\t<\/a>\n\t\t\t\t<div class=\"elementor-post__text\">\n\t\t\t\t<h3 class=\"elementor-post__title\">\n\t\t\t<a href=\"https:\/\/alicanteturismo.com\/en\/noticias\/alicante-vuelve-a-cerrar-el-castillo-y-los-parques-por-fuertes-rachas-de-viento-de-hasta-69-km-h\/\">\n\t\t\t\tAlicante vuelve a cerrar el Castillo y los parques por fuertes rachas de viento de hasta 69 km\/h\t\t\t<\/a>\n\t\t<\/h3>\n\t\t\t\t<div class=\"elementor-post__meta-data\">\n\t\t\t\t\t<span class=\"elementor-post-date\">\n\t\t\t12\/02\/2026\t\t<\/span>\n\t\t\t\t<\/div>\n\t\t\n\t\t<a class=\"elementor-post__read-more\" href=\"https:\/\/alicanteturismo.com\/en\/noticias\/alicante-vuelve-a-cerrar-el-castillo-y-los-parques-por-fuertes-rachas-de-viento-de-hasta-69-km-h\/\" aria-label=\"Read more about Alicante vuelve a cerrar el Castillo y los parques por fuertes rachas de viento de hasta 69 km\/h\" tabindex=\"-1\">\n\t\t\tLeer m\u00e1s \u00bb\t\t<\/a>\n\n\t\t\t\t<\/div>\n\t\t\t\t<\/article>\n\t\t\t\t<article class=\"elementor-post elementor-grid-item post-316160 noticias type-noticias status-publish has-post-thumbnail hentry categoria-de-noticia-avisos-y-recomendaciones categoria-de-noticia-destacados categoria-de-noticia-informacion-practica\" role=\"listitem\">\n\t\t\t\t<a class=\"elementor-post__thumbnail__link\" href=\"https:\/\/alicanteturismo.com\/en\/noticias\/alicante-anuncia-cortes-de-trafico-en-el-frente-litoral-el-viernes-6-de-febrero-entre-las-15-y-16-45-horas-por-el-paso-la-volta-a-la-comunitat-valenciana\/\" tabindex=\"-1\">\n\t\t\t<div class=\"elementor-post__thumbnail\"><img loading=\"lazy\" decoding=\"async\" width=\"300\" height=\"292\" src=\"https:\/\/alicanteturismo.com\/wp-content\/uploads\/2026\/02\/Volta-300x292.jpg\" class=\"attachment-medium size-medium wp-image-316162\" alt=\"\" srcset=\"https:\/\/alicanteturismo.com\/wp-content\/uploads\/2026\/02\/Volta-300x292.jpg 300w, https:\/\/alicanteturismo.com\/wp-content\/uploads\/2026\/02\/Volta-1024x997.jpg 1024w, https:\/\/alicanteturismo.com\/wp-content\/uploads\/2026\/02\/Volta-768x748.jpg 768w, https:\/\/alicanteturismo.com\/wp-content\/uploads\/2026\/02\/Volta.jpg 1027w\" sizes=\"(max-width: 300px) 100vw, 300px\" \/><\/div>\n\t\t<\/a>\n\t\t\t\t<div class=\"elementor-post__text\">\n\t\t\t\t<h3 class=\"elementor-post__title\">\n\t\t\t<a href=\"https:\/\/alicanteturismo.com\/en\/noticias\/alicante-anuncia-cortes-de-trafico-en-el-frente-litoral-el-viernes-6-de-febrero-entre-las-15-y-16-45-horas-por-el-paso-la-volta-a-la-comunitat-valenciana\/\">\n\t\t\t\tAlicante anuncia cortes de tr\u00e1fico en el frente litoral el viernes 6 de febrero entre las 15 y 16.45 horas por el paso La Volta a la Comunitat Valenciana\t\t\t<\/a>\n\t\t<\/h3>\n\t\t\t\t<div class=\"elementor-post__meta-data\">\n\t\t\t\t\t<span class=\"elementor-post-date\">\n\t\t\t04\/02\/2026\t\t<\/span>\n\t\t\t\t<\/div>\n\t\t\n\t\t<a class=\"elementor-post__read-more\" href=\"https:\/\/alicanteturismo.com\/en\/noticias\/alicante-anuncia-cortes-de-trafico-en-el-frente-litoral-el-viernes-6-de-febrero-entre-las-15-y-16-45-horas-por-el-paso-la-volta-a-la-comunitat-valenciana\/\" aria-label=\"Read more about Alicante anuncia cortes de tr\u00e1fico en el frente litoral el viernes 6 de febrero entre las 15 y 16.45 horas por el paso La Volta a la Comunitat Valenciana\" tabindex=\"-1\">\n\t\t\tLeer m\u00e1s \u00bb\t\t<\/a>\n\n\t\t\t\t<\/div>\n\t\t\t\t<\/article>\n\t\t\t\t<\/div>\n\t\t\n\t\t\t\t\t\t<\/div>\n\t\t\t\t<\/div>\n\t\t\t\t<\/div>\n\t\t<div class=\"elementor-element elementor-element-bb72ede e-con-full e-flex e-con e-child\" data-id=\"bb72ede\" data-element_type=\"container\" data-e-type=\"container\" data-settings=\"{&quot;background_background&quot;:&quot;classic&quot;}\">\n\t\t<div class=\"elementor-element elementor-element-32170a53 e-con-full e-flex e-con e-child\" data-id=\"32170a53\" data-element_type=\"container\" data-e-type=\"container\">\n\t\t\t\t<div class=\"elementor-element elementor-element-5941c01a elementor-position-inline-start elementor-mobile-position-inline-start elementor-view-default elementor-widget elementor-widget-icon-box\" data-id=\"5941c01a\" data-element_type=\"widget\" data-e-type=\"widget\" data-widget_type=\"icon-box.default\">\n\t\t\t\t<div class=\"elementor-widget-container\">\n\t\t\t\t\t\t\t<div class=\"elementor-icon-box-wrapper\">\n\n\t\t\t\t\t\t<div class=\"elementor-icon-box-icon\">\n\t\t\t\t<span  class=\"elementor-icon\">\n\t\t\t\t<svg xmlns=\"http:\/\/www.w3.org\/2000\/svg\" xmlns:xlink=\"http:\/\/www.w3.org\/1999\/xlink\" width=\"512\" height=\"512\" x=\"0\" y=\"0\" viewBox=\"0 0 100 100\" style=\"enable-background:new 0 0 512 512\" xml:space=\"preserve\" class=\"\"><g><path fill-rule=\"evenodd\" d=\"M78.5 12V5.667a3.168 3.168 0 0 0-6.333 0v3.166h-14.25c-.421 0-.824.168-1.121.463-.295.297-.463.7-.463 1.12V12A3.168 3.168 0 0 1 50 12V5.667a3.168 3.168 0 0 0-6.333 0v3.166h-14.25c-.421 0-.824.168-1.121.463-.295.297-.463.7-.463 1.12V12a3.168 3.168 0 0 1-6.333 0V5.667a3.168 3.168 0 0 0-6.333 0v3.166h-4.75A7.917 7.917 0 0 0 2.5 16.75v72.833a7.917 7.917 0 0 0 7.917 7.917h79.166a7.917 7.917 0 0 0 7.917-7.917V16.75a7.917 7.917 0 0 0-7.917-7.917h-3.166c-.421 0-.824.168-1.121.463-.295.297-.463.7-.463 1.12V12a3.168 3.168 0 0 1-6.333 0zm12.667 22.167v55.416c0 .421-.168.824-.463 1.121-.297.295-.7.463-1.12.463H10.416c-.421 0-.824-.168-1.121-.463a1.595 1.595 0 0 1-.463-1.12V34.166zM59.5 69a3.168 3.168 0 0 0-3.167-3.167H43.667A3.168 3.168 0 0 0 40.5 69v12.667a3.168 3.168 0 0 0 3.167 3.166h12.666a3.168 3.168 0 0 0 3.167-3.166V69zm25.333 0a3.168 3.168 0 0 0-3.166-3.167H69A3.168 3.168 0 0 0 65.833 69v12.667A3.168 3.168 0 0 0 69 84.833h12.667a3.168 3.168 0 0 0 3.166-3.166zm-50.666 0A3.168 3.168 0 0 0 31 65.833H18.333A3.168 3.168 0 0 0 15.167 69v12.667a3.168 3.168 0 0 0 3.166 3.166H31a3.168 3.168 0 0 0 3.167-3.166zM59.5 43.667a3.168 3.168 0 0 0-3.167-3.167H43.667a3.168 3.168 0 0 0-3.167 3.167v12.666a3.168 3.168 0 0 0 3.167 3.167h12.666a3.168 3.168 0 0 0 3.167-3.167zm25.333 0a3.168 3.168 0 0 0-3.166-3.167H69a3.168 3.168 0 0 0-3.167 3.167v12.666A3.168 3.168 0 0 0 69 59.5h12.667a3.168 3.168 0 0 0 3.166-3.167zm-50.666 0A3.168 3.168 0 0 0 31 40.5H18.333a3.168 3.168 0 0 0-3.166 3.167v12.666a3.168 3.168 0 0 0 3.166 3.167H31a3.168 3.168 0 0 0 3.167-3.167z\" clip-rule=\"evenodd\" fill=\"#00adbb\" opacity=\"1\" data-original=\"#000000\"><\/path><\/g><\/svg>\t\t\t\t<\/span>\n\t\t\t<\/div>\n\t\t\t\n\t\t\t\t\t\t<div class=\"elementor-icon-box-content\">\n\n\t\t\t\t\t\t\t\t\t<h2 class=\"elementor-icon-box-title\">\n\t\t\t\t\t\t<span  >\n\t\t\t\t\t\t\tAgenda de eventos\t\t\t\t\t\t<\/span>\n\t\t\t\t\t<\/h2>\n\t\t\t\t\n\t\t\t\t\n\t\t\t<\/div>\n\t\t\t\n\t\t<\/div>\n\t\t\t\t\t\t<\/div>\n\t\t\t\t<\/div>\n\t\t\t\t<div class=\"elementor-element elementor-element-47f6822a elementor-widget-mobile__width-inherit titulohover elementor-widget elementor-widget-heading\" data-id=\"47f6822a\" data-element_type=\"widget\" data-e-type=\"widget\" data-widget_type=\"heading.default\">\n\t\t\t\t<div class=\"elementor-widget-container\">\n\t\t\t\t\t<h5 class=\"elementor-heading-title elementor-size-default\"><a href=\"https:\/\/alicanteturismo.com\/en\/agenda\/\">Todos los eventos<\/a><\/h5>\t\t\t\t<\/div>\n\t\t\t\t<\/div>\n\t\t\t\t<\/div>\n\t\t\t\t<div class=\"elementor-element elementor-element-2cd9694d elementor-widget elementor-widget-shortcode\" data-id=\"2cd9694d\" data-element_type=\"widget\" data-e-type=\"widget\" data-widget_type=\"shortcode.default\">\n\t\t\t\t<div class=\"elementor-widget-container\">\n\t\t\t\t\t\t\t<div class=\"elementor-shortcode\"><div class=\"mec-wrap mec-skin-grid-container  \" id=\"mec_skin_278027\">\r\n\r\n    \r\n        <div class=\"mec-skin-grid-events-container\" id=\"mec_skin_events_278027\">\r\n        No event found!    <\/div>\r\n    \r\n    \r\n<\/div>\r\n<\/div>\n\t\t\t\t\t\t<\/div>\n\t\t\t\t<\/div>\n\t\t\t\t<\/div>\n\t\t<div class=\"elementor-element elementor-element-5f765cfb e-con-full e-flex e-con e-child\" data-id=\"5f765cfb\" data-element_type=\"container\" data-e-type=\"container\">\n\t\t<div class=\"elementor-element elementor-element-48298ed5 e-con-full e-flex e-con e-child\" data-id=\"48298ed5\" data-element_type=\"container\" data-e-type=\"container\">\n\t\t\t\t<div class=\"elementor-element elementor-element-7567abe elementor-position-inline-start elementor-mobile-position-inline-start elementor-view-default elementor-widget elementor-widget-icon-box\" data-id=\"7567abe\" data-element_type=\"widget\" data-e-type=\"widget\" data-widget_type=\"icon-box.default\">\n\t\t\t\t<div class=\"elementor-widget-container\">\n\t\t\t\t\t\t\t<div class=\"elementor-icon-box-wrapper\">\n\n\t\t\t\t\t\t<div class=\"elementor-icon-box-icon\">\n\t\t\t\t<span  class=\"elementor-icon\">\n\t\t\t\t<svg xmlns=\"http:\/\/www.w3.org\/2000\/svg\" xmlns:xlink=\"http:\/\/www.w3.org\/1999\/xlink\" width=\"512\" height=\"512\" x=\"0\" y=\"0\" viewBox=\"0 0 32 32\" style=\"enable-background:new 0 0 512 512\" xml:space=\"preserve\" class=\"\"><g><path d=\"M30 15h-5v11a1 1 0 0 0 1 1 3 3 0 0 1 3 3 5 5 0 0 0 2-4V16a1 1 0 0 0-1-1z\" fill=\"#00adbb\" opacity=\"1\" data-original=\"#000000\" class=\"\"><\/path><path d=\"M26 29a3 3 0 0 1-3-3V2a1 1 0 0 0-1-1H2a1 1 0 0 0-1 1v24a5 5 0 0 0 5 5h20a1 1 0 0 0 0-2zM7 9h1a1 1 0 0 1 0 2H7a1 1 0 0 1 0-2zm10 14H7a1 1 0 0 1 0-2h10a1 1 0 0 1 0 2zm0-6H7a1 1 0 0 1 0-2h10a1 1 0 0 1 0 2zm0-6h-5a1 1 0 0 1 0-2h5a1 1 0 0 1 0 2z\" fill=\"#00adbb\" opacity=\"1\" data-original=\"#000000\" class=\"\"><\/path><\/g><\/svg>\t\t\t\t<\/span>\n\t\t\t<\/div>\n\t\t\t\n\t\t\t\t\t\t<div class=\"elementor-icon-box-content\">\n\n\t\t\t\t\t\t\t\t\t<h2 class=\"elementor-icon-box-title\">\n\t\t\t\t\t\t<span  >\n\t\t\t\t\t\t\tNoticias destacadas\t\t\t\t\t\t<\/span>\n\t\t\t\t\t<\/h2>\n\t\t\t\t\n\t\t\t\t\n\t\t\t<\/div>\n\t\t\t\n\t\t<\/div>\n\t\t\t\t\t\t<\/div>\n\t\t\t\t<\/div>\n\t\t\t\t<div class=\"elementor-element elementor-element-5d00772b elementor-widget-mobile__width-inherit titulohover elementor-widget elementor-widget-heading\" data-id=\"5d00772b\" data-element_type=\"widget\" data-e-type=\"widget\" data-widget_type=\"heading.default\">\n\t\t\t\t<div class=\"elementor-widget-container\">\n\t\t\t\t\t<h5 class=\"elementor-heading-title elementor-size-default\"><a href=\"https:\/\/alicanteturismo.com\/en\/news\/\">Todas las noticias<\/a><\/h5>\t\t\t\t<\/div>\n\t\t\t\t<\/div>\n\t\t\t\t<\/div>\n\t\t\t\t<\/div>\n\t\t\t\t<\/div>\n\t\t\t\t<\/div>\n\t\t","protected":false},"featured_media":314175,"template":"","meta":{"_acf_changed":false},"class_list":["post-285374","fiestas","type-fiestas","status-publish","has-post-thumbnail","hentry"],"acf":[],"_links":{"self":[{"href":"https:\/\/alicanteturismo.com\/en\/wp-json\/wp\/v2\/fiestas\/285374","targetHints":{"allow":["GET"]}}],"collection":[{"href":"https:\/\/alicanteturismo.com\/en\/wp-json\/wp\/v2\/fiestas"}],"about":[{"href":"https:\/\/alicanteturismo.com\/en\/wp-json\/wp\/v2\/types\/fiestas"}],"version-history":[{"count":0,"href":"https:\/\/alicanteturismo.com\/en\/wp-json\/wp\/v2\/fiestas\/285374\/revisions"}],"wp:featuredmedia":[{"embeddable":true,"href":"https:\/\/alicanteturismo.com\/en\/wp-json\/wp\/v2\/media\/314175"}],"wp:attachment":[{"href":"https:\/\/alicanteturismo.com\/en\/wp-json\/wp\/v2\/media?parent=285374"}],"curies":[{"name":"wp","href":"https:\/\/api.w.org\/{rel}","templated":true}]}}