{"id":300733,"date":"2025-01-21T12:41:38","date_gmt":"2025-01-21T11:41:38","guid":{"rendered":"https:\/\/alicanteturismo.com\/alicante-hauptstadt-der-gastronomie\/"},"modified":"2025-12-16T14:55:07","modified_gmt":"2025-12-16T13:55:07","slug":"alicante-hauptstadt-der-gastronomie","status":"publish","type":"page","link":"https:\/\/alicanteturismo.com\/de\/alicante-hauptstadt-der-gastronomie\/","title":{"rendered":"Alicante Hauptstadt der Gastronomie"},"content":{"rendered":"\t\t<div data-elementor-type=\"wp-page\" data-elementor-id=\"300733\" class=\"elementor elementor-300733 elementor-292157\" data-elementor-post-type=\"page\">\n\t\t\t\t<div class=\"elementor-element elementor-element-0b542bc e-con-full e-flex e-con e-parent\" data-id=\"0b542bc\" data-element_type=\"container\" data-e-type=\"container\" data-settings=\"{&quot;background_background&quot;:&quot;classic&quot;}\">\n\t\t\t\t<\/div>\n\t\t<div class=\"elementor-element elementor-element-2e22c0f e-con-full e-flex e-con e-parent\" data-id=\"2e22c0f\" data-element_type=\"container\" data-e-type=\"container\">\n\t\t<div class=\"elementor-element elementor-element-5f6ce23 e-con-full e-flex e-con e-child\" data-id=\"5f6ce23\" data-element_type=\"container\" data-e-type=\"container\">\n\t\t\t\t<div class=\"elementor-element elementor-element-060ff03 elementor-widget__width-initial elementor-widget elementor-widget-icon-box\" data-id=\"060ff03\" data-element_type=\"widget\" data-e-type=\"widget\" data-widget_type=\"icon-box.default\">\n\t\t\t\t<div class=\"elementor-widget-container\">\n\t\t\t\t\t\t\t<div class=\"elementor-icon-box-wrapper\">\n\n\t\t\t\n\t\t\t\t\t\t<div class=\"elementor-icon-box-content\">\n\n\t\t\t\t\t\t\t\t\t<h3 class=\"elementor-icon-box-title\">\n\t\t\t\t\t\t<span  >\n\t\t\t\t\t\t\tAlicante Agenda, Spanische Hauptstadt der Gastronomie 2025\t\t\t\t\t\t<\/span>\n\t\t\t\t\t<\/h3>\n\t\t\t\t\n\t\t\t\t\n\t\t\t<\/div>\n\t\t\t\n\t\t<\/div>\n\t\t\t\t\t\t<\/div>\n\t\t\t\t<\/div>\n\t\t\t\t<div class=\"elementor-element elementor-element-eb7e9ef elementor-hidden-widescreen elementor-hidden-desktop elementor-hidden-laptop elementor-hidden-tablet_extra elementor-hidden-tablet elementor-hidden-mobile_extra elementor-hidden-mobile elementor-widget elementor-widget-shortcode\" data-id=\"eb7e9ef\" data-element_type=\"widget\" data-e-type=\"widget\" data-widget_type=\"shortcode.default\">\n\t\t\t\t<div class=\"elementor-widget-container\">\n\t\t\t\t\t\t\t<div class=\"elementor-shortcode\"><div class=\"mec-wrap mec-skin-grid-container  \" id=\"mec_skin_307295\">\r\n\r\n    \r\n        <div class=\"mec-skin-grid-events-container\" id=\"mec_skin_events_307295\">\r\n        Keine Veranstaltung gefunden    <\/div>\r\n    \r\n    \r\n<\/div>\r\n<\/div>\n\t\t\t\t\t\t<\/div>\n\t\t\t\t<\/div>\n\t\t\t\t<div class=\"elementor-element elementor-element-7a55158 elementor-widget__width-initial elementor-widget elementor-widget-text-editor\" data-id=\"7a55158\" data-element_type=\"widget\" data-e-type=\"widget\" data-widget_type=\"text-editor.default\">\n\t\t\t\t<div class=\"elementor-widget-container\">\n\t\t\t\t\t\t\t\t\t<p>Neue Aktivit\u00e4ten im Zusammenhang mit der Hauptstadt der Gastronomie werden in K\u00fcrze ver\u00f6ffentlicht.<\/p>\n\t\t\t\t\t\t\t\t<\/div>\n\t\t\t\t<\/div>\n\t\t\t\t<\/div>\n\t\t<div class=\"elementor-element elementor-element-857f2ea e-con-full e-flex e-con e-child\" data-id=\"857f2ea\" data-element_type=\"container\" data-e-type=\"container\">\n\t\t\t\t<div class=\"elementor-element elementor-element-79b58dd elementor-widget elementor-widget-button\" data-id=\"79b58dd\" data-element_type=\"widget\" data-e-type=\"widget\" data-widget_type=\"button.default\">\n\t\t\t\t<div class=\"elementor-widget-container\">\n\t\t\t\t\t\t\t\t\t<div class=\"elementor-button-wrapper\">\n\t\t\t\t\t<a class=\"elementor-button elementor-button-link elementor-size-sm\" href=\"https:\/\/alicanteturismo.com\/wp-content\/uploads\/2025\/08\/04_PLAN-ESTRATEGICO-ALICANTE-CAPITAL-GASTRONOMICA-2025_-abril-oct.pdf\" target=\"_blank\">\n\t\t\t\t\t\t<span class=\"elementor-button-content-wrapper\">\n\t\t\t\t\t\t<span class=\"elementor-button-icon\">\n\t\t\t\t<svg aria-hidden=\"true\" class=\"e-font-icon-svg e-far-calendar-alt\" viewBox=\"0 0 448 512\" xmlns=\"http:\/\/www.w3.org\/2000\/svg\"><path d=\"M148 288h-40c-6.6 0-12-5.4-12-12v-40c0-6.6 5.4-12 12-12h40c6.6 0 12 5.4 12 12v40c0 6.6-5.4 12-12 12zm108-12v-40c0-6.6-5.4-12-12-12h-40c-6.6 0-12 5.4-12 12v40c0 6.6 5.4 12 12 12h40c6.6 0 12-5.4 12-12zm96 0v-40c0-6.6-5.4-12-12-12h-40c-6.6 0-12 5.4-12 12v40c0 6.6 5.4 12 12 12h40c6.6 0 12-5.4 12-12zm-96 96v-40c0-6.6-5.4-12-12-12h-40c-6.6 0-12 5.4-12 12v40c0 6.6 5.4 12 12 12h40c6.6 0 12-5.4 12-12zm-96 0v-40c0-6.6-5.4-12-12-12h-40c-6.6 0-12 5.4-12 12v40c0 6.6 5.4 12 12 12h40c6.6 0 12-5.4 12-12zm192 0v-40c0-6.6-5.4-12-12-12h-40c-6.6 0-12 5.4-12 12v40c0 6.6 5.4 12 12 12h40c6.6 0 12-5.4 12-12zm96-260v352c0 26.5-21.5 48-48 48H48c-26.5 0-48-21.5-48-48V112c0-26.5 21.5-48 48-48h48V12c0-6.6 5.4-12 12-12h40c6.6 0 12 5.4 12 12v52h128V12c0-6.6 5.4-12 12-12h40c6.6 0 12 5.4 12 12v52h48c26.5 0 48 21.5 48 48zm-48 346V160H48v298c0 3.3 2.7 6 6 6h340c3.3 0 6-2.7 6-6z\"><\/path><\/svg>\t\t\t<\/span>\n\t\t\t\t\t\t\t\t\t<span class=\"elementor-button-text\">Aktivit\u00e4ten Alicante Spanische Hauptstadt Gastronomie<\/span>\n\t\t\t\t\t<\/span>\n\t\t\t\t\t<\/a>\n\t\t\t\t<\/div>\n\t\t\t\t\t\t\t\t<\/div>\n\t\t\t\t<\/div>\n\t\t\t\t<div class=\"elementor-element elementor-element-3560257 elementor-widget elementor-widget-button\" data-id=\"3560257\" data-element_type=\"widget\" data-e-type=\"widget\" data-widget_type=\"button.default\">\n\t\t\t\t<div class=\"elementor-widget-container\">\n\t\t\t\t\t\t\t\t\t<div class=\"elementor-button-wrapper\">\n\t\t\t\t\t<a class=\"elementor-button elementor-button-link elementor-size-sm\" href=\"https:\/\/alicanteturismo.com\/wp-content\/uploads\/2025\/09\/cronograma-anual-.odt\" target=\"_blank\">\n\t\t\t\t\t\t<span class=\"elementor-button-content-wrapper\">\n\t\t\t\t\t\t<span class=\"elementor-button-icon\">\n\t\t\t\t<svg aria-hidden=\"true\" class=\"e-font-icon-svg e-far-calendar-alt\" viewBox=\"0 0 448 512\" xmlns=\"http:\/\/www.w3.org\/2000\/svg\"><path d=\"M148 288h-40c-6.6 0-12-5.4-12-12v-40c0-6.6 5.4-12 12-12h40c6.6 0 12 5.4 12 12v40c0 6.6-5.4 12-12 12zm108-12v-40c0-6.6-5.4-12-12-12h-40c-6.6 0-12 5.4-12 12v40c0 6.6 5.4 12 12 12h40c6.6 0 12-5.4 12-12zm96 0v-40c0-6.6-5.4-12-12-12h-40c-6.6 0-12 5.4-12 12v40c0 6.6 5.4 12 12 12h40c6.6 0 12-5.4 12-12zm-96 96v-40c0-6.6-5.4-12-12-12h-40c-6.6 0-12 5.4-12 12v40c0 6.6 5.4 12 12 12h40c6.6 0 12-5.4 12-12zm-96 0v-40c0-6.6-5.4-12-12-12h-40c-6.6 0-12 5.4-12 12v40c0 6.6 5.4 12 12 12h40c6.6 0 12-5.4 12-12zm192 0v-40c0-6.6-5.4-12-12-12h-40c-6.6 0-12 5.4-12 12v40c0 6.6 5.4 12 12 12h40c6.6 0 12-5.4 12-12zm96-260v352c0 26.5-21.5 48-48 48H48c-26.5 0-48-21.5-48-48V112c0-26.5 21.5-48 48-48h48V12c0-6.6 5.4-12 12-12h40c6.6 0 12 5.4 12 12v52h128V12c0-6.6 5.4-12 12-12h40c6.6 0 12 5.4 12 12v52h48c26.5 0 48 21.5 48 48zm-48 346V160H48v298c0 3.3 2.7 6 6 6h340c3.3 0 6-2.7 6-6z\"><\/path><\/svg>\t\t\t<\/span>\n\t\t\t\t\t\t\t\t\t<span class=\"elementor-button-text\">Jahresplan<\/span>\n\t\t\t\t\t<\/span>\n\t\t\t\t\t<\/a>\n\t\t\t\t<\/div>\n\t\t\t\t\t\t\t\t<\/div>\n\t\t\t\t<\/div>\n\t\t\t\t<div class=\"elementor-element elementor-element-64e9bca elementor-widget elementor-widget-button\" data-id=\"64e9bca\" data-element_type=\"widget\" data-e-type=\"widget\" data-widget_type=\"button.default\">\n\t\t\t\t<div class=\"elementor-widget-container\">\n\t\t\t\t\t\t\t\t\t<div class=\"elementor-button-wrapper\">\n\t\t\t\t\t<a class=\"elementor-button elementor-button-link elementor-size-sm\" href=\"https:\/\/alicanteturismo.com\/wp-content\/uploads\/2025\/04\/YDRAY-ALICANTE-GASTRONOMIA.pdf\" target=\"_blank\">\n\t\t\t\t\t\t<span class=\"elementor-button-content-wrapper\">\n\t\t\t\t\t\t<span class=\"elementor-button-icon\">\n\t\t\t\t<svg aria-hidden=\"true\" class=\"e-font-icon-svg e-far-calendar-alt\" viewBox=\"0 0 448 512\" xmlns=\"http:\/\/www.w3.org\/2000\/svg\"><path d=\"M148 288h-40c-6.6 0-12-5.4-12-12v-40c0-6.6 5.4-12 12-12h40c6.6 0 12 5.4 12 12v40c0 6.6-5.4 12-12 12zm108-12v-40c0-6.6-5.4-12-12-12h-40c-6.6 0-12 5.4-12 12v40c0 6.6 5.4 12 12 12h40c6.6 0 12-5.4 12-12zm96 0v-40c0-6.6-5.4-12-12-12h-40c-6.6 0-12 5.4-12 12v40c0 6.6 5.4 12 12 12h40c6.6 0 12-5.4 12-12zm-96 96v-40c0-6.6-5.4-12-12-12h-40c-6.6 0-12 5.4-12 12v40c0 6.6 5.4 12 12 12h40c6.6 0 12-5.4 12-12zm-96 0v-40c0-6.6-5.4-12-12-12h-40c-6.6 0-12 5.4-12 12v40c0 6.6 5.4 12 12 12h40c6.6 0 12-5.4 12-12zm192 0v-40c0-6.6-5.4-12-12-12h-40c-6.6 0-12 5.4-12 12v40c0 6.6 5.4 12 12 12h40c6.6 0 12-5.4 12-12zm96-260v352c0 26.5-21.5 48-48 48H48c-26.5 0-48-21.5-48-48V112c0-26.5 21.5-48 48-48h48V12c0-6.6 5.4-12 12-12h40c6.6 0 12 5.4 12 12v52h128V12c0-6.6 5.4-12 12-12h40c6.6 0 12 5.4 12 12v52h48c26.5 0 48 21.5 48 48zm-48 346V160H48v298c0 3.3 2.7 6 6 6h340c3.3 0 6-2.7 6-6z\"><\/path><\/svg>\t\t\t<\/span>\n\t\t\t\t\t\t\t\t\t<span class=\"elementor-button-text\">Gastronomischer F\u00fchrer f\u00fcr Alicante<\/span>\n\t\t\t\t\t<\/span>\n\t\t\t\t\t<\/a>\n\t\t\t\t<\/div>\n\t\t\t\t\t\t\t\t<\/div>\n\t\t\t\t<\/div>\n\t\t\t\t<\/div>\n\t\t<div class=\"elementor-element elementor-element-8c60adb e-con-full e-flex e-con e-child\" data-id=\"8c60adb\" data-element_type=\"container\" data-e-type=\"container\">\n\t\t<div class=\"elementor-element elementor-element-4cac077 e-con-full e-flex e-con e-child\" data-id=\"4cac077\" data-element_type=\"container\" data-e-type=\"container\">\n\t\t<div class=\"elementor-element elementor-element-afec30d e-con-full e-flex e-con e-child\" data-id=\"afec30d\" data-element_type=\"container\" data-e-type=\"container\">\n\t\t\t\t<div class=\"elementor-element elementor-element-18c543f elementor-widget__width-initial elementor-widget elementor-widget-icon-box\" data-id=\"18c543f\" data-element_type=\"widget\" data-e-type=\"widget\" data-widget_type=\"icon-box.default\">\n\t\t\t\t<div class=\"elementor-widget-container\">\n\t\t\t\t\t\t\t<div class=\"elementor-icon-box-wrapper\">\n\n\t\t\t\n\t\t\t\t\t\t<div class=\"elementor-icon-box-content\">\n\n\t\t\t\t\t\t\t\t\t<h3 class=\"elementor-icon-box-title\">\n\t\t\t\t\t\t<span  >\n\t\t\t\t\t\t\tAlicante als gastronomisches Ziel in spanischen St\u00e4dten\t\t\t\t\t\t<\/span>\n\t\t\t\t\t<\/h3>\n\t\t\t\t\n\t\t\t\t\t\t\t\t\t<p class=\"elementor-icon-box-description\">\n\t\t\t\t\t\tMADRID \u00b7 BARCELONA \u00b7 SAN SEBASTI\u00c1N \u00b7 VALENCIA \u00b7 ALBACETE \u2013 A CORU\u00d1A\t\t\t\t\t<\/p>\n\t\t\t\t\n\t\t\t<\/div>\n\t\t\t\n\t\t<\/div>\n\t\t\t\t\t\t<\/div>\n\t\t\t\t<\/div>\n\t\t\t\t<div class=\"elementor-element elementor-element-7734d18 elementor-widget__width-initial elementor-widget elementor-widget-text-editor\" data-id=\"7734d18\" data-element_type=\"widget\" data-e-type=\"widget\" data-widget_type=\"text-editor.default\">\n\t\t\t\t<div class=\"elementor-widget-container\">\n\t\t\t\t\t\t\t\t\t<p>Alicante wird seinen Lebensstil und seinen kulinarischen Reichtum mit innovativen Pop-up-Aktionen in verschiedene spanische St\u00e4dte bringen, um das Publikum zu \u00fcberraschen und zu erobern. Diese einzigartigen Veranstaltungen kombinieren Show-Cooking, Verkostungen und Aktivit\u00e4ten f\u00fcr alle Zielgruppen und schaffen unwiderstehliche Erlebnisse, die die Essenz von Alicante vermitteln. Durch die Entdeckung authentischer Geschmacksrichtungen und die Kreativit\u00e4t der Gastronomie wird Alicante in einem dynamischen Format, hautnah und voller Charme pr\u00e4sentiert.<\/p>\n\t\t\t\t\t\t\t\t<\/div>\n\t\t\t\t<\/div>\n\t\t\t\t<\/div>\n\t\t\t\t<div class=\"elementor-element elementor-element-8e8227c elementor-widget__width-initial elementor-widget elementor-widget-image\" data-id=\"8e8227c\" data-element_type=\"widget\" data-e-type=\"widget\" data-widget_type=\"image.default\">\n\t\t\t\t<div class=\"elementor-widget-container\">\n\t\t\t\t\t\t\t\t\t\t\t\t\t\t\t<img fetchpriority=\"high\" decoding=\"async\" width=\"1100\" height=\"785\" src=\"https:\/\/alicanteturismo.com\/wp-content\/uploads\/2025\/01\/img35.jpg\" class=\"attachment-full size-full wp-image-292209\" alt=\"\" srcset=\"https:\/\/alicanteturismo.com\/wp-content\/uploads\/2025\/01\/img35.jpg 1100w, https:\/\/alicanteturismo.com\/wp-content\/uploads\/2025\/01\/img35-300x214.jpg 300w, https:\/\/alicanteturismo.com\/wp-content\/uploads\/2025\/01\/img35-1024x731.jpg 1024w, https:\/\/alicanteturismo.com\/wp-content\/uploads\/2025\/01\/img35-768x548.jpg 768w\" sizes=\"(max-width: 1100px) 100vw, 1100px\" \/>\t\t\t\t\t\t\t\t\t\t\t\t\t\t\t<\/div>\n\t\t\t\t<\/div>\n\t\t\t\t<\/div>\n\t\t<div class=\"elementor-element elementor-element-6653375 e-con-full e-flex e-con e-child\" data-id=\"6653375\" data-element_type=\"container\" data-e-type=\"container\">\n\t\t\t\t<div class=\"elementor-element elementor-element-7fa9d37 elementor-widget__width-initial elementor-widget elementor-widget-icon-box\" data-id=\"7fa9d37\" data-element_type=\"widget\" data-e-type=\"widget\" data-widget_type=\"icon-box.default\">\n\t\t\t\t<div class=\"elementor-widget-container\">\n\t\t\t\t\t\t\t<div class=\"elementor-icon-box-wrapper\">\n\n\t\t\t\n\t\t\t\t\t\t<div class=\"elementor-icon-box-content\">\n\n\t\t\t\t\t\t\t\t\t<h3 class=\"elementor-icon-box-title\">\n\t\t\t\t\t\t<span  >\n\t\t\t\t\t\t\tAlicante, ein internationales gastronomisches Ziel\t\t\t\t\t\t<\/span>\n\t\t\t\t\t<\/h3>\n\t\t\t\t\n\t\t\t\t\t\t\t\t\t<p class=\"elementor-icon-box-description\">\n\t\t\t\t\t\tDEUTSCHLAND \u00b7 ENGLAND \u00b7 ITALIEN\t\t\t\t\t<\/p>\n\t\t\t\t\n\t\t\t<\/div>\n\t\t\t\n\t\t<\/div>\n\t\t\t\t\t\t<\/div>\n\t\t\t\t<\/div>\n\t\t\t\t<div class=\"elementor-element elementor-element-87dadb7 elementor-widget__width-initial elementor-widget elementor-widget-text-editor\" data-id=\"87dadb7\" data-element_type=\"widget\" data-e-type=\"widget\" data-widget_type=\"text-editor.default\">\n\t\t\t\t<div class=\"elementor-widget-container\">\n\t\t\t\t\t\t\t\t\t<p>Alicante wird seine Essenz und sein Licht in strategische europ\u00e4ische St\u00e4dte mit einem hohen Wachstumspotenzial exportieren. Zu diesem Zweck werden Veranstaltungen mit spannenden Live-Kochshows, unwiderstehlichen Verkostungen von Produkten aus Alicante und Werbema\u00dfnahmen organisiert, die sich speziell an Fachleute des Sektors richten. Eine einzigartige Erfahrung, die die Authentizit\u00e4t und den Charme der Gastronomie von Alicante im Herzen Europas vermitteln soll.<\/p>\n\t\t\t\t\t\t\t\t<\/div>\n\t\t\t\t<\/div>\n\t\t\t\t<\/div>\n\t\t<div class=\"elementor-element elementor-element-051923a e-con-full e-flex e-con e-child\" data-id=\"051923a\" data-element_type=\"container\" data-e-type=\"container\">\n\t\t<div class=\"elementor-element elementor-element-ac386ba e-con-full e-flex e-con e-child\" data-id=\"ac386ba\" data-element_type=\"container\" data-e-type=\"container\">\n\t\t\t\t<div class=\"elementor-element elementor-element-8b56f44 elementor-widget__width-initial elementor-widget elementor-widget-icon-box\" data-id=\"8b56f44\" data-element_type=\"widget\" data-e-type=\"widget\" data-widget_type=\"icon-box.default\">\n\t\t\t\t<div class=\"elementor-widget-container\">\n\t\t\t\t\t\t\t<div class=\"elementor-icon-box-wrapper\">\n\n\t\t\t\n\t\t\t\t\t\t<div class=\"elementor-icon-box-content\">\n\n\t\t\t\t\t\t\t\t\t<h3 class=\"elementor-icon-box-title\">\n\t\t\t\t\t\t<span  >\n\t\t\t\t\t\t\tPositionierung des gastronomischen Produkts\t\t\t\t\t\t<\/span>\n\t\t\t\t\t<\/h3>\n\t\t\t\t\n\t\t\t\t\n\t\t\t<\/div>\n\t\t\t\n\t\t<\/div>\n\t\t\t\t\t\t<\/div>\n\t\t\t\t<\/div>\n\t\t\t\t<div class=\"elementor-element elementor-element-64a9868 elementor-widget__width-initial elementor-widget elementor-widget-text-editor\" data-id=\"64a9868\" data-element_type=\"widget\" data-e-type=\"widget\" data-widget_type=\"text-editor.default\">\n\t\t\t\t<div class=\"elementor-widget-container\">\n\t\t\t\t\t\t\t\t\t<p>Alicante pr\u00e4sentiert sein kulinarisches Potenzial und seinen gastronomischen Reichtum auf wichtigen nationalen und internationalen B\u00fchnen. Es umfasst Showkochen, Verkostungen, Pr\u00e4sentationen und Kostproben von Produkten mit der Herkunftsbezeichnung Alicante sowie international renommierte Gastronomieveranstaltungen, die sich sowohl an die breite \u00d6ffentlichkeit als auch an Fachkritiker richten und die Exzellenz der K\u00fcche der Stadt hervorheben.<\/p>\n<p>Highlights:<\/p>\n<ul>\n<li>Madrid Fusi\u00f3n<\/li>\n<li>HIP-Kongress (Horeca Professional Expo)<\/li>\n<li>Madrid Sal\u00f3n Gourmet 2025<\/li>\n<li>Alicante Gastron\u00f3mica<\/li>\n<li>Gastr\u00f3noma Valencia<\/li>\n<li>Taste a La Rambla, Barcelona<\/li>\n<li>Murcia Gastron\u00f3mica<\/li>\n<li>D*NA Festival Gastron\u00f2mic D\u00e9nia<\/li>\n<li>HORECA-Kongress<\/li>\n<li>MasterChef<\/li>\n<\/ul>\n\t\t\t\t\t\t\t\t<\/div>\n\t\t\t\t<\/div>\n\t\t\t\t<\/div>\n\t\t\t\t<div class=\"elementor-element elementor-element-a9661e8 elementor-widget__width-initial elementor-widget elementor-widget-image\" data-id=\"a9661e8\" data-element_type=\"widget\" data-e-type=\"widget\" data-widget_type=\"image.default\">\n\t\t\t\t<div class=\"elementor-widget-container\">\n\t\t\t\t\t\t\t\t\t\t\t\t\t\t\t<img decoding=\"async\" width=\"1280\" height=\"1280\" src=\"https:\/\/alicanteturismo.com\/wp-content\/uploads\/2025\/01\/img46-e1737461172668.jpg\" class=\"attachment-full size-full wp-image-292214\" alt=\"\" \/>\t\t\t\t\t\t\t\t\t\t\t\t\t\t\t<\/div>\n\t\t\t\t<\/div>\n\t\t\t\t<\/div>\n\t\t<div class=\"elementor-element elementor-element-2f31aa7 e-con-full elementor-hidden-widescreen elementor-hidden-desktop elementor-hidden-laptop elementor-hidden-tablet_extra elementor-hidden-tablet elementor-hidden-mobile_extra elementor-hidden-mobile e-flex e-con e-child\" data-id=\"2f31aa7\" data-element_type=\"container\" data-e-type=\"container\">\n\t\t<div class=\"elementor-element elementor-element-7bbc72b e-con-full e-flex e-con e-child\" data-id=\"7bbc72b\" data-element_type=\"container\" data-e-type=\"container\">\n\t\t\t\t<div class=\"elementor-element elementor-element-c6021b2 elementor-widget__width-initial elementor-widget elementor-widget-icon-box\" data-id=\"c6021b2\" data-element_type=\"widget\" data-e-type=\"widget\" data-widget_type=\"icon-box.default\">\n\t\t\t\t<div class=\"elementor-widget-container\">\n\t\t\t\t\t\t\t<div class=\"elementor-icon-box-wrapper\">\n\n\t\t\t\n\t\t\t\t\t\t<div class=\"elementor-icon-box-content\">\n\n\t\t\t\t\t\t\t\t\t<h3 class=\"elementor-icon-box-title\">\n\t\t\t\t\t\t<span  >\n\t\t\t\t\t\t\tAlicante, das Zentrum der spanischen Gastronomie.\t\t\t\t\t\t<\/span>\n\t\t\t\t\t<\/h3>\n\t\t\t\t\n\t\t\t\t\n\t\t\t<\/div>\n\t\t\t\n\t\t<\/div>\n\t\t\t\t\t\t<\/div>\n\t\t\t\t<\/div>\n\t\t\t\t<div class=\"elementor-element elementor-element-37d4031 elementor-widget__width-initial elementor-widget elementor-widget-text-editor\" data-id=\"37d4031\" data-element_type=\"widget\" data-e-type=\"widget\" data-widget_type=\"text-editor.default\">\n\t\t\t\t<div class=\"elementor-widget-container\">\n\t\t\t\t\t\t\t\t\t<p>Die Restaurants von Alicante werden vier exklusive Men\u00fcs, eines f\u00fcr jede Jahreszeit, unter dem Namen \u201eAlicante Spanische Hauptstadt der Gastronomie\u201c kreieren. Ziel dieser Initiative ist es, lokale und saisonale Produkte zu f\u00f6rdern und das Hotel- und Gastst\u00e4ttengewerbe von Alicante in enger Verbindung mit der Feier der gastronomischen Hauptstadt zu pr\u00e4sentieren.<br \/>Das Programm gipfelt in einem gro\u00dfen Wettbewerb zwischen den teilnehmenden Betrieben, bei dem die Gewinner des Jahres in verschiedenen Kategorien ausgezeichnet werden, die ihre Kreativit\u00e4t und ihr Engagement f\u00fcr die lokale Gastronomie hervorheben.<\/p>\n\t\t\t\t\t\t\t\t<\/div>\n\t\t\t\t<\/div>\n\t\t\t\t<\/div>\n\t\t\t\t<div class=\"elementor-element elementor-element-a14948a elementor-widget__width-initial elementor-widget elementor-widget-image\" data-id=\"a14948a\" data-element_type=\"widget\" data-e-type=\"widget\" data-widget_type=\"image.default\">\n\t\t\t\t<div class=\"elementor-widget-container\">\n\t\t\t\t\t\t\t\t\t\t\t\t\t\t\t<img decoding=\"async\" width=\"1600\" height=\"1066\" src=\"https:\/\/alicanteturismo.com\/wp-content\/uploads\/2024\/06\/arroz-alicante-marca-alicante-ciudad-del-arroz-2.jpg\" class=\"attachment-full size-full wp-image-270404\" alt=\"\" srcset=\"https:\/\/alicanteturismo.com\/wp-content\/uploads\/2024\/06\/arroz-alicante-marca-alicante-ciudad-del-arroz-2.jpg 1600w, https:\/\/alicanteturismo.com\/wp-content\/uploads\/2024\/06\/arroz-alicante-marca-alicante-ciudad-del-arroz-2-300x200.jpg 300w, https:\/\/alicanteturismo.com\/wp-content\/uploads\/2024\/06\/arroz-alicante-marca-alicante-ciudad-del-arroz-2-1024x682.jpg 1024w, https:\/\/alicanteturismo.com\/wp-content\/uploads\/2024\/06\/arroz-alicante-marca-alicante-ciudad-del-arroz-2-768x512.jpg 768w, https:\/\/alicanteturismo.com\/wp-content\/uploads\/2024\/06\/arroz-alicante-marca-alicante-ciudad-del-arroz-2-391x260.jpg 391w, https:\/\/alicanteturismo.com\/wp-content\/uploads\/2024\/06\/arroz-alicante-marca-alicante-ciudad-del-arroz-2-1536x1023.jpg 1536w\" sizes=\"(max-width: 1600px) 100vw, 1600px\" \/>\t\t\t\t\t\t\t\t\t\t\t\t\t\t\t<\/div>\n\t\t\t\t<\/div>\n\t\t\t\t<\/div>\n\t\t<div class=\"elementor-element elementor-element-1845eac e-con-full elementor-hidden-widescreen elementor-hidden-desktop elementor-hidden-laptop elementor-hidden-tablet_extra elementor-hidden-tablet elementor-hidden-mobile_extra elementor-hidden-mobile e-flex e-con e-child\" data-id=\"1845eac\" data-element_type=\"container\" data-e-type=\"container\">\n\t\t\t\t<div class=\"elementor-element elementor-element-de019f3 elementor-widget__width-initial elementor-widget elementor-widget-icon-box\" data-id=\"de019f3\" data-element_type=\"widget\" data-e-type=\"widget\" data-widget_type=\"icon-box.default\">\n\t\t\t\t<div class=\"elementor-widget-container\">\n\t\t\t\t\t\t\t<div class=\"elementor-icon-box-wrapper\">\n\n\t\t\t\n\t\t\t\t\t\t<div class=\"elementor-icon-box-content\">\n\n\t\t\t\t\t\t\t\t\t<h3 class=\"elementor-icon-box-title\">\n\t\t\t\t\t\t<span  >\n\t\t\t\t\t\t\tGastronomische Tage der Stadt Alicante mit Reis, 15. Februar bis 15. M\u00e4rz 2025.\t\t\t\t\t\t<\/span>\n\t\t\t\t\t<\/h3>\n\t\t\t\t\n\t\t\t\t\n\t\t\t<\/div>\n\t\t\t\n\t\t<\/div>\n\t\t\t\t\t\t<\/div>\n\t\t\t\t<\/div>\n\t\t\t\t<div class=\"elementor-element elementor-element-7576f6f elementor-widget__width-initial elementor-widget elementor-widget-text-editor\" data-id=\"7576f6f\" data-element_type=\"widget\" data-e-type=\"widget\" data-widget_type=\"text-editor.default\">\n\t\t\t\t<div class=\"elementor-widget-container\">\n\t\t\t\t\t\t\t\t\t<p>Vierzig Restaurants haben sich an der vom Stadtrat von Alicante organisierten Veranstaltung beteiligt und bieten ein spezielles Men\u00fc mit Reis als Hauptgericht an.<\/p>\n\t\t\t\t\t\t\t\t<\/div>\n\t\t\t\t<\/div>\n\t\t\t\t<div class=\"elementor-element elementor-element-d759bfb elementor-widget elementor-widget-button\" data-id=\"d759bfb\" data-element_type=\"widget\" data-e-type=\"widget\" data-widget_type=\"button.default\">\n\t\t\t\t<div class=\"elementor-widget-container\">\n\t\t\t\t\t\t\t\t\t<div class=\"elementor-button-wrapper\">\n\t\t\t\t\t<a class=\"elementor-button elementor-button-link elementor-size-sm\" href=\"https:\/\/alicanteturismo.com\/events\/jornadas-ciudad-del-arroz-alicante-capital-espanola-de-la-gastronomia-2025\/\">\n\t\t\t\t\t\t<span class=\"elementor-button-content-wrapper\">\n\t\t\t\t\t\t\t\t\t<span class=\"elementor-button-text\">Weitere Informationen<\/span>\n\t\t\t\t\t<\/span>\n\t\t\t\t\t<\/a>\n\t\t\t\t<\/div>\n\t\t\t\t\t\t\t\t<\/div>\n\t\t\t\t<\/div>\n\t\t\t\t<\/div>\n\t\t<div class=\"elementor-element elementor-element-67a3248 e-con-full elementor-hidden-widescreen elementor-hidden-desktop elementor-hidden-laptop elementor-hidden-tablet_extra elementor-hidden-tablet elementor-hidden-mobile_extra elementor-hidden-mobile e-flex e-con e-child\" data-id=\"67a3248\" data-element_type=\"container\" data-e-type=\"container\">\n\t\t<div class=\"elementor-element elementor-element-5cd8df5 e-con-full e-flex e-con e-child\" data-id=\"5cd8df5\" data-element_type=\"container\" data-e-type=\"container\">\n\t\t\t\t<div class=\"elementor-element elementor-element-0c4d7b6 elementor-widget__width-initial elementor-widget elementor-widget-icon-box\" data-id=\"0c4d7b6\" data-element_type=\"widget\" data-e-type=\"widget\" data-widget_type=\"icon-box.default\">\n\t\t\t\t<div class=\"elementor-widget-container\">\n\t\t\t\t\t\t\t<div class=\"elementor-icon-box-wrapper\">\n\n\t\t\t\n\t\t\t\t\t\t<div class=\"elementor-icon-box-content\">\n\n\t\t\t\t\t\t\t\t\t<h3 class=\"elementor-icon-box-title\">\n\t\t\t\t\t\t<span  >\n\t\t\t\t\t\t\tL\u00f6ffel-Men\u00fcs in der Stadt Alicante, vom 13. Februar bis 2. M\u00e4rz 2025.\t\t\t\t\t\t<\/span>\n\t\t\t\t\t<\/h3>\n\t\t\t\t\n\t\t\t\t\n\t\t\t<\/div>\n\t\t\t\n\t\t<\/div>\n\t\t\t\t\t\t<\/div>\n\t\t\t\t<\/div>\n\t\t\t\t<div class=\"elementor-element elementor-element-3b95008 elementor-widget__width-initial elementor-widget elementor-widget-text-editor\" data-id=\"3b95008\" data-element_type=\"widget\" data-e-type=\"widget\" data-widget_type=\"text-editor.default\">\n\t\t\t\t<div class=\"elementor-widget-container\">\n\t\t\t\t\t\t\t\t\t<p>L\u00f6ffelgerichte sind das Gebot der Stunde. Ein neuer Tag dieser K\u00f6stlichkeiten wird in Alicante pr\u00e4sentiert, um die gastronomische Hauptstadt zu f\u00f6rdern und die B\u00fcrger und Besucher mit Vorschl\u00e4gen zu erfreuen, die die Gastronomie auf das h\u00f6chste Niveau bringen.<br \/>Die teilnehmenden Lokale bieten ihren Kunden ein Men\u00fc mit einem L\u00f6ffelgericht aus dem Rezeptbuch oder einem typischen Produkt der Gastronomie von Alicante. All dies ist ein spezifisches Angebot, das \u201ead hoc\u201c f\u00fcr diese Tage des L\u00f6ffels geschaffen wurde, ab 20 Euro, um die lokale Gastronomie als ein Zeichen der Identit\u00e4t zu f\u00f6rdern.<\/p>\n\t\t\t\t\t\t\t\t<\/div>\n\t\t\t\t<\/div>\n\t\t\t\t<div class=\"elementor-element elementor-element-84c7cd0 elementor-widget elementor-widget-button\" data-id=\"84c7cd0\" data-element_type=\"widget\" data-e-type=\"widget\" data-widget_type=\"button.default\">\n\t\t\t\t<div class=\"elementor-widget-container\">\n\t\t\t\t\t\t\t\t\t<div class=\"elementor-button-wrapper\">\n\t\t\t\t\t<a class=\"elementor-button elementor-button-link elementor-size-sm\" href=\"https:\/\/jornadasdecuchara.es\/%20\" target=\"_blank\" rel=\"noopener\">\n\t\t\t\t\t\t<span class=\"elementor-button-content-wrapper\">\n\t\t\t\t\t\t\t\t\t<span class=\"elementor-button-text\">Weitere Informationen<\/span>\n\t\t\t\t\t<\/span>\n\t\t\t\t\t<\/a>\n\t\t\t\t<\/div>\n\t\t\t\t\t\t\t\t<\/div>\n\t\t\t\t<\/div>\n\t\t\t\t<\/div>\n\t\t\t\t<div class=\"elementor-element elementor-element-8f2745a elementor-widget__width-initial elementor-widget elementor-widget-image\" data-id=\"8f2745a\" data-element_type=\"widget\" data-e-type=\"widget\" data-widget_type=\"image.default\">\n\t\t\t\t<div class=\"elementor-widget-container\">\n\t\t\t\t\t\t\t\t\t\t\t\t\t\t\t<img decoding=\"async\" src=\"https:\/\/alicanteturismo.com\/wp-content\/uploads\/2025\/02\/CARTEL_A3_02-scaled-e1739957223515.jpg\" title=\"\" alt=\"\" loading=\"lazy\" \/>\t\t\t\t\t\t\t\t\t\t\t\t\t\t\t<\/div>\n\t\t\t\t<\/div>\n\t\t\t\t<\/div>\n\t\t<div class=\"elementor-element elementor-element-0dbfefa e-con-full e-flex e-con e-child\" data-id=\"0dbfefa\" data-element_type=\"container\" data-e-type=\"container\">\n\t\t<div class=\"elementor-element elementor-element-fc22839 e-con-full e-flex e-con e-child\" data-id=\"fc22839\" data-element_type=\"container\" data-e-type=\"container\">\n\t\t\t\t<div class=\"elementor-element elementor-element-9d1cbed elementor-widget__width-initial elementor-widget elementor-widget-icon-box\" data-id=\"9d1cbed\" data-element_type=\"widget\" data-e-type=\"widget\" data-widget_type=\"icon-box.default\">\n\t\t\t\t<div class=\"elementor-widget-container\">\n\t\t\t\t\t\t\t<div class=\"elementor-icon-box-wrapper\">\n\n\t\t\t\n\t\t\t\t\t\t<div class=\"elementor-icon-box-content\">\n\n\t\t\t\t\t\t\t\t\t<h3 class=\"elementor-icon-box-title\">\n\t\t\t\t\t\t<span  >\n\t\t\t\t\t\t\tAlicante Gastronomische Hauptstadt Men\u00fc\t\t\t\t\t\t<\/span>\n\t\t\t\t\t<\/h3>\n\t\t\t\t\n\t\t\t\t\n\t\t\t<\/div>\n\t\t\t\n\t\t<\/div>\n\t\t\t\t\t\t<\/div>\n\t\t\t\t<\/div>\n\t\t\t\t<div class=\"elementor-element elementor-element-91f2cfe elementor-widget__width-initial elementor-widget elementor-widget-text-editor\" data-id=\"91f2cfe\" data-element_type=\"widget\" data-e-type=\"widget\" data-widget_type=\"text-editor.default\">\n\t\t\t\t<div class=\"elementor-widget-container\">\n\t\t\t\t\t\t\t\t\t<p>Im Rahmen der Alicante City Awards f\u00fcr Handel und Gastfreundschaft, die das beste Men\u00fc f\u00fcr \u201eAlicante, die spanische Hauptstadt der Gastronomie\u201c k\u00fcren und die Anerkennung der Stadt als gastronomische Hauptstadt w\u00fcrdigen, erstellen die Restaurants ein Men\u00fc mit einzigartigen, hochwertigen Produkten aus Alicante.<\/p>\n<p>Die Jury vergibt Auszeichnungen basierend auf Originalit\u00e4t, Design und Pr\u00e4sentation der Gerichte sowie der Bekanntheit und Beliebtheit des Men\u00fcs. Der erste Gewinner verpflichtet sich, das Men\u00fc bis Ende 2025 in seinen Restaurants anzubieten. Die Gewinner des zweiten und dritten Platzes verl\u00e4ngern ihre Verpflichtung um sechs Monate.<\/p>\n\t\t\t\t\t\t\t\t<\/div>\n\t\t\t\t<\/div>\n\t\t\t\t<\/div>\n\t\t\t\t<div class=\"elementor-element elementor-element-3b849c6 elementor-widget__width-initial elementor-widget elementor-widget-image\" data-id=\"3b849c6\" data-element_type=\"widget\" data-e-type=\"widget\" data-widget_type=\"image.default\">\n\t\t\t\t<div class=\"elementor-widget-container\">\n\t\t\t\t\t\t\t\t\t\t\t\t\t\t\t<img loading=\"lazy\" decoding=\"async\" width=\"2074\" height=\"1383\" src=\"https:\/\/alicanteturismo.com\/wp-content\/uploads\/2025\/01\/img55.jpg\" class=\"attachment-full size-full wp-image-292225\" alt=\"\" srcset=\"https:\/\/alicanteturismo.com\/wp-content\/uploads\/2025\/01\/img55.jpg 2074w, https:\/\/alicanteturismo.com\/wp-content\/uploads\/2025\/01\/img55-300x200.jpg 300w, https:\/\/alicanteturismo.com\/wp-content\/uploads\/2025\/01\/img55-1024x683.jpg 1024w, https:\/\/alicanteturismo.com\/wp-content\/uploads\/2025\/01\/img55-768x512.jpg 768w, https:\/\/alicanteturismo.com\/wp-content\/uploads\/2025\/01\/img55-391x260.jpg 391w, https:\/\/alicanteturismo.com\/wp-content\/uploads\/2025\/01\/img55-1536x1024.jpg 1536w, https:\/\/alicanteturismo.com\/wp-content\/uploads\/2025\/01\/img55-2048x1366.jpg 2048w\" sizes=\"(max-width: 2074px) 100vw, 2074px\" \/>\t\t\t\t\t\t\t\t\t\t\t\t\t\t\t<\/div>\n\t\t\t\t<\/div>\n\t\t\t\t<\/div>\n\t\t<div class=\"elementor-element elementor-element-2bc0107 e-con-full e-flex e-con e-child\" data-id=\"2bc0107\" data-element_type=\"container\" data-e-type=\"container\">\n\t\t<div class=\"elementor-element elementor-element-6c9e9ac e-con-full e-flex e-con e-child\" data-id=\"6c9e9ac\" data-element_type=\"container\" data-e-type=\"container\">\n\t\t\t\t<div class=\"elementor-element elementor-element-b4a893e elementor-widget__width-initial elementor-widget elementor-widget-icon-box\" data-id=\"b4a893e\" data-element_type=\"widget\" data-e-type=\"widget\" data-widget_type=\"icon-box.default\">\n\t\t\t\t<div class=\"elementor-widget-container\">\n\t\t\t\t\t\t\t<div class=\"elementor-icon-box-wrapper\">\n\n\t\t\t\n\t\t\t\t\t\t<div class=\"elementor-icon-box-content\">\n\n\t\t\t\t\t\t\t\t\t<h3 class=\"elementor-icon-box-title\">\n\t\t\t\t\t\t<span  >\n\t\t\t\t\t\t\tBegegnung von Sonne und Sternen Sternenlicht in Tabarca\t\t\t\t\t\t<\/span>\n\t\t\t\t\t<\/h3>\n\t\t\t\t\n\t\t\t\t\n\t\t\t<\/div>\n\t\t\t\n\t\t<\/div>\n\t\t\t\t\t\t<\/div>\n\t\t\t\t<\/div>\n\t\t\t\t<div class=\"elementor-element elementor-element-9e898c8 elementor-widget__width-initial elementor-widget elementor-widget-text-editor\" data-id=\"9e898c8\" data-element_type=\"widget\" data-e-type=\"widget\" data-widget_type=\"text-editor.default\">\n\t\t\t\t<div class=\"elementor-widget-container\">\n\t\t\t\t\t\t\t\t\t<p>Die Veranstaltung bringt mit Michelin-Sternen und Repsol-Sonnen ausgezeichnete K\u00f6che zu einem einzigartigen Abend auf der legend\u00e4ren Insel Tabarca zusammen. Dieses unvergessliche Abenderlebnis beinhaltet ein Abendessen unter freiem Himmel, zubereitet von lokalen K\u00f6chen mit nachhaltigen und regionalen Produkten.<\/p>\n<p>Der Abend beinhaltet au\u00dferdem Vortr\u00e4ge zum Meeresschutz w\u00e4hrend einer Inself\u00fchrung und astronomischer Beobachtungen, die die enge Verbindung zwischen Gastronomie, Nachhaltigkeit und der nat\u00fcrlichen Sch\u00f6nheit dieses au\u00dfergew\u00f6hnlichen Reiseziels hervorheben.<\/p>\n<p>Die Veranstaltung bietet originelle und ansprechende Inhalte, um den kulinarischen Reichtum Tabarcas und das Talent seiner Sch\u00f6pfer zu pr\u00e4sentieren und die Insel als Ma\u00dfstab f\u00fcr Nachhaltigkeit und gastronomische Exzellenz zu positionieren.<\/p>\n\t\t\t\t\t\t\t\t<\/div>\n\t\t\t\t<\/div>\n\t\t\t\t<\/div>\n\t\t\t\t<div class=\"elementor-element elementor-element-c40f3fd elementor-widget__width-initial elementor-widget elementor-widget-image\" data-id=\"c40f3fd\" data-element_type=\"widget\" data-e-type=\"widget\" data-widget_type=\"image.default\">\n\t\t\t\t<div class=\"elementor-widget-container\">\n\t\t\t\t\t\t\t\t\t\t\t\t\t\t\t<img loading=\"lazy\" decoding=\"async\" width=\"1613\" height=\"1210\" src=\"https:\/\/alicanteturismo.com\/wp-content\/uploads\/2025\/01\/img65-e1737461749974.jpg\" class=\"attachment-full size-full wp-image-292259\" alt=\"\" \/>\t\t\t\t\t\t\t\t\t\t\t\t\t\t\t<\/div>\n\t\t\t\t<\/div>\n\t\t\t\t<\/div>\n\t\t<div class=\"elementor-element elementor-element-7876e50 e-con-full e-flex e-con e-child\" data-id=\"7876e50\" data-element_type=\"container\" data-e-type=\"container\">\n\t\t\t\t<div class=\"elementor-element elementor-element-3fdc6cb elementor-widget__width-initial elementor-widget elementor-widget-icon-box\" data-id=\"3fdc6cb\" data-element_type=\"widget\" data-e-type=\"widget\" data-widget_type=\"icon-box.default\">\n\t\t\t\t<div class=\"elementor-widget-container\">\n\t\t\t\t\t\t\t<div class=\"elementor-icon-box-wrapper\">\n\n\t\t\t\n\t\t\t\t\t\t<div class=\"elementor-icon-box-content\">\n\n\t\t\t\t\t\t\t\t\t<h3 class=\"elementor-icon-box-title\">\n\t\t\t\t\t\t<span  >\n\t\t\t\t\t\t\tKulturerbe und Gastronomie: Erlebnisse an einzigartigen Orten\t\t\t\t\t\t<\/span>\n\t\t\t\t\t<\/h3>\n\t\t\t\t\n\t\t\t\t\n\t\t\t<\/div>\n\t\t\t\n\t\t<\/div>\n\t\t\t\t\t\t<\/div>\n\t\t\t\t<\/div>\n\t\t\t\t<div class=\"elementor-element elementor-element-6830cbd elementor-widget__width-initial elementor-widget elementor-widget-text-editor\" data-id=\"6830cbd\" data-element_type=\"widget\" data-e-type=\"widget\" data-widget_type=\"text-editor.default\">\n\t\t\t\t<div class=\"elementor-widget-container\">\n\t\t\t\t\t\t\t\t\t<ul>\n<li>Gastronomische Abende mit Feuerwerk im Anschluss an die Fogueres de San Juan (Johannisfeuer) auf der Burg Santa B\u00e1rbara.<\/li>\n<li>Verkostungen von Craft-Bieren, Ros\u00e9weinen und D.O.-Weinen auf der Burg Santa B\u00e1rbara<\/li>\n<\/ul>\n\t\t\t\t\t\t\t\t<\/div>\n\t\t\t\t<\/div>\n\t\t\t\t<\/div>\n\t\t<div class=\"elementor-element elementor-element-dfbaea2 e-con-full e-flex e-con e-child\" data-id=\"dfbaea2\" data-element_type=\"container\" data-e-type=\"container\">\n\t\t<div class=\"elementor-element elementor-element-b44d964 e-con-full e-flex e-con e-child\" data-id=\"b44d964\" data-element_type=\"container\" data-e-type=\"container\">\n\t\t\t\t<div class=\"elementor-element elementor-element-f7937b3 elementor-widget__width-initial elementor-widget elementor-widget-icon-box\" data-id=\"f7937b3\" data-element_type=\"widget\" data-e-type=\"widget\" data-widget_type=\"icon-box.default\">\n\t\t\t\t<div class=\"elementor-widget-container\">\n\t\t\t\t\t\t\t<div class=\"elementor-icon-box-wrapper\">\n\n\t\t\t\n\t\t\t\t\t\t<div class=\"elementor-icon-box-content\">\n\n\t\t\t\t\t\t\t\t\t<h3 class=\"elementor-icon-box-title\">\n\t\t\t\t\t\t<span  >\n\t\t\t\t\t\t\tGastronomische Konferenzen, Kongresse und Veranstaltungen.\t\t\t\t\t\t<\/span>\n\t\t\t\t\t<\/h3>\n\t\t\t\t\n\t\t\t\t\n\t\t\t<\/div>\n\t\t\t\n\t\t<\/div>\n\t\t\t\t\t\t<\/div>\n\t\t\t\t<\/div>\n\t\t\t\t<div class=\"elementor-element elementor-element-7241606 elementor-widget__width-initial elementor-widget elementor-widget-text-editor\" data-id=\"7241606\" data-element_type=\"widget\" data-e-type=\"widget\" data-widget_type=\"text-editor.default\">\n\t\t\t\t<div class=\"elementor-widget-container\">\n\t\t\t\t\t\t\t\t\t<p>Wahl des besten Kochs des Jahres.<\/p>\n<ul>\n<li>Konferenz \u201eAlicante, Stadt des Reises\u201c.<\/li>\n<li>1. Kongress von Alicante, historische Weinhauptstadt des Mittelmeers (MARQ\/DEO).<\/li>\n<li>Nationale Konferenz: Unsere St\u00e4rke, Die andere K\u00fcche (MEG).<\/li>\n<li>Gastronomische Konferenz zu Unternehmertum im Gastgewerbe und nachhaltiger K\u00fcche.<\/li>\n<li>Tourismuslehrstuhl der Stadt Alicante.<\/li>\n<li>Mercafeste.<\/li>\n<li>Welt-Tapas-Tag in Fogueres.<\/li>\n<li>DO-Weintag.<\/li>\n<li>Fr\u00fchst\u00fcck mit verbundenen Augen. Inklusionserlebnisse mit ONCE.<\/li>\n<li>Gastronomische Aktivit\u00e4ten der CERCA.<\/li>\n<li>Handels- und Gastronomiegala. Men\u00fcpreis \u201eAlicante, Hauptstadt der Gastronomie\u201c.<\/li>\n<li>Wirtshausroute.<\/li>\n<li>Bester Koch und Kellner des Jahres.<\/li>\n<li>Gastrolunches.<\/li>\n<li>Die besten Tapas der Welt.<\/li>\n<li>Riesiger Coca-de-Mollitas-Wettbewerb.<\/li>\n<li>Gastrokino.<\/li>\n<li>Coca-amb-Tonyna-Wettbewerb.<\/li>\n<li>Quintana-Ernte.<\/li>\n<li>Tapas d\u2019ac\u00ed.<\/li>\n<\/ul>\n\t\t\t\t\t\t\t\t<\/div>\n\t\t\t\t<\/div>\n\t\t\t\t<\/div>\n\t\t\t\t<div class=\"elementor-element elementor-element-ba6bc07 elementor-widget__width-initial elementor-widget elementor-widget-image\" data-id=\"ba6bc07\" data-element_type=\"widget\" data-e-type=\"widget\" data-widget_type=\"image.default\">\n\t\t\t\t<div class=\"elementor-widget-container\">\n\t\t\t\t\t\t\t\t\t\t\t\t\t\t\t<img loading=\"lazy\" decoding=\"async\" width=\"2310\" height=\"1732\" src=\"https:\/\/alicanteturismo.com\/wp-content\/uploads\/2025\/01\/img71-e1737462282877.jpg\" class=\"attachment-full size-full wp-image-292286\" alt=\"\" \/>\t\t\t\t\t\t\t\t\t\t\t\t\t\t\t<\/div>\n\t\t\t\t<\/div>\n\t\t\t\t<\/div>\n\t\t<div class=\"elementor-element elementor-element-e1c48fe e-con-full e-flex e-con e-child\" data-id=\"e1c48fe\" data-element_type=\"container\" data-e-type=\"container\">\n\t\t<div class=\"elementor-element elementor-element-ca61e81 e-con-full e-flex e-con e-child\" data-id=\"ca61e81\" data-element_type=\"container\" data-e-type=\"container\">\n\t\t\t\t<div class=\"elementor-element elementor-element-a8a39d0 elementor-widget__width-initial elementor-widget elementor-widget-icon-box\" data-id=\"a8a39d0\" data-element_type=\"widget\" data-e-type=\"widget\" data-widget_type=\"icon-box.default\">\n\t\t\t\t<div class=\"elementor-widget-container\">\n\t\t\t\t\t\t\t<div class=\"elementor-icon-box-wrapper\">\n\n\t\t\t\n\t\t\t\t\t\t<div class=\"elementor-icon-box-content\">\n\n\t\t\t\t\t\t\t\t\t<h3 class=\"elementor-icon-box-title\">\n\t\t\t\t\t\t<span  >\n\t\t\t\t\t\t\tUnsere K\u00fcche f\u00fcr alle\t\t\t\t\t\t<\/span>\n\t\t\t\t\t<\/h3>\n\t\t\t\t\n\t\t\t\t\n\t\t\t<\/div>\n\t\t\t\n\t\t<\/div>\n\t\t\t\t\t\t<\/div>\n\t\t\t\t<\/div>\n\t\t\t\t<div class=\"elementor-element elementor-element-d5141d6 elementor-widget__width-initial elementor-widget elementor-widget-text-editor\" data-id=\"d5141d6\" data-element_type=\"widget\" data-e-type=\"widget\" data-widget_type=\"text-editor.default\">\n\t\t\t\t<div class=\"elementor-widget-container\">\n\t\t\t\t\t\t\t\t\t<ul>\n<li>Coca amb Tonyina-Wettbewerb mit Verkostung.<\/li>\n<li>Gastronomische Tage: Orte zum Austausch von Wissen, Erfahrungen und kulinarischen Techniken f\u00fcr Gruppen unterschiedlichen Alters, unterschiedlicher Kulturen und Geschlechter in der Stadt.<\/li>\n<li>Riesiges Weihnachtsfestival mit hei\u00dfer Schokolade.<\/li>\n<li>Schokoladenrettung: Ein Erlebnis im Schloss, bei dem Kinder den Prozess der Schokoladenherstellung entdecken. Sie nehmen an Workshops teil, um mehr \u00fcber die Kakaosorten und ihre Herkunft zu erfahren und ihre eigenen Geschmackskombinationen zu kreieren.<\/li>\n<\/ul>\n\t\t\t\t\t\t\t\t<\/div>\n\t\t\t\t<\/div>\n\t\t\t\t<\/div>\n\t\t\t\t<div class=\"elementor-element elementor-element-e1e70e9 elementor-widget__width-initial elementor-widget elementor-widget-image\" data-id=\"e1e70e9\" data-element_type=\"widget\" data-e-type=\"widget\" data-widget_type=\"image.default\">\n\t\t\t\t<div class=\"elementor-widget-container\">\n\t\t\t\t\t\t\t\t\t\t\t\t\t\t\t<img loading=\"lazy\" decoding=\"async\" width=\"1600\" height=\"1068\" src=\"https:\/\/alicanteturismo.com\/wp-content\/uploads\/2025\/01\/img30.jpg\" class=\"attachment-full size-full wp-image-292204\" alt=\"\" srcset=\"https:\/\/alicanteturismo.com\/wp-content\/uploads\/2025\/01\/img30.jpg 1600w, https:\/\/alicanteturismo.com\/wp-content\/uploads\/2025\/01\/img30-300x200.jpg 300w, https:\/\/alicanteturismo.com\/wp-content\/uploads\/2025\/01\/img30-1024x684.jpg 1024w, https:\/\/alicanteturismo.com\/wp-content\/uploads\/2025\/01\/img30-768x513.jpg 768w, https:\/\/alicanteturismo.com\/wp-content\/uploads\/2025\/01\/img30-391x260.jpg 391w, https:\/\/alicanteturismo.com\/wp-content\/uploads\/2025\/01\/img30-1536x1025.jpg 1536w\" sizes=\"(max-width: 1600px) 100vw, 1600px\" \/>\t\t\t\t\t\t\t\t\t\t\t\t\t\t\t<\/div>\n\t\t\t\t<\/div>\n\t\t\t\t<\/div>\n\t\t\t\t<\/div>\n\t\t\t\t<\/div>\n\t\t\t\t<\/div>\n\t\t","protected":false},"excerpt":{"rendered":"<p>Alicante Agenda, Spanische Hauptstadt der Gastronomie 2025 Neue Aktivit\u00e4ten im Zusammenhang mit der Hauptstadt der Gastronomie werden in K\u00fcrze ver\u00f6ffentlicht. Aktivit\u00e4ten Alicante Spanische Hauptstadt Gastronomie Jahresplan Gastronomischer F\u00fchrer f\u00fcr Alicante Alicante als gastronomisches Ziel in spanischen St\u00e4dten MADRID \u00b7 BARCELONA \u00b7 SAN SEBASTI\u00c1N \u00b7 VALENCIA \u00b7 ALBACETE \u2013 A CORU\u00d1A Alicante wird seinen Lebensstil und [&hellip;]<\/p>\n","protected":false},"author":1,"featured_media":0,"parent":0,"menu_order":0,"comment_status":"closed","ping_status":"closed","template":"","meta":{"_acf_changed":false,"footnotes":""},"class_list":["post-300733","page","type-page","status-publish","hentry"],"acf":[],"_links":{"self":[{"href":"https:\/\/alicanteturismo.com\/de\/wp-json\/wp\/v2\/pages\/300733","targetHints":{"allow":["GET"]}}],"collection":[{"href":"https:\/\/alicanteturismo.com\/de\/wp-json\/wp\/v2\/pages"}],"about":[{"href":"https:\/\/alicanteturismo.com\/de\/wp-json\/wp\/v2\/types\/page"}],"author":[{"embeddable":true,"href":"https:\/\/alicanteturismo.com\/de\/wp-json\/wp\/v2\/users\/1"}],"replies":[{"embeddable":true,"href":"https:\/\/alicanteturismo.com\/de\/wp-json\/wp\/v2\/comments?post=300733"}],"version-history":[{"count":0,"href":"https:\/\/alicanteturismo.com\/de\/wp-json\/wp\/v2\/pages\/300733\/revisions"}],"wp:attachment":[{"href":"https:\/\/alicanteturismo.com\/de\/wp-json\/wp\/v2\/media?parent=300733"}],"curies":[{"name":"wp","href":"https:\/\/api.w.org\/{rel}","templated":true}]}}