{"id":322379,"date":"2026-08-26T09:59:14","date_gmt":"2026-08-26T07:59:14","guid":{"rendered":"https:\/\/alicanteturismo.com\/?post_type=mec-events&#038;p=322379"},"modified":"2026-08-26T09:59:14","modified_gmt":"2026-08-26T07:59:14","slug":"vanesa-martin-casa-mia-tour-2026-en-el-muelle-live","status":"publish","type":"mec-events","link":"https:\/\/alicanteturismo.com\/de\/events\/vanesa-martin-casa-mia-tour-2026-en-el-muelle-live\/","title":{"rendered":"Vanesa Mart\u00edn &#8211; Casa M\u00eda Tour 2026 en El Muelle Live"},"content":{"rendered":"<p id=\"x_p-rc_29a4ad65ef8e574f-78\" class=\"x_elementToProof\"><span data-ogsc=\"rgb(0, 0, 0)\" data-olk-copy-source=\"MessageBody\">Disfruta de una de las voces m\u00e1s m\u00e1gicas y reconocibles del pop en espa\u00f1ol en un entorno inmejorable junto al mar.\u00a0<\/span><span data-ogsc=\"rgb(0, 0, 0)\">La malague\u00f1a\u00a0<b data-ogsc=\"\">Vanesa Mart\u00edn<\/b>\u00a0llega a Alicante dentro de su gira\u00a0<b data-ogsc=\"\">Casa M\u00eda Tour<\/b>, presentando en directo los temas de su noveno \u00e1lbum de estudio y haciendo un recorrido por los grandes \u00e9xitos de su carrera.<\/span><\/p>\n<ul data-path-to-node=\"4\">\n<li data-ogsc=\"rgb(0, 0, 0)\">\n<p id=\"x_p-rc_29a4ad65ef8e574f-79\" class=\"x_elementToProof\" role=\"presentation\" data-ogsc=\"\"><span data-ogsc=\"\"><b data-ogsc=\"\">Fecha:<\/b>\u00a0Viernes, 11 de septiembre de 2026.<\/span><\/p>\n<\/li>\n<li data-ogsc=\"rgb(0, 0, 0)\">\n<p class=\"x_elementToProof\" role=\"presentation\" data-ogsc=\"\"><span data-ogsc=\"\"><b data-ogsc=\"\">Horario:<\/b><\/span><\/p>\n<ul data-path-to-node=\"4,1,1\">\n<li data-ogsc=\"rgb(0, 0, 0)\">\n<p id=\"x_p-rc_29a4ad65ef8e574f-80\" class=\"x_elementToProof\" role=\"presentation\" data-ogsc=\"\"><span data-ogsc=\"\">Apertura de puertas: 20:00 h.<\/span><\/p>\n<\/li>\n<li data-ogsc=\"rgb(0, 0, 0)\">\n<p id=\"x_p-rc_29a4ad65ef8e574f-81\" class=\"x_elementToProof\" role=\"presentation\" data-ogsc=\"\"><span data-ogsc=\"\">Inicio del concierto: 22:00 h.<\/span><\/p>\n<\/li>\n<\/ul>\n<\/li>\n<li data-ogsc=\"rgb(0, 0, 0)\">\n<p id=\"x_p-rc_29a4ad65ef8e574f-82\" class=\"x_elementToProof\" role=\"presentation\" data-ogsc=\"\"><span data-ogsc=\"\"><b data-ogsc=\"\">Lugar:<\/b>\u00a0<b data-ogsc=\"\">El Muelle Live<\/b>\u00a0(Muelle de Levante del Puerto de Alicante, 03001 Alicante).<\/span><\/p>\n<\/li>\n<li data-ogsc=\"rgb(0, 0, 0)\">\n<p class=\"x_elementToProof\" role=\"presentation\" data-ogsc=\"\"><span data-ogsc=\"\"><b data-ogsc=\"\">G\u00e9nero:<\/b>\u00a0M\u00fasica en directo \/ Pop \/ Canci\u00f3n de autor.<\/span><\/p>\n<\/li>\n<li data-ogsc=\"rgb(0, 0, 0)\">\n<p id=\"x_p-rc_29a4ad65ef8e574f-83\" class=\"x_elementToProof\" role=\"presentation\" data-ogsc=\"\"><span data-ogsc=\"\"><b data-ogsc=\"\">Edad recomendada:<\/b>\u00a0Menores de 16 a\u00f1os acompa\u00f1ados de adulto \/ Acceso general autorizado seg\u00fan normativa del recinto (+16).<\/span><\/p>\n<\/li>\n<\/ul>\n<h2 class=\"x_elementToProof\"><span data-ogsc=\"rgb(0, 0, 0)\">\u00a0<\/span><\/h2>\n<p id=\"x_p-rc_29a4ad65ef8e574f-84\" class=\"x_elementToProof\"><span data-ogsc=\"rgb(0, 0, 0)\"><b data-ogsc=\"\">\u00a0Entradas e Informaci\u00f3n Pr\u00e1ctica<\/b><\/span><\/p>\n<p id=\"x_p-rc_29a4ad65ef8e574f-85\" class=\"x_elementToProof\"><span data-ogsc=\"rgb(0, 0, 0)\"><b data-ogsc=\"\">Venta de entradas en\u00a0<\/b><a title=\"https:\/\/www.elmuellelive.com\/evento\/vanesa-martin-alicante\/#entradas\" href=\"https:\/\/www.elmuellelive.com\/evento\/vanesa-martin-alicante\/#entradas\" data-auth=\"NotApplicable\" data-linkindex=\"0\" data-ogsc=\"\" target=\"_blank\" rel=\"noopener\">https:\/\/www.elmuellelive.com\/evento\/vanesa-martin-alicante\/#entradas<\/a>\u00a0<\/span><\/p>\n<div data-ogsc=\"rgb(0, 0, 0)\"><span data-ogsc=\"\">Se recomienda adquirirlas de forma anticipada.<\/span><\/div>\n<div class=\"x_elementToProof\" data-ogsc=\"rgb(0, 0, 0)\"><span data-ogsc=\"\"><b data-ogsc=\"\">C\u00f3mo llegar:<\/b><\/span><\/div>\n<ul data-path-to-node=\"11\">\n<li style=\"list-style-type: none;\">\n<ul data-path-to-node=\"11,1,1\">\n<li data-ogsc=\"rgb(0, 0, 0)\">\n<p class=\"x_elementToProof\" role=\"presentation\" data-ogsc=\"\"><span data-ogsc=\"\"><i data-ogsc=\"\">A pie:<\/i>\u00a0A pocos minutos del centro hist\u00f3rico de Alicante y de la Explanada de Espa\u00f1a.<\/span><\/p>\n<\/li>\n<li data-ogsc=\"rgb(0, 0, 0)\">\n<p class=\"x_elementToProof\" role=\"presentation\" data-ogsc=\"\"><span data-ogsc=\"\"><i data-ogsc=\"\">Transporte p\u00fablico:<\/i><\/span><\/p>\n<ul data-editing-info=\"{&quot;applyListStyleFromLevel&quot;:true}\">\n<li data-ogsc=\"rgb(0, 0, 0)\">\n<div class=\"x_elementToProof\" role=\"presentation\" data-ogsc=\"\"><span data-ogsc=\"\">F\u00e1cil acceso mediante l\u00edneas de autob\u00fas urbano con parada en Plaza Puerta del Mar: 2,12,21,22,C6.<\/span><\/div>\n<\/li>\n<li data-ogsc=\"rgb(0, 0, 0)\">\n<div class=\"x_elementToProof\" role=\"presentation\" data-ogsc=\"\"><span data-ogsc=\"\">Tram: L\u00ednea 5. (Parada Postiguet)\u00a0<\/span><\/div>\n<\/li>\n<\/ul>\n<\/li>\n<\/ul>\n<\/li>\n<\/ul>\n","protected":false},"excerpt":{"rendered":"<p>Disfruta de una de las voces m\u00e1s m\u00e1gicas y reconocibles del pop en espa\u00f1ol en un entorno inmejorable junto al mar.\u00a0La malague\u00f1a\u00a0Vanesa Mart\u00edn\u00a0llega a Alicante dentro de su gira\u00a0Casa M\u00eda Tour, presentando en directo los temas de su noveno \u00e1lbum de estudio y haciendo un recorrido por los grandes \u00e9xitos de su carrera. Fecha:\u00a0Viernes, 11 [&hellip;]<\/p>\n","protected":false},"author":10,"featured_media":322381,"template":"","tags":[],"mec_category":[582,704,1987],"class_list":["post-322379","mec-events","type-mec-events","status-publish","has-post-thumbnail","hentry","mec_category-cultura","mec_category-destacado","mec_category-musica"],"acf":[],"_links":{"self":[{"href":"https:\/\/alicanteturismo.com\/de\/wp-json\/wp\/v2\/mec-events\/322379","targetHints":{"allow":["GET"]}}],"collection":[{"href":"https:\/\/alicanteturismo.com\/de\/wp-json\/wp\/v2\/mec-events"}],"about":[{"href":"https:\/\/alicanteturismo.com\/de\/wp-json\/wp\/v2\/types\/mec-events"}],"author":[{"embeddable":true,"href":"https:\/\/alicanteturismo.com\/de\/wp-json\/wp\/v2\/users\/10"}],"version-history":[{"count":1,"href":"https:\/\/alicanteturismo.com\/de\/wp-json\/wp\/v2\/mec-events\/322379\/revisions"}],"predecessor-version":[{"id":322386,"href":"https:\/\/alicanteturismo.com\/de\/wp-json\/wp\/v2\/mec-events\/322379\/revisions\/322386"}],"wp:featuredmedia":[{"embeddable":true,"href":"https:\/\/alicanteturismo.com\/de\/wp-json\/wp\/v2\/media\/322381"}],"wp:attachment":[{"href":"https:\/\/alicanteturismo.com\/de\/wp-json\/wp\/v2\/media?parent=322379"}],"wp:term":[{"taxonomy":"post_tag","embeddable":true,"href":"https:\/\/alicanteturismo.com\/de\/wp-json\/wp\/v2\/tags?post=322379"},{"taxonomy":"mec_category","embeddable":true,"href":"https:\/\/alicanteturismo.com\/de\/wp-json\/wp\/v2\/mec_category?post=322379"}],"curies":[{"name":"wp","href":"https:\/\/api.w.org\/{rel}","templated":true}]}}