{"id":287599,"date":"2024-05-24T11:40:29","date_gmt":"2024-05-24T09:40:29","guid":{"rendered":"https:\/\/dev.alicanteturismo.com\/museos\/museu-tauri\/"},"modified":"2025-05-07T13:05:45","modified_gmt":"2025-05-07T11:05:45","slug":"museu-tauri","status":"publish","type":"museos","link":"https:\/\/alicanteturismo.com\/ca\/museos\/museu-tauri\/","title":{"rendered":"Museu Taur\u00ed"},"content":{"rendered":"\t\t<div data-elementor-type=\"wp-post\" data-elementor-id=\"287599\" class=\"elementor elementor-287599 elementor-2830\" data-elementor-post-type=\"museos\">\n\t\t\t\t<div style=\"background-image: url(https:\/\/alicanteturismo.com\/wp-content\/uploads\/2024\/05\/MYM.Plaza_de_toros1-1.jpg);background-position:top center;background-repeat:no-repeat;background-size:cover;\" class=\"e-lazyloaded elementor-element elementor-element-621e65f5 e-con-full e-flex e-con e-parent\" data-id=\"621e65f5\" data-element_type=\"container\" data-e-type=\"container\" data-settings=\"{&quot;background_background&quot;:&quot;classic&quot;}\">\n\t\t\t\t<div class=\"elementor-element elementor-element-6557b3c7 elementor-widget elementor-widget-heading\" data-id=\"6557b3c7\" data-element_type=\"widget\" data-e-type=\"widget\" data-widget_type=\"heading.default\">\n\t\t\t\t<div class=\"elementor-widget-container\">\n\t\t\t\t\t<h2 class=\"elementor-heading-title elementor-size-default\">Museu Taur\u00ed<\/h2>\t\t\t\t<\/div>\n\t\t\t\t<\/div>\n\t\t\t\t<\/div>\n\t\t<div class=\"elementor-element elementor-element-6d50265b e-con-full e-flex e-con e-parent\" data-id=\"6d50265b\" data-element_type=\"container\" data-e-type=\"container\">\n\t\t<div class=\"elementor-element elementor-element-6f847931 e-con-full e-flex e-con e-child\" data-id=\"6f847931\" data-element_type=\"container\" data-e-type=\"container\">\n\t\t<div class=\"elementor-element elementor-element-2a6ea8f6 e-con-full e-flex e-con e-child\" data-id=\"2a6ea8f6\" data-element_type=\"container\" data-e-type=\"container\">\n\t\t<div class=\"elementor-element elementor-element-71dfcc58 e-con-full e-flex e-con e-child\" data-id=\"71dfcc58\" data-element_type=\"container\" data-e-type=\"container\">\n\t\t\t\t<div class=\"elementor-element elementor-element-1ed005b8 elementor-widget elementor-widget-text-editor\" data-id=\"1ed005b8\" data-element_type=\"widget\" data-e-type=\"widget\" data-widget_type=\"text-editor.default\">\n\t\t\t\t<div class=\"elementor-widget-container\">\n\t\t\t\t\t\t\t\t\t<p>Dins de la <strong><a href=\"https:\/\/alicanteturismo.com\/plaza-de-toros\/\"><span style=\"color: #00adbb\">Pla\u00e7a de Bous d&#8217;Alacant<\/span><\/a><\/strong>, aquest museu brinda una completa immersi\u00f3 al m\u00f3n del toreig. Les seues sales destaquen amb una <span style=\"color: #04306e\"><strong>exposici\u00f3 permanent<\/strong><\/span> dedicada a destacats toreros alacantins com Vicente Blau, Jos\u00e9 Mar\u00eda Manzanares, Francisco Ant\u00f3n i Luis Francisco Espl\u00e1.<\/p>\n<p><span style=\"color: #00132e\"><strong>Vestits de llums i capots:<\/strong><\/span><\/p>\n<p>La <span style=\"color: #04306e\"><strong>col\u00b7lecci\u00f3 del museu<\/strong><\/span> inclou una impressionant varietat de vestits de llums, capots, munteres i altres elements emblem\u00e0tics utilitzats pels toreros al llarg dels anys. Aquestes peces no s\u00f3n nom\u00e9s exemples de mestratge artesanal, sin\u00f3 tamb\u00e9 <span style=\"color: #04306e\"><strong>testimonis vivents<\/strong><\/span> del valor i l&#8217;habilitat dels toreros.<\/p>\n<p><span style=\"color: #00132e\"><strong>Objectes hist\u00f2rics:<\/strong><\/span><\/p>\n<p>En exhibici\u00f3 es troben aut\u00e8ntics tresors, com ara trofeus, espases i objectes personals pertanyents a toreros c\u00e8lebres que han <span style=\"color: #04306e\"><strong>deixat una empremta inesborrable<\/strong><\/span> a la hist\u00f2ria de la Pla\u00e7a de Bous d&#8217;Alacant. Cada pe\u00e7a conta una hist\u00f2ria, recordant les gestes i els moments trascendentals que han marcat la taurom\u00e0quia a la regi\u00f3.<\/p>\n\t\t\t\t\t\t\t\t<\/div>\n\t\t\t\t<\/div>\n\t\t\t\t<\/div>\n\t\t<div class=\"elementor-element elementor-element-6ad181d9 e-con-full e-flex e-con e-child\" data-id=\"6ad181d9\" data-element_type=\"container\" data-e-type=\"container\">\n\t\t\t\t<div class=\"elementor-element elementor-element-562708bc elementor-widget__width-inherit plus-border-yes elementor-widget elementor-widget-tp-table\" data-id=\"562708bc\" data-element_type=\"widget\" data-e-type=\"widget\" data-widget_type=\"tp-table.default\">\n\t\t\t\t<div class=\"elementor-widget-container\">\n\t\t\t\t\t\t\t\t<div itemscope class=\"plus-table-wrapper   tp-table-mobresswipe\" itemtype=\"http:\/\/schema.org\/Table\">\n\n\t\t\t\t<table id=\"plus-table-id-562708bc\" class=\"plus-table plus-text-break plus-column-rules\" data-sort-table=\"no\" data-show-entry=\"no\" data-searchable=\"no\">\n\t\t\t\t\t\t\t\t\t\t\t<thead> \n\t\t\t\t\t\t\t\t\t\t\t\t\t\t\t\t<tr class=\"plus-table-row\"> \n\t\t\t\t\t\t\t\t\t\t\t\t\t\t\t\t\t\t\t\t\t\t\t\t<th id=\"tooltip69f1731704f77\"data-sort=\"0\" class=\"sort-this elementor-repeater-item-0f2f9a1 plus-table-col\" data-local=\"true\"  scope=\"col\">\n\t\t\t\t\t\t\t\t\t\t\t<span class=\"sort-style\">\n\t\t\t\t\t\t\t\t\t\t\t<span class=\"plus-table__text\">\n\t\t\t\t\t\t\t\t\t\t\t\t\t\t\t\t\t\t\t\t\t\t\t\t\t\t<img decoding=\"async\" src=\"https:\/\/alicanteturismo.com\/wp-content\/uploads\/2024\/07\/tarifas.svg\" class=\"plus-col-img--left\" title=\"tarifas\" alt=\"tarifas\">\n\t\t\t\t\t\t\t\t\t\t\t\t\t\t\t\t\t\t\t\t\t\t\t\t\t\t<span class=\"plus-table__text-inner\">TARIFES<\/span>\n\t\t\t\t\t\t\t\t\t\t\t\t\t\t\t\t\t\t\t\t\t\t<\/span> \n\t\t\t\t\t\t\t\t\t\t\t\n\t\t\t\t\t\t\t\t\t\t\t\t\t\t\t\t\t\t\t\t\t\t<\/span>\n\t\t\t\t\t\t\t\t\t\t<\/th>\n\t\t\t\t\t\t\t\t\t\t\t\t\t\t\t\t<\/thead> \n\t\t\t\t\t\t\n\t\t\t\t\t\t<tbody>\n\t\t\t\t\t\t\t<!-- ROWS -->\n\t\t\t\t\t\t\t\t\t\t\t\t\t\t\t\t\t\t<tr data-entry=\"1\" class=\"plus-table-row\">\n\t\t\t\t\t\t\t\t\t\t\t\t\t\t\t\t\t\t\t\t\t<td id=\"tooltip69f1731704fe1\"class=\"plus-table-col elementor-repeater-item-e0c094e\" data-title=\"TARIFES\">\n\t\t\t\t\t\t\t\t\t\t\t\t\t\t\t\t\t\t\t\t\t\t\t\t\t\t\t\t\t\t\t\t\t\t\t\t<span class=\"plus-table__text\">\n\t\t\t\t\t\t\t\t\t\t\t\t\t\t\t\t\t\t\t\t\t\t\t\t\t\t\t\t\t\t\t\t\t\t\t\t\t\t\t\t\t\t\t\t\t\t\t\t\t\t\t\t\t\t\t\t\t\t\t\t\t\t\t\t\t\t\t\t\t\t\t\t<span class=\"plus-table__text-inner\"><strong>L'entrada al Museu Taur\u00ed d'Alacant \u00e9s gratu\u00efta, encara que no dona acc\u00e9s a la resta de la Pla\u00e7a de Bous.\n<\/strong><\/span>\n\t\t\t\t\t\t\t\t\t\t\t\t\t\t\t\t\t\t\t\t\t\t\t\t\t\t\t\t\t\t\t\t\t\t\t\t\t\t\t\t\t\t\t\t\t\t\t\t\t\t\t\t\t\t\t\t\t\t\t\t\t\t\t\t\t\t\t\t\t\t\t\t\t\t\t\t\t\t\t\t\t\t\t\t<\/span>\n\t\t\t\t\t\t\t\t\t\t\t\t\t\t\t\t\t\t\t\t\t\t\t\t\t\t\t\t\t\t\t\t\t<\/td>\n\t\t\t\t\t\t\t\t\t\t\t\t\t\t\t\t\t<\/tbody>\n\t\t\t\t<\/table>\n\n\t\t\t<\/div> \n\t\t\t<style><\/style>\t\t\t\t<\/div>\n\t\t\t\t<\/div>\n\t\t\t\t<\/div>\n\t\t\t\t<\/div>\n\t\t<div class=\"elementor-element elementor-element-2f4d543d e-con-full e-flex e-con e-child\" data-id=\"2f4d543d\" data-element_type=\"container\" data-e-type=\"container\">\n\t\t\t\t<div class=\"elementor-element elementor-element-3226a781 elementor-widget elementor-widget-image\" data-id=\"3226a781\" data-element_type=\"widget\" data-e-type=\"widget\" data-widget_type=\"image.default\">\n\t\t\t\t<div class=\"elementor-widget-container\">\n\t\t\t\t\t\t\t\t\t\t\t\t\t\t\t<img fetchpriority=\"high\" decoding=\"async\" width=\"720\" height=\"472\" src=\"https:\/\/alicanteturismo.com\/wp-content\/uploads\/2024\/05\/museo_taurino_interior11-1-e1716551046722.jpg\" class=\"attachment-full size-full wp-image-287601\" alt=\"\" srcset=\"https:\/\/alicanteturismo.com\/wp-content\/uploads\/2024\/05\/museo_taurino_interior11-1-e1716551046722.jpg 720w, https:\/\/alicanteturismo.com\/wp-content\/uploads\/2024\/05\/museo_taurino_interior11-1-e1716551046722-300x197.jpg 300w\" sizes=\"(max-width: 720px) 100vw, 720px\" \/>\t\t\t\t\t\t\t\t\t\t\t\t\t\t\t<\/div>\n\t\t\t\t<\/div>\n\t\t\t\t<\/div>\n\t\t\t\t<\/div>\n\t\t\t\t<div class=\"elementor-element elementor-element-2867c97d elementor-widget elementor-widget-text-editor\" data-id=\"2867c97d\" data-element_type=\"widget\" data-e-type=\"widget\" data-widget_type=\"text-editor.default\">\n\t\t\t\t<div class=\"elementor-widget-container\">\n\t\t\t\t\t\t\t\t\t<p><span style=\"color: #00132e\"><strong>L&#8217;evoluci\u00f3 de la taurom\u00e0quia:<\/strong><\/span><\/p>\n<p>El museu <span style=\"color: #04306e\"><strong>et transporta<\/strong><\/span> a trav\u00e9s del temps, guiant-te en un recorregut fascinant per <span style=\"color: #04306e\"><strong>l&#8217;evoluci\u00f3 de la taurom\u00e0quia,<\/strong><\/span> des de les seues arrels fins a l&#8217;actualitat. Descobrir\u00e0s les t\u00e8cniques, eines i estils que han caracteritzat cada per\u00edode hist\u00f2ric, oferint una <span style=\"color: #04306e\"><strong>perspectiva \u00fanica<\/strong><\/span> sobre aquest art mil\u00b7lenari.<\/p>\n<p><span style=\"color: #00132e\"><strong>El llegat cultural:<\/strong><\/span><\/p>\n<p>A m\u00e9s de la seua dedicaci\u00f3 a la taurom\u00e0quia, el museu <span style=\"color: #04306e\"><strong>ressalta l&#8217;impacte<\/strong><\/span> que aquest art ha tingut a la cultura i la societat d&#8217;Alacant i d&#8217;Espanya en conjunt. Des de la literatura fins a l&#8217;art, la taurom\u00e0quia ha deixat una <span style=\"color: #04306e\"><strong>marca indeleble<\/strong><\/span> a la identitat cultural, servint com a font d&#8217;inspiraci\u00f3 i debat al llarg dels segles.<\/p>\n\t\t\t\t\t\t\t\t<\/div>\n\t\t\t\t<\/div>\n\t\t\t\t<\/div>\n\t\t<div class=\"elementor-element elementor-element-65979a31 e-con-full e-flex e-con e-parent\" data-id=\"65979a31\" data-element_type=\"container\" data-e-type=\"container\">\n\t\t<div class=\"elementor-element elementor-element-78f5681c e-con-full e-flex e-con e-child\" data-id=\"78f5681c\" data-element_type=\"container\" data-e-type=\"container\">\n\t\t<div class=\"elementor-element elementor-element-d4a01d4 e-con-full e-flex e-con e-child\" data-id=\"d4a01d4\" data-element_type=\"container\" data-e-type=\"container\">\n\t\t\t\t<div class=\"elementor-element elementor-element-361dd626 elementor-arrows-position-inside elementor-pagination-position-outside elementor-widget elementor-widget-image-carousel\" data-id=\"361dd626\" data-element_type=\"widget\" data-e-type=\"widget\" data-settings=\"{&quot;slides_to_show&quot;:&quot;1&quot;,&quot;navigation&quot;:&quot;both&quot;,&quot;autoplay&quot;:&quot;yes&quot;,&quot;pause_on_hover&quot;:&quot;yes&quot;,&quot;pause_on_interaction&quot;:&quot;yes&quot;,&quot;autoplay_speed&quot;:5000,&quot;infinite&quot;:&quot;yes&quot;,&quot;effect&quot;:&quot;slide&quot;,&quot;speed&quot;:500}\" data-widget_type=\"image-carousel.default\">\n\t\t\t\t<div class=\"elementor-widget-container\">\n\t\t\t\t\t\t\t<div class=\"elementor-image-carousel-wrapper swiper\" role=\"region\" aria-roledescription=\"carousel\" aria-label=\"Carrusel de im\u00e1genes\" dir=\"ltr\">\n\t\t\t<div class=\"elementor-image-carousel swiper-wrapper\" aria-live=\"off\">\n\t\t\t\t\t\t\t\t<div class=\"swiper-slide\" role=\"group\" aria-roledescription=\"slide\" aria-label=\"1 of 8\"><figure class=\"swiper-slide-inner\"><img decoding=\"async\" class=\"swiper-slide-image\" src=\"https:\/\/alicanteturismo.com\/wp-content\/uploads\/2024\/05\/PLAZADETOROS3-copia-1-e1718278781559.jpg\" alt=\"PLAZADETOROS3-copia\" \/><\/figure><\/div><div class=\"swiper-slide\" role=\"group\" aria-roledescription=\"slide\" aria-label=\"2 of 8\"><figure class=\"swiper-slide-inner\"><img decoding=\"async\" class=\"swiper-slide-image\" src=\"https:\/\/alicanteturismo.com\/wp-content\/uploads\/2024\/05\/MYM.Plaza_de_toros1-1.jpg\" alt=\"MYM.Plaza_de_toros1\" \/><\/figure><\/div><div class=\"swiper-slide\" role=\"group\" aria-roledescription=\"slide\" aria-label=\"3 of 8\"><figure class=\"swiper-slide-inner\"><img decoding=\"async\" class=\"swiper-slide-image\" src=\"https:\/\/alicanteturismo.com\/wp-content\/uploads\/2024\/05\/museo_taurino_interior11-1-e1716551046722.jpg\" alt=\"museo_taurino_interior11 (1)\" \/><\/figure><\/div><div class=\"swiper-slide\" role=\"group\" aria-roledescription=\"slide\" aria-label=\"4 of 8\"><figure class=\"swiper-slide-inner\"><img decoding=\"async\" class=\"swiper-slide-image\" src=\"https:\/\/alicanteturismo.com\/wp-content\/uploads\/2024\/05\/12.-Alicante.-Plaza-de-Toros-1-1-scaled.jpg\" alt=\"12.-Alicante.-Plaza-de-Toros-1\" \/><\/figure><\/div><div class=\"swiper-slide\" role=\"group\" aria-roledescription=\"slide\" aria-label=\"5 of 8\"><figure class=\"swiper-slide-inner\"><img decoding=\"async\" class=\"swiper-slide-image\" src=\"https:\/\/alicanteturismo.com\/wp-content\/uploads\/2024\/05\/VIT_8199-scaled-1.jpg\" alt=\"VIT_8199-scaled\" \/><\/figure><\/div><div class=\"swiper-slide\" role=\"group\" aria-roledescription=\"slide\" aria-label=\"6 of 8\"><figure class=\"swiper-slide-inner\"><img decoding=\"async\" class=\"swiper-slide-image\" src=\"https:\/\/alicanteturismo.com\/wp-content\/uploads\/2024\/05\/VIT_8202-scaled-1.jpg\" alt=\"VIT_8202-scaled\" \/><\/figure><\/div><div class=\"swiper-slide\" role=\"group\" aria-roledescription=\"slide\" aria-label=\"7 of 8\"><figure class=\"swiper-slide-inner\"><img decoding=\"async\" class=\"swiper-slide-image\" src=\"https:\/\/alicanteturismo.com\/wp-content\/uploads\/2024\/05\/VIT_8203-scaled-1.jpg\" alt=\"VIT_8203-scaled\" \/><\/figure><\/div><div class=\"swiper-slide\" role=\"group\" aria-roledescription=\"slide\" aria-label=\"8 of 8\"><figure class=\"swiper-slide-inner\"><img decoding=\"async\" class=\"swiper-slide-image\" src=\"https:\/\/alicanteturismo.com\/wp-content\/uploads\/2024\/05\/VIT_8206-scaled-1.jpg\" alt=\"VIT_8206-scaled\" \/><\/figure><\/div>\t\t\t<\/div>\n\t\t\t\t\t\t\t\t\t\t\t\t<div class=\"elementor-swiper-button elementor-swiper-button-prev\" role=\"button\" tabindex=\"0\">\n\t\t\t\t\t\t<svg aria-hidden=\"true\" class=\"e-font-icon-svg e-eicon-chevron-left\" viewBox=\"0 0 1000 1000\" xmlns=\"http:\/\/www.w3.org\/2000\/svg\"><path d=\"M646 125C629 125 613 133 604 142L308 442C296 454 292 471 292 487 292 504 296 521 308 533L604 854C617 867 629 875 646 875 663 875 679 871 692 858 704 846 713 829 713 812 713 796 708 779 692 767L438 487 692 225C700 217 708 204 708 187 708 171 704 154 692 142 675 129 663 125 646 125Z\"><\/path><\/svg>\t\t\t\t\t<\/div>\n\t\t\t\t\t<div class=\"elementor-swiper-button elementor-swiper-button-next\" role=\"button\" tabindex=\"0\">\n\t\t\t\t\t\t<svg aria-hidden=\"true\" class=\"e-font-icon-svg e-eicon-chevron-right\" viewBox=\"0 0 1000 1000\" xmlns=\"http:\/\/www.w3.org\/2000\/svg\"><path d=\"M696 533C708 521 713 504 713 487 713 471 708 454 696 446L400 146C388 133 375 125 354 125 338 125 325 129 313 142 300 154 292 171 292 187 292 204 296 221 308 233L563 492 304 771C292 783 288 800 288 817 288 833 296 850 308 863 321 871 338 875 354 875 371 875 388 867 400 854L696 533Z\"><\/path><\/svg>\t\t\t\t\t<\/div>\n\t\t\t\t\n\t\t\t\t\t\t\t\t\t<div class=\"swiper-pagination\"><\/div>\n\t\t\t\t\t\t\t\t\t<\/div>\n\t\t\t\t\t\t<\/div>\n\t\t\t\t<\/div>\n\t\t\t\t<div class=\"elementor-element elementor-element-4c648f0 elementor-widget elementor-widget-text-editor\" data-id=\"4c648f0\" data-element_type=\"widget\" data-e-type=\"widget\" data-widget_type=\"text-editor.default\">\n\t\t\t\t<div class=\"elementor-widget-container\">\n\t\t\t\t\t\t\t\t\t<p>Tamb\u00e9 existix la possibilitat de realitzar un <strong>Tour complet des de 5\u202f\u20ac<\/strong>, que inclou:<br \/>\u2013 Visita al <strong>Museu Taur\u00ed<\/strong><br \/>\u2013 Recorregut <strong>amb audioguia<\/strong><br \/>\u2013 Acc\u00e9s a <strong>tota la Pla\u00e7a de Bous<\/strong><br \/>\u2013 <strong>Experi\u00e8ncies audiovisuals<\/strong><\/p><p><strong>Important<\/strong>: Els diumenges no es realitzen tours.<br \/>Per a m\u00e9s informaci\u00f3: info@plazatorosalicante.com<br \/>Tel\u00e8fon: +34 652 530 788<\/p>\t\t\t\t\t\t\t\t<\/div>\n\t\t\t\t<\/div>\n\t\t\t\t<\/div>\n\t\t<div class=\"elementor-element elementor-element-5db548be e-con-full e-flex e-con e-child\" data-id=\"5db548be\" data-element_type=\"container\" data-e-type=\"container\">\n\t\t<!-- hidden container 287599-5aff84f1 -->\t\t<div class=\"elementor-element elementor-element-2acaac5f elementor-widget__width-inherit plus-border-yes elementor-widget elementor-widget-tp-table\" data-id=\"2acaac5f\" data-element_type=\"widget\" data-e-type=\"widget\" data-widget_type=\"tp-table.default\">\n\t\t\t\t<div class=\"elementor-widget-container\">\n\t\t\t\t\t\t\t\t<div itemscope class=\"plus-table-wrapper   tp-table-mobresswipe\" itemtype=\"http:\/\/schema.org\/Table\">\n\n\t\t\t\t<table id=\"plus-table-id-2acaac5f\" class=\"plus-table plus-text-break plus-column-rules\" data-sort-table=\"no\" data-show-entry=\"no\" data-searchable=\"no\">\n\t\t\t\t\t\t\t\t\t\t\t<thead> \n\t\t\t\t\t\t\t\t\t\t\t\t\t\t\t\t<tr class=\"plus-table-row\"> \n\t\t\t\t\t\t\t\t\t\t\t\t\t\t\t\t\t\t\t\t\t\t\t\t<th id=\"tooltip69f17317164c1\"data-sort=\"0\" class=\"sort-this elementor-repeater-item-0f2f9a1 plus-table-col\" data-local=\"true\"  scope=\"col\">\n\t\t\t\t\t\t\t\t\t\t\t<span class=\"sort-style\">\n\t\t\t\t\t\t\t\t\t\t\t<span class=\"plus-table__text\">\n\t\t\t\t\t\t\t\t\t\t\t\t\t\t\t\t\t\t\t\t\t\t\t\t\t\t<img decoding=\"async\" src=\"https:\/\/alicanteturismo.com\/wp-content\/uploads\/2025\/03\/reloj-1-1-1.svg\" class=\"plus-col-img--left\" title=\"reloj-1-1-1.svg\" alt=\"reloj-1-1-1.svg\">\n\t\t\t\t\t\t\t\t\t\t\t\t\t\t\t\t\t\t\t\t\t\t\t\t\t\t<span class=\"plus-table__text-inner\">HORARIS<\/span>\n\t\t\t\t\t\t\t\t\t\t\t\t\t\t\t\t\t\t\t\t\t\t<\/span> \n\t\t\t\t\t\t\t\t\t\t\t\n\t\t\t\t\t\t\t\t\t\t\t\t\t\t\t\t\t\t\t\t\t\t<\/span>\n\t\t\t\t\t\t\t\t\t\t<\/th>\n\t\t\t\t\t\t\t\t\t\t\t\t\t\t\t\t<\/thead> \n\t\t\t\t\t\t\n\t\t\t\t\t\t<tbody>\n\t\t\t\t\t\t\t<!-- ROWS -->\n\t\t\t\t\t\t\t\t\t\t\t\t\t\t\t\t\t\t<tr data-entry=\"1\" class=\"plus-table-row\">\n\t\t\t\t\t\t\t\t\t\t\t\t\t\t\t\t\t\t\t\t\t<td id=\"tooltip69f173171652b\"class=\"plus-table-col elementor-repeater-item-e0c094e\" data-title=\"HORARIS\">\n\t\t\t\t\t\t\t\t\t\t\t\t\t\t\t\t\t\t\t\t\t\t\t\t\t\t\t\t\t\t\t\t\t\t\t\t<span class=\"plus-table__text\">\n\t\t\t\t\t\t\t\t\t\t\t\t\t\t\t\t\t\t\t\t\t\t\t\t\t\t\t\t\t\t\t\t\t\t\t\t\t\t\t\t\t\t\t\t\t\t\t\t\t\t\t\t\t\t\t\t\t\t\t\t\t\t\t\t\t\t\t\t\t\t\t\t<span class=\"plus-table__text-inner\"><div>\n<img decoding=\"async\" src=\"https:\/\/alicanteturismo.com\/wp-content\/uploads\/2024\/06\/agenda-de-eventos.svg\" alt=\"icono\" style=\"width:20px\" \/> \n <strong>Dimarts a divendres<\/strong>\n<\/div><\/span>\n\t\t\t\t\t\t\t\t\t\t\t\t\t\t\t\t\t\t\t\t\t\t\t\t\t\t\t\t\t\t\t\t\t\t\t\t\t\t\t\t\t\t\t\t\t\t\t\t\t\t\t\t\t\t\t\t\t\t\t\t\t\t\t\t\t\t\t\t\t\t\t\t\t\t\t\t\t\t\t\t\t\t\t\t<\/span>\n\t\t\t\t\t\t\t\t\t\t\t\t\t\t\t\t\t\t\t\t\t\t\t\t\t\t\t\t\t\t\t\t\t<\/td>\n\t\t\t\t\t\t\t\t\t\t\t\t\t\t\t\t\t\t\t\t\t\t<\/tr><tr data-entry=\"2\" class=\"plus-table-row\">\n\t\t\t\t\t\t\t\t\t\t\t\t\t\t\t\t\t\t\t\t\t<td id=\"tooltip69f1731716639\"class=\"plus-table-col elementor-repeater-item-7a65283\" data-title=\"HORARIS\">\n\t\t\t\t\t\t\t\t\t\t\t\t\t\t\t\t\t\t\t\t\t\t\t\t\t\t\t\t\t\t\t\t\t\t\t\t<span class=\"plus-table__text\">\n\t\t\t\t\t\t\t\t\t\t\t\t\t\t\t\t\t\t\t\t\t\t\t\t\t\t\t\t\t\t\t\t\t\t\t\t\t\t\t\t\t\t\t\t\t\t\t\t\t\t\t\t\t\t\t\t\t\t\t\t\t\t\t\t\t\t\t\t\t\t\t\t<span class=\"plus-table__text-inner\"><div>\n<img decoding=\"async\" src=\"https:\/\/alicanteturismo.com\/wp-content\/uploads\/2024\/05\/reloj-1.svg\" alt=\"icono\" style=\"width:20px\" \/> 17:00h - 20:00h\n<\/div><\/span>\n\t\t\t\t\t\t\t\t\t\t\t\t\t\t\t\t\t\t\t\t\t\t\t\t\t\t\t\t\t\t\t\t\t\t\t\t\t\t\t\t\t\t\t\t\t\t\t\t\t\t\t\t\t\t\t\t\t\t\t\t\t\t\t\t\t\t\t\t\t\t\t\t\t\t\t\t\t\t\t\t\t\t\t\t<\/span>\n\t\t\t\t\t\t\t\t\t\t\t\t\t\t\t\t\t\t\t\t\t\t\t\t\t\t\t\t\t\t\t\t\t<\/td>\n\t\t\t\t\t\t\t\t\t\t\t\t\t\t\t\t\t\t\t\t\t\t<\/tr><tr data-entry=\"3\" class=\"plus-table-row\">\n\t\t\t\t\t\t\t\t\t\t\t\t\t\t\t\t\t\t\t\t\t<td id=\"tooltip69f17317166a0\"class=\"plus-table-col elementor-repeater-item-ec6ebfb\" data-title=\"HORARIS\">\n\t\t\t\t\t\t\t\t\t\t\t\t\t\t\t\t\t\t\t\t\t\t\t\t\t\t\t\t\t\t\t\t\t\t\t\t<span class=\"plus-table__text\">\n\t\t\t\t\t\t\t\t\t\t\t\t\t\t\t\t\t\t\t\t\t\t\t\t\t\t\t\t\t\t\t\t\t\t\t\t\t\t\t\t\t\t\t\t\t\t\t\t\t\t\t\t\t\t\t\t\t\t\t\t\t\t\t\t\t\t\t\t\t\t\t\t<span class=\"plus-table__text-inner\"><div>\n<img decoding=\"async\" src=\"https:\/\/alicanteturismo.com\/wp-content\/uploads\/2024\/06\/agenda-de-eventos.svg\" alt=\"icono\" style=\"width:20px\" \/>  <strong>Dilluns, diumenges i festius<\/strong>\n<\/div><\/span>\n\t\t\t\t\t\t\t\t\t\t\t\t\t\t\t\t\t\t\t\t\t\t\t\t\t\t\t\t\t\t\t\t\t\t\t\t\t\t\t\t\t\t\t\t\t\t\t\t\t\t\t\t\t\t\t\t\t\t\t\t\t\t\t\t\t\t\t\t\t\t\t\t\t\t\t\t\t\t\t\t\t\t\t\t<\/span>\n\t\t\t\t\t\t\t\t\t\t\t\t\t\t\t\t\t\t\t\t\t\t\t\t\t\t\t\t\t\t\t\t\t<\/td>\n\t\t\t\t\t\t\t\t\t\t\t\t\t\t\t\t\t\t\t\t\t\t<\/tr><tr data-entry=\"4\" class=\"plus-table-row\">\n\t\t\t\t\t\t\t\t\t\t\t\t\t\t\t\t\t\t\t\t\t<td id=\"tooltip69f173171670b\"class=\"plus-table-col elementor-repeater-item-6b4235e\" data-title=\"HORARIS\">\n\t\t\t\t\t\t\t\t\t\t\t\t\t\t\t\t\t\t\t\t\t\t\t\t\t\t\t\t\t\t\t\t\t\t\t\t<span class=\"plus-table__text\">\n\t\t\t\t\t\t\t\t\t\t\t\t\t\t\t\t\t\t\t\t\t\t\t\t\t\t\t\t\t\t\t\t\t\t\t\t\t\t\t\t\t\t\t\t\t\t\t\t\t\t\t\t\t\t\t\t\t\t\t\t\t\t\t\t\t\t\t\t\t\t\t\t<span class=\"plus-table__text-inner\"><div>\n<img decoding=\"async\" src=\"https:\/\/alicanteturismo.com\/wp-content\/uploads\/2024\/05\/reloj-1.svg\" alt=\"icono\" style=\"width:20px\" \/> Tancat\n<\/div><\/span>\n\t\t\t\t\t\t\t\t\t\t\t\t\t\t\t\t\t\t\t\t\t\t\t\t\t\t\t\t\t\t\t\t\t\t\t\t\t\t\t\t\t\t\t\t\t\t\t\t\t\t\t\t\t\t\t\t\t\t\t\t\t\t\t\t\t\t\t\t\t\t\t\t\t\t\t\t\t\t\t\t\t\t\t\t<\/span>\n\t\t\t\t\t\t\t\t\t\t\t\t\t\t\t\t\t\t\t\t\t\t\t\t\t\t\t\t\t\t\t\t\t<\/td>\n\t\t\t\t\t\t\t\t\t\t\t\t\t\t\t\t\t<\/tbody>\n\t\t\t\t<\/table>\n\n\t\t\t<\/div> \n\t\t\t<style><\/style>\t\t\t\t<\/div>\n\t\t\t\t<\/div>\n\t\t\t\t<div class=\"elementor-element elementor-element-d32362c elementor-widget elementor-widget-text-editor\" data-id=\"d32362c\" data-element_type=\"widget\" data-e-type=\"widget\" data-widget_type=\"text-editor.default\">\n\t\t\t\t<div class=\"elementor-widget-container\">\n\t\t\t\t\t\t\t\t\t<p>*A causa de possibles canvis, es recomana consultar els horaris del museu i els preus.<\/p>\n\t\t\t\t\t\t\t\t<\/div>\n\t\t\t\t<\/div>\n\t\t\t\t<div class=\"elementor-element elementor-element-fe48f96 elementor-widget elementor-widget-text-editor\" data-id=\"fe48f96\" data-element_type=\"widget\" data-e-type=\"widget\" data-widget_type=\"text-editor.default\">\n\t\t\t\t<div class=\"elementor-widget-container\">\n\t\t\t\t\t\t\t\t\t<div class=\"divaccesible\"><span style=\"width: 20px; height: 20px;\"><img loading=\"lazy\" decoding=\"async\" class=\"alignnone wp-image-1186\" src=\"https:\/\/alicanteturismo.com\/wp-content\/uploads\/2024\/06\/usuario-2.svg\" alt=\"\" width=\"30\" height=\"30\" \/><\/span><span style=\"color: #00132e; font-weight: 800; font-size: 19px;\">VISITES EN GRUPS:<\/span><\/div><p>\n<table id=\"tablepress-111\" class=\"tablepress tablepress-id-111 nauticos\">\n<tbody class=\"row-striping\">\n<tr class=\"row-1\">\n\t<td class=\"column-1\"><\/td>\n<\/tr>\n<tr class=\"row-2\">\n\t<td class=\"column-1\"><div><img decoding=\"async\" src=\"https:\/\/alicanteturismo.com\/wp-content\/uploads\/2024\/09\/llamada-telefonica.svg\" alt=\"icono\" style=\"width:20px; padding-rigth: 20px;\"\/> +34 679 583 536<br \/>\n<\/div><\/td>\n<\/tr>\n<tr class=\"row-3\">\n\t<td class=\"column-1\"><div><img decoding=\"async\" src=\"https:\/\/alicanteturismo.com\/wp-content\/uploads\/2024\/05\/correo.svg\" alt=\"icono\" style=\"width:20px; padding-rigth: 20px;\"\/> <a href=\"mailto:info@plazatorosalicante.com\">info@plazatorosalicante.com<\/a><\/div><\/td>\n<\/tr>\n<\/tbody>\n<\/table>\n<!-- #tablepress-111 from cache --><\/p>\t\t\t\t\t\t\t\t<\/div>\n\t\t\t\t<\/div>\n\t\t<!-- hidden container 287599-24ec32da -->\t\t<\/div>\n\t\t\t\t<\/div>\n\t\t<div class=\"elementor-element elementor-element-3bc3894e e-con-full e-flex e-con e-child\" data-id=\"3bc3894e\" data-element_type=\"container\" data-e-type=\"container\">\n\t\t<div class=\"elementor-element elementor-element-4d86d339 e-con-full e-flex e-con e-child\" data-id=\"4d86d339\" data-element_type=\"container\" data-e-type=\"container\">\n\t\t\t\t<div class=\"elementor-element elementor-element-161406c7 elementor-widget__width-initial dc-has-condition dc-condition-in_array_contains elementor-widget elementor-widget-text-editor\" data-id=\"161406c7\" data-element_type=\"widget\" data-e-type=\"widget\" data-widget_type=\"text-editor.default\">\n\t\t\t\t<div class=\"elementor-widget-container\">\n\t\t\t\t\t\t\t\t\t<div class=\"divaccesible\"><span style=\"width: 20px;height: 20px\"><img loading=\"lazy\" decoding=\"async\" class=\"alignnone wp-image-1184\" src=\"https:\/\/dev.alicanteturismo.com\/wp-content\/uploads\/2024\/05\/correo.svg\" alt=\"\" width=\"30\" height=\"30\" \/> <\/span><span style=\"font-weight: 800;font-size: 19px;font-family: Panton\"> INFORMACI\u00d3 DE CONTACTE:<\/span><\/div>\n\n<table id=\"tablepress-112\" class=\"tablepress tablepress-id-112 nauticos\">\n<tbody class=\"row-striping\">\n<tr class=\"row-1\">\n\t<td class=\"column-1\"><\/td>\n<\/tr>\n<tr class=\"row-2\">\n\t<td class=\"column-1\"><div><img decoding=\"async\" src=\"https:\/\/alicanteturismo.com\/wp-content\/uploads\/2024\/09\/llamada-telefonica.svg\" alt=\"icono\" style=\"width:20px\" \/> +34 965 219 930<\/div><\/td>\n<\/tr>\n<tr class=\"row-3\">\n\t<td class=\"column-1\"><div><img decoding=\"async\" src=\"https:\/\/alicanteturismo.com\/wp-content\/uploads\/2024\/05\/correo.svg\" alt=\"icono\" style=\"width:20px\" \/> <a href=\"mailto:museo.taurino@alicante.es\">museo.taurino@alicante.es<\/a><\/div><\/td>\n<\/tr>\n<tr class=\"row-4\">\n\t<td class=\"column-1\"><div><img decoding=\"async\" src=\"https:\/\/alicanteturismo.com\/wp-content\/uploads\/2024\/09\/web.svg\" alt=\"icono\" style=\"width:20px\" \/> <a href=\"https:\/\/plazatorosalicante.com\/museo-taurino-de-alicante\/\" target=\"_blank\" rel=\"noopener\">www.plazatorosalicante.com<\/a><\/div><\/td>\n<\/tr>\n<\/tbody>\n<\/table>\n<!-- #tablepress-112 from cache -->\n\t\t\t\t\t\t\t\t<\/div>\n\t\t\t\t<\/div>\n\t\t\t\t<div class=\"elementor-element elementor-element-ee758a6 elementor-hidden-widescreen elementor-hidden-desktop elementor-hidden-laptop elementor-hidden-tablet_extra elementor-hidden-tablet elementor-hidden-mobile_extra elementor-widget elementor-widget-image\" data-id=\"ee758a6\" data-element_type=\"widget\" data-e-type=\"widget\" data-widget_type=\"image.default\">\n\t\t\t\t<div class=\"elementor-widget-container\">\n\t\t\t\t\t\t\t\t\t\t\t\t\t\t\t<img fetchpriority=\"high\" decoding=\"async\" width=\"720\" height=\"472\" src=\"https:\/\/alicanteturismo.com\/wp-content\/uploads\/2024\/05\/museo_taurino_interior11-1-e1716551046722.jpg\" class=\"attachment-full size-full wp-image-287601\" alt=\"\" srcset=\"https:\/\/alicanteturismo.com\/wp-content\/uploads\/2024\/05\/museo_taurino_interior11-1-e1716551046722.jpg 720w, https:\/\/alicanteturismo.com\/wp-content\/uploads\/2024\/05\/museo_taurino_interior11-1-e1716551046722-300x197.jpg 300w\" sizes=\"(max-width: 720px) 100vw, 720px\" \/>\t\t\t\t\t\t\t\t\t\t\t\t\t\t\t<\/div>\n\t\t\t\t<\/div>\n\t\t\t\t<div class=\"elementor-element elementor-element-7568ee34 dc-has-condition dc-condition-in_array_contains elementor-widget elementor-widget-text-editor\" data-id=\"7568ee34\" data-element_type=\"widget\" data-e-type=\"widget\" data-widget_type=\"text-editor.default\">\n\t\t\t\t<div class=\"elementor-widget-container\">\n\t\t\t\t\t\t\t\t\t<div class=\"divaccesible\"><span style=\"width: 20px;height: 20px\"><img loading=\"lazy\" decoding=\"async\" class=\"alignnone wp-image-1186\" src=\"https:\/\/dev.alicanteturismo.com\/wp-content\/uploads\/2024\/05\/ubicaciones.svg\" alt=\"\" width=\"30\" height=\"30\" \/><\/span><span style=\"color: #00132e;font-weight: 800;font-size: 19px;font-family: Panton\">COM ARRIBAR:<\/span><\/div>\n\n<table id=\"tablepress-157\" class=\"tablepress tablepress-id-157 nauticos\">\n<tbody class=\"row-striping\">\n<tr class=\"row-1\">\n\t<td class=\"column-1\"><\/td>\n<\/tr>\n<tr class=\"row-2\">\n\t<td class=\"column-1\"><div><img decoding=\"async\" src=\"https:\/\/alicanteturismo.com\/wp-content\/uploads\/2024\/05\/pasador-de-ubicacion.svg\" alt=\"icono\" style=\"width:20px\" \/> Plza. de Espa\u00f1a, 7-8, 03004, Alicante<\/div><\/td>\n<\/tr>\n<tr class=\"row-3\">\n\t<td class=\"column-1\"><div><img decoding=\"async\" src=\"https:\/\/alicanteturismo.com\/wp-content\/uploads\/2024\/07\/estacion-de-autobuses.svg\" alt=\"icono\" style=\"width:20px\" \/> 1 &#8211; 3 &#8211; 4 &#8211; 24<\/div><\/td>\n<\/tr>\n<tr class=\"row-4\">\n\t<td class=\"column-1\"><div><img decoding=\"async\" src=\"https:\/\/alicanteturismo.com\/wp-content\/uploads\/2024\/07\/tram.svg\" alt=\"icono\" style=\"width:20px\" \/> L1 \u2013 L2 \u2013 L3 \u2013 L4<\/div><\/td>\n<\/tr>\n<\/tbody>\n<\/table>\n<!-- #tablepress-157 from cache -->\n\t\t\t\t\t\t\t\t<\/div>\n\t\t\t\t<\/div>\n\t\t<div class=\"elementor-element elementor-element-745c4aad e-con-full elementor-hidden-widescreen elementor-hidden-desktop elementor-hidden-laptop elementor-hidden-tablet_extra elementor-hidden-tablet elementor-hidden-mobile_extra elementor-hidden-mobile e-flex e-con e-child\" data-id=\"745c4aad\" data-element_type=\"container\" data-e-type=\"container\">\n\t\t\t\t<div class=\"elementor-element elementor-element-29cb332e elementor-view-default elementor-widget elementor-widget-icon\" data-id=\"29cb332e\" data-element_type=\"widget\" data-e-type=\"widget\" data-widget_type=\"icon.default\">\n\t\t\t\t<div class=\"elementor-widget-container\">\n\t\t\t\t\t\t\t<div class=\"elementor-icon-wrapper\">\n\t\t\t<div class=\"elementor-icon\">\n\t\t\t<svg xmlns=\"http:\/\/www.w3.org\/2000\/svg\" xmlns:xlink=\"http:\/\/www.w3.org\/1999\/xlink\" width=\"512\" height=\"512\" x=\"0\" y=\"0\" viewBox=\"0 0 24 24\" style=\"enable-background:new 0 0 512 512\" xml:space=\"preserve\" class=\"\"><g><path d=\"M13 19h-2V1h2v1h9a1 1 0 0 1 .89.55 1 1 0 0 1-.09 1.05L20.25 7l2.55 3.4a1 1 0 0 1 .09 1 1 1 0 0 1-.89.6h-9zm9.13-1.78C20.72 15.85 17.92 15 15 15.14l.07 2C18.69 17 20.92 18.49 21 19c-.15.55-3.15 2-9 2s-8.85-1.46-9-2c.08-.53 2.27-2 6-1.88l.06-2c-3-.11-5.8.72-7.2 2.09A2.46 2.46 0 0 0 1 19c0 2.75 5.7 4 11 4s11-1.25 11-4a2.46 2.46 0 0 0-.87-1.78z\" data-name=\"34 Location, Address, Flag\" fill=\"#00adbb\" opacity=\"1\" data-original=\"#000000\" class=\"\"><\/path><\/g><\/svg>\t\t\t<\/div>\n\t\t<\/div>\n\t\t\t\t\t\t<\/div>\n\t\t\t\t<\/div>\n\t\t\t\t<div class=\"elementor-element elementor-element-509415a5 elementor-widget elementor-widget-n-accordion\" data-id=\"509415a5\" data-element_type=\"widget\" data-e-type=\"widget\" data-settings=\"{&quot;default_state&quot;:&quot;expanded&quot;,&quot;max_items_expended&quot;:&quot;one&quot;,&quot;n_accordion_animation_duration&quot;:{&quot;unit&quot;:&quot;ms&quot;,&quot;size&quot;:400,&quot;sizes&quot;:[]}}\" data-widget_type=\"nested-accordion.default\">\n\t\t\t\t<div class=\"elementor-widget-container\">\n\t\t\t\t\t\t\t<div class=\"e-n-accordion\" aria-label=\"Accordion. Open links with Enter or Space, close with Escape, and navigate with Arrow Keys\">\n\t\t\t\t\t\t<details id=\"e-n-accordion-item-1350\" class=\"e-n-accordion-item\" open>\n\t\t\t\t<summary class=\"e-n-accordion-item-title\" data-accordion-index=\"1\" tabindex=\"0\" aria-expanded=\"true\" aria-controls=\"e-n-accordion-item-1350\" >\n\t\t\t\t\t<span class='e-n-accordion-item-title-header'><div class=\"e-n-accordion-item-title-text\"> Com arribar <\/div><\/span>\n\t\t\t\t\t\t\t<span class='e-n-accordion-item-title-icon'>\n\t\t\t<span class='e-opened' ><svg aria-hidden=\"true\" class=\"e-font-icon-svg e-fas-chevron-up\" viewBox=\"0 0 448 512\" xmlns=\"http:\/\/www.w3.org\/2000\/svg\"><path d=\"M240.971 130.524l194.343 194.343c9.373 9.373 9.373 24.569 0 33.941l-22.667 22.667c-9.357 9.357-24.522 9.375-33.901.04L224 227.495 69.255 381.516c-9.379 9.335-24.544 9.317-33.901-.04l-22.667-22.667c-9.373-9.373-9.373-24.569 0-33.941L207.03 130.525c9.372-9.373 24.568-9.373 33.941-.001z\"><\/path><\/svg><\/span>\n\t\t\t<span class='e-closed'><svg aria-hidden=\"true\" class=\"e-font-icon-svg e-fas-chevron-down\" viewBox=\"0 0 448 512\" xmlns=\"http:\/\/www.w3.org\/2000\/svg\"><path d=\"M207.029 381.476L12.686 187.132c-9.373-9.373-9.373-24.569 0-33.941l22.667-22.667c9.357-9.357 24.522-9.375 33.901-.04L224 284.505l154.745-154.021c9.379-9.335 24.544-9.317 33.901.04l22.667 22.667c9.373 9.373 9.373 24.569 0 33.941L240.971 381.476c-9.373 9.372-24.569 9.372-33.942 0z\"><\/path><\/svg><\/span>\n\t\t<\/span>\n\n\t\t\t\t\t\t<\/summary>\n\t\t\t\t<div role=\"region\" aria-labelledby=\"e-n-accordion-item-1350\" class=\"elementor-element elementor-element-e951bda e-con-full e-flex e-con e-child\" data-id=\"e951bda\" data-element_type=\"container\" data-e-type=\"container\">\n\t\t\t\t<div class=\"elementor-element elementor-element-1f854064 elementor-widget elementor-widget-text-editor\" data-id=\"1f854064\" data-element_type=\"widget\" data-e-type=\"widget\" data-widget_type=\"text-editor.default\">\n\t\t\t\t<div class=\"elementor-widget-container\">\n\t\t\t\t\t\t\t\t\t<ul>\n<li><strong>Microbusos<\/strong>\u00a0llan\u00e7adora des de la\u00a0<strong>pla\u00e7a Porta del Mar<\/strong><\/li>\n<li><strong>Ascensors<\/strong>\u00a0a\u00a0<strong>Avinguda Juan Bautista Lafora<\/strong>, davant de la\u00a0<strong>Platja del Postiguet<br \/>\n<\/strong><\/li>\n<li>Acc\u00e9s pel\u00a0<strong>carrer V\u00e1zquez de Mella<\/strong>\u00a0per a\u00a0<strong>vehicles<\/strong>\u00a0i\u00a0<strong>itineraris urbans.<\/strong><\/li>\n<li><strong>Estacionament<\/strong>\u00a0al recinte del Castell Santa B\u00e0rbara\u00a0<span data-wahfont=\"16\"><strong>no perm\u00e9s.<\/strong><\/span><\/li>\n<li><strong>Es recomana l\u2019acc\u00e9s per als vianants pels itineraris urbans.<\/strong><\/li>\n<\/ul>\n\t\t\t\t\t\t\t\t<\/div>\n\t\t\t\t<\/div>\n\t\t\t\t<\/div>\n\t\t\t\t\t<\/details>\n\t\t\t\t\t<\/div>\n\t\t\t\t\t\t<\/div>\n\t\t\t\t<\/div>\n\t\t\t\t<\/div>\n\t\t<div class=\"elementor-element elementor-element-6a8dd0d5 e-con-full elementor-hidden-widescreen elementor-hidden-desktop elementor-hidden-laptop elementor-hidden-tablet_extra elementor-hidden-tablet elementor-hidden-mobile_extra elementor-hidden-mobile e-flex e-con e-child\" data-id=\"6a8dd0d5\" data-element_type=\"container\" data-e-type=\"container\">\n\t\t\t\t<div class=\"elementor-element elementor-element-21711aaa elementor-position-inline-start elementor-mobile-position-inline-start elementor-view-default elementor-widget elementor-widget-icon-box\" data-id=\"21711aaa\" data-element_type=\"widget\" data-e-type=\"widget\" data-widget_type=\"icon-box.default\">\n\t\t\t\t<div class=\"elementor-widget-container\">\n\t\t\t\t\t\t\t<div class=\"elementor-icon-box-wrapper\">\n\n\t\t\t\t\t\t<div class=\"elementor-icon-box-icon\">\n\t\t\t\t<span  class=\"elementor-icon\">\n\t\t\t\t<svg xmlns=\"http:\/\/www.w3.org\/2000\/svg\" xmlns:xlink=\"http:\/\/www.w3.org\/1999\/xlink\" width=\"512\" height=\"512\" x=\"0\" y=\"0\" viewBox=\"0 0 93.646 93.646\" style=\"enable-background:new 0 0 512 512\" xml:space=\"preserve\" class=\"\"><g><path d=\"m67.971 49.778-9.378-10.345c-.584-.644-1.121-1.971-1.148-2.841L57.1 25.858v-.311c0-1.654-1.346-3-3-3H41.272c-1.478 0-3.127 1.047-3.756 2.384l-12.358 26.25a2.935 2.935 0 0 0-.096 2.292c.28.75.84 1.342 1.575 1.666l1.821.803c.388.171.802.258 1.231.258a3.143 3.143 0 0 0 2.794-1.704l5.789-11.517v11.576c-.024.067-.059.128-.081.196l-9.783 30.638c-.407 1.276-.283 2.619.35 3.781s1.693 1.994 2.987 2.343l.654.177c.428.116.872.175 1.318.175 2.251 0 4.296-1.481 4.974-3.603l9.141-28.628 3.242 7.941c.791 1.937 1.645 5.329 1.865 7.409l1.551 14.621c.249 2.341 2.1 4.04 4.402 4.04.377 0 .76-.046 1.137-.137l.659-.16c2.624-.635 4.478-3.331 4.133-6.008l-2.297-17.828c-.292-2.265-1.269-5.812-2.178-7.907l-3.102-7.144c-.04-.093-.097-.177-.143-.267v-4.841l5.59 5.836c.556.581 1.3.901 2.094.901.803 0 1.553-.326 2.111-.918l1.034-1.098c1.106-1.175 1.125-3.101.041-4.296zM48.52 20.005c5.516 0 10.003-4.487 10.003-10.003C58.523 4.487 54.036 0 48.52 0c-5.515 0-10.001 4.487-10.001 10.002-.001 5.516 4.486 10.003 10.001 10.003z\" fill=\"#00adbb\" opacity=\"1\" data-original=\"#000000\"><\/path><\/g><\/svg>\t\t\t\t<\/span>\n\t\t\t<\/div>\n\t\t\t\n\t\t\t\t\t\t<div class=\"elementor-icon-box-content\">\n\n\t\t\t\t\t\t\t\t\t<h3 class=\"elementor-icon-box-title\">\n\t\t\t\t\t\t<span  >\n\t\t\t\t\t\t\tAccessos\t\t\t\t\t\t<\/span>\n\t\t\t\t\t<\/h3>\n\t\t\t\t\n\t\t\t\t\n\t\t\t<\/div>\n\t\t\t\n\t\t<\/div>\n\t\t\t\t\t\t<\/div>\n\t\t\t\t<\/div>\n\t\t\t\t<div class=\"elementor-element elementor-element-53e97b20 elementor-widget elementor-widget-n-accordion\" data-id=\"53e97b20\" data-element_type=\"widget\" data-e-type=\"widget\" data-settings=\"{&quot;default_state&quot;:&quot;all_collapsed&quot;,&quot;max_items_expended&quot;:&quot;one&quot;,&quot;n_accordion_animation_duration&quot;:{&quot;unit&quot;:&quot;ms&quot;,&quot;size&quot;:400,&quot;sizes&quot;:[]}}\" data-widget_type=\"nested-accordion.default\">\n\t\t\t\t<div class=\"elementor-widget-container\">\n\t\t\t\t\t\t\t<div class=\"e-n-accordion\" aria-label=\"Accordion. Open links with Enter or Space, close with Escape, and navigate with Arrow Keys\">\n\t\t\t\t\t\t<details id=\"e-n-accordion-item-1400\" class=\"e-n-accordion-item\" >\n\t\t\t\t<summary class=\"e-n-accordion-item-title\" data-accordion-index=\"1\" tabindex=\"0\" aria-expanded=\"false\" aria-controls=\"e-n-accordion-item-1400\" >\n\t\t\t\t\t<span class='e-n-accordion-item-title-header'><h3 class=\"e-n-accordion-item-title-text\"> Acc\u00e9s a l'ascensor <\/h3><\/span>\n\t\t\t\t\t\t\t<span class='e-n-accordion-item-title-icon'>\n\t\t\t<span class='e-opened' ><svg aria-hidden=\"true\" class=\"e-font-icon-svg e-fas-minus\" viewBox=\"0 0 448 512\" xmlns=\"http:\/\/www.w3.org\/2000\/svg\"><path d=\"M416 208H32c-17.67 0-32 14.33-32 32v32c0 17.67 14.33 32 32 32h384c17.67 0 32-14.33 32-32v-32c0-17.67-14.33-32-32-32z\"><\/path><\/svg><\/span>\n\t\t\t<span class='e-closed'><svg aria-hidden=\"true\" class=\"e-font-icon-svg e-fas-chevron-down\" viewBox=\"0 0 448 512\" xmlns=\"http:\/\/www.w3.org\/2000\/svg\"><path d=\"M207.029 381.476L12.686 187.132c-9.373-9.373-9.373-24.569 0-33.941l22.667-22.667c9.357-9.357 24.522-9.375 33.901-.04L224 284.505l154.745-154.021c9.379-9.335 24.544-9.317 33.901.04l22.667 22.667c9.373 9.373 9.373 24.569 0 33.941L240.971 381.476c-9.373 9.372-24.569 9.372-33.942 0z\"><\/path><\/svg><\/span>\n\t\t<\/span>\n\n\t\t\t\t\t\t<\/summary>\n\t\t\t\t<div role=\"region\" aria-labelledby=\"e-n-accordion-item-1400\" class=\"elementor-element elementor-element-ff09a86 e-con-full e-flex e-con e-child\" data-id=\"ff09a86\" data-element_type=\"container\" data-e-type=\"container\">\n\t\t\t\t<div class=\"elementor-element elementor-element-7a7a0b06 elementor-widget elementor-widget-text-editor\" data-id=\"7a7a0b06\" data-element_type=\"widget\" data-e-type=\"widget\" data-widget_type=\"text-editor.default\">\n\t\t\t\t<div class=\"elementor-widget-container\">\n\t\t\t\t\t\t\t\t\t<p>Situats enfront de la platja del Postiguet, en Avinguda Juan Bautista Lafora.<\/p>\n<p><strong>HORARI<\/strong><\/p>\n<p>\n<table id=\"tablepress-80\" class=\"tablepress tablepress-id-80 nauticos\">\n<thead>\n<tr class=\"row-1\">\n\t<td class=\"column-1\"><\/td>\n<\/tr>\n<\/thead>\n<tbody class=\"row-striping\">\n<tr class=\"row-2\">\n\t<td class=\"column-1\"><div><img decoding=\"async\" src=\"https:\/\/alicanteturismo.com\/wp-content\/uploads\/2024\/06\/agenda-de-eventos.svg\" alt=\"icono\" style=\"width:20px; padding-rigth: 20px;\"\/> <strong>15\/11 &#8211; 27\/02:<\/strong>\t<br \/>\n<img decoding=\"async\" src=\"https:\/\/alicanteturismo.com\/wp-content\/uploads\/2024\/05\/reloj-1.svg\" alt=\"icono\" style=\"width:20px; padding-rigth: 20px;\"\/> 10:00 &#8211; 18:00h.<\/div><\/td>\n<\/tr>\n<tr class=\"row-3\">\n\t<td class=\"column-1\"><div><img decoding=\"async\" src=\"https:\/\/alicanteturismo.com\/wp-content\/uploads\/2024\/06\/agenda-de-eventos.svg\" alt=\"icono\" style=\"width:20px; padding-rigth: 20px;\"\/> <strong>28\/02 &#8211; 16\/06:<\/strong><br \/>\n<img decoding=\"async\" src=\"https:\/\/alicanteturismo.com\/wp-content\/uploads\/2024\/05\/reloj-1.svg\" alt=\"icono\" style=\"width:20px; padding-rigth: 20px;\"\/> 10:00 &#8211; 20:00h.<\/div><\/td>\n<\/tr>\n<tr class=\"row-4\">\n\t<td class=\"column-1\"><div><img decoding=\"async\" src=\"https:\/\/alicanteturismo.com\/wp-content\/uploads\/2024\/06\/agenda-de-eventos.svg\" alt=\"icono\" style=\"width:20px; padding-rigth: 20px;\"\/> <strong>17\/06 &#8211; 4\/09:<\/strong><br \/>\n<img decoding=\"async\" src=\"https:\/\/alicanteturismo.com\/wp-content\/uploads\/2024\/05\/reloj-1.svg\" alt=\"icono\" style=\"width:20px; padding-rigth: 20px;\"\/> 10:00 &#8211; 23:00h.<\/div><\/td>\n<\/tr>\n<tr class=\"row-5\">\n\t<td class=\"column-1\"><div><img decoding=\"async\" src=\"https:\/\/alicanteturismo.com\/wp-content\/uploads\/2024\/06\/agenda-de-eventos.svg\" alt=\"icono\" style=\"width:20px; padding-rigth: 20px;\"\/> <strong>5\/09 &#8211; 14\/11:<\/strong><br \/>\n<img decoding=\"async\" src=\"https:\/\/alicanteturismo.com\/wp-content\/uploads\/2024\/05\/reloj-1.svg\" alt=\"icono\" style=\"width:20px; padding-rigth: 20px;\"\/> 10:00 a 20:00h.<\/div><\/td>\n<\/tr>\n<\/tbody>\n<\/table>\n<!-- #tablepress-80 from cache --><\/p>\n<p><strong>\u00daltim ascensor de pujada:<\/strong>\u00a040 minuts abans de l\u2019hora de tancament dels ascensors<br \/>\n<strong>\u00daltim ascensor de baixada:<\/strong>\u00a020 minutos abans de l\u2019hora de tancament dels ascensors<\/p>\n<p>Es recomana comprar el tiquet d\u2019acc\u00e9s a l\u2019ascensor de manera anticipada a trav\u00e9s del seg\u00fcent enlla\u00e7:<br \/>\n<a href=\"https:\/\/castillosantabarbara.alicante.es\/CastilloFrontOffice\/faces\/reservas\" target=\"_blank\" rel=\"noopener\">www.castillosantabarbara.alicante.es<\/a><\/p>\n<p>Els dies d\u2019actuacions:\u00a0consultar horaris de tancament del Castell.<\/p>\n<p><strong>Preu dels ascensors:<\/strong><br \/>\nGeneral, 2.70 euros.<br \/>\nGratu\u00eft per a pensionistes jubilats que acrediten esta condici\u00f3 mitjan\u00e7ant document. documento.<\/p>\n\t\t\t\t\t\t\t\t<\/div>\n\t\t\t\t<\/div>\n\t\t\t\t<\/div>\n\t\t\t\t\t<\/details>\n\t\t\t\t\t\t<details id=\"e-n-accordion-item-1401\" class=\"e-n-accordion-item\" >\n\t\t\t\t<summary class=\"e-n-accordion-item-title\" data-accordion-index=\"2\" tabindex=\"-1\" aria-expanded=\"false\" aria-controls=\"e-n-accordion-item-1401\" >\n\t\t\t\t\t<span class='e-n-accordion-item-title-header'><h3 class=\"e-n-accordion-item-title-text\"> Acc\u00e9s pel Parc de l'Ereta <\/h3><\/span>\n\t\t\t\t\t\t\t<span class='e-n-accordion-item-title-icon'>\n\t\t\t<span class='e-opened' ><svg aria-hidden=\"true\" class=\"e-font-icon-svg e-fas-minus\" viewBox=\"0 0 448 512\" xmlns=\"http:\/\/www.w3.org\/2000\/svg\"><path d=\"M416 208H32c-17.67 0-32 14.33-32 32v32c0 17.67 14.33 32 32 32h384c17.67 0 32-14.33 32-32v-32c0-17.67-14.33-32-32-32z\"><\/path><\/svg><\/span>\n\t\t\t<span class='e-closed'><svg aria-hidden=\"true\" class=\"e-font-icon-svg e-fas-chevron-down\" viewBox=\"0 0 448 512\" xmlns=\"http:\/\/www.w3.org\/2000\/svg\"><path d=\"M207.029 381.476L12.686 187.132c-9.373-9.373-9.373-24.569 0-33.941l22.667-22.667c9.357-9.357 24.522-9.375 33.901-.04L224 284.505l154.745-154.021c9.379-9.335 24.544-9.317 33.901.04l22.667 22.667c9.373 9.373 9.373 24.569 0 33.941L240.971 381.476c-9.373 9.372-24.569 9.372-33.942 0z\"><\/path><\/svg><\/span>\n\t\t<\/span>\n\n\t\t\t\t\t\t<\/summary>\n\t\t\t\t<div role=\"region\" aria-labelledby=\"e-n-accordion-item-1401\" class=\"elementor-element elementor-element-42191364 e-con-full e-flex e-con e-child\" data-id=\"42191364\" data-element_type=\"container\" data-e-type=\"container\">\n\t\t\t\t<div class=\"elementor-element elementor-element-16075d55 elementor-widget elementor-widget-text-editor\" data-id=\"16075d55\" data-element_type=\"widget\" data-e-type=\"widget\" data-widget_type=\"text-editor.default\">\n\t\t\t\t<div class=\"elementor-widget-container\">\n\t\t\t\t\t\t\t\t\t<div>Aquest itinerari s\u2019inicia amb un recorregut pels carrers del centre hist\u00f2ric per, una vegada arrivats al\u00a0<strong>Parc de l\u2019Ereta.<\/strong>\u00a0A m\u00e9s, ofereix una vista espectacular a la ciutat, a les poblacions lim\u00edtrofes i al Mar Mediterrani.<\/div>\r\n&nbsp;\r\n<div>\r\n<p data-wahfont=\"16\"><span style=\"color: #04306e;\"><button style=\"background-color: #04306e; color: #ffffff; padding: 13px; border-radius: 30px; border-width: 0px;\"><a style=\"color: #ffffff; text-decoration: none; font-size: 1em; font-weight: 600;\" href=\"https:\/\/es.wikiloc.com\/rutas-a-pie\/castillo-de-santa-barbara-por-parque-la-ereta-43497330\" target=\"_blank\" rel=\"noopener\">Ruta a peu per Parc de l\u2019Ereta<\/a><\/button><\/span><\/p>\r\n\r\n<\/div>\t\t\t\t\t\t\t\t<\/div>\n\t\t\t\t<\/div>\n\t\t\t\t<\/div>\n\t\t\t\t\t<\/details>\n\t\t\t\t\t\t<details id=\"e-n-accordion-item-1402\" class=\"e-n-accordion-item\" >\n\t\t\t\t<summary class=\"e-n-accordion-item-title\" data-accordion-index=\"3\" tabindex=\"-1\" aria-expanded=\"false\" aria-controls=\"e-n-accordion-item-1402\" >\n\t\t\t\t\t<span class='e-n-accordion-item-title-header'><h3 class=\"e-n-accordion-item-title-text\"> Acc\u00e9s per la Muntanya Benacantil <\/h3><\/span>\n\t\t\t\t\t\t\t<span class='e-n-accordion-item-title-icon'>\n\t\t\t<span class='e-opened' ><svg aria-hidden=\"true\" class=\"e-font-icon-svg e-fas-minus\" viewBox=\"0 0 448 512\" xmlns=\"http:\/\/www.w3.org\/2000\/svg\"><path d=\"M416 208H32c-17.67 0-32 14.33-32 32v32c0 17.67 14.33 32 32 32h384c17.67 0 32-14.33 32-32v-32c0-17.67-14.33-32-32-32z\"><\/path><\/svg><\/span>\n\t\t\t<span class='e-closed'><svg aria-hidden=\"true\" class=\"e-font-icon-svg e-fas-chevron-down\" viewBox=\"0 0 448 512\" xmlns=\"http:\/\/www.w3.org\/2000\/svg\"><path d=\"M207.029 381.476L12.686 187.132c-9.373-9.373-9.373-24.569 0-33.941l22.667-22.667c9.357-9.357 24.522-9.375 33.901-.04L224 284.505l154.745-154.021c9.379-9.335 24.544-9.317 33.901.04l22.667 22.667c9.373 9.373 9.373 24.569 0 33.941L240.971 381.476c-9.373 9.372-24.569 9.372-33.942 0z\"><\/path><\/svg><\/span>\n\t\t<\/span>\n\n\t\t\t\t\t\t<\/summary>\n\t\t\t\t<div role=\"region\" aria-labelledby=\"e-n-accordion-item-1402\" class=\"elementor-element elementor-element-29dd45a3 e-con-full e-flex e-con e-child\" data-id=\"29dd45a3\" data-element_type=\"container\" data-e-type=\"container\">\n\t\t\t\t<div class=\"elementor-element elementor-element-101f384 elementor-widget elementor-widget-text-editor\" data-id=\"101f384\" data-element_type=\"widget\" data-e-type=\"widget\" data-widget_type=\"text-editor.default\">\n\t\t\t\t<div class=\"elementor-widget-container\">\n\t\t\t\t\t\t\t\t\t<div>En aquest cas, es proposa l\u2019ascens a la fortalesa gaudint de les vistes de la\u00a0<strong>Platja del Postiguet<\/strong>\u00a0des del carrer Verge del Socors, per endinsar-se en el recorregut a trav\u00e9s del\u00a0<strong>cam\u00ed de la cara oest del Mont Benacantil<\/strong>\u00a0i que permet obtenir vistes de la zona nord d\u2019Alacant i la muntanya alacantina.<\/div>\r\n&nbsp;\r\n<div>\r\n<p data-wahfont=\"16\"><span style=\"color: #04306e;\"><button style=\"background-color: #04306e; color: #ffffff; padding: 13px; border-radius: 30px; border-width: 0px;\"><a style=\"color: #ffffff; text-decoration: none; font-size: 1em; font-weight: 600;\" href=\"https:\/\/es.wikiloc.com\/rutas-a-pie\/castillo-santa-barbara-por-monte-benacantil-43497310\" target=\"_blank\" rel=\"noopener\">Ruta a peu pel Mont Benacantil<\/a><\/button><\/span><\/p>\r\n\r\n<\/div>\t\t\t\t\t\t\t\t<\/div>\n\t\t\t\t<\/div>\n\t\t\t\t<\/div>\n\t\t\t\t\t<\/details>\n\t\t\t\t\t\t<details id=\"e-n-accordion-item-1403\" class=\"e-n-accordion-item\" >\n\t\t\t\t<summary class=\"e-n-accordion-item-title\" data-accordion-index=\"4\" tabindex=\"-1\" aria-expanded=\"false\" aria-controls=\"e-n-accordion-item-1403\" >\n\t\t\t\t\t<span class='e-n-accordion-item-title-header'><h3 class=\"e-n-accordion-item-title-text\"> Acc\u00e9s de vehicles <\/h3><\/span>\n\t\t\t\t\t\t\t<span class='e-n-accordion-item-title-icon'>\n\t\t\t<span class='e-opened' ><svg aria-hidden=\"true\" class=\"e-font-icon-svg e-fas-minus\" viewBox=\"0 0 448 512\" xmlns=\"http:\/\/www.w3.org\/2000\/svg\"><path d=\"M416 208H32c-17.67 0-32 14.33-32 32v32c0 17.67 14.33 32 32 32h384c17.67 0 32-14.33 32-32v-32c0-17.67-14.33-32-32-32z\"><\/path><\/svg><\/span>\n\t\t\t<span class='e-closed'><svg aria-hidden=\"true\" class=\"e-font-icon-svg e-fas-chevron-down\" viewBox=\"0 0 448 512\" xmlns=\"http:\/\/www.w3.org\/2000\/svg\"><path d=\"M207.029 381.476L12.686 187.132c-9.373-9.373-9.373-24.569 0-33.941l22.667-22.667c9.357-9.357 24.522-9.375 33.901-.04L224 284.505l154.745-154.021c9.379-9.335 24.544-9.317 33.901.04l22.667 22.667c9.373 9.373 9.373 24.569 0 33.941L240.971 381.476c-9.373 9.372-24.569 9.372-33.942 0z\"><\/path><\/svg><\/span>\n\t\t<\/span>\n\n\t\t\t\t\t\t<\/summary>\n\t\t\t\t<div role=\"region\" aria-labelledby=\"e-n-accordion-item-1403\" class=\"elementor-element elementor-element-62bcbde e-con-full e-flex e-con e-child\" data-id=\"62bcbde\" data-element_type=\"container\" data-e-type=\"container\">\n\t\t\t\t<div class=\"elementor-element elementor-element-155e6c elementor-widget elementor-widget-text-editor\" data-id=\"155e6c\" data-element_type=\"widget\" data-e-type=\"widget\" data-widget_type=\"text-editor.default\">\n\t\t\t\t<div class=\"elementor-widget-container\">\n\t\t\t\t\t\t\t\t\t<p class=\"et_pb_module_header\" data-wahfont=\"18\">Nom\u00e9s en els casos seg\u00fcents:<\/p>\n<div class=\"et_pb_blurb_description\">\n<ul>\n<li><strong>C\u00e0rrega i desc\u00e0rrega de passatgers el temps estrictament necessari:<\/strong>\u00a0taxis, VTC, persones amb mobilitat redu\u00efda, minibusos (longitud 8,50 m i massa 6.800 kg).<\/li>\n<li>Els visitants han de seguir en tot moment les indicacions del personal municipal del recinte.<\/li>\n<li>Els autocars autoritzats per accedir al Castell han de tenir una\u00a0<strong>longitud de 8,50 m com a m\u00e0xim<\/strong>, i una\u00a0<strong>massa de 6.800 kg com a m\u00e0xim.<\/strong>\u00a0Els conductors han de seguir en tot moment les\u00a0<strong>instruccions<\/strong>\u00a0i les directrius dels agents de la\u00a0<strong>policia local.<\/strong><\/li>\n<li>Aquesta\u00a0<strong>autoritzaci\u00f3<\/strong>\u00a0est\u00e0\u00a0<strong>limitada<\/strong>\u00a0a la mera\u00a0<strong>c\u00e0rrega\/desc\u00e0rrega de passatgers<\/strong>. Una vegada feta la desc\u00e0rrega, l\u2019autob\u00fas ha d\u2019abandonar el Castell i tornar posteriorment per a la recollida.<\/li>\n<\/ul>\n<\/div>\n\t\t\t\t\t\t\t\t<\/div>\n\t\t\t\t<\/div>\n\t\t\t\t<\/div>\n\t\t\t\t\t<\/details>\n\t\t\t\t\t<\/div>\n\t\t\t\t\t\t<\/div>\n\t\t\t\t<\/div>\n\t\t\t\t<\/div>\n\t\t\t\t<\/div>\n\t\t\t\t<div class=\"elementor-element elementor-element-39f1b493 elementor-widget__width-inherit elementor-widget elementor-widget-shortcode\" data-id=\"39f1b493\" data-element_type=\"widget\" data-e-type=\"widget\" data-widget_type=\"shortcode.default\">\n\t\t\t\t<div class=\"elementor-widget-container\">\n\t\t\t\t\t\t\t<div class=\"elementor-shortcode\"><iframe src=\"https:\/\/www.google.com\/maps\/d\/u\/1\/embed?mid=1LLDQ5DIXAR0gapP0zH02wtbva5YhlGnV\" width=\"100%\" height=\"680\"><\/iframe><\/div>\n\t\t\t\t\t\t<\/div>\n\t\t\t\t<\/div>\n\t\t\t\t<\/div>\n\t\t\t\t<\/div>\n\t\t\t\t<\/div>\n\t\t","protected":false},"featured_media":287602,"template":"","meta":{"_acf_changed":false},"class_list":["post-287599","museos","type-museos","status-publish","has-post-thumbnail","hentry"],"acf":[],"_links":{"self":[{"href":"https:\/\/alicanteturismo.com\/ca\/wp-json\/wp\/v2\/museos\/287599","targetHints":{"allow":["GET"]}}],"collection":[{"href":"https:\/\/alicanteturismo.com\/ca\/wp-json\/wp\/v2\/museos"}],"about":[{"href":"https:\/\/alicanteturismo.com\/ca\/wp-json\/wp\/v2\/types\/museos"}],"version-history":[{"count":0,"href":"https:\/\/alicanteturismo.com\/ca\/wp-json\/wp\/v2\/museos\/287599\/revisions"}],"wp:featuredmedia":[{"embeddable":true,"href":"https:\/\/alicanteturismo.com\/ca\/wp-json\/wp\/v2\/media\/287602"}],"wp:attachment":[{"href":"https:\/\/alicanteturismo.com\/ca\/wp-json\/wp\/v2\/media?parent=287599"}],"curies":[{"name":"wp","href":"https:\/\/api.w.org\/{rel}","templated":true}]}}