{"id":287579,"date":"2024-05-24T10:44:19","date_gmt":"2024-05-24T08:44:19","guid":{"rendered":"https:\/\/dev.alicanteturismo.com\/museos\/museu-de-fogueres\/"},"modified":"2026-03-12T16:55:31","modified_gmt":"2026-03-12T15:55:31","slug":"museu-de-fogueres","status":"publish","type":"museos","link":"https:\/\/alicanteturismo.com\/ca\/museos\/museu-de-fogueres\/","title":{"rendered":"Museu de Fogueres"},"content":{"rendered":"\t\t<div data-elementor-type=\"wp-post\" data-elementor-id=\"287579\" class=\"elementor elementor-287579 elementor-2779\" data-elementor-post-type=\"museos\">\n\t\t\t\t<div style=\"background-image: url(https:\/\/alicanteturismo.com\/wp-content\/uploads\/2024\/05\/IMG_7312.jpeg);background-position:top center;background-repeat:no-repeat;background-size:cover;\" class=\"e-lazyloaded elementor-element elementor-element-12197ed3 e-con-full e-flex e-con e-parent\" data-id=\"12197ed3\" data-element_type=\"container\" data-e-type=\"container\" data-settings=\"{&quot;background_background&quot;:&quot;classic&quot;}\">\n\t\t\t\t<div class=\"elementor-element elementor-element-2bbca79 elementor-widget elementor-widget-heading\" data-id=\"2bbca79\" data-element_type=\"widget\" data-e-type=\"widget\" data-widget_type=\"heading.default\">\n\t\t\t\t<div class=\"elementor-widget-container\">\n\t\t\t\t\t<h2 class=\"elementor-heading-title elementor-size-default\">Museu de Fogueres<\/h2>\t\t\t\t<\/div>\n\t\t\t\t<\/div>\n\t\t\t\t<\/div>\n\t\t<div class=\"elementor-element elementor-element-69e9cf35 e-con-full e-flex e-con e-parent\" data-id=\"69e9cf35\" data-element_type=\"container\" data-e-type=\"container\">\n\t\t<div class=\"elementor-element elementor-element-7de3c026 e-con-full e-flex e-con e-child\" data-id=\"7de3c026\" data-element_type=\"container\" data-e-type=\"container\">\n\t\t<div class=\"elementor-element elementor-element-61a48cc6 e-con-full e-flex e-con e-child\" data-id=\"61a48cc6\" data-element_type=\"container\" data-e-type=\"container\">\n\t\t<div class=\"elementor-element elementor-element-4d48a20a e-con-full e-flex e-con e-child\" data-id=\"4d48a20a\" data-element_type=\"container\" data-e-type=\"container\">\n\t\t\t\t<div class=\"elementor-element elementor-element-f2cedea elementor-widget elementor-widget-heading\" data-id=\"f2cedea\" data-element_type=\"widget\" data-e-type=\"widget\" data-widget_type=\"heading.default\">\n\t\t\t\t<div class=\"elementor-widget-container\">\n\t\t\t\t\t<h2 class=\"elementor-heading-title elementor-size-default\">Tancat temporalment per millores\n<\/h2>\t\t\t\t<\/div>\n\t\t\t\t<\/div>\n\t\t\t\t<div class=\"elementor-element elementor-element-64f98784 elementor-widget elementor-widget-text-editor\" data-id=\"64f98784\" data-element_type=\"widget\" data-e-type=\"widget\" data-widget_type=\"text-editor.default\">\n\t\t\t\t<div class=\"elementor-widget-container\">\n\t\t\t\t\t\t\t\t\t<p>Dedicat a les emblem\u00e0tiques <a href=\"https:\/\/dev.alicanteturismo.com\/fiestas\/hogueras-de-san-juan\/\">Fogueres de Sant Joan<\/a><strong>,<\/strong> aquesta exposici\u00f3 \u00fanica revela, a trav\u00e9s de documents hist\u00f2rics, fotografies, indument\u00e0ria i figures preservades, com aquestes festes han definit la identitat de la ciutat des del seu origen l&#8217;any 1928. Convertides en <strong>Festa d&#8217;Inter\u00e9s Tur\u00edstic Internacional<\/strong> l&#8217;any 1983, les <strong>Fogueres<\/strong> s\u00f3n molt m\u00e9s que una festa: s\u00f3n l&#8217;\u00e0nima d&#8217;Alacant, una celebraci\u00f3 de foc, art i tradici\u00f3. El museu convida els visitants a rec\u00f3rrer la hist\u00f2ria i evoluci\u00f3 d&#8217;aquesta festa, des de la seua creaci\u00f3 fins a la seua expansi\u00f3 com un dels atractius tur\u00edstics m\u00e9s grans de la ciutat. Al seu interior, podr\u00e0s apreciar els famosos<em><strong> ninots indultats<\/strong><\/em>, figures art\u00edstiques de gran bellesa que, any rere any, han sigut <strong>salvades<\/strong> del foc per votaci\u00f3 popular. Aquestes obres destaquen per la seua detallada artesania i l&#8217;emoci\u00f3 que transmeten i s&#8217;erigeixen com a testimoni de la creativitat alacantina.<\/p>\n<p data-wahfont=\"16\">M\u00e9s enll\u00e0 d&#8217;all\u00f2 visual, el Museu de Fogueres mostra la import\u00e0ncia cultural i social de la festa gran d&#8217;Alacant, des de les seues manifestacions pl\u00e0stiques fins al seu impacte en la vida di\u00e0ria de la ciutat.<\/p>\n<div class=\"divaccesible\">\n<p style=\"font-weight: 800;text-transform: uppercase;font-size: 18px\" data-wahfont=\"16\"><img loading=\"lazy\" decoding=\"async\" class=\"alignnone size-full wp-image-217\" src=\"https:\/\/alicanteturismo.com\/wp-content\/uploads\/2024\/05\/SICTED-Alicante-city-logo-1.svg\" alt=\"\" width=\"25\" height=\"24\" \/> Certificat de qualitat SICTED<\/p>\n<\/div>\n<div class=\"divaccesible\">\n<p style=\"font-weight: 800;text-transform: uppercase;font-size: 18px\" data-wahfont=\"16\"><img loading=\"lazy\" decoding=\"async\" class=\"alignnone wp-image-11985\" src=\"https:\/\/alicanteturismo.com\/wp-content\/uploads\/2024\/05\/accessible_forward-1.svg\" alt=\"\" width=\"35\" height=\"30\" \/> Museu accessible<\/p>\n<\/div>\n\t\t\t\t\t\t\t\t<\/div>\n\t\t\t\t<\/div>\n\t\t\t\t<div class=\"elementor-element elementor-element-f4a8686 elementor-widget elementor-widget-text-editor\" data-id=\"f4a8686\" data-element_type=\"widget\" data-e-type=\"widget\" data-widget_type=\"text-editor.default\">\n\t\t\t\t<div class=\"elementor-widget-container\">\n\t\t\t\t\t\t\t\t\t<span class=\"etiquetaservicios\">Folleto<\/span>\t\t<div data-elementor-type=\"container\" data-elementor-id=\"8979\" class=\"elementor elementor-8979\" data-elementor-post-type=\"elementor_library\">\n\t\t\t\t<div class=\"elementor-element elementor-element-2903dba e-con-full e-flex e-con e-parent\" data-id=\"2903dba\" data-element_type=\"container\" data-e-type=\"container\">\n\t\t\t\t<div class=\"elementor-element elementor-element-edd01e1 elementor-align-left elementor-widget elementor-widget-button\" data-id=\"edd01e1\" data-element_type=\"widget\" data-e-type=\"widget\" data-widget_type=\"button.default\">\n\t\t\t\t<div class=\"elementor-widget-container\">\n\t\t\t\t\t\t\t\t\t<div class=\"elementor-button-wrapper\">\n\t\t\t\t\t<a class=\"elementor-button elementor-button-link elementor-size-sm\" href=\"https:\/\/alicanteturismo.com\/wp-content\/uploads\/2021\/08\/folleto-es-ing-fran-museu-fogueres-Alicante.pdf\">\n\t\t\t\t\t\t<span class=\"elementor-button-content-wrapper\">\n\t\t\t\t\t\t<span class=\"elementor-button-icon\">\n\t\t\t\t<svg aria-hidden=\"true\" class=\"e-font-icon-svg e-fas-file-pdf\" viewBox=\"0 0 384 512\" xmlns=\"http:\/\/www.w3.org\/2000\/svg\"><path d=\"M181.9 256.1c-5-16-4.9-46.9-2-46.9 8.4 0 7.6 36.9 2 46.9zm-1.7 47.2c-7.7 20.2-17.3 43.3-28.4 62.7 18.3-7 39-17.2 62.9-21.9-12.7-9.6-24.9-23.4-34.5-40.8zM86.1 428.1c0 .8 13.2-5.4 34.9-40.2-6.7 6.3-29.1 24.5-34.9 40.2zM248 160h136v328c0 13.3-10.7 24-24 24H24c-13.3 0-24-10.7-24-24V24C0 10.7 10.7 0 24 0h200v136c0 13.2 10.8 24 24 24zm-8 171.8c-20-12.2-33.3-29-42.7-53.8 4.5-18.5 11.6-46.6 6.2-64.2-4.7-29.4-42.4-26.5-47.8-6.8-5 18.3-.4 44.1 8.1 77-11.6 27.6-28.7 64.6-40.8 85.8-.1 0-.1.1-.2.1-27.1 13.9-73.6 44.5-54.5 68 5.6 6.9 16 10 21.5 10 17.9 0 35.7-18 61.1-61.8 25.8-8.5 54.1-19.1 79-23.2 21.7 11.8 47.1 19.5 64 19.5 29.2 0 31.2-32 19.7-43.4-13.9-13.6-54.3-9.7-73.6-7.2zM377 105L279 7c-4.5-4.5-10.6-7-17-7h-6v128h128v-6.1c0-6.3-2.5-12.4-7-16.9zm-74.1 255.3c4.1-2.7-2.5-11.9-42.8-9 37.1 15.8 42.8 9 42.8 9z\"><\/path><\/svg>\t\t\t<\/span>\n\t\t\t\t\t\t\t\t\t<span class=\"elementor-button-text\">Saber m\u00e1s<\/span>\n\t\t\t\t\t<\/span>\n\t\t\t\t\t<\/a>\n\t\t\t\t<\/div>\n\t\t\t\t\t\t\t\t<\/div>\n\t\t\t\t<\/div>\n\t\t\t\t<\/div>\n\t\t\t\t<\/div>\n\t\t\t\t\t\t\t\t\t\t<\/div>\n\t\t\t\t<\/div>\n\t\t\t\t<\/div>\n\t\t<div class=\"elementor-element elementor-element-7bedecb9 e-con-full e-flex e-con e-child\" data-id=\"7bedecb9\" data-element_type=\"container\" data-e-type=\"container\">\n\t\t\t\t<div class=\"elementor-element elementor-element-1a7e1971 elementor-widget__width-inherit plus-border-yes elementor-widget elementor-widget-tp-table\" data-id=\"1a7e1971\" data-element_type=\"widget\" data-e-type=\"widget\" data-widget_type=\"tp-table.default\">\n\t\t\t\t<div class=\"elementor-widget-container\">\n\t\t\t\t\t\t\t\t<div itemscope class=\"plus-table-wrapper   tp-table-mobresswipe\" itemtype=\"http:\/\/schema.org\/Table\">\n\n\t\t\t\t<table id=\"plus-table-id-1a7e1971\" class=\"plus-table plus-text-break plus-column-rules\" data-sort-table=\"no\" data-show-entry=\"no\" data-searchable=\"no\">\n\t\t\t\t\t\t\t\t\t\t\t<thead> \n\t\t\t\t\t\t\t\t\t\t\t\t\t\t\t\t<tr class=\"plus-table-row\"> \n\t\t\t\t\t\t\t\t\t\t\t\t\t\t\t\t\t\t\t\t\t\t\t\t<th id=\"tooltip69f274686d2b7\"data-sort=\"0\" class=\"sort-this elementor-repeater-item-0f2f9a1 plus-table-col\" data-local=\"true\"  scope=\"col\">\n\t\t\t\t\t\t\t\t\t\t\t<span class=\"sort-style\">\n\t\t\t\t\t\t\t\t\t\t\t<span class=\"plus-table__text\">\n\t\t\t\t\t\t\t\t\t\t\t\t\t\t\t\t\t\t\t\t\t\t\t\t\t\t<img decoding=\"async\" src=\"https:\/\/alicanteturismo.com\/wp-content\/uploads\/2024\/07\/tarifas.svg\" class=\"plus-col-img--left\" title=\"tarifas\" alt=\"tarifas\">\n\t\t\t\t\t\t\t\t\t\t\t\t\t\t\t\t\t\t\t\t\t\t\t\t\t\t<span class=\"plus-table__text-inner\">TARIFAS<\/span>\n\t\t\t\t\t\t\t\t\t\t\t\t\t\t\t\t\t\t\t\t\t\t<\/span> \n\t\t\t\t\t\t\t\t\t\t\t\n\t\t\t\t\t\t\t\t\t\t\t\t\t\t\t\t\t\t\t\t\t\t<\/span>\n\t\t\t\t\t\t\t\t\t\t<\/th>\n\t\t\t\t\t\t\t\t\t\t\t\t\t\t\t\t<\/thead> \n\t\t\t\t\t\t\n\t\t\t\t\t\t<tbody>\n\t\t\t\t\t\t\t<!-- ROWS -->\n\t\t\t\t\t\t\t\t\t\t\t\t\t\t\t\t\t\t<tr data-entry=\"1\" class=\"plus-table-row\">\n\t\t\t\t\t\t\t\t\t\t\t\t\t\t\t\t\t\t\t\t\t<td id=\"tooltip69f274686d334\"class=\"plus-table-col elementor-repeater-item-e0c094e\" data-title=\"TARIFAS\">\n\t\t\t\t\t\t\t\t\t\t\t\t\t\t\t\t\t\t\t\t\t\t\t\t\t\t\t\t\t\t\t\t\t\t\t\t<span class=\"plus-table__text\">\n\t\t\t\t\t\t\t\t\t\t\t\t\t\t\t\t\t\t\t\t\t\t\t\t\t\t\t\t\t\t\t\t\t\t\t\t\t\t\t\t\t\t\t\t\t\t\t\t\t\t\t\t\t\t\t\t\t\t\t\t\t\t\t\t\t\t\t\t\t\t\t\t<span class=\"plus-table__text-inner\"><span style=\"color: #04306e;padding-left: 2em\"><strong>Acceso gratuito.<\/strong><\/span><\/span>\n\t\t\t\t\t\t\t\t\t\t\t\t\t\t\t\t\t\t\t\t\t\t\t\t\t\t\t\t\t\t\t\t\t\t\t\t\t\t\t\t\t\t\t\t\t\t\t\t\t\t\t\t\t\t\t\t\t\t\t\t\t\t\t\t\t\t\t\t\t\t\t\t\t\t\t\t\t\t\t\t\t\t\t\t<\/span>\n\t\t\t\t\t\t\t\t\t\t\t\t\t\t\t\t\t\t\t\t\t\t\t\t\t\t\t\t\t\t\t\t\t<\/td>\n\t\t\t\t\t\t\t\t\t\t\t\t\t\t\t\t\t<\/tbody>\n\t\t\t\t<\/table>\n\n\t\t\t<\/div> \n\t\t\t<style><\/style>\t\t\t\t<\/div>\n\t\t\t\t<\/div>\n\t\t\t\t<\/div>\n\t\t\t\t<\/div>\n\t\t<div class=\"elementor-element elementor-element-2df14408 e-con-full e-flex e-con e-child\" data-id=\"2df14408\" data-element_type=\"container\" data-e-type=\"container\">\n\t\t\t\t<div class=\"elementor-element elementor-element-7dc55031 elementor-widget elementor-widget-image\" data-id=\"7dc55031\" data-element_type=\"widget\" data-e-type=\"widget\" data-widget_type=\"image.default\">\n\t\t\t\t<div class=\"elementor-widget-container\">\n\t\t\t\t\t\t\t\t\t\t\t\t\t\t\t<img loading=\"lazy\" decoding=\"async\" width=\"1200\" height=\"800\" src=\"https:\/\/alicanteturismo.com\/wp-content\/uploads\/2024\/05\/33.-Alicante.-Museo-de-Hogueras-1.jpg\" class=\"attachment-full size-full wp-image-287580\" alt=\"\" srcset=\"https:\/\/alicanteturismo.com\/wp-content\/uploads\/2024\/05\/33.-Alicante.-Museo-de-Hogueras-1.jpg 1200w, https:\/\/alicanteturismo.com\/wp-content\/uploads\/2024\/05\/33.-Alicante.-Museo-de-Hogueras-1-300x200.jpg 300w, https:\/\/alicanteturismo.com\/wp-content\/uploads\/2024\/05\/33.-Alicante.-Museo-de-Hogueras-1-1024x683.jpg 1024w, https:\/\/alicanteturismo.com\/wp-content\/uploads\/2024\/05\/33.-Alicante.-Museo-de-Hogueras-1-768x512.jpg 768w\" sizes=\"(max-width: 1200px) 100vw, 1200px\" \/>\t\t\t\t\t\t\t\t\t\t\t\t\t\t\t<\/div>\n\t\t\t\t<\/div>\n\t\t\t\t<\/div>\n\t\t\t\t<\/div>\n\t\t\t\t<\/div>\n\t\t<div class=\"elementor-element elementor-element-71a4b3be e-con-full e-flex e-con e-parent\" data-id=\"71a4b3be\" data-element_type=\"container\" data-e-type=\"container\">\n\t\t<div class=\"elementor-element elementor-element-16eef1ab e-con-full e-flex e-con e-child\" data-id=\"16eef1ab\" data-element_type=\"container\" data-e-type=\"container\">\n\t\t\t\t<div class=\"elementor-element elementor-element-4ede5d29 elementor-arrows-position-inside elementor-pagination-position-outside elementor-widget elementor-widget-image-carousel\" data-id=\"4ede5d29\" data-element_type=\"widget\" data-e-type=\"widget\" data-settings=\"{&quot;slides_to_show&quot;:&quot;1&quot;,&quot;navigation&quot;:&quot;both&quot;,&quot;autoplay&quot;:&quot;yes&quot;,&quot;pause_on_hover&quot;:&quot;yes&quot;,&quot;pause_on_interaction&quot;:&quot;yes&quot;,&quot;autoplay_speed&quot;:5000,&quot;infinite&quot;:&quot;yes&quot;,&quot;effect&quot;:&quot;slide&quot;,&quot;speed&quot;:500}\" data-widget_type=\"image-carousel.default\">\n\t\t\t\t<div class=\"elementor-widget-container\">\n\t\t\t\t\t\t\t<div class=\"elementor-image-carousel-wrapper swiper\" role=\"region\" aria-roledescription=\"carousel\" aria-label=\"Carrusel de im\u00e1genes\" dir=\"ltr\">\n\t\t\t<div class=\"elementor-image-carousel swiper-wrapper\" aria-live=\"off\">\n\t\t\t\t\t\t\t\t<div class=\"swiper-slide\" role=\"group\" aria-roledescription=\"slide\" aria-label=\"1 of 3\"><figure class=\"swiper-slide-inner\"><img decoding=\"async\" class=\"swiper-slide-image\" src=\"https:\/\/alicanteturismo.com\/wp-content\/uploads\/2024\/05\/ninot-hogueras-e1716547663834.jpg\" alt=\"ninot-hogueras\" \/><\/figure><\/div><div class=\"swiper-slide\" role=\"group\" aria-roledescription=\"slide\" aria-label=\"2 of 3\"><figure class=\"swiper-slide-inner\"><img decoding=\"async\" class=\"swiper-slide-image\" src=\"https:\/\/alicanteturismo.com\/wp-content\/uploads\/2024\/05\/museo_hogueras_interior21-1.jpg\" alt=\"museo_hogueras_interior21 (1)\" \/><\/figure><\/div><div class=\"swiper-slide\" role=\"group\" aria-roledescription=\"slide\" aria-label=\"3 of 3\"><figure class=\"swiper-slide-inner\"><img decoding=\"async\" class=\"swiper-slide-image\" src=\"https:\/\/alicanteturismo.com\/wp-content\/uploads\/2024\/05\/museo_hogueras_interior1.jpg\" alt=\"museo_hogueras_interior1\" \/><\/figure><\/div>\t\t\t<\/div>\n\t\t\t\t\t\t\t\t\t\t\t\t<div class=\"elementor-swiper-button elementor-swiper-button-prev\" role=\"button\" tabindex=\"0\">\n\t\t\t\t\t\t<svg aria-hidden=\"true\" class=\"e-font-icon-svg e-eicon-chevron-left\" viewBox=\"0 0 1000 1000\" xmlns=\"http:\/\/www.w3.org\/2000\/svg\"><path d=\"M646 125C629 125 613 133 604 142L308 442C296 454 292 471 292 487 292 504 296 521 308 533L604 854C617 867 629 875 646 875 663 875 679 871 692 858 704 846 713 829 713 812 713 796 708 779 692 767L438 487 692 225C700 217 708 204 708 187 708 171 704 154 692 142 675 129 663 125 646 125Z\"><\/path><\/svg>\t\t\t\t\t<\/div>\n\t\t\t\t\t<div class=\"elementor-swiper-button elementor-swiper-button-next\" role=\"button\" tabindex=\"0\">\n\t\t\t\t\t\t<svg aria-hidden=\"true\" class=\"e-font-icon-svg e-eicon-chevron-right\" viewBox=\"0 0 1000 1000\" xmlns=\"http:\/\/www.w3.org\/2000\/svg\"><path d=\"M696 533C708 521 713 504 713 487 713 471 708 454 696 446L400 146C388 133 375 125 354 125 338 125 325 129 313 142 300 154 292 171 292 187 292 204 296 221 308 233L563 492 304 771C292 783 288 800 288 817 288 833 296 850 308 863 321 871 338 875 354 875 371 875 388 867 400 854L696 533Z\"><\/path><\/svg>\t\t\t\t\t<\/div>\n\t\t\t\t\n\t\t\t\t\t\t\t\t\t<div class=\"swiper-pagination\"><\/div>\n\t\t\t\t\t\t\t\t\t<\/div>\n\t\t\t\t\t\t<\/div>\n\t\t\t\t<\/div>\n\t\t<div class=\"elementor-element elementor-element-43aefc9d e-con-full e-flex e-con e-child\" data-id=\"43aefc9d\" data-element_type=\"container\" data-e-type=\"container\">\n\t\t<!-- hidden container 287579-6cdf9bf -->\t\t<div class=\"elementor-element elementor-element-37c685a2 elementor-widget__width-inherit plus-border-yes elementor-widget elementor-widget-tp-table\" data-id=\"37c685a2\" data-element_type=\"widget\" data-e-type=\"widget\" data-widget_type=\"tp-table.default\">\n\t\t\t\t<div class=\"elementor-widget-container\">\n\t\t\t\t\t\t\t\t<div itemscope class=\"plus-table-wrapper   tp-table-mobresswipe\" itemtype=\"http:\/\/schema.org\/Table\">\n\n\t\t\t\t<table id=\"plus-table-id-37c685a2\" class=\"plus-table plus-text-break plus-column-rules\" data-sort-table=\"no\" data-show-entry=\"no\" data-searchable=\"no\">\n\t\t\t\t\t\t\t\t\t\t\t<thead> \n\t\t\t\t\t\t\t\t\t\t\t\t\t\t\t\t<tr class=\"plus-table-row\"> \n\t\t\t\t\t\t\t\t\t\t\t\t\t\t\t\t\t\t\t\t\t\t\t\t<th id=\"tooltip69f274687edf3\"data-sort=\"0\" class=\"sort-this elementor-repeater-item-0f2f9a1 plus-table-col\" data-local=\"true\"  scope=\"col\">\n\t\t\t\t\t\t\t\t\t\t\t<span class=\"sort-style\">\n\t\t\t\t\t\t\t\t\t\t\t<span class=\"plus-table__text\">\n\t\t\t\t\t\t\t\t\t\t\t\t\t\t\t\t\t\t\t\t\t\t\t\t\t\t<img decoding=\"async\" src=\"https:\/\/alicanteturismo.com\/wp-content\/uploads\/2025\/03\/reloj-1-1-1.svg\" class=\"plus-col-img--left\" title=\"reloj-1-1-1.svg\" alt=\"reloj-1-1-1.svg\">\n\t\t\t\t\t\t\t\t\t\t\t\t\t\t\t\t\t\t\t\t\t\t\t\t\t\t<span class=\"plus-table__text-inner\">HORARIO<\/span>\n\t\t\t\t\t\t\t\t\t\t\t\t\t\t\t\t\t\t\t\t\t\t<\/span> \n\t\t\t\t\t\t\t\t\t\t\t\n\t\t\t\t\t\t\t\t\t\t\t\t\t\t\t\t\t\t\t\t\t\t<\/span>\n\t\t\t\t\t\t\t\t\t\t<\/th>\n\t\t\t\t\t\t\t\t\t\t\t\t\t\t\t\t<\/thead> \n\t\t\t\t\t\t\n\t\t\t\t\t\t<tbody>\n\t\t\t\t\t\t\t<!-- ROWS -->\n\t\t\t\t\t\t\t\t\t\t\t\t\t\t\t\t\t\t<tr data-entry=\"1\" class=\"plus-table-row\">\n\t\t\t\t\t\t\t\t\t\t\t\t\t\t\t\t\t\t\t\t\t<td id=\"tooltip69f274687ee88\"class=\"plus-table-col elementor-repeater-item-e0c094e\" data-title=\"HORARIO\">\n\t\t\t\t\t\t\t\t\t\t\t\t\t\t\t\t\t\t\t\t\t\t\t\t\t\t\t\t\t\t\t\t\t\t\t\t<span class=\"plus-table__text\">\n\t\t\t\t\t\t\t\t\t\t\t\t\t\t\t\t\t\t\t\t\t\t\t\t\t\t\t\t\t\t\t\t\t\t\t\t\t\t\t\t\t\t\t\t\t\t\t\t\t\t\t\t\t\t\t\t\t\t\t\t\t\t\t\t\t\t\t\t\t\t\t\t<span class=\"plus-table__text-inner\"><div><strong>OCTUBRE - JUNIO<\/strong>\n<\/div><\/span>\n\t\t\t\t\t\t\t\t\t\t\t\t\t\t\t\t\t\t\t\t\t\t\t\t\t\t\t\t\t\t\t\t\t\t\t\t\t\t\t\t\t\t\t\t\t\t\t\t\t\t\t\t\t\t\t\t\t\t\t\t\t\t\t\t\t\t\t\t\t\t\t\t\t\t\t\t\t\t\t\t\t\t\t\t<\/span>\n\t\t\t\t\t\t\t\t\t\t\t\t\t\t\t\t\t\t\t\t\t\t\t\t\t\t\t\t\t\t\t\t\t<\/td>\n\t\t\t\t\t\t\t\t\t\t\t\t\t\t\t\t\t\t\t\t\t\t<\/tr><tr data-entry=\"2\" class=\"plus-table-row\">\n\t\t\t\t\t\t\t\t\t\t\t\t\t\t\t\t\t\t\t\t\t<td id=\"tooltip69f274687ef61\"class=\"plus-table-col elementor-repeater-item-c77e0bb\" data-title=\"HORARIO\">\n\t\t\t\t\t\t\t\t\t\t\t\t\t\t\t\t\t\t\t\t\t\t\t\t\t\t\t\t\t\t\t\t\t\t\t\t<span class=\"plus-table__text\">\n\t\t\t\t\t\t\t\t\t\t\t\t\t\t\t\t\t\t\t\t\t\t\t\t\t\t\t\t\t\t\t\t\t\t\t\t\t\t\t\t\t\t\t\t\t\t\t\t\t\t\t\t\t\t\t\t\t\t\t\t\t\t\t\t\t\t\t\t\t\t\t\t<span class=\"plus-table__text-inner\"><div><img decoding=\"async\" src=\"https:\/\/alicanteturismo.com\/wp-content\/uploads\/2024\/05\/reloj-1.svg\" alt=\"icono\" style=\"width:20px\" \/><strong> Lunes:<\/strong> Cerrado\n\n<br><br><img decoding=\"async\" src=\"https:\/\/alicanteturismo.com\/wp-content\/uploads\/2024\/06\/agenda-de-eventos.svg\" alt=\"icono\" style=\"width:20px\" \/> <strong>Martes a viernes<\/strong> \n\n<br><img decoding=\"async\" src=\"https:\/\/alicanteturismo.com\/wp-content\/uploads\/2024\/05\/reloj-1.svg\" alt=\"icono\" style=\"width:20px\" \/> 10:00h \u2013 13:30h\n<br><img decoding=\"async\" src=\"https:\/\/alicanteturismo.com\/wp-content\/uploads\/2024\/05\/reloj-1.svg\" alt=\"icono\" style=\"width:20px\" \/> 17:00h \u2013 19:30h\n\n<br><br><img decoding=\"async\" src=\"https:\/\/alicanteturismo.com\/wp-content\/uploads\/2024\/06\/agenda-de-eventos.svg\" alt=\"icono\" style=\"width:20px\" \/><strong> S\u00e1bados y domingos<\/strong> \n<br><img decoding=\"async\" src=\"https:\/\/alicanteturismo.com\/wp-content\/uploads\/2024\/05\/reloj-1.svg\" alt=\"icono\" style=\"width:20px\" \/> 10:00h \u2013 13:30h\n<\/div><\/span>\n\t\t\t\t\t\t\t\t\t\t\t\t\t\t\t\t\t\t\t\t\t\t\t\t\t\t\t\t\t\t\t\t\t\t\t\t\t\t\t\t\t\t\t\t\t\t\t\t\t\t\t\t\t\t\t\t\t\t\t\t\t\t\t\t\t\t\t\t\t\t\t\t\t\t\t\t\t\t\t\t\t\t\t\t<\/span>\n\t\t\t\t\t\t\t\t\t\t\t\t\t\t\t\t\t\t\t\t\t\t\t\t\t\t\t\t\t\t\t\t\t<\/td>\n\t\t\t\t\t\t\t\t\t\t\t\t\t\t\t\t\t\t\t\t\t\t<\/tr><tr data-entry=\"3\" class=\"plus-table-row\">\n\t\t\t\t\t\t\t\t\t\t\t\t\t\t\t\t\t\t\t\t\t<td id=\"tooltip69f274687f1eb\"class=\"plus-table-col elementor-repeater-item-594595d\" data-title=\"HORARIO\">\n\t\t\t\t\t\t\t\t\t\t\t\t\t\t\t\t\t\t\t\t\t\t\t\t\t\t\t\t\t\t\t\t\t\t\t\t<span class=\"plus-table__text\">\n\t\t\t\t\t\t\t\t\t\t\t\t\t\t\t\t\t\t\t\t\t\t\t\t\t\t\t\t\t\t\t\t\t\t\t\t\t\t\t\t\t\t\t\t\t\t\t\t\t\t\t\t\t\t\t\t\t\t\t\t\t\t\t\t\t\t\t\t\t\t\t\t<span class=\"plus-table__text-inner\"><div><strong>JULIO Y AGOSTO<\/strong><\/div><\/span>\n\t\t\t\t\t\t\t\t\t\t\t\t\t\t\t\t\t\t\t\t\t\t\t\t\t\t\t\t\t\t\t\t\t\t\t\t\t\t\t\t\t\t\t\t\t\t\t\t\t\t\t\t\t\t\t\t\t\t\t\t\t\t\t\t\t\t\t\t\t\t\t\t\t\t\t\t\t\t\t\t\t\t\t\t<\/span>\n\t\t\t\t\t\t\t\t\t\t\t\t\t\t\t\t\t\t\t\t\t\t\t\t\t\t\t\t\t\t\t\t\t<\/td>\n\t\t\t\t\t\t\t\t\t\t\t\t\t\t\t\t\t\t\t\t\t\t<\/tr><tr data-entry=\"4\" class=\"plus-table-row\">\n\t\t\t\t\t\t\t\t\t\t\t\t\t\t\t\t\t\t\t\t\t<td id=\"tooltip69f274687f26b\"class=\"plus-table-col elementor-repeater-item-d4bdcd4\" data-title=\"HORARIO\">\n\t\t\t\t\t\t\t\t\t\t\t\t\t\t\t\t\t\t\t\t\t\t\t\t\t\t\t\t\t\t\t\t\t\t\t\t<span class=\"plus-table__text\">\n\t\t\t\t\t\t\t\t\t\t\t\t\t\t\t\t\t\t\t\t\t\t\t\t\t\t\t\t\t\t\t\t\t\t\t\t\t\t\t\t\t\t\t\t\t\t\t\t\t\t\t\t\t\t\t\t\t\t\t\t\t\t\t\t\t\t\t\t\t\t\t\t<span class=\"plus-table__text-inner\"><div><img decoding=\"async\" src=\"https:\/\/alicanteturismo.com\/wp-content\/uploads\/2024\/05\/reloj-1.svg\" alt=\"icono\" style=\"width:20px\" \/><strong> Lunes:<\/strong> Cerrado\n\n<br><br><img decoding=\"async\" src=\"https:\/\/alicanteturismo.com\/wp-content\/uploads\/2024\/06\/agenda-de-eventos.svg\" alt=\"icono\" style=\"width:20px\" \/> <strong>Martes a viernes<\/strong> \n\n<br><img decoding=\"async\" src=\"https:\/\/alicanteturismo.com\/wp-content\/uploads\/2024\/05\/reloj-1.svg\" alt=\"icono\" style=\"width:20px\" \/> 10:00h \u2013 13:30h\n<br><img decoding=\"async\" src=\"https:\/\/alicanteturismo.com\/wp-content\/uploads\/2024\/05\/reloj-1.svg\" alt=\"icono\" style=\"width:20px\" \/> 18:00h \u2013 20:30h\n\n<br><br><img decoding=\"async\" src=\"https:\/\/alicanteturismo.com\/wp-content\/uploads\/2024\/06\/agenda-de-eventos.svg\" alt=\"icono\" style=\"width:20px\" \/><strong> S\u00e1bado<\/strong> \n<br><img decoding=\"async\" src=\"https:\/\/alicanteturismo.com\/wp-content\/uploads\/2024\/05\/reloj-1.svg\" alt=\"icono\" style=\"width:20px\" \/> 10:00h \u2013 13:30h\n\n<br><br><img decoding=\"async\" src=\"https:\/\/alicanteturismo.com\/wp-content\/uploads\/2024\/05\/reloj-1.svg\" alt=\"icono\" style=\"width:20px\" \/><strong> Domingo:<\/strong>  Cerrado \n<\/div><\/span>\n\t\t\t\t\t\t\t\t\t\t\t\t\t\t\t\t\t\t\t\t\t\t\t\t\t\t\t\t\t\t\t\t\t\t\t\t\t\t\t\t\t\t\t\t\t\t\t\t\t\t\t\t\t\t\t\t\t\t\t\t\t\t\t\t\t\t\t\t\t\t\t\t\t\t\t\t\t\t\t\t\t\t\t\t<\/span>\n\t\t\t\t\t\t\t\t\t\t\t\t\t\t\t\t\t\t\t\t\t\t\t\t\t\t\t\t\t\t\t\t\t<\/td>\n\t\t\t\t\t\t\t\t\t\t\t\t\t\t\t\t\t\t\t\t\t\t<\/tr><tr data-entry=\"5\" class=\"plus-table-row\">\n\t\t\t\t\t\t\t\t\t\t\t\t\t\t\t\t\t\t\t\t\t<td id=\"tooltip69f274687f4eb\"class=\"plus-table-col elementor-repeater-item-d78291b\" data-title=\"HORARIO\">\n\t\t\t\t\t\t\t\t\t\t\t\t\t\t\t\t\t\t\t\t\t\t\t\t\t\t\t\t\t\t\t\t\t\t\t\t<span class=\"plus-table__text\">\n\t\t\t\t\t\t\t\t\t\t\t\t\t\t\t\t\t\t\t\t\t\t\t\t\t\t\t\t\t\t\t\t\t\t\t\t\t\t\t\t\t\t\t\t\t\t\t\t\t\t\t\t\t\t\t\t\t\t\t\t\t\t\t\t\t\t\t\t\t\t\t\t<span class=\"plus-table__text-inner\"><div><strong>SEPTIEMBRE<\/strong><\/div><\/span>\n\t\t\t\t\t\t\t\t\t\t\t\t\t\t\t\t\t\t\t\t\t\t\t\t\t\t\t\t\t\t\t\t\t\t\t\t\t\t\t\t\t\t\t\t\t\t\t\t\t\t\t\t\t\t\t\t\t\t\t\t\t\t\t\t\t\t\t\t\t\t\t\t\t\t\t\t\t\t\t\t\t\t\t\t<\/span>\n\t\t\t\t\t\t\t\t\t\t\t\t\t\t\t\t\t\t\t\t\t\t\t\t\t\t\t\t\t\t\t\t\t<\/td>\n\t\t\t\t\t\t\t\t\t\t\t\t\t\t\t\t\t\t\t\t\t\t<\/tr><tr data-entry=\"6\" class=\"plus-table-row\">\n\t\t\t\t\t\t\t\t\t\t\t\t\t\t\t\t\t\t\t\t\t<td id=\"tooltip69f274687f57c\"class=\"plus-table-col elementor-repeater-item-c77bce7\" data-title=\"HORARIO\">\n\t\t\t\t\t\t\t\t\t\t\t\t\t\t\t\t\t\t\t\t\t\t\t\t\t\t\t\t\t\t\t\t\t\t\t\t<span class=\"plus-table__text\">\n\t\t\t\t\t\t\t\t\t\t\t\t\t\t\t\t\t\t\t\t\t\t\t\t\t\t\t\t\t\t\t\t\t\t\t\t\t\t\t\t\t\t\t\t\t\t\t\t\t\t\t\t\t\t\t\t\t\t\t\t\t\t\t\t\t\t\t\t\t\t\t\t<span class=\"plus-table__text-inner\"><div><img decoding=\"async\" src=\"https:\/\/alicanteturismo.com\/wp-content\/uploads\/2024\/05\/reloj-1.svg\" alt=\"icono\" style=\"width:20px\" \/><strong> Lunes:<\/strong> Cerrado\n\n<br><br><img decoding=\"async\" src=\"https:\/\/alicanteturismo.com\/wp-content\/uploads\/2024\/06\/agenda-de-eventos.svg\" alt=\"icono\" style=\"width:20px\" \/> <strong>Martes a viernes<\/strong> \n\n<br><img decoding=\"async\" src=\"https:\/\/alicanteturismo.com\/wp-content\/uploads\/2024\/05\/reloj-1.svg\" alt=\"icono\" style=\"width:20px\" \/> 10:00h \u2013 13:30h\n<br><img decoding=\"async\" src=\"https:\/\/alicanteturismo.com\/wp-content\/uploads\/2024\/05\/reloj-1.svg\" alt=\"icono\" style=\"width:20px\" \/> 17:00h \u2013 19:30h\n\n<br><br><img decoding=\"async\" src=\"https:\/\/alicanteturismo.com\/wp-content\/uploads\/2024\/06\/agenda-de-eventos.svg\" alt=\"icono\" style=\"width:20px\" \/><strong> S\u00e1bado<\/strong> \n<br><img decoding=\"async\" src=\"https:\/\/alicanteturismo.com\/wp-content\/uploads\/2024\/05\/reloj-1.svg\" alt=\"icono\" style=\"width:20px\" \/> 10:00h \u2013 13:30h\n\n<br><br><img decoding=\"async\" src=\"https:\/\/alicanteturismo.com\/wp-content\/uploads\/2024\/05\/reloj-1.svg\" alt=\"icono\" style=\"width:20px\" \/><strong> Domingo:<\/strong>  Cerrado \n<\/div><\/span>\n\t\t\t\t\t\t\t\t\t\t\t\t\t\t\t\t\t\t\t\t\t\t\t\t\t\t\t\t\t\t\t\t\t\t\t\t\t\t\t\t\t\t\t\t\t\t\t\t\t\t\t\t\t\t\t\t\t\t\t\t\t\t\t\t\t\t\t\t\t\t\t\t\t\t\t\t\t\t\t\t\t\t\t\t<\/span>\n\t\t\t\t\t\t\t\t\t\t\t\t\t\t\t\t\t\t\t\t\t\t\t\t\t\t\t\t\t\t\t\t\t<\/td>\n\t\t\t\t\t\t\t\t\t\t\t\t\t\t\t\t\t<\/tbody>\n\t\t\t\t<\/table>\n\n\t\t\t<\/div> \n\t\t\t<style><\/style>\t\t\t\t<\/div>\n\t\t\t\t<\/div>\n\t\t\t\t<div class=\"elementor-element elementor-element-0d75a1e elementor-widget elementor-widget-text-editor\" data-id=\"0d75a1e\" data-element_type=\"widget\" data-e-type=\"widget\" data-widget_type=\"text-editor.default\">\n\t\t\t\t<div class=\"elementor-widget-container\">\n\t\t\t\t\t\t\t\t\t<p>*L&#8217;acc\u00e9s al Museu quedar\u00e0 restringit 15 minuts abans del seu tancament.<\/p>\n\t\t\t\t\t\t\t\t<\/div>\n\t\t\t\t<\/div>\n\t\t<!-- hidden container 287579-1d2705e5 -->\t\t<\/div>\n\t\t\t\t<\/div>\n\t\t<div class=\"elementor-element elementor-element-2e5171e6 e-con-full e-flex e-con e-child\" data-id=\"2e5171e6\" data-element_type=\"container\" data-e-type=\"container\">\n\t\t<div class=\"elementor-element elementor-element-1ee02c9d e-con-full e-flex e-con e-child\" data-id=\"1ee02c9d\" data-element_type=\"container\" data-e-type=\"container\">\n\t\t\t\t<div class=\"elementor-element elementor-element-f578acb elementor-widget__width-initial dc-has-condition dc-condition-contains elementor-widget elementor-widget-text-editor\" data-id=\"f578acb\" data-element_type=\"widget\" data-e-type=\"widget\" data-widget_type=\"text-editor.default\">\n\t\t\t\t<div class=\"elementor-widget-container\">\n\t\t\t\t\t\t\t\t\t<div class=\"divaccesible\"><span style=\"width: 20px;height: 20px\"><img loading=\"lazy\" decoding=\"async\" class=\"alignnone wp-image-1184\" src=\"https:\/\/alicanteturismo.com\/wp-content\/uploads\/2024\/05\/correo.svg\" alt=\"\" width=\"30\" height=\"30\" \/> <\/span><span style=\"font-weight: 800;font-size: 19px;font-family: Panton\">INFORMACI\u00d3 DE CONTACTE:<\/span><\/div>\n\n<table id=\"tablepress-107\" class=\"tablepress tablepress-id-107 nauticos\">\n<tbody class=\"row-striping\">\n<tr class=\"row-1\">\n\t<td class=\"column-1\"><\/td>\n<\/tr>\n<tr class=\"row-2\">\n\t<td class=\"column-1\"><div><img decoding=\"async\" src=\"https:\/\/alicanteturismo.com\/wp-content\/uploads\/2024\/09\/llamada-telefonica.svg\" alt=\"icono\" style=\"width:20px\" \/> +34 965 146 828<\/div><\/td>\n<\/tr>\n<tr class=\"row-3\">\n\t<td class=\"column-1\"><div><img decoding=\"async\" src=\"https:\/\/alicanteturismo.com\/wp-content\/uploads\/2024\/05\/correo.svg\" alt=\"icono\" style=\"width:20px\" \/> <a href=\"mailto:fiestas@alicante.es\">fiestas@alicante.es<\/a><br \/>\n<\/div><\/td>\n<\/tr>\n<tr class=\"row-4\">\n\t<td class=\"column-1\"><div><img decoding=\"async\" src=\"https:\/\/alicanteturismo.com\/wp-content\/uploads\/2024\/09\/web.svg\" alt=\"icono\" style=\"width:20px\" \/> <a href=\"https:\/\/www.alicante.es\/es\/equipamientos\/museu-fogueres\" target=\"_blank\" rel=\"noopener\">www.alicante.es<\/a><br \/>\n<\/div><\/td>\n<\/tr>\n<\/tbody>\n<\/table>\n<!-- #tablepress-107 from cache -->\n\t\t\t\t\t\t\t\t<\/div>\n\t\t\t\t<\/div>\n\t\t\t\t<div class=\"elementor-element elementor-element-1fffbed4 elementor-hidden-widescreen elementor-hidden-desktop elementor-hidden-laptop elementor-hidden-tablet_extra elementor-hidden-tablet elementor-hidden-mobile_extra elementor-widget elementor-widget-image\" data-id=\"1fffbed4\" data-element_type=\"widget\" data-e-type=\"widget\" data-widget_type=\"image.default\">\n\t\t\t\t<div class=\"elementor-widget-container\">\n\t\t\t\t\t\t\t\t\t\t\t\t\t\t\t<img loading=\"lazy\" decoding=\"async\" width=\"1200\" height=\"800\" src=\"https:\/\/alicanteturismo.com\/wp-content\/uploads\/2024\/05\/33.-Alicante.-Museo-de-Hogueras-1.jpg\" class=\"attachment-full size-full wp-image-287580\" alt=\"\" srcset=\"https:\/\/alicanteturismo.com\/wp-content\/uploads\/2024\/05\/33.-Alicante.-Museo-de-Hogueras-1.jpg 1200w, https:\/\/alicanteturismo.com\/wp-content\/uploads\/2024\/05\/33.-Alicante.-Museo-de-Hogueras-1-300x200.jpg 300w, https:\/\/alicanteturismo.com\/wp-content\/uploads\/2024\/05\/33.-Alicante.-Museo-de-Hogueras-1-1024x683.jpg 1024w, https:\/\/alicanteturismo.com\/wp-content\/uploads\/2024\/05\/33.-Alicante.-Museo-de-Hogueras-1-768x512.jpg 768w\" sizes=\"(max-width: 1200px) 100vw, 1200px\" \/>\t\t\t\t\t\t\t\t\t\t\t\t\t\t\t<\/div>\n\t\t\t\t<\/div>\n\t\t\t\t<div class=\"elementor-element elementor-element-ec35841 dc-has-condition dc-condition-contains elementor-widget elementor-widget-text-editor\" data-id=\"ec35841\" data-element_type=\"widget\" data-e-type=\"widget\" data-widget_type=\"text-editor.default\">\n\t\t\t\t<div class=\"elementor-widget-container\">\n\t\t\t\t\t\t\t\t\t<div class=\"divaccesible\"><span style=\"width: 20px;height: 20px\"><img loading=\"lazy\" decoding=\"async\" loading=\"lazy\" class=\"alignnone wp-image-1186\" src=\"https:\/\/alicanteturismo.com\/wp-content\/uploads\/2024\/05\/ubicaciones.svg\" alt=\"\" width=\"30\" height=\"30\" \/> <\/span><span style=\"color: #00132e;font-weight: 800;font-size: 19px;font-family: Panton\">COM ARRIBAR:<\/span><\/div>\n\n<table id=\"tablepress-155\" class=\"tablepress tablepress-id-155 nauticos\">\n<tbody class=\"row-striping\">\n<tr class=\"row-1\">\n\t<td class=\"column-1\"><\/td>\n<\/tr>\n<tr class=\"row-2\">\n\t<td class=\"column-1\"><div><img decoding=\"async\" src=\"https:\/\/alicanteturismo.com\/wp-content\/uploads\/2024\/05\/pasador-de-ubicacion.svg\" alt=\"icono\" style=\"width:20px\" \/> C\/ Rambla de M\u00e9ndez N\u00fa\u00f1ez  29, 03003, Alicante<\/div><\/td>\n<\/tr>\n<tr class=\"row-3\">\n\t<td class=\"column-1\"><div><img decoding=\"async\" src=\"https:\/\/alicanteturismo.com\/wp-content\/uploads\/2024\/07\/estacion-de-autobuses.svg\" alt=\"icono\" style=\"width:20px\" \/> L2 &#8211; L5 &#8211; L8 &#8211; L10 &#8211; L13 &#8211; L21 &#8211; L22 Turibus (Rambla)<br \/>\n<img decoding=\"async\" src=\"https:\/\/alicanteturismo.com\/wp-content\/uploads\/2024\/07\/estacion-de-autobuses.svg\" alt=\"icono\" style=\"width:20px\" \/> L1 &#8211; L3 &#8211; L4 &#8211; L6 &#8211; L9 &#8211; L24 &#8211; C6 (Alfonso El Sabio)<\/div><\/td>\n<\/tr>\n<tr class=\"row-4\">\n\t<td class=\"column-1\"><div><img decoding=\"async\" src=\"https:\/\/alicanteturismo.com\/wp-content\/uploads\/2024\/07\/tram.svg\" alt=\"icono\" style=\"width:20px\" \/> L1 \u2013 L2 \u2013 L3 \u2013 L4 (Mercado)<\/div><\/td>\n<\/tr>\n<\/tbody>\n<\/table>\n<!-- #tablepress-155 from cache -->\n\t\t\t\t\t\t\t\t<\/div>\n\t\t\t\t<\/div>\n\t\t<div class=\"elementor-element elementor-element-478774cf e-con-full elementor-hidden-widescreen elementor-hidden-desktop elementor-hidden-laptop elementor-hidden-tablet_extra elementor-hidden-tablet elementor-hidden-mobile_extra elementor-hidden-mobile e-flex e-con e-child\" data-id=\"478774cf\" data-element_type=\"container\" data-e-type=\"container\">\n\t\t\t\t<div class=\"elementor-element elementor-element-62732ce6 elementor-view-default elementor-widget elementor-widget-icon\" data-id=\"62732ce6\" data-element_type=\"widget\" data-e-type=\"widget\" data-widget_type=\"icon.default\">\n\t\t\t\t<div class=\"elementor-widget-container\">\n\t\t\t\t\t\t\t<div class=\"elementor-icon-wrapper\">\n\t\t\t<div class=\"elementor-icon\">\n\t\t\t<svg xmlns=\"http:\/\/www.w3.org\/2000\/svg\" xmlns:xlink=\"http:\/\/www.w3.org\/1999\/xlink\" width=\"512\" height=\"512\" x=\"0\" y=\"0\" viewBox=\"0 0 24 24\" style=\"enable-background:new 0 0 512 512\" xml:space=\"preserve\" class=\"\"><g><path d=\"M13 19h-2V1h2v1h9a1 1 0 0 1 .89.55 1 1 0 0 1-.09 1.05L20.25 7l2.55 3.4a1 1 0 0 1 .09 1 1 1 0 0 1-.89.6h-9zm9.13-1.78C20.72 15.85 17.92 15 15 15.14l.07 2C18.69 17 20.92 18.49 21 19c-.15.55-3.15 2-9 2s-8.85-1.46-9-2c.08-.53 2.27-2 6-1.88l.06-2c-3-.11-5.8.72-7.2 2.09A2.46 2.46 0 0 0 1 19c0 2.75 5.7 4 11 4s11-1.25 11-4a2.46 2.46 0 0 0-.87-1.78z\" data-name=\"34 Location, Address, Flag\" fill=\"#00adbb\" opacity=\"1\" data-original=\"#000000\" class=\"\"><\/path><\/g><\/svg>\t\t\t<\/div>\n\t\t<\/div>\n\t\t\t\t\t\t<\/div>\n\t\t\t\t<\/div>\n\t\t\t\t<div class=\"elementor-element elementor-element-4aaae92c elementor-widget elementor-widget-n-accordion\" data-id=\"4aaae92c\" data-element_type=\"widget\" data-e-type=\"widget\" data-settings=\"{&quot;default_state&quot;:&quot;expanded&quot;,&quot;max_items_expended&quot;:&quot;one&quot;,&quot;n_accordion_animation_duration&quot;:{&quot;unit&quot;:&quot;ms&quot;,&quot;size&quot;:400,&quot;sizes&quot;:[]}}\" data-widget_type=\"nested-accordion.default\">\n\t\t\t\t<div class=\"elementor-widget-container\">\n\t\t\t\t\t\t\t<div class=\"e-n-accordion\" aria-label=\"Accordion. Open links with Enter or Space, close with Escape, and navigate with Arrow Keys\">\n\t\t\t\t\t\t<details id=\"e-n-accordion-item-1250\" class=\"e-n-accordion-item\" open>\n\t\t\t\t<summary class=\"e-n-accordion-item-title\" data-accordion-index=\"1\" tabindex=\"0\" aria-expanded=\"true\" aria-controls=\"e-n-accordion-item-1250\" >\n\t\t\t\t\t<span class='e-n-accordion-item-title-header'><div class=\"e-n-accordion-item-title-text\"> Com arribar <\/div><\/span>\n\t\t\t\t\t\t\t<span class='e-n-accordion-item-title-icon'>\n\t\t\t<span class='e-opened' ><svg aria-hidden=\"true\" class=\"e-font-icon-svg e-fas-chevron-up\" viewBox=\"0 0 448 512\" xmlns=\"http:\/\/www.w3.org\/2000\/svg\"><path d=\"M240.971 130.524l194.343 194.343c9.373 9.373 9.373 24.569 0 33.941l-22.667 22.667c-9.357 9.357-24.522 9.375-33.901.04L224 227.495 69.255 381.516c-9.379 9.335-24.544 9.317-33.901-.04l-22.667-22.667c-9.373-9.373-9.373-24.569 0-33.941L207.03 130.525c9.372-9.373 24.568-9.373 33.941-.001z\"><\/path><\/svg><\/span>\n\t\t\t<span class='e-closed'><svg aria-hidden=\"true\" class=\"e-font-icon-svg e-fas-chevron-down\" viewBox=\"0 0 448 512\" xmlns=\"http:\/\/www.w3.org\/2000\/svg\"><path d=\"M207.029 381.476L12.686 187.132c-9.373-9.373-9.373-24.569 0-33.941l22.667-22.667c9.357-9.357 24.522-9.375 33.901-.04L224 284.505l154.745-154.021c9.379-9.335 24.544-9.317 33.901.04l22.667 22.667c9.373 9.373 9.373 24.569 0 33.941L240.971 381.476c-9.373 9.372-24.569 9.372-33.942 0z\"><\/path><\/svg><\/span>\n\t\t<\/span>\n\n\t\t\t\t\t\t<\/summary>\n\t\t\t\t<div role=\"region\" aria-labelledby=\"e-n-accordion-item-1250\" class=\"elementor-element elementor-element-34087d7 e-con-full e-flex e-con e-child\" data-id=\"34087d7\" data-element_type=\"container\" data-e-type=\"container\">\n\t\t\t\t<div class=\"elementor-element elementor-element-2dd35c4e elementor-widget elementor-widget-text-editor\" data-id=\"2dd35c4e\" data-element_type=\"widget\" data-e-type=\"widget\" data-widget_type=\"text-editor.default\">\n\t\t\t\t<div class=\"elementor-widget-container\">\n\t\t\t\t\t\t\t\t\t<ul>\n<li><strong>Microbusos<\/strong>\u00a0llan\u00e7adora des de la\u00a0<strong>pla\u00e7a Porta del Mar<\/strong><\/li>\n<li><strong>Ascensors<\/strong>\u00a0a\u00a0<strong>Avinguda Juan Bautista Lafora<\/strong>, davant de la\u00a0<strong>Platja del Postiguet<br \/>\n<\/strong><\/li>\n<li>Acc\u00e9s pel\u00a0<strong>carrer V\u00e1zquez de Mella<\/strong>\u00a0per a\u00a0<strong>vehicles<\/strong>\u00a0i\u00a0<strong>itineraris urbans.<\/strong><\/li>\n<li><strong>Estacionament<\/strong>\u00a0al recinte del Castell Santa B\u00e0rbara\u00a0<span data-wahfont=\"16\"><strong>no perm\u00e9s.<\/strong><\/span><\/li>\n<li><strong>Es recomana l\u2019acc\u00e9s per als vianants pels itineraris urbans.<\/strong><\/li>\n<\/ul>\n\t\t\t\t\t\t\t\t<\/div>\n\t\t\t\t<\/div>\n\t\t\t\t<\/div>\n\t\t\t\t\t<\/details>\n\t\t\t\t\t<\/div>\n\t\t\t\t\t\t<\/div>\n\t\t\t\t<\/div>\n\t\t\t\t<\/div>\n\t\t<div class=\"elementor-element elementor-element-37f49cca e-con-full elementor-hidden-widescreen elementor-hidden-desktop elementor-hidden-laptop elementor-hidden-tablet_extra elementor-hidden-tablet elementor-hidden-mobile_extra elementor-hidden-mobile e-flex e-con e-child\" data-id=\"37f49cca\" data-element_type=\"container\" data-e-type=\"container\">\n\t\t\t\t<div class=\"elementor-element elementor-element-500463d elementor-position-inline-start elementor-mobile-position-inline-start elementor-view-default elementor-widget elementor-widget-icon-box\" data-id=\"500463d\" data-element_type=\"widget\" data-e-type=\"widget\" data-widget_type=\"icon-box.default\">\n\t\t\t\t<div class=\"elementor-widget-container\">\n\t\t\t\t\t\t\t<div class=\"elementor-icon-box-wrapper\">\n\n\t\t\t\t\t\t<div class=\"elementor-icon-box-icon\">\n\t\t\t\t<span  class=\"elementor-icon\">\n\t\t\t\t<svg xmlns=\"http:\/\/www.w3.org\/2000\/svg\" xmlns:xlink=\"http:\/\/www.w3.org\/1999\/xlink\" width=\"512\" height=\"512\" x=\"0\" y=\"0\" viewBox=\"0 0 93.646 93.646\" style=\"enable-background:new 0 0 512 512\" xml:space=\"preserve\" class=\"\"><g><path d=\"m67.971 49.778-9.378-10.345c-.584-.644-1.121-1.971-1.148-2.841L57.1 25.858v-.311c0-1.654-1.346-3-3-3H41.272c-1.478 0-3.127 1.047-3.756 2.384l-12.358 26.25a2.935 2.935 0 0 0-.096 2.292c.28.75.84 1.342 1.575 1.666l1.821.803c.388.171.802.258 1.231.258a3.143 3.143 0 0 0 2.794-1.704l5.789-11.517v11.576c-.024.067-.059.128-.081.196l-9.783 30.638c-.407 1.276-.283 2.619.35 3.781s1.693 1.994 2.987 2.343l.654.177c.428.116.872.175 1.318.175 2.251 0 4.296-1.481 4.974-3.603l9.141-28.628 3.242 7.941c.791 1.937 1.645 5.329 1.865 7.409l1.551 14.621c.249 2.341 2.1 4.04 4.402 4.04.377 0 .76-.046 1.137-.137l.659-.16c2.624-.635 4.478-3.331 4.133-6.008l-2.297-17.828c-.292-2.265-1.269-5.812-2.178-7.907l-3.102-7.144c-.04-.093-.097-.177-.143-.267v-4.841l5.59 5.836c.556.581 1.3.901 2.094.901.803 0 1.553-.326 2.111-.918l1.034-1.098c1.106-1.175 1.125-3.101.041-4.296zM48.52 20.005c5.516 0 10.003-4.487 10.003-10.003C58.523 4.487 54.036 0 48.52 0c-5.515 0-10.001 4.487-10.001 10.002-.001 5.516 4.486 10.003 10.001 10.003z\" fill=\"#00adbb\" opacity=\"1\" data-original=\"#000000\"><\/path><\/g><\/svg>\t\t\t\t<\/span>\n\t\t\t<\/div>\n\t\t\t\n\t\t\t\t\t\t<div class=\"elementor-icon-box-content\">\n\n\t\t\t\t\t\t\t\t\t<h3 class=\"elementor-icon-box-title\">\n\t\t\t\t\t\t<span  >\n\t\t\t\t\t\t\tAccessos\t\t\t\t\t\t<\/span>\n\t\t\t\t\t<\/h3>\n\t\t\t\t\n\t\t\t\t\n\t\t\t<\/div>\n\t\t\t\n\t\t<\/div>\n\t\t\t\t\t\t<\/div>\n\t\t\t\t<\/div>\n\t\t\t\t<div class=\"elementor-element elementor-element-2681e555 elementor-widget elementor-widget-n-accordion\" data-id=\"2681e555\" data-element_type=\"widget\" data-e-type=\"widget\" data-settings=\"{&quot;default_state&quot;:&quot;all_collapsed&quot;,&quot;max_items_expended&quot;:&quot;one&quot;,&quot;n_accordion_animation_duration&quot;:{&quot;unit&quot;:&quot;ms&quot;,&quot;size&quot;:400,&quot;sizes&quot;:[]}}\" data-widget_type=\"nested-accordion.default\">\n\t\t\t\t<div class=\"elementor-widget-container\">\n\t\t\t\t\t\t\t<div class=\"e-n-accordion\" aria-label=\"Accordion. Open links with Enter or Space, close with Escape, and navigate with Arrow Keys\">\n\t\t\t\t\t\t<details id=\"e-n-accordion-item-6460\" class=\"e-n-accordion-item\" >\n\t\t\t\t<summary class=\"e-n-accordion-item-title\" data-accordion-index=\"1\" tabindex=\"0\" aria-expanded=\"false\" aria-controls=\"e-n-accordion-item-6460\" >\n\t\t\t\t\t<span class='e-n-accordion-item-title-header'><h3 class=\"e-n-accordion-item-title-text\"> Acc\u00e9s a l'ascensor <\/h3><\/span>\n\t\t\t\t\t\t\t<span class='e-n-accordion-item-title-icon'>\n\t\t\t<span class='e-opened' ><svg aria-hidden=\"true\" class=\"e-font-icon-svg e-fas-minus\" viewBox=\"0 0 448 512\" xmlns=\"http:\/\/www.w3.org\/2000\/svg\"><path d=\"M416 208H32c-17.67 0-32 14.33-32 32v32c0 17.67 14.33 32 32 32h384c17.67 0 32-14.33 32-32v-32c0-17.67-14.33-32-32-32z\"><\/path><\/svg><\/span>\n\t\t\t<span class='e-closed'><svg aria-hidden=\"true\" class=\"e-font-icon-svg e-fas-chevron-down\" viewBox=\"0 0 448 512\" xmlns=\"http:\/\/www.w3.org\/2000\/svg\"><path d=\"M207.029 381.476L12.686 187.132c-9.373-9.373-9.373-24.569 0-33.941l22.667-22.667c9.357-9.357 24.522-9.375 33.901-.04L224 284.505l154.745-154.021c9.379-9.335 24.544-9.317 33.901.04l22.667 22.667c9.373 9.373 9.373 24.569 0 33.941L240.971 381.476c-9.373 9.372-24.569 9.372-33.942 0z\"><\/path><\/svg><\/span>\n\t\t<\/span>\n\n\t\t\t\t\t\t<\/summary>\n\t\t\t\t<div role=\"region\" aria-labelledby=\"e-n-accordion-item-6460\" class=\"elementor-element elementor-element-6c3871da e-con-full e-flex e-con e-child\" data-id=\"6c3871da\" data-element_type=\"container\" data-e-type=\"container\">\n\t\t\t\t<div class=\"elementor-element elementor-element-697739e4 elementor-widget elementor-widget-text-editor\" data-id=\"697739e4\" data-element_type=\"widget\" data-e-type=\"widget\" data-widget_type=\"text-editor.default\">\n\t\t\t\t<div class=\"elementor-widget-container\">\n\t\t\t\t\t\t\t\t\t<p>Situats enfront de la platja del Postiguet, en Avinguda Juan Bautista Lafora.<\/p>\n<p><strong>HORARI<\/strong><\/p>\n<p>\n<table id=\"tablepress-80\" class=\"tablepress tablepress-id-80 nauticos\">\n<thead>\n<tr class=\"row-1\">\n\t<td class=\"column-1\"><\/td>\n<\/tr>\n<\/thead>\n<tbody class=\"row-striping\">\n<tr class=\"row-2\">\n\t<td class=\"column-1\"><div><img decoding=\"async\" src=\"https:\/\/alicanteturismo.com\/wp-content\/uploads\/2024\/06\/agenda-de-eventos.svg\" alt=\"icono\" style=\"width:20px; padding-rigth: 20px;\"\/> <strong>15\/11 &#8211; 27\/02:<\/strong>\t<br \/>\n<img decoding=\"async\" src=\"https:\/\/alicanteturismo.com\/wp-content\/uploads\/2024\/05\/reloj-1.svg\" alt=\"icono\" style=\"width:20px; padding-rigth: 20px;\"\/> 10:00 &#8211; 18:00h.<\/div><\/td>\n<\/tr>\n<tr class=\"row-3\">\n\t<td class=\"column-1\"><div><img decoding=\"async\" src=\"https:\/\/alicanteturismo.com\/wp-content\/uploads\/2024\/06\/agenda-de-eventos.svg\" alt=\"icono\" style=\"width:20px; padding-rigth: 20px;\"\/> <strong>28\/02 &#8211; 16\/06:<\/strong><br \/>\n<img decoding=\"async\" src=\"https:\/\/alicanteturismo.com\/wp-content\/uploads\/2024\/05\/reloj-1.svg\" alt=\"icono\" style=\"width:20px; padding-rigth: 20px;\"\/> 10:00 &#8211; 20:00h.<\/div><\/td>\n<\/tr>\n<tr class=\"row-4\">\n\t<td class=\"column-1\"><div><img decoding=\"async\" src=\"https:\/\/alicanteturismo.com\/wp-content\/uploads\/2024\/06\/agenda-de-eventos.svg\" alt=\"icono\" style=\"width:20px; padding-rigth: 20px;\"\/> <strong>17\/06 &#8211; 4\/09:<\/strong><br \/>\n<img decoding=\"async\" src=\"https:\/\/alicanteturismo.com\/wp-content\/uploads\/2024\/05\/reloj-1.svg\" alt=\"icono\" style=\"width:20px; padding-rigth: 20px;\"\/> 10:00 &#8211; 23:00h.<\/div><\/td>\n<\/tr>\n<tr class=\"row-5\">\n\t<td class=\"column-1\"><div><img decoding=\"async\" src=\"https:\/\/alicanteturismo.com\/wp-content\/uploads\/2024\/06\/agenda-de-eventos.svg\" alt=\"icono\" style=\"width:20px; padding-rigth: 20px;\"\/> <strong>5\/09 &#8211; 14\/11:<\/strong><br \/>\n<img decoding=\"async\" src=\"https:\/\/alicanteturismo.com\/wp-content\/uploads\/2024\/05\/reloj-1.svg\" alt=\"icono\" style=\"width:20px; padding-rigth: 20px;\"\/> 10:00 a 20:00h.<\/div><\/td>\n<\/tr>\n<\/tbody>\n<\/table>\n<!-- #tablepress-80 from cache --><\/p>\n<p><strong>\u00daltim ascensor de pujada:<\/strong>\u00a040 minuts abans de l\u2019hora de tancament dels ascensors<br \/><strong>\u00daltim ascensor de baixada:<\/strong>\u00a020 minutos abans de l\u2019hora de tancament dels ascensors<\/p>\n<p>Es recomana comprar el tiquet d\u2019acc\u00e9s a l\u2019ascensor de manera anticipada a trav\u00e9s del seg\u00fcent enlla\u00e7:<br \/><a href=\"https:\/\/castillosantabarbara.alicante.es\/CastilloFrontOffice\/faces\/reservas\" target=\"_blank\" rel=\"noopener\">www.castillosantabarbara.alicante.es<\/a><\/p>\n<p>Els dies d\u2019actuacions:\u00a0consultar horaris de tancament del Castell.<\/p>\n<p><strong>Preu dels ascensors:<\/strong><br \/>General, 2.70 euros.<br \/>Gratu\u00eft per a pensionistes jubilats que acrediten esta condici\u00f3 mitjan\u00e7ant document. documento.<\/p>\n\t\t\t\t\t\t\t\t<\/div>\n\t\t\t\t<\/div>\n\t\t\t\t<\/div>\n\t\t\t\t\t<\/details>\n\t\t\t\t\t\t<details id=\"e-n-accordion-item-6461\" class=\"e-n-accordion-item\" >\n\t\t\t\t<summary class=\"e-n-accordion-item-title\" data-accordion-index=\"2\" tabindex=\"-1\" aria-expanded=\"false\" aria-controls=\"e-n-accordion-item-6461\" >\n\t\t\t\t\t<span class='e-n-accordion-item-title-header'><h3 class=\"e-n-accordion-item-title-text\"> Acc\u00e9s pel Parc de l'Ereta <\/h3><\/span>\n\t\t\t\t\t\t\t<span class='e-n-accordion-item-title-icon'>\n\t\t\t<span class='e-opened' ><svg aria-hidden=\"true\" class=\"e-font-icon-svg e-fas-minus\" viewBox=\"0 0 448 512\" xmlns=\"http:\/\/www.w3.org\/2000\/svg\"><path d=\"M416 208H32c-17.67 0-32 14.33-32 32v32c0 17.67 14.33 32 32 32h384c17.67 0 32-14.33 32-32v-32c0-17.67-14.33-32-32-32z\"><\/path><\/svg><\/span>\n\t\t\t<span class='e-closed'><svg aria-hidden=\"true\" class=\"e-font-icon-svg e-fas-chevron-down\" viewBox=\"0 0 448 512\" xmlns=\"http:\/\/www.w3.org\/2000\/svg\"><path d=\"M207.029 381.476L12.686 187.132c-9.373-9.373-9.373-24.569 0-33.941l22.667-22.667c9.357-9.357 24.522-9.375 33.901-.04L224 284.505l154.745-154.021c9.379-9.335 24.544-9.317 33.901.04l22.667 22.667c9.373 9.373 9.373 24.569 0 33.941L240.971 381.476c-9.373 9.372-24.569 9.372-33.942 0z\"><\/path><\/svg><\/span>\n\t\t<\/span>\n\n\t\t\t\t\t\t<\/summary>\n\t\t\t\t<div role=\"region\" aria-labelledby=\"e-n-accordion-item-6461\" class=\"elementor-element elementor-element-521244a8 e-con-full e-flex e-con e-child\" data-id=\"521244a8\" data-element_type=\"container\" data-e-type=\"container\">\n\t\t\t\t<div class=\"elementor-element elementor-element-af9e130 elementor-widget elementor-widget-text-editor\" data-id=\"af9e130\" data-element_type=\"widget\" data-e-type=\"widget\" data-widget_type=\"text-editor.default\">\n\t\t\t\t<div class=\"elementor-widget-container\">\n\t\t\t\t\t\t\t\t\t<div>Aquest itinerari s\u2019inicia amb un recorregut pels carrers del centre hist\u00f2ric per, una vegada arrivats al\u00a0<strong>Parc de l\u2019Ereta.<\/strong>\u00a0A m\u00e9s, ofereix una vista espectacular a la ciutat, a les poblacions lim\u00edtrofes i al Mar Mediterrani.<\/div><br>&nbsp;<br><div>\r\n<p data-wahfont=\"16\"><span style=\"color: #04306e;\"><button style=\"background-color: #04306e; color: #ffffff; padding: 13px; border-radius: 30px; border-width: 0px;\"><a style=\"color: #ffffff; text-decoration: none; font-size: 1em; font-weight: 600;\" href=\"https:\/\/es.wikiloc.com\/rutas-a-pie\/castillo-de-santa-barbara-por-parque-la-ereta-43497330\" target=\"_blank\" rel=\"noopener\">Ruta a peu per Parc de l\u2019Ereta<\/a><\/button><\/span><\/p>\r\n\r\n<\/div>\t\t\t\t\t\t\t\t<\/div>\n\t\t\t\t<\/div>\n\t\t\t\t<\/div>\n\t\t\t\t\t<\/details>\n\t\t\t\t\t\t<details id=\"e-n-accordion-item-6462\" class=\"e-n-accordion-item\" >\n\t\t\t\t<summary class=\"e-n-accordion-item-title\" data-accordion-index=\"3\" tabindex=\"-1\" aria-expanded=\"false\" aria-controls=\"e-n-accordion-item-6462\" >\n\t\t\t\t\t<span class='e-n-accordion-item-title-header'><h3 class=\"e-n-accordion-item-title-text\"> Acc\u00e9s per la Muntanya Benacantil <\/h3><\/span>\n\t\t\t\t\t\t\t<span class='e-n-accordion-item-title-icon'>\n\t\t\t<span class='e-opened' ><svg aria-hidden=\"true\" class=\"e-font-icon-svg e-fas-minus\" viewBox=\"0 0 448 512\" xmlns=\"http:\/\/www.w3.org\/2000\/svg\"><path d=\"M416 208H32c-17.67 0-32 14.33-32 32v32c0 17.67 14.33 32 32 32h384c17.67 0 32-14.33 32-32v-32c0-17.67-14.33-32-32-32z\"><\/path><\/svg><\/span>\n\t\t\t<span class='e-closed'><svg aria-hidden=\"true\" class=\"e-font-icon-svg e-fas-chevron-down\" viewBox=\"0 0 448 512\" xmlns=\"http:\/\/www.w3.org\/2000\/svg\"><path d=\"M207.029 381.476L12.686 187.132c-9.373-9.373-9.373-24.569 0-33.941l22.667-22.667c9.357-9.357 24.522-9.375 33.901-.04L224 284.505l154.745-154.021c9.379-9.335 24.544-9.317 33.901.04l22.667 22.667c9.373 9.373 9.373 24.569 0 33.941L240.971 381.476c-9.373 9.372-24.569 9.372-33.942 0z\"><\/path><\/svg><\/span>\n\t\t<\/span>\n\n\t\t\t\t\t\t<\/summary>\n\t\t\t\t<div role=\"region\" aria-labelledby=\"e-n-accordion-item-6462\" class=\"elementor-element elementor-element-50786928 e-con-full e-flex e-con e-child\" data-id=\"50786928\" data-element_type=\"container\" data-e-type=\"container\">\n\t\t\t\t<div class=\"elementor-element elementor-element-4351ce67 elementor-widget elementor-widget-text-editor\" data-id=\"4351ce67\" data-element_type=\"widget\" data-e-type=\"widget\" data-widget_type=\"text-editor.default\">\n\t\t\t\t<div class=\"elementor-widget-container\">\n\t\t\t\t\t\t\t\t\t<div>En aquest cas, es proposa l\u2019ascens a la fortalesa gaudint de les vistes de la\u00a0<strong>Platja del Postiguet<\/strong>\u00a0des del carrer Verge del Socors, per endinsar-se en el recorregut a trav\u00e9s del\u00a0<strong>cam\u00ed de la cara oest del Mont Benacantil<\/strong>\u00a0i que permet obtenir vistes de la zona nord d\u2019Alacant i la muntanya alacantina.<\/div><br>&nbsp;<br><div>\r\n<p data-wahfont=\"16\"><span style=\"color: #04306e;\"><button style=\"background-color: #04306e; color: #ffffff; padding: 13px; border-radius: 30px; border-width: 0px;\"><a style=\"color: #ffffff; text-decoration: none; font-size: 1em; font-weight: 600;\" href=\"https:\/\/es.wikiloc.com\/rutas-a-pie\/castillo-santa-barbara-por-monte-benacantil-43497310\" target=\"_blank\" rel=\"noopener\">Ruta a peu pel Mont Benacantil<\/a><\/button><\/span><\/p>\r\n\r\n<\/div>\t\t\t\t\t\t\t\t<\/div>\n\t\t\t\t<\/div>\n\t\t\t\t<\/div>\n\t\t\t\t\t<\/details>\n\t\t\t\t\t\t<details id=\"e-n-accordion-item-6463\" class=\"e-n-accordion-item\" >\n\t\t\t\t<summary class=\"e-n-accordion-item-title\" data-accordion-index=\"4\" tabindex=\"-1\" aria-expanded=\"false\" aria-controls=\"e-n-accordion-item-6463\" >\n\t\t\t\t\t<span class='e-n-accordion-item-title-header'><h3 class=\"e-n-accordion-item-title-text\"> Acc\u00e9s de vehicles <\/h3><\/span>\n\t\t\t\t\t\t\t<span class='e-n-accordion-item-title-icon'>\n\t\t\t<span class='e-opened' ><svg aria-hidden=\"true\" class=\"e-font-icon-svg e-fas-minus\" viewBox=\"0 0 448 512\" xmlns=\"http:\/\/www.w3.org\/2000\/svg\"><path d=\"M416 208H32c-17.67 0-32 14.33-32 32v32c0 17.67 14.33 32 32 32h384c17.67 0 32-14.33 32-32v-32c0-17.67-14.33-32-32-32z\"><\/path><\/svg><\/span>\n\t\t\t<span class='e-closed'><svg aria-hidden=\"true\" class=\"e-font-icon-svg e-fas-chevron-down\" viewBox=\"0 0 448 512\" xmlns=\"http:\/\/www.w3.org\/2000\/svg\"><path d=\"M207.029 381.476L12.686 187.132c-9.373-9.373-9.373-24.569 0-33.941l22.667-22.667c9.357-9.357 24.522-9.375 33.901-.04L224 284.505l154.745-154.021c9.379-9.335 24.544-9.317 33.901.04l22.667 22.667c9.373 9.373 9.373 24.569 0 33.941L240.971 381.476c-9.373 9.372-24.569 9.372-33.942 0z\"><\/path><\/svg><\/span>\n\t\t<\/span>\n\n\t\t\t\t\t\t<\/summary>\n\t\t\t\t<div role=\"region\" aria-labelledby=\"e-n-accordion-item-6463\" class=\"elementor-element elementor-element-654b319a e-con-full e-flex e-con e-child\" data-id=\"654b319a\" data-element_type=\"container\" data-e-type=\"container\">\n\t\t\t\t<div class=\"elementor-element elementor-element-2fcbd2e1 elementor-widget elementor-widget-text-editor\" data-id=\"2fcbd2e1\" data-element_type=\"widget\" data-e-type=\"widget\" data-widget_type=\"text-editor.default\">\n\t\t\t\t<div class=\"elementor-widget-container\">\n\t\t\t\t\t\t\t\t\t<p class=\"et_pb_module_header\" data-wahfont=\"18\">Nom\u00e9s en els casos seg\u00fcents:<\/p>\n<div class=\"et_pb_blurb_description\">\n<ul>\n<li><strong>C\u00e0rrega i desc\u00e0rrega de passatgers el temps estrictament necessari:<\/strong>\u00a0taxis, VTC, persones amb mobilitat redu\u00efda, minibusos (longitud 8,50 m i massa 6.800 kg).<\/li>\n<li>Els visitants han de seguir en tot moment les indicacions del personal municipal del recinte.<\/li>\n<li>Els autocars autoritzats per accedir al Castell han de tenir una\u00a0<strong>longitud de 8,50 m com a m\u00e0xim<\/strong>, i una\u00a0<strong>massa de 6.800 kg com a m\u00e0xim.<\/strong>\u00a0Els conductors han de seguir en tot moment les\u00a0<strong>instruccions<\/strong>\u00a0i les directrius dels agents de la\u00a0<strong>policia local.<\/strong><\/li>\n<li>Aquesta\u00a0<strong>autoritzaci\u00f3<\/strong>\u00a0est\u00e0\u00a0<strong>limitada<\/strong>\u00a0a la mera\u00a0<strong>c\u00e0rrega\/desc\u00e0rrega de passatgers<\/strong>. Una vegada feta la desc\u00e0rrega, l\u2019autob\u00fas ha d\u2019abandonar el Castell i tornar posteriorment per a la recollida.<\/li>\n<\/ul>\n<\/div>\n\t\t\t\t\t\t\t\t<\/div>\n\t\t\t\t<\/div>\n\t\t\t\t<\/div>\n\t\t\t\t\t<\/details>\n\t\t\t\t\t<\/div>\n\t\t\t\t\t\t<\/div>\n\t\t\t\t<\/div>\n\t\t\t\t<\/div>\n\t\t\t\t<\/div>\n\t\t\t\t<div class=\"elementor-element elementor-element-5086ade0 elementor-widget__width-inherit elementor-widget elementor-widget-shortcode\" data-id=\"5086ade0\" data-element_type=\"widget\" data-e-type=\"widget\" data-widget_type=\"shortcode.default\">\n\t\t\t\t<div class=\"elementor-widget-container\">\n\t\t\t\t\t\t\t<div class=\"elementor-shortcode\"><iframe src=\"https:\/\/www.google.com\/maps\/d\/u\/1\/embed?mid=1A_IYSIAUYnmkHIJcYy6eM4Ng4ZDHurEh\" width=\"100%\" height=\"550\"><\/iframe><\/div>\n\t\t\t\t\t\t<\/div>\n\t\t\t\t<\/div>\n\t\t\t\t<\/div>\n\t\t\t\t<\/div>\n\t\t\t\t<\/div>\n\t\t","protected":false},"featured_media":287588,"template":"","meta":{"_acf_changed":false},"class_list":["post-287579","museos","type-museos","status-publish","has-post-thumbnail","hentry"],"acf":[],"_links":{"self":[{"href":"https:\/\/alicanteturismo.com\/ca\/wp-json\/wp\/v2\/museos\/287579","targetHints":{"allow":["GET"]}}],"collection":[{"href":"https:\/\/alicanteturismo.com\/ca\/wp-json\/wp\/v2\/museos"}],"about":[{"href":"https:\/\/alicanteturismo.com\/ca\/wp-json\/wp\/v2\/types\/museos"}],"version-history":[{"count":0,"href":"https:\/\/alicanteturismo.com\/ca\/wp-json\/wp\/v2\/museos\/287579\/revisions"}],"wp:featuredmedia":[{"embeddable":true,"href":"https:\/\/alicanteturismo.com\/ca\/wp-json\/wp\/v2\/media\/287588"}],"wp:attachment":[{"href":"https:\/\/alicanteturismo.com\/ca\/wp-json\/wp\/v2\/media?parent=287579"}],"curies":[{"name":"wp","href":"https:\/\/api.w.org\/{rel}","templated":true}]}}