{"id":287489,"date":"2024-05-22T11:26:27","date_gmt":"2024-05-22T09:26:27","guid":{"rendered":"https:\/\/dev.alicanteturismo.com\/museos\/museu-dart-contemporani-dalacant\/"},"modified":"2025-03-31T16:24:41","modified_gmt":"2025-03-31T14:24:41","slug":"museu-dart-contemporani-dalacant","status":"publish","type":"museos","link":"https:\/\/alicanteturismo.com\/ca\/museos\/museu-dart-contemporani-dalacant\/","title":{"rendered":"Museu d&#8217;Art Contemporani d&#8217;Alacant"},"content":{"rendered":"\t\t<div data-elementor-type=\"wp-post\" data-elementor-id=\"287489\" class=\"elementor elementor-287489 elementor-2425\" data-elementor-post-type=\"museos\">\n\t\t\t\t<div style=\"background-image: url(https:\/\/alicanteturismo.com\/wp-content\/uploads\/2024\/05\/IMG_5181.jpg);background-position:top center;background-repeat:no-repeat;background-size:cover;\" class=\"e-lazyloaded elementor-element elementor-element-492d3264 e-con-full e-flex e-con e-parent\" data-id=\"492d3264\" data-element_type=\"container\" data-e-type=\"container\" data-settings=\"{&quot;background_background&quot;:&quot;classic&quot;}\">\n\t\t\t\t<div class=\"elementor-element elementor-element-f63634f elementor-widget elementor-widget-heading\" data-id=\"f63634f\" data-element_type=\"widget\" data-e-type=\"widget\" data-widget_type=\"heading.default\">\n\t\t\t\t<div class=\"elementor-widget-container\">\n\t\t\t\t\t<h2 class=\"elementor-heading-title elementor-size-default\">Museu d&#8217;Art Contemporani d&#8217;Alacant<\/h2>\t\t\t\t<\/div>\n\t\t\t\t<\/div>\n\t\t\t\t<div class=\"elementor-element elementor-element-7cd86975 elementor-widget elementor-widget-heading\" data-id=\"7cd86975\" data-element_type=\"widget\" data-e-type=\"widget\" data-widget_type=\"heading.default\">\n\t\t\t\t<div class=\"elementor-widget-container\">\n\t\t\t\t\t<h2 class=\"elementor-heading-title elementor-size-default\">MACA<\/h2>\t\t\t\t<\/div>\n\t\t\t\t<\/div>\n\t\t\t\t<\/div>\n\t\t<div class=\"elementor-element elementor-element-73a911b2 e-con-full e-flex e-con e-parent\" data-id=\"73a911b2\" data-element_type=\"container\" data-e-type=\"container\">\n\t\t<div class=\"elementor-element elementor-element-73fbe441 e-con-full e-flex e-con e-child\" data-id=\"73fbe441\" data-element_type=\"container\" data-e-type=\"container\">\n\t\t<div class=\"elementor-element elementor-element-1b770e49 e-con-full e-flex e-con e-child\" data-id=\"1b770e49\" data-element_type=\"container\" data-e-type=\"container\">\n\t\t<div class=\"elementor-element elementor-element-19556d81 e-con-full e-flex e-con e-child\" data-id=\"19556d81\" data-element_type=\"container\" data-e-type=\"container\">\n\t\t\t\t<div class=\"elementor-element elementor-element-5d85d0ca elementor-widget__width-initial elementor-widget elementor-widget-text-editor\" data-id=\"5d85d0ca\" data-element_type=\"widget\" data-e-type=\"widget\" data-widget_type=\"text-editor.default\">\n\t\t\t\t<div class=\"elementor-widget-container\">\n\t\t\t\t\t\t\t\t\t<p>El Museu d&#8217;Art Contemporani d&#8217;Alacant (MACA) \u00e9s un espai on s&#8217;entrellacen la hist\u00f2ria i l&#8217;avantguarda. Est\u00e0 ubicat a l&#8217;edifici civil m\u00e9s antic de la ciutat, una joia del barroc del segle XVII. El que a l&#8217;any 1685 va ser concebut com a magatzem de cereals, \u00e9s en l&#8217;actualitat un temple de l&#8217;art d&#8217;avantguarda. El museu acull una de les <strong>col\u00b7leccions<\/strong> d&#8217;art del segle XX m\u00e9s rellevants d&#8217;Espanya, amb noms de rellev\u00e0ncia internacional com ara <strong>Picasso, Dal\u00ed, Mir\u00f3 i Chillida<\/strong>, per\u00f2 \u00e9s la generositat de l&#8217;artista alacant\u00ed <strong>Eusebio Sempere<\/strong> la que marca el naixement d&#8217;aquest lloc. Va ser la seua visi\u00f3 i donaci\u00f3 d&#8217;obres la que va donar origen al MACA l&#8217;any 1977. El MACA ofereix una experi\u00e8ncia sempre viva i en evoluci\u00f3. Amb la seua exposici\u00f3 permanent, que trenca parcialment per assegurar la conservaci\u00f3 de les obres, cada visita \u00e9s una oportunitat de descobrir alguna cosa nova. Des de pintures, escultures i dibuixos, fins a litografies, gravats i serigrafies, les seues tres col\u00b7leccions recorren els principals corrents art\u00edstics del segle XX.<\/p>\n\t\t\t\t\t\t\t\t<\/div>\n\t\t\t\t<\/div>\n\t\t\t\t<div class=\"elementor-element elementor-element-5afe7411 elementor-widget-mobile__width-inherit elementor-widget__width-inherit textocontenedor elementor-widget elementor-widget-text-editor\" data-id=\"5afe7411\" data-element_type=\"widget\" data-e-type=\"widget\" data-widget_type=\"text-editor.default\">\n\t\t\t\t<div class=\"elementor-widget-container\">\n\t\t\t\t\t\t\t\t\t<span class=\"etiquetaservicios\">No tiene nada<\/span>\t\t\t\t\t\t\t\t<\/div>\n\t\t\t\t<\/div>\n\t\t\t\t<\/div>\n\t\t<div class=\"elementor-element elementor-element-4ba9da3e e-con-full e-flex e-con e-child\" data-id=\"4ba9da3e\" data-element_type=\"container\" data-e-type=\"container\">\n\t\t\t\t<div class=\"elementor-element elementor-element-a10eb6c elementor-widget__width-inherit plus-border-yes elementor-widget elementor-widget-tp-table\" data-id=\"a10eb6c\" data-element_type=\"widget\" data-e-type=\"widget\" data-widget_type=\"tp-table.default\">\n\t\t\t\t<div class=\"elementor-widget-container\">\n\t\t\t\t\t\t\t\t<div itemscope class=\"plus-table-wrapper   tp-table-mobresswipe\" itemtype=\"http:\/\/schema.org\/Table\">\n\n\t\t\t\t<table id=\"plus-table-id-a10eb6c\" class=\"plus-table plus-text-break plus-column-rules\" data-sort-table=\"no\" data-show-entry=\"no\" data-searchable=\"no\">\n\t\t\t\t\t\t\t\t\t\t\t<thead> \n\t\t\t\t\t\t\t\t\t\t\t\t\t\t\t\t<tr class=\"plus-table-row\"> \n\t\t\t\t\t\t\t\t\t\t\t\t\t\t\t\t\t\t\t\t\t\t\t\t<th id=\"tooltip69f700ce50489\"data-sort=\"0\" class=\"sort-this elementor-repeater-item-0f2f9a1 plus-table-col\" data-local=\"true\"  scope=\"col\">\n\t\t\t\t\t\t\t\t\t\t\t<span class=\"sort-style\">\n\t\t\t\t\t\t\t\t\t\t\t<span class=\"plus-table__text\">\n\t\t\t\t\t\t\t\t\t\t\t\t\t\t\t\t\t\t\t\t\t\t\t\t\t\t<img decoding=\"async\" src=\"https:\/\/alicanteturismo.com\/wp-content\/uploads\/2025\/03\/tarifas.svg\" class=\"plus-col-img--left\" title=\"tarifas.svg\" alt=\"tarifas.svg\">\n\t\t\t\t\t\t\t\t\t\t\t\t\t\t\t\t\t\t\t\t\t\t\t\t\t\t<span class=\"plus-table__text-inner\">TARIFES<\/span>\n\t\t\t\t\t\t\t\t\t\t\t\t\t\t\t\t\t\t\t\t\t\t<\/span> \n\t\t\t\t\t\t\t\t\t\t\t\n\t\t\t\t\t\t\t\t\t\t\t\t\t\t\t\t\t\t\t\t\t\t<\/span>\n\t\t\t\t\t\t\t\t\t\t<\/th>\n\t\t\t\t\t\t\t\t\t\t\t\t\t\t\t\t<\/thead> \n\t\t\t\t\t\t\n\t\t\t\t\t\t<tbody>\n\t\t\t\t\t\t\t<!-- ROWS -->\n\t\t\t\t\t\t\t\t\t\t\t\t\t\t\t\t\t\t<tr data-entry=\"1\" class=\"plus-table-row\">\n\t\t\t\t\t\t\t\t\t\t\t\t\t\t\t\t\t\t\t\t\t<td id=\"tooltip69f700ce5051f\"class=\"plus-table-col elementor-repeater-item-e0c094e\" data-title=\"TARIFES\">\n\t\t\t\t\t\t\t\t\t\t\t\t\t\t\t\t\t\t\t\t\t\t\t\t\t\t\t\t\t\t\t\t\t\t\t\t<span class=\"plus-table__text\">\n\t\t\t\t\t\t\t\t\t\t\t\t\t\t\t\t\t\t\t\t\t\t\t\t\t\t\t\t\t\t\t\t\t\t\t\t\t\t\t\t\t\t\t\t\t\t\t\t\t\t\t\t\t\t\t\t\t\t\t\t\t\t\t\t\t\t\t\t\t\t\t\t<span class=\"plus-table__text-inner\"><span style=\"color: #04306e;padding-left: 2em\"><strong>Acc\u00e9s gratu\u00eft.<\/strong><\/span><\/span>\n\t\t\t\t\t\t\t\t\t\t\t\t\t\t\t\t\t\t\t\t\t\t\t\t\t\t\t\t\t\t\t\t\t\t\t\t\t\t\t\t\t\t\t\t\t\t\t\t\t\t\t\t\t\t\t\t\t\t\t\t\t\t\t\t\t\t\t\t\t\t\t\t\t\t\t\t\t\t\t\t\t\t\t\t<\/span>\n\t\t\t\t\t\t\t\t\t\t\t\t\t\t\t\t\t\t\t\t\t\t\t\t\t\t\t\t\t\t\t\t\t<\/td>\n\t\t\t\t\t\t\t\t\t\t\t\t\t\t\t\t\t<\/tbody>\n\t\t\t\t<\/table>\n\n\t\t\t<\/div> \n\t\t\t<style><\/style>\t\t\t\t<\/div>\n\t\t\t\t<\/div>\n\t\t\t\t<\/div>\n\t\t\t\t<\/div>\n\t\t<div class=\"elementor-element elementor-element-53842735 e-con-full e-flex e-con e-child\" data-id=\"53842735\" data-element_type=\"container\" data-e-type=\"container\">\n\t\t<!-- hidden widget 287489-3a08cabe -->\t\t<div class=\"elementor-element elementor-element-4e749372 elementor-hidden-mobile elementor-widget elementor-widget-image\" data-id=\"4e749372\" data-element_type=\"widget\" data-e-type=\"widget\" data-widget_type=\"image.default\">\n\t\t\t\t<div class=\"elementor-widget-container\">\n\t\t\t\t\t\t\t\t\t\t\t\t\t\t\t<img fetchpriority=\"high\" decoding=\"async\" width=\"1008\" height=\"672\" src=\"https:\/\/alicanteturismo.com\/wp-content\/uploads\/2024\/05\/image00401-e1718277394564.jpeg\" class=\"attachment-full size-full wp-image-287496\" alt=\"\" srcset=\"https:\/\/alicanteturismo.com\/wp-content\/uploads\/2024\/05\/image00401-e1718277394564.jpeg 1008w, https:\/\/alicanteturismo.com\/wp-content\/uploads\/2024\/05\/image00401-e1718277394564-300x200.jpeg 300w, https:\/\/alicanteturismo.com\/wp-content\/uploads\/2024\/05\/image00401-e1718277394564-768x512.jpeg 768w, https:\/\/alicanteturismo.com\/wp-content\/uploads\/2024\/05\/image00401-e1718277394564-391x260.jpeg 391w\" sizes=\"(max-width: 1008px) 100vw, 1008px\" \/>\t\t\t\t\t\t\t\t\t\t\t\t\t\t\t<\/div>\n\t\t\t\t<\/div>\n\t\t\t\t<\/div>\n\t\t\t\t<\/div>\n\t\t\t\t<\/div>\n\t\t<div class=\"elementor-element elementor-element-27a55018 e-con-full e-flex e-con e-parent\" data-id=\"27a55018\" data-element_type=\"container\" data-e-type=\"container\">\n\t\t<div class=\"elementor-element elementor-element-6fa88774 e-con-full e-flex e-con e-child\" data-id=\"6fa88774\" data-element_type=\"container\" data-e-type=\"container\">\n\t\t\t\t<div class=\"elementor-element elementor-element-15e4a647 elementor-arrows-position-inside elementor-pagination-position-outside elementor-widget elementor-widget-image-carousel\" data-id=\"15e4a647\" data-element_type=\"widget\" data-e-type=\"widget\" data-settings=\"{&quot;slides_to_show&quot;:&quot;1&quot;,&quot;navigation&quot;:&quot;both&quot;,&quot;autoplay&quot;:&quot;yes&quot;,&quot;pause_on_hover&quot;:&quot;yes&quot;,&quot;pause_on_interaction&quot;:&quot;yes&quot;,&quot;autoplay_speed&quot;:5000,&quot;infinite&quot;:&quot;yes&quot;,&quot;effect&quot;:&quot;slide&quot;,&quot;speed&quot;:500}\" data-widget_type=\"image-carousel.default\">\n\t\t\t\t<div class=\"elementor-widget-container\">\n\t\t\t\t\t\t\t<div class=\"elementor-image-carousel-wrapper swiper\" role=\"region\" aria-roledescription=\"carousel\" aria-label=\"Carrusel de im\u00e1genes\" dir=\"ltr\">\n\t\t\t<div class=\"elementor-image-carousel swiper-wrapper\" aria-live=\"off\">\n\t\t\t\t\t\t\t\t<div class=\"swiper-slide\" role=\"group\" aria-roledescription=\"slide\" aria-label=\"1 of 5\"><figure class=\"swiper-slide-inner\"><img decoding=\"async\" class=\"swiper-slide-image\" src=\"https:\/\/alicanteturismo.com\/wp-content\/uploads\/2024\/05\/el-museo-maca-rotated.jpeg\" alt=\"el museo maca\" \/><\/figure><\/div><div class=\"swiper-slide\" role=\"group\" aria-roledescription=\"slide\" aria-label=\"2 of 5\"><figure class=\"swiper-slide-inner\"><img decoding=\"async\" class=\"swiper-slide-image\" src=\"https:\/\/alicanteturismo.com\/wp-content\/uploads\/2024\/05\/maca-museo-rotated.jpeg\" alt=\"maca museo\" \/><\/figure><\/div><div class=\"swiper-slide\" role=\"group\" aria-roledescription=\"slide\" aria-label=\"3 of 5\"><figure class=\"swiper-slide-inner\"><img decoding=\"async\" class=\"swiper-slide-image\" src=\"https:\/\/alicanteturismo.com\/wp-content\/uploads\/2024\/05\/maca-rotated.jpeg\" alt=\"maca\" \/><\/figure><\/div><div class=\"swiper-slide\" role=\"group\" aria-roledescription=\"slide\" aria-label=\"4 of 5\"><figure class=\"swiper-slide-inner\"><img decoding=\"async\" class=\"swiper-slide-image\" src=\"https:\/\/alicanteturismo.com\/wp-content\/uploads\/2024\/05\/museo-maca-rotated.jpeg\" alt=\"museo maca\" \/><\/figure><\/div><div class=\"swiper-slide\" role=\"group\" aria-roledescription=\"slide\" aria-label=\"5 of 5\"><figure class=\"swiper-slide-inner\"><img decoding=\"async\" class=\"swiper-slide-image\" src=\"https:\/\/alicanteturismo.com\/wp-content\/uploads\/2024\/05\/image00399-rotated.jpeg\" alt=\"image00399\" \/><\/figure><\/div>\t\t\t<\/div>\n\t\t\t\t\t\t\t\t\t\t\t\t<div class=\"elementor-swiper-button elementor-swiper-button-prev\" role=\"button\" tabindex=\"0\">\n\t\t\t\t\t\t<svg aria-hidden=\"true\" class=\"e-font-icon-svg e-eicon-chevron-left\" viewBox=\"0 0 1000 1000\" xmlns=\"http:\/\/www.w3.org\/2000\/svg\"><path d=\"M646 125C629 125 613 133 604 142L308 442C296 454 292 471 292 487 292 504 296 521 308 533L604 854C617 867 629 875 646 875 663 875 679 871 692 858 704 846 713 829 713 812 713 796 708 779 692 767L438 487 692 225C700 217 708 204 708 187 708 171 704 154 692 142 675 129 663 125 646 125Z\"><\/path><\/svg>\t\t\t\t\t<\/div>\n\t\t\t\t\t<div class=\"elementor-swiper-button elementor-swiper-button-next\" role=\"button\" tabindex=\"0\">\n\t\t\t\t\t\t<svg aria-hidden=\"true\" class=\"e-font-icon-svg e-eicon-chevron-right\" viewBox=\"0 0 1000 1000\" xmlns=\"http:\/\/www.w3.org\/2000\/svg\"><path d=\"M696 533C708 521 713 504 713 487 713 471 708 454 696 446L400 146C388 133 375 125 354 125 338 125 325 129 313 142 300 154 292 171 292 187 292 204 296 221 308 233L563 492 304 771C292 783 288 800 288 817 288 833 296 850 308 863 321 871 338 875 354 875 371 875 388 867 400 854L696 533Z\"><\/path><\/svg>\t\t\t\t\t<\/div>\n\t\t\t\t\n\t\t\t\t\t\t\t\t\t<div class=\"swiper-pagination\"><\/div>\n\t\t\t\t\t\t\t\t\t<\/div>\n\t\t\t\t\t\t<\/div>\n\t\t\t\t<\/div>\n\t\t<div class=\"elementor-element elementor-element-2cb845ff e-con-full e-flex e-con e-child\" data-id=\"2cb845ff\" data-element_type=\"container\" data-e-type=\"container\">\n\t\t<!-- hidden container 287489-f53de19 -->\t\t<div class=\"elementor-element elementor-element-2b66471 elementor-widget__width-inherit plus-border-yes elementor-widget elementor-widget-tp-table\" data-id=\"2b66471\" data-element_type=\"widget\" data-e-type=\"widget\" data-widget_type=\"tp-table.default\">\n\t\t\t\t<div class=\"elementor-widget-container\">\n\t\t\t\t\t\t\t\t<div itemscope class=\"plus-table-wrapper   tp-table-mobresswipe\" itemtype=\"http:\/\/schema.org\/Table\">\n\n\t\t\t\t<table id=\"plus-table-id-2b66471\" class=\"plus-table plus-text-break plus-column-rules\" data-sort-table=\"no\" data-show-entry=\"no\" data-searchable=\"no\">\n\t\t\t\t\t\t\t\t\t\t\t<thead> \n\t\t\t\t\t\t\t\t\t\t\t\t\t\t\t\t<tr class=\"plus-table-row\"> \n\t\t\t\t\t\t\t\t\t\t\t\t\t\t\t\t\t\t\t\t\t\t\t\t<th id=\"tooltip69f700ce6d4dc\"data-sort=\"0\" class=\"sort-this elementor-repeater-item-0f2f9a1 plus-table-col\" data-local=\"true\"  scope=\"col\">\n\t\t\t\t\t\t\t\t\t\t\t<span class=\"sort-style\">\n\t\t\t\t\t\t\t\t\t\t\t<span class=\"plus-table__text\">\n\t\t\t\t\t\t\t\t\t\t\t\t\t\t\t\t\t\t\t\t\t\t\t\t\t\t<img decoding=\"async\" src=\"https:\/\/alicanteturismo.com\/wp-content\/uploads\/2025\/03\/reloj-1-1-1-1.svg\" class=\"plus-col-img--left\" title=\"reloj-1-1-1.svg\" alt=\"reloj-1-1-1.svg\">\n\t\t\t\t\t\t\t\t\t\t\t\t\t\t\t\t\t\t\t\t\t\t\t\t\t\t<span class=\"plus-table__text-inner\">HORARIS:<\/span>\n\t\t\t\t\t\t\t\t\t\t\t\t\t\t\t\t\t\t\t\t\t\t<\/span> \n\t\t\t\t\t\t\t\t\t\t\t\n\t\t\t\t\t\t\t\t\t\t\t\t\t\t\t\t\t\t\t\t\t\t<\/span>\n\t\t\t\t\t\t\t\t\t\t<\/th>\n\t\t\t\t\t\t\t\t\t\t\t\t\t\t\t\t<\/thead> \n\t\t\t\t\t\t\n\t\t\t\t\t\t<tbody>\n\t\t\t\t\t\t\t<!-- ROWS -->\n\t\t\t\t\t\t\t\t\t\t\t\t\t\t\t\t\t\t<tr data-entry=\"1\" class=\"plus-table-row\">\n\t\t\t\t\t\t\t\t\t\t\t\t\t\t\t\t\t\t\t\t\t<td id=\"tooltip69f700ce6d56d\"class=\"plus-table-col elementor-repeater-item-e0c094e\" data-title=\"HORARIS:\">\n\t\t\t\t\t\t\t\t\t\t\t\t\t\t\t\t\t\t\t\t\t\t\t\t\t\t\t\t\t\t\t\t\t\t\t\t<span class=\"plus-table__text\">\n\t\t\t\t\t\t\t\t\t\t\t\t\t\t\t\t\t\t\t\t\t\t\t\t\t\t\t\t\t\t\t\t\t\t\t\t\t\t\t\t\t\t\t\t\t\t\t\t\t\t\t\t\t\t\t\t\t\t\t\t\t\t\t\t\t\t\t\t\t\t\t\t<span class=\"plus-table__text-inner\"><div><strong><img decoding=\"async\" style=\"width: 20px\" src=\"https:\/\/alicanteturismo.com\/wp-content\/uploads\/2024\/06\/agenda-de-eventos.svg\" alt=\"icono\" \/> Estiu (1\/07 - 30\/09)<\/strong><\/div><\/span>\n\t\t\t\t\t\t\t\t\t\t\t\t\t\t\t\t\t\t\t\t\t\t\t\t\t\t\t\t\t\t\t\t\t\t\t\t\t\t\t\t\t\t\t\t\t\t\t\t\t\t\t\t\t\t\t\t\t\t\t\t\t\t\t\t\t\t\t\t\t\t\t\t\t\t\t\t\t\t\t\t\t\t\t\t<\/span>\n\t\t\t\t\t\t\t\t\t\t\t\t\t\t\t\t\t\t\t\t\t\t\t\t\t\t\t\t\t\t\t\t\t<\/td>\n\t\t\t\t\t\t\t\t\t\t\t\t\t\t\t\t\t\t\t\t\t\t<\/tr><tr data-entry=\"2\" class=\"plus-table-row\">\n\t\t\t\t\t\t\t\t\t\t\t\t\t\t\t\t\t\t\t\t\t<td id=\"tooltip69f700ce6d6b9\"class=\"plus-table-col elementor-repeater-item-70a116e\" data-title=\"HORARIS:\">\n\t\t\t\t\t\t\t\t\t\t\t\t\t\t\t\t\t\t\t\t\t\t\t\t\t\t\t\t\t\t\t\t\t\t\t\t<span class=\"plus-table__text\">\n\t\t\t\t\t\t\t\t\t\t\t\t\t\t\t\t\t\t\t\t\t\t\t\t\t\t\t\t\t\t\t\t\t\t\t\t\t\t\t\t\t\t\t\t\t\t\t\t\t\t\t\t\t\t\t\t\t\t\t\t\t\t\t\t\t\t\t\t\t\t\t\t<span class=\"plus-table__text-inner\"><div><img decoding=\"async\" style=\"width: 20px\" src=\"https:\/\/alicanteturismo.com\/wp-content\/uploads\/2024\/05\/reloj-1.svg\" alt=\"icono\" \/> Dimarts a divendres: 10:00 - 20:00\n<br><br><img decoding=\"async\" style=\"width: 20px\" src=\"https:\/\/alicanteturismo.com\/wp-content\/uploads\/2024\/05\/reloj-1.svg\" alt=\"icono\" \/> Dissabtes: 11:00 - 20:00\n<br><br><img decoding=\"async\" style=\"width: 20px\" src=\"https:\/\/alicanteturismo.com\/wp-content\/uploads\/2024\/05\/reloj-1.svg\" alt=\"icono\" \/> Diumenges i festius: 10:00 - 14:00\n<br><br><img decoding=\"async\" style=\"width: 20px\" src=\"https:\/\/alicanteturismo.com\/wp-content\/uploads\/2024\/05\/reloj-1.svg\" alt=\"icono\" \/> Dilluns: tancat<\/div><\/span>\n\t\t\t\t\t\t\t\t\t\t\t\t\t\t\t\t\t\t\t\t\t\t\t\t\t\t\t\t\t\t\t\t\t\t\t\t\t\t\t\t\t\t\t\t\t\t\t\t\t\t\t\t\t\t\t\t\t\t\t\t\t\t\t\t\t\t\t\t\t\t\t\t\t\t\t\t\t\t\t\t\t\t\t\t<\/span>\n\t\t\t\t\t\t\t\t\t\t\t\t\t\t\t\t\t\t\t\t\t\t\t\t\t\t\t\t\t\t\t\t\t<\/td>\n\t\t\t\t\t\t\t\t\t\t\t\t\t\t\t\t\t\t\t\t\t\t<\/tr><tr data-entry=\"3\" class=\"plus-table-row\">\n\t\t\t\t\t\t\t\t\t\t\t\t\t\t\t\t\t\t\t\t\t<td id=\"tooltip69f700ce6d87d\"class=\"plus-table-col elementor-repeater-item-970869c\" data-title=\"HORARIS:\">\n\t\t\t\t\t\t\t\t\t\t\t\t\t\t\t\t\t\t\t\t\t\t\t\t\t\t\t\t\t\t\t\t\t\t\t\t<span class=\"plus-table__text\">\n\t\t\t\t\t\t\t\t\t\t\t\t\t\t\t\t\t\t\t\t\t\t\t\t\t\t\t\t\t\t\t\t\t\t\t\t\t\t\t\t\t\t\t\t\t\t\t\t\t\t\t\t\t\t\t\t\t\t\t\t\t\t\t\t\t\t\t\t\t\t\t\t<span class=\"plus-table__text-inner\"><div><strong><img decoding=\"async\" style=\"width: 20px\" src=\"https:\/\/alicanteturismo.com\/wp-content\/uploads\/2024\/06\/agenda-de-eventos.svg\" alt=\"icono\" \/> Hivern (1\/10 - 30\/06)<\/strong><\/div><\/span>\n\t\t\t\t\t\t\t\t\t\t\t\t\t\t\t\t\t\t\t\t\t\t\t\t\t\t\t\t\t\t\t\t\t\t\t\t\t\t\t\t\t\t\t\t\t\t\t\t\t\t\t\t\t\t\t\t\t\t\t\t\t\t\t\t\t\t\t\t\t\t\t\t\t\t\t\t\t\t\t\t\t\t\t\t<\/span>\n\t\t\t\t\t\t\t\t\t\t\t\t\t\t\t\t\t\t\t\t\t\t\t\t\t\t\t\t\t\t\t\t\t<\/td>\n\t\t\t\t\t\t\t\t\t\t\t\t\t\t\t\t\t\t\t\t\t\t<\/tr><tr data-entry=\"4\" class=\"plus-table-row\">\n\t\t\t\t\t\t\t\t\t\t\t\t\t\t\t\t\t\t\t\t\t<td id=\"tooltip69f700ce6d946\"class=\"plus-table-col elementor-repeater-item-49fd295\" data-title=\"HORARIS:\">\n\t\t\t\t\t\t\t\t\t\t\t\t\t\t\t\t\t\t\t\t\t\t\t\t\t\t\t\t\t\t\t\t\t\t\t\t<span class=\"plus-table__text\">\n\t\t\t\t\t\t\t\t\t\t\t\t\t\t\t\t\t\t\t\t\t\t\t\t\t\t\t\t\t\t\t\t\t\t\t\t\t\t\t\t\t\t\t\t\t\t\t\t\t\t\t\t\t\t\t\t\t\t\t\t\t\t\t\t\t\t\t\t\t\t\t\t<span class=\"plus-table__text-inner\"><div><img decoding=\"async\" style=\"width: 20px\" src=\"https:\/\/alicanteturismo.com\/wp-content\/uploads\/2024\/05\/reloj-1.svg\" alt=\"icono\" \/> Dimarts a dissabte: 10:00 - 20:00\n<br><br><img decoding=\"async\" style=\"width: 20px\" src=\"https:\/\/alicanteturismo.com\/wp-content\/uploads\/2024\/05\/reloj-1.svg\" alt=\"icono\" \/> Diumenges i festius: 10:00 - 14:00\n<br><br><img decoding=\"async\" style=\"width: 20px\" src=\"https:\/\/alicanteturismo.com\/wp-content\/uploads\/2024\/05\/reloj-1.svg\" alt=\"icono\" \/> Dilluns: tancat<\/div><\/span>\n\t\t\t\t\t\t\t\t\t\t\t\t\t\t\t\t\t\t\t\t\t\t\t\t\t\t\t\t\t\t\t\t\t\t\t\t\t\t\t\t\t\t\t\t\t\t\t\t\t\t\t\t\t\t\t\t\t\t\t\t\t\t\t\t\t\t\t\t\t\t\t\t\t\t\t\t\t\t\t\t\t\t\t\t<\/span>\n\t\t\t\t\t\t\t\t\t\t\t\t\t\t\t\t\t\t\t\t\t\t\t\t\t\t\t\t\t\t\t\t\t<\/td>\n\t\t\t\t\t\t\t\t\t\t\t\t\t\t\t\t\t\t\t\t\t\t<\/tr><tr data-entry=\"5\" class=\"plus-table-row\">\n\t\t\t\t\t\t\t\t\t\t\t\t\t\t\t\t\t\t\t\t\t<td id=\"tooltip69f700ce6da90\"class=\"plus-table-col elementor-repeater-item-6df420c\" data-title=\"HORARIS:\">\n\t\t\t\t\t\t\t\t\t\t\t\t\t\t\t\t\t\t\t\t\t\t\t\t\t\t\t\t\t\t\t\t\t\t\t\t<span class=\"plus-table__text\">\n\t\t\t\t\t\t\t\t\t\t\t\t\t\t\t\t\t\t\t\t\t\t\t\t\t\t\t\t\t\t\t\t\t\t\t\t\t\t\t\t\t\t\t\t\t\t\t\t\t\t\t\t\t\t\t\t\t\t\t\t\t\t\t\t\t\t\t\t\t\t\t\t<span class=\"plus-table__text-inner\"><strong>Dies de tancament:<\/strong>\n<br>El museu estar\u00e0 tancat els dies 24, 25 i 31 de desembre; 1 i 6 de gener; 1 de maig; i durant les festivitats locals de Santa Fa\u00e7 i Sant Joan.<\/span>\n\t\t\t\t\t\t\t\t\t\t\t\t\t\t\t\t\t\t\t\t\t\t\t\t\t\t\t\t\t\t\t\t\t\t\t\t\t\t\t\t\t\t\t\t\t\t\t\t\t\t\t\t\t\t\t\t\t\t\t\t\t\t\t\t\t\t\t\t\t\t\t\t\t\t\t\t\t\t\t\t\t\t\t\t<\/span>\n\t\t\t\t\t\t\t\t\t\t\t\t\t\t\t\t\t\t\t\t\t\t\t\t\t\t\t\t\t\t\t\t\t<\/td>\n\t\t\t\t\t\t\t\t\t\t\t\t\t\t\t\t\t\t\t\t\t\t<\/tr><tr data-entry=\"6\" class=\"plus-table-row\">\n\t\t\t\t\t\t\t\t\t\t\t\t\t\t\t\t\t\t\t\t\t<td id=\"tooltip69f700ce6db01\"class=\"plus-table-col elementor-repeater-item-cee7858\" data-title=\"HORARIS:\">\n\t\t\t\t\t\t\t\t\t\t\t\t\t\t\t\t\t\t\t\t\t\t\t\t\t\t\t\t\t\t\t\t\t\t\t\t<span class=\"plus-table__text\">\n\t\t\t\t\t\t\t\t\t\t\t\t\t\t\t\t\t\t\t\t\t\t\t\t\t\t\t\t\t\t\t\t\t\t\t\t\t\t\t\t\t\t\t\t\t\t\t\t\t\t\t\t\t\t\t\t\t\t\t\t\t\t\t\t\t\t\t\t\t\t\t\t<span class=\"plus-table__text-inner\"><strong>Horaris especials (obert):<\/strong>\n<br>9 i 12 d'octubre\n<br>1 de novembre\n<br>6 i 8 de desembre\n<br>19 de mar\u00e7\n<br>Divendres Sant (horari festiu)<\/span>\n\t\t\t\t\t\t\t\t\t\t\t\t\t\t\t\t\t\t\t\t\t\t\t\t\t\t\t\t\t\t\t\t\t\t\t\t\t\t\t\t\t\t\t\t\t\t\t\t\t\t\t\t\t\t\t\t\t\t\t\t\t\t\t\t\t\t\t\t\t\t\t\t\t\t\t\t\t\t\t\t\t\t\t\t<\/span>\n\t\t\t\t\t\t\t\t\t\t\t\t\t\t\t\t\t\t\t\t\t\t\t\t\t\t\t\t\t\t\t\t\t<\/td>\n\t\t\t\t\t\t\t\t\t\t\t\t\t\t\t\t\t<\/tbody>\n\t\t\t\t<\/table>\n\n\t\t\t<\/div> \n\t\t\t<style><\/style>\t\t\t\t<\/div>\n\t\t\t\t<\/div>\n\t\t<!-- hidden container 287489-44f227ea -->\t\t<\/div>\n\t\t\t\t<\/div>\n\t\t<div class=\"elementor-element elementor-element-4ac2b72c e-con-full e-flex e-con e-child\" data-id=\"4ac2b72c\" data-element_type=\"container\" data-e-type=\"container\">\n\t\t<div class=\"elementor-element elementor-element-2d3f5fc0 e-con-full e-flex e-con e-child\" data-id=\"2d3f5fc0\" data-element_type=\"container\" data-e-type=\"container\">\n\t\t\t\t<div class=\"elementor-element elementor-element-1b42e79e elementor-widget__width-initial dc-has-condition dc-condition-in_array_contains elementor-widget elementor-widget-text-editor\" data-id=\"1b42e79e\" data-element_type=\"widget\" data-e-type=\"widget\" data-widget_type=\"text-editor.default\">\n\t\t\t\t<div class=\"elementor-widget-container\">\n\t\t\t\t\t\t\t\t\t<div class=\"divaccesible\"><span style=\"width: 20px;height: 20px\"><img loading=\"lazy\" decoding=\"async\" class=\"alignnone wp-image-1184\" src=\"https:\/\/dev.alicanteturismo.com\/wp-content\/uploads\/2024\/05\/correo.svg\" alt=\"\" width=\"30\" height=\"30\" \/> <\/span><span style=\"font-weight: 800;font-size: 19px;font-family: Panton\"> INFORMACI\u00d3 DE CONTACTE:<\/span><\/div>\n\n<table id=\"tablepress-91\" class=\"tablepress tablepress-id-91 nauticos\">\n<tbody class=\"row-striping\">\n<tr class=\"row-1\">\n\t<td class=\"column-1\"><\/td>\n<\/tr>\n<tr class=\"row-2\">\n\t<td class=\"column-1\"><div><img decoding=\"async\" src=\"https:\/\/alicanteturismo.com\/wp-content\/uploads\/2024\/09\/llamada-telefonica.svg\" alt=\"icono\" style=\"width:20px\" \/> +34 965 213 156<\/div><\/td>\n<\/tr>\n<tr class=\"row-3\">\n\t<td class=\"column-1\"><div> <img decoding=\"async\" src=\"https:\/\/alicanteturismo.com\/wp-content\/uploads\/2024\/05\/correo.svg\" alt=\"icono\" style=\"width:20px\" \/> <a href=\"mailto:maca@alicante-ayto.es\">maca@alicante-ayto.es<\/a><\/div><\/td>\n<\/tr>\n<tr class=\"row-4\">\n\t<td class=\"column-1\"><div> <img decoding=\"async\" src=\"https:\/\/alicanteturismo.com\/wp-content\/uploads\/2024\/09\/web.svg\" alt=\"icono\" style=\"width:20px\" \/> <a href=\"https:\/\/www.maca-alicante.es\" target=\"_blank\" rel=\"noopener\">www.maca-alicante.es<\/a><\/div><\/td>\n<\/tr>\n<\/tbody>\n<\/table>\n<!-- #tablepress-91 from cache -->\n\t\t\t\t\t\t\t\t<\/div>\n\t\t\t\t<\/div>\n\t\t\t\t<div class=\"elementor-element elementor-element-4afccb68 elementor-hidden-widescreen elementor-hidden-desktop elementor-hidden-laptop elementor-hidden-tablet_extra elementor-hidden-tablet elementor-hidden-mobile_extra elementor-widget elementor-widget-image\" data-id=\"4afccb68\" data-element_type=\"widget\" data-e-type=\"widget\" data-widget_type=\"image.default\">\n\t\t\t\t<div class=\"elementor-widget-container\">\n\t\t\t\t\t\t\t\t\t\t\t\t\t\t\t<img fetchpriority=\"high\" decoding=\"async\" width=\"1008\" height=\"672\" src=\"https:\/\/alicanteturismo.com\/wp-content\/uploads\/2024\/05\/image00401-e1718277394564.jpeg\" class=\"attachment-full size-full wp-image-287496\" alt=\"\" srcset=\"https:\/\/alicanteturismo.com\/wp-content\/uploads\/2024\/05\/image00401-e1718277394564.jpeg 1008w, https:\/\/alicanteturismo.com\/wp-content\/uploads\/2024\/05\/image00401-e1718277394564-300x200.jpeg 300w, https:\/\/alicanteturismo.com\/wp-content\/uploads\/2024\/05\/image00401-e1718277394564-768x512.jpeg 768w, https:\/\/alicanteturismo.com\/wp-content\/uploads\/2024\/05\/image00401-e1718277394564-391x260.jpeg 391w\" sizes=\"(max-width: 1008px) 100vw, 1008px\" \/>\t\t\t\t\t\t\t\t\t\t\t\t\t\t\t<\/div>\n\t\t\t\t<\/div>\n\t\t\t\t<div class=\"elementor-element elementor-element-411786fc dc-has-condition dc-condition-in_array_contains elementor-widget elementor-widget-text-editor\" data-id=\"411786fc\" data-element_type=\"widget\" data-e-type=\"widget\" data-widget_type=\"text-editor.default\">\n\t\t\t\t<div class=\"elementor-widget-container\">\n\t\t\t\t\t\t\t\t\t<div class=\"divaccesible\"><span style=\"width: 20px;height: 20px\"><img loading=\"lazy\" decoding=\"async\" class=\"alignnone wp-image-1186\" src=\"https:\/\/dev.alicanteturismo.com\/wp-content\/uploads\/2024\/05\/ubicaciones.svg\" alt=\"\" width=\"30\" height=\"30\" \/><\/span><span style=\"color: #00132e;font-weight: 800;font-size: 19px;font-family: Panton\">COM ARRIBAR:<\/span><\/div>\n\n<table id=\"tablepress-148\" class=\"tablepress tablepress-id-148 nauticos\">\n<tbody class=\"row-striping\">\n<tr class=\"row-1\">\n\t<td class=\"column-1\"><\/td>\n<\/tr>\n<tr class=\"row-2\">\n\t<td class=\"column-1\"><div><img decoding=\"async\" src=\"https:\/\/alicanteturismo.com\/wp-content\/uploads\/2024\/05\/pasador-de-ubicacion.svg\" alt=\"icono\" style=\"width:20px\" \/> Pl. Sta. Mar\u00eda, 3, 03002 Alicante (Alacant), Alicante<\/div><\/td>\n<\/tr>\n<tr class=\"row-3\">\n\t<td class=\"column-1\"><div><img decoding=\"async\" src=\"https:\/\/alicanteturismo.com\/wp-content\/uploads\/2024\/07\/estacion-de-autobuses.svg\" alt=\"icono\" style=\"width:20px\" \/> L\u00edneas 21 &#8211; 22 &#8211; C6 &#8211; Turibus (Plaza Puerta del Mar)<br \/>\n<img decoding=\"async\" src=\"https:\/\/alicanteturismo.com\/wp-content\/uploads\/2024\/07\/estacion-de-autobuses.svg\" alt=\"icono\" style=\"width:20px\" \/> L\u00edneas 5 &#8211; 8 &#8211; 10 &#8211; 13 &#8211; Turibus (Rambla)<\/div><\/td>\n<\/tr>\n<tr class=\"row-4\">\n\t<td class=\"column-1\"><div><img decoding=\"async\" src=\"https:\/\/alicanteturismo.com\/wp-content\/uploads\/2024\/07\/tram.svg\" alt=\"icono\" style=\"width:20px\" \/> L1 &#8211; L2 &#8211; L3 &#8211; L4 ( Mercado)<br \/>\n<img decoding=\"async\" src=\"https:\/\/alicanteturismo.com\/wp-content\/uploads\/2024\/07\/tram.svg\" alt=\"icono\" style=\"width:20px\" \/> L5 (Postiguet)<\/div><\/td>\n<\/tr>\n<\/tbody>\n<\/table>\n<!-- #tablepress-148 from cache -->\n<p>\u00a0<\/p>\n\t\t\t\t\t\t\t\t<\/div>\n\t\t\t\t<\/div>\n\t\t<!-- hidden container 287489-4a29f321 --><!-- hidden container 287489-35df27b0 -->\t\t<\/div>\n\t\t\t\t<div class=\"elementor-element elementor-element-355f20f elementor-widget__width-initial elementor-widget elementor-widget-shortcode\" data-id=\"355f20f\" data-element_type=\"widget\" data-e-type=\"widget\" data-widget_type=\"shortcode.default\">\n\t\t\t\t<div class=\"elementor-widget-container\">\n\t\t\t\t\t\t\t<div class=\"elementor-shortcode\"><iframe src=\"https:\/\/www.google.com\/maps\/embed?pb=!1m18!1m12!1m3!1d3129.117249912511!2d-0.48225812364894133!3d38.34626817903417!2m3!1f0!2f0!3f0!3m2!1i1024!2i768!4f13.1!3m3!1m2!1s0xd6237b015d8f651%3A0xff0c6590798e9da9!2sMACA%20(Museo%20de%20Arte%20Contempor%C3%A1neo%20de%20Alicante)!5e0!3m2!1ses!2ses!4v1728548621289!5m2!1ses!2ses\" width=\"600\" height=\"450\"><\/iframe><\/div>\n\t\t\t\t\t\t<\/div>\n\t\t\t\t<\/div>\n\t\t\t\t<\/div>\n\t\t\t\t<\/div>\n\t\t\t\t<\/div>\n\t\t","protected":false},"featured_media":287491,"template":"","meta":{"_acf_changed":false},"class_list":["post-287489","museos","type-museos","status-publish","has-post-thumbnail","hentry"],"acf":[],"_links":{"self":[{"href":"https:\/\/alicanteturismo.com\/ca\/wp-json\/wp\/v2\/museos\/287489","targetHints":{"allow":["GET"]}}],"collection":[{"href":"https:\/\/alicanteturismo.com\/ca\/wp-json\/wp\/v2\/museos"}],"about":[{"href":"https:\/\/alicanteturismo.com\/ca\/wp-json\/wp\/v2\/types\/museos"}],"version-history":[{"count":0,"href":"https:\/\/alicanteturismo.com\/ca\/wp-json\/wp\/v2\/museos\/287489\/revisions"}],"wp:featuredmedia":[{"embeddable":true,"href":"https:\/\/alicanteturismo.com\/ca\/wp-json\/wp\/v2\/media\/287491"}],"wp:attachment":[{"href":"https:\/\/alicanteturismo.com\/ca\/wp-json\/wp\/v2\/media?parent=287489"}],"curies":[{"name":"wp","href":"https:\/\/api.w.org\/{rel}","templated":true}]}}