{"id":322331,"date":"2026-08-21T08:59:44","date_gmt":"2026-08-21T06:59:44","guid":{"rendered":"https:\/\/alicanteturismo.com\/events\/i-travessia-unint-fars\/"},"modified":"2026-08-21T08:59:44","modified_gmt":"2026-08-21T06:59:44","slug":"i-travessia-unint-fars","status":"publish","type":"mec-events","link":"https:\/\/alicanteturismo.com\/ca\/events\/i-travessia-unint-fars\/","title":{"rendered":"I Travessia Unint Fars"},"content":{"rendered":"<div class=\"x_elementToProof\" data-ogsc=\"rgb(0, 0, 0)\" data-olk-copy-source=\"MessageBody\">Comptar\u00e0 amb cinc dist\u00e0ncies, inclosa una travessia de 20 quil\u00f2metres entre els fars del Cap de les Hortes i Santa Pola.<\/div>\n<div class=\"x_elementToProof\" data-ogsc=\"rgb(0, 0, 0)\">Quan: 19 de setembre<\/div>\n<div class=\"x_elementToProof\" data-ogsc=\"rgb(0, 0, 0)\"><\/div>\n<div class=\"x_elementToProof\" data-ogsc=\"rgb(0, 0, 0)\">Una nova prova de nataci\u00f3 en aig\u00fces obertes que naix amb motiu del 125\u00e9 aniversari de la creaci\u00f3 de la Junta d\u2019Obres del Port d\u2019Alacant, constitu\u00efda l\u2019any 1901 i origen de l\u2019actual Autoritat Portu\u00e0ria.<\/div>\n<div class=\"x_elementToProof\" data-ogsc=\"rgb(0, 0, 0)\"><\/div>\n<div class=\"x_elementToProof\" data-ogsc=\"rgb(0, 0, 0)\">La prova forma part del programa d\u2019activitats organitzat per a commemorar aquesta efem\u00e8ride i pret\u00e9n retre homenatge a una instituci\u00f3 que, durant m\u00e9s d\u2019un segle, ha sigut protagonista del desenvolupament econ\u00f2mic, social i urb\u00e0 d\u2019Alacant. Amb aquesta iniciativa, l\u2019Autoritat Portu\u00e0ria vol posar en valor no sols la hist\u00f2ria del port, sin\u00f3 tamb\u00e9 la seua estreta vinculaci\u00f3 amb l\u2019esport, el patrimoni mar\u00edtim i la ciutadania.<\/div>\n<div class=\"x_elementToProof\" data-ogsc=\"rgb(0, 0, 0)\"><\/div>\n<div class=\"x_elementToProof\" data-ogsc=\"rgb(0, 0, 0)\">La I Travesia Unint Fars compta amb cinc recorreguts adaptats a diferents perfils esportius.<\/div>\n<ul data-editing-info=\"{&quot;applyListStyleFromLevel&quot;:true}\">\n<li data-ogsc=\"rgb(0, 0, 0)\">\n<div class=\"x_elementToProof\" role=\"presentation\" data-ogsc=\"\">La competici\u00f3 inclour\u00e0 una dist\u00e0ncia popular de 2,5 quil\u00f2metres<\/div>\n<\/li>\n<li data-ogsc=\"rgb(0, 0, 0)\">\n<div role=\"presentation\" data-ogsc=\"\">Recorreguts intermedis, que culminaran amb una prova de 20 quil\u00f2metres, concebuda per a especialistes en aig\u00fces obertes i ultrafons. En aquesta \u00faltima s\u2019ha establit el l\u00edmit de 30 nadadors.<\/div>\n<\/li>\n<li data-ogsc=\"rgb(0, 0, 0)\">\n<div class=\"x_elementToProof\" role=\"presentation\" data-ogsc=\"\">Finalment, hi ha un xicotet recorregut d\u20191 quil\u00f2metre perqu\u00e8 puga participar qualsevol persona que ho desitge.<\/div>\n<\/li>\n<\/ul>\n<div class=\"x_elementToProof\" data-ogsc=\"rgb(0, 0, 0)\">Inscripcions:<\/div>\n<div class=\"x_elementToProof\" data-ogsc=\"rgb(0, 0, 0)\"> <a title=\"https:\/\/www.chipserena.es\/web-evento\/13234-travesia-alicante-2026?utm_source=ig&amp;utm_medium=social&amp;utm_content=link_in_bio&amp;fbclid=PAdGRleATgq71wZG9mAmV4dG4DYWVtAjExAHNydGMGYXBwX2lkDzEyNDAyNDU3NDI4NzQxNAABpwVSjf-vVD9JdM8nvUh3oo-7oqo-lDOVDhfJGP0ZetG4dIKwB2W7VKZZ0kcR_aem_QctjRlKrZMclOsRrkyxn9Q\" href=\"https:\/\/www.chipserena.es\/web-evento\/13234-travesia-alicante-2026?utm_source=ig&amp;utm_medium=social&amp;utm_content=link_in_bio&amp;fbclid=PAdGRleATgq71wZG9mAmV4dG4DYWVtAjExAHNydGMGYXBwX2lkDzEyNDAyNDU3NDI4NzQxNAABpwVSjf-vVD9JdM8nvUh3oo-7oqo-lDOVDhfJGP0ZetG4dIKwB2W7VKZZ0kcR_aem_QctjRlKrZMclOsRrkyxn9Q\" data-auth=\"NotApplicable\" data-linkindex=\"0\" data-ogsc=\"\" target=\"_blank\" rel=\"noopener\">https:\/\/www.chipserena.es\/web-evento\/13234-travesia-alicante-2026?utm_source=ig&amp;utm_medium=social&amp;utm_content=link_in_bio&amp;fbclid=PAdGRleATgq71wZG9mAmV4dG4DYWVtAjExAHNydGMGYXBwX2lkDzEyNDAyNDU3NDI4NzQxNAABpwVSjf-vVD9JdM8nvUh3oo-7oqo-lDOVDhfJGP0ZetG4dIKwB2W7VKZZ0kcR_aem_QctjRlKrZMclOsRrkyxn9Q<\/a><\/div>\n","protected":false},"excerpt":{"rendered":"<p>Comptar\u00e0 amb cinc dist\u00e0ncies, inclosa una travessia de 20 quil\u00f2metres entre els fars del Cap de les Hortes i Santa Pola. Quan: 19 de setembre Una nova prova de nataci\u00f3 en aig\u00fces obertes que naix amb motiu del 125\u00e9 aniversari de la creaci\u00f3 de la Junta d\u2019Obres del Port d\u2019Alacant, constitu\u00efda l\u2019any 1901 i origen [&hellip;]<\/p>\n","protected":false},"author":1,"featured_media":322325,"template":"","tags":[],"mec_category":[998,968],"class_list":["post-322331","mec-events","type-mec-events","status-publish","has-post-thumbnail","hentry","mec_category-destacado-ca","mec_category-esports"],"acf":[],"_links":{"self":[{"href":"https:\/\/alicanteturismo.com\/ca\/wp-json\/wp\/v2\/mec-events\/322331","targetHints":{"allow":["GET"]}}],"collection":[{"href":"https:\/\/alicanteturismo.com\/ca\/wp-json\/wp\/v2\/mec-events"}],"about":[{"href":"https:\/\/alicanteturismo.com\/ca\/wp-json\/wp\/v2\/types\/mec-events"}],"author":[{"embeddable":true,"href":"https:\/\/alicanteturismo.com\/ca\/wp-json\/wp\/v2\/users\/1"}],"version-history":[{"count":0,"href":"https:\/\/alicanteturismo.com\/ca\/wp-json\/wp\/v2\/mec-events\/322331\/revisions"}],"wp:featuredmedia":[{"embeddable":true,"href":"https:\/\/alicanteturismo.com\/ca\/wp-json\/wp\/v2\/media\/322325"}],"wp:attachment":[{"href":"https:\/\/alicanteturismo.com\/ca\/wp-json\/wp\/v2\/media?parent=322331"}],"wp:term":[{"taxonomy":"post_tag","embeddable":true,"href":"https:\/\/alicanteturismo.com\/ca\/wp-json\/wp\/v2\/tags?post=322331"},{"taxonomy":"mec_category","embeddable":true,"href":"https:\/\/alicanteturismo.com\/ca\/wp-json\/wp\/v2\/mec_category?post=322331"}],"curies":[{"name":"wp","href":"https:\/\/api.w.org\/{rel}","templated":true}]}}