{"id":319812,"date":"2026-04-29T09:14:36","date_gmt":"2026-04-29T07:14:36","guid":{"rendered":"https:\/\/alicanteturismo.com\/events\/56a-fira-del-llibre-dalacant-un-llibre-un-comencament-una-historia\/"},"modified":"2026-04-29T09:16:18","modified_gmt":"2026-04-29T07:16:18","slug":"56a-fira-del-llibre-dalacant-un-llibre-un-comencament-una-historia","status":"publish","type":"mec-events","link":"https:\/\/alicanteturismo.com\/ca\/events\/56a-fira-del-llibre-dalacant-un-llibre-un-comencament-una-historia\/","title":{"rendered":"56\u00aa Fira del LLibre d&#8217;Alacant: \u201cUn llibre, un comen\u00e7ament, una hist\u00f2ria"},"content":{"rendered":"<p data-path-to-node=\"2\"><b data-path-to-node=\"2\" data-index-in-node=\"0\">La gran festa de les lletres torna a l\u2019Espai S\u00e8neca del 6 al 10 de maig amb m\u00e9s de 200 activitats, autors de prestigi nacional i una trentena de casetes.<\/b><\/p>\n<p data-path-to-node=\"3\">Alacant es converteix en l\u2019epicentre literari de la Mediterr\u00e0nia amb la celebraci\u00f3 de la <b data-path-to-node=\"3\" data-index-in-node=\"89\">56a Fira del Llibre<\/b>. En esta edici\u00f3, l\u2019emblem\u00e0tic <b data-path-to-node=\"3\" data-index-in-node=\"139\">Espai S\u00e8neca<\/b> acollir\u00e0 grans figures de la narrativa contempor\u00e0nia com Lorenzo Silva, Manuel Vilas, Luz Gab\u00e1s i Marta Robles, en un entorn dissenyat per a gaudir de la lectura en fam\u00edlia.<\/p>\n<h3 data-path-to-node=\"4\">Dades de l\u2019Esdeveniment<\/h3>\n<ul data-path-to-node=\"5\">\n<li>\n<p data-path-to-node=\"5,0,0\"><b data-path-to-node=\"5,0,0\" data-index-in-node=\"0\">Data:<\/b> Del 6 al 10 de maig de 2026.<\/p>\n<\/li>\n<li>\n<p data-path-to-node=\"5,1,0\"><b data-path-to-node=\"5,1,0\" data-index-in-node=\"0\">Lloc:<\/b> Espai S\u00e8neca (Antiga Estaci\u00f3 d\u2019Autobusos).<\/p>\n<\/li>\n<li>\n<p data-path-to-node=\"5,2,0\"><b data-path-to-node=\"5,2,0\" data-index-in-node=\"0\">Acc\u00e9s:<\/b> Gratu\u00eft.<\/p>\n<\/li>\n<li>\n<p data-path-to-node=\"5,3,0\"><b data-path-to-node=\"5,3,0\" data-index-in-node=\"0\">P\u00fablic:<\/b> Tots els p\u00fablics (programaci\u00f3 especial infantil i juvenil).<\/p>\n<\/li>\n<\/ul>\n","protected":false},"excerpt":{"rendered":"<p>La gran festa de les lletres torna a l\u2019Espai S\u00e8neca del 6 al 10 de maig amb m\u00e9s de 200 activitats, autors de prestigi nacional i una trentena de casetes. Alacant es converteix en l\u2019epicentre literari de la Mediterr\u00e0nia amb la celebraci\u00f3 de la 56a Fira del Llibre. En esta edici\u00f3, l\u2019emblem\u00e0tic Espai S\u00e8neca acollir\u00e0 [&hellip;]<\/p>\n","protected":false},"author":5,"featured_media":319807,"template":"","tags":[],"mec_category":[1010,998,1263],"class_list":["post-319812","mec-events","type-mec-events","status-publish","has-post-thumbnail","hentry","mec_category-cultura-ca","mec_category-destacado-ca","mec_category-ferias-ca"],"acf":[],"_links":{"self":[{"href":"https:\/\/alicanteturismo.com\/ca\/wp-json\/wp\/v2\/mec-events\/319812","targetHints":{"allow":["GET"]}}],"collection":[{"href":"https:\/\/alicanteturismo.com\/ca\/wp-json\/wp\/v2\/mec-events"}],"about":[{"href":"https:\/\/alicanteturismo.com\/ca\/wp-json\/wp\/v2\/types\/mec-events"}],"author":[{"embeddable":true,"href":"https:\/\/alicanteturismo.com\/ca\/wp-json\/wp\/v2\/users\/5"}],"version-history":[{"count":1,"href":"https:\/\/alicanteturismo.com\/ca\/wp-json\/wp\/v2\/mec-events\/319812\/revisions"}],"predecessor-version":[{"id":319813,"href":"https:\/\/alicanteturismo.com\/ca\/wp-json\/wp\/v2\/mec-events\/319812\/revisions\/319813"}],"wp:featuredmedia":[{"embeddable":true,"href":"https:\/\/alicanteturismo.com\/ca\/wp-json\/wp\/v2\/media\/319807"}],"wp:attachment":[{"href":"https:\/\/alicanteturismo.com\/ca\/wp-json\/wp\/v2\/media?parent=319812"}],"wp:term":[{"taxonomy":"post_tag","embeddable":true,"href":"https:\/\/alicanteturismo.com\/ca\/wp-json\/wp\/v2\/tags?post=319812"},{"taxonomy":"mec_category","embeddable":true,"href":"https:\/\/alicanteturismo.com\/ca\/wp-json\/wp\/v2\/mec_category?post=319812"}],"curies":[{"name":"wp","href":"https:\/\/api.w.org\/{rel}","templated":true}]}}