{"id":319538,"date":"2026-04-15T12:05:35","date_gmt":"2026-04-15T10:05:35","guid":{"rendered":"https:\/\/alicanteturismo.com\/events\/vi-torneig-internacional-de-futbol-platja-alicante-city-and-beach\/"},"modified":"2026-04-15T12:11:48","modified_gmt":"2026-04-15T10:11:48","slug":"vi-torneig-internacional-de-futbol-platja-alicante-city-and-beach","status":"publish","type":"mec-events","link":"https:\/\/alicanteturismo.com\/ca\/events\/vi-torneig-internacional-de-futbol-platja-alicante-city-and-beach\/","title":{"rendered":"VI Torneig Internacional de Futbol Platja \u2013 Alicante City and Beach"},"content":{"rendered":"<p data-path-to-node=\"3\"><b data-path-to-node=\"3\" data-index-in-node=\"0\">Dates:<\/b> de l\u20191 al 3 de maig de 2026<\/p>\n<p data-path-to-node=\"4\"><b data-path-to-node=\"4\" data-index-in-node=\"0\">Lloc:<\/b> Platja de Sant Joan, Alacant (Zona esportiva)<\/p>\n<p data-path-to-node=\"5\"><b data-path-to-node=\"5\" data-index-in-node=\"0\">Organitza:<\/b> Alicante Sun CF<\/p>\n<h3 data-path-to-node=\"6\">Viu l&#8217;ess\u00e8ncia del futbol platja a Alacant<\/h3>\n<p data-path-to-node=\"7\">Prepara les teues botes per a la 6a edici\u00f3 del Torneig Internacional de Futbol Platja, una cita ineludible que torna a la Platja de Sant Joan. Durant tres dies, la nostra costa es converteix en l&#8217;epicentre nacional i internacional d&#8217;este esport, oferint un espectacle on la intensitat del joc es fusiona amb l&#8217;incomparable estil de vida mediterrani.<\/p>\n<h3 data-path-to-node=\"8\">Per qu\u00e8 competir a Alacant?<\/h3>\n<p data-path-to-node=\"9\">Este esdeveniment \u00e9s molt m\u00e9s que un torneig; \u00e9s una experi\u00e8ncia completa dissenyada per a jugadors i equips que busquen excel\u00b7l\u00e8ncia i emoci\u00f3:<\/p>\n<ul data-path-to-node=\"10\">\n<li>\n<p data-path-to-node=\"10,0,0\"><b data-path-to-node=\"10,0,0\" data-index-in-node=\"0\">Instal\u00b7lacions de primer nivell:<\/b> Organitzaci\u00f3 professional amb el suport de Turisme d\u2019Alacant per a garantir la millor qualitat t\u00e8cnica.<\/p>\n<\/li>\n<li>\n<p data-path-to-node=\"10,1,0\"><b data-path-to-node=\"10,1,0\" data-index-in-node=\"0\">Entorn \u00fanic:<\/b> Un clima privilegiat i una oferta gastron\u00f2mica de renom mundial per a gaudir fora del camp.<\/p>\n<\/li>\n<li>\n<p data-path-to-node=\"10,2,0\"><b data-path-to-node=\"10,2,0\" data-index-in-node=\"0\">Competici\u00f3 consolidada:<\/b> Un torneig en ple creixement que atrau equips nacionals i internacionals, garantint un nivell competitiu excepcional.<\/p>\n<\/li>\n<\/ul>\n<h3 data-path-to-node=\"11\">Inscripcions i contacte<\/h3>\n<p data-path-to-node=\"12\">Est\u00e0s llest per al desafiament? Ja pots inscriure el teu equip i formar part d&#8217;esta experi\u00e8ncia esportiva al Mediterrani.<\/p>\n<ul data-path-to-node=\"13\">\n<li>\n<p data-path-to-node=\"13,0,0\"><b data-path-to-node=\"13,0,0\" data-index-in-node=\"0\">Quota d&#8217;inscripci\u00f3:<\/b> 250 \u20ac per equip.<\/p>\n<\/li>\n<li>\n<p data-path-to-node=\"13,1,0\"><b data-path-to-node=\"13,1,0\" data-index-in-node=\"0\">M\u00e9s informaci\u00f3 i inscripcions:<\/b> Contacta directament a trav\u00e9s del correu electr\u00f2nic <b data-path-to-node=\"13,1,0\" data-index-in-node=\"83\">alicantesunfc@gmail.com<\/b>.<\/p>\n<\/li>\n<\/ul>\n<p data-path-to-node=\"14\"><b data-path-to-node=\"14\" data-index-in-node=\"0\">M\u00c9S INFO EN @alicantesun_fc<\/b><\/p>\n","protected":false},"excerpt":{"rendered":"<p>Dates: de l\u20191 al 3 de maig de 2026 Lloc: Platja de Sant Joan, Alacant (Zona esportiva) Organitza: Alicante Sun CF Viu l&#8217;ess\u00e8ncia del futbol platja a Alacant Prepara les teues botes per a la 6a edici\u00f3 del Torneig Internacional de Futbol Platja, una cita ineludible que torna a la Platja de Sant Joan. Durant [&hellip;]<\/p>\n","protected":false},"author":5,"featured_media":319531,"template":"","tags":[],"mec_category":[1044,967,998,968],"class_list":["post-319538","mec-events","type-mec-events","status-publish","has-post-thumbnail","hentry","mec_category-actividades-al-aire-libre-ca","mec_category-competiciones-deportivas-ca","mec_category-destacado-ca","mec_category-esports"],"acf":[],"_links":{"self":[{"href":"https:\/\/alicanteturismo.com\/ca\/wp-json\/wp\/v2\/mec-events\/319538","targetHints":{"allow":["GET"]}}],"collection":[{"href":"https:\/\/alicanteturismo.com\/ca\/wp-json\/wp\/v2\/mec-events"}],"about":[{"href":"https:\/\/alicanteturismo.com\/ca\/wp-json\/wp\/v2\/types\/mec-events"}],"author":[{"embeddable":true,"href":"https:\/\/alicanteturismo.com\/ca\/wp-json\/wp\/v2\/users\/5"}],"version-history":[{"count":0,"href":"https:\/\/alicanteturismo.com\/ca\/wp-json\/wp\/v2\/mec-events\/319538\/revisions"}],"wp:featuredmedia":[{"embeddable":true,"href":"https:\/\/alicanteturismo.com\/ca\/wp-json\/wp\/v2\/media\/319531"}],"wp:attachment":[{"href":"https:\/\/alicanteturismo.com\/ca\/wp-json\/wp\/v2\/media?parent=319538"}],"wp:term":[{"taxonomy":"post_tag","embeddable":true,"href":"https:\/\/alicanteturismo.com\/ca\/wp-json\/wp\/v2\/tags?post=319538"},{"taxonomy":"mec_category","embeddable":true,"href":"https:\/\/alicanteturismo.com\/ca\/wp-json\/wp\/v2\/mec_category?post=319538"}],"curies":[{"name":"wp","href":"https:\/\/api.w.org\/{rel}","templated":true}]}}