{"id":318193,"date":"2026-03-12T14:26:51","date_gmt":"2026-03-12T13:26:51","guid":{"rendered":"https:\/\/alicanteturismo.com\/events\/visites-guiades-refugis-antiaeris-dalacant\/"},"modified":"2026-03-12T14:45:39","modified_gmt":"2026-03-12T13:45:39","slug":"visites-guiades-refugis-antiaeris-dalacant","status":"publish","type":"mec-events","link":"https:\/\/alicanteturismo.com\/ca\/events\/visites-guiades-refugis-antiaeris-dalacant\/","title":{"rendered":"Visites Guiades: Refugis Antiaeris d\u2019Alacant"},"content":{"rendered":"<p data-path-to-node=\"4\">S\u2019obrin al p\u00fablic general sis rutes guiades per a con\u00e9ixer els refugis antiaeris i punts clau de la hist\u00f2ria d\u2019Alacant durant la Guerra Civil. Estos itineraris, confeccionats per l\u2019Associaci\u00f3 de Guies Oficials de Turisme de la Comunitat Valenciana, inclouen la contextualitzaci\u00f3 hist\u00f2rica al Centre d\u2019Interpretaci\u00f3 o durant el recorregut.<\/p>\n<p data-path-to-node=\"5\"><b data-path-to-node=\"5\" data-index-in-node=\"0\">\ud83d\uddd3\ufe0f Horaris per al p\u00fablic general<\/b><\/p>\n<ul data-path-to-node=\"6\">\n<li>\n<p data-path-to-node=\"6,0,0\"><b data-path-to-node=\"6,0,0\" data-index-in-node=\"0\">Dilluns a divendres:<\/b> 17:00 h.<\/p>\n<\/li>\n<li>\n<p data-path-to-node=\"6,1,0\"><b data-path-to-node=\"6,1,0\" data-index-in-node=\"0\">Dissabtes i diumenges:<\/b> 10:00 h.<\/p>\n<\/li>\n<\/ul>\n<p data-path-to-node=\"7\"><b data-path-to-node=\"7\" data-index-in-node=\"0\">\ud83d\udccd Rutes disponibles<\/b> S\u2019han dissenyat sis itineraris que inclouen els huit refugis visitables:<\/p>\n<ul data-path-to-node=\"8\">\n<li>\n<p data-path-to-node=\"8,0,0\"><b data-path-to-node=\"8,0,0\" data-index-in-node=\"0\">Ruta 1:<\/b> Centre d\u2019Interpretaci\u00f3 (C\/ Portugal), refugis R31 (Plaza de S\u00e8neca) i R46 (Plaza de Balmis). Inclou material gr\u00e0fic, maquetes del bombardeig del Mercat Central i explicaci\u00f3 sobre l\u2019exili en l\u2019Stanbrook i el Mar\u00edtima.<\/p>\n<\/li>\n<li>\n<p data-path-to-node=\"8,1,0\"><b data-path-to-node=\"8,1,0\" data-index-in-node=\"0\">Ruta 2:<\/b> Refugis R35 (Av. General Marv\u00e1), R38 (Plaza M\u00fasic Tordera) i Mercat Central (Plaza del 25 de maig). Centrada en els sistemes de defensa passiva i el bombardeig del Mercat.<\/p>\n<\/li>\n<li>\n<p data-path-to-node=\"8,2,0\"><b data-path-to-node=\"8,2,0\" data-index-in-node=\"0\">Ruta 3:<\/b> Mercat Central, Refugis R36 (Plaza Castell\u00f3) i R69 (F\u00e0brica de Tabacs). Enfocament en l\u2019aspecte hum\u00e0, social i el paper de la dona.<\/p>\n<\/li>\n<li>\n<p data-path-to-node=\"8,3,0\"><b data-path-to-node=\"8,3,0\" data-index-in-node=\"0\">Ruta 4:<\/b> Ajuntament, MeCID (Ciutat Descoberta), Carrer de la Vilavella, Esplanada i monument a Archibald Dickson al Port. Analitza l\u2019evoluci\u00f3 urbana i diversos conflictes hist\u00f2rics.<\/p>\n<\/li>\n<li>\n<p data-path-to-node=\"8,4,0\"><b data-path-to-node=\"8,4,0\" data-index-in-node=\"0\">Ruta 5:<\/b> Torres de l\u2019Horta, Monestir de la Santa Fa\u00e7 i Refugi de la Santa Fa\u00e7. Contextualitzaci\u00f3 agr\u00edcola i situacions viscudes fora del nucli urb\u00e0.<\/p>\n<\/li>\n<li>\n<p data-path-to-node=\"8,5,0\"><b data-path-to-node=\"8,5,0\" data-index-in-node=\"0\">Ruta 6:<\/b> Refugi R96 (Benalua Sud), Estaci\u00f3 de M\u00farcia, Sanitat Portu\u00e0ria, Club de Regates i Port. Impacte de la guerra en la zona portu\u00e0ria i el final de la contesa.<\/p>\n<\/li>\n<\/ul>\n<p data-path-to-node=\"9\"><b data-path-to-node=\"9\" data-index-in-node=\"0\">\u2139\ufe0f Informaci\u00f3 d\u2019inter\u00e9s<\/b><\/p>\n<ul data-path-to-node=\"10\">\n<li>\n<p data-path-to-node=\"10,0,0\"><b data-path-to-node=\"10,0,0\" data-index-in-node=\"0\">Preu general:<\/b> 4,95 \u20ac<\/p>\n<\/li>\n<li>\n<p data-path-to-node=\"10,1,0\"><b data-path-to-node=\"10,1,0\" data-index-in-node=\"0\">Preu centres educatius:<\/b> 2,97 \u20ac<\/p>\n<\/li>\n<li>\n<p data-path-to-node=\"10,2,0\"><b data-path-to-node=\"10,2,0\" data-index-in-node=\"0\">Reserva obligat\u00f2ria:<\/b> refugios@guiasoficialescv.com<\/p>\n<\/li>\n<\/ul>\n","protected":false},"excerpt":{"rendered":"<p>S\u2019obrin al p\u00fablic general sis rutes guiades per a con\u00e9ixer els refugis antiaeris i punts clau de la hist\u00f2ria d\u2019Alacant durant la Guerra Civil. Estos itineraris, confeccionats per l\u2019Associaci\u00f3 de Guies Oficials de Turisme de la Comunitat Valenciana, inclouen la contextualitzaci\u00f3 hist\u00f2rica al Centre d\u2019Interpretaci\u00f3 o durant el recorregut. \ud83d\uddd3\ufe0f Horaris per al p\u00fablic general [&hellip;]<\/p>\n","protected":false},"author":5,"featured_media":286508,"template":"","tags":[],"mec_category":[1161,1010,1361,1074,1075],"class_list":["post-318193","mec-events","type-mec-events","status-publish","has-post-thumbnail","hentry","mec_category-actividades-educativas-y-corporativas-ca","mec_category-cultura-ca","mec_category-rutas-ca","mec_category-visitas-ca","mec_category-visitas-guiadas-ca"],"acf":[],"_links":{"self":[{"href":"https:\/\/alicanteturismo.com\/ca\/wp-json\/wp\/v2\/mec-events\/318193","targetHints":{"allow":["GET"]}}],"collection":[{"href":"https:\/\/alicanteturismo.com\/ca\/wp-json\/wp\/v2\/mec-events"}],"about":[{"href":"https:\/\/alicanteturismo.com\/ca\/wp-json\/wp\/v2\/types\/mec-events"}],"author":[{"embeddable":true,"href":"https:\/\/alicanteturismo.com\/ca\/wp-json\/wp\/v2\/users\/5"}],"version-history":[{"count":0,"href":"https:\/\/alicanteturismo.com\/ca\/wp-json\/wp\/v2\/mec-events\/318193\/revisions"}],"wp:featuredmedia":[{"embeddable":true,"href":"https:\/\/alicanteturismo.com\/ca\/wp-json\/wp\/v2\/media\/286508"}],"wp:attachment":[{"href":"https:\/\/alicanteturismo.com\/ca\/wp-json\/wp\/v2\/media?parent=318193"}],"wp:term":[{"taxonomy":"post_tag","embeddable":true,"href":"https:\/\/alicanteturismo.com\/ca\/wp-json\/wp\/v2\/tags?post=318193"},{"taxonomy":"mec_category","embeddable":true,"href":"https:\/\/alicanteturismo.com\/ca\/wp-json\/wp\/v2\/mec_category?post=318193"}],"curies":[{"name":"wp","href":"https:\/\/api.w.org\/{rel}","templated":true}]}}